{"id":1181,"date":"2020-11-26T10:07:31","date_gmt":"2020-11-26T10:07:31","guid":{"rendered":"https:\/\/pysslingen.se\/vildriket\/?post_type=testimonial&#038;p=1181"},"modified":"2025-12-11T13:40:41","modified_gmt":"2025-12-11T12:40:41","slug":"emmy","status":"publish","type":"testimonial","link":"https:\/\/pysslingen.se\/vildriket\/intervju\/emmy\/","title":{"rendered":"Emmy"},"content":{"rendered":"<style>\n\t@media only screen and (min-width: 769px) {\n\t\t.testimonial_header_module__image {\n\t\t\tpadding-right: 15px;\n\t\t\tpadding-left: 6px;\n\t\t}\n\n\t\t.testimonial_header_module {\n\t\t\tmargin-bottom: -150px;\n\t\t}\n\t}\n<\/style>\n\n\n<div aria-label=\"testimonial header\"    class=\"testimonial_header_module__data d-none  site__cta-bg--100 \"><\/div>\n<div class=\"testimonial_header_module testimonial_header_module__bg\" >\n\t<div class=\"container\">\n\t\t<div class=\"row\">\n\t\t\t<div class=\"testimonial_header_module__col9\">\n\t\t\t\t<div class=\"testimonial_header_module__text_wrap\">\n\t\t\t\t\t\t\t\t\t\t\t<h1   class=\"site__heading-size-2  site__text-color--light \">\n\t\t\t\t\t\t\tHej Emmy!\t\t\t\t\t\t<\/h1>\n\t\t\t\t\t\n\t\t\t\t\t<p   class=\"site__ingress site__free_text--ingress testimonial_header_module__margin_top site__text-color--light \">\n\t\t\t\t\t\tEmmy \u00e4r barnsk\u00f6tare och har arbetat p\u00e5 Vildriket sedan 2018. Hon menar att barnen m\u00e5r bra av att vistas mycket utomhus p\u00e5 f\u00f6rskolan.\t\t\t\t\t<\/p>\n\t\t\t\t<\/div>\n\t\t\t<\/div>\n\t\t\t<div class=\"testimonial_header_module__col3\">\n\t\t\t\t<picture   id=\"hero-picture\">\n\t\t\t\t\t<img decoding=\"async\" width=\"640\" height=\"794\" src=\"https:\/\/pysslingen.se\/wp-content\/uploads\/sites\/82\/2020\/11\/vildriketemmypedagog-825x1024.jpg\" class=\"testimonial_header_module__image\" alt=\"Pedagog och tv\u00e5 barn leker med lego.\" srcset=\"https:\/\/pysslingen.se\/wp-content\/uploads\/sites\/82\/2020\/11\/vildriketemmypedagog-825x1024.jpg 825w, https:\/\/pysslingen.se\/wp-content\/uploads\/sites\/82\/2020\/11\/vildriketemmypedagog-242x300.jpg 242w, https:\/\/pysslingen.se\/wp-content\/uploads\/sites\/82\/2020\/11\/vildriketemmypedagog-768x953.jpg 768w, https:\/\/pysslingen.se\/wp-content\/uploads\/sites\/82\/2020\/11\/vildriketemmypedagog-1238x1536.jpg 1238w, https:\/\/pysslingen.se\/wp-content\/uploads\/sites\/82\/2020\/11\/vildriketemmypedagog-1650x2048.jpg 1650w, https:\/\/pysslingen.se\/wp-content\/uploads\/sites\/82\/2020\/11\/vildriketemmypedagog-1920x2383.jpg 1920w, https:\/\/pysslingen.se\/wp-content\/uploads\/sites\/82\/2020\/11\/vildriketemmypedagog-1024x1271.jpg 1024w, https:\/\/pysslingen.se\/wp-content\/uploads\/sites\/82\/2020\/11\/vildriketemmypedagog-1100x1365.jpg 1100w, https:\/\/pysslingen.se\/wp-content\/uploads\/sites\/82\/2020\/11\/vildriketemmypedagog-540x670.jpg 540w\" sizes=\"(max-width: 640px) 100vw, 640px\" \/>\t\t\t\t<\/picture>\n\t\t\t<\/div>\n\t\t<\/div>\n\t<\/div>\n<\/div>\n\n<script>\n\tvar para = document.getElementsByClassName(\"testimonial_header_module__data\")[0]\n\tvar compStyles = window.getComputedStyle(para);\n\tvar bg_color = compStyles.getPropertyValue('background-color')\n\tvar element = document.getElementsByClassName(\"testimonial_header_module__bg\")[0]\n\telement.setAttribute('style', \"background: linear-gradient(to bottom, \"\n\t\t\t+ bg_color + \",\"\n\t\t\t+ bg_color + \" calc(100% - 66px), transparent calc(100% - 66px), transparent);\");\n\n\n<\/script>\n\n\n\n<div class=\"wp-block-columns is-layout-flex wp-container-core-columns-layout-1 wp-block-columns-is-layout-flex\">\n<div class=\"wp-block-column is-layout-flow wp-block-column-is-layout-flow\" style=\"flex-basis:66.66%\"><style>\n@media only screen and (min-width: 600px) {\n\t\t\t.ams-fragor-kstwbcwdepzdjbyuazvo {\n\t\t\tdisplay:none;\n\t\t}\n\t}\n@media only screen and (max-width: 600px) {\n\t}\n<\/style>\n<div   class=\"ams-fragor  site__cta-bg--100   ams-fragor-kstwbcwdepzdjbyuazvo\" >\n   \t\t <div   class=\" site__text-color--light  ams-fragor__namn\">\n\t\t\tNamn:\t\t\t<span class=\" \">\n\t\t\t\tEmmy\t\t\t<\/span>\n\t\t<\/div>\n\t\t<div   class=\" site__text-color--light  ams-fragor__utbildning\">\n\t\t\tJobbar som:\t\t\t<span class=\" \">\n\t\t\t\tBarnsk\u00f6tare\t\t\t<\/span>\n\t\t<\/div>\n\t\t\t\t\t<ul>\n\t\t\t\t\t<\/ul>\n\t\t\t<\/div>\n<script>\n\tamsFragor = function() {\n\t\tvar w = window.innerWidth;\n\t\tvar siteMain = document.getElementsByClassName(\"site-main\")[0]\n\t\tif(typeof siteMain !== 'undefined'){\n\t\t\tvar testimonial = siteMain.getElementsByClassName(\"testimonial_header_module\")[0]\n\t\t\tif(typeof testimonial !== 'undefined'){\n\t\t\t\tvar amsFragor = document.getElementsByClassName(\"ams-fragor\")\n\t\t\t\tfor(var i = 0; i < amsFragor.length; i++){\n\t\t\t\t\tif(w > 769 ){\n\t\t\t\t\t\tamsFragor[i].setAttribute('style', \"margin-top: 50px\");\n\t\t\t\t\t}else{\n\t\t\t\t\t\tamsFragor[i].setAttribute('style', \"margin-top: 0px\");\n\t\t\t\t\t}\n\t\t\t\t}\n\t\t\t}\n\t\t}\n\t};\n\tamsFragor();\n\twindow.addEventListener(\"resize\", amsFragor);\n<\/script>\n\n\n\n<h2 class=\"wp-block-heading\">Vad g\u00f6r f\u00f6rskolan Vildriket till en s\u00e5 bra plats f\u00f6r v\u00e5ra barn?<\/h2>\n\n\n\n<p>\u2012 P\u00e5 Vildriket har vi pedagoger som verkligen brinner f\u00f6r sitt arbete, sen ser jag att m\u00e5nga barn m\u00e5r v\u00e4ldigt bra av att vara ute s\u00e5 mycket som vi \u00e4r. Barnen f\u00e5r m\u00e5nga positiva naturupplevelser h\u00e4r p\u00e5 f\u00f6rskolan som de kanske inte f\u00e5tt annars.&nbsp;<\/p>\n\n\n\n<p>\u2012 Jag vill ocks\u00e5 ge en eloge till Christel, v\u00e5r fantastiska kock som lagar otrolig bra och god mat fr\u00e5n grunden, mat som uppskattas av b\u00e5de barn och pedagoger.<\/p>\n\n\n\n<h2 class=\"wp-block-heading\">Hur l\u00e4nge har du arbetat h\u00e4r?<\/h2>\n\n\n\n<p>\u2012 Jag har jobbat h\u00e4r sedan februari 2018. D\u00e5 b\u00f6rjade jag som timanst\u00e4lld vikarie och ganska snart fick jag ett l\u00e4ngre vikariat. <\/p>\n\n\n\n<p><strong>\u2012<\/strong> Genom arbetet i Pysslingen har jag f\u00e5tt m\u00f6jlighet att utbilda mig till barnsk\u00f6tare och nu har jag en tillsvidareanst\u00e4llning p\u00e5 f\u00f6rskolan.<\/p>\n\n\n\n<h2 class=\"wp-block-heading\">Vilken \u00e4r din favoritstund p\u00e5 dagen?<\/h2>\n\n\n\n<p>\u2012 Oj, jag har m\u00e5nga favoritstunder! Jag gillar de d\u00e4r tillf\u00e4llena n\u00e4r vi delar in barnen i mindre grupper och verkligen kan f\u00e5nga, se och utmana varje barn. P\u00e5 Vildriket jobbar vi mycket med att dela upp oss i mindre sammanhang.&nbsp;<\/p>\n\n\n\n<p>\u2012 En annan favoritstund \u00e4r n\u00e4r vi l\u00e4mnar g\u00e5rden f\u00f6r att vara i v\u00e5r n\u00e4rmilj\u00f6. Det g\u00f6r vi flera g\u00e5nger i veckan. Jag uppskattar att vi tar vara p\u00e5 naturen och dess resurser i undervisningen.<\/p>\n\n\n\n<h2 class=\"wp-block-heading\">Vad gillar du mest med att vara pedagog p\u00e5 f\u00f6rskolan Vildriket?<\/h2>\n\n\n\n<p>\u2012 Barnen l\u00e4r sig otroligt mycket av oss pedagoger, men vi l\u00e4r oss ocks\u00e5 v\u00e4ldigt mycket av dem. Att m\u00f6ta barns tankar och funderingar och s\u00e5dant som man sj\u00e4lv inte reflekterar \u00f6ver g\u00f6r att man blir medforskare tillsammans med barnen.<\/p>\n\n\n\n<p><strong>\u2012<\/strong> Jag har ocks\u00e5 v\u00e4ldigt stort utbyte av mina kollegor, det \u00e4r l\u00e4rorikt att arbeta p\u00e5 Vildriket. Sedan jag b\u00f6rjade h\u00e4r har jag utvecklats v\u00e4ldigt mycket som m\u00e4nniska.<\/p>\n\n\n\n<h2 class=\"wp-block-heading\">Vad \u00e4r viktigt f\u00f6r dig i m\u00f6tet med barnens f\u00f6r\u00e4ldrar?<\/h2>\n\n\n\n<p>\u2012 F\u00f6r mig \u00e4r det viktigt att f\u00f6r\u00e4ldrarna f\u00e5r ett h\u00f6gt f\u00f6rtroende f\u00f6r oss pedagoger, det \u00e4r grunden f\u00f6r barnens trygghet. Det \u00e4r ocks\u00e5 viktigt att ha en god relation med barnens f\u00f6r\u00e4ldrar och att skapa utrymme f\u00f6r att bygga upp ett gott samarbete mellan f\u00f6rskola och hem.<\/p>\n\n\n\n<h2 class=\"wp-block-heading\"><strong>Hur t\u00e4nker du kring f\u00f6rskolans inriktning mot natur och h\u00e5llbar utveckling?<\/strong><\/h2>\n\n\n\n<p>\u2012 Jag t\u00e4nker att v\u00e5r naturinriktning och v\u00e5rt arbete med h\u00e5llbar utveckling \u00e4r v\u00e4ldigt positiv och att det kommer ge barnen n\u00e5got f\u00f6r framtiden. <\/p>\n\n\n\n<p><strong>\u2012<\/strong> Barn som f\u00e5r uppleva naturen f\u00e5r en f\u00f6rst\u00e5else f\u00f6r att ta hand om den och v\u00e4rna om den. Det barnen l\u00e4r sig hos oss p\u00e5 f\u00f6rskolan kommer de ha med sig hela livet.<\/p>\n<\/div>\n\n\n\n<div class=\"wp-block-column is-layout-flow wp-block-column-is-layout-flow\" style=\"flex-basis:33.33%\"><style>\n@media only screen and (min-width: 600px) {\n\t}\n@media only screen and (max-width: 600px) {\n\t\t\t.ams-fragor{\n\t\t\t margin-bottom:40px;\n\t\t}\n\t\t.ams-fragor-xxmooikepugoimwekdli{\n\t\t\tdisplay:none;\n\t\t}\n\t}\n<\/style>\n<div   class=\"ams-fragor  site__cta-bg--100   ams-fragor-xxmooikepugoimwekdli\" >\n   \t\t <div   class=\" site__text-color--light  ams-fragor__namn\">\n\t\t\tNamn:\t\t\t<span class=\" \">\n\t\t\t\tEmmy\t\t\t<\/span>\n\t\t<\/div>\n\t\t<div   class=\" site__text-color--light  ams-fragor__utbildning\">\n\t\t\tJobbar som:\t\t\t<span class=\" \">\n\t\t\t\tBarnsk\u00f6tare\t\t\t<\/span>\n\t\t<\/div>\n\t\t\t\t\t<ul>\n\t\t\t\t\t<\/ul>\n\t\t\t<\/div>\n<script>\n\tamsFragor = function() {\n\t\tvar w = window.innerWidth;\n\t\tvar siteMain = document.getElementsByClassName(\"site-main\")[0]\n\t\tif(typeof siteMain !== 'undefined'){\n\t\t\tvar testimonial = siteMain.getElementsByClassName(\"testimonial_header_module\")[0]\n\t\t\tif(typeof testimonial !== 'undefined'){\n\t\t\t\tvar amsFragor = document.getElementsByClassName(\"ams-fragor\")\n\t\t\t\tfor(var i = 0; i < amsFragor.length; i++){\n\t\t\t\t\tif(w > 769 ){\n\t\t\t\t\t\tamsFragor[i].setAttribute('style', \"margin-top: 50px\");\n\t\t\t\t\t}else{\n\t\t\t\t\t\tamsFragor[i].setAttribute('style', \"margin-top: 0px\");\n\t\t\t\t\t}\n\t\t\t\t}\n\t\t\t}\n\t\t}\n\t};\n\tamsFragor();\n\twindow.addEventListener(\"resize\", amsFragor);\n<\/script>\n<\/div>\n<\/div>\n","protected":false},"featured_media":0,"template":"","testimonial_category":[],"yoast_head":"<!-- This site is optimized with the Yoast SEO plugin v22.0 - https:\/\/yoast.com\/wordpress\/plugins\/seo\/ -->\n<title>Tr\u00e4ffa v\u00e5ran pedagog Emmy p\u00e5 Vildriket!<\/title>\n<meta name=\"description\" content=\"Emmy \u00e4r barnsk\u00f6tare och har arbetat p\u00e5 Vildriket sedan 2018. Hon menar att barnen m\u00e5r bra av att vistas mycket utomhus p\u00e5 f\u00f6rskolan.\" \/>\n<meta name=\"robots\" content=\"index, follow, max-snippet:-1, max-image-preview:large, max-video-preview:-1\" \/>\n<link rel=\"canonical\" href=\"https:\/\/pysslingen.se\/vildriket\/intervju\/emmy\/\" \/>\n<meta property=\"og:locale\" content=\"sv_SE\" \/>\n<meta property=\"og:type\" content=\"article\" \/>\n<meta property=\"og:title\" content=\"Tr\u00e4ffa v\u00e5ran pedagog Emmy p\u00e5 Vildriket!\" \/>\n<meta property=\"og:description\" content=\"Emmy \u00e4r barnsk\u00f6tare och har arbetat p\u00e5 Vildriket sedan 2018. Hon menar att barnen m\u00e5r bra av att vistas mycket utomhus p\u00e5 f\u00f6rskolan.\" \/>\n<meta property=\"og:url\" content=\"https:\/\/pysslingen.se\/vildriket\/intervju\/emmy\/\" \/>\n<meta property=\"og:site_name\" content=\"Vildriket\" \/>\n<meta property=\"article:modified_time\" content=\"2025-12-11T12:40:41+00:00\" \/>\n<meta name=\"twitter:card\" content=\"summary_large_image\" \/>\n<meta name=\"twitter:title\" content=\"Tr\u00e4ffa v\u00e5ran pedagog Emmy p\u00e5 Vildriket!\" \/>\n<meta name=\"twitter:description\" content=\"Emmy \u00e4r barnsk\u00f6tare och har arbetat p\u00e5 Vildriket sedan 2018. Hon menar att barnen m\u00e5r bra av att vistas mycket utomhus p\u00e5 f\u00f6rskolan.\" \/>\n<meta name=\"twitter:image\" content=\"https:\/\/pysslingen.se\/wp-content\/uploads\/sites\/82\/2020\/11\/vildriketemmypedagog-scaled.jpg\" \/>\n<meta name=\"twitter:label1\" content=\"Ber\u00e4knad l\u00e4stid\" \/>\n\t<meta name=\"twitter:data1\" content=\"3 minuter\" \/>\n<script type=\"application\/ld+json\" class=\"yoast-schema-graph\">{\"@context\":\"https:\/\/schema.org\",\"@graph\":[{\"@type\":\"WebPage\",\"@id\":\"https:\/\/pysslingen.se\/vildriket\/intervju\/emmy\/\",\"url\":\"https:\/\/pysslingen.se\/vildriket\/intervju\/emmy\/\",\"name\":\"Tr\u00e4ffa v\u00e5ran pedagog Emmy p\u00e5 Vildriket!\",\"isPartOf\":{\"@id\":\"https:\/\/pysslingen.se\/vildriket\/#website\"},\"datePublished\":\"2020-11-26T10:07:31+00:00\",\"dateModified\":\"2025-12-11T12:40:41+00:00\",\"description\":\"Emmy \u00e4r barnsk\u00f6tare och har arbetat p\u00e5 Vildriket sedan 2018. Hon menar att barnen m\u00e5r bra av att vistas mycket utomhus p\u00e5 f\u00f6rskolan.\",\"breadcrumb\":{\"@id\":\"https:\/\/pysslingen.se\/vildriket\/intervju\/emmy\/#breadcrumb\"},\"inLanguage\":\"sv-SE\",\"potentialAction\":[{\"@type\":\"ReadAction\",\"target\":[\"https:\/\/pysslingen.se\/vildriket\/intervju\/emmy\/\"]}]},{\"@type\":\"BreadcrumbList\",\"@id\":\"https:\/\/pysslingen.se\/vildriket\/intervju\/emmy\/#breadcrumb\",\"itemListElement\":[{\"@type\":\"ListItem\",\"position\":1,\"name\":\"Start\",\"item\":\"https:\/\/pysslingen.se\/vildriket\"},{\"@type\":\"ListItem\",\"position\":2,\"name\":\"Intervju\"}]},{\"@type\":\"WebSite\",\"@id\":\"https:\/\/pysslingen.se\/vildriket\/#website\",\"url\":\"https:\/\/pysslingen.se\/vildriket\/\",\"name\":\"Vildriket\",\"description\":\"En trygg och stimulerande v\u00e4rld\",\"publisher\":{\"@id\":\"https:\/\/pysslingen.se\/vildriket\/#organization\"},\"potentialAction\":[{\"@type\":\"SearchAction\",\"target\":{\"@type\":\"EntryPoint\",\"urlTemplate\":\"https:\/\/pysslingen.se\/vildriket\/?s={search_term_string}\"},\"query-input\":\"required name=search_term_string\"}],\"inLanguage\":\"sv-SE\"},{\"@type\":\"Organization\",\"@id\":\"https:\/\/pysslingen.se\/vildriket\/#organization\",\"name\":\"Pysslingen F\u00f6rskolor\",\"url\":\"https:\/\/pysslingen.se\/vildriket\/\",\"logo\":{\"@type\":\"ImageObject\",\"inLanguage\":\"sv-SE\",\"@id\":\"https:\/\/pysslingen.se\/vildriket\/#\/schema\/logo\/image\/\",\"url\":\"https:\/\/pysslingen.se\/wp-content\/uploads\/2021\/05\/pysslingen-forskolor.png\",\"contentUrl\":\"https:\/\/pysslingen.se\/wp-content\/uploads\/2021\/05\/pysslingen-forskolor.png\",\"width\":1120,\"height\":630,\"caption\":\"Pysslingen F\u00f6rskolor\"},\"image\":{\"@id\":\"https:\/\/pysslingen.se\/vildriket\/#\/schema\/logo\/image\/\"}}]}<\/script>\n<!-- \/ Yoast SEO plugin. -->","yoast_head_json":{"title":"Tr\u00e4ffa v\u00e5ran pedagog Emmy p\u00e5 Vildriket!","description":"Emmy \u00e4r barnsk\u00f6tare och har arbetat p\u00e5 Vildriket sedan 2018. Hon menar att barnen m\u00e5r bra av att vistas mycket utomhus p\u00e5 f\u00f6rskolan.","robots":{"index":"index","follow":"follow","max-snippet":"max-snippet:-1","max-image-preview":"max-image-preview:large","max-video-preview":"max-video-preview:-1"},"canonical":"https:\/\/pysslingen.se\/vildriket\/intervju\/emmy\/","og_locale":"sv_SE","og_type":"article","og_title":"Tr\u00e4ffa v\u00e5ran pedagog Emmy p\u00e5 Vildriket!","og_description":"Emmy \u00e4r barnsk\u00f6tare och har arbetat p\u00e5 Vildriket sedan 2018. Hon menar att barnen m\u00e5r bra av att vistas mycket utomhus p\u00e5 f\u00f6rskolan.","og_url":"https:\/\/pysslingen.se\/vildriket\/intervju\/emmy\/","og_site_name":"Vildriket","article_modified_time":"2025-12-11T12:40:41+00:00","twitter_card":"summary_large_image","twitter_title":"Tr\u00e4ffa v\u00e5ran pedagog Emmy p\u00e5 Vildriket!","twitter_description":"Emmy \u00e4r barnsk\u00f6tare och har arbetat p\u00e5 Vildriket sedan 2018. Hon menar att barnen m\u00e5r bra av att vistas mycket utomhus p\u00e5 f\u00f6rskolan.","twitter_image":"https:\/\/pysslingen.se\/wp-content\/uploads\/sites\/82\/2020\/11\/vildriketemmypedagog-scaled.jpg","twitter_misc":{"Ber\u00e4knad l\u00e4stid":"3 minuter"},"schema":{"@context":"https:\/\/schema.org","@graph":[{"@type":"WebPage","@id":"https:\/\/pysslingen.se\/vildriket\/intervju\/emmy\/","url":"https:\/\/pysslingen.se\/vildriket\/intervju\/emmy\/","name":"Tr\u00e4ffa v\u00e5ran pedagog Emmy p\u00e5 Vildriket!","isPartOf":{"@id":"https:\/\/pysslingen.se\/vildriket\/#website"},"datePublished":"2020-11-26T10:07:31+00:00","dateModified":"2025-12-11T12:40:41+00:00","description":"Emmy \u00e4r barnsk\u00f6tare och har arbetat p\u00e5 Vildriket sedan 2018. Hon menar att barnen m\u00e5r bra av att vistas mycket utomhus p\u00e5 f\u00f6rskolan.","breadcrumb":{"@id":"https:\/\/pysslingen.se\/vildriket\/intervju\/emmy\/#breadcrumb"},"inLanguage":"sv-SE","potentialAction":[{"@type":"ReadAction","target":["https:\/\/pysslingen.se\/vildriket\/intervju\/emmy\/"]}]},{"@type":"BreadcrumbList","@id":"https:\/\/pysslingen.se\/vildriket\/intervju\/emmy\/#breadcrumb","itemListElement":[{"@type":"ListItem","position":1,"name":"Start","item":"https:\/\/pysslingen.se\/vildriket"},{"@type":"ListItem","position":2,"name":"Intervju"}]},{"@type":"WebSite","@id":"https:\/\/pysslingen.se\/vildriket\/#website","url":"https:\/\/pysslingen.se\/vildriket\/","name":"Vildriket","description":"En trygg och stimulerande v\u00e4rld","publisher":{"@id":"https:\/\/pysslingen.se\/vildriket\/#organization"},"potentialAction":[{"@type":"SearchAction","target":{"@type":"EntryPoint","urlTemplate":"https:\/\/pysslingen.se\/vildriket\/?s={search_term_string}"},"query-input":"required name=search_term_string"}],"inLanguage":"sv-SE"},{"@type":"Organization","@id":"https:\/\/pysslingen.se\/vildriket\/#organization","name":"Pysslingen F\u00f6rskolor","url":"https:\/\/pysslingen.se\/vildriket\/","logo":{"@type":"ImageObject","inLanguage":"sv-SE","@id":"https:\/\/pysslingen.se\/vildriket\/#\/schema\/logo\/image\/","url":"https:\/\/pysslingen.se\/wp-content\/uploads\/2021\/05\/pysslingen-forskolor.png","contentUrl":"https:\/\/pysslingen.se\/wp-content\/uploads\/2021\/05\/pysslingen-forskolor.png","width":1120,"height":630,"caption":"Pysslingen F\u00f6rskolor"},"image":{"@id":"https:\/\/pysslingen.se\/vildriket\/#\/schema\/logo\/image\/"}}]}},"_links":{"self":[{"href":"https:\/\/pysslingen.se\/vildriket\/wp-json\/wp\/v2\/testimonial\/1181"}],"collection":[{"href":"https:\/\/pysslingen.se\/vildriket\/wp-json\/wp\/v2\/testimonial"}],"about":[{"href":"https:\/\/pysslingen.se\/vildriket\/wp-json\/wp\/v2\/types\/testimonial"}],"wp:attachment":[{"href":"https:\/\/pysslingen.se\/vildriket\/wp-json\/wp\/v2\/media?parent=1181"}],"wp:term":[{"taxonomy":"testimonial_category","embeddable":true,"href":"https:\/\/pysslingen.se\/vildriket\/wp-json\/wp\/v2\/testimonial_category?post=1181"}],"curies":[{"name":"wp","href":"https:\/\/api.w.org\/{rel}","templated":true}]}}