{"id":20,"date":"2020-09-29T09:19:21","date_gmt":"2020-09-29T09:19:21","guid":{"rendered":"https:\/\/pysslingen.se\/typografen\/?page_id=20"},"modified":"2025-11-28T11:53:50","modified_gmt":"2025-11-28T10:53:50","slug":"maten","status":"publish","type":"page","link":"https:\/\/pysslingen.se\/typografen\/maten\/","title":{"rendered":"V\u00e5r mat"},"content":{"rendered":"\n\t\n\t\n\t\n\n\t\n\t\n\t\t\n<section  class=\"c-block l-stacked  \" data-color-scheme=\"nyans2_av_cta-dark-card-primar1-light-hover-standard_standard\">\n\t<div class=\"ams-fifty ams-fifty--container ams-fifty--right ams-fifty--bottom l-container u-pt-fluid-2xl-4xl u-pb-fluid-2xl-4xl\">\n\t\t<div class=\"ams-fifty__content l-stack l-stack-xl is-left is-left@lg\">\n\t\t\t<div class=\"ams-fifty__text l-stack l-stack-lg\">\n\t\t\t\t\t\n\t<h1\n\tclass=\"c-heading u-font-title-1 \"\n\tstyle=\"\">\n\t\t\n\t\t\t\t\tP\u00e5 Typografen serverar vi mat f\u00f6r aktiva barn\n\t\t\t\t\n\t<\/h1>\n\n\t\t\t\t\t\t\t\t\t<div class=\"text l-stack u-font-body\">\n\t\t\t\t\t\t<p>P\u00e5 Typografens f\u00f6rskola arbetar vi passionerat f\u00f6r att barnen ska f\u00e5 h\u00e4lsosamma, klimatsmarta och framf\u00f6r allt goda m\u00e5ltider varje dag.<\/p>\n\n\t\t\t\t\t<\/div>\n\t\t\t\t\t\t\t<\/div>\n\n\t\t\t\t\t<\/div>\n\n\t\t <div class=\"ams-fifty__media u-ratio-landscape\">\n\t\t \t\t\t\t\t<img decoding=\"async\" width=\"300\" height=\"300\" src=\"https:\/\/pysslingen.se\/wp-content\/uploads\/sites\/113\/2025\/11\/skarmavbild-2020-12-01-kl-180528-300x300-1.png\" class=\"attachment-md size-md\" alt=\"M\u00e5ltid p\u00e5 f\u00f6rskola\" sizes=\"(min-width: 64em) 600px, calc(100vw - 160px)\" srcset=\"https:\/\/pysslingen.se\/wp-content\/uploads\/sites\/113\/2025\/11\/skarmavbild-2020-12-01-kl-180528-300x300-1.png 300w, https:\/\/pysslingen.se\/wp-content\/uploads\/sites\/113\/2025\/11\/skarmavbild-2020-12-01-kl-180528-300x300-1-150x150.png 150w\" \/>\n\t\t\t\n\t\t\t\n\t\t\t\t\t<\/div>\n\t<\/div>\n\n\t\t\n\n<\/section>\n\n\n\n<h2 class=\"wp-block-heading\">P\u00e5 v\u00e5r f\u00f6rskola erbjuder vi varierad kost<\/h2>\n\n\n\n<p>V\u00e5r mat tillagas av In Contro catering i deras KRAV-certifierade k\u00f6k. Varje dag serveras m\u00e5nga olika gr\u00f6nsaker och tillbeh\u00f6r till lunchen. Vi erbjuder specialkost efter behov.<\/p>\n\n\n\n<h2 class=\"wp-block-heading\">Mat och pedagogik p\u00e5 Typografen<\/h2>\n\n\n\n<p>I v\u00e5r pedagogiska verksamhet l\u00e4r vi barnen hur balanserade m\u00e5ltider smakar. Vi erbjuder barnen att prova, testa och samtala om maten. Barnen l\u00e4r sig socialt samspel och genom maten skapar vi f\u00f6rst\u00e5else f\u00f6r omv\u00e4rlden och v\u00e5ra medm\u00e4nniskor. Tillsammans med barnen diskuterar vi var maten kommer ifr\u00e5n och hur den p\u00e5verkar oss och v\u00e5r milj\u00f6.<\/p>\n\n\n\n<div class=\"wp-block-group is-layout-flow wp-block-group-is-layout-flow\"><\/div>\n\n\n\n\n<section  class=\"ams-cta ams-cta--stacked c-block l-stacked\">\n\t<div class=\"l-container l-stack l-stack-fluid-2xl u-pt-fluid-3xl-6xl u-pb-fluid-3xl-6xl is-center is-center@md\">\n\t\t\t\t\t<div class=\"ams-cta__intro l-stack l-stack-lg\">\n\t\t\t\t\t\n\t<h2\n\tclass=\"c-heading u-font-title-1 \"\n\tstyle=\"\">\n\t\t\n\t\t\t\t\tPysslingen arbetar aktivt med att skapa h\u00e5llbara m\u00e5ltider\n\t\t\t\t\n\t<\/h2>\n\n\t\t\t\t\t\t\t<\/div>\n\t\t\n\t\t\n\t\t\t<div class=\"ams-cta__action u-inline-items\">\n\t\t\t\t\t\t\t\n\n\n<a href=\"https:\/\/pysslingen.se\/typografen\/hallbarhet\/\"\n\t\n\tclass=\"c-btn \"\n\tdata-style=\"rounded\"\n\tdata-size=\"md\"\n\tdata-width=\"full-mobile\"\n\tdata-variant=\"default\"\n\ttarget=\"_self\">\n\t\t\t<span class=\"label\"> L\u00e4s mer om h\u00e5llbarhet<\/span>\n\t\t\t<\/a>\n\t\t\t<\/div>\n\t<\/div>\n\n\t\t\n\n<\/section>\n","protected":false},"excerpt":{"rendered":"<p>P\u00e5 v\u00e5r f\u00f6rskola erbjuder vi varierad kost V\u00e5r mat tillagas av In Contro catering i deras KRAV-certifierade k\u00f6k. Varje dag serveras m\u00e5nga olika gr\u00f6nsaker och tillbeh\u00f6r till lunchen. Vi erbjuder specialkost efter behov. Mat och pedagogik p\u00e5 Typografen I v\u00e5r pedagogiska verksamhet l\u00e4r vi barnen hur balanserade m\u00e5ltider smakar. Vi erbjuder barnen att prova, testa&#8230;<\/p>\n","protected":false},"author":3,"featured_media":0,"parent":0,"menu_order":0,"comment_status":"closed","ping_status":"closed","template":"","meta":{"footnotes":""},"yoast_head":"<!-- This site is optimized with the Yoast SEO plugin v22.0 - https:\/\/yoast.com\/wordpress\/plugins\/seo\/ -->\n<title>P\u00e5 Typografen serverar vi mat f\u00f6r aktiva barn<\/title>\n<meta name=\"description\" content=\"VI p\u00e5 Typografen arbetar f\u00f6r att ditt barn ska erbjudas h\u00e4lsosamma, klimatsmarta, v\u00e4llagade och framf\u00f6rallt goda m\u00e5ltider.\" \/>\n<meta name=\"robots\" content=\"index, follow, max-snippet:-1, max-image-preview:large, max-video-preview:-1\" \/>\n<link rel=\"canonical\" href=\"https:\/\/pysslingen.se\/typografen\/maten\/\" \/>\n<meta property=\"og:locale\" content=\"sv_SE\" \/>\n<meta property=\"og:type\" content=\"article\" \/>\n<meta property=\"og:title\" content=\"P\u00e5 Typografen serverar vi mat f\u00f6r aktiva barn\" \/>\n<meta property=\"og:description\" content=\"VI p\u00e5 Typografen arbetar f\u00f6r att ditt barn ska erbjudas h\u00e4lsosamma, klimatsmarta, v\u00e4llagade och framf\u00f6rallt goda m\u00e5ltider.\" \/>\n<meta property=\"og:url\" content=\"https:\/\/pysslingen.se\/typografen\/maten\/\" \/>\n<meta property=\"og:site_name\" content=\"Typografen\" \/>\n<meta property=\"article:modified_time\" content=\"2025-11-28T10:53:50+00:00\" \/>\n<meta name=\"twitter:card\" content=\"summary_large_image\" \/>\n<meta name=\"twitter:title\" content=\"P\u00e5 Typografen serverar vi mat f\u00f6r aktiva barn\" \/>\n<meta name=\"twitter:description\" content=\"VI p\u00e5 Typografen arbetar f\u00f6r att ditt barn ska erbjudas h\u00e4lsosamma, klimatsmarta, v\u00e4llagade och framf\u00f6rallt goda m\u00e5ltider.\" \/>\n<meta name=\"twitter:label1\" content=\"Ber\u00e4knad l\u00e4stid\" \/>\n\t<meta name=\"twitter:data1\" content=\"1 minut\" \/>\n<script type=\"application\/ld+json\" class=\"yoast-schema-graph\">{\"@context\":\"https:\/\/schema.org\",\"@graph\":[{\"@type\":\"WebPage\",\"@id\":\"https:\/\/pysslingen.se\/typografen\/maten\/\",\"url\":\"https:\/\/pysslingen.se\/typografen\/maten\/\",\"name\":\"P\u00e5 Typografen serverar vi mat f\u00f6r aktiva barn\",\"isPartOf\":{\"@id\":\"https:\/\/pysslingen.se\/typografen\/#website\"},\"datePublished\":\"2020-09-29T09:19:21+00:00\",\"dateModified\":\"2025-11-28T10:53:50+00:00\",\"description\":\"VI p\u00e5 Typografen arbetar f\u00f6r att ditt barn ska erbjudas h\u00e4lsosamma, klimatsmarta, v\u00e4llagade och framf\u00f6rallt goda m\u00e5ltider.\",\"breadcrumb\":{\"@id\":\"https:\/\/pysslingen.se\/typografen\/maten\/#breadcrumb\"},\"inLanguage\":\"sv-SE\",\"potentialAction\":[{\"@type\":\"ReadAction\",\"target\":[\"https:\/\/pysslingen.se\/typografen\/maten\/\"]}]},{\"@type\":\"BreadcrumbList\",\"@id\":\"https:\/\/pysslingen.se\/typografen\/maten\/#breadcrumb\",\"itemListElement\":[{\"@type\":\"ListItem\",\"position\":1,\"name\":\"Start\",\"item\":\"https:\/\/pysslingen.se\/typografen\/\"},{\"@type\":\"ListItem\",\"position\":2,\"name\":\"V\u00e5r mat\"}]},{\"@type\":\"WebSite\",\"@id\":\"https:\/\/pysslingen.se\/typografen\/#website\",\"url\":\"https:\/\/pysslingen.se\/typografen\/\",\"name\":\"Typografen\",\"description\":\"En trygg och stimulerande v\u00e4rld\",\"publisher\":{\"@id\":\"https:\/\/pysslingen.se\/typografen\/#organization\"},\"potentialAction\":[{\"@type\":\"SearchAction\",\"target\":{\"@type\":\"EntryPoint\",\"urlTemplate\":\"https:\/\/pysslingen.se\/typografen\/?s={search_term_string}\"},\"query-input\":\"required name=search_term_string\"}],\"inLanguage\":\"sv-SE\"},{\"@type\":\"Organization\",\"@id\":\"https:\/\/pysslingen.se\/typografen\/#organization\",\"name\":\"Pysslingen F\u00f6rskolor\",\"url\":\"https:\/\/pysslingen.se\/typografen\/\",\"logo\":{\"@type\":\"ImageObject\",\"inLanguage\":\"sv-SE\",\"@id\":\"https:\/\/pysslingen.se\/typografen\/#\/schema\/logo\/image\/\",\"url\":\"https:\/\/pysslingen.se\/wp-content\/uploads\/2021\/05\/pysslingen-forskolor.png\",\"contentUrl\":\"https:\/\/pysslingen.se\/wp-content\/uploads\/2021\/05\/pysslingen-forskolor.png\",\"width\":1120,\"height\":630,\"caption\":\"Pysslingen F\u00f6rskolor\"},\"image\":{\"@id\":\"https:\/\/pysslingen.se\/typografen\/#\/schema\/logo\/image\/\"}}]}<\/script>\n<!-- \/ Yoast SEO plugin. -->","yoast_head_json":{"title":"P\u00e5 Typografen serverar vi mat f\u00f6r aktiva barn","description":"VI p\u00e5 Typografen arbetar f\u00f6r att ditt barn ska erbjudas h\u00e4lsosamma, klimatsmarta, v\u00e4llagade och framf\u00f6rallt goda m\u00e5ltider.","robots":{"index":"index","follow":"follow","max-snippet":"max-snippet:-1","max-image-preview":"max-image-preview:large","max-video-preview":"max-video-preview:-1"},"canonical":"https:\/\/pysslingen.se\/typografen\/maten\/","og_locale":"sv_SE","og_type":"article","og_title":"P\u00e5 Typografen serverar vi mat f\u00f6r aktiva barn","og_description":"VI p\u00e5 Typografen arbetar f\u00f6r att ditt barn ska erbjudas h\u00e4lsosamma, klimatsmarta, v\u00e4llagade och framf\u00f6rallt goda m\u00e5ltider.","og_url":"https:\/\/pysslingen.se\/typografen\/maten\/","og_site_name":"Typografen","article_modified_time":"2025-11-28T10:53:50+00:00","twitter_card":"summary_large_image","twitter_title":"P\u00e5 Typografen serverar vi mat f\u00f6r aktiva barn","twitter_description":"VI p\u00e5 Typografen arbetar f\u00f6r att ditt barn ska erbjudas h\u00e4lsosamma, klimatsmarta, v\u00e4llagade och framf\u00f6rallt goda m\u00e5ltider.","twitter_misc":{"Ber\u00e4knad l\u00e4stid":"1 minut"},"schema":{"@context":"https:\/\/schema.org","@graph":[{"@type":"WebPage","@id":"https:\/\/pysslingen.se\/typografen\/maten\/","url":"https:\/\/pysslingen.se\/typografen\/maten\/","name":"P\u00e5 Typografen serverar vi mat f\u00f6r aktiva barn","isPartOf":{"@id":"https:\/\/pysslingen.se\/typografen\/#website"},"datePublished":"2020-09-29T09:19:21+00:00","dateModified":"2025-11-28T10:53:50+00:00","description":"VI p\u00e5 Typografen arbetar f\u00f6r att ditt barn ska erbjudas h\u00e4lsosamma, klimatsmarta, v\u00e4llagade och framf\u00f6rallt goda m\u00e5ltider.","breadcrumb":{"@id":"https:\/\/pysslingen.se\/typografen\/maten\/#breadcrumb"},"inLanguage":"sv-SE","potentialAction":[{"@type":"ReadAction","target":["https:\/\/pysslingen.se\/typografen\/maten\/"]}]},{"@type":"BreadcrumbList","@id":"https:\/\/pysslingen.se\/typografen\/maten\/#breadcrumb","itemListElement":[{"@type":"ListItem","position":1,"name":"Start","item":"https:\/\/pysslingen.se\/typografen\/"},{"@type":"ListItem","position":2,"name":"V\u00e5r mat"}]},{"@type":"WebSite","@id":"https:\/\/pysslingen.se\/typografen\/#website","url":"https:\/\/pysslingen.se\/typografen\/","name":"Typografen","description":"En trygg och stimulerande v\u00e4rld","publisher":{"@id":"https:\/\/pysslingen.se\/typografen\/#organization"},"potentialAction":[{"@type":"SearchAction","target":{"@type":"EntryPoint","urlTemplate":"https:\/\/pysslingen.se\/typografen\/?s={search_term_string}"},"query-input":"required name=search_term_string"}],"inLanguage":"sv-SE"},{"@type":"Organization","@id":"https:\/\/pysslingen.se\/typografen\/#organization","name":"Pysslingen F\u00f6rskolor","url":"https:\/\/pysslingen.se\/typografen\/","logo":{"@type":"ImageObject","inLanguage":"sv-SE","@id":"https:\/\/pysslingen.se\/typografen\/#\/schema\/logo\/image\/","url":"https:\/\/pysslingen.se\/wp-content\/uploads\/2021\/05\/pysslingen-forskolor.png","contentUrl":"https:\/\/pysslingen.se\/wp-content\/uploads\/2021\/05\/pysslingen-forskolor.png","width":1120,"height":630,"caption":"Pysslingen F\u00f6rskolor"},"image":{"@id":"https:\/\/pysslingen.se\/typografen\/#\/schema\/logo\/image\/"}}]}},"_links":{"self":[{"href":"https:\/\/pysslingen.se\/typografen\/wp-json\/wp\/v2\/pages\/20"}],"collection":[{"href":"https:\/\/pysslingen.se\/typografen\/wp-json\/wp\/v2\/pages"}],"about":[{"href":"https:\/\/pysslingen.se\/typografen\/wp-json\/wp\/v2\/types\/page"}],"author":[{"embeddable":true,"href":"https:\/\/pysslingen.se\/typografen\/wp-json\/wp\/v2\/users\/3"}],"replies":[{"embeddable":true,"href":"https:\/\/pysslingen.se\/typografen\/wp-json\/wp\/v2\/comments?post=20"}],"version-history":[{"count":10,"href":"https:\/\/pysslingen.se\/typografen\/wp-json\/wp\/v2\/pages\/20\/revisions"}],"predecessor-version":[{"id":1844,"href":"https:\/\/pysslingen.se\/typografen\/wp-json\/wp\/v2\/pages\/20\/revisions\/1844"}],"wp:attachment":[{"href":"https:\/\/pysslingen.se\/typografen\/wp-json\/wp\/v2\/media?parent=20"}],"curies":[{"name":"wp","href":"https:\/\/api.w.org\/{rel}","templated":true}]}}