{"id":1529,"date":"2023-11-21T08:05:57","date_gmt":"2023-11-21T08:05:57","guid":{"rendered":"https:\/\/pysslingen.se\/typografen\/?page_id=1529"},"modified":"2026-02-12T09:38:18","modified_gmt":"2026-02-12T08:38:18","slug":"besok-oss","status":"publish","type":"page","link":"https:\/\/pysslingen.se\/typografen\/besok-oss\/","title":{"rendered":"Bes\u00f6k oss"},"content":{"rendered":"\n\t\n\t\n\t\n\n\t\n\t\n\t\t\n<section  class=\"c-block l-stacked  \" data-color-scheme=\"\">\n\t<div class=\"ams-fifty ams-fifty--container ams-fifty--right ams-fifty--bottom l-container u-pt-fluid-3xl-6xl u-pb-fluid-md-xl\">\n\t\t<div class=\"ams-fifty__content l-stack l-stack-xl is-left is-left@lg\">\n\t\t\t<div class=\"ams-fifty__text l-stack l-stack-lg\">\n\t\t\t\t\t\n\t<h1\n\tclass=\"c-heading u-font-title-1 \"\n\tstyle=\"\">\n\t\t\n\t\t\t\t\tBes\u00f6k oss p\u00e5 f\u00f6rskolan Typografen!\n\t\t\t\t\n\t<\/h1>\n\n\t\t\t\t\t\t\t\t\t<div class=\"text l-stack u-font-body\">\n\t\t\t\t\t\t<p>\u00c4r du nyfiken p\u00e5 v\u00e5r f\u00f6rskola och vill boka in en visning? Under ett bes\u00f6k p\u00e5 f\u00f6rskolan f\u00e5r du m\u00f6jlighet att se v\u00e5ra lokaler och v\u00e5ra l\u00e4rmilj\u00f6er, tr\u00e4ffa v\u00e5ra pedagoger och h\u00f6ra mer om hur vi jobbar.<\/p>\n<p>Du hittar oss p\u00e5 G\u00f6sta Ekmans v\u00e4g 7 i H\u00e4gersten, en kort promenad fr\u00e5n Axelsbergs T-bana. V\u00e4lkommen att h\u00f6ra av dig!<\/p>\n<p>F\u00f6r dig som \u00e4r f\u00f6r\u00e4ldraledig och hemma med barn erbjuder vi\u00a0<strong>MiniPyss<\/strong>\u00a0med roliga aktiviteter varje vecka, se l\u00e4ngre ner.<\/p>\n\n\t\t\t\t\t<\/div>\n\t\t\t\t\t\t\t<\/div>\n\n\t\t\t\t<div class=\"ams-fifty__action u-inline-items\">\n\t\t\t\t\t\t\t\n\n\n<a href=\"https:\/\/pysslingen.se\/typografen\/besok-oss\/#kontakt\"\n\t\n\tclass=\"c-btn \"\n\tdata-style=\"rounded\"\n\tdata-size=\"md\"\n\tdata-width=\"full-mobile\"\n\tdata-variant=\"default\"\n\ttarget=\"_self\">\n\t\t\t<span class=\"label\"> Boka visning<\/span>\n\t\t\t<\/a>\n\t\t\t\t\t\t\t\n\n\n<a href=\"https:\/\/pysslingen.se\/typografen\/besok-oss\/#minipyss\"\n\t\n\tclass=\"c-btn \"\n\tdata-style=\"rounded\"\n\tdata-size=\"md\"\n\tdata-width=\"full-mobile\"\n\tdata-variant=\"outline\"\n\ttarget=\"_self\">\n\t\t\t<span class=\"label\"> Bes\u00f6k MiniPyss<\/span>\n\t\t\t<\/a>\n\t\t\t<\/div>\n\t\t<\/div>\n\n\t\t <div class=\"ams-fifty__media u-ratio-landscape\">\n\t\t \t\t\t\t\t<img decoding=\"async\" width=\"600\" height=\"400\" src=\"https:\/\/pysslingen.se\/wp-content\/uploads\/sites\/113\/2025\/11\/fasadbild-typografen-600x400.jpg\" class=\"attachment-md size-md\" alt=\"Fasadbild p\u00e5 f\u00f6rskolan Typografen\" sizes=\"(min-width: 64em) 600px, calc(100vw - 160px)\" srcset=\"https:\/\/pysslingen.se\/wp-content\/uploads\/sites\/113\/2025\/11\/fasadbild-typografen-600x400.jpg 600w, https:\/\/pysslingen.se\/wp-content\/uploads\/sites\/113\/2025\/11\/fasadbild-typografen-300x200.jpg 300w, https:\/\/pysslingen.se\/wp-content\/uploads\/sites\/113\/2025\/11\/fasadbild-typografen-400x267.jpg 400w, https:\/\/pysslingen.se\/wp-content\/uploads\/sites\/113\/2025\/11\/fasadbild-typografen-800x533.jpg 800w, https:\/\/pysslingen.se\/wp-content\/uploads\/sites\/113\/2025\/11\/fasadbild-typografen-1024x683.jpg 1024w, https:\/\/pysslingen.se\/wp-content\/uploads\/sites\/113\/2025\/11\/fasadbild-typografen-1200x800.jpg 1200w\" \/>\n\t\t\t\n\t\t\t\n\t\t\t\t\t<\/div>\n\t<\/div>\n\n\t\t\n\n<\/section>\n\n\n\n\t\n\t\n\t\n\n\t\n\t\n\t\t\n<section  class=\"c-block l-stacked  \" data-color-scheme=\"nyans2_av_p2-card-bakgrund-hover-standard_standard\">\n\t<div class=\"ams-fifty ams-fifty--container ams-fifty--left ams-fifty--bottom l-container u-pt-fluid-md-xl u-pb-fluid-md-xl\">\n\t\t<div class=\"ams-fifty__content l-stack l-stack-xl is-left is-left@lg\">\n\t\t\t<div class=\"ams-fifty__text l-stack l-stack-lg\">\n\t\t\t\t\t\n\t<h2\n\tclass=\"c-heading u-font-title-1 \"\n\tstyle=\"\">\n\t\t\n\t\t\t\t\tVad inneb\u00e4r en visning?\n\t\t\t\t\n\t<\/h2>\n\n\t\t\t\t\t\t\t\t\t<div class=\"text l-stack u-font-body\">\n\t\t\t\t\t\t<p>Under visningen visar en platsansvarig\/samordnare runt dig i v\u00e5ra lokaler och ber\u00e4ttar hur vi arbetar f\u00f6r att skapa en trygg och l\u00e4rorik vardag f\u00f6r v\u00e5ra barn.<\/p>\n<p><strong>Tre anledningar att boka en visning av f\u00f6rskolan:<\/strong><br \/>\n&#8211; F\u00e5 en k\u00e4nsla f\u00f6r v\u00e5ra lokaler och milj\u00f6n p\u00e5 f\u00f6rskolan<br \/>\n&#8211; St\u00e4ll dina fr\u00e5gor direkt till en pedagog<br \/>\n&#8211; Se hur vi jobbar med trygghet och l\u00e4rande fr\u00e5n introduktionen till sista \u00e5ret p\u00e5 f\u00f6rskolan.<\/p>\n\n\t\t\t\t\t<\/div>\n\t\t\t\t\t\t\t<\/div>\n\n\t\t\t\t\t<\/div>\n\n\t\t <div class=\"ams-fifty__media u-ratio-landscape\">\n\t\t \t\t\t\t\t<img decoding=\"async\" width=\"600\" height=\"400\" src=\"https:\/\/pysslingen.se\/wp-content\/uploads\/sites\/113\/2020\/11\/natur-flicka-3.jpg\" class=\"attachment-md size-md\" alt=\"Flicka vattnar plantor\" sizes=\"(min-width: 64em) 600px, calc(100vw - 160px)\" srcset=\"https:\/\/pysslingen.se\/wp-content\/uploads\/sites\/113\/2020\/11\/natur-flicka-3.jpg 1000w, https:\/\/pysslingen.se\/wp-content\/uploads\/sites\/113\/2020\/11\/natur-flicka-3-300x200.jpg 300w, https:\/\/pysslingen.se\/wp-content\/uploads\/sites\/113\/2020\/11\/natur-flicka-3-768x512.jpg 768w\" \/>\n\t\t\t\n\t\t\t\n\t\t\t\t\t<\/div>\n\t<\/div>\n\n\t\t\n\n<\/section>\n\n\n\n<section id=kontakt\n\t\t class=\"\n\t\t ams-contact\n\t\t \n\t\t c-block l-stacked\n\t\t \n\t\t \n\t\t js-load-more\n\t\t \"\n\t\t data-color-scheme=\"\"\n\t\t\t\t\tdata-count=\"3\"\n\t\t\t\t\t\t\tdata-count-mobile=\"2\"\n\t\t\t\t>\n\t<div\n\t\t class=\"\n\t\t l-container\n\t\t l-stack l-stack-fluid-2xl\n\t\t u-pt-fluid-3xl-6xl\n\t\t u-pb-fluid-3xl-6xl\n\t\t is-center\n\t\t is-center@md\n\t\t \">\n\t\t\t\t\t<div class=\"ams-contact__intro l-stack l-stack-lg\">\n\t\t\t\t\t\n\t<h2\n\tclass=\"c-heading u-font-title-1 \"\n\tstyle=\"\">\n\t\t\n\t\t\t\t\tBoka visning:\n\t\t\t\t\n\t<\/h2>\n\n\t\t\t\t\t\t\t\t\t<div class=\"c-text l-stack u-cs-xl u-font-body\">\n\t\t\t\t\t\t<p>V\u00e4lkommen att kontakta v\u00e5ra samordnare f\u00f6r att boka tid f\u00f6r visning n\u00e4r det passar dig.<\/p>\n\n\t\t\t\t\t<\/div>\n\t\t\t\t\t\t\t<\/div>\n\t\t\n\t\t\n\t\t    \t\n\t\t\n\t\t<ul\n\t\t\tid=\"contact-grid-69f37916d05ff\"\n\t\t\tclass=\"ams-contact__list l-grid u-gap-fluid-2xl-4xl u-justify-center js-results \"\n\t\t\taria-label=\"Kontakter\"\n\t\t\tdata-filter-animation=\"off\"\n\t\t\t>\n\t\t\t\t\t\t\t\t\t\t\t\n\t\t\t\t\n\t\t\t\t<li class=\"l-col-6@md l-col-4@lg \" data-filter=\"samordnare samordnare-2\">\n\t\t\t\t\t<article class=\"c-card \" data-variant=\"neutral\">\n\t\t\t\t\t\t<div class=\"c-card__content u-text-center\">\n\t\t\t\t\t\t\t\t\t\t\t\t\t\t\t<h3 class=\"c-card__title u-font-title-3\">\n\t\t\t\t\t\t\t\t\tLiga Barghouth\n\t\t\t\t\t\t\t\t<\/h3>\n\t\t\t\t\t\t\t\n\t\t\t\t\t\t\t\t\t\t\t\t\t\t\t<p class=\"position u-font-body\">Samordnare<\/p>\n\t\t\t\t\t\t\t\n\t\t\t\t\t\t\t\t\t\t\t\t\t\t\t<div class=\"contact-info u-font-body\">\n\t\t\t\t\t\t\t\t\t\t\t\t\t\t\t\t\t\t\t\t\t\t\t\t\t\t\t\t\t\t<p class=\"phone\"><a\n\t\t\t\t\t\t\t\t\t\t\t\t\thref=\"tel:0761342126\"\n\t\t\t\t\t\t\t\t\t\t\t\t\tclass=\"u-text-link\">076-134 21 26<\/a>\n\t\t\t\t\t\t\t\t\t\t\t<\/p>\n\t\t\t\t\t\t\t\t\t\t\t\t\t\t\t\t\t\t\t\n\t\t\t\t\t\t\t\t\t\t\t\t\t\t\t\t\t\t\t\t\t\t\t\t\t\t\t\t\t\t<p class=\"email\"><a\n\t\t\t\t\t\t\t\t\t\t\t\t\thref=\"m&#097;&#105;&#108;&#116;o&#058;lig&#097;&#046;&#098;&#097;&#114;g&#104;ou&#116;h&#064;pyssl&#105;ng&#101;n&#046;s&#101;\"\n\t\t\t\t\t\t\t\t\t\t\t\t\tclass=\"u-text-link\">l&#105;&#103;a&#046;&#098;&#097;rgh&#111;&#117;&#116;&#104;&#064;&#112;yss&#108;&#105;ng&#101;&#110;.se<\/a>\n\t\t\t\t\t\t\t\t\t\t\t<\/p>\n\t\t\t\t\t\t\t\t\t\t\t\t\t\t\t\t\t\t\t\t\t\t\t\t\t\t\t<\/div>\n\t\t\t\t\t\t\t\n\t\t\t\t\t\t\t\t\t\t\t\t\t<\/div>\n\t\t\t\t\t\t<div class=\"c-card__media\">\n\t\t\t\t\t\t\t\t\t\t\t\t\t\t\t\t\t\t\t\t\t\t\t\t\t\t\t\t\t\t\t\t\t\t\t\t\t\t\t\t\t\t\t\t\t\t\t\t\t<img decoding=\"async\" width=\"360\" height=\"360\" src=\"https:\/\/pysslingen.se\/wp-content\/uploads\/sites\/113\/2024\/04\/ppysslingen.png\" class=\"u-radius-rounded u-ratio-landscape  \" alt=\"p som i Pysslingen\" sizes=\"(max-width: 300px) 100vw, 300px\" srcset=\"https:\/\/pysslingen.se\/wp-content\/uploads\/sites\/113\/2024\/04\/ppysslingen.png 360w, https:\/\/pysslingen.se\/wp-content\/uploads\/sites\/113\/2024\/04\/ppysslingen-150x150.png 150w, https:\/\/pysslingen.se\/wp-content\/uploads\/sites\/113\/2024\/04\/ppysslingen-300x300.png 300w\" \/>\n\t\t\t\t\t\t<\/div>\n\t\t\t\t\t<\/article>\n\t\t\t\t<\/li>\n\t\t\t\t\t<\/ul>\n\n\t\t\n\t\t    <div class=\"ams-contact__more u-inline-items js-load-more-btn\">\n        <button href=\"#\"\n                class=\"c-btn\"\n                data-style=\"rounded\"\n                data-size=\"md\"\n                data-width=\"full-mobile\"\n                data-variant=\"outline\">\n        \tVisa mer\n        <\/button>\n    <\/div>\n\n\t\t\t<\/div>\n\n\t\t\n\n<\/section>\n\n\n\n\t\n\t\n\t\n\n\t\n\t\n\t\t\n<section id=minipyss class=\"c-block l-stacked  \" data-color-scheme=\"usp-pink-background-blue-cards\">\n\t<div class=\"ams-fifty ams-fifty--container ams-fifty--right ams-fifty--bottom l-container u-pt-fluid-3xl-6xl u-pb-fluid-3xl-6xl\">\n\t\t<div class=\"ams-fifty__content l-stack l-stack-xl is-left is-left@lg\">\n\t\t\t<div class=\"ams-fifty__text l-stack l-stack-lg\">\n\t\t\t\t\t\n\t<h2\n\tclass=\"c-heading u-font-title-1 \"\n\tstyle=\"\">\n\t\t\n\t\t\t\t\tMinipyss &#8211; f\u00f6r dig och din baby\n\t\t\t\t\n\t<\/h2>\n\n\t\t\t\t\t\t\t\t\t<div class=\"text l-stack u-font-body\">\n\t\t\t\t\t\t<p style=\"text-align: left;\">\u00c4r du hemma med ditt barn p\u00e5 dagarna? V\u00e4lkomna till MiniPyss, den roligaste aktiviteten f\u00f6r stora och sm\u00e5! H\u00e4r tr\u00e4ffar ni andra f\u00f6r\u00e4ldralediga med barn och har en trevlig stund tillsammans.<\/p>\n<p style=\"text-align: left;\">Vid varje tillf\u00e4lle har vi en gemensam s\u00e5ngsamling och en aktivitet d\u00e4r vi utforskar tillsammans genom f\u00e4rg och form, med hela kroppen och alla v\u00e5ra sinnen &#8211; f\u00f6r b\u00e5de stora och sm\u00e5. Du f\u00e5r ocks\u00e5 chans att st\u00e4lla fr\u00e5gor om barn och f\u00f6rskola till pedagogerna. Vi bjuder p\u00e5 fika\/mellis!<\/p>\n<p style=\"text-align: left;\"><strong>N\u00e4r?<\/strong> M\u00e5ndagar kl. 9-12 samt kl. 13-15. Ingen f\u00f6ranm\u00e4lan. Varmt v\u00e4lkomna!<br \/>\n<strong>Var?<\/strong> Pysslingen F\u00f6rskolor Typografen, G\u00f6sta Ekmans V\u00e4g 7, H\u00e4gersten<br \/>\n<strong>Kontakt:<\/strong>\u00a0Har du fr\u00e5gor om MiniPyss, kontakta oss p\u00e5 minipyss@pysslingen.se<\/p>\n<p>F\u00f6lj oss g\u00e4rna p\u00e5 Instagram\u00a0@pysslingen_minipyss, f\u00f6r att h\u00e5lla dig uppdaterad om aktuell info.<\/p>\n\n\t\t\t\t\t<\/div>\n\t\t\t\t\t\t\t<\/div>\n\n\t\t\t\t\t<\/div>\n\n\t\t <div class=\"ams-fifty__media u-ratio-landscape\">\n\t\t \t\t\t\t\t<picture><source media=\"(min-width: 32em)\" srcset=\"https:\/\/pysslingen.se\/wp-content\/uploads\/sites\/113\/2025\/10\/20250519092521-600x1066.jpg 600w, https:\/\/pysslingen.se\/wp-content\/uploads\/sites\/113\/2025\/10\/20250519092521-300x533.jpg 300w, https:\/\/pysslingen.se\/wp-content\/uploads\/sites\/113\/2025\/10\/20250519092521-400x710.jpg 400w, https:\/\/pysslingen.se\/wp-content\/uploads\/sites\/113\/2025\/10\/20250519092521-800x1421.jpg 800w, https:\/\/pysslingen.se\/wp-content\/uploads\/sites\/113\/2025\/10\/20250519092521-1024x1819.jpg 1024w, https:\/\/pysslingen.se\/wp-content\/uploads\/sites\/113\/2025\/10\/20250519092521-1200x2131.jpg 1200w, https:\/\/pysslingen.se\/wp-content\/uploads\/sites\/113\/2025\/10\/20250519092521-scaled.jpg 1441w\" sizes=\"(min-width: 64em) 600px, calc(100vw - 160px)\" \/><source srcset=\"https:\/\/pysslingen.se\/wp-content\/uploads\/sites\/113\/2025\/10\/20250519092521-400x710.jpg 400w, https:\/\/pysslingen.se\/wp-content\/uploads\/sites\/113\/2025\/10\/20250519092521-300x533.jpg 300w, https:\/\/pysslingen.se\/wp-content\/uploads\/sites\/113\/2025\/10\/20250519092521-600x1066.jpg 600w, https:\/\/pysslingen.se\/wp-content\/uploads\/sites\/113\/2025\/10\/20250519092521-800x1421.jpg 800w, https:\/\/pysslingen.se\/wp-content\/uploads\/sites\/113\/2025\/10\/20250519092521-1024x1819.jpg 1024w, https:\/\/pysslingen.se\/wp-content\/uploads\/sites\/113\/2025\/10\/20250519092521-1200x2131.jpg 1200w, https:\/\/pysslingen.se\/wp-content\/uploads\/sites\/113\/2025\/10\/20250519092521-scaled.jpg 1441w\" sizes=\"(max-width: 63.99875em) calc(100vw - 160px)\" \/><img decoding=\"async\" width=\"600\" height=\"1066\" src=\"https:\/\/pysslingen.se\/wp-content\/uploads\/sites\/113\/2025\/10\/20250519092521-600x1066.jpg\" class=\"attachment-md size-md\" alt=\"ett barn utforskar kritor och f\u00e4rger p\u00e5 minipyss\" sizes=\"(min-width: 64em) 600px, calc(100vw - 160px)\" srcset=\"https:\/\/pysslingen.se\/wp-content\/uploads\/sites\/113\/2025\/10\/20250519092521-600x1066.jpg 600w, https:\/\/pysslingen.se\/wp-content\/uploads\/sites\/113\/2025\/10\/20250519092521-300x533.jpg 300w, https:\/\/pysslingen.se\/wp-content\/uploads\/sites\/113\/2025\/10\/20250519092521-400x710.jpg 400w, https:\/\/pysslingen.se\/wp-content\/uploads\/sites\/113\/2025\/10\/20250519092521-800x1421.jpg 800w, https:\/\/pysslingen.se\/wp-content\/uploads\/sites\/113\/2025\/10\/20250519092521-1024x1819.jpg 1024w, https:\/\/pysslingen.se\/wp-content\/uploads\/sites\/113\/2025\/10\/20250519092521-1200x2131.jpg 1200w, https:\/\/pysslingen.se\/wp-content\/uploads\/sites\/113\/2025\/10\/20250519092521-scaled.jpg 1441w\" \/><\/picture>\n\t\t\t\n\t\t\t\n\t\t\t\t\t<\/div>\n\t<\/div>\n\n\t\t\n\n<\/section>\n\n\n\n\n<section  class=\"ams-cta ams-cta--stacked c-block l-stacked\">\n\t<div class=\"l-container l-stack l-stack-fluid-2xl u-pt-fluid-md-xl u-pb-fluid-md-xl is-center is-center@md\">\n\t\t\t\t\t<div class=\"ams-cta__intro l-stack l-stack-lg\">\n\t\t\t\t\t\n\t<h2\n\tclass=\"c-heading u-font-title-1 \"\n\tstyle=\"\">\n\t\t\n\t\t\t\t\tF\u00f6lj MiniPyss p\u00e5 Instagram\n\t\t\t\t\n\t<\/h2>\n\n\t\t\t\t\t\t\t\t\t<div class=\"c-text l-stack u-cs-xl u-font-body\">\n\t\t\t\t\t\t<p>F\u00f6lj g\u00e4rna MiniPyss p\u00e5 Instagram, f\u00f6r att h\u00e5lla dig uppdaterad om eventuella tids\u00e4ndringar, uppeh\u00e5ll och aktuell info.<\/p>\n\n\t\t\t\t\t<\/div>\n\t\t\t\t\t\t\t<\/div>\n\t\t\n\t\t\n\t\t\t<div class=\"ams-cta__action u-inline-items\">\n\t\t\t\t\t\t\t\n\n\n<a href=\"https:\/\/www.instagram.com\/pysslingen_minipyss\/\"\n\t\n\tclass=\"c-btn \"\n\tdata-style=\"rounded\"\n\tdata-size=\"md\"\n\tdata-width=\"full-mobile\"\n\tdata-variant=\"default\"\n\ttarget=\"_blank\">\n\t\t\t<span class=\"label\"> Till MiniPyss Instagram<\/span>\n\t\t\t<\/a>\n\t\t\t<\/div>\n\t<\/div>\n\n\t\t\n\n<\/section>\n","protected":false},"excerpt":{"rendered":"","protected":false},"author":4,"featured_media":0,"parent":0,"menu_order":0,"comment_status":"closed","ping_status":"closed","template":"","meta":{"footnotes":""},"yoast_head":"<!-- This site is optimized with the Yoast SEO plugin v22.0 - https:\/\/yoast.com\/wordpress\/plugins\/seo\/ -->\n<title>V\u00e4lkommen att bes\u00f6ka oss p\u00e5 f\u00f6rskolan Typografen!<\/title>\n<meta name=\"description\" content=\"V\u00e4lkommen att bes\u00f6ka oss p\u00e5 f\u00f6rskolan Typografen! Kontakta oss f\u00f6r att komma p\u00e5 visning och tr\u00e4ffa v\u00e5ra pedagoger. L\u00e4s mer!\" \/>\n<meta name=\"robots\" content=\"index, follow, max-snippet:-1, max-image-preview:large, max-video-preview:-1\" \/>\n<link rel=\"canonical\" href=\"https:\/\/pysslingen.se\/typografen\/besok-oss\/\" \/>\n<meta property=\"og:locale\" content=\"sv_SE\" \/>\n<meta property=\"og:type\" content=\"article\" \/>\n<meta property=\"og:title\" content=\"V\u00e4lkommen att bes\u00f6ka oss p\u00e5 f\u00f6rskolan Typografen!\" \/>\n<meta property=\"og:description\" content=\"V\u00e4lkommen att bes\u00f6ka oss p\u00e5 f\u00f6rskolan Typografen! Kontakta oss f\u00f6r att komma p\u00e5 visning och tr\u00e4ffa v\u00e5ra pedagoger. L\u00e4s mer!\" \/>\n<meta property=\"og:url\" content=\"https:\/\/pysslingen.se\/typografen\/besok-oss\/\" \/>\n<meta property=\"og:site_name\" content=\"Typografen\" \/>\n<meta property=\"article:modified_time\" content=\"2026-02-12T08:38:18+00:00\" \/>\n<meta name=\"twitter:card\" content=\"summary_large_image\" \/>\n<meta name=\"twitter:title\" content=\"V\u00e4lkommen att bes\u00f6ka oss p\u00e5 f\u00f6rskolan Typografen!\" \/>\n<meta name=\"twitter:description\" content=\"V\u00e4lkommen att bes\u00f6ka oss p\u00e5 f\u00f6rskolan Typografen! Kontakta oss f\u00f6r att komma p\u00e5 visning och tr\u00e4ffa v\u00e5ra pedagoger. L\u00e4s mer!\" \/>\n<script type=\"application\/ld+json\" class=\"yoast-schema-graph\">{\"@context\":\"https:\/\/schema.org\",\"@graph\":[{\"@type\":\"WebPage\",\"@id\":\"https:\/\/pysslingen.se\/typografen\/besok-oss\/\",\"url\":\"https:\/\/pysslingen.se\/typografen\/besok-oss\/\",\"name\":\"V\u00e4lkommen att bes\u00f6ka oss p\u00e5 f\u00f6rskolan Typografen!\",\"isPartOf\":{\"@id\":\"https:\/\/pysslingen.se\/typografen\/#website\"},\"datePublished\":\"2023-11-21T08:05:57+00:00\",\"dateModified\":\"2026-02-12T08:38:18+00:00\",\"description\":\"V\u00e4lkommen att bes\u00f6ka oss p\u00e5 f\u00f6rskolan Typografen! Kontakta oss f\u00f6r att komma p\u00e5 visning och tr\u00e4ffa v\u00e5ra pedagoger. L\u00e4s mer!\",\"breadcrumb\":{\"@id\":\"https:\/\/pysslingen.se\/typografen\/besok-oss\/#breadcrumb\"},\"inLanguage\":\"sv-SE\",\"potentialAction\":[{\"@type\":\"ReadAction\",\"target\":[\"https:\/\/pysslingen.se\/typografen\/besok-oss\/\"]}]},{\"@type\":\"BreadcrumbList\",\"@id\":\"https:\/\/pysslingen.se\/typografen\/besok-oss\/#breadcrumb\",\"itemListElement\":[{\"@type\":\"ListItem\",\"position\":1,\"name\":\"Start\",\"item\":\"https:\/\/pysslingen.se\/typografen\/\"},{\"@type\":\"ListItem\",\"position\":2,\"name\":\"Bes\u00f6k oss\"}]},{\"@type\":\"WebSite\",\"@id\":\"https:\/\/pysslingen.se\/typografen\/#website\",\"url\":\"https:\/\/pysslingen.se\/typografen\/\",\"name\":\"Typografen\",\"description\":\"En trygg och stimulerande v\u00e4rld\",\"publisher\":{\"@id\":\"https:\/\/pysslingen.se\/typografen\/#organization\"},\"potentialAction\":[{\"@type\":\"SearchAction\",\"target\":{\"@type\":\"EntryPoint\",\"urlTemplate\":\"https:\/\/pysslingen.se\/typografen\/?s={search_term_string}\"},\"query-input\":\"required name=search_term_string\"}],\"inLanguage\":\"sv-SE\"},{\"@type\":\"Organization\",\"@id\":\"https:\/\/pysslingen.se\/typografen\/#organization\",\"name\":\"Pysslingen F\u00f6rskolor\",\"url\":\"https:\/\/pysslingen.se\/typografen\/\",\"logo\":{\"@type\":\"ImageObject\",\"inLanguage\":\"sv-SE\",\"@id\":\"https:\/\/pysslingen.se\/typografen\/#\/schema\/logo\/image\/\",\"url\":\"https:\/\/pysslingen.se\/wp-content\/uploads\/2021\/05\/pysslingen-forskolor.png\",\"contentUrl\":\"https:\/\/pysslingen.se\/wp-content\/uploads\/2021\/05\/pysslingen-forskolor.png\",\"width\":1120,\"height\":630,\"caption\":\"Pysslingen F\u00f6rskolor\"},\"image\":{\"@id\":\"https:\/\/pysslingen.se\/typografen\/#\/schema\/logo\/image\/\"}}]}<\/script>\n<!-- \/ Yoast SEO plugin. -->","yoast_head_json":{"title":"V\u00e4lkommen att bes\u00f6ka oss p\u00e5 f\u00f6rskolan Typografen!","description":"V\u00e4lkommen att bes\u00f6ka oss p\u00e5 f\u00f6rskolan Typografen! Kontakta oss f\u00f6r att komma p\u00e5 visning och tr\u00e4ffa v\u00e5ra pedagoger. L\u00e4s mer!","robots":{"index":"index","follow":"follow","max-snippet":"max-snippet:-1","max-image-preview":"max-image-preview:large","max-video-preview":"max-video-preview:-1"},"canonical":"https:\/\/pysslingen.se\/typografen\/besok-oss\/","og_locale":"sv_SE","og_type":"article","og_title":"V\u00e4lkommen att bes\u00f6ka oss p\u00e5 f\u00f6rskolan Typografen!","og_description":"V\u00e4lkommen att bes\u00f6ka oss p\u00e5 f\u00f6rskolan Typografen! Kontakta oss f\u00f6r att komma p\u00e5 visning och tr\u00e4ffa v\u00e5ra pedagoger. L\u00e4s mer!","og_url":"https:\/\/pysslingen.se\/typografen\/besok-oss\/","og_site_name":"Typografen","article_modified_time":"2026-02-12T08:38:18+00:00","twitter_card":"summary_large_image","twitter_title":"V\u00e4lkommen att bes\u00f6ka oss p\u00e5 f\u00f6rskolan Typografen!","twitter_description":"V\u00e4lkommen att bes\u00f6ka oss p\u00e5 f\u00f6rskolan Typografen! Kontakta oss f\u00f6r att komma p\u00e5 visning och tr\u00e4ffa v\u00e5ra pedagoger. L\u00e4s mer!","schema":{"@context":"https:\/\/schema.org","@graph":[{"@type":"WebPage","@id":"https:\/\/pysslingen.se\/typografen\/besok-oss\/","url":"https:\/\/pysslingen.se\/typografen\/besok-oss\/","name":"V\u00e4lkommen att bes\u00f6ka oss p\u00e5 f\u00f6rskolan Typografen!","isPartOf":{"@id":"https:\/\/pysslingen.se\/typografen\/#website"},"datePublished":"2023-11-21T08:05:57+00:00","dateModified":"2026-02-12T08:38:18+00:00","description":"V\u00e4lkommen att bes\u00f6ka oss p\u00e5 f\u00f6rskolan Typografen! Kontakta oss f\u00f6r att komma p\u00e5 visning och tr\u00e4ffa v\u00e5ra pedagoger. L\u00e4s mer!","breadcrumb":{"@id":"https:\/\/pysslingen.se\/typografen\/besok-oss\/#breadcrumb"},"inLanguage":"sv-SE","potentialAction":[{"@type":"ReadAction","target":["https:\/\/pysslingen.se\/typografen\/besok-oss\/"]}]},{"@type":"BreadcrumbList","@id":"https:\/\/pysslingen.se\/typografen\/besok-oss\/#breadcrumb","itemListElement":[{"@type":"ListItem","position":1,"name":"Start","item":"https:\/\/pysslingen.se\/typografen\/"},{"@type":"ListItem","position":2,"name":"Bes\u00f6k oss"}]},{"@type":"WebSite","@id":"https:\/\/pysslingen.se\/typografen\/#website","url":"https:\/\/pysslingen.se\/typografen\/","name":"Typografen","description":"En trygg och stimulerande v\u00e4rld","publisher":{"@id":"https:\/\/pysslingen.se\/typografen\/#organization"},"potentialAction":[{"@type":"SearchAction","target":{"@type":"EntryPoint","urlTemplate":"https:\/\/pysslingen.se\/typografen\/?s={search_term_string}"},"query-input":"required name=search_term_string"}],"inLanguage":"sv-SE"},{"@type":"Organization","@id":"https:\/\/pysslingen.se\/typografen\/#organization","name":"Pysslingen F\u00f6rskolor","url":"https:\/\/pysslingen.se\/typografen\/","logo":{"@type":"ImageObject","inLanguage":"sv-SE","@id":"https:\/\/pysslingen.se\/typografen\/#\/schema\/logo\/image\/","url":"https:\/\/pysslingen.se\/wp-content\/uploads\/2021\/05\/pysslingen-forskolor.png","contentUrl":"https:\/\/pysslingen.se\/wp-content\/uploads\/2021\/05\/pysslingen-forskolor.png","width":1120,"height":630,"caption":"Pysslingen F\u00f6rskolor"},"image":{"@id":"https:\/\/pysslingen.se\/typografen\/#\/schema\/logo\/image\/"}}]}},"_links":{"self":[{"href":"https:\/\/pysslingen.se\/typografen\/wp-json\/wp\/v2\/pages\/1529"}],"collection":[{"href":"https:\/\/pysslingen.se\/typografen\/wp-json\/wp\/v2\/pages"}],"about":[{"href":"https:\/\/pysslingen.se\/typografen\/wp-json\/wp\/v2\/types\/page"}],"author":[{"embeddable":true,"href":"https:\/\/pysslingen.se\/typografen\/wp-json\/wp\/v2\/users\/4"}],"replies":[{"embeddable":true,"href":"https:\/\/pysslingen.se\/typografen\/wp-json\/wp\/v2\/comments?post=1529"}],"version-history":[{"count":10,"href":"https:\/\/pysslingen.se\/typografen\/wp-json\/wp\/v2\/pages\/1529\/revisions"}],"predecessor-version":[{"id":1866,"href":"https:\/\/pysslingen.se\/typografen\/wp-json\/wp\/v2\/pages\/1529\/revisions\/1866"}],"wp:attachment":[{"href":"https:\/\/pysslingen.se\/typografen\/wp-json\/wp\/v2\/media?parent=1529"}],"curies":[{"name":"wp","href":"https:\/\/api.w.org\/{rel}","templated":true}]}}