{"id":1157,"date":"2020-12-02T13:33:44","date_gmt":"2020-12-02T13:33:44","guid":{"rendered":"https:\/\/pysslingen.se\/tuvan\/?post_type=testimonial&#038;p=1157"},"modified":"2025-12-11T16:31:36","modified_gmt":"2025-12-11T15:31:36","slug":"johan-kobbe","status":"publish","type":"testimonial","link":"https:\/\/pysslingen.se\/tuvan\/intervju\/johan-kobbe\/","title":{"rendered":"Johan Kobbe"},"content":{"rendered":"<style>\n\t@media only screen and (min-width: 769px) {\n\t\t.testimonial_header_module__image {\n\t\t\tpadding-right: 15px;\n\t\t\tpadding-left: 6px;\n\t\t}\n\n\t\t.testimonial_header_module {\n\t\t\tmargin-bottom: -150px;\n\t\t}\n\t}\n<\/style>\n\n\n<div aria-label=\"testimonial header\"    class=\"testimonial_header_module__data d-none  site__cta-bg--100 \"><\/div>\n<div class=\"testimonial_header_module testimonial_header_module__bg\" >\n\t<div class=\"container\">\n\t\t<div class=\"row\">\n\t\t\t<div class=\"testimonial_header_module__col9\">\n\t\t\t\t<div class=\"testimonial_header_module__text_wrap\">\n\t\t\t\t\t\t\t\t\t\t\t<h1   class=\"site__heading-size-2  site__text-color--light \">\n\t\t\t\t\t\t\tHej Johan!\t\t\t\t\t\t<\/h1>\n\t\t\t\t\t\n\t\t\t\t\t<p   class=\"site__ingress site__free_text--ingress testimonial_header_module__margin_top site__text-color--light \">\n\t\t\t\t\t\tJohan Kobbe \u00e4r barnsk\u00f6tare p\u00e5 Tuvans f\u00f6rskola och arbetar f\u00f6r att vara en aktiv pedagog inom naturvetenskap, skapande, spr\u00e5k och matematik.\t\t\t\t\t<\/p>\n\t\t\t\t<\/div>\n\t\t\t<\/div>\n\t\t\t<div class=\"testimonial_header_module__col3\">\n\t\t\t\t<picture   id=\"hero-picture\">\n\t\t\t\t\t<img decoding=\"async\" width=\"640\" height=\"799\" src=\"https:\/\/pysslingen.se\/wp-content\/uploads\/sites\/86\/2020\/12\/johan-kobbe-barnskotare-1-e1636980460599-820x1024.jpg\" class=\"testimonial_header_module__image\" alt=\"Portr\u00e4ttbild Johan Kobbe barnsk\u00f6tare\" srcset=\"https:\/\/pysslingen.se\/wp-content\/uploads\/sites\/86\/2020\/12\/johan-kobbe-barnskotare-1-e1636980460599-820x1024.jpg 820w, https:\/\/pysslingen.se\/wp-content\/uploads\/sites\/86\/2020\/12\/johan-kobbe-barnskotare-1-e1636980460599-240x300.jpg 240w, https:\/\/pysslingen.se\/wp-content\/uploads\/sites\/86\/2020\/12\/johan-kobbe-barnskotare-1-e1636980460599-768x959.jpg 768w, https:\/\/pysslingen.se\/wp-content\/uploads\/sites\/86\/2020\/12\/johan-kobbe-barnskotare-1-e1636980460599-1230x1536.jpg 1230w, https:\/\/pysslingen.se\/wp-content\/uploads\/sites\/86\/2020\/12\/johan-kobbe-barnskotare-1-e1636980460599-1024x1279.jpg 1024w, https:\/\/pysslingen.se\/wp-content\/uploads\/sites\/86\/2020\/12\/johan-kobbe-barnskotare-1-e1636980460599-1100x1374.jpg 1100w, https:\/\/pysslingen.se\/wp-content\/uploads\/sites\/86\/2020\/12\/johan-kobbe-barnskotare-1-e1636980460599-536x670.jpg 536w, https:\/\/pysslingen.se\/wp-content\/uploads\/sites\/86\/2020\/12\/johan-kobbe-barnskotare-1-e1636980460599-500x624.jpg 500w, https:\/\/pysslingen.se\/wp-content\/uploads\/sites\/86\/2020\/12\/johan-kobbe-barnskotare-1-e1636980460599-183x229.jpg 183w, https:\/\/pysslingen.se\/wp-content\/uploads\/sites\/86\/2020\/12\/johan-kobbe-barnskotare-1-e1636980460599-340x425.jpg 340w, https:\/\/pysslingen.se\/wp-content\/uploads\/sites\/86\/2020\/12\/johan-kobbe-barnskotare-1-e1636980460599.jpg 1310w\" sizes=\"(max-width: 640px) 100vw, 640px\" \/>\t\t\t\t<\/picture>\n\t\t\t<\/div>\n\t\t<\/div>\n\t<\/div>\n<\/div>\n\n<script>\n\tvar para = document.getElementsByClassName(\"testimonial_header_module__data\")[0]\n\tvar compStyles = window.getComputedStyle(para);\n\tvar bg_color = compStyles.getPropertyValue('background-color')\n\tvar element = document.getElementsByClassName(\"testimonial_header_module__bg\")[0]\n\telement.setAttribute('style', \"background: linear-gradient(to bottom, \"\n\t\t\t+ bg_color + \",\"\n\t\t\t+ bg_color + \" calc(100% - 66px), transparent calc(100% - 66px), transparent);\");\n\n\n<\/script>\n\n\n\n<div class=\"wp-block-columns is-layout-flex wp-container-core-columns-layout-1 wp-block-columns-is-layout-flex\">\n<div class=\"wp-block-column is-layout-flow wp-block-column-is-layout-flow\" style=\"flex-basis:66.66%\"><style>\n@media only screen and (min-width: 600px) {\n\t\t\t.ams-fragor-hjhmhodgvrznsrlzrksx {\n\t\t\tdisplay:none;\n\t\t}\n\t}\n@media only screen and (max-width: 600px) {\n\t}\n<\/style>\n<div   class=\"ams-fragor  site__cta-bg--100   ams-fragor-hjhmhodgvrznsrlzrksx\" >\n   \t\t <div   class=\" site__text-color--light  ams-fragor__namn\">\n\t\t\tNamn::\t\t\t<span class=\" \">\n\t\t\t\tJohan Kobbe\t\t\t<\/span>\n\t\t<\/div>\n\t\t<div   class=\" site__text-color--light  ams-fragor__utbildning\">\n\t\t\tJobbar som::\t\t\t<span class=\" \">\n\t\t\t\tBarnsk\u00f6tare\t\t\t<\/span>\n\t\t<\/div>\n\t\t\t\t\t<ul>\n\t\t\t\t\t<\/ul>\n\t\t\t<\/div>\n<script>\n\tamsFragor = function() {\n\t\tvar w = window.innerWidth;\n\t\tvar siteMain = document.getElementsByClassName(\"site-main\")[0]\n\t\tif(typeof siteMain !== 'undefined'){\n\t\t\tvar testimonial = siteMain.getElementsByClassName(\"testimonial_header_module\")[0]\n\t\t\tif(typeof testimonial !== 'undefined'){\n\t\t\t\tvar amsFragor = document.getElementsByClassName(\"ams-fragor\")\n\t\t\t\tfor(var i = 0; i < amsFragor.length; i++){\n\t\t\t\t\tif(w > 769 ){\n\t\t\t\t\t\tamsFragor[i].setAttribute('style', \"margin-top: 50px\");\n\t\t\t\t\t}else{\n\t\t\t\t\t\tamsFragor[i].setAttribute('style', \"margin-top: 0px\");\n\t\t\t\t\t}\n\t\t\t\t}\n\t\t\t}\n\t\t}\n\t};\n\tamsFragor();\n\twindow.addEventListener(\"resize\", amsFragor);\n<\/script>\n\n\n\n<h2 class=\"wp-block-heading\">Vad g\u00f6r Tuvans f\u00f6rskola till en s\u00e5 bra plats f\u00f6r v\u00e5ra barn?<\/h2>\n\n\n\n<p>&#8211; Det \u00e4r att vi har en v\u00e4ldigt stor uteg\u00e5rd. D\u00e4r \u00e4r vi pedagoger aktiva medforskare till barnen. N\u00e4romr\u00e5det har mycket djur och natur. Som exempel har vi bland annat haft ormsafari (med s\u00e4kerhet i fokus) d\u00e4r vi n\u00e4stan alltid sett en orm eller \u00f6dla. Med andra ord, n\u00e4romr\u00e5det \u00e4r fantastiskt!<\/p>\n\n\n\n<h2 class=\"wp-block-heading\">Vad gillar du mest med att vara pedagog p\u00e5 Tuvan?<\/h2>\n\n\n\n<p>&#8211; Att vara en aktiv pedagog inom naturvetenskap, skapande, spr\u00e5k och matematik.<\/p>\n\n\n\n<h2 class=\"wp-block-heading\">Vad \u00e4r viktigt f\u00f6r dig i m\u00f6tet med barnens f\u00f6r\u00e4ldrar?<\/h2>\n\n\n\n<p>&#8211; Att vara lyh\u00f6rd f\u00f6r deras funderingar och ge dem ett v\u00e4nligt bem\u00f6tande. Att se till att f\u00f6r\u00e4ldrarna f\u00e5r regelbunden information om barnets utveckling och l\u00e4rande.<\/p>\n<\/div>\n\n\n\n<div class=\"wp-block-column is-layout-flow wp-block-column-is-layout-flow\" style=\"flex-basis:33.33%\"><style>\n@media only screen and (min-width: 600px) {\n\t}\n@media only screen and (max-width: 600px) {\n\t\t\t.ams-fragor{\n\t\t\t margin-bottom:40px;\n\t\t}\n\t\t.ams-fragor-tbuuuqzlfiplhzpkosvs{\n\t\t\tdisplay:none;\n\t\t}\n\t}\n<\/style>\n<div   class=\"ams-fragor  site__cta-bg--100   ams-fragor-tbuuuqzlfiplhzpkosvs\" >\n   \t\t <div   class=\" site__text-color--light  ams-fragor__namn\">\n\t\t\tNamn::\t\t\t<span class=\" \">\n\t\t\t\tJohan Kobbe\t\t\t<\/span>\n\t\t<\/div>\n\t\t<div   class=\" site__text-color--light  ams-fragor__utbildning\">\n\t\t\tJobbar som::\t\t\t<span class=\" \">\n\t\t\t\tBarnsk\u00f6tare\t\t\t<\/span>\n\t\t<\/div>\n\t\t\t\t\t<ul>\n\t\t\t\t\t<\/ul>\n\t\t\t<\/div>\n<script>\n\tamsFragor = function() {\n\t\tvar w = window.innerWidth;\n\t\tvar siteMain = document.getElementsByClassName(\"site-main\")[0]\n\t\tif(typeof siteMain !== 'undefined'){\n\t\t\tvar testimonial = siteMain.getElementsByClassName(\"testimonial_header_module\")[0]\n\t\t\tif(typeof testimonial !== 'undefined'){\n\t\t\t\tvar amsFragor = document.getElementsByClassName(\"ams-fragor\")\n\t\t\t\tfor(var i = 0; i < amsFragor.length; i++){\n\t\t\t\t\tif(w > 769 ){\n\t\t\t\t\t\tamsFragor[i].setAttribute('style', \"margin-top: 50px\");\n\t\t\t\t\t}else{\n\t\t\t\t\t\tamsFragor[i].setAttribute('style', \"margin-top: 0px\");\n\t\t\t\t\t}\n\t\t\t\t}\n\t\t\t}\n\t\t}\n\t};\n\tamsFragor();\n\twindow.addEventListener(\"resize\", amsFragor);\n<\/script>\n<\/div>\n<\/div>\n","protected":false},"featured_media":0,"template":"","testimonial_category":[],"yoast_head":"<!-- This site is optimized with the Yoast SEO plugin v22.0 - https:\/\/yoast.com\/wordpress\/plugins\/seo\/ -->\n<title>Tr\u00e4ffa v\u00e5ran pedagog Johan Kobbe p\u00e5 Tuvan!<\/title>\n<meta name=\"description\" content=\"Johan Kobbe \u00e4r barnsk\u00f6tare p\u00e5 Tuvans f\u00f6rskola och arbetar f\u00f6r att vara en aktiv pedagog inom naturvetenskap, skapande, spr\u00e5k och matematik.\" \/>\n<meta name=\"robots\" content=\"index, follow, max-snippet:-1, max-image-preview:large, max-video-preview:-1\" \/>\n<link rel=\"canonical\" href=\"https:\/\/pysslingen.se\/tuvan\/intervju\/johan-kobbe\/\" \/>\n<meta property=\"og:locale\" content=\"sv_SE\" \/>\n<meta property=\"og:type\" content=\"article\" \/>\n<meta property=\"og:title\" content=\"Tr\u00e4ffa v\u00e5ran pedagog Johan Kobbe p\u00e5 Tuvan!\" \/>\n<meta property=\"og:description\" content=\"Johan Kobbe \u00e4r barnsk\u00f6tare p\u00e5 Tuvans f\u00f6rskola och arbetar f\u00f6r att vara en aktiv pedagog inom naturvetenskap, skapande, spr\u00e5k och matematik.\" \/>\n<meta property=\"og:url\" content=\"https:\/\/pysslingen.se\/tuvan\/intervju\/johan-kobbe\/\" \/>\n<meta property=\"og:site_name\" content=\"Tuvan\" \/>\n<meta property=\"article:modified_time\" content=\"2025-12-11T15:31:36+00:00\" \/>\n<meta name=\"twitter:card\" content=\"summary_large_image\" \/>\n<meta name=\"twitter:title\" content=\"Tr\u00e4ffa v\u00e5ran pedagog Johan Kobbe p\u00e5 Tuvan!\" \/>\n<meta name=\"twitter:description\" content=\"Johan Kobbe \u00e4r barnsk\u00f6tare p\u00e5 Tuvans f\u00f6rskola och arbetar f\u00f6r att vara en aktiv pedagog inom naturvetenskap, skapande, spr\u00e5k och matematik.\" \/>\n<meta name=\"twitter:image\" content=\"https:\/\/pysslingen.se\/wp-content\/uploads\/sites\/86\/2020\/12\/johan-kobbe-barnskotare-1-e1636980460599-1200x630.jpg\" \/>\n<meta name=\"twitter:label1\" content=\"Ber\u00e4knad l\u00e4stid\" \/>\n\t<meta name=\"twitter:data1\" content=\"1 minut\" \/>\n<script type=\"application\/ld+json\" class=\"yoast-schema-graph\">{\"@context\":\"https:\/\/schema.org\",\"@graph\":[{\"@type\":\"WebPage\",\"@id\":\"https:\/\/pysslingen.se\/tuvan\/intervju\/johan-kobbe\/\",\"url\":\"https:\/\/pysslingen.se\/tuvan\/intervju\/johan-kobbe\/\",\"name\":\"Tr\u00e4ffa v\u00e5ran pedagog Johan Kobbe p\u00e5 Tuvan!\",\"isPartOf\":{\"@id\":\"https:\/\/pysslingen.se\/tuvan\/#website\"},\"datePublished\":\"2020-12-02T13:33:44+00:00\",\"dateModified\":\"2025-12-11T15:31:36+00:00\",\"description\":\"Johan Kobbe \u00e4r barnsk\u00f6tare p\u00e5 Tuvans f\u00f6rskola och arbetar f\u00f6r att vara en aktiv pedagog inom naturvetenskap, skapande, spr\u00e5k och matematik.\",\"breadcrumb\":{\"@id\":\"https:\/\/pysslingen.se\/tuvan\/intervju\/johan-kobbe\/#breadcrumb\"},\"inLanguage\":\"sv-SE\",\"potentialAction\":[{\"@type\":\"ReadAction\",\"target\":[\"https:\/\/pysslingen.se\/tuvan\/intervju\/johan-kobbe\/\"]}]},{\"@type\":\"BreadcrumbList\",\"@id\":\"https:\/\/pysslingen.se\/tuvan\/intervju\/johan-kobbe\/#breadcrumb\",\"itemListElement\":[{\"@type\":\"ListItem\",\"position\":1,\"name\":\"Start\",\"item\":\"https:\/\/pysslingen.se\/tuvan\"},{\"@type\":\"ListItem\",\"position\":2,\"name\":\"Testimonial\"}]},{\"@type\":\"WebSite\",\"@id\":\"https:\/\/pysslingen.se\/tuvan\/#website\",\"url\":\"https:\/\/pysslingen.se\/tuvan\/\",\"name\":\"Tuvan\",\"description\":\"En trygg och stimulerande v\u00e4rld\",\"publisher\":{\"@id\":\"https:\/\/pysslingen.se\/tuvan\/#organization\"},\"potentialAction\":[{\"@type\":\"SearchAction\",\"target\":{\"@type\":\"EntryPoint\",\"urlTemplate\":\"https:\/\/pysslingen.se\/tuvan\/?s={search_term_string}\"},\"query-input\":\"required name=search_term_string\"}],\"inLanguage\":\"sv-SE\"},{\"@type\":\"Organization\",\"@id\":\"https:\/\/pysslingen.se\/tuvan\/#organization\",\"name\":\"Pysslingen F\u00f6rskolor\",\"url\":\"https:\/\/pysslingen.se\/tuvan\/\",\"logo\":{\"@type\":\"ImageObject\",\"inLanguage\":\"sv-SE\",\"@id\":\"https:\/\/pysslingen.se\/tuvan\/#\/schema\/logo\/image\/\",\"url\":\"https:\/\/pysslingen.se\/wp-content\/uploads\/2021\/05\/pysslingen-forskolor.png\",\"contentUrl\":\"https:\/\/pysslingen.se\/wp-content\/uploads\/2021\/05\/pysslingen-forskolor.png\",\"width\":1120,\"height\":630,\"caption\":\"Pysslingen F\u00f6rskolor\"},\"image\":{\"@id\":\"https:\/\/pysslingen.se\/tuvan\/#\/schema\/logo\/image\/\"}}]}<\/script>\n<!-- \/ Yoast SEO plugin. -->","yoast_head_json":{"title":"Tr\u00e4ffa v\u00e5ran pedagog Johan Kobbe p\u00e5 Tuvan!","description":"Johan Kobbe \u00e4r barnsk\u00f6tare p\u00e5 Tuvans f\u00f6rskola och arbetar f\u00f6r att vara en aktiv pedagog inom naturvetenskap, skapande, spr\u00e5k och matematik.","robots":{"index":"index","follow":"follow","max-snippet":"max-snippet:-1","max-image-preview":"max-image-preview:large","max-video-preview":"max-video-preview:-1"},"canonical":"https:\/\/pysslingen.se\/tuvan\/intervju\/johan-kobbe\/","og_locale":"sv_SE","og_type":"article","og_title":"Tr\u00e4ffa v\u00e5ran pedagog Johan Kobbe p\u00e5 Tuvan!","og_description":"Johan Kobbe \u00e4r barnsk\u00f6tare p\u00e5 Tuvans f\u00f6rskola och arbetar f\u00f6r att vara en aktiv pedagog inom naturvetenskap, skapande, spr\u00e5k och matematik.","og_url":"https:\/\/pysslingen.se\/tuvan\/intervju\/johan-kobbe\/","og_site_name":"Tuvan","article_modified_time":"2025-12-11T15:31:36+00:00","twitter_card":"summary_large_image","twitter_title":"Tr\u00e4ffa v\u00e5ran pedagog Johan Kobbe p\u00e5 Tuvan!","twitter_description":"Johan Kobbe \u00e4r barnsk\u00f6tare p\u00e5 Tuvans f\u00f6rskola och arbetar f\u00f6r att vara en aktiv pedagog inom naturvetenskap, skapande, spr\u00e5k och matematik.","twitter_image":"https:\/\/pysslingen.se\/wp-content\/uploads\/sites\/86\/2020\/12\/johan-kobbe-barnskotare-1-e1636980460599-1200x630.jpg","twitter_misc":{"Ber\u00e4knad l\u00e4stid":"1 minut"},"schema":{"@context":"https:\/\/schema.org","@graph":[{"@type":"WebPage","@id":"https:\/\/pysslingen.se\/tuvan\/intervju\/johan-kobbe\/","url":"https:\/\/pysslingen.se\/tuvan\/intervju\/johan-kobbe\/","name":"Tr\u00e4ffa v\u00e5ran pedagog Johan Kobbe p\u00e5 Tuvan!","isPartOf":{"@id":"https:\/\/pysslingen.se\/tuvan\/#website"},"datePublished":"2020-12-02T13:33:44+00:00","dateModified":"2025-12-11T15:31:36+00:00","description":"Johan Kobbe \u00e4r barnsk\u00f6tare p\u00e5 Tuvans f\u00f6rskola och arbetar f\u00f6r att vara en aktiv pedagog inom naturvetenskap, skapande, spr\u00e5k och matematik.","breadcrumb":{"@id":"https:\/\/pysslingen.se\/tuvan\/intervju\/johan-kobbe\/#breadcrumb"},"inLanguage":"sv-SE","potentialAction":[{"@type":"ReadAction","target":["https:\/\/pysslingen.se\/tuvan\/intervju\/johan-kobbe\/"]}]},{"@type":"BreadcrumbList","@id":"https:\/\/pysslingen.se\/tuvan\/intervju\/johan-kobbe\/#breadcrumb","itemListElement":[{"@type":"ListItem","position":1,"name":"Start","item":"https:\/\/pysslingen.se\/tuvan"},{"@type":"ListItem","position":2,"name":"Testimonial"}]},{"@type":"WebSite","@id":"https:\/\/pysslingen.se\/tuvan\/#website","url":"https:\/\/pysslingen.se\/tuvan\/","name":"Tuvan","description":"En trygg och stimulerande v\u00e4rld","publisher":{"@id":"https:\/\/pysslingen.se\/tuvan\/#organization"},"potentialAction":[{"@type":"SearchAction","target":{"@type":"EntryPoint","urlTemplate":"https:\/\/pysslingen.se\/tuvan\/?s={search_term_string}"},"query-input":"required name=search_term_string"}],"inLanguage":"sv-SE"},{"@type":"Organization","@id":"https:\/\/pysslingen.se\/tuvan\/#organization","name":"Pysslingen F\u00f6rskolor","url":"https:\/\/pysslingen.se\/tuvan\/","logo":{"@type":"ImageObject","inLanguage":"sv-SE","@id":"https:\/\/pysslingen.se\/tuvan\/#\/schema\/logo\/image\/","url":"https:\/\/pysslingen.se\/wp-content\/uploads\/2021\/05\/pysslingen-forskolor.png","contentUrl":"https:\/\/pysslingen.se\/wp-content\/uploads\/2021\/05\/pysslingen-forskolor.png","width":1120,"height":630,"caption":"Pysslingen F\u00f6rskolor"},"image":{"@id":"https:\/\/pysslingen.se\/tuvan\/#\/schema\/logo\/image\/"}}]}},"_links":{"self":[{"href":"https:\/\/pysslingen.se\/tuvan\/wp-json\/wp\/v2\/testimonial\/1157"}],"collection":[{"href":"https:\/\/pysslingen.se\/tuvan\/wp-json\/wp\/v2\/testimonial"}],"about":[{"href":"https:\/\/pysslingen.se\/tuvan\/wp-json\/wp\/v2\/types\/testimonial"}],"wp:attachment":[{"href":"https:\/\/pysslingen.se\/tuvan\/wp-json\/wp\/v2\/media?parent=1157"}],"wp:term":[{"taxonomy":"testimonial_category","embeddable":true,"href":"https:\/\/pysslingen.se\/tuvan\/wp-json\/wp\/v2\/testimonial_category?post=1157"}],"curies":[{"name":"wp","href":"https:\/\/api.w.org\/{rel}","templated":true}]}}