{"id":461,"date":"2020-10-16T12:33:05","date_gmt":"2020-10-16T12:33:05","guid":{"rendered":"https:\/\/pysslingen.se\/tuvan\/?page_id=461"},"modified":"2025-10-15T09:09:46","modified_gmt":"2025-10-15T07:09:46","slug":"besok-oss","status":"publish","type":"page","link":"https:\/\/pysslingen.se\/tuvan\/besok-oss\/","title":{"rendered":"Bes\u00f6k oss"},"content":{"rendered":"\n\t\n\t\n\t\n\n\t\n\t\n\t\t\n<section  class=\"c-block l-stacked  \" data-color-scheme=\"\">\n\t<div class=\"ams-fifty ams-fifty--container ams-fifty--right ams-fifty--bottom l-container u-pt-fluid-3xl-6xl u-pb-fluid-md-xl\">\n\t\t<div class=\"ams-fifty__content l-stack l-stack-xl is-left is-left@lg\">\n\t\t\t<div class=\"ams-fifty__text l-stack l-stack-lg\">\n\t\t\t\t\t\n\t<h1\n\tclass=\"c-heading u-font-title-1 \"\n\tstyle=\"\">\n\t\t\n\t\t\t\t\tBes\u00f6k oss p\u00e5 f\u00f6rskolan Tuvan\n\t\t\t\t\n\t<\/h1>\n\n\t\t\t\t\t\t\t\t\t<div class=\"text l-stack u-font-body\">\n\t\t\t\t\t\t<p>Har du fr\u00e5gor om f\u00f6rskolan eller vill komma p\u00e5 bes\u00f6k? Du kan i lugn och ro tr\u00e4ffa v\u00e5ra pedagoger, st\u00e4lla fr\u00e5gor om verksamheten och se v\u00e5ra lokaler, n\u00e5got vi varmt rekommenderar f\u00f6r dig som s\u00f6ker f\u00f6rskola. V\u00e4lkommen att kontakta oss f\u00f6r ett personligt bes\u00f6k p\u00e5 v\u00e5r fina f\u00f6rskola Tuvan.<\/p>\n<p>Tveka inte att h\u00f6ra av dig!<\/p>\n\n\t\t\t\t\t<\/div>\n\t\t\t\t\t\t\t<\/div>\n\n\t\t\t\t<div class=\"ams-fifty__action u-inline-items\">\n\t\t\t\t\t\t\t\n\n\n<a href=\"https:\/\/pysslingen.se\/tuvan\/besok-oss\/#kontakt\"\n\t\n\tclass=\"c-btn \"\n\tdata-style=\"rounded\"\n\tdata-size=\"md\"\n\tdata-width=\"full-mobile\"\n\tdata-variant=\"default\"\n\ttarget=\"_self\">\n\t\t\t<span class=\"label\"> Boka visning<\/span>\n\t\t\t<\/a>\n\t\t\t\t\t\t\t\n\n\n<a href=\"https:\/\/pysslingen.se\/tuvan\/kontakt\"\n\t\n\tclass=\"c-btn \"\n\tdata-style=\"rounded\"\n\tdata-size=\"md\"\n\tdata-width=\"full-mobile\"\n\tdata-variant=\"outline\"\n\ttarget=\"_self\">\n\t\t\t<span class=\"label\"> Kontakta oss<\/span>\n\t\t\t<\/a>\n\t\t\t<\/div>\n\t\t<\/div>\n\n\t\t <div class=\"ams-fifty__media u-ratio-landscape\">\n\t\t \t\t\t\t\t<img decoding=\"async\" width=\"600\" height=\"400\" src=\"https:\/\/pysslingen.se\/wp-content\/uploads\/sites\/86\/2025\/10\/dsc0218-600x400.jpg\" class=\"attachment-md size-md\" alt=\"Fasadbild Tuvan\" sizes=\"(min-width: 64em) 600px, calc(100vw - 160px)\" srcset=\"https:\/\/pysslingen.se\/wp-content\/uploads\/sites\/86\/2025\/10\/dsc0218-600x400.jpg 600w, https:\/\/pysslingen.se\/wp-content\/uploads\/sites\/86\/2025\/10\/dsc0218-300x200.jpg 300w, https:\/\/pysslingen.se\/wp-content\/uploads\/sites\/86\/2025\/10\/dsc0218-400x267.jpg 400w, https:\/\/pysslingen.se\/wp-content\/uploads\/sites\/86\/2025\/10\/dsc0218-800x533.jpg 800w, https:\/\/pysslingen.se\/wp-content\/uploads\/sites\/86\/2025\/10\/dsc0218-1024x683.jpg 1024w, https:\/\/pysslingen.se\/wp-content\/uploads\/sites\/86\/2025\/10\/dsc0218-1200x800.jpg 1200w\" \/>\n\t\t\t\n\t\t\t\n\t\t\t\t\t<\/div>\n\t<\/div>\n\n\t\t\n\n<\/section>\n\n\n\n\t\n\t\n\t\n\n\t\n\t\n\t\t\n<section  class=\"c-block l-stacked  \" data-color-scheme=\"nyans2_av_p2-card-bakgrund-hover-standard_standard\">\n\t<div class=\"ams-fifty ams-fifty--container ams-fifty--left ams-fifty--bottom l-container u-pt-fluid-md-xl u-pb-fluid-md-xl\">\n\t\t<div class=\"ams-fifty__content l-stack l-stack-xl is-left is-left@lg\">\n\t\t\t<div class=\"ams-fifty__text l-stack l-stack-lg\">\n\t\t\t\t\t\n\t<h2\n\tclass=\"c-heading u-font-title-1 \"\n\tstyle=\"\">\n\t\t\n\t\t\t\t\tVad inneb\u00e4r en visning?\n\t\t\t\t\n\t<\/h2>\n\n\t\t\t\t\t\t\t\t\t<div class=\"text l-stack u-font-body\">\n\t\t\t\t\t\t<p>Under visningen visar en samordnare runt dig i v\u00e5ra lokaler och ber\u00e4ttar hur vi arbetar f\u00f6r att skapa en trygg och l\u00e4rorik vardag f\u00f6r v\u00e5ra barn.<\/p>\n<p><strong>Tre anledningar att boka en visning av f\u00f6rskolan:<\/strong><br \/>\n&#8211; F\u00e5 en k\u00e4nsla f\u00f6r v\u00e5ra lokaler och milj\u00f6n p\u00e5 f\u00f6rskolan<br \/>\n&#8211; St\u00e4ll dina fr\u00e5gor direkt till en pedagog<br \/>\n&#8211; Se hur vi jobbar med trygghet och l\u00e4rande fr\u00e5n introduktionen till sista \u00e5ret p\u00e5 f\u00f6rskolan.<\/p>\n\n\t\t\t\t\t<\/div>\n\t\t\t\t\t\t\t<\/div>\n\n\t\t\t\t\t<\/div>\n\n\t\t <div class=\"ams-fifty__media u-ratio-landscape\">\n\t\t \t\t\t\t\t<img decoding=\"async\" width=\"600\" height=\"400\" src=\"https:\/\/pysslingen.se\/wp-content\/uploads\/sites\/86\/2020\/11\/natur-flicka-3.jpg\" class=\"attachment-md size-md\" alt=\"Flicka vattnar plantor\" sizes=\"(min-width: 64em) 600px, calc(100vw - 160px)\" srcset=\"https:\/\/pysslingen.se\/wp-content\/uploads\/sites\/86\/2020\/11\/natur-flicka-3.jpg 1000w, https:\/\/pysslingen.se\/wp-content\/uploads\/sites\/86\/2020\/11\/natur-flicka-3-300x200.jpg 300w, https:\/\/pysslingen.se\/wp-content\/uploads\/sites\/86\/2020\/11\/natur-flicka-3-768x512.jpg 768w\" \/>\n\t\t\t\n\t\t\t\n\t\t\t\t\t<\/div>\n\t<\/div>\n\n\t\t\n\n<\/section>\n\n\n\n<section id=kontakt\n\t\t class=\"\n\t\t ams-contact\n\t\t \n\t\t c-block l-stacked\n\t\t \n\t\t \n\t\t js-load-more\n\t\t \"\n\t\t data-color-scheme=\"\"\n\t\t\t\t\tdata-count=\"3\"\n\t\t\t\t\t\t\tdata-count-mobile=\"2\"\n\t\t\t\t>\n\t<div\n\t\t class=\"\n\t\t l-container\n\t\t l-stack l-stack-fluid-2xl\n\t\t u-pt-fluid-2xl-4xl\n\t\t u-pb-fluid-2xl-4xl\n\t\t is-center\n\t\t is-center@md\n\t\t \">\n\t\t\t\t\t<div class=\"ams-contact__intro l-stack l-stack-lg\">\n\t\t\t\t\t\n\t<h2\n\tclass=\"c-heading u-font-title-1 \"\n\tstyle=\"\">\n\t\t\n\t\t\t\t\tBoka en visning:\n\t\t\t\t\n\t<\/h2>\n\n\t\t\t\t\t\t\t\t\t<div class=\"c-text l-stack u-cs-xl u-font-body\">\n\t\t\t\t\t\t<p>Har du n\u00e5gra fr\u00e5gor om verksamheten \u00e4r du v\u00e4lkommen att kontakta v\u00e5r samordnare.<\/p>\n\n\t\t\t\t\t<\/div>\n\t\t\t\t\t\t\t<\/div>\n\t\t\n\t\t\n\t\t    \t\n\t\t\n\t\t<ul\n\t\t\tid=\"contact-grid-69f37ccd8a2cb\"\n\t\t\tclass=\"ams-contact__list l-grid u-gap-fluid-2xl-4xl u-justify-center js-results \"\n\t\t\taria-label=\"Kontakter\"\n\t\t\tdata-filter-animation=\"off\"\n\t\t\t>\n\t\t\t\t\t\t\t\t\t\t\t\n\t\t\t\t\n\t\t\t\t<li class=\"l-col-6@md l-col-4@lg \" data-filter=\"samordnare\">\n\t\t\t\t\t<article class=\"c-card \" data-variant=\"neutral\">\n\t\t\t\t\t\t<div class=\"c-card__content u-text-center\">\n\t\t\t\t\t\t\t\t\t\t\t\t\t\t\t<h3 class=\"c-card__title u-font-title-3\">\n\t\t\t\t\t\t\t\t\tSusanne Nyberg\n\t\t\t\t\t\t\t\t<\/h3>\n\t\t\t\t\t\t\t\n\t\t\t\t\t\t\t\t\t\t\t\t\t\t\t<p class=\"position u-font-body\">Samordnare<\/p>\n\t\t\t\t\t\t\t\n\t\t\t\t\t\t\t\t\t\t\t\t\t\t\t<div class=\"contact-info u-font-body\">\n\t\t\t\t\t\t\t\t\t\t\t\t\t\t\t\t\t\t\t\t\t\t\t\t\t\t\t\t\t\t<p class=\"phone\"><a\n\t\t\t\t\t\t\t\t\t\t\t\t\thref=\"tel:0760523664\"\n\t\t\t\t\t\t\t\t\t\t\t\t\tclass=\"u-text-link\">076-052 36 64<\/a>\n\t\t\t\t\t\t\t\t\t\t\t<\/p>\n\t\t\t\t\t\t\t\t\t\t\t\t\t\t\t\t\t\t\t\n\t\t\t\t\t\t\t\t\t\t\t\t\t\t\t\t\t\t\t\t\t\t\t\t\t\t\t\t\t\t<p class=\"email\"><a\n\t\t\t\t\t\t\t\t\t\t\t\t\thref=\"&#109;&#097;i&#108;&#116;&#111;:&#115;&#117;&#115;ann&#101;&#046;n&#121;&#098;&#101;rg&#064;p&#121;&#115;sl&#105;nge&#110;.&#115;&#101;\"\n\t\t\t\t\t\t\t\t\t\t\t\t\tclass=\"u-text-link\">s&#117;&#115;an&#110;&#101;&#046;&#110;&#121;&#098;er&#103;&#064;p&#121;&#115;sl&#105;&#110;&#103;e&#110;.&#115;e<\/a>\n\t\t\t\t\t\t\t\t\t\t\t<\/p>\n\t\t\t\t\t\t\t\t\t\t\t\t\t\t\t\t\t\t\t\t\t\t\t\t\t\t\t<\/div>\n\t\t\t\t\t\t\t\n\t\t\t\t\t\t\t\t\t\t\t\t\t<\/div>\n\t\t\t\t\t\t<div class=\"c-card__media\">\n\t\t\t\t\t\t\t\t\t\t\t\t\t\t\t\t\t\t\t\t\t\t\t\t\t\t\t\t\t\t\t\t\t\t\t\t\t\t\t\t\t\t\t\t\t\t\t\t\t\n\t\t\t\t\t\t<\/div>\n\t\t\t\t\t<\/article>\n\t\t\t\t<\/li>\n\t\t\t\t\t<\/ul>\n\n\t\t\n\t\t    <div class=\"ams-contact__more u-inline-items js-load-more-btn\">\n        <button href=\"#\"\n                class=\"c-btn\"\n                data-style=\"rounded\"\n                data-size=\"md\"\n                data-width=\"full-mobile\"\n                data-variant=\"outline\">\n        \tVisa mer\n        <\/button>\n    <\/div>\n\n\t\t\t<\/div>\n\n\t\t\n\n<\/section>\n","protected":false},"excerpt":{"rendered":"","protected":false},"author":3,"featured_media":0,"parent":0,"menu_order":0,"comment_status":"closed","ping_status":"closed","template":"","meta":{"footnotes":""},"yoast_head":"<!-- This site is optimized with the Yoast SEO plugin v22.0 - https:\/\/yoast.com\/wordpress\/plugins\/seo\/ -->\n<title>V\u00e4lkommen att bes\u00f6ka oss p\u00e5 f\u00f6rskolan Tuvan!<\/title>\n<meta name=\"description\" content=\"V\u00e4lkommen att bes\u00f6ka oss p\u00e5 f\u00f6rskolan Tuvan! Kontakta oss f\u00f6r att komma p\u00e5 visning, uppleva v\u00e5r milj\u00f6 och tr\u00e4ffa v\u00e5ra pedagoger. L\u00e4s mer!\" \/>\n<meta name=\"robots\" content=\"index, follow, max-snippet:-1, max-image-preview:large, max-video-preview:-1\" \/>\n<link rel=\"canonical\" href=\"https:\/\/pysslingen.se\/tuvan\/besok-oss\/\" \/>\n<meta property=\"og:locale\" content=\"sv_SE\" \/>\n<meta property=\"og:type\" content=\"article\" \/>\n<meta property=\"og:title\" content=\"V\u00e4lkommen att bes\u00f6ka oss p\u00e5 f\u00f6rskolan Tuvan!\" \/>\n<meta property=\"og:description\" content=\"V\u00e4lkommen att bes\u00f6ka oss p\u00e5 f\u00f6rskolan Tuvan! Kontakta oss f\u00f6r att komma p\u00e5 visning, uppleva v\u00e5r milj\u00f6 och tr\u00e4ffa v\u00e5ra pedagoger. L\u00e4s mer!\" \/>\n<meta property=\"og:url\" content=\"https:\/\/pysslingen.se\/tuvan\/besok-oss\/\" \/>\n<meta property=\"og:site_name\" content=\"Tuvan\" \/>\n<meta property=\"article:modified_time\" content=\"2025-10-15T07:09:46+00:00\" \/>\n<meta name=\"twitter:card\" content=\"summary_large_image\" \/>\n<meta name=\"twitter:title\" content=\"V\u00e4lkommen att bes\u00f6ka oss p\u00e5 f\u00f6rskolan Tuvan!\" \/>\n<meta name=\"twitter:description\" content=\"V\u00e4lkommen att bes\u00f6ka oss p\u00e5 f\u00f6rskolan Tuvan! Kontakta oss f\u00f6r att komma p\u00e5 visning, uppleva v\u00e5r milj\u00f6 och tr\u00e4ffa v\u00e5ra pedagoger. L\u00e4s mer!\" \/>\n<script type=\"application\/ld+json\" class=\"yoast-schema-graph\">{\"@context\":\"https:\/\/schema.org\",\"@graph\":[{\"@type\":\"WebPage\",\"@id\":\"https:\/\/pysslingen.se\/tuvan\/besok-oss\/\",\"url\":\"https:\/\/pysslingen.se\/tuvan\/besok-oss\/\",\"name\":\"V\u00e4lkommen att bes\u00f6ka oss p\u00e5 f\u00f6rskolan Tuvan!\",\"isPartOf\":{\"@id\":\"https:\/\/pysslingen.se\/tuvan\/#website\"},\"datePublished\":\"2020-10-16T12:33:05+00:00\",\"dateModified\":\"2025-10-15T07:09:46+00:00\",\"description\":\"V\u00e4lkommen att bes\u00f6ka oss p\u00e5 f\u00f6rskolan Tuvan! Kontakta oss f\u00f6r att komma p\u00e5 visning, uppleva v\u00e5r milj\u00f6 och tr\u00e4ffa v\u00e5ra pedagoger. L\u00e4s mer!\",\"breadcrumb\":{\"@id\":\"https:\/\/pysslingen.se\/tuvan\/besok-oss\/#breadcrumb\"},\"inLanguage\":\"sv-SE\",\"potentialAction\":[{\"@type\":\"ReadAction\",\"target\":[\"https:\/\/pysslingen.se\/tuvan\/besok-oss\/\"]}]},{\"@type\":\"BreadcrumbList\",\"@id\":\"https:\/\/pysslingen.se\/tuvan\/besok-oss\/#breadcrumb\",\"itemListElement\":[{\"@type\":\"ListItem\",\"position\":1,\"name\":\"Start\",\"item\":\"https:\/\/pysslingen.se\/tuvan\/\"},{\"@type\":\"ListItem\",\"position\":2,\"name\":\"Bes\u00f6k oss\"}]},{\"@type\":\"WebSite\",\"@id\":\"https:\/\/pysslingen.se\/tuvan\/#website\",\"url\":\"https:\/\/pysslingen.se\/tuvan\/\",\"name\":\"Tuvan\",\"description\":\"En trygg och stimulerande v\u00e4rld\",\"publisher\":{\"@id\":\"https:\/\/pysslingen.se\/tuvan\/#organization\"},\"potentialAction\":[{\"@type\":\"SearchAction\",\"target\":{\"@type\":\"EntryPoint\",\"urlTemplate\":\"https:\/\/pysslingen.se\/tuvan\/?s={search_term_string}\"},\"query-input\":\"required name=search_term_string\"}],\"inLanguage\":\"sv-SE\"},{\"@type\":\"Organization\",\"@id\":\"https:\/\/pysslingen.se\/tuvan\/#organization\",\"name\":\"Pysslingen F\u00f6rskolor\",\"url\":\"https:\/\/pysslingen.se\/tuvan\/\",\"logo\":{\"@type\":\"ImageObject\",\"inLanguage\":\"sv-SE\",\"@id\":\"https:\/\/pysslingen.se\/tuvan\/#\/schema\/logo\/image\/\",\"url\":\"https:\/\/pysslingen.se\/wp-content\/uploads\/2021\/05\/pysslingen-forskolor.png\",\"contentUrl\":\"https:\/\/pysslingen.se\/wp-content\/uploads\/2021\/05\/pysslingen-forskolor.png\",\"width\":1120,\"height\":630,\"caption\":\"Pysslingen F\u00f6rskolor\"},\"image\":{\"@id\":\"https:\/\/pysslingen.se\/tuvan\/#\/schema\/logo\/image\/\"}}]}<\/script>\n<!-- \/ Yoast SEO plugin. -->","yoast_head_json":{"title":"V\u00e4lkommen att bes\u00f6ka oss p\u00e5 f\u00f6rskolan Tuvan!","description":"V\u00e4lkommen att bes\u00f6ka oss p\u00e5 f\u00f6rskolan Tuvan! Kontakta oss f\u00f6r att komma p\u00e5 visning, uppleva v\u00e5r milj\u00f6 och tr\u00e4ffa v\u00e5ra pedagoger. L\u00e4s mer!","robots":{"index":"index","follow":"follow","max-snippet":"max-snippet:-1","max-image-preview":"max-image-preview:large","max-video-preview":"max-video-preview:-1"},"canonical":"https:\/\/pysslingen.se\/tuvan\/besok-oss\/","og_locale":"sv_SE","og_type":"article","og_title":"V\u00e4lkommen att bes\u00f6ka oss p\u00e5 f\u00f6rskolan Tuvan!","og_description":"V\u00e4lkommen att bes\u00f6ka oss p\u00e5 f\u00f6rskolan Tuvan! Kontakta oss f\u00f6r att komma p\u00e5 visning, uppleva v\u00e5r milj\u00f6 och tr\u00e4ffa v\u00e5ra pedagoger. L\u00e4s mer!","og_url":"https:\/\/pysslingen.se\/tuvan\/besok-oss\/","og_site_name":"Tuvan","article_modified_time":"2025-10-15T07:09:46+00:00","twitter_card":"summary_large_image","twitter_title":"V\u00e4lkommen att bes\u00f6ka oss p\u00e5 f\u00f6rskolan Tuvan!","twitter_description":"V\u00e4lkommen att bes\u00f6ka oss p\u00e5 f\u00f6rskolan Tuvan! Kontakta oss f\u00f6r att komma p\u00e5 visning, uppleva v\u00e5r milj\u00f6 och tr\u00e4ffa v\u00e5ra pedagoger. L\u00e4s mer!","schema":{"@context":"https:\/\/schema.org","@graph":[{"@type":"WebPage","@id":"https:\/\/pysslingen.se\/tuvan\/besok-oss\/","url":"https:\/\/pysslingen.se\/tuvan\/besok-oss\/","name":"V\u00e4lkommen att bes\u00f6ka oss p\u00e5 f\u00f6rskolan Tuvan!","isPartOf":{"@id":"https:\/\/pysslingen.se\/tuvan\/#website"},"datePublished":"2020-10-16T12:33:05+00:00","dateModified":"2025-10-15T07:09:46+00:00","description":"V\u00e4lkommen att bes\u00f6ka oss p\u00e5 f\u00f6rskolan Tuvan! Kontakta oss f\u00f6r att komma p\u00e5 visning, uppleva v\u00e5r milj\u00f6 och tr\u00e4ffa v\u00e5ra pedagoger. L\u00e4s mer!","breadcrumb":{"@id":"https:\/\/pysslingen.se\/tuvan\/besok-oss\/#breadcrumb"},"inLanguage":"sv-SE","potentialAction":[{"@type":"ReadAction","target":["https:\/\/pysslingen.se\/tuvan\/besok-oss\/"]}]},{"@type":"BreadcrumbList","@id":"https:\/\/pysslingen.se\/tuvan\/besok-oss\/#breadcrumb","itemListElement":[{"@type":"ListItem","position":1,"name":"Start","item":"https:\/\/pysslingen.se\/tuvan\/"},{"@type":"ListItem","position":2,"name":"Bes\u00f6k oss"}]},{"@type":"WebSite","@id":"https:\/\/pysslingen.se\/tuvan\/#website","url":"https:\/\/pysslingen.se\/tuvan\/","name":"Tuvan","description":"En trygg och stimulerande v\u00e4rld","publisher":{"@id":"https:\/\/pysslingen.se\/tuvan\/#organization"},"potentialAction":[{"@type":"SearchAction","target":{"@type":"EntryPoint","urlTemplate":"https:\/\/pysslingen.se\/tuvan\/?s={search_term_string}"},"query-input":"required name=search_term_string"}],"inLanguage":"sv-SE"},{"@type":"Organization","@id":"https:\/\/pysslingen.se\/tuvan\/#organization","name":"Pysslingen F\u00f6rskolor","url":"https:\/\/pysslingen.se\/tuvan\/","logo":{"@type":"ImageObject","inLanguage":"sv-SE","@id":"https:\/\/pysslingen.se\/tuvan\/#\/schema\/logo\/image\/","url":"https:\/\/pysslingen.se\/wp-content\/uploads\/2021\/05\/pysslingen-forskolor.png","contentUrl":"https:\/\/pysslingen.se\/wp-content\/uploads\/2021\/05\/pysslingen-forskolor.png","width":1120,"height":630,"caption":"Pysslingen F\u00f6rskolor"},"image":{"@id":"https:\/\/pysslingen.se\/tuvan\/#\/schema\/logo\/image\/"}}]}},"_links":{"self":[{"href":"https:\/\/pysslingen.se\/tuvan\/wp-json\/wp\/v2\/pages\/461"}],"collection":[{"href":"https:\/\/pysslingen.se\/tuvan\/wp-json\/wp\/v2\/pages"}],"about":[{"href":"https:\/\/pysslingen.se\/tuvan\/wp-json\/wp\/v2\/types\/page"}],"author":[{"embeddable":true,"href":"https:\/\/pysslingen.se\/tuvan\/wp-json\/wp\/v2\/users\/3"}],"replies":[{"embeddable":true,"href":"https:\/\/pysslingen.se\/tuvan\/wp-json\/wp\/v2\/comments?post=461"}],"version-history":[{"count":10,"href":"https:\/\/pysslingen.se\/tuvan\/wp-json\/wp\/v2\/pages\/461\/revisions"}],"predecessor-version":[{"id":1553,"href":"https:\/\/pysslingen.se\/tuvan\/wp-json\/wp\/v2\/pages\/461\/revisions\/1553"}],"wp:attachment":[{"href":"https:\/\/pysslingen.se\/tuvan\/wp-json\/wp\/v2\/media?parent=461"}],"curies":[{"name":"wp","href":"https:\/\/api.w.org\/{rel}","templated":true}]}}