{"id":1260,"date":"2020-12-03T13:00:36","date_gmt":"2020-12-03T13:00:36","guid":{"rendered":"https:\/\/pysslingen.se\/stallmastaren\/?post_type=testimonial&#038;p=1260"},"modified":"2025-12-17T09:30:57","modified_gmt":"2025-12-17T08:30:57","slug":"therese-hammar","status":"publish","type":"testimonial","link":"https:\/\/pysslingen.se\/stallmastaren\/intervju\/therese-hammar\/","title":{"rendered":"Therese Hammar"},"content":{"rendered":"<style>\n\t@media only screen and (min-width: 769px) {\n\t\t.testimonial_header_module__image {\n\t\t\tpadding-right: 15px;\n\t\t\tpadding-left: 6px;\n\t\t}\n\n\t\t.testimonial_header_module {\n\t\t\tmargin-bottom: -150px;\n\t\t}\n\t}\n<\/style>\n\n\n<div aria-label=\"testimonial header\"    class=\"testimonial_header_module__data d-none  site__cta-bg--100 \"><\/div>\n<div class=\"testimonial_header_module testimonial_header_module__bg\" >\n\t<div class=\"container\">\n\t\t<div class=\"row\">\n\t\t\t<div class=\"testimonial_header_module__col9\">\n\t\t\t\t<div class=\"testimonial_header_module__text_wrap\">\n\t\t\t\t\t\t\t\t\t\t\t<h1   class=\"site__heading-size-2  site__text-color--light \">\n\t\t\t\t\t\t\tHej Therese!\t\t\t\t\t\t<\/h1>\n\t\t\t\t\t\n\t\t\t\t\t<p   class=\"site__ingress site__free_text--ingress testimonial_header_module__margin_top site__text-color--light \">\n\t\t\t\t\t\tTherese Hammar arbetar som f\u00f6rskoll\u00e4rare p\u00e5 Stallm\u00e4staren sedan 2006. En av de saker hon uppskattar mest \u00e4r den unika n\u00e4rhet som finns mellan barn, pedagoger och f\u00f6r\u00e4ldrar p\u00e5 f\u00f6rskolan.\t\t\t\t\t<\/p>\n\t\t\t\t<\/div>\n\t\t\t<\/div>\n\t\t\t<div class=\"testimonial_header_module__col3\">\n\t\t\t\t<picture   id=\"hero-picture\">\n\t\t\t\t\t<img decoding=\"async\" width=\"640\" height=\"640\" src=\"https:\/\/pysslingen.se\/wp-content\/uploads\/sites\/107\/2020\/12\/intervju-forskollarare-therese-hammar-1024x1024.jpeg\" class=\"testimonial_header_module__image\" alt=\"Portr\u00e4ttbild p\u00e5 medarbetare.\" srcset=\"https:\/\/pysslingen.se\/wp-content\/uploads\/sites\/107\/2020\/12\/intervju-forskollarare-therese-hammar-1024x1024.jpeg 1024w, https:\/\/pysslingen.se\/wp-content\/uploads\/sites\/107\/2020\/12\/intervju-forskollarare-therese-hammar-300x300.jpeg 300w, https:\/\/pysslingen.se\/wp-content\/uploads\/sites\/107\/2020\/12\/intervju-forskollarare-therese-hammar-e1765960250760-150x150.jpeg 150w, https:\/\/pysslingen.se\/wp-content\/uploads\/sites\/107\/2020\/12\/intervju-forskollarare-therese-hammar-768x768.jpeg 768w, https:\/\/pysslingen.se\/wp-content\/uploads\/sites\/107\/2020\/12\/intervju-forskollarare-therese-hammar-1100x1100.jpeg 1100w, https:\/\/pysslingen.se\/wp-content\/uploads\/sites\/107\/2020\/12\/intervju-forskollarare-therese-hammar-670x670.jpeg 670w, https:\/\/pysslingen.se\/wp-content\/uploads\/sites\/107\/2020\/12\/intervju-forskollarare-therese-hammar-100x100.jpeg 100w, https:\/\/pysslingen.se\/wp-content\/uploads\/sites\/107\/2020\/12\/intervju-forskollarare-therese-hammar-e1765960186550-1082x1080.jpeg 1082w\" sizes=\"(max-width: 640px) 100vw, 640px\" \/>\t\t\t\t<\/picture>\n\t\t\t<\/div>\n\t\t<\/div>\n\t<\/div>\n<\/div>\n\n<script>\n\tvar para = document.getElementsByClassName(\"testimonial_header_module__data\")[0]\n\tvar compStyles = window.getComputedStyle(para);\n\tvar bg_color = compStyles.getPropertyValue('background-color')\n\tvar element = document.getElementsByClassName(\"testimonial_header_module__bg\")[0]\n\telement.setAttribute('style', \"background: linear-gradient(to bottom, \"\n\t\t\t+ bg_color + \",\"\n\t\t\t+ bg_color + \" calc(100% - 66px), transparent calc(100% - 66px), transparent);\");\n\n\n<\/script>\n\n\n\n<div class=\"wp-block-columns is-layout-flex wp-container-core-columns-layout-1 wp-block-columns-is-layout-flex\">\n<div class=\"wp-block-column is-layout-flow wp-block-column-is-layout-flow\" style=\"flex-basis:66.66%\"><style>\n@media only screen and (min-width: 600px) {\n\t\t\t.ams-fragor-uwbqacwrjecvniunimaq {\n\t\t\tdisplay:none;\n\t\t}\n\t}\n@media only screen and (max-width: 600px) {\n\t}\n<\/style>\n<div   class=\"ams-fragor  site__cta-bg--100   ams-fragor-uwbqacwrjecvniunimaq\" >\n   \t\t <div   class=\" site__text-color--light  ams-fragor__namn\">\n\t\t\tNamn:\t\t\t<span class=\" \">\n\t\t\t\tTherese Hammar\t\t\t<\/span>\n\t\t<\/div>\n\t\t<div   class=\" site__text-color--light  ams-fragor__utbildning\">\n\t\t\tJobbar som:\t\t\t<span class=\" \">\n\t\t\t\tF\u00f6rskoll\u00e4rare\t\t\t<\/span>\n\t\t<\/div>\n\t\t\t\t\t<ul>\n\t\t\t\t\t<\/ul>\n\t\t\t<\/div>\n<script>\n\tamsFragor = function() {\n\t\tvar w = window.innerWidth;\n\t\tvar siteMain = document.getElementsByClassName(\"site-main\")[0]\n\t\tif(typeof siteMain !== 'undefined'){\n\t\t\tvar testimonial = siteMain.getElementsByClassName(\"testimonial_header_module\")[0]\n\t\t\tif(typeof testimonial !== 'undefined'){\n\t\t\t\tvar amsFragor = document.getElementsByClassName(\"ams-fragor\")\n\t\t\t\tfor(var i = 0; i < amsFragor.length; i++){\n\t\t\t\t\tif(w > 769 ){\n\t\t\t\t\t\tamsFragor[i].setAttribute('style', \"margin-top: 50px\");\n\t\t\t\t\t}else{\n\t\t\t\t\t\tamsFragor[i].setAttribute('style', \"margin-top: 0px\");\n\t\t\t\t\t}\n\t\t\t\t}\n\t\t\t}\n\t\t}\n\t};\n\tamsFragor();\n\twindow.addEventListener(\"resize\", amsFragor);\n<\/script>\n\n\n\n<h2 class=\"wp-block-heading\"><strong>Vad g\u00f6r Stallm\u00e4staren till en s\u00e5 bra plats f\u00f6r v\u00e5ra barn?<\/strong><\/h2>\n\n\n\n<p>\u2012 H\u00e4r finns mycket gl\u00e4dje, entusiasm, nyfikenhet och skapande \u2012 inget \u00e4r om\u00f6jligt! Det \u00e4r ocks\u00e5 en liten f\u00f6rskola d\u00e4r alla k\u00e4nner alla.&nbsp;<\/p>\n\n\n\n<p>\u2012 Vi har en h\u00e4rligt kreativ milj\u00f6 och pedagogerna som jobbar h\u00e4r \u00e4r n\u00e4rvarande och kompetenta. Vi har v\u00e4ldigt roligt h\u00e4r och l\u00e4r oss massor av varandra varje dag.<\/p>\n\n\n\n<h2 class=\"wp-block-heading\"><strong>Vilken \u00e4r din favoritstund p\u00e5 dagen?<\/strong><\/h2>\n\n\n\n<p>\u2012 N\u00e4r vi \u00e4r insugna i n\u00e5got projekt som engagerar alla. N\u00e4r alla \u00e4r absorberade av det vi \u00e4r inne i.&nbsp;<\/p>\n\n\n\n<h2 class=\"wp-block-heading\"><strong>Vad gillar du mest med att vara pedagog p\u00e5 Stallm\u00e4staren?<\/strong><\/h2>\n\n\n\n<p>\u2012 Stallm\u00e4staren \u00e4r speciell. Det finns en unik n\u00e4rhet mellan barn, pedagoger och f\u00f6r\u00e4ldrar. Det \u00e4r familj\u00e4rt. Det finns ett hj\u00e4rta \u00e5t alla.&nbsp;<\/p>\n\n\n\n<h2 class=\"wp-block-heading\"><strong>Vad \u00e4r viktigt f\u00f6r dig i m\u00f6tet med barnens f\u00f6r\u00e4ldrar?<\/strong><\/h2>\n\n\n\n<p>\u2012 Givetvis en professionalitet. Att ha en \u00f6ppen kommunikation, ett stort hj\u00e4rta, medm\u00e4nsklighet.<\/p>\n<\/div>\n\n\n\n<div class=\"wp-block-column is-layout-flow wp-block-column-is-layout-flow\" style=\"flex-basis:33.33%\"><style>\n@media only screen and (min-width: 600px) {\n\t}\n@media only screen and (max-width: 600px) {\n\t\t\t.ams-fragor{\n\t\t\t margin-bottom:40px;\n\t\t}\n\t\t.ams-fragor-qqrwvqymacijbhunwhcl{\n\t\t\tdisplay:none;\n\t\t}\n\t}\n<\/style>\n<div   class=\"ams-fragor  site__cta-bg--100   ams-fragor-qqrwvqymacijbhunwhcl\" >\n   \t\t <div   class=\" site__text-color--light  ams-fragor__namn\">\n\t\t\tNamn:\t\t\t<span class=\" \">\n\t\t\t\tTherese Hammar\t\t\t<\/span>\n\t\t<\/div>\n\t\t<div   class=\" site__text-color--light  ams-fragor__utbildning\">\n\t\t\tJobbar som:\t\t\t<span class=\" \">\n\t\t\t\tF\u00f6rskoll\u00e4rare\t\t\t<\/span>\n\t\t<\/div>\n\t\t\t\t\t<ul>\n\t\t\t\t\t<\/ul>\n\t\t\t<\/div>\n<script>\n\tamsFragor = function() {\n\t\tvar w = window.innerWidth;\n\t\tvar siteMain = document.getElementsByClassName(\"site-main\")[0]\n\t\tif(typeof siteMain !== 'undefined'){\n\t\t\tvar testimonial = siteMain.getElementsByClassName(\"testimonial_header_module\")[0]\n\t\t\tif(typeof testimonial !== 'undefined'){\n\t\t\t\tvar amsFragor = document.getElementsByClassName(\"ams-fragor\")\n\t\t\t\tfor(var i = 0; i < amsFragor.length; i++){\n\t\t\t\t\tif(w > 769 ){\n\t\t\t\t\t\tamsFragor[i].setAttribute('style', \"margin-top: 50px\");\n\t\t\t\t\t}else{\n\t\t\t\t\t\tamsFragor[i].setAttribute('style', \"margin-top: 0px\");\n\t\t\t\t\t}\n\t\t\t\t}\n\t\t\t}\n\t\t}\n\t};\n\tamsFragor();\n\twindow.addEventListener(\"resize\", amsFragor);\n<\/script>\n<\/div>\n<\/div>\n","protected":false},"featured_media":0,"template":"","testimonial_category":[],"yoast_head":"<!-- This site is optimized with the Yoast SEO plugin v22.0 - https:\/\/yoast.com\/wordpress\/plugins\/seo\/ -->\n<title>Tr\u00e4ffa v\u00e5ran pedagog Therese Hammar p\u00e5 Stallm\u00e4staren!<\/title>\n<meta name=\"description\" content=\"En av de saker hon uppskattar mest \u00e4r den unika n\u00e4rhet som finns mellan barn, pedagoger och f\u00f6r\u00e4ldrar p\u00e5 f\u00f6rskolan.\" \/>\n<meta name=\"robots\" content=\"index, follow, max-snippet:-1, max-image-preview:large, max-video-preview:-1\" \/>\n<link rel=\"canonical\" href=\"https:\/\/pysslingen.se\/stallmastaren\/intervju\/therese-hammar\/\" \/>\n<meta property=\"og:locale\" content=\"sv_SE\" \/>\n<meta property=\"og:type\" content=\"article\" \/>\n<meta property=\"og:title\" content=\"Tr\u00e4ffa v\u00e5ran pedagog Therese Hammar p\u00e5 Stallm\u00e4staren!\" \/>\n<meta property=\"og:description\" content=\"En av de saker hon uppskattar mest \u00e4r den unika n\u00e4rhet som finns mellan barn, pedagoger och f\u00f6r\u00e4ldrar p\u00e5 f\u00f6rskolan.\" \/>\n<meta property=\"og:url\" content=\"https:\/\/pysslingen.se\/stallmastaren\/intervju\/therese-hammar\/\" \/>\n<meta property=\"og:site_name\" content=\"Stallm\u00e4staren\" \/>\n<meta property=\"article:modified_time\" content=\"2025-12-17T08:30:57+00:00\" \/>\n<meta name=\"twitter:card\" content=\"summary_large_image\" \/>\n<meta name=\"twitter:title\" content=\"Tr\u00e4ffa v\u00e5ran pedagog Therese Hammar p\u00e5 Stallm\u00e4staren!\" \/>\n<meta name=\"twitter:description\" content=\"En av de saker hon uppskattar mest \u00e4r den unika n\u00e4rhet som finns mellan barn, pedagoger och f\u00f6r\u00e4ldrar p\u00e5 f\u00f6rskolan.\" \/>\n<meta name=\"twitter:image\" content=\"https:\/\/pysslingen.se\/wp-content\/uploads\/sites\/107\/2020\/12\/intervju-forskollarare-therese-hammar-e1765960250760-1082x630.jpeg\" \/>\n<meta name=\"twitter:label1\" content=\"Ber\u00e4knad l\u00e4stid\" \/>\n\t<meta name=\"twitter:data1\" content=\"1 minut\" \/>\n<script type=\"application\/ld+json\" class=\"yoast-schema-graph\">{\"@context\":\"https:\/\/schema.org\",\"@graph\":[{\"@type\":\"WebPage\",\"@id\":\"https:\/\/pysslingen.se\/stallmastaren\/intervju\/therese-hammar\/\",\"url\":\"https:\/\/pysslingen.se\/stallmastaren\/intervju\/therese-hammar\/\",\"name\":\"Tr\u00e4ffa v\u00e5ran pedagog Therese Hammar p\u00e5 Stallm\u00e4staren!\",\"isPartOf\":{\"@id\":\"https:\/\/pysslingen.se\/stallmastaren\/#website\"},\"datePublished\":\"2020-12-03T13:00:36+00:00\",\"dateModified\":\"2025-12-17T08:30:57+00:00\",\"description\":\"En av de saker hon uppskattar mest \u00e4r den unika n\u00e4rhet som finns mellan barn, pedagoger och f\u00f6r\u00e4ldrar p\u00e5 f\u00f6rskolan.\",\"breadcrumb\":{\"@id\":\"https:\/\/pysslingen.se\/stallmastaren\/intervju\/therese-hammar\/#breadcrumb\"},\"inLanguage\":\"sv-SE\",\"potentialAction\":[{\"@type\":\"ReadAction\",\"target\":[\"https:\/\/pysslingen.se\/stallmastaren\/intervju\/therese-hammar\/\"]}]},{\"@type\":\"BreadcrumbList\",\"@id\":\"https:\/\/pysslingen.se\/stallmastaren\/intervju\/therese-hammar\/#breadcrumb\",\"itemListElement\":[{\"@type\":\"ListItem\",\"position\":1,\"name\":\"Start\",\"item\":\"https:\/\/pysslingen.se\/stallmastaren\"},{\"@type\":\"ListItem\",\"position\":2,\"name\":\"Intervju\"}]},{\"@type\":\"WebSite\",\"@id\":\"https:\/\/pysslingen.se\/stallmastaren\/#website\",\"url\":\"https:\/\/pysslingen.se\/stallmastaren\/\",\"name\":\"Stallm\u00e4staren\",\"description\":\"En trygg och stimulerande v\u00e4rld\",\"publisher\":{\"@id\":\"https:\/\/pysslingen.se\/stallmastaren\/#organization\"},\"potentialAction\":[{\"@type\":\"SearchAction\",\"target\":{\"@type\":\"EntryPoint\",\"urlTemplate\":\"https:\/\/pysslingen.se\/stallmastaren\/?s={search_term_string}\"},\"query-input\":\"required name=search_term_string\"}],\"inLanguage\":\"sv-SE\"},{\"@type\":\"Organization\",\"@id\":\"https:\/\/pysslingen.se\/stallmastaren\/#organization\",\"name\":\"Pysslingen F\u00f6rskolor\",\"url\":\"https:\/\/pysslingen.se\/stallmastaren\/\",\"logo\":{\"@type\":\"ImageObject\",\"inLanguage\":\"sv-SE\",\"@id\":\"https:\/\/pysslingen.se\/stallmastaren\/#\/schema\/logo\/image\/\",\"url\":\"https:\/\/pysslingen.se\/wp-content\/uploads\/2021\/05\/pysslingen-forskolor.png\",\"contentUrl\":\"https:\/\/pysslingen.se\/wp-content\/uploads\/2021\/05\/pysslingen-forskolor.png\",\"width\":1120,\"height\":630,\"caption\":\"Pysslingen F\u00f6rskolor\"},\"image\":{\"@id\":\"https:\/\/pysslingen.se\/stallmastaren\/#\/schema\/logo\/image\/\"}}]}<\/script>\n<!-- \/ Yoast SEO plugin. -->","yoast_head_json":{"title":"Tr\u00e4ffa v\u00e5ran pedagog Therese Hammar p\u00e5 Stallm\u00e4staren!","description":"En av de saker hon uppskattar mest \u00e4r den unika n\u00e4rhet som finns mellan barn, pedagoger och f\u00f6r\u00e4ldrar p\u00e5 f\u00f6rskolan.","robots":{"index":"index","follow":"follow","max-snippet":"max-snippet:-1","max-image-preview":"max-image-preview:large","max-video-preview":"max-video-preview:-1"},"canonical":"https:\/\/pysslingen.se\/stallmastaren\/intervju\/therese-hammar\/","og_locale":"sv_SE","og_type":"article","og_title":"Tr\u00e4ffa v\u00e5ran pedagog Therese Hammar p\u00e5 Stallm\u00e4staren!","og_description":"En av de saker hon uppskattar mest \u00e4r den unika n\u00e4rhet som finns mellan barn, pedagoger och f\u00f6r\u00e4ldrar p\u00e5 f\u00f6rskolan.","og_url":"https:\/\/pysslingen.se\/stallmastaren\/intervju\/therese-hammar\/","og_site_name":"Stallm\u00e4staren","article_modified_time":"2025-12-17T08:30:57+00:00","twitter_card":"summary_large_image","twitter_title":"Tr\u00e4ffa v\u00e5ran pedagog Therese Hammar p\u00e5 Stallm\u00e4staren!","twitter_description":"En av de saker hon uppskattar mest \u00e4r den unika n\u00e4rhet som finns mellan barn, pedagoger och f\u00f6r\u00e4ldrar p\u00e5 f\u00f6rskolan.","twitter_image":"https:\/\/pysslingen.se\/wp-content\/uploads\/sites\/107\/2020\/12\/intervju-forskollarare-therese-hammar-e1765960250760-1082x630.jpeg","twitter_misc":{"Ber\u00e4knad l\u00e4stid":"1 minut"},"schema":{"@context":"https:\/\/schema.org","@graph":[{"@type":"WebPage","@id":"https:\/\/pysslingen.se\/stallmastaren\/intervju\/therese-hammar\/","url":"https:\/\/pysslingen.se\/stallmastaren\/intervju\/therese-hammar\/","name":"Tr\u00e4ffa v\u00e5ran pedagog Therese Hammar p\u00e5 Stallm\u00e4staren!","isPartOf":{"@id":"https:\/\/pysslingen.se\/stallmastaren\/#website"},"datePublished":"2020-12-03T13:00:36+00:00","dateModified":"2025-12-17T08:30:57+00:00","description":"En av de saker hon uppskattar mest \u00e4r den unika n\u00e4rhet som finns mellan barn, pedagoger och f\u00f6r\u00e4ldrar p\u00e5 f\u00f6rskolan.","breadcrumb":{"@id":"https:\/\/pysslingen.se\/stallmastaren\/intervju\/therese-hammar\/#breadcrumb"},"inLanguage":"sv-SE","potentialAction":[{"@type":"ReadAction","target":["https:\/\/pysslingen.se\/stallmastaren\/intervju\/therese-hammar\/"]}]},{"@type":"BreadcrumbList","@id":"https:\/\/pysslingen.se\/stallmastaren\/intervju\/therese-hammar\/#breadcrumb","itemListElement":[{"@type":"ListItem","position":1,"name":"Start","item":"https:\/\/pysslingen.se\/stallmastaren"},{"@type":"ListItem","position":2,"name":"Intervju"}]},{"@type":"WebSite","@id":"https:\/\/pysslingen.se\/stallmastaren\/#website","url":"https:\/\/pysslingen.se\/stallmastaren\/","name":"Stallm\u00e4staren","description":"En trygg och stimulerande v\u00e4rld","publisher":{"@id":"https:\/\/pysslingen.se\/stallmastaren\/#organization"},"potentialAction":[{"@type":"SearchAction","target":{"@type":"EntryPoint","urlTemplate":"https:\/\/pysslingen.se\/stallmastaren\/?s={search_term_string}"},"query-input":"required name=search_term_string"}],"inLanguage":"sv-SE"},{"@type":"Organization","@id":"https:\/\/pysslingen.se\/stallmastaren\/#organization","name":"Pysslingen F\u00f6rskolor","url":"https:\/\/pysslingen.se\/stallmastaren\/","logo":{"@type":"ImageObject","inLanguage":"sv-SE","@id":"https:\/\/pysslingen.se\/stallmastaren\/#\/schema\/logo\/image\/","url":"https:\/\/pysslingen.se\/wp-content\/uploads\/2021\/05\/pysslingen-forskolor.png","contentUrl":"https:\/\/pysslingen.se\/wp-content\/uploads\/2021\/05\/pysslingen-forskolor.png","width":1120,"height":630,"caption":"Pysslingen F\u00f6rskolor"},"image":{"@id":"https:\/\/pysslingen.se\/stallmastaren\/#\/schema\/logo\/image\/"}}]}},"_links":{"self":[{"href":"https:\/\/pysslingen.se\/stallmastaren\/wp-json\/wp\/v2\/testimonial\/1260"}],"collection":[{"href":"https:\/\/pysslingen.se\/stallmastaren\/wp-json\/wp\/v2\/testimonial"}],"about":[{"href":"https:\/\/pysslingen.se\/stallmastaren\/wp-json\/wp\/v2\/types\/testimonial"}],"wp:attachment":[{"href":"https:\/\/pysslingen.se\/stallmastaren\/wp-json\/wp\/v2\/media?parent=1260"}],"wp:term":[{"taxonomy":"testimonial_category","embeddable":true,"href":"https:\/\/pysslingen.se\/stallmastaren\/wp-json\/wp\/v2\/testimonial_category?post=1260"}],"curies":[{"name":"wp","href":"https:\/\/api.w.org\/{rel}","templated":true}]}}