{"id":461,"date":"2020-10-16T12:33:05","date_gmt":"2020-10-16T12:33:05","guid":{"rendered":"https:\/\/pysslingen.se\/solrosen\/?page_id=461"},"modified":"2025-08-28T16:05:22","modified_gmt":"2025-08-28T14:05:22","slug":"besok-oss","status":"publish","type":"page","link":"https:\/\/pysslingen.se\/solrosen\/besok-oss\/","title":{"rendered":"Bes\u00f6k oss"},"content":{"rendered":"\n\t\n\t\n\t\n\n\t\n\t\n\t\t\n<section  class=\"c-block l-stacked  \" data-color-scheme=\"\">\n\t<div class=\"ams-fifty ams-fifty--container ams-fifty--right ams-fifty--bottom l-container u-pt-fluid-3xl-6xl u-pb-fluid-md-xl\">\n\t\t<div class=\"ams-fifty__content l-stack l-stack-xl is-left is-left@lg\">\n\t\t\t<div class=\"ams-fifty__text l-stack l-stack-lg\">\n\t\t\t\t\t\n\t<h1\n\tclass=\"c-heading u-font-title-1 \"\n\tstyle=\"\">\n\t\t\n\t\t\t\t\tBes\u00f6k oss p\u00e5 Solrosen!\n\t\t\t\t\n\t<\/h1>\n\n\t\t\t\t\t\t\t\t\t<div class=\"text l-stack u-font-body\">\n\t\t\t\t\t\t<p>F\u00f6rsta m\u00e5ndagen i varje m\u00e5nad har vi visning av f\u00f6rskolan. Om datumet inte passar g\u00e5r det bra att h\u00f6ra av sig s\u00e5 kan vi erbjuda en annan tid. Vi ser fram emot att tr\u00e4ffa dig\/er!<\/p>\n<p>Under visningen f\u00e5r du m\u00f6jlighet att h\u00f6ra mer om v\u00e5r verksamhet och kan passa p\u00e5 att fr\u00e5ga om s\u00e5dant du undrar \u00f6ver. Vi visar dig runt p\u00e5 alla v\u00e5ra avdelningar, ber\u00e4ttar om v\u00e5ra arbetss\u00e4tt samt hur v\u00e5ra rutiner ser ut.<\/p>\n<p>Anm\u00e4lan g\u00f6rs till v\u00e5r samordnare Stina. Har du fr\u00e5gor om lediga platser och k\u00f6? Kontakta g\u00e4rna oss!<\/p>\n\n\t\t\t\t\t<\/div>\n\t\t\t\t\t\t\t<\/div>\n\n\t\t\t\t<div class=\"ams-fifty__action u-inline-items\">\n\t\t\t\t\t\t\t\n\n\n<a href=\"https:\/\/pysslingen.se\/solrosen\/besok-oss\/#kontakt\"\n\t\n\tclass=\"c-btn \"\n\tdata-style=\"rounded\"\n\tdata-size=\"md\"\n\tdata-width=\"full-mobile\"\n\tdata-variant=\"default\"\n\ttarget=\"_self\">\n\t\t\t<span class=\"label\"> Boka visning<\/span>\n\t\t\t<\/a>\n\t\t\t\t\t\t\t\n\n\n<a href=\"https:\/\/pysslingen.se\/solrosen\/kontakt\"\n\t\n\tclass=\"c-btn \"\n\tdata-style=\"rounded\"\n\tdata-size=\"md\"\n\tdata-width=\"full-mobile\"\n\tdata-variant=\"default\"\n\ttarget=\"_self\">\n\t\t\t<span class=\"label\"> Kontakta oss<\/span>\n\t\t\t<\/a>\n\t\t\t<\/div>\n\t\t<\/div>\n\n\t\t <div class=\"ams-fifty__media u-ratio-landscape\">\n\t\t \t\t\t\t\t<img decoding=\"async\" width=\"600\" height=\"400\" src=\"https:\/\/pysslingen.se\/wp-content\/uploads\/sites\/68\/2020\/11\/kvinnlig-pedagod-m-fleece-2.jpg\" class=\"attachment-md size-md\" alt=\"Pedagog lyssnar p\u00e5 ett barn p\u00e5 f\u00f6rskolan\" sizes=\"(min-width: 64em) 600px, calc(100vw - 160px)\" srcset=\"https:\/\/pysslingen.se\/wp-content\/uploads\/sites\/68\/2020\/11\/kvinnlig-pedagod-m-fleece-2.jpg 612w, https:\/\/pysslingen.se\/wp-content\/uploads\/sites\/68\/2020\/11\/kvinnlig-pedagod-m-fleece-2-300x200.jpg 300w\" \/>\n\t\t\t\n\t\t\t\n\t\t\t\t\t<\/div>\n\t<\/div>\n\n\t\t\n\n<\/section>\n\n\n\n\t\n\t\n\t\n\n\t\n\t\n\t\t\n<section  class=\"c-block l-stacked  \" data-color-scheme=\"nyans2_av_p2-card-bakgrund-hover-standard_standard\">\n\t<div class=\"ams-fifty ams-fifty--container ams-fifty--left ams-fifty--bottom l-container u-pt-fluid-md-xl u-pb-fluid-md-xl\">\n\t\t<div class=\"ams-fifty__content l-stack l-stack-xl is-left is-left@lg\">\n\t\t\t<div class=\"ams-fifty__text l-stack l-stack-lg\">\n\t\t\t\t\t\n\t<h2\n\tclass=\"c-heading u-font-title-1 \"\n\tstyle=\"\">\n\t\t\n\t\t\t\t\tVad inneb\u00e4r en visning?\n\t\t\t\t\n\t<\/h2>\n\n\t\t\t\t\t\t\t\t\t<div class=\"text l-stack u-font-body\">\n\t\t\t\t\t\t<p>Under visningen visar en samordnare runt dig i v\u00e5ra lokaler och ber\u00e4ttar hur vi arbetar f\u00f6r att skapa en trygg och l\u00e4rorik vardag f\u00f6r v\u00e5ra barn.<\/p>\n<p><strong>Tre anledningar att boka en visning av f\u00f6rskolan:<\/strong><br \/>\n&#8211; F\u00e5 en k\u00e4nsla f\u00f6r v\u00e5ra lokaler och milj\u00f6n p\u00e5 f\u00f6rskolan<br \/>\n&#8211; St\u00e4ll dina fr\u00e5gor direkt till en pedagog<br \/>\n&#8211; Se hur vi jobbar med trygghet och l\u00e4rande fr\u00e5n introduktionen till sista \u00e5ret p\u00e5 f\u00f6rskolan.<\/p>\n\n\t\t\t\t\t<\/div>\n\t\t\t\t\t\t\t<\/div>\n\n\t\t\t\t\t<\/div>\n\n\t\t <div class=\"ams-fifty__media u-ratio-landscape\">\n\t\t \t\t\t\t\t<img decoding=\"async\" width=\"600\" height=\"400\" src=\"https:\/\/pysslingen.se\/wp-content\/uploads\/sites\/68\/2020\/11\/natur-flicka-3.jpg\" class=\"attachment-md size-md\" alt=\"Flicka vattnar plantor\" sizes=\"(min-width: 64em) 600px, calc(100vw - 160px)\" srcset=\"https:\/\/pysslingen.se\/wp-content\/uploads\/sites\/68\/2020\/11\/natur-flicka-3.jpg 1000w, https:\/\/pysslingen.se\/wp-content\/uploads\/sites\/68\/2020\/11\/natur-flicka-3-300x200.jpg 300w, https:\/\/pysslingen.se\/wp-content\/uploads\/sites\/68\/2020\/11\/natur-flicka-3-768x512.jpg 768w\" \/>\n\t\t\t\n\t\t\t\n\t\t\t\t\t<\/div>\n\t<\/div>\n\n\t\t\n\n<\/section>\n\n\n\n<section id=kontakt\n\t\t class=\"\n\t\t ams-contact\n\t\t \n\t\t c-block l-stacked\n\t\t \n\t\t \n\t\t js-load-more\n\t\t \"\n\t\t data-color-scheme=\"\"\n\t\t\t\t\tdata-count=\"3\"\n\t\t\t\t\t\t\tdata-count-mobile=\"2\"\n\t\t\t\t>\n\t<div\n\t\t class=\"\n\t\t l-container\n\t\t l-stack l-stack-fluid-2xl\n\t\t u-pt-fluid-3xl-6xl\n\t\t u-pb-fluid-3xl-6xl\n\t\t is-center\n\t\t is-center@md\n\t\t \">\n\t\t\t\t\t<div class=\"ams-contact__intro l-stack l-stack-lg\">\n\t\t\t\t\t\n\t<h2\n\tclass=\"c-heading u-font-title-1 \"\n\tstyle=\"\">\n\t\t\n\t\t\t\t\tBoka visning: \n\t\t\t\t\n\t<\/h2>\n\n\t\t\t\t\t\t\t\t\t<div class=\"c-text l-stack u-cs-xl u-font-body\">\n\t\t\t\t\t\t<p>Har du n\u00e5gra fr\u00e5gor om verksamheten \u00e4r du v\u00e4lkommen att kontakta v\u00e5r samordnare.<\/p>\n\n\t\t\t\t\t<\/div>\n\t\t\t\t\t\t\t<\/div>\n\t\t\n\t\t\n\t\t    \t\n\t\t\n\t\t<ul\n\t\t\tid=\"contact-grid-69f27d720a98e\"\n\t\t\tclass=\"ams-contact__list l-grid u-gap-fluid-2xl-4xl u-justify-center js-results \"\n\t\t\taria-label=\"Kontakter\"\n\t\t\tdata-filter-animation=\"off\"\n\t\t\t>\n\t\t\t\t\t\t\t\t\t\t\t\n\t\t\t\t\n\t\t\t\t<li class=\"l-col-6@md l-col-4@lg \" data-filter=\"samordnare\">\n\t\t\t\t\t<article class=\"c-card \" data-variant=\"neutral\">\n\t\t\t\t\t\t<div class=\"c-card__content u-text-center\">\n\t\t\t\t\t\t\t\t\t\t\t\t\t\t\t<h3 class=\"c-card__title u-font-title-3\">\n\t\t\t\t\t\t\t\t\tSara Lehtonen\n\t\t\t\t\t\t\t\t<\/h3>\n\t\t\t\t\t\t\t\n\t\t\t\t\t\t\t\t\t\t\t\t\t\t\t<p class=\"position u-font-body\">Samordnare<\/p>\n\t\t\t\t\t\t\t\n\t\t\t\t\t\t\t\t\t\t\t\t\t\t\t<div class=\"contact-info u-font-body\">\n\t\t\t\t\t\t\t\t\t\t\t\t\t\t\t\t\t\t\t\t\t\t\t\t\t\t\t\t\t\t<p class=\"phone\"><a\n\t\t\t\t\t\t\t\t\t\t\t\t\thref=\"tel:0725271435\"\n\t\t\t\t\t\t\t\t\t\t\t\t\tclass=\"u-text-link\">072-527 14 35<\/a>\n\t\t\t\t\t\t\t\t\t\t\t<\/p>\n\t\t\t\t\t\t\t\t\t\t\t\t\t\t\t\t\t\t\t\n\t\t\t\t\t\t\t\t\t\t\t\t\t\t\t\t\t\t\t\t\t\t\t\t\t\t\t\t\t\t<p class=\"email\"><a\n\t\t\t\t\t\t\t\t\t\t\t\t\thref=\"&#109;ailt&#111;:&#115;a&#114;&#097;.&#108;eh&#116;&#111;&#110;en&#064;p&#121;&#115;&#115;lin&#103;e&#110;.&#115;&#101;\"\n\t\t\t\t\t\t\t\t\t\t\t\t\tclass=\"u-text-link\">sar&#097;&#046;&#108;&#101;&#104;t&#111;&#110;e&#110;&#064;&#112;&#121;&#115;s&#108;&#105;n&#103;e&#110;.s&#101;<\/a>\n\t\t\t\t\t\t\t\t\t\t\t<\/p>\n\t\t\t\t\t\t\t\t\t\t\t\t\t\t\t\t\t\t\t\t\t\t\t\t\t\t\t<\/div>\n\t\t\t\t\t\t\t\n\t\t\t\t\t\t\t\t\t\t\t\t\t<\/div>\n\t\t\t\t\t\t<div class=\"c-card__media\">\n\t\t\t\t\t\t\t\t\t\t\t\t\t\t\t\t\t\t\t\t\t\t\t\t\t\t\t\t\t\t\t\t\t\t\t\t\t\t\t\t\t\t\t\t\t\t\t\t\t<img decoding=\"async\" width=\"360\" height=\"360\" src=\"https:\/\/pysslingen.se\/wp-content\/uploads\/sites\/68\/2020\/10\/pysslingen-facebook-360x360px.png\" class=\"u-radius-rounded u-ratio-landscape  \" alt=\"P som i Pysslingen\" sizes=\"(max-width: 300px) 100vw, 300px\" srcset=\"https:\/\/pysslingen.se\/wp-content\/uploads\/sites\/68\/2020\/10\/pysslingen-facebook-360x360px.png 360w, https:\/\/pysslingen.se\/wp-content\/uploads\/sites\/68\/2020\/10\/pysslingen-facebook-360x360px-300x300.png 300w, https:\/\/pysslingen.se\/wp-content\/uploads\/sites\/68\/2020\/10\/pysslingen-facebook-360x360px-150x150.png 150w, https:\/\/pysslingen.se\/wp-content\/uploads\/sites\/68\/2020\/10\/pysslingen-facebook-360x360px-100x100.png 100w\" \/>\n\t\t\t\t\t\t<\/div>\n\t\t\t\t\t<\/article>\n\t\t\t\t<\/li>\n\t\t\t\t\t\t\t\t\t\t\t\n\t\t\t\t\n\t\t\t\t<li class=\"l-col-6@md l-col-4@lg \" data-filter=\"samordnare\">\n\t\t\t\t\t<article class=\"c-card \" data-variant=\"neutral\">\n\t\t\t\t\t\t<div class=\"c-card__content u-text-center\">\n\t\t\t\t\t\t\t\t\t\t\t\t\t\t\t<h3 class=\"c-card__title u-font-title-3\">\n\t\t\t\t\t\t\t\t\tStina Andersson\n\t\t\t\t\t\t\t\t<\/h3>\n\t\t\t\t\t\t\t\n\t\t\t\t\t\t\t\t\t\t\t\t\t\t\t<p class=\"position u-font-body\">Samordnare<\/p>\n\t\t\t\t\t\t\t\n\t\t\t\t\t\t\t\t\t\t\t\t\t\t\t<div class=\"contact-info u-font-body\">\n\t\t\t\t\t\t\t\t\t\t\t\t\t\t\t\t\t\t\t\t\t\t\t\t\t\t\t\t\t\t<p class=\"phone\"><a\n\t\t\t\t\t\t\t\t\t\t\t\t\thref=\"tel:0705942148\"\n\t\t\t\t\t\t\t\t\t\t\t\t\tclass=\"u-text-link\">070-594 21 48<\/a>\n\t\t\t\t\t\t\t\t\t\t\t<\/p>\n\t\t\t\t\t\t\t\t\t\t\t\t\t\t\t\t\t\t\t\n\t\t\t\t\t\t\t\t\t\t\t\t\t\t\t\t\t\t\t\t\t\t\t\t\t\t\t\t\t\t<p class=\"email\"><a\n\t\t\t\t\t\t\t\t\t\t\t\t\thref=\"&#109;ail&#116;o:sti&#110;a.an&#100;&#101;&#114;ss&#111;n&#064;&#112;yssl&#105;&#110;g&#101;n.se\"\n\t\t\t\t\t\t\t\t\t\t\t\t\tclass=\"u-text-link\">&#115;&#116;ina.&#097;nd&#101;r&#115;&#115;&#111;&#110;&#064;p&#121;s&#115;li&#110;&#103;&#101;n.s&#101;<\/a>\n\t\t\t\t\t\t\t\t\t\t\t<\/p>\n\t\t\t\t\t\t\t\t\t\t\t\t\t\t\t\t\t\t\t\t\t\t\t\t\t\t\t<\/div>\n\t\t\t\t\t\t\t\n\t\t\t\t\t\t\t\t\t\t\t\t\t<\/div>\n\t\t\t\t\t\t<div class=\"c-card__media\">\n\t\t\t\t\t\t\t\t\t\t\t\t\t\t\t\t\t\t\t\t\t\t\t\t\t\t\t\t\t\t\t\t\t\t\t\t\t\t\t\t\t\t\t\t\t\t\t\t\t<img decoding=\"async\" width=\"366\" height=\"512\" src=\"https:\/\/pysslingen.se\/wp-content\/uploads\/sites\/68\/2023\/03\/stina-bild1.png\" class=\"u-radius-rounded u-ratio-landscape  \" alt=\"Portr\u00e4ttbild p\u00e5 medarbetare.\" sizes=\"(max-width: 300px) 100vw, 300px\" srcset=\"https:\/\/pysslingen.se\/wp-content\/uploads\/sites\/68\/2023\/03\/stina-bild1.png 366w, https:\/\/pysslingen.se\/wp-content\/uploads\/sites\/68\/2023\/03\/stina-bild1-214x300.png 214w, https:\/\/pysslingen.se\/wp-content\/uploads\/sites\/68\/2023\/03\/stina-bild1-164x229.png 164w, https:\/\/pysslingen.se\/wp-content\/uploads\/sites\/68\/2023\/03\/stina-bild1-340x476.png 340w\" \/>\n\t\t\t\t\t\t<\/div>\n\t\t\t\t\t<\/article>\n\t\t\t\t<\/li>\n\t\t\t\t\t<\/ul>\n\n\t\t\n\t\t    <div class=\"ams-contact__more u-inline-items js-load-more-btn\">\n        <button href=\"#\"\n                class=\"c-btn\"\n                data-style=\"rounded\"\n                data-size=\"md\"\n                data-width=\"full-mobile\"\n                data-variant=\"outline\">\n        \tVisa mer\n        <\/button>\n    <\/div>\n\n\t\t\t<\/div>\n\n\t\t\n\n<\/section>\n","protected":false},"excerpt":{"rendered":"","protected":false},"author":3,"featured_media":0,"parent":0,"menu_order":0,"comment_status":"closed","ping_status":"closed","template":"","meta":{"footnotes":""},"yoast_head":"<!-- This site is optimized with the Yoast SEO plugin v22.0 - https:\/\/yoast.com\/wordpress\/plugins\/seo\/ -->\n<title>V\u00e4lkommen att bes\u00f6ka oss p\u00e5 f\u00f6rskolan Solrosen!<\/title>\n<meta name=\"description\" content=\"V\u00e4lkommen att bes\u00f6ka oss p\u00e5 f\u00f6rskolan Solrosen! Kontakta oss f\u00f6r att komma p\u00e5 visning, uppleva v\u00e5r milj\u00f6 och tr\u00e4ffa v\u00e5ra pedagoger. L\u00e4s mer!\" \/>\n<meta name=\"robots\" content=\"index, follow, max-snippet:-1, max-image-preview:large, max-video-preview:-1\" \/>\n<link rel=\"canonical\" href=\"https:\/\/pysslingen.se\/solrosen\/besok-oss\/\" \/>\n<meta property=\"og:locale\" content=\"sv_SE\" \/>\n<meta property=\"og:type\" content=\"article\" \/>\n<meta property=\"og:title\" content=\"V\u00e4lkommen att bes\u00f6ka oss p\u00e5 f\u00f6rskolan Solrosen!\" \/>\n<meta property=\"og:description\" content=\"V\u00e4lkommen att bes\u00f6ka oss p\u00e5 f\u00f6rskolan Solrosen! Kontakta oss f\u00f6r att komma p\u00e5 visning, uppleva v\u00e5r milj\u00f6 och tr\u00e4ffa v\u00e5ra pedagoger. L\u00e4s mer!\" \/>\n<meta property=\"og:url\" content=\"https:\/\/pysslingen.se\/solrosen\/besok-oss\/\" \/>\n<meta property=\"og:site_name\" content=\"Solrosen\" \/>\n<meta property=\"article:modified_time\" content=\"2025-08-28T14:05:22+00:00\" \/>\n<meta name=\"twitter:card\" content=\"summary_large_image\" \/>\n<meta name=\"twitter:title\" content=\"V\u00e4lkommen att bes\u00f6ka oss p\u00e5 f\u00f6rskolan Solrosen!\" \/>\n<meta name=\"twitter:description\" content=\"V\u00e4lkommen att bes\u00f6ka oss p\u00e5 f\u00f6rskolan Solrosen! Kontakta oss f\u00f6r att komma p\u00e5 visning, uppleva v\u00e5r milj\u00f6 och tr\u00e4ffa v\u00e5ra pedagoger. L\u00e4s mer!\" \/>\n<script type=\"application\/ld+json\" class=\"yoast-schema-graph\">{\"@context\":\"https:\/\/schema.org\",\"@graph\":[{\"@type\":\"WebPage\",\"@id\":\"https:\/\/pysslingen.se\/solrosen\/besok-oss\/\",\"url\":\"https:\/\/pysslingen.se\/solrosen\/besok-oss\/\",\"name\":\"V\u00e4lkommen att bes\u00f6ka oss p\u00e5 f\u00f6rskolan Solrosen!\",\"isPartOf\":{\"@id\":\"https:\/\/pysslingen.se\/solrosen\/#website\"},\"datePublished\":\"2020-10-16T12:33:05+00:00\",\"dateModified\":\"2025-08-28T14:05:22+00:00\",\"description\":\"V\u00e4lkommen att bes\u00f6ka oss p\u00e5 f\u00f6rskolan Solrosen! Kontakta oss f\u00f6r att komma p\u00e5 visning, uppleva v\u00e5r milj\u00f6 och tr\u00e4ffa v\u00e5ra pedagoger. L\u00e4s mer!\",\"breadcrumb\":{\"@id\":\"https:\/\/pysslingen.se\/solrosen\/besok-oss\/#breadcrumb\"},\"inLanguage\":\"sv-SE\",\"potentialAction\":[{\"@type\":\"ReadAction\",\"target\":[\"https:\/\/pysslingen.se\/solrosen\/besok-oss\/\"]}]},{\"@type\":\"BreadcrumbList\",\"@id\":\"https:\/\/pysslingen.se\/solrosen\/besok-oss\/#breadcrumb\",\"itemListElement\":[{\"@type\":\"ListItem\",\"position\":1,\"name\":\"Start\",\"item\":\"https:\/\/pysslingen.se\/solrosen\/\"},{\"@type\":\"ListItem\",\"position\":2,\"name\":\"Bes\u00f6k oss\"}]},{\"@type\":\"WebSite\",\"@id\":\"https:\/\/pysslingen.se\/solrosen\/#website\",\"url\":\"https:\/\/pysslingen.se\/solrosen\/\",\"name\":\"Solrosen\",\"description\":\"En trygg och stimulerande v\u00e4rld\",\"publisher\":{\"@id\":\"https:\/\/pysslingen.se\/solrosen\/#organization\"},\"potentialAction\":[{\"@type\":\"SearchAction\",\"target\":{\"@type\":\"EntryPoint\",\"urlTemplate\":\"https:\/\/pysslingen.se\/solrosen\/?s={search_term_string}\"},\"query-input\":\"required name=search_term_string\"}],\"inLanguage\":\"sv-SE\"},{\"@type\":\"Organization\",\"@id\":\"https:\/\/pysslingen.se\/solrosen\/#organization\",\"name\":\"Pysslingen F\u00f6rskolor\",\"url\":\"https:\/\/pysslingen.se\/solrosen\/\",\"logo\":{\"@type\":\"ImageObject\",\"inLanguage\":\"sv-SE\",\"@id\":\"https:\/\/pysslingen.se\/solrosen\/#\/schema\/logo\/image\/\",\"url\":\"https:\/\/pysslingen.se\/wp-content\/uploads\/2021\/05\/pysslingen-forskolor.png\",\"contentUrl\":\"https:\/\/pysslingen.se\/wp-content\/uploads\/2021\/05\/pysslingen-forskolor.png\",\"width\":1120,\"height\":630,\"caption\":\"Pysslingen F\u00f6rskolor\"},\"image\":{\"@id\":\"https:\/\/pysslingen.se\/solrosen\/#\/schema\/logo\/image\/\"}}]}<\/script>\n<!-- \/ Yoast SEO plugin. -->","yoast_head_json":{"title":"V\u00e4lkommen att bes\u00f6ka oss p\u00e5 f\u00f6rskolan Solrosen!","description":"V\u00e4lkommen att bes\u00f6ka oss p\u00e5 f\u00f6rskolan Solrosen! Kontakta oss f\u00f6r att komma p\u00e5 visning, uppleva v\u00e5r milj\u00f6 och tr\u00e4ffa v\u00e5ra pedagoger. L\u00e4s mer!","robots":{"index":"index","follow":"follow","max-snippet":"max-snippet:-1","max-image-preview":"max-image-preview:large","max-video-preview":"max-video-preview:-1"},"canonical":"https:\/\/pysslingen.se\/solrosen\/besok-oss\/","og_locale":"sv_SE","og_type":"article","og_title":"V\u00e4lkommen att bes\u00f6ka oss p\u00e5 f\u00f6rskolan Solrosen!","og_description":"V\u00e4lkommen att bes\u00f6ka oss p\u00e5 f\u00f6rskolan Solrosen! Kontakta oss f\u00f6r att komma p\u00e5 visning, uppleva v\u00e5r milj\u00f6 och tr\u00e4ffa v\u00e5ra pedagoger. L\u00e4s mer!","og_url":"https:\/\/pysslingen.se\/solrosen\/besok-oss\/","og_site_name":"Solrosen","article_modified_time":"2025-08-28T14:05:22+00:00","twitter_card":"summary_large_image","twitter_title":"V\u00e4lkommen att bes\u00f6ka oss p\u00e5 f\u00f6rskolan Solrosen!","twitter_description":"V\u00e4lkommen att bes\u00f6ka oss p\u00e5 f\u00f6rskolan Solrosen! Kontakta oss f\u00f6r att komma p\u00e5 visning, uppleva v\u00e5r milj\u00f6 och tr\u00e4ffa v\u00e5ra pedagoger. L\u00e4s mer!","schema":{"@context":"https:\/\/schema.org","@graph":[{"@type":"WebPage","@id":"https:\/\/pysslingen.se\/solrosen\/besok-oss\/","url":"https:\/\/pysslingen.se\/solrosen\/besok-oss\/","name":"V\u00e4lkommen att bes\u00f6ka oss p\u00e5 f\u00f6rskolan Solrosen!","isPartOf":{"@id":"https:\/\/pysslingen.se\/solrosen\/#website"},"datePublished":"2020-10-16T12:33:05+00:00","dateModified":"2025-08-28T14:05:22+00:00","description":"V\u00e4lkommen att bes\u00f6ka oss p\u00e5 f\u00f6rskolan Solrosen! Kontakta oss f\u00f6r att komma p\u00e5 visning, uppleva v\u00e5r milj\u00f6 och tr\u00e4ffa v\u00e5ra pedagoger. L\u00e4s mer!","breadcrumb":{"@id":"https:\/\/pysslingen.se\/solrosen\/besok-oss\/#breadcrumb"},"inLanguage":"sv-SE","potentialAction":[{"@type":"ReadAction","target":["https:\/\/pysslingen.se\/solrosen\/besok-oss\/"]}]},{"@type":"BreadcrumbList","@id":"https:\/\/pysslingen.se\/solrosen\/besok-oss\/#breadcrumb","itemListElement":[{"@type":"ListItem","position":1,"name":"Start","item":"https:\/\/pysslingen.se\/solrosen\/"},{"@type":"ListItem","position":2,"name":"Bes\u00f6k oss"}]},{"@type":"WebSite","@id":"https:\/\/pysslingen.se\/solrosen\/#website","url":"https:\/\/pysslingen.se\/solrosen\/","name":"Solrosen","description":"En trygg och stimulerande v\u00e4rld","publisher":{"@id":"https:\/\/pysslingen.se\/solrosen\/#organization"},"potentialAction":[{"@type":"SearchAction","target":{"@type":"EntryPoint","urlTemplate":"https:\/\/pysslingen.se\/solrosen\/?s={search_term_string}"},"query-input":"required name=search_term_string"}],"inLanguage":"sv-SE"},{"@type":"Organization","@id":"https:\/\/pysslingen.se\/solrosen\/#organization","name":"Pysslingen F\u00f6rskolor","url":"https:\/\/pysslingen.se\/solrosen\/","logo":{"@type":"ImageObject","inLanguage":"sv-SE","@id":"https:\/\/pysslingen.se\/solrosen\/#\/schema\/logo\/image\/","url":"https:\/\/pysslingen.se\/wp-content\/uploads\/2021\/05\/pysslingen-forskolor.png","contentUrl":"https:\/\/pysslingen.se\/wp-content\/uploads\/2021\/05\/pysslingen-forskolor.png","width":1120,"height":630,"caption":"Pysslingen F\u00f6rskolor"},"image":{"@id":"https:\/\/pysslingen.se\/solrosen\/#\/schema\/logo\/image\/"}}]}},"_links":{"self":[{"href":"https:\/\/pysslingen.se\/solrosen\/wp-json\/wp\/v2\/pages\/461"}],"collection":[{"href":"https:\/\/pysslingen.se\/solrosen\/wp-json\/wp\/v2\/pages"}],"about":[{"href":"https:\/\/pysslingen.se\/solrosen\/wp-json\/wp\/v2\/types\/page"}],"author":[{"embeddable":true,"href":"https:\/\/pysslingen.se\/solrosen\/wp-json\/wp\/v2\/users\/3"}],"replies":[{"embeddable":true,"href":"https:\/\/pysslingen.se\/solrosen\/wp-json\/wp\/v2\/comments?post=461"}],"version-history":[{"count":10,"href":"https:\/\/pysslingen.se\/solrosen\/wp-json\/wp\/v2\/pages\/461\/revisions"}],"predecessor-version":[{"id":1462,"href":"https:\/\/pysslingen.se\/solrosen\/wp-json\/wp\/v2\/pages\/461\/revisions\/1462"}],"wp:attachment":[{"href":"https:\/\/pysslingen.se\/solrosen\/wp-json\/wp\/v2\/media?parent=461"}],"curies":[{"name":"wp","href":"https:\/\/api.w.org\/{rel}","templated":true}]}}