{"id":209,"date":"2020-10-01T11:27:44","date_gmt":"2020-10-01T11:27:44","guid":{"rendered":"https:\/\/pysslingen.se\/skrindan\/?page_id=209"},"modified":"2025-05-05T10:05:11","modified_gmt":"2025-05-05T08:05:11","slug":"samverkan-med-hemmet","status":"publish","type":"page","link":"https:\/\/pysslingen.se\/skrindan\/samverkan-med-hemmet\/","title":{"rendered":"Samverkan med hemmet"},"content":{"rendered":"\t<div\n\t\t class=\"module_wrapper container-fluid images-module\" >\n\t\t<div class=\"row\">\n\t\t\t<div\n\t\t\t\t\tclass=\"col-12 m-0 p-0 position-relative images_module__slideshow images_module__slideshow-container module-expand \">\n\n\t\t\t\t<div class=\"images_module__slide \" data-slide=\"\"\n\t\t\t\t\t data-duration=\"\"><\/div>\n\t\t\t\t\t\t\t\t\t<div\n\t\t\t\t\t\t class=\"images_module__slides \">\n\n\n\t\t\t\t\t\t<div class=\"images__wrapper\"\n\t\t\t\t\t\t\t style=\"aspect-ratio: 1441 \/ 531;\">\n\t\t\t\t\t\t\t<img decoding=\"async\" width=\"2500\" height=\"1308\" src=\"https:\/\/pysslingen.se\/wp-content\/uploads\/sites\/14\/2020\/10\/1pysslingenannonsmateriall1200x628.png\" class=\"images__image_ratio  \" alt=\"Pyss kommer med sin pappa till f\u00f6rskolan Pysslingen\" style=\"aspect-ratio: 1441 \/ 531;object-position: _center-center;\" srcset=\"https:\/\/pysslingen.se\/wp-content\/uploads\/sites\/14\/2020\/10\/1pysslingenannonsmateriall1200x628.png 2500w, https:\/\/pysslingen.se\/wp-content\/uploads\/sites\/14\/2020\/10\/1pysslingenannonsmateriall1200x628-300x157.png 300w, https:\/\/pysslingen.se\/wp-content\/uploads\/sites\/14\/2020\/10\/1pysslingenannonsmateriall1200x628-1024x536.png 1024w, https:\/\/pysslingen.se\/wp-content\/uploads\/sites\/14\/2020\/10\/1pysslingenannonsmateriall1200x628-768x402.png 768w, https:\/\/pysslingen.se\/wp-content\/uploads\/sites\/14\/2020\/10\/1pysslingenannonsmateriall1200x628-1536x804.png 1536w, https:\/\/pysslingen.se\/wp-content\/uploads\/sites\/14\/2020\/10\/1pysslingenannonsmateriall1200x628-2048x1072.png 2048w, https:\/\/pysslingen.se\/wp-content\/uploads\/sites\/14\/2020\/10\/1pysslingenannonsmateriall1200x628-1920x1005.png 1920w, https:\/\/pysslingen.se\/wp-content\/uploads\/sites\/14\/2020\/10\/1pysslingenannonsmateriall1200x628-1100x576.png 1100w, https:\/\/pysslingen.se\/wp-content\/uploads\/sites\/14\/2020\/10\/1pysslingenannonsmateriall1200x628-1000x523.png 1000w\" sizes=\"(max-width: 2500px) 100vw, 2500px\" \/>\t\t\t\t\t\t<\/div>\n\n\t\t\t\t\t\t\n\t\t\t\t\t\t\t\t\t\t\t<\/div>\n\t\t\t\t\n\t\t\t\t<div class=\"images_module__container_dot \">\n\t\t\t\t\t<div style=\"text-align:center\">\n\t\t\t\t\t\t\t\t\t\t\t\t\t<span   data-i=\"0\"\n\t\t\t\t\t\t\t\t  class=\"images_module__dot\n\t\t\t\t\t\t\t\t\t\t\t\t\t  \"><\/span>\n\t\t\t\t\t\t\t\t\t\t\t<\/div>\n\t\t\t\t<\/div>\n\n\t\t\t<\/div>\n\t\t<\/div>\n\t<\/div>\n\n\n\t\n\n\n<script>\n\tvar images_display_descriptive_text = \"\";\n<\/script>\n\n\n\n<div style=\"height:20px\" aria-hidden=\"true\" class=\"wp-block-spacer\"><\/div>\n\n\n\n<div style=\"height:20px\" aria-hidden=\"true\" class=\"wp-block-spacer\"><\/div>\n\n\n\n<h1 class=\"wp-block-heading\">V\u00e5r kontakt med dig som v\u00e5rdnadshavare<\/h1>\n\n\n\n<p   class=\"site__ingress container text-left  site__text-color--dark  site__free_text--ingress p-0\">\n\tDen dagliga kontakten med dig som v\u00e5rdnadshavare \u00e4r viktig f\u00f6r oss. F\u00f6r att du som v\u00e5rdnadshavare ska k\u00e4nna delaktighet och f\u00f6r att kunna beskriva v\u00e5r verksamhet, har vi valt att ha olika m\u00f6tesforum och olika informationskanaler s\u00e5som informationsm\u00f6ten, inskolning, f\u00f6r\u00e4ldram\u00f6ten och samverkansm\u00f6ten.<\/p>\n\n\n\n\n\n<p><\/p>\n\n\n\n<h3 class=\"wp-block-heading\">Mitt Pysslingen<\/h3>\n\n\n\n<p>Mitt Pysslingen \u00e4r v\u00e5rt digitala kommunikations- och dokumentationsverktyg som ger dig som v\u00e5rdnadshavare m\u00f6jlighet att l\u00f6pande vara delaktig i barnets dag och utveckling p\u00e5 f\u00f6rskolan.<\/p>\n\n\n\n<h3 class=\"wp-block-heading\">Informationsm\u00f6te<\/h3>\n\n\n\n<p>Som ny familj p\u00e5 f\u00f6rskolan bjuds ni in till ett f\u00f6rsta informationsm\u00f6te f\u00f6r v\u00e5rdnadshavare, d\u00e4r vi presenterar v\u00e5r verksamhet och ber\u00e4ttar hur inskolningen g\u00e5r till.<\/p>\n\n\n\n<h3 class=\"wp-block-heading\">Inskolning<\/h3>\n\n\n\n<p>En god inskolning ligger till grund f\u00f6r att bygga upp varaktiga relationer och skapa trygghet. Inskolningen \u00e4r b\u00f6rjan p\u00e5 ett samarbete mellan pedagoger och v\u00e5rdnadshavare. Vi anv\u00e4nder oss av en metod d\u00e4r v\u00e5rdnadshavaren \u00e4r aktiv och delaktig i verksamheten under tre till fyra dagar.<\/p>\n\n\n\n<h3 class=\"wp-block-heading\">F\u00f6r\u00e4ldram\u00f6ten<\/h3>\n\n\n\n<p>F\u00f6r\u00e4ldram\u00f6ten h\u00e5lls minst en g\u00e5ng per l\u00e4s\u00e5r. Det \u00e4r ett forum d\u00e4r vi beskriver v\u00e5r verksamhet och dess inneh\u00e5ll samt presenterar avdelningens arbete f\u00f6r terminen. D\u00e4r finns \u00e4ven m\u00f6jlighet att diskutera verksamhetsfr\u00e5gor och andra aktuella \u00e4mnen.<\/p>\n\n\n\n<h3 class=\"wp-block-heading\">Utvecklingssamtal<\/h3>\n\n\n\n<p>Minst tv\u00e5 g\u00e5nger per l\u00e4s\u00e5r erbjuder vi samtal med v\u00e5rdnadshavare. Vi arbetar i ett digitalt verktyg, Mitt Pysslingen<strong>, <\/strong>d\u00e4r fokuserar vi p\u00e5 det individuella barnets utveckling och samtalar om hur barnets vardag ser ut.<\/p>\n\n\n\n<h3 class=\"wp-block-heading\">Samverkansm\u00f6te<\/h3>\n\n\n\n<p>En g\u00e5ng per termin bjuder ledningsteamet in till samverkansm\u00f6te. Det \u00e4r ett forum d\u00e4r en grupp av intresserade v\u00e5rdnadshavare \u00e4r v\u00e4lkomna att delta och har m\u00f6jlighet att lyfta fr\u00e5gor eller funderingar om och kring verksamheten.<\/p>\n\n\n\n<h3 class=\"wp-block-heading\">Drop-in<\/h3>\n\n\n\n<p>Varje avdelning ordnar tv\u00e5 g\u00e5nger per \u00e5r n\u00e5gon form av f\u00f6r\u00e4ldrasamverkan. Det kan vara i form av \u201cfrall-in\u201d, \u201csopp-in\u201d, vernissage eller f\u00f6r\u00e4ldrafrukost.<\/p>\n\n\n\n<div style=\"height:20px\" aria-hidden=\"true\" class=\"wp-block-spacer\"><\/div>\n\n\n\n\n<section  class=\"ams-cta ams-cta--stacked c-block l-stacked\">\n\t<div class=\"l-container l-stack l-stack-fluid-2xl u-pt-fluid-3xl-6xl u-pb-fluid-3xl-6xl is-center is-center@md\">\n\t\t\t\t\t<div class=\"ams-cta__intro l-stack l-stack-lg\">\n\t\t\t\t\t\n\t<h2\n\tclass=\"c-heading u-font-title-1 \"\n\tstyle=\"\">\n\t\t\n\t\t\t\t\tDu som v\u00e5rdnadshavare spelar en viktig roll vid inskolningen &#8211; vill du veta mer?\n\t\t\t\t\n\t<\/h2>\n\n\t\t\t\t\t\t\t<\/div>\n\t\t\n\t\t\n\t\t\t<div class=\"ams-cta__action u-inline-items\">\n\t\t\t\t\t\t\t\n\n\n<a href=\"https:\/\/pysslingen.se\/skrindan\/inskolning\/\"\n\t\n\tclass=\"c-btn \"\n\tdata-style=\"rounded\"\n\tdata-size=\"md\"\n\tdata-width=\"full-mobile\"\n\tdata-variant=\"default\"\n\ttarget=\"_self\">\n\t\t\t<span class=\"label\"> L\u00e4s mer om inskolning<\/span>\n\t\t\t<\/a>\n\t\t\t<\/div>\n\t<\/div>\n\n\t\t\n\n<\/section>\n","protected":false},"excerpt":{"rendered":"<p>V\u00e5r kontakt med dig som v\u00e5rdnadshavare Mitt Pysslingen Mitt Pysslingen \u00e4r v\u00e5rt digitala kommunikations- och dokumentationsverktyg som ger dig som v\u00e5rdnadshavare m\u00f6jlighet att l\u00f6pande vara delaktig i barnets dag och utveckling p\u00e5 f\u00f6rskolan. Informationsm\u00f6te Som ny familj p\u00e5 f\u00f6rskolan bjuds ni in till ett f\u00f6rsta informationsm\u00f6te f\u00f6r v\u00e5rdnadshavare, d\u00e4r vi presenterar v\u00e5r verksamhet och ber\u00e4ttar&#8230;<\/p>\n","protected":false},"author":5,"featured_media":0,"parent":0,"menu_order":0,"comment_status":"closed","ping_status":"closed","template":"","meta":{"footnotes":""},"yoast_head":"<!-- This site is optimized with the Yoast SEO plugin v22.0 - https:\/\/yoast.com\/wordpress\/plugins\/seo\/ -->\n<title>Skrindan<\/title>\n<meta name=\"description\" content=\"Genom en god och regelbunden kommunikation kan du vara med och p\u00e5verka ditt barns utveckling och l\u00e4rande p\u00e5 f\u00f6rskolan Skrindan.\" \/>\n<meta name=\"robots\" content=\"index, follow, max-snippet:-1, max-image-preview:large, max-video-preview:-1\" \/>\n<link rel=\"canonical\" href=\"https:\/\/pysslingen.se\/skrindan\/samverkan-med-hemmet\/\" \/>\n<meta property=\"og:locale\" content=\"sv_SE\" \/>\n<meta property=\"og:type\" content=\"article\" \/>\n<meta property=\"og:description\" content=\"Genom en god och regelbunden kommunikation kan du vara med och p\u00e5verka ditt barns utveckling och l\u00e4rande p\u00e5 f\u00f6rskolan Skrindan.\" \/>\n<meta property=\"og:url\" content=\"https:\/\/pysslingen.se\/skrindan\/samverkan-med-hemmet\/\" \/>\n<meta property=\"og:site_name\" content=\"Skrindan\" \/>\n<meta property=\"article:modified_time\" content=\"2025-05-05T08:05:11+00:00\" \/>\n<meta name=\"twitter:card\" content=\"summary_large_image\" \/>\n<meta name=\"twitter:description\" content=\"Genom en god och regelbunden kommunikation kan du vara med och p\u00e5verka ditt barns utveckling och l\u00e4rande p\u00e5 f\u00f6rskolan Skrindan.\" \/>\n<meta name=\"twitter:image\" content=\"https:\/\/pysslingen.se\/wp-content\/uploads\/sites\/14\/2020\/10\/1pysslingenannonsmateriall1200x628.png\" \/>\n<meta name=\"twitter:label1\" content=\"Ber\u00e4knad l\u00e4stid\" \/>\n\t<meta name=\"twitter:data1\" content=\"2 minuter\" \/>\n<script type=\"application\/ld+json\" class=\"yoast-schema-graph\">{\"@context\":\"https:\/\/schema.org\",\"@graph\":[{\"@type\":\"WebPage\",\"@id\":\"https:\/\/pysslingen.se\/skrindan\/samverkan-med-hemmet\/\",\"url\":\"https:\/\/pysslingen.se\/skrindan\/samverkan-med-hemmet\/\",\"name\":\"Samverkan med hemmet - Skrindan\",\"isPartOf\":{\"@id\":\"https:\/\/pysslingen.se\/skrindan\/#website\"},\"datePublished\":\"2020-10-01T11:27:44+00:00\",\"dateModified\":\"2025-05-05T08:05:11+00:00\",\"description\":\"Genom en god och regelbunden kommunikation kan du vara med och p\u00e5verka ditt barns utveckling och l\u00e4rande p\u00e5 f\u00f6rskolan Skrindan.\",\"breadcrumb\":{\"@id\":\"https:\/\/pysslingen.se\/skrindan\/samverkan-med-hemmet\/#breadcrumb\"},\"inLanguage\":\"sv-SE\",\"potentialAction\":[{\"@type\":\"ReadAction\",\"target\":[\"https:\/\/pysslingen.se\/skrindan\/samverkan-med-hemmet\/\"]}]},{\"@type\":\"BreadcrumbList\",\"@id\":\"https:\/\/pysslingen.se\/skrindan\/samverkan-med-hemmet\/#breadcrumb\",\"itemListElement\":[{\"@type\":\"ListItem\",\"position\":1,\"name\":\"Start\",\"item\":\"https:\/\/pysslingen.se\/skrindan\/\"},{\"@type\":\"ListItem\",\"position\":2,\"name\":\"Samverkan med hemmet\"}]},{\"@type\":\"WebSite\",\"@id\":\"https:\/\/pysslingen.se\/skrindan\/#website\",\"url\":\"https:\/\/pysslingen.se\/skrindan\/\",\"name\":\"Skrindan\",\"description\":\"En trygg och stimulerande v\u00e4rld\",\"publisher\":{\"@id\":\"https:\/\/pysslingen.se\/skrindan\/#organization\"},\"potentialAction\":[{\"@type\":\"SearchAction\",\"target\":{\"@type\":\"EntryPoint\",\"urlTemplate\":\"https:\/\/pysslingen.se\/skrindan\/?s={search_term_string}\"},\"query-input\":\"required name=search_term_string\"}],\"inLanguage\":\"sv-SE\"},{\"@type\":\"Organization\",\"@id\":\"https:\/\/pysslingen.se\/skrindan\/#organization\",\"name\":\"Pysslingen F\u00f6rskolor\",\"url\":\"https:\/\/pysslingen.se\/skrindan\/\",\"logo\":{\"@type\":\"ImageObject\",\"inLanguage\":\"sv-SE\",\"@id\":\"https:\/\/pysslingen.se\/skrindan\/#\/schema\/logo\/image\/\",\"url\":\"https:\/\/pysslingen.se\/wp-content\/uploads\/2021\/05\/pysslingen-forskolor.png\",\"contentUrl\":\"https:\/\/pysslingen.se\/wp-content\/uploads\/2021\/05\/pysslingen-forskolor.png\",\"width\":1120,\"height\":630,\"caption\":\"Pysslingen F\u00f6rskolor\"},\"image\":{\"@id\":\"https:\/\/pysslingen.se\/skrindan\/#\/schema\/logo\/image\/\"}}]}<\/script>\n<!-- \/ Yoast SEO plugin. -->","yoast_head_json":{"title":"Skrindan","description":"Genom en god och regelbunden kommunikation kan du vara med och p\u00e5verka ditt barns utveckling och l\u00e4rande p\u00e5 f\u00f6rskolan Skrindan.","robots":{"index":"index","follow":"follow","max-snippet":"max-snippet:-1","max-image-preview":"max-image-preview:large","max-video-preview":"max-video-preview:-1"},"canonical":"https:\/\/pysslingen.se\/skrindan\/samverkan-med-hemmet\/","og_locale":"sv_SE","og_type":"article","og_description":"Genom en god och regelbunden kommunikation kan du vara med och p\u00e5verka ditt barns utveckling och l\u00e4rande p\u00e5 f\u00f6rskolan Skrindan.","og_url":"https:\/\/pysslingen.se\/skrindan\/samverkan-med-hemmet\/","og_site_name":"Skrindan","article_modified_time":"2025-05-05T08:05:11+00:00","twitter_card":"summary_large_image","twitter_description":"Genom en god och regelbunden kommunikation kan du vara med och p\u00e5verka ditt barns utveckling och l\u00e4rande p\u00e5 f\u00f6rskolan Skrindan.","twitter_image":"https:\/\/pysslingen.se\/wp-content\/uploads\/sites\/14\/2020\/10\/1pysslingenannonsmateriall1200x628.png","twitter_misc":{"Ber\u00e4knad l\u00e4stid":"2 minuter"},"schema":{"@context":"https:\/\/schema.org","@graph":[{"@type":"WebPage","@id":"https:\/\/pysslingen.se\/skrindan\/samverkan-med-hemmet\/","url":"https:\/\/pysslingen.se\/skrindan\/samverkan-med-hemmet\/","name":"Samverkan med hemmet - Skrindan","isPartOf":{"@id":"https:\/\/pysslingen.se\/skrindan\/#website"},"datePublished":"2020-10-01T11:27:44+00:00","dateModified":"2025-05-05T08:05:11+00:00","description":"Genom en god och regelbunden kommunikation kan du vara med och p\u00e5verka ditt barns utveckling och l\u00e4rande p\u00e5 f\u00f6rskolan Skrindan.","breadcrumb":{"@id":"https:\/\/pysslingen.se\/skrindan\/samverkan-med-hemmet\/#breadcrumb"},"inLanguage":"sv-SE","potentialAction":[{"@type":"ReadAction","target":["https:\/\/pysslingen.se\/skrindan\/samverkan-med-hemmet\/"]}]},{"@type":"BreadcrumbList","@id":"https:\/\/pysslingen.se\/skrindan\/samverkan-med-hemmet\/#breadcrumb","itemListElement":[{"@type":"ListItem","position":1,"name":"Start","item":"https:\/\/pysslingen.se\/skrindan\/"},{"@type":"ListItem","position":2,"name":"Samverkan med hemmet"}]},{"@type":"WebSite","@id":"https:\/\/pysslingen.se\/skrindan\/#website","url":"https:\/\/pysslingen.se\/skrindan\/","name":"Skrindan","description":"En trygg och stimulerande v\u00e4rld","publisher":{"@id":"https:\/\/pysslingen.se\/skrindan\/#organization"},"potentialAction":[{"@type":"SearchAction","target":{"@type":"EntryPoint","urlTemplate":"https:\/\/pysslingen.se\/skrindan\/?s={search_term_string}"},"query-input":"required name=search_term_string"}],"inLanguage":"sv-SE"},{"@type":"Organization","@id":"https:\/\/pysslingen.se\/skrindan\/#organization","name":"Pysslingen F\u00f6rskolor","url":"https:\/\/pysslingen.se\/skrindan\/","logo":{"@type":"ImageObject","inLanguage":"sv-SE","@id":"https:\/\/pysslingen.se\/skrindan\/#\/schema\/logo\/image\/","url":"https:\/\/pysslingen.se\/wp-content\/uploads\/2021\/05\/pysslingen-forskolor.png","contentUrl":"https:\/\/pysslingen.se\/wp-content\/uploads\/2021\/05\/pysslingen-forskolor.png","width":1120,"height":630,"caption":"Pysslingen F\u00f6rskolor"},"image":{"@id":"https:\/\/pysslingen.se\/skrindan\/#\/schema\/logo\/image\/"}}]}},"_links":{"self":[{"href":"https:\/\/pysslingen.se\/skrindan\/wp-json\/wp\/v2\/pages\/209"}],"collection":[{"href":"https:\/\/pysslingen.se\/skrindan\/wp-json\/wp\/v2\/pages"}],"about":[{"href":"https:\/\/pysslingen.se\/skrindan\/wp-json\/wp\/v2\/types\/page"}],"author":[{"embeddable":true,"href":"https:\/\/pysslingen.se\/skrindan\/wp-json\/wp\/v2\/users\/5"}],"replies":[{"embeddable":true,"href":"https:\/\/pysslingen.se\/skrindan\/wp-json\/wp\/v2\/comments?post=209"}],"version-history":[{"count":10,"href":"https:\/\/pysslingen.se\/skrindan\/wp-json\/wp\/v2\/pages\/209\/revisions"}],"predecessor-version":[{"id":1189,"href":"https:\/\/pysslingen.se\/skrindan\/wp-json\/wp\/v2\/pages\/209\/revisions\/1189"}],"wp:attachment":[{"href":"https:\/\/pysslingen.se\/skrindan\/wp-json\/wp\/v2\/media?parent=209"}],"curies":[{"name":"wp","href":"https:\/\/api.w.org\/{rel}","templated":true}]}}