{"id":1122,"date":"2021-03-15T13:37:21","date_gmt":"2021-03-15T13:37:21","guid":{"rendered":"https:\/\/pysslingen.se\/skattgomman\/?page_id=1122"},"modified":"2025-11-10T16:13:34","modified_gmt":"2025-11-10T15:13:34","slug":"synpunkter","status":"publish","type":"page","link":"https:\/\/pysslingen.se\/skattgomman\/synpunkter\/","title":{"rendered":"L\u00e4mna synpunkter"},"content":{"rendered":"\n\t<div class=\"module_wrapper ams_remote_pages_module \">\n\t\t\t\t\t\t\t<div class=\"container core-heading\">\n\t\t\t\t\t\t<div class=\"row\">\n\t\t\t\t\t\t\t<div class=\"col-12\">\n\t\t\t\t\t\t\t\t\n<h1 class=\"wp-block-heading\">Hantering av synpunkter<\/h1>\n\t\t\t\t\t\t\t<\/div>\n\t\t\t\t\t\t<\/div>\n\t\t\t\t\t<\/div>\n\t\t\t\t\t\t\t\t\t\t<div class=\"container acf-preamble\">\n\t\t\t\t\t\t<div class=\"row\">\n\t\t\t\t\t\t\t<div class=\"col-12\">\n\t\t\t\t\t\t\t\t\n<p   class=\"site__ingress container text-left  site__text-color--dark  site__free_text--ingress p-0\">\n\tF\u00f6r att alla barn ska f\u00e5 en trygg och stimulerande tillvaro st\u00e4ller vi h\u00f6ga krav p\u00e5 v\u00e5ra f\u00f6rskolor som helhet. Vi vill att du som v\u00e5rdnadshavare har h\u00f6ga f\u00f6rv\u00e4ntningar p\u00e5 f\u00f6rskolans kvalitet och d\u00e4rf\u00f6r \u00e4r det viktigt att vi f\u00e5r information om eventuella brister s\u00e5 att vi kan f\u00f6rb\u00e4ttra och utveckla verksamheten.<\/p>\n\n\n\t\t\t\t\t\t\t<\/div>\n\t\t\t\t\t\t<\/div>\n\t\t\t\t\t<\/div>\n\t\t\t\t\t\t\t\t\t\t<div class=\"container core-paragraph\">\n\t\t\t\t\t\t<div class=\"row\">\n\t\t\t\t\t\t\t<div class=\"col-12\">\n\t\t\t\t\t\t\t\t\n<p>F\u00f6rskolan tar emot alla synpunkter p\u00e5 verksamheten, b\u00e5de stora som sm\u00e5.&nbsp;Ibland \u00e4r det en synpunkt som vi m\u00e5ste utreda f\u00f6r att se hur vi kan f\u00f6rb\u00e4ttra v\u00e5r utbildning innan vi \u00e5terkopplar till dig som har l\u00e4mnat synpunkter.&nbsp;<\/p>\n\t\t\t\t\t\t\t<\/div>\n\t\t\t\t\t\t<\/div>\n\t\t\t\t\t<\/div>\n\t\t\t\t\t\t\t\t\t\t<div class=\"container core-heading\">\n\t\t\t\t\t\t<div class=\"row\">\n\t\t\t\t\t\t\t<div class=\"col-12\">\n\t\t\t\t\t\t\t\t\n<h4 class=\"wp-block-heading\"><strong>H\u00e4r f\u00f6ljer en kortfattad beskrivning av hur vi tar hand om och utreder inkomna synpunkter<\/strong><\/h4>\n\t\t\t\t\t\t\t<\/div>\n\t\t\t\t\t\t<\/div>\n\t\t\t\t\t<\/div>\n\t\t\t\t\t\t\t\t\t\t<div class=\"container core-list\">\n\t\t\t\t\t\t<div class=\"row\">\n\t\t\t\t\t\t\t<div class=\"col-12\">\n\t\t\t\t\t\t\t\t\n<ol>\n<li>\u00c5terkoppling sker inom 24 timmar fr\u00e5n att synpunkter inkommit till oss.&nbsp;<\/li>\n\n\n\n<li>Vi informerar dig om vi bed\u00f6mer att en utredning kr\u00e4vs eller om \u00e4rendet g\u00e5r att hantera direkt.<\/li>\n\n\n\n<li>En eventuell utredning ska ske skyndsamt men kan i vissa fall ta upp till tio arbetsdagar fr\u00e5n att synpunkter inkommit till oss. Efter avslutad utredning f\u00e5r du som l\u00e4mnat synpunkter \u00e5terkoppling muntligt eller skriftligt.&nbsp;<\/li>\n\n\n\n<li>Om vi, genom utredningen, bed\u00f6mer att det har uppst\u00e5tt n\u00e5gon brist hos oss kommer vi att \u00e5terkoppla till dig hur vi planerar att \u00e5tg\u00e4rda aktuell brist.<\/li>\n\n\n\n<li>Utredningar kopplat till inkomna synpunkter \u00e4r en del av v\u00e5rt systematiska kvalitetsarbete inom Pysslingen F\u00f6rskolor.&nbsp;<\/li>\n\n\n\n<li>Vi sparar dokumentation p\u00e5 genomf\u00f6rda utredningar i 5 \u00e5r.&nbsp;<\/li>\n<\/ol>\n\t\t\t\t\t\t\t<\/div>\n\t\t\t\t\t\t<\/div>\n\t\t\t\t\t<\/div>\n\t\t\t\t\t\t\t\t\t\t<div class=\"container core-heading\">\n\t\t\t\t\t\t<div class=\"row\">\n\t\t\t\t\t\t\t<div class=\"col-12\">\n\t\t\t\t\t\t\t\t\n<h2 class=\"wp-block-heading\">Kontakta f\u00f6rskolepersonal eller rektor&nbsp;<\/h2>\n\t\t\t\t\t\t\t<\/div>\n\t\t\t\t\t\t<\/div>\n\t\t\t\t\t<\/div>\n\t\t\t\t\t\t\t\t\t\t<div class=\"container core-paragraph\">\n\t\t\t\t\t\t<div class=\"row\">\n\t\t\t\t\t\t\t<div class=\"col-12\">\n\t\t\t\t\t\t\t\t\n<p>Har du synpunkter p\u00e5 verksamheten b\u00f6r du i f\u00f6rsta hand v\u00e4nda dig till f\u00f6rskolan eller aktuell f\u00f6rskolepersonal. Skulle du inte f\u00e5 den hj\u00e4lp du efterfr\u00e5gar av personal p\u00e5 f\u00f6rskolan rekommenderar vi dig att kontakta rektorn eller n\u00e5gon ur ledningsteamet. Synpunkter kan l\u00e4mnas p\u00e5 flera s\u00e4tt: skriftligt, muntligt eller via bes\u00f6k. Om synpunkterna av n\u00e5gon anledning inte kan l\u00e4mnas till rektor, h\u00f6r av dig till ansvarig skolchef. Kontaktuppgifter till rektor, ledningsteam och skolchef hittar du p\u00e5 f\u00f6rskolans hemsida under rubriken Kontakt i menyn, eller genom att s\u00f6ka <a href=\"https:\/\/pysslingen.se\/vara-forskolor\/\">h\u00e4r<\/a>.<\/p>\n\t\t\t\t\t\t\t<\/div>\n\t\t\t\t\t\t<\/div>\n\t\t\t\t\t<\/div>\n\t\t\t\t\t\t\t\t\t\t<div class=\"container core-heading\">\n\t\t\t\t\t\t<div class=\"row\">\n\t\t\t\t\t\t\t<div class=\"col-12\">\n\t\t\t\t\t\t\t\t\n<h2 class=\"wp-block-heading\">Kontakta huvudman<\/h2>\n\t\t\t\t\t\t\t<\/div>\n\t\t\t\t\t\t<\/div>\n\t\t\t\t\t<\/div>\n\t\t\t\t\t\t\t\t\t\t<div class=\"container core-paragraph\">\n\t\t\t\t\t\t<div class=\"row\">\n\t\t\t\t\t\t\t<div class=\"col-12\">\n\t\t\t\t\t\t\t\t\n<p>Enligt skollagen ska huvudmannen, allts\u00e5 niv\u00e5n \u00f6ver rektor, ha skriftliga rutiner f\u00f6r att ta emot och utreda klagom\u00e5l mot utbildningen. Om du fortfarande inte \u00e4r n\u00f6jd kan du allts\u00e5 v\u00e4nda dig till f\u00f6rskolans huvudman genom att kontakta Pysslingens v\u00e4xel <a href=\"call:\">08-451 54 00<\/a>, maila <a rel=\"noreferrer noopener\" href=\"mailto:info@pysslingen.se\" target=\"_blank\">info@pysslingen.se<\/a>, eller skicka ett brev till Pysslingen F\u00f6rskolor AB, Box 213, 101 24 Stockholm.<\/p>\n\t\t\t\t\t\t\t<\/div>\n\t\t\t\t\t\t<\/div>\n\t\t\t\t\t<\/div>\n\t\t\t\t\t\t\t\t\t\t<div class=\"container core-heading\">\n\t\t\t\t\t\t<div class=\"row\">\n\t\t\t\t\t\t\t<div class=\"col-12\">\n\t\t\t\t\t\t\t\t\n<h2 class=\"wp-block-heading\">Kontakta kommunen<\/h2>\n\t\t\t\t\t\t\t<\/div>\n\t\t\t\t\t\t<\/div>\n\t\t\t\t\t<\/div>\n\t\t\t\t\t\t\t\t\t\t<div class=\"container core-paragraph\">\n\t\t\t\t\t\t<div class=\"row\">\n\t\t\t\t\t\t\t<div class=\"col-12\">\n\t\t\t\t\t\t\t\t\n<p>Om du fortfarande inte \u00e4r n\u00f6jd efter att ha kontaktat huvudman kan du v\u00e4nda dig till den kommun som f\u00f6rskolan ligger i.<\/p>\n\t\t\t\t\t\t\t<\/div>\n\t\t\t\t\t\t<\/div>\n\t\t\t\t\t<\/div>\n\t\t\t\t\t\t<\/div>\n\n\t\n\n\n\t<div class=\"module_wrapper ams_remote_pages_module \">\n\t\t\n\t\n\t\n\t\n\t\n\t\n\t\n\t\t\n\t\t\n<section  class=\"ams-hero ams-hero--fifty ams-hero--default ams-hero--container c-block l-stacked  \" data-color-scheme=\"nyans1_av_p2\">\n\t<div class=\"ams-hero__container media-right media-bottom l-container u-pt-fluid-3xl-6xl u-pb-fluid-3xl-6xl\">\n\t\t<div class=\"ams-hero__content l-stack l-stack-xl is-left is-left@lg\">\n\t\t\t<div class=\"l-stack l-stack-lg\">\n\t\t\t\t\t\n\t<h1\n\tclass=\"c-heading u-font-title-1 \"\n\tstyle=\"\">\n\t\t\n\t\t\t\t\tInskolning\/introduktion i f\u00f6rskolan\n\t\t\t\t\n\t<\/h1>\n\n\t\t\t\t\t\t\t\t\t<div class=\"text l-stack u-font-body\">\n\t\t\t\t\t\t<p>Att b\u00f6rja i f\u00f6rskolan \u00e4r en stor h\u00e4ndelse f\u00f6r b\u00e5de ditt barn och dig. Inskolningen \u00e4r en viktig process d\u00e4r barnet gradvis introduceras till sin nya milj\u00f6, rutiner och relationer med pedagoger och andra barn. Syftet \u00e4r att skapa en trygg och positiv start som l\u00e4gger grunden f\u00f6r barnets trivsel och utveckling i f\u00f6rskolan. V\u00e5rt m\u00e5l \u00e4r att inskolningen, eller som vi kallar det &#8211; introduktionen &#8211; ska vara en lustfylld och trygg upplevelse f\u00f6r hela familjen.<\/p>\n\n\t\t\t\t\t<\/div>\n\t\t\t\t\t\t\t<\/div>\n\n\t\t\t\t\t<\/div>\n\t\t<div class=\"ams-hero__media u-ratio-landscape \">\n\n\t\t\t\t\t\t\t\t\t\t\t\t<img decoding=\"async\" width=\"600\" height=\"600\" src=\"https:\/\/pysslingen.se\/wp-content\/uploads\/2025\/08\/inskolning-intro-600x600.jpg\" class=\"attachment-md size-md\" alt=\"barn och pedagog leker i sandl\u00e5dan\" sizes=\"(min-width: 64em) 600px, calc(100vw - 160px)\" srcset=\"https:\/\/pysslingen.se\/wp-content\/uploads\/2025\/08\/inskolning-intro-600x600.jpg 600w, https:\/\/pysslingen.se\/wp-content\/uploads\/2025\/08\/inskolning-intro-150x150.jpg 150w, https:\/\/pysslingen.se\/wp-content\/uploads\/2025\/08\/inskolning-intro-300x300.jpg 300w, https:\/\/pysslingen.se\/wp-content\/uploads\/2025\/08\/inskolning-intro-400x400.jpg 400w, https:\/\/pysslingen.se\/wp-content\/uploads\/2025\/08\/inskolning-intro-800x800.jpg 800w, https:\/\/pysslingen.se\/wp-content\/uploads\/2025\/08\/inskolning-intro-1024x1024.jpg 1024w, https:\/\/pysslingen.se\/wp-content\/uploads\/2025\/08\/inskolning-intro.jpg 1080w\" \/>\n\t\t\t\t\t\t\t\n\t\t\t\n\t\t\t\t\t<\/div>\n\t<\/div>\n\n\t\n\n<\/section>\n\t\t\t\t\t<div class=\"container core-spacer\">\n\t\t\t\t\t\t<div class=\"row\">\n\t\t\t\t\t\t\t<div class=\"col-12\">\n\t\t\t\t\t\t\t\t\n<div style=\"height:37px\" aria-hidden=\"true\" class=\"wp-block-spacer\"><\/div>\n\t\t\t\t\t\t\t<\/div>\n\t\t\t\t\t\t<\/div>\n\t\t\t\t\t<\/div>\n\t\t\t\t\t\t\t\t\t\t<div class=\"container core-heading\">\n\t\t\t\t\t\t<div class=\"row\">\n\t\t\t\t\t\t\t<div class=\"col-12\">\n\t\t\t\t\t\t\t\t\n<h2 class=\"wp-block-heading\">Individanpassad introduktion<\/h2>\n\t\t\t\t\t\t\t<\/div>\n\t\t\t\t\t\t<\/div>\n\t\t\t\t\t<\/div>\n\t\t\t\t\t\t\t\t\t\t<div class=\"container core-paragraph\">\n\t\t\t\t\t\t<div class=\"row\">\n\t\t\t\t\t\t\t<div class=\"col-12\">\n\t\t\t\t\t\t\t\t\n<p>F\u00f6r att ge b\u00e5de dig och ditt barn en trygg start i f\u00f6rskolans v\u00e4rld arbetar vi med individanpassad introduktion. Det betyder att vi \u00e4r flexibla och tar h\u00e4nsyn till ditt barns \u00e5lder, f\u00f6ruts\u00e4ttningar och tidigare erfarenheter. Det \u00e4r ocks\u00e5 viktigt f\u00f6r oss att lyssna in vad just ditt barn och du som v\u00e5rdnadshavare beh\u00f6ver. Vi ser inskolningen som en tid f\u00f6r barnet att i sin egen takt v\u00e4nja sig vid sin nya omgivning. Det inneb\u00e4r att introduktionen kan se lite olika ut f\u00f6r varje familj. <\/p>\n\t\t\t\t\t\t\t<\/div>\n\t\t\t\t\t\t<\/div>\n\t\t\t\t\t<\/div>\n\t\t\t\t\t\t\t\t\t\t<div class=\"container core-heading\">\n\t\t\t\t\t\t<div class=\"row\">\n\t\t\t\t\t\t\t<div class=\"col-12\">\n\t\t\t\t\t\t\t\t\n<h2 class=\"wp-block-heading\">F\u00f6rbered barnet<\/h2>\n\t\t\t\t\t\t\t<\/div>\n\t\t\t\t\t\t<\/div>\n\t\t\t\t\t<\/div>\n\t\t\t\t\t\t\t\t\t\t<div class=\"container core-paragraph\">\n\t\t\t\t\t\t<div class=\"row\">\n\t\t\t\t\t\t\t<div class=\"col-12\">\n\t\t\t\t\t\t\t\t\n<p>Redan innan ert f\u00f6rsta bes\u00f6k hos oss p\u00e5b\u00f6rjar vi introduktionen genom att skicka er boken \u201cPyss g\u00e5r till f\u00f6rskolan\u201d. L\u00e4s och samtala g\u00e4rna om boken med ditt barn f\u00f6r att p\u00e5 s\u00e5 s\u00e4tt f\u00f6rbereda barnet inf\u00f6r m\u00f6tet med f\u00f6rskolan.<\/p>\n\t\t\t\t\t\t\t<\/div>\n\t\t\t\t\t\t<\/div>\n\t\t\t\t\t<\/div>\n\t\t\t\t\t\t\t\t\t\t<div class=\"container core-paragraph\">\n\t\t\t\t\t\t<div class=\"row\">\n\t\t\t\t\t\t\t<div class=\"col-12\">\n\t\t\t\t\t\t\t\t\n<p>Om ni inte f\u00e5tt boken hemskickad finns den p\u00e5 barnets hylla f\u00f6rsta dagen i f\u00f6rskolan. Boken finns ocks\u00e5 som film.<br><\/p>\n\t\t\t\t\t\t\t<\/div>\n\t\t\t\t\t\t<\/div>\n\t\t\t\t\t<\/div>\n\t\t\t\t\t\n\t<div\n\t\tclass=\"module_wrapper video_module__bg container-fluid video_module \t\tglobal_body-color pt-5 pb-5\n\t\t\t\t\"\n\t\t\t>\n\t\t<div class=\"container\">\n\t\t\t\n\t\t\t\n\t\t\t\t\t\t\t<div class=\"row\">\n\t\t\t\t\t<div class=\"col-md-12\">\n\t\t\t\t\t\t<div class=\"video_module__wrapper 1  \">\n\t\t\t\t\t\t\t<div class=\"embed-responsive embed-responsive-16by9\">\n\t\t\t\t\t\t\t\t<iframe title=\"YouTube video player\" style=\"border-width:0px;\" class=\"embed-responsive-item\"  src=\"https:\/\/www.youtube.com\/embed\/K7dCs6vn3FU\" allow=\"accelerometer; autoplay; encrypted-media; gyroscope; picture-in-picture \" allowfullscreen><\/iframe>\t\t\t\t\t\t\t<\/div>\n\t\t\t\t\t\t<\/div>\n\t\t\t\t\t<\/div>\n\t\t\t\t<\/div>\n\t\t\t\t\t\t\t\t<\/div>\n\t<\/div>\n\n\n\t\t\t\t\t<div class=\"container core-heading\">\n\t\t\t\t\t\t<div class=\"row\">\n\t\t\t\t\t\t\t<div class=\"col-12\">\n\t\t\t\t\t\t\t\t\n<h2 class=\"wp-block-heading\">L\u00e4ra-k\u00e4nna-samtal<\/h2>\n\t\t\t\t\t\t\t<\/div>\n\t\t\t\t\t\t<\/div>\n\t\t\t\t\t<\/div>\n\t\t\t\t\t\t\t\t\t\t<div class=\"container core-paragraph\">\n\t\t\t\t\t\t<div class=\"row\">\n\t\t\t\t\t\t\t<div class=\"col-12\">\n\t\t\t\t\t\t\t\t\n<p>Inf\u00f6r introduktionen blir du kontaktad av f\u00f6rskolans pedagoger f\u00f6r ett samtal d\u00e4r ni f\u00e5r l\u00e4ra k\u00e4nna varandra. Pedagogerna ber\u00e4ttar f\u00f6r dig om hur introduktionen g\u00e5r till, vad som f\u00f6rv\u00e4ntas av dig och vem p\u00e5 f\u00f6rskolan som ansvarar f\u00f6r just ditt barn under introduktionen. Ni samtalar ocks\u00e5 om introduktionens l\u00e4ngd och uppl\u00e4gg.<\/p>\n\t\t\t\t\t\t\t<\/div>\n\t\t\t\t\t\t<\/div>\n\t\t\t\t\t<\/div>\n\t\t\t\t\t\t\t\t\t\t<div class=\"container core-paragraph\">\n\t\t\t\t\t\t<div class=\"row\">\n\t\t\t\t\t\t\t<div class=\"col-12\">\n\t\t\t\t\t\t\t\t\n<p>Pedagogerna vill g\u00e4rna veta mer om ditt barn \u2013 allt f\u00f6r att kunna bem\u00f6ta er p\u00e5 b\u00e4sta s\u00e4tt och anpassa introduktionen efter ditt barns behov.<\/p>\n\t\t\t\t\t\t\t<\/div>\n\t\t\t\t\t\t<\/div>\n\t\t\t\t\t<\/div>\n\t\t\t\t\t\t\t\t\t\t<div class=\"container core-heading\">\n\t\t\t\t\t\t<div class=\"row\">\n\t\t\t\t\t\t\t<div class=\"col-12\">\n\t\t\t\t\t\t\t\t\n<h2 class=\"wp-block-heading\">F\u00f6r\u00e4ldraaktiv introduktion<\/h2>\n\t\t\t\t\t\t\t<\/div>\n\t\t\t\t\t\t<\/div>\n\t\t\t\t\t<\/div>\n\t\t\t\t\t\t\t\t\t\t<div class=\"container core-paragraph\">\n\t\t\t\t\t\t<div class=\"row\">\n\t\t\t\t\t\t\t<div class=\"col-12\">\n\t\t\t\t\t\t\t\t\n<p>Vi till\u00e4mpar f\u00f6r\u00e4ldraaktiv introduktion. Det inneb\u00e4r att ditt barn under de f\u00f6rsta dagarna f\u00e5r uppt\u00e4cka och utforska f\u00f6rskolan tillsammans med dig. Som v\u00e5rdnadshavare deltar du aktivt tillsammans med ditt barn i s\u00e5ngstunder, bl\u00f6jbyten, m\u00e5ltider och andra moment. P\u00e5 s\u00e5 vis f\u00e5r du en god inblick i f\u00f6rskolans rutiner.<\/p>\n\t\t\t\t\t\t\t<\/div>\n\t\t\t\t\t\t<\/div>\n\t\t\t\t\t<\/div>\n\t\t\t\t\t\t\t\t\t\t<div class=\"container core-heading\">\n\t\t\t\t\t\t<div class=\"row\">\n\t\t\t\t\t\t\t<div class=\"col-12\">\n\t\t\t\t\t\t\t\t\n<h2 class=\"wp-block-heading\">Hur l\u00e5ng tid tar en inskolning?<\/h2>\n\t\t\t\t\t\t\t<\/div>\n\t\t\t\t\t\t<\/div>\n\t\t\t\t\t<\/div>\n\t\t\t\t\t\t\t\t\t\t<div class=\"container core-paragraph\">\n\t\t\t\t\t\t<div class=\"row\">\n\t\t\t\t\t\t\t<div class=\"col-12\">\n\t\t\t\t\t\t\t\t\n<p>N\u00e4r barnet efter hand blir tryggare, f\u00e5r du under korta stunder l\u00e4mna ditt barn p\u00e5 avdelningen tillsammans med pedagogerna. N\u00e4r ditt barn \u00e4r redo och har etablerat en god kontakt med pedagogerna l\u00e4mnar du barnet p\u00e5 f\u00f6rskolan. Det brukar ta ungef\u00e4r tre till fem dagar, men l\u00e4ngden kan variera beroende p\u00e5 barnets individuella behov och anpassning till f\u00f6rskolemilj\u00f6n. M\u00e5let \u00e4r att barnet ska k\u00e4nna sig tryggt och bekv\u00e4mt, och d\u00e4rf\u00f6r \u00e4r inskolningen flexibel.<\/p>\n\t\t\t\t\t\t\t<\/div>\n\t\t\t\t\t\t<\/div>\n\t\t\t\t\t<\/div>\n\t\t\t\t\t\t\t\t\t\t<div class=\"container core-heading\">\n\t\t\t\t\t\t<div class=\"row\">\n\t\t\t\t\t\t\t<div class=\"col-12\">\n\t\t\t\t\t\t\t\t\n<h2 class=\"wp-block-heading\">Dina synpunkter \u00e4r viktiga<\/h2>\n\t\t\t\t\t\t\t<\/div>\n\t\t\t\t\t\t<\/div>\n\t\t\t\t\t<\/div>\n\t\t\t\t\t\t\t\t\t\t<div class=\"container core-paragraph\">\n\t\t\t\t\t\t<div class=\"row\">\n\t\t\t\t\t\t\t<div class=\"col-12\">\n\t\t\t\t\t\t\t\t\n<p>F\u00f6r att vi st\u00e4ndigt ska kunna utveckla v\u00e5r verksamhet \u00e4r det viktigt f\u00f6r oss att f\u00e5 ta del av din upplevelse om introduktionen och hur vi kan g\u00f6ra den \u00e4nnu b\u00e4ttre. N\u00e4r introduktion \u00e4r \u00f6ver bjuder vi d\u00e4rf\u00f6r in dig till ett uppf\u00f6ljningssamtal d\u00e4r du och ditt barns pedagoger pratar om hur introduktionsperioden har varit.<\/p>\n\t\t\t\t\t\t\t<\/div>\n\t\t\t\t\t\t<\/div>\n\t\t\t\t\t<\/div>\n\t\t\t\t\t\t\t\t\t\t<div class=\"container core-paragraph\">\n\t\t\t\t\t\t<div class=\"row\">\n\t\t\t\t\t\t\t<div class=\"col-12\">\n\t\t\t\t\t\t\t\t\n<p>Du kommer ocks\u00e5 att f\u00e5 ett skriftligt fr\u00e5geformul\u00e4r med m\u00f6jlighet att komma med f\u00f6rb\u00e4ttringsf\u00f6rslag.&nbsp;<\/p>\n\t\t\t\t\t\t\t<\/div>\n\t\t\t\t\t\t<\/div>\n\t\t\t\t\t<\/div>\n\t\t\t\t\t\n\n<section  class=\"ams-file-manager ams-file-manager--single c-block l-stacked\">\n\t<div class=\"l-container-full l-stack l-stack-fluid-2xl u-pt-fluid-md-xl u-pb-fluid-None is-left is-left@md\">\n\t\t\n\t\t\t\t\t<div class=\"c-block-list\">\n \t<div class=\"c-block-list__item l-stack l-stack-2xs\">\n        <strong class=\"u-font-title-3\">L\u00e4s ocks\u00e5 v\u00e5r broschyr om inskolning<\/strong>\n\t\t<a\n\t\t\tdownload=\"https:\/\/pysslingen.se\/wp-content\/uploads\/2025\/05\/pysslingenintroduktion2025kompdig.pdf\"\n\t\t\thref=\"https:\/\/pysslingen.se\/wp-content\/uploads\/2025\/05\/pysslingenintroduktion2025kompdig.pdf\"\n\t\t\ttitle=\"Pysslingen_Introduktion_2025_kompdig\"\n\t\t\tclass=\"c-block-list__link u-flex u-items-center\">\n\t\t\t<svg\n\t\t\t\tclass=\"ams-icon ams-icon--download\"\n\t\t\t\twidth=\"16\"\n\t\t\t\theight=\"17\"\n\t\t\t\tviewBox=\"0 0 16 17\"\n\t\t\t\tfill=\"currentColor\"\n\t\t\t\taria-hidden=\"true\"\n\t\t\t\txmlns=\"http:\/\/www.w3.org\/2000\/svg\"\n\t\t\t>\n\t\t\t\t<path d=\"M14.125 14C14.125 14.3438 13.8438 14.625 13.5 14.625C13.1562 14.625 12.875 14.3438 12.875 14C12.875 13.6562 13.1562 13.375 13.5 13.375C13.8438 13.375 14.125 13.6562 14.125 14ZM11.5 13.375C11.1562 13.375 10.875 13.6562 10.875 14C10.875 14.3438 11.1562 14.625 11.5 14.625C11.8438 14.625 12.125 14.3438 12.125 14C12.125 13.6562 11.8438 13.375 11.5 13.375ZM16 11.875V15.125C16 15.8844 15.3844 16.5 14.625 16.5H1.375C0.615625 16.5 0 15.8844 0 15.125V11.875C0 11.1156 0.615625 10.5 1.375 10.5H4.48125L2.71875 8.7375C1.93125 7.95 2.49063 6.60313 3.60313 6.60313H5.25V1.75C5.25 1.05937 5.80937 0.5 6.5 0.5H9.5C10.1906 0.5 10.75 1.05937 10.75 1.75V6.60313H12.3969C13.5094 6.60313 14.0656 7.95 13.2812 8.7375L11.5188 10.5H14.625C15.3844 10.5 16 11.1156 16 11.875ZM7.82188 12.4281C7.91875 12.525 8.07813 12.525 8.175 12.4281L12.5719 8.03125C12.7281 7.875 12.6188 7.60313 12.3938 7.60313H9.75V1.75C9.75 1.6125 9.6375 1.5 9.5 1.5H6.5C6.3625 1.5 6.25 1.6125 6.25 1.75V7.60313H3.60313C3.38125 7.60313 3.26875 7.87188 3.425 8.03125L7.82188 12.4281V12.4281ZM15 11.875C15 11.6688 14.8312 11.5 14.625 11.5H10.5188L8.88437 13.1344C8.39687 13.6219 7.60312 13.6219 7.11562 13.1344L5.48125 11.5H1.375C1.16875 11.5 1 11.6688 1 11.875V15.125C1 15.3312 1.16875 15.5 1.375 15.5H14.625C14.8312 15.5 15 15.3312 15 15.125V11.875Z\"><\/path>\n\t\t\t<\/svg>\n\t\t\t<span class=\"text\">Introduktion i f\u00f6rskolan (ladda ner pdf)<\/span>\n\t\t<\/a>\n\t<\/div>\n<\/div>\n\t\n\t\t\t<\/div>\n\n\t\t\n\n<\/section>\n\t<\/div>\n\n\t","protected":false},"excerpt":{"rendered":"","protected":false},"author":3,"featured_media":0,"parent":0,"menu_order":0,"comment_status":"closed","ping_status":"closed","template":"","meta":{"footnotes":""},"yoast_head":"<!-- This site is optimized with the Yoast SEO plugin v22.0 - https:\/\/yoast.com\/wordpress\/plugins\/seo\/ -->\n<title>Skattg\u00f6mman<\/title>\n<meta name=\"description\" content=\"Vi vill att du som v\u00e5rdnadshavare har h\u00f6ga f\u00f6rv\u00e4ntningar p\u00e5 f\u00f6rskolans kvalitet s\u00e5 att vi kan f\u00f6rb\u00e4ttra och utveckla verksamheten.\" \/>\n<meta name=\"robots\" content=\"index, follow, max-snippet:-1, max-image-preview:large, max-video-preview:-1\" \/>\n<link rel=\"canonical\" href=\"https:\/\/pysslingen.se\/skattgomman\/synpunkter\/\" \/>\n<meta property=\"og:locale\" content=\"sv_SE\" \/>\n<meta property=\"og:type\" content=\"article\" \/>\n<meta property=\"og:description\" content=\"Vi vill att du som v\u00e5rdnadshavare har h\u00f6ga f\u00f6rv\u00e4ntningar p\u00e5 f\u00f6rskolans kvalitet s\u00e5 att vi kan f\u00f6rb\u00e4ttra och utveckla verksamheten.\" \/>\n<meta property=\"og:url\" content=\"https:\/\/pysslingen.se\/skattgomman\/synpunkter\/\" \/>\n<meta property=\"og:site_name\" content=\"Skattg\u00f6mman\" \/>\n<meta property=\"article:modified_time\" content=\"2025-11-10T15:13:34+00:00\" \/>\n<meta name=\"twitter:card\" content=\"summary_large_image\" \/>\n<meta name=\"twitter:description\" content=\"Vi vill att du som v\u00e5rdnadshavare har h\u00f6ga f\u00f6rv\u00e4ntningar p\u00e5 f\u00f6rskolans kvalitet s\u00e5 att vi kan f\u00f6rb\u00e4ttra och utveckla verksamheten.\" \/>\n<script type=\"application\/ld+json\" class=\"yoast-schema-graph\">{\"@context\":\"https:\/\/schema.org\",\"@graph\":[{\"@type\":\"WebPage\",\"@id\":\"https:\/\/pysslingen.se\/skattgomman\/synpunkter\/\",\"url\":\"https:\/\/pysslingen.se\/skattgomman\/synpunkter\/\",\"name\":\"L\u00e4mna synpunkter - Skattg\u00f6mman\",\"isPartOf\":{\"@id\":\"https:\/\/pysslingen.se\/skattgomman\/#website\"},\"datePublished\":\"2021-03-15T13:37:21+00:00\",\"dateModified\":\"2025-11-10T15:13:34+00:00\",\"description\":\"Vi vill att du som v\u00e5rdnadshavare har h\u00f6ga f\u00f6rv\u00e4ntningar p\u00e5 f\u00f6rskolans kvalitet s\u00e5 att vi kan f\u00f6rb\u00e4ttra och utveckla verksamheten.\",\"breadcrumb\":{\"@id\":\"https:\/\/pysslingen.se\/skattgomman\/synpunkter\/#breadcrumb\"},\"inLanguage\":\"sv-SE\",\"potentialAction\":[{\"@type\":\"ReadAction\",\"target\":[\"https:\/\/pysslingen.se\/skattgomman\/synpunkter\/\"]}]},{\"@type\":\"BreadcrumbList\",\"@id\":\"https:\/\/pysslingen.se\/skattgomman\/synpunkter\/#breadcrumb\",\"itemListElement\":[{\"@type\":\"ListItem\",\"position\":1,\"name\":\"Start\",\"item\":\"https:\/\/pysslingen.se\/skattgomman\/\"},{\"@type\":\"ListItem\",\"position\":2,\"name\":\"L\u00e4mna synpunkter\"}]},{\"@type\":\"WebSite\",\"@id\":\"https:\/\/pysslingen.se\/skattgomman\/#website\",\"url\":\"https:\/\/pysslingen.se\/skattgomman\/\",\"name\":\"Skattg\u00f6mman\",\"description\":\"En trygg och stimulerande v\u00e4rld\",\"publisher\":{\"@id\":\"https:\/\/pysslingen.se\/skattgomman\/#organization\"},\"potentialAction\":[{\"@type\":\"SearchAction\",\"target\":{\"@type\":\"EntryPoint\",\"urlTemplate\":\"https:\/\/pysslingen.se\/skattgomman\/?s={search_term_string}\"},\"query-input\":\"required name=search_term_string\"}],\"inLanguage\":\"sv-SE\"},{\"@type\":\"Organization\",\"@id\":\"https:\/\/pysslingen.se\/skattgomman\/#organization\",\"name\":\"Pysslingen F\u00f6rskolor\",\"url\":\"https:\/\/pysslingen.se\/skattgomman\/\",\"logo\":{\"@type\":\"ImageObject\",\"inLanguage\":\"sv-SE\",\"@id\":\"https:\/\/pysslingen.se\/skattgomman\/#\/schema\/logo\/image\/\",\"url\":\"https:\/\/pysslingen.se\/wp-content\/uploads\/2021\/05\/pysslingen-forskolor.png\",\"contentUrl\":\"https:\/\/pysslingen.se\/wp-content\/uploads\/2021\/05\/pysslingen-forskolor.png\",\"width\":1120,\"height\":630,\"caption\":\"Pysslingen F\u00f6rskolor\"},\"image\":{\"@id\":\"https:\/\/pysslingen.se\/skattgomman\/#\/schema\/logo\/image\/\"}}]}<\/script>\n<!-- \/ Yoast SEO plugin. -->","yoast_head_json":{"title":"Skattg\u00f6mman","description":"Vi vill att du som v\u00e5rdnadshavare har h\u00f6ga f\u00f6rv\u00e4ntningar p\u00e5 f\u00f6rskolans kvalitet s\u00e5 att vi kan f\u00f6rb\u00e4ttra och utveckla verksamheten.","robots":{"index":"index","follow":"follow","max-snippet":"max-snippet:-1","max-image-preview":"max-image-preview:large","max-video-preview":"max-video-preview:-1"},"canonical":"https:\/\/pysslingen.se\/skattgomman\/synpunkter\/","og_locale":"sv_SE","og_type":"article","og_description":"Vi vill att du som v\u00e5rdnadshavare har h\u00f6ga f\u00f6rv\u00e4ntningar p\u00e5 f\u00f6rskolans kvalitet s\u00e5 att vi kan f\u00f6rb\u00e4ttra och utveckla verksamheten.","og_url":"https:\/\/pysslingen.se\/skattgomman\/synpunkter\/","og_site_name":"Skattg\u00f6mman","article_modified_time":"2025-11-10T15:13:34+00:00","twitter_card":"summary_large_image","twitter_description":"Vi vill att du som v\u00e5rdnadshavare har h\u00f6ga f\u00f6rv\u00e4ntningar p\u00e5 f\u00f6rskolans kvalitet s\u00e5 att vi kan f\u00f6rb\u00e4ttra och utveckla verksamheten.","schema":{"@context":"https:\/\/schema.org","@graph":[{"@type":"WebPage","@id":"https:\/\/pysslingen.se\/skattgomman\/synpunkter\/","url":"https:\/\/pysslingen.se\/skattgomman\/synpunkter\/","name":"L\u00e4mna synpunkter - Skattg\u00f6mman","isPartOf":{"@id":"https:\/\/pysslingen.se\/skattgomman\/#website"},"datePublished":"2021-03-15T13:37:21+00:00","dateModified":"2025-11-10T15:13:34+00:00","description":"Vi vill att du som v\u00e5rdnadshavare har h\u00f6ga f\u00f6rv\u00e4ntningar p\u00e5 f\u00f6rskolans kvalitet s\u00e5 att vi kan f\u00f6rb\u00e4ttra och utveckla verksamheten.","breadcrumb":{"@id":"https:\/\/pysslingen.se\/skattgomman\/synpunkter\/#breadcrumb"},"inLanguage":"sv-SE","potentialAction":[{"@type":"ReadAction","target":["https:\/\/pysslingen.se\/skattgomman\/synpunkter\/"]}]},{"@type":"BreadcrumbList","@id":"https:\/\/pysslingen.se\/skattgomman\/synpunkter\/#breadcrumb","itemListElement":[{"@type":"ListItem","position":1,"name":"Start","item":"https:\/\/pysslingen.se\/skattgomman\/"},{"@type":"ListItem","position":2,"name":"L\u00e4mna synpunkter"}]},{"@type":"WebSite","@id":"https:\/\/pysslingen.se\/skattgomman\/#website","url":"https:\/\/pysslingen.se\/skattgomman\/","name":"Skattg\u00f6mman","description":"En trygg och stimulerande v\u00e4rld","publisher":{"@id":"https:\/\/pysslingen.se\/skattgomman\/#organization"},"potentialAction":[{"@type":"SearchAction","target":{"@type":"EntryPoint","urlTemplate":"https:\/\/pysslingen.se\/skattgomman\/?s={search_term_string}"},"query-input":"required name=search_term_string"}],"inLanguage":"sv-SE"},{"@type":"Organization","@id":"https:\/\/pysslingen.se\/skattgomman\/#organization","name":"Pysslingen F\u00f6rskolor","url":"https:\/\/pysslingen.se\/skattgomman\/","logo":{"@type":"ImageObject","inLanguage":"sv-SE","@id":"https:\/\/pysslingen.se\/skattgomman\/#\/schema\/logo\/image\/","url":"https:\/\/pysslingen.se\/wp-content\/uploads\/2021\/05\/pysslingen-forskolor.png","contentUrl":"https:\/\/pysslingen.se\/wp-content\/uploads\/2021\/05\/pysslingen-forskolor.png","width":1120,"height":630,"caption":"Pysslingen F\u00f6rskolor"},"image":{"@id":"https:\/\/pysslingen.se\/skattgomman\/#\/schema\/logo\/image\/"}}]}},"_links":{"self":[{"href":"https:\/\/pysslingen.se\/skattgomman\/wp-json\/wp\/v2\/pages\/1122"}],"collection":[{"href":"https:\/\/pysslingen.se\/skattgomman\/wp-json\/wp\/v2\/pages"}],"about":[{"href":"https:\/\/pysslingen.se\/skattgomman\/wp-json\/wp\/v2\/types\/page"}],"author":[{"embeddable":true,"href":"https:\/\/pysslingen.se\/skattgomman\/wp-json\/wp\/v2\/users\/3"}],"replies":[{"embeddable":true,"href":"https:\/\/pysslingen.se\/skattgomman\/wp-json\/wp\/v2\/comments?post=1122"}],"version-history":[{"count":3,"href":"https:\/\/pysslingen.se\/skattgomman\/wp-json\/wp\/v2\/pages\/1122\/revisions"}],"predecessor-version":[{"id":1374,"href":"https:\/\/pysslingen.se\/skattgomman\/wp-json\/wp\/v2\/pages\/1122\/revisions\/1374"}],"wp:attachment":[{"href":"https:\/\/pysslingen.se\/skattgomman\/wp-json\/wp\/v2\/media?parent=1122"}],"curies":[{"name":"wp","href":"https:\/\/api.w.org\/{rel}","templated":true}]}}