{"id":1154,"date":"2020-11-27T12:47:30","date_gmt":"2020-11-27T12:47:30","guid":{"rendered":"https:\/\/pysslingen.se\/sjofageln\/?post_type=testimonial&#038;p=1154"},"modified":"2026-04-14T16:42:23","modified_gmt":"2026-04-14T14:42:23","slug":"annika-romilson","status":"publish","type":"testimonial","link":"https:\/\/pysslingen.se\/sjofageln\/intervju\/annika-romilson\/","title":{"rendered":"Annika Romilson"},"content":{"rendered":"<style>\n\t@media only screen and (min-width: 769px) {\n\t\t.testimonial_header_module__image {\n\t\t\tpadding-right: 15px;\n\t\t\tpadding-left: 6px;\n\t\t}\n\n\t\t.testimonial_header_module {\n\t\t\tmargin-bottom: -150px;\n\t\t}\n\t}\n<\/style>\n\n\n<div aria-label=\"testimonial header\"    class=\"testimonial_header_module__data d-none  site__cta-bg--100 \"><\/div>\n<div class=\"testimonial_header_module testimonial_header_module__bg\" >\n\t<div class=\"container\">\n\t\t<div class=\"row\">\n\t\t\t<div class=\"testimonial_header_module__col9\">\n\t\t\t\t<div class=\"testimonial_header_module__text_wrap\">\n\t\t\t\t\t\t\t\t\t\t\t<h1   class=\"site__heading-size-2  site__text-color--light \">\n\t\t\t\t\t\t\tHej Annika!\t\t\t\t\t\t<\/h1>\n\t\t\t\t\t\n\t\t\t\t\t<p   class=\"site__ingress site__free_text--ingress testimonial_header_module__margin_top site__text-color--light \">\n\t\t\t\t\t\tP\u00e5 Sj\u00f6f\u00e5gelns f\u00f6rskola i H\u00e4sselby arbetar Annika som f\u00f6rskoll\u00e4rare. H\u00e4r st\u00e5r barnens nyfikenhet, lek och l\u00e4rande i centrum, med fokus p\u00e5 pedagogik, utveckling och trygghet f\u00f6r varje barn.\t\t\t\t\t<\/p>\n\t\t\t\t<\/div>\n\t\t\t<\/div>\n\t\t\t<div class=\"testimonial_header_module__col3\">\n\t\t\t\t<picture   id=\"hero-picture\">\n\t\t\t\t\t<img decoding=\"async\" width=\"640\" height=\"716\" src=\"https:\/\/pysslingen.se\/wp-content\/uploads\/sites\/94\/2020\/11\/bild-annika-e1776174765145.jpg\" class=\"testimonial_header_module__image\" alt=\"Portr\u00e4ttbild av medarbetare\" srcset=\"https:\/\/pysslingen.se\/wp-content\/uploads\/sites\/94\/2020\/11\/bild-annika-e1776174765145.jpg 1006w, https:\/\/pysslingen.se\/wp-content\/uploads\/sites\/94\/2020\/11\/bild-annika-e1776174765145-300x335.jpg 300w, https:\/\/pysslingen.se\/wp-content\/uploads\/sites\/94\/2020\/11\/bild-annika-e1776174765145-400x447.jpg 400w, https:\/\/pysslingen.se\/wp-content\/uploads\/sites\/94\/2020\/11\/bild-annika-e1776174765145-600x671.jpg 600w, https:\/\/pysslingen.se\/wp-content\/uploads\/sites\/94\/2020\/11\/bild-annika-e1776174765145-800x895.jpg 800w\" sizes=\"(max-width: 640px) 100vw, 640px\" \/>\t\t\t\t<\/picture>\n\t\t\t<\/div>\n\t\t<\/div>\n\t<\/div>\n<\/div>\n\n<script>\n\tvar para = document.getElementsByClassName(\"testimonial_header_module__data\")[0]\n\tvar compStyles = window.getComputedStyle(para);\n\tvar bg_color = compStyles.getPropertyValue('background-color')\n\tvar element = document.getElementsByClassName(\"testimonial_header_module__bg\")[0]\n\telement.setAttribute('style', \"background: linear-gradient(to bottom, \"\n\t\t\t+ bg_color + \",\"\n\t\t\t+ bg_color + \" calc(100% - 66px), transparent calc(100% - 66px), transparent);\");\n\n\n<\/script>\n\n\n\n<div class=\"wp-block-columns is-layout-flex wp-container-core-columns-layout-1 wp-block-columns-is-layout-flex\">\n<div class=\"wp-block-column is-layout-flow wp-block-column-is-layout-flow\" style=\"flex-basis:66.66%\"><style>\n@media only screen and (min-width: 600px) {\n\t\t\t.ams-fragor-dmnfnajmgtksjypdwzgz {\n\t\t\tdisplay:none;\n\t\t}\n\t}\n@media only screen and (max-width: 600px) {\n\t}\n<\/style>\n<div   class=\"ams-fragor  site__cta-bg--100   ams-fragor-dmnfnajmgtksjypdwzgz\" >\n   \t\t <div   class=\" site__text-color--light  ams-fragor__namn\">\n\t\t\tNamn:\t\t\t<span class=\" \">\n\t\t\t\tAnnika Romilson\t\t\t<\/span>\n\t\t<\/div>\n\t\t<div   class=\" site__text-color--light  ams-fragor__utbildning\">\n\t\t\tJobbar som:\t\t\t<span class=\" \">\n\t\t\t\tF\u00f6rskoll\u00e4rare\t\t\t<\/span>\n\t\t<\/div>\n\t\t\t\t\t<ul>\n\t\t\t\t\t<\/ul>\n\t\t\t<\/div>\n<script>\n\tamsFragor = function() {\n\t\tvar w = window.innerWidth;\n\t\tvar siteMain = document.getElementsByClassName(\"site-main\")[0]\n\t\tif(typeof siteMain !== 'undefined'){\n\t\t\tvar testimonial = siteMain.getElementsByClassName(\"testimonial_header_module\")[0]\n\t\t\tif(typeof testimonial !== 'undefined'){\n\t\t\t\tvar amsFragor = document.getElementsByClassName(\"ams-fragor\")\n\t\t\t\tfor(var i = 0; i < amsFragor.length; i++){\n\t\t\t\t\tif(w > 769 ){\n\t\t\t\t\t\tamsFragor[i].setAttribute('style', \"margin-top: 50px\");\n\t\t\t\t\t}else{\n\t\t\t\t\t\tamsFragor[i].setAttribute('style', \"margin-top: 0px\");\n\t\t\t\t\t}\n\t\t\t\t}\n\t\t\t}\n\t\t}\n\t};\n\tamsFragor();\n\twindow.addEventListener(\"resize\", amsFragor);\n<\/script>\n\n\n\n<h2 class=\"wp-block-heading\">Vad g\u00f6r Sj\u00f6f\u00e5gelns f\u00f6rskola till en s\u00e5 bra plats f\u00f6r v\u00e5ra barn?<\/h2>\n\n\n\n<p>&#8211; Sj\u00f6f\u00e5gelns f\u00f6rskola \u00e4r en fantastisk plats d\u00e4r vi kombinerar n\u00e4rhet till naturen med ett arbetss\u00e4tt som uppmuntrar kreativa och nyfikna barn. Naturen, b\u00e5de genom v\u00e5r fina g\u00e5rd och n\u00e4rliggande skog, blir en sj\u00e4lvklar del av vardagen d\u00e4r barnen f\u00e5r utforska, st\u00e4lla fr\u00e5gor och anv\u00e4nda sin fantasi. Vi skapar en milj\u00f6 d\u00e4r barnens uppt\u00e4ckarlust tas tillvara och de f\u00e5r utvecklas b\u00e5de individuellt och tillsammans med andra.<\/p>\n\n\n\n<h2 class=\"wp-block-heading\">Vilken \u00e4r din favoritstund p\u00e5 dagen?<\/h2>\n\n\n\n<p>&#8211; Min favoritstund \u00e4r arbetet med r\u00f6relse och h\u00e4lsa. D\u00e5 f\u00e5r barnen m\u00f6tas \u00f6ver avdelningsgr\u00e4nser, r\u00f6ra p\u00e5 sig och utveckla b\u00e5de kropp och samspel. Jag uppskattar ocks\u00e5 lunchen d\u00e5 jag f\u00e5r m\u00f6jlighet att sitta ner i lugn och ro och prata med varje enskilt barn om stort och sm\u00e5tt. Det st\u00e4rker relationerna och ger en fin inblick i barnens tankar och vardag.<\/p>\n\n\n\n<h2 class=\"wp-block-heading\">Vad gillar du mest med att vara pedagog Sj\u00f6f\u00e5geln?<\/h2>\n\n\n\n<p>&#8211; Det jag tycker mest om \u00e4r att f\u00e5 arbeta i en milj\u00f6 d\u00e4r barnens nyfikenhet och vilja att l\u00e4ra st\u00e5r i centrum och d\u00e4r n\u00e4rheten till naturen ger oss o\u00e4ndliga m\u00f6jligheter i det pedagogiska arbetet. Det \u00e4r inspirerande att f\u00e5 f\u00f6lja barnens utveckling och se hur de v\u00e4xer genom lek, r\u00f6relse och utforskande.\u00a0<\/p>\n\n\n\n<h2 class=\"wp-block-heading\">Vad \u00e4r viktigt f\u00f6r dig i m\u00f6tet med barnens f\u00f6r\u00e4ldrar?<\/h2>\n\n\n\n<p>&#8211; F\u00f6r mig \u00e4r det viktigt att skapa tillitsfulla och trygga relationer med f\u00f6r\u00e4ldrarna. Genom en \u00f6ppen och respektfull dialog vill jag att de ska k\u00e4nna sig delaktiga. N\u00e4r vi bygger ett gott samarbete skapar vi b\u00e4sta f\u00f6ruts\u00e4ttningar f\u00f6r barnens v\u00e4lm\u00e5ende och utveckling.<\/p>\n<\/div>\n\n\n\n<div class=\"wp-block-column is-layout-flow wp-block-column-is-layout-flow\" style=\"flex-basis:33.33%\"><style>\n@media only screen and (min-width: 600px) {\n\t}\n@media only screen and (max-width: 600px) {\n\t\t\t.ams-fragor{\n\t\t\t margin-bottom:40px;\n\t\t}\n\t\t.ams-fragor-bkwddfdrpkkgqbuhreei{\n\t\t\tdisplay:none;\n\t\t}\n\t}\n<\/style>\n<div   class=\"ams-fragor  site__cta-bg--100   ams-fragor-bkwddfdrpkkgqbuhreei\" >\n   \t\t <div   class=\" site__text-color--light  ams-fragor__namn\">\n\t\t\tNamn:\t\t\t<span class=\" \">\n\t\t\t\tAnnika Romilson\t\t\t<\/span>\n\t\t<\/div>\n\t\t<div   class=\" site__text-color--light  ams-fragor__utbildning\">\n\t\t\tJobbar som:\t\t\t<span class=\" \">\n\t\t\t\tF\u00f6rskoll\u00e4rare\t\t\t<\/span>\n\t\t<\/div>\n\t\t\t\t\t<ul>\n\t\t\t\t\t<\/ul>\n\t\t\t<\/div>\n<script>\n\tamsFragor = function() {\n\t\tvar w = window.innerWidth;\n\t\tvar siteMain = document.getElementsByClassName(\"site-main\")[0]\n\t\tif(typeof siteMain !== 'undefined'){\n\t\t\tvar testimonial = siteMain.getElementsByClassName(\"testimonial_header_module\")[0]\n\t\t\tif(typeof testimonial !== 'undefined'){\n\t\t\t\tvar amsFragor = document.getElementsByClassName(\"ams-fragor\")\n\t\t\t\tfor(var i = 0; i < amsFragor.length; i++){\n\t\t\t\t\tif(w > 769 ){\n\t\t\t\t\t\tamsFragor[i].setAttribute('style', \"margin-top: 50px\");\n\t\t\t\t\t}else{\n\t\t\t\t\t\tamsFragor[i].setAttribute('style', \"margin-top: 0px\");\n\t\t\t\t\t}\n\t\t\t\t}\n\t\t\t}\n\t\t}\n\t};\n\tamsFragor();\n\twindow.addEventListener(\"resize\", amsFragor);\n<\/script>\n<\/div>\n<\/div>\n","protected":false},"featured_media":0,"template":"","testimonial_category":[],"yoast_head":"<!-- This site is optimized with the Yoast SEO plugin v22.0 - https:\/\/yoast.com\/wordpress\/plugins\/seo\/ -->\n<title>Tr\u00e4ffa v\u00e5r pedagog Annika Romilson p\u00e5 Sj\u00f6f\u00e5geln!<\/title>\n<meta name=\"description\" content=\"Annika arbetar som f\u00f6rskoll\u00e4rare p\u00e5 Sj\u00f6f\u00e5gelns f\u00f6rskola. H\u00e4r menar hon att barnens nyfikenhet och vilja att l\u00e4ra st\u00e5r i centrum.\" \/>\n<meta name=\"robots\" content=\"index, follow, max-snippet:-1, max-image-preview:large, max-video-preview:-1\" \/>\n<link rel=\"canonical\" href=\"https:\/\/pysslingen.se\/sjofageln\/intervju\/annika-romilson\/\" \/>\n<meta property=\"og:locale\" content=\"sv_SE\" \/>\n<meta property=\"og:type\" content=\"article\" \/>\n<meta property=\"og:title\" content=\"Tr\u00e4ffa v\u00e5r pedagog Annika Romilson p\u00e5 Sj\u00f6f\u00e5geln!\" \/>\n<meta property=\"og:description\" content=\"Annika arbetar som f\u00f6rskoll\u00e4rare p\u00e5 Sj\u00f6f\u00e5gelns f\u00f6rskola. H\u00e4r menar hon att barnens nyfikenhet och vilja att l\u00e4ra st\u00e5r i centrum.\" \/>\n<meta property=\"og:url\" content=\"https:\/\/pysslingen.se\/sjofageln\/intervju\/annika-romilson\/\" \/>\n<meta property=\"og:site_name\" content=\"Sj\u00f6f\u00e5geln\" \/>\n<meta property=\"article:modified_time\" content=\"2026-04-14T14:42:23+00:00\" \/>\n<meta name=\"twitter:card\" content=\"summary_large_image\" \/>\n<meta name=\"twitter:title\" content=\"Tr\u00e4ffa v\u00e5r pedagog Annika Romilson p\u00e5 Sj\u00f6f\u00e5geln!\" \/>\n<meta name=\"twitter:description\" content=\"Annika arbetar som f\u00f6rskoll\u00e4rare p\u00e5 Sj\u00f6f\u00e5gelns f\u00f6rskola. H\u00e4r menar hon att barnens nyfikenhet och vilja att l\u00e4ra st\u00e5r i centrum.\" \/>\n<meta name=\"twitter:image\" content=\"https:\/\/pysslingen.se\/wp-content\/uploads\/sites\/94\/2020\/11\/bild-annika-e1776174765145-1006x630.jpg\" \/>\n<meta name=\"twitter:label1\" content=\"Ber\u00e4knad l\u00e4stid\" \/>\n\t<meta name=\"twitter:data1\" content=\"2 minuter\" \/>\n<script type=\"application\/ld+json\" class=\"yoast-schema-graph\">{\"@context\":\"https:\/\/schema.org\",\"@graph\":[{\"@type\":\"WebPage\",\"@id\":\"https:\/\/pysslingen.se\/sjofageln\/intervju\/annika-romilson\/\",\"url\":\"https:\/\/pysslingen.se\/sjofageln\/intervju\/annika-romilson\/\",\"name\":\"Tr\u00e4ffa v\u00e5r pedagog Annika Romilson p\u00e5 Sj\u00f6f\u00e5geln!\",\"isPartOf\":{\"@id\":\"https:\/\/pysslingen.se\/sjofageln\/#website\"},\"datePublished\":\"2020-11-27T12:47:30+00:00\",\"dateModified\":\"2026-04-14T14:42:23+00:00\",\"description\":\"Annika arbetar som f\u00f6rskoll\u00e4rare p\u00e5 Sj\u00f6f\u00e5gelns f\u00f6rskola. H\u00e4r menar hon att barnens nyfikenhet och vilja att l\u00e4ra st\u00e5r i centrum.\",\"breadcrumb\":{\"@id\":\"https:\/\/pysslingen.se\/sjofageln\/intervju\/annika-romilson\/#breadcrumb\"},\"inLanguage\":\"sv-SE\",\"potentialAction\":[{\"@type\":\"ReadAction\",\"target\":[\"https:\/\/pysslingen.se\/sjofageln\/intervju\/annika-romilson\/\"]}]},{\"@type\":\"BreadcrumbList\",\"@id\":\"https:\/\/pysslingen.se\/sjofageln\/intervju\/annika-romilson\/#breadcrumb\",\"itemListElement\":[{\"@type\":\"ListItem\",\"position\":1,\"name\":\"Start\",\"item\":\"https:\/\/pysslingen.se\/sjofageln\"},{\"@type\":\"ListItem\",\"position\":2,\"name\":\"Intervju\"}]},{\"@type\":\"WebSite\",\"@id\":\"https:\/\/pysslingen.se\/sjofageln\/#website\",\"url\":\"https:\/\/pysslingen.se\/sjofageln\/\",\"name\":\"Sj\u00f6f\u00e5geln\",\"description\":\"En trygg och stimulerande v\u00e4rld\",\"publisher\":{\"@id\":\"https:\/\/pysslingen.se\/sjofageln\/#organization\"},\"potentialAction\":[{\"@type\":\"SearchAction\",\"target\":{\"@type\":\"EntryPoint\",\"urlTemplate\":\"https:\/\/pysslingen.se\/sjofageln\/?s={search_term_string}\"},\"query-input\":\"required name=search_term_string\"}],\"inLanguage\":\"sv-SE\"},{\"@type\":\"Organization\",\"@id\":\"https:\/\/pysslingen.se\/sjofageln\/#organization\",\"name\":\"Pysslingen F\u00f6rskolor\",\"url\":\"https:\/\/pysslingen.se\/sjofageln\/\",\"logo\":{\"@type\":\"ImageObject\",\"inLanguage\":\"sv-SE\",\"@id\":\"https:\/\/pysslingen.se\/sjofageln\/#\/schema\/logo\/image\/\",\"url\":\"https:\/\/pysslingen.se\/wp-content\/uploads\/2021\/05\/pysslingen-forskolor.png\",\"contentUrl\":\"https:\/\/pysslingen.se\/wp-content\/uploads\/2021\/05\/pysslingen-forskolor.png\",\"width\":1120,\"height\":630,\"caption\":\"Pysslingen F\u00f6rskolor\"},\"image\":{\"@id\":\"https:\/\/pysslingen.se\/sjofageln\/#\/schema\/logo\/image\/\"}}]}<\/script>\n<!-- \/ Yoast SEO plugin. -->","yoast_head_json":{"title":"Tr\u00e4ffa v\u00e5r pedagog Annika Romilson p\u00e5 Sj\u00f6f\u00e5geln!","description":"Annika arbetar som f\u00f6rskoll\u00e4rare p\u00e5 Sj\u00f6f\u00e5gelns f\u00f6rskola. H\u00e4r menar hon att barnens nyfikenhet och vilja att l\u00e4ra st\u00e5r i centrum.","robots":{"index":"index","follow":"follow","max-snippet":"max-snippet:-1","max-image-preview":"max-image-preview:large","max-video-preview":"max-video-preview:-1"},"canonical":"https:\/\/pysslingen.se\/sjofageln\/intervju\/annika-romilson\/","og_locale":"sv_SE","og_type":"article","og_title":"Tr\u00e4ffa v\u00e5r pedagog Annika Romilson p\u00e5 Sj\u00f6f\u00e5geln!","og_description":"Annika arbetar som f\u00f6rskoll\u00e4rare p\u00e5 Sj\u00f6f\u00e5gelns f\u00f6rskola. H\u00e4r menar hon att barnens nyfikenhet och vilja att l\u00e4ra st\u00e5r i centrum.","og_url":"https:\/\/pysslingen.se\/sjofageln\/intervju\/annika-romilson\/","og_site_name":"Sj\u00f6f\u00e5geln","article_modified_time":"2026-04-14T14:42:23+00:00","twitter_card":"summary_large_image","twitter_title":"Tr\u00e4ffa v\u00e5r pedagog Annika Romilson p\u00e5 Sj\u00f6f\u00e5geln!","twitter_description":"Annika arbetar som f\u00f6rskoll\u00e4rare p\u00e5 Sj\u00f6f\u00e5gelns f\u00f6rskola. H\u00e4r menar hon att barnens nyfikenhet och vilja att l\u00e4ra st\u00e5r i centrum.","twitter_image":"https:\/\/pysslingen.se\/wp-content\/uploads\/sites\/94\/2020\/11\/bild-annika-e1776174765145-1006x630.jpg","twitter_misc":{"Ber\u00e4knad l\u00e4stid":"2 minuter"},"schema":{"@context":"https:\/\/schema.org","@graph":[{"@type":"WebPage","@id":"https:\/\/pysslingen.se\/sjofageln\/intervju\/annika-romilson\/","url":"https:\/\/pysslingen.se\/sjofageln\/intervju\/annika-romilson\/","name":"Tr\u00e4ffa v\u00e5r pedagog Annika Romilson p\u00e5 Sj\u00f6f\u00e5geln!","isPartOf":{"@id":"https:\/\/pysslingen.se\/sjofageln\/#website"},"datePublished":"2020-11-27T12:47:30+00:00","dateModified":"2026-04-14T14:42:23+00:00","description":"Annika arbetar som f\u00f6rskoll\u00e4rare p\u00e5 Sj\u00f6f\u00e5gelns f\u00f6rskola. H\u00e4r menar hon att barnens nyfikenhet och vilja att l\u00e4ra st\u00e5r i centrum.","breadcrumb":{"@id":"https:\/\/pysslingen.se\/sjofageln\/intervju\/annika-romilson\/#breadcrumb"},"inLanguage":"sv-SE","potentialAction":[{"@type":"ReadAction","target":["https:\/\/pysslingen.se\/sjofageln\/intervju\/annika-romilson\/"]}]},{"@type":"BreadcrumbList","@id":"https:\/\/pysslingen.se\/sjofageln\/intervju\/annika-romilson\/#breadcrumb","itemListElement":[{"@type":"ListItem","position":1,"name":"Start","item":"https:\/\/pysslingen.se\/sjofageln"},{"@type":"ListItem","position":2,"name":"Intervju"}]},{"@type":"WebSite","@id":"https:\/\/pysslingen.se\/sjofageln\/#website","url":"https:\/\/pysslingen.se\/sjofageln\/","name":"Sj\u00f6f\u00e5geln","description":"En trygg och stimulerande v\u00e4rld","publisher":{"@id":"https:\/\/pysslingen.se\/sjofageln\/#organization"},"potentialAction":[{"@type":"SearchAction","target":{"@type":"EntryPoint","urlTemplate":"https:\/\/pysslingen.se\/sjofageln\/?s={search_term_string}"},"query-input":"required name=search_term_string"}],"inLanguage":"sv-SE"},{"@type":"Organization","@id":"https:\/\/pysslingen.se\/sjofageln\/#organization","name":"Pysslingen F\u00f6rskolor","url":"https:\/\/pysslingen.se\/sjofageln\/","logo":{"@type":"ImageObject","inLanguage":"sv-SE","@id":"https:\/\/pysslingen.se\/sjofageln\/#\/schema\/logo\/image\/","url":"https:\/\/pysslingen.se\/wp-content\/uploads\/2021\/05\/pysslingen-forskolor.png","contentUrl":"https:\/\/pysslingen.se\/wp-content\/uploads\/2021\/05\/pysslingen-forskolor.png","width":1120,"height":630,"caption":"Pysslingen F\u00f6rskolor"},"image":{"@id":"https:\/\/pysslingen.se\/sjofageln\/#\/schema\/logo\/image\/"}}]}},"_links":{"self":[{"href":"https:\/\/pysslingen.se\/sjofageln\/wp-json\/wp\/v2\/testimonial\/1154"}],"collection":[{"href":"https:\/\/pysslingen.se\/sjofageln\/wp-json\/wp\/v2\/testimonial"}],"about":[{"href":"https:\/\/pysslingen.se\/sjofageln\/wp-json\/wp\/v2\/types\/testimonial"}],"wp:attachment":[{"href":"https:\/\/pysslingen.se\/sjofageln\/wp-json\/wp\/v2\/media?parent=1154"}],"wp:term":[{"taxonomy":"testimonial_category","embeddable":true,"href":"https:\/\/pysslingen.se\/sjofageln\/wp-json\/wp\/v2\/testimonial_category?post=1154"}],"curies":[{"name":"wp","href":"https:\/\/api.w.org\/{rel}","templated":true}]}}