{"id":1016,"date":"2020-11-18T16:09:32","date_gmt":"2020-11-18T16:09:32","guid":{"rendered":"https:\/\/pysslingen.se\/pomperipossa\/?post_type=testimonial&#038;p=1016"},"modified":"2025-12-11T09:57:51","modified_gmt":"2025-12-11T08:57:51","slug":"anna","status":"publish","type":"testimonial","link":"https:\/\/pysslingen.se\/pomperipossa\/intervju\/anna\/","title":{"rendered":"Anna"},"content":{"rendered":"<style>\n\t@media only screen and (min-width: 769px) {\n\t\t.testimonial_header_module__image {\n\t\t\tpadding-right: 15px;\n\t\t\tpadding-left: 6px;\n\t\t}\n\n\t\t.testimonial_header_module {\n\t\t\tmargin-bottom: -150px;\n\t\t}\n\t}\n<\/style>\n\n\n<div aria-label=\"testimonial header\"    class=\"testimonial_header_module__data d-none  site__cta-bg--100 \"><\/div>\n<div class=\"testimonial_header_module testimonial_header_module__bg\" >\n\t<div class=\"container\">\n\t\t<div class=\"row\">\n\t\t\t<div class=\"testimonial_header_module__col9\">\n\t\t\t\t<div class=\"testimonial_header_module__text_wrap\">\n\t\t\t\t\t\t\t\t\t\t\t<h1   class=\"site__heading-size-2  site__text-color--light \">\n\t\t\t\t\t\t\tHej Anna!\t\t\t\t\t\t<\/h1>\n\t\t\t\t\t\n\t\t\t\t\t<p   class=\"site__ingress site__free_text--ingress testimonial_header_module__margin_top site__text-color--light \">\n\t\t\t\t\t\tAnna \u00e4r pedagog p\u00e5 Pomperipossa och hon v\u00e4rdes\u00e4tter f\u00f6rskolans gemensamma f\u00f6rh\u00e5llningss\u00e4tt.\t\t\t\t\t<\/p>\n\t\t\t\t<\/div>\n\t\t\t<\/div>\n\t\t\t<div class=\"testimonial_header_module__col3\">\n\t\t\t\t<picture   id=\"hero-picture\">\n\t\t\t\t\t<img decoding=\"async\" width=\"455\" height=\"342\" src=\"https:\/\/pysslingen.se\/wp-content\/uploads\/sites\/54\/2020\/11\/pomperipossaintervju.jpeg\" class=\"testimonial_header_module__image\" alt=\"Portr\u00e4tt p\u00e5 medarbetare.\" srcset=\"https:\/\/pysslingen.se\/wp-content\/uploads\/sites\/54\/2020\/11\/pomperipossaintervju.jpeg 455w, https:\/\/pysslingen.se\/wp-content\/uploads\/sites\/54\/2020\/11\/pomperipossaintervju-300x225.jpeg 300w\" sizes=\"(max-width: 455px) 100vw, 455px\" \/>\t\t\t\t<\/picture>\n\t\t\t<\/div>\n\t\t<\/div>\n\t<\/div>\n<\/div>\n\n<script>\n\tvar para = document.getElementsByClassName(\"testimonial_header_module__data\")[0]\n\tvar compStyles = window.getComputedStyle(para);\n\tvar bg_color = compStyles.getPropertyValue('background-color')\n\tvar element = document.getElementsByClassName(\"testimonial_header_module__bg\")[0]\n\telement.setAttribute('style', \"background: linear-gradient(to bottom, \"\n\t\t\t+ bg_color + \",\"\n\t\t\t+ bg_color + \" calc(100% - 66px), transparent calc(100% - 66px), transparent);\");\n\n\n<\/script>\n\n\n\n<div class=\"wp-block-columns is-layout-flex wp-container-core-columns-layout-1 wp-block-columns-is-layout-flex\">\n<div class=\"wp-block-column is-layout-flow wp-block-column-is-layout-flow\" style=\"flex-basis:66.66%\"><style>\n@media only screen and (min-width: 600px) {\n\t\t\t.ams-fragor-zprchoatbokmgvoprbiu {\n\t\t\tdisplay:none;\n\t\t}\n\t}\n@media only screen and (max-width: 600px) {\n\t}\n<\/style>\n<div   class=\"ams-fragor  site__cta-bg--100   ams-fragor-zprchoatbokmgvoprbiu\" >\n   \t\t <div   class=\" site__text-color--light  ams-fragor__namn\">\n\t\t\tNamn:\t\t\t<span class=\" \">\n\t\t\t\tAnna\t\t\t<\/span>\n\t\t<\/div>\n\t\t<div   class=\" site__text-color--light  ams-fragor__utbildning\">\n\t\t\tJobbar som:\t\t\t<span class=\" \">\n\t\t\t\tPedagog\t\t\t<\/span>\n\t\t<\/div>\n\t\t\t\t\t<ul>\n\t\t\t\t\t<\/ul>\n\t\t\t<\/div>\n<script>\n\tamsFragor = function() {\n\t\tvar w = window.innerWidth;\n\t\tvar siteMain = document.getElementsByClassName(\"site-main\")[0]\n\t\tif(typeof siteMain !== 'undefined'){\n\t\t\tvar testimonial = siteMain.getElementsByClassName(\"testimonial_header_module\")[0]\n\t\t\tif(typeof testimonial !== 'undefined'){\n\t\t\t\tvar amsFragor = document.getElementsByClassName(\"ams-fragor\")\n\t\t\t\tfor(var i = 0; i < amsFragor.length; i++){\n\t\t\t\t\tif(w > 769 ){\n\t\t\t\t\t\tamsFragor[i].setAttribute('style', \"margin-top: 50px\");\n\t\t\t\t\t}else{\n\t\t\t\t\t\tamsFragor[i].setAttribute('style', \"margin-top: 0px\");\n\t\t\t\t\t}\n\t\t\t\t}\n\t\t\t}\n\t\t}\n\t};\n\tamsFragor();\n\twindow.addEventListener(\"resize\", amsFragor);\n<\/script>\n\n\n\n<h2 class=\"wp-block-heading\">Vad \u00e4r det b\u00e4sta med att vara pedagog p\u00e5 Pomperipossa?<\/h2>\n\n\n\n<p>&#8211; Samarbetet mellan kollegorna \u00e4r en styrka. Trots att f\u00f6rskolan har tre separata avdelningar s\u00e5 \u00e4r vi byggt en stark helhet. Det beror p\u00e5 att vi samarbetar och har gemensamma f\u00f6rh\u00e5llningss\u00e4tt.&nbsp;<\/p>\n\n\n\n<p>&#8211; En stor del av f\u00f6rskolans arbete \u00e4r att bidra med att st\u00e4rka spr\u00e5ket, b\u00e5de det svenska spr\u00e5ket och barnens hemspr\u00e5k, det \u00e4r en sp\u00e4nnande del av jobbet.&nbsp;<\/p>\n\n\n\n<h2 class=\"wp-block-heading\">Vilken \u00e4r din favoritstund p\u00e5 dagen?<\/h2>\n\n\n\n<p>&#8211; Min favoritstund \u00e4r lunchen. D\u00e5 jag f\u00e5r m\u00f6jlighet att sitta ner och prata med alla barn. Det blir m\u00e5nga roliga och inspirerande samtal. Innan lunchen brukar vi l\u00e4sa b\u00f6cker i sm\u00e5grupper och det bidrar till m\u00e5nga samtals\u00e4mnen.<\/p>\n\n\n\n<h2 class=\"wp-block-heading\">Vad \u00e4r viktigt i m\u00f6tet med barnens v\u00e5rdnadshavare?<\/h2>\n\n\n\n<p>&#8211; Det \u00e4r viktigt att man som v\u00e5rdnadshavare k\u00e4nner att dialogen med oss p\u00e5 f\u00f6rskolan fungerar. V\u00e5rdnadshavaren ska k\u00e4nna att vi lyssnar och att vi ser just deras barn. Jag tror att v\u00e5rt gemensamma f\u00f6rh\u00e5llningss\u00e4tt p\u00e5 f\u00f6rskolan skapar tydlighet i m\u00f6tet med v\u00e5rdnadshavarna och det \u00e4r en trygghet.<\/p>\n<\/div>\n\n\n\n<div class=\"wp-block-column is-layout-flow wp-block-column-is-layout-flow\" style=\"flex-basis:33.33%\"><style>\n@media only screen and (min-width: 600px) {\n\t}\n@media only screen and (max-width: 600px) {\n\t\t\t.ams-fragor{\n\t\t\t margin-bottom:40px;\n\t\t}\n\t\t.ams-fragor-kilofwhwiidypwsiunlx{\n\t\t\tdisplay:none;\n\t\t}\n\t}\n<\/style>\n<div   class=\"ams-fragor  site__cta-bg--100   ams-fragor-kilofwhwiidypwsiunlx\" >\n   \t\t <div   class=\" site__text-color--light  ams-fragor__namn\">\n\t\t\tNamn:\t\t\t<span class=\" \">\n\t\t\t\tAnna\t\t\t<\/span>\n\t\t<\/div>\n\t\t<div   class=\" site__text-color--light  ams-fragor__utbildning\">\n\t\t\tJobbar som:\t\t\t<span class=\" \">\n\t\t\t\tPedagog\t\t\t<\/span>\n\t\t<\/div>\n\t\t\t\t\t<ul>\n\t\t\t\t\t<\/ul>\n\t\t\t<\/div>\n<script>\n\tamsFragor = function() {\n\t\tvar w = window.innerWidth;\n\t\tvar siteMain = document.getElementsByClassName(\"site-main\")[0]\n\t\tif(typeof siteMain !== 'undefined'){\n\t\t\tvar testimonial = siteMain.getElementsByClassName(\"testimonial_header_module\")[0]\n\t\t\tif(typeof testimonial !== 'undefined'){\n\t\t\t\tvar amsFragor = document.getElementsByClassName(\"ams-fragor\")\n\t\t\t\tfor(var i = 0; i < amsFragor.length; i++){\n\t\t\t\t\tif(w > 769 ){\n\t\t\t\t\t\tamsFragor[i].setAttribute('style', \"margin-top: 50px\");\n\t\t\t\t\t}else{\n\t\t\t\t\t\tamsFragor[i].setAttribute('style', \"margin-top: 0px\");\n\t\t\t\t\t}\n\t\t\t\t}\n\t\t\t}\n\t\t}\n\t};\n\tamsFragor();\n\twindow.addEventListener(\"resize\", amsFragor);\n<\/script>\n<\/div>\n<\/div>\n","protected":false},"featured_media":0,"template":"","testimonial_category":[],"yoast_head":"<!-- This site is optimized with the Yoast SEO plugin v22.0 - https:\/\/yoast.com\/wordpress\/plugins\/seo\/ -->\n<title>Tr\u00e4ffa v\u00e5ran pedagog Anna p\u00e5 Pomperipossa!<\/title>\n<meta name=\"description\" content=\"Anna \u00e4r pedagog p\u00e5 Pomperipossa och hon v\u00e4rdes\u00e4tter f\u00f6rskolans gemensamma f\u00f6rh\u00e5llningss\u00e4tt.\" \/>\n<meta name=\"robots\" content=\"index, follow, max-snippet:-1, max-image-preview:large, max-video-preview:-1\" \/>\n<link rel=\"canonical\" href=\"https:\/\/pysslingen.se\/pomperipossa\/intervju\/anna\/\" \/>\n<meta property=\"og:locale\" content=\"sv_SE\" \/>\n<meta property=\"og:type\" content=\"article\" \/>\n<meta property=\"og:title\" content=\"Tr\u00e4ffa v\u00e5ran pedagog Anna p\u00e5 Pomperipossa!\" \/>\n<meta property=\"og:description\" content=\"Anna \u00e4r pedagog p\u00e5 Pomperipossa och hon v\u00e4rdes\u00e4tter f\u00f6rskolans gemensamma f\u00f6rh\u00e5llningss\u00e4tt.\" \/>\n<meta property=\"og:url\" content=\"https:\/\/pysslingen.se\/pomperipossa\/intervju\/anna\/\" \/>\n<meta property=\"og:site_name\" content=\"Pomperipossa\" \/>\n<meta property=\"article:modified_time\" content=\"2025-12-11T08:57:51+00:00\" \/>\n<meta name=\"twitter:card\" content=\"summary_large_image\" \/>\n<meta name=\"twitter:title\" content=\"Tr\u00e4ffa v\u00e5ran pedagog Anna p\u00e5 Pomperipossa!\" \/>\n<meta name=\"twitter:description\" content=\"Anna \u00e4r pedagog p\u00e5 Pomperipossa och hon v\u00e4rdes\u00e4tter f\u00f6rskolans gemensamma f\u00f6rh\u00e5llningss\u00e4tt.\" \/>\n<meta name=\"twitter:image\" content=\"https:\/\/pysslingen.se\/wp-content\/uploads\/sites\/54\/2020\/11\/pomperipossaintervju.jpeg\" \/>\n<meta name=\"twitter:label1\" content=\"Ber\u00e4knad l\u00e4stid\" \/>\n\t<meta name=\"twitter:data1\" content=\"1 minut\" \/>\n<script type=\"application\/ld+json\" class=\"yoast-schema-graph\">{\"@context\":\"https:\/\/schema.org\",\"@graph\":[{\"@type\":\"WebPage\",\"@id\":\"https:\/\/pysslingen.se\/pomperipossa\/intervju\/anna\/\",\"url\":\"https:\/\/pysslingen.se\/pomperipossa\/intervju\/anna\/\",\"name\":\"Tr\u00e4ffa v\u00e5ran pedagog Anna p\u00e5 Pomperipossa!\",\"isPartOf\":{\"@id\":\"https:\/\/pysslingen.se\/pomperipossa\/#website\"},\"datePublished\":\"2020-11-18T16:09:32+00:00\",\"dateModified\":\"2025-12-11T08:57:51+00:00\",\"description\":\"Anna \u00e4r pedagog p\u00e5 Pomperipossa och hon v\u00e4rdes\u00e4tter f\u00f6rskolans gemensamma f\u00f6rh\u00e5llningss\u00e4tt.\",\"breadcrumb\":{\"@id\":\"https:\/\/pysslingen.se\/pomperipossa\/intervju\/anna\/#breadcrumb\"},\"inLanguage\":\"sv-SE\",\"potentialAction\":[{\"@type\":\"ReadAction\",\"target\":[\"https:\/\/pysslingen.se\/pomperipossa\/intervju\/anna\/\"]}]},{\"@type\":\"BreadcrumbList\",\"@id\":\"https:\/\/pysslingen.se\/pomperipossa\/intervju\/anna\/#breadcrumb\",\"itemListElement\":[{\"@type\":\"ListItem\",\"position\":1,\"name\":\"Start\",\"item\":\"https:\/\/pysslingen.se\/pomperipossa\"},{\"@type\":\"ListItem\",\"position\":2,\"name\":\"Intervju\"}]},{\"@type\":\"WebSite\",\"@id\":\"https:\/\/pysslingen.se\/pomperipossa\/#website\",\"url\":\"https:\/\/pysslingen.se\/pomperipossa\/\",\"name\":\"Pomperipossa\",\"description\":\"En trygg och stimulerande v\u00e4rld\",\"publisher\":{\"@id\":\"https:\/\/pysslingen.se\/pomperipossa\/#organization\"},\"potentialAction\":[{\"@type\":\"SearchAction\",\"target\":{\"@type\":\"EntryPoint\",\"urlTemplate\":\"https:\/\/pysslingen.se\/pomperipossa\/?s={search_term_string}\"},\"query-input\":\"required name=search_term_string\"}],\"inLanguage\":\"sv-SE\"},{\"@type\":\"Organization\",\"@id\":\"https:\/\/pysslingen.se\/pomperipossa\/#organization\",\"name\":\"Pysslingen F\u00f6rskolor\",\"url\":\"https:\/\/pysslingen.se\/pomperipossa\/\",\"logo\":{\"@type\":\"ImageObject\",\"inLanguage\":\"sv-SE\",\"@id\":\"https:\/\/pysslingen.se\/pomperipossa\/#\/schema\/logo\/image\/\",\"url\":\"https:\/\/pysslingen.se\/wp-content\/uploads\/2021\/05\/pysslingen-forskolor.png\",\"contentUrl\":\"https:\/\/pysslingen.se\/wp-content\/uploads\/2021\/05\/pysslingen-forskolor.png\",\"width\":1120,\"height\":630,\"caption\":\"Pysslingen F\u00f6rskolor\"},\"image\":{\"@id\":\"https:\/\/pysslingen.se\/pomperipossa\/#\/schema\/logo\/image\/\"}}]}<\/script>\n<!-- \/ Yoast SEO plugin. -->","yoast_head_json":{"title":"Tr\u00e4ffa v\u00e5ran pedagog Anna p\u00e5 Pomperipossa!","description":"Anna \u00e4r pedagog p\u00e5 Pomperipossa och hon v\u00e4rdes\u00e4tter f\u00f6rskolans gemensamma f\u00f6rh\u00e5llningss\u00e4tt.","robots":{"index":"index","follow":"follow","max-snippet":"max-snippet:-1","max-image-preview":"max-image-preview:large","max-video-preview":"max-video-preview:-1"},"canonical":"https:\/\/pysslingen.se\/pomperipossa\/intervju\/anna\/","og_locale":"sv_SE","og_type":"article","og_title":"Tr\u00e4ffa v\u00e5ran pedagog Anna p\u00e5 Pomperipossa!","og_description":"Anna \u00e4r pedagog p\u00e5 Pomperipossa och hon v\u00e4rdes\u00e4tter f\u00f6rskolans gemensamma f\u00f6rh\u00e5llningss\u00e4tt.","og_url":"https:\/\/pysslingen.se\/pomperipossa\/intervju\/anna\/","og_site_name":"Pomperipossa","article_modified_time":"2025-12-11T08:57:51+00:00","twitter_card":"summary_large_image","twitter_title":"Tr\u00e4ffa v\u00e5ran pedagog Anna p\u00e5 Pomperipossa!","twitter_description":"Anna \u00e4r pedagog p\u00e5 Pomperipossa och hon v\u00e4rdes\u00e4tter f\u00f6rskolans gemensamma f\u00f6rh\u00e5llningss\u00e4tt.","twitter_image":"https:\/\/pysslingen.se\/wp-content\/uploads\/sites\/54\/2020\/11\/pomperipossaintervju.jpeg","twitter_misc":{"Ber\u00e4knad l\u00e4stid":"1 minut"},"schema":{"@context":"https:\/\/schema.org","@graph":[{"@type":"WebPage","@id":"https:\/\/pysslingen.se\/pomperipossa\/intervju\/anna\/","url":"https:\/\/pysslingen.se\/pomperipossa\/intervju\/anna\/","name":"Tr\u00e4ffa v\u00e5ran pedagog Anna p\u00e5 Pomperipossa!","isPartOf":{"@id":"https:\/\/pysslingen.se\/pomperipossa\/#website"},"datePublished":"2020-11-18T16:09:32+00:00","dateModified":"2025-12-11T08:57:51+00:00","description":"Anna \u00e4r pedagog p\u00e5 Pomperipossa och hon v\u00e4rdes\u00e4tter f\u00f6rskolans gemensamma f\u00f6rh\u00e5llningss\u00e4tt.","breadcrumb":{"@id":"https:\/\/pysslingen.se\/pomperipossa\/intervju\/anna\/#breadcrumb"},"inLanguage":"sv-SE","potentialAction":[{"@type":"ReadAction","target":["https:\/\/pysslingen.se\/pomperipossa\/intervju\/anna\/"]}]},{"@type":"BreadcrumbList","@id":"https:\/\/pysslingen.se\/pomperipossa\/intervju\/anna\/#breadcrumb","itemListElement":[{"@type":"ListItem","position":1,"name":"Start","item":"https:\/\/pysslingen.se\/pomperipossa"},{"@type":"ListItem","position":2,"name":"Intervju"}]},{"@type":"WebSite","@id":"https:\/\/pysslingen.se\/pomperipossa\/#website","url":"https:\/\/pysslingen.se\/pomperipossa\/","name":"Pomperipossa","description":"En trygg och stimulerande v\u00e4rld","publisher":{"@id":"https:\/\/pysslingen.se\/pomperipossa\/#organization"},"potentialAction":[{"@type":"SearchAction","target":{"@type":"EntryPoint","urlTemplate":"https:\/\/pysslingen.se\/pomperipossa\/?s={search_term_string}"},"query-input":"required name=search_term_string"}],"inLanguage":"sv-SE"},{"@type":"Organization","@id":"https:\/\/pysslingen.se\/pomperipossa\/#organization","name":"Pysslingen F\u00f6rskolor","url":"https:\/\/pysslingen.se\/pomperipossa\/","logo":{"@type":"ImageObject","inLanguage":"sv-SE","@id":"https:\/\/pysslingen.se\/pomperipossa\/#\/schema\/logo\/image\/","url":"https:\/\/pysslingen.se\/wp-content\/uploads\/2021\/05\/pysslingen-forskolor.png","contentUrl":"https:\/\/pysslingen.se\/wp-content\/uploads\/2021\/05\/pysslingen-forskolor.png","width":1120,"height":630,"caption":"Pysslingen F\u00f6rskolor"},"image":{"@id":"https:\/\/pysslingen.se\/pomperipossa\/#\/schema\/logo\/image\/"}}]}},"_links":{"self":[{"href":"https:\/\/pysslingen.se\/pomperipossa\/wp-json\/wp\/v2\/testimonial\/1016"}],"collection":[{"href":"https:\/\/pysslingen.se\/pomperipossa\/wp-json\/wp\/v2\/testimonial"}],"about":[{"href":"https:\/\/pysslingen.se\/pomperipossa\/wp-json\/wp\/v2\/types\/testimonial"}],"wp:attachment":[{"href":"https:\/\/pysslingen.se\/pomperipossa\/wp-json\/wp\/v2\/media?parent=1016"}],"wp:term":[{"taxonomy":"testimonial_category","embeddable":true,"href":"https:\/\/pysslingen.se\/pomperipossa\/wp-json\/wp\/v2\/testimonial_category?post=1016"}],"curies":[{"name":"wp","href":"https:\/\/api.w.org\/{rel}","templated":true}]}}