{"id":1208,"date":"2020-12-02T16:19:55","date_gmt":"2020-12-02T16:19:55","guid":{"rendered":"https:\/\/pysslingen.se\/ostraekedal\/?post_type=testimonial&#038;p=1208"},"modified":"2025-12-15T14:36:30","modified_gmt":"2025-12-15T13:36:30","slug":"sofie-lindberg","status":"publish","type":"testimonial","link":"https:\/\/pysslingen.se\/ostraekedal\/intervju\/sofie-lindberg\/","title":{"rendered":"Sofie Lindberg"},"content":{"rendered":"<style>\n\t@media only screen and (min-width: 769px) {\n\t\t.testimonial_header_module__image {\n\t\t\tpadding-right: 15px;\n\t\t\tpadding-left: 6px;\n\t\t}\n\n\t\t.testimonial_header_module {\n\t\t\tmargin-bottom: -150px;\n\t\t}\n\t}\n<\/style>\n\n\n<div aria-label=\"testimonial header\"    class=\"testimonial_header_module__data d-none  site__cta-bg--100 \"><\/div>\n<div class=\"testimonial_header_module testimonial_header_module__bg\" >\n\t<div class=\"container\">\n\t\t<div class=\"row\">\n\t\t\t<div class=\"testimonial_header_module__col9\">\n\t\t\t\t<div class=\"testimonial_header_module__text_wrap\">\n\t\t\t\t\t\t\t\t\t\t\t<h1   class=\"site__heading-size-2  site__text-color--light \">\n\t\t\t\t\t\t\tHej Sofie!\t\t\t\t\t\t<\/h1>\n\t\t\t\t\t\n\t\t\t\t\t<p   class=\"site__ingress site__free_text--ingress testimonial_header_module__margin_top site__text-color--light \">\n\t\t\t\t\t\tSofie Lindberg har jobbat som pedagog p\u00e5 \u00d6stra Ekedal sedan 2019. Hon tycker att det \u00e4r en inspirerande milj\u00f6 och god st\u00e4mning p\u00e5 f\u00f6rskolan.\t\t\t\t\t<\/p>\n\t\t\t\t<\/div>\n\t\t\t<\/div>\n\t\t\t<div class=\"testimonial_header_module__col3\">\n\t\t\t\t<picture   id=\"hero-picture\">\n\t\t\t\t\t<img decoding=\"async\" width=\"640\" height=\"853\" src=\"https:\/\/pysslingen.se\/wp-content\/uploads\/sites\/84\/2020\/12\/sofe-lindberg-barnskotare.jpeg\" class=\"testimonial_header_module__image\" alt=\"Portr\u00e4ttbild p\u00e5 medarbetare.\" srcset=\"https:\/\/pysslingen.se\/wp-content\/uploads\/sites\/84\/2020\/12\/sofe-lindberg-barnskotare.jpeg 750w, https:\/\/pysslingen.se\/wp-content\/uploads\/sites\/84\/2020\/12\/sofe-lindberg-barnskotare-225x300.jpeg 225w, https:\/\/pysslingen.se\/wp-content\/uploads\/sites\/84\/2020\/12\/sofe-lindberg-barnskotare-503x670.jpeg 503w\" sizes=\"(max-width: 640px) 100vw, 640px\" \/>\t\t\t\t<\/picture>\n\t\t\t<\/div>\n\t\t<\/div>\n\t<\/div>\n<\/div>\n\n<script>\n\tvar para = document.getElementsByClassName(\"testimonial_header_module__data\")[0]\n\tvar compStyles = window.getComputedStyle(para);\n\tvar bg_color = compStyles.getPropertyValue('background-color')\n\tvar element = document.getElementsByClassName(\"testimonial_header_module__bg\")[0]\n\telement.setAttribute('style', \"background: linear-gradient(to bottom, \"\n\t\t\t+ bg_color + \",\"\n\t\t\t+ bg_color + \" calc(100% - 66px), transparent calc(100% - 66px), transparent);\");\n\n\n<\/script>\n\n\n\n<div class=\"wp-block-columns is-layout-flex wp-container-core-columns-layout-1 wp-block-columns-is-layout-flex\">\n<div class=\"wp-block-column is-layout-flow wp-block-column-is-layout-flow\" style=\"flex-basis:66.66%\"><style>\n@media only screen and (min-width: 600px) {\n\t\t\t.ams-fragor-gptmciipienlqwhjdfnj {\n\t\t\tdisplay:none;\n\t\t}\n\t}\n@media only screen and (max-width: 600px) {\n\t}\n<\/style>\n<div   class=\"ams-fragor  site__cta-bg--100   ams-fragor-gptmciipienlqwhjdfnj\" >\n   \t\t <div   class=\" site__text-color--light  ams-fragor__namn\">\n\t\t\tNamn:\t\t\t<span class=\" \">\n\t\t\t\tSofie Lindberg\t\t\t<\/span>\n\t\t<\/div>\n\t\t<div   class=\" site__text-color--light  ams-fragor__utbildning\">\n\t\t\tJobbar som:\t\t\t<span class=\" \">\n\t\t\t\tPedagog\t\t\t<\/span>\n\t\t<\/div>\n\t\t\t\t\t<ul>\n\t\t\t\t\t<\/ul>\n\t\t\t<\/div>\n<script>\n\tamsFragor = function() {\n\t\tvar w = window.innerWidth;\n\t\tvar siteMain = document.getElementsByClassName(\"site-main\")[0]\n\t\tif(typeof siteMain !== 'undefined'){\n\t\t\tvar testimonial = siteMain.getElementsByClassName(\"testimonial_header_module\")[0]\n\t\t\tif(typeof testimonial !== 'undefined'){\n\t\t\t\tvar amsFragor = document.getElementsByClassName(\"ams-fragor\")\n\t\t\t\tfor(var i = 0; i < amsFragor.length; i++){\n\t\t\t\t\tif(w > 769 ){\n\t\t\t\t\t\tamsFragor[i].setAttribute('style', \"margin-top: 50px\");\n\t\t\t\t\t}else{\n\t\t\t\t\t\tamsFragor[i].setAttribute('style', \"margin-top: 0px\");\n\t\t\t\t\t}\n\t\t\t\t}\n\t\t\t}\n\t\t}\n\t};\n\tamsFragor();\n\twindow.addEventListener(\"resize\", amsFragor);\n<\/script>\n\n\n\n<h2 class=\"wp-block-heading\">Vad g\u00f6r \u00d6stra Ekedal till en s\u00e5 bra plats f\u00f6r v\u00e5ra barn?<\/h2>\n\n\n\n<p>&#8211; F\u00f6rskolan ligger n\u00e4ra naturen. G\u00e5rden \u00e4r stor och har m\u00e5nga bra platser med olika aktiviteter som fr\u00e4mjar m\u00f6ten mellan barnen. Vi har \u00e4ven en stuga p\u00e5 g\u00e5rden, piratstugan, d\u00e4r barnen har m\u00f6jlighet att g\u00e5 in och skapa, bygga med Lego, l\u00e4sa en saga eller spela spel. Materialet \u00e4ndras efter barnens intressen. Vi pedagoger \u00e4r medforskande och lyssnar till barnens id\u00e9er och intressen, vilket \u00e4r v\u00e4ldigt viktigt tycker jag. H\u00e4r p\u00e5 \u00d6stra Ekedal f\u00e5r barnen utlopp f\u00f6r sin kreativitet och vi ser barnens enskilda behov.<\/p>\n\n\n\n<h2 class=\"wp-block-heading\">Vad gillar du mest med att vara pedagog p\u00e5 f\u00f6rskolan?<\/h2>\n\n\n\n<p>&#8211; Vi har en inspirerande milj\u00f6 b\u00e5de ute och inne. Barnen \u00e4r omt\u00e4nksamma och jag har v\u00e4ldigt bra och positiva kollegor. Jag tycker det \u00e4r kul att ingen dag \u00e4r den andra lik och vi arbetar i sp\u00e4nnande projekt, s\u00e5 det \u00e4r intressant och roligt att g\u00e5 till jobbet.<\/p>\n\n\n\n<h2 class=\"wp-block-heading\">Vad \u00e4r viktigt f\u00f6r dig i m\u00f6tet med barnens f\u00f6r\u00e4ldrar?<\/h2>\n\n\n\n<p>&#8211; Att vi har f\u00f6rtroende f\u00f6r varandra och det bygger vi genom bra kommunikation.<\/p>\n<\/div>\n\n\n\n<div class=\"wp-block-column is-layout-flow wp-block-column-is-layout-flow\" style=\"flex-basis:33.33%\"><style>\n@media only screen and (min-width: 600px) {\n\t}\n@media only screen and (max-width: 600px) {\n\t\t\t.ams-fragor{\n\t\t\t margin-bottom:40px;\n\t\t}\n\t\t.ams-fragor-jtudvkcrmlctlfvxexxp{\n\t\t\tdisplay:none;\n\t\t}\n\t}\n<\/style>\n<div   class=\"ams-fragor  site__cta-bg--100   ams-fragor-jtudvkcrmlctlfvxexxp\" >\n   \t\t <div   class=\" site__text-color--light  ams-fragor__namn\">\n\t\t\tNamn:\t\t\t<span class=\" \">\n\t\t\t\tSofie Lindberg\t\t\t<\/span>\n\t\t<\/div>\n\t\t<div   class=\" site__text-color--light  ams-fragor__utbildning\">\n\t\t\tJobbar som:\t\t\t<span class=\" \">\n\t\t\t\tPedagog\t\t\t<\/span>\n\t\t<\/div>\n\t\t\t\t\t<ul>\n\t\t\t\t\t<\/ul>\n\t\t\t<\/div>\n<script>\n\tamsFragor = function() {\n\t\tvar w = window.innerWidth;\n\t\tvar siteMain = document.getElementsByClassName(\"site-main\")[0]\n\t\tif(typeof siteMain !== 'undefined'){\n\t\t\tvar testimonial = siteMain.getElementsByClassName(\"testimonial_header_module\")[0]\n\t\t\tif(typeof testimonial !== 'undefined'){\n\t\t\t\tvar amsFragor = document.getElementsByClassName(\"ams-fragor\")\n\t\t\t\tfor(var i = 0; i < amsFragor.length; i++){\n\t\t\t\t\tif(w > 769 ){\n\t\t\t\t\t\tamsFragor[i].setAttribute('style', \"margin-top: 50px\");\n\t\t\t\t\t}else{\n\t\t\t\t\t\tamsFragor[i].setAttribute('style', \"margin-top: 0px\");\n\t\t\t\t\t}\n\t\t\t\t}\n\t\t\t}\n\t\t}\n\t};\n\tamsFragor();\n\twindow.addEventListener(\"resize\", amsFragor);\n<\/script>\n<\/div>\n<\/div>\n","protected":false},"featured_media":0,"template":"","testimonial_category":[],"yoast_head":"<!-- This site is optimized with the Yoast SEO plugin v22.0 - https:\/\/yoast.com\/wordpress\/plugins\/seo\/ -->\n<title>Tr\u00e4ffa v\u00e5ran pedagog Sofie Lindberg p\u00e5 \u00d6stra Ekedal!<\/title>\n<meta name=\"description\" content=\"Sofie Lindberg har jobbat som pedagog p\u00e5 \u00d6stra Ekedal sedan 2019. Hon tycker att det \u00e4r en inspirerande milj\u00f6 och god st\u00e4mning p\u00e5 f\u00f6rskolan.\" \/>\n<meta name=\"robots\" content=\"index, follow, max-snippet:-1, max-image-preview:large, max-video-preview:-1\" \/>\n<link rel=\"canonical\" href=\"https:\/\/pysslingen.se\/ostraekedal\/intervju\/sofie-lindberg\/\" \/>\n<meta property=\"og:locale\" content=\"sv_SE\" \/>\n<meta property=\"og:type\" content=\"article\" \/>\n<meta property=\"og:title\" content=\"Tr\u00e4ffa v\u00e5ran pedagog Sofie Lindberg p\u00e5 \u00d6stra Ekedal!\" \/>\n<meta property=\"og:description\" content=\"Sofie Lindberg har jobbat som pedagog p\u00e5 \u00d6stra Ekedal sedan 2019. Hon tycker att det \u00e4r en inspirerande milj\u00f6 och god st\u00e4mning p\u00e5 f\u00f6rskolan.\" \/>\n<meta property=\"og:url\" content=\"https:\/\/pysslingen.se\/ostraekedal\/intervju\/sofie-lindberg\/\" \/>\n<meta property=\"og:site_name\" content=\"\u00d6stra Ekedal\" \/>\n<meta property=\"article:modified_time\" content=\"2025-12-15T13:36:30+00:00\" \/>\n<meta name=\"twitter:card\" content=\"summary_large_image\" \/>\n<meta name=\"twitter:title\" content=\"Tr\u00e4ffa v\u00e5ran pedagog Sofie Lindberg p\u00e5 \u00d6stra Ekedal!\" \/>\n<meta name=\"twitter:description\" content=\"Sofie Lindberg har jobbat som pedagog p\u00e5 \u00d6stra Ekedal sedan 2019. Hon tycker att det \u00e4r en inspirerande milj\u00f6 och god st\u00e4mning p\u00e5 f\u00f6rskolan.\" \/>\n<meta name=\"twitter:image\" content=\"https:\/\/pysslingen.se\/wp-content\/uploads\/sites\/84\/2020\/12\/sofe-lindberg-barnskotare.jpeg\" \/>\n<meta name=\"twitter:label1\" content=\"Ber\u00e4knad l\u00e4stid\" \/>\n\t<meta name=\"twitter:data1\" content=\"1 minut\" \/>\n<script type=\"application\/ld+json\" class=\"yoast-schema-graph\">{\"@context\":\"https:\/\/schema.org\",\"@graph\":[{\"@type\":\"WebPage\",\"@id\":\"https:\/\/pysslingen.se\/ostraekedal\/intervju\/sofie-lindberg\/\",\"url\":\"https:\/\/pysslingen.se\/ostraekedal\/intervju\/sofie-lindberg\/\",\"name\":\"Tr\u00e4ffa v\u00e5ran pedagog Sofie Lindberg p\u00e5 \u00d6stra Ekedal!\",\"isPartOf\":{\"@id\":\"https:\/\/pysslingen.se\/ostraekedal\/#website\"},\"datePublished\":\"2020-12-02T16:19:55+00:00\",\"dateModified\":\"2025-12-15T13:36:30+00:00\",\"description\":\"Sofie Lindberg har jobbat som pedagog p\u00e5 \u00d6stra Ekedal sedan 2019. Hon tycker att det \u00e4r en inspirerande milj\u00f6 och god st\u00e4mning p\u00e5 f\u00f6rskolan.\",\"breadcrumb\":{\"@id\":\"https:\/\/pysslingen.se\/ostraekedal\/intervju\/sofie-lindberg\/#breadcrumb\"},\"inLanguage\":\"sv-SE\",\"potentialAction\":[{\"@type\":\"ReadAction\",\"target\":[\"https:\/\/pysslingen.se\/ostraekedal\/intervju\/sofie-lindberg\/\"]}]},{\"@type\":\"BreadcrumbList\",\"@id\":\"https:\/\/pysslingen.se\/ostraekedal\/intervju\/sofie-lindberg\/#breadcrumb\",\"itemListElement\":[{\"@type\":\"ListItem\",\"position\":1,\"name\":\"Start\",\"item\":\"https:\/\/pysslingen.se\/ostraekedal\"},{\"@type\":\"ListItem\",\"position\":2,\"name\":\"Intervju\"}]},{\"@type\":\"WebSite\",\"@id\":\"https:\/\/pysslingen.se\/ostraekedal\/#website\",\"url\":\"https:\/\/pysslingen.se\/ostraekedal\/\",\"name\":\"\u00d6stra Ekedal\",\"description\":\"En trygg och stimulerande v\u00e4rld\",\"publisher\":{\"@id\":\"https:\/\/pysslingen.se\/ostraekedal\/#organization\"},\"potentialAction\":[{\"@type\":\"SearchAction\",\"target\":{\"@type\":\"EntryPoint\",\"urlTemplate\":\"https:\/\/pysslingen.se\/ostraekedal\/?s={search_term_string}\"},\"query-input\":\"required name=search_term_string\"}],\"inLanguage\":\"sv-SE\"},{\"@type\":\"Organization\",\"@id\":\"https:\/\/pysslingen.se\/ostraekedal\/#organization\",\"name\":\"Pysslingen F\u00f6rskolor\",\"url\":\"https:\/\/pysslingen.se\/ostraekedal\/\",\"logo\":{\"@type\":\"ImageObject\",\"inLanguage\":\"sv-SE\",\"@id\":\"https:\/\/pysslingen.se\/ostraekedal\/#\/schema\/logo\/image\/\",\"url\":\"https:\/\/pysslingen.se\/wp-content\/uploads\/2021\/05\/pysslingen-forskolor.png\",\"contentUrl\":\"https:\/\/pysslingen.se\/wp-content\/uploads\/2021\/05\/pysslingen-forskolor.png\",\"width\":1120,\"height\":630,\"caption\":\"Pysslingen F\u00f6rskolor\"},\"image\":{\"@id\":\"https:\/\/pysslingen.se\/ostraekedal\/#\/schema\/logo\/image\/\"}}]}<\/script>\n<!-- \/ Yoast SEO plugin. -->","yoast_head_json":{"title":"Tr\u00e4ffa v\u00e5ran pedagog Sofie Lindberg p\u00e5 \u00d6stra Ekedal!","description":"Sofie Lindberg har jobbat som pedagog p\u00e5 \u00d6stra Ekedal sedan 2019. Hon tycker att det \u00e4r en inspirerande milj\u00f6 och god st\u00e4mning p\u00e5 f\u00f6rskolan.","robots":{"index":"index","follow":"follow","max-snippet":"max-snippet:-1","max-image-preview":"max-image-preview:large","max-video-preview":"max-video-preview:-1"},"canonical":"https:\/\/pysslingen.se\/ostraekedal\/intervju\/sofie-lindberg\/","og_locale":"sv_SE","og_type":"article","og_title":"Tr\u00e4ffa v\u00e5ran pedagog Sofie Lindberg p\u00e5 \u00d6stra Ekedal!","og_description":"Sofie Lindberg har jobbat som pedagog p\u00e5 \u00d6stra Ekedal sedan 2019. Hon tycker att det \u00e4r en inspirerande milj\u00f6 och god st\u00e4mning p\u00e5 f\u00f6rskolan.","og_url":"https:\/\/pysslingen.se\/ostraekedal\/intervju\/sofie-lindberg\/","og_site_name":"\u00d6stra Ekedal","article_modified_time":"2025-12-15T13:36:30+00:00","twitter_card":"summary_large_image","twitter_title":"Tr\u00e4ffa v\u00e5ran pedagog Sofie Lindberg p\u00e5 \u00d6stra Ekedal!","twitter_description":"Sofie Lindberg har jobbat som pedagog p\u00e5 \u00d6stra Ekedal sedan 2019. Hon tycker att det \u00e4r en inspirerande milj\u00f6 och god st\u00e4mning p\u00e5 f\u00f6rskolan.","twitter_image":"https:\/\/pysslingen.se\/wp-content\/uploads\/sites\/84\/2020\/12\/sofe-lindberg-barnskotare.jpeg","twitter_misc":{"Ber\u00e4knad l\u00e4stid":"1 minut"},"schema":{"@context":"https:\/\/schema.org","@graph":[{"@type":"WebPage","@id":"https:\/\/pysslingen.se\/ostraekedal\/intervju\/sofie-lindberg\/","url":"https:\/\/pysslingen.se\/ostraekedal\/intervju\/sofie-lindberg\/","name":"Tr\u00e4ffa v\u00e5ran pedagog Sofie Lindberg p\u00e5 \u00d6stra Ekedal!","isPartOf":{"@id":"https:\/\/pysslingen.se\/ostraekedal\/#website"},"datePublished":"2020-12-02T16:19:55+00:00","dateModified":"2025-12-15T13:36:30+00:00","description":"Sofie Lindberg har jobbat som pedagog p\u00e5 \u00d6stra Ekedal sedan 2019. Hon tycker att det \u00e4r en inspirerande milj\u00f6 och god st\u00e4mning p\u00e5 f\u00f6rskolan.","breadcrumb":{"@id":"https:\/\/pysslingen.se\/ostraekedal\/intervju\/sofie-lindberg\/#breadcrumb"},"inLanguage":"sv-SE","potentialAction":[{"@type":"ReadAction","target":["https:\/\/pysslingen.se\/ostraekedal\/intervju\/sofie-lindberg\/"]}]},{"@type":"BreadcrumbList","@id":"https:\/\/pysslingen.se\/ostraekedal\/intervju\/sofie-lindberg\/#breadcrumb","itemListElement":[{"@type":"ListItem","position":1,"name":"Start","item":"https:\/\/pysslingen.se\/ostraekedal"},{"@type":"ListItem","position":2,"name":"Intervju"}]},{"@type":"WebSite","@id":"https:\/\/pysslingen.se\/ostraekedal\/#website","url":"https:\/\/pysslingen.se\/ostraekedal\/","name":"\u00d6stra Ekedal","description":"En trygg och stimulerande v\u00e4rld","publisher":{"@id":"https:\/\/pysslingen.se\/ostraekedal\/#organization"},"potentialAction":[{"@type":"SearchAction","target":{"@type":"EntryPoint","urlTemplate":"https:\/\/pysslingen.se\/ostraekedal\/?s={search_term_string}"},"query-input":"required name=search_term_string"}],"inLanguage":"sv-SE"},{"@type":"Organization","@id":"https:\/\/pysslingen.se\/ostraekedal\/#organization","name":"Pysslingen F\u00f6rskolor","url":"https:\/\/pysslingen.se\/ostraekedal\/","logo":{"@type":"ImageObject","inLanguage":"sv-SE","@id":"https:\/\/pysslingen.se\/ostraekedal\/#\/schema\/logo\/image\/","url":"https:\/\/pysslingen.se\/wp-content\/uploads\/2021\/05\/pysslingen-forskolor.png","contentUrl":"https:\/\/pysslingen.se\/wp-content\/uploads\/2021\/05\/pysslingen-forskolor.png","width":1120,"height":630,"caption":"Pysslingen F\u00f6rskolor"},"image":{"@id":"https:\/\/pysslingen.se\/ostraekedal\/#\/schema\/logo\/image\/"}}]}},"_links":{"self":[{"href":"https:\/\/pysslingen.se\/ostraekedal\/wp-json\/wp\/v2\/testimonial\/1208"}],"collection":[{"href":"https:\/\/pysslingen.se\/ostraekedal\/wp-json\/wp\/v2\/testimonial"}],"about":[{"href":"https:\/\/pysslingen.se\/ostraekedal\/wp-json\/wp\/v2\/types\/testimonial"}],"wp:attachment":[{"href":"https:\/\/pysslingen.se\/ostraekedal\/wp-json\/wp\/v2\/media?parent=1208"}],"wp:term":[{"taxonomy":"testimonial_category","embeddable":true,"href":"https:\/\/pysslingen.se\/ostraekedal\/wp-json\/wp\/v2\/testimonial_category?post=1208"}],"curies":[{"name":"wp","href":"https:\/\/api.w.org\/{rel}","templated":true}]}}