{"id":956,"date":"2020-11-08T16:32:10","date_gmt":"2020-11-08T16:32:10","guid":{"rendered":"https:\/\/pysslingen.se\/orren\/?post_type=testimonial&#038;p=956"},"modified":"2025-12-12T14:13:46","modified_gmt":"2025-12-12T13:13:46","slug":"griselda-azocar","status":"publish","type":"testimonial","link":"https:\/\/pysslingen.se\/orren\/intervju\/griselda-azocar\/","title":{"rendered":"Griselda Az\u00f3car"},"content":{"rendered":"<style>\n\t@media only screen and (min-width: 769px) {\n\t\t.testimonial_header_module__image {\n\t\t\tpadding-right: 15px;\n\t\t\tpadding-left: 6px;\n\t\t}\n\n\t\t.testimonial_header_module {\n\t\t\tmargin-bottom: -150px;\n\t\t}\n\t}\n<\/style>\n\n\n<div aria-label=\"testimonial header\"    class=\"testimonial_header_module__data d-none  site__cta-bg--100 \"><\/div>\n<div class=\"testimonial_header_module testimonial_header_module__bg\" >\n\t<div class=\"container\">\n\t\t<div class=\"row\">\n\t\t\t<div class=\"testimonial_header_module__col9\">\n\t\t\t\t<div class=\"testimonial_header_module__text_wrap\">\n\t\t\t\t\t\t\t\t\t\t\t<h1   class=\"site__heading-size-2  site__text-color--light \">\n\t\t\t\t\t\t\tHej Griselda!\t\t\t\t\t\t<\/h1>\n\t\t\t\t\t\n\t\t\t\t\t<p   class=\"site__ingress site__free_text--ingress testimonial_header_module__margin_top site__text-color--light \">\n\t\t\t\t\t\tGriselda \u00e4r f\u00f6rskoll\u00e4rare och har arbetat p\u00e5 Pysslingen F\u00f6rskolor Orren sedan \u00e5r 2016. Hon uppskattar att f\u00e5 m\u00f6ta barnen varje dag och f\u00f6lja deras l\u00e4rande.\t\t\t\t\t<\/p>\n\t\t\t\t<\/div>\n\t\t\t<\/div>\n\t\t\t<div class=\"testimonial_header_module__col3\">\n\t\t\t\t<picture   id=\"hero-picture\">\n\t\t\t\t\t<img decoding=\"async\" width=\"640\" height=\"690\" src=\"https:\/\/pysslingen.se\/wp-content\/uploads\/sites\/15\/2020\/11\/medarbetaren-griselda-azocar-e1634671257928-950x1024.jpeg\" class=\"testimonial_header_module__image\" alt=\"Portr\u00e4ttbild p\u00e5 medarbetare.\" srcset=\"https:\/\/pysslingen.se\/wp-content\/uploads\/sites\/15\/2020\/11\/medarbetaren-griselda-azocar-e1634671257928-950x1024.jpeg 950w, https:\/\/pysslingen.se\/wp-content\/uploads\/sites\/15\/2020\/11\/medarbetaren-griselda-azocar-e1634671257928-278x300.jpeg 278w, https:\/\/pysslingen.se\/wp-content\/uploads\/sites\/15\/2020\/11\/medarbetaren-griselda-azocar-e1634671257928-768x828.jpeg 768w, https:\/\/pysslingen.se\/wp-content\/uploads\/sites\/15\/2020\/11\/medarbetaren-griselda-azocar-e1634671257928-1425x1536.jpeg 1425w, https:\/\/pysslingen.se\/wp-content\/uploads\/sites\/15\/2020\/11\/medarbetaren-griselda-azocar-e1634671257928-1024x1104.jpeg 1024w, https:\/\/pysslingen.se\/wp-content\/uploads\/sites\/15\/2020\/11\/medarbetaren-griselda-azocar-e1634671257928-1100x1186.jpeg 1100w, https:\/\/pysslingen.se\/wp-content\/uploads\/sites\/15\/2020\/11\/medarbetaren-griselda-azocar-e1634671257928-621x670.jpeg 621w, https:\/\/pysslingen.se\/wp-content\/uploads\/sites\/15\/2020\/11\/medarbetaren-griselda-azocar-e1634671257928-500x539.jpeg 500w, https:\/\/pysslingen.se\/wp-content\/uploads\/sites\/15\/2020\/11\/medarbetaren-griselda-azocar-e1634671257928-212x229.jpeg 212w, https:\/\/pysslingen.se\/wp-content\/uploads\/sites\/15\/2020\/11\/medarbetaren-griselda-azocar-e1634671257928-340x367.jpeg 340w, https:\/\/pysslingen.se\/wp-content\/uploads\/sites\/15\/2020\/11\/medarbetaren-griselda-azocar-e1634671257928.jpeg 1691w\" sizes=\"(max-width: 640px) 100vw, 640px\" \/>\t\t\t\t<\/picture>\n\t\t\t<\/div>\n\t\t<\/div>\n\t<\/div>\n<\/div>\n\n<script>\n\tvar para = document.getElementsByClassName(\"testimonial_header_module__data\")[0]\n\tvar compStyles = window.getComputedStyle(para);\n\tvar bg_color = compStyles.getPropertyValue('background-color')\n\tvar element = document.getElementsByClassName(\"testimonial_header_module__bg\")[0]\n\telement.setAttribute('style', \"background: linear-gradient(to bottom, \"\n\t\t\t+ bg_color + \",\"\n\t\t\t+ bg_color + \" calc(100% - 66px), transparent calc(100% - 66px), transparent);\");\n\n\n<\/script>\n\n\n\n<div class=\"wp-block-columns is-layout-flex wp-container-core-columns-layout-1 wp-block-columns-is-layout-flex\">\n<div class=\"wp-block-column is-layout-flow wp-block-column-is-layout-flow\" style=\"flex-basis:66.66%\"><style>\n@media only screen and (min-width: 600px) {\n\t\t\t.ams-fragor-dmyyotunbaywuuxhafil {\n\t\t\tdisplay:none;\n\t\t}\n\t}\n@media only screen and (max-width: 600px) {\n\t}\n<\/style>\n<div   class=\"ams-fragor  site__cta-bg--100   ams-fragor-dmyyotunbaywuuxhafil\" >\n   \t\t <div   class=\" site__text-color--light  ams-fragor__namn\">\n\t\t\tNamn:\t\t\t<span class=\" \">\n\t\t\t\tGriselda Az\u00f3car\t\t\t<\/span>\n\t\t<\/div>\n\t\t<div   class=\" site__text-color--light  ams-fragor__utbildning\">\n\t\t\tJobbar som:\t\t\t<span class=\" \">\n\t\t\t\tF\u00f6rskoll\u00e4rare\t\t\t<\/span>\n\t\t<\/div>\n\t\t\t\t\t<ul>\n\t\t\t\t\t<\/ul>\n\t\t\t<\/div>\n<script>\n\tamsFragor = function() {\n\t\tvar w = window.innerWidth;\n\t\tvar siteMain = document.getElementsByClassName(\"site-main\")[0]\n\t\tif(typeof siteMain !== 'undefined'){\n\t\t\tvar testimonial = siteMain.getElementsByClassName(\"testimonial_header_module\")[0]\n\t\t\tif(typeof testimonial !== 'undefined'){\n\t\t\t\tvar amsFragor = document.getElementsByClassName(\"ams-fragor\")\n\t\t\t\tfor(var i = 0; i < amsFragor.length; i++){\n\t\t\t\t\tif(w > 769 ){\n\t\t\t\t\t\tamsFragor[i].setAttribute('style', \"margin-top: 50px\");\n\t\t\t\t\t}else{\n\t\t\t\t\t\tamsFragor[i].setAttribute('style', \"margin-top: 0px\");\n\t\t\t\t\t}\n\t\t\t\t}\n\t\t\t}\n\t\t}\n\t};\n\tamsFragor();\n\twindow.addEventListener(\"resize\", amsFragor);\n<\/script>\n\n\n\n<h2 class=\"wp-block-heading\">Vad \u00e4r det b\u00e4sta med att jobba p\u00e5 f\u00f6rskolan Orren?<\/h2>\n\n\n\n<p><strong>\u2012 <\/strong>Att f\u00e5 m\u00f6ta alla dessa underbara barn varje dag och f\u00f6lja deras l\u00e4randeprocesser. Att f\u00e5 umg\u00e5s med &#8221;v\u00e5r framtid&#8221; och kunna p\u00e5verka dem till trygga, nyfikna och sj\u00e4lvst\u00e4ndiga individer med bra sj\u00e4lvk\u00e4nsla. Att arbeta p\u00e5 f\u00f6rskolan \u00e4r utmanande och utvecklande. Det \u00e4r fantastiskt att f\u00e5 vara en del i barnens utveckling!<\/p>\n\n\n\n<h2 class=\"wp-block-heading\">Hur \u00e4r det att arbeta i Pysslingen F\u00f6rskolor?<\/h2>\n\n\n\n<p><strong>\u2012 <\/strong>Jag tycker att det \u00e4r roligt och utvecklande. Bra ledningsteam, trivsam arbetsplats och professionella kollegor.<\/p>\n<\/div>\n\n\n\n<div class=\"wp-block-column is-layout-flow wp-block-column-is-layout-flow\" style=\"flex-basis:33.33%\"><style>\n@media only screen and (min-width: 600px) {\n\t}\n@media only screen and (max-width: 600px) {\n\t\t\t.ams-fragor{\n\t\t\t margin-bottom:40px;\n\t\t}\n\t\t.ams-fragor-ojusrzebszesnuuvapwj{\n\t\t\tdisplay:none;\n\t\t}\n\t}\n<\/style>\n<div   class=\"ams-fragor  site__cta-bg--100   ams-fragor-ojusrzebszesnuuvapwj\" >\n   \t\t <div   class=\" site__text-color--light  ams-fragor__namn\">\n\t\t\tNamn:\t\t\t<span class=\" \">\n\t\t\t\tGriselda Az\u00f3car\t\t\t<\/span>\n\t\t<\/div>\n\t\t<div   class=\" site__text-color--light  ams-fragor__utbildning\">\n\t\t\tJobbar som:\t\t\t<span class=\" \">\n\t\t\t\tF\u00f6rskoll\u00e4rare\t\t\t<\/span>\n\t\t<\/div>\n\t\t\t\t\t<ul>\n\t\t\t\t\t<\/ul>\n\t\t\t<\/div>\n<script>\n\tamsFragor = function() {\n\t\tvar w = window.innerWidth;\n\t\tvar siteMain = document.getElementsByClassName(\"site-main\")[0]\n\t\tif(typeof siteMain !== 'undefined'){\n\t\t\tvar testimonial = siteMain.getElementsByClassName(\"testimonial_header_module\")[0]\n\t\t\tif(typeof testimonial !== 'undefined'){\n\t\t\t\tvar amsFragor = document.getElementsByClassName(\"ams-fragor\")\n\t\t\t\tfor(var i = 0; i < amsFragor.length; i++){\n\t\t\t\t\tif(w > 769 ){\n\t\t\t\t\t\tamsFragor[i].setAttribute('style', \"margin-top: 50px\");\n\t\t\t\t\t}else{\n\t\t\t\t\t\tamsFragor[i].setAttribute('style', \"margin-top: 0px\");\n\t\t\t\t\t}\n\t\t\t\t}\n\t\t\t}\n\t\t}\n\t};\n\tamsFragor();\n\twindow.addEventListener(\"resize\", amsFragor);\n<\/script>\n<\/div>\n<\/div>\n","protected":false},"featured_media":0,"template":"","testimonial_category":[],"yoast_head":"<!-- This site is optimized with the Yoast SEO plugin v22.0 - https:\/\/yoast.com\/wordpress\/plugins\/seo\/ -->\n<title>Tr\u00e4ffa v\u00e5ran pedagog Griselda Az\u00f3car p\u00e5 Orren!<\/title>\n<meta name=\"description\" content=\"Griselda \u00e4r f\u00f6rskoll\u00e4rare och har arbetat p\u00e5 Pysslingen F\u00f6rskolor Orren sedan \u00e5r 2016. Hon uppskattar att f\u00e5 m\u00f6ta barnen varje dag och f\u00f6lja deras l\u00e4rande.\" \/>\n<meta name=\"robots\" content=\"index, follow, max-snippet:-1, max-image-preview:large, max-video-preview:-1\" \/>\n<link rel=\"canonical\" href=\"https:\/\/pysslingen.se\/orren\/intervju\/griselda-azocar\/\" \/>\n<meta property=\"og:locale\" content=\"sv_SE\" \/>\n<meta property=\"og:type\" content=\"article\" \/>\n<meta property=\"og:title\" content=\"Tr\u00e4ffa v\u00e5ran pedagog Griselda Az\u00f3car p\u00e5 Orren!\" \/>\n<meta property=\"og:description\" content=\"Griselda \u00e4r f\u00f6rskoll\u00e4rare och har arbetat p\u00e5 Pysslingen F\u00f6rskolor Orren sedan \u00e5r 2016. Hon uppskattar att f\u00e5 m\u00f6ta barnen varje dag och f\u00f6lja deras l\u00e4rande.\" \/>\n<meta property=\"og:url\" content=\"https:\/\/pysslingen.se\/orren\/intervju\/griselda-azocar\/\" \/>\n<meta property=\"og:site_name\" content=\"Orren\" \/>\n<meta property=\"article:modified_time\" content=\"2025-12-12T13:13:46+00:00\" \/>\n<meta name=\"twitter:card\" content=\"summary_large_image\" \/>\n<meta name=\"twitter:title\" content=\"Tr\u00e4ffa v\u00e5ran pedagog Griselda Az\u00f3car p\u00e5 Orren!\" \/>\n<meta name=\"twitter:description\" content=\"Griselda \u00e4r f\u00f6rskoll\u00e4rare och har arbetat p\u00e5 Pysslingen F\u00f6rskolor Orren sedan \u00e5r 2016. Hon uppskattar att f\u00e5 m\u00f6ta barnen varje dag och f\u00f6lja deras l\u00e4rande.\" \/>\n<meta name=\"twitter:image\" content=\"https:\/\/pysslingen.se\/wp-content\/uploads\/sites\/15\/2020\/11\/medarbetaren-griselda-azocar-e1634671257928-1200x630.jpeg\" \/>\n<meta name=\"twitter:label1\" content=\"Ber\u00e4knad l\u00e4stid\" \/>\n\t<meta name=\"twitter:data1\" content=\"1 minut\" \/>\n<script type=\"application\/ld+json\" class=\"yoast-schema-graph\">{\"@context\":\"https:\/\/schema.org\",\"@graph\":[{\"@type\":\"WebPage\",\"@id\":\"https:\/\/pysslingen.se\/orren\/intervju\/griselda-azocar\/\",\"url\":\"https:\/\/pysslingen.se\/orren\/intervju\/griselda-azocar\/\",\"name\":\"Tr\u00e4ffa v\u00e5ran pedagog Griselda Az\u00f3car p\u00e5 Orren!\",\"isPartOf\":{\"@id\":\"https:\/\/pysslingen.se\/orren\/#website\"},\"datePublished\":\"2020-11-08T16:32:10+00:00\",\"dateModified\":\"2025-12-12T13:13:46+00:00\",\"description\":\"Griselda \u00e4r f\u00f6rskoll\u00e4rare och har arbetat p\u00e5 Pysslingen F\u00f6rskolor Orren sedan \u00e5r 2016. Hon uppskattar att f\u00e5 m\u00f6ta barnen varje dag och f\u00f6lja deras l\u00e4rande.\",\"breadcrumb\":{\"@id\":\"https:\/\/pysslingen.se\/orren\/intervju\/griselda-azocar\/#breadcrumb\"},\"inLanguage\":\"sv-SE\",\"potentialAction\":[{\"@type\":\"ReadAction\",\"target\":[\"https:\/\/pysslingen.se\/orren\/intervju\/griselda-azocar\/\"]}]},{\"@type\":\"BreadcrumbList\",\"@id\":\"https:\/\/pysslingen.se\/orren\/intervju\/griselda-azocar\/#breadcrumb\",\"itemListElement\":[{\"@type\":\"ListItem\",\"position\":1,\"name\":\"Start\",\"item\":\"https:\/\/pysslingen.se\/orren\"},{\"@type\":\"ListItem\",\"position\":2,\"name\":\"Intervju\"}]},{\"@type\":\"WebSite\",\"@id\":\"https:\/\/pysslingen.se\/orren\/#website\",\"url\":\"https:\/\/pysslingen.se\/orren\/\",\"name\":\"Orren\",\"description\":\"En trygg och stimulerande v\u00e4rld\",\"publisher\":{\"@id\":\"https:\/\/pysslingen.se\/orren\/#organization\"},\"potentialAction\":[{\"@type\":\"SearchAction\",\"target\":{\"@type\":\"EntryPoint\",\"urlTemplate\":\"https:\/\/pysslingen.se\/orren\/?s={search_term_string}\"},\"query-input\":\"required name=search_term_string\"}],\"inLanguage\":\"sv-SE\"},{\"@type\":\"Organization\",\"@id\":\"https:\/\/pysslingen.se\/orren\/#organization\",\"name\":\"Pysslingen F\u00f6rskolor\",\"url\":\"https:\/\/pysslingen.se\/orren\/\",\"logo\":{\"@type\":\"ImageObject\",\"inLanguage\":\"sv-SE\",\"@id\":\"https:\/\/pysslingen.se\/orren\/#\/schema\/logo\/image\/\",\"url\":\"https:\/\/pysslingen.se\/wp-content\/uploads\/2021\/05\/pysslingen-forskolor.png\",\"contentUrl\":\"https:\/\/pysslingen.se\/wp-content\/uploads\/2021\/05\/pysslingen-forskolor.png\",\"width\":1120,\"height\":630,\"caption\":\"Pysslingen F\u00f6rskolor\"},\"image\":{\"@id\":\"https:\/\/pysslingen.se\/orren\/#\/schema\/logo\/image\/\"}}]}<\/script>\n<!-- \/ Yoast SEO plugin. -->","yoast_head_json":{"title":"Tr\u00e4ffa v\u00e5ran pedagog Griselda Az\u00f3car p\u00e5 Orren!","description":"Griselda \u00e4r f\u00f6rskoll\u00e4rare och har arbetat p\u00e5 Pysslingen F\u00f6rskolor Orren sedan \u00e5r 2016. Hon uppskattar att f\u00e5 m\u00f6ta barnen varje dag och f\u00f6lja deras l\u00e4rande.","robots":{"index":"index","follow":"follow","max-snippet":"max-snippet:-1","max-image-preview":"max-image-preview:large","max-video-preview":"max-video-preview:-1"},"canonical":"https:\/\/pysslingen.se\/orren\/intervju\/griselda-azocar\/","og_locale":"sv_SE","og_type":"article","og_title":"Tr\u00e4ffa v\u00e5ran pedagog Griselda Az\u00f3car p\u00e5 Orren!","og_description":"Griselda \u00e4r f\u00f6rskoll\u00e4rare och har arbetat p\u00e5 Pysslingen F\u00f6rskolor Orren sedan \u00e5r 2016. Hon uppskattar att f\u00e5 m\u00f6ta barnen varje dag och f\u00f6lja deras l\u00e4rande.","og_url":"https:\/\/pysslingen.se\/orren\/intervju\/griselda-azocar\/","og_site_name":"Orren","article_modified_time":"2025-12-12T13:13:46+00:00","twitter_card":"summary_large_image","twitter_title":"Tr\u00e4ffa v\u00e5ran pedagog Griselda Az\u00f3car p\u00e5 Orren!","twitter_description":"Griselda \u00e4r f\u00f6rskoll\u00e4rare och har arbetat p\u00e5 Pysslingen F\u00f6rskolor Orren sedan \u00e5r 2016. Hon uppskattar att f\u00e5 m\u00f6ta barnen varje dag och f\u00f6lja deras l\u00e4rande.","twitter_image":"https:\/\/pysslingen.se\/wp-content\/uploads\/sites\/15\/2020\/11\/medarbetaren-griselda-azocar-e1634671257928-1200x630.jpeg","twitter_misc":{"Ber\u00e4knad l\u00e4stid":"1 minut"},"schema":{"@context":"https:\/\/schema.org","@graph":[{"@type":"WebPage","@id":"https:\/\/pysslingen.se\/orren\/intervju\/griselda-azocar\/","url":"https:\/\/pysslingen.se\/orren\/intervju\/griselda-azocar\/","name":"Tr\u00e4ffa v\u00e5ran pedagog Griselda Az\u00f3car p\u00e5 Orren!","isPartOf":{"@id":"https:\/\/pysslingen.se\/orren\/#website"},"datePublished":"2020-11-08T16:32:10+00:00","dateModified":"2025-12-12T13:13:46+00:00","description":"Griselda \u00e4r f\u00f6rskoll\u00e4rare och har arbetat p\u00e5 Pysslingen F\u00f6rskolor Orren sedan \u00e5r 2016. Hon uppskattar att f\u00e5 m\u00f6ta barnen varje dag och f\u00f6lja deras l\u00e4rande.","breadcrumb":{"@id":"https:\/\/pysslingen.se\/orren\/intervju\/griselda-azocar\/#breadcrumb"},"inLanguage":"sv-SE","potentialAction":[{"@type":"ReadAction","target":["https:\/\/pysslingen.se\/orren\/intervju\/griselda-azocar\/"]}]},{"@type":"BreadcrumbList","@id":"https:\/\/pysslingen.se\/orren\/intervju\/griselda-azocar\/#breadcrumb","itemListElement":[{"@type":"ListItem","position":1,"name":"Start","item":"https:\/\/pysslingen.se\/orren"},{"@type":"ListItem","position":2,"name":"Intervju"}]},{"@type":"WebSite","@id":"https:\/\/pysslingen.se\/orren\/#website","url":"https:\/\/pysslingen.se\/orren\/","name":"Orren","description":"En trygg och stimulerande v\u00e4rld","publisher":{"@id":"https:\/\/pysslingen.se\/orren\/#organization"},"potentialAction":[{"@type":"SearchAction","target":{"@type":"EntryPoint","urlTemplate":"https:\/\/pysslingen.se\/orren\/?s={search_term_string}"},"query-input":"required name=search_term_string"}],"inLanguage":"sv-SE"},{"@type":"Organization","@id":"https:\/\/pysslingen.se\/orren\/#organization","name":"Pysslingen F\u00f6rskolor","url":"https:\/\/pysslingen.se\/orren\/","logo":{"@type":"ImageObject","inLanguage":"sv-SE","@id":"https:\/\/pysslingen.se\/orren\/#\/schema\/logo\/image\/","url":"https:\/\/pysslingen.se\/wp-content\/uploads\/2021\/05\/pysslingen-forskolor.png","contentUrl":"https:\/\/pysslingen.se\/wp-content\/uploads\/2021\/05\/pysslingen-forskolor.png","width":1120,"height":630,"caption":"Pysslingen F\u00f6rskolor"},"image":{"@id":"https:\/\/pysslingen.se\/orren\/#\/schema\/logo\/image\/"}}]}},"_links":{"self":[{"href":"https:\/\/pysslingen.se\/orren\/wp-json\/wp\/v2\/testimonial\/956"}],"collection":[{"href":"https:\/\/pysslingen.se\/orren\/wp-json\/wp\/v2\/testimonial"}],"about":[{"href":"https:\/\/pysslingen.se\/orren\/wp-json\/wp\/v2\/types\/testimonial"}],"wp:attachment":[{"href":"https:\/\/pysslingen.se\/orren\/wp-json\/wp\/v2\/media?parent=956"}],"wp:term":[{"taxonomy":"testimonial_category","embeddable":true,"href":"https:\/\/pysslingen.se\/orren\/wp-json\/wp\/v2\/testimonial_category?post=956"}],"curies":[{"name":"wp","href":"https:\/\/api.w.org\/{rel}","templated":true}]}}