{"id":20,"date":"2020-09-29T09:19:21","date_gmt":"2020-09-29T09:19:21","guid":{"rendered":"https:\/\/pysslingen.se\/nygatan\/?page_id=20"},"modified":"2025-11-19T12:58:55","modified_gmt":"2025-11-19T12:58:55","slug":"maten","status":"publish","type":"page","link":"https:\/\/pysslingen.se\/nygatan\/maten\/","title":{"rendered":"V\u00e5r mat"},"content":{"rendered":"\n\t\n\t\n\t\n\n\t\n\t\n\t\t\n<section  class=\"c-block l-stacked  \" data-color-scheme=\"nyans2_av_cta-dark-card-primar1-light-hover-standard_standard\">\n\t<div class=\"ams-fifty ams-fifty--container ams-fifty--right ams-fifty--bottom l-container u-pt-fluid-2xl-4xl u-pb-fluid-2xl-4xl\">\n\t\t<div class=\"ams-fifty__content l-stack l-stack-xl is-left is-left@lg\">\n\t\t\t<div class=\"ams-fifty__text l-stack l-stack-lg\">\n\t\t\t\t\t\n\t<h1\n\tclass=\"c-heading u-font-title-1 \"\n\tstyle=\"\">\n\t\t\n\t\t\t\t\tP\u00e5 Nygatan \u00e4r maten ett l\u00e4rande\n\t\t\t\t\n\t<\/h1>\n\n\t\t\t\t\t\t\t\t\t<div class=\"text l-stack u-font-body\">\n\t\t\t\t\t\t<p>Maten \u00e4r en naturlig plats f\u00f6r spr\u00e5kutveckling, vi pedagoger sitter med vid bordet och st\u00f6ttar barnen i att sj\u00e4lva uppt\u00e4cka, samtala och reflektera.<\/p>\n\n\t\t\t\t\t<\/div>\n\t\t\t\t\t\t\t<\/div>\n\n\t\t\t\t\t<\/div>\n\n\t\t <div class=\"ams-fifty__media u-ratio-landscape\">\n\t\t \t\t\t\t\t<img decoding=\"async\" width=\"600\" height=\"800\" src=\"https:\/\/pysslingen.se\/wp-content\/uploads\/sites\/125\/2025\/09\/mat-600x800.jpg\" class=\"attachment-md size-md\" alt=\"Mat uppdukat p\u00e5 bordet.\" sizes=\"(min-width: 64em) 600px, calc(100vw - 160px)\" srcset=\"https:\/\/pysslingen.se\/wp-content\/uploads\/sites\/125\/2025\/09\/mat-600x800.jpg 600w, https:\/\/pysslingen.se\/wp-content\/uploads\/sites\/125\/2025\/09\/mat-300x400.jpg 300w, https:\/\/pysslingen.se\/wp-content\/uploads\/sites\/125\/2025\/09\/mat-400x533.jpg 400w, https:\/\/pysslingen.se\/wp-content\/uploads\/sites\/125\/2025\/09\/mat-800x1067.jpg 800w, https:\/\/pysslingen.se\/wp-content\/uploads\/sites\/125\/2025\/09\/mat-1024x1365.jpg 1024w, https:\/\/pysslingen.se\/wp-content\/uploads\/sites\/125\/2025\/09\/mat-1200x1600.jpg 1200w, https:\/\/pysslingen.se\/wp-content\/uploads\/sites\/125\/2025\/09\/mat-scaled.jpg 1920w\" \/>\n\t\t\t\n\t\t\t\n\t\t\t\t\t<\/div>\n\t<\/div>\n\n\t\t\n\n<\/section>\n\n\n\n<h2 class=\"wp-block-heading\">Pedagogiska och h\u00e5llbara m\u00e5ltider p\u00e5 F\u00f6rskolan Nygatan<\/h2>\n\n\n\n<p>Hos oss p\u00e5 Nygatan \u00e4r m\u00e5ltiderna en sj\u00e4lvklar del av v\u00e5r pedagogiska vardag. Med god och n\u00e4ringsrik mat, pedagogisk n\u00e4rvaro och nyfikna samtal kring bordet f\u00e5r barnen m\u00f6jlighet att utvecklas b\u00e5de socialt och spr\u00e5kligt, samtidigt som de bygger en positiv relation till mat och h\u00e4lsa.<\/p>\n\n\n\n<p>God och n\u00e4ringsrik: Maten levereras av City Catering.<\/p>\n\n\n\n<p>En stund f\u00f6r l\u00e4rande: M\u00e5ltiden \u00e4r en naturlig plats f\u00f6r spr\u00e5kutveckling, vi pedagoger sitter med vid bordet och st\u00f6ttar barnen i att sj\u00e4lva uppt\u00e4cka, samtala och reflektera.<\/p>\n\n\n\n<p>Omsorgsfull och h\u00e5llbar: Vi arbetar aktivt med att minska matsvinn och att prata med barnen om hur v\u00e5ra val i vardagen kan g\u00f6ra skillnad f\u00f6r b\u00e5de h\u00e4lsa och milj\u00f6.<\/p>\n\n\n\n<div class=\"wp-block-group is-layout-flow wp-block-group-is-layout-flow\"><\/div>\n\n\n\n\n<section  class=\"ams-cta ams-cta--stacked c-block l-stacked\">\n\t<div class=\"l-container l-stack l-stack-fluid-2xl u-pt-fluid-md-xl u-pb-fluid-md-xl is-center is-center@md\">\n\t\t\t\t\t<div class=\"ams-cta__intro l-stack l-stack-lg\">\n\t\t\t\t\t\n\t<h2\n\tclass=\"c-heading u-font-title-1 \"\n\tstyle=\"\">\n\t\t\n\t\t\t\t\t\t\t\t\tPysslingen F\u00f6rskolor arbetar aktivt med att skapa h\u00e5llbara m\u00e5ltider\n\t\t\t\t<span class=\"c-heading__sub is-below u-font-title-3\">\n\t\t\t\t\tsom \u00e4r f\u00f6r b\u00e5de milj\u00f6n och barnens b\u00e4sta\n\t\t\t\t<\/span>\n\t\t\t\t\t\t\t\n\t<\/h2>\n\n\t\t\t\t\t\t\t<\/div>\n\t\t\n\t\t\n\t\t\t<div class=\"ams-cta__action u-inline-items\">\n\t\t\t\t\t\t\t\n\n\n<a href=\"https:\/\/pysslingen.se\/nygatan\/hallbarhet\/\"\n\t\n\tclass=\"c-btn \"\n\tdata-style=\"rounded\"\n\tdata-size=\"md\"\n\tdata-width=\"full-mobile\"\n\tdata-variant=\"default\"\n\ttarget=\"_self\">\n\t\t\t<span class=\"label\"> L\u00e4s mer om h\u00e5llbarhet<\/span>\n\t\t\t<\/a>\n\t\t\t<\/div>\n\t<\/div>\n\n\t\t\n\n<\/section>\n","protected":false},"excerpt":{"rendered":"<p>Pedagogiska och h\u00e5llbara m\u00e5ltider p\u00e5 F\u00f6rskolan Nygatan Hos oss p\u00e5 Nygatan \u00e4r m\u00e5ltiderna en sj\u00e4lvklar del av v\u00e5r pedagogiska vardag. Med god och n\u00e4ringsrik mat, pedagogisk n\u00e4rvaro och nyfikna samtal kring bordet f\u00e5r barnen m\u00f6jlighet att utvecklas b\u00e5de socialt och spr\u00e5kligt, samtidigt som de bygger en positiv relation till mat och h\u00e4lsa. God och n\u00e4ringsrik:&#8230;<\/p>\n","protected":false},"author":3,"featured_media":0,"parent":0,"menu_order":0,"comment_status":"closed","ping_status":"closed","template":"","meta":{"footnotes":""},"yoast_head":"<!-- This site is optimized with the Yoast SEO plugin v22.0 - https:\/\/yoast.com\/wordpress\/plugins\/seo\/ -->\n<title>P\u00e5 Nygatan serverar vi mat f\u00f6r aktiva barn<\/title>\n<meta name=\"description\" content=\"Hos oss p\u00e5 Nygatan vill vi skapa ett lustfyllt m\u00f6te med maten och se till att varje m\u00e5ltid blir en upplevelse f\u00f6r alla sinnen.\" \/>\n<meta name=\"robots\" content=\"index, follow, max-snippet:-1, max-image-preview:large, max-video-preview:-1\" \/>\n<link rel=\"canonical\" href=\"https:\/\/pysslingen.se\/nygatan\/maten\/\" \/>\n<meta property=\"og:locale\" content=\"sv_SE\" \/>\n<meta property=\"og:type\" content=\"article\" \/>\n<meta property=\"og:title\" content=\"P\u00e5 Nygatan serverar vi mat f\u00f6r aktiva barn\" \/>\n<meta property=\"og:description\" content=\"Hos oss p\u00e5 Nygatan vill vi skapa ett lustfyllt m\u00f6te med maten och se till att varje m\u00e5ltid blir en upplevelse f\u00f6r alla sinnen.\" \/>\n<meta property=\"og:url\" content=\"https:\/\/pysslingen.se\/nygatan\/maten\/\" \/>\n<meta property=\"og:site_name\" content=\"Nygatan\" \/>\n<meta property=\"article:modified_time\" content=\"2025-11-19T12:58:55+00:00\" \/>\n<meta name=\"twitter:card\" content=\"summary_large_image\" \/>\n<meta name=\"twitter:title\" content=\"P\u00e5 Nygatan serverar vi mat f\u00f6r aktiva barn\" \/>\n<meta name=\"twitter:description\" content=\"Hos oss p\u00e5 Nygatan vill vi skapa ett lustfyllt m\u00f6te med maten och se till att varje m\u00e5ltid blir en upplevelse f\u00f6r alla sinnen.\" \/>\n<meta name=\"twitter:label1\" content=\"Ber\u00e4knad l\u00e4stid\" \/>\n\t<meta name=\"twitter:data1\" content=\"1 minut\" \/>\n<script type=\"application\/ld+json\" class=\"yoast-schema-graph\">{\"@context\":\"https:\/\/schema.org\",\"@graph\":[{\"@type\":\"WebPage\",\"@id\":\"https:\/\/pysslingen.se\/nygatan\/maten\/\",\"url\":\"https:\/\/pysslingen.se\/nygatan\/maten\/\",\"name\":\"P\u00e5 Nygatan serverar vi mat f\u00f6r aktiva barn\",\"isPartOf\":{\"@id\":\"https:\/\/pysslingen.se\/nygatan\/?lang=sv\/#website\"},\"datePublished\":\"2020-09-29T09:19:21+00:00\",\"dateModified\":\"2025-11-19T12:58:55+00:00\",\"description\":\"Hos oss p\u00e5 Nygatan vill vi skapa ett lustfyllt m\u00f6te med maten och se till att varje m\u00e5ltid blir en upplevelse f\u00f6r alla sinnen.\",\"breadcrumb\":{\"@id\":\"https:\/\/pysslingen.se\/nygatan\/maten\/#breadcrumb\"},\"inLanguage\":\"sv-SE\",\"potentialAction\":[{\"@type\":\"ReadAction\",\"target\":[\"https:\/\/pysslingen.se\/nygatan\/maten\/\"]}]},{\"@type\":\"BreadcrumbList\",\"@id\":\"https:\/\/pysslingen.se\/nygatan\/maten\/#breadcrumb\",\"itemListElement\":[{\"@type\":\"ListItem\",\"position\":1,\"name\":\"Start\",\"item\":\"https:\/\/pysslingen.se\/nygatan\/\"},{\"@type\":\"ListItem\",\"position\":2,\"name\":\"V\u00e5r mat\"}]},{\"@type\":\"WebSite\",\"@id\":\"https:\/\/pysslingen.se\/nygatan\/?lang=sv\/#website\",\"url\":\"https:\/\/pysslingen.se\/nygatan\/?lang=sv\/\",\"name\":\"Nygatan\",\"description\":\"En trygg och stimulerande v\u00e4rld\",\"publisher\":{\"@id\":\"https:\/\/pysslingen.se\/nygatan\/?lang=sv\/#organization\"},\"potentialAction\":[{\"@type\":\"SearchAction\",\"target\":{\"@type\":\"EntryPoint\",\"urlTemplate\":\"https:\/\/pysslingen.se\/nygatan\/?lang=sv\/?s={search_term_string}\"},\"query-input\":\"required name=search_term_string\"}],\"inLanguage\":\"sv-SE\"},{\"@type\":\"Organization\",\"@id\":\"https:\/\/pysslingen.se\/nygatan\/?lang=sv\/#organization\",\"name\":\"Pysslingen F\u00f6rskolor\",\"url\":\"https:\/\/pysslingen.se\/nygatan\/?lang=sv\/\",\"logo\":{\"@type\":\"ImageObject\",\"inLanguage\":\"sv-SE\",\"@id\":\"https:\/\/pysslingen.se\/nygatan\/?lang=sv\/#\/schema\/logo\/image\/\",\"url\":\"https:\/\/pysslingen.se\/wp-content\/uploads\/2021\/05\/pysslingen-forskolor.png\",\"contentUrl\":\"https:\/\/pysslingen.se\/wp-content\/uploads\/2021\/05\/pysslingen-forskolor.png\",\"width\":1120,\"height\":630,\"caption\":\"Pysslingen F\u00f6rskolor\"},\"image\":{\"@id\":\"https:\/\/pysslingen.se\/nygatan\/?lang=sv\/#\/schema\/logo\/image\/\"}}]}<\/script>\n<!-- \/ Yoast SEO plugin. -->","yoast_head_json":{"title":"P\u00e5 Nygatan serverar vi mat f\u00f6r aktiva barn","description":"Hos oss p\u00e5 Nygatan vill vi skapa ett lustfyllt m\u00f6te med maten och se till att varje m\u00e5ltid blir en upplevelse f\u00f6r alla sinnen.","robots":{"index":"index","follow":"follow","max-snippet":"max-snippet:-1","max-image-preview":"max-image-preview:large","max-video-preview":"max-video-preview:-1"},"canonical":"https:\/\/pysslingen.se\/nygatan\/maten\/","og_locale":"sv_SE","og_type":"article","og_title":"P\u00e5 Nygatan serverar vi mat f\u00f6r aktiva barn","og_description":"Hos oss p\u00e5 Nygatan vill vi skapa ett lustfyllt m\u00f6te med maten och se till att varje m\u00e5ltid blir en upplevelse f\u00f6r alla sinnen.","og_url":"https:\/\/pysslingen.se\/nygatan\/maten\/","og_site_name":"Nygatan","article_modified_time":"2025-11-19T12:58:55+00:00","twitter_card":"summary_large_image","twitter_title":"P\u00e5 Nygatan serverar vi mat f\u00f6r aktiva barn","twitter_description":"Hos oss p\u00e5 Nygatan vill vi skapa ett lustfyllt m\u00f6te med maten och se till att varje m\u00e5ltid blir en upplevelse f\u00f6r alla sinnen.","twitter_misc":{"Ber\u00e4knad l\u00e4stid":"1 minut"},"schema":{"@context":"https:\/\/schema.org","@graph":[{"@type":"WebPage","@id":"https:\/\/pysslingen.se\/nygatan\/maten\/","url":"https:\/\/pysslingen.se\/nygatan\/maten\/","name":"P\u00e5 Nygatan serverar vi mat f\u00f6r aktiva barn","isPartOf":{"@id":"https:\/\/pysslingen.se\/nygatan\/?lang=sv\/#website"},"datePublished":"2020-09-29T09:19:21+00:00","dateModified":"2025-11-19T12:58:55+00:00","description":"Hos oss p\u00e5 Nygatan vill vi skapa ett lustfyllt m\u00f6te med maten och se till att varje m\u00e5ltid blir en upplevelse f\u00f6r alla sinnen.","breadcrumb":{"@id":"https:\/\/pysslingen.se\/nygatan\/maten\/#breadcrumb"},"inLanguage":"sv-SE","potentialAction":[{"@type":"ReadAction","target":["https:\/\/pysslingen.se\/nygatan\/maten\/"]}]},{"@type":"BreadcrumbList","@id":"https:\/\/pysslingen.se\/nygatan\/maten\/#breadcrumb","itemListElement":[{"@type":"ListItem","position":1,"name":"Start","item":"https:\/\/pysslingen.se\/nygatan\/"},{"@type":"ListItem","position":2,"name":"V\u00e5r mat"}]},{"@type":"WebSite","@id":"https:\/\/pysslingen.se\/nygatan\/?lang=sv\/#website","url":"https:\/\/pysslingen.se\/nygatan\/?lang=sv\/","name":"Nygatan","description":"En trygg och stimulerande v\u00e4rld","publisher":{"@id":"https:\/\/pysslingen.se\/nygatan\/?lang=sv\/#organization"},"potentialAction":[{"@type":"SearchAction","target":{"@type":"EntryPoint","urlTemplate":"https:\/\/pysslingen.se\/nygatan\/?lang=sv\/?s={search_term_string}"},"query-input":"required name=search_term_string"}],"inLanguage":"sv-SE"},{"@type":"Organization","@id":"https:\/\/pysslingen.se\/nygatan\/?lang=sv\/#organization","name":"Pysslingen F\u00f6rskolor","url":"https:\/\/pysslingen.se\/nygatan\/?lang=sv\/","logo":{"@type":"ImageObject","inLanguage":"sv-SE","@id":"https:\/\/pysslingen.se\/nygatan\/?lang=sv\/#\/schema\/logo\/image\/","url":"https:\/\/pysslingen.se\/wp-content\/uploads\/2021\/05\/pysslingen-forskolor.png","contentUrl":"https:\/\/pysslingen.se\/wp-content\/uploads\/2021\/05\/pysslingen-forskolor.png","width":1120,"height":630,"caption":"Pysslingen F\u00f6rskolor"},"image":{"@id":"https:\/\/pysslingen.se\/nygatan\/?lang=sv\/#\/schema\/logo\/image\/"}}]}},"_links":{"self":[{"href":"https:\/\/pysslingen.se\/nygatan\/wp-json\/wp\/v2\/pages\/20"}],"collection":[{"href":"https:\/\/pysslingen.se\/nygatan\/wp-json\/wp\/v2\/pages"}],"about":[{"href":"https:\/\/pysslingen.se\/nygatan\/wp-json\/wp\/v2\/types\/page"}],"author":[{"embeddable":true,"href":"https:\/\/pysslingen.se\/nygatan\/wp-json\/wp\/v2\/users\/3"}],"replies":[{"embeddable":true,"href":"https:\/\/pysslingen.se\/nygatan\/wp-json\/wp\/v2\/comments?post=20"}],"version-history":[{"count":10,"href":"https:\/\/pysslingen.se\/nygatan\/wp-json\/wp\/v2\/pages\/20\/revisions"}],"predecessor-version":[{"id":1930,"href":"https:\/\/pysslingen.se\/nygatan\/wp-json\/wp\/v2\/pages\/20\/revisions\/1930"}],"wp:attachment":[{"href":"https:\/\/pysslingen.se\/nygatan\/wp-json\/wp\/v2\/media?parent=20"}],"curies":[{"name":"wp","href":"https:\/\/api.w.org\/{rel}","templated":true}]}}