{"id":302,"date":"2020-10-08T14:25:04","date_gmt":"2020-10-08T14:25:04","guid":{"rendered":"https:\/\/pysslingen.se\/mariaro\/?page_id=302"},"modified":"2020-11-16T09:48:10","modified_gmt":"2020-11-16T09:48:10","slug":"sa-arbetar-vi","status":"publish","type":"page","link":"https:\/\/pysslingen.se\/mariaro\/sa-arbetar-vi\/","title":{"rendered":"S\u00e5 arbetar vi"},"content":{"rendered":"\n<h1 class=\"wp-block-heading\">S\u00e5 arbetar vi<\/h1>\n\n<p   class=\"site__ingress container text-left  site__text-color--dark  site__free_text--ingress p-0\">\n\t<\/p>\n\n\n\n<div style=\"height:20px\" aria-hidden=\"true\" class=\"wp-block-spacer\"><\/div>\n\n<h2 class=\"wp-block-heading\">Yngrebarnsavdelning<\/h2>\n\n<p>F\u00f6rsta tiden p\u00e5 Pysslingen Maria Ro kommer barnet att vistas p\u00e5 f\u00f6rskolans nedre plan. H\u00e4r har vi tre avdelningar f\u00f6r v\u00e5ra yngre barn. Utifr\u00e5n \u00e5lder organiserar vi dagen, utformar avdelningen och anpassar lekmaterial. Vi har \u00e4ven en gemensam g\u00e5rd utomhus, d\u00e4r vi \u00e4r ofta \u00e4r tillsammans alla tre avdelningarna.<\/p>\n\n<h3 class=\"wp-block-heading\">\u00c4ldrebarnsavdelning<\/h3>\n\n<p>P\u00e5 v\u00e5r \u00e4ldrebarnsavdelning som ligger p\u00e5 f\u00f6rskolans \u00f6vre plan har vi tre avdelningar. P\u00e5 tv\u00e5 av dem finns barn som \u00e4r tre till fyra \u00e5r. P\u00e5 avdelningen med de \u00e4ldsta barnen bedriver vi Mulleverksamhet tre dagar i veckan.<\/p>\n\n<h2 class=\"wp-block-heading\"><\/h2>\n\n<p><\/p>\n\n<p><\/p>\n\n<h3 class=\"wp-block-heading\"><\/h3>\n\n<p><\/p>\n\n<div style=\"height:20px\" aria-hidden=\"true\" class=\"wp-block-spacer\"><\/div>\n\n\t<style>\n\t\t.inner {\n\n\t\t\tmargin: 0 auto;\n\t\t}\n\t<\/style>\n\t<div\n\t\t class=\"container images-module\" >\n\t\t<div   class=\"row images_module__slideshow\">\n\n\t\t\t<div\n\t\t\t\t class=\"col-md-8 offset-md-2 p-0 position-relative images_module__slideshow images_module__slideshow-container  \">\n\t\t\t\t<div class=\"images_module__slide\" data-slide=\"\"\n\t\t\t\t\t data-duration=\"\"><\/div>\n\t\t\t\t\t\t\t\t\t<div\n\t\t\t\t\t\t class=\"images_module__slides\n\n\t\t\t\t\t   \"\n\t\t\t\t\t>\n\n\n\t\t\t\t\t\t<div class=\"images__wrapper\" style=\"aspect-ratio: 851 \/ 531;\">\n\t\t\t\t\t\t\t<img decoding=\"async\" width=\"1748\" height=\"1240\" src=\"https:\/\/pysslingen.se\/wp-content\/uploads\/sites\/48\/2020\/09\/utelekschemakort2.png\" class=\"images__image_ratio  \" alt=\"Pyss och Ling leker utomhus p\u00e5 f\u00f6rskolan\" style=\"aspect-ratio: 851 \/ 531;object-position: _center-bottom;\" srcset=\"https:\/\/pysslingen.se\/wp-content\/uploads\/sites\/48\/2020\/09\/utelekschemakort2.png 1748w, https:\/\/pysslingen.se\/wp-content\/uploads\/sites\/48\/2020\/09\/utelekschemakort2-300x213.png 300w, https:\/\/pysslingen.se\/wp-content\/uploads\/sites\/48\/2020\/09\/utelekschemakort2-1024x726.png 1024w, https:\/\/pysslingen.se\/wp-content\/uploads\/sites\/48\/2020\/09\/utelekschemakort2-768x545.png 768w, https:\/\/pysslingen.se\/wp-content\/uploads\/sites\/48\/2020\/09\/utelekschemakort2-1536x1090.png 1536w, https:\/\/pysslingen.se\/wp-content\/uploads\/sites\/48\/2020\/09\/utelekschemakort2-1100x780.png 1100w, https:\/\/pysslingen.se\/wp-content\/uploads\/sites\/48\/2020\/09\/utelekschemakort2-944x670.png 944w\" sizes=\"(max-width: 1748px) 100vw, 1748px\" \/>\t\t\t\t\t\t<\/div>\n\n\t\t\t\t\t\t\n\t\t\t\t\t\t\t\t\t\t\t<\/div>\n\t\t\t\t\n\t\t\t\t<div class=\"images_module__container_dot\">\n\t\t\t\t\t<div style=\"text-align:center\">\n\t\t\t\t\t\t\t\t\t\t\t\t\t<span   data-i=\"0\"\n\t\t\t\t\t\t\t\t  class=\"\n\t\t\t\t\t\t\timages_module__dot\n\t\t\t\t\t\t\t\t\t\t\t\t\t\t\"\n\t\t\t\t\t\t\t><\/span>\n\t\t\t\t\t\t\t\t\t\t\t<\/div>\n\t\t\t\t<\/div>\n\n\n\t\t\t<\/div>\n\t\t<\/div>\n\t<\/div>\n\n\t\n\n\n<script>\n\tvar images_display_descriptive_text = \"\";\n<\/script>\n\n<div style=\"height:20px\" aria-hidden=\"true\" class=\"wp-block-spacer\"><\/div>\n\n<div   class=\"module_wrapper container-fluid  full_width_talker_bg_img full_width_talker text_align--Center  site__secondary-bg--13  ams_active_link_state_default\" >\n\n\t<div class=\"row noblaskolan-border-6 \" style=\"border-color:#ff503c; height:100% width:100%\">\n\n\t\t<div class=\"col-12 p-md-0\">\n\t\t\t<div   style=\"display:none\" class=\"full_width_talker__jsdata_bg\" data-url=\"\">\n\t\t\t<\/div>\n\t\t\t<div   style=\"display:none\" class=\"full_width_talker__jsdata_bg_mobile\" data-url=\"\">\n\t\t\t<\/div>\n\t\t\t<div   style=\"display:none\" class=\"full_width_talker__jsdata_topleft_bg\" data-url=\"\"><\/div>\n\n\t\t\t<div   style=\"display:none\" class=\"full_width_talker__jsdata_bottomright_bg\" data-url=\"\"><\/div>\n\n\n\t\t\t\t\t\t<div class=\"topleft_bg\">\n\t\t\t\t\t\t\t\t<div class=\"container-fluid py-lg-4 bottomright_bg\">\n\n\t\t\t\t\t\n\t\t\t\t\t<div class=\"row mt-lg-4 pt-5 pt-md-0\">\n\t\t\t\t\t\t<article class=\"offset-lg-3 col-lg-6 text-center \">\n\t\t\t\t\t\t\t\t\t\t\t\t\t\t\t\t\t\t\t\t\t\t\t\t<h1   class=\"full_width_talker__heading site__heading-size-2  site__text-color  \">\n\t\t\t\t\t\t\t\t\t\tVad inneb\u00e4r det f\u00f6r just ditt barn?\t\t\t\t\t\t\t\t\t\t\t\t\t\t\t\t\t\t\t<\/h1>\n\t\t\t\t\t\t\t\t\t\t\t\t\t\t\t\t\t\t\t\t\t\t<div class=\"px-3 px-m-0  site__text-color--dark   site_default_a_wysiwyg\">\n\t\t\t\t\t\t\t\t<div   class=\"anchor_classes_div\" data-cta=\" nostyle site__a_cta \" data-theme=\" nostyle site__a_text \" data-darklight=\" nostyle site__a_dark \">\n\t\t\t\t\t\t\t\t\t<p>Kontakta oss g\u00e4rna s\u00e5 ber\u00e4ttar vi mer om hur vi arbetar utifr\u00e5n barnets \u00e5lder.<\/p>\n\t\t\t\t\t\t\t\t<\/div>\n\t\t\t\t\t\t\t<\/div>\n\t\t\t\t\t\t<\/article>\n\t\t\t\t\t<\/div>\n\n\t\t\t\t\t<div class=\"module-expand\">\n\t\t\t\t\t\t\t\t\t\t\t\t\t<div class=\"row full_width_talker__padding_bottom\">\n\t\t\t\t\t\t\t\t<div class=\"col-md-12 \">\n\t\t\t\t\t\t\t\t\t<div class=\"btn-wrap text_align--Center \">\n\t\t\t\t\t\t\t\t\t\t\t\t\t\t\t\t\t\t\t\t\t<!-- <div class=\"my-4 m-sm-4\"> -->\n\t\t\t\t\t\t\t\t\t\t\t\t\t\t\t\t\t\t\t\t\t\t\t\t<a     style=\"max-width:350px;\" id=\"\" href=\"https:\/\/pysslingen.se\/mariaro\/kontakt\/\" target=\"\" class=\"btn text-center site__buttons-1 pt-2 site__cta-bg--100 site__text-color--light site__text-color--light slightly-rounded-corners-btn-shape ams_active_button_state_default\" title=\"Kontakta oss\" role=\"button\">\n\t\t\t\t\t\t\t\t\t\t\t\t\tKontakta oss\t\t\t\t\t\t\t\t\t\t\t\t<\/a>\n\t\t\t\t\t\t\t\t\t\t\t<!-- <\/div> -->\n\t\t\t\t\t\t\t\t\t\t\t\t\t\t\t\t\t\t\t<\/div>\n\t\t\t\t\t\t\t\t<\/div>\n\t\t\t\t\t\t\t<\/div>\n\t\t\t\t\t\t\t\t\t\t\t<\/div>\n\t\t\t\t\t<div class=\"row\">\n\t\t\t\t\t\t<div class=\"col-12 d-lg-none text-right mt-3 pr-0 fwt-bottom-right-image\">\n\t\t\t\t\t\t\t<img decoding=\"async\"   src=\"\" alt=\"\">\n\t\t\t\t\t\t<\/div>\n\t\t\t\t\t\t<div class=\"col-12 d-lg-none text-center mt-3 pr-0 mobile-bottom vittra\">\n\t\t\t\t\t\t\t<img decoding=\"async\"   src=\"\" alt=\"\">\n\t\t\t\t\t\t<\/div>\n\t\t\t\t\t<\/div>\n\t\t\t\t<\/div>\n\t\t\t<\/div>\n\t\t<\/div>\n\t<\/div>\n<\/div>\n","protected":false},"excerpt":{"rendered":"<p>S\u00e5 arbetar vi Yngrebarnsavdelning F\u00f6rsta tiden p\u00e5 Pysslingen Maria Ro kommer barnet att vistas p\u00e5 f\u00f6rskolans nedre plan. H\u00e4r har vi tre avdelningar f\u00f6r v\u00e5ra yngre barn. Utifr\u00e5n \u00e5lder organiserar vi dagen, utformar avdelningen och anpassar lekmaterial. Vi har \u00e4ven en gemensam g\u00e5rd utomhus, d\u00e4r vi \u00e4r ofta \u00e4r tillsammans alla tre avdelningarna. \u00c4ldrebarnsavdelning P\u00e5&#8230;<\/p>\n","protected":false},"author":5,"featured_media":0,"parent":0,"menu_order":0,"comment_status":"closed","ping_status":"closed","template":"","meta":{"footnotes":""},"yoast_head":"<!-- This site is optimized with the Yoast SEO plugin v22.0 - https:\/\/yoast.com\/wordpress\/plugins\/seo\/ -->\n<title>Maria Ro<\/title>\n<meta name=\"robots\" content=\"index, follow, max-snippet:-1, max-image-preview:large, max-video-preview:-1\" \/>\n<link rel=\"canonical\" href=\"https:\/\/pysslingen.se\/mariaro\/sa-arbetar-vi\/\" \/>\n<meta property=\"og:locale\" content=\"sv_SE\" \/>\n<meta property=\"og:type\" content=\"article\" \/>\n<meta property=\"og:url\" content=\"https:\/\/pysslingen.se\/mariaro\/sa-arbetar-vi\/\" \/>\n<meta property=\"og:site_name\" content=\"Maria Ro\" \/>\n<meta property=\"article:modified_time\" content=\"2020-11-16T09:48:10+00:00\" \/>\n<meta name=\"twitter:card\" content=\"summary_large_image\" \/>\n<meta name=\"twitter:image\" content=\"https:\/\/pysslingen.se\/wp-content\/uploads\/sites\/48\/2020\/09\/utelekschemakort2.png\" \/>\n<meta name=\"twitter:label1\" content=\"Ber\u00e4knad l\u00e4stid\" \/>\n\t<meta name=\"twitter:data1\" content=\"1 minut\" \/>\n<script type=\"application\/ld+json\" class=\"yoast-schema-graph\">{\"@context\":\"https:\/\/schema.org\",\"@graph\":[{\"@type\":\"WebPage\",\"@id\":\"https:\/\/pysslingen.se\/mariaro\/sa-arbetar-vi\/\",\"url\":\"https:\/\/pysslingen.se\/mariaro\/sa-arbetar-vi\/\",\"name\":\"S\u00e5 arbetar vi - Maria Ro\",\"isPartOf\":{\"@id\":\"https:\/\/pysslingen.se\/mariaro\/#website\"},\"datePublished\":\"2020-10-08T14:25:04+00:00\",\"dateModified\":\"2020-11-16T09:48:10+00:00\",\"breadcrumb\":{\"@id\":\"https:\/\/pysslingen.se\/mariaro\/sa-arbetar-vi\/#breadcrumb\"},\"inLanguage\":\"sv-SE\",\"potentialAction\":[{\"@type\":\"ReadAction\",\"target\":[\"https:\/\/pysslingen.se\/mariaro\/sa-arbetar-vi\/\"]}]},{\"@type\":\"BreadcrumbList\",\"@id\":\"https:\/\/pysslingen.se\/mariaro\/sa-arbetar-vi\/#breadcrumb\",\"itemListElement\":[{\"@type\":\"ListItem\",\"position\":1,\"name\":\"Start\",\"item\":\"https:\/\/pysslingen.se\/mariaro\/\"},{\"@type\":\"ListItem\",\"position\":2,\"name\":\"S\u00e5 arbetar vi\"}]},{\"@type\":\"WebSite\",\"@id\":\"https:\/\/pysslingen.se\/mariaro\/#website\",\"url\":\"https:\/\/pysslingen.se\/mariaro\/\",\"name\":\"Maria Ro\",\"description\":\"En trygg och stimulerande v\u00e4rld\",\"publisher\":{\"@id\":\"https:\/\/pysslingen.se\/mariaro\/#organization\"},\"potentialAction\":[{\"@type\":\"SearchAction\",\"target\":{\"@type\":\"EntryPoint\",\"urlTemplate\":\"https:\/\/pysslingen.se\/mariaro\/?s={search_term_string}\"},\"query-input\":\"required name=search_term_string\"}],\"inLanguage\":\"sv-SE\"},{\"@type\":\"Organization\",\"@id\":\"https:\/\/pysslingen.se\/mariaro\/#organization\",\"name\":\"Pysslingen F\u00f6rskolor\",\"url\":\"https:\/\/pysslingen.se\/mariaro\/\",\"logo\":{\"@type\":\"ImageObject\",\"inLanguage\":\"sv-SE\",\"@id\":\"https:\/\/pysslingen.se\/mariaro\/#\/schema\/logo\/image\/\",\"url\":\"https:\/\/pysslingen.se\/wp-content\/uploads\/2021\/05\/pysslingen-forskolor.png\",\"contentUrl\":\"https:\/\/pysslingen.se\/wp-content\/uploads\/2021\/05\/pysslingen-forskolor.png\",\"width\":1120,\"height\":630,\"caption\":\"Pysslingen F\u00f6rskolor\"},\"image\":{\"@id\":\"https:\/\/pysslingen.se\/mariaro\/#\/schema\/logo\/image\/\"}}]}<\/script>\n<!-- \/ Yoast SEO plugin. -->","yoast_head_json":{"title":"Maria Ro","robots":{"index":"index","follow":"follow","max-snippet":"max-snippet:-1","max-image-preview":"max-image-preview:large","max-video-preview":"max-video-preview:-1"},"canonical":"https:\/\/pysslingen.se\/mariaro\/sa-arbetar-vi\/","og_locale":"sv_SE","og_type":"article","og_url":"https:\/\/pysslingen.se\/mariaro\/sa-arbetar-vi\/","og_site_name":"Maria Ro","article_modified_time":"2020-11-16T09:48:10+00:00","twitter_card":"summary_large_image","twitter_image":"https:\/\/pysslingen.se\/wp-content\/uploads\/sites\/48\/2020\/09\/utelekschemakort2.png","twitter_misc":{"Ber\u00e4knad l\u00e4stid":"1 minut"},"schema":{"@context":"https:\/\/schema.org","@graph":[{"@type":"WebPage","@id":"https:\/\/pysslingen.se\/mariaro\/sa-arbetar-vi\/","url":"https:\/\/pysslingen.se\/mariaro\/sa-arbetar-vi\/","name":"S\u00e5 arbetar vi - Maria Ro","isPartOf":{"@id":"https:\/\/pysslingen.se\/mariaro\/#website"},"datePublished":"2020-10-08T14:25:04+00:00","dateModified":"2020-11-16T09:48:10+00:00","breadcrumb":{"@id":"https:\/\/pysslingen.se\/mariaro\/sa-arbetar-vi\/#breadcrumb"},"inLanguage":"sv-SE","potentialAction":[{"@type":"ReadAction","target":["https:\/\/pysslingen.se\/mariaro\/sa-arbetar-vi\/"]}]},{"@type":"BreadcrumbList","@id":"https:\/\/pysslingen.se\/mariaro\/sa-arbetar-vi\/#breadcrumb","itemListElement":[{"@type":"ListItem","position":1,"name":"Start","item":"https:\/\/pysslingen.se\/mariaro\/"},{"@type":"ListItem","position":2,"name":"S\u00e5 arbetar vi"}]},{"@type":"WebSite","@id":"https:\/\/pysslingen.se\/mariaro\/#website","url":"https:\/\/pysslingen.se\/mariaro\/","name":"Maria Ro","description":"En trygg och stimulerande v\u00e4rld","publisher":{"@id":"https:\/\/pysslingen.se\/mariaro\/#organization"},"potentialAction":[{"@type":"SearchAction","target":{"@type":"EntryPoint","urlTemplate":"https:\/\/pysslingen.se\/mariaro\/?s={search_term_string}"},"query-input":"required name=search_term_string"}],"inLanguage":"sv-SE"},{"@type":"Organization","@id":"https:\/\/pysslingen.se\/mariaro\/#organization","name":"Pysslingen F\u00f6rskolor","url":"https:\/\/pysslingen.se\/mariaro\/","logo":{"@type":"ImageObject","inLanguage":"sv-SE","@id":"https:\/\/pysslingen.se\/mariaro\/#\/schema\/logo\/image\/","url":"https:\/\/pysslingen.se\/wp-content\/uploads\/2021\/05\/pysslingen-forskolor.png","contentUrl":"https:\/\/pysslingen.se\/wp-content\/uploads\/2021\/05\/pysslingen-forskolor.png","width":1120,"height":630,"caption":"Pysslingen F\u00f6rskolor"},"image":{"@id":"https:\/\/pysslingen.se\/mariaro\/#\/schema\/logo\/image\/"}}]}},"_links":{"self":[{"href":"https:\/\/pysslingen.se\/mariaro\/wp-json\/wp\/v2\/pages\/302"}],"collection":[{"href":"https:\/\/pysslingen.se\/mariaro\/wp-json\/wp\/v2\/pages"}],"about":[{"href":"https:\/\/pysslingen.se\/mariaro\/wp-json\/wp\/v2\/types\/page"}],"author":[{"embeddable":true,"href":"https:\/\/pysslingen.se\/mariaro\/wp-json\/wp\/v2\/users\/5"}],"replies":[{"embeddable":true,"href":"https:\/\/pysslingen.se\/mariaro\/wp-json\/wp\/v2\/comments?post=302"}],"version-history":[{"count":11,"href":"https:\/\/pysslingen.se\/mariaro\/wp-json\/wp\/v2\/pages\/302\/revisions"}],"predecessor-version":[{"id":1063,"href":"https:\/\/pysslingen.se\/mariaro\/wp-json\/wp\/v2\/pages\/302\/revisions\/1063"}],"wp:attachment":[{"href":"https:\/\/pysslingen.se\/mariaro\/wp-json\/wp\/v2\/media?parent=302"}],"curies":[{"name":"wp","href":"https:\/\/api.w.org\/{rel}","templated":true}]}}