{"id":194,"date":"2020-10-01T11:13:05","date_gmt":"2020-10-01T11:13:05","guid":{"rendered":"https:\/\/pysslingen.se\/mariaro\/?page_id=194"},"modified":"2025-11-05T11:00:06","modified_gmt":"2025-11-05T10:00:06","slug":"kontakt","status":"publish","type":"page","link":"https:\/\/pysslingen.se\/mariaro\/kontakt\/","title":{"rendered":"Kontakt"},"content":{"rendered":"\n\t\n\t\n<section  class=\"ams-map ams-map--fifty c-block  media-bottom media-right \" data-color-scheme=\"usp-pink-background-blue-cards\" data-locations=\"[{&quot;id&quot;:&quot;344&quot;,&quot;county&quot;:&quot;Sk\\u00e5ne&quot;,&quot;city&quot;:&quot;Helsingborg&quot;,&quot;school&quot;:&quot;Maria Ro&quot;,&quot;title&quot;:&quot;Pysslingen Maria Ro&quot;,&quot;phone&quot;:&quot;0764083897&quot;,&quot;phone_formatted&quot;:&quot;076-4083897&quot;,&quot;email&quot;:&quot;072-718 06 80&quot;,&quot;visiting_address&quot;:{&quot;address&quot;:&quot;Ormvr\\u00e5ksgatan 65&quot;,&quot;zip_code&quot;:&quot;25449&quot;,&quot;city&quot;:&quot;Helsingborg&quot;},&quot;postal_address&quot;:{&quot;address&quot;:&quot;Ormvr\\u00e5ksgatan 65&quot;,&quot;zip_code&quot;:&quot;25449&quot;,&quot;city&quot;:&quot;Helsingborg&quot;},&quot;address_map&quot;:&quot;F\\u00f6rskola Maria Ro - Pysslingen F\\u00f6rskolor, Ormvr\\u00e5ksgatan, Helsingborg, Sverige&quot;,&quot;lat&quot;:56.0859528,&quot;lng&quot;:12.6991028,&quot;link&quot;:{&quot;url&quot;:&quot;\\\/mariaro&quot;,&quot;text&quot;:&quot;L\\u00e4s mer om f\\u00f6rskolan&quot;}}]\">\n\t<div class=\"ams-map__content u-pt-fluid-3xl-6xl u-pb-fluid-3xl-6xl l-stack l-stack-fluid-xl is-left is-left@lg\">\n\t\t\t\n\t<h1\n\tclass=\"c-heading u-font-title-1 \"\n\tstyle=\"\">\n\t\t\n\t\t\t\t\tKontakta Pysslingen Maria Ro\n\t\t\t\t\n\t<\/h1>\n\n\t\t\n\t\t\t\t\t<div class=\"contact-info l-stack\">\n\t\t\t\t\t\t\t\t\t<div class=\"contact-info__item\">\n\t\t\t\t\t\t<p class=\"contact-info__heading u-font-title-4\">\n\t\t\t\t\t\t\tBes\u00f6ksadress\n\t\t\t\t\t\t<\/p>\n\t\t\t\t\t\t<p>\n\t\t\t\t\t\t\t\t\t\t\t\t\t\t\tOrmvr\u00e5ksgatan 65<br \/>\n\t\t\t\t\t\t\t\t\t\t\t\t\t\t25449 Helsingborg\n\t\t\t\t\t\t<\/p>\n\t\t\t\t\t<\/div>\n\t\t\t\t\n\t\t\t\t\n\t\t\t\t\t\t\t\t\t<div class=\"contact-info__item\">\n\t\t\t\t\t\t<p class=\"contact-info__heading u-font-title-4\">\n\t\t\t\t\t\t\tKontakt\n\t\t\t\t\t\t<\/p>\n\t\t\t\t\t\t<p>\n\t\t\t\t\t\t\t\t\t\t\t\t\t\t\t<a href=\"tel:0764083897\">076-4083897<\/a><br \/>\n\t\t\t\t\t\t\t\t\t\t\t\t\t\t\t\t\t\t\t\t\t\t<a href=\"mailto:072-718 06 80\">072-718 06 80<\/a>\n\t\t\t\t\t\t\t\t\t\t\t\t\t<\/p>\n\t\t\t\t\t<\/div>\n\t\t\t\t\t\t\t<\/div>\n\t\t\t<\/div>\n\n\t<div class=\"ams-map__media\">\n\t<\/div>\n<\/section>\n\n\n\n\n<section  class=\"ams-cta ams-cta--stacked c-block l-stacked\">\n\t<div class=\"l-container l-stack l-stack-fluid-2xl u-pt-fluid-md-xl u-pb-fluid-md-xl is-center is-center@md\">\n\t\t\t\t\t<div class=\"ams-cta__intro l-stack l-stack-lg\">\n\t\t\t\t\t\n\t<h2\n\tclass=\"c-heading u-font-title-1 \"\n\tstyle=\"\">\n\t\t\n\t\t\t\t\tHar du fr\u00e5gor om ans\u00f6kan eller k\u00f6plats?\n\t\t\t\t\n\t<\/h2>\n\n\t\t\t\t\t\t\t<\/div>\n\t\t\n\t\t\n\t\t\t<div class=\"ams-cta__action u-inline-items\">\n\t\t\t\t\t\t\t\n\n\n<a href=\"https:\/\/pysslingen.se\/mariaro\/kontakt\/#admin\"\n\t\n\tclass=\"c-btn \"\n\tdata-style=\"rounded\"\n\tdata-size=\"md\"\n\tdata-width=\"full-mobile\"\n\tdata-variant=\"default\"\n\ttarget=\"_self\">\n\t\t\t<span class=\"label\"> Kontakta v\u00e5ra administrat\u00f6rer<\/span>\n\t\t\t<\/a>\n\t\t\t<\/div>\n\t<\/div>\n\n\t\t\n\n<\/section>\n\n\n\n<section \n\t\t class=\"\n\t\t ams-contact\n\t\t \n\t\t c-block l-stacked\n\t\t \n\t\t \n\t\t js-load-more\n\t\t \"\n\t\t data-color-scheme=\"\"\n\t\t\t\t\tdata-count=\"3\"\n\t\t\t\t\t\t\tdata-count-mobile=\"2\"\n\t\t\t\t>\n\t<div\n\t\t class=\"\n\t\t l-container\n\t\t l-stack l-stack-fluid-2xl\n\t\t u-pt-fluid-md-xl\n\t\t u-pb-fluid-md-xl\n\t\t is-center\n\t\t is-center@md\n\t\t \">\n\t\t\t\t\t<div class=\"ams-contact__intro l-stack l-stack-lg\">\n\t\t\t\t\t\n\t<h2\n\tclass=\"c-heading u-font-title-1 \"\n\tstyle=\"\">\n\t\t\n\t\t\t\t\tLedningsteam\n\t\t\t\t\n\t<\/h2>\n\n\t\t\t\t\t\t\t<\/div>\n\t\t\n\t\t\n\t\t    \t\n\t\t\n\t\t<ul\n\t\t\tid=\"contact-grid-69f5692eb000b\"\n\t\t\tclass=\"ams-contact__list l-grid u-gap-fluid-2xl-4xl u-justify-center js-results \"\n\t\t\taria-label=\"Kontakter\"\n\t\t\tdata-filter-animation=\"off\"\n\t\t\t>\n\t\t\t\t\t\t\t\t\t\t\t\n\t\t\t\t\n\t\t\t\t<li class=\"l-col-6@md l-col-4@lg \" data-filter=\"b\">\n\t\t\t\t\t<article class=\"c-card \" data-variant=\"neutral\">\n\t\t\t\t\t\t<div class=\"c-card__content u-text-center\">\n\t\t\t\t\t\t\t\t\t\t\t\t\t\t\t<h3 class=\"c-card__title u-font-title-3\">\n\t\t\t\t\t\t\t\t\tDitte Lindberg\n\t\t\t\t\t\t\t\t<\/h3>\n\t\t\t\t\t\t\t\n\t\t\t\t\t\t\t\t\t\t\t\t\t\t\t<p class=\"position u-font-body\">Bitr\u00e4dande rektor<\/p>\n\t\t\t\t\t\t\t\n\t\t\t\t\t\t\t\t\t\t\t\t\t\t\t<div class=\"contact-info u-font-body\">\n\t\t\t\t\t\t\t\t\t\t\t\t\t\t\t\t\t\t\t\t\t\t\t\t\t\t\t\t\t\t<p class=\"phone\"><a\n\t\t\t\t\t\t\t\t\t\t\t\t\thref=\"tel:0702547541\"\n\t\t\t\t\t\t\t\t\t\t\t\t\tclass=\"u-text-link\">0702-54 75 41<\/a>\n\t\t\t\t\t\t\t\t\t\t\t<\/p>\n\t\t\t\t\t\t\t\t\t\t\t\t\t\t\t\t\t\t\t\n\t\t\t\t\t\t\t\t\t\t\t\t\t\t\t\t\t\t\t\t\t\t\t\t\t\t\t\t\t\t<p class=\"email\"><a\n\t\t\t\t\t\t\t\t\t\t\t\t\thref=\"mai&#108;&#116;&#111;:d&#105;tte.&#108;i&#110;&#100;b&#101;rg&#064;&#112;y&#115;&#115;l&#105;&#110;g&#101;&#110;.se\"\n\t\t\t\t\t\t\t\t\t\t\t\t\tclass=\"u-text-link\">&#100;&#105;tte&#046;&#108;&#105;nd&#098;erg&#064;pys&#115;l&#105;n&#103;en.&#115;&#101;<\/a>\n\t\t\t\t\t\t\t\t\t\t\t<\/p>\n\t\t\t\t\t\t\t\t\t\t\t\t\t\t\t\t\t\t\t\t\t\t\t\t\t\t\t<\/div>\n\t\t\t\t\t\t\t\n\t\t\t\t\t\t\t\t\t\t\t\t\t<\/div>\n\t\t\t\t\t\t<div class=\"c-card__media\">\n\t\t\t\t\t\t\t\t\t\t\t\t\t\t\t\t\t\t\t\t\t\t\t\t\t\t\t\t\t\t\t\t\t\t\t\t\t\t\t\t\t\t\t\t\t\t\t\t\t<img decoding=\"async\" width=\"400\" height=\"342\" src=\"https:\/\/pysslingen.se\/wp-content\/uploads\/sites\/48\/2020\/11\/pysslingen-bitr-rektor-ditte-e1611173851355.jpg\" class=\"u-radius-rounded u-ratio-landscape  \" alt=\"portr\u00e4ttbild av Ditte Lindberg, bitr\u00e4dande rektor\" sizes=\"(max-width: 300px) 100vw, 300px\" srcset=\"https:\/\/pysslingen.se\/wp-content\/uploads\/sites\/48\/2020\/11\/pysslingen-bitr-rektor-ditte-e1611173851355.jpg 1001w, https:\/\/pysslingen.se\/wp-content\/uploads\/sites\/48\/2020\/11\/pysslingen-bitr-rektor-ditte-e1611173851355-300x256.jpg 300w, https:\/\/pysslingen.se\/wp-content\/uploads\/sites\/48\/2020\/11\/pysslingen-bitr-rektor-ditte-e1611173851355-768x656.jpg 768w, https:\/\/pysslingen.se\/wp-content\/uploads\/sites\/48\/2020\/11\/pysslingen-bitr-rektor-ditte-e1611173851355-784x670.jpg 784w\" \/>\n\t\t\t\t\t\t<\/div>\n\t\t\t\t\t<\/article>\n\t\t\t\t<\/li>\n\t\t\t\t\t\t\t\t\t\t\t\n\t\t\t\t\n\t\t\t\t<li class=\"l-col-6@md l-col-4@lg \" data-filter=\"b\">\n\t\t\t\t\t<article class=\"c-card \" data-variant=\"neutral\">\n\t\t\t\t\t\t<div class=\"c-card__content u-text-center\">\n\t\t\t\t\t\t\t\t\t\t\t\t\t\t\t<h3 class=\"c-card__title u-font-title-3\">\n\t\t\t\t\t\t\t\t\tPernilla Rasmussen\n\t\t\t\t\t\t\t\t<\/h3>\n\t\t\t\t\t\t\t\n\t\t\t\t\t\t\t\t\t\t\t\t\t\t\t<p class=\"position u-font-body\">Kvalitetsledare<\/p>\n\t\t\t\t\t\t\t\n\t\t\t\t\t\t\t\t\t\t\t\t\t\t\t<div class=\"contact-info u-font-body\">\n\t\t\t\t\t\t\t\t\t\t\t\t\t\t\t\t\t\t\t\t\t\t\t\t\t\t\t\t\t\t<p class=\"phone\"><a\n\t\t\t\t\t\t\t\t\t\t\t\t\thref=\"tel:0702137187\"\n\t\t\t\t\t\t\t\t\t\t\t\t\tclass=\"u-text-link\">0702-13 71 87<\/a>\n\t\t\t\t\t\t\t\t\t\t\t<\/p>\n\t\t\t\t\t\t\t\t\t\t\t\t\t\t\t\t\t\t\t\n\t\t\t\t\t\t\t\t\t\t\t\t\t\t\t\t\t\t\t\t\t\t\t\t\t\t\t\t\t\t<p class=\"email\"><a\n\t\t\t\t\t\t\t\t\t\t\t\t\thref=\"m&#097;&#105;lto&#058;&#112;e&#114;ni&#108;l&#097;&#046;&#114;a&#115;muss&#101;&#110;&#064;&#112;&#121;s&#115;&#108;i&#110;&#103;&#101;&#110;&#046;&#115;&#101;\"\n\t\t\t\t\t\t\t\t\t\t\t\t\tclass=\"u-text-link\">p&#101;&#114;&#110;&#105;&#108;l&#097;.r&#097;&#115;&#109;&#117;s&#115;en&#064;&#112;y&#115;sl&#105;&#110;ge&#110;&#046;&#115;&#101;<\/a>\n\t\t\t\t\t\t\t\t\t\t\t<\/p>\n\t\t\t\t\t\t\t\t\t\t\t\t\t\t\t\t\t\t\t\t\t\t\t\t\t\t\t<\/div>\n\t\t\t\t\t\t\t\n\t\t\t\t\t\t\t\t\t\t\t\t\t<\/div>\n\t\t\t\t\t\t<div class=\"c-card__media\">\n\t\t\t\t\t\t\t\t\t\t\t\t\t\t\t\t\t\t\t\t\t\t\t\t\t\t\t\t\t\t\t\t\t\t\t\t\t\t\t\t\t\t\t\t\t\t\t\t\t<img decoding=\"async\" width=\"400\" height=\"331\" src=\"https:\/\/pysslingen.se\/wp-content\/uploads\/sites\/48\/2020\/11\/pysslingen-kvalitetsledare-pernilla-e1611173804889.jpg\" class=\"u-radius-rounded u-ratio-landscape  \" alt=\"portr\u00e4ttbild av Pernilla Rasmussen, kvalitetsledare\" sizes=\"(max-width: 300px) 100vw, 300px\" srcset=\"https:\/\/pysslingen.se\/wp-content\/uploads\/sites\/48\/2020\/11\/pysslingen-kvalitetsledare-pernilla-e1611173804889.jpg 1001w, https:\/\/pysslingen.se\/wp-content\/uploads\/sites\/48\/2020\/11\/pysslingen-kvalitetsledare-pernilla-e1611173804889-300x248.jpg 300w, https:\/\/pysslingen.se\/wp-content\/uploads\/sites\/48\/2020\/11\/pysslingen-kvalitetsledare-pernilla-e1611173804889-768x635.jpg 768w, https:\/\/pysslingen.se\/wp-content\/uploads\/sites\/48\/2020\/11\/pysslingen-kvalitetsledare-pernilla-e1611173804889-810x670.jpg 810w\" \/>\n\t\t\t\t\t\t<\/div>\n\t\t\t\t\t<\/article>\n\t\t\t\t<\/li>\n\t\t\t\t\t\t\t\t\t\t\t\n\t\t\t\t\n\t\t\t\t<li class=\"l-col-6@md l-col-4@lg \" data-filter=\"b\">\n\t\t\t\t\t<article class=\"c-card \" data-variant=\"neutral\">\n\t\t\t\t\t\t<div class=\"c-card__content u-text-center\">\n\t\t\t\t\t\t\t\t\t\t\t\t\t\t\t<h3 class=\"c-card__title u-font-title-3\">\n\t\t\t\t\t\t\t\t\tSofia Tannus\n\t\t\t\t\t\t\t\t<\/h3>\n\t\t\t\t\t\t\t\n\t\t\t\t\t\t\t\t\t\t\t\t\t\t\t<p class=\"position u-font-body\">Rektor<\/p>\n\t\t\t\t\t\t\t\n\t\t\t\t\t\t\t\t\t\t\t\t\t\t\t<div class=\"contact-info u-font-body\">\n\t\t\t\t\t\t\t\t\t\t\t\t\t\t\t\t\t\t\t\t\t\t\t\t\t\t\t\t\t\t<p class=\"phone\"><a\n\t\t\t\t\t\t\t\t\t\t\t\t\thref=\"tel:0769464519\"\n\t\t\t\t\t\t\t\t\t\t\t\t\tclass=\"u-text-link\">0769-46 45 19<\/a>\n\t\t\t\t\t\t\t\t\t\t\t<\/p>\n\t\t\t\t\t\t\t\t\t\t\t\t\t\t\t\t\t\t\t\n\t\t\t\t\t\t\t\t\t\t\t\t\t\t\t\t\t\t\t\t\t\t\t\t\t\t\t\t\t\t<p class=\"email\"><a\n\t\t\t\t\t\t\t\t\t\t\t\t\thref=\"&#109;ai&#108;&#116;o&#058;s&#111;&#102;ia&#046;&#116;&#097;nn&#117;&#115;&#064;py&#115;sli&#110;ge&#110;&#046;&#115;e\"\n\t\t\t\t\t\t\t\t\t\t\t\t\tclass=\"u-text-link\">sofi&#097;.&#116;an&#110;&#117;&#115;&#064;py&#115;s&#108;i&#110;gen.&#115;&#101;<\/a>\n\t\t\t\t\t\t\t\t\t\t\t<\/p>\n\t\t\t\t\t\t\t\t\t\t\t\t\t\t\t\t\t\t\t\t\t\t\t\t\t\t\t<\/div>\n\t\t\t\t\t\t\t\n\t\t\t\t\t\t\t\t\t\t\t\t\t<\/div>\n\t\t\t\t\t\t<div class=\"c-card__media\">\n\t\t\t\t\t\t\t\t\t\t\t\t\t\t\t\t\t\t\t\t\t\t\t\t\t\t\t\t\t\t\t\t\t\t\t\t\t\t\t\t\t\t\t\t\t\t\t\t\t<img decoding=\"async\" width=\"400\" height=\"358\" src=\"https:\/\/pysslingen.se\/wp-content\/uploads\/sites\/48\/2020\/11\/pysslingen-rektor-sofia-e1611173922688.jpg\" class=\"u-radius-rounded u-ratio-landscape  \" alt=\"portr\u00e4ttbild av Sofia Tannus, rektor\" sizes=\"(max-width: 300px) 100vw, 300px\" srcset=\"https:\/\/pysslingen.se\/wp-content\/uploads\/sites\/48\/2020\/11\/pysslingen-rektor-sofia-e1611173922688.jpg 1001w, https:\/\/pysslingen.se\/wp-content\/uploads\/sites\/48\/2020\/11\/pysslingen-rektor-sofia-e1611173922688-300x269.jpg 300w, https:\/\/pysslingen.se\/wp-content\/uploads\/sites\/48\/2020\/11\/pysslingen-rektor-sofia-e1611173922688-768x687.jpg 768w, https:\/\/pysslingen.se\/wp-content\/uploads\/sites\/48\/2020\/11\/pysslingen-rektor-sofia-e1611173922688-749x670.jpg 749w\" \/>\n\t\t\t\t\t\t<\/div>\n\t\t\t\t\t<\/article>\n\t\t\t\t<\/li>\n\t\t\t\t\t<\/ul>\n\n\t\t\n\t\t    <div class=\"ams-contact__more u-inline-items js-load-more-btn\">\n        <button href=\"#\"\n                class=\"c-btn\"\n                data-style=\"rounded\"\n                data-size=\"md\"\n                data-width=\"full-mobile\"\n                data-variant=\"outline\">\n        \tVisa mer\n        <\/button>\n    <\/div>\n\n\t\t\t<\/div>\n\n\t\t\n\n<\/section>\n\n\n\n<section \n\t\t class=\"\n\t\t ams-contact\n\t\t \n\t\t c-block l-stacked\n\t\t \n\t\t \n\t\t js-load-more\n\t\t \"\n\t\t data-color-scheme=\"\"\n\t\t\t\t\tdata-count=\"3\"\n\t\t\t\t\t\t\tdata-count-mobile=\"2\"\n\t\t\t\t>\n\t<div\n\t\t class=\"\n\t\t l-container\n\t\t l-stack l-stack-fluid-2xl\n\t\t u-pt-fluid-md-xl\n\t\t u-pb-fluid-md-xl\n\t\t is-center\n\t\t is-center@md\n\t\t \">\n\t\t\t\t\t<div class=\"ams-contact__intro l-stack l-stack-lg\">\n\t\t\t\t\t\n\t<h2\n\tclass=\"c-heading u-font-title-1 \"\n\tstyle=\"\">\n\t\t\n\t\t\t\t\tSamordnare\n\t\t\t\t\n\t<\/h2>\n\n\t\t\t\t\t\t\t<\/div>\n\t\t\n\t\t\n\t\t    \t\n\t\t\n\t\t<ul\n\t\t\tid=\"contact-grid-69f5692eb4436\"\n\t\t\tclass=\"ams-contact__list l-grid u-gap-fluid-2xl-4xl u-justify-center js-results \"\n\t\t\taria-label=\"Kontakter\"\n\t\t\tdata-filter-animation=\"off\"\n\t\t\t>\n\t\t\t\t\t\t\t\t\t\t\t\n\t\t\t\t\n\t\t\t\t<li class=\"l-col-6@md l-col-4@lg \" data-filter=\"samordnare\">\n\t\t\t\t\t<article class=\"c-card \" data-variant=\"neutral\">\n\t\t\t\t\t\t<div class=\"c-card__content u-text-center\">\n\t\t\t\t\t\t\t\t\t\t\t\t\t\t\t<h3 class=\"c-card__title u-font-title-3\">\n\t\t\t\t\t\t\t\t\tEmmy &amp; Moa\n\t\t\t\t\t\t\t\t<\/h3>\n\t\t\t\t\t\t\t\n\t\t\t\t\t\t\t\t\t\t\t\t\t\t\t<p class=\"position u-font-body\">Samordnare<\/p>\n\t\t\t\t\t\t\t\n\t\t\t\t\t\t\t\t\t\t\t\t\t\t\t<div class=\"contact-info u-font-body\">\n\t\t\t\t\t\t\t\t\t\t\t\t\t\t\t\t\t\t\t\t\t\t\t\t\t\t\t\t\t\t<p class=\"phone\"><a\n\t\t\t\t\t\t\t\t\t\t\t\t\thref=\"tel:0764083897\"\n\t\t\t\t\t\t\t\t\t\t\t\t\tclass=\"u-text-link\">076-408 38 97<\/a>\n\t\t\t\t\t\t\t\t\t\t\t<\/p>\n\t\t\t\t\t\t\t\t\t\t\t\t\t\t\t\t\t\t\t\t\t<p class=\"phone\"><a\n\t\t\t\t\t\t\t\t\t\t\t\t\thref=\"tel:0727180680\"\n\t\t\t\t\t\t\t\t\t\t\t\t\tclass=\"u-text-link\">072-718 06 80<\/a>\n\t\t\t\t\t\t\t\t\t\t\t<\/p>\n\t\t\t\t\t\t\t\t\t\t\t\t\t\t\t\t\t\t\t\n\t\t\t\t\t\t\t\t\t\t\t\t\t\t\t\t\t\t\t\t\t\t\t\t\t\t\t\t\t\t<p class=\"email\"><a\n\t\t\t\t\t\t\t\t\t\t\t\t\thref=\"&#109;ailt&#111;&#058;em&#109;&#121;.&#109;a&#114;&#116;&#101;&#110;&#115;s&#111;&#110;&#064;pyssl&#105;n&#103;&#101;n.se\"\n\t\t\t\t\t\t\t\t\t\t\t\t\tclass=\"u-text-link\">&#101;&#109;&#109;y&#046;&#109;&#097;&#114;t&#101;nss&#111;&#110;&#064;p&#121;&#115;&#115;&#108;inge&#110;&#046;s&#101;<\/a>\n\t\t\t\t\t\t\t\t\t\t\t<\/p>\n\t\t\t\t\t\t\t\t\t\t\t\t\t\t\t\t\t\t\t\t\t<p class=\"email\"><a\n\t\t\t\t\t\t\t\t\t\t\t\t\thref=\"mail&#116;o:&#109;&#111;&#097;&#046;&#109;a&#114;&#116;eb&#121;&#064;&#112;y&#115;&#115;&#108;&#105;&#110;&#103;en&#046;&#115;e\"\n\t\t\t\t\t\t\t\t\t\t\t\t\tclass=\"u-text-link\">&#109;&#111;&#097;.m&#097;&#114;t&#101;b&#121;&#064;&#112;yss&#108;i&#110;&#103;en&#046;s&#101;<\/a>\n\t\t\t\t\t\t\t\t\t\t\t<\/p>\n\t\t\t\t\t\t\t\t\t\t\t\t\t\t\t\t\t\t\t\t\t\t\t\t\t\t\t<\/div>\n\t\t\t\t\t\t\t\n\t\t\t\t\t\t\t\t\t\t\t\t\t<\/div>\n\t\t\t\t\t\t<div class=\"c-card__media\">\n\t\t\t\t\t\t\t\t\t\t\t\t\t\t\t\t\t\t\t\t\t\t\t\t\t\t\t\t\t\t\t\t\t\t\t\t\t\t\t\t\t\t\t\t\t\t\t\t\t<img decoding=\"async\" width=\"360\" height=\"360\" src=\"https:\/\/pysslingen.se\/wp-content\/uploads\/sites\/48\/2020\/10\/pysslingen-facebook-360x360px.png\" class=\"u-radius-rounded u-ratio-landscape  \" alt=\"P som i Pysslingen\" sizes=\"(max-width: 300px) 100vw, 300px\" srcset=\"https:\/\/pysslingen.se\/wp-content\/uploads\/sites\/48\/2020\/10\/pysslingen-facebook-360x360px.png 360w, https:\/\/pysslingen.se\/wp-content\/uploads\/sites\/48\/2020\/10\/pysslingen-facebook-360x360px-300x300.png 300w, https:\/\/pysslingen.se\/wp-content\/uploads\/sites\/48\/2020\/10\/pysslingen-facebook-360x360px-150x150.png 150w, https:\/\/pysslingen.se\/wp-content\/uploads\/sites\/48\/2020\/10\/pysslingen-facebook-360x360px-100x100.png 100w\" \/>\n\t\t\t\t\t\t<\/div>\n\t\t\t\t\t<\/article>\n\t\t\t\t<\/li>\n\t\t\t\t\t<\/ul>\n\n\t\t\n\t\t    <div class=\"ams-contact__more u-inline-items js-load-more-btn\">\n        <button href=\"#\"\n                class=\"c-btn\"\n                data-style=\"rounded\"\n                data-size=\"md\"\n                data-width=\"full-mobile\"\n                data-variant=\"outline\">\n        \tVisa mer\n        <\/button>\n    <\/div>\n\n\t\t\t<\/div>\n\n\t\t\n\n<\/section>\n\n\n\n<section id=admin\n\t\t class=\"\n\t\t ams-contact\n\t\t \n\t\t c-block l-stacked\n\t\t \n\t\t \n\t\t js-load-more\n\t\t \"\n\t\t data-color-scheme=\"\"\n\t\t\t\t\tdata-count=\"3\"\n\t\t\t\t\t\t\tdata-count-mobile=\"2\"\n\t\t\t\t>\n\t<div\n\t\t class=\"\n\t\t l-container\n\t\t l-stack l-stack-fluid-2xl\n\t\t u-pt-fluid-md-xl\n\t\t u-pb-fluid-md-xl\n\t\t is-center\n\t\t is-center@md\n\t\t \">\n\t\t\t\t\t<div class=\"ams-contact__intro l-stack l-stack-lg\">\n\t\t\t\t\t\n\t<h2\n\tclass=\"c-heading u-font-title-1 \"\n\tstyle=\"\">\n\t\t\n\t\t\t\t\tAdministration\n\t\t\t\t\n\t<\/h2>\n\n\t\t\t\t\t\t\t<\/div>\n\t\t\n\t\t\n\t\t    \t\n\t\t\n\t\t<ul\n\t\t\tid=\"contact-grid-69f5692eb758b\"\n\t\t\tclass=\"ams-contact__list l-grid u-gap-fluid-2xl-4xl u-justify-center js-results \"\n\t\t\taria-label=\"Kontakter\"\n\t\t\tdata-filter-animation=\"off\"\n\t\t\t>\n\t\t\t\t\t\t\t\t\t\t\t\n\t\t\t\t\n\t\t\t\t<li class=\"l-col-6@md l-col-4@lg \" data-filter=\"administration\">\n\t\t\t\t\t<article class=\"c-card \" data-variant=\"neutral\">\n\t\t\t\t\t\t<div class=\"c-card__content u-text-center\">\n\t\t\t\t\t\t\t\t\t\t\t\t\t\t\t<h3 class=\"c-card__title u-font-title-3\">\n\t\t\t\t\t\t\t\t\tLina Berggren &#038; Sara Carlsson\n\t\t\t\t\t\t\t\t<\/h3>\n\t\t\t\t\t\t\t\n\t\t\t\t\t\t\t\t\t\t\t\t\t\t\t<p class=\"position u-font-body\">Administrat\u00f6rer<\/p>\n\t\t\t\t\t\t\t\n\t\t\t\t\t\t\t\t\t\t\t\t\t\t\t<div class=\"contact-info u-font-body\">\n\t\t\t\t\t\t\t\t\t\n\t\t\t\t\t\t\t\t\t\t\t\t\t\t\t\t\t\t\t\t\t\t\t\t\t\t\t\t\t\t<p class=\"email\"><a\n\t\t\t\t\t\t\t\t\t\t\t\t\thref=\"&#109;&#097;&#105;&#108;&#116;o:&#112;&#121;&#115;s&#108;&#105;&#110;&#103;en.a&#100;&#109;i&#110;&#046;re&#103;&#105;&#111;&#110;1&#064;pyssl&#105;&#110;&#103;&#101;&#110;&#046;s&#101;\"\n\t\t\t\t\t\t\t\t\t\t\t\t\tclass=\"u-text-link\">&#112;yssling&#101;&#110;.&#097;&#100;m&#105;&#110;&#046;re&#103;&#105;o&#110;1&#064;&#112;y&#115;s&#108;&#105;n&#103;e&#110;&#046;&#115;e<\/a>\n\t\t\t\t\t\t\t\t\t\t\t<\/p>\n\t\t\t\t\t\t\t\t\t\t\t\t\t\t\t\t\t\t\t\t\t\t\t\t\t\t\t<\/div>\n\t\t\t\t\t\t\t\n\t\t\t\t\t\t\t\t\t\t\t\t\t<\/div>\n\t\t\t\t\t\t<div class=\"c-card__media\">\n\t\t\t\t\t\t\t\t\t\t\t\t\t\t\t\t\t\t\t\t\t\t\t\t\t\t\t\t\t\t\t\t\t\t\t\t\t\t\t\t\t\t\t\t\t\t\t\t\t<img decoding=\"async\" width=\"400\" height=\"267\" src=\"https:\/\/pysslingen.se\/wp-content\/uploads\/sites\/48\/2025\/10\/p1144998-400x267.jpg\" class=\"u-radius-rounded u-ratio-landscape  \" alt=\"Portr\u00e4ttbild p\u00e5 v\u00e5ra administrat\u00f6rer.\" sizes=\"(max-width: 300px) 100vw, 300px\" srcset=\"https:\/\/pysslingen.se\/wp-content\/uploads\/sites\/48\/2025\/10\/p1144998-400x267.jpg 400w, https:\/\/pysslingen.se\/wp-content\/uploads\/sites\/48\/2025\/10\/p1144998-300x200.jpg 300w, https:\/\/pysslingen.se\/wp-content\/uploads\/sites\/48\/2025\/10\/p1144998-600x400.jpg 600w, https:\/\/pysslingen.se\/wp-content\/uploads\/sites\/48\/2025\/10\/p1144998-800x533.jpg 800w, https:\/\/pysslingen.se\/wp-content\/uploads\/sites\/48\/2025\/10\/p1144998-1024x683.jpg 1024w, https:\/\/pysslingen.se\/wp-content\/uploads\/sites\/48\/2025\/10\/p1144998-1200x800.jpg 1200w\" \/>\n\t\t\t\t\t\t<\/div>\n\t\t\t\t\t<\/article>\n\t\t\t\t<\/li>\n\t\t\t\t\t<\/ul>\n\n\t\t\n\t\t    <div class=\"ams-contact__more u-inline-items js-load-more-btn\">\n        <button href=\"#\"\n                class=\"c-btn\"\n                data-style=\"rounded\"\n                data-size=\"md\"\n                data-width=\"full-mobile\"\n                data-variant=\"outline\">\n        \tVisa mer\n        <\/button>\n    <\/div>\n\n\t\t\t<\/div>\n\n\t\t\n\n<\/section>\n\n\n\n<section \n\t\t class=\"\n\t\t ams-contact\n\t\t \n\t\t c-block l-stacked\n\t\t \n\t\t \n\t\t js-load-more\n\t\t \"\n\t\t data-color-scheme=\"\"\n\t\t\t\t\tdata-count=\"3\"\n\t\t\t\t\t\t\tdata-count-mobile=\"2\"\n\t\t\t\t>\n\t<div\n\t\t class=\"\n\t\t l-container\n\t\t l-stack l-stack-fluid-2xl\n\t\t u-pt-fluid-md-xl\n\t\t u-pb-fluid-md-xl\n\t\t is-center\n\t\t is-center@md\n\t\t \">\n\t\t\t\t\t<div class=\"ams-contact__intro l-stack l-stack-lg\">\n\t\t\t\t\t\n\t<h2\n\tclass=\"c-heading u-font-title-1 \"\n\tstyle=\"\">\n\t\t\n\t\t\t\t\tSkolchef &#8211; ansvarig f\u00f6r regionen\n\t\t\t\t\n\t<\/h2>\n\n\t\t\t\t\t\t\t<\/div>\n\t\t\n\t\t\n\t\t    \t\n\t\t\n\t\t<ul\n\t\t\tid=\"contact-grid-69f5692eb9c0a\"\n\t\t\tclass=\"ams-contact__list l-grid u-gap-fluid-2xl-4xl u-justify-center js-results \"\n\t\t\taria-label=\"Kontakter\"\n\t\t\tdata-filter-animation=\"off\"\n\t\t\t>\n\t\t\t\t\t\t\t\t\t\t\t\n\t\t\t\t\n\t\t\t\t<li class=\"l-col-6@md l-col-4@lg \" data-filter=\"f\">\n\t\t\t\t\t<article class=\"c-card \" data-variant=\"neutral\">\n\t\t\t\t\t\t<div class=\"c-card__content u-text-center\">\n\t\t\t\t\t\t\t\t\t\t\t\t\t\t\t<h3 class=\"c-card__title u-font-title-3\">\n\t\t\t\t\t\t\t\t\tAinileena Niva\n\t\t\t\t\t\t\t\t<\/h3>\n\t\t\t\t\t\t\t\n\t\t\t\t\t\t\t\t\t\t\t\t\t\t\t<p class=\"position u-font-body\">Skolchef<\/p>\n\t\t\t\t\t\t\t\n\t\t\t\t\t\t\t\t\t\t\t\t\t\t\t<div class=\"contact-info u-font-body\">\n\t\t\t\t\t\t\t\t\t\t\t\t\t\t\t\t\t\t\t\t\t\t\t\t\t\t\t\t\t\t<p class=\"phone\"><a\n\t\t\t\t\t\t\t\t\t\t\t\t\thref=\"tel:084515418\"\n\t\t\t\t\t\t\t\t\t\t\t\t\tclass=\"u-text-link\">08-451 54 18<\/a>\n\t\t\t\t\t\t\t\t\t\t\t<\/p>\n\t\t\t\t\t\t\t\t\t\t\t\t\t\t\t\t\t\t\t\n\t\t\t\t\t\t\t\t\t\t\t\t\t\t\t\t\t\t\t\t\t\t\t\t\t\t\t\t\t\t<p class=\"email\"><a\n\t\t\t\t\t\t\t\t\t\t\t\t\thref=\"mai&#108;&#116;o&#058;&#097;i&#110;&#105;&#108;eena.n&#105;&#118;&#097;&#064;p&#121;&#115;slin&#103;&#101;n.s&#101;\"\n\t\t\t\t\t\t\t\t\t\t\t\t\tclass=\"u-text-link\">&#097;&#105;&#110;&#105;&#108;e&#101;&#110;&#097;&#046;n&#105;&#118;&#097;&#064;py&#115;&#115;li&#110;&#103;&#101;&#110;&#046;s&#101;<\/a>\n\t\t\t\t\t\t\t\t\t\t\t<\/p>\n\t\t\t\t\t\t\t\t\t\t\t\t\t\t\t\t\t\t\t\t\t\t\t\t\t\t\t<\/div>\n\t\t\t\t\t\t\t\n\t\t\t\t\t\t\t\t\t\t\t\t\t<\/div>\n\t\t\t\t\t\t<div class=\"c-card__media\">\n\t\t\t\t\t\t\t\t\t\t\t\t\t\t\t\t\t\t\t\t\t\t\t\t\t\t\t\t\t\t\t\t\t\t\t\t\t\t\t\t\t\t\t\t\t\t\t\t\t<img decoding=\"async\" width=\"400\" height=\"267\" src=\"https:\/\/pysslingen.se\/wp-content\/uploads\/sites\/48\/2020\/11\/admin-ajax-2-400x267.jpeg\" class=\"u-radius-rounded u-ratio-landscape  \" alt=\"Portr\u00e4ttbild av skolchef.\" sizes=\"(max-width: 300px) 100vw, 300px\" srcset=\"https:\/\/pysslingen.se\/wp-content\/uploads\/sites\/48\/2020\/11\/admin-ajax-2-400x267.jpeg 400w, https:\/\/pysslingen.se\/wp-content\/uploads\/sites\/48\/2020\/11\/admin-ajax-2-300x200.jpeg 300w, https:\/\/pysslingen.se\/wp-content\/uploads\/sites\/48\/2020\/11\/admin-ajax-2.jpeg 600w\" \/>\n\t\t\t\t\t\t<\/div>\n\t\t\t\t\t<\/article>\n\t\t\t\t<\/li>\n\t\t\t\t\t<\/ul>\n\n\t\t\n\t\t    <div class=\"ams-contact__more u-inline-items js-load-more-btn\">\n        <button href=\"#\"\n                class=\"c-btn\"\n                data-style=\"rounded\"\n                data-size=\"md\"\n                data-width=\"full-mobile\"\n                data-variant=\"outline\">\n        \tVisa mer\n        <\/button>\n    <\/div>\n\n\t\t\t<\/div>\n\n\t\t\n\n<\/section>\n","protected":false},"excerpt":{"rendered":"","protected":false},"author":3,"featured_media":0,"parent":0,"menu_order":0,"comment_status":"closed","ping_status":"closed","template":"archive-personal.php","meta":{"footnotes":""},"yoast_head":"<!-- This site is optimized with the Yoast SEO plugin v22.0 - https:\/\/yoast.com\/wordpress\/plugins\/seo\/ -->\n<title>Kontakt - Pysslingen F\u00f6rskolorMaria Ro<\/title>\n<meta name=\"description\" content=\"V\u00e4lkommen att kontakta oss p\u00e5 Pysslingen Maria Ro! H\u00e4r hittar du kontaktuppgifter till f\u00f6rskolan, samordnare, ledningsteam och skolchef.\" \/>\n<meta name=\"robots\" content=\"index, follow, max-snippet:-1, max-image-preview:large, max-video-preview:-1\" \/>\n<link rel=\"canonical\" href=\"https:\/\/pysslingen.se\/mariaro\/kontakt\/\" \/>\n<meta property=\"og:locale\" content=\"sv_SE\" \/>\n<meta property=\"og:type\" content=\"article\" \/>\n<meta property=\"og:title\" content=\"Kontakt - Pysslingen F\u00f6rskolorMaria Ro\" \/>\n<meta property=\"og:description\" content=\"V\u00e4lkommen att kontakta oss p\u00e5 Pysslingen Maria Ro! H\u00e4r hittar du kontaktuppgifter till f\u00f6rskolan, samordnare, ledningsteam och skolchef.\" \/>\n<meta property=\"og:url\" content=\"https:\/\/pysslingen.se\/mariaro\/kontakt\/\" \/>\n<meta property=\"og:site_name\" content=\"Maria Ro\" \/>\n<meta property=\"article:modified_time\" content=\"2025-11-05T10:00:06+00:00\" \/>\n<meta name=\"twitter:card\" content=\"summary_large_image\" \/>\n<meta name=\"twitter:title\" content=\"Kontakt - Pysslingen F\u00f6rskolorMaria Ro\" \/>\n<meta name=\"twitter:description\" content=\"V\u00e4lkommen att kontakta oss p\u00e5 Pysslingen Maria Ro! H\u00e4r hittar du kontaktuppgifter till f\u00f6rskolan, samordnare, ledningsteam och skolchef.\" \/>\n<script type=\"application\/ld+json\" class=\"yoast-schema-graph\">{\"@context\":\"https:\/\/schema.org\",\"@graph\":[{\"@type\":\"WebPage\",\"@id\":\"https:\/\/pysslingen.se\/mariaro\/kontakt\/\",\"url\":\"https:\/\/pysslingen.se\/mariaro\/kontakt\/\",\"name\":\"Kontakt - Pysslingen F\u00f6rskolorMaria Ro\",\"isPartOf\":{\"@id\":\"https:\/\/pysslingen.se\/mariaro\/#website\"},\"datePublished\":\"2020-10-01T11:13:05+00:00\",\"dateModified\":\"2025-11-05T10:00:06+00:00\",\"description\":\"V\u00e4lkommen att kontakta oss p\u00e5 Pysslingen Maria Ro! H\u00e4r hittar du kontaktuppgifter till f\u00f6rskolan, samordnare, ledningsteam och skolchef.\",\"breadcrumb\":{\"@id\":\"https:\/\/pysslingen.se\/mariaro\/kontakt\/#breadcrumb\"},\"inLanguage\":\"sv-SE\",\"potentialAction\":[{\"@type\":\"ReadAction\",\"target\":[\"https:\/\/pysslingen.se\/mariaro\/kontakt\/\"]}]},{\"@type\":\"BreadcrumbList\",\"@id\":\"https:\/\/pysslingen.se\/mariaro\/kontakt\/#breadcrumb\",\"itemListElement\":[{\"@type\":\"ListItem\",\"position\":1,\"name\":\"Start\",\"item\":\"https:\/\/pysslingen.se\/mariaro\/\"},{\"@type\":\"ListItem\",\"position\":2,\"name\":\"Kontakt\"}]},{\"@type\":\"WebSite\",\"@id\":\"https:\/\/pysslingen.se\/mariaro\/#website\",\"url\":\"https:\/\/pysslingen.se\/mariaro\/\",\"name\":\"Maria Ro\",\"description\":\"En trygg och stimulerande v\u00e4rld\",\"publisher\":{\"@id\":\"https:\/\/pysslingen.se\/mariaro\/#organization\"},\"potentialAction\":[{\"@type\":\"SearchAction\",\"target\":{\"@type\":\"EntryPoint\",\"urlTemplate\":\"https:\/\/pysslingen.se\/mariaro\/?s={search_term_string}\"},\"query-input\":\"required name=search_term_string\"}],\"inLanguage\":\"sv-SE\"},{\"@type\":\"Organization\",\"@id\":\"https:\/\/pysslingen.se\/mariaro\/#organization\",\"name\":\"Pysslingen F\u00f6rskolor\",\"url\":\"https:\/\/pysslingen.se\/mariaro\/\",\"logo\":{\"@type\":\"ImageObject\",\"inLanguage\":\"sv-SE\",\"@id\":\"https:\/\/pysslingen.se\/mariaro\/#\/schema\/logo\/image\/\",\"url\":\"https:\/\/pysslingen.se\/wp-content\/uploads\/2021\/05\/pysslingen-forskolor.png\",\"contentUrl\":\"https:\/\/pysslingen.se\/wp-content\/uploads\/2021\/05\/pysslingen-forskolor.png\",\"width\":1120,\"height\":630,\"caption\":\"Pysslingen F\u00f6rskolor\"},\"image\":{\"@id\":\"https:\/\/pysslingen.se\/mariaro\/#\/schema\/logo\/image\/\"}}]}<\/script>\n<!-- \/ Yoast SEO plugin. -->","yoast_head_json":{"title":"Kontakt - Pysslingen F\u00f6rskolorMaria Ro","description":"V\u00e4lkommen att kontakta oss p\u00e5 Pysslingen Maria Ro! H\u00e4r hittar du kontaktuppgifter till f\u00f6rskolan, samordnare, ledningsteam och skolchef.","robots":{"index":"index","follow":"follow","max-snippet":"max-snippet:-1","max-image-preview":"max-image-preview:large","max-video-preview":"max-video-preview:-1"},"canonical":"https:\/\/pysslingen.se\/mariaro\/kontakt\/","og_locale":"sv_SE","og_type":"article","og_title":"Kontakt - Pysslingen F\u00f6rskolorMaria Ro","og_description":"V\u00e4lkommen att kontakta oss p\u00e5 Pysslingen Maria Ro! H\u00e4r hittar du kontaktuppgifter till f\u00f6rskolan, samordnare, ledningsteam och skolchef.","og_url":"https:\/\/pysslingen.se\/mariaro\/kontakt\/","og_site_name":"Maria Ro","article_modified_time":"2025-11-05T10:00:06+00:00","twitter_card":"summary_large_image","twitter_title":"Kontakt - Pysslingen F\u00f6rskolorMaria Ro","twitter_description":"V\u00e4lkommen att kontakta oss p\u00e5 Pysslingen Maria Ro! H\u00e4r hittar du kontaktuppgifter till f\u00f6rskolan, samordnare, ledningsteam och skolchef.","schema":{"@context":"https:\/\/schema.org","@graph":[{"@type":"WebPage","@id":"https:\/\/pysslingen.se\/mariaro\/kontakt\/","url":"https:\/\/pysslingen.se\/mariaro\/kontakt\/","name":"Kontakt - Pysslingen F\u00f6rskolorMaria Ro","isPartOf":{"@id":"https:\/\/pysslingen.se\/mariaro\/#website"},"datePublished":"2020-10-01T11:13:05+00:00","dateModified":"2025-11-05T10:00:06+00:00","description":"V\u00e4lkommen att kontakta oss p\u00e5 Pysslingen Maria Ro! H\u00e4r hittar du kontaktuppgifter till f\u00f6rskolan, samordnare, ledningsteam och skolchef.","breadcrumb":{"@id":"https:\/\/pysslingen.se\/mariaro\/kontakt\/#breadcrumb"},"inLanguage":"sv-SE","potentialAction":[{"@type":"ReadAction","target":["https:\/\/pysslingen.se\/mariaro\/kontakt\/"]}]},{"@type":"BreadcrumbList","@id":"https:\/\/pysslingen.se\/mariaro\/kontakt\/#breadcrumb","itemListElement":[{"@type":"ListItem","position":1,"name":"Start","item":"https:\/\/pysslingen.se\/mariaro\/"},{"@type":"ListItem","position":2,"name":"Kontakt"}]},{"@type":"WebSite","@id":"https:\/\/pysslingen.se\/mariaro\/#website","url":"https:\/\/pysslingen.se\/mariaro\/","name":"Maria Ro","description":"En trygg och stimulerande v\u00e4rld","publisher":{"@id":"https:\/\/pysslingen.se\/mariaro\/#organization"},"potentialAction":[{"@type":"SearchAction","target":{"@type":"EntryPoint","urlTemplate":"https:\/\/pysslingen.se\/mariaro\/?s={search_term_string}"},"query-input":"required name=search_term_string"}],"inLanguage":"sv-SE"},{"@type":"Organization","@id":"https:\/\/pysslingen.se\/mariaro\/#organization","name":"Pysslingen F\u00f6rskolor","url":"https:\/\/pysslingen.se\/mariaro\/","logo":{"@type":"ImageObject","inLanguage":"sv-SE","@id":"https:\/\/pysslingen.se\/mariaro\/#\/schema\/logo\/image\/","url":"https:\/\/pysslingen.se\/wp-content\/uploads\/2021\/05\/pysslingen-forskolor.png","contentUrl":"https:\/\/pysslingen.se\/wp-content\/uploads\/2021\/05\/pysslingen-forskolor.png","width":1120,"height":630,"caption":"Pysslingen F\u00f6rskolor"},"image":{"@id":"https:\/\/pysslingen.se\/mariaro\/#\/schema\/logo\/image\/"}}]}},"_links":{"self":[{"href":"https:\/\/pysslingen.se\/mariaro\/wp-json\/wp\/v2\/pages\/194"}],"collection":[{"href":"https:\/\/pysslingen.se\/mariaro\/wp-json\/wp\/v2\/pages"}],"about":[{"href":"https:\/\/pysslingen.se\/mariaro\/wp-json\/wp\/v2\/types\/page"}],"author":[{"embeddable":true,"href":"https:\/\/pysslingen.se\/mariaro\/wp-json\/wp\/v2\/users\/3"}],"replies":[{"embeddable":true,"href":"https:\/\/pysslingen.se\/mariaro\/wp-json\/wp\/v2\/comments?post=194"}],"version-history":[{"count":10,"href":"https:\/\/pysslingen.se\/mariaro\/wp-json\/wp\/v2\/pages\/194\/revisions"}],"predecessor-version":[{"id":1526,"href":"https:\/\/pysslingen.se\/mariaro\/wp-json\/wp\/v2\/pages\/194\/revisions\/1526"}],"wp:attachment":[{"href":"https:\/\/pysslingen.se\/mariaro\/wp-json\/wp\/v2\/media?parent=194"}],"curies":[{"name":"wp","href":"https:\/\/api.w.org\/{rel}","templated":true}]}}