{"id":4,"date":"2020-09-25T11:05:23","date_gmt":"2020-09-25T11:05:23","guid":{"rendered":"https:\/\/pysslingen.se\/kungshatten\/?page_id=4"},"modified":"2026-01-15T09:13:19","modified_gmt":"2026-01-15T08:13:19","slug":"startsida","status":"publish","type":"page","link":"https:\/\/pysslingen.se\/kungshatten\/","title":{"rendered":"Startsida"},"content":{"rendered":"\n\t\n\t\n\t\n\n\t\n\t\n\t\t\n<section  class=\"c-block l-stacked blobs \" data-color-scheme=\"\">\n\t<div class=\"ams-fifty ams-fifty--container ams-fifty--right ams-fifty--bottom l-container u-pt-fluid-3xl-6xl u-pb-fluid-3xl-6xl\">\n\t\t<div class=\"ams-fifty__content l-stack l-stack-xl is-left is-left@lg\">\n\t\t\t<div class=\"ams-fifty__text l-stack l-stack-lg\">\n\t\t\t\t\t\n\t<h1\n\tclass=\"c-heading u-font-title-1 \"\n\tstyle=\"\">\n\t\t\n\t\t\t\t\t\t\t\t\tKungshattens f\u00f6rskola i V\u00e5rberg, Sk\u00e4rholmen\n\t\t\t\t<span class=\"c-heading__sub is-below u-font-title-3\">\n\t\t\t\t\t\u2012 Kreativitet med spr\u00e5k, lek och r\u00f6relse i fokus\n\t\t\t\t<\/span>\n\t\t\t\t\t\t\t\n\t<\/h1>\n\n\t\t\t\t\t\t\t\t\t<div class=\"text l-stack u-font-body\">\n\t\t\t\t\t\t<p>F\u00f6rskolan Kungshatten \u00e4r en f\u00f6rskola som ligger n\u00e4ra V\u00e5rbergs centrum. Vi arbetar skolf\u00f6rberedande med fokus p\u00e5 spr\u00e5k, lek och r\u00f6relse f\u00f6r att ge barnen en trygg grund inf\u00f6r skolstarten. Hos oss m\u00f6ts flera olika spr\u00e5k i b\u00e5de barngruppen och bland pedagogerna, vilket skapar en inkluderande och inspirerande l\u00e4rmilj\u00f6.<\/p>\n<p>Vi delar in barnen i mindre grupper under dagen och erbjuder en bra balans mellan l\u00e4rande, lek och vila. Vi tycker om att r\u00f6ra p\u00e5 oss och vara aktiva utomhus. Vi vistas g\u00e4rna i parker och g\u00f6r utflykter i naturen d\u00e4r vi uppt\u00e4cker och utforskar tillsammans.<\/p>\n<p><strong>Vi har lediga platser &#8211; varmt v\u00e4lkommen till oss!<\/strong><\/p>\n<p><em>We are a preschool in V\u00e5rbergs centrum that focuses on language. <\/em><em style=\"font-family: -apple-system, BlinkMacSystemFont, 'Segoe UI', Roboto, 'Helvetica Neue', Arial, 'Noto Sans', 'Liberation Sans', sans-serif, 'Apple Color Emoji', 'Segoe UI Emoji', 'Segoe UI Symbol', 'Noto Color Emoji'; font-size: 1rem;\">We still have a few spots available for the autumn term \u2013 don\u2019t hesitate to get in touch. <\/em><strong style=\"font-family: -apple-system, BlinkMacSystemFont, 'Segoe UI', Roboto, 'Helvetica Neue', Arial, 'Noto Sans', 'Liberation Sans', sans-serif, 'Apple Color Emoji', 'Segoe UI Emoji', 'Segoe UI Symbol', 'Noto Color Emoji'; font-size: 1rem;\"><em>Welcome to us!<\/em><\/strong><\/p>\n\n\t\t\t\t\t<\/div>\n\t\t\t\t\t\t\t<\/div>\n\n\t\t\t\t\t<\/div>\n\n\t\t <div class=\"ams-fifty__media u-ratio-landscape\">\n\t\t \t\t\t\t\t<img decoding=\"async\" width=\"600\" height=\"400\" src=\"https:\/\/pysslingen.se\/wp-content\/uploads\/sites\/114\/2025\/09\/dsc6454-600x400.jpg\" class=\"attachment-md size-md\" alt=\"Pedagog ritar med barnen.\" sizes=\"(min-width: 64em) 600px, calc(100vw - 160px)\" srcset=\"https:\/\/pysslingen.se\/wp-content\/uploads\/sites\/114\/2025\/09\/dsc6454-600x400.jpg 600w, https:\/\/pysslingen.se\/wp-content\/uploads\/sites\/114\/2025\/09\/dsc6454-300x200.jpg 300w, https:\/\/pysslingen.se\/wp-content\/uploads\/sites\/114\/2025\/09\/dsc6454-400x267.jpg 400w, https:\/\/pysslingen.se\/wp-content\/uploads\/sites\/114\/2025\/09\/dsc6454-800x533.jpg 800w, https:\/\/pysslingen.se\/wp-content\/uploads\/sites\/114\/2025\/09\/dsc6454-1024x683.jpg 1024w, https:\/\/pysslingen.se\/wp-content\/uploads\/sites\/114\/2025\/09\/dsc6454-1200x800.jpg 1200w\" \/>\n\t\t\t\n\t\t\t\n\t\t\t\t\t<\/div>\n\t<\/div>\n\n\t\t\n\n<\/section>\n\n\n\n\t\n\t\n<section  class=\"ams-map ams-map--fifty c-block  media-bottom media-left \" data-color-scheme=\"usp-pink-background-blue-cards\" data-locations=\"[{&quot;id&quot;:&quot;330&quot;,&quot;county&quot;:&quot;Stockholm&quot;,&quot;city&quot;:&quot;Stockholm&quot;,&quot;school&quot;:&quot;Kungshatten&quot;,&quot;title&quot;:&quot;Pysslingen Kungshatten&quot;,&quot;phone&quot;:&quot;084061373&quot;,&quot;phone_formatted&quot;:&quot;08-4061373&quot;,&quot;email&quot;:&quot;kungshatten@pysslingen.se&quot;,&quot;visiting_address&quot;:{&quot;address&quot;:&quot;V\\u00e5rbergsplan 1b&quot;,&quot;zip_code&quot;:&quot;12743&quot;,&quot;city&quot;:&quot;Sk\\u00e4rholmen&quot;},&quot;postal_address&quot;:{&quot;address&quot;:&quot;V\\u00e5rbergsplan 1b&quot;,&quot;zip_code&quot;:&quot;12743&quot;,&quot;city&quot;:&quot;Sk\\u00e4rholmen&quot;},&quot;address_map&quot;:&quot;Pysslingen Kungshatten, V\\u00e5rbergsplan, Sk\\u00e4rholmen, Sverige&quot;,&quot;lat&quot;:59.2761947,&quot;lng&quot;:17.8895424,&quot;link&quot;:{&quot;url&quot;:&quot;\\\/kungshatten&quot;,&quot;text&quot;:&quot;L\\u00e4s mer om f\\u00f6rskolan&quot;}}]\">\n\t<div class=\"ams-map__content u-pt-fluid-3xl-6xl u-pb-fluid-3xl-6xl l-stack l-stack-fluid-xl is-left is-left@lg\">\n\t\t\t\n\t<h2\n\tclass=\"c-heading u-font-title-1 \"\n\tstyle=\"\">\n\t\t\n\t\t\t\t\tKontakta Pysslingen Kungshatten\n\t\t\t\t\n\t<\/h2>\n\n\t\t\n\t\t\t\t\t<div class=\"contact-info l-stack\">\n\t\t\t\t\t\t\t\t\t<div class=\"contact-info__item\">\n\t\t\t\t\t\t<p class=\"contact-info__heading u-font-title-4\">\n\t\t\t\t\t\t\tBes\u00f6ksadress\n\t\t\t\t\t\t<\/p>\n\t\t\t\t\t\t<p>\n\t\t\t\t\t\t\t\t\t\t\t\t\t\t\tV\u00e5rbergsplan 1b<br \/>\n\t\t\t\t\t\t\t\t\t\t\t\t\t\t12743 Sk\u00e4rholmen\n\t\t\t\t\t\t<\/p>\n\t\t\t\t\t<\/div>\n\t\t\t\t\n\t\t\t\t\n\t\t\t\t\t\t\t\t\t<div class=\"contact-info__item\">\n\t\t\t\t\t\t<p class=\"contact-info__heading u-font-title-4\">\n\t\t\t\t\t\t\tKontakt\n\t\t\t\t\t\t<\/p>\n\t\t\t\t\t\t<p>\n\t\t\t\t\t\t\t\t\t\t\t\t\t\t\t<a href=\"tel:084061373\">08-4061373<\/a><br \/>\n\t\t\t\t\t\t\t\t\t\t\t\t\t\t\t\t\t\t\t\t\t\t<a href=\"mailto:kungshatten@pysslingen.se\">kungshatten@pysslingen.se<\/a>\n\t\t\t\t\t\t\t\t\t\t\t\t\t<\/p>\n\t\t\t\t\t<\/div>\n\t\t\t\t\t\t\t<\/div>\n\t\t\t<\/div>\n\n\t<div class=\"ams-map__media\">\n\t<\/div>\n<\/section>\n\n\n\n\n<section  class=\"ams-usp c-block l-stacked\" data-color-scheme=\"usp-yellow-background-blue-cards\">\n\t<div class=\"l-container l-stack l-stack-fluid-2xl u-pt-fluid-3xl-6xl u-pb-fluid-3xl-6xl is-center is-center@md\">\n\t\t\t\t\t<div class=\"ams-usp__intro l-stack l-stack-lg\">\n\t\t\t\t\t\n\t<h2\n\tclass=\"c-heading u-font-title-1 \"\n\tstyle=\"\">\n\t\t\n\t\t\t\t\tV\u00e5ra inriktningar\n\t\t\t\t\n\t<\/h2>\n\n\t\t\t\t\t\t\t<\/div>\n\t\t\n\t\t\t<ul class=\"ams-usp__list l-grid u-justify-center u-gap-fluid-2xl-4xl\">\n\t\t\t\t\t<li class=\"l-col-6@md l-col-4@lg\">\n\t\t\t\t<article\n\t\t\t\t\tclass=\"\n\t\t\t\t\tc-card\n\t\t\t\t\thas-media-zoom\n\t\t\t\t\t\n\t\t\t\t\t\n\t\t\t\t\t\"\n\t\t\t\t\tdata-variant=\"border\"\n\t\t\t\t\tdata-style=\"soft\"\n\t\t\t\t\tdata-click-area\n\t\t\t\t\t>\n\t\t\t\t\t\t\t\t\t\t\t<div class=\"c-card__content l-stack l-stack-sm u-text-center\">\n\t\t\t\t\t\t\t\t\t\t\t\t\t\t\t<h3 class=\"c-card__title u-font-title-2\">\n\t\t\t\t\t\t\t\t\t<a href=\"https:\/\/pysslingen.se\/kungshatten\/om-forskolan\/\" target=\"_self\">\t\t\t\t\t\t\t\t\t\t\t\t\t\t\t\t\t\t\t\t\tSpr\u00e5k\n\t\t\t\t\t\t\t\t\t\t\t\t\t\t\t\t\t\t\t<\/a>\t\t\t\t\t\t\t\t<\/h3>\n\t\t\t\t\t\t\t\n\t\t\t\t\t\t\t\t\t\t\t\t\t\t\t<div class=\"c-card__text l-stack-xs u-font-body\">\n\t\t\t\t\t\t\t\t\t<p>V jobbar tidigt med spr\u00e5kutveckling f\u00f6r att barnen ska kunna uttrycka sig, f\u00f6rst\u00e5 andra och bygga en bra grund f\u00f6r fortsatt l\u00e4rande. Spr\u00e5kpromenader, h\u00f6gl\u00e4sning, s\u00e5nger, ramsor st\u00e4rker barnens spr\u00e5kutveckling.<\/p>\n\n\t\t\t\t\t\t\t\t<\/div>\n\t\t\t\t\t\t\t\t\t\t\t\t\t<\/div>\n\t\t\t\t\t\n\t\t\t\t\t<div class=\"c-card__media\">\n\t\t\t\t\t\t\t\t\t\t\t\t\t<img decoding=\"async\" width=\"400\" height=\"600\" src=\"https:\/\/pysslingen.se\/wp-content\/uploads\/sites\/114\/2025\/09\/dsc6519-400x600.jpg\" class=\"u-radius-rounded u-ratio-landscape  ams_icon_size_default\" alt=\"Pedagog l\u00e4ser f\u00f6r ett barn.\" srcset=\"https:\/\/pysslingen.se\/wp-content\/uploads\/sites\/114\/2025\/09\/dsc6519-400x600.jpg 400w, https:\/\/pysslingen.se\/wp-content\/uploads\/sites\/114\/2025\/09\/dsc6519-300x450.jpg 300w, https:\/\/pysslingen.se\/wp-content\/uploads\/sites\/114\/2025\/09\/dsc6519-600x900.jpg 600w, https:\/\/pysslingen.se\/wp-content\/uploads\/sites\/114\/2025\/09\/dsc6519-800x1200.jpg 800w, https:\/\/pysslingen.se\/wp-content\/uploads\/sites\/114\/2025\/09\/dsc6519-1024x1536.jpg 1024w, https:\/\/pysslingen.se\/wp-content\/uploads\/sites\/114\/2025\/09\/dsc6519-1200x1800.jpg 1200w, https:\/\/pysslingen.se\/wp-content\/uploads\/sites\/114\/2025\/09\/dsc6519.jpg 1333w\" sizes=\"(max-width: 400px) 100vw, 400px\" \/>\n\t\t\t\t\t\t\t\t\t\t\t<\/div>\n\t\t\t\t<\/article>\n\t\t\t<\/li>\n\n\t\t\t\t\t<li class=\"l-col-6@md l-col-4@lg\">\n\t\t\t\t<article\n\t\t\t\t\tclass=\"\n\t\t\t\t\tc-card\n\t\t\t\t\thas-media-zoom\n\t\t\t\t\t\n\t\t\t\t\t\n\t\t\t\t\t\"\n\t\t\t\t\tdata-variant=\"border\"\n\t\t\t\t\tdata-style=\"soft\"\n\t\t\t\t\tdata-click-area\n\t\t\t\t\t>\n\t\t\t\t\t\t\t\t\t\t\t<div class=\"c-card__content l-stack l-stack-sm u-text-center\">\n\t\t\t\t\t\t\t\t\t\t\t\t\t\t\t<h3 class=\"c-card__title u-font-title-2\">\n\t\t\t\t\t\t\t\t\t<a href=\"https:\/\/pysslingen.se\/kungshatten\/om-forskolan\/\" target=\"_self\">\t\t\t\t\t\t\t\t\t\t\t\t\t\t\t\t\t\t\t\t\tLek och r\u00f6relse\n\t\t\t\t\t\t\t\t\t\t\t\t\t\t\t\t\t\t\t<\/a>\t\t\t\t\t\t\t\t<\/h3>\n\t\t\t\t\t\t\t\n\t\t\t\t\t\t\t\t\t\t\t\t\t\t\t<div class=\"c-card__text l-stack-xs u-font-body\">\n\t\t\t\t\t\t\t\t\t<p>Varje dag erbjuder vi olika r\u00f6relseaktiviteter f\u00f6r att ditt barn ska m\u00e5 bra, utveckla sin motorik och skapa goda vanor tidigt i livet. Hos oss f\u00e5r lek och r\u00f6relse ta en central plats.<\/p>\n\n\t\t\t\t\t\t\t\t<\/div>\n\t\t\t\t\t\t\t\t\t\t\t\t\t<\/div>\n\t\t\t\t\t\n\t\t\t\t\t<div class=\"c-card__media\">\n\t\t\t\t\t\t\t\t\t\t\t\t\t<img decoding=\"async\" width=\"400\" height=\"267\" src=\"https:\/\/pysslingen.se\/wp-content\/uploads\/sites\/114\/2025\/09\/dsc0024-400x267.jpg\" class=\"u-radius-rounded u-ratio-landscape  ams_icon_size_default\" alt=\"Barn spelar fotboll utomhus.\" srcset=\"https:\/\/pysslingen.se\/wp-content\/uploads\/sites\/114\/2025\/09\/dsc0024-400x267.jpg 400w, https:\/\/pysslingen.se\/wp-content\/uploads\/sites\/114\/2025\/09\/dsc0024-300x200.jpg 300w, https:\/\/pysslingen.se\/wp-content\/uploads\/sites\/114\/2025\/09\/dsc0024-600x400.jpg 600w, https:\/\/pysslingen.se\/wp-content\/uploads\/sites\/114\/2025\/09\/dsc0024-800x533.jpg 800w, https:\/\/pysslingen.se\/wp-content\/uploads\/sites\/114\/2025\/09\/dsc0024-1024x683.jpg 1024w, https:\/\/pysslingen.se\/wp-content\/uploads\/sites\/114\/2025\/09\/dsc0024-1200x800.jpg 1200w\" sizes=\"(max-width: 400px) 100vw, 400px\" \/>\n\t\t\t\t\t\t\t\t\t\t\t<\/div>\n\t\t\t\t<\/article>\n\t\t\t<\/li>\n\n\t\t\t<\/ul>\n\n\t\t\t<\/div>\n\n\t\t\n\n<\/section>\n\n\n\n\n<section  class=\"ams-usp c-block l-stacked blobs\" data-color-scheme=\"usp-pink-background-blue-cards\">\n\t<div class=\"l-container l-stack l-stack-fluid-2xl u-pt-fluid-3xl-6xl u-pb-fluid-3xl-6xl is-center is-center@md\">\n\t\t\t\t\t<div class=\"ams-usp__intro l-stack l-stack-lg\">\n\t\t\t\t\t\n\t<h2\n\tclass=\"c-heading u-font-title-1 \"\n\tstyle=\"\">\n\t\t\n\t\t\t\t\tV\u00e5rt erbjudande &#8211; en trygg och stimulerande v\u00e4rld full av m\u00f6jligheter\n\t\t\t\t\n\t<\/h2>\n\n\t\t\t\t\t\t\t<\/div>\n\t\t\n\t\t\t<ul class=\"ams-usp__list l-grid u-justify-center u-gap-fluid-2xl-4xl\">\n\t\t\t\t\t<li class=\"l-col-6@md l-col-4@lg\">\n\t\t\t\t<article\n\t\t\t\t\tclass=\"\n\t\t\t\t\tc-card\n\t\t\t\t\thas-media-zoom\n\t\t\t\t\t\n\t\t\t\t\t\n\t\t\t\t\t\"\n\t\t\t\t\tdata-variant=\"border\"\n\t\t\t\t\tdata-style=\"soft\"\n\t\t\t\t\tdata-click-area\n\t\t\t\t\t>\n\t\t\t\t\t\t\t\t\t\t\t<div class=\"c-card__content l-stack l-stack-sm u-text-center\">\n\t\t\t\t\t\t\t\t\t\t\t\t\t\t\t<h3 class=\"c-card__title u-font-title-2\">\n\t\t\t\t\t\t\t\t\t<a href=\"https:\/\/pysslingen.se\/kungshatten\/inskolning\/\" target=\"_self\">\t\t\t\t\t\t\t\t\t\t\t\t\t\t\t\t\t\t\t\t\tEn trygg inskolning\n\t\t\t\t\t\t\t\t\t\t\t<span class=\"c-card__title__sub is-below u-font-title-4\">\n\t\t\t\t\t\t\t\t\t\t\t\t&#8211; alla barn f\u00e5r varsin Pyss-ryggs\u00e4ck\n\t\t\t\t\t\t\t\t\t\t\t<\/span>\n\t\t\t\t\t\t\t\t\t\t\t\t\t\t\t\t\t\t\t<\/a>\t\t\t\t\t\t\t\t<\/h3>\n\t\t\t\t\t\t\t\n\t\t\t\t\t\t\t\t\t\t\t\t\t<\/div>\n\t\t\t\t\t\n\t\t\t\t\t<div class=\"c-card__media\">\n\t\t\t\t\t\t\t\t\t\t\t\t\t<img decoding=\"async\" width=\"400\" height=\"332\" src=\"https:\/\/pysslingen.se\/wp-content\/uploads\/sites\/114\/2020\/11\/ryggsackar-2-2.jpeg\" class=\"u-radius-rounded u-ratio-landscape  ams_icon_size_default\" alt=\"Barn med ryggs\u00e4ckar fr\u00e5n Pysslingen\" srcset=\"https:\/\/pysslingen.se\/wp-content\/uploads\/sites\/114\/2020\/11\/ryggsackar-2-2.jpeg 431w, https:\/\/pysslingen.se\/wp-content\/uploads\/sites\/114\/2020\/11\/ryggsackar-2-2-300x249.jpeg 300w\" sizes=\"(max-width: 400px) 100vw, 400px\" \/>\n\t\t\t\t\t\t\t\t\t\t\t<\/div>\n\t\t\t\t<\/article>\n\t\t\t<\/li>\n\n\t\t\t\t\t<li class=\"l-col-6@md l-col-4@lg\">\n\t\t\t\t<article\n\t\t\t\t\tclass=\"\n\t\t\t\t\tc-card\n\t\t\t\t\thas-media-zoom\n\t\t\t\t\t\n\t\t\t\t\t\n\t\t\t\t\t\"\n\t\t\t\t\tdata-variant=\"border\"\n\t\t\t\t\tdata-style=\"soft\"\n\t\t\t\t\tdata-click-area\n\t\t\t\t\t>\n\t\t\t\t\t\t\t\t\t\t\t<div class=\"c-card__content l-stack l-stack-sm u-text-center\">\n\t\t\t\t\t\t\t\t\t\t\t\t\t\t\t<h3 class=\"c-card__title u-font-title-2\">\n\t\t\t\t\t\t\t\t\t<a href=\"https:\/\/pysslingen.se\/kungshatten\/trygghetsvandring\/\" target=\"_self\">\t\t\t\t\t\t\t\t\t\t\t\t\t\t\t\t\t\t\t\t\tTrygghetsvandring\n\t\t\t\t\t\t\t\t\t\t\t<span class=\"c-card__title__sub is-below u-font-title-4\">\n\t\t\t\t\t\t\t\t\t\t\t\t&#8211; v\u00e5rt verktyg f\u00f6r att skapa en trygg milj\u00f6\n\t\t\t\t\t\t\t\t\t\t\t<\/span>\n\t\t\t\t\t\t\t\t\t\t\t\t\t\t\t\t\t\t\t<\/a>\t\t\t\t\t\t\t\t<\/h3>\n\t\t\t\t\t\t\t\n\t\t\t\t\t\t\t\t\t\t\t\t\t<\/div>\n\t\t\t\t\t\n\t\t\t\t\t<div class=\"c-card__media\">\n\t\t\t\t\t\t\t\t\t\t\t\t\t<img decoding=\"async\" width=\"400\" height=\"267\" src=\"https:\/\/pysslingen.se\/wp-content\/uploads\/sites\/114\/2020\/10\/trygghetsvandring.jpg\" class=\"u-radius-rounded u-ratio-landscape  ams_icon_size_default\" alt=\"\" srcset=\"https:\/\/pysslingen.se\/wp-content\/uploads\/sites\/114\/2020\/10\/trygghetsvandring.jpg 1000w, https:\/\/pysslingen.se\/wp-content\/uploads\/sites\/114\/2020\/10\/trygghetsvandring-300x200.jpg 300w, https:\/\/pysslingen.se\/wp-content\/uploads\/sites\/114\/2020\/10\/trygghetsvandring-768x512.jpg 768w\" sizes=\"(max-width: 400px) 100vw, 400px\" \/>\n\t\t\t\t\t\t\t\t\t\t\t<\/div>\n\t\t\t\t<\/article>\n\t\t\t<\/li>\n\n\t\t\t\t\t<li class=\"l-col-6@md l-col-4@lg\">\n\t\t\t\t<article\n\t\t\t\t\tclass=\"\n\t\t\t\t\tc-card\n\t\t\t\t\thas-media-zoom\n\t\t\t\t\t\n\t\t\t\t\t\n\t\t\t\t\t\"\n\t\t\t\t\tdata-variant=\"border\"\n\t\t\t\t\tdata-style=\"soft\"\n\t\t\t\t\tdata-click-area\n\t\t\t\t\t>\n\t\t\t\t\t\t\t\t\t\t\t<div class=\"c-card__content l-stack l-stack-sm u-text-center\">\n\t\t\t\t\t\t\t\t\t\t\t\t\t\t\t<h3 class=\"c-card__title u-font-title-2\">\n\t\t\t\t\t\t\t\t\t<a href=\"https:\/\/pysslingen.se\/kungshatten\/barnens-integritet\/\" target=\"_self\">\t\t\t\t\t\t\t\t\t\t\t\t\t\t\t\t\t\t\t\t\tBarnens integritet\n\t\t\t\t\t\t\t\t\t\t\t<span class=\"c-card__title__sub is-below u-font-title-4\">\n\t\t\t\t\t\t\t\t\t\t\t\t&#8211; s\u00e5 v\u00e4rnar vi om den\n\t\t\t\t\t\t\t\t\t\t\t<\/span>\n\t\t\t\t\t\t\t\t\t\t\t\t\t\t\t\t\t\t\t<\/a>\t\t\t\t\t\t\t\t<\/h3>\n\t\t\t\t\t\t\t\n\t\t\t\t\t\t\t\t\t\t\t\t\t<\/div>\n\t\t\t\t\t\n\t\t\t\t\t<div class=\"c-card__media\">\n\t\t\t\t\t\t\t\t\t\t\t\t\t<img decoding=\"async\" width=\"400\" height=\"267\" src=\"https:\/\/pysslingen.se\/wp-content\/uploads\/sites\/114\/2020\/11\/kvinnlig-pedagod-m-fleece-2.jpg\" class=\"u-radius-rounded u-ratio-landscape  ams_icon_size_default\" alt=\"Pedagog lyssnar p\u00e5 ett barn p\u00e5 f\u00f6rskolan\" srcset=\"https:\/\/pysslingen.se\/wp-content\/uploads\/sites\/114\/2020\/11\/kvinnlig-pedagod-m-fleece-2.jpg 612w, https:\/\/pysslingen.se\/wp-content\/uploads\/sites\/114\/2020\/11\/kvinnlig-pedagod-m-fleece-2-300x200.jpg 300w\" sizes=\"(max-width: 400px) 100vw, 400px\" \/>\n\t\t\t\t\t\t\t\t\t\t\t<\/div>\n\t\t\t\t<\/article>\n\t\t\t<\/li>\n\n\t\t\t\t\t<li class=\"l-col-6@md l-col-4@lg\">\n\t\t\t\t<article\n\t\t\t\t\tclass=\"\n\t\t\t\t\tc-card\n\t\t\t\t\thas-media-zoom\n\t\t\t\t\t\n\t\t\t\t\t\n\t\t\t\t\t\"\n\t\t\t\t\tdata-variant=\"border\"\n\t\t\t\t\tdata-style=\"soft\"\n\t\t\t\t\tdata-click-area\n\t\t\t\t\t>\n\t\t\t\t\t\t\t\t\t\t\t<div class=\"c-card__content l-stack l-stack-sm u-text-center\">\n\t\t\t\t\t\t\t\t\t\t\t\t\t\t\t<h3 class=\"c-card__title u-font-title-2\">\n\t\t\t\t\t\t\t\t\t<a href=\"https:\/\/pysslingen.se\/kungshatten\/larmiljoer\/\" target=\"_self\">\t\t\t\t\t\t\t\t\t\t\t\t\t\t\t\t\t\t\t\t\tV\u00e5ra l\u00e4rmilj\u00f6er\n\t\t\t\t\t\t\t\t\t\t\t<span class=\"c-card__title__sub is-below u-font-title-4\">\n\t\t\t\t\t\t\t\t\t\t\t\t&#8211; utformade f\u00f6r att inspirera och stimulera\n\t\t\t\t\t\t\t\t\t\t\t<\/span>\n\t\t\t\t\t\t\t\t\t\t\t\t\t\t\t\t\t\t\t<\/a>\t\t\t\t\t\t\t\t<\/h3>\n\t\t\t\t\t\t\t\n\t\t\t\t\t\t\t\t\t\t\t\t\t<\/div>\n\t\t\t\t\t\n\t\t\t\t\t<div class=\"c-card__media\">\n\t\t\t\t\t\t\t\t\t\t\t\t\t<img decoding=\"async\" width=\"400\" height=\"323\" src=\"https:\/\/pysslingen.se\/wp-content\/uploads\/sites\/114\/2020\/11\/larmiljo-inomhus-barn-stad-2.jpg\" class=\"u-radius-rounded u-ratio-landscape  ams_icon_size_default\" alt=\"Barn som bygger en stad i l\u00e4rmilj\u00f6 p\u00e5 f\u00f6rskola\" srcset=\"https:\/\/pysslingen.se\/wp-content\/uploads\/sites\/114\/2020\/11\/larmiljo-inomhus-barn-stad-2.jpg 632w, https:\/\/pysslingen.se\/wp-content\/uploads\/sites\/114\/2020\/11\/larmiljo-inomhus-barn-stad-2-300x242.jpg 300w\" sizes=\"(max-width: 400px) 100vw, 400px\" \/>\n\t\t\t\t\t\t\t\t\t\t\t<\/div>\n\t\t\t\t<\/article>\n\t\t\t<\/li>\n\n\t\t\t\t\t<li class=\"l-col-6@md l-col-4@lg\">\n\t\t\t\t<article\n\t\t\t\t\tclass=\"\n\t\t\t\t\tc-card\n\t\t\t\t\thas-media-zoom\n\t\t\t\t\t\n\t\t\t\t\t\n\t\t\t\t\t\"\n\t\t\t\t\tdata-variant=\"border\"\n\t\t\t\t\tdata-style=\"soft\"\n\t\t\t\t\tdata-click-area\n\t\t\t\t\t>\n\t\t\t\t\t\t\t\t\t\t\t<div class=\"c-card__content l-stack l-stack-sm u-text-center\">\n\t\t\t\t\t\t\t\t\t\t\t\t\t\t\t<h3 class=\"c-card__title u-font-title-2\">\n\t\t\t\t\t\t\t\t\t<a href=\"https:\/\/pysslingen.se\/kungshatten\/sprakstimulans\/\" target=\"_self\">\t\t\t\t\t\t\t\t\t\t\t\t\t\t\t\t\t\t\t\t\tSpr\u00e5kstimulans\n\t\t\t\t\t\t\t\t\t\t\t<span class=\"c-card__title__sub is-below u-font-title-4\">\n\t\t\t\t\t\t\t\t\t\t\t\t&#8211; \u00e4ven hemma med tillg\u00e5ng till v\u00e5rt digitala bibliotek\n\t\t\t\t\t\t\t\t\t\t\t<\/span>\n\t\t\t\t\t\t\t\t\t\t\t\t\t\t\t\t\t\t\t<\/a>\t\t\t\t\t\t\t\t<\/h3>\n\t\t\t\t\t\t\t\n\t\t\t\t\t\t\t\t\t\t\t\t\t<\/div>\n\t\t\t\t\t\n\t\t\t\t\t<div class=\"c-card__media\">\n\t\t\t\t\t\t\t\t\t\t\t\t\t<img decoding=\"async\" width=\"400\" height=\"284\" src=\"https:\/\/pysslingen.se\/wp-content\/uploads\/sites\/114\/2020\/11\/lasalitetbarn-2-mindre.jpg\" class=\"u-radius-rounded u-ratio-landscape  ams_icon_size_default\" alt=\"Litet barn l\u00e4ser bok p\u00e5 f\u00f6rskolan\" srcset=\"https:\/\/pysslingen.se\/wp-content\/uploads\/sites\/114\/2020\/11\/lasalitetbarn-2-mindre.jpg 592w, https:\/\/pysslingen.se\/wp-content\/uploads\/sites\/114\/2020\/11\/lasalitetbarn-2-mindre-300x213.jpg 300w\" sizes=\"(max-width: 400px) 100vw, 400px\" \/>\n\t\t\t\t\t\t\t\t\t\t\t<\/div>\n\t\t\t\t<\/article>\n\t\t\t<\/li>\n\n\t\t\t\t\t<li class=\"l-col-6@md l-col-4@lg\">\n\t\t\t\t<article\n\t\t\t\t\tclass=\"\n\t\t\t\t\tc-card\n\t\t\t\t\thas-media-zoom\n\t\t\t\t\t\n\t\t\t\t\t\n\t\t\t\t\t\"\n\t\t\t\t\tdata-variant=\"border\"\n\t\t\t\t\tdata-style=\"soft\"\n\t\t\t\t\tdata-click-area\n\t\t\t\t\t>\n\t\t\t\t\t\t\t\t\t\t\t<div class=\"c-card__content l-stack l-stack-sm u-text-center\">\n\t\t\t\t\t\t\t\t\t\t\t\t\t\t\t<h3 class=\"c-card__title u-font-title-2\">\n\t\t\t\t\t\t\t\t\t<a href=\"https:\/\/pysslingen.se\/kungshatten\/skolforberedande\/\" target=\"_self\">\t\t\t\t\t\t\t\t\t\t\t\t\t\t\t\t\t\t\t\t\tSkolf\u00f6rberedande\n\t\t\t\t\t\t\t\t\t\t\t<span class=\"c-card__title__sub is-below u-font-title-4\">\n\t\t\t\t\t\t\t\t\t\t\t\t&#8211; anpassade aktiviteter f\u00f6r att stimulera de \u00e4ldsta barnen\n\t\t\t\t\t\t\t\t\t\t\t<\/span>\n\t\t\t\t\t\t\t\t\t\t\t\t\t\t\t\t\t\t\t<\/a>\t\t\t\t\t\t\t\t<\/h3>\n\t\t\t\t\t\t\t\n\t\t\t\t\t\t\t\t\t\t\t\t\t<\/div>\n\t\t\t\t\t\n\t\t\t\t\t<div class=\"c-card__media\">\n\t\t\t\t\t\t\t\t\t\t\t\t\t<img decoding=\"async\" width=\"400\" height=\"267\" src=\"https:\/\/pysslingen.se\/wp-content\/uploads\/sites\/114\/2020\/11\/skolforberedande-2.jpg\" class=\"u-radius-rounded u-ratio-landscape  ams_icon_size_default\" alt=\"Tv\u00e5 fem\u00e5ringar l\u00e4ser bok p\u00e5 f\u00f6rskola\" srcset=\"https:\/\/pysslingen.se\/wp-content\/uploads\/sites\/114\/2020\/11\/skolforberedande-2.jpg 612w, https:\/\/pysslingen.se\/wp-content\/uploads\/sites\/114\/2020\/11\/skolforberedande-2-300x200.jpg 300w\" sizes=\"(max-width: 400px) 100vw, 400px\" \/>\n\t\t\t\t\t\t\t\t\t\t\t<\/div>\n\t\t\t\t<\/article>\n\t\t\t<\/li>\n\n\t\t\t<\/ul>\n\n\t\t\t<\/div>\n\n\t\t\n\n<\/section>\n\n\n\n\n\n<section  class=\"ams-testimonial testimonial_module c-block l-stacked js-load-more\" data-color-scheme=\"testimonials\" data-count=\"3\" data-count-mobile=\"2\">\n\t<div class=\"l-container l-stack l-stack-fluid-2xl u-pt-fluid-Ingen u-pb-fluid-3xl-6xl is-center is-center@md\">\n\t\t\t\t\t<div class=\"ams-testimonial__intro l-stack l-stack-lg\">\n\t\t\t\t\t\n\t<h2\n\tclass=\"c-heading u-font-title-1 \"\n\tstyle=\"\">\n\t\t\n\t\t\t\t\tM\u00f6t v\u00e5ra pedagoger\n\t\t\t\t\n\t<\/h2>\n\n\t\t\t\t\t\t\t<\/div>\n\t\t\n\t\t\n\t\n\t\t\n\t\t\t\n<ul\n\tid=\"ams-testimonial-list-69f153304f3a0\"\n\tclass=\"ams-testimonial__list  l-grid u-gap-fluid-2xl-4xl js-results \"\n\tdata-filter-animation=\"off\">\n\t\t\t\t\t\t\t\t\t\t\t\n\t\t\n\t\t\n\t\t<li class=\"l-col-6@md \" data-filter=\" april-2026\">\n\t\t\t<article class=\"c-card has-media-zoom \" data-variant=\"inside-half\" data-click-area>\n\t\t\t\t<div class=\"c-card__content l-stack l-stack-sm is-left is-left@md\">\n\t\t\t\t\t\t\t\t\t\t\t<blockquote class=\"c-card__title u-font-title-3\">\n\t\t\t\t\t\t\t\t\t\t\t\t\t\t\t<p class=\"u-quote-marks\"><a href=\"https:\/\/pysslingen.se\/kungshatten\/intervju\/jessica\/\" class=\"link\">Ingen dag \u00e4r den andra lik! Att arbeta med yngre barn inneb\u00e4r att varje dag bjuder p\u00e5 nya utmaningar och \u00f6verraskningar&#8230;<\/a><\/p>\n\t\t\t\t\t\t\t\t\t\t\t\t\t<\/blockquote>\n\t\t\t\t\t\n\t\t\t\t\t\t\t\t\t\t\t<p class=\"c-card__text l-stack-grow u-divider-top u-font-body\">\n\t\t\t\t\t\t\t<span class=\"author u-mr-fluid-lg\">Jessica<\/span>\n\t\t\t\t\t\t\t<span class=\"title u-mr-fluid-lg\">Barnsk\u00f6tare<\/span>\n\t\t\t\t\t\t<\/p>\n\t\t\t\t\t\n\t\t\t\t\t<div class=\"c-card__icon\">\n\t\t\t\t\t\t<svg class=\"ams-icon ams-icon--arrow-right\" width=\"32\" height=\"32\" viewBox=\"0 0 32 32\" fill=\"currentColor\" aria-hidden=\"true\" xmlns=\"http:\/\/www.w3.org\/2000\/svg\">\n\t\t\t\t\t\t\t<path d=\"M15.4617 0.252159L14.9567 0.75931C14.6219 1.09545 14.6219 1.64048 14.9567 1.97669L27.7062 14.7806H0.857144C0.383786 14.7806 0 15.166 0 15.6414V16.3587C0 16.8341 0.383786 17.2195 0.857144 17.2195H27.7062L14.9567 30.0234C14.6219 30.3595 14.6219 30.9045 14.9567 31.2407L15.4617 31.7479C15.7964 32.084 16.3392 32.084 16.6739 31.7479L31.749 16.6087C32.0837 16.2725 32.0837 15.7275 31.749 15.3913L16.6739 0.252159C16.3392 -0.084053 15.7964 -0.084053 15.4617 0.252159Z\"\/>\n\t\t\t\t\t\t<\/svg>\n\t\t\t\t\t<\/div>\n\t\t\t\t<\/div>\n\t\t\t\t<div class=\"c-card__media\" style=\" \">\n\t\t\t\t\t<img decoding=\"async\" width=\"600\" height=\"826\" src=\"https:\/\/pysslingen.se\/wp-content\/uploads\/sites\/114\/2025\/05\/1000021075-600x826.jpg\" class=\"attachment-md size-md\" alt=\"Portr\u00e4ttbild medarbetare\" sizes=\"(min-width: 80em) 600px, (min-width: 48em) calc(.50 * (100vw - 240px)), calc(100vw - 160px)\" srcset=\"https:\/\/pysslingen.se\/wp-content\/uploads\/sites\/114\/2025\/05\/1000021075-600x826.jpg 600w, https:\/\/pysslingen.se\/wp-content\/uploads\/sites\/114\/2025\/05\/1000021075-300x413.jpg 300w, https:\/\/pysslingen.se\/wp-content\/uploads\/sites\/114\/2025\/05\/1000021075-400x551.jpg 400w, https:\/\/pysslingen.se\/wp-content\/uploads\/sites\/114\/2025\/05\/1000021075-800x1102.jpg 800w, https:\/\/pysslingen.se\/wp-content\/uploads\/sites\/114\/2025\/05\/1000021075-1024x1410.jpg 1024w, https:\/\/pysslingen.se\/wp-content\/uploads\/sites\/114\/2025\/05\/1000021075.jpg 1079w\" \/>\n\t\t\t\t<\/div>\n\t\t\t<\/article>\n\t\t<\/li>\n\t\t\t\t\t\t\t\t\t\t\t\n\t\t\n\t\t\n\t\t<li class=\"l-col-6@md \" data-filter=\" april-2026\">\n\t\t\t<article class=\"c-card has-media-zoom \" data-variant=\"inside-half\" data-click-area>\n\t\t\t\t<div class=\"c-card__content l-stack l-stack-sm is-left is-left@md\">\n\t\t\t\t\t\t\t\t\t\t\t<blockquote class=\"c-card__title u-font-title-3\">\n\t\t\t\t\t\t\t\t\t\t\t\t\t\t\t<p class=\"u-quote-marks\"><a href=\"https:\/\/pysslingen.se\/kungshatten\/intervju\/marko\/\" class=\"link\">Jag uppskattar den dagliga kontakten med barnen, s\u00e4rskilt de stunder som pr\u00e4glas av gemenskap och gl\u00e4dje&#8230;.<\/a><\/p>\n\t\t\t\t\t\t\t\t\t\t\t\t\t<\/blockquote>\n\t\t\t\t\t\n\t\t\t\t\t\t\t\t\t\t\t<p class=\"c-card__text l-stack-grow u-divider-top u-font-body\">\n\t\t\t\t\t\t\t<span class=\"author u-mr-fluid-lg\">Marko<\/span>\n\t\t\t\t\t\t\t<span class=\"title u-mr-fluid-lg\">Barnsk\u00f6tare<\/span>\n\t\t\t\t\t\t<\/p>\n\t\t\t\t\t\n\t\t\t\t\t<div class=\"c-card__icon\">\n\t\t\t\t\t\t<svg class=\"ams-icon ams-icon--arrow-right\" width=\"32\" height=\"32\" viewBox=\"0 0 32 32\" fill=\"currentColor\" aria-hidden=\"true\" xmlns=\"http:\/\/www.w3.org\/2000\/svg\">\n\t\t\t\t\t\t\t<path d=\"M15.4617 0.252159L14.9567 0.75931C14.6219 1.09545 14.6219 1.64048 14.9567 1.97669L27.7062 14.7806H0.857144C0.383786 14.7806 0 15.166 0 15.6414V16.3587C0 16.8341 0.383786 17.2195 0.857144 17.2195H27.7062L14.9567 30.0234C14.6219 30.3595 14.6219 30.9045 14.9567 31.2407L15.4617 31.7479C15.7964 32.084 16.3392 32.084 16.6739 31.7479L31.749 16.6087C32.0837 16.2725 32.0837 15.7275 31.749 15.3913L16.6739 0.252159C16.3392 -0.084053 15.7964 -0.084053 15.4617 0.252159Z\"\/>\n\t\t\t\t\t\t<\/svg>\n\t\t\t\t\t<\/div>\n\t\t\t\t<\/div>\n\t\t\t\t<div class=\"c-card__media\" style=\" \">\n\t\t\t\t\t<img decoding=\"async\" width=\"600\" height=\"800\" src=\"https:\/\/pysslingen.se\/wp-content\/uploads\/sites\/114\/2025\/05\/marko-600x800.jpg\" class=\"attachment-md size-md\" alt=\"Portr\u00e4ttbild p\u00e5 medarbetare\" sizes=\"(min-width: 80em) 600px, (min-width: 48em) calc(.50 * (100vw - 240px)), calc(100vw - 160px)\" srcset=\"https:\/\/pysslingen.se\/wp-content\/uploads\/sites\/114\/2025\/05\/marko-600x800.jpg 600w, https:\/\/pysslingen.se\/wp-content\/uploads\/sites\/114\/2025\/05\/marko-300x400.jpg 300w, https:\/\/pysslingen.se\/wp-content\/uploads\/sites\/114\/2025\/05\/marko-400x533.jpg 400w, https:\/\/pysslingen.se\/wp-content\/uploads\/sites\/114\/2025\/05\/marko-800x1067.jpg 800w, https:\/\/pysslingen.se\/wp-content\/uploads\/sites\/114\/2025\/05\/marko-1024x1365.jpg 1024w, https:\/\/pysslingen.se\/wp-content\/uploads\/sites\/114\/2025\/05\/marko-1200x1600.jpg 1200w, https:\/\/pysslingen.se\/wp-content\/uploads\/sites\/114\/2025\/05\/marko-scaled.jpg 1920w\" \/>\n\t\t\t\t<\/div>\n\t\t\t<\/article>\n\t\t<\/li>\n\t<\/ul>\n\t\n\t<div class=\"no-results u-mt-0 u-hide\" data-filter-fallback-id=\"ams-testimonial-list-69f153304f3a0\">\n\t<p>Det finns inga resultat som matchar din filtrering.<\/p>\n<\/div>\n\n\t\n\n\t\t\n\t\t\t<\/div>\n\n\t\t\n\n<\/section>\n\n\n\n\n<section  class=\"ams-cta ams-cta--stacked c-block l-stacked\">\n\t<div class=\"l-container l-stack l-stack-fluid-2xl u-pt-fluid-3xl-6xl u-pb-fluid-3xl-6xl is-center is-center@md\">\n\t\t\t\t\t<div class=\"ams-cta__intro l-stack l-stack-lg\">\n\t\t\t\t\t\n\t<h2\n\tclass=\"c-heading u-font-title-1 \"\n\tstyle=\"\">\n\t\t\n\t\t\t\t\tVill du veta mer om Kungshatten?\n\t\t\t\t\n\t<\/h2>\n\n\t\t\t\t\t\t\t\t\t<div class=\"c-text l-stack u-cs-xl u-font-body\">\n\t\t\t\t\t\t<p>F\u00f6r de som \u00e4r nyfikna erbjuder vi digitala visningar av f\u00f6rskolan. F\u00f6ranm\u00e4lan sker till v\u00e5r <a href=\"https:\/\/pysslingen.se\/kungshatten\/kontakt\/\">samordnare<\/a>. Under visningen f\u00e5r du m\u00f6jlighet att se p\u00e5 v\u00e5ra lokaler och h\u00f6ra mer om v\u00e5r verksamhet.<\/p>\n<p>Du hittar oss en kort promenad fr\u00e5n V\u00e5rbergs tunnelbanestation.<\/p>\n<p>V\u00e4lkommen att h\u00f6ra av dig!<\/p>\n\n\t\t\t\t\t<\/div>\n\t\t\t\t\t\t\t<\/div>\n\t\t\n\t\t\n\t\t\t<div class=\"ams-cta__action u-inline-items\">\n\t\t\t\t\t\t\t\n\n\n<a href=\"https:\/\/pysslingen.se\/kungshatten\/vanliga-fragor\/\"\n\t\n\tclass=\"c-btn \"\n\tdata-style=\"rounded\"\n\tdata-size=\"md\"\n\tdata-width=\"full-mobile\"\n\tdata-variant=\"default\"\n\ttarget=\"_self\">\n\t\t\t<span class=\"label\"> Vanliga fr\u00e5gor<\/span>\n\t\t\t<\/a>\n\t\t\t<\/div>\n\t<\/div>\n\n\t\t\n\n<\/section>\n","protected":false},"excerpt":{"rendered":"","protected":false},"author":1,"featured_media":0,"parent":0,"menu_order":0,"comment_status":"closed","ping_status":"closed","template":"","meta":{"footnotes":""},"yoast_head":"<!-- This site is optimized with the Yoast SEO plugin v22.0 - https:\/\/yoast.com\/wordpress\/plugins\/seo\/ -->\n<title>F\u00f6rskola i V\u00e5rberg, Sk\u00e4rholmen | Pysslingen Kungshatten<\/title>\n<meta name=\"description\" content=\"Pysslingen Kungshatten \u00e4r en f\u00f6rskola i V\u00e5rberg, Sk\u00e4rholmen. Vi \u00e4r en kreativ f\u00f6rskola med h\u00e5llbarhet och spr\u00e5ket i fokus. L\u00e4s mer om oss!\" \/>\n<meta name=\"robots\" content=\"index, follow, max-snippet:-1, max-image-preview:large, max-video-preview:-1\" \/>\n<link rel=\"canonical\" href=\"https:\/\/pysslingen.se\/kungshatten\/\" \/>\n<meta property=\"og:locale\" content=\"sv_SE\" \/>\n<meta property=\"og:type\" content=\"article\" \/>\n<meta property=\"og:title\" content=\"F\u00f6rskola i V\u00e5rberg, Sk\u00e4rholmen | Pysslingen Kungshatten\" \/>\n<meta property=\"og:description\" content=\"Pysslingen Kungshatten \u00e4r en f\u00f6rskola i V\u00e5rberg, Sk\u00e4rholmen. Vi \u00e4r en kreativ f\u00f6rskola med h\u00e5llbarhet och spr\u00e5ket i fokus. L\u00e4s mer om oss!\" \/>\n<meta property=\"og:url\" content=\"https:\/\/pysslingen.se\/kungshatten\/\" \/>\n<meta property=\"og:site_name\" content=\"Kungshatten\" \/>\n<meta property=\"article:modified_time\" content=\"2026-01-15T08:13:19+00:00\" \/>\n<meta name=\"twitter:card\" content=\"summary_large_image\" \/>\n<meta name=\"twitter:title\" content=\"F\u00f6rskola i V\u00e5rberg, Sk\u00e4rholmen | Pysslingen Kungshatten\" \/>\n<meta name=\"twitter:description\" content=\"Pysslingen Kungshatten \u00e4r en f\u00f6rskola i V\u00e5rberg, Sk\u00e4rholmen. Vi \u00e4r en kreativ f\u00f6rskola med h\u00e5llbarhet och spr\u00e5ket i fokus. L\u00e4s mer om oss!\" \/>\n<script type=\"application\/ld+json\" class=\"yoast-schema-graph\">{\"@context\":\"https:\/\/schema.org\",\"@graph\":[{\"@type\":\"WebPage\",\"@id\":\"https:\/\/pysslingen.se\/kungshatten\/\",\"url\":\"https:\/\/pysslingen.se\/kungshatten\/\",\"name\":\"F\u00f6rskola i V\u00e5rberg, Sk\u00e4rholmen | Pysslingen Kungshatten\",\"isPartOf\":{\"@id\":\"https:\/\/pysslingen.se\/kungshatten\/#website\"},\"datePublished\":\"2020-09-25T11:05:23+00:00\",\"dateModified\":\"2026-01-15T08:13:19+00:00\",\"description\":\"Pysslingen Kungshatten \u00e4r en f\u00f6rskola i V\u00e5rberg, Sk\u00e4rholmen. Vi \u00e4r en kreativ f\u00f6rskola med h\u00e5llbarhet och spr\u00e5ket i fokus. L\u00e4s mer om oss!\",\"breadcrumb\":{\"@id\":\"https:\/\/pysslingen.se\/kungshatten\/#breadcrumb\"},\"inLanguage\":\"sv-SE\",\"potentialAction\":[{\"@type\":\"ReadAction\",\"target\":[\"https:\/\/pysslingen.se\/kungshatten\/\"]}]},{\"@type\":\"BreadcrumbList\",\"@id\":\"https:\/\/pysslingen.se\/kungshatten\/#breadcrumb\",\"itemListElement\":[{\"@type\":\"ListItem\",\"position\":1,\"name\":\"Start\",\"item\":\"https:\/\/pysslingen.se\/kungshatten\/\"},{\"@type\":\"ListItem\",\"position\":2,\"name\":\"Startsida\"}]},{\"@type\":\"WebSite\",\"@id\":\"https:\/\/pysslingen.se\/kungshatten\/#website\",\"url\":\"https:\/\/pysslingen.se\/kungshatten\/\",\"name\":\"Kungshatten\",\"description\":\"En trygg och stimulerande v\u00e4rld\",\"publisher\":{\"@id\":\"https:\/\/pysslingen.se\/kungshatten\/#organization\"},\"potentialAction\":[{\"@type\":\"SearchAction\",\"target\":{\"@type\":\"EntryPoint\",\"urlTemplate\":\"https:\/\/pysslingen.se\/kungshatten\/?s={search_term_string}\"},\"query-input\":\"required name=search_term_string\"}],\"inLanguage\":\"sv-SE\"},{\"@type\":\"Organization\",\"@id\":\"https:\/\/pysslingen.se\/kungshatten\/#organization\",\"name\":\"Pysslingen F\u00f6rskolor\",\"url\":\"https:\/\/pysslingen.se\/kungshatten\/\",\"logo\":{\"@type\":\"ImageObject\",\"inLanguage\":\"sv-SE\",\"@id\":\"https:\/\/pysslingen.se\/kungshatten\/#\/schema\/logo\/image\/\",\"url\":\"https:\/\/pysslingen.se\/wp-content\/uploads\/2021\/05\/pysslingen-forskolor.png\",\"contentUrl\":\"https:\/\/pysslingen.se\/wp-content\/uploads\/2021\/05\/pysslingen-forskolor.png\",\"width\":1120,\"height\":630,\"caption\":\"Pysslingen F\u00f6rskolor\"},\"image\":{\"@id\":\"https:\/\/pysslingen.se\/kungshatten\/#\/schema\/logo\/image\/\"}}]}<\/script>\n<!-- \/ Yoast SEO plugin. -->","yoast_head_json":{"title":"F\u00f6rskola i V\u00e5rberg, Sk\u00e4rholmen | Pysslingen Kungshatten","description":"Pysslingen Kungshatten \u00e4r en f\u00f6rskola i V\u00e5rberg, Sk\u00e4rholmen. Vi \u00e4r en kreativ f\u00f6rskola med h\u00e5llbarhet och spr\u00e5ket i fokus. L\u00e4s mer om oss!","robots":{"index":"index","follow":"follow","max-snippet":"max-snippet:-1","max-image-preview":"max-image-preview:large","max-video-preview":"max-video-preview:-1"},"canonical":"https:\/\/pysslingen.se\/kungshatten\/","og_locale":"sv_SE","og_type":"article","og_title":"F\u00f6rskola i V\u00e5rberg, Sk\u00e4rholmen | Pysslingen Kungshatten","og_description":"Pysslingen Kungshatten \u00e4r en f\u00f6rskola i V\u00e5rberg, Sk\u00e4rholmen. Vi \u00e4r en kreativ f\u00f6rskola med h\u00e5llbarhet och spr\u00e5ket i fokus. L\u00e4s mer om oss!","og_url":"https:\/\/pysslingen.se\/kungshatten\/","og_site_name":"Kungshatten","article_modified_time":"2026-01-15T08:13:19+00:00","twitter_card":"summary_large_image","twitter_title":"F\u00f6rskola i V\u00e5rberg, Sk\u00e4rholmen | Pysslingen Kungshatten","twitter_description":"Pysslingen Kungshatten \u00e4r en f\u00f6rskola i V\u00e5rberg, Sk\u00e4rholmen. Vi \u00e4r en kreativ f\u00f6rskola med h\u00e5llbarhet och spr\u00e5ket i fokus. L\u00e4s mer om oss!","schema":{"@context":"https:\/\/schema.org","@graph":[{"@type":"WebPage","@id":"https:\/\/pysslingen.se\/kungshatten\/","url":"https:\/\/pysslingen.se\/kungshatten\/","name":"F\u00f6rskola i V\u00e5rberg, Sk\u00e4rholmen | Pysslingen Kungshatten","isPartOf":{"@id":"https:\/\/pysslingen.se\/kungshatten\/#website"},"datePublished":"2020-09-25T11:05:23+00:00","dateModified":"2026-01-15T08:13:19+00:00","description":"Pysslingen Kungshatten \u00e4r en f\u00f6rskola i V\u00e5rberg, Sk\u00e4rholmen. Vi \u00e4r en kreativ f\u00f6rskola med h\u00e5llbarhet och spr\u00e5ket i fokus. L\u00e4s mer om oss!","breadcrumb":{"@id":"https:\/\/pysslingen.se\/kungshatten\/#breadcrumb"},"inLanguage":"sv-SE","potentialAction":[{"@type":"ReadAction","target":["https:\/\/pysslingen.se\/kungshatten\/"]}]},{"@type":"BreadcrumbList","@id":"https:\/\/pysslingen.se\/kungshatten\/#breadcrumb","itemListElement":[{"@type":"ListItem","position":1,"name":"Start","item":"https:\/\/pysslingen.se\/kungshatten\/"},{"@type":"ListItem","position":2,"name":"Startsida"}]},{"@type":"WebSite","@id":"https:\/\/pysslingen.se\/kungshatten\/#website","url":"https:\/\/pysslingen.se\/kungshatten\/","name":"Kungshatten","description":"En trygg och stimulerande v\u00e4rld","publisher":{"@id":"https:\/\/pysslingen.se\/kungshatten\/#organization"},"potentialAction":[{"@type":"SearchAction","target":{"@type":"EntryPoint","urlTemplate":"https:\/\/pysslingen.se\/kungshatten\/?s={search_term_string}"},"query-input":"required name=search_term_string"}],"inLanguage":"sv-SE"},{"@type":"Organization","@id":"https:\/\/pysslingen.se\/kungshatten\/#organization","name":"Pysslingen F\u00f6rskolor","url":"https:\/\/pysslingen.se\/kungshatten\/","logo":{"@type":"ImageObject","inLanguage":"sv-SE","@id":"https:\/\/pysslingen.se\/kungshatten\/#\/schema\/logo\/image\/","url":"https:\/\/pysslingen.se\/wp-content\/uploads\/2021\/05\/pysslingen-forskolor.png","contentUrl":"https:\/\/pysslingen.se\/wp-content\/uploads\/2021\/05\/pysslingen-forskolor.png","width":1120,"height":630,"caption":"Pysslingen F\u00f6rskolor"},"image":{"@id":"https:\/\/pysslingen.se\/kungshatten\/#\/schema\/logo\/image\/"}}]}},"_links":{"self":[{"href":"https:\/\/pysslingen.se\/kungshatten\/wp-json\/wp\/v2\/pages\/4"}],"collection":[{"href":"https:\/\/pysslingen.se\/kungshatten\/wp-json\/wp\/v2\/pages"}],"about":[{"href":"https:\/\/pysslingen.se\/kungshatten\/wp-json\/wp\/v2\/types\/page"}],"author":[{"embeddable":true,"href":"https:\/\/pysslingen.se\/kungshatten\/wp-json\/wp\/v2\/users\/1"}],"replies":[{"embeddable":true,"href":"https:\/\/pysslingen.se\/kungshatten\/wp-json\/wp\/v2\/comments?post=4"}],"version-history":[{"count":10,"href":"https:\/\/pysslingen.se\/kungshatten\/wp-json\/wp\/v2\/pages\/4\/revisions"}],"predecessor-version":[{"id":1783,"href":"https:\/\/pysslingen.se\/kungshatten\/wp-json\/wp\/v2\/pages\/4\/revisions\/1783"}],"wp:attachment":[{"href":"https:\/\/pysslingen.se\/kungshatten\/wp-json\/wp\/v2\/media?parent=4"}],"curies":[{"name":"wp","href":"https:\/\/api.w.org\/{rel}","templated":true}]}}