{"id":8,"date":"2020-09-29T09:07:29","date_gmt":"2020-09-29T09:07:29","guid":{"rendered":"https:\/\/pysslingen.se\/kruset\/?page_id=8"},"modified":"2026-02-13T14:11:58","modified_gmt":"2026-02-13T13:11:58","slug":"om-forskolan","status":"publish","type":"page","link":"https:\/\/pysslingen.se\/kruset\/om-forskolan\/","title":{"rendered":"Om f\u00f6rskolan"},"content":{"rendered":"\n\t\n\t\n\t\n\n\t\n\t\n\t\t\n<section  class=\"c-block l-stacked  \" data-color-scheme=\"nyans2_av_cta-dark-card-primar1-light-hover-standard_standard\">\n\t<div class=\"ams-fifty ams-fifty--container ams-fifty--right ams-fifty--bottom l-container u-pt-fluid-2xl-4xl u-pb-fluid-2xl-4xl\">\n\t\t<div class=\"ams-fifty__content l-stack l-stack-xl is-left is-left@lg\">\n\t\t\t<div class=\"ams-fifty__text l-stack l-stack-lg\">\n\t\t\t\t\t\n\t<h1\n\tclass=\"c-heading u-font-title-1 \"\n\tstyle=\"\">\n\t\t\n\t\t\t\t\tOm f\u00f6rskolan Kruset\n\t\t\t\t\n\t<\/h1>\n\n\t\t\t\t\t\t\t\t\t<div class=\"text l-stack u-font-body\">\n\t\t\t\t\t\t<p>P\u00e5 Krusets f\u00f6rskola i H\u00f6gan\u00e4s \u00e4r r\u00f6relse och utomhuspedagogik en stor del av v\u00e5r vardag. Vi vill att barnen ska f\u00e5 med sig vikten av r\u00f6relse och h\u00e4lsa fr\u00e5n tidig \u00e5lder och g\u00f6r bland annat detta med roliga r\u00f6relseaktiviteter, b\u00e5de ute och inne.<\/p>\n\n\t\t\t\t\t<\/div>\n\t\t\t\t\t\t\t<\/div>\n\n\t\t\t\t\t<\/div>\n\n\t\t <div class=\"ams-fifty__media u-ratio-landscape\">\n\t\t \t\t\t\t\t<img decoding=\"async\" width=\"600\" height=\"544\" src=\"https:\/\/pysslingen.se\/wp-content\/uploads\/sites\/49\/2020\/11\/yoga-med-bamse-2.jpeg\" class=\"attachment-md size-md\" alt=\"Barnen g\u00f6r yoga med bamse\" sizes=\"(min-width: 64em) 600px, calc(100vw - 160px)\" srcset=\"https:\/\/pysslingen.se\/wp-content\/uploads\/sites\/49\/2020\/11\/yoga-med-bamse-2.jpeg 1084w, https:\/\/pysslingen.se\/wp-content\/uploads\/sites\/49\/2020\/11\/yoga-med-bamse-2-300x272.jpeg 300w, https:\/\/pysslingen.se\/wp-content\/uploads\/sites\/49\/2020\/11\/yoga-med-bamse-2-1024x929.jpeg 1024w, https:\/\/pysslingen.se\/wp-content\/uploads\/sites\/49\/2020\/11\/yoga-med-bamse-2-768x696.jpeg 768w, https:\/\/pysslingen.se\/wp-content\/uploads\/sites\/49\/2020\/11\/yoga-med-bamse-2-739x670.jpeg 739w\" \/>\n\t\t\t\n\t\t\t\n\t\t\t\t\t<\/div>\n\t<\/div>\n\n\t\t\n\n<\/section>\n\n\n\n<h2 class=\"wp-block-heading\">P\u00e5 Krusets f\u00f6rskola st\u00e4rker vi barnens sj\u00e4lvf\u00f6rtroende<\/h2>\n\n\n\n<p>P\u00e5 v\u00e5r fina g\u00e5rd finns en sp\u00e4nnande motorikbana d\u00e4r barnen kan utvecklas och tycka det \u00e4r kul med motion. Genom att inspirera till r\u00f6relse kan barnen utveckla sin kroppsuppfattning, finmotorik, koncentrationsf\u00f6rm\u00e5ga och sitt sj\u00e4lvf\u00f6rtroende. \u00c4ven vila och avslappning \u00e4r n\u00e5got vi l\u00e4gger stor vikt vid f\u00f6r att barnen ska f\u00e5 m\u00f6jlighet till \u00e5terh\u00e4mtning.<\/p>\n\n\n\n<p>Vi arbetar med utomhuspedagogik d\u00e4r naturen och v\u00e5r n\u00e4rmilj\u00f6 \u00e4r v\u00e5r l\u00e4rmilj\u00f6. Att vistas utomhus gynnar barns inl\u00e4rningsf\u00f6rm\u00e5ga. I naturen f\u00e5r barnen f\u00e5r st\u00f6rre m\u00f6jlighet att uppleva\u00a0med hela kroppen och alla sina sinnen, samtidigt som de \u00f6var motorik, spr\u00e5k, matematik, teknik och naturvetenskap.<\/p>\n\n\n\n<h2 class=\"wp-block-heading\">Arbetet p\u00e5 Krusets f\u00f6rskola<\/h2>\n\n\n\n<p>P\u00e5 Kruset har vi tv\u00e5 avdelningar, en f\u00f6r yngre och en f\u00f6r \u00e4ldre barn. P\u00e5 Havet g\u00e5r barn mellan ett och tre \u00e5r och p\u00e5 Skogen g\u00e5r barn mellan tre och fem \u00e5r.<\/p>\n\n\n\n<h3 class=\"wp-block-heading\">Yngrebarnsavdelning<\/h3>\n\n\n\n<p>P\u00e5 v\u00e5r yngrebarnsavdelning, f\u00f6r barn mellan ett och tre \u00e5r, l\u00e4gger vi stor vikt vid f\u00f6rskolans v\u00e4rdegrund, d\u00e4r vi str\u00e4var efter att varje barn ska utveckla sj\u00e4lvst\u00e4ndighet och tilltro till sin egen f\u00f6rm\u00e5ga. <\/p>\n\n\n\n<p>Vi arbetar mycket med att barnen ska f\u00f6rst\u00e5 och k\u00e4nna empati och respekt f\u00f6r sina medm\u00e4nniskor och f\u00f6r naturen. Barn&nbsp;<em>\u00e4r&nbsp;<\/em>inte, de&nbsp;<em>blir<\/em>, och med f\u00f6rskolans l\u00e4roplan som utg\u00e5ngspunkt l\u00e4gger vi grunden till ett livsl\u00e5ngt l\u00e4rande.<\/p>\n\n\n\n<h3 class=\"wp-block-heading\">\u00c4ldrebarnsavdelning<\/h3>\n\n\n\n<p>P\u00e5 v\u00e5r \u00e4ldrebarnsavdelning, f\u00f6r barn mellan tre och fem \u00e5r, fokuserar vi p\u00e5 att st\u00e4rka barnens v\u00e4rdegrund. Vi utg\u00e5r fr\u00e5n materialet \u201cKompisb\u00f6ckerna\u201d och \u201dV\u00e4nnerna i Kungaskogen\u201d, som grundar sig p\u00e5 forskning och&nbsp;<a href=\"https:\/\/unicef.se\/barnkonventionen\/las-texten#kort-version\">barnkonventionen<\/a>. Vi str\u00e4var efter att varje barn ska utveckla sj\u00e4lvst\u00e4ndighet och tillit till sin egen f\u00f6rm\u00e5ga.<\/p>\n\n\n\n<p>V\u00e5r fem\u00e5rsgrupp \u00e4r skolf\u00f6rberedande och d\u00e4r arbetar vi med att skapa en trygg \u00f6verg\u00e5ng till skolans v\u00e4rld, genom att bland annat bes\u00f6ka kommunens skolor och bekanta oss med utemilj\u00f6n f\u00f6r att v\u00e4cka barnens nyfikenhet inf\u00f6r skolstarten.<\/p>\n\n\n\n<h2 class=\"wp-block-heading\">En f\u00f6rskola d\u00e4r vi utforskar v\u00e5r n\u00e4rmilj\u00f6<\/h2>\n\n\n\n<p>F\u00f6rutom v\u00e5r fina g\u00e5rd har vi p\u00e5 Krusets f\u00f6rskola i H\u00f6gan\u00e4s en fantastisk n\u00e4rmilj\u00f6 med hav, skog och roliga lekplatser. Vi g\u00f6r ofta utflykter f\u00f6r att barnen ska f\u00e5 vidga sina vyer och uppt\u00e4cka omgivningen utanf\u00f6r v\u00e5r f\u00f6rskola. H\u00e4r f\u00e5r barnen utlopp f\u00f6r sin nyfikenhet och l\u00e4r sig nya saker om djur och natur. Vi tar oss enkelt till dessa platser med v\u00e5ra smidiga l\u00e5dcyklar.<\/p>\n\n\n\n<h2 class=\"wp-block-heading\">Som v\u00e5rdnadshavare \u00e4r du delaktig i v\u00e5r verksamhet<\/h2>\n\n\n\n<p>P\u00e5 Krusets f\u00f6rskola i H\u00f6gan\u00e4s arbetar vi aktivt f\u00f6r en god dialog med dig som v\u00e5rdnadshavare. Vi har samtal b\u00e5de vid l\u00e4mning och h\u00e4mtning och en g\u00e5ng per termin har vi m\u00f6ten med f\u00f6r\u00e4ldrar\u00e5det d\u00e4r du som v\u00e5rdnadshavare kan vara med och p\u00e5verka v\u00e5r verksamhet. Vi har \u00e4ven f\u00f6r\u00e4ldram\u00f6te en g\u00e5ng varje h\u00f6sttermin d\u00e4r vi informerar om v\u00e5r verksamhet.&nbsp;<\/p>\n\n\n\n\n<section  class=\"ams-usp c-block l-stacked\" data-color-scheme=\"usp-yellow-background-pink-cards\">\n\t<div class=\"l-container l-stack l-stack-fluid-2xl u-pt-fluid-3xl-6xl u-pb-fluid-3xl-6xl is-center is-center@md\">\n\t\t\n\t\t\t<ul class=\"ams-usp__list l-grid u-justify-center u-gap-fluid-2xl-4xl\">\n\t\t\t\t\t<li class=\"l-col-6@md\">\n\t\t\t\t<article\n\t\t\t\t\tclass=\"\n\t\t\t\t\tc-card\n\t\t\t\t\thas-media-zoom\n\t\t\t\t\t\n\t\t\t\t\t\n\t\t\t\t\t\"\n\t\t\t\t\tdata-variant=\"border\"\n\t\t\t\t\tdata-style=\"soft\"\n\t\t\t\t\tdata-click-area\n\t\t\t\t\t>\n\t\t\t\t\t\t\t\t\t\t\t<div class=\"c-card__content l-stack l-stack-sm u-text-center\">\n\t\t\t\t\t\t\t\t\t\t\t\t\t\t\t<h3 class=\"c-card__title u-font-title-2\">\n\t\t\t\t\t\t\t\t\t<a href=\"https:\/\/pysslingen.se\/kruset\/samverkan-med-hemmet\/\" target=\"_self\">\t\t\t\t\t\t\t\t\t\t\t\t\t\t\t\t\t\t\t\t\t&#8221;Det dagliga m\u00f6tet \u00e4r viktigt f\u00f6r oss&#8221;\n\t\t\t\t\t\t\t\t\t\t\t<span class=\"c-card__title__sub is-below u-font-title-4\">\n\t\t\t\t\t\t\t\t\t\t\t\tL\u00e4s mer om v\u00e5r kontakt med dig som v\u00e5rdnadshavare\n\t\t\t\t\t\t\t\t\t\t\t<\/span>\n\t\t\t\t\t\t\t\t\t\t\t\t\t\t\t\t\t\t\t<\/a>\t\t\t\t\t\t\t\t<\/h3>\n\t\t\t\t\t\t\t\n\t\t\t\t\t\t\t\t\t\t\t\t\t<\/div>\n\t\t\t\t\t\n\t\t\t\t\t<div class=\"c-card__media\">\n\t\t\t\t\t\t\t\t\t\t\t\t\t<img decoding=\"async\" width=\"400\" height=\"267\" src=\"https:\/\/pysslingen.se\/wp-content\/uploads\/sites\/49\/2020\/11\/987a1742-saritta-vanligwebstorlek-max1024pixlarpbreddenellerhjden.jpg\" class=\" u-ratio-landscape  ams_icon_size_default\" alt=\"Pedagog p\u00e5 f\u00f6rskola \u00e4ter med barnen\" srcset=\"https:\/\/pysslingen.se\/wp-content\/uploads\/sites\/49\/2020\/11\/987a1742-saritta-vanligwebstorlek-max1024pixlarpbreddenellerhjden.jpg 768w, https:\/\/pysslingen.se\/wp-content\/uploads\/sites\/49\/2020\/11\/987a1742-saritta-vanligwebstorlek-max1024pixlarpbreddenellerhjden-300x200.jpg 300w\" sizes=\"(max-width: 400px) 100vw, 400px\" \/>\n\t\t\t\t\t\t\t\t\t\t\t<\/div>\n\t\t\t\t<\/article>\n\t\t\t<\/li>\n\n\t\t\t<\/ul>\n\n\t\t\t<\/div>\n\n\t\t\n\n<\/section>\n\n\n\n\t<div class=\"module_wrapper ams_remote_pages_module \">\n\t\t\n\n\n<section  class=\"ams-faq ams_event_module c-block l-stacked js-load-more\" data-color-scheme=\"faq-yellow-background-green-tabs\" data-count=\"3\" data-count-mobile=\"2\">\n\t<div class=\"l-container l-stack l-stack-fluid-2xl u-pt-fluid-3xl-6xl u-pb-fluid-3xl-6xl is-center is-center@md\">\n\t\t\t\t\t<div class=\"ams-faq__intro l-stack l-stack-lg\">\n\t\t\t\t\t\n\t<h2\n\tclass=\"c-heading u-font-title-1 \"\n\tstyle=\"\">\n\t\t\n\t\t\t\t\tVanliga fr\u00e5gor och svar\n\t\t\t\t\n\t<\/h2>\n\n\t\t\t\t\t\t\t<\/div>\n\t\t\n\t\t\n\t\n\t    \n\t\n\t<ul\n\t\tid=\"ams-faq-list-69f38629f3a28\"\n\t\tclass=\"ams-faq__ac ams-accordion_module c-accordion js-results \"\n\t\taria-label=\"Vanliga fr\u00e5gor\"\n\t\tdata-variant=\"border-between\"\n\t\tdata-ajax-action=\"log_faq_view\"\n\t\tdata-ajax-url=\"https:\/\/pysslingen.se\/wp-admin\/admin-ajax.php\"\n\t\tdata-ajax-nonce=\"c86c6e8bda\"\n\t\tdata-filter-animation=\"off\">\n\n\t\t\n\t\t\t\t\t\t\t\t\t\t\t\t\t\t\t\n\t\t\t\n\t\t\t<li data-ajax-id=\"11291\" class=\"c-accordion__item \"\n\t\t\tdata-filter=\"pysslingen-forskolor mars-2026\"\n\t\t\t>\n\t\t\t\t<h3 class=\"c-accordion__header\">\n\t\t\t\t\t\t\t\t\t\t<button class=\"c-accordion__trigger u-py-sm u-px-fluid-md-xl u-font-title-4\">\n\t\t\t\t\t\t<span>Hur ser en dag p\u00e5 f\u00f6rskolan ut?<\/span>\n\t\t\t\t\t\t<svg class=\"ams-icon ams-icon__arrow-down\" width=\"24\" height=\"24\" viewbox=\"0 0 24 24\" fill=\"currentColor\" aria-hidden=\"true\" xmlns=\"http:\/\/www.w3.org\/2000\/svg\">\n\t\t\t\t\t\t\t\t\t\t\t\t\t<path d=\"m11.2033 18.4294-10.872894-10.67584c-.440539-.42594-.440539-1.1147 0-1.54065l.665495-.64345c.440539-.42595 1.152899-.42595 1.593439 0l9.41066 9.27114 9.4107-9.26207c.4405-.42595 1.1529-.42595 1.5934 0l.6655.64345c.4405.42594.4405 1.1147 0 1.54065l-10.8729 10.67587c-.4405.4168-1.1529.4168-1.5934-.0091z\"\/>\n\t\t\t\t\t\n\t\t\t\t\t\t<\/svg>\n\t\t\t\t\t<\/button>\n\t\t\t\t<\/h3>\n\t\t\t\t<div class=\"c-accordion__body l-stack u-font-body\">\n\t\t\t\t\t<div class=\"c-accordion__body__inner u-p-fluid-md-xl l-stack\">\n\t\t\t\t\t\t<p><span style=\"font-weight: 400;\">Fr\u00e5gan om hur dagarna ser ut f\u00f6r barnen, \u00e4r bra att st\u00e4lla i samband med visning av f\u00f6rskolan och vid inskolningen. D\u00e5 rutiner och uppl\u00e4gg kan variera fr\u00e5n f\u00f6rskola till f\u00f6rskola och utifr\u00e5n olika \u00e5ldrar.<\/span><\/p>\n\n\t\t\t\t\t<\/div>\n\t\t\t\t<\/div>\n\t\t\t<\/li>\n\t\t\n\t\t\t\t\t\t\t\t\t\t\t\t\t\t\t\n\t\t\t\n\t\t\t<li data-ajax-id=\"11290\" class=\"c-accordion__item \"\n\t\t\tdata-filter=\"borja-forskola pysslingen-forskolor mars-2026\"\n\t\t\t>\n\t\t\t\t<h3 class=\"c-accordion__header\">\n\t\t\t\t\t\t\t\t\t\t<button class=\"c-accordion__trigger u-py-sm u-px-fluid-md-xl u-font-title-4\">\n\t\t\t\t\t\t<span>Vad beh\u00f6ver barnen kunna n\u00e4r de b\u00f6rjar i f\u00f6rskolan?<\/span>\n\t\t\t\t\t\t<svg class=\"ams-icon ams-icon__arrow-down\" width=\"24\" height=\"24\" viewbox=\"0 0 24 24\" fill=\"currentColor\" aria-hidden=\"true\" xmlns=\"http:\/\/www.w3.org\/2000\/svg\">\n\t\t\t\t\t\t\t\t\t\t\t\t\t<path d=\"m11.2033 18.4294-10.872894-10.67584c-.440539-.42594-.440539-1.1147 0-1.54065l.665495-.64345c.440539-.42595 1.152899-.42595 1.593439 0l9.41066 9.27114 9.4107-9.26207c.4405-.42595 1.1529-.42595 1.5934 0l.6655.64345c.4405.42594.4405 1.1147 0 1.54065l-10.8729 10.67587c-.4405.4168-1.1529.4168-1.5934-.0091z\"\/>\n\t\t\t\t\t\n\t\t\t\t\t\t<\/svg>\n\t\t\t\t\t<\/button>\n\t\t\t\t<\/h3>\n\t\t\t\t<div class=\"c-accordion__body l-stack u-font-body\">\n\t\t\t\t\t<div class=\"c-accordion__body__inner u-p-fluid-md-xl l-stack\">\n\t\t\t\t\t\t<p><span style=\"font-weight: 400;\">Det finns inga krav p\u00e5 vad barnen beh\u00f6ver kunna n\u00e4r de b\u00f6rjar f\u00f6rskolan.<\/span><\/p>\n<p><span style=\"font-weight: 400;\">\u00a0<\/span><\/p>\n\n\t\t\t\t\t<\/div>\n\t\t\t\t<\/div>\n\t\t\t<\/li>\n\t\t\n\t\t\t\t\t\t\t\t\t\t\t\t\t\t\t\n\t\t\t\n\t\t\t<li data-ajax-id=\"11289\" class=\"c-accordion__item \"\n\t\t\tdata-filter=\"borja-forskola pysslingen-forskolor mars-2026\"\n\t\t\t>\n\t\t\t\t<h3 class=\"c-accordion__header\">\n\t\t\t\t\t\t\t\t\t\t<button class=\"c-accordion__trigger u-py-sm u-px-fluid-md-xl u-font-title-4\">\n\t\t\t\t\t\t<span>Ska man ha med bl\u00f6jor till sitt barn?<\/span>\n\t\t\t\t\t\t<svg class=\"ams-icon ams-icon__arrow-down\" width=\"24\" height=\"24\" viewbox=\"0 0 24 24\" fill=\"currentColor\" aria-hidden=\"true\" xmlns=\"http:\/\/www.w3.org\/2000\/svg\">\n\t\t\t\t\t\t\t\t\t\t\t\t\t<path d=\"m11.2033 18.4294-10.872894-10.67584c-.440539-.42594-.440539-1.1147 0-1.54065l.665495-.64345c.440539-.42595 1.152899-.42595 1.593439 0l9.41066 9.27114 9.4107-9.26207c.4405-.42595 1.1529-.42595 1.5934 0l.6655.64345c.4405.42594.4405 1.1147 0 1.54065l-10.8729 10.67587c-.4405.4168-1.1529.4168-1.5934-.0091z\"\/>\n\t\t\t\t\t\n\t\t\t\t\t\t<\/svg>\n\t\t\t\t\t<\/button>\n\t\t\t\t<\/h3>\n\t\t\t\t<div class=\"c-accordion__body l-stack u-font-body\">\n\t\t\t\t\t<div class=\"c-accordion__body__inner u-p-fluid-md-xl l-stack\">\n\t\t\t\t\t\t<p>P\u00e5 majoriteten av v\u00e5ra f\u00f6rskolor tillhandah\u00e5ller vi bl\u00f6jor och tv\u00e4ttlappar.<\/p>\n\n\t\t\t\t\t<\/div>\n\t\t\t\t<\/div>\n\t\t\t<\/li>\n\t\t\n\t\t\t\t\t\t\t\t\t\t\t\t\t\t\t\n\t\t\t\n\t\t\t<li data-ajax-id=\"11288\" class=\"c-accordion__item \"\n\t\t\tdata-filter=\"borja-forskola pysslingen-forskolor mars-2026\"\n\t\t\t>\n\t\t\t\t<h3 class=\"c-accordion__header\">\n\t\t\t\t\t\t\t\t\t\t<button class=\"c-accordion__trigger u-py-sm u-px-fluid-md-xl u-font-title-4\">\n\t\t\t\t\t\t<span>Vad ska man ha f\u00f6r kl\u00e4der p\u00e5 f\u00f6rskolan till sitt barn?<\/span>\n\t\t\t\t\t\t<svg class=\"ams-icon ams-icon__arrow-down\" width=\"24\" height=\"24\" viewbox=\"0 0 24 24\" fill=\"currentColor\" aria-hidden=\"true\" xmlns=\"http:\/\/www.w3.org\/2000\/svg\">\n\t\t\t\t\t\t\t\t\t\t\t\t\t<path d=\"m11.2033 18.4294-10.872894-10.67584c-.440539-.42594-.440539-1.1147 0-1.54065l.665495-.64345c.440539-.42595 1.152899-.42595 1.593439 0l9.41066 9.27114 9.4107-9.26207c.4405-.42595 1.1529-.42595 1.5934 0l.6655.64345c.4405.42594.4405 1.1147 0 1.54065l-10.8729 10.67587c-.4405.4168-1.1529.4168-1.5934-.0091z\"\/>\n\t\t\t\t\t\n\t\t\t\t\t\t<\/svg>\n\t\t\t\t\t<\/button>\n\t\t\t\t<\/h3>\n\t\t\t\t<div class=\"c-accordion__body l-stack u-font-body\">\n\t\t\t\t\t<div class=\"c-accordion__body__inner u-p-fluid-md-xl l-stack\">\n\t\t\t\t\t\t<p>Barn p\u00e5 f\u00f6rskolan beh\u00f6ver kl\u00e4der efter v\u00e4der och som \u00e4r l\u00e4tta att r\u00f6ra sig i. Det \u00e4r bra att kl\u00e4 barnet i lager p\u00e5 lager, med ett innerlager, ett v\u00e4rmande mellanlager och ett ytterlager som skyddar mot vind och v\u00e4ta. <a href=\"https:\/\/pysslingen.se\/klader\/\">L\u00e4s mer om v\u00e5ra tips om kl\u00e4der till f\u00f6rskolan h\u00e4r!<\/a><\/p>\n\n\t\t\t\t\t<\/div>\n\t\t\t\t<\/div>\n\t\t\t<\/li>\n\t\t\n\t\t\t\t\t\t\t\t\t\t\t\t\t\t\t\n\t\t\t\n\t\t\t<li data-ajax-id=\"11287\" class=\"c-accordion__item \"\n\t\t\tdata-filter=\"pysslingen-forskolor mars-2026\"\n\t\t\t>\n\t\t\t\t<h3 class=\"c-accordion__header\">\n\t\t\t\t\t\t\t\t\t\t<button class=\"c-accordion__trigger u-py-sm u-px-fluid-md-xl u-font-title-4\">\n\t\t\t\t\t\t<span>I hur stor utstr\u00e4ckning \u00e4r barnen utomhus under dagen?<\/span>\n\t\t\t\t\t\t<svg class=\"ams-icon ams-icon__arrow-down\" width=\"24\" height=\"24\" viewbox=\"0 0 24 24\" fill=\"currentColor\" aria-hidden=\"true\" xmlns=\"http:\/\/www.w3.org\/2000\/svg\">\n\t\t\t\t\t\t\t\t\t\t\t\t\t<path d=\"m11.2033 18.4294-10.872894-10.67584c-.440539-.42594-.440539-1.1147 0-1.54065l.665495-.64345c.440539-.42595 1.152899-.42595 1.593439 0l9.41066 9.27114 9.4107-9.26207c.4405-.42595 1.1529-.42595 1.5934 0l.6655.64345c.4405.42594.4405 1.1147 0 1.54065l-10.8729 10.67587c-.4405.4168-1.1529.4168-1.5934-.0091z\"\/>\n\t\t\t\t\t\n\t\t\t\t\t\t<\/svg>\n\t\t\t\t\t<\/button>\n\t\t\t\t<\/h3>\n\t\t\t\t<div class=\"c-accordion__body l-stack u-font-body\">\n\t\t\t\t\t<div class=\"c-accordion__body__inner u-p-fluid-md-xl l-stack\">\n\t\t\t\t\t\t<p><span style=\"font-weight: 400;\">Varje f\u00f6rskola planerar f\u00f6r att ge barnen m\u00f6jlighet att vara ute b\u00e5de p\u00e5 f\u00f6rmiddagen och eftermiddagen. Det handlar d\u00e4rf\u00f6r om att kunna vara ute i alla v\u00e4der och vara kl\u00e4dd f\u00f6r det. Naturligtvis har v\u00e4derleken en p\u00e5verkan p\u00e5 vistelsetiden utomhus och anpassas efter kyla, nederb\u00f6rd, vind och solljus.<\/span><\/p>\n\n\t\t\t\t\t<\/div>\n\t\t\t\t<\/div>\n\t\t\t<\/li>\n\t\t\n\t\t\t\t\t\t\t\t\t\t\t\t\t\t\t\n\t\t\t\n\t\t\t<li data-ajax-id=\"11286\" class=\"c-accordion__item \"\n\t\t\tdata-filter=\"borja-forskola pysslingen-forskolor mars-2026\"\n\t\t\t>\n\t\t\t\t<h3 class=\"c-accordion__header\">\n\t\t\t\t\t\t\t\t\t\t<button class=\"c-accordion__trigger u-py-sm u-px-fluid-md-xl u-font-title-4\">\n\t\t\t\t\t\t<span>Har ni m\u00f6jlighet att ge mitt barn vegansk eller vegetarisk kost?<\/span>\n\t\t\t\t\t\t<svg class=\"ams-icon ams-icon__arrow-down\" width=\"24\" height=\"24\" viewbox=\"0 0 24 24\" fill=\"currentColor\" aria-hidden=\"true\" xmlns=\"http:\/\/www.w3.org\/2000\/svg\">\n\t\t\t\t\t\t\t\t\t\t\t\t\t<path d=\"m11.2033 18.4294-10.872894-10.67584c-.440539-.42594-.440539-1.1147 0-1.54065l.665495-.64345c.440539-.42595 1.152899-.42595 1.593439 0l9.41066 9.27114 9.4107-9.26207c.4405-.42595 1.1529-.42595 1.5934 0l.6655.64345c.4405.42594.4405 1.1147 0 1.54065l-10.8729 10.67587c-.4405.4168-1.1529.4168-1.5934-.0091z\"\/>\n\t\t\t\t\t\n\t\t\t\t\t\t<\/svg>\n\t\t\t\t\t<\/button>\n\t\t\t\t<\/h3>\n\t\t\t\t<div class=\"c-accordion__body l-stack u-font-body\">\n\t\t\t\t\t<div class=\"c-accordion__body__inner u-p-fluid-md-xl l-stack\">\n\t\t\t\t\t\t<p><span style=\"font-weight: 400;\">Vegetarisk kost serveras p\u00e5 f\u00f6rskolan flera dagar i veckan.<\/span><\/p>\n<p><span style=\"font-weight: 400;\">F\u00f6r de barn som endast \u00e4ter vegansk eller vegetarisk kost beh\u00f6ver du l\u00e4mna in ett kostf\u00f6rtydligande till k\u00f6ket. F\u00f6r tex gluten eller andra allergier, beh\u00f6vs ett l\u00e4karintyg. <\/span><span style=\"font-weight: 400;\">Det \u00e4r viktigt att du som v\u00e5rdnadshavare meddelar f\u00f6rskolan om specialkost i samband med inskolningen.<\/span><\/p>\n<p><span style=\"font-weight: 400;\">\u00a0<\/span><\/p>\n\n\t\t\t\t\t<\/div>\n\t\t\t\t<\/div>\n\t\t\t<\/li>\n\t\t\n\t\t\t\t\t\t\t\t\t\t\t\t\t\t\t\n\t\t\t\n\t\t\t<li data-ajax-id=\"11285\" class=\"c-accordion__item \"\n\t\t\tdata-filter=\"pysslingen-forskolor mars-2026\"\n\t\t\t>\n\t\t\t\t<h3 class=\"c-accordion__header\">\n\t\t\t\t\t\t\t\t\t\t<button class=\"c-accordion__trigger u-py-sm u-px-fluid-md-xl u-font-title-4\">\n\t\t\t\t\t\t<span>G\u00f6r ni utflykter under dagen och l\u00e4mnar f\u00f6rskoleg\u00e5rden?<\/span>\n\t\t\t\t\t\t<svg class=\"ams-icon ams-icon__arrow-down\" width=\"24\" height=\"24\" viewbox=\"0 0 24 24\" fill=\"currentColor\" aria-hidden=\"true\" xmlns=\"http:\/\/www.w3.org\/2000\/svg\">\n\t\t\t\t\t\t\t\t\t\t\t\t\t<path d=\"m11.2033 18.4294-10.872894-10.67584c-.440539-.42594-.440539-1.1147 0-1.54065l.665495-.64345c.440539-.42595 1.152899-.42595 1.593439 0l9.41066 9.27114 9.4107-9.26207c.4405-.42595 1.1529-.42595 1.5934 0l.6655.64345c.4405.42594.4405 1.1147 0 1.54065l-10.8729 10.67587c-.4405.4168-1.1529.4168-1.5934-.0091z\"\/>\n\t\t\t\t\t\n\t\t\t\t\t\t<\/svg>\n\t\t\t\t\t<\/button>\n\t\t\t\t<\/h3>\n\t\t\t\t<div class=\"c-accordion__body l-stack u-font-body\">\n\t\t\t\t\t<div class=\"c-accordion__body__inner u-p-fluid-md-xl l-stack\">\n\t\t\t\t\t\t<p><span style=\"font-weight: 400;\">Alla v\u00e5ra f\u00f6rskolor har nyfikenhet och utforskande som tydliga kvaliteter i sin undervisning, vilket g\u00f6r att f\u00f6rskolans barngrupper kontinuerligt l\u00e4mnar f\u00f6rskolan f\u00f6r att uppt\u00e4cka nytt och annat. Det sker d\u00e4rf\u00f6r b\u00e5de kortare eller l\u00e4ngre utflykter till n\u00e4rliggande gr\u00f6nomr\u00e5den, parker och evenemang.<\/span><\/p>\n<p><span style=\"font-weight: 400;\">Inf\u00f6r varje utflykt g\u00f6r pedagogerna alltid en riskanalys f\u00f6r att skapa strategier och beredskap f\u00f6r att hantera eventuella utmanande moment. Alla barn har v\u00e4star, med kontaktuppgifter till f\u00f6rskolan.<\/span><\/p>\n\n\t\t\t\t\t<\/div>\n\t\t\t\t<\/div>\n\t\t\t<\/li>\n\t\t\n\t\t\t\t\t\t\t\t\t\t\t\t\t\t\t\n\t\t\t\n\t\t\t<li data-ajax-id=\"11284\" class=\"c-accordion__item \"\n\t\t\tdata-filter=\"borja-forskola pysslingen-forskolor mars-2026\"\n\t\t\t>\n\t\t\t\t<h3 class=\"c-accordion__header\">\n\t\t\t\t\t\t\t\t\t\t<button class=\"c-accordion__trigger u-py-sm u-px-fluid-md-xl u-font-title-4\">\n\t\t\t\t\t\t<span> Hur g\u00e5r introduktionen i f\u00f6rskolan till?<\/span>\n\t\t\t\t\t\t<svg class=\"ams-icon ams-icon__arrow-down\" width=\"24\" height=\"24\" viewbox=\"0 0 24 24\" fill=\"currentColor\" aria-hidden=\"true\" xmlns=\"http:\/\/www.w3.org\/2000\/svg\">\n\t\t\t\t\t\t\t\t\t\t\t\t\t<path d=\"m11.2033 18.4294-10.872894-10.67584c-.440539-.42594-.440539-1.1147 0-1.54065l.665495-.64345c.440539-.42595 1.152899-.42595 1.593439 0l9.41066 9.27114 9.4107-9.26207c.4405-.42595 1.1529-.42595 1.5934 0l.6655.64345c.4405.42594.4405 1.1147 0 1.54065l-10.8729 10.67587c-.4405.4168-1.1529.4168-1.5934-.0091z\"\/>\n\t\t\t\t\t\n\t\t\t\t\t\t<\/svg>\n\t\t\t\t\t<\/button>\n\t\t\t\t<\/h3>\n\t\t\t\t<div class=\"c-accordion__body l-stack u-font-body\">\n\t\t\t\t\t<div class=\"c-accordion__body__inner u-p-fluid-md-xl l-stack\">\n\t\t\t\t\t\t<p><span style=\"font-weight: 400;\">Introduktionen i f\u00f6rskolan \u00e4r f\u00f6r\u00e4ldraaktiv och v\u00e5rdnadshavaren \u00e4r d\u00e4rf\u00f6r med barnet under hela inskolningen. Det g\u00f6r att barnet k\u00e4nner sig tryggt och i lugn och ro kan b\u00f6rja l\u00e4ra k\u00e4nna sin nya milj\u00f6. <\/span><\/p>\n<p><span style=\"font-weight: 400;\">Det \u00e4r \u00e4ven ett tillf\u00e4lle f\u00f6r v\u00e5rdnadshavarna att l\u00e4ra k\u00e4nna f\u00f6rskolan och dess pedagoger och k\u00e4nna sig trygga med dem, samt att f\u00e5 en inblick i hur dagarna organiseras, s\u00e5 att v\u00e5rdnadshavaren kan st\u00f6tta barnet d\u00e4r hemma, inf\u00f6r f\u00f6rskoledagarnas rutiner och aktiviteter.<\/span><\/p>\n\n\t\t\t\t\t<\/div>\n\t\t\t\t<\/div>\n\t\t\t<\/li>\n\t\t\n\t\t\t\t\t\t\t\t\t\t\t\t\t\t\t\n\t\t\t\n\t\t\t<li data-ajax-id=\"11283\" class=\"c-accordion__item \"\n\t\t\tdata-filter=\"pysslingen-forskolor mars-2026\"\n\t\t\t>\n\t\t\t\t<h3 class=\"c-accordion__header\">\n\t\t\t\t\t\t\t\t\t\t<button class=\"c-accordion__trigger u-py-sm u-px-fluid-md-xl u-font-title-4\">\n\t\t\t\t\t\t<span>Hur garanterar ni s\u00e4kerheten p\u00e5 f\u00f6rskolan?<\/span>\n\t\t\t\t\t\t<svg class=\"ams-icon ams-icon__arrow-down\" width=\"24\" height=\"24\" viewbox=\"0 0 24 24\" fill=\"currentColor\" aria-hidden=\"true\" xmlns=\"http:\/\/www.w3.org\/2000\/svg\">\n\t\t\t\t\t\t\t\t\t\t\t\t\t<path d=\"m11.2033 18.4294-10.872894-10.67584c-.440539-.42594-.440539-1.1147 0-1.54065l.665495-.64345c.440539-.42595 1.152899-.42595 1.593439 0l9.41066 9.27114 9.4107-9.26207c.4405-.42595 1.1529-.42595 1.5934 0l.6655.64345c.4405.42594.4405 1.1147 0 1.54065l-10.8729 10.67587c-.4405.4168-1.1529.4168-1.5934-.0091z\"\/>\n\t\t\t\t\t\n\t\t\t\t\t\t<\/svg>\n\t\t\t\t\t<\/button>\n\t\t\t\t<\/h3>\n\t\t\t\t<div class=\"c-accordion__body l-stack u-font-body\">\n\t\t\t\t\t<div class=\"c-accordion__body__inner u-p-fluid-md-xl l-stack\">\n\t\t\t\t\t\t<p><span style=\"font-weight: 400;\">F\u00f6rskolans dagar bygger p\u00e5 att f\u00f6rskolan har en tydlig genomt\u00e4nkt grundstruktur, utifr\u00e5n barngruppens behov. Grundstrukturen tydligg\u00f6r hur pedagogerna ska f\u00f6rdela sig och hur dagarna organiseras f\u00f6r att kunna s\u00e4kerst\u00e4lla att barngruppen har trygga dagar och aktiviteter b\u00e5de ute och inne. Ut\u00f6ver det sker kontinuerligt barns\u00e4kerhetsroder p\u00e5 f\u00f6rskolan.<\/span><\/p>\n<p><span style=\"font-weight: 400;\">N\u00e4r f\u00f6rskolegrupper g\u00e5r iv\u00e4g p\u00e5 utflykt, g\u00f6r man alltid en riskanalys f\u00f6r att t\u00e4nka igenom vilka moment som kommer att kr\u00e4va s\u00e4rskilda \u00e5tg\u00e4rder under utflykten. Att anpassa antalet barn som kan l\u00e4mna f\u00f6rskolan, utifr\u00e5n riskanalysen, \u00e4r ocks\u00e5 en \u00e5tg\u00e4rd som vidtas. Samt att alla barn har v\u00e4star med telefonnummer till f\u00f6rskolan.<\/span><\/p>\n\n\t\t\t\t\t<\/div>\n\t\t\t\t<\/div>\n\t\t\t<\/li>\n\t\t\n\t\t\t\t\t\t\t\t\t\t\t\t\t\t\t\n\t\t\t\n\t\t\t<li data-ajax-id=\"11282\" class=\"c-accordion__item \"\n\t\t\tdata-filter=\"borja-forskola pysslingen-forskolor mars-2026\"\n\t\t\t>\n\t\t\t\t<h3 class=\"c-accordion__header\">\n\t\t\t\t\t\t\t\t\t\t<button class=\"c-accordion__trigger u-py-sm u-px-fluid-md-xl u-font-title-4\">\n\t\t\t\t\t\t<span>Hur ska mitt barn kunna somna under vilan p\u00e5 f\u00f6rskolan?<\/span>\n\t\t\t\t\t\t<svg class=\"ams-icon ams-icon__arrow-down\" width=\"24\" height=\"24\" viewbox=\"0 0 24 24\" fill=\"currentColor\" aria-hidden=\"true\" xmlns=\"http:\/\/www.w3.org\/2000\/svg\">\n\t\t\t\t\t\t\t\t\t\t\t\t\t<path d=\"m11.2033 18.4294-10.872894-10.67584c-.440539-.42594-.440539-1.1147 0-1.54065l.665495-.64345c.440539-.42595 1.152899-.42595 1.593439 0l9.41066 9.27114 9.4107-9.26207c.4405-.42595 1.1529-.42595 1.5934 0l.6655.64345c.4405.42594.4405 1.1147 0 1.54065l-10.8729 10.67587c-.4405.4168-1.1529.4168-1.5934-.0091z\"\/>\n\t\t\t\t\t\n\t\t\t\t\t\t<\/svg>\n\t\t\t\t\t<\/button>\n\t\t\t\t<\/h3>\n\t\t\t\t<div class=\"c-accordion__body l-stack u-font-body\">\n\t\t\t\t\t<div class=\"c-accordion__body__inner u-p-fluid-md-xl l-stack\">\n\t\t\t\t\t\t<p><span style=\"font-weight: 400;\">F\u00f6rskolans pedagoger har stor erfarenhet av att f\u00e5 barn att komma till ro under vilan tillsammans med de andra barnen, samt att m\u00f6ta de olika barnens behov.<\/span><\/p>\n<p><span style=\"font-weight: 400;\">Vilan \u00e4r en tydlig rutin som \u00e4r k\u00e4nd f\u00f6r alla barnen p\u00e5 avdelningen. Oftast h\u00e4rmar de varandra snabbt och l\u00e4gger sig n\u00e4r de andra barnen g\u00f6r det. Den f\u00f6rsta tiden p\u00e5 f\u00f6rskolan \u00e4r barnen fyllda av nya intryck och vilar g\u00e4rna n\u00e4r tillf\u00e4lle bjuds.<\/span><\/p>\n\n\t\t\t\t\t<\/div>\n\t\t\t\t<\/div>\n\t\t\t<\/li>\n\t\t\n\t\t\t\t\t\t\t\t\t\t\t\t\t\t\t\n\t\t\t\n\t\t\t<li data-ajax-id=\"11281\" class=\"c-accordion__item \"\n\t\t\tdata-filter=\"borja-forskola pysslingen-forskolor mars-2026\"\n\t\t\t>\n\t\t\t\t<h3 class=\"c-accordion__header\">\n\t\t\t\t\t\t\t\t\t\t<button class=\"c-accordion__trigger u-py-sm u-px-fluid-md-xl u-font-title-4\">\n\t\t\t\t\t\t<span>Vad kostar det att g\u00e5 p\u00e5 f\u00f6rskola?<\/span>\n\t\t\t\t\t\t<svg class=\"ams-icon ams-icon__arrow-down\" width=\"24\" height=\"24\" viewbox=\"0 0 24 24\" fill=\"currentColor\" aria-hidden=\"true\" xmlns=\"http:\/\/www.w3.org\/2000\/svg\">\n\t\t\t\t\t\t\t\t\t\t\t\t\t<path d=\"m11.2033 18.4294-10.872894-10.67584c-.440539-.42594-.440539-1.1147 0-1.54065l.665495-.64345c.440539-.42595 1.152899-.42595 1.593439 0l9.41066 9.27114 9.4107-9.26207c.4405-.42595 1.1529-.42595 1.5934 0l.6655.64345c.4405.42594.4405 1.1147 0 1.54065l-10.8729 10.67587c-.4405.4168-1.1529.4168-1.5934-.0091z\"\/>\n\t\t\t\t\t\n\t\t\t\t\t\t<\/svg>\n\t\t\t\t\t<\/button>\n\t\t\t\t<\/h3>\n\t\t\t\t<div class=\"c-accordion__body l-stack u-font-body\">\n\t\t\t\t\t<div class=\"c-accordion__body__inner u-p-fluid-md-xl l-stack\">\n\t\t\t\t\t\t<p><span style=\"font-weight: 400;\">F\u00f6rskoleavgiften f\u00f6r b\u00e5de frist\u00e5ende och kommunala f\u00f6rskolor i Sverige baseras p\u00e5 hush\u00e5llets inkomst och f\u00f6ljer en maxtaxa. Avgiften \u00e4r en procentsats (max 3 %) av bruttoinkomsten upp till ett inkomsttak och syskonrabatter g\u00e4ller.<\/span><\/p>\n\n\t\t\t\t\t<\/div>\n\t\t\t\t<\/div>\n\t\t\t<\/li>\n\t\t\n\t\t\t\t\t\t\t\t\t\t\t\t\t\t\t\n\t\t\t\n\t\t\t<li data-ajax-id=\"11278\" class=\"c-accordion__item \"\n\t\t\tdata-filter=\"pysslingen-forskolor mars-2026\"\n\t\t\t>\n\t\t\t\t<h3 class=\"c-accordion__header\">\n\t\t\t\t\t\t\t\t\t\t<button class=\"c-accordion__trigger u-py-sm u-px-fluid-md-xl u-font-title-4\">\n\t\t\t\t\t\t<span>Vad \u00e4r MiniPyss?<\/span>\n\t\t\t\t\t\t<svg class=\"ams-icon ams-icon__arrow-down\" width=\"24\" height=\"24\" viewbox=\"0 0 24 24\" fill=\"currentColor\" aria-hidden=\"true\" xmlns=\"http:\/\/www.w3.org\/2000\/svg\">\n\t\t\t\t\t\t\t\t\t\t\t\t\t<path d=\"m11.2033 18.4294-10.872894-10.67584c-.440539-.42594-.440539-1.1147 0-1.54065l.665495-.64345c.440539-.42595 1.152899-.42595 1.593439 0l9.41066 9.27114 9.4107-9.26207c.4405-.42595 1.1529-.42595 1.5934 0l.6655.64345c.4405.42594.4405 1.1147 0 1.54065l-10.8729 10.67587c-.4405.4168-1.1529.4168-1.5934-.0091z\"\/>\n\t\t\t\t\t\n\t\t\t\t\t\t<\/svg>\n\t\t\t\t\t<\/button>\n\t\t\t\t<\/h3>\n\t\t\t\t<div class=\"c-accordion__body l-stack u-font-body\">\n\t\t\t\t\t<div class=\"c-accordion__body__inner u-p-fluid-md-xl l-stack\">\n\t\t\t\t\t\t<p><span style=\"font-weight: 400;\">MiniPyss \u00e4r en kostnadsfri form av \u00f6ppen f\u00f6rskola som erbjuds av Pysslingen f\u00f6rskolor, MiniPyss \u00e4r speciellt anpassad f\u00f6r f\u00f6r\u00e4ldralediga och barn. Det \u00e4r en social m\u00f6tesplats d\u00e4r deltagarna sjunger, pysslar, l\u00e4ser sagor och utforskar aktiviteter, ofta med bjudfika eller mellis och utan f\u00f6ranm\u00e4lan.<\/span><\/p>\n\n\t\t\t\t\t<\/div>\n\t\t\t\t<\/div>\n\t\t\t<\/li>\n\t\t\n\t\t\t\t\t\t\t\t\t\t\t\t\t\t\t\n\t\t\t\n\t\t\t<li data-ajax-id=\"11277\" class=\"c-accordion__item \"\n\t\t\tdata-filter=\"pysslingen-forskolor mars-2026\"\n\t\t\t>\n\t\t\t\t<h3 class=\"c-accordion__header\">\n\t\t\t\t\t\t\t\t\t\t<button class=\"c-accordion__trigger u-py-sm u-px-fluid-md-xl u-font-title-4\">\n\t\t\t\t\t\t<span>Hur fungerar simskolan p\u00e5 f\u00f6rskolan?<\/span>\n\t\t\t\t\t\t<svg class=\"ams-icon ams-icon__arrow-down\" width=\"24\" height=\"24\" viewbox=\"0 0 24 24\" fill=\"currentColor\" aria-hidden=\"true\" xmlns=\"http:\/\/www.w3.org\/2000\/svg\">\n\t\t\t\t\t\t\t\t\t\t\t\t\t<path d=\"m11.2033 18.4294-10.872894-10.67584c-.440539-.42594-.440539-1.1147 0-1.54065l.665495-.64345c.440539-.42595 1.152899-.42595 1.593439 0l9.41066 9.27114 9.4107-9.26207c.4405-.42595 1.1529-.42595 1.5934 0l.6655.64345c.4405.42594.4405 1.1147 0 1.54065l-10.8729 10.67587c-.4405.4168-1.1529.4168-1.5934-.0091z\"\/>\n\t\t\t\t\t\n\t\t\t\t\t\t<\/svg>\n\t\t\t\t\t<\/button>\n\t\t\t\t<\/h3>\n\t\t\t\t<div class=\"c-accordion__body l-stack u-font-body\">\n\t\t\t\t\t<div class=\"c-accordion__body__inner u-p-fluid-md-xl l-stack\">\n\t\t\t\t\t\t<p><span style=\"font-weight: 400;\">Pysslingen f\u00f6rskolor erbjuder simskola f\u00f6r 5-\u00e5ringar p\u00e5 ett stort antal f\u00f6rskolor. Simskolan leds av utbildade och erfarna instrukt\u00f6rer och siml\u00e4rare tillsammans med personal fr\u00e5n f\u00f6rskolan som \u00e4r med under hela aktiviteten f\u00f6r att st\u00f6tta barnen fr\u00e5n bass\u00e4ngkanten. Aktiviteten sker under ca 8 tillf\u00e4llen under \u00e5ret och i mindre grupper f\u00f6r en trygg och s\u00e4ker upplevelse f\u00f6r barn och vuxna.<\/span><\/p>\n\n\t\t\t\t\t<\/div>\n\t\t\t\t<\/div>\n\t\t\t<\/li>\n\t\t\n\t\t\t\t\t\t\t\t\t\t\t\t\t\t\t\n\t\t\t\n\t\t\t<li data-ajax-id=\"11276\" class=\"c-accordion__item \"\n\t\t\tdata-filter=\"pysslingen-forskolor mars-2026\"\n\t\t\t>\n\t\t\t\t<h3 class=\"c-accordion__header\">\n\t\t\t\t\t\t\t\t\t\t<button class=\"c-accordion__trigger u-py-sm u-px-fluid-md-xl u-font-title-4\">\n\t\t\t\t\t\t<span>Vad \u00e4r gemensamt f\u00f6r en Pysslingen f\u00f6rskola?<\/span>\n\t\t\t\t\t\t<svg class=\"ams-icon ams-icon__arrow-down\" width=\"24\" height=\"24\" viewbox=\"0 0 24 24\" fill=\"currentColor\" aria-hidden=\"true\" xmlns=\"http:\/\/www.w3.org\/2000\/svg\">\n\t\t\t\t\t\t\t\t\t\t\t\t\t<path d=\"m11.2033 18.4294-10.872894-10.67584c-.440539-.42594-.440539-1.1147 0-1.54065l.665495-.64345c.440539-.42595 1.152899-.42595 1.593439 0l9.41066 9.27114 9.4107-9.26207c.4405-.42595 1.1529-.42595 1.5934 0l.6655.64345c.4405.42594.4405 1.1147 0 1.54065l-10.8729 10.67587c-.4405.4168-1.1529.4168-1.5934-.0091z\"\/>\n\t\t\t\t\t\n\t\t\t\t\t\t<\/svg>\n\t\t\t\t\t<\/button>\n\t\t\t\t<\/h3>\n\t\t\t\t<div class=\"c-accordion__body l-stack u-font-body\">\n\t\t\t\t\t<div class=\"c-accordion__body__inner u-p-fluid-md-xl l-stack\">\n\t\t\t\t\t\t<p>Pysslingen f\u00f6rskolor f\u00f6ljer den svenska l\u00e4roplanen och utformar verksamheten helt i linje med nationella styrdokument och lagar. Gemensamt f\u00f6r dem alla \u00e4r de tre grundpelarna spr\u00e5k,h\u00e5llbar utveckling och r\u00f6relse. Ut\u00f6ver det har varje f\u00f6rskola m\u00f6jlighet att sedan utforma sin egen lokala profil och pedagogiska inriktning.<\/p>\n\n\t\t\t\t\t<\/div>\n\t\t\t\t<\/div>\n\t\t\t<\/li>\n\t\t\n\t\t\t\t\t\t\t\t\t\t\t\t\t\t\t\n\t\t\t\n\t\t\t<li data-ajax-id=\"11275\" class=\"c-accordion__item \"\n\t\t\tdata-filter=\"pysslingen-forskolor mars-2026\"\n\t\t\t>\n\t\t\t\t<h3 class=\"c-accordion__header\">\n\t\t\t\t\t\t\t\t\t\t<button class=\"c-accordion__trigger u-py-sm u-px-fluid-md-xl u-font-title-4\">\n\t\t\t\t\t\t<span>N\u00e4r f\u00e5r mitt barn b\u00f6rja i f\u00f6rskolan?<\/span>\n\t\t\t\t\t\t<svg class=\"ams-icon ams-icon__arrow-down\" width=\"24\" height=\"24\" viewbox=\"0 0 24 24\" fill=\"currentColor\" aria-hidden=\"true\" xmlns=\"http:\/\/www.w3.org\/2000\/svg\">\n\t\t\t\t\t\t\t\t\t\t\t\t\t<path d=\"m11.2033 18.4294-10.872894-10.67584c-.440539-.42594-.440539-1.1147 0-1.54065l.665495-.64345c.440539-.42595 1.152899-.42595 1.593439 0l9.41066 9.27114 9.4107-9.26207c.4405-.42595 1.1529-.42595 1.5934 0l.6655.64345c.4405.42594.4405 1.1147 0 1.54065l-10.8729 10.67587c-.4405.4168-1.1529.4168-1.5934-.0091z\"\/>\n\t\t\t\t\t\n\t\t\t\t\t\t<\/svg>\n\t\t\t\t\t<\/button>\n\t\t\t\t<\/h3>\n\t\t\t\t<div class=\"c-accordion__body l-stack u-font-body\">\n\t\t\t\t\t<div class=\"c-accordion__body__inner u-p-fluid-md-xl l-stack\">\n\t\t\t\t\t\t<p><span style=\"font-weight: 400;\">Den lagstadgade r\u00e4tten f\u00f6r n\u00e4r barn kan b\u00f6rja i f\u00f6rskolan g\u00e4ller fr\u00e5n 1 \u00e5r.<\/span><\/p>\n\n\t\t\t\t\t<\/div>\n\t\t\t\t<\/div>\n\t\t\t<\/li>\n\t\t\n\t\t\t\t\t\t\t\t\t\t\t\t\t\t\t\n\t\t\t\n\t\t\t<li data-ajax-id=\"11274\" class=\"c-accordion__item \"\n\t\t\tdata-filter=\"pysslingen-forskolor mars-2026\"\n\t\t\t>\n\t\t\t\t<h3 class=\"c-accordion__header\">\n\t\t\t\t\t\t\t\t\t\t<button class=\"c-accordion__trigger u-py-sm u-px-fluid-md-xl u-font-title-4\">\n\t\t\t\t\t\t<span>Vad inneb\u00e4r garantiplats?<\/span>\n\t\t\t\t\t\t<svg class=\"ams-icon ams-icon__arrow-down\" width=\"24\" height=\"24\" viewbox=\"0 0 24 24\" fill=\"currentColor\" aria-hidden=\"true\" xmlns=\"http:\/\/www.w3.org\/2000\/svg\">\n\t\t\t\t\t\t\t\t\t\t\t\t\t<path d=\"m11.2033 18.4294-10.872894-10.67584c-.440539-.42594-.440539-1.1147 0-1.54065l.665495-.64345c.440539-.42595 1.152899-.42595 1.593439 0l9.41066 9.27114 9.4107-9.26207c.4405-.42595 1.1529-.42595 1.5934 0l.6655.64345c.4405.42594.4405 1.1147 0 1.54065l-10.8729 10.67587c-.4405.4168-1.1529.4168-1.5934-.0091z\"\/>\n\t\t\t\t\t\n\t\t\t\t\t\t<\/svg>\n\t\t\t\t\t<\/button>\n\t\t\t\t<\/h3>\n\t\t\t\t<div class=\"c-accordion__body l-stack u-font-body\">\n\t\t\t\t\t<div class=\"c-accordion__body__inner u-p-fluid-md-xl l-stack\">\n\t\t\t\t\t\t<p><span style=\"font-weight: 400;\">En garantiplats \u00e4r en garanterad f\u00f6rskoleplats som kommunen erbjuder inom en viss tid, om du inte f\u00e5r en av dina \u00f6nskade f\u00f6rskolor direkt.<\/span><\/p>\n\n\t\t\t\t\t<\/div>\n\t\t\t\t<\/div>\n\t\t\t<\/li>\n\t\t\n\t\t\t\t\t\t\t\t\t\t\t\t\t\t\t\n\t\t\t\n\t\t\t<li data-ajax-id=\"11273\" class=\"c-accordion__item \"\n\t\t\tdata-filter=\"pysslingen-forskolor mars-2026\"\n\t\t\t>\n\t\t\t\t<h3 class=\"c-accordion__header\">\n\t\t\t\t\t\t\t\t\t\t<button class=\"c-accordion__trigger u-py-sm u-px-fluid-md-xl u-font-title-4\">\n\t\t\t\t\t\t<span>Kan man se vilken k\u00f6plats man har till f\u00f6rskolan?<\/span>\n\t\t\t\t\t\t<svg class=\"ams-icon ams-icon__arrow-down\" width=\"24\" height=\"24\" viewbox=\"0 0 24 24\" fill=\"currentColor\" aria-hidden=\"true\" xmlns=\"http:\/\/www.w3.org\/2000\/svg\">\n\t\t\t\t\t\t\t\t\t\t\t\t\t<path d=\"m11.2033 18.4294-10.872894-10.67584c-.440539-.42594-.440539-1.1147 0-1.54065l.665495-.64345c.440539-.42595 1.152899-.42595 1.593439 0l9.41066 9.27114 9.4107-9.26207c.4405-.42595 1.1529-.42595 1.5934 0l.6655.64345c.4405.42594.4405 1.1147 0 1.54065l-10.8729 10.67587c-.4405.4168-1.1529.4168-1.5934-.0091z\"\/>\n\t\t\t\t\t\n\t\t\t\t\t\t<\/svg>\n\t\t\t\t\t<\/button>\n\t\t\t\t<\/h3>\n\t\t\t\t<div class=\"c-accordion__body l-stack u-font-body\">\n\t\t\t\t\t<div class=\"c-accordion__body__inner u-p-fluid-md-xl l-stack\">\n\t\t\t\t\t\t<p>Kontakta f\u00f6rskolans administat\u00f6r f\u00f6r v\u00e4gledning d\u00e5 det kan se olika ut i olika kommuner.<\/p>\n\n\t\t\t\t\t<\/div>\n\t\t\t\t<\/div>\n\t\t\t<\/li>\n\t\t\n\t\t\t\t\t\t\t\t\t\t\t\t\t\t\t\n\t\t\t\n\t\t\t<li data-ajax-id=\"11272\" class=\"c-accordion__item \"\n\t\t\tdata-filter=\"pysslingen-forskolor mars-2026\"\n\t\t\t>\n\t\t\t\t<h3 class=\"c-accordion__header\">\n\t\t\t\t\t\t\t\t\t\t<button class=\"c-accordion__trigger u-py-sm u-px-fluid-md-xl u-font-title-4\">\n\t\t\t\t\t\t<span>N\u00e4r kan man st\u00e4lla sitt barn i k\u00f6 till f\u00f6rskolan?<\/span>\n\t\t\t\t\t\t<svg class=\"ams-icon ams-icon__arrow-down\" width=\"24\" height=\"24\" viewbox=\"0 0 24 24\" fill=\"currentColor\" aria-hidden=\"true\" xmlns=\"http:\/\/www.w3.org\/2000\/svg\">\n\t\t\t\t\t\t\t\t\t\t\t\t\t<path d=\"m11.2033 18.4294-10.872894-10.67584c-.440539-.42594-.440539-1.1147 0-1.54065l.665495-.64345c.440539-.42595 1.152899-.42595 1.593439 0l9.41066 9.27114 9.4107-9.26207c.4405-.42595 1.1529-.42595 1.5934 0l.6655.64345c.4405.42594.4405 1.1147 0 1.54065l-10.8729 10.67587c-.4405.4168-1.1529.4168-1.5934-.0091z\"\/>\n\t\t\t\t\t\n\t\t\t\t\t\t<\/svg>\n\t\t\t\t\t<\/button>\n\t\t\t\t<\/h3>\n\t\t\t\t<div class=\"c-accordion__body l-stack u-font-body\">\n\t\t\t\t\t<div class=\"c-accordion__body__inner u-p-fluid-md-xl l-stack\">\n\t\t\t\t\t\t<p><span style=\"font-weight: 400;\">M\u00e5nga kommuner till\u00e5ter ans\u00f6kan till f\u00f6rskolan s\u00e5 fort barnet har fyllt sex m\u00e5nader. Det \u00e4r dock k\u00f6datumet, dvs n\u00e4r du skickar in ans\u00f6kan, som ofta avg\u00f6r din plats i k\u00f6n om flera s\u00f6ker till samma f\u00f6rskola.<\/span><\/p>\n\n\t\t\t\t\t<\/div>\n\t\t\t\t<\/div>\n\t\t\t<\/li>\n\t\t\n\t\t\t\t\t\t\t\t\t\t\t\t\t\t\t\n\t\t\t\n\t\t\t<li data-ajax-id=\"11271\" class=\"c-accordion__item \"\n\t\t\tdata-filter=\"pysslingen-forskolor mars-2026\"\n\t\t\t>\n\t\t\t\t<h3 class=\"c-accordion__header\">\n\t\t\t\t\t\t\t\t\t\t<button class=\"c-accordion__trigger u-py-sm u-px-fluid-md-xl u-font-title-4\">\n\t\t\t\t\t\t<span>Hur st\u00e4ller man sitt barn i k\u00f6 till f\u00f6rskolan?<\/span>\n\t\t\t\t\t\t<svg class=\"ams-icon ams-icon__arrow-down\" width=\"24\" height=\"24\" viewbox=\"0 0 24 24\" fill=\"currentColor\" aria-hidden=\"true\" xmlns=\"http:\/\/www.w3.org\/2000\/svg\">\n\t\t\t\t\t\t\t\t\t\t\t\t\t<path d=\"m11.2033 18.4294-10.872894-10.67584c-.440539-.42594-.440539-1.1147 0-1.54065l.665495-.64345c.440539-.42595 1.152899-.42595 1.593439 0l9.41066 9.27114 9.4107-9.26207c.4405-.42595 1.1529-.42595 1.5934 0l.6655.64345c.4405.42594.4405 1.1147 0 1.54065l-10.8729 10.67587c-.4405.4168-1.1529.4168-1.5934-.0091z\"\/>\n\t\t\t\t\t\n\t\t\t\t\t\t<\/svg>\n\t\t\t\t\t<\/button>\n\t\t\t\t<\/h3>\n\t\t\t\t<div class=\"c-accordion__body l-stack u-font-body\">\n\t\t\t\t\t<div class=\"c-accordion__body__inner u-p-fluid-md-xl l-stack\">\n\t\t\t\t\t\t<p><span style=\"font-weight: 400;\">F\u00f6r att s\u00f6ka plats i f\u00f6rskolan v\u00e4nder du dig till din hemkommun. En l\u00e4nk p\u00e5 f\u00f6rskolans hemsida leder dig r\u00e4tt, d\u00e4r kan du \u00e4ven f\u00e5 kontakt med f\u00f6rskolans adminstrat\u00f6r f\u00f6r att f\u00e5 information om hur m\u00f6jligheterna att ser ut p\u00e5 den f\u00f6rskola du \u00f6nskar plats p\u00e5.<\/span><\/p>\n<p><span style=\"font-weight: 400;\">P\u00e5 v\u00e5ra hemsidor finns ocks\u00e5 en l\u00e4nk att f\u00f6lja till kommunen med den information du beh\u00f6ver f\u00f6r att st\u00e4lla ditt barn i k\u00f6.<\/span><\/p>\n\n\t\t\t\t\t<\/div>\n\t\t\t\t<\/div>\n\t\t\t<\/li>\n\t\t\n\t\t\t\t\t\t\t\t\t\t\t\t\t\t\t\n\t\t\t\n\t\t\t<li data-ajax-id=\"1908\" class=\"c-accordion__item \"\n\t\t\tdata-filter=\"pysslingen-forskolor januari-2021\"\n\t\t\t>\n\t\t\t\t<h3 class=\"c-accordion__header\">\n\t\t\t\t\t\t\t\t\t\t<button class=\"c-accordion__trigger u-py-sm u-px-fluid-md-xl u-font-title-4\">\n\t\t\t\t\t\t<span>Vilka \u00f6ppettider har Pysslingen F\u00f6rskolor?<\/span>\n\t\t\t\t\t\t<svg class=\"ams-icon ams-icon__arrow-down\" width=\"24\" height=\"24\" viewbox=\"0 0 24 24\" fill=\"currentColor\" aria-hidden=\"true\" xmlns=\"http:\/\/www.w3.org\/2000\/svg\">\n\t\t\t\t\t\t\t\t\t\t\t\t\t<path d=\"m11.2033 18.4294-10.872894-10.67584c-.440539-.42594-.440539-1.1147 0-1.54065l.665495-.64345c.440539-.42595 1.152899-.42595 1.593439 0l9.41066 9.27114 9.4107-9.26207c.4405-.42595 1.1529-.42595 1.5934 0l.6655.64345c.4405.42594.4405 1.1147 0 1.54065l-10.8729 10.67587c-.4405.4168-1.1529.4168-1.5934-.0091z\"\/>\n\t\t\t\t\t\n\t\t\t\t\t\t<\/svg>\n\t\t\t\t\t<\/button>\n\t\t\t\t<\/h3>\n\t\t\t\t<div class=\"c-accordion__body l-stack u-font-body\">\n\t\t\t\t\t<div class=\"c-accordion__body__inner u-p-fluid-md-xl l-stack\">\n\t\t\t\t\t\t<p>Alla v\u00e5ra f\u00f6rskolor f\u00f6ljer respektive kommuns regler f\u00f6r ramtid och anpassar sina \u00f6ppettider efter bland annat v\u00e5rdnadshavarnas f\u00f6rv\u00e4rvsarbete eller studier, inom dessa. Vill du veta mer om v\u00e5ra \u00f6ppettider, kontakta samordnare p\u00e5 din f\u00f6rskola.<\/p>\n\n\t\t\t\t\t<\/div>\n\t\t\t\t<\/div>\n\t\t\t<\/li>\n\t\t\n\t\t\t\t\t\t\t\t\t\t\t\t\t\t\t\n\t\t\t\n\t\t\t<li data-ajax-id=\"977\" class=\"c-accordion__item \"\n\t\t\tdata-filter=\"pysslingen-forskolor oktober-2020\"\n\t\t\t>\n\t\t\t\t<h3 class=\"c-accordion__header\">\n\t\t\t\t\t\t\t\t\t\t<button class=\"c-accordion__trigger u-py-sm u-px-fluid-md-xl u-font-title-4\">\n\t\t\t\t\t\t<span>Hur m\u00e4ter ni kvaliteten p\u00e5 er f\u00f6rskola?<\/span>\n\t\t\t\t\t\t<svg class=\"ams-icon ams-icon__arrow-down\" width=\"24\" height=\"24\" viewbox=\"0 0 24 24\" fill=\"currentColor\" aria-hidden=\"true\" xmlns=\"http:\/\/www.w3.org\/2000\/svg\">\n\t\t\t\t\t\t\t\t\t\t\t\t\t<path d=\"m11.2033 18.4294-10.872894-10.67584c-.440539-.42594-.440539-1.1147 0-1.54065l.665495-.64345c.440539-.42595 1.152899-.42595 1.593439 0l9.41066 9.27114 9.4107-9.26207c.4405-.42595 1.1529-.42595 1.5934 0l.6655.64345c.4405.42594.4405 1.1147 0 1.54065l-10.8729 10.67587c-.4405.4168-1.1529.4168-1.5934-.0091z\"\/>\n\t\t\t\t\t\n\t\t\t\t\t\t<\/svg>\n\t\t\t\t\t<\/button>\n\t\t\t\t<\/h3>\n\t\t\t\t<div class=\"c-accordion__body l-stack u-font-body\">\n\t\t\t\t\t<div class=\"c-accordion__body__inner u-p-fluid-md-xl l-stack\">\n\t\t\t\t\t\t<p>I Pysslingen F\u00f6rskolor handlar ett bra kvalitetsarbete om att st\u00e4ndigt utv\u00e4rdera den egna verksamheten f\u00f6r att f\u00f6rb\u00e4ttra och utveckla v\u00e5ra arbetss\u00e4tt, f\u00f6rskolans milj\u00f6er och dagarnas inneh\u00e5ll f\u00f6r v\u00e5ra barn. Vi har flera verktyg som \u00e4r s\u00e4rskilt viktiga f\u00f6r att vi ska kunna utveckla och s\u00e4kerst\u00e4lla kvaliteten i v\u00e5ra f\u00f6rskolor. L\u00e4s mer om v\u00e5rt <a href=\"https:\/\/pysslingen.se\/kvalitetsarbete\/\">kvalitetsarbete<\/a>.<\/p>\n\n\t\t\t\t\t<\/div>\n\t\t\t\t<\/div>\n\t\t\t<\/li>\n\t\t\n\t\t\t\t\t\t\t\t\t\t\t\t\t\t\t\n\t\t\t\n\t\t\t<li data-ajax-id=\"965\" class=\"c-accordion__item \"\n\t\t\tdata-filter=\"pysslingen-forskolor oktober-2020\"\n\t\t\t>\n\t\t\t\t<h3 class=\"c-accordion__header\">\n\t\t\t\t\t\t\t\t\t\t<button class=\"c-accordion__trigger u-py-sm u-px-fluid-md-xl u-font-title-4\">\n\t\t\t\t\t\t<span>Hur stor \u00e4r avgiften i Pysslingen F\u00f6rskolor?<\/span>\n\t\t\t\t\t\t<svg class=\"ams-icon ams-icon__arrow-down\" width=\"24\" height=\"24\" viewbox=\"0 0 24 24\" fill=\"currentColor\" aria-hidden=\"true\" xmlns=\"http:\/\/www.w3.org\/2000\/svg\">\n\t\t\t\t\t\t\t\t\t\t\t\t\t<path d=\"m11.2033 18.4294-10.872894-10.67584c-.440539-.42594-.440539-1.1147 0-1.54065l.665495-.64345c.440539-.42595 1.152899-.42595 1.593439 0l9.41066 9.27114 9.4107-9.26207c.4405-.42595 1.1529-.42595 1.5934 0l.6655.64345c.4405.42594.4405 1.1147 0 1.54065l-10.8729 10.67587c-.4405.4168-1.1529.4168-1.5934-.0091z\"\/>\n\t\t\t\t\t\n\t\t\t\t\t\t<\/svg>\n\t\t\t\t\t<\/button>\n\t\t\t\t<\/h3>\n\t\t\t\t<div class=\"c-accordion__body l-stack u-font-body\">\n\t\t\t\t\t<div class=\"c-accordion__body__inner u-p-fluid-md-xl l-stack\">\n\t\t\t\t\t\t<p><span style=\"font-weight: 400\">Vi f\u00f6ljer samma taxa som den kommun barnet bor i <\/span><span style=\"font-weight: 400\">och <\/span><span style=\"font-weight: 400\">till\u00e4mpar, liksom kommunala f\u00f6rskolor, maxtaxa.<\/span><span style=\"font-weight: 400\"><br \/>\n<\/span><\/p>\n\n\t\t\t\t\t<\/div>\n\t\t\t\t<\/div>\n\t\t\t<\/li>\n\t\t\n\t\t\t\t\t\t\t\t\t\t\t\t\t\t\t\n\t\t\t\n\t\t\t<li data-ajax-id=\"964\" class=\"c-accordion__item \"\n\t\t\tdata-filter=\"pysslingen-forskolor oktober-2020\"\n\t\t\t>\n\t\t\t\t<h3 class=\"c-accordion__header\">\n\t\t\t\t\t\t\t\t\t\t<button class=\"c-accordion__trigger u-py-sm u-px-fluid-md-xl u-font-title-4\">\n\t\t\t\t\t\t<span>Vad \u00e4r syftet med f\u00f6rskolans l\u00e4roplan?<\/span>\n\t\t\t\t\t\t<svg class=\"ams-icon ams-icon__arrow-down\" width=\"24\" height=\"24\" viewbox=\"0 0 24 24\" fill=\"currentColor\" aria-hidden=\"true\" xmlns=\"http:\/\/www.w3.org\/2000\/svg\">\n\t\t\t\t\t\t\t\t\t\t\t\t\t<path d=\"m11.2033 18.4294-10.872894-10.67584c-.440539-.42594-.440539-1.1147 0-1.54065l.665495-.64345c.440539-.42595 1.152899-.42595 1.593439 0l9.41066 9.27114 9.4107-9.26207c.4405-.42595 1.1529-.42595 1.5934 0l.6655.64345c.4405.42594.4405 1.1147 0 1.54065l-10.8729 10.67587c-.4405.4168-1.1529.4168-1.5934-.0091z\"\/>\n\t\t\t\t\t\n\t\t\t\t\t\t<\/svg>\n\t\t\t\t\t<\/button>\n\t\t\t\t<\/h3>\n\t\t\t\t<div class=\"c-accordion__body l-stack u-font-body\">\n\t\t\t\t\t<div class=\"c-accordion__body__inner u-p-fluid-md-xl l-stack\">\n\t\t\t\t\t\t<p><span style=\"font-weight: 400\">F\u00f6rskolans l\u00e4roplan \u00e4r ett styrande dokument som inneb\u00e4r att f\u00f6rskolan har m\u00e5l och riktlinjer f\u00f6r hur verksamheten ska bedrivas och kvalitetss\u00e4kras. L\u00e4roplanen g\u00e4ller alla f\u00f6rskolor i hela Sverige och ger alla som arbetar i f\u00f6rskolan en tydlig riktning i hur vi ska arbeta f\u00f6r att ge varje barn m\u00f6jlighet att m\u00e5 bra och utvecklas utifr\u00e5n sin f\u00f6rm\u00e5ga. <\/span><\/p>\n<p><span style=\"font-weight: 400\">Hur l\u00e4roplanen till\u00e4mpas i praktiken, n\u00e4r det g\u00e4ller metoder och aktiviteter f\u00f6r att n\u00e5 m\u00e5len, kan variera fr\u00e5n f\u00f6rskola till f\u00f6rskola.<\/span><\/p>\n\n\t\t\t\t\t<\/div>\n\t\t\t\t<\/div>\n\t\t\t<\/li>\n\t\t\n\t\t\t\t\t\t\t\t\t\t\t\t\t\t\t\n\t\t\t\n\t\t\t<li data-ajax-id=\"963\" class=\"c-accordion__item \"\n\t\t\tdata-filter=\"pysslingen-forskolor oktober-2020\"\n\t\t\t>\n\t\t\t\t<h3 class=\"c-accordion__header\">\n\t\t\t\t\t\t\t\t\t\t<button class=\"c-accordion__trigger u-py-sm u-px-fluid-md-xl u-font-title-4\">\n\t\t\t\t\t\t<span>Vilka \u00e4ger Pysslingen F\u00f6rskolor?<\/span>\n\t\t\t\t\t\t<svg class=\"ams-icon ams-icon__arrow-down\" width=\"24\" height=\"24\" viewbox=\"0 0 24 24\" fill=\"currentColor\" aria-hidden=\"true\" xmlns=\"http:\/\/www.w3.org\/2000\/svg\">\n\t\t\t\t\t\t\t\t\t\t\t\t\t<path d=\"m11.2033 18.4294-10.872894-10.67584c-.440539-.42594-.440539-1.1147 0-1.54065l.665495-.64345c.440539-.42595 1.152899-.42595 1.593439 0l9.41066 9.27114 9.4107-9.26207c.4405-.42595 1.1529-.42595 1.5934 0l.6655.64345c.4405.42594.4405 1.1147 0 1.54065l-10.8729 10.67587c-.4405.4168-1.1529.4168-1.5934-.0091z\"\/>\n\t\t\t\t\t\n\t\t\t\t\t\t<\/svg>\n\t\t\t\t\t<\/button>\n\t\t\t\t<\/h3>\n\t\t\t\t<div class=\"c-accordion__body l-stack u-font-body\">\n\t\t\t\t\t<div class=\"c-accordion__body__inner u-p-fluid-md-xl l-stack\">\n\t\t\t\t\t\t<p><span style=\"font-weight: 400\">Vi \u00e4gs av AcadeMedia som \u00e4r norra Europas st\u00f6rsta utbildningsf\u00f6retag.<\/span><\/p>\n\n\t\t\t\t\t<\/div>\n\t\t\t\t<\/div>\n\t\t\t<\/li>\n\t\t\n\t\t\t\t\t\t\t\t\t\t\t\t\t\t\t\n\t\t\t\n\t\t\t<li data-ajax-id=\"955\" class=\"c-accordion__item \"\n\t\t\tdata-filter=\"pysslingen-forskolor oktober-2020\"\n\t\t\t>\n\t\t\t\t<h3 class=\"c-accordion__header\">\n\t\t\t\t\t\t\t\t\t\t<button class=\"c-accordion__trigger u-py-sm u-px-fluid-md-xl u-font-title-4\">\n\t\t\t\t\t\t<span>Var kommer namnet Pysslingen ifr\u00e5n?<\/span>\n\t\t\t\t\t\t<svg class=\"ams-icon ams-icon__arrow-down\" width=\"24\" height=\"24\" viewbox=\"0 0 24 24\" fill=\"currentColor\" aria-hidden=\"true\" xmlns=\"http:\/\/www.w3.org\/2000\/svg\">\n\t\t\t\t\t\t\t\t\t\t\t\t\t<path d=\"m11.2033 18.4294-10.872894-10.67584c-.440539-.42594-.440539-1.1147 0-1.54065l.665495-.64345c.440539-.42595 1.152899-.42595 1.593439 0l9.41066 9.27114 9.4107-9.26207c.4405-.42595 1.1529-.42595 1.5934 0l.6655.64345c.4405.42594.4405 1.1147 0 1.54065l-10.8729 10.67587c-.4405.4168-1.1529.4168-1.5934-.0091z\"\/>\n\t\t\t\t\t\n\t\t\t\t\t\t<\/svg>\n\t\t\t\t\t<\/button>\n\t\t\t\t<\/h3>\n\t\t\t\t<div class=\"c-accordion__body l-stack u-font-body\">\n\t\t\t\t\t<div class=\"c-accordion__body__inner u-p-fluid-md-xl l-stack\">\n\t\t\t\t\t\t<p><span style=\"font-weight: 400\">Ordet Pyssling betyder <\/span><i><span style=\"font-weight: 400\">mycket sm\u00e5v\u00e4xt person <\/span><\/i><span style=\"font-weight: 400\">eller <\/span><i><span style=\"font-weight: 400\">litet barn (<\/span><\/i><span style=\"font-weight: 400\">k\u00e4lla: saob.se)<\/span><span style=\"font-weight: 400\"><br \/>\n<\/span><\/p>\n\n\t\t\t\t\t<\/div>\n\t\t\t\t<\/div>\n\t\t\t<\/li>\n\t\t\n\t\t\t\t\t\t\t\t\t\t\t\t\t\t\t\n\t\t\t\n\t\t\t<li data-ajax-id=\"960\" class=\"c-accordion__item \"\n\t\t\tdata-filter=\"pysslingen-forskolor oktober-2020\"\n\t\t\t>\n\t\t\t\t<h3 class=\"c-accordion__header\">\n\t\t\t\t\t\t\t\t\t\t<button class=\"c-accordion__trigger u-py-sm u-px-fluid-md-xl u-font-title-4\">\n\t\t\t\t\t\t<span>Vad \u00e4r det f\u00f6r skillnad p\u00e5 f\u00f6rskola och dagis?<\/span>\n\t\t\t\t\t\t<svg class=\"ams-icon ams-icon__arrow-down\" width=\"24\" height=\"24\" viewbox=\"0 0 24 24\" fill=\"currentColor\" aria-hidden=\"true\" xmlns=\"http:\/\/www.w3.org\/2000\/svg\">\n\t\t\t\t\t\t\t\t\t\t\t\t\t<path d=\"m11.2033 18.4294-10.872894-10.67584c-.440539-.42594-.440539-1.1147 0-1.54065l.665495-.64345c.440539-.42595 1.152899-.42595 1.593439 0l9.41066 9.27114 9.4107-9.26207c.4405-.42595 1.1529-.42595 1.5934 0l.6655.64345c.4405.42594.4405 1.1147 0 1.54065l-10.8729 10.67587c-.4405.4168-1.1529.4168-1.5934-.0091z\"\/>\n\t\t\t\t\t\n\t\t\t\t\t\t<\/svg>\n\t\t\t\t\t<\/button>\n\t\t\t\t<\/h3>\n\t\t\t\t<div class=\"c-accordion__body l-stack u-font-body\">\n\t\t\t\t\t<div class=\"c-accordion__body__inner u-p-fluid-md-xl l-stack\">\n\t\t\t\t\t\t<p><span style=\"font-weight: 400\">Sedan l\u00e4roplanen f\u00f6r f\u00f6rskolan inf\u00f6rdes 1998 heter det <em>f\u00f6rskola<\/em> ist\u00e4llet f\u00f6r <em>daghem<\/em>, f\u00f6rkortat <em>dagis<\/em>, f\u00f6r att f\u00f6rtydliga verksamhetens pedagogiska inneh\u00e5ll.<\/span> <span style=\"font-weight: 400\">F\u00f6rskolan \u00e4r en pedagogisk verksamhet f\u00f6r barn fr\u00e5n ett \u00e5rs \u00e5lder till dess att de b\u00f6rjar f\u00f6rskoleklass.<\/span><span style=\"font-weight: 400\"><br \/>\n<\/span><\/p>\n\n\t\t\t\t\t<\/div>\n\t\t\t\t<\/div>\n\t\t\t<\/li>\n\t\t\n\t\t\t\t\t\t\t\t\t\t\t\t\t\t\t\n\t\t\t\n\t\t\t<li data-ajax-id=\"959\" class=\"c-accordion__item \"\n\t\t\tdata-filter=\"pysslingen-forskolor oktober-2020\"\n\t\t\t>\n\t\t\t\t<h3 class=\"c-accordion__header\">\n\t\t\t\t\t\t\t\t\t\t<button class=\"c-accordion__trigger u-py-sm u-px-fluid-md-xl u-font-title-4\">\n\t\t\t\t\t\t<span>N\u00e4r grundades Pysslingen F\u00f6rskolor?<\/span>\n\t\t\t\t\t\t<svg class=\"ams-icon ams-icon__arrow-down\" width=\"24\" height=\"24\" viewbox=\"0 0 24 24\" fill=\"currentColor\" aria-hidden=\"true\" xmlns=\"http:\/\/www.w3.org\/2000\/svg\">\n\t\t\t\t\t\t\t\t\t\t\t\t\t<path d=\"m11.2033 18.4294-10.872894-10.67584c-.440539-.42594-.440539-1.1147 0-1.54065l.665495-.64345c.440539-.42595 1.152899-.42595 1.593439 0l9.41066 9.27114 9.4107-9.26207c.4405-.42595 1.1529-.42595 1.5934 0l.6655.64345c.4405.42594.4405 1.1147 0 1.54065l-10.8729 10.67587c-.4405.4168-1.1529.4168-1.5934-.0091z\"\/>\n\t\t\t\t\t\n\t\t\t\t\t\t<\/svg>\n\t\t\t\t\t<\/button>\n\t\t\t\t<\/h3>\n\t\t\t\t<div class=\"c-accordion__body l-stack u-font-body\">\n\t\t\t\t\t<div class=\"c-accordion__body__inner u-p-fluid-md-xl l-stack\">\n\t\t\t\t\t\t<p><span style=\"font-weight: 400\">Pysslingen F\u00f6rskolor grundades 1986 d\u00e5 de <\/span><span style=\"font-weight: 400\">tv\u00e5 f\u00f6rsta f\u00f6rskolorna (som fortfarande finns kvar) startades i Nacka utanf\u00f6r Stockholm.<\/span><\/p>\n\n\t\t\t\t\t<\/div>\n\t\t\t\t<\/div>\n\t\t\t<\/li>\n\t\t\n\t\t\t\t\t\t\t\t\t\t\t\t\t\t\t\n\t\t\t\n\t\t\t<li data-ajax-id=\"958\" class=\"c-accordion__item \"\n\t\t\tdata-filter=\"pysslingen-forskolor oktober-2020\"\n\t\t\t>\n\t\t\t\t<h3 class=\"c-accordion__header\">\n\t\t\t\t\t\t\t\t\t\t<button class=\"c-accordion__trigger u-py-sm u-px-fluid-md-xl u-font-title-4\">\n\t\t\t\t\t\t<span>Hur m\u00e5nga Pysslingen F\u00f6rskolor finns det?<\/span>\n\t\t\t\t\t\t<svg class=\"ams-icon ams-icon__arrow-down\" width=\"24\" height=\"24\" viewbox=\"0 0 24 24\" fill=\"currentColor\" aria-hidden=\"true\" xmlns=\"http:\/\/www.w3.org\/2000\/svg\">\n\t\t\t\t\t\t\t\t\t\t\t\t\t<path d=\"m11.2033 18.4294-10.872894-10.67584c-.440539-.42594-.440539-1.1147 0-1.54065l.665495-.64345c.440539-.42595 1.152899-.42595 1.593439 0l9.41066 9.27114 9.4107-9.26207c.4405-.42595 1.1529-.42595 1.5934 0l.6655.64345c.4405.42594.4405 1.1147 0 1.54065l-10.8729 10.67587c-.4405.4168-1.1529.4168-1.5934-.0091z\"\/>\n\t\t\t\t\t\n\t\t\t\t\t\t<\/svg>\n\t\t\t\t\t<\/button>\n\t\t\t\t<\/h3>\n\t\t\t\t<div class=\"c-accordion__body l-stack u-font-body\">\n\t\t\t\t\t<div class=\"c-accordion__body__inner u-p-fluid-md-xl l-stack\">\n\t\t\t\t\t\t<p><span style=\"font-weight: 400\">Det finns drygt 100 stycken <\/span><span style=\"font-weight: 400\">fr\u00e5n Malm\u00f6 i s\u00f6der till \u00d6stersund i norr. <\/span><\/p>\n\n\t\t\t\t\t<\/div>\n\t\t\t\t<\/div>\n\t\t\t<\/li>\n\t\t\t<\/ul>\n\n\t<div class=\"no-results u-mt-0 u-hide\" data-filter-fallback-id=\"ams-faq-list-69f38629f3a28\">\n\t<p>Det finns inga resultat som matchar din filtrering.<\/p>\n<\/div>\n\n\t\n\n\t\t\n\t\t\t<\/div>\n\n\t\t\n\n<\/section>\n\t<\/div>\n\n\t","protected":false},"excerpt":{"rendered":"<p>P\u00e5 Krusets f\u00f6rskola st\u00e4rker vi barnens sj\u00e4lvf\u00f6rtroende P\u00e5 v\u00e5r fina g\u00e5rd finns en sp\u00e4nnande motorikbana d\u00e4r barnen kan utvecklas och tycka det \u00e4r kul med motion. Genom att inspirera till r\u00f6relse kan barnen utveckla sin kroppsuppfattning, finmotorik, koncentrationsf\u00f6rm\u00e5ga och sitt sj\u00e4lvf\u00f6rtroende. \u00c4ven vila och avslappning \u00e4r n\u00e5got vi l\u00e4gger stor vikt vid f\u00f6r att barnen&#8230;<\/p>\n","protected":false},"author":3,"featured_media":0,"parent":0,"menu_order":0,"comment_status":"closed","ping_status":"closed","template":"","meta":{"footnotes":""},"yoast_head":"<!-- This site is optimized with the Yoast SEO plugin v22.0 - https:\/\/yoast.com\/wordpress\/plugins\/seo\/ -->\n<title>Kruset \u00e4r en m\u00f6tesplats d\u00e4r trygghet, nyfikenhet och gl\u00e4dje f\u00f6renas.<\/title>\n<meta name=\"description\" content=\"Kruset har sin grund att utg\u00e5 fr\u00e5n barnens intressen och erfarenheter. F\u00f6r oss \u00e4r det viktigt att det finns en tydlig plan f\u00f6r utveckling.\" \/>\n<meta name=\"robots\" content=\"index, follow, max-snippet:-1, max-image-preview:large, max-video-preview:-1\" \/>\n<link rel=\"canonical\" href=\"https:\/\/pysslingen.se\/kruset\/om-forskolan\/\" \/>\n<meta property=\"og:locale\" content=\"sv_SE\" \/>\n<meta property=\"og:type\" content=\"article\" \/>\n<meta property=\"og:title\" content=\"Kruset \u00e4r en m\u00f6tesplats d\u00e4r trygghet, nyfikenhet och gl\u00e4dje f\u00f6renas.\" \/>\n<meta property=\"og:description\" content=\"Kruset har sin grund att utg\u00e5 fr\u00e5n barnens intressen och erfarenheter. F\u00f6r oss \u00e4r det viktigt att det finns en tydlig plan f\u00f6r utveckling.\" \/>\n<meta property=\"og:url\" content=\"https:\/\/pysslingen.se\/kruset\/om-forskolan\/\" \/>\n<meta property=\"og:site_name\" content=\"Kruset\" \/>\n<meta property=\"article:modified_time\" content=\"2026-02-13T13:11:58+00:00\" \/>\n<meta name=\"twitter:card\" content=\"summary_large_image\" \/>\n<meta name=\"twitter:title\" content=\"Kruset \u00e4r en m\u00f6tesplats d\u00e4r trygghet, nyfikenhet och gl\u00e4dje f\u00f6renas.\" \/>\n<meta name=\"twitter:description\" content=\"Kruset har sin grund att utg\u00e5 fr\u00e5n barnens intressen och erfarenheter. F\u00f6r oss \u00e4r det viktigt att det finns en tydlig plan f\u00f6r utveckling.\" \/>\n<meta name=\"twitter:label1\" content=\"Ber\u00e4knad l\u00e4stid\" \/>\n\t<meta name=\"twitter:data1\" content=\"3 minuter\" \/>\n<script type=\"application\/ld+json\" class=\"yoast-schema-graph\">{\"@context\":\"https:\/\/schema.org\",\"@graph\":[{\"@type\":\"WebPage\",\"@id\":\"https:\/\/pysslingen.se\/kruset\/om-forskolan\/\",\"url\":\"https:\/\/pysslingen.se\/kruset\/om-forskolan\/\",\"name\":\"Kruset \u00e4r en m\u00f6tesplats d\u00e4r trygghet, nyfikenhet och gl\u00e4dje f\u00f6renas.\",\"isPartOf\":{\"@id\":\"https:\/\/pysslingen.se\/kruset\/#website\"},\"datePublished\":\"2020-09-29T09:07:29+00:00\",\"dateModified\":\"2026-02-13T13:11:58+00:00\",\"description\":\"Kruset har sin grund att utg\u00e5 fr\u00e5n barnens intressen och erfarenheter. F\u00f6r oss \u00e4r det viktigt att det finns en tydlig plan f\u00f6r utveckling.\",\"breadcrumb\":{\"@id\":\"https:\/\/pysslingen.se\/kruset\/om-forskolan\/#breadcrumb\"},\"inLanguage\":\"sv-SE\",\"potentialAction\":[{\"@type\":\"ReadAction\",\"target\":[\"https:\/\/pysslingen.se\/kruset\/om-forskolan\/\"]}]},{\"@type\":\"BreadcrumbList\",\"@id\":\"https:\/\/pysslingen.se\/kruset\/om-forskolan\/#breadcrumb\",\"itemListElement\":[{\"@type\":\"ListItem\",\"position\":1,\"name\":\"Start\",\"item\":\"https:\/\/pysslingen.se\/kruset\/\"},{\"@type\":\"ListItem\",\"position\":2,\"name\":\"Om f\u00f6rskolan\"}]},{\"@type\":\"WebSite\",\"@id\":\"https:\/\/pysslingen.se\/kruset\/#website\",\"url\":\"https:\/\/pysslingen.se\/kruset\/\",\"name\":\"Kruset\",\"description\":\"En trygg och stimulerande v\u00e4rld\",\"publisher\":{\"@id\":\"https:\/\/pysslingen.se\/kruset\/#organization\"},\"potentialAction\":[{\"@type\":\"SearchAction\",\"target\":{\"@type\":\"EntryPoint\",\"urlTemplate\":\"https:\/\/pysslingen.se\/kruset\/?s={search_term_string}\"},\"query-input\":\"required name=search_term_string\"}],\"inLanguage\":\"sv-SE\"},{\"@type\":\"Organization\",\"@id\":\"https:\/\/pysslingen.se\/kruset\/#organization\",\"name\":\"Pysslingen F\u00f6rskolor\",\"url\":\"https:\/\/pysslingen.se\/kruset\/\",\"logo\":{\"@type\":\"ImageObject\",\"inLanguage\":\"sv-SE\",\"@id\":\"https:\/\/pysslingen.se\/kruset\/#\/schema\/logo\/image\/\",\"url\":\"https:\/\/pysslingen.se\/wp-content\/uploads\/2021\/05\/pysslingen-forskolor.png\",\"contentUrl\":\"https:\/\/pysslingen.se\/wp-content\/uploads\/2021\/05\/pysslingen-forskolor.png\",\"width\":1120,\"height\":630,\"caption\":\"Pysslingen F\u00f6rskolor\"},\"image\":{\"@id\":\"https:\/\/pysslingen.se\/kruset\/#\/schema\/logo\/image\/\"}}]}<\/script>\n<!-- \/ Yoast SEO plugin. -->","yoast_head_json":{"title":"Kruset \u00e4r en m\u00f6tesplats d\u00e4r trygghet, nyfikenhet och gl\u00e4dje f\u00f6renas.","description":"Kruset har sin grund att utg\u00e5 fr\u00e5n barnens intressen och erfarenheter. F\u00f6r oss \u00e4r det viktigt att det finns en tydlig plan f\u00f6r utveckling.","robots":{"index":"index","follow":"follow","max-snippet":"max-snippet:-1","max-image-preview":"max-image-preview:large","max-video-preview":"max-video-preview:-1"},"canonical":"https:\/\/pysslingen.se\/kruset\/om-forskolan\/","og_locale":"sv_SE","og_type":"article","og_title":"Kruset \u00e4r en m\u00f6tesplats d\u00e4r trygghet, nyfikenhet och gl\u00e4dje f\u00f6renas.","og_description":"Kruset har sin grund att utg\u00e5 fr\u00e5n barnens intressen och erfarenheter. F\u00f6r oss \u00e4r det viktigt att det finns en tydlig plan f\u00f6r utveckling.","og_url":"https:\/\/pysslingen.se\/kruset\/om-forskolan\/","og_site_name":"Kruset","article_modified_time":"2026-02-13T13:11:58+00:00","twitter_card":"summary_large_image","twitter_title":"Kruset \u00e4r en m\u00f6tesplats d\u00e4r trygghet, nyfikenhet och gl\u00e4dje f\u00f6renas.","twitter_description":"Kruset har sin grund att utg\u00e5 fr\u00e5n barnens intressen och erfarenheter. F\u00f6r oss \u00e4r det viktigt att det finns en tydlig plan f\u00f6r utveckling.","twitter_misc":{"Ber\u00e4knad l\u00e4stid":"3 minuter"},"schema":{"@context":"https:\/\/schema.org","@graph":[{"@type":"WebPage","@id":"https:\/\/pysslingen.se\/kruset\/om-forskolan\/","url":"https:\/\/pysslingen.se\/kruset\/om-forskolan\/","name":"Kruset \u00e4r en m\u00f6tesplats d\u00e4r trygghet, nyfikenhet och gl\u00e4dje f\u00f6renas.","isPartOf":{"@id":"https:\/\/pysslingen.se\/kruset\/#website"},"datePublished":"2020-09-29T09:07:29+00:00","dateModified":"2026-02-13T13:11:58+00:00","description":"Kruset har sin grund att utg\u00e5 fr\u00e5n barnens intressen och erfarenheter. F\u00f6r oss \u00e4r det viktigt att det finns en tydlig plan f\u00f6r utveckling.","breadcrumb":{"@id":"https:\/\/pysslingen.se\/kruset\/om-forskolan\/#breadcrumb"},"inLanguage":"sv-SE","potentialAction":[{"@type":"ReadAction","target":["https:\/\/pysslingen.se\/kruset\/om-forskolan\/"]}]},{"@type":"BreadcrumbList","@id":"https:\/\/pysslingen.se\/kruset\/om-forskolan\/#breadcrumb","itemListElement":[{"@type":"ListItem","position":1,"name":"Start","item":"https:\/\/pysslingen.se\/kruset\/"},{"@type":"ListItem","position":2,"name":"Om f\u00f6rskolan"}]},{"@type":"WebSite","@id":"https:\/\/pysslingen.se\/kruset\/#website","url":"https:\/\/pysslingen.se\/kruset\/","name":"Kruset","description":"En trygg och stimulerande v\u00e4rld","publisher":{"@id":"https:\/\/pysslingen.se\/kruset\/#organization"},"potentialAction":[{"@type":"SearchAction","target":{"@type":"EntryPoint","urlTemplate":"https:\/\/pysslingen.se\/kruset\/?s={search_term_string}"},"query-input":"required name=search_term_string"}],"inLanguage":"sv-SE"},{"@type":"Organization","@id":"https:\/\/pysslingen.se\/kruset\/#organization","name":"Pysslingen F\u00f6rskolor","url":"https:\/\/pysslingen.se\/kruset\/","logo":{"@type":"ImageObject","inLanguage":"sv-SE","@id":"https:\/\/pysslingen.se\/kruset\/#\/schema\/logo\/image\/","url":"https:\/\/pysslingen.se\/wp-content\/uploads\/2021\/05\/pysslingen-forskolor.png","contentUrl":"https:\/\/pysslingen.se\/wp-content\/uploads\/2021\/05\/pysslingen-forskolor.png","width":1120,"height":630,"caption":"Pysslingen F\u00f6rskolor"},"image":{"@id":"https:\/\/pysslingen.se\/kruset\/#\/schema\/logo\/image\/"}}]}},"_links":{"self":[{"href":"https:\/\/pysslingen.se\/kruset\/wp-json\/wp\/v2\/pages\/8"}],"collection":[{"href":"https:\/\/pysslingen.se\/kruset\/wp-json\/wp\/v2\/pages"}],"about":[{"href":"https:\/\/pysslingen.se\/kruset\/wp-json\/wp\/v2\/types\/page"}],"author":[{"embeddable":true,"href":"https:\/\/pysslingen.se\/kruset\/wp-json\/wp\/v2\/users\/3"}],"replies":[{"embeddable":true,"href":"https:\/\/pysslingen.se\/kruset\/wp-json\/wp\/v2\/comments?post=8"}],"version-history":[{"count":10,"href":"https:\/\/pysslingen.se\/kruset\/wp-json\/wp\/v2\/pages\/8\/revisions"}],"predecessor-version":[{"id":1490,"href":"https:\/\/pysslingen.se\/kruset\/wp-json\/wp\/v2\/pages\/8\/revisions\/1490"}],"wp:attachment":[{"href":"https:\/\/pysslingen.se\/kruset\/wp-json\/wp\/v2\/media?parent=8"}],"curies":[{"name":"wp","href":"https:\/\/api.w.org\/{rel}","templated":true}]}}