{"id":4,"date":"2020-09-25T11:05:23","date_gmt":"2020-09-25T11:05:23","guid":{"rendered":"https:\/\/pysslingen.se\/kruset\/?page_id=4"},"modified":"2026-02-13T14:10:48","modified_gmt":"2026-02-13T13:10:48","slug":"startsida","status":"publish","type":"page","link":"https:\/\/pysslingen.se\/kruset\/","title":{"rendered":"Startsida"},"content":{"rendered":"\n\t\n\t\n\t\n\n\t\n\t\n\t\t\n<section  class=\"c-block l-stacked blobs \" data-color-scheme=\"\">\n\t<div class=\"ams-fifty ams-fifty--container ams-fifty--right ams-fifty--bottom l-container u-pt-fluid-3xl-6xl u-pb-fluid-3xl-6xl\">\n\t\t<div class=\"ams-fifty__content l-stack l-stack-xl is-left is-left@lg\">\n\t\t\t<div class=\"ams-fifty__text l-stack l-stack-lg\">\n\t\t\t\t\t\n\t<h1\n\tclass=\"c-heading u-font-title-1 \"\n\tstyle=\"\">\n\t\t\n\t\t\t\t\t\t\t\t\tKrusets f\u00f6rskola i H\u00f6gan\u00e4s\n\t\t\t\t<span class=\"c-heading__sub is-below u-font-title-3\">\n\t\t\t\t\t\u2012 hos oss \u00e4r h\u00e4lsa, r\u00f6relse och utomhuspedagogik i fokus\n\t\t\t\t<\/span>\n\t\t\t\t\t\t\t\n\t<\/h1>\n\n\t\t\t\t\t\t\t\t\t<div class=\"text l-stack u-font-body\">\n\t\t\t\t\t\t<p>F\u00f6rskolan Kruset ligger i H\u00f6gan\u00e4s med n\u00e4rhet till hav, skog och parker, vilket ger oss goda m\u00f6jligheter att anv\u00e4nda n\u00e4rmilj\u00f6n och naturen som inspirationsk\u00e4llor.<\/p>\n<p>Hos oss \u00e4r h\u00e4lsa och r\u00f6relse en viktig del i den dagliga verksamheten. H\u00e4lsa innefattar allt som vi m\u00e5r bra av, b\u00e5de fysiskt och psykiskt, och d\u00e4rf\u00f6r pr\u00e4glas v\u00e5r verksamhet av r\u00f6relseaktiviteter b\u00e5de utomhus och inomhus. P\u00e5 Kruset har alla barn n\u00e5gon form av r\u00f6relse varje dag. Naturen \u00e4r v\u00e5r inspirationsk\u00e4lla som \u00e4ven ger oss tid till \u00e5terh\u00e4mtning.<\/p>\n<p>V\u00e4lkommen till Krusets f\u00f6rskola med fokus p\u00e5 h\u00e4lsa och r\u00f6relse!<\/p>\n\n\t\t\t\t\t<\/div>\n\t\t\t\t\t\t\t<\/div>\n\n\t\t\t\t\t<\/div>\n\n\t\t <div class=\"ams-fifty__media u-ratio-landscape\">\n\t\t \t\t\t\t\t<img decoding=\"async\" width=\"600\" height=\"603\" src=\"https:\/\/pysslingen.se\/wp-content\/uploads\/sites\/49\/2020\/11\/cykel-i-naturen.png\" class=\"attachment-md size-md\" alt=\"Barn sitter i en cykelvagn vid en sj\u00f6.\" sizes=\"(min-width: 64em) 600px, calc(100vw - 160px)\" srcset=\"https:\/\/pysslingen.se\/wp-content\/uploads\/sites\/49\/2020\/11\/cykel-i-naturen.png 1101w, https:\/\/pysslingen.se\/wp-content\/uploads\/sites\/49\/2020\/11\/cykel-i-naturen-298x300.png 298w, https:\/\/pysslingen.se\/wp-content\/uploads\/sites\/49\/2020\/11\/cykel-i-naturen-1018x1024.png 1018w, https:\/\/pysslingen.se\/wp-content\/uploads\/sites\/49\/2020\/11\/cykel-i-naturen-150x150.png 150w, https:\/\/pysslingen.se\/wp-content\/uploads\/sites\/49\/2020\/11\/cykel-i-naturen-768x772.png 768w, https:\/\/pysslingen.se\/wp-content\/uploads\/sites\/49\/2020\/11\/cykel-i-naturen-1024x1030.png 1024w, https:\/\/pysslingen.se\/wp-content\/uploads\/sites\/49\/2020\/11\/cykel-i-naturen-666x670.png 666w, https:\/\/pysslingen.se\/wp-content\/uploads\/sites\/49\/2020\/11\/cykel-i-naturen-100x100.png 100w\" \/>\n\t\t\t\n\t\t\t\n\t\t\t\t\t<\/div>\n\t<\/div>\n\n\t\t\n\n<\/section>\n\n\n\n\t\n\t\n<section  class=\"ams-map ams-map--fifty c-block  media-bottom media-left \" data-color-scheme=\"usp-pink-background-blue-cards\" data-locations=\"[{&quot;id&quot;:&quot;329&quot;,&quot;county&quot;:&quot;Sk\\u00e5ne&quot;,&quot;city&quot;:&quot;H\\u00f6gan\\u00e4s&quot;,&quot;school&quot;:&quot;Kruset&quot;,&quot;title&quot;:&quot;Pysslingen Kruset&quot;,&quot;phone&quot;:&quot;0703430971&quot;,&quot;phone_formatted&quot;:&quot;070-3430971&quot;,&quot;email&quot;:&quot;kruset@pysslingen.se&quot;,&quot;visiting_address&quot;:{&quot;address&quot;:&quot;Litteraturv\\u00e4gen 10&quot;,&quot;zip_code&quot;:&quot;26334&quot;,&quot;city&quot;:&quot;H\\u00f6gan\\u00e4s&quot;},&quot;postal_address&quot;:{&quot;address&quot;:&quot;Litteraturv\\u00e4gen 10&quot;,&quot;zip_code&quot;:&quot;26334&quot;,&quot;city&quot;:&quot;H\\u00f6gan\\u00e4s&quot;},&quot;address_map&quot;:&quot;F\\u00f6rskola Kruset - Pysslingen F\\u00f6rskolor, Litteraturv\\u00e4gen, H\\u00f6gan\\u00e4s, Sverige&quot;,&quot;lat&quot;:56.1877351,&quot;lng&quot;:12.5655832,&quot;link&quot;:{&quot;url&quot;:&quot;\\\/kruset&quot;,&quot;text&quot;:&quot;L\\u00e4s mer om f\\u00f6rskolan&quot;}}]\">\n\t<div class=\"ams-map__content u-pt-fluid-3xl-6xl u-pb-fluid-3xl-6xl l-stack l-stack-fluid-xl is-left is-left@lg\">\n\t\t\t\n\t<h2\n\tclass=\"c-heading u-font-title-1 \"\n\tstyle=\"\">\n\t\t\n\t\t\t\t\tKontakta Pysslingen Kruset\n\t\t\t\t\n\t<\/h2>\n\n\t\t\n\t\t\t\t\t<div class=\"contact-info l-stack\">\n\t\t\t\t\t\t\t\t\t<div class=\"contact-info__item\">\n\t\t\t\t\t\t<p class=\"contact-info__heading u-font-title-4\">\n\t\t\t\t\t\t\tBes\u00f6ksadress\n\t\t\t\t\t\t<\/p>\n\t\t\t\t\t\t<p>\n\t\t\t\t\t\t\t\t\t\t\t\t\t\t\tLitteraturv\u00e4gen 10<br \/>\n\t\t\t\t\t\t\t\t\t\t\t\t\t\t26334 H\u00f6gan\u00e4s\n\t\t\t\t\t\t<\/p>\n\t\t\t\t\t<\/div>\n\t\t\t\t\n\t\t\t\t\n\t\t\t\t\t\t\t\t\t<div class=\"contact-info__item\">\n\t\t\t\t\t\t<p class=\"contact-info__heading u-font-title-4\">\n\t\t\t\t\t\t\tKontakt\n\t\t\t\t\t\t<\/p>\n\t\t\t\t\t\t<p>\n\t\t\t\t\t\t\t\t\t\t\t\t\t\t\t<a href=\"tel:0703430971\">070-3430971<\/a><br \/>\n\t\t\t\t\t\t\t\t\t\t\t\t\t\t\t\t\t\t\t\t\t\t<a href=\"mailto:kruset@pysslingen.se\">kruset@pysslingen.se<\/a>\n\t\t\t\t\t\t\t\t\t\t\t\t\t<\/p>\n\t\t\t\t\t<\/div>\n\t\t\t\t\t\t\t<\/div>\n\t\t\t<\/div>\n\n\t<div class=\"ams-map__media\">\n\t<\/div>\n<\/section>\n\n\n\n\n<section  class=\"ams-usp c-block l-stacked\" data-color-scheme=\"usp-yellow-background-blue-cards\">\n\t<div class=\"l-container l-stack l-stack-fluid-2xl u-pt-fluid-3xl-6xl u-pb-fluid-3xl-6xl is-center is-center@md\">\n\t\t\t\t\t<div class=\"ams-usp__intro l-stack l-stack-lg\">\n\t\t\t\t\t\n\t<h2\n\tclass=\"c-heading u-font-title-2 \"\n\tstyle=\"\">\n\t\t\n\t\t\t\t\tV\u00e5r inriktning\n\t\t\t\t\n\t<\/h2>\n\n\t\t\t\t\t\t\t<\/div>\n\t\t\n\t\t\t<ul class=\"ams-usp__list l-grid u-justify-center u-gap-fluid-2xl-4xl\">\n\t\t\t\t\t<li class=\"l-col-6@md l-col-4@lg\">\n\t\t\t\t<article\n\t\t\t\t\tclass=\"\n\t\t\t\t\tc-card\n\t\t\t\t\thas-media-zoom\n\t\t\t\t\t\n\t\t\t\t\t\n\t\t\t\t\t\"\n\t\t\t\t\tdata-variant=\"border\"\n\t\t\t\t\tdata-style=\"soft\"\n\t\t\t\t\tdata-click-area\n\t\t\t\t\t>\n\t\t\t\t\t\t\t\t\t\t\t<div class=\"c-card__content l-stack l-stack-sm u-text-center\">\n\t\t\t\t\t\t\t\t\t\t\t\t\t\t\t<h3 class=\"c-card__title u-font-title-2\">\n\t\t\t\t\t\t\t\t\t<a href=\"https:\/\/pysslingen.se\/kruset\/om-forskolan\/\" target=\"_self\">\t\t\t\t\t\t\t\t\t\t\t\t\t\t\t\t\t\t\t\t\tH\u00e4lsa och r\u00f6relse\n\t\t\t\t\t\t\t\t\t\t\t\t\t\t\t\t\t\t\t<\/a>\t\t\t\t\t\t\t\t<\/h3>\n\t\t\t\t\t\t\t\n\t\t\t\t\t\t\t\t\t\t\t\t\t\t\t<div class=\"c-card__text l-stack-xs u-font-body\">\n\t\t\t\t\t\t\t\t\t<p>&#8211; v\u00e5r verksamhet pr\u00e4glas av r\u00f6relseaktiviteter b\u00e5de utomhus och inomhus. P\u00e5 Kruset har alla barn n\u00e5gon form av r\u00f6relse varje dag.<\/p>\n\n\t\t\t\t\t\t\t\t<\/div>\n\t\t\t\t\t\t\t\t\t\t\t\t\t<\/div>\n\t\t\t\t\t\n\t\t\t\t\t<div class=\"c-card__media\">\n\t\t\t\t\t\t\t\t\t\t\t\t\t<img decoding=\"async\" width=\"400\" height=\"300\" src=\"https:\/\/pysslingen.se\/wp-content\/uploads\/sites\/49\/2020\/11\/krusetpadel.jpg\" class=\"u-radius-rounded u-ratio-landscape  ams_icon_size_default\" alt=\"Barn i en padelhall h\u00e5ller upp sina rack.\" srcset=\"https:\/\/pysslingen.se\/wp-content\/uploads\/sites\/49\/2020\/11\/krusetpadel.jpg 2016w, https:\/\/pysslingen.se\/wp-content\/uploads\/sites\/49\/2020\/11\/krusetpadel-300x225.jpg 300w, https:\/\/pysslingen.se\/wp-content\/uploads\/sites\/49\/2020\/11\/krusetpadel-1024x768.jpg 1024w, https:\/\/pysslingen.se\/wp-content\/uploads\/sites\/49\/2020\/11\/krusetpadel-768x576.jpg 768w, https:\/\/pysslingen.se\/wp-content\/uploads\/sites\/49\/2020\/11\/krusetpadel-1536x1152.jpg 1536w, https:\/\/pysslingen.se\/wp-content\/uploads\/sites\/49\/2020\/11\/krusetpadel-1920x1440.jpg 1920w, https:\/\/pysslingen.se\/wp-content\/uploads\/sites\/49\/2020\/11\/krusetpadel-1100x825.jpg 1100w, https:\/\/pysslingen.se\/wp-content\/uploads\/sites\/49\/2020\/11\/krusetpadel-893x670.jpg 893w\" sizes=\"(max-width: 400px) 100vw, 400px\" \/>\n\t\t\t\t\t\t\t\t\t\t\t<\/div>\n\t\t\t\t<\/article>\n\t\t\t<\/li>\n\n\t\t\t\t\t<li class=\"l-col-6@md l-col-4@lg\">\n\t\t\t\t<article\n\t\t\t\t\tclass=\"\n\t\t\t\t\tc-card\n\t\t\t\t\thas-media-zoom\n\t\t\t\t\t\n\t\t\t\t\t\n\t\t\t\t\t\"\n\t\t\t\t\tdata-variant=\"border\"\n\t\t\t\t\tdata-style=\"soft\"\n\t\t\t\t\tdata-click-area\n\t\t\t\t\t>\n\t\t\t\t\t\t\t\t\t\t\t<div class=\"c-card__content l-stack l-stack-sm u-text-center\">\n\t\t\t\t\t\t\t\t\t\t\t\t\t\t\t<h3 class=\"c-card__title u-font-title-2\">\n\t\t\t\t\t\t\t\t\t<a href=\"https:\/\/pysslingen.se\/kruset\/om-forskolan\/\" target=\"_self\">\t\t\t\t\t\t\t\t\t\t\t\t\t\t\t\t\t\t\t\t\tUtomhuspedagogik\n\t\t\t\t\t\t\t\t\t\t\t\t\t\t\t\t\t\t\t<\/a>\t\t\t\t\t\t\t\t<\/h3>\n\t\t\t\t\t\t\t\n\t\t\t\t\t\t\t\t\t\t\t\t\t\t\t<div class=\"c-card__text l-stack-xs u-font-body\">\n\t\t\t\t\t\t\t\t\t<p>Vi arbetar med naturen som l\u00e4rmilj\u00f6 och g\u00f6r ofta utflykter i v\u00e5rt n\u00e4romr\u00e5de. Barnen f\u00e5r anv\u00e4nda sin uppt\u00e4ckargl\u00e4dje och utveckla sin ansvarsk\u00e4nsla f\u00f6r allt levande.<\/p>\n\n\t\t\t\t\t\t\t\t<\/div>\n\t\t\t\t\t\t\t\t\t\t\t\t\t<\/div>\n\t\t\t\t\t\n\t\t\t\t\t<div class=\"c-card__media\">\n\t\t\t\t\t\t\t\t\t\t\t\t\t<img decoding=\"async\" width=\"400\" height=\"600\" src=\"https:\/\/pysslingen.se\/wp-content\/uploads\/sites\/49\/2026\/02\/dsc0256-400x600.jpg\" class=\"u-radius-rounded u-ratio-landscape  ams_icon_size_default\" alt=\"Barn och pedagog odlar.\" srcset=\"https:\/\/pysslingen.se\/wp-content\/uploads\/sites\/49\/2026\/02\/dsc0256-400x600.jpg 400w, https:\/\/pysslingen.se\/wp-content\/uploads\/sites\/49\/2026\/02\/dsc0256-300x450.jpg 300w, https:\/\/pysslingen.se\/wp-content\/uploads\/sites\/49\/2026\/02\/dsc0256-600x900.jpg 600w, https:\/\/pysslingen.se\/wp-content\/uploads\/sites\/49\/2026\/02\/dsc0256-800x1200.jpg 800w, https:\/\/pysslingen.se\/wp-content\/uploads\/sites\/49\/2026\/02\/dsc0256-1024x1536.jpg 1024w, https:\/\/pysslingen.se\/wp-content\/uploads\/sites\/49\/2026\/02\/dsc0256-1200x1800.jpg 1200w, https:\/\/pysslingen.se\/wp-content\/uploads\/sites\/49\/2026\/02\/dsc0256.jpg 1333w\" sizes=\"(max-width: 400px) 100vw, 400px\" \/>\n\t\t\t\t\t\t\t\t\t\t\t<\/div>\n\t\t\t\t<\/article>\n\t\t\t<\/li>\n\n\t\t\t<\/ul>\n\n\t\t\t<\/div>\n\n\t\t\n\n<\/section>\n\n\n\n\n\n\t<div class=\"module_wrapper video_module__bg container-fluid video_module  pt-5 pb-5\"\n\t\t\t>\n\t\t<div class=\"container\">\n\t\t\t<div class=\"row\">\n\t\t\t\t<div class=\"col-md-6 order-1 px-0 pl-md-2 pr-md-4\">\n\t\t\t\t\t<div class=\"row\">\n\t\t\t\t\t\t<div class=\"col-md-12 text-left\">\n\t\t\t\t\t\t\t\t\t\t\t\t\t<h2 class=\"site__heading-size-2   site__text-color \">\n\t\t\t\t\t\t\t\tS\u00e5 ser det ut hos oss!\t\t\t\t\t\t\t<\/h2>\n\t\t\t\t\t\t\t\t\t\t\t\t<\/div>\n\t\t\t\t\t<\/div>\n\t\t\t\t\t<div class=\"row\">\n\t\t\t\t\t\t<div class=\"col-md-12 text-left  site__text-color--dark   site_default_a_wysiwyg pb-5 pb-md-0\">\n\t\t\t\t\t\t\t<div class=\"anchor_classes_div site__body_text-1\"\n\t\t\t\t\t\t\t\t data-cta=\" nostyle site__a_cta \"\n\t\t\t\t\t\t\t\t data-theme=\" nostyle site__a_text \"\n\t\t\t\t\t\t\t\t data-darklight=\" nostyle site__a_dark \">\n\t\t\t\t\t\t\t\t<p>Se och h\u00f6r v\u00e5r pedagog Emelie ber\u00e4tta om f\u00f6rskolans verksamhet.<\/p>\n\t\t\t\t\t\t\t<\/div>\n\t\t\t\t\t\t<\/div>\n\t\t\t\t\t<\/div>\n\t\t\t\t\t\t\t\t\t<\/div>\n\t\t\t\t<div class=\"col-md-6 order-2 px-0 pl-md-3 pr-md-2\">\n\t\t\t\t\t<div class=\"video_module__wrapper\">\n\t\t\t\t\t\t<div class=\"embed-responsive embed-responsive-16by9\">\n\t\t\t\t\t\t\t<iframe title=\"YouTube video player\" style=\"border-width:0px;\" class=\"embed-responsive-item\"  src=\"https:\/\/www.youtube.com\/embed\/kS8JYC4ndf4\" allow=\"accelerometer; autoplay; encrypted-media; gyroscope; picture-in-picture \" allowfullscreen><\/iframe>\t\t\t\t\t\t<\/div>\n\t\t\t\t\t<\/div>\n\t\t\t\t<\/div>\n\t\t\t<\/div>\n\n\t\t\t\n\t\t<\/div>\n\t<\/div>\n\n\n\n\n<section  class=\"ams-usp c-block l-stacked blobs\" data-color-scheme=\"usp-pink-background-blue-cards\">\n\t<div class=\"l-container l-stack l-stack-fluid-2xl u-pt-fluid-3xl-6xl u-pb-fluid-3xl-6xl is-center is-center@md\">\n\t\t\t\t\t<div class=\"ams-usp__intro l-stack l-stack-lg\">\n\t\t\t\t\t\n\t<h2\n\tclass=\"c-heading u-font-title-1 \"\n\tstyle=\"\">\n\t\t\n\t\t\t\t\tV\u00e5rt erbjudande &#8211; en trygg och stimulerande v\u00e4rld full av m\u00f6jligheter\n\t\t\t\t\n\t<\/h2>\n\n\t\t\t\t\t\t\t<\/div>\n\t\t\n\t\t\t<ul class=\"ams-usp__list l-grid u-justify-center u-gap-fluid-2xl-4xl\">\n\t\t\t\t\t<li class=\"l-col-6@md l-col-4@lg\">\n\t\t\t\t<article\n\t\t\t\t\tclass=\"\n\t\t\t\t\tc-card\n\t\t\t\t\thas-media-zoom\n\t\t\t\t\t\n\t\t\t\t\t\n\t\t\t\t\t\"\n\t\t\t\t\tdata-variant=\"border\"\n\t\t\t\t\tdata-style=\"soft\"\n\t\t\t\t\tdata-click-area\n\t\t\t\t\t>\n\t\t\t\t\t\t\t\t\t\t\t<div class=\"c-card__content l-stack l-stack-sm u-text-center\">\n\t\t\t\t\t\t\t\t\t\t\t\t\t\t\t<h3 class=\"c-card__title u-font-title-2\">\n\t\t\t\t\t\t\t\t\t<a href=\"https:\/\/pysslingen.se\/kruset\/inskolning\/\" target=\"_self\">\t\t\t\t\t\t\t\t\t\t\t\t\t\t\t\t\t\t\t\t\tEn trygg inskolning\n\t\t\t\t\t\t\t\t\t\t\t<span class=\"c-card__title__sub is-below u-font-title-4\">\n\t\t\t\t\t\t\t\t\t\t\t\t&#8211; alla barn f\u00e5r varsin Pyss-ryggs\u00e4ck\n\t\t\t\t\t\t\t\t\t\t\t<\/span>\n\t\t\t\t\t\t\t\t\t\t\t\t\t\t\t\t\t\t\t<\/a>\t\t\t\t\t\t\t\t<\/h3>\n\t\t\t\t\t\t\t\n\t\t\t\t\t\t\t\t\t\t\t\t\t<\/div>\n\t\t\t\t\t\n\t\t\t\t\t<div class=\"c-card__media\">\n\t\t\t\t\t\t\t\t\t\t\t\t\t<img decoding=\"async\" width=\"400\" height=\"332\" src=\"https:\/\/pysslingen.se\/wp-content\/uploads\/sites\/49\/2020\/11\/ryggsackar-2-2.jpeg\" class=\"u-radius-rounded u-ratio-landscape  ams_icon_size_default\" alt=\"Barn med ryggs\u00e4ckar fr\u00e5n Pysslingen\" srcset=\"https:\/\/pysslingen.se\/wp-content\/uploads\/sites\/49\/2020\/11\/ryggsackar-2-2.jpeg 431w, https:\/\/pysslingen.se\/wp-content\/uploads\/sites\/49\/2020\/11\/ryggsackar-2-2-300x249.jpeg 300w\" sizes=\"(max-width: 400px) 100vw, 400px\" \/>\n\t\t\t\t\t\t\t\t\t\t\t<\/div>\n\t\t\t\t<\/article>\n\t\t\t<\/li>\n\n\t\t\t\t\t<li class=\"l-col-6@md l-col-4@lg\">\n\t\t\t\t<article\n\t\t\t\t\tclass=\"\n\t\t\t\t\tc-card\n\t\t\t\t\thas-media-zoom\n\t\t\t\t\t\n\t\t\t\t\t\n\t\t\t\t\t\"\n\t\t\t\t\tdata-variant=\"border\"\n\t\t\t\t\tdata-style=\"soft\"\n\t\t\t\t\tdata-click-area\n\t\t\t\t\t>\n\t\t\t\t\t\t\t\t\t\t\t<div class=\"c-card__content l-stack l-stack-sm u-text-center\">\n\t\t\t\t\t\t\t\t\t\t\t\t\t\t\t<h3 class=\"c-card__title u-font-title-2\">\n\t\t\t\t\t\t\t\t\t<a href=\"https:\/\/pysslingen.se\/kruset\/trygghetsvandring\/\" target=\"_self\">\t\t\t\t\t\t\t\t\t\t\t\t\t\t\t\t\t\t\t\t\tTrygghetsvandring\n\t\t\t\t\t\t\t\t\t\t\t<span class=\"c-card__title__sub is-below u-font-title-4\">\n\t\t\t\t\t\t\t\t\t\t\t\t&#8211; v\u00e5rt verktyg f\u00f6r att skapa en trygg milj\u00f6\n\t\t\t\t\t\t\t\t\t\t\t<\/span>\n\t\t\t\t\t\t\t\t\t\t\t\t\t\t\t\t\t\t\t<\/a>\t\t\t\t\t\t\t\t<\/h3>\n\t\t\t\t\t\t\t\n\t\t\t\t\t\t\t\t\t\t\t\t\t<\/div>\n\t\t\t\t\t\n\t\t\t\t\t<div class=\"c-card__media\">\n\t\t\t\t\t\t\t\t\t\t\t\t\t<img decoding=\"async\" width=\"400\" height=\"267\" src=\"https:\/\/pysslingen.se\/wp-content\/uploads\/sites\/49\/2020\/10\/trygghetsvandring.jpg\" class=\"u-radius-rounded u-ratio-landscape  ams_icon_size_default\" alt=\"Pojke ler in i kameran.\" srcset=\"https:\/\/pysslingen.se\/wp-content\/uploads\/sites\/49\/2020\/10\/trygghetsvandring.jpg 1000w, https:\/\/pysslingen.se\/wp-content\/uploads\/sites\/49\/2020\/10\/trygghetsvandring-300x200.jpg 300w, https:\/\/pysslingen.se\/wp-content\/uploads\/sites\/49\/2020\/10\/trygghetsvandring-768x512.jpg 768w\" sizes=\"(max-width: 400px) 100vw, 400px\" \/>\n\t\t\t\t\t\t\t\t\t\t\t<\/div>\n\t\t\t\t<\/article>\n\t\t\t<\/li>\n\n\t\t\t\t\t<li class=\"l-col-6@md l-col-4@lg\">\n\t\t\t\t<article\n\t\t\t\t\tclass=\"\n\t\t\t\t\tc-card\n\t\t\t\t\thas-media-zoom\n\t\t\t\t\t\n\t\t\t\t\t\n\t\t\t\t\t\"\n\t\t\t\t\tdata-variant=\"border\"\n\t\t\t\t\tdata-style=\"soft\"\n\t\t\t\t\tdata-click-area\n\t\t\t\t\t>\n\t\t\t\t\t\t\t\t\t\t\t<div class=\"c-card__content l-stack l-stack-sm u-text-center\">\n\t\t\t\t\t\t\t\t\t\t\t\t\t\t\t<h3 class=\"c-card__title u-font-title-2\">\n\t\t\t\t\t\t\t\t\t<a href=\"https:\/\/pysslingen.se\/kruset\/barnens-integritet\/\" target=\"_self\">\t\t\t\t\t\t\t\t\t\t\t\t\t\t\t\t\t\t\t\t\tBarnens integritet\n\t\t\t\t\t\t\t\t\t\t\t<span class=\"c-card__title__sub is-below u-font-title-4\">\n\t\t\t\t\t\t\t\t\t\t\t\t&#8211; s\u00e5 v\u00e4rnar vi om den\n\t\t\t\t\t\t\t\t\t\t\t<\/span>\n\t\t\t\t\t\t\t\t\t\t\t\t\t\t\t\t\t\t\t<\/a>\t\t\t\t\t\t\t\t<\/h3>\n\t\t\t\t\t\t\t\n\t\t\t\t\t\t\t\t\t\t\t\t\t<\/div>\n\t\t\t\t\t\n\t\t\t\t\t<div class=\"c-card__media\">\n\t\t\t\t\t\t\t\t\t\t\t\t\t<img decoding=\"async\" width=\"400\" height=\"267\" src=\"https:\/\/pysslingen.se\/wp-content\/uploads\/sites\/49\/2020\/11\/kvinnlig-pedagod-m-fleece-2.jpg\" class=\"u-radius-rounded u-ratio-landscape  ams_icon_size_default\" alt=\"Pedagog lyssnar p\u00e5 ett barn p\u00e5 f\u00f6rskolan\" srcset=\"https:\/\/pysslingen.se\/wp-content\/uploads\/sites\/49\/2020\/11\/kvinnlig-pedagod-m-fleece-2.jpg 612w, https:\/\/pysslingen.se\/wp-content\/uploads\/sites\/49\/2020\/11\/kvinnlig-pedagod-m-fleece-2-300x200.jpg 300w\" sizes=\"(max-width: 400px) 100vw, 400px\" \/>\n\t\t\t\t\t\t\t\t\t\t\t<\/div>\n\t\t\t\t<\/article>\n\t\t\t<\/li>\n\n\t\t\t\t\t<li class=\"l-col-6@md l-col-4@lg\">\n\t\t\t\t<article\n\t\t\t\t\tclass=\"\n\t\t\t\t\tc-card\n\t\t\t\t\thas-media-zoom\n\t\t\t\t\t\n\t\t\t\t\t\n\t\t\t\t\t\"\n\t\t\t\t\tdata-variant=\"border\"\n\t\t\t\t\tdata-style=\"soft\"\n\t\t\t\t\tdata-click-area\n\t\t\t\t\t>\n\t\t\t\t\t\t\t\t\t\t\t<div class=\"c-card__content l-stack l-stack-sm u-text-center\">\n\t\t\t\t\t\t\t\t\t\t\t\t\t\t\t<h3 class=\"c-card__title u-font-title-2\">\n\t\t\t\t\t\t\t\t\t<a href=\"https:\/\/pysslingen.se\/kruset\/larmiljoer\/\" target=\"_self\">\t\t\t\t\t\t\t\t\t\t\t\t\t\t\t\t\t\t\t\t\tV\u00e5ra l\u00e4rmilj\u00f6er\n\t\t\t\t\t\t\t\t\t\t\t<span class=\"c-card__title__sub is-below u-font-title-4\">\n\t\t\t\t\t\t\t\t\t\t\t\t&#8211; utformade f\u00f6r att inspirera och stimulera\n\t\t\t\t\t\t\t\t\t\t\t<\/span>\n\t\t\t\t\t\t\t\t\t\t\t\t\t\t\t\t\t\t\t<\/a>\t\t\t\t\t\t\t\t<\/h3>\n\t\t\t\t\t\t\t\n\t\t\t\t\t\t\t\t\t\t\t\t\t<\/div>\n\t\t\t\t\t\n\t\t\t\t\t<div class=\"c-card__media\">\n\t\t\t\t\t\t\t\t\t\t\t\t\t<img decoding=\"async\" width=\"400\" height=\"323\" src=\"https:\/\/pysslingen.se\/wp-content\/uploads\/sites\/49\/2020\/11\/larmiljo-inomhus-barn-stad-2.jpg\" class=\"u-radius-rounded u-ratio-landscape  ams_icon_size_default\" alt=\"Barn som bygger en stad i l\u00e4rmilj\u00f6 p\u00e5 f\u00f6rskola\" srcset=\"https:\/\/pysslingen.se\/wp-content\/uploads\/sites\/49\/2020\/11\/larmiljo-inomhus-barn-stad-2.jpg 632w, https:\/\/pysslingen.se\/wp-content\/uploads\/sites\/49\/2020\/11\/larmiljo-inomhus-barn-stad-2-300x242.jpg 300w\" sizes=\"(max-width: 400px) 100vw, 400px\" \/>\n\t\t\t\t\t\t\t\t\t\t\t<\/div>\n\t\t\t\t<\/article>\n\t\t\t<\/li>\n\n\t\t\t\t\t<li class=\"l-col-6@md l-col-4@lg\">\n\t\t\t\t<article\n\t\t\t\t\tclass=\"\n\t\t\t\t\tc-card\n\t\t\t\t\thas-media-zoom\n\t\t\t\t\t\n\t\t\t\t\t\n\t\t\t\t\t\"\n\t\t\t\t\tdata-variant=\"border\"\n\t\t\t\t\tdata-style=\"soft\"\n\t\t\t\t\tdata-click-area\n\t\t\t\t\t>\n\t\t\t\t\t\t\t\t\t\t\t<div class=\"c-card__content l-stack l-stack-sm u-text-center\">\n\t\t\t\t\t\t\t\t\t\t\t\t\t\t\t<h3 class=\"c-card__title u-font-title-2\">\n\t\t\t\t\t\t\t\t\t<a href=\"https:\/\/pysslingen.se\/kruset\/sprakstimulans\/\" target=\"_self\">\t\t\t\t\t\t\t\t\t\t\t\t\t\t\t\t\t\t\t\t\tSpr\u00e5kstimulans\n\t\t\t\t\t\t\t\t\t\t\t<span class=\"c-card__title__sub is-below u-font-title-4\">\n\t\t\t\t\t\t\t\t\t\t\t\t&#8211; \u00e4ven hemma med tillg\u00e5ng till v\u00e5rt digitala bibliotek\n\t\t\t\t\t\t\t\t\t\t\t<\/span>\n\t\t\t\t\t\t\t\t\t\t\t\t\t\t\t\t\t\t\t<\/a>\t\t\t\t\t\t\t\t<\/h3>\n\t\t\t\t\t\t\t\n\t\t\t\t\t\t\t\t\t\t\t\t\t<\/div>\n\t\t\t\t\t\n\t\t\t\t\t<div class=\"c-card__media\">\n\t\t\t\t\t\t\t\t\t\t\t\t\t<img decoding=\"async\" width=\"400\" height=\"284\" src=\"https:\/\/pysslingen.se\/wp-content\/uploads\/sites\/49\/2020\/11\/lasalitetbarn-2-mindre.jpg\" class=\"u-radius-rounded u-ratio-landscape  ams_icon_size_default\" alt=\"Litet barn l\u00e4ser bok p\u00e5 f\u00f6rskolan\" srcset=\"https:\/\/pysslingen.se\/wp-content\/uploads\/sites\/49\/2020\/11\/lasalitetbarn-2-mindre.jpg 592w, https:\/\/pysslingen.se\/wp-content\/uploads\/sites\/49\/2020\/11\/lasalitetbarn-2-mindre-300x213.jpg 300w\" sizes=\"(max-width: 400px) 100vw, 400px\" \/>\n\t\t\t\t\t\t\t\t\t\t\t<\/div>\n\t\t\t\t<\/article>\n\t\t\t<\/li>\n\n\t\t\t\t\t<li class=\"l-col-6@md l-col-4@lg\">\n\t\t\t\t<article\n\t\t\t\t\tclass=\"\n\t\t\t\t\tc-card\n\t\t\t\t\thas-media-zoom\n\t\t\t\t\t\n\t\t\t\t\t\n\t\t\t\t\t\"\n\t\t\t\t\tdata-variant=\"border\"\n\t\t\t\t\tdata-style=\"soft\"\n\t\t\t\t\tdata-click-area\n\t\t\t\t\t>\n\t\t\t\t\t\t\t\t\t\t\t<div class=\"c-card__content l-stack l-stack-sm u-text-center\">\n\t\t\t\t\t\t\t\t\t\t\t\t\t\t\t<h3 class=\"c-card__title u-font-title-2\">\n\t\t\t\t\t\t\t\t\t<a href=\"https:\/\/pysslingen.se\/kruset\/skolforberedande\/\" target=\"_self\">\t\t\t\t\t\t\t\t\t\t\t\t\t\t\t\t\t\t\t\t\tSkolf\u00f6rberedande\n\t\t\t\t\t\t\t\t\t\t\t<span class=\"c-card__title__sub is-below u-font-title-4\">\n\t\t\t\t\t\t\t\t\t\t\t\t&#8211; anpassade aktiviteter f\u00f6r att stimulera de \u00e4ldsta barnen\n\t\t\t\t\t\t\t\t\t\t\t<\/span>\n\t\t\t\t\t\t\t\t\t\t\t\t\t\t\t\t\t\t\t<\/a>\t\t\t\t\t\t\t\t<\/h3>\n\t\t\t\t\t\t\t\n\t\t\t\t\t\t\t\t\t\t\t\t\t<\/div>\n\t\t\t\t\t\n\t\t\t\t\t<div class=\"c-card__media\">\n\t\t\t\t\t\t\t\t\t\t\t\t\t<img decoding=\"async\" width=\"400\" height=\"267\" src=\"https:\/\/pysslingen.se\/wp-content\/uploads\/sites\/49\/2020\/11\/skolforberedande-2.jpg\" class=\"u-radius-rounded u-ratio-landscape  ams_icon_size_default\" alt=\"Tv\u00e5 fem\u00e5ringar l\u00e4ser bok p\u00e5 f\u00f6rskola\" srcset=\"https:\/\/pysslingen.se\/wp-content\/uploads\/sites\/49\/2020\/11\/skolforberedande-2.jpg 612w, https:\/\/pysslingen.se\/wp-content\/uploads\/sites\/49\/2020\/11\/skolforberedande-2-300x200.jpg 300w\" sizes=\"(max-width: 400px) 100vw, 400px\" \/>\n\t\t\t\t\t\t\t\t\t\t\t<\/div>\n\t\t\t\t<\/article>\n\t\t\t<\/li>\n\n\t\t\t<\/ul>\n\n\t\t\t<\/div>\n\n\t\t\n\n<\/section>\n\n\n\n\t<div class=\"module_wrapper ams_remote_pages_module \">\n\t\t\n\t<div\n\t\tclass=\"module_wrapper video_module__bg container-fluid video_module \t\t site__cta-bg--13  pt-5 pb-5\n\t\t\t\t\"\n\t\t\t>\n\t\t<div class=\"container\">\n\t\t\t\t\t\t\t<div class=\"row\">\n\t\t\t\t\t<div class=\"col-12 col-md-8 offset-md-2 cmb-30 text_align--Center\">\n\t\t\t\t\t\t\t\t\t\t\t\t\t<h2 class=\"site__heading-size-2  site__text-color  \">\n\t\t\t\t\t\t\t\tM\u00f6t v\u00e5ra pedagoger\t\t\t\t\t\t\t<\/h2>\n\t\t\t\t\t\t\t\t\t\t\t<\/div>\n\t\t\t\t<\/div>\n\t\t\t\n\t\t\t\n\t\t\t\t\t\t\t<div class=\"row\">\n\t\t\t\t\t<div class=\"col-md-12\">\n\t\t\t\t\t\t<div class=\"video_module__wrapper 1  \">\n\t\t\t\t\t\t\t<div class=\"embed-responsive embed-responsive-16by9\">\n\t\t\t\t\t\t\t\t<iframe title=\"YouTube video player\" style=\"border-width:0px;\" class=\"embed-responsive-item\"  src=\"https:\/\/www.youtube.com\/embed\/Ly-pzZGF6bE?si=4e8P6MxgU7DnFVut\" allow=\"accelerometer; autoplay; encrypted-media; gyroscope; picture-in-picture \" allowfullscreen><\/iframe>\t\t\t\t\t\t\t<\/div>\n\t\t\t\t\t\t<\/div>\n\t\t\t\t\t<\/div>\n\t\t\t\t<\/div>\n\t\t\t\t\t\t\t\t<\/div>\n\t<\/div>\n\n\n\t<\/div>\n\n\t\n\n\n\n\n<section  class=\"ams-testimonial testimonial_module c-block l-stacked js-load-more\" data-color-scheme=\"testimonials\" data-count=\"3\" data-count-mobile=\"2\">\n\t<div class=\"l-container l-stack l-stack-fluid-2xl u-pt-fluid-Ingen u-pb-fluid-3xl-6xl is-center is-center@md\">\n\t\t\n\t\t\n\t\n\t\t\n\t\t\t\n<ul\n\tid=\"ams-testimonial-list-69f0c98f59f00\"\n\tclass=\"ams-testimonial__list  l-grid u-gap-fluid-2xl-4xl js-results \"\n\tdata-filter-animation=\"off\">\n\t\t\t\t\t\t\t\t\t\t\t\n\t\t\n\t\t\n\t\t<li class=\"l-col-6@md \" data-filter=\" april-2026\">\n\t\t\t<article class=\"c-card has-media-zoom \" data-variant=\"inside-half\" data-click-area>\n\t\t\t\t<div class=\"c-card__content l-stack l-stack-sm is-left is-left@md\">\n\t\t\t\t\t\t\t\t\t\t\t<blockquote class=\"c-card__title u-font-title-3\">\n\t\t\t\t\t\t\t\t\t\t\t\t\t\t\t<p class=\"u-quote-marks\"><a href=\"https:\/\/pysslingen.se\/kruset\/intervju\/ord-fran-vardnadshavare\/\" class=\"link\">Pedagogernas trygghet och engagemang smittar av sig p\u00e5 barnen&#8230;<\/a><\/p>\n\t\t\t\t\t\t\t\t\t\t\t\t\t<\/blockquote>\n\t\t\t\t\t\n\t\t\t\t\t\t\t\t\t\t\t<p class=\"c-card__text l-stack-grow u-divider-top u-font-body\">\n\t\t\t\t\t\t\t<span class=\"author u-mr-fluid-lg\">Ida &amp; Niklas Gudmundson<\/span>\n\t\t\t\t\t\t\t<span class=\"title u-mr-fluid-lg\">V\u00e5rdnadshavare<\/span>\n\t\t\t\t\t\t<\/p>\n\t\t\t\t\t\n\t\t\t\t\t<div class=\"c-card__icon\">\n\t\t\t\t\t\t<svg class=\"ams-icon ams-icon--arrow-right\" width=\"32\" height=\"32\" viewBox=\"0 0 32 32\" fill=\"currentColor\" aria-hidden=\"true\" xmlns=\"http:\/\/www.w3.org\/2000\/svg\">\n\t\t\t\t\t\t\t<path d=\"M15.4617 0.252159L14.9567 0.75931C14.6219 1.09545 14.6219 1.64048 14.9567 1.97669L27.7062 14.7806H0.857144C0.383786 14.7806 0 15.166 0 15.6414V16.3587C0 16.8341 0.383786 17.2195 0.857144 17.2195H27.7062L14.9567 30.0234C14.6219 30.3595 14.6219 30.9045 14.9567 31.2407L15.4617 31.7479C15.7964 32.084 16.3392 32.084 16.6739 31.7479L31.749 16.6087C32.0837 16.2725 32.0837 15.7275 31.749 15.3913L16.6739 0.252159C16.3392 -0.084053 15.7964 -0.084053 15.4617 0.252159Z\"\/>\n\t\t\t\t\t\t<\/svg>\n\t\t\t\t\t<\/div>\n\t\t\t\t<\/div>\n\t\t\t\t<div class=\"c-card__media\" style=\" \">\n\t\t\t\t\t<img decoding=\"async\" width=\"600\" height=\"549\" src=\"https:\/\/pysslingen.se\/wp-content\/uploads\/sites\/49\/2022\/10\/vh-kruset-2-e1665395894900.jpg\" class=\"attachment-md size-md\" alt=\"v\u00e5rdnadshavare Pysslingen F\u00f6rskolor Kruset\" sizes=\"(min-width: 80em) 600px, (min-width: 48em) calc(.50 * (100vw - 240px)), calc(100vw - 160px)\" srcset=\"https:\/\/pysslingen.se\/wp-content\/uploads\/sites\/49\/2022\/10\/vh-kruset-2-e1665395894900.jpg 1200w, https:\/\/pysslingen.se\/wp-content\/uploads\/sites\/49\/2022\/10\/vh-kruset-2-e1665395894900-300x275.jpg 300w, https:\/\/pysslingen.se\/wp-content\/uploads\/sites\/49\/2022\/10\/vh-kruset-2-e1665395894900-1024x937.jpg 1024w, https:\/\/pysslingen.se\/wp-content\/uploads\/sites\/49\/2022\/10\/vh-kruset-2-e1665395894900-768x703.jpg 768w, https:\/\/pysslingen.se\/wp-content\/uploads\/sites\/49\/2022\/10\/vh-kruset-2-e1665395894900-500x458.jpg 500w, https:\/\/pysslingen.se\/wp-content\/uploads\/sites\/49\/2022\/10\/vh-kruset-2-e1665395894900-250x229.jpg 250w, https:\/\/pysslingen.se\/wp-content\/uploads\/sites\/49\/2022\/10\/vh-kruset-2-e1665395894900-340x311.jpg 340w, https:\/\/pysslingen.se\/wp-content\/uploads\/sites\/49\/2022\/10\/vh-kruset-2-e1665395894900-1100x1007.jpg 1100w, https:\/\/pysslingen.se\/wp-content\/uploads\/sites\/49\/2022\/10\/vh-kruset-2-e1665395894900-732x670.jpg 732w\" \/>\n\t\t\t\t<\/div>\n\t\t\t<\/article>\n\t\t<\/li>\n\t\t\t\t\t\t\t\t\t\t\t\n\t\t\n\t\t\n\t\t<li class=\"l-col-6@md \" data-filter=\" april-2026\">\n\t\t\t<article class=\"c-card has-media-zoom \" data-variant=\"inside-half\" data-click-area>\n\t\t\t\t<div class=\"c-card__content l-stack l-stack-sm is-left is-left@md\">\n\t\t\t\t\t\t\t\t\t\t\t<blockquote class=\"c-card__title u-font-title-3\">\n\t\t\t\t\t\t\t\t\t\t\t\t\t\t\t<p class=\"u-quote-marks\"><a href=\"https:\/\/pysslingen.se\/kruset\/intervju\/emelie-pegenius\/\" class=\"link\">M\u00f6tet med barnens v\u00e5rdnadshavare \u00e4r oerh\u00f6rt viktigt f\u00f6r mig&#8230;.<\/a><\/p>\n\t\t\t\t\t\t\t\t\t\t\t\t\t<\/blockquote>\n\t\t\t\t\t\n\t\t\t\t\t\t\t\t\t\t\t<p class=\"c-card__text l-stack-grow u-divider-top u-font-body\">\n\t\t\t\t\t\t\t<span class=\"author u-mr-fluid-lg\">Emelie Pegenius <\/span>\n\t\t\t\t\t\t\t<span class=\"title u-mr-fluid-lg\">F\u00f6rskoll\u00e4rare p\u00e5 Kruset<\/span>\n\t\t\t\t\t\t<\/p>\n\t\t\t\t\t\n\t\t\t\t\t<div class=\"c-card__icon\">\n\t\t\t\t\t\t<svg class=\"ams-icon ams-icon--arrow-right\" width=\"32\" height=\"32\" viewBox=\"0 0 32 32\" fill=\"currentColor\" aria-hidden=\"true\" xmlns=\"http:\/\/www.w3.org\/2000\/svg\">\n\t\t\t\t\t\t\t<path d=\"M15.4617 0.252159L14.9567 0.75931C14.6219 1.09545 14.6219 1.64048 14.9567 1.97669L27.7062 14.7806H0.857144C0.383786 14.7806 0 15.166 0 15.6414V16.3587C0 16.8341 0.383786 17.2195 0.857144 17.2195H27.7062L14.9567 30.0234C14.6219 30.3595 14.6219 30.9045 14.9567 31.2407L15.4617 31.7479C15.7964 32.084 16.3392 32.084 16.6739 31.7479L31.749 16.6087C32.0837 16.2725 32.0837 15.7275 31.749 15.3913L16.6739 0.252159C16.3392 -0.084053 15.7964 -0.084053 15.4617 0.252159Z\"\/>\n\t\t\t\t\t\t<\/svg>\n\t\t\t\t\t<\/div>\n\t\t\t\t<\/div>\n\t\t\t\t<div class=\"c-card__media\" style=\" \">\n\t\t\t\t\t<img decoding=\"async\" width=\"600\" height=\"517\" src=\"https:\/\/pysslingen.se\/wp-content\/uploads\/sites\/49\/2021\/02\/emelie-e1678805570111.jpeg\" class=\"attachment-md size-md\" alt=\"Emelie Pegenius\" sizes=\"(min-width: 80em) 600px, (min-width: 48em) calc(.50 * (100vw - 240px)), calc(100vw - 160px)\" srcset=\"https:\/\/pysslingen.se\/wp-content\/uploads\/sites\/49\/2021\/02\/emelie-e1678805570111.jpeg 1114w, https:\/\/pysslingen.se\/wp-content\/uploads\/sites\/49\/2021\/02\/emelie-e1678805570111-300x259.jpeg 300w, https:\/\/pysslingen.se\/wp-content\/uploads\/sites\/49\/2021\/02\/emelie-e1678805570111-1024x882.jpeg 1024w, https:\/\/pysslingen.se\/wp-content\/uploads\/sites\/49\/2021\/02\/emelie-e1678805570111-768x662.jpeg 768w, https:\/\/pysslingen.se\/wp-content\/uploads\/sites\/49\/2021\/02\/emelie-e1678805570111-500x431.jpeg 500w, https:\/\/pysslingen.se\/wp-content\/uploads\/sites\/49\/2021\/02\/emelie-e1678805570111-266x229.jpeg 266w, https:\/\/pysslingen.se\/wp-content\/uploads\/sites\/49\/2021\/02\/emelie-e1678805570111-340x293.jpeg 340w, https:\/\/pysslingen.se\/wp-content\/uploads\/sites\/49\/2021\/02\/emelie-e1678805570111-1100x948.jpeg 1100w, https:\/\/pysslingen.se\/wp-content\/uploads\/sites\/49\/2021\/02\/emelie-e1678805570111-777x670.jpeg 777w\" \/>\n\t\t\t\t<\/div>\n\t\t\t<\/article>\n\t\t<\/li>\n\t<\/ul>\n\t\n\t<div class=\"no-results u-mt-0 u-hide\" data-filter-fallback-id=\"ams-testimonial-list-69f0c98f59f00\">\n\t<p>Det finns inga resultat som matchar din filtrering.<\/p>\n<\/div>\n\n\t\n\n\t\t\n\t\t\t<\/div>\n\n\t\t\n\n<\/section>\n\n\n\n\n<section  class=\"ams-cta ams-cta--stacked c-block l-stacked\">\n\t<div class=\"l-container l-stack l-stack-fluid-2xl u-pt-fluid-3xl-6xl u-pb-fluid-3xl-6xl is-center is-center@md\">\n\t\t\t\t\t<div class=\"ams-cta__intro l-stack l-stack-lg\">\n\t\t\t\t\t\n\t<h2\n\tclass=\"c-heading u-font-title-1 \"\n\tstyle=\"\">\n\t\t\n\t\t\t\t\tVill du veta mer om Kruset?\n\t\t\t\t\n\t<\/h2>\n\n\t\t\t\t\t\t\t\t\t<div class=\"c-text l-stack u-cs-xl u-font-body\">\n\t\t\t\t\t\t<p>Har du fr\u00e5gor om v\u00e5r verksamhet eller vill du boka en visning? <a href=\"https:\/\/pysslingen.se\/kruset\/kontakt\/\">V\u00e4lkommen att h\u00f6ra av dig till v\u00e5r samordnare.<\/a><\/p>\n<p>Det finns flera <a href=\"https:\/\/pysslingen.se\/vara-forskolor\/\">Pysslingen F\u00f6rskolor i Sk\u00e5ne, l\u00e4s mer h\u00e4r.<\/a><\/p>\n\n\t\t\t\t\t<\/div>\n\t\t\t\t\t\t\t<\/div>\n\t\t\n\t\t\n\t\t\t<div class=\"ams-cta__action u-inline-items\">\n\t\t\t\t\t\t\t\n\n\n<a href=\"https:\/\/pysslingen.se\/kruset\/vanliga-fragor\/\"\n\t\n\tclass=\"c-btn \"\n\tdata-style=\"rounded\"\n\tdata-size=\"md\"\n\tdata-width=\"full-mobile\"\n\tdata-variant=\"default\"\n\ttarget=\"_self\">\n\t\t\t<span class=\"label\"> Vanliga fr\u00e5gor<\/span>\n\t\t\t<\/a>\n\t\t\t<\/div>\n\t<\/div>\n\n\t\t\n\n<\/section>\n","protected":false},"excerpt":{"rendered":"","protected":false},"author":1,"featured_media":0,"parent":0,"menu_order":0,"comment_status":"closed","ping_status":"closed","template":"","meta":{"footnotes":""},"yoast_head":"<!-- This site is optimized with the Yoast SEO plugin v22.0 - https:\/\/yoast.com\/wordpress\/plugins\/seo\/ -->\n<title>F\u00f6rskola i H\u00f6gan\u00e4s | Pysslingen Kruset<\/title>\n<meta name=\"description\" content=\"Pysslingen Kruset \u00e4r en f\u00f6rskola i H\u00f6gan\u00e4s. Hos oss \u00e4r h\u00e4lsa och r\u00f6relse med r\u00f6relseaktiviteter b\u00e5de utomhus och inomhus viktigt. L\u00e4s mer.\" \/>\n<meta name=\"robots\" content=\"index, follow, max-snippet:-1, max-image-preview:large, max-video-preview:-1\" \/>\n<link rel=\"canonical\" href=\"https:\/\/pysslingen.se\/kruset\/\" \/>\n<meta property=\"og:locale\" content=\"sv_SE\" \/>\n<meta property=\"og:type\" content=\"article\" \/>\n<meta property=\"og:title\" content=\"F\u00f6rskola i H\u00f6gan\u00e4s | Pysslingen Kruset\" \/>\n<meta property=\"og:description\" content=\"Pysslingen Kruset \u00e4r en f\u00f6rskola i H\u00f6gan\u00e4s. Hos oss \u00e4r h\u00e4lsa och r\u00f6relse med r\u00f6relseaktiviteter b\u00e5de utomhus och inomhus viktigt. L\u00e4s mer.\" \/>\n<meta property=\"og:url\" content=\"https:\/\/pysslingen.se\/kruset\/\" \/>\n<meta property=\"og:site_name\" content=\"Kruset\" \/>\n<meta property=\"article:modified_time\" content=\"2026-02-13T13:10:48+00:00\" \/>\n<meta name=\"twitter:card\" content=\"summary_large_image\" \/>\n<meta name=\"twitter:title\" content=\"F\u00f6rskola i H\u00f6gan\u00e4s | Pysslingen Kruset\" \/>\n<meta name=\"twitter:description\" content=\"Pysslingen Kruset \u00e4r en f\u00f6rskola i H\u00f6gan\u00e4s. Hos oss \u00e4r h\u00e4lsa och r\u00f6relse med r\u00f6relseaktiviteter b\u00e5de utomhus och inomhus viktigt. L\u00e4s mer.\" \/>\n<script type=\"application\/ld+json\" class=\"yoast-schema-graph\">{\"@context\":\"https:\/\/schema.org\",\"@graph\":[{\"@type\":\"WebPage\",\"@id\":\"https:\/\/pysslingen.se\/kruset\/\",\"url\":\"https:\/\/pysslingen.se\/kruset\/\",\"name\":\"F\u00f6rskola i H\u00f6gan\u00e4s | Pysslingen Kruset\",\"isPartOf\":{\"@id\":\"https:\/\/pysslingen.se\/kruset\/#website\"},\"datePublished\":\"2020-09-25T11:05:23+00:00\",\"dateModified\":\"2026-02-13T13:10:48+00:00\",\"description\":\"Pysslingen Kruset \u00e4r en f\u00f6rskola i H\u00f6gan\u00e4s. Hos oss \u00e4r h\u00e4lsa och r\u00f6relse med r\u00f6relseaktiviteter b\u00e5de utomhus och inomhus viktigt. L\u00e4s mer.\",\"breadcrumb\":{\"@id\":\"https:\/\/pysslingen.se\/kruset\/#breadcrumb\"},\"inLanguage\":\"sv-SE\",\"potentialAction\":[{\"@type\":\"ReadAction\",\"target\":[\"https:\/\/pysslingen.se\/kruset\/\"]}]},{\"@type\":\"BreadcrumbList\",\"@id\":\"https:\/\/pysslingen.se\/kruset\/#breadcrumb\",\"itemListElement\":[{\"@type\":\"ListItem\",\"position\":1,\"name\":\"Start\",\"item\":\"https:\/\/pysslingen.se\/kruset\/\"},{\"@type\":\"ListItem\",\"position\":2,\"name\":\"Startsida\"}]},{\"@type\":\"WebSite\",\"@id\":\"https:\/\/pysslingen.se\/kruset\/#website\",\"url\":\"https:\/\/pysslingen.se\/kruset\/\",\"name\":\"Kruset\",\"description\":\"En trygg och stimulerande v\u00e4rld\",\"publisher\":{\"@id\":\"https:\/\/pysslingen.se\/kruset\/#organization\"},\"potentialAction\":[{\"@type\":\"SearchAction\",\"target\":{\"@type\":\"EntryPoint\",\"urlTemplate\":\"https:\/\/pysslingen.se\/kruset\/?s={search_term_string}\"},\"query-input\":\"required name=search_term_string\"}],\"inLanguage\":\"sv-SE\"},{\"@type\":\"Organization\",\"@id\":\"https:\/\/pysslingen.se\/kruset\/#organization\",\"name\":\"Pysslingen F\u00f6rskolor\",\"url\":\"https:\/\/pysslingen.se\/kruset\/\",\"logo\":{\"@type\":\"ImageObject\",\"inLanguage\":\"sv-SE\",\"@id\":\"https:\/\/pysslingen.se\/kruset\/#\/schema\/logo\/image\/\",\"url\":\"https:\/\/pysslingen.se\/wp-content\/uploads\/2021\/05\/pysslingen-forskolor.png\",\"contentUrl\":\"https:\/\/pysslingen.se\/wp-content\/uploads\/2021\/05\/pysslingen-forskolor.png\",\"width\":1120,\"height\":630,\"caption\":\"Pysslingen F\u00f6rskolor\"},\"image\":{\"@id\":\"https:\/\/pysslingen.se\/kruset\/#\/schema\/logo\/image\/\"}}]}<\/script>\n<!-- \/ Yoast SEO plugin. -->","yoast_head_json":{"title":"F\u00f6rskola i H\u00f6gan\u00e4s | Pysslingen Kruset","description":"Pysslingen Kruset \u00e4r en f\u00f6rskola i H\u00f6gan\u00e4s. Hos oss \u00e4r h\u00e4lsa och r\u00f6relse med r\u00f6relseaktiviteter b\u00e5de utomhus och inomhus viktigt. L\u00e4s mer.","robots":{"index":"index","follow":"follow","max-snippet":"max-snippet:-1","max-image-preview":"max-image-preview:large","max-video-preview":"max-video-preview:-1"},"canonical":"https:\/\/pysslingen.se\/kruset\/","og_locale":"sv_SE","og_type":"article","og_title":"F\u00f6rskola i H\u00f6gan\u00e4s | Pysslingen Kruset","og_description":"Pysslingen Kruset \u00e4r en f\u00f6rskola i H\u00f6gan\u00e4s. Hos oss \u00e4r h\u00e4lsa och r\u00f6relse med r\u00f6relseaktiviteter b\u00e5de utomhus och inomhus viktigt. L\u00e4s mer.","og_url":"https:\/\/pysslingen.se\/kruset\/","og_site_name":"Kruset","article_modified_time":"2026-02-13T13:10:48+00:00","twitter_card":"summary_large_image","twitter_title":"F\u00f6rskola i H\u00f6gan\u00e4s | Pysslingen Kruset","twitter_description":"Pysslingen Kruset \u00e4r en f\u00f6rskola i H\u00f6gan\u00e4s. Hos oss \u00e4r h\u00e4lsa och r\u00f6relse med r\u00f6relseaktiviteter b\u00e5de utomhus och inomhus viktigt. L\u00e4s mer.","schema":{"@context":"https:\/\/schema.org","@graph":[{"@type":"WebPage","@id":"https:\/\/pysslingen.se\/kruset\/","url":"https:\/\/pysslingen.se\/kruset\/","name":"F\u00f6rskola i H\u00f6gan\u00e4s | Pysslingen Kruset","isPartOf":{"@id":"https:\/\/pysslingen.se\/kruset\/#website"},"datePublished":"2020-09-25T11:05:23+00:00","dateModified":"2026-02-13T13:10:48+00:00","description":"Pysslingen Kruset \u00e4r en f\u00f6rskola i H\u00f6gan\u00e4s. Hos oss \u00e4r h\u00e4lsa och r\u00f6relse med r\u00f6relseaktiviteter b\u00e5de utomhus och inomhus viktigt. L\u00e4s mer.","breadcrumb":{"@id":"https:\/\/pysslingen.se\/kruset\/#breadcrumb"},"inLanguage":"sv-SE","potentialAction":[{"@type":"ReadAction","target":["https:\/\/pysslingen.se\/kruset\/"]}]},{"@type":"BreadcrumbList","@id":"https:\/\/pysslingen.se\/kruset\/#breadcrumb","itemListElement":[{"@type":"ListItem","position":1,"name":"Start","item":"https:\/\/pysslingen.se\/kruset\/"},{"@type":"ListItem","position":2,"name":"Startsida"}]},{"@type":"WebSite","@id":"https:\/\/pysslingen.se\/kruset\/#website","url":"https:\/\/pysslingen.se\/kruset\/","name":"Kruset","description":"En trygg och stimulerande v\u00e4rld","publisher":{"@id":"https:\/\/pysslingen.se\/kruset\/#organization"},"potentialAction":[{"@type":"SearchAction","target":{"@type":"EntryPoint","urlTemplate":"https:\/\/pysslingen.se\/kruset\/?s={search_term_string}"},"query-input":"required name=search_term_string"}],"inLanguage":"sv-SE"},{"@type":"Organization","@id":"https:\/\/pysslingen.se\/kruset\/#organization","name":"Pysslingen F\u00f6rskolor","url":"https:\/\/pysslingen.se\/kruset\/","logo":{"@type":"ImageObject","inLanguage":"sv-SE","@id":"https:\/\/pysslingen.se\/kruset\/#\/schema\/logo\/image\/","url":"https:\/\/pysslingen.se\/wp-content\/uploads\/2021\/05\/pysslingen-forskolor.png","contentUrl":"https:\/\/pysslingen.se\/wp-content\/uploads\/2021\/05\/pysslingen-forskolor.png","width":1120,"height":630,"caption":"Pysslingen F\u00f6rskolor"},"image":{"@id":"https:\/\/pysslingen.se\/kruset\/#\/schema\/logo\/image\/"}}]}},"_links":{"self":[{"href":"https:\/\/pysslingen.se\/kruset\/wp-json\/wp\/v2\/pages\/4"}],"collection":[{"href":"https:\/\/pysslingen.se\/kruset\/wp-json\/wp\/v2\/pages"}],"about":[{"href":"https:\/\/pysslingen.se\/kruset\/wp-json\/wp\/v2\/types\/page"}],"author":[{"embeddable":true,"href":"https:\/\/pysslingen.se\/kruset\/wp-json\/wp\/v2\/users\/1"}],"replies":[{"embeddable":true,"href":"https:\/\/pysslingen.se\/kruset\/wp-json\/wp\/v2\/comments?post=4"}],"version-history":[{"count":10,"href":"https:\/\/pysslingen.se\/kruset\/wp-json\/wp\/v2\/pages\/4\/revisions"}],"predecessor-version":[{"id":1489,"href":"https:\/\/pysslingen.se\/kruset\/wp-json\/wp\/v2\/pages\/4\/revisions\/1489"}],"wp:attachment":[{"href":"https:\/\/pysslingen.se\/kruset\/wp-json\/wp\/v2\/media?parent=4"}],"curies":[{"name":"wp","href":"https:\/\/api.w.org\/{rel}","templated":true}]}}