{"id":20,"date":"2020-09-29T09:19:21","date_gmt":"2020-09-29T09:19:21","guid":{"rendered":"https:\/\/pysslingen.se\/krakbrinken\/?page_id=20"},"modified":"2025-12-11T08:38:43","modified_gmt":"2025-12-11T07:38:43","slug":"maten","status":"publish","type":"page","link":"https:\/\/pysslingen.se\/krakbrinken\/maten\/","title":{"rendered":"V\u00e5r mat"},"content":{"rendered":"\n\t\n\t\n\t\n\n\t\n\t\n\t\t\n<section  class=\"c-block l-stacked  \" data-color-scheme=\"nyans2_av_cta-dark-card-primar1-light-hover-standard_standard\">\n\t<div class=\"ams-fifty ams-fifty--container ams-fifty--right ams-fifty--bottom l-container u-pt-fluid-3xl-6xl u-pb-fluid-3xl-6xl\">\n\t\t<div class=\"ams-fifty__content l-stack l-stack-xl is-left is-left@lg\">\n\t\t\t<div class=\"ams-fifty__text l-stack l-stack-lg\">\n\t\t\t\t\t\n\t<h1\n\tclass=\"c-heading u-font-title-1 \"\n\tstyle=\"\">\n\t\t\n\t\t\t\t\tP\u00e5 Kr\u00e5kbrinken serverar vi mat f\u00f6r aktiva barn\n\t\t\t\t\n\t<\/h1>\n\n\t\t\t\t\t\t\t\t\t<div class=\"text l-stack u-font-body\">\n\t\t\t\t\t\t<p>Maten p\u00e5 f\u00f6rskolan \u00e4r viktig f\u00f6r att ditt barn ska f\u00e5 den energi som beh\u00f6vs f\u00f6r att leka och utvecklas varje dag.<\/p>\n<p>P\u00e5 Kr\u00e5kbrinkens f\u00f6rskola vill vi skapa ett lustfyllt m\u00f6te med maten och se till att varje m\u00e5ltid inte bara blir energip\u00e5fyllning utan ocks\u00e5 en upplevelse f\u00f6r alla sinnen. V\u00e5rt signum \u00e4r h\u00e4lsosamma, klimatsmarta och goda m\u00e5ltider med en n\u00e4rvarande kock.<\/p>\n\n\t\t\t\t\t<\/div>\n\t\t\t\t\t\t\t<\/div>\n\n\t\t\t\t\t<\/div>\n\n\t\t <div class=\"ams-fifty__media u-ratio-landscape\">\n\t\t \t\t\t\t\t<img decoding=\"async\" width=\"600\" height=\"900\" src=\"https:\/\/pysslingen.se\/wp-content\/uploads\/sites\/121\/2020\/09\/barn-och-mat-i-forskolan.jpg\" class=\"attachment-md size-md\" alt=\"Barn \u00e4ter mat.\" sizes=\"(min-width: 64em) 600px, calc(100vw - 160px)\" srcset=\"https:\/\/pysslingen.se\/wp-content\/uploads\/sites\/121\/2020\/09\/barn-och-mat-i-forskolan.jpg 667w, https:\/\/pysslingen.se\/wp-content\/uploads\/sites\/121\/2020\/09\/barn-och-mat-i-forskolan-200x300.jpg 200w, https:\/\/pysslingen.se\/wp-content\/uploads\/sites\/121\/2020\/09\/barn-och-mat-i-forskolan-447x670.jpg 447w\" \/>\n\t\t\t\n\t\t\t\n\t\t\t\t\t<\/div>\n\t<\/div>\n\n\t\t\n\t\t\t\n\t\t\t\t\t\t\t\n\t\t\t\t<div class=\"c-bg c-bg--img\" data-settings=\"{&quot;desktop_settings&quot;:{&quot;size&quot;:&quot;cover&quot;,&quot;position&quot;:&quot;middle-center&quot;},&quot;mobile_settings&quot;:{&quot;size&quot;:&quot;cover&quot;,&quot;position&quot;:&quot;middle-center&quot;}}\" data-position=\"middle-center\" data-size=\"cover\">\n\t\t\t\n\t\t<\/div>\n\t\n<\/section>\n\n\n\n<h2 class=\"wp-block-heading\">Varierat mellanm\u00e5l p\u00e5 Kr\u00e5kbrinken<\/h2>\n\n\n\n<p>Vi serverar frukost f\u00f6r de tidigaste barnen samt frukt b\u00e5de f\u00f6rmiddag och eftermiddag. Lunchen tillagas enligt Pysslingens m\u00e5ltidspolicy och vi erbjuder ett varierat mellanm\u00e5l varje dag.&nbsp;<\/p>\n\n\n\n<h2 class=\"wp-block-heading\">Medvetna val\u00a0p\u00e5 f\u00f6rskolan<\/h2>\n\n\n\n<p>Med st\u00f6d i v\u00e5r gemensamma m\u00e5ltidspolicy f\u00f6r Pysslingen F\u00f6rskolor erbjuder vi bara MSC-m\u00e4rkt fisk, svensk kyckling och k\u00f6tt fr\u00e5n godk\u00e4nda leverant\u00f6rer. Minst tv\u00e5 luncher i veckan \u00e4r dessutom vegetariska.<\/p>\n\n\n\n<h2 class=\"wp-block-heading\">M\u00e5ltidspedagogik en viktig del av verksamheten<\/h2>\n\n\n\n<p>I v\u00e5r pedagogiska verksamhet l\u00e4r vi barnen hur balanserade m\u00e5ltider tillagas och smakar. Barnen l\u00e4r sig socialt samspel och genom maten skapar vi f\u00f6rst\u00e5else f\u00f6r omv\u00e4rlden och v\u00e5ra medm\u00e4nniskor. Med nyfikenhet unders\u00f6ker vi hur samh\u00e4llet och klimatet p\u00e5verkas av det vi \u00e4ter. <\/p>\n\n\n\n<p>Vi arbetar ocks\u00e5 medvetet kring barnets m\u00f6te med m\u00e5ltiden, till exempel genom att l\u00e4gga upp maten p\u00e5 ett trevligt s\u00e4tt och se till att den sociala samvaron och samtalet kring matbordet blir lustfyllt.<\/p>\n\n\n\n\t<div class=\"module_wrapper ams_remote_pages_module \">\n\t\t\t\t\t\t\t<div class=\"container core-columns\">\n\t\t\t\t\t\t<div class=\"row\">\n\t\t\t\t\t\t\t<div class=\"col-12\">\n\t\t\t\t\t\t\t\t\n<div class=\"wp-block-columns is-layout-flex wp-container-core-columns-layout-1 wp-block-columns-is-layout-flex\">\n<div class=\"wp-block-column is-layout-flow wp-block-column-is-layout-flow\" style=\"flex-basis:33.33%\">\n\t<style>\n\t\t.inner {\n\n\t\t\tmargin: 0 auto;\n\t\t}\n\t<\/style>\n\t<div\n\t\t class=\"container images-module\" >\n\t\t<div   class=\"row images_module__slideshow\">\n\n\t\t\t<div\n\t\t\t\t class=\"col-md-8 offset-md-2 p-0 position-relative images_module__slideshow images_module__slideshow-container  \">\n\t\t\t\t<div class=\"images_module__slide\" data-slide=\"\"\n\t\t\t\t\t data-duration=\"\"><\/div>\n\t\t\t\t\t\t\t\t\t<div\n\t\t\t\t\t\t class=\"images_module__slides\n\n\t\t\t\t\t   \"\n\t\t\t\t\t>\n\n\n\t\t\t\t\t\t<div class=\"images__wrapper\" style=\"aspect-ratio: 851 \/ 531;\">\n\t\t\t\t\t\t\t<img decoding=\"async\" width=\"710\" height=\"471\" src=\"https:\/\/pysslingen.se\/wp-content\/uploads\/2021\/09\/eu-logotypskolmjolksstodjpg-2.jpg\" class=\"images__image_ratio  \" alt=\"skolmj\u00f6lk eu flagga\" style=\"aspect-ratio: 851 \/ 531;object-position: _center-center;\" srcset=\"https:\/\/pysslingen.se\/wp-content\/uploads\/2021\/09\/eu-logotypskolmjolksstodjpg-2.jpg 710w, https:\/\/pysslingen.se\/wp-content\/uploads\/2021\/09\/eu-logotypskolmjolksstodjpg-2-300x199.jpg 300w, https:\/\/pysslingen.se\/wp-content\/uploads\/2021\/09\/eu-logotypskolmjolksstodjpg-2-500x332.jpg 500w, https:\/\/pysslingen.se\/wp-content\/uploads\/2021\/09\/eu-logotypskolmjolksstodjpg-2-340x226.jpg 340w\" sizes=\"(max-width: 710px) 100vw, 710px\" \/>\t\t\t\t\t\t<\/div>\n\n\t\t\t\t\t\t\n\t\t\t\t\t\t\t\t\t\t\t<\/div>\n\t\t\t\t\n\t\t\t\t<div class=\"images_module__container_dot\">\n\t\t\t\t\t<div style=\"text-align:center\">\n\t\t\t\t\t\t\t\t\t\t\t\t\t<span   data-i=\"0\"\n\t\t\t\t\t\t\t\t  class=\"\n\t\t\t\t\t\t\timages_module__dot\n\t\t\t\t\t\t\t\t\t\t\t\t\t\t\"\n\t\t\t\t\t\t\t><\/span>\n\t\t\t\t\t\t\t\t\t\t\t<\/div>\n\t\t\t\t<\/div>\n\n\n\t\t\t<\/div>\n\t\t<\/div>\n\t<\/div>\n\n\t\n\n\n<script>\n\tvar images_display_descriptive_text = \"\";\n<\/script>\n<\/div>\n\n\n\n<div class=\"wp-block-column is-layout-flow wp-block-column-is-layout-flow\" style=\"flex-basis:66.66%\">\n<p><strong>Skolmj\u00f6lken vi serverar finansieras delvis av Europeiska garantifonden f\u00f6r jordbruket.<\/strong><\/p>\n<\/div>\n<\/div>\n\t\t\t\t\t\t\t<\/div>\n\t\t\t\t\t\t<\/div>\n\t\t\t\t\t<\/div>\n\t\t\t\t\t\t<\/div>\n\n\t\n\n\n\n<section  class=\"ams-cta ams-cta--stacked c-block l-stacked\">\n\t<div class=\"l-container l-stack l-stack-fluid-2xl u-pt-fluid-3xl-6xl u-pb-fluid-3xl-6xl is-center is-center@md\">\n\t\t\t\t\t<div class=\"ams-cta__intro l-stack l-stack-lg\">\n\t\t\t\t\t\n\t<h2\n\tclass=\"c-heading u-font-title-1 \"\n\tstyle=\"\">\n\t\t\n\t\t\t\t\tPysslingen arbetar aktivt med att skapa h\u00e5llbara m\u00e5ltider\n\t\t\t\t\n\t<\/h2>\n\n\t\t\t\t\t\t\t<\/div>\n\t\t\n\t\t\n\t\t\t<div class=\"ams-cta__action u-inline-items\">\n\t\t\t\t\t\t\t\n\n\n<a href=\"https:\/\/pysslingen.se\/krakbrinken\/hallbarhet\/\"\n\t\n\tclass=\"c-btn \"\n\tdata-style=\"rounded\"\n\tdata-size=\"md\"\n\tdata-width=\"full-mobile\"\n\tdata-variant=\"default\"\n\ttarget=\"_self\">\n\t\t\t<span class=\"label\"> L\u00e4s mer om h\u00e5llbarhet<\/span>\n\t\t\t<\/a>\n\t\t\t<\/div>\n\t<\/div>\n\n\t\t\n\n<\/section>\n","protected":false},"excerpt":{"rendered":"<p>Varierat mellanm\u00e5l p\u00e5 Kr\u00e5kbrinken Vi serverar frukost f\u00f6r de tidigaste barnen samt frukt b\u00e5de f\u00f6rmiddag och eftermiddag. Lunchen tillagas enligt Pysslingens m\u00e5ltidspolicy och vi erbjuder ett varierat mellanm\u00e5l varje dag.&nbsp; Medvetna val\u00a0p\u00e5 f\u00f6rskolan Med st\u00f6d i v\u00e5r gemensamma m\u00e5ltidspolicy f\u00f6r Pysslingen F\u00f6rskolor erbjuder vi bara MSC-m\u00e4rkt fisk, svensk kyckling och k\u00f6tt fr\u00e5n godk\u00e4nda leverant\u00f6rer. Minst&#8230;<\/p>\n","protected":false},"author":3,"featured_media":0,"parent":0,"menu_order":0,"comment_status":"closed","ping_status":"closed","template":"","meta":{"footnotes":""},"yoast_head":"<!-- This site is optimized with the Yoast SEO plugin v22.0 - https:\/\/yoast.com\/wordpress\/plugins\/seo\/ -->\n<title>Kr\u00e5kbrinken<\/title>\n<meta name=\"description\" content=\"P\u00e5 Kr\u00e5kbrinkens f\u00f6rskola vill vi skapa ett lustfyllt m\u00f6te med maten. V\u00e5rt signum \u00e4r h\u00e4lsosamma, klimatsmarta och goda m\u00e5ltider. L\u00e4s mer!\" \/>\n<meta name=\"robots\" content=\"index, follow, max-snippet:-1, max-image-preview:large, max-video-preview:-1\" \/>\n<link rel=\"canonical\" href=\"https:\/\/pysslingen.se\/krakbrinken\/maten\/\" \/>\n<meta property=\"og:locale\" content=\"sv_SE\" \/>\n<meta property=\"og:type\" content=\"article\" \/>\n<meta property=\"og:description\" content=\"P\u00e5 Kr\u00e5kbrinkens f\u00f6rskola vill vi skapa ett lustfyllt m\u00f6te med maten. V\u00e5rt signum \u00e4r h\u00e4lsosamma, klimatsmarta och goda m\u00e5ltider. L\u00e4s mer!\" \/>\n<meta property=\"og:url\" content=\"https:\/\/pysslingen.se\/krakbrinken\/maten\/\" \/>\n<meta property=\"og:site_name\" content=\"Kr\u00e5kbrinken\" \/>\n<meta property=\"article:modified_time\" content=\"2025-12-11T07:38:43+00:00\" \/>\n<meta name=\"twitter:card\" content=\"summary_large_image\" \/>\n<meta name=\"twitter:description\" content=\"P\u00e5 Kr\u00e5kbrinkens f\u00f6rskola vill vi skapa ett lustfyllt m\u00f6te med maten. V\u00e5rt signum \u00e4r h\u00e4lsosamma, klimatsmarta och goda m\u00e5ltider. L\u00e4s mer!\" \/>\n<meta name=\"twitter:label1\" content=\"Ber\u00e4knad l\u00e4stid\" \/>\n\t<meta name=\"twitter:data1\" content=\"1 minut\" \/>\n<script type=\"application\/ld+json\" class=\"yoast-schema-graph\">{\"@context\":\"https:\/\/schema.org\",\"@graph\":[{\"@type\":\"WebPage\",\"@id\":\"https:\/\/pysslingen.se\/krakbrinken\/maten\/\",\"url\":\"https:\/\/pysslingen.se\/krakbrinken\/maten\/\",\"name\":\"V\u00e5r mat - Kr\u00e5kbrinken\",\"isPartOf\":{\"@id\":\"https:\/\/pysslingen.se\/krakbrinken\/#website\"},\"datePublished\":\"2020-09-29T09:19:21+00:00\",\"dateModified\":\"2025-12-11T07:38:43+00:00\",\"description\":\"P\u00e5 Kr\u00e5kbrinkens f\u00f6rskola vill vi skapa ett lustfyllt m\u00f6te med maten. V\u00e5rt signum \u00e4r h\u00e4lsosamma, klimatsmarta och goda m\u00e5ltider. L\u00e4s mer!\",\"breadcrumb\":{\"@id\":\"https:\/\/pysslingen.se\/krakbrinken\/maten\/#breadcrumb\"},\"inLanguage\":\"sv-SE\",\"potentialAction\":[{\"@type\":\"ReadAction\",\"target\":[\"https:\/\/pysslingen.se\/krakbrinken\/maten\/\"]}]},{\"@type\":\"BreadcrumbList\",\"@id\":\"https:\/\/pysslingen.se\/krakbrinken\/maten\/#breadcrumb\",\"itemListElement\":[{\"@type\":\"ListItem\",\"position\":1,\"name\":\"Start\",\"item\":\"https:\/\/pysslingen.se\/krakbrinken\/\"},{\"@type\":\"ListItem\",\"position\":2,\"name\":\"V\u00e5r mat\"}]},{\"@type\":\"WebSite\",\"@id\":\"https:\/\/pysslingen.se\/krakbrinken\/#website\",\"url\":\"https:\/\/pysslingen.se\/krakbrinken\/\",\"name\":\"Kr\u00e5kbrinken\",\"description\":\"En trygg och stimulerande v\u00e4rld\",\"publisher\":{\"@id\":\"https:\/\/pysslingen.se\/krakbrinken\/#organization\"},\"potentialAction\":[{\"@type\":\"SearchAction\",\"target\":{\"@type\":\"EntryPoint\",\"urlTemplate\":\"https:\/\/pysslingen.se\/krakbrinken\/?s={search_term_string}\"},\"query-input\":\"required name=search_term_string\"}],\"inLanguage\":\"sv-SE\"},{\"@type\":\"Organization\",\"@id\":\"https:\/\/pysslingen.se\/krakbrinken\/#organization\",\"name\":\"Pysslingen F\u00f6rskolor\",\"url\":\"https:\/\/pysslingen.se\/krakbrinken\/\",\"logo\":{\"@type\":\"ImageObject\",\"inLanguage\":\"sv-SE\",\"@id\":\"https:\/\/pysslingen.se\/krakbrinken\/#\/schema\/logo\/image\/\",\"url\":\"https:\/\/pysslingen.se\/wp-content\/uploads\/2021\/05\/pysslingen-forskolor.png\",\"contentUrl\":\"https:\/\/pysslingen.se\/wp-content\/uploads\/2021\/05\/pysslingen-forskolor.png\",\"width\":1120,\"height\":630,\"caption\":\"Pysslingen F\u00f6rskolor\"},\"image\":{\"@id\":\"https:\/\/pysslingen.se\/krakbrinken\/#\/schema\/logo\/image\/\"}}]}<\/script>\n<!-- \/ Yoast SEO plugin. -->","yoast_head_json":{"title":"Kr\u00e5kbrinken","description":"P\u00e5 Kr\u00e5kbrinkens f\u00f6rskola vill vi skapa ett lustfyllt m\u00f6te med maten. V\u00e5rt signum \u00e4r h\u00e4lsosamma, klimatsmarta och goda m\u00e5ltider. L\u00e4s mer!","robots":{"index":"index","follow":"follow","max-snippet":"max-snippet:-1","max-image-preview":"max-image-preview:large","max-video-preview":"max-video-preview:-1"},"canonical":"https:\/\/pysslingen.se\/krakbrinken\/maten\/","og_locale":"sv_SE","og_type":"article","og_description":"P\u00e5 Kr\u00e5kbrinkens f\u00f6rskola vill vi skapa ett lustfyllt m\u00f6te med maten. V\u00e5rt signum \u00e4r h\u00e4lsosamma, klimatsmarta och goda m\u00e5ltider. L\u00e4s mer!","og_url":"https:\/\/pysslingen.se\/krakbrinken\/maten\/","og_site_name":"Kr\u00e5kbrinken","article_modified_time":"2025-12-11T07:38:43+00:00","twitter_card":"summary_large_image","twitter_description":"P\u00e5 Kr\u00e5kbrinkens f\u00f6rskola vill vi skapa ett lustfyllt m\u00f6te med maten. V\u00e5rt signum \u00e4r h\u00e4lsosamma, klimatsmarta och goda m\u00e5ltider. L\u00e4s mer!","twitter_misc":{"Ber\u00e4knad l\u00e4stid":"1 minut"},"schema":{"@context":"https:\/\/schema.org","@graph":[{"@type":"WebPage","@id":"https:\/\/pysslingen.se\/krakbrinken\/maten\/","url":"https:\/\/pysslingen.se\/krakbrinken\/maten\/","name":"V\u00e5r mat - Kr\u00e5kbrinken","isPartOf":{"@id":"https:\/\/pysslingen.se\/krakbrinken\/#website"},"datePublished":"2020-09-29T09:19:21+00:00","dateModified":"2025-12-11T07:38:43+00:00","description":"P\u00e5 Kr\u00e5kbrinkens f\u00f6rskola vill vi skapa ett lustfyllt m\u00f6te med maten. V\u00e5rt signum \u00e4r h\u00e4lsosamma, klimatsmarta och goda m\u00e5ltider. L\u00e4s mer!","breadcrumb":{"@id":"https:\/\/pysslingen.se\/krakbrinken\/maten\/#breadcrumb"},"inLanguage":"sv-SE","potentialAction":[{"@type":"ReadAction","target":["https:\/\/pysslingen.se\/krakbrinken\/maten\/"]}]},{"@type":"BreadcrumbList","@id":"https:\/\/pysslingen.se\/krakbrinken\/maten\/#breadcrumb","itemListElement":[{"@type":"ListItem","position":1,"name":"Start","item":"https:\/\/pysslingen.se\/krakbrinken\/"},{"@type":"ListItem","position":2,"name":"V\u00e5r mat"}]},{"@type":"WebSite","@id":"https:\/\/pysslingen.se\/krakbrinken\/#website","url":"https:\/\/pysslingen.se\/krakbrinken\/","name":"Kr\u00e5kbrinken","description":"En trygg och stimulerande v\u00e4rld","publisher":{"@id":"https:\/\/pysslingen.se\/krakbrinken\/#organization"},"potentialAction":[{"@type":"SearchAction","target":{"@type":"EntryPoint","urlTemplate":"https:\/\/pysslingen.se\/krakbrinken\/?s={search_term_string}"},"query-input":"required name=search_term_string"}],"inLanguage":"sv-SE"},{"@type":"Organization","@id":"https:\/\/pysslingen.se\/krakbrinken\/#organization","name":"Pysslingen F\u00f6rskolor","url":"https:\/\/pysslingen.se\/krakbrinken\/","logo":{"@type":"ImageObject","inLanguage":"sv-SE","@id":"https:\/\/pysslingen.se\/krakbrinken\/#\/schema\/logo\/image\/","url":"https:\/\/pysslingen.se\/wp-content\/uploads\/2021\/05\/pysslingen-forskolor.png","contentUrl":"https:\/\/pysslingen.se\/wp-content\/uploads\/2021\/05\/pysslingen-forskolor.png","width":1120,"height":630,"caption":"Pysslingen F\u00f6rskolor"},"image":{"@id":"https:\/\/pysslingen.se\/krakbrinken\/#\/schema\/logo\/image\/"}}]}},"_links":{"self":[{"href":"https:\/\/pysslingen.se\/krakbrinken\/wp-json\/wp\/v2\/pages\/20"}],"collection":[{"href":"https:\/\/pysslingen.se\/krakbrinken\/wp-json\/wp\/v2\/pages"}],"about":[{"href":"https:\/\/pysslingen.se\/krakbrinken\/wp-json\/wp\/v2\/types\/page"}],"author":[{"embeddable":true,"href":"https:\/\/pysslingen.se\/krakbrinken\/wp-json\/wp\/v2\/users\/3"}],"replies":[{"embeddable":true,"href":"https:\/\/pysslingen.se\/krakbrinken\/wp-json\/wp\/v2\/comments?post=20"}],"version-history":[{"count":10,"href":"https:\/\/pysslingen.se\/krakbrinken\/wp-json\/wp\/v2\/pages\/20\/revisions"}],"predecessor-version":[{"id":1440,"href":"https:\/\/pysslingen.se\/krakbrinken\/wp-json\/wp\/v2\/pages\/20\/revisions\/1440"}],"wp:attachment":[{"href":"https:\/\/pysslingen.se\/krakbrinken\/wp-json\/wp\/v2\/media?parent=20"}],"curies":[{"name":"wp","href":"https:\/\/api.w.org\/{rel}","templated":true}]}}