{"id":1733,"date":"2024-12-02T13:51:38","date_gmt":"2024-12-02T13:51:38","guid":{"rendered":"https:\/\/pysslingen.se\/kids\/?post_type=testimonial&#038;p=1733"},"modified":"2025-12-02T12:09:26","modified_gmt":"2025-12-02T12:09:26","slug":"sanna","status":"publish","type":"testimonial","link":"https:\/\/pysslingen.se\/kids\/intervju\/sanna\/","title":{"rendered":"Intervju med Sanna"},"content":{"rendered":"<style>\n\t@media only screen and (min-width: 769px) {\n\t\t.testimonial_header_module__image {\n\t\t\tpadding-right: 15px;\n\t\t\tpadding-left: 6px;\n\t\t}\n\n\t\t.testimonial_header_module {\n\t\t\tmargin-bottom: -150px;\n\t\t}\n\t}\n<\/style>\n\n\n<div aria-label=\"testimonial header\"    class=\"testimonial_header_module__data d-none  site__cta-bg--100 \"><\/div>\n<div class=\"testimonial_header_module testimonial_header_module__bg\" >\n\t<div class=\"container\">\n\t\t<div class=\"row\">\n\t\t\t<div class=\"testimonial_header_module__col9\">\n\t\t\t\t<div class=\"testimonial_header_module__text_wrap\">\n\t\t\t\t\t\t\t\t\t\t\t<h1   class=\"site__heading-size-2  site__text-color--light \">\n\t\t\t\t\t\t\tIntervju med Sanna\t\t\t\t\t\t<\/h1>\n\t\t\t\t\t\n\t\t\t\t\t<p   class=\"site__ingress site__free_text--ingress testimonial_header_module__margin_top site__text-color--light \">\n\t\t\t\t\t\tSanna \u00e4r f\u00f6rskoll\u00e4rare p\u00e5 Pysslingen Kids. Hon har arbetat p\u00e5 f\u00f6rskolan sedan \u00e5r 2020 och tycker att det \u00e4r extra kul att g\u00f6ra utflykter tillsammans med barnen. \t\t\t\t\t<\/p>\n\t\t\t\t<\/div>\n\t\t\t<\/div>\n\t\t\t<div class=\"testimonial_header_module__col3\">\n\t\t\t\t<picture   id=\"hero-picture\">\n\t\t\t\t\t<img decoding=\"async\" width=\"640\" height=\"784\" src=\"https:\/\/pysslingen.se\/wp-content\/uploads\/sites\/123\/2024\/12\/portrattbildsanna.png\" class=\"testimonial_header_module__image\" alt=\"Portr\u00e4ttbild p\u00e5 Sanna.\" srcset=\"https:\/\/pysslingen.se\/wp-content\/uploads\/sites\/123\/2024\/12\/portrattbildsanna.png 922w, https:\/\/pysslingen.se\/wp-content\/uploads\/sites\/123\/2024\/12\/portrattbildsanna-300x368.png 300w, https:\/\/pysslingen.se\/wp-content\/uploads\/sites\/123\/2024\/12\/portrattbildsanna-400x490.png 400w, https:\/\/pysslingen.se\/wp-content\/uploads\/sites\/123\/2024\/12\/portrattbildsanna-600x735.png 600w, https:\/\/pysslingen.se\/wp-content\/uploads\/sites\/123\/2024\/12\/portrattbildsanna-800x980.png 800w\" sizes=\"(max-width: 640px) 100vw, 640px\" \/>\t\t\t\t<\/picture>\n\t\t\t<\/div>\n\t\t<\/div>\n\t<\/div>\n<\/div>\n\n<script>\n\tvar para = document.getElementsByClassName(\"testimonial_header_module__data\")[0]\n\tvar compStyles = window.getComputedStyle(para);\n\tvar bg_color = compStyles.getPropertyValue('background-color')\n\tvar element = document.getElementsByClassName(\"testimonial_header_module__bg\")[0]\n\telement.setAttribute('style', \"background: linear-gradient(to bottom, \"\n\t\t\t+ bg_color + \",\"\n\t\t\t+ bg_color + \" calc(100% - 66px), transparent calc(100% - 66px), transparent);\");\n\n\n<\/script>\n\n\n\n<div class=\"wp-block-columns is-layout-flex wp-container-core-columns-layout-1 wp-block-columns-is-layout-flex\">\n<div class=\"wp-block-column is-layout-flow wp-block-column-is-layout-flow\" style=\"flex-basis:66.66%\"><style>\n@media only screen and (min-width: 600px) {\n\t\t\t.ams-fragor-xqmarexwrizjzougawdb {\n\t\t\tdisplay:none;\n\t\t}\n\t}\n@media only screen and (max-width: 600px) {\n\t}\n<\/style>\n<div   class=\"ams-fragor  site__cta-bg--100   ams-fragor-xqmarexwrizjzougawdb\" >\n   \t\t <div   class=\" site__text-color--light  ams-fragor__namn\">\n\t\t\tNamn:\t\t\t<span class=\" \">\n\t\t\t\tSanna\t\t\t<\/span>\n\t\t<\/div>\n\t\t<div   class=\" site__text-color--light  ams-fragor__utbildning\">\n\t\t\tJobbar som:\t\t\t<span class=\" \">\n\t\t\t\tF\u00f6rskoll\u00e4rare\t\t\t<\/span>\n\t\t<\/div>\n\t\t\t\t\t<ul>\n\t\t\t\t\t<\/ul>\n\t\t\t<\/div>\n<script>\n\tamsFragor = function() {\n\t\tvar w = window.innerWidth;\n\t\tvar siteMain = document.getElementsByClassName(\"site-main\")[0]\n\t\tif(typeof siteMain !== 'undefined'){\n\t\t\tvar testimonial = siteMain.getElementsByClassName(\"testimonial_header_module\")[0]\n\t\t\tif(typeof testimonial !== 'undefined'){\n\t\t\t\tvar amsFragor = document.getElementsByClassName(\"ams-fragor\")\n\t\t\t\tfor(var i = 0; i < amsFragor.length; i++){\n\t\t\t\t\tif(w > 769 ){\n\t\t\t\t\t\tamsFragor[i].setAttribute('style', \"margin-top: 50px\");\n\t\t\t\t\t}else{\n\t\t\t\t\t\tamsFragor[i].setAttribute('style', \"margin-top: 0px\");\n\t\t\t\t\t}\n\t\t\t\t}\n\t\t\t}\n\t\t}\n\t};\n\tamsFragor();\n\twindow.addEventListener(\"resize\", amsFragor);\n<\/script>\n\n\n\n<h2 class=\"wp-block-heading\">Vad g\u00f6r Pysslingen Kids till en s\u00e5 bra plats f\u00f6r v\u00e5ra barn?&nbsp;<\/h2>\n\n\n\n<p>\u2013 Pysslingen Kids \u00e4r en f\u00f6rskola med fyra fina avdelningar som \u00e4r anpassade utifr\u00e5n barnens \u00e5lder och intressen och som \u00e4r skapad av de fantastiska pedagogerna som arbetar h\u00e4r. Det \u00e4r en plats med utrymme och frihet f\u00f6r pedagogerna att vara engagerade och kreativa i sitt arbete med barnen vilket skapar mycket arbetsgl\u00e4dje som speglar sig i barnens vardag, s\u00e4ger Sanna, f\u00f6rskoll\u00e4rare p\u00e5 Pysslingen Kids.<\/p>\n\n\n\n<p>\u2013 En plats d\u00e4r barnen f\u00e5r m\u00f6ta varierande och utmanande milj\u00f6er d\u00e5 inomhus- och utomhusmilj\u00f6erna st\u00e4ndigt \u00e4r i utveckling samt att pedagogerna \u00e4r drivande i att ta med barnen utanf\u00f6r grindarna och utforska milj\u00f6erna utanf\u00f6r f\u00f6rskolan. Det finns ocks\u00e5 en familj\u00e4r k\u00e4nsla som tar tillvara p\u00e5 h\u00f6gtider och traditioner i sitt arbete med barnen, forts\u00e4tter Sanna.&nbsp;<\/p>\n\n\n\n<h2 class=\"wp-block-heading\">Vilken \u00e4r din favoritstund p\u00e5 dagen?&nbsp;<\/h2>\n\n\n\n<p>\u2013 Jag har m\u00e5nga favoritstunder p\u00e5 dagen. Men min absoluta favoritstund p\u00e5 dagen \u00e4r mellan frukost och lunch, f\u00f6r d\u00e5 finns det mest utrymme f\u00f6r att dra iv\u00e4g p\u00e5 utflykter och utforska milj\u00f6n utanf\u00f6r f\u00f6rskolan vilket vi har fantastiska m\u00f6jligheter till utifr\u00e5n v\u00e5rat centrala l\u00e4ge i \u00d6stersund. Sen \u00e4lskar jag s\u00e5klart m\u00e5ltiderna d\u00e5 vi f\u00e5r s\u00e5 fantastisk god mat p\u00e5 Kids! Jag gillar ocks\u00e5 morgnarna och eftermiddagarna d\u00e5 jag f\u00e5r chansen att tr\u00e4ffa v\u00e5rdnadshavarna och samtala med dem och st\u00e4rka relationerna till dem.<\/p>\n\n\n\n<h2 class=\"wp-block-heading\">Vad \u00e4r det b\u00e4sta med att jobba p\u00e5 Kids?<\/h2>\n\n\n\n<p>\u2013<strong> <\/strong>Det b\u00e4sta med att arbeta p\u00e5 Kids \u00e4r nog som jag n\u00e4mnde tidigare att vi pedagoger har stort utrymme till att vara kreativa i v\u00e5rt arbete med barnen. Det \u00e4r enkelt f\u00f6r oss att ta kontakt och samarbeta med andra verksamheter, ta oss till andra st\u00e4llen och inf\u00f6rskaffa det vi beh\u00f6ver.<\/p>\n\n\n\n<h2 class=\"wp-block-heading\">Vad \u00e4r viktigt f\u00f6r dig i m\u00f6tet med barnens f\u00f6r\u00e4ldrar?<\/h2>\n\n\n\n<p>\u2013 Jag tycker det \u00e4r viktigt att vara professionell men personlig. Jag vill att de ska m\u00f6ta f\u00f6rskoll\u00e4rare Sanna och inte bara en f\u00f6rskoll\u00e4rare. Jag tycker att \u00f6msesidig respekt \u00e4r viktigt d\u00e4r perspektivbyten spelar stor roll. Jag vill att v\u00e5rdnadshavarna ska k\u00e4nna sig v\u00e4lkomna och m\u00f6tas av en varm och familj\u00e4r milj\u00f6 i de vardagliga m\u00f6tena vid h\u00e4mtning och l\u00e4mning.<\/p>\n<\/div>\n\n\n\n<div class=\"wp-block-column is-layout-flow wp-block-column-is-layout-flow\" style=\"flex-basis:33.33%\"><style>\n@media only screen and (min-width: 600px) {\n\t}\n@media only screen and (max-width: 600px) {\n\t\t\t.ams-fragor{\n\t\t\t margin-bottom:40px;\n\t\t}\n\t\t.ams-fragor-vpuzfoxhzhwtvmaghttn{\n\t\t\tdisplay:none;\n\t\t}\n\t}\n<\/style>\n<div   class=\"ams-fragor  site__cta-bg--100   ams-fragor-vpuzfoxhzhwtvmaghttn\" >\n   \t\t <div   class=\" site__text-color--light  ams-fragor__namn\">\n\t\t\tNamn:\t\t\t<span class=\" \">\n\t\t\t\tSanna\t\t\t<\/span>\n\t\t<\/div>\n\t\t<div   class=\" site__text-color--light  ams-fragor__utbildning\">\n\t\t\tJobbar som:\t\t\t<span class=\" \">\n\t\t\t\tF\u00f6rskoll\u00e4rare\t\t\t<\/span>\n\t\t<\/div>\n\t\t\t\t\t<ul>\n\t\t\t\t\t<\/ul>\n\t\t\t<\/div>\n<script>\n\tamsFragor = function() {\n\t\tvar w = window.innerWidth;\n\t\tvar siteMain = document.getElementsByClassName(\"site-main\")[0]\n\t\tif(typeof siteMain !== 'undefined'){\n\t\t\tvar testimonial = siteMain.getElementsByClassName(\"testimonial_header_module\")[0]\n\t\t\tif(typeof testimonial !== 'undefined'){\n\t\t\t\tvar amsFragor = document.getElementsByClassName(\"ams-fragor\")\n\t\t\t\tfor(var i = 0; i < amsFragor.length; i++){\n\t\t\t\t\tif(w > 769 ){\n\t\t\t\t\t\tamsFragor[i].setAttribute('style', \"margin-top: 50px\");\n\t\t\t\t\t}else{\n\t\t\t\t\t\tamsFragor[i].setAttribute('style', \"margin-top: 0px\");\n\t\t\t\t\t}\n\t\t\t\t}\n\t\t\t}\n\t\t}\n\t};\n\tamsFragor();\n\twindow.addEventListener(\"resize\", amsFragor);\n<\/script>\n<\/div>\n<\/div>\n","protected":false},"featured_media":0,"template":"","testimonial_category":[],"yoast_head":"<!-- This site is optimized with the Yoast SEO plugin v22.0 - https:\/\/yoast.com\/wordpress\/plugins\/seo\/ -->\n<title>Intervju med Sanna - Pysslingen Kids<\/title>\n<meta name=\"description\" content=\"L\u00e4s vad Sanna, f\u00f6rskoll\u00e4rare p\u00e5 Pysslingen Kids, s\u00e4ger om f\u00f6rskolan.\" \/>\n<meta name=\"robots\" content=\"index, follow, max-snippet:-1, max-image-preview:large, max-video-preview:-1\" \/>\n<link rel=\"canonical\" href=\"https:\/\/pysslingen.se\/kids\/intervju\/sanna\/\" \/>\n<meta property=\"og:locale\" content=\"sv_SE\" \/>\n<meta property=\"og:type\" content=\"article\" \/>\n<meta property=\"og:title\" content=\"Intervju med Sanna - Pysslingen Kids\" \/>\n<meta property=\"og:description\" content=\"L\u00e4s vad Sanna, f\u00f6rskoll\u00e4rare p\u00e5 Pysslingen Kids, s\u00e4ger om f\u00f6rskolan.\" \/>\n<meta property=\"og:url\" content=\"https:\/\/pysslingen.se\/kids\/intervju\/sanna\/\" \/>\n<meta property=\"og:site_name\" content=\"Kids\" \/>\n<meta property=\"article:modified_time\" content=\"2025-12-02T12:09:26+00:00\" \/>\n<meta name=\"twitter:card\" content=\"summary_large_image\" \/>\n<meta name=\"twitter:title\" content=\"Intervju med Sanna - Pysslingen Kids\" \/>\n<meta name=\"twitter:description\" content=\"L\u00e4s vad Sanna, f\u00f6rskoll\u00e4rare p\u00e5 Pysslingen Kids, s\u00e4ger om f\u00f6rskolan.\" \/>\n<meta name=\"twitter:image\" content=\"https:\/\/pysslingen.se\/wp-content\/uploads\/sites\/123\/2024\/12\/portrattbildsanna-922x630.png\" \/>\n<meta name=\"twitter:label1\" content=\"Ber\u00e4knad l\u00e4stid\" \/>\n\t<meta name=\"twitter:data1\" content=\"2 minuter\" \/>\n<script type=\"application\/ld+json\" class=\"yoast-schema-graph\">{\"@context\":\"https:\/\/schema.org\",\"@graph\":[{\"@type\":\"WebPage\",\"@id\":\"https:\/\/pysslingen.se\/kids\/intervju\/sanna\/\",\"url\":\"https:\/\/pysslingen.se\/kids\/intervju\/sanna\/\",\"name\":\"Intervju med Sanna - Pysslingen Kids\",\"isPartOf\":{\"@id\":\"https:\/\/pysslingen.se\/kids\/?lang=sv\/#website\"},\"datePublished\":\"2024-12-02T13:51:38+00:00\",\"dateModified\":\"2025-12-02T12:09:26+00:00\",\"description\":\"L\u00e4s vad Sanna, f\u00f6rskoll\u00e4rare p\u00e5 Pysslingen Kids, s\u00e4ger om f\u00f6rskolan.\",\"breadcrumb\":{\"@id\":\"https:\/\/pysslingen.se\/kids\/intervju\/sanna\/#breadcrumb\"},\"inLanguage\":\"sv-SE\",\"potentialAction\":[{\"@type\":\"ReadAction\",\"target\":[\"https:\/\/pysslingen.se\/kids\/intervju\/sanna\/\"]}]},{\"@type\":\"BreadcrumbList\",\"@id\":\"https:\/\/pysslingen.se\/kids\/intervju\/sanna\/#breadcrumb\",\"itemListElement\":[{\"@type\":\"ListItem\",\"position\":1,\"name\":\"Start\",\"item\":\"https:\/\/pysslingen.se\/kids\"},{\"@type\":\"ListItem\",\"position\":2,\"name\":\"Intervju\"}]},{\"@type\":\"WebSite\",\"@id\":\"https:\/\/pysslingen.se\/kids\/?lang=sv\/#website\",\"url\":\"https:\/\/pysslingen.se\/kids\/?lang=sv\/\",\"name\":\"Kids\",\"description\":\"En trygg och stimulerande v\u00e4rld\",\"publisher\":{\"@id\":\"https:\/\/pysslingen.se\/kids\/?lang=sv\/#organization\"},\"potentialAction\":[{\"@type\":\"SearchAction\",\"target\":{\"@type\":\"EntryPoint\",\"urlTemplate\":\"https:\/\/pysslingen.se\/kids\/?lang=sv\/?s={search_term_string}\"},\"query-input\":\"required name=search_term_string\"}],\"inLanguage\":\"sv-SE\"},{\"@type\":\"Organization\",\"@id\":\"https:\/\/pysslingen.se\/kids\/?lang=sv\/#organization\",\"name\":\"Pysslingen F\u00f6rskolor\",\"url\":\"https:\/\/pysslingen.se\/kids\/?lang=sv\/\",\"logo\":{\"@type\":\"ImageObject\",\"inLanguage\":\"sv-SE\",\"@id\":\"https:\/\/pysslingen.se\/kids\/?lang=sv\/#\/schema\/logo\/image\/\",\"url\":\"https:\/\/pysslingen.se\/wp-content\/uploads\/2021\/05\/pysslingen-forskolor.png\",\"contentUrl\":\"https:\/\/pysslingen.se\/wp-content\/uploads\/2021\/05\/pysslingen-forskolor.png\",\"width\":1120,\"height\":630,\"caption\":\"Pysslingen F\u00f6rskolor\"},\"image\":{\"@id\":\"https:\/\/pysslingen.se\/kids\/?lang=sv\/#\/schema\/logo\/image\/\"}}]}<\/script>\n<!-- \/ Yoast SEO plugin. -->","yoast_head_json":{"title":"Intervju med Sanna - Pysslingen Kids","description":"L\u00e4s vad Sanna, f\u00f6rskoll\u00e4rare p\u00e5 Pysslingen Kids, s\u00e4ger om f\u00f6rskolan.","robots":{"index":"index","follow":"follow","max-snippet":"max-snippet:-1","max-image-preview":"max-image-preview:large","max-video-preview":"max-video-preview:-1"},"canonical":"https:\/\/pysslingen.se\/kids\/intervju\/sanna\/","og_locale":"sv_SE","og_type":"article","og_title":"Intervju med Sanna - Pysslingen Kids","og_description":"L\u00e4s vad Sanna, f\u00f6rskoll\u00e4rare p\u00e5 Pysslingen Kids, s\u00e4ger om f\u00f6rskolan.","og_url":"https:\/\/pysslingen.se\/kids\/intervju\/sanna\/","og_site_name":"Kids","article_modified_time":"2025-12-02T12:09:26+00:00","twitter_card":"summary_large_image","twitter_title":"Intervju med Sanna - Pysslingen Kids","twitter_description":"L\u00e4s vad Sanna, f\u00f6rskoll\u00e4rare p\u00e5 Pysslingen Kids, s\u00e4ger om f\u00f6rskolan.","twitter_image":"https:\/\/pysslingen.se\/wp-content\/uploads\/sites\/123\/2024\/12\/portrattbildsanna-922x630.png","twitter_misc":{"Ber\u00e4knad l\u00e4stid":"2 minuter"},"schema":{"@context":"https:\/\/schema.org","@graph":[{"@type":"WebPage","@id":"https:\/\/pysslingen.se\/kids\/intervju\/sanna\/","url":"https:\/\/pysslingen.se\/kids\/intervju\/sanna\/","name":"Intervju med Sanna - Pysslingen Kids","isPartOf":{"@id":"https:\/\/pysslingen.se\/kids\/?lang=sv\/#website"},"datePublished":"2024-12-02T13:51:38+00:00","dateModified":"2025-12-02T12:09:26+00:00","description":"L\u00e4s vad Sanna, f\u00f6rskoll\u00e4rare p\u00e5 Pysslingen Kids, s\u00e4ger om f\u00f6rskolan.","breadcrumb":{"@id":"https:\/\/pysslingen.se\/kids\/intervju\/sanna\/#breadcrumb"},"inLanguage":"sv-SE","potentialAction":[{"@type":"ReadAction","target":["https:\/\/pysslingen.se\/kids\/intervju\/sanna\/"]}]},{"@type":"BreadcrumbList","@id":"https:\/\/pysslingen.se\/kids\/intervju\/sanna\/#breadcrumb","itemListElement":[{"@type":"ListItem","position":1,"name":"Start","item":"https:\/\/pysslingen.se\/kids"},{"@type":"ListItem","position":2,"name":"Intervju"}]},{"@type":"WebSite","@id":"https:\/\/pysslingen.se\/kids\/?lang=sv\/#website","url":"https:\/\/pysslingen.se\/kids\/?lang=sv\/","name":"Kids","description":"En trygg och stimulerande v\u00e4rld","publisher":{"@id":"https:\/\/pysslingen.se\/kids\/?lang=sv\/#organization"},"potentialAction":[{"@type":"SearchAction","target":{"@type":"EntryPoint","urlTemplate":"https:\/\/pysslingen.se\/kids\/?lang=sv\/?s={search_term_string}"},"query-input":"required name=search_term_string"}],"inLanguage":"sv-SE"},{"@type":"Organization","@id":"https:\/\/pysslingen.se\/kids\/?lang=sv\/#organization","name":"Pysslingen F\u00f6rskolor","url":"https:\/\/pysslingen.se\/kids\/?lang=sv\/","logo":{"@type":"ImageObject","inLanguage":"sv-SE","@id":"https:\/\/pysslingen.se\/kids\/?lang=sv\/#\/schema\/logo\/image\/","url":"https:\/\/pysslingen.se\/wp-content\/uploads\/2021\/05\/pysslingen-forskolor.png","contentUrl":"https:\/\/pysslingen.se\/wp-content\/uploads\/2021\/05\/pysslingen-forskolor.png","width":1120,"height":630,"caption":"Pysslingen F\u00f6rskolor"},"image":{"@id":"https:\/\/pysslingen.se\/kids\/?lang=sv\/#\/schema\/logo\/image\/"}}]}},"_links":{"self":[{"href":"https:\/\/pysslingen.se\/kids\/wp-json\/wp\/v2\/testimonial\/1733"}],"collection":[{"href":"https:\/\/pysslingen.se\/kids\/wp-json\/wp\/v2\/testimonial"}],"about":[{"href":"https:\/\/pysslingen.se\/kids\/wp-json\/wp\/v2\/types\/testimonial"}],"wp:attachment":[{"href":"https:\/\/pysslingen.se\/kids\/wp-json\/wp\/v2\/media?parent=1733"}],"wp:term":[{"taxonomy":"testimonial_category","embeddable":true,"href":"https:\/\/pysslingen.se\/kids\/wp-json\/wp\/v2\/testimonial_category?post=1733"}],"curies":[{"name":"wp","href":"https:\/\/api.w.org\/{rel}","templated":true}]}}