{"id":1632,"date":"2024-11-11T09:18:24","date_gmt":"2024-11-11T09:18:24","guid":{"rendered":"https:\/\/pysslingen.se\/kids\/?post_type=testimonial&#038;p=1632"},"modified":"2025-12-02T12:09:41","modified_gmt":"2025-12-02T12:09:41","slug":"roisin","status":"publish","type":"testimonial","link":"https:\/\/pysslingen.se\/kids\/intervju\/roisin\/","title":{"rendered":"Intervju med R\u00f3is\u00edn"},"content":{"rendered":"<style>\n\t@media only screen and (min-width: 769px) {\n\t\t.testimonial_header_module__image {\n\t\t\tpadding-right: 15px;\n\t\t\tpadding-left: 6px;\n\t\t}\n\n\t\t.testimonial_header_module {\n\t\t\tmargin-bottom: -150px;\n\t\t}\n\t}\n<\/style>\n\n\n<div aria-label=\"testimonial header\"    class=\"testimonial_header_module__data d-none  site__cta-bg--100 \"><\/div>\n<div class=\"testimonial_header_module testimonial_header_module__bg\" >\n\t<div class=\"container\">\n\t\t<div class=\"row\">\n\t\t\t<div class=\"testimonial_header_module__col9\">\n\t\t\t\t<div class=\"testimonial_header_module__text_wrap\">\n\t\t\t\t\t\t\t\t\t\t\t<h1   class=\"site__heading-size-2  site__text-color--light \">\n\t\t\t\t\t\t\tIntervju med R\u00f3is\u00edns\t\t\t\t\t\t<\/h1>\n\t\t\t\t\t\n\t\t\t\t\t<p   class=\"site__ingress site__free_text--ingress testimonial_header_module__margin_top site__text-color--light \">\n\t\t\t\t\t\tR\u00f3is\u00edn tycker det \u00e4r viktigt att skapa trygga och l\u00e4rorika milj\u00f6er f\u00f6r barnen. De str\u00e4var efter att st\u00f6dja barnens kunskap och sociala utveckling p\u00e5 f\u00f6rskolan!\t\t\t\t\t<\/p>\n\t\t\t\t<\/div>\n\t\t\t<\/div>\n\t\t\t<div class=\"testimonial_header_module__col3\">\n\t\t\t\t<picture   id=\"hero-picture\">\n\t\t\t\t\t<img decoding=\"async\" width=\"640\" height=\"925\" src=\"https:\/\/pysslingen.se\/wp-content\/uploads\/sites\/123\/2024\/11\/roisinkids.png\" class=\"testimonial_header_module__image\" alt=\"Portr\u00e4ttbild p\u00e5 medarbetare.\" srcset=\"https:\/\/pysslingen.se\/wp-content\/uploads\/sites\/123\/2024\/11\/roisinkids.png 654w, https:\/\/pysslingen.se\/wp-content\/uploads\/sites\/123\/2024\/11\/roisinkids-300x433.png 300w, https:\/\/pysslingen.se\/wp-content\/uploads\/sites\/123\/2024\/11\/roisinkids-400x578.png 400w, https:\/\/pysslingen.se\/wp-content\/uploads\/sites\/123\/2024\/11\/roisinkids-600x867.png 600w\" sizes=\"(max-width: 640px) 100vw, 640px\" \/>\t\t\t\t<\/picture>\n\t\t\t<\/div>\n\t\t<\/div>\n\t<\/div>\n<\/div>\n\n<script>\n\tvar para = document.getElementsByClassName(\"testimonial_header_module__data\")[0]\n\tvar compStyles = window.getComputedStyle(para);\n\tvar bg_color = compStyles.getPropertyValue('background-color')\n\tvar element = document.getElementsByClassName(\"testimonial_header_module__bg\")[0]\n\telement.setAttribute('style', \"background: linear-gradient(to bottom, \"\n\t\t\t+ bg_color + \",\"\n\t\t\t+ bg_color + \" calc(100% - 66px), transparent calc(100% - 66px), transparent);\");\n\n\n<\/script>\n\n\n\n<div class=\"wp-block-columns is-layout-flex wp-container-core-columns-layout-1 wp-block-columns-is-layout-flex\">\n<div class=\"wp-block-column is-layout-flow wp-block-column-is-layout-flow\" style=\"flex-basis:66.66%\"><style>\n@media only screen and (min-width: 600px) {\n\t\t\t.ams-fragor-asfxuxmdalybowajrpyo {\n\t\t\tdisplay:none;\n\t\t}\n\t}\n@media only screen and (max-width: 600px) {\n\t}\n<\/style>\n<div   class=\"ams-fragor  site__cta-bg--100   ams-fragor-asfxuxmdalybowajrpyo\" >\n   \t\t <div   class=\" site__text-color--light  ams-fragor__namn\">\n\t\t\tNamn:\t\t\t<span class=\" \">\n\t\t\t\tR\u00f3is\u00edn\t\t\t<\/span>\n\t\t<\/div>\n\t\t<div   class=\" site__text-color--light  ams-fragor__utbildning\">\n\t\t\tJobbar som:\t\t\t<span class=\" \">\n\t\t\t\tPedagog\t\t\t<\/span>\n\t\t<\/div>\n\t\t\t\t\t<ul>\n\t\t\t\t\t<\/ul>\n\t\t\t<\/div>\n<script>\n\tamsFragor = function() {\n\t\tvar w = window.innerWidth;\n\t\tvar siteMain = document.getElementsByClassName(\"site-main\")[0]\n\t\tif(typeof siteMain !== 'undefined'){\n\t\t\tvar testimonial = siteMain.getElementsByClassName(\"testimonial_header_module\")[0]\n\t\t\tif(typeof testimonial !== 'undefined'){\n\t\t\t\tvar amsFragor = document.getElementsByClassName(\"ams-fragor\")\n\t\t\t\tfor(var i = 0; i < amsFragor.length; i++){\n\t\t\t\t\tif(w > 769 ){\n\t\t\t\t\t\tamsFragor[i].setAttribute('style', \"margin-top: 50px\");\n\t\t\t\t\t}else{\n\t\t\t\t\t\tamsFragor[i].setAttribute('style', \"margin-top: 0px\");\n\t\t\t\t\t}\n\t\t\t\t}\n\t\t\t}\n\t\t}\n\t};\n\tamsFragor();\n\twindow.addEventListener(\"resize\", amsFragor);\n<\/script>\n\n\n\n<h2 class=\"wp-block-heading\">Vad g\u00f6r Pysslingen Kids till en s\u00e5 bra plats f\u00f6r v\u00e5ra barn?&nbsp;<\/h2>\n\n\n\n<p>\u2013 Vi str\u00e4var efter att skapa trygga och l\u00e4rorika milj\u00f6er b\u00e5de inne och utomhus. Vi str\u00e4var \u00e4ven efter att v\u00e5ra aktiviteter ska st\u00f6dja elevernas kunskaps- och sociala utveckling.&nbsp;<\/p>\n\n\n\n<p>\u2013 Vi vill ha goda relationer med alla barn och f\u00f6r\u00e4ldrar oavsett vilken avdelning som barnet g\u00e5r p\u00e5 f\u00f6r h\u00e4r \u00e4r \u201dalla barn allas barn\u201d.&nbsp;<\/p>\n\n\n\n<h2 class=\"wp-block-heading\">Vilken \u00e4r din favoritstund p\u00e5 dagen?&nbsp;<\/h2>\n\n\n\n<p>\u2013 Det \u00e4r sv\u00e5rt att s\u00e4ga men jag tycker det finns m\u00e5nga fina stunder, till exempel n\u00e4r jag kommer p\u00e5 morgonen och v\u00e4lkomnar barnen till en ny dag p\u00e5 f\u00f6rskolan. Eller n\u00e4r vi alla har en gemensam aktivitet tillsammans.<\/p>\n\n\n\n<h2 class=\"wp-block-heading\">Vad \u00e4r det b\u00e4sta med att jobba p\u00e5 Kids?<\/h2>\n\n\n\n<p>\u2013<strong> <\/strong>Det \u00e4r att jag k\u00e4nner att jag kan g\u00f6ra skillnad f\u00f6r barnen och&nbsp;deras fortsatta liv och att vi har ett viktigt ansvar att ta tillvara p\u00e5 den tid vi har tillsammans med barnen. Vi har ett otroligt viktigt jobb d\u00e4r vi m\u00f6ter v\u00e5ra framtida medborgare och kan g\u00f6ra skillnad.<\/p>\n\n\n\n<h2 class=\"wp-block-heading\">Vad \u00e4r viktigt f\u00f6r dig i m\u00f6tet med barnens f\u00f6r\u00e4ldrar?<\/h2>\n\n\n\n<p>\u2013<strong> <\/strong>Det \u00e4r viktigt att f\u00f6r\u00e4ldrarna k\u00e4nner att det \u00e4r tryggt att l\u00e4mna barnen hos oss och att de kan f\u00e5 svar p\u00e5 de fr\u00e5gor de undrar \u00f6ver.&nbsp;<\/p>\n\n\n\n<p>\u2013 Det \u00e4r ocks\u00e5 viktigt att v\u00e5rdnadshavarna vet att barnen&nbsp;f\u00e5r v\u00e4l lagad mat, samt att de f\u00e5r den omsorg, st\u00f6d och verktyg som barnen beh\u00f6ver i sin kunskaps- och sociala utveckling som de b\u00e4r med sig hela livet.<\/p>\n<\/div>\n\n\n\n<div class=\"wp-block-column is-layout-flow wp-block-column-is-layout-flow\" style=\"flex-basis:33.33%\"><style>\n@media only screen and (min-width: 600px) {\n\t}\n@media only screen and (max-width: 600px) {\n\t\t\t.ams-fragor{\n\t\t\t margin-bottom:40px;\n\t\t}\n\t\t.ams-fragor-pwhhgqqwfygqoasbqtul{\n\t\t\tdisplay:none;\n\t\t}\n\t}\n<\/style>\n<div   class=\"ams-fragor  site__cta-bg--100   ams-fragor-pwhhgqqwfygqoasbqtul\" >\n   \t\t <div   class=\" site__text-color--light  ams-fragor__namn\">\n\t\t\tNamn:\t\t\t<span class=\" \">\n\t\t\t\tR\u00f3is\u00edn\t\t\t<\/span>\n\t\t<\/div>\n\t\t<div   class=\" site__text-color--light  ams-fragor__utbildning\">\n\t\t\tJobbar som:\t\t\t<span class=\" \">\n\t\t\t\tPedagog\t\t\t<\/span>\n\t\t<\/div>\n\t\t\t\t\t<ul>\n\t\t\t\t\t<\/ul>\n\t\t\t<\/div>\n<script>\n\tamsFragor = function() {\n\t\tvar w = window.innerWidth;\n\t\tvar siteMain = document.getElementsByClassName(\"site-main\")[0]\n\t\tif(typeof siteMain !== 'undefined'){\n\t\t\tvar testimonial = siteMain.getElementsByClassName(\"testimonial_header_module\")[0]\n\t\t\tif(typeof testimonial !== 'undefined'){\n\t\t\t\tvar amsFragor = document.getElementsByClassName(\"ams-fragor\")\n\t\t\t\tfor(var i = 0; i < amsFragor.length; i++){\n\t\t\t\t\tif(w > 769 ){\n\t\t\t\t\t\tamsFragor[i].setAttribute('style', \"margin-top: 50px\");\n\t\t\t\t\t}else{\n\t\t\t\t\t\tamsFragor[i].setAttribute('style', \"margin-top: 0px\");\n\t\t\t\t\t}\n\t\t\t\t}\n\t\t\t}\n\t\t}\n\t};\n\tamsFragor();\n\twindow.addEventListener(\"resize\", amsFragor);\n<\/script>\n<\/div>\n<\/div>\n","protected":false},"featured_media":0,"template":"","testimonial_category":[],"yoast_head":"<!-- This site is optimized with the Yoast SEO plugin v22.0 - https:\/\/yoast.com\/wordpress\/plugins\/seo\/ -->\n<title>Intervju med R\u00f3is\u00edn - Pysslingen Kids<\/title>\n<meta name=\"robots\" content=\"index, follow, max-snippet:-1, max-image-preview:large, max-video-preview:-1\" \/>\n<link rel=\"canonical\" href=\"https:\/\/pysslingen.se\/kids\/intervju\/roisin\/\" \/>\n<meta property=\"og:locale\" content=\"sv_SE\" \/>\n<meta property=\"og:type\" content=\"article\" \/>\n<meta property=\"og:title\" content=\"Intervju med R\u00f3is\u00edn - Pysslingen Kids\" \/>\n<meta property=\"og:url\" content=\"https:\/\/pysslingen.se\/kids\/intervju\/roisin\/\" \/>\n<meta property=\"og:site_name\" content=\"Kids\" \/>\n<meta property=\"article:modified_time\" content=\"2025-12-02T12:09:41+00:00\" \/>\n<meta name=\"twitter:card\" content=\"summary_large_image\" \/>\n<meta name=\"twitter:title\" content=\"Intervju med R\u00f3is\u00edn - Pysslingen Kids\" \/>\n<meta name=\"twitter:image\" content=\"https:\/\/pysslingen.se\/wp-content\/uploads\/sites\/123\/2024\/11\/roisinkids-654x630.png\" \/>\n<meta name=\"twitter:label1\" content=\"Ber\u00e4knad l\u00e4stid\" \/>\n\t<meta name=\"twitter:data1\" content=\"2 minuter\" \/>\n<script type=\"application\/ld+json\" class=\"yoast-schema-graph\">{\"@context\":\"https:\/\/schema.org\",\"@graph\":[{\"@type\":\"WebPage\",\"@id\":\"https:\/\/pysslingen.se\/kids\/intervju\/roisin\/\",\"url\":\"https:\/\/pysslingen.se\/kids\/intervju\/roisin\/\",\"name\":\"Intervju med R\u00f3is\u00edn - Pysslingen Kids\",\"isPartOf\":{\"@id\":\"https:\/\/pysslingen.se\/kids\/?lang=sv\/#website\"},\"datePublished\":\"2024-11-11T09:18:24+00:00\",\"dateModified\":\"2025-12-02T12:09:41+00:00\",\"breadcrumb\":{\"@id\":\"https:\/\/pysslingen.se\/kids\/intervju\/roisin\/#breadcrumb\"},\"inLanguage\":\"sv-SE\",\"potentialAction\":[{\"@type\":\"ReadAction\",\"target\":[\"https:\/\/pysslingen.se\/kids\/intervju\/roisin\/\"]}]},{\"@type\":\"BreadcrumbList\",\"@id\":\"https:\/\/pysslingen.se\/kids\/intervju\/roisin\/#breadcrumb\",\"itemListElement\":[{\"@type\":\"ListItem\",\"position\":1,\"name\":\"Start\",\"item\":\"https:\/\/pysslingen.se\/kids\"},{\"@type\":\"ListItem\",\"position\":2,\"name\":\"Intervju\"}]},{\"@type\":\"WebSite\",\"@id\":\"https:\/\/pysslingen.se\/kids\/?lang=sv\/#website\",\"url\":\"https:\/\/pysslingen.se\/kids\/?lang=sv\/\",\"name\":\"Kids\",\"description\":\"En trygg och stimulerande v\u00e4rld\",\"publisher\":{\"@id\":\"https:\/\/pysslingen.se\/kids\/?lang=sv\/#organization\"},\"potentialAction\":[{\"@type\":\"SearchAction\",\"target\":{\"@type\":\"EntryPoint\",\"urlTemplate\":\"https:\/\/pysslingen.se\/kids\/?lang=sv\/?s={search_term_string}\"},\"query-input\":\"required name=search_term_string\"}],\"inLanguage\":\"sv-SE\"},{\"@type\":\"Organization\",\"@id\":\"https:\/\/pysslingen.se\/kids\/?lang=sv\/#organization\",\"name\":\"Pysslingen F\u00f6rskolor\",\"url\":\"https:\/\/pysslingen.se\/kids\/?lang=sv\/\",\"logo\":{\"@type\":\"ImageObject\",\"inLanguage\":\"sv-SE\",\"@id\":\"https:\/\/pysslingen.se\/kids\/?lang=sv\/#\/schema\/logo\/image\/\",\"url\":\"https:\/\/pysslingen.se\/wp-content\/uploads\/2021\/05\/pysslingen-forskolor.png\",\"contentUrl\":\"https:\/\/pysslingen.se\/wp-content\/uploads\/2021\/05\/pysslingen-forskolor.png\",\"width\":1120,\"height\":630,\"caption\":\"Pysslingen F\u00f6rskolor\"},\"image\":{\"@id\":\"https:\/\/pysslingen.se\/kids\/?lang=sv\/#\/schema\/logo\/image\/\"}}]}<\/script>\n<!-- \/ Yoast SEO plugin. -->","yoast_head_json":{"title":"Intervju med R\u00f3is\u00edn - Pysslingen Kids","robots":{"index":"index","follow":"follow","max-snippet":"max-snippet:-1","max-image-preview":"max-image-preview:large","max-video-preview":"max-video-preview:-1"},"canonical":"https:\/\/pysslingen.se\/kids\/intervju\/roisin\/","og_locale":"sv_SE","og_type":"article","og_title":"Intervju med R\u00f3is\u00edn - Pysslingen Kids","og_url":"https:\/\/pysslingen.se\/kids\/intervju\/roisin\/","og_site_name":"Kids","article_modified_time":"2025-12-02T12:09:41+00:00","twitter_card":"summary_large_image","twitter_title":"Intervju med R\u00f3is\u00edn - Pysslingen Kids","twitter_image":"https:\/\/pysslingen.se\/wp-content\/uploads\/sites\/123\/2024\/11\/roisinkids-654x630.png","twitter_misc":{"Ber\u00e4knad l\u00e4stid":"2 minuter"},"schema":{"@context":"https:\/\/schema.org","@graph":[{"@type":"WebPage","@id":"https:\/\/pysslingen.se\/kids\/intervju\/roisin\/","url":"https:\/\/pysslingen.se\/kids\/intervju\/roisin\/","name":"Intervju med R\u00f3is\u00edn - Pysslingen Kids","isPartOf":{"@id":"https:\/\/pysslingen.se\/kids\/?lang=sv\/#website"},"datePublished":"2024-11-11T09:18:24+00:00","dateModified":"2025-12-02T12:09:41+00:00","breadcrumb":{"@id":"https:\/\/pysslingen.se\/kids\/intervju\/roisin\/#breadcrumb"},"inLanguage":"sv-SE","potentialAction":[{"@type":"ReadAction","target":["https:\/\/pysslingen.se\/kids\/intervju\/roisin\/"]}]},{"@type":"BreadcrumbList","@id":"https:\/\/pysslingen.se\/kids\/intervju\/roisin\/#breadcrumb","itemListElement":[{"@type":"ListItem","position":1,"name":"Start","item":"https:\/\/pysslingen.se\/kids"},{"@type":"ListItem","position":2,"name":"Intervju"}]},{"@type":"WebSite","@id":"https:\/\/pysslingen.se\/kids\/?lang=sv\/#website","url":"https:\/\/pysslingen.se\/kids\/?lang=sv\/","name":"Kids","description":"En trygg och stimulerande v\u00e4rld","publisher":{"@id":"https:\/\/pysslingen.se\/kids\/?lang=sv\/#organization"},"potentialAction":[{"@type":"SearchAction","target":{"@type":"EntryPoint","urlTemplate":"https:\/\/pysslingen.se\/kids\/?lang=sv\/?s={search_term_string}"},"query-input":"required name=search_term_string"}],"inLanguage":"sv-SE"},{"@type":"Organization","@id":"https:\/\/pysslingen.se\/kids\/?lang=sv\/#organization","name":"Pysslingen F\u00f6rskolor","url":"https:\/\/pysslingen.se\/kids\/?lang=sv\/","logo":{"@type":"ImageObject","inLanguage":"sv-SE","@id":"https:\/\/pysslingen.se\/kids\/?lang=sv\/#\/schema\/logo\/image\/","url":"https:\/\/pysslingen.se\/wp-content\/uploads\/2021\/05\/pysslingen-forskolor.png","contentUrl":"https:\/\/pysslingen.se\/wp-content\/uploads\/2021\/05\/pysslingen-forskolor.png","width":1120,"height":630,"caption":"Pysslingen F\u00f6rskolor"},"image":{"@id":"https:\/\/pysslingen.se\/kids\/?lang=sv\/#\/schema\/logo\/image\/"}}]}},"_links":{"self":[{"href":"https:\/\/pysslingen.se\/kids\/wp-json\/wp\/v2\/testimonial\/1632"}],"collection":[{"href":"https:\/\/pysslingen.se\/kids\/wp-json\/wp\/v2\/testimonial"}],"about":[{"href":"https:\/\/pysslingen.se\/kids\/wp-json\/wp\/v2\/types\/testimonial"}],"wp:attachment":[{"href":"https:\/\/pysslingen.se\/kids\/wp-json\/wp\/v2\/media?parent=1632"}],"wp:term":[{"taxonomy":"testimonial_category","embeddable":true,"href":"https:\/\/pysslingen.se\/kids\/wp-json\/wp\/v2\/testimonial_category?post=1632"}],"curies":[{"name":"wp","href":"https:\/\/api.w.org\/{rel}","templated":true}]}}