{"id":4,"date":"2020-09-25T11:05:23","date_gmt":"2020-09-25T11:05:23","guid":{"rendered":"https:\/\/pysslingen.se\/kids\/?page_id=4"},"modified":"2026-01-16T07:56:43","modified_gmt":"2026-01-16T07:56:43","slug":"startsida","status":"publish","type":"page","link":"https:\/\/pysslingen.se\/kids\/","title":{"rendered":"Startsida"},"content":{"rendered":"\n\t\n\t\n\t\n\n\t\n\t\n\t\t\n<section  class=\"c-block l-stacked blobs \" data-color-scheme=\"\">\n\t<div class=\"ams-fifty ams-fifty--container ams-fifty--right ams-fifty--bottom l-container u-pt-fluid-3xl-6xl u-pb-fluid-3xl-6xl\">\n\t\t<div class=\"ams-fifty__content l-stack l-stack-xl is-left is-left@lg\">\n\t\t\t<div class=\"ams-fifty__text l-stack l-stack-lg\">\n\t\t\t\t\t\n\t<h1\n\tclass=\"c-heading u-font-title-1 \"\n\tstyle=\"\">\n\t\t\n\t\t\t\t\t\t\t\t\tKids f\u00f6rskola i \u00d6stersund\n\t\t\t\t<span class=\"c-heading__sub is-below u-font-title-3\">\n\t\t\t\t\t\u2012 Uteverksamhet och omsorgsfullt l\u00e4rande i centrum\n\t\t\t\t<\/span>\n\t\t\t\t\t\t\t\n\t<\/h1>\n\n\t\t\t\t\t\t\t\t\t<div class=\"text l-stack u-font-body\">\n\t\t\t\t\t\t<p style=\"text-align: left;\">P\u00e5 f\u00f6rskolan Kids jobbar vi aktivt f\u00f6r att skapa en trygg och utvecklande milj\u00f6 f\u00f6r ditt barn. Vi t\u00e4nker att l\u00e4randet sker b\u00e4st n\u00e4r det \u00e4r stimulerande och roligt. V\u00e5ra dagar k\u00e4nnetecknas av fokus p\u00e5 barnens b\u00e4sta, ett omsorgsfullt l\u00e4rande, respektfullt och engagerat bem\u00f6tande samt allas lika v\u00e4rde.<\/p>\n<p style=\"text-align: left;\">Vi \u00e4r utomhus mycket, b\u00e5de p\u00e5 g\u00e5rden och i n\u00e4romr\u00e5det, f\u00f6r att bjuda in till lek, utforskande och l\u00e4rande. I v\u00e5rt eget k\u00f6k tillagar v\u00e5r kock god, varierad och n\u00e4ringsrik mat \u2013 med m\u00e5nga ekologiska och n\u00e4rodlade r\u00e5varor.<\/p>\n<p style=\"text-align: left;\">V\u00e4lkommen till oss!<\/p>\n\n\t\t\t\t\t<\/div>\n\t\t\t\t\t\t\t<\/div>\n\n\t\t\t\t\t<\/div>\n\n\t\t <div class=\"ams-fifty__media u-ratio-landscape\">\n\t\t \t\t\t\t\t<img decoding=\"async\" width=\"600\" height=\"400\" src=\"https:\/\/pysslingen.se\/wp-content\/uploads\/sites\/123\/2024\/11\/kidsstartsida-600x400.jpg\" class=\"attachment-md size-md\" alt=\"Pojke leker med bilar p\u00e5 en bilbana.\" sizes=\"(min-width: 64em) 600px, calc(100vw - 160px)\" srcset=\"https:\/\/pysslingen.se\/wp-content\/uploads\/sites\/123\/2024\/11\/kidsstartsida-600x400.jpg 600w, https:\/\/pysslingen.se\/wp-content\/uploads\/sites\/123\/2024\/11\/kidsstartsida-300x200.jpg 300w, https:\/\/pysslingen.se\/wp-content\/uploads\/sites\/123\/2024\/11\/kidsstartsida-400x267.jpg 400w, https:\/\/pysslingen.se\/wp-content\/uploads\/sites\/123\/2024\/11\/kidsstartsida-800x533.jpg 800w, https:\/\/pysslingen.se\/wp-content\/uploads\/sites\/123\/2024\/11\/kidsstartsida-1024x683.jpg 1024w, https:\/\/pysslingen.se\/wp-content\/uploads\/sites\/123\/2024\/11\/kidsstartsida-1200x800.jpg 1200w, https:\/\/pysslingen.se\/wp-content\/uploads\/sites\/123\/2024\/11\/kidsstartsida.jpg 1500w\" \/>\n\t\t\t\n\t\t\t\n\t\t\t\t\t<\/div>\n\t<\/div>\n\n\t\t\n\n<\/section>\n\n\n\n\t\n\t\n<section  class=\"ams-map ams-map--fifty c-block  media-bottom media-right \" data-color-scheme=\"usp-pink-background-blue-cards\" data-locations=\"[{&quot;id&quot;:&quot;6887&quot;,&quot;county&quot;:&quot;J\\u00e4mtland&quot;,&quot;city&quot;:&quot;\\u00d6stersund&quot;,&quot;school&quot;:&quot;Kids&quot;,&quot;title&quot;:&quot;Pysslingen Kids&quot;,&quot;phone&quot;:&quot;0761065014&quot;,&quot;phone_formatted&quot;:&quot;076-1065014&quot;,&quot;email&quot;:&quot;kids@pysslingen.se&quot;,&quot;visiting_address&quot;:{&quot;address&quot;:&quot;Litsv\\u00e4gen 12&quot;,&quot;zip_code&quot;:&quot;83141&quot;,&quot;city&quot;:&quot;\\u00d6stersund&quot;},&quot;postal_address&quot;:{&quot;address&quot;:&quot;Litsv\\u00e4gen 12&quot;,&quot;zip_code&quot;:&quot;83141&quot;,&quot;city&quot;:&quot;\\u00d6stersund&quot;},&quot;address_map&quot;:&quot;Litsv\\u00e4gen 12, 831 41 \\u00d6stersund, Sverige&quot;,&quot;lat&quot;:63.1807704,&quot;lng&quot;:14.64675,&quot;link&quot;:{&quot;url&quot;:&quot;https:\\\/\\\/pysslingen.se\\\/kids&quot;,&quot;text&quot;:&quot;L\\u00e4s mer om f\\u00f6rskolan&quot;}}]\">\n\t<div class=\"ams-map__content u-pt-fluid-3xl-6xl u-pb-fluid-3xl-6xl l-stack l-stack-fluid-xl is-left is-left@lg\">\n\t\t\t\n\t<h2\n\tclass=\"c-heading u-font-title-1 \"\n\tstyle=\"\">\n\t\t\n\t\t\t\t\tKontakta Pysslingen Kids\n\t\t\t\t\n\t<\/h2>\n\n\t\t\n\t\t\t\t\t<div class=\"contact-info l-stack\">\n\t\t\t\t\t\t\t\t\t<div class=\"contact-info__item\">\n\t\t\t\t\t\t<p class=\"contact-info__heading u-font-title-4\">\n\t\t\t\t\t\t\tBes\u00f6ksadress\n\t\t\t\t\t\t<\/p>\n\t\t\t\t\t\t<p>\n\t\t\t\t\t\t\t\t\t\t\t\t\t\t\tLitsv\u00e4gen 12<br \/>\n\t\t\t\t\t\t\t\t\t\t\t\t\t\t83141 \u00d6stersund\n\t\t\t\t\t\t<\/p>\n\t\t\t\t\t<\/div>\n\t\t\t\t\n\t\t\t\t\n\t\t\t\t\t\t\t\t\t<div class=\"contact-info__item\">\n\t\t\t\t\t\t<p class=\"contact-info__heading u-font-title-4\">\n\t\t\t\t\t\t\tKontakt\n\t\t\t\t\t\t<\/p>\n\t\t\t\t\t\t<p>\n\t\t\t\t\t\t\t\t\t\t\t\t\t\t\t<a href=\"tel:0761065014\">076-1065014<\/a><br \/>\n\t\t\t\t\t\t\t\t\t\t\t\t\t\t\t\t\t\t\t\t\t\t<a href=\"mailto:kids@pysslingen.se\">kids@pysslingen.se<\/a>\n\t\t\t\t\t\t\t\t\t\t\t\t\t<\/p>\n\t\t\t\t\t<\/div>\n\t\t\t\t\t\t\t<\/div>\n\t\t\t<\/div>\n\n\t<div class=\"ams-map__media\">\n\t<\/div>\n<\/section>\n\n\n\n\n<section  class=\"ams-usp c-block l-stacked\" data-color-scheme=\"usp-yellow-background-blue-cards\">\n\t<div class=\"l-container l-stack l-stack-fluid-2xl u-pt-fluid-3xl-6xl u-pb-fluid-3xl-6xl is-center is-center@md\">\n\t\t\t\t\t<div class=\"ams-usp__intro l-stack l-stack-lg\">\n\t\t\t\t\t\n\t<h2\n\tclass=\"c-heading u-font-title-1 \"\n\tstyle=\"\">\n\t\t\n\t\t\t\t\tV\u00e5r inriktning\n\t\t\t\t\n\t<\/h2>\n\n\t\t\t\t\t\t\t<\/div>\n\t\t\n\t\t\t<ul class=\"ams-usp__list l-grid u-justify-center u-gap-fluid-2xl-4xl\">\n\t\t\t\t\t<li class=\"l-col-6@md l-col-4@lg\">\n\t\t\t\t<article\n\t\t\t\t\tclass=\"\n\t\t\t\t\tc-card\n\t\t\t\t\thas-media-zoom\n\t\t\t\t\t\n\t\t\t\t\t\n\t\t\t\t\t\"\n\t\t\t\t\tdata-variant=\"border\"\n\t\t\t\t\tdata-style=\"soft\"\n\t\t\t\t\tdata-click-area\n\t\t\t\t\t>\n\t\t\t\t\t\t\t\t\t\t\t<div class=\"c-card__content l-stack l-stack-sm u-text-center\">\n\t\t\t\t\t\t\t\t\t\t\t\t\t\t\t<h3 class=\"c-card__title u-font-title-2\">\n\t\t\t\t\t\t\t\t\t<a href=\"https:\/\/pysslingen.se\/kids\/om-forskolan\/\" target=\"_self\">\t\t\t\t\t\t\t\t\t\t\t\t\t\t\t\t\t\t\t\t\tH\u00e5llbar f\u00f6rskola\n\t\t\t\t\t\t\t\t\t\t\t<span class=\"c-card__title__sub is-below u-font-title-4\">\n\t\t\t\t\t\t\t\t\t\t\t\t\n\t\t\t\t\t\t\t\t\t\t\t<\/span>\n\t\t\t\t\t\t\t\t\t\t\t\t\t\t\t\t\t\t\t<\/a>\t\t\t\t\t\t\t\t<\/h3>\n\t\t\t\t\t\t\t\n\t\t\t\t\t\t\t\t\t\t\t\t\t\t\t<div class=\"c-card__text l-stack-xs u-font-body\">\n\t\t\t\t\t\t\t\t\t<p>Vi str\u00e4var efter att g\u00f6ra h\u00e5llbarhet till en naturlig del av barnens vardag. Barnens resa mot en h\u00e5llbar livsstil b\u00f6rjar h\u00e4r!<\/p>\n\n\t\t\t\t\t\t\t\t<\/div>\n\t\t\t\t\t\t\t\t\t\t\t\t\t<\/div>\n\t\t\t\t\t\n\t\t\t\t\t<div class=\"c-card__media\">\n\t\t\t\t\t\t\t\t\t\t\t\t\t<img decoding=\"async\" width=\"400\" height=\"400\" src=\"https:\/\/pysslingen.se\/wp-content\/uploads\/sites\/123\/2020\/12\/mat-rotated.jpg\" class=\"u-radius-rounded u-ratio-landscape  ams_icon_size_default\" alt=\"Barn odlar p\u00e5 f\u00f6rskolan.\" srcset=\"https:\/\/pysslingen.se\/wp-content\/uploads\/sites\/123\/2020\/12\/mat-rotated.jpg 1414w, https:\/\/pysslingen.se\/wp-content\/uploads\/sites\/123\/2020\/12\/mat-300x300.jpg 300w, https:\/\/pysslingen.se\/wp-content\/uploads\/sites\/123\/2020\/12\/mat-1024x1024.jpg 1024w, https:\/\/pysslingen.se\/wp-content\/uploads\/sites\/123\/2020\/12\/mat-150x150.jpg 150w, https:\/\/pysslingen.se\/wp-content\/uploads\/sites\/123\/2020\/12\/mat-768x768.jpg 768w, https:\/\/pysslingen.se\/wp-content\/uploads\/sites\/123\/2020\/12\/mat-1100x1100.jpg 1100w, https:\/\/pysslingen.se\/wp-content\/uploads\/sites\/123\/2020\/12\/mat-670x670.jpg 670w, https:\/\/pysslingen.se\/wp-content\/uploads\/sites\/123\/2020\/12\/mat-100x100.jpg 100w\" sizes=\"(max-width: 400px) 100vw, 400px\" \/>\n\t\t\t\t\t\t\t\t\t\t\t<\/div>\n\t\t\t\t<\/article>\n\t\t\t<\/li>\n\n\t\t\t<\/ul>\n\n\t\t\t<\/div>\n\n\t\t\n\n<\/section>\n\n\n\n\n<section  class=\"ams-usp c-block l-stacked blobs\" data-color-scheme=\"usp-pink-background-blue-cards\">\n\t<div class=\"l-container l-stack l-stack-fluid-2xl u-pt-fluid-3xl-6xl u-pb-fluid-3xl-6xl is-center is-center@md\">\n\t\t\t\t\t<div class=\"ams-usp__intro l-stack l-stack-lg\">\n\t\t\t\t\t\n\t<h2\n\tclass=\"c-heading u-font-title-1 \"\n\tstyle=\"\">\n\t\t\n\t\t\t\t\tV\u00e5rt erbjudande &#8211; en trygg och stimulerande v\u00e4rld full av m\u00f6jligheter\n\t\t\t\t\n\t<\/h2>\n\n\t\t\t\t\t\t\t<\/div>\n\t\t\n\t\t\t<ul class=\"ams-usp__list l-grid u-justify-center u-gap-fluid-2xl-4xl\">\n\t\t\t\t\t<li class=\"l-col-6@md l-col-4@lg\">\n\t\t\t\t<article\n\t\t\t\t\tclass=\"\n\t\t\t\t\tc-card\n\t\t\t\t\thas-media-zoom\n\t\t\t\t\t\n\t\t\t\t\t\n\t\t\t\t\t\"\n\t\t\t\t\tdata-variant=\"border\"\n\t\t\t\t\tdata-style=\"soft\"\n\t\t\t\t\tdata-click-area\n\t\t\t\t\t>\n\t\t\t\t\t\t\t\t\t\t\t<div class=\"c-card__content l-stack l-stack-sm u-text-center\">\n\t\t\t\t\t\t\t\t\t\t\t\t\t\t\t<h3 class=\"c-card__title u-font-title-2\">\n\t\t\t\t\t\t\t\t\t<a href=\"https:\/\/pysslingen.se\/kids\/inskolning\/\" target=\"_self\">\t\t\t\t\t\t\t\t\t\t\t\t\t\t\t\t\t\t\t\t\tEn trygg inskolning\n\t\t\t\t\t\t\t\t\t\t\t<span class=\"c-card__title__sub is-below u-font-title-4\">\n\t\t\t\t\t\t\t\t\t\t\t\t&#8211; alla barn f\u00e5r varsin Pyss-ryggs\u00e4ck\n\t\t\t\t\t\t\t\t\t\t\t<\/span>\n\t\t\t\t\t\t\t\t\t\t\t\t\t\t\t\t\t\t\t<\/a>\t\t\t\t\t\t\t\t<\/h3>\n\t\t\t\t\t\t\t\n\t\t\t\t\t\t\t\t\t\t\t\t\t<\/div>\n\t\t\t\t\t\n\t\t\t\t\t<div class=\"c-card__media\">\n\t\t\t\t\t\t\t\t\t\t\t\t\t<img decoding=\"async\" width=\"400\" height=\"332\" src=\"https:\/\/pysslingen.se\/wp-content\/uploads\/sites\/123\/2020\/11\/ryggsackar-2-2.jpeg\" class=\"u-radius-rounded u-ratio-landscape  ams_icon_size_default\" alt=\"Barn med ryggs\u00e4ckar fr\u00e5n Pysslingen\" srcset=\"https:\/\/pysslingen.se\/wp-content\/uploads\/sites\/123\/2020\/11\/ryggsackar-2-2.jpeg 431w, https:\/\/pysslingen.se\/wp-content\/uploads\/sites\/123\/2020\/11\/ryggsackar-2-2-300x249.jpeg 300w\" sizes=\"(max-width: 400px) 100vw, 400px\" \/>\n\t\t\t\t\t\t\t\t\t\t\t<\/div>\n\t\t\t\t<\/article>\n\t\t\t<\/li>\n\n\t\t\t\t\t<li class=\"l-col-6@md l-col-4@lg\">\n\t\t\t\t<article\n\t\t\t\t\tclass=\"\n\t\t\t\t\tc-card\n\t\t\t\t\thas-media-zoom\n\t\t\t\t\t\n\t\t\t\t\t\n\t\t\t\t\t\"\n\t\t\t\t\tdata-variant=\"border\"\n\t\t\t\t\tdata-style=\"soft\"\n\t\t\t\t\tdata-click-area\n\t\t\t\t\t>\n\t\t\t\t\t\t\t\t\t\t\t<div class=\"c-card__content l-stack l-stack-sm u-text-center\">\n\t\t\t\t\t\t\t\t\t\t\t\t\t\t\t<h3 class=\"c-card__title u-font-title-2\">\n\t\t\t\t\t\t\t\t\t<a href=\"https:\/\/pysslingen.se\/kids\/trygghetsvandring\/\" target=\"_self\">\t\t\t\t\t\t\t\t\t\t\t\t\t\t\t\t\t\t\t\t\tTrygghetsvandring\n\t\t\t\t\t\t\t\t\t\t\t<span class=\"c-card__title__sub is-below u-font-title-4\">\n\t\t\t\t\t\t\t\t\t\t\t\t&#8211; v\u00e5rt verktyg f\u00f6r att skapa en trygg milj\u00f6\n\t\t\t\t\t\t\t\t\t\t\t<\/span>\n\t\t\t\t\t\t\t\t\t\t\t\t\t\t\t\t\t\t\t<\/a>\t\t\t\t\t\t\t\t<\/h3>\n\t\t\t\t\t\t\t\n\t\t\t\t\t\t\t\t\t\t\t\t\t<\/div>\n\t\t\t\t\t\n\t\t\t\t\t<div class=\"c-card__media\">\n\t\t\t\t\t\t\t\t\t\t\t\t\t<img decoding=\"async\" width=\"400\" height=\"267\" src=\"https:\/\/pysslingen.se\/wp-content\/uploads\/sites\/123\/2020\/10\/trygghetsvandring.jpg\" class=\"u-radius-rounded u-ratio-landscape  ams_icon_size_default\" alt=\"Pojke i r\u00f6dtr\u00f6ja ler in i kameran.\" srcset=\"https:\/\/pysslingen.se\/wp-content\/uploads\/sites\/123\/2020\/10\/trygghetsvandring.jpg 1000w, https:\/\/pysslingen.se\/wp-content\/uploads\/sites\/123\/2020\/10\/trygghetsvandring-300x200.jpg 300w, https:\/\/pysslingen.se\/wp-content\/uploads\/sites\/123\/2020\/10\/trygghetsvandring-768x512.jpg 768w\" sizes=\"(max-width: 400px) 100vw, 400px\" \/>\n\t\t\t\t\t\t\t\t\t\t\t<\/div>\n\t\t\t\t<\/article>\n\t\t\t<\/li>\n\n\t\t\t\t\t<li class=\"l-col-6@md l-col-4@lg\">\n\t\t\t\t<article\n\t\t\t\t\tclass=\"\n\t\t\t\t\tc-card\n\t\t\t\t\thas-media-zoom\n\t\t\t\t\t\n\t\t\t\t\t\n\t\t\t\t\t\"\n\t\t\t\t\tdata-variant=\"border\"\n\t\t\t\t\tdata-style=\"soft\"\n\t\t\t\t\tdata-click-area\n\t\t\t\t\t>\n\t\t\t\t\t\t\t\t\t\t\t<div class=\"c-card__content l-stack l-stack-sm u-text-center\">\n\t\t\t\t\t\t\t\t\t\t\t\t\t\t\t<h3 class=\"c-card__title u-font-title-2\">\n\t\t\t\t\t\t\t\t\t<a href=\"https:\/\/pysslingen.se\/kids\/barnens-integritet\/\" target=\"_self\">\t\t\t\t\t\t\t\t\t\t\t\t\t\t\t\t\t\t\t\t\tBarnens integritet\n\t\t\t\t\t\t\t\t\t\t\t<span class=\"c-card__title__sub is-below u-font-title-4\">\n\t\t\t\t\t\t\t\t\t\t\t\t&#8211; s\u00e5 v\u00e4rnar vi om den\n\t\t\t\t\t\t\t\t\t\t\t<\/span>\n\t\t\t\t\t\t\t\t\t\t\t\t\t\t\t\t\t\t\t<\/a>\t\t\t\t\t\t\t\t<\/h3>\n\t\t\t\t\t\t\t\n\t\t\t\t\t\t\t\t\t\t\t\t\t<\/div>\n\t\t\t\t\t\n\t\t\t\t\t<div class=\"c-card__media\">\n\t\t\t\t\t\t\t\t\t\t\t\t\t<img decoding=\"async\" width=\"400\" height=\"267\" src=\"https:\/\/pysslingen.se\/wp-content\/uploads\/sites\/123\/2020\/11\/kvinnlig-pedagod-m-fleece-2.jpg\" class=\"u-radius-rounded u-ratio-landscape  ams_icon_size_default\" alt=\"Pedagog lyssnar p\u00e5 ett barn p\u00e5 f\u00f6rskolan\" srcset=\"https:\/\/pysslingen.se\/wp-content\/uploads\/sites\/123\/2020\/11\/kvinnlig-pedagod-m-fleece-2.jpg 612w, https:\/\/pysslingen.se\/wp-content\/uploads\/sites\/123\/2020\/11\/kvinnlig-pedagod-m-fleece-2-300x200.jpg 300w\" sizes=\"(max-width: 400px) 100vw, 400px\" \/>\n\t\t\t\t\t\t\t\t\t\t\t<\/div>\n\t\t\t\t<\/article>\n\t\t\t<\/li>\n\n\t\t\t\t\t<li class=\"l-col-6@md l-col-4@lg\">\n\t\t\t\t<article\n\t\t\t\t\tclass=\"\n\t\t\t\t\tc-card\n\t\t\t\t\thas-media-zoom\n\t\t\t\t\t\n\t\t\t\t\t\n\t\t\t\t\t\"\n\t\t\t\t\tdata-variant=\"border\"\n\t\t\t\t\tdata-style=\"soft\"\n\t\t\t\t\tdata-click-area\n\t\t\t\t\t>\n\t\t\t\t\t\t\t\t\t\t\t<div class=\"c-card__content l-stack l-stack-sm u-text-center\">\n\t\t\t\t\t\t\t\t\t\t\t\t\t\t\t<h3 class=\"c-card__title u-font-title-2\">\n\t\t\t\t\t\t\t\t\t<a href=\"https:\/\/pysslingen.se\/kids\/larmiljoer\/\" target=\"_self\">\t\t\t\t\t\t\t\t\t\t\t\t\t\t\t\t\t\t\t\t\tV\u00e5ra l\u00e4rmilj\u00f6er\n\t\t\t\t\t\t\t\t\t\t\t<span class=\"c-card__title__sub is-below u-font-title-4\">\n\t\t\t\t\t\t\t\t\t\t\t\t&#8211; utformade f\u00f6r att inspirera och stimulera\n\t\t\t\t\t\t\t\t\t\t\t<\/span>\n\t\t\t\t\t\t\t\t\t\t\t\t\t\t\t\t\t\t\t<\/a>\t\t\t\t\t\t\t\t<\/h3>\n\t\t\t\t\t\t\t\n\t\t\t\t\t\t\t\t\t\t\t\t\t<\/div>\n\t\t\t\t\t\n\t\t\t\t\t<div class=\"c-card__media\">\n\t\t\t\t\t\t\t\t\t\t\t\t\t<img decoding=\"async\" width=\"400\" height=\"323\" src=\"https:\/\/pysslingen.se\/wp-content\/uploads\/sites\/123\/2020\/11\/larmiljo-inomhus-barn-stad-2.jpg\" class=\"u-radius-rounded u-ratio-landscape  ams_icon_size_default\" alt=\"Barn som bygger en stad i l\u00e4rmilj\u00f6 p\u00e5 f\u00f6rskola\" srcset=\"https:\/\/pysslingen.se\/wp-content\/uploads\/sites\/123\/2020\/11\/larmiljo-inomhus-barn-stad-2.jpg 632w, https:\/\/pysslingen.se\/wp-content\/uploads\/sites\/123\/2020\/11\/larmiljo-inomhus-barn-stad-2-300x242.jpg 300w\" sizes=\"(max-width: 400px) 100vw, 400px\" \/>\n\t\t\t\t\t\t\t\t\t\t\t<\/div>\n\t\t\t\t<\/article>\n\t\t\t<\/li>\n\n\t\t\t\t\t<li class=\"l-col-6@md l-col-4@lg\">\n\t\t\t\t<article\n\t\t\t\t\tclass=\"\n\t\t\t\t\tc-card\n\t\t\t\t\thas-media-zoom\n\t\t\t\t\t\n\t\t\t\t\t\n\t\t\t\t\t\"\n\t\t\t\t\tdata-variant=\"border\"\n\t\t\t\t\tdata-style=\"soft\"\n\t\t\t\t\tdata-click-area\n\t\t\t\t\t>\n\t\t\t\t\t\t\t\t\t\t\t<div class=\"c-card__content l-stack l-stack-sm u-text-center\">\n\t\t\t\t\t\t\t\t\t\t\t\t\t\t\t<h3 class=\"c-card__title u-font-title-2\">\n\t\t\t\t\t\t\t\t\t<a href=\"https:\/\/pysslingen.se\/kids\/sprakstimulans\/\" target=\"_self\">\t\t\t\t\t\t\t\t\t\t\t\t\t\t\t\t\t\t\t\t\tSpr\u00e5kstimulans\n\t\t\t\t\t\t\t\t\t\t\t<span class=\"c-card__title__sub is-below u-font-title-4\">\n\t\t\t\t\t\t\t\t\t\t\t\t&#8211; \u00e4ven hemma med tillg\u00e5ng till v\u00e5rt digitala bibliotek\n\t\t\t\t\t\t\t\t\t\t\t<\/span>\n\t\t\t\t\t\t\t\t\t\t\t\t\t\t\t\t\t\t\t<\/a>\t\t\t\t\t\t\t\t<\/h3>\n\t\t\t\t\t\t\t\n\t\t\t\t\t\t\t\t\t\t\t\t\t<\/div>\n\t\t\t\t\t\n\t\t\t\t\t<div class=\"c-card__media\">\n\t\t\t\t\t\t\t\t\t\t\t\t\t<img decoding=\"async\" width=\"400\" height=\"284\" src=\"https:\/\/pysslingen.se\/wp-content\/uploads\/sites\/123\/2020\/11\/lasalitetbarn-2-mindre.jpg\" class=\"u-radius-rounded u-ratio-landscape  ams_icon_size_default\" alt=\"Litet barn l\u00e4ser bok p\u00e5 f\u00f6rskolan\" srcset=\"https:\/\/pysslingen.se\/wp-content\/uploads\/sites\/123\/2020\/11\/lasalitetbarn-2-mindre.jpg 592w, https:\/\/pysslingen.se\/wp-content\/uploads\/sites\/123\/2020\/11\/lasalitetbarn-2-mindre-300x213.jpg 300w\" sizes=\"(max-width: 400px) 100vw, 400px\" \/>\n\t\t\t\t\t\t\t\t\t\t\t<\/div>\n\t\t\t\t<\/article>\n\t\t\t<\/li>\n\n\t\t\t\t\t<li class=\"l-col-6@md l-col-4@lg\">\n\t\t\t\t<article\n\t\t\t\t\tclass=\"\n\t\t\t\t\tc-card\n\t\t\t\t\thas-media-zoom\n\t\t\t\t\t\n\t\t\t\t\t\n\t\t\t\t\t\"\n\t\t\t\t\tdata-variant=\"border\"\n\t\t\t\t\tdata-style=\"soft\"\n\t\t\t\t\tdata-click-area\n\t\t\t\t\t>\n\t\t\t\t\t\t\t\t\t\t\t<div class=\"c-card__content l-stack l-stack-sm u-text-center\">\n\t\t\t\t\t\t\t\t\t\t\t\t\t\t\t<h3 class=\"c-card__title u-font-title-2\">\n\t\t\t\t\t\t\t\t\t<a href=\"https:\/\/pysslingen.se\/kids\/skolforberedande\/\" target=\"_self\">\t\t\t\t\t\t\t\t\t\t\t\t\t\t\t\t\t\t\t\t\tSkolf\u00f6rberedande\n\t\t\t\t\t\t\t\t\t\t\t<span class=\"c-card__title__sub is-below u-font-title-4\">\n\t\t\t\t\t\t\t\t\t\t\t\t&#8211; anpassade aktiviteter f\u00f6r att stimulera de \u00e4ldsta barnen\n\t\t\t\t\t\t\t\t\t\t\t<\/span>\n\t\t\t\t\t\t\t\t\t\t\t\t\t\t\t\t\t\t\t<\/a>\t\t\t\t\t\t\t\t<\/h3>\n\t\t\t\t\t\t\t\n\t\t\t\t\t\t\t\t\t\t\t\t\t<\/div>\n\t\t\t\t\t\n\t\t\t\t\t<div class=\"c-card__media\">\n\t\t\t\t\t\t\t\t\t\t\t\t\t<img decoding=\"async\" width=\"400\" height=\"267\" src=\"https:\/\/pysslingen.se\/wp-content\/uploads\/sites\/123\/2020\/11\/skolforberedande-2.jpg\" class=\"u-radius-rounded u-ratio-landscape  ams_icon_size_default\" alt=\"Tv\u00e5 fem\u00e5ringar l\u00e4ser bok p\u00e5 f\u00f6rskola\" srcset=\"https:\/\/pysslingen.se\/wp-content\/uploads\/sites\/123\/2020\/11\/skolforberedande-2.jpg 612w, https:\/\/pysslingen.se\/wp-content\/uploads\/sites\/123\/2020\/11\/skolforberedande-2-300x200.jpg 300w\" sizes=\"(max-width: 400px) 100vw, 400px\" \/>\n\t\t\t\t\t\t\t\t\t\t\t<\/div>\n\t\t\t\t<\/article>\n\t\t\t<\/li>\n\n\t\t\t<\/ul>\n\n\t\t\t<\/div>\n\n\t\t\n\n<\/section>\n\n\n\n\n\n<section  class=\"ams-testimonial testimonial_module c-block l-stacked blobs js-load-more\" data-color-scheme=\"testimonials\" data-count=\"3\" data-count-mobile=\"2\">\n\t<div class=\"l-container l-stack l-stack-fluid-2xl u-pt-fluid-3xl-6xl u-pb-fluid-3xl-6xl is-center is-center@md\">\n\t\t\t\t\t<div class=\"ams-testimonial__intro l-stack l-stack-lg\">\n\t\t\t\t\t\n\t<h2\n\tclass=\"c-heading u-font-title-1 \"\n\tstyle=\"\">\n\t\t\n\t\t\t\t\tM\u00f6t v\u00e5ra pedagoger\n\t\t\t\t\n\t<\/h2>\n\n\t\t\t\t\t\t\t<\/div>\n\t\t\n\t\t\n\t\n\t\t\n\t\t\t\n<ul\n\tid=\"ams-testimonial-list-69f4d84390c1d\"\n\tclass=\"ams-testimonial__list  l-grid u-gap-fluid-2xl-4xl js-results \"\n\tdata-filter-animation=\"off\">\n\t\t\t\t\t\t\t\t\t\t\t\n\t\t\n\t\t\n\t\t<li class=\"l-col-6@md \" data-filter=\" december-2024\">\n\t\t\t<article class=\"c-card has-media-zoom \" data-variant=\"inside-half\" data-click-area>\n\t\t\t\t<div class=\"c-card__content l-stack l-stack-sm is-left is-left@md\">\n\t\t\t\t\t\t\t\t\t\t\t<blockquote class=\"c-card__title u-font-title-3\">\n\t\t\t\t\t\t\t\t\t\t\t\t\t\t\t<p class=\"u-quote-marks\"><a href=\"https:\/\/pysslingen.se\/kids\/intervju\/sanna\/\" class=\"link\">Pysslingen Kids \u00e4r en familj\u00e4r f\u00f6rskola &#8230;<\/a><\/p>\n\t\t\t\t\t\t\t\t\t\t\t\t\t<\/blockquote>\n\t\t\t\t\t\n\t\t\t\t\t\t\t\t\t\t\t<p class=\"c-card__text l-stack-grow u-divider-top u-font-body\">\n\t\t\t\t\t\t\t<span class=\"author u-mr-fluid-lg\">Sanna<\/span>\n\t\t\t\t\t\t\t<span class=\"title u-mr-fluid-lg\">F\u00f6rskoll\u00e4rare<\/span>\n\t\t\t\t\t\t<\/p>\n\t\t\t\t\t\n\t\t\t\t\t<div class=\"c-card__icon\">\n\t\t\t\t\t\t<svg class=\"ams-icon ams-icon--arrow-right\" width=\"32\" height=\"32\" viewBox=\"0 0 32 32\" fill=\"currentColor\" aria-hidden=\"true\" xmlns=\"http:\/\/www.w3.org\/2000\/svg\">\n\t\t\t\t\t\t\t<path d=\"M15.4617 0.252159L14.9567 0.75931C14.6219 1.09545 14.6219 1.64048 14.9567 1.97669L27.7062 14.7806H0.857144C0.383786 14.7806 0 15.166 0 15.6414V16.3587C0 16.8341 0.383786 17.2195 0.857144 17.2195H27.7062L14.9567 30.0234C14.6219 30.3595 14.6219 30.9045 14.9567 31.2407L15.4617 31.7479C15.7964 32.084 16.3392 32.084 16.6739 31.7479L31.749 16.6087C32.0837 16.2725 32.0837 15.7275 31.749 15.3913L16.6739 0.252159C16.3392 -0.084053 15.7964 -0.084053 15.4617 0.252159Z\"\/>\n\t\t\t\t\t\t<\/svg>\n\t\t\t\t\t<\/div>\n\t\t\t\t<\/div>\n\t\t\t\t<div class=\"c-card__media\" style=\" \">\n\t\t\t\t\t<img decoding=\"async\" width=\"600\" height=\"735\" src=\"https:\/\/pysslingen.se\/wp-content\/uploads\/sites\/123\/2024\/12\/portrattbildsanna-600x735.png\" class=\"attachment-md size-md\" alt=\"Portr\u00e4ttbild p\u00e5 Sanna.\" sizes=\"(min-width: 80em) 600px, (min-width: 48em) calc(.50 * (100vw - 240px)), calc(100vw - 160px)\" srcset=\"https:\/\/pysslingen.se\/wp-content\/uploads\/sites\/123\/2024\/12\/portrattbildsanna-600x735.png 600w, https:\/\/pysslingen.se\/wp-content\/uploads\/sites\/123\/2024\/12\/portrattbildsanna-300x368.png 300w, https:\/\/pysslingen.se\/wp-content\/uploads\/sites\/123\/2024\/12\/portrattbildsanna-400x490.png 400w, https:\/\/pysslingen.se\/wp-content\/uploads\/sites\/123\/2024\/12\/portrattbildsanna-800x980.png 800w, https:\/\/pysslingen.se\/wp-content\/uploads\/sites\/123\/2024\/12\/portrattbildsanna.png 922w\" \/>\n\t\t\t\t<\/div>\n\t\t\t<\/article>\n\t\t<\/li>\n\t\t\t\t\t\t\t\t\t\t\t\n\t\t\n\t\t\n\t\t<li class=\"l-col-6@md \" data-filter=\" november-2024\">\n\t\t\t<article class=\"c-card has-media-zoom \" data-variant=\"inside-half\" data-click-area>\n\t\t\t\t<div class=\"c-card__content l-stack l-stack-sm is-left is-left@md\">\n\t\t\t\t\t\t\t\t\t\t\t<blockquote class=\"c-card__title u-font-title-3\">\n\t\t\t\t\t\t\t\t\t\t\t\t\t\t\t<p class=\"u-quote-marks\"><a href=\"https:\/\/pysslingen.se\/kids\/intervju\/roisin\/\" class=\"link\">P\u00e5 Pysslingen Kids prioriterar vi trygga l\u00e4rmilj\u00f6er&#8230;<\/a><\/p>\n\t\t\t\t\t\t\t\t\t\t\t\t\t<\/blockquote>\n\t\t\t\t\t\n\t\t\t\t\t\t\t\t\t\t\t<p class=\"c-card__text l-stack-grow u-divider-top u-font-body\">\n\t\t\t\t\t\t\t<span class=\"author u-mr-fluid-lg\">R\u00f3is\u00edn<\/span>\n\t\t\t\t\t\t\t<span class=\"title u-mr-fluid-lg\">Pedagog<\/span>\n\t\t\t\t\t\t<\/p>\n\t\t\t\t\t\n\t\t\t\t\t<div class=\"c-card__icon\">\n\t\t\t\t\t\t<svg class=\"ams-icon ams-icon--arrow-right\" width=\"32\" height=\"32\" viewBox=\"0 0 32 32\" fill=\"currentColor\" aria-hidden=\"true\" xmlns=\"http:\/\/www.w3.org\/2000\/svg\">\n\t\t\t\t\t\t\t<path d=\"M15.4617 0.252159L14.9567 0.75931C14.6219 1.09545 14.6219 1.64048 14.9567 1.97669L27.7062 14.7806H0.857144C0.383786 14.7806 0 15.166 0 15.6414V16.3587C0 16.8341 0.383786 17.2195 0.857144 17.2195H27.7062L14.9567 30.0234C14.6219 30.3595 14.6219 30.9045 14.9567 31.2407L15.4617 31.7479C15.7964 32.084 16.3392 32.084 16.6739 31.7479L31.749 16.6087C32.0837 16.2725 32.0837 15.7275 31.749 15.3913L16.6739 0.252159C16.3392 -0.084053 15.7964 -0.084053 15.4617 0.252159Z\"\/>\n\t\t\t\t\t\t<\/svg>\n\t\t\t\t\t<\/div>\n\t\t\t\t<\/div>\n\t\t\t\t<div class=\"c-card__media\" style=\" \">\n\t\t\t\t\t<img decoding=\"async\" width=\"600\" height=\"867\" src=\"https:\/\/pysslingen.se\/wp-content\/uploads\/sites\/123\/2024\/11\/roisinkids-600x867.png\" class=\"attachment-md size-md\" alt=\"Portr\u00e4ttbild p\u00e5 medarbetare.\" sizes=\"(min-width: 80em) 600px, (min-width: 48em) calc(.50 * (100vw - 240px)), calc(100vw - 160px)\" srcset=\"https:\/\/pysslingen.se\/wp-content\/uploads\/sites\/123\/2024\/11\/roisinkids-600x867.png 600w, https:\/\/pysslingen.se\/wp-content\/uploads\/sites\/123\/2024\/11\/roisinkids-300x433.png 300w, https:\/\/pysslingen.se\/wp-content\/uploads\/sites\/123\/2024\/11\/roisinkids-400x578.png 400w, https:\/\/pysslingen.se\/wp-content\/uploads\/sites\/123\/2024\/11\/roisinkids.png 654w\" \/>\n\t\t\t\t<\/div>\n\t\t\t<\/article>\n\t\t<\/li>\n\t<\/ul>\n\t\n\t<div class=\"no-results u-mt-0 u-hide\" data-filter-fallback-id=\"ams-testimonial-list-69f4d84390c1d\">\n\t<p>Det finns inga resultat som matchar din filtrering.<\/p>\n<\/div>\n\n\t\n\n\t\t\n\t\t\t<\/div>\n\n\t\t\n\n<\/section>\n\n\n\n\n<section  class=\"ams-cta ams-cta--stacked c-block l-stacked\">\n\t<div class=\"l-container l-stack l-stack-fluid-2xl u-pt-fluid-3xl-6xl u-pb-fluid-3xl-6xl is-center is-center@md\">\n\t\t\t\t\t<div class=\"ams-cta__intro l-stack l-stack-lg\">\n\t\t\t\t\t\n\t<h2\n\tclass=\"c-heading u-font-title-1 \"\n\tstyle=\"\">\n\t\t\n\t\t\t\t\tVill du veta mer om Kids?\n\t\t\t\t\n\t<\/h2>\n\n\t\t\t\t\t\t\t\t\t<div class=\"c-text l-stack u-cs-xl u-font-body\">\n\t\t\t\t\t\t<p>Har du fr\u00e5gor om v\u00e5r verksamhet eller vill du boka en visning? V\u00e4lkommen att h\u00f6ra av dig till v\u00e5r samordnare, <a href=\"https:\/\/pysslingen.se\/kids\/kontakt\/\">kontaktuppgifter hittar du h\u00e4r<\/a>. Detsamma g\u00e4ller studiebes\u00f6k, f\u00f6rel\u00e4sningar och workshops.<\/p>\n\n\t\t\t\t\t<\/div>\n\t\t\t\t\t\t\t<\/div>\n\t\t\n\t\t\n\t\t\t<div class=\"ams-cta__action u-inline-items\">\n\t\t\t\t\t\t\t\n\n\n<a href=\"https:\/\/pysslingen.se\/kids\/kontakt\"\n\t\n\tclass=\"c-btn \"\n\tdata-style=\"rounded\"\n\tdata-size=\"md\"\n\tdata-width=\"full-mobile\"\n\tdata-variant=\"default\"\n\ttarget=\"_self\">\n\t\t\t<span class=\"label\"> Till kontaktsidan<\/span>\n\t\t\t<\/a>\n\t\t\t\t\t\t\t\n\n\n<a href=\"https:\/\/pysslingen.se\/kids\/vanliga-fragor\/\"\n\t\n\tclass=\"c-btn \"\n\tdata-style=\"rounded\"\n\tdata-size=\"md\"\n\tdata-width=\"full-mobile\"\n\tdata-variant=\"outline\"\n\ttarget=\"_self\">\n\t\t\t<span class=\"label\"> Vanliga fr\u00e5gor<\/span>\n\t\t\t<\/a>\n\t\t\t<\/div>\n\t<\/div>\n\n\t\t\n\n<\/section>\n","protected":false},"excerpt":{"rendered":"","protected":false},"author":1,"featured_media":0,"parent":0,"menu_order":0,"comment_status":"closed","ping_status":"closed","template":"","meta":{"footnotes":""},"yoast_head":"<!-- This site is optimized with the Yoast SEO plugin v22.0 - https:\/\/yoast.com\/wordpress\/plugins\/seo\/ -->\n<title>F\u00f6rskola i \u00d6stersund | Pysslingen Kids<\/title>\n<meta name=\"description\" content=\"Pysslingen Kids \u00e4r en f\u00f6rskola i \u00d6stersund. Vi har fokus p\u00e5 uteverksamhet och omsorgsfullt l\u00e4rande. L\u00e4s mer om oss!\" \/>\n<meta name=\"robots\" content=\"index, follow, max-snippet:-1, max-image-preview:large, max-video-preview:-1\" \/>\n<link rel=\"canonical\" href=\"https:\/\/pysslingen.se\/kids\/\" \/>\n<meta property=\"og:locale\" content=\"sv_SE\" \/>\n<meta property=\"og:type\" content=\"article\" \/>\n<meta property=\"og:title\" content=\"F\u00f6rskola i \u00d6stersund | Pysslingen Kids\" \/>\n<meta property=\"og:description\" content=\"Pysslingen Kids \u00e4r en f\u00f6rskola i \u00d6stersund. Vi har fokus p\u00e5 uteverksamhet och omsorgsfullt l\u00e4rande. L\u00e4s mer om oss!\" \/>\n<meta property=\"og:url\" content=\"https:\/\/pysslingen.se\/kids\/\" \/>\n<meta property=\"og:site_name\" content=\"Kids\" \/>\n<meta property=\"article:modified_time\" content=\"2026-01-16T07:56:43+00:00\" \/>\n<meta name=\"twitter:card\" content=\"summary_large_image\" \/>\n<meta name=\"twitter:title\" content=\"F\u00f6rskola i \u00d6stersund | Pysslingen Kids\" \/>\n<meta name=\"twitter:description\" content=\"Pysslingen Kids \u00e4r en f\u00f6rskola i \u00d6stersund. Vi har fokus p\u00e5 uteverksamhet och omsorgsfullt l\u00e4rande. L\u00e4s mer om oss!\" \/>\n<script type=\"application\/ld+json\" class=\"yoast-schema-graph\">{\"@context\":\"https:\/\/schema.org\",\"@graph\":[{\"@type\":\"WebPage\",\"@id\":\"https:\/\/pysslingen.se\/kids\/\",\"url\":\"https:\/\/pysslingen.se\/kids\/\",\"name\":\"F\u00f6rskola i \u00d6stersund | Pysslingen Kids\",\"isPartOf\":{\"@id\":\"https:\/\/pysslingen.se\/kids\/?lang=sv\/#website\"},\"datePublished\":\"2020-09-25T11:05:23+00:00\",\"dateModified\":\"2026-01-16T07:56:43+00:00\",\"description\":\"Pysslingen Kids \u00e4r en f\u00f6rskola i \u00d6stersund. Vi har fokus p\u00e5 uteverksamhet och omsorgsfullt l\u00e4rande. L\u00e4s mer om oss!\",\"breadcrumb\":{\"@id\":\"https:\/\/pysslingen.se\/kids\/#breadcrumb\"},\"inLanguage\":\"sv-SE\",\"potentialAction\":[{\"@type\":\"ReadAction\",\"target\":[\"https:\/\/pysslingen.se\/kids\/\"]}]},{\"@type\":\"BreadcrumbList\",\"@id\":\"https:\/\/pysslingen.se\/kids\/#breadcrumb\",\"itemListElement\":[{\"@type\":\"ListItem\",\"position\":1,\"name\":\"Start\",\"item\":\"https:\/\/pysslingen.se\/kids\/\"},{\"@type\":\"ListItem\",\"position\":2,\"name\":\"Startsida\"}]},{\"@type\":\"WebSite\",\"@id\":\"https:\/\/pysslingen.se\/kids\/?lang=sv\/#website\",\"url\":\"https:\/\/pysslingen.se\/kids\/?lang=sv\/\",\"name\":\"Kids\",\"description\":\"En trygg och stimulerande v\u00e4rld\",\"publisher\":{\"@id\":\"https:\/\/pysslingen.se\/kids\/?lang=sv\/#organization\"},\"potentialAction\":[{\"@type\":\"SearchAction\",\"target\":{\"@type\":\"EntryPoint\",\"urlTemplate\":\"https:\/\/pysslingen.se\/kids\/?lang=sv\/?s={search_term_string}\"},\"query-input\":\"required name=search_term_string\"}],\"inLanguage\":\"sv-SE\"},{\"@type\":\"Organization\",\"@id\":\"https:\/\/pysslingen.se\/kids\/?lang=sv\/#organization\",\"name\":\"Pysslingen F\u00f6rskolor\",\"url\":\"https:\/\/pysslingen.se\/kids\/?lang=sv\/\",\"logo\":{\"@type\":\"ImageObject\",\"inLanguage\":\"sv-SE\",\"@id\":\"https:\/\/pysslingen.se\/kids\/?lang=sv\/#\/schema\/logo\/image\/\",\"url\":\"https:\/\/pysslingen.se\/wp-content\/uploads\/2021\/05\/pysslingen-forskolor.png\",\"contentUrl\":\"https:\/\/pysslingen.se\/wp-content\/uploads\/2021\/05\/pysslingen-forskolor.png\",\"width\":1120,\"height\":630,\"caption\":\"Pysslingen F\u00f6rskolor\"},\"image\":{\"@id\":\"https:\/\/pysslingen.se\/kids\/?lang=sv\/#\/schema\/logo\/image\/\"}}]}<\/script>\n<!-- \/ Yoast SEO plugin. -->","yoast_head_json":{"title":"F\u00f6rskola i \u00d6stersund | Pysslingen Kids","description":"Pysslingen Kids \u00e4r en f\u00f6rskola i \u00d6stersund. Vi har fokus p\u00e5 uteverksamhet och omsorgsfullt l\u00e4rande. L\u00e4s mer om oss!","robots":{"index":"index","follow":"follow","max-snippet":"max-snippet:-1","max-image-preview":"max-image-preview:large","max-video-preview":"max-video-preview:-1"},"canonical":"https:\/\/pysslingen.se\/kids\/","og_locale":"sv_SE","og_type":"article","og_title":"F\u00f6rskola i \u00d6stersund | Pysslingen Kids","og_description":"Pysslingen Kids \u00e4r en f\u00f6rskola i \u00d6stersund. Vi har fokus p\u00e5 uteverksamhet och omsorgsfullt l\u00e4rande. L\u00e4s mer om oss!","og_url":"https:\/\/pysslingen.se\/kids\/","og_site_name":"Kids","article_modified_time":"2026-01-16T07:56:43+00:00","twitter_card":"summary_large_image","twitter_title":"F\u00f6rskola i \u00d6stersund | Pysslingen Kids","twitter_description":"Pysslingen Kids \u00e4r en f\u00f6rskola i \u00d6stersund. Vi har fokus p\u00e5 uteverksamhet och omsorgsfullt l\u00e4rande. L\u00e4s mer om oss!","schema":{"@context":"https:\/\/schema.org","@graph":[{"@type":"WebPage","@id":"https:\/\/pysslingen.se\/kids\/","url":"https:\/\/pysslingen.se\/kids\/","name":"F\u00f6rskola i \u00d6stersund | Pysslingen Kids","isPartOf":{"@id":"https:\/\/pysslingen.se\/kids\/?lang=sv\/#website"},"datePublished":"2020-09-25T11:05:23+00:00","dateModified":"2026-01-16T07:56:43+00:00","description":"Pysslingen Kids \u00e4r en f\u00f6rskola i \u00d6stersund. Vi har fokus p\u00e5 uteverksamhet och omsorgsfullt l\u00e4rande. L\u00e4s mer om oss!","breadcrumb":{"@id":"https:\/\/pysslingen.se\/kids\/#breadcrumb"},"inLanguage":"sv-SE","potentialAction":[{"@type":"ReadAction","target":["https:\/\/pysslingen.se\/kids\/"]}]},{"@type":"BreadcrumbList","@id":"https:\/\/pysslingen.se\/kids\/#breadcrumb","itemListElement":[{"@type":"ListItem","position":1,"name":"Start","item":"https:\/\/pysslingen.se\/kids\/"},{"@type":"ListItem","position":2,"name":"Startsida"}]},{"@type":"WebSite","@id":"https:\/\/pysslingen.se\/kids\/?lang=sv\/#website","url":"https:\/\/pysslingen.se\/kids\/?lang=sv\/","name":"Kids","description":"En trygg och stimulerande v\u00e4rld","publisher":{"@id":"https:\/\/pysslingen.se\/kids\/?lang=sv\/#organization"},"potentialAction":[{"@type":"SearchAction","target":{"@type":"EntryPoint","urlTemplate":"https:\/\/pysslingen.se\/kids\/?lang=sv\/?s={search_term_string}"},"query-input":"required name=search_term_string"}],"inLanguage":"sv-SE"},{"@type":"Organization","@id":"https:\/\/pysslingen.se\/kids\/?lang=sv\/#organization","name":"Pysslingen F\u00f6rskolor","url":"https:\/\/pysslingen.se\/kids\/?lang=sv\/","logo":{"@type":"ImageObject","inLanguage":"sv-SE","@id":"https:\/\/pysslingen.se\/kids\/?lang=sv\/#\/schema\/logo\/image\/","url":"https:\/\/pysslingen.se\/wp-content\/uploads\/2021\/05\/pysslingen-forskolor.png","contentUrl":"https:\/\/pysslingen.se\/wp-content\/uploads\/2021\/05\/pysslingen-forskolor.png","width":1120,"height":630,"caption":"Pysslingen F\u00f6rskolor"},"image":{"@id":"https:\/\/pysslingen.se\/kids\/?lang=sv\/#\/schema\/logo\/image\/"}}]}},"_links":{"self":[{"href":"https:\/\/pysslingen.se\/kids\/wp-json\/wp\/v2\/pages\/4"}],"collection":[{"href":"https:\/\/pysslingen.se\/kids\/wp-json\/wp\/v2\/pages"}],"about":[{"href":"https:\/\/pysslingen.se\/kids\/wp-json\/wp\/v2\/types\/page"}],"author":[{"embeddable":true,"href":"https:\/\/pysslingen.se\/kids\/wp-json\/wp\/v2\/users\/1"}],"replies":[{"embeddable":true,"href":"https:\/\/pysslingen.se\/kids\/wp-json\/wp\/v2\/comments?post=4"}],"version-history":[{"count":10,"href":"https:\/\/pysslingen.se\/kids\/wp-json\/wp\/v2\/pages\/4\/revisions"}],"predecessor-version":[{"id":1928,"href":"https:\/\/pysslingen.se\/kids\/wp-json\/wp\/v2\/pages\/4\/revisions\/1928"}],"wp:attachment":[{"href":"https:\/\/pysslingen.se\/kids\/wp-json\/wp\/v2\/media?parent=4"}],"curies":[{"name":"wp","href":"https:\/\/api.w.org\/{rel}","templated":true}]}}