{"id":8,"date":"2020-09-29T09:07:29","date_gmt":"2020-09-29T09:07:29","guid":{"rendered":"https:\/\/pysslingen.se\/kastanjelunden\/?page_id=8"},"modified":"2025-12-09T09:48:50","modified_gmt":"2025-12-09T08:48:50","slug":"om-forskolan","status":"publish","type":"page","link":"https:\/\/pysslingen.se\/kastanjelunden\/om-forskolan\/","title":{"rendered":"Om f\u00f6rskolan"},"content":{"rendered":"\n\t\n\t\n\t\n\n\t\n\t\n\t\t\n<section  class=\"c-block l-stacked  \" data-color-scheme=\"nyans2_av_cta-dark-card-primar1-light-hover-standard_standard\">\n\t<div class=\"ams-fifty ams-fifty--container ams-fifty--right ams-fifty--bottom l-container u-pt-fluid-2xl-4xl u-pb-fluid-2xl-4xl\">\n\t\t<div class=\"ams-fifty__content l-stack l-stack-xl is-left is-left@lg\">\n\t\t\t<div class=\"ams-fifty__text l-stack l-stack-lg\">\n\t\t\t\t\t\n\t<h1\n\tclass=\"c-heading u-font-title-1 \"\n\tstyle=\"\">\n\t\t\n\t\t\t\t\tOm f\u00f6rskolan Kastanjelunden\n\t\t\t\t\n\t<\/h1>\n\n\t\t\t\t\t\t\t\t\t<div class=\"text l-stack u-font-body\">\n\t\t\t\t\t\t<p>Hos oss f\u00e5r barnen d\u00e4rf\u00f6r vara delaktiga i sina egna l\u00e4roprocesser och l\u00e4ra sig nya saker och utvecklas i samspel med pedagoger och de andra barnen p\u00e5 f\u00f6rskolan.<\/p>\n<p>V\u00e5r engagerade personal \u00e4r delaktig och utmanar barnen p\u00e5 ett s\u00e4tt som k\u00e4nns meningsfullt och roligt f\u00f6r dem.<\/p>\n\n\t\t\t\t\t<\/div>\n\t\t\t\t\t\t\t<\/div>\n\n\t\t\t\t\t<\/div>\n\n\t\t <div class=\"ams-fifty__media u-ratio-landscape\">\n\t\t \t\t\t\t\t<img decoding=\"async\" width=\"600\" height=\"400\" src=\"https:\/\/pysslingen.se\/wp-content\/uploads\/sites\/57\/2020\/11\/kastanjelunden-larmiljo-ute.jpg\" class=\"attachment-md size-md\" alt=\"Utemilj\u00f6n p\u00e5 kastanjelundens f\u00f6rskola\" sizes=\"(min-width: 64em) 600px, calc(100vw - 160px)\" srcset=\"https:\/\/pysslingen.se\/wp-content\/uploads\/sites\/57\/2020\/11\/kastanjelunden-larmiljo-ute.jpg 1200w, https:\/\/pysslingen.se\/wp-content\/uploads\/sites\/57\/2020\/11\/kastanjelunden-larmiljo-ute-300x200.jpg 300w, https:\/\/pysslingen.se\/wp-content\/uploads\/sites\/57\/2020\/11\/kastanjelunden-larmiljo-ute-1024x683.jpg 1024w, https:\/\/pysslingen.se\/wp-content\/uploads\/sites\/57\/2020\/11\/kastanjelunden-larmiljo-ute-768x512.jpg 768w, https:\/\/pysslingen.se\/wp-content\/uploads\/sites\/57\/2020\/11\/kastanjelunden-larmiljo-ute-1100x733.jpg 1100w, https:\/\/pysslingen.se\/wp-content\/uploads\/sites\/57\/2020\/11\/kastanjelunden-larmiljo-ute-1000x667.jpg 1000w\" \/>\n\t\t\t\n\t\t\t\n\t\t\t\t\t<\/div>\n\t<\/div>\n\n\t\t\n\n<\/section>\n\n\n\n<h2 class=\"wp-block-heading\">En Reggio Emilia-inspirerad f\u00f6rskola i R\u00e5cksta<\/h2>\n\n\n\n<p>P\u00e5 Kastanjelundens f\u00f6rskola i R\u00e5cksta i Bromma arbetar vi med en Reggio Emilia-inspirerad pedagogik. Reggio Emilias pedagogiska filosofi g\u00e5r i stora drag ut p\u00e5 att barnen ska ses som kompetenta och viktiga samh\u00e4llsmedborgare som \u00e4r v\u00e4l v\u00e4rda att lyssna p\u00e5 och att de har en inneboende drivkraft att utforska v\u00e4rlden. <\/p>\n\n\n\n<p>Hos oss f\u00e5r barnen d\u00e4rf\u00f6r vara delaktiga i sina egna l\u00e4roprocesser och l\u00e4ra sig nya saker och utvecklas i samspel med pedagoger och de andra barnen p\u00e5 f\u00f6rskolan. V\u00e5r engagerade personal \u00e4r delaktig och utmanar barnen p\u00e5 ett s\u00e4tt som k\u00e4nns meningsfullt och roligt f\u00f6r dem.\u00a0<\/p>\n\n\n\n<h2 class=\"wp-block-heading\">Kastanjelunden \u00e4r en Gr\u00f6n Flagg-certifierad f\u00f6rskola.<\/h2>\n\n\n\n<p>Kastanjelunden \u00e4r en Gr\u00f6n Flagg-certifierad f\u00f6rskola. <a href=\"https:\/\/skola-kommun.hsr.se\/gron-flagg\" target=\"_blank\" rel=\"noreferrer noopener\">Gr\u00f6n Flagg<\/a><a href=\"https:\/\/skola-kommun.hsr.se\/gron-flagg\"> <\/a>\u00e4r H\u00e5ll Sverige Rents program som hj\u00e4lper l\u00e4rare och pedagoger att v\u00e4cka uppt\u00e4ckargl\u00e4dje kring h\u00e5llbarhetsfr\u00e5gor. M\u00e5let med Gr\u00f6n Flagg \u00e4r att barn och unga deltar i, planerar och genomf\u00f6r aktiviteter f\u00f6r h\u00e5llbar utveckling. Tillsammans skapar vi nyfikenhet och ett l\u00e5ngsiktigt engagemang i arbetet med social, ekonomisk och ekologisk h\u00e5llbarhet.<\/p>\n\n\n\n<h2 class=\"wp-block-heading\">Engagerande projektarbeten\u00a0p\u00e5 Kastanjelunden<\/h2>\n\n\n\n<p>Hos oss p\u00e5 Kastanjelundens f\u00f6rskola i R\u00e5cksta arbetar vi processinriktat med olika projekt p\u00e5 varje avdelning. P\u00e5 s\u00e5 s\u00e4tt tar vi tillvara p\u00e5 barnens intressen, kunskaper och erfarenheter samtidigt som vi m\u00f6jligg\u00f6r en f\u00f6rdjupad f\u00f6rst\u00e5else f\u00f6r de olika \u00e4mnen vi ber\u00f6r och l\u00e4r oss om.<\/p>\n\n\n\n<p>Projekten v\u00e4xer fram i samspel mellan barn och pedagoger, d\u00e4r pedagogerna \u00e4r medforskare. Att arbeta processinriktat med tema\/projekt i meningsfulla sammanhang och \u00f6ver en l\u00e4ngre tid m\u00f6jligg\u00f6r en f\u00f6rdjupning och en vidgad f\u00f6rst\u00e5else kring olika fenomen.\u00a0 <\/p>\n\n\n\n<p>De olika temana p\u00e5 v\u00e5ra projektarbeten f\u00f6rbinds alltid med l\u00e4roplanens olika omr\u00e5den s\u00e5som kommunikation, spr\u00e5k, matematik, teknik och naturvetenskap.<\/p>\n\n\n\n<h2 class=\"wp-block-heading\">Arbetet p\u00e5 f\u00f6rskolan Kastanjelunden<\/h2>\n\n\n\n<p>Kastanjelunden best\u00e5r av \u00e5tta avdelningar \u2012 yngrebarnsavdelningar f\u00f6r sig och \u00e4ldrebarnsavdelningar f\u00f6r sig. F\u00f6r att kunna m\u00f6ta variationen av antalet barn i olika \u00e5ldrar best\u00e5r avdelningarna av barn i ungef\u00e4r samma \u00e5lder, 1-3 \u00e5r respektive 3-5 \u00e5r.<\/p>\n\n\n\n<p>F\u00f6rskolans avdelningar samarbetar dagligen p\u00e5 v\u00e5r g\u00e5rd, vid \u00f6ppning och st\u00e4ngning, samt vid v\u00e5ra \u00e5rliga traditioner och evenemang.&nbsp;<\/p>\n\n\n\n<p>P\u00e5 Kastanjelunden har vi flera egna \u00e5terkommande traditioner och festligheter s\u00e5som:<\/p>\n\n\n\n<ul>\n<li>Vinterspelen<\/li>\n\n\n\n<li>Vernissage\/projektavslutning p\u00e5 v\u00e5ren (d\u00e4r \u00e4ven v\u00e5rdnadshavare \u00e4r v\u00e4lkomna)&nbsp;<\/li>\n\n\n\n<li>Kastanjemarathon<\/li>\n\n\n\n<li>F\u00f6rskolans dag<\/li>\n\n\n\n<li>Sommarfest<\/li>\n\n\n\n<li>Kastanjeloppet<\/li>\n\n\n\n<li>Nallens dag<\/li>\n<\/ul>\n\n\n\n<p>Ut\u00f6ver dessa traditioner firar vi \u00e4ven p\u00e5sk, Lucia och jul p\u00e5 f\u00f6rskolan.<\/p>\n\n\n\n<p>Varje arbetslag deltar regelbundet i reflektion och planering, planeringsdagar, personalkonferenser och fortbildning samt arbetar med den digitala plattformen&nbsp;<a href=\"https:\/\/pysslingen.se\/kastanjelunden\/mitt-pysslingen\/\">Mitt Pysslingen<\/a>.<\/p>\n\n\n\n<h2 class=\"wp-block-heading\">L\u00e4rande genom utforskande och utveckling i samspel<\/h2>\n\n\n\n<p>Vi h\u00e4mtar inspiration fr\u00e5n Reggio Emilia-pedagogiken, d\u00e4r barnen l\u00e4r sig genom att utforska via olika material och uttryckss\u00e4tt. Hos oss har alla barn m\u00f6jlighet att l\u00e4ra tillsammans och av varandra samt utvecklas i samspel med b\u00e5de barn och vuxna.&nbsp;<\/p>\n\n\n\n<p>Vi organiserar verksamheten s\u00e5 att barnen f\u00e5r tillg\u00e5ng till b\u00e5de den lilla och den stora gruppens m\u00f6jligheter.\u00a0Ord som k\u00e4nnetecknar v\u00e5rt arbetss\u00e4tt \u00e4r <em>v\u00e4lkomnande, tillsammans och gl\u00e4dje<\/em>.<\/p>\n\n\n\n<h2 class=\"wp-block-heading\">Ramtid<\/h2>\n\n\n\n<p>Vi f\u00f6ljer Stockholms stads regler f\u00f6r ramtid och v\u00e5rdnadshavare har r\u00e4tt till omsorg f\u00f6r sina barn alla helgfria vardagar mellan klockan 06.30-18.30, om behov finns. Barnen i v\u00e5r f\u00f6rskola \u00e4r f\u00f6rs\u00e4krade i en olycksfallsf\u00f6rs\u00e4kring via <a href=\"https:\/\/www.sterikforsakring.se\/foersaekringar\/foersaekringar\/kollektiv-olycksfallsfoersaekring-foer-elever.aspx\">Stockholm Stad<\/a>.<\/p>\n\n\n\n<p>V\u00e4lkommen att kontakta oss om du har fr\u00e5gor.<\/p>\n\n\n\n\n<section  class=\"ams-usp c-block l-stacked\" data-color-scheme=\"usp-yellow-background-pink-cards\">\n\t<div class=\"l-container l-stack l-stack-fluid-2xl u-pt-fluid-3xl-6xl u-pb-fluid-3xl-6xl is-center is-center@md\">\n\t\t\n\t\t\t<ul class=\"ams-usp__list l-grid u-justify-center u-gap-fluid-2xl-4xl\">\n\t\t\t\t\t<li class=\"l-col-6@md\">\n\t\t\t\t<article\n\t\t\t\t\tclass=\"\n\t\t\t\t\tc-card\n\t\t\t\t\thas-media-zoom\n\t\t\t\t\t\n\t\t\t\t\t\n\t\t\t\t\t\"\n\t\t\t\t\tdata-variant=\"border\"\n\t\t\t\t\tdata-style=\"soft\"\n\t\t\t\t\tdata-click-area\n\t\t\t\t\t>\n\t\t\t\t\t\t\t\t\t\t\t<div class=\"c-card__content l-stack l-stack-sm u-text-center\">\n\t\t\t\t\t\t\t\t\t\t\t\t\t\t\t<h3 class=\"c-card__title u-font-title-2\">\n\t\t\t\t\t\t\t\t\t<a href=\"https:\/\/pysslingen.se\/kastanjelunden\/samverkan-med-hemmet\/\" target=\"_self\">\t\t\t\t\t\t\t\t\t\t\t\t\t\t\t\t\t\t\t\t\t&#8221;Som v\u00e5rdnadshavare har du m\u00f6jlighet att f\u00e5 information, delaktighet och inflytande&#8221;\n\t\t\t\t\t\t\t\t\t\t\t<span class=\"c-card__title__sub is-below u-font-title-4\">\n\t\t\t\t\t\t\t\t\t\t\t\tL\u00e4s mer om v\u00e5r kontakt med dig som v\u00e5rdnadshavare\n\t\t\t\t\t\t\t\t\t\t\t<\/span>\n\t\t\t\t\t\t\t\t\t\t\t\t\t\t\t\t\t\t\t<\/a>\t\t\t\t\t\t\t\t<\/h3>\n\t\t\t\t\t\t\t\n\t\t\t\t\t\t\t\t\t\t\t\t\t<\/div>\n\t\t\t\t\t\n\t\t\t\t\t<div class=\"c-card__media\">\n\t\t\t\t\t\t\t\t\t\t\t\t\t<img decoding=\"async\" width=\"400\" height=\"267\" src=\"https:\/\/pysslingen.se\/wp-content\/uploads\/sites\/57\/2020\/11\/987a1742-saritta-vanligwebstorlek-max1024pixlarpbreddenellerhjden.jpg\" class=\" u-ratio-landscape  ams_icon_size_default\" alt=\"Pedagog p\u00e5 f\u00f6rskola \u00e4ter med barnen\" srcset=\"https:\/\/pysslingen.se\/wp-content\/uploads\/sites\/57\/2020\/11\/987a1742-saritta-vanligwebstorlek-max1024pixlarpbreddenellerhjden.jpg 768w, https:\/\/pysslingen.se\/wp-content\/uploads\/sites\/57\/2020\/11\/987a1742-saritta-vanligwebstorlek-max1024pixlarpbreddenellerhjden-300x200.jpg 300w\" sizes=\"(max-width: 400px) 100vw, 400px\" \/>\n\t\t\t\t\t\t\t\t\t\t\t<\/div>\n\t\t\t\t<\/article>\n\t\t\t<\/li>\n\n\t\t\t<\/ul>\n\n\t\t\t<\/div>\n\n\t\t\n\n<\/section>\n\n\n\n\t<div class=\"module_wrapper ams_remote_pages_module \">\n\t\t\n\n\n<section  class=\"ams-faq ams_event_module c-block l-stacked js-load-more\" data-color-scheme=\"faq-yellow-background-green-tabs\" data-count=\"3\" data-count-mobile=\"2\">\n\t<div class=\"l-container l-stack l-stack-fluid-2xl u-pt-fluid-3xl-6xl u-pb-fluid-3xl-6xl is-center is-center@md\">\n\t\t\t\t\t<div class=\"ams-faq__intro l-stack l-stack-lg\">\n\t\t\t\t\t\n\t<h2\n\tclass=\"c-heading u-font-title-1 \"\n\tstyle=\"\">\n\t\t\n\t\t\t\t\tVanliga fr\u00e5gor och svar\n\t\t\t\t\n\t<\/h2>\n\n\t\t\t\t\t\t\t<\/div>\n\t\t\n\t\t\n\t\n\t    \n\t\n\t<ul\n\t\tid=\"ams-faq-list-69f4cb555e4f9\"\n\t\tclass=\"ams-faq__ac ams-accordion_module c-accordion js-results \"\n\t\taria-label=\"Vanliga fr\u00e5gor\"\n\t\tdata-variant=\"border-between\"\n\t\tdata-ajax-action=\"log_faq_view\"\n\t\tdata-ajax-url=\"https:\/\/pysslingen.se\/wp-admin\/admin-ajax.php\"\n\t\tdata-ajax-nonce=\"437b9ec71c\"\n\t\tdata-filter-animation=\"off\">\n\n\t\t\n\t\t\t\t\t\t\t\t\t\t\t\t\t\t\t\n\t\t\t\n\t\t\t<li data-ajax-id=\"11291\" class=\"c-accordion__item \"\n\t\t\tdata-filter=\"pysslingen-forskolor mars-2026\"\n\t\t\t>\n\t\t\t\t<h3 class=\"c-accordion__header\">\n\t\t\t\t\t\t\t\t\t\t<button class=\"c-accordion__trigger u-py-sm u-px-fluid-md-xl u-font-title-4\">\n\t\t\t\t\t\t<span>Hur ser en dag p\u00e5 f\u00f6rskolan ut?<\/span>\n\t\t\t\t\t\t<svg class=\"ams-icon ams-icon__arrow-down\" width=\"24\" height=\"24\" viewbox=\"0 0 24 24\" fill=\"currentColor\" aria-hidden=\"true\" xmlns=\"http:\/\/www.w3.org\/2000\/svg\">\n\t\t\t\t\t\t\t\t\t\t\t\t\t<path d=\"m11.2033 18.4294-10.872894-10.67584c-.440539-.42594-.440539-1.1147 0-1.54065l.665495-.64345c.440539-.42595 1.152899-.42595 1.593439 0l9.41066 9.27114 9.4107-9.26207c.4405-.42595 1.1529-.42595 1.5934 0l.6655.64345c.4405.42594.4405 1.1147 0 1.54065l-10.8729 10.67587c-.4405.4168-1.1529.4168-1.5934-.0091z\"\/>\n\t\t\t\t\t\n\t\t\t\t\t\t<\/svg>\n\t\t\t\t\t<\/button>\n\t\t\t\t<\/h3>\n\t\t\t\t<div class=\"c-accordion__body l-stack u-font-body\">\n\t\t\t\t\t<div class=\"c-accordion__body__inner u-p-fluid-md-xl l-stack\">\n\t\t\t\t\t\t<p><span style=\"font-weight: 400;\">Fr\u00e5gan om hur dagarna ser ut f\u00f6r barnen, \u00e4r bra att st\u00e4lla i samband med visning av f\u00f6rskolan och vid inskolningen. D\u00e5 rutiner och uppl\u00e4gg kan variera fr\u00e5n f\u00f6rskola till f\u00f6rskola och utifr\u00e5n olika \u00e5ldrar.<\/span><\/p>\n\n\t\t\t\t\t<\/div>\n\t\t\t\t<\/div>\n\t\t\t<\/li>\n\t\t\n\t\t\t\t\t\t\t\t\t\t\t\t\t\t\t\n\t\t\t\n\t\t\t<li data-ajax-id=\"11290\" class=\"c-accordion__item \"\n\t\t\tdata-filter=\"borja-forskola pysslingen-forskolor mars-2026\"\n\t\t\t>\n\t\t\t\t<h3 class=\"c-accordion__header\">\n\t\t\t\t\t\t\t\t\t\t<button class=\"c-accordion__trigger u-py-sm u-px-fluid-md-xl u-font-title-4\">\n\t\t\t\t\t\t<span>Vad beh\u00f6ver barnen kunna n\u00e4r de b\u00f6rjar i f\u00f6rskolan?<\/span>\n\t\t\t\t\t\t<svg class=\"ams-icon ams-icon__arrow-down\" width=\"24\" height=\"24\" viewbox=\"0 0 24 24\" fill=\"currentColor\" aria-hidden=\"true\" xmlns=\"http:\/\/www.w3.org\/2000\/svg\">\n\t\t\t\t\t\t\t\t\t\t\t\t\t<path d=\"m11.2033 18.4294-10.872894-10.67584c-.440539-.42594-.440539-1.1147 0-1.54065l.665495-.64345c.440539-.42595 1.152899-.42595 1.593439 0l9.41066 9.27114 9.4107-9.26207c.4405-.42595 1.1529-.42595 1.5934 0l.6655.64345c.4405.42594.4405 1.1147 0 1.54065l-10.8729 10.67587c-.4405.4168-1.1529.4168-1.5934-.0091z\"\/>\n\t\t\t\t\t\n\t\t\t\t\t\t<\/svg>\n\t\t\t\t\t<\/button>\n\t\t\t\t<\/h3>\n\t\t\t\t<div class=\"c-accordion__body l-stack u-font-body\">\n\t\t\t\t\t<div class=\"c-accordion__body__inner u-p-fluid-md-xl l-stack\">\n\t\t\t\t\t\t<p><span style=\"font-weight: 400;\">Det finns inga krav p\u00e5 vad barnen beh\u00f6ver kunna n\u00e4r de b\u00f6rjar f\u00f6rskolan.<\/span><\/p>\n<p><span style=\"font-weight: 400;\">\u00a0<\/span><\/p>\n\n\t\t\t\t\t<\/div>\n\t\t\t\t<\/div>\n\t\t\t<\/li>\n\t\t\n\t\t\t\t\t\t\t\t\t\t\t\t\t\t\t\n\t\t\t\n\t\t\t<li data-ajax-id=\"11289\" class=\"c-accordion__item \"\n\t\t\tdata-filter=\"borja-forskola pysslingen-forskolor mars-2026\"\n\t\t\t>\n\t\t\t\t<h3 class=\"c-accordion__header\">\n\t\t\t\t\t\t\t\t\t\t<button class=\"c-accordion__trigger u-py-sm u-px-fluid-md-xl u-font-title-4\">\n\t\t\t\t\t\t<span>Ska man ha med bl\u00f6jor till sitt barn?<\/span>\n\t\t\t\t\t\t<svg class=\"ams-icon ams-icon__arrow-down\" width=\"24\" height=\"24\" viewbox=\"0 0 24 24\" fill=\"currentColor\" aria-hidden=\"true\" xmlns=\"http:\/\/www.w3.org\/2000\/svg\">\n\t\t\t\t\t\t\t\t\t\t\t\t\t<path d=\"m11.2033 18.4294-10.872894-10.67584c-.440539-.42594-.440539-1.1147 0-1.54065l.665495-.64345c.440539-.42595 1.152899-.42595 1.593439 0l9.41066 9.27114 9.4107-9.26207c.4405-.42595 1.1529-.42595 1.5934 0l.6655.64345c.4405.42594.4405 1.1147 0 1.54065l-10.8729 10.67587c-.4405.4168-1.1529.4168-1.5934-.0091z\"\/>\n\t\t\t\t\t\n\t\t\t\t\t\t<\/svg>\n\t\t\t\t\t<\/button>\n\t\t\t\t<\/h3>\n\t\t\t\t<div class=\"c-accordion__body l-stack u-font-body\">\n\t\t\t\t\t<div class=\"c-accordion__body__inner u-p-fluid-md-xl l-stack\">\n\t\t\t\t\t\t<p>P\u00e5 majoriteten av v\u00e5ra f\u00f6rskolor tillhandah\u00e5ller vi bl\u00f6jor och tv\u00e4ttlappar.<\/p>\n\n\t\t\t\t\t<\/div>\n\t\t\t\t<\/div>\n\t\t\t<\/li>\n\t\t\n\t\t\t\t\t\t\t\t\t\t\t\t\t\t\t\n\t\t\t\n\t\t\t<li data-ajax-id=\"11288\" class=\"c-accordion__item \"\n\t\t\tdata-filter=\"borja-forskola pysslingen-forskolor mars-2026\"\n\t\t\t>\n\t\t\t\t<h3 class=\"c-accordion__header\">\n\t\t\t\t\t\t\t\t\t\t<button class=\"c-accordion__trigger u-py-sm u-px-fluid-md-xl u-font-title-4\">\n\t\t\t\t\t\t<span>Vad ska man ha f\u00f6r kl\u00e4der p\u00e5 f\u00f6rskolan till sitt barn?<\/span>\n\t\t\t\t\t\t<svg class=\"ams-icon ams-icon__arrow-down\" width=\"24\" height=\"24\" viewbox=\"0 0 24 24\" fill=\"currentColor\" aria-hidden=\"true\" xmlns=\"http:\/\/www.w3.org\/2000\/svg\">\n\t\t\t\t\t\t\t\t\t\t\t\t\t<path d=\"m11.2033 18.4294-10.872894-10.67584c-.440539-.42594-.440539-1.1147 0-1.54065l.665495-.64345c.440539-.42595 1.152899-.42595 1.593439 0l9.41066 9.27114 9.4107-9.26207c.4405-.42595 1.1529-.42595 1.5934 0l.6655.64345c.4405.42594.4405 1.1147 0 1.54065l-10.8729 10.67587c-.4405.4168-1.1529.4168-1.5934-.0091z\"\/>\n\t\t\t\t\t\n\t\t\t\t\t\t<\/svg>\n\t\t\t\t\t<\/button>\n\t\t\t\t<\/h3>\n\t\t\t\t<div class=\"c-accordion__body l-stack u-font-body\">\n\t\t\t\t\t<div class=\"c-accordion__body__inner u-p-fluid-md-xl l-stack\">\n\t\t\t\t\t\t<p>Barn p\u00e5 f\u00f6rskolan beh\u00f6ver kl\u00e4der efter v\u00e4der och som \u00e4r l\u00e4tta att r\u00f6ra sig i. Det \u00e4r bra att kl\u00e4 barnet i lager p\u00e5 lager, med ett innerlager, ett v\u00e4rmande mellanlager och ett ytterlager som skyddar mot vind och v\u00e4ta. <a href=\"https:\/\/pysslingen.se\/klader\/\">L\u00e4s mer om v\u00e5ra tips om kl\u00e4der till f\u00f6rskolan h\u00e4r!<\/a><\/p>\n\n\t\t\t\t\t<\/div>\n\t\t\t\t<\/div>\n\t\t\t<\/li>\n\t\t\n\t\t\t\t\t\t\t\t\t\t\t\t\t\t\t\n\t\t\t\n\t\t\t<li data-ajax-id=\"11287\" class=\"c-accordion__item \"\n\t\t\tdata-filter=\"pysslingen-forskolor mars-2026\"\n\t\t\t>\n\t\t\t\t<h3 class=\"c-accordion__header\">\n\t\t\t\t\t\t\t\t\t\t<button class=\"c-accordion__trigger u-py-sm u-px-fluid-md-xl u-font-title-4\">\n\t\t\t\t\t\t<span>I hur stor utstr\u00e4ckning \u00e4r barnen utomhus under dagen?<\/span>\n\t\t\t\t\t\t<svg class=\"ams-icon ams-icon__arrow-down\" width=\"24\" height=\"24\" viewbox=\"0 0 24 24\" fill=\"currentColor\" aria-hidden=\"true\" xmlns=\"http:\/\/www.w3.org\/2000\/svg\">\n\t\t\t\t\t\t\t\t\t\t\t\t\t<path d=\"m11.2033 18.4294-10.872894-10.67584c-.440539-.42594-.440539-1.1147 0-1.54065l.665495-.64345c.440539-.42595 1.152899-.42595 1.593439 0l9.41066 9.27114 9.4107-9.26207c.4405-.42595 1.1529-.42595 1.5934 0l.6655.64345c.4405.42594.4405 1.1147 0 1.54065l-10.8729 10.67587c-.4405.4168-1.1529.4168-1.5934-.0091z\"\/>\n\t\t\t\t\t\n\t\t\t\t\t\t<\/svg>\n\t\t\t\t\t<\/button>\n\t\t\t\t<\/h3>\n\t\t\t\t<div class=\"c-accordion__body l-stack u-font-body\">\n\t\t\t\t\t<div class=\"c-accordion__body__inner u-p-fluid-md-xl l-stack\">\n\t\t\t\t\t\t<p><span style=\"font-weight: 400;\">Varje f\u00f6rskola planerar f\u00f6r att ge barnen m\u00f6jlighet att vara ute b\u00e5de p\u00e5 f\u00f6rmiddagen och eftermiddagen. Det handlar d\u00e4rf\u00f6r om att kunna vara ute i alla v\u00e4der och vara kl\u00e4dd f\u00f6r det. Naturligtvis har v\u00e4derleken en p\u00e5verkan p\u00e5 vistelsetiden utomhus och anpassas efter kyla, nederb\u00f6rd, vind och solljus.<\/span><\/p>\n\n\t\t\t\t\t<\/div>\n\t\t\t\t<\/div>\n\t\t\t<\/li>\n\t\t\n\t\t\t\t\t\t\t\t\t\t\t\t\t\t\t\n\t\t\t\n\t\t\t<li data-ajax-id=\"11286\" class=\"c-accordion__item \"\n\t\t\tdata-filter=\"borja-forskola pysslingen-forskolor mars-2026\"\n\t\t\t>\n\t\t\t\t<h3 class=\"c-accordion__header\">\n\t\t\t\t\t\t\t\t\t\t<button class=\"c-accordion__trigger u-py-sm u-px-fluid-md-xl u-font-title-4\">\n\t\t\t\t\t\t<span>Har ni m\u00f6jlighet att ge mitt barn vegansk eller vegetarisk kost?<\/span>\n\t\t\t\t\t\t<svg class=\"ams-icon ams-icon__arrow-down\" width=\"24\" height=\"24\" viewbox=\"0 0 24 24\" fill=\"currentColor\" aria-hidden=\"true\" xmlns=\"http:\/\/www.w3.org\/2000\/svg\">\n\t\t\t\t\t\t\t\t\t\t\t\t\t<path d=\"m11.2033 18.4294-10.872894-10.67584c-.440539-.42594-.440539-1.1147 0-1.54065l.665495-.64345c.440539-.42595 1.152899-.42595 1.593439 0l9.41066 9.27114 9.4107-9.26207c.4405-.42595 1.1529-.42595 1.5934 0l.6655.64345c.4405.42594.4405 1.1147 0 1.54065l-10.8729 10.67587c-.4405.4168-1.1529.4168-1.5934-.0091z\"\/>\n\t\t\t\t\t\n\t\t\t\t\t\t<\/svg>\n\t\t\t\t\t<\/button>\n\t\t\t\t<\/h3>\n\t\t\t\t<div class=\"c-accordion__body l-stack u-font-body\">\n\t\t\t\t\t<div class=\"c-accordion__body__inner u-p-fluid-md-xl l-stack\">\n\t\t\t\t\t\t<p><span style=\"font-weight: 400;\">Vegetarisk kost serveras p\u00e5 f\u00f6rskolan flera dagar i veckan.<\/span><\/p>\n<p><span style=\"font-weight: 400;\">F\u00f6r de barn som endast \u00e4ter vegansk eller vegetarisk kost beh\u00f6ver du l\u00e4mna in ett kostf\u00f6rtydligande till k\u00f6ket. F\u00f6r tex gluten eller andra allergier, beh\u00f6vs ett l\u00e4karintyg. <\/span><span style=\"font-weight: 400;\">Det \u00e4r viktigt att du som v\u00e5rdnadshavare meddelar f\u00f6rskolan om specialkost i samband med inskolningen.<\/span><\/p>\n<p><span style=\"font-weight: 400;\">\u00a0<\/span><\/p>\n\n\t\t\t\t\t<\/div>\n\t\t\t\t<\/div>\n\t\t\t<\/li>\n\t\t\n\t\t\t\t\t\t\t\t\t\t\t\t\t\t\t\n\t\t\t\n\t\t\t<li data-ajax-id=\"11285\" class=\"c-accordion__item \"\n\t\t\tdata-filter=\"pysslingen-forskolor mars-2026\"\n\t\t\t>\n\t\t\t\t<h3 class=\"c-accordion__header\">\n\t\t\t\t\t\t\t\t\t\t<button class=\"c-accordion__trigger u-py-sm u-px-fluid-md-xl u-font-title-4\">\n\t\t\t\t\t\t<span>G\u00f6r ni utflykter under dagen och l\u00e4mnar f\u00f6rskoleg\u00e5rden?<\/span>\n\t\t\t\t\t\t<svg class=\"ams-icon ams-icon__arrow-down\" width=\"24\" height=\"24\" viewbox=\"0 0 24 24\" fill=\"currentColor\" aria-hidden=\"true\" xmlns=\"http:\/\/www.w3.org\/2000\/svg\">\n\t\t\t\t\t\t\t\t\t\t\t\t\t<path d=\"m11.2033 18.4294-10.872894-10.67584c-.440539-.42594-.440539-1.1147 0-1.54065l.665495-.64345c.440539-.42595 1.152899-.42595 1.593439 0l9.41066 9.27114 9.4107-9.26207c.4405-.42595 1.1529-.42595 1.5934 0l.6655.64345c.4405.42594.4405 1.1147 0 1.54065l-10.8729 10.67587c-.4405.4168-1.1529.4168-1.5934-.0091z\"\/>\n\t\t\t\t\t\n\t\t\t\t\t\t<\/svg>\n\t\t\t\t\t<\/button>\n\t\t\t\t<\/h3>\n\t\t\t\t<div class=\"c-accordion__body l-stack u-font-body\">\n\t\t\t\t\t<div class=\"c-accordion__body__inner u-p-fluid-md-xl l-stack\">\n\t\t\t\t\t\t<p><span style=\"font-weight: 400;\">Alla v\u00e5ra f\u00f6rskolor har nyfikenhet och utforskande som tydliga kvaliteter i sin undervisning, vilket g\u00f6r att f\u00f6rskolans barngrupper kontinuerligt l\u00e4mnar f\u00f6rskolan f\u00f6r att uppt\u00e4cka nytt och annat. Det sker d\u00e4rf\u00f6r b\u00e5de kortare eller l\u00e4ngre utflykter till n\u00e4rliggande gr\u00f6nomr\u00e5den, parker och evenemang.<\/span><\/p>\n<p><span style=\"font-weight: 400;\">Inf\u00f6r varje utflykt g\u00f6r pedagogerna alltid en riskanalys f\u00f6r att skapa strategier och beredskap f\u00f6r att hantera eventuella utmanande moment. Alla barn har v\u00e4star, med kontaktuppgifter till f\u00f6rskolan.<\/span><\/p>\n\n\t\t\t\t\t<\/div>\n\t\t\t\t<\/div>\n\t\t\t<\/li>\n\t\t\n\t\t\t\t\t\t\t\t\t\t\t\t\t\t\t\n\t\t\t\n\t\t\t<li data-ajax-id=\"11284\" class=\"c-accordion__item \"\n\t\t\tdata-filter=\"borja-forskola pysslingen-forskolor mars-2026\"\n\t\t\t>\n\t\t\t\t<h3 class=\"c-accordion__header\">\n\t\t\t\t\t\t\t\t\t\t<button class=\"c-accordion__trigger u-py-sm u-px-fluid-md-xl u-font-title-4\">\n\t\t\t\t\t\t<span> Hur g\u00e5r introduktionen i f\u00f6rskolan till?<\/span>\n\t\t\t\t\t\t<svg class=\"ams-icon ams-icon__arrow-down\" width=\"24\" height=\"24\" viewbox=\"0 0 24 24\" fill=\"currentColor\" aria-hidden=\"true\" xmlns=\"http:\/\/www.w3.org\/2000\/svg\">\n\t\t\t\t\t\t\t\t\t\t\t\t\t<path d=\"m11.2033 18.4294-10.872894-10.67584c-.440539-.42594-.440539-1.1147 0-1.54065l.665495-.64345c.440539-.42595 1.152899-.42595 1.593439 0l9.41066 9.27114 9.4107-9.26207c.4405-.42595 1.1529-.42595 1.5934 0l.6655.64345c.4405.42594.4405 1.1147 0 1.54065l-10.8729 10.67587c-.4405.4168-1.1529.4168-1.5934-.0091z\"\/>\n\t\t\t\t\t\n\t\t\t\t\t\t<\/svg>\n\t\t\t\t\t<\/button>\n\t\t\t\t<\/h3>\n\t\t\t\t<div class=\"c-accordion__body l-stack u-font-body\">\n\t\t\t\t\t<div class=\"c-accordion__body__inner u-p-fluid-md-xl l-stack\">\n\t\t\t\t\t\t<p><span style=\"font-weight: 400;\">Introduktionen i f\u00f6rskolan \u00e4r f\u00f6r\u00e4ldraaktiv och v\u00e5rdnadshavaren \u00e4r d\u00e4rf\u00f6r med barnet under hela inskolningen. Det g\u00f6r att barnet k\u00e4nner sig tryggt och i lugn och ro kan b\u00f6rja l\u00e4ra k\u00e4nna sin nya milj\u00f6. <\/span><\/p>\n<p><span style=\"font-weight: 400;\">Det \u00e4r \u00e4ven ett tillf\u00e4lle f\u00f6r v\u00e5rdnadshavarna att l\u00e4ra k\u00e4nna f\u00f6rskolan och dess pedagoger och k\u00e4nna sig trygga med dem, samt att f\u00e5 en inblick i hur dagarna organiseras, s\u00e5 att v\u00e5rdnadshavaren kan st\u00f6tta barnet d\u00e4r hemma, inf\u00f6r f\u00f6rskoledagarnas rutiner och aktiviteter.<\/span><\/p>\n\n\t\t\t\t\t<\/div>\n\t\t\t\t<\/div>\n\t\t\t<\/li>\n\t\t\n\t\t\t\t\t\t\t\t\t\t\t\t\t\t\t\n\t\t\t\n\t\t\t<li data-ajax-id=\"11283\" class=\"c-accordion__item \"\n\t\t\tdata-filter=\"pysslingen-forskolor mars-2026\"\n\t\t\t>\n\t\t\t\t<h3 class=\"c-accordion__header\">\n\t\t\t\t\t\t\t\t\t\t<button class=\"c-accordion__trigger u-py-sm u-px-fluid-md-xl u-font-title-4\">\n\t\t\t\t\t\t<span>Hur garanterar ni s\u00e4kerheten p\u00e5 f\u00f6rskolan?<\/span>\n\t\t\t\t\t\t<svg class=\"ams-icon ams-icon__arrow-down\" width=\"24\" height=\"24\" viewbox=\"0 0 24 24\" fill=\"currentColor\" aria-hidden=\"true\" xmlns=\"http:\/\/www.w3.org\/2000\/svg\">\n\t\t\t\t\t\t\t\t\t\t\t\t\t<path d=\"m11.2033 18.4294-10.872894-10.67584c-.440539-.42594-.440539-1.1147 0-1.54065l.665495-.64345c.440539-.42595 1.152899-.42595 1.593439 0l9.41066 9.27114 9.4107-9.26207c.4405-.42595 1.1529-.42595 1.5934 0l.6655.64345c.4405.42594.4405 1.1147 0 1.54065l-10.8729 10.67587c-.4405.4168-1.1529.4168-1.5934-.0091z\"\/>\n\t\t\t\t\t\n\t\t\t\t\t\t<\/svg>\n\t\t\t\t\t<\/button>\n\t\t\t\t<\/h3>\n\t\t\t\t<div class=\"c-accordion__body l-stack u-font-body\">\n\t\t\t\t\t<div class=\"c-accordion__body__inner u-p-fluid-md-xl l-stack\">\n\t\t\t\t\t\t<p><span style=\"font-weight: 400;\">F\u00f6rskolans dagar bygger p\u00e5 att f\u00f6rskolan har en tydlig genomt\u00e4nkt grundstruktur, utifr\u00e5n barngruppens behov. Grundstrukturen tydligg\u00f6r hur pedagogerna ska f\u00f6rdela sig och hur dagarna organiseras f\u00f6r att kunna s\u00e4kerst\u00e4lla att barngruppen har trygga dagar och aktiviteter b\u00e5de ute och inne. Ut\u00f6ver det sker kontinuerligt barns\u00e4kerhetsroder p\u00e5 f\u00f6rskolan.<\/span><\/p>\n<p><span style=\"font-weight: 400;\">N\u00e4r f\u00f6rskolegrupper g\u00e5r iv\u00e4g p\u00e5 utflykt, g\u00f6r man alltid en riskanalys f\u00f6r att t\u00e4nka igenom vilka moment som kommer att kr\u00e4va s\u00e4rskilda \u00e5tg\u00e4rder under utflykten. Att anpassa antalet barn som kan l\u00e4mna f\u00f6rskolan, utifr\u00e5n riskanalysen, \u00e4r ocks\u00e5 en \u00e5tg\u00e4rd som vidtas. Samt att alla barn har v\u00e4star med telefonnummer till f\u00f6rskolan.<\/span><\/p>\n\n\t\t\t\t\t<\/div>\n\t\t\t\t<\/div>\n\t\t\t<\/li>\n\t\t\n\t\t\t\t\t\t\t\t\t\t\t\t\t\t\t\n\t\t\t\n\t\t\t<li data-ajax-id=\"11282\" class=\"c-accordion__item \"\n\t\t\tdata-filter=\"borja-forskola pysslingen-forskolor mars-2026\"\n\t\t\t>\n\t\t\t\t<h3 class=\"c-accordion__header\">\n\t\t\t\t\t\t\t\t\t\t<button class=\"c-accordion__trigger u-py-sm u-px-fluid-md-xl u-font-title-4\">\n\t\t\t\t\t\t<span>Hur ska mitt barn kunna somna under vilan p\u00e5 f\u00f6rskolan?<\/span>\n\t\t\t\t\t\t<svg class=\"ams-icon ams-icon__arrow-down\" width=\"24\" height=\"24\" viewbox=\"0 0 24 24\" fill=\"currentColor\" aria-hidden=\"true\" xmlns=\"http:\/\/www.w3.org\/2000\/svg\">\n\t\t\t\t\t\t\t\t\t\t\t\t\t<path d=\"m11.2033 18.4294-10.872894-10.67584c-.440539-.42594-.440539-1.1147 0-1.54065l.665495-.64345c.440539-.42595 1.152899-.42595 1.593439 0l9.41066 9.27114 9.4107-9.26207c.4405-.42595 1.1529-.42595 1.5934 0l.6655.64345c.4405.42594.4405 1.1147 0 1.54065l-10.8729 10.67587c-.4405.4168-1.1529.4168-1.5934-.0091z\"\/>\n\t\t\t\t\t\n\t\t\t\t\t\t<\/svg>\n\t\t\t\t\t<\/button>\n\t\t\t\t<\/h3>\n\t\t\t\t<div class=\"c-accordion__body l-stack u-font-body\">\n\t\t\t\t\t<div class=\"c-accordion__body__inner u-p-fluid-md-xl l-stack\">\n\t\t\t\t\t\t<p><span style=\"font-weight: 400;\">F\u00f6rskolans pedagoger har stor erfarenhet av att f\u00e5 barn att komma till ro under vilan tillsammans med de andra barnen, samt att m\u00f6ta de olika barnens behov.<\/span><\/p>\n<p><span style=\"font-weight: 400;\">Vilan \u00e4r en tydlig rutin som \u00e4r k\u00e4nd f\u00f6r alla barnen p\u00e5 avdelningen. Oftast h\u00e4rmar de varandra snabbt och l\u00e4gger sig n\u00e4r de andra barnen g\u00f6r det. Den f\u00f6rsta tiden p\u00e5 f\u00f6rskolan \u00e4r barnen fyllda av nya intryck och vilar g\u00e4rna n\u00e4r tillf\u00e4lle bjuds.<\/span><\/p>\n\n\t\t\t\t\t<\/div>\n\t\t\t\t<\/div>\n\t\t\t<\/li>\n\t\t\n\t\t\t\t\t\t\t\t\t\t\t\t\t\t\t\n\t\t\t\n\t\t\t<li data-ajax-id=\"11281\" class=\"c-accordion__item \"\n\t\t\tdata-filter=\"borja-forskola pysslingen-forskolor mars-2026\"\n\t\t\t>\n\t\t\t\t<h3 class=\"c-accordion__header\">\n\t\t\t\t\t\t\t\t\t\t<button class=\"c-accordion__trigger u-py-sm u-px-fluid-md-xl u-font-title-4\">\n\t\t\t\t\t\t<span>Vad kostar det att g\u00e5 p\u00e5 f\u00f6rskola?<\/span>\n\t\t\t\t\t\t<svg class=\"ams-icon ams-icon__arrow-down\" width=\"24\" height=\"24\" viewbox=\"0 0 24 24\" fill=\"currentColor\" aria-hidden=\"true\" xmlns=\"http:\/\/www.w3.org\/2000\/svg\">\n\t\t\t\t\t\t\t\t\t\t\t\t\t<path d=\"m11.2033 18.4294-10.872894-10.67584c-.440539-.42594-.440539-1.1147 0-1.54065l.665495-.64345c.440539-.42595 1.152899-.42595 1.593439 0l9.41066 9.27114 9.4107-9.26207c.4405-.42595 1.1529-.42595 1.5934 0l.6655.64345c.4405.42594.4405 1.1147 0 1.54065l-10.8729 10.67587c-.4405.4168-1.1529.4168-1.5934-.0091z\"\/>\n\t\t\t\t\t\n\t\t\t\t\t\t<\/svg>\n\t\t\t\t\t<\/button>\n\t\t\t\t<\/h3>\n\t\t\t\t<div class=\"c-accordion__body l-stack u-font-body\">\n\t\t\t\t\t<div class=\"c-accordion__body__inner u-p-fluid-md-xl l-stack\">\n\t\t\t\t\t\t<p><span style=\"font-weight: 400;\">F\u00f6rskoleavgiften f\u00f6r b\u00e5de frist\u00e5ende och kommunala f\u00f6rskolor i Sverige baseras p\u00e5 hush\u00e5llets inkomst och f\u00f6ljer en maxtaxa. Avgiften \u00e4r en procentsats (max 3 %) av bruttoinkomsten upp till ett inkomsttak och syskonrabatter g\u00e4ller.<\/span><\/p>\n\n\t\t\t\t\t<\/div>\n\t\t\t\t<\/div>\n\t\t\t<\/li>\n\t\t\n\t\t\t\t\t\t\t\t\t\t\t\t\t\t\t\n\t\t\t\n\t\t\t<li data-ajax-id=\"11278\" class=\"c-accordion__item \"\n\t\t\tdata-filter=\"pysslingen-forskolor mars-2026\"\n\t\t\t>\n\t\t\t\t<h3 class=\"c-accordion__header\">\n\t\t\t\t\t\t\t\t\t\t<button class=\"c-accordion__trigger u-py-sm u-px-fluid-md-xl u-font-title-4\">\n\t\t\t\t\t\t<span>Vad \u00e4r MiniPyss?<\/span>\n\t\t\t\t\t\t<svg class=\"ams-icon ams-icon__arrow-down\" width=\"24\" height=\"24\" viewbox=\"0 0 24 24\" fill=\"currentColor\" aria-hidden=\"true\" xmlns=\"http:\/\/www.w3.org\/2000\/svg\">\n\t\t\t\t\t\t\t\t\t\t\t\t\t<path d=\"m11.2033 18.4294-10.872894-10.67584c-.440539-.42594-.440539-1.1147 0-1.54065l.665495-.64345c.440539-.42595 1.152899-.42595 1.593439 0l9.41066 9.27114 9.4107-9.26207c.4405-.42595 1.1529-.42595 1.5934 0l.6655.64345c.4405.42594.4405 1.1147 0 1.54065l-10.8729 10.67587c-.4405.4168-1.1529.4168-1.5934-.0091z\"\/>\n\t\t\t\t\t\n\t\t\t\t\t\t<\/svg>\n\t\t\t\t\t<\/button>\n\t\t\t\t<\/h3>\n\t\t\t\t<div class=\"c-accordion__body l-stack u-font-body\">\n\t\t\t\t\t<div class=\"c-accordion__body__inner u-p-fluid-md-xl l-stack\">\n\t\t\t\t\t\t<p><span style=\"font-weight: 400;\">MiniPyss \u00e4r en kostnadsfri form av \u00f6ppen f\u00f6rskola som erbjuds av Pysslingen f\u00f6rskolor, MiniPyss \u00e4r speciellt anpassad f\u00f6r f\u00f6r\u00e4ldralediga och barn. Det \u00e4r en social m\u00f6tesplats d\u00e4r deltagarna sjunger, pysslar, l\u00e4ser sagor och utforskar aktiviteter, ofta med bjudfika eller mellis och utan f\u00f6ranm\u00e4lan.<\/span><\/p>\n\n\t\t\t\t\t<\/div>\n\t\t\t\t<\/div>\n\t\t\t<\/li>\n\t\t\n\t\t\t\t\t\t\t\t\t\t\t\t\t\t\t\n\t\t\t\n\t\t\t<li data-ajax-id=\"11277\" class=\"c-accordion__item \"\n\t\t\tdata-filter=\"pysslingen-forskolor mars-2026\"\n\t\t\t>\n\t\t\t\t<h3 class=\"c-accordion__header\">\n\t\t\t\t\t\t\t\t\t\t<button class=\"c-accordion__trigger u-py-sm u-px-fluid-md-xl u-font-title-4\">\n\t\t\t\t\t\t<span>Hur fungerar simskolan p\u00e5 f\u00f6rskolan?<\/span>\n\t\t\t\t\t\t<svg class=\"ams-icon ams-icon__arrow-down\" width=\"24\" height=\"24\" viewbox=\"0 0 24 24\" fill=\"currentColor\" aria-hidden=\"true\" xmlns=\"http:\/\/www.w3.org\/2000\/svg\">\n\t\t\t\t\t\t\t\t\t\t\t\t\t<path d=\"m11.2033 18.4294-10.872894-10.67584c-.440539-.42594-.440539-1.1147 0-1.54065l.665495-.64345c.440539-.42595 1.152899-.42595 1.593439 0l9.41066 9.27114 9.4107-9.26207c.4405-.42595 1.1529-.42595 1.5934 0l.6655.64345c.4405.42594.4405 1.1147 0 1.54065l-10.8729 10.67587c-.4405.4168-1.1529.4168-1.5934-.0091z\"\/>\n\t\t\t\t\t\n\t\t\t\t\t\t<\/svg>\n\t\t\t\t\t<\/button>\n\t\t\t\t<\/h3>\n\t\t\t\t<div class=\"c-accordion__body l-stack u-font-body\">\n\t\t\t\t\t<div class=\"c-accordion__body__inner u-p-fluid-md-xl l-stack\">\n\t\t\t\t\t\t<p><span style=\"font-weight: 400;\">Pysslingen f\u00f6rskolor erbjuder simskola f\u00f6r 5-\u00e5ringar p\u00e5 ett stort antal f\u00f6rskolor. Simskolan leds av utbildade och erfarna instrukt\u00f6rer och siml\u00e4rare tillsammans med personal fr\u00e5n f\u00f6rskolan som \u00e4r med under hela aktiviteten f\u00f6r att st\u00f6tta barnen fr\u00e5n bass\u00e4ngkanten. Aktiviteten sker under ca 8 tillf\u00e4llen under \u00e5ret och i mindre grupper f\u00f6r en trygg och s\u00e4ker upplevelse f\u00f6r barn och vuxna.<\/span><\/p>\n\n\t\t\t\t\t<\/div>\n\t\t\t\t<\/div>\n\t\t\t<\/li>\n\t\t\n\t\t\t\t\t\t\t\t\t\t\t\t\t\t\t\n\t\t\t\n\t\t\t<li data-ajax-id=\"11276\" class=\"c-accordion__item \"\n\t\t\tdata-filter=\"pysslingen-forskolor mars-2026\"\n\t\t\t>\n\t\t\t\t<h3 class=\"c-accordion__header\">\n\t\t\t\t\t\t\t\t\t\t<button class=\"c-accordion__trigger u-py-sm u-px-fluid-md-xl u-font-title-4\">\n\t\t\t\t\t\t<span>Vad \u00e4r gemensamt f\u00f6r en Pysslingen f\u00f6rskola?<\/span>\n\t\t\t\t\t\t<svg class=\"ams-icon ams-icon__arrow-down\" width=\"24\" height=\"24\" viewbox=\"0 0 24 24\" fill=\"currentColor\" aria-hidden=\"true\" xmlns=\"http:\/\/www.w3.org\/2000\/svg\">\n\t\t\t\t\t\t\t\t\t\t\t\t\t<path d=\"m11.2033 18.4294-10.872894-10.67584c-.440539-.42594-.440539-1.1147 0-1.54065l.665495-.64345c.440539-.42595 1.152899-.42595 1.593439 0l9.41066 9.27114 9.4107-9.26207c.4405-.42595 1.1529-.42595 1.5934 0l.6655.64345c.4405.42594.4405 1.1147 0 1.54065l-10.8729 10.67587c-.4405.4168-1.1529.4168-1.5934-.0091z\"\/>\n\t\t\t\t\t\n\t\t\t\t\t\t<\/svg>\n\t\t\t\t\t<\/button>\n\t\t\t\t<\/h3>\n\t\t\t\t<div class=\"c-accordion__body l-stack u-font-body\">\n\t\t\t\t\t<div class=\"c-accordion__body__inner u-p-fluid-md-xl l-stack\">\n\t\t\t\t\t\t<p>Pysslingen f\u00f6rskolor f\u00f6ljer den svenska l\u00e4roplanen och utformar verksamheten helt i linje med nationella styrdokument och lagar. Gemensamt f\u00f6r dem alla \u00e4r de tre grundpelarna spr\u00e5k,h\u00e5llbar utveckling och r\u00f6relse. Ut\u00f6ver det har varje f\u00f6rskola m\u00f6jlighet att sedan utforma sin egen lokala profil och pedagogiska inriktning.<\/p>\n\n\t\t\t\t\t<\/div>\n\t\t\t\t<\/div>\n\t\t\t<\/li>\n\t\t\n\t\t\t\t\t\t\t\t\t\t\t\t\t\t\t\n\t\t\t\n\t\t\t<li data-ajax-id=\"11275\" class=\"c-accordion__item \"\n\t\t\tdata-filter=\"pysslingen-forskolor mars-2026\"\n\t\t\t>\n\t\t\t\t<h3 class=\"c-accordion__header\">\n\t\t\t\t\t\t\t\t\t\t<button class=\"c-accordion__trigger u-py-sm u-px-fluid-md-xl u-font-title-4\">\n\t\t\t\t\t\t<span>N\u00e4r f\u00e5r mitt barn b\u00f6rja i f\u00f6rskolan?<\/span>\n\t\t\t\t\t\t<svg class=\"ams-icon ams-icon__arrow-down\" width=\"24\" height=\"24\" viewbox=\"0 0 24 24\" fill=\"currentColor\" aria-hidden=\"true\" xmlns=\"http:\/\/www.w3.org\/2000\/svg\">\n\t\t\t\t\t\t\t\t\t\t\t\t\t<path d=\"m11.2033 18.4294-10.872894-10.67584c-.440539-.42594-.440539-1.1147 0-1.54065l.665495-.64345c.440539-.42595 1.152899-.42595 1.593439 0l9.41066 9.27114 9.4107-9.26207c.4405-.42595 1.1529-.42595 1.5934 0l.6655.64345c.4405.42594.4405 1.1147 0 1.54065l-10.8729 10.67587c-.4405.4168-1.1529.4168-1.5934-.0091z\"\/>\n\t\t\t\t\t\n\t\t\t\t\t\t<\/svg>\n\t\t\t\t\t<\/button>\n\t\t\t\t<\/h3>\n\t\t\t\t<div class=\"c-accordion__body l-stack u-font-body\">\n\t\t\t\t\t<div class=\"c-accordion__body__inner u-p-fluid-md-xl l-stack\">\n\t\t\t\t\t\t<p><span style=\"font-weight: 400;\">Den lagstadgade r\u00e4tten f\u00f6r n\u00e4r barn kan b\u00f6rja i f\u00f6rskolan g\u00e4ller fr\u00e5n 1 \u00e5r.<\/span><\/p>\n\n\t\t\t\t\t<\/div>\n\t\t\t\t<\/div>\n\t\t\t<\/li>\n\t\t\n\t\t\t\t\t\t\t\t\t\t\t\t\t\t\t\n\t\t\t\n\t\t\t<li data-ajax-id=\"11274\" class=\"c-accordion__item \"\n\t\t\tdata-filter=\"pysslingen-forskolor mars-2026\"\n\t\t\t>\n\t\t\t\t<h3 class=\"c-accordion__header\">\n\t\t\t\t\t\t\t\t\t\t<button class=\"c-accordion__trigger u-py-sm u-px-fluid-md-xl u-font-title-4\">\n\t\t\t\t\t\t<span>Vad inneb\u00e4r garantiplats?<\/span>\n\t\t\t\t\t\t<svg class=\"ams-icon ams-icon__arrow-down\" width=\"24\" height=\"24\" viewbox=\"0 0 24 24\" fill=\"currentColor\" aria-hidden=\"true\" xmlns=\"http:\/\/www.w3.org\/2000\/svg\">\n\t\t\t\t\t\t\t\t\t\t\t\t\t<path d=\"m11.2033 18.4294-10.872894-10.67584c-.440539-.42594-.440539-1.1147 0-1.54065l.665495-.64345c.440539-.42595 1.152899-.42595 1.593439 0l9.41066 9.27114 9.4107-9.26207c.4405-.42595 1.1529-.42595 1.5934 0l.6655.64345c.4405.42594.4405 1.1147 0 1.54065l-10.8729 10.67587c-.4405.4168-1.1529.4168-1.5934-.0091z\"\/>\n\t\t\t\t\t\n\t\t\t\t\t\t<\/svg>\n\t\t\t\t\t<\/button>\n\t\t\t\t<\/h3>\n\t\t\t\t<div class=\"c-accordion__body l-stack u-font-body\">\n\t\t\t\t\t<div class=\"c-accordion__body__inner u-p-fluid-md-xl l-stack\">\n\t\t\t\t\t\t<p><span style=\"font-weight: 400;\">En garantiplats \u00e4r en garanterad f\u00f6rskoleplats som kommunen erbjuder inom en viss tid, om du inte f\u00e5r en av dina \u00f6nskade f\u00f6rskolor direkt.<\/span><\/p>\n\n\t\t\t\t\t<\/div>\n\t\t\t\t<\/div>\n\t\t\t<\/li>\n\t\t\n\t\t\t\t\t\t\t\t\t\t\t\t\t\t\t\n\t\t\t\n\t\t\t<li data-ajax-id=\"11273\" class=\"c-accordion__item \"\n\t\t\tdata-filter=\"pysslingen-forskolor mars-2026\"\n\t\t\t>\n\t\t\t\t<h3 class=\"c-accordion__header\">\n\t\t\t\t\t\t\t\t\t\t<button class=\"c-accordion__trigger u-py-sm u-px-fluid-md-xl u-font-title-4\">\n\t\t\t\t\t\t<span>Kan man se vilken k\u00f6plats man har till f\u00f6rskolan?<\/span>\n\t\t\t\t\t\t<svg class=\"ams-icon ams-icon__arrow-down\" width=\"24\" height=\"24\" viewbox=\"0 0 24 24\" fill=\"currentColor\" aria-hidden=\"true\" xmlns=\"http:\/\/www.w3.org\/2000\/svg\">\n\t\t\t\t\t\t\t\t\t\t\t\t\t<path d=\"m11.2033 18.4294-10.872894-10.67584c-.440539-.42594-.440539-1.1147 0-1.54065l.665495-.64345c.440539-.42595 1.152899-.42595 1.593439 0l9.41066 9.27114 9.4107-9.26207c.4405-.42595 1.1529-.42595 1.5934 0l.6655.64345c.4405.42594.4405 1.1147 0 1.54065l-10.8729 10.67587c-.4405.4168-1.1529.4168-1.5934-.0091z\"\/>\n\t\t\t\t\t\n\t\t\t\t\t\t<\/svg>\n\t\t\t\t\t<\/button>\n\t\t\t\t<\/h3>\n\t\t\t\t<div class=\"c-accordion__body l-stack u-font-body\">\n\t\t\t\t\t<div class=\"c-accordion__body__inner u-p-fluid-md-xl l-stack\">\n\t\t\t\t\t\t<p>Kontakta f\u00f6rskolans administat\u00f6r f\u00f6r v\u00e4gledning d\u00e5 det kan se olika ut i olika kommuner.<\/p>\n\n\t\t\t\t\t<\/div>\n\t\t\t\t<\/div>\n\t\t\t<\/li>\n\t\t\n\t\t\t\t\t\t\t\t\t\t\t\t\t\t\t\n\t\t\t\n\t\t\t<li data-ajax-id=\"11272\" class=\"c-accordion__item \"\n\t\t\tdata-filter=\"pysslingen-forskolor mars-2026\"\n\t\t\t>\n\t\t\t\t<h3 class=\"c-accordion__header\">\n\t\t\t\t\t\t\t\t\t\t<button class=\"c-accordion__trigger u-py-sm u-px-fluid-md-xl u-font-title-4\">\n\t\t\t\t\t\t<span>N\u00e4r kan man st\u00e4lla sitt barn i k\u00f6 till f\u00f6rskolan?<\/span>\n\t\t\t\t\t\t<svg class=\"ams-icon ams-icon__arrow-down\" width=\"24\" height=\"24\" viewbox=\"0 0 24 24\" fill=\"currentColor\" aria-hidden=\"true\" xmlns=\"http:\/\/www.w3.org\/2000\/svg\">\n\t\t\t\t\t\t\t\t\t\t\t\t\t<path d=\"m11.2033 18.4294-10.872894-10.67584c-.440539-.42594-.440539-1.1147 0-1.54065l.665495-.64345c.440539-.42595 1.152899-.42595 1.593439 0l9.41066 9.27114 9.4107-9.26207c.4405-.42595 1.1529-.42595 1.5934 0l.6655.64345c.4405.42594.4405 1.1147 0 1.54065l-10.8729 10.67587c-.4405.4168-1.1529.4168-1.5934-.0091z\"\/>\n\t\t\t\t\t\n\t\t\t\t\t\t<\/svg>\n\t\t\t\t\t<\/button>\n\t\t\t\t<\/h3>\n\t\t\t\t<div class=\"c-accordion__body l-stack u-font-body\">\n\t\t\t\t\t<div class=\"c-accordion__body__inner u-p-fluid-md-xl l-stack\">\n\t\t\t\t\t\t<p><span style=\"font-weight: 400;\">M\u00e5nga kommuner till\u00e5ter ans\u00f6kan till f\u00f6rskolan s\u00e5 fort barnet har fyllt sex m\u00e5nader. Det \u00e4r dock k\u00f6datumet, dvs n\u00e4r du skickar in ans\u00f6kan, som ofta avg\u00f6r din plats i k\u00f6n om flera s\u00f6ker till samma f\u00f6rskola.<\/span><\/p>\n\n\t\t\t\t\t<\/div>\n\t\t\t\t<\/div>\n\t\t\t<\/li>\n\t\t\n\t\t\t\t\t\t\t\t\t\t\t\t\t\t\t\n\t\t\t\n\t\t\t<li data-ajax-id=\"11271\" class=\"c-accordion__item \"\n\t\t\tdata-filter=\"pysslingen-forskolor mars-2026\"\n\t\t\t>\n\t\t\t\t<h3 class=\"c-accordion__header\">\n\t\t\t\t\t\t\t\t\t\t<button class=\"c-accordion__trigger u-py-sm u-px-fluid-md-xl u-font-title-4\">\n\t\t\t\t\t\t<span>Hur st\u00e4ller man sitt barn i k\u00f6 till f\u00f6rskolan?<\/span>\n\t\t\t\t\t\t<svg class=\"ams-icon ams-icon__arrow-down\" width=\"24\" height=\"24\" viewbox=\"0 0 24 24\" fill=\"currentColor\" aria-hidden=\"true\" xmlns=\"http:\/\/www.w3.org\/2000\/svg\">\n\t\t\t\t\t\t\t\t\t\t\t\t\t<path d=\"m11.2033 18.4294-10.872894-10.67584c-.440539-.42594-.440539-1.1147 0-1.54065l.665495-.64345c.440539-.42595 1.152899-.42595 1.593439 0l9.41066 9.27114 9.4107-9.26207c.4405-.42595 1.1529-.42595 1.5934 0l.6655.64345c.4405.42594.4405 1.1147 0 1.54065l-10.8729 10.67587c-.4405.4168-1.1529.4168-1.5934-.0091z\"\/>\n\t\t\t\t\t\n\t\t\t\t\t\t<\/svg>\n\t\t\t\t\t<\/button>\n\t\t\t\t<\/h3>\n\t\t\t\t<div class=\"c-accordion__body l-stack u-font-body\">\n\t\t\t\t\t<div class=\"c-accordion__body__inner u-p-fluid-md-xl l-stack\">\n\t\t\t\t\t\t<p><span style=\"font-weight: 400;\">F\u00f6r att s\u00f6ka plats i f\u00f6rskolan v\u00e4nder du dig till din hemkommun. En l\u00e4nk p\u00e5 f\u00f6rskolans hemsida leder dig r\u00e4tt, d\u00e4r kan du \u00e4ven f\u00e5 kontakt med f\u00f6rskolans adminstrat\u00f6r f\u00f6r att f\u00e5 information om hur m\u00f6jligheterna att ser ut p\u00e5 den f\u00f6rskola du \u00f6nskar plats p\u00e5.<\/span><\/p>\n<p><span style=\"font-weight: 400;\">P\u00e5 v\u00e5ra hemsidor finns ocks\u00e5 en l\u00e4nk att f\u00f6lja till kommunen med den information du beh\u00f6ver f\u00f6r att st\u00e4lla ditt barn i k\u00f6.<\/span><\/p>\n\n\t\t\t\t\t<\/div>\n\t\t\t\t<\/div>\n\t\t\t<\/li>\n\t\t\n\t\t\t\t\t\t\t\t\t\t\t\t\t\t\t\n\t\t\t\n\t\t\t<li data-ajax-id=\"1908\" class=\"c-accordion__item \"\n\t\t\tdata-filter=\"pysslingen-forskolor januari-2021\"\n\t\t\t>\n\t\t\t\t<h3 class=\"c-accordion__header\">\n\t\t\t\t\t\t\t\t\t\t<button class=\"c-accordion__trigger u-py-sm u-px-fluid-md-xl u-font-title-4\">\n\t\t\t\t\t\t<span>Vilka \u00f6ppettider har Pysslingen F\u00f6rskolor?<\/span>\n\t\t\t\t\t\t<svg class=\"ams-icon ams-icon__arrow-down\" width=\"24\" height=\"24\" viewbox=\"0 0 24 24\" fill=\"currentColor\" aria-hidden=\"true\" xmlns=\"http:\/\/www.w3.org\/2000\/svg\">\n\t\t\t\t\t\t\t\t\t\t\t\t\t<path d=\"m11.2033 18.4294-10.872894-10.67584c-.440539-.42594-.440539-1.1147 0-1.54065l.665495-.64345c.440539-.42595 1.152899-.42595 1.593439 0l9.41066 9.27114 9.4107-9.26207c.4405-.42595 1.1529-.42595 1.5934 0l.6655.64345c.4405.42594.4405 1.1147 0 1.54065l-10.8729 10.67587c-.4405.4168-1.1529.4168-1.5934-.0091z\"\/>\n\t\t\t\t\t\n\t\t\t\t\t\t<\/svg>\n\t\t\t\t\t<\/button>\n\t\t\t\t<\/h3>\n\t\t\t\t<div class=\"c-accordion__body l-stack u-font-body\">\n\t\t\t\t\t<div class=\"c-accordion__body__inner u-p-fluid-md-xl l-stack\">\n\t\t\t\t\t\t<p>Alla v\u00e5ra f\u00f6rskolor f\u00f6ljer respektive kommuns regler f\u00f6r ramtid och anpassar sina \u00f6ppettider efter bland annat v\u00e5rdnadshavarnas f\u00f6rv\u00e4rvsarbete eller studier, inom dessa. Vill du veta mer om v\u00e5ra \u00f6ppettider, kontakta samordnare p\u00e5 din f\u00f6rskola.<\/p>\n\n\t\t\t\t\t<\/div>\n\t\t\t\t<\/div>\n\t\t\t<\/li>\n\t\t\n\t\t\t\t\t\t\t\t\t\t\t\t\t\t\t\n\t\t\t\n\t\t\t<li data-ajax-id=\"977\" class=\"c-accordion__item \"\n\t\t\tdata-filter=\"pysslingen-forskolor oktober-2020\"\n\t\t\t>\n\t\t\t\t<h3 class=\"c-accordion__header\">\n\t\t\t\t\t\t\t\t\t\t<button class=\"c-accordion__trigger u-py-sm u-px-fluid-md-xl u-font-title-4\">\n\t\t\t\t\t\t<span>Hur m\u00e4ter ni kvaliteten p\u00e5 er f\u00f6rskola?<\/span>\n\t\t\t\t\t\t<svg class=\"ams-icon ams-icon__arrow-down\" width=\"24\" height=\"24\" viewbox=\"0 0 24 24\" fill=\"currentColor\" aria-hidden=\"true\" xmlns=\"http:\/\/www.w3.org\/2000\/svg\">\n\t\t\t\t\t\t\t\t\t\t\t\t\t<path d=\"m11.2033 18.4294-10.872894-10.67584c-.440539-.42594-.440539-1.1147 0-1.54065l.665495-.64345c.440539-.42595 1.152899-.42595 1.593439 0l9.41066 9.27114 9.4107-9.26207c.4405-.42595 1.1529-.42595 1.5934 0l.6655.64345c.4405.42594.4405 1.1147 0 1.54065l-10.8729 10.67587c-.4405.4168-1.1529.4168-1.5934-.0091z\"\/>\n\t\t\t\t\t\n\t\t\t\t\t\t<\/svg>\n\t\t\t\t\t<\/button>\n\t\t\t\t<\/h3>\n\t\t\t\t<div class=\"c-accordion__body l-stack u-font-body\">\n\t\t\t\t\t<div class=\"c-accordion__body__inner u-p-fluid-md-xl l-stack\">\n\t\t\t\t\t\t<p>I Pysslingen F\u00f6rskolor handlar ett bra kvalitetsarbete om att st\u00e4ndigt utv\u00e4rdera den egna verksamheten f\u00f6r att f\u00f6rb\u00e4ttra och utveckla v\u00e5ra arbetss\u00e4tt, f\u00f6rskolans milj\u00f6er och dagarnas inneh\u00e5ll f\u00f6r v\u00e5ra barn. Vi har flera verktyg som \u00e4r s\u00e4rskilt viktiga f\u00f6r att vi ska kunna utveckla och s\u00e4kerst\u00e4lla kvaliteten i v\u00e5ra f\u00f6rskolor. L\u00e4s mer om v\u00e5rt <a href=\"https:\/\/pysslingen.se\/kvalitetsarbete\/\">kvalitetsarbete<\/a>.<\/p>\n\n\t\t\t\t\t<\/div>\n\t\t\t\t<\/div>\n\t\t\t<\/li>\n\t\t\n\t\t\t\t\t\t\t\t\t\t\t\t\t\t\t\n\t\t\t\n\t\t\t<li data-ajax-id=\"965\" class=\"c-accordion__item \"\n\t\t\tdata-filter=\"pysslingen-forskolor oktober-2020\"\n\t\t\t>\n\t\t\t\t<h3 class=\"c-accordion__header\">\n\t\t\t\t\t\t\t\t\t\t<button class=\"c-accordion__trigger u-py-sm u-px-fluid-md-xl u-font-title-4\">\n\t\t\t\t\t\t<span>Hur stor \u00e4r avgiften i Pysslingen F\u00f6rskolor?<\/span>\n\t\t\t\t\t\t<svg class=\"ams-icon ams-icon__arrow-down\" width=\"24\" height=\"24\" viewbox=\"0 0 24 24\" fill=\"currentColor\" aria-hidden=\"true\" xmlns=\"http:\/\/www.w3.org\/2000\/svg\">\n\t\t\t\t\t\t\t\t\t\t\t\t\t<path d=\"m11.2033 18.4294-10.872894-10.67584c-.440539-.42594-.440539-1.1147 0-1.54065l.665495-.64345c.440539-.42595 1.152899-.42595 1.593439 0l9.41066 9.27114 9.4107-9.26207c.4405-.42595 1.1529-.42595 1.5934 0l.6655.64345c.4405.42594.4405 1.1147 0 1.54065l-10.8729 10.67587c-.4405.4168-1.1529.4168-1.5934-.0091z\"\/>\n\t\t\t\t\t\n\t\t\t\t\t\t<\/svg>\n\t\t\t\t\t<\/button>\n\t\t\t\t<\/h3>\n\t\t\t\t<div class=\"c-accordion__body l-stack u-font-body\">\n\t\t\t\t\t<div class=\"c-accordion__body__inner u-p-fluid-md-xl l-stack\">\n\t\t\t\t\t\t<p><span style=\"font-weight: 400\">Vi f\u00f6ljer samma taxa som den kommun barnet bor i <\/span><span style=\"font-weight: 400\">och <\/span><span style=\"font-weight: 400\">till\u00e4mpar, liksom kommunala f\u00f6rskolor, maxtaxa.<\/span><span style=\"font-weight: 400\"><br \/>\n<\/span><\/p>\n\n\t\t\t\t\t<\/div>\n\t\t\t\t<\/div>\n\t\t\t<\/li>\n\t\t\n\t\t\t\t\t\t\t\t\t\t\t\t\t\t\t\n\t\t\t\n\t\t\t<li data-ajax-id=\"964\" class=\"c-accordion__item \"\n\t\t\tdata-filter=\"pysslingen-forskolor oktober-2020\"\n\t\t\t>\n\t\t\t\t<h3 class=\"c-accordion__header\">\n\t\t\t\t\t\t\t\t\t\t<button class=\"c-accordion__trigger u-py-sm u-px-fluid-md-xl u-font-title-4\">\n\t\t\t\t\t\t<span>Vad \u00e4r syftet med f\u00f6rskolans l\u00e4roplan?<\/span>\n\t\t\t\t\t\t<svg class=\"ams-icon ams-icon__arrow-down\" width=\"24\" height=\"24\" viewbox=\"0 0 24 24\" fill=\"currentColor\" aria-hidden=\"true\" xmlns=\"http:\/\/www.w3.org\/2000\/svg\">\n\t\t\t\t\t\t\t\t\t\t\t\t\t<path d=\"m11.2033 18.4294-10.872894-10.67584c-.440539-.42594-.440539-1.1147 0-1.54065l.665495-.64345c.440539-.42595 1.152899-.42595 1.593439 0l9.41066 9.27114 9.4107-9.26207c.4405-.42595 1.1529-.42595 1.5934 0l.6655.64345c.4405.42594.4405 1.1147 0 1.54065l-10.8729 10.67587c-.4405.4168-1.1529.4168-1.5934-.0091z\"\/>\n\t\t\t\t\t\n\t\t\t\t\t\t<\/svg>\n\t\t\t\t\t<\/button>\n\t\t\t\t<\/h3>\n\t\t\t\t<div class=\"c-accordion__body l-stack u-font-body\">\n\t\t\t\t\t<div class=\"c-accordion__body__inner u-p-fluid-md-xl l-stack\">\n\t\t\t\t\t\t<p><span style=\"font-weight: 400\">F\u00f6rskolans l\u00e4roplan \u00e4r ett styrande dokument som inneb\u00e4r att f\u00f6rskolan har m\u00e5l och riktlinjer f\u00f6r hur verksamheten ska bedrivas och kvalitetss\u00e4kras. L\u00e4roplanen g\u00e4ller alla f\u00f6rskolor i hela Sverige och ger alla som arbetar i f\u00f6rskolan en tydlig riktning i hur vi ska arbeta f\u00f6r att ge varje barn m\u00f6jlighet att m\u00e5 bra och utvecklas utifr\u00e5n sin f\u00f6rm\u00e5ga. <\/span><\/p>\n<p><span style=\"font-weight: 400\">Hur l\u00e4roplanen till\u00e4mpas i praktiken, n\u00e4r det g\u00e4ller metoder och aktiviteter f\u00f6r att n\u00e5 m\u00e5len, kan variera fr\u00e5n f\u00f6rskola till f\u00f6rskola.<\/span><\/p>\n\n\t\t\t\t\t<\/div>\n\t\t\t\t<\/div>\n\t\t\t<\/li>\n\t\t\n\t\t\t\t\t\t\t\t\t\t\t\t\t\t\t\n\t\t\t\n\t\t\t<li data-ajax-id=\"963\" class=\"c-accordion__item \"\n\t\t\tdata-filter=\"pysslingen-forskolor oktober-2020\"\n\t\t\t>\n\t\t\t\t<h3 class=\"c-accordion__header\">\n\t\t\t\t\t\t\t\t\t\t<button class=\"c-accordion__trigger u-py-sm u-px-fluid-md-xl u-font-title-4\">\n\t\t\t\t\t\t<span>Vilka \u00e4ger Pysslingen F\u00f6rskolor?<\/span>\n\t\t\t\t\t\t<svg class=\"ams-icon ams-icon__arrow-down\" width=\"24\" height=\"24\" viewbox=\"0 0 24 24\" fill=\"currentColor\" aria-hidden=\"true\" xmlns=\"http:\/\/www.w3.org\/2000\/svg\">\n\t\t\t\t\t\t\t\t\t\t\t\t\t<path d=\"m11.2033 18.4294-10.872894-10.67584c-.440539-.42594-.440539-1.1147 0-1.54065l.665495-.64345c.440539-.42595 1.152899-.42595 1.593439 0l9.41066 9.27114 9.4107-9.26207c.4405-.42595 1.1529-.42595 1.5934 0l.6655.64345c.4405.42594.4405 1.1147 0 1.54065l-10.8729 10.67587c-.4405.4168-1.1529.4168-1.5934-.0091z\"\/>\n\t\t\t\t\t\n\t\t\t\t\t\t<\/svg>\n\t\t\t\t\t<\/button>\n\t\t\t\t<\/h3>\n\t\t\t\t<div class=\"c-accordion__body l-stack u-font-body\">\n\t\t\t\t\t<div class=\"c-accordion__body__inner u-p-fluid-md-xl l-stack\">\n\t\t\t\t\t\t<p><span style=\"font-weight: 400\">Vi \u00e4gs av AcadeMedia som \u00e4r norra Europas st\u00f6rsta utbildningsf\u00f6retag.<\/span><\/p>\n\n\t\t\t\t\t<\/div>\n\t\t\t\t<\/div>\n\t\t\t<\/li>\n\t\t\n\t\t\t\t\t\t\t\t\t\t\t\t\t\t\t\n\t\t\t\n\t\t\t<li data-ajax-id=\"955\" class=\"c-accordion__item \"\n\t\t\tdata-filter=\"pysslingen-forskolor oktober-2020\"\n\t\t\t>\n\t\t\t\t<h3 class=\"c-accordion__header\">\n\t\t\t\t\t\t\t\t\t\t<button class=\"c-accordion__trigger u-py-sm u-px-fluid-md-xl u-font-title-4\">\n\t\t\t\t\t\t<span>Var kommer namnet Pysslingen ifr\u00e5n?<\/span>\n\t\t\t\t\t\t<svg class=\"ams-icon ams-icon__arrow-down\" width=\"24\" height=\"24\" viewbox=\"0 0 24 24\" fill=\"currentColor\" aria-hidden=\"true\" xmlns=\"http:\/\/www.w3.org\/2000\/svg\">\n\t\t\t\t\t\t\t\t\t\t\t\t\t<path d=\"m11.2033 18.4294-10.872894-10.67584c-.440539-.42594-.440539-1.1147 0-1.54065l.665495-.64345c.440539-.42595 1.152899-.42595 1.593439 0l9.41066 9.27114 9.4107-9.26207c.4405-.42595 1.1529-.42595 1.5934 0l.6655.64345c.4405.42594.4405 1.1147 0 1.54065l-10.8729 10.67587c-.4405.4168-1.1529.4168-1.5934-.0091z\"\/>\n\t\t\t\t\t\n\t\t\t\t\t\t<\/svg>\n\t\t\t\t\t<\/button>\n\t\t\t\t<\/h3>\n\t\t\t\t<div class=\"c-accordion__body l-stack u-font-body\">\n\t\t\t\t\t<div class=\"c-accordion__body__inner u-p-fluid-md-xl l-stack\">\n\t\t\t\t\t\t<p><span style=\"font-weight: 400\">Ordet Pyssling betyder <\/span><i><span style=\"font-weight: 400\">mycket sm\u00e5v\u00e4xt person <\/span><\/i><span style=\"font-weight: 400\">eller <\/span><i><span style=\"font-weight: 400\">litet barn (<\/span><\/i><span style=\"font-weight: 400\">k\u00e4lla: saob.se)<\/span><span style=\"font-weight: 400\"><br \/>\n<\/span><\/p>\n\n\t\t\t\t\t<\/div>\n\t\t\t\t<\/div>\n\t\t\t<\/li>\n\t\t\n\t\t\t\t\t\t\t\t\t\t\t\t\t\t\t\n\t\t\t\n\t\t\t<li data-ajax-id=\"960\" class=\"c-accordion__item \"\n\t\t\tdata-filter=\"pysslingen-forskolor oktober-2020\"\n\t\t\t>\n\t\t\t\t<h3 class=\"c-accordion__header\">\n\t\t\t\t\t\t\t\t\t\t<button class=\"c-accordion__trigger u-py-sm u-px-fluid-md-xl u-font-title-4\">\n\t\t\t\t\t\t<span>Vad \u00e4r det f\u00f6r skillnad p\u00e5 f\u00f6rskola och dagis?<\/span>\n\t\t\t\t\t\t<svg class=\"ams-icon ams-icon__arrow-down\" width=\"24\" height=\"24\" viewbox=\"0 0 24 24\" fill=\"currentColor\" aria-hidden=\"true\" xmlns=\"http:\/\/www.w3.org\/2000\/svg\">\n\t\t\t\t\t\t\t\t\t\t\t\t\t<path d=\"m11.2033 18.4294-10.872894-10.67584c-.440539-.42594-.440539-1.1147 0-1.54065l.665495-.64345c.440539-.42595 1.152899-.42595 1.593439 0l9.41066 9.27114 9.4107-9.26207c.4405-.42595 1.1529-.42595 1.5934 0l.6655.64345c.4405.42594.4405 1.1147 0 1.54065l-10.8729 10.67587c-.4405.4168-1.1529.4168-1.5934-.0091z\"\/>\n\t\t\t\t\t\n\t\t\t\t\t\t<\/svg>\n\t\t\t\t\t<\/button>\n\t\t\t\t<\/h3>\n\t\t\t\t<div class=\"c-accordion__body l-stack u-font-body\">\n\t\t\t\t\t<div class=\"c-accordion__body__inner u-p-fluid-md-xl l-stack\">\n\t\t\t\t\t\t<p><span style=\"font-weight: 400\">Sedan l\u00e4roplanen f\u00f6r f\u00f6rskolan inf\u00f6rdes 1998 heter det <em>f\u00f6rskola<\/em> ist\u00e4llet f\u00f6r <em>daghem<\/em>, f\u00f6rkortat <em>dagis<\/em>, f\u00f6r att f\u00f6rtydliga verksamhetens pedagogiska inneh\u00e5ll.<\/span> <span style=\"font-weight: 400\">F\u00f6rskolan \u00e4r en pedagogisk verksamhet f\u00f6r barn fr\u00e5n ett \u00e5rs \u00e5lder till dess att de b\u00f6rjar f\u00f6rskoleklass.<\/span><span style=\"font-weight: 400\"><br \/>\n<\/span><\/p>\n\n\t\t\t\t\t<\/div>\n\t\t\t\t<\/div>\n\t\t\t<\/li>\n\t\t\n\t\t\t\t\t\t\t\t\t\t\t\t\t\t\t\n\t\t\t\n\t\t\t<li data-ajax-id=\"959\" class=\"c-accordion__item \"\n\t\t\tdata-filter=\"pysslingen-forskolor oktober-2020\"\n\t\t\t>\n\t\t\t\t<h3 class=\"c-accordion__header\">\n\t\t\t\t\t\t\t\t\t\t<button class=\"c-accordion__trigger u-py-sm u-px-fluid-md-xl u-font-title-4\">\n\t\t\t\t\t\t<span>N\u00e4r grundades Pysslingen F\u00f6rskolor?<\/span>\n\t\t\t\t\t\t<svg class=\"ams-icon ams-icon__arrow-down\" width=\"24\" height=\"24\" viewbox=\"0 0 24 24\" fill=\"currentColor\" aria-hidden=\"true\" xmlns=\"http:\/\/www.w3.org\/2000\/svg\">\n\t\t\t\t\t\t\t\t\t\t\t\t\t<path d=\"m11.2033 18.4294-10.872894-10.67584c-.440539-.42594-.440539-1.1147 0-1.54065l.665495-.64345c.440539-.42595 1.152899-.42595 1.593439 0l9.41066 9.27114 9.4107-9.26207c.4405-.42595 1.1529-.42595 1.5934 0l.6655.64345c.4405.42594.4405 1.1147 0 1.54065l-10.8729 10.67587c-.4405.4168-1.1529.4168-1.5934-.0091z\"\/>\n\t\t\t\t\t\n\t\t\t\t\t\t<\/svg>\n\t\t\t\t\t<\/button>\n\t\t\t\t<\/h3>\n\t\t\t\t<div class=\"c-accordion__body l-stack u-font-body\">\n\t\t\t\t\t<div class=\"c-accordion__body__inner u-p-fluid-md-xl l-stack\">\n\t\t\t\t\t\t<p><span style=\"font-weight: 400\">Pysslingen F\u00f6rskolor grundades 1986 d\u00e5 de <\/span><span style=\"font-weight: 400\">tv\u00e5 f\u00f6rsta f\u00f6rskolorna (som fortfarande finns kvar) startades i Nacka utanf\u00f6r Stockholm.<\/span><\/p>\n\n\t\t\t\t\t<\/div>\n\t\t\t\t<\/div>\n\t\t\t<\/li>\n\t\t\n\t\t\t\t\t\t\t\t\t\t\t\t\t\t\t\n\t\t\t\n\t\t\t<li data-ajax-id=\"958\" class=\"c-accordion__item \"\n\t\t\tdata-filter=\"pysslingen-forskolor oktober-2020\"\n\t\t\t>\n\t\t\t\t<h3 class=\"c-accordion__header\">\n\t\t\t\t\t\t\t\t\t\t<button class=\"c-accordion__trigger u-py-sm u-px-fluid-md-xl u-font-title-4\">\n\t\t\t\t\t\t<span>Hur m\u00e5nga Pysslingen F\u00f6rskolor finns det?<\/span>\n\t\t\t\t\t\t<svg class=\"ams-icon ams-icon__arrow-down\" width=\"24\" height=\"24\" viewbox=\"0 0 24 24\" fill=\"currentColor\" aria-hidden=\"true\" xmlns=\"http:\/\/www.w3.org\/2000\/svg\">\n\t\t\t\t\t\t\t\t\t\t\t\t\t<path d=\"m11.2033 18.4294-10.872894-10.67584c-.440539-.42594-.440539-1.1147 0-1.54065l.665495-.64345c.440539-.42595 1.152899-.42595 1.593439 0l9.41066 9.27114 9.4107-9.26207c.4405-.42595 1.1529-.42595 1.5934 0l.6655.64345c.4405.42594.4405 1.1147 0 1.54065l-10.8729 10.67587c-.4405.4168-1.1529.4168-1.5934-.0091z\"\/>\n\t\t\t\t\t\n\t\t\t\t\t\t<\/svg>\n\t\t\t\t\t<\/button>\n\t\t\t\t<\/h3>\n\t\t\t\t<div class=\"c-accordion__body l-stack u-font-body\">\n\t\t\t\t\t<div class=\"c-accordion__body__inner u-p-fluid-md-xl l-stack\">\n\t\t\t\t\t\t<p><span style=\"font-weight: 400\">Det finns drygt 100 stycken <\/span><span style=\"font-weight: 400\">fr\u00e5n Malm\u00f6 i s\u00f6der till \u00d6stersund i norr. <\/span><\/p>\n\n\t\t\t\t\t<\/div>\n\t\t\t\t<\/div>\n\t\t\t<\/li>\n\t\t\t<\/ul>\n\n\t<div class=\"no-results u-mt-0 u-hide\" data-filter-fallback-id=\"ams-faq-list-69f4cb555e4f9\">\n\t<p>Det finns inga resultat som matchar din filtrering.<\/p>\n<\/div>\n\n\t\n\n\t\t\n\t\t\t<\/div>\n\n\t\t\n\n<\/section>\n\t<\/div>\n\n\t","protected":false},"excerpt":{"rendered":"<p>En Reggio Emilia-inspirerad f\u00f6rskola i R\u00e5cksta P\u00e5 Kastanjelundens f\u00f6rskola i R\u00e5cksta i Bromma arbetar vi med en Reggio Emilia-inspirerad pedagogik. Reggio Emilias pedagogiska filosofi g\u00e5r i stora drag ut p\u00e5 att barnen ska ses som kompetenta och viktiga samh\u00e4llsmedborgare som \u00e4r v\u00e4l v\u00e4rda att lyssna p\u00e5 och att de har en inneboende drivkraft att utforska&#8230;<\/p>\n","protected":false},"author":3,"featured_media":0,"parent":0,"menu_order":0,"comment_status":"closed","ping_status":"closed","template":"","meta":{"footnotes":""},"yoast_head":"<!-- This site is optimized with the Yoast SEO plugin v22.0 - https:\/\/yoast.com\/wordpress\/plugins\/seo\/ -->\n<title>Kastanjelunden \u00e4r en m\u00f6tesplats d\u00e4r trygghet, nyfikenhet och gl\u00e4dje f\u00f6renas.<\/title>\n<meta name=\"description\" content=\"Kastanjelunden har sin grund att utg\u00e5 fr\u00e5n barnens intressen och erfarenheter. F\u00f6r oss \u00e4r det viktigt att det finns en tydlig plan f\u00f6r utveckling.\" \/>\n<meta name=\"robots\" content=\"index, follow, max-snippet:-1, max-image-preview:large, max-video-preview:-1\" \/>\n<link rel=\"canonical\" href=\"https:\/\/pysslingen.se\/kastanjelunden\/om-forskolan\/\" \/>\n<meta property=\"og:locale\" content=\"sv_SE\" \/>\n<meta property=\"og:type\" content=\"article\" \/>\n<meta property=\"og:title\" content=\"Kastanjelunden \u00e4r en m\u00f6tesplats d\u00e4r trygghet, nyfikenhet och gl\u00e4dje f\u00f6renas.\" \/>\n<meta property=\"og:description\" content=\"Kastanjelunden har sin grund att utg\u00e5 fr\u00e5n barnens intressen och erfarenheter. F\u00f6r oss \u00e4r det viktigt att det finns en tydlig plan f\u00f6r utveckling.\" \/>\n<meta property=\"og:url\" content=\"https:\/\/pysslingen.se\/kastanjelunden\/om-forskolan\/\" \/>\n<meta property=\"og:site_name\" content=\"Kastanjelunden\" \/>\n<meta property=\"article:modified_time\" content=\"2025-12-09T08:48:50+00:00\" \/>\n<meta name=\"twitter:card\" content=\"summary_large_image\" \/>\n<meta name=\"twitter:title\" content=\"Kastanjelunden \u00e4r en m\u00f6tesplats d\u00e4r trygghet, nyfikenhet och gl\u00e4dje f\u00f6renas.\" \/>\n<meta name=\"twitter:description\" content=\"Kastanjelunden har sin grund att utg\u00e5 fr\u00e5n barnens intressen och erfarenheter. F\u00f6r oss \u00e4r det viktigt att det finns en tydlig plan f\u00f6r utveckling.\" \/>\n<meta name=\"twitter:label1\" content=\"Ber\u00e4knad l\u00e4stid\" \/>\n\t<meta name=\"twitter:data1\" content=\"3 minuter\" \/>\n<script type=\"application\/ld+json\" class=\"yoast-schema-graph\">{\"@context\":\"https:\/\/schema.org\",\"@graph\":[{\"@type\":\"WebPage\",\"@id\":\"https:\/\/pysslingen.se\/kastanjelunden\/om-forskolan\/\",\"url\":\"https:\/\/pysslingen.se\/kastanjelunden\/om-forskolan\/\",\"name\":\"Kastanjelunden \u00e4r en m\u00f6tesplats d\u00e4r trygghet, nyfikenhet och gl\u00e4dje f\u00f6renas.\",\"isPartOf\":{\"@id\":\"https:\/\/pysslingen.se\/kastanjelunden\/#website\"},\"datePublished\":\"2020-09-29T09:07:29+00:00\",\"dateModified\":\"2025-12-09T08:48:50+00:00\",\"description\":\"Kastanjelunden har sin grund att utg\u00e5 fr\u00e5n barnens intressen och erfarenheter. F\u00f6r oss \u00e4r det viktigt att det finns en tydlig plan f\u00f6r utveckling.\",\"breadcrumb\":{\"@id\":\"https:\/\/pysslingen.se\/kastanjelunden\/om-forskolan\/#breadcrumb\"},\"inLanguage\":\"sv-SE\",\"potentialAction\":[{\"@type\":\"ReadAction\",\"target\":[\"https:\/\/pysslingen.se\/kastanjelunden\/om-forskolan\/\"]}]},{\"@type\":\"BreadcrumbList\",\"@id\":\"https:\/\/pysslingen.se\/kastanjelunden\/om-forskolan\/#breadcrumb\",\"itemListElement\":[{\"@type\":\"ListItem\",\"position\":1,\"name\":\"Start\",\"item\":\"https:\/\/pysslingen.se\/kastanjelunden\/\"},{\"@type\":\"ListItem\",\"position\":2,\"name\":\"Om f\u00f6rskolan\"}]},{\"@type\":\"WebSite\",\"@id\":\"https:\/\/pysslingen.se\/kastanjelunden\/#website\",\"url\":\"https:\/\/pysslingen.se\/kastanjelunden\/\",\"name\":\"Kastanjelunden\",\"description\":\"En trygg och stimulerande v\u00e4rld\",\"publisher\":{\"@id\":\"https:\/\/pysslingen.se\/kastanjelunden\/#organization\"},\"potentialAction\":[{\"@type\":\"SearchAction\",\"target\":{\"@type\":\"EntryPoint\",\"urlTemplate\":\"https:\/\/pysslingen.se\/kastanjelunden\/?s={search_term_string}\"},\"query-input\":\"required name=search_term_string\"}],\"inLanguage\":\"sv-SE\"},{\"@type\":\"Organization\",\"@id\":\"https:\/\/pysslingen.se\/kastanjelunden\/#organization\",\"name\":\"Pysslingen F\u00f6rskolor\",\"url\":\"https:\/\/pysslingen.se\/kastanjelunden\/\",\"logo\":{\"@type\":\"ImageObject\",\"inLanguage\":\"sv-SE\",\"@id\":\"https:\/\/pysslingen.se\/kastanjelunden\/#\/schema\/logo\/image\/\",\"url\":\"https:\/\/pysslingen.se\/wp-content\/uploads\/2021\/05\/pysslingen-forskolor.png\",\"contentUrl\":\"https:\/\/pysslingen.se\/wp-content\/uploads\/2021\/05\/pysslingen-forskolor.png\",\"width\":1120,\"height\":630,\"caption\":\"Pysslingen F\u00f6rskolor\"},\"image\":{\"@id\":\"https:\/\/pysslingen.se\/kastanjelunden\/#\/schema\/logo\/image\/\"}}]}<\/script>\n<!-- \/ Yoast SEO plugin. -->","yoast_head_json":{"title":"Kastanjelunden \u00e4r en m\u00f6tesplats d\u00e4r trygghet, nyfikenhet och gl\u00e4dje f\u00f6renas.","description":"Kastanjelunden har sin grund att utg\u00e5 fr\u00e5n barnens intressen och erfarenheter. F\u00f6r oss \u00e4r det viktigt att det finns en tydlig plan f\u00f6r utveckling.","robots":{"index":"index","follow":"follow","max-snippet":"max-snippet:-1","max-image-preview":"max-image-preview:large","max-video-preview":"max-video-preview:-1"},"canonical":"https:\/\/pysslingen.se\/kastanjelunden\/om-forskolan\/","og_locale":"sv_SE","og_type":"article","og_title":"Kastanjelunden \u00e4r en m\u00f6tesplats d\u00e4r trygghet, nyfikenhet och gl\u00e4dje f\u00f6renas.","og_description":"Kastanjelunden har sin grund att utg\u00e5 fr\u00e5n barnens intressen och erfarenheter. F\u00f6r oss \u00e4r det viktigt att det finns en tydlig plan f\u00f6r utveckling.","og_url":"https:\/\/pysslingen.se\/kastanjelunden\/om-forskolan\/","og_site_name":"Kastanjelunden","article_modified_time":"2025-12-09T08:48:50+00:00","twitter_card":"summary_large_image","twitter_title":"Kastanjelunden \u00e4r en m\u00f6tesplats d\u00e4r trygghet, nyfikenhet och gl\u00e4dje f\u00f6renas.","twitter_description":"Kastanjelunden har sin grund att utg\u00e5 fr\u00e5n barnens intressen och erfarenheter. F\u00f6r oss \u00e4r det viktigt att det finns en tydlig plan f\u00f6r utveckling.","twitter_misc":{"Ber\u00e4knad l\u00e4stid":"3 minuter"},"schema":{"@context":"https:\/\/schema.org","@graph":[{"@type":"WebPage","@id":"https:\/\/pysslingen.se\/kastanjelunden\/om-forskolan\/","url":"https:\/\/pysslingen.se\/kastanjelunden\/om-forskolan\/","name":"Kastanjelunden \u00e4r en m\u00f6tesplats d\u00e4r trygghet, nyfikenhet och gl\u00e4dje f\u00f6renas.","isPartOf":{"@id":"https:\/\/pysslingen.se\/kastanjelunden\/#website"},"datePublished":"2020-09-29T09:07:29+00:00","dateModified":"2025-12-09T08:48:50+00:00","description":"Kastanjelunden har sin grund att utg\u00e5 fr\u00e5n barnens intressen och erfarenheter. F\u00f6r oss \u00e4r det viktigt att det finns en tydlig plan f\u00f6r utveckling.","breadcrumb":{"@id":"https:\/\/pysslingen.se\/kastanjelunden\/om-forskolan\/#breadcrumb"},"inLanguage":"sv-SE","potentialAction":[{"@type":"ReadAction","target":["https:\/\/pysslingen.se\/kastanjelunden\/om-forskolan\/"]}]},{"@type":"BreadcrumbList","@id":"https:\/\/pysslingen.se\/kastanjelunden\/om-forskolan\/#breadcrumb","itemListElement":[{"@type":"ListItem","position":1,"name":"Start","item":"https:\/\/pysslingen.se\/kastanjelunden\/"},{"@type":"ListItem","position":2,"name":"Om f\u00f6rskolan"}]},{"@type":"WebSite","@id":"https:\/\/pysslingen.se\/kastanjelunden\/#website","url":"https:\/\/pysslingen.se\/kastanjelunden\/","name":"Kastanjelunden","description":"En trygg och stimulerande v\u00e4rld","publisher":{"@id":"https:\/\/pysslingen.se\/kastanjelunden\/#organization"},"potentialAction":[{"@type":"SearchAction","target":{"@type":"EntryPoint","urlTemplate":"https:\/\/pysslingen.se\/kastanjelunden\/?s={search_term_string}"},"query-input":"required name=search_term_string"}],"inLanguage":"sv-SE"},{"@type":"Organization","@id":"https:\/\/pysslingen.se\/kastanjelunden\/#organization","name":"Pysslingen F\u00f6rskolor","url":"https:\/\/pysslingen.se\/kastanjelunden\/","logo":{"@type":"ImageObject","inLanguage":"sv-SE","@id":"https:\/\/pysslingen.se\/kastanjelunden\/#\/schema\/logo\/image\/","url":"https:\/\/pysslingen.se\/wp-content\/uploads\/2021\/05\/pysslingen-forskolor.png","contentUrl":"https:\/\/pysslingen.se\/wp-content\/uploads\/2021\/05\/pysslingen-forskolor.png","width":1120,"height":630,"caption":"Pysslingen F\u00f6rskolor"},"image":{"@id":"https:\/\/pysslingen.se\/kastanjelunden\/#\/schema\/logo\/image\/"}}]}},"_links":{"self":[{"href":"https:\/\/pysslingen.se\/kastanjelunden\/wp-json\/wp\/v2\/pages\/8"}],"collection":[{"href":"https:\/\/pysslingen.se\/kastanjelunden\/wp-json\/wp\/v2\/pages"}],"about":[{"href":"https:\/\/pysslingen.se\/kastanjelunden\/wp-json\/wp\/v2\/types\/page"}],"author":[{"embeddable":true,"href":"https:\/\/pysslingen.se\/kastanjelunden\/wp-json\/wp\/v2\/users\/3"}],"replies":[{"embeddable":true,"href":"https:\/\/pysslingen.se\/kastanjelunden\/wp-json\/wp\/v2\/comments?post=8"}],"version-history":[{"count":10,"href":"https:\/\/pysslingen.se\/kastanjelunden\/wp-json\/wp\/v2\/pages\/8\/revisions"}],"predecessor-version":[{"id":1451,"href":"https:\/\/pysslingen.se\/kastanjelunden\/wp-json\/wp\/v2\/pages\/8\/revisions\/1451"}],"wp:attachment":[{"href":"https:\/\/pysslingen.se\/kastanjelunden\/wp-json\/wp\/v2\/media?parent=8"}],"curies":[{"name":"wp","href":"https:\/\/api.w.org\/{rel}","templated":true}]}}