{"id":194,"date":"2020-10-01T11:13:05","date_gmt":"2020-10-01T11:13:05","guid":{"rendered":"https:\/\/pysslingen.se\/kastanjelunden\/?page_id=194"},"modified":"2026-01-09T12:39:55","modified_gmt":"2026-01-09T11:39:55","slug":"kontakt","status":"publish","type":"page","link":"https:\/\/pysslingen.se\/kastanjelunden\/kontakt\/","title":{"rendered":"Kontakt"},"content":{"rendered":"\n\t\n\t\n<section  class=\"ams-map ams-map--fifty c-block  media-bottom media-right \" data-color-scheme=\"usp-pink-background-blue-cards\" data-locations=\"[{&quot;id&quot;:&quot;325&quot;,&quot;county&quot;:&quot;Stockholm&quot;,&quot;city&quot;:&quot;Stockholm&quot;,&quot;school&quot;:&quot;Kastanjelunden&quot;,&quot;title&quot;:&quot;Pysslingen Kastanjelunden&quot;,&quot;phone&quot;:&quot;0703526239&quot;,&quot;phone_formatted&quot;:&quot;070-3526239&quot;,&quot;email&quot;:&quot;kastanjelunden@pysslingen.se&quot;,&quot;visiting_address&quot;:{&quot;address&quot;:&quot;Lummelundagatan 3&quot;,&quot;zip_code&quot;:&quot;16860&quot;,&quot;city&quot;:&quot;Bromma&quot;},&quot;postal_address&quot;:{&quot;address&quot;:&quot;Lummelundagatan 3&quot;,&quot;zip_code&quot;:&quot;16860&quot;,&quot;city&quot;:&quot;Bromma&quot;},&quot;address_map&quot;:&quot;F\\u00f6rskola Kastanjelunden - Pysslingen F\\u00f6rskolor, Lummelundagatan, Bromma, Sverige&quot;,&quot;lat&quot;:59.356711,&quot;lng&quot;:17.8999537,&quot;link&quot;:{&quot;url&quot;:&quot;\\\/kastanjelunden&quot;,&quot;text&quot;:&quot;L\\u00e4s mer om f\\u00f6rskolan&quot;}}]\">\n\t<div class=\"ams-map__content u-pt-fluid-3xl-6xl u-pb-fluid-3xl-6xl l-stack l-stack-fluid-xl is-left is-left@lg\">\n\t\t\t\n\t<h1\n\tclass=\"c-heading u-font-title-1 \"\n\tstyle=\"\">\n\t\t\n\t\t\t\t\tKontakta Pysslingen Kastanjelunden\n\t\t\t\t\n\t<\/h1>\n\n\t\t\n\t\t\t\t\t<div class=\"contact-info l-stack\">\n\t\t\t\t\t\t\t\t\t<div class=\"contact-info__item\">\n\t\t\t\t\t\t<p class=\"contact-info__heading u-font-title-4\">\n\t\t\t\t\t\t\tBes\u00f6ksadress\n\t\t\t\t\t\t<\/p>\n\t\t\t\t\t\t<p>\n\t\t\t\t\t\t\t\t\t\t\t\t\t\t\tLummelundagatan 3<br \/>\n\t\t\t\t\t\t\t\t\t\t\t\t\t\t16860 Bromma\n\t\t\t\t\t\t<\/p>\n\t\t\t\t\t<\/div>\n\t\t\t\t\n\t\t\t\t\n\t\t\t\t\t\t\t\t\t<div class=\"contact-info__item\">\n\t\t\t\t\t\t<p class=\"contact-info__heading u-font-title-4\">\n\t\t\t\t\t\t\tKontakt\n\t\t\t\t\t\t<\/p>\n\t\t\t\t\t\t<p>\n\t\t\t\t\t\t\t\t\t\t\t\t\t\t\t<a href=\"tel:0703526239\">070-3526239<\/a><br \/>\n\t\t\t\t\t\t\t\t\t\t\t\t\t\t\t\t\t\t\t\t\t\t<a href=\"mailto:kastanjelunden@pysslingen.se\">kastanjelunden@pysslingen.se<\/a>\n\t\t\t\t\t\t\t\t\t\t\t\t\t<\/p>\n\t\t\t\t\t<\/div>\n\t\t\t\t\t\t\t<\/div>\n\t\t\t<\/div>\n\n\t<div class=\"ams-map__media\">\n\t<\/div>\n<\/section>\n\n\n\n\n<section  class=\"ams-cta ams-cta--stacked c-block l-stacked\">\n\t<div class=\"l-container l-stack l-stack-fluid-2xl u-pt-fluid-md-xl u-pb-fluid-md-xl is-center is-center@md\">\n\t\t\t\t\t<div class=\"ams-cta__intro l-stack l-stack-lg\">\n\t\t\t\t\t\n\t<h2\n\tclass=\"c-heading u-font-title-1 \"\n\tstyle=\"\">\n\t\t\n\t\t\t\t\tHar du fr\u00e5gor om ans\u00f6kan eller k\u00f6plats?\n\t\t\t\t\n\t<\/h2>\n\n\t\t\t\t\t\t\t<\/div>\n\t\t\n\t\t\n\t\t\t<div class=\"ams-cta__action u-inline-items\">\n\t\t\t\t\t\t\t\n\n\n<a href=\"https:\/\/pysslingen.se\/Kastanjelunden\/kontakt\/#admin\"\n\t\n\tclass=\"c-btn \"\n\tdata-style=\"rounded\"\n\tdata-size=\"md\"\n\tdata-width=\"full-mobile\"\n\tdata-variant=\"default\"\n\ttarget=\"_self\">\n\t\t\t<span class=\"label\"> Kontakta v\u00e5ra administrat\u00f6rer<\/span>\n\t\t\t<\/a>\n\t\t\t<\/div>\n\t<\/div>\n\n\t\t\n\n<\/section>\n\n\n\n<section \n\t\t class=\"\n\t\t ams-contact\n\t\t \n\t\t c-block l-stacked\n\t\t \n\t\t \n\t\t js-load-more\n\t\t \"\n\t\t data-color-scheme=\"\"\n\t\t\t\t\tdata-count=\"3\"\n\t\t\t\t\t\t\tdata-count-mobile=\"2\"\n\t\t\t\t>\n\t<div\n\t\t class=\"\n\t\t l-container\n\t\t l-stack l-stack-fluid-2xl\n\t\t u-pt-fluid-md-xl\n\t\t u-pb-fluid-md-xl\n\t\t is-center\n\t\t is-center@md\n\t\t \">\n\t\t\t\t\t<div class=\"ams-contact__intro l-stack l-stack-lg\">\n\t\t\t\t\t\n\t<h2\n\tclass=\"c-heading u-font-title-1 \"\n\tstyle=\"\">\n\t\t\n\t\t\t\t\tLedningsteam\n\t\t\t\t\n\t<\/h2>\n\n\t\t\t\t\t\t\t<\/div>\n\t\t\n\t\t\n\t\t    \t\n\t\t\n\t\t<ul\n\t\t\tid=\"contact-grid-69f4c96aae90e\"\n\t\t\tclass=\"ams-contact__list l-grid u-gap-fluid-2xl-4xl u-justify-center js-results \"\n\t\t\taria-label=\"Kontakter\"\n\t\t\tdata-filter-animation=\"off\"\n\t\t\t>\n\t\t\t\t\t\t\t\t\t\t\t\n\t\t\t\t\n\t\t\t\t<li class=\"l-col-6@md l-col-4@lg \" data-filter=\"b\">\n\t\t\t\t\t<article class=\"c-card \" data-variant=\"neutral\">\n\t\t\t\t\t\t<div class=\"c-card__content u-text-center\">\n\t\t\t\t\t\t\t\t\t\t\t\t\t\t\t<h3 class=\"c-card__title u-font-title-3\">\n\t\t\t\t\t\t\t\t\tPetra Granath\n\t\t\t\t\t\t\t\t<\/h3>\n\t\t\t\t\t\t\t\n\t\t\t\t\t\t\t\t\t\t\t\t\t\t\t<p class=\"position u-font-body\">Bitr\u00e4dande rektor<\/p>\n\t\t\t\t\t\t\t\n\t\t\t\t\t\t\t\t\t\t\t\t\t\t\t<div class=\"contact-info u-font-body\">\n\t\t\t\t\t\t\t\t\t\t\t\t\t\t\t\t\t\t\t\t\t\t\t\t\t\t\t\t\t\t<p class=\"phone\"><a\n\t\t\t\t\t\t\t\t\t\t\t\t\thref=\"tel:0760316556\"\n\t\t\t\t\t\t\t\t\t\t\t\t\tclass=\"u-text-link\">076-031 65 56<\/a>\n\t\t\t\t\t\t\t\t\t\t\t<\/p>\n\t\t\t\t\t\t\t\t\t\t\t\t\t\t\t\t\t\t\t\n\t\t\t\t\t\t\t\t\t\t\t\t\t\t\t\t\t\t\t\t\t\t\t\t\t\t\t\t\t\t<p class=\"email\"><a\n\t\t\t\t\t\t\t\t\t\t\t\t\thref=\"ma&#105;&#108;&#116;o:&#112;&#101;&#116;&#114;&#097;&#046;&#103;&#114;ana&#116;&#104;&#064;&#112;yss&#108;in&#103;en.se\"\n\t\t\t\t\t\t\t\t\t\t\t\t\tclass=\"u-text-link\">pe&#116;&#114;a.&#103;&#114;&#097;n&#097;t&#104;&#064;&#112;y&#115;&#115;linge&#110;.&#115;&#101;<\/a>\n\t\t\t\t\t\t\t\t\t\t\t<\/p>\n\t\t\t\t\t\t\t\t\t\t\t\t\t\t\t\t\t\t\t\t\t\t\t\t\t\t\t<\/div>\n\t\t\t\t\t\t\t\n\t\t\t\t\t\t\t\t\t\t\t\t\t<\/div>\n\t\t\t\t\t\t<div class=\"c-card__media\">\n\t\t\t\t\t\t\t\t\t\t\t\t\t\t\t\t\t\t\t\t\t\t\t\t\t\t\t\t\t\t\t\t\t\t\t\t\t\t\t\t\t\t\t\t\t\t\t\t\t<img decoding=\"async\" width=\"400\" height=\"406\" src=\"https:\/\/pysslingen.se\/wp-content\/uploads\/sites\/57\/2020\/11\/img1076.jpg\" class=\"u-radius-rounded u-ratio-landscape  \" alt=\"Bild p\u00e5 medarbetare\" sizes=\"(max-width: 300px) 100vw, 300px\" srcset=\"https:\/\/pysslingen.se\/wp-content\/uploads\/sites\/57\/2020\/11\/img1076.jpg 1237w, https:\/\/pysslingen.se\/wp-content\/uploads\/sites\/57\/2020\/11\/img1076-296x300.jpg 296w, https:\/\/pysslingen.se\/wp-content\/uploads\/sites\/57\/2020\/11\/img1076-1009x1024.jpg 1009w, https:\/\/pysslingen.se\/wp-content\/uploads\/sites\/57\/2020\/11\/img1076-768x779.jpg 768w, https:\/\/pysslingen.se\/wp-content\/uploads\/sites\/57\/2020\/11\/img1076-500x507.jpg 500w, https:\/\/pysslingen.se\/wp-content\/uploads\/sites\/57\/2020\/11\/img1076-226x229.jpg 226w, https:\/\/pysslingen.se\/wp-content\/uploads\/sites\/57\/2020\/11\/img1076-340x345.jpg 340w, https:\/\/pysslingen.se\/wp-content\/uploads\/sites\/57\/2020\/11\/img1076-1024x1039.jpg 1024w, https:\/\/pysslingen.se\/wp-content\/uploads\/sites\/57\/2020\/11\/img1076-1100x1116.jpg 1100w, https:\/\/pysslingen.se\/wp-content\/uploads\/sites\/57\/2020\/11\/img1076-660x670.jpg 660w\" \/>\n\t\t\t\t\t\t<\/div>\n\t\t\t\t\t<\/article>\n\t\t\t\t<\/li>\n\t\t\t\t\t\t\t\t\t\t\t\n\t\t\t\t\n\t\t\t\t<li class=\"l-col-6@md l-col-4@lg \" data-filter=\"b\">\n\t\t\t\t\t<article class=\"c-card \" data-variant=\"neutral\">\n\t\t\t\t\t\t<div class=\"c-card__content u-text-center\">\n\t\t\t\t\t\t\t\t\t\t\t\t\t\t\t<h3 class=\"c-card__title u-font-title-3\">\n\t\t\t\t\t\t\t\t\tAnnika Barkensj\u00f6\n\t\t\t\t\t\t\t\t<\/h3>\n\t\t\t\t\t\t\t\n\t\t\t\t\t\t\t\t\t\t\t\t\t\t\t<p class=\"position u-font-body\">Rektor<\/p>\n\t\t\t\t\t\t\t\n\t\t\t\t\t\t\t\t\t\t\t\t\t\t\t<div class=\"contact-info u-font-body\">\n\t\t\t\t\t\t\t\t\t\t\t\t\t\t\t\t\t\t\t\t\t\t\t\t\t\t\t\t\t\t<p class=\"phone\"><a\n\t\t\t\t\t\t\t\t\t\t\t\t\thref=\"tel:0761002239\"\n\t\t\t\t\t\t\t\t\t\t\t\t\tclass=\"u-text-link\">076-100 22 39<\/a>\n\t\t\t\t\t\t\t\t\t\t\t<\/p>\n\t\t\t\t\t\t\t\t\t\t\t\t\t\t\t\t\t\t\t\n\t\t\t\t\t\t\t\t\t\t\t\t\t\t\t\t\t\t\t\t\t\t\t\t\t\t\t\t\t\t<p class=\"email\"><a\n\t\t\t\t\t\t\t\t\t\t\t\t\thref=\"m&#097;i&#108;&#116;o&#058;a&#110;&#110;i&#107;a&#046;bar&#107;&#101;n&#115;j&#111;&#064;&#112;y&#115;sli&#110;g&#101;n.se\"\n\t\t\t\t\t\t\t\t\t\t\t\t\tclass=\"u-text-link\">&#097;&#110;nik&#097;.&#098;a&#114;&#107;&#101;n&#115;&#106;o&#064;&#112;&#121;ssling&#101;n.se<\/a>\n\t\t\t\t\t\t\t\t\t\t\t<\/p>\n\t\t\t\t\t\t\t\t\t\t\t\t\t\t\t\t\t\t\t\t\t\t\t\t\t\t\t<\/div>\n\t\t\t\t\t\t\t\n\t\t\t\t\t\t\t\t\t\t\t\t\t<\/div>\n\t\t\t\t\t\t<div class=\"c-card__media\">\n\t\t\t\t\t\t\t\t\t\t\t\t\t\t\t\t\t\t\t\t\t\t\t\t\t\t\t\t\t\t\t\t\t\t\t\t\t\t\t\t\t\t\t\t\t\t\t\t\t<img decoding=\"async\" width=\"400\" height=\"422\" src=\"https:\/\/pysslingen.se\/wp-content\/uploads\/sites\/57\/2025\/11\/rektorkomprimerad-e1762161807484-400x422.jpg\" class=\"u-radius-rounded u-ratio-landscape  \" alt=\"Portr\u00e4ttbild av rektor\" sizes=\"(max-width: 300px) 100vw, 300px\" srcset=\"https:\/\/pysslingen.se\/wp-content\/uploads\/sites\/57\/2025\/11\/rektorkomprimerad-e1762161807484-400x422.jpg 400w, https:\/\/pysslingen.se\/wp-content\/uploads\/sites\/57\/2025\/11\/rektorkomprimerad-e1762161807484-300x317.jpg 300w, https:\/\/pysslingen.se\/wp-content\/uploads\/sites\/57\/2025\/11\/rektorkomprimerad-e1762161807484-600x633.jpg 600w, https:\/\/pysslingen.se\/wp-content\/uploads\/sites\/57\/2025\/11\/rektorkomprimerad-e1762161807484-800x844.jpg 800w, https:\/\/pysslingen.se\/wp-content\/uploads\/sites\/57\/2025\/11\/rektorkomprimerad-e1762161807484.jpg 1012w\" \/>\n\t\t\t\t\t\t<\/div>\n\t\t\t\t\t<\/article>\n\t\t\t\t<\/li>\n\t\t\t\t\t<\/ul>\n\n\t\t\n\t\t    <div class=\"ams-contact__more u-inline-items js-load-more-btn\">\n        <button href=\"#\"\n                class=\"c-btn\"\n                data-style=\"rounded\"\n                data-size=\"md\"\n                data-width=\"full-mobile\"\n                data-variant=\"outline\">\n        \tVisa mer\n        <\/button>\n    <\/div>\n\n\t\t\t<\/div>\n\n\t\t\n\n<\/section>\n\n\n\n<section \n\t\t class=\"\n\t\t ams-contact\n\t\t \n\t\t c-block l-stacked\n\t\t \n\t\t \n\t\t js-load-more\n\t\t \"\n\t\t data-color-scheme=\"\"\n\t\t\t\t\tdata-count=\"3\"\n\t\t\t\t\t\t\tdata-count-mobile=\"2\"\n\t\t\t\t>\n\t<div\n\t\t class=\"\n\t\t l-container\n\t\t l-stack l-stack-fluid-2xl\n\t\t u-pt-fluid-md-xl\n\t\t u-pb-fluid-md-xl\n\t\t is-center\n\t\t is-center@md\n\t\t \">\n\t\t\t\t\t<div class=\"ams-contact__intro l-stack l-stack-lg\">\n\t\t\t\t\t\n\t<h2\n\tclass=\"c-heading u-font-title-1 \"\n\tstyle=\"\">\n\t\t\n\t\t\t\t\tSamordnare\n\t\t\t\t\n\t<\/h2>\n\n\t\t\t\t\t\t\t<\/div>\n\t\t\n\t\t\n\t\t    \t\n\t\t\n\t\t<ul\n\t\t\tid=\"contact-grid-69f4c96ab2408\"\n\t\t\tclass=\"ams-contact__list l-grid u-gap-fluid-2xl-4xl u-justify-center js-results \"\n\t\t\taria-label=\"Kontakter\"\n\t\t\tdata-filter-animation=\"off\"\n\t\t\t>\n\t\t\t\t\t\t\t\t\t\t\t\n\t\t\t\t\n\t\t\t\t<li class=\"l-col-6@md l-col-4@lg \" data-filter=\"samordnare\">\n\t\t\t\t\t<article class=\"c-card \" data-variant=\"neutral\">\n\t\t\t\t\t\t<div class=\"c-card__content u-text-center\">\n\t\t\t\t\t\t\t\t\t\t\t\t\t\t\t<h3 class=\"c-card__title u-font-title-3\">\n\t\t\t\t\t\t\t\t\tMona Dabre\n\t\t\t\t\t\t\t\t<\/h3>\n\t\t\t\t\t\t\t\n\t\t\t\t\t\t\t\t\t\t\t\t\t\t\t<p class=\"position u-font-body\">Samordnare<\/p>\n\t\t\t\t\t\t\t\n\t\t\t\t\t\t\t\t\t\t\t\t\t\t\t<div class=\"contact-info u-font-body\">\n\t\t\t\t\t\t\t\t\t\t\t\t\t\t\t\t\t\t\t\t\t\t\t\t\t\t\t\t\t\t<p class=\"phone\"><a\n\t\t\t\t\t\t\t\t\t\t\t\t\thref=\"tel:0703526239\"\n\t\t\t\t\t\t\t\t\t\t\t\t\tclass=\"u-text-link\">070-352 62 39<\/a>\n\t\t\t\t\t\t\t\t\t\t\t<\/p>\n\t\t\t\t\t\t\t\t\t\t\t\t\t\t\t\t\t\t\t\n\t\t\t\t\t\t\t\t\t\t\t\t\t\t\t\t\t\t\t\t\t\t\t\t\t\t\t\t\t\t<p class=\"email\"><a\n\t\t\t\t\t\t\t\t\t\t\t\t\thref=\"&#109;&#097;&#105;&#108;&#116;o&#058;mon&#097;&#046;&#100;abr&#101;&#064;p&#121;&#115;s&#108;i&#110;g&#101;n.se\"\n\t\t\t\t\t\t\t\t\t\t\t\t\tclass=\"u-text-link\">&#109;&#111;na&#046;&#100;abre&#064;&#112;yss&#108;&#105;&#110;gen.&#115;&#101;<\/a>\n\t\t\t\t\t\t\t\t\t\t\t<\/p>\n\t\t\t\t\t\t\t\t\t\t\t\t\t\t\t\t\t\t\t\t\t\t\t\t\t\t\t<\/div>\n\t\t\t\t\t\t\t\n\t\t\t\t\t\t\t\t\t\t\t\t\t<\/div>\n\t\t\t\t\t\t<div class=\"c-card__media\">\n\t\t\t\t\t\t\t\t\t\t\t\t\t\t\t\t\t\t\t\t\t\t\t\t\t\t\t\t\t\t\t\t\t\t\t\t\t\t\t\t\t\t\t\t\t\t\t\t\t<img decoding=\"async\" width=\"355\" height=\"355\" src=\"https:\/\/pysslingen.se\/wp-content\/uploads\/sites\/57\/2020\/11\/pysslingenfacebook.jpg\" class=\"u-radius-rounded u-ratio-landscape  \" alt=\"Logga Pysslingen\" sizes=\"(max-width: 300px) 100vw, 300px\" srcset=\"https:\/\/pysslingen.se\/wp-content\/uploads\/sites\/57\/2020\/11\/pysslingenfacebook.jpg 355w, https:\/\/pysslingen.se\/wp-content\/uploads\/sites\/57\/2020\/11\/pysslingenfacebook-150x150.jpg 150w, https:\/\/pysslingen.se\/wp-content\/uploads\/sites\/57\/2020\/11\/pysslingenfacebook-300x300.jpg 300w\" \/>\n\t\t\t\t\t\t<\/div>\n\t\t\t\t\t<\/article>\n\t\t\t\t<\/li>\n\t\t\t\t\t<\/ul>\n\n\t\t\n\t\t    <div class=\"ams-contact__more u-inline-items js-load-more-btn\">\n        <button href=\"#\"\n                class=\"c-btn\"\n                data-style=\"rounded\"\n                data-size=\"md\"\n                data-width=\"full-mobile\"\n                data-variant=\"outline\">\n        \tVisa mer\n        <\/button>\n    <\/div>\n\n\t\t\t<\/div>\n\n\t\t\n\n<\/section>\n\n\n\n<section id=admin\n\t\t class=\"\n\t\t ams-contact\n\t\t \n\t\t c-block l-stacked\n\t\t \n\t\t \n\t\t js-load-more\n\t\t \"\n\t\t data-color-scheme=\"\"\n\t\t\t\t\tdata-count=\"3\"\n\t\t\t\t\t\t\tdata-count-mobile=\"2\"\n\t\t\t\t>\n\t<div\n\t\t class=\"\n\t\t l-container\n\t\t l-stack l-stack-fluid-2xl\n\t\t u-pt-fluid-md-xl\n\t\t u-pb-fluid-md-xl\n\t\t is-center\n\t\t is-center@md\n\t\t \">\n\t\t\t\t\t<div class=\"ams-contact__intro l-stack l-stack-lg\">\n\t\t\t\t\t\n\t<h2\n\tclass=\"c-heading u-font-title-1 \"\n\tstyle=\"\">\n\t\t\n\t\t\t\t\tAdministration\n\t\t\t\t\n\t<\/h2>\n\n\t\t\t\t\t\t\t<\/div>\n\t\t\n\t\t\n\t\t    \t\n\t\t\n\t\t<ul\n\t\t\tid=\"contact-grid-69f4c96ab4b37\"\n\t\t\tclass=\"ams-contact__list l-grid u-gap-fluid-2xl-4xl u-justify-center js-results \"\n\t\t\taria-label=\"Kontakter\"\n\t\t\tdata-filter-animation=\"off\"\n\t\t\t>\n\t\t\t\t\t\t\t\t\t\t\t\n\t\t\t\t\n\t\t\t\t<li class=\"l-col-6@md l-col-4@lg \" data-filter=\"administration\">\n\t\t\t\t\t<article class=\"c-card \" data-variant=\"neutral\">\n\t\t\t\t\t\t<div class=\"c-card__content u-text-center\">\n\t\t\t\t\t\t\t\t\t\t\t\t\t\t\t<h3 class=\"c-card__title u-font-title-3\">\n\t\t\t\t\t\t\t\t\tAnnika Atmarsson &#038; Sofia Sundkvist\n\t\t\t\t\t\t\t\t<\/h3>\n\t\t\t\t\t\t\t\n\t\t\t\t\t\t\t\t\t\t\t\t\t\t\t<p class=\"position u-font-body\">Administrat\u00f6rer<\/p>\n\t\t\t\t\t\t\t\n\t\t\t\t\t\t\t\t\t\t\t\t\t\t\t<div class=\"contact-info u-font-body\">\n\t\t\t\t\t\t\t\t\t\n\t\t\t\t\t\t\t\t\t\t\t\t\t\t\t\t\t\t\t\t\t\t\t\t\t\t\t\t\t\t<p class=\"email\"><a\n\t\t\t\t\t\t\t\t\t\t\t\t\thref=\"mailto&#058;&#112;&#121;&#115;&#115;&#108;&#105;nge&#110;.&#097;&#100;&#109;&#105;n.regi&#111;n&#051;&#064;&#112;&#121;ssl&#105;n&#103;e&#110;.&#115;e\"\n\t\t\t\t\t\t\t\t\t\t\t\t\tclass=\"u-text-link\">&#112;&#121;&#115;&#115;l&#105;n&#103;en&#046;&#097;&#100;&#109;i&#110;&#046;region&#051;&#064;&#112;y&#115;&#115;&#108;&#105;ngen&#046;&#115;e<\/a>\n\t\t\t\t\t\t\t\t\t\t\t<\/p>\n\t\t\t\t\t\t\t\t\t\t\t\t\t\t\t\t\t\t\t\t\t\t\t\t\t\t\t<\/div>\n\t\t\t\t\t\t\t\n\t\t\t\t\t\t\t\t\t\t\t\t\t<\/div>\n\t\t\t\t\t\t<div class=\"c-card__media\">\n\t\t\t\t\t\t\t\t\t\t\t\t\t\t\t\t\t\t\t\t\t\t\t\t\t\t\t\t\t\t\t\t\t\t\t\t\t\t\t\t\t\t\t\t\t\t\t\t\t<img decoding=\"async\" width=\"400\" height=\"267\" src=\"https:\/\/pysslingen.se\/wp-content\/uploads\/sites\/57\/2025\/10\/annikasofia-400x267.jpg\" class=\"u-radius-rounded u-ratio-landscape  \" alt=\"Portr\u00e4ttbild p\u00e5 v\u00e5ra administrat\u00f6rer.\" sizes=\"(max-width: 300px) 100vw, 300px\" srcset=\"https:\/\/pysslingen.se\/wp-content\/uploads\/sites\/57\/2025\/10\/annikasofia-400x267.jpg 400w, https:\/\/pysslingen.se\/wp-content\/uploads\/sites\/57\/2025\/10\/annikasofia-300x200.jpg 300w, https:\/\/pysslingen.se\/wp-content\/uploads\/sites\/57\/2025\/10\/annikasofia-600x400.jpg 600w, https:\/\/pysslingen.se\/wp-content\/uploads\/sites\/57\/2025\/10\/annikasofia-800x533.jpg 800w, https:\/\/pysslingen.se\/wp-content\/uploads\/sites\/57\/2025\/10\/annikasofia-1024x683.jpg 1024w, https:\/\/pysslingen.se\/wp-content\/uploads\/sites\/57\/2025\/10\/annikasofia-1200x800.jpg 1200w\" \/>\n\t\t\t\t\t\t<\/div>\n\t\t\t\t\t<\/article>\n\t\t\t\t<\/li>\n\t\t\t\t\t<\/ul>\n\n\t\t\n\t\t    <div class=\"ams-contact__more u-inline-items js-load-more-btn\">\n        <button href=\"#\"\n                class=\"c-btn\"\n                data-style=\"rounded\"\n                data-size=\"md\"\n                data-width=\"full-mobile\"\n                data-variant=\"outline\">\n        \tVisa mer\n        <\/button>\n    <\/div>\n\n\t\t\t<\/div>\n\n\t\t\n\n<\/section>\n\n\n\n<section \n\t\t class=\"\n\t\t ams-contact\n\t\t \n\t\t c-block l-stacked\n\t\t \n\t\t \n\t\t js-load-more\n\t\t \"\n\t\t data-color-scheme=\"\"\n\t\t\t\t\tdata-count=\"3\"\n\t\t\t\t\t\t\tdata-count-mobile=\"2\"\n\t\t\t\t>\n\t<div\n\t\t class=\"\n\t\t l-container\n\t\t l-stack l-stack-fluid-2xl\n\t\t u-pt-fluid-md-xl\n\t\t u-pb-fluid-md-xl\n\t\t is-center\n\t\t is-center@md\n\t\t \">\n\t\t\t\t\t<div class=\"ams-contact__intro l-stack l-stack-lg\">\n\t\t\t\t\t\n\t<h2\n\tclass=\"c-heading u-font-title-1 \"\n\tstyle=\"\">\n\t\t\n\t\t\t\t\tSkolchef &#8211; ansvarig f\u00f6r regionen\n\t\t\t\t\n\t<\/h2>\n\n\t\t\t\t\t\t\t<\/div>\n\t\t\n\t\t\n\t\t    \t\n\t\t\n\t\t<ul\n\t\t\tid=\"contact-grid-69f4c96ab71c3\"\n\t\t\tclass=\"ams-contact__list l-grid u-gap-fluid-2xl-4xl u-justify-center js-results \"\n\t\t\taria-label=\"Kontakter\"\n\t\t\tdata-filter-animation=\"off\"\n\t\t\t>\n\t\t\t\t\t\t\t\t\t\t\t\n\t\t\t\t\n\t\t\t\t<li class=\"l-col-6@md l-col-4@lg \" data-filter=\"f\">\n\t\t\t\t\t<article class=\"c-card \" data-variant=\"neutral\">\n\t\t\t\t\t\t<div class=\"c-card__content u-text-center\">\n\t\t\t\t\t\t\t\t\t\t\t\t\t\t\t<h3 class=\"c-card__title u-font-title-3\">\n\t\t\t\t\t\t\t\t\tAinileena Niva\n\t\t\t\t\t\t\t\t<\/h3>\n\t\t\t\t\t\t\t\n\t\t\t\t\t\t\t\t\t\t\t\t\t\t\t<p class=\"position u-font-body\">Skolchef<\/p>\n\t\t\t\t\t\t\t\n\t\t\t\t\t\t\t\t\t\t\t\t\t\t\t<div class=\"contact-info u-font-body\">\n\t\t\t\t\t\t\t\t\t\t\t\t\t\t\t\t\t\t\t\t\t\t\t\t\t\t\t\t\t\t<p class=\"phone\"><a\n\t\t\t\t\t\t\t\t\t\t\t\t\thref=\"tel:084515418\"\n\t\t\t\t\t\t\t\t\t\t\t\t\tclass=\"u-text-link\">08-451 54 18<\/a>\n\t\t\t\t\t\t\t\t\t\t\t<\/p>\n\t\t\t\t\t\t\t\t\t\t\t\t\t\t\t\t\t\t\t\n\t\t\t\t\t\t\t\t\t\t\t\t\t\t\t\t\t\t\t\t\t\t\t\t\t\t\t\t\t\t<p class=\"email\"><a\n\t\t\t\t\t\t\t\t\t\t\t\t\thref=\"&#109;&#097;&#105;&#108;to:&#097;&#105;&#110;ileen&#097;.&#110;iva&#064;pyssl&#105;n&#103;en&#046;se\"\n\t\t\t\t\t\t\t\t\t\t\t\t\tclass=\"u-text-link\">a&#105;ni&#108;&#101;e&#110;a&#046;&#110;iva&#064;&#112;&#121;ss&#108;i&#110;ge&#110;.s&#101;<\/a>\n\t\t\t\t\t\t\t\t\t\t\t<\/p>\n\t\t\t\t\t\t\t\t\t\t\t\t\t\t\t\t\t\t\t\t\t\t\t\t\t\t\t<\/div>\n\t\t\t\t\t\t\t\n\t\t\t\t\t\t\t\t\t\t\t\t\t<\/div>\n\t\t\t\t\t\t<div class=\"c-card__media\">\n\t\t\t\t\t\t\t\t\t\t\t\t\t\t\t\t\t\t\t\t\t\t\t\t\t\t\t\t\t\t\t\t\t\t\t\t\t\t\t\t\t\t\t\t\t\t\t\t\t<img decoding=\"async\" width=\"400\" height=\"267\" src=\"https:\/\/pysslingen.se\/wp-content\/uploads\/sites\/57\/2024\/02\/ainileena-1-scaled-1-400x267.jpg\" class=\"u-radius-rounded u-ratio-landscape  \" alt=\"Portr\u00e4tt av skolchef\" sizes=\"(max-width: 300px) 100vw, 300px\" srcset=\"https:\/\/pysslingen.se\/wp-content\/uploads\/sites\/57\/2024\/02\/ainileena-1-scaled-1-400x267.jpg 400w, https:\/\/pysslingen.se\/wp-content\/uploads\/sites\/57\/2024\/02\/ainileena-1-scaled-1-300x200.jpg 300w, https:\/\/pysslingen.se\/wp-content\/uploads\/sites\/57\/2024\/02\/ainileena-1-scaled-1-600x400.jpg 600w, https:\/\/pysslingen.se\/wp-content\/uploads\/sites\/57\/2024\/02\/ainileena-1-scaled-1-800x533.jpg 800w, https:\/\/pysslingen.se\/wp-content\/uploads\/sites\/57\/2024\/02\/ainileena-1-scaled-1-1024x683.jpg 1024w, https:\/\/pysslingen.se\/wp-content\/uploads\/sites\/57\/2024\/02\/ainileena-1-scaled-1-1200x800.jpg 1200w\" \/>\n\t\t\t\t\t\t<\/div>\n\t\t\t\t\t<\/article>\n\t\t\t\t<\/li>\n\t\t\t\t\t<\/ul>\n\n\t\t\n\t\t    <div class=\"ams-contact__more u-inline-items js-load-more-btn\">\n        <button href=\"#\"\n                class=\"c-btn\"\n                data-style=\"rounded\"\n                data-size=\"md\"\n                data-width=\"full-mobile\"\n                data-variant=\"outline\">\n        \tVisa mer\n        <\/button>\n    <\/div>\n\n\t\t\t<\/div>\n\n\t\t\n\n<\/section>\n","protected":false},"excerpt":{"rendered":"","protected":false},"author":3,"featured_media":0,"parent":0,"menu_order":0,"comment_status":"closed","ping_status":"closed","template":"archive-personal.php","meta":{"footnotes":""},"yoast_head":"<!-- This site is optimized with the Yoast SEO plugin v22.0 - https:\/\/yoast.com\/wordpress\/plugins\/seo\/ -->\n<title>Kontakt - Pysslingen F\u00f6rskolor Kastanjelunden<\/title>\n<meta name=\"description\" content=\"V\u00e4lkommen att kontakta oss p\u00e5 Pysslingen Kastanjelunden! H\u00e4r hittar du kontaktuppgifter till f\u00f6rskolan, ledningsteam och skolchef.\" \/>\n<meta name=\"robots\" content=\"index, follow, max-snippet:-1, max-image-preview:large, max-video-preview:-1\" \/>\n<link rel=\"canonical\" href=\"https:\/\/pysslingen.se\/kastanjelunden\/kontakt\/\" \/>\n<meta property=\"og:locale\" content=\"sv_SE\" \/>\n<meta property=\"og:type\" content=\"article\" \/>\n<meta property=\"og:title\" content=\"Kontakt - Pysslingen F\u00f6rskolor Kastanjelunden\" \/>\n<meta property=\"og:description\" content=\"V\u00e4lkommen att kontakta oss p\u00e5 Pysslingen Kastanjelunden! H\u00e4r hittar du kontaktuppgifter till f\u00f6rskolan, ledningsteam och skolchef.\" \/>\n<meta property=\"og:url\" content=\"https:\/\/pysslingen.se\/kastanjelunden\/kontakt\/\" \/>\n<meta property=\"og:site_name\" content=\"Kastanjelunden\" \/>\n<meta property=\"article:modified_time\" content=\"2026-01-09T11:39:55+00:00\" \/>\n<meta name=\"twitter:card\" content=\"summary_large_image\" \/>\n<meta name=\"twitter:title\" content=\"Kontakt - Pysslingen F\u00f6rskolor Kastanjelunden\" \/>\n<meta name=\"twitter:description\" content=\"V\u00e4lkommen att kontakta oss p\u00e5 Pysslingen Kastanjelunden! H\u00e4r hittar du kontaktuppgifter till f\u00f6rskolan, ledningsteam och skolchef.\" \/>\n<script type=\"application\/ld+json\" class=\"yoast-schema-graph\">{\"@context\":\"https:\/\/schema.org\",\"@graph\":[{\"@type\":\"WebPage\",\"@id\":\"https:\/\/pysslingen.se\/kastanjelunden\/kontakt\/\",\"url\":\"https:\/\/pysslingen.se\/kastanjelunden\/kontakt\/\",\"name\":\"Kontakt - Pysslingen F\u00f6rskolor Kastanjelunden\",\"isPartOf\":{\"@id\":\"https:\/\/pysslingen.se\/kastanjelunden\/#website\"},\"datePublished\":\"2020-10-01T11:13:05+00:00\",\"dateModified\":\"2026-01-09T11:39:55+00:00\",\"description\":\"V\u00e4lkommen att kontakta oss p\u00e5 Pysslingen Kastanjelunden! H\u00e4r hittar du kontaktuppgifter till f\u00f6rskolan, ledningsteam och skolchef.\",\"breadcrumb\":{\"@id\":\"https:\/\/pysslingen.se\/kastanjelunden\/kontakt\/#breadcrumb\"},\"inLanguage\":\"sv-SE\",\"potentialAction\":[{\"@type\":\"ReadAction\",\"target\":[\"https:\/\/pysslingen.se\/kastanjelunden\/kontakt\/\"]}]},{\"@type\":\"BreadcrumbList\",\"@id\":\"https:\/\/pysslingen.se\/kastanjelunden\/kontakt\/#breadcrumb\",\"itemListElement\":[{\"@type\":\"ListItem\",\"position\":1,\"name\":\"Start\",\"item\":\"https:\/\/pysslingen.se\/kastanjelunden\/\"},{\"@type\":\"ListItem\",\"position\":2,\"name\":\"Kontakt\"}]},{\"@type\":\"WebSite\",\"@id\":\"https:\/\/pysslingen.se\/kastanjelunden\/#website\",\"url\":\"https:\/\/pysslingen.se\/kastanjelunden\/\",\"name\":\"Kastanjelunden\",\"description\":\"En trygg och stimulerande v\u00e4rld\",\"publisher\":{\"@id\":\"https:\/\/pysslingen.se\/kastanjelunden\/#organization\"},\"potentialAction\":[{\"@type\":\"SearchAction\",\"target\":{\"@type\":\"EntryPoint\",\"urlTemplate\":\"https:\/\/pysslingen.se\/kastanjelunden\/?s={search_term_string}\"},\"query-input\":\"required name=search_term_string\"}],\"inLanguage\":\"sv-SE\"},{\"@type\":\"Organization\",\"@id\":\"https:\/\/pysslingen.se\/kastanjelunden\/#organization\",\"name\":\"Pysslingen F\u00f6rskolor\",\"url\":\"https:\/\/pysslingen.se\/kastanjelunden\/\",\"logo\":{\"@type\":\"ImageObject\",\"inLanguage\":\"sv-SE\",\"@id\":\"https:\/\/pysslingen.se\/kastanjelunden\/#\/schema\/logo\/image\/\",\"url\":\"https:\/\/pysslingen.se\/wp-content\/uploads\/2021\/05\/pysslingen-forskolor.png\",\"contentUrl\":\"https:\/\/pysslingen.se\/wp-content\/uploads\/2021\/05\/pysslingen-forskolor.png\",\"width\":1120,\"height\":630,\"caption\":\"Pysslingen F\u00f6rskolor\"},\"image\":{\"@id\":\"https:\/\/pysslingen.se\/kastanjelunden\/#\/schema\/logo\/image\/\"}}]}<\/script>\n<!-- \/ Yoast SEO plugin. -->","yoast_head_json":{"title":"Kontakt - Pysslingen F\u00f6rskolor Kastanjelunden","description":"V\u00e4lkommen att kontakta oss p\u00e5 Pysslingen Kastanjelunden! H\u00e4r hittar du kontaktuppgifter till f\u00f6rskolan, ledningsteam och skolchef.","robots":{"index":"index","follow":"follow","max-snippet":"max-snippet:-1","max-image-preview":"max-image-preview:large","max-video-preview":"max-video-preview:-1"},"canonical":"https:\/\/pysslingen.se\/kastanjelunden\/kontakt\/","og_locale":"sv_SE","og_type":"article","og_title":"Kontakt - Pysslingen F\u00f6rskolor Kastanjelunden","og_description":"V\u00e4lkommen att kontakta oss p\u00e5 Pysslingen Kastanjelunden! H\u00e4r hittar du kontaktuppgifter till f\u00f6rskolan, ledningsteam och skolchef.","og_url":"https:\/\/pysslingen.se\/kastanjelunden\/kontakt\/","og_site_name":"Kastanjelunden","article_modified_time":"2026-01-09T11:39:55+00:00","twitter_card":"summary_large_image","twitter_title":"Kontakt - Pysslingen F\u00f6rskolor Kastanjelunden","twitter_description":"V\u00e4lkommen att kontakta oss p\u00e5 Pysslingen Kastanjelunden! H\u00e4r hittar du kontaktuppgifter till f\u00f6rskolan, ledningsteam och skolchef.","schema":{"@context":"https:\/\/schema.org","@graph":[{"@type":"WebPage","@id":"https:\/\/pysslingen.se\/kastanjelunden\/kontakt\/","url":"https:\/\/pysslingen.se\/kastanjelunden\/kontakt\/","name":"Kontakt - Pysslingen F\u00f6rskolor Kastanjelunden","isPartOf":{"@id":"https:\/\/pysslingen.se\/kastanjelunden\/#website"},"datePublished":"2020-10-01T11:13:05+00:00","dateModified":"2026-01-09T11:39:55+00:00","description":"V\u00e4lkommen att kontakta oss p\u00e5 Pysslingen Kastanjelunden! H\u00e4r hittar du kontaktuppgifter till f\u00f6rskolan, ledningsteam och skolchef.","breadcrumb":{"@id":"https:\/\/pysslingen.se\/kastanjelunden\/kontakt\/#breadcrumb"},"inLanguage":"sv-SE","potentialAction":[{"@type":"ReadAction","target":["https:\/\/pysslingen.se\/kastanjelunden\/kontakt\/"]}]},{"@type":"BreadcrumbList","@id":"https:\/\/pysslingen.se\/kastanjelunden\/kontakt\/#breadcrumb","itemListElement":[{"@type":"ListItem","position":1,"name":"Start","item":"https:\/\/pysslingen.se\/kastanjelunden\/"},{"@type":"ListItem","position":2,"name":"Kontakt"}]},{"@type":"WebSite","@id":"https:\/\/pysslingen.se\/kastanjelunden\/#website","url":"https:\/\/pysslingen.se\/kastanjelunden\/","name":"Kastanjelunden","description":"En trygg och stimulerande v\u00e4rld","publisher":{"@id":"https:\/\/pysslingen.se\/kastanjelunden\/#organization"},"potentialAction":[{"@type":"SearchAction","target":{"@type":"EntryPoint","urlTemplate":"https:\/\/pysslingen.se\/kastanjelunden\/?s={search_term_string}"},"query-input":"required name=search_term_string"}],"inLanguage":"sv-SE"},{"@type":"Organization","@id":"https:\/\/pysslingen.se\/kastanjelunden\/#organization","name":"Pysslingen F\u00f6rskolor","url":"https:\/\/pysslingen.se\/kastanjelunden\/","logo":{"@type":"ImageObject","inLanguage":"sv-SE","@id":"https:\/\/pysslingen.se\/kastanjelunden\/#\/schema\/logo\/image\/","url":"https:\/\/pysslingen.se\/wp-content\/uploads\/2021\/05\/pysslingen-forskolor.png","contentUrl":"https:\/\/pysslingen.se\/wp-content\/uploads\/2021\/05\/pysslingen-forskolor.png","width":1120,"height":630,"caption":"Pysslingen F\u00f6rskolor"},"image":{"@id":"https:\/\/pysslingen.se\/kastanjelunden\/#\/schema\/logo\/image\/"}}]}},"_links":{"self":[{"href":"https:\/\/pysslingen.se\/kastanjelunden\/wp-json\/wp\/v2\/pages\/194"}],"collection":[{"href":"https:\/\/pysslingen.se\/kastanjelunden\/wp-json\/wp\/v2\/pages"}],"about":[{"href":"https:\/\/pysslingen.se\/kastanjelunden\/wp-json\/wp\/v2\/types\/page"}],"author":[{"embeddable":true,"href":"https:\/\/pysslingen.se\/kastanjelunden\/wp-json\/wp\/v2\/users\/3"}],"replies":[{"embeddable":true,"href":"https:\/\/pysslingen.se\/kastanjelunden\/wp-json\/wp\/v2\/comments?post=194"}],"version-history":[{"count":10,"href":"https:\/\/pysslingen.se\/kastanjelunden\/wp-json\/wp\/v2\/pages\/194\/revisions"}],"predecessor-version":[{"id":1427,"href":"https:\/\/pysslingen.se\/kastanjelunden\/wp-json\/wp\/v2\/pages\/194\/revisions\/1427"}],"wp:attachment":[{"href":"https:\/\/pysslingen.se\/kastanjelunden\/wp-json\/wp\/v2\/media?parent=194"}],"curies":[{"name":"wp","href":"https:\/\/api.w.org\/{rel}","templated":true}]}}