{"id":8,"date":"2020-09-29T09:07:29","date_gmt":"2020-09-29T09:07:29","guid":{"rendered":"https:\/\/pysslingen.se\/jarven\/?page_id=8"},"modified":"2025-12-15T09:40:56","modified_gmt":"2025-12-15T08:40:56","slug":"om-forskolan","status":"publish","type":"page","link":"https:\/\/pysslingen.se\/jarven\/om-forskolan\/","title":{"rendered":"Om f\u00f6rskolan"},"content":{"rendered":"\n\t\n\t\n\t\n\n\t\n\t\n\t\t\n<section  class=\"c-block l-stacked  \" data-color-scheme=\"nyans2_av_cta-dark-card-primar1-light-hover-standard_standard\">\n\t<div class=\"ams-fifty ams-fifty--container ams-fifty--right ams-fifty--bottom l-container u-pt-fluid-2xl-4xl u-pb-fluid-2xl-4xl\">\n\t\t<div class=\"ams-fifty__content l-stack l-stack-xl is-left is-left@lg\">\n\t\t\t<div class=\"ams-fifty__text l-stack l-stack-lg\">\n\t\t\t\t\t\n\t<h1\n\tclass=\"c-heading u-font-title-1 \"\n\tstyle=\"\">\n\t\t\n\t\t\t\t\tOm f\u00f6rskolan J\u00e4rven\n\t\t\t\t\n\t<\/h1>\n\n\t\t\t\t\t\t\t\t\t<div class=\"text l-stack u-font-body\">\n\t\t\t\t\t\t<p>Barnets utbildningsresa. Det \u00e4r det som st\u00e5r i centrum hos oss p\u00e5 J\u00e4rven. Vi f\u00f6ljer barnens resa genom f\u00f6rskolans alla m\u00f6ten, l\u00e4rdomar, milj\u00f6er, utmaningar och sammanhang.<\/p>\n<p>Det g\u00f6r vi med hj\u00e4lp av v\u00e5r profil h\u00e5llbar utbildning, v\u00e5rt projekt- och processinriktade arbetss\u00e4tt och genom att l\u00e4gga mycket tid och vikt vid att skapa l\u00e4rorika och f\u00f6rundransv\u00e4rda l\u00e4rmilj\u00f6er tillsammans med barnen.<\/p>\n<p>Vi vill skapa milj\u00f6er med wow-faktor f\u00f6r b\u00e5de sm\u00e5 och stora.<\/p>\n\n\t\t\t\t\t<\/div>\n\t\t\t\t\t\t\t<\/div>\n\n\t\t\t\t\t<\/div>\n\n\t\t <div class=\"ams-fifty__media u-ratio-landscape\">\n\t\t \t\t\t\t\t<img decoding=\"async\" width=\"600\" height=\"373\" src=\"https:\/\/pysslingen.se\/wp-content\/uploads\/sites\/39\/2020\/11\/jarvenutemiljo-scaled.jpg\" class=\"attachment-md size-md\" alt=\"J\u00e4rvens l\u00e4rmilj\u00f6 utomhus.\" sizes=\"(min-width: 64em) 600px, calc(100vw - 160px)\" srcset=\"https:\/\/pysslingen.se\/wp-content\/uploads\/sites\/39\/2020\/11\/jarvenutemiljo-scaled.jpg 2560w, https:\/\/pysslingen.se\/wp-content\/uploads\/sites\/39\/2020\/11\/jarvenutemiljo-300x187.jpg 300w, https:\/\/pysslingen.se\/wp-content\/uploads\/sites\/39\/2020\/11\/jarvenutemiljo-1024x637.jpg 1024w, https:\/\/pysslingen.se\/wp-content\/uploads\/sites\/39\/2020\/11\/jarvenutemiljo-768x478.jpg 768w, https:\/\/pysslingen.se\/wp-content\/uploads\/sites\/39\/2020\/11\/jarvenutemiljo-1536x956.jpg 1536w, https:\/\/pysslingen.se\/wp-content\/uploads\/sites\/39\/2020\/11\/jarvenutemiljo-2048x1275.jpg 2048w, https:\/\/pysslingen.se\/wp-content\/uploads\/sites\/39\/2020\/11\/jarvenutemiljo-1920x1195.jpg 1920w, https:\/\/pysslingen.se\/wp-content\/uploads\/sites\/39\/2020\/11\/jarvenutemiljo-1100x685.jpg 1100w, https:\/\/pysslingen.se\/wp-content\/uploads\/sites\/39\/2020\/11\/jarvenutemiljo-1000x622.jpg 1000w\" \/>\n\t\t\t\n\t\t\t\n\t\t\t\t\t<\/div>\n\t<\/div>\n\n\t\t\n\n<\/section>\n\n\n\n<h2 class=\"wp-block-heading\">En f\u00f6rskola i Skogalund med h\u00e5llbar utbildning i fokus<\/h2>\n\n\n\n<p>P\u00e5 J\u00e4rvens f\u00f6rskola i Skogalund \u00e4r h\u00e5llbar utbildning en viktig grundpelare i v\u00e5r dagliga verksamhet. Vi str\u00e4var efter att v\u00e4cka, utveckla och bibeh\u00e5lla barnens lust att l\u00e4ra sig nya saker. V\u00e5ra pedagoger arbetar ocks\u00e5 aktivt med att varje barn ska besitta f\u00f6rm\u00e5gan till kritiskt t\u00e4nkande, ha tillg\u00e5ng till olika uttryckss\u00e4tt och k\u00e4nna sig som viktiga medborgare i samh\u00e4llet. <\/p>\n\n\n\n<p>F\u00f6r oss handlar h\u00e5llbar utbildning om l\u00e4nken mellan de olika delarna som p\u00e5verkar barnets liv; barnet, hemmet, f\u00f6rskolan, samh\u00e4llet, v\u00e4rlden. Vi vill v\u00e4cka, utveckla och bibeh\u00e5lla lusten att l\u00e4ra, nyfikenheten och f\u00f6rundran f\u00f6r v\u00e4rldens alla magiska sammanhang. En lust som str\u00e4cker sig l\u00e5ngt upp i \u00e5ldrarna och smittar av sig till andra.&nbsp;<\/p>\n\n\n\n<p>N\u00e4r barnet slutar hos oss f\u00f6r att b\u00f6rja skolan, vill vi att hen \u00e4r rustat med en ryggs\u00e4ck fyllt med trygghet &#8211; tryggheten att vara den barnet \u00e4r, att ifr\u00e5gas\u00e4tta och vara kritiskt i sitt t\u00e4nkande, tryggheten att kunna anv\u00e4nda sig av olika material, verktyg och uttryckss\u00e4tt, samt tryggheten att vara i ett st\u00f6rre samh\u00e4lle och k\u00e4nna sig som en v\u00e4rldsmedborgare.&nbsp;<\/p>\n\n\n\n<p>Genom v\u00e5rt fokus p\u00e5 h\u00e5llbar utbildning rustar vi barnen f\u00f6r kommande studier men \u00e4ven f\u00f6r livet i stort \u2013 n\u00e5gonting de kommer ha stor nytta och gl\u00e4dje av.<\/p>\n\n\n\n<h2 class=\"wp-block-heading\">Arbetet p\u00e5 f\u00f6rskolan J\u00e4rven<\/h2>\n\n\n\n<p>J\u00e4rven best\u00e5r av flera avdelningar som ofta samverkar och m\u00f6ts, bland annat under frukosten och p\u00e5 v\u00e5r gemensamma g\u00e5rd. Avdelningarna \u00e4r \u00e5ldersindelade med l\u00e4rmilj\u00f6er anpassade efter barnens intressen, behov och utveckling.&nbsp;<\/p>\n\n\n\n<p>Vi vill att barnen k\u00e4nner trygghet p\u00e5 hela f\u00f6rskolan och med alla pedagoger. Det n\u00e5r vi bland annat genom att skapa tv\u00e4rgrupper, m\u00f6tas p\u00e5 v\u00e5r gemensamma g\u00e5rd, ha gemensamma aktiviteter och som pedagog l\u00e4gga stor vikt vid varje m\u00f6te.&nbsp;<\/p>\n\n\n\n<p>Vi har \u00e4ven gemensamma projekt som str\u00e4cker sig \u00f6ver hela f\u00f6rskolan anpassat till gruppen. Eftersom barnen ofta m\u00f6ts \u00f6ver avdelningarna, ser vi att barnen inspirerar varandra, vilket g\u00f6r att vi kan f\u00f6rdjupa v\u00e5ra projekt eller tankar som dyker upp under leken och kan samarbeta mellan olika \u00e5ldrar f\u00f6r att ta reda p\u00e5 svar och l\u00e4ra oss mer tillsammans.<\/p>\n\n\n\n<h2 class=\"wp-block-heading\">Projekt- och processinriktat l\u00e4rande i inspirerande milj\u00f6er<\/h2>\n\n\n\n<p>Hos oss p\u00e5 J\u00e4rvens f\u00f6rskola i Skogalund f\u00e5r barnen l\u00e4ra sig nya saker i inspirerande l\u00e4rmilj\u00f6er som bjuder in till kreativitet, kommunikation och lusten att l\u00e4ra b\u00e5de p\u00e5 egen hand och tillsammans med kamraterna p\u00e5 f\u00f6rskolan. <\/p>\n\n\n\n<p>Hos oss \u00e4r ett projekt- och processinriktat arbetss\u00e4tt en r\u00f6d tr\u00e5d i alla v\u00e5ra aktiviteter. Alla barn f\u00e5r till exempel m\u00f6jlighet att under en l\u00e4ngre tid f\u00f6rdjupa sig i ett specifikt fenomen. Barngruppen f\u00e5r sedan vidga sitt l\u00e4rande genom att ta del av varandras kunskaper och funderingar.<\/p>\n\n\n\n<h2 class=\"wp-block-heading\">L\u00e4rmilj\u00f6 p\u00e5 J\u00e4rven<\/h2>\n\n\n\n<p>Det \u00e4r viktigt f\u00f6r oss att ha en l\u00e4rmilj\u00f6 d\u00e4r vi alla blir nyfikna, f\u00f6rbluffade och f\u00f6rundrade. V\u00e5r l\u00e4rmilj\u00f6 bjuder in till f\u00f6rundran och erbjuder en m\u00e5ngfald av material som kan anv\u00e4ndas p\u00e5 olika s\u00e4tt och som vi kallar <em>of\u00e4rdigt och kan bli vad som helst<\/em>. Milj\u00f6n \u00e4r f\u00f6r\u00e4nderlig med material som \u00e4r kreativa, kommunikativa och s\u00e4tter ig\u00e5ng fantasin och lusten att utforska, b\u00e5de ensam och tillsammans med andra. Milj\u00f6n speglar ocks\u00e5 de p\u00e5g\u00e5ende projekten och processerna.<\/p>\n\n\n\n<h2 class=\"wp-block-heading\">Den personliga f\u00f6rskolan i Nacka<\/h2>\n\n\n\n<p>J\u00e4rvens f\u00f6rskola i Nacka \u00e4r en liten och personlig f\u00f6rskola d\u00e4r all personal samarbetar f\u00f6r barnens b\u00e4sta. Hos oss st\u00e5r barnens utbildningsresa och v\u00e4lm\u00e5ende i centrum. Med engagerade och empatiska pedagoger som f\u00e5r barnen att k\u00e4nna sig sedda och h\u00f6rda och utmanar dem p\u00e5 deras niv\u00e5 l\u00e4gger vi en god grund f\u00f6r trygga och h\u00e4lsosamma barn som m\u00e5r bra och utvecklas utifr\u00e5n sin f\u00f6rm\u00e5ga.<\/p>\n\n\n\n<p>Barnen i v\u00e5r f\u00f6rskola \u00e4r f\u00f6rs\u00e4krade i en olycksfallsf\u00f6rs\u00e4kring via <a href=\"https:\/\/www.nacka.se\/kommun--politik\/trygg-och-saker\/forsakring\/\" target=\"_blank\" rel=\"noreferrer noopener\">Nacka kommun<\/a>.<\/p>\n\n\n\n<p>V\u00e4lkommen att kontakta oss om du har fr\u00e5gor.<\/p>\n\n\n\n\n<section  class=\"ams-usp c-block l-stacked\" data-color-scheme=\"usp-yellow-background-pink-cards\">\n\t<div class=\"l-container l-stack l-stack-fluid-2xl u-pt-fluid-3xl-6xl u-pb-fluid-3xl-6xl is-center is-center@md\">\n\t\t\n\t\t\t<ul class=\"ams-usp__list l-grid u-justify-center u-gap-fluid-2xl-4xl\">\n\t\t\t\t\t<li class=\"l-col-6@md\">\n\t\t\t\t<article\n\t\t\t\t\tclass=\"\n\t\t\t\t\tc-card\n\t\t\t\t\thas-media-zoom\n\t\t\t\t\t\n\t\t\t\t\t\n\t\t\t\t\t\"\n\t\t\t\t\tdata-variant=\"border\"\n\t\t\t\t\tdata-style=\"soft\"\n\t\t\t\t\tdata-click-area\n\t\t\t\t\t>\n\t\t\t\t\t\t\t\t\t\t\t<div class=\"c-card__content l-stack l-stack-sm u-text-center\">\n\t\t\t\t\t\t\t\t\t\t\t\t\t\t\t<h3 class=\"c-card__title u-font-title-2\">\n\t\t\t\t\t\t\t\t\t<a href=\"https:\/\/pysslingen.se\/jarven\/samverkan-med-hemmet\/\" target=\"_self\">\t\t\t\t\t\t\t\t\t\t\t\t\t\t\t\t\t\t\t\t\t&#8221;M\u00f6tet \u00e4r k\u00e4rnan hos oss och v\u00e5rt viktigaste verktyg&#8221;\n\t\t\t\t\t\t\t\t\t\t\t<span class=\"c-card__title__sub is-below u-font-title-4\">\n\t\t\t\t\t\t\t\t\t\t\t\tL\u00e4s mer om v\u00e5r kontakt med dig som v\u00e5rdnadshavare\n\t\t\t\t\t\t\t\t\t\t\t<\/span>\n\t\t\t\t\t\t\t\t\t\t\t\t\t\t\t\t\t\t\t<\/a>\t\t\t\t\t\t\t\t<\/h3>\n\t\t\t\t\t\t\t\n\t\t\t\t\t\t\t\t\t\t\t\t\t<\/div>\n\t\t\t\t\t\n\t\t\t\t\t<div class=\"c-card__media\">\n\t\t\t\t\t\t\t\t\t\t\t\t\t<img decoding=\"async\" width=\"400\" height=\"267\" src=\"https:\/\/pysslingen.se\/wp-content\/uploads\/sites\/39\/2020\/11\/987a1742-saritta-vanligwebstorlek-max1024pixlarpbreddenellerhjden.jpg\" class=\" u-ratio-landscape  ams_icon_size_default\" alt=\"Pedagog p\u00e5 f\u00f6rskola \u00e4ter med barnen\" srcset=\"https:\/\/pysslingen.se\/wp-content\/uploads\/sites\/39\/2020\/11\/987a1742-saritta-vanligwebstorlek-max1024pixlarpbreddenellerhjden.jpg 768w, https:\/\/pysslingen.se\/wp-content\/uploads\/sites\/39\/2020\/11\/987a1742-saritta-vanligwebstorlek-max1024pixlarpbreddenellerhjden-300x200.jpg 300w\" sizes=\"(max-width: 400px) 100vw, 400px\" \/>\n\t\t\t\t\t\t\t\t\t\t\t<\/div>\n\t\t\t\t<\/article>\n\t\t\t<\/li>\n\n\t\t\t<\/ul>\n\n\t\t\t<\/div>\n\n\t\t\n\n<\/section>\n\n\n\n\t<div class=\"module_wrapper ams_remote_pages_module \">\n\t\t\n\n\n<section  class=\"ams-faq ams_event_module c-block l-stacked js-load-more\" data-color-scheme=\"faq-yellow-background-green-tabs\" data-count=\"3\" data-count-mobile=\"2\">\n\t<div class=\"l-container l-stack l-stack-fluid-2xl u-pt-fluid-3xl-6xl u-pb-fluid-3xl-6xl is-center is-center@md\">\n\t\t\t\t\t<div class=\"ams-faq__intro l-stack l-stack-lg\">\n\t\t\t\t\t\n\t<h2\n\tclass=\"c-heading u-font-title-1 \"\n\tstyle=\"\">\n\t\t\n\t\t\t\t\tVanliga fr\u00e5gor och svar\n\t\t\t\t\n\t<\/h2>\n\n\t\t\t\t\t\t\t<\/div>\n\t\t\n\t\t\n\t\n\t    \n\t\n\t<ul\n\t\tid=\"ams-faq-list-69f250432ca11\"\n\t\tclass=\"ams-faq__ac ams-accordion_module c-accordion js-results \"\n\t\taria-label=\"Vanliga fr\u00e5gor\"\n\t\tdata-variant=\"border-between\"\n\t\tdata-ajax-action=\"log_faq_view\"\n\t\tdata-ajax-url=\"https:\/\/pysslingen.se\/wp-admin\/admin-ajax.php\"\n\t\tdata-ajax-nonce=\"5a73205f34\"\n\t\tdata-filter-animation=\"off\">\n\n\t\t\n\t\t\t\t\t\t\t\t\t\t\t\t\t\t\t\n\t\t\t\n\t\t\t<li data-ajax-id=\"11291\" class=\"c-accordion__item \"\n\t\t\tdata-filter=\"pysslingen-forskolor mars-2026\"\n\t\t\t>\n\t\t\t\t<h3 class=\"c-accordion__header\">\n\t\t\t\t\t\t\t\t\t\t<button class=\"c-accordion__trigger u-py-sm u-px-fluid-md-xl u-font-title-4\">\n\t\t\t\t\t\t<span>Hur ser en dag p\u00e5 f\u00f6rskolan ut?<\/span>\n\t\t\t\t\t\t<svg class=\"ams-icon ams-icon__arrow-down\" width=\"24\" height=\"24\" viewbox=\"0 0 24 24\" fill=\"currentColor\" aria-hidden=\"true\" xmlns=\"http:\/\/www.w3.org\/2000\/svg\">\n\t\t\t\t\t\t\t\t\t\t\t\t\t<path d=\"m11.2033 18.4294-10.872894-10.67584c-.440539-.42594-.440539-1.1147 0-1.54065l.665495-.64345c.440539-.42595 1.152899-.42595 1.593439 0l9.41066 9.27114 9.4107-9.26207c.4405-.42595 1.1529-.42595 1.5934 0l.6655.64345c.4405.42594.4405 1.1147 0 1.54065l-10.8729 10.67587c-.4405.4168-1.1529.4168-1.5934-.0091z\"\/>\n\t\t\t\t\t\n\t\t\t\t\t\t<\/svg>\n\t\t\t\t\t<\/button>\n\t\t\t\t<\/h3>\n\t\t\t\t<div class=\"c-accordion__body l-stack u-font-body\">\n\t\t\t\t\t<div class=\"c-accordion__body__inner u-p-fluid-md-xl l-stack\">\n\t\t\t\t\t\t<p><span style=\"font-weight: 400;\">Fr\u00e5gan om hur dagarna ser ut f\u00f6r barnen, \u00e4r bra att st\u00e4lla i samband med visning av f\u00f6rskolan och vid inskolningen. D\u00e5 rutiner och uppl\u00e4gg kan variera fr\u00e5n f\u00f6rskola till f\u00f6rskola och utifr\u00e5n olika \u00e5ldrar.<\/span><\/p>\n\n\t\t\t\t\t<\/div>\n\t\t\t\t<\/div>\n\t\t\t<\/li>\n\t\t\n\t\t\t\t\t\t\t\t\t\t\t\t\t\t\t\n\t\t\t\n\t\t\t<li data-ajax-id=\"11290\" class=\"c-accordion__item \"\n\t\t\tdata-filter=\"borja-forskola pysslingen-forskolor mars-2026\"\n\t\t\t>\n\t\t\t\t<h3 class=\"c-accordion__header\">\n\t\t\t\t\t\t\t\t\t\t<button class=\"c-accordion__trigger u-py-sm u-px-fluid-md-xl u-font-title-4\">\n\t\t\t\t\t\t<span>Vad beh\u00f6ver barnen kunna n\u00e4r de b\u00f6rjar i f\u00f6rskolan?<\/span>\n\t\t\t\t\t\t<svg class=\"ams-icon ams-icon__arrow-down\" width=\"24\" height=\"24\" viewbox=\"0 0 24 24\" fill=\"currentColor\" aria-hidden=\"true\" xmlns=\"http:\/\/www.w3.org\/2000\/svg\">\n\t\t\t\t\t\t\t\t\t\t\t\t\t<path d=\"m11.2033 18.4294-10.872894-10.67584c-.440539-.42594-.440539-1.1147 0-1.54065l.665495-.64345c.440539-.42595 1.152899-.42595 1.593439 0l9.41066 9.27114 9.4107-9.26207c.4405-.42595 1.1529-.42595 1.5934 0l.6655.64345c.4405.42594.4405 1.1147 0 1.54065l-10.8729 10.67587c-.4405.4168-1.1529.4168-1.5934-.0091z\"\/>\n\t\t\t\t\t\n\t\t\t\t\t\t<\/svg>\n\t\t\t\t\t<\/button>\n\t\t\t\t<\/h3>\n\t\t\t\t<div class=\"c-accordion__body l-stack u-font-body\">\n\t\t\t\t\t<div class=\"c-accordion__body__inner u-p-fluid-md-xl l-stack\">\n\t\t\t\t\t\t<p><span style=\"font-weight: 400;\">Det finns inga krav p\u00e5 vad barnen beh\u00f6ver kunna n\u00e4r de b\u00f6rjar f\u00f6rskolan.<\/span><\/p>\n<p><span style=\"font-weight: 400;\">\u00a0<\/span><\/p>\n\n\t\t\t\t\t<\/div>\n\t\t\t\t<\/div>\n\t\t\t<\/li>\n\t\t\n\t\t\t\t\t\t\t\t\t\t\t\t\t\t\t\n\t\t\t\n\t\t\t<li data-ajax-id=\"11289\" class=\"c-accordion__item \"\n\t\t\tdata-filter=\"borja-forskola pysslingen-forskolor mars-2026\"\n\t\t\t>\n\t\t\t\t<h3 class=\"c-accordion__header\">\n\t\t\t\t\t\t\t\t\t\t<button class=\"c-accordion__trigger u-py-sm u-px-fluid-md-xl u-font-title-4\">\n\t\t\t\t\t\t<span>Ska man ha med bl\u00f6jor till sitt barn?<\/span>\n\t\t\t\t\t\t<svg class=\"ams-icon ams-icon__arrow-down\" width=\"24\" height=\"24\" viewbox=\"0 0 24 24\" fill=\"currentColor\" aria-hidden=\"true\" xmlns=\"http:\/\/www.w3.org\/2000\/svg\">\n\t\t\t\t\t\t\t\t\t\t\t\t\t<path d=\"m11.2033 18.4294-10.872894-10.67584c-.440539-.42594-.440539-1.1147 0-1.54065l.665495-.64345c.440539-.42595 1.152899-.42595 1.593439 0l9.41066 9.27114 9.4107-9.26207c.4405-.42595 1.1529-.42595 1.5934 0l.6655.64345c.4405.42594.4405 1.1147 0 1.54065l-10.8729 10.67587c-.4405.4168-1.1529.4168-1.5934-.0091z\"\/>\n\t\t\t\t\t\n\t\t\t\t\t\t<\/svg>\n\t\t\t\t\t<\/button>\n\t\t\t\t<\/h3>\n\t\t\t\t<div class=\"c-accordion__body l-stack u-font-body\">\n\t\t\t\t\t<div class=\"c-accordion__body__inner u-p-fluid-md-xl l-stack\">\n\t\t\t\t\t\t<p>P\u00e5 majoriteten av v\u00e5ra f\u00f6rskolor tillhandah\u00e5ller vi bl\u00f6jor och tv\u00e4ttlappar.<\/p>\n\n\t\t\t\t\t<\/div>\n\t\t\t\t<\/div>\n\t\t\t<\/li>\n\t\t\n\t\t\t\t\t\t\t\t\t\t\t\t\t\t\t\n\t\t\t\n\t\t\t<li data-ajax-id=\"11288\" class=\"c-accordion__item \"\n\t\t\tdata-filter=\"borja-forskola pysslingen-forskolor mars-2026\"\n\t\t\t>\n\t\t\t\t<h3 class=\"c-accordion__header\">\n\t\t\t\t\t\t\t\t\t\t<button class=\"c-accordion__trigger u-py-sm u-px-fluid-md-xl u-font-title-4\">\n\t\t\t\t\t\t<span>Vad ska man ha f\u00f6r kl\u00e4der p\u00e5 f\u00f6rskolan till sitt barn?<\/span>\n\t\t\t\t\t\t<svg class=\"ams-icon ams-icon__arrow-down\" width=\"24\" height=\"24\" viewbox=\"0 0 24 24\" fill=\"currentColor\" aria-hidden=\"true\" xmlns=\"http:\/\/www.w3.org\/2000\/svg\">\n\t\t\t\t\t\t\t\t\t\t\t\t\t<path d=\"m11.2033 18.4294-10.872894-10.67584c-.440539-.42594-.440539-1.1147 0-1.54065l.665495-.64345c.440539-.42595 1.152899-.42595 1.593439 0l9.41066 9.27114 9.4107-9.26207c.4405-.42595 1.1529-.42595 1.5934 0l.6655.64345c.4405.42594.4405 1.1147 0 1.54065l-10.8729 10.67587c-.4405.4168-1.1529.4168-1.5934-.0091z\"\/>\n\t\t\t\t\t\n\t\t\t\t\t\t<\/svg>\n\t\t\t\t\t<\/button>\n\t\t\t\t<\/h3>\n\t\t\t\t<div class=\"c-accordion__body l-stack u-font-body\">\n\t\t\t\t\t<div class=\"c-accordion__body__inner u-p-fluid-md-xl l-stack\">\n\t\t\t\t\t\t<p>Barn p\u00e5 f\u00f6rskolan beh\u00f6ver kl\u00e4der efter v\u00e4der och som \u00e4r l\u00e4tta att r\u00f6ra sig i. Det \u00e4r bra att kl\u00e4 barnet i lager p\u00e5 lager, med ett innerlager, ett v\u00e4rmande mellanlager och ett ytterlager som skyddar mot vind och v\u00e4ta. <a href=\"https:\/\/pysslingen.se\/klader\/\">L\u00e4s mer om v\u00e5ra tips om kl\u00e4der till f\u00f6rskolan h\u00e4r!<\/a><\/p>\n\n\t\t\t\t\t<\/div>\n\t\t\t\t<\/div>\n\t\t\t<\/li>\n\t\t\n\t\t\t\t\t\t\t\t\t\t\t\t\t\t\t\n\t\t\t\n\t\t\t<li data-ajax-id=\"11287\" class=\"c-accordion__item \"\n\t\t\tdata-filter=\"pysslingen-forskolor mars-2026\"\n\t\t\t>\n\t\t\t\t<h3 class=\"c-accordion__header\">\n\t\t\t\t\t\t\t\t\t\t<button class=\"c-accordion__trigger u-py-sm u-px-fluid-md-xl u-font-title-4\">\n\t\t\t\t\t\t<span>I hur stor utstr\u00e4ckning \u00e4r barnen utomhus under dagen?<\/span>\n\t\t\t\t\t\t<svg class=\"ams-icon ams-icon__arrow-down\" width=\"24\" height=\"24\" viewbox=\"0 0 24 24\" fill=\"currentColor\" aria-hidden=\"true\" xmlns=\"http:\/\/www.w3.org\/2000\/svg\">\n\t\t\t\t\t\t\t\t\t\t\t\t\t<path d=\"m11.2033 18.4294-10.872894-10.67584c-.440539-.42594-.440539-1.1147 0-1.54065l.665495-.64345c.440539-.42595 1.152899-.42595 1.593439 0l9.41066 9.27114 9.4107-9.26207c.4405-.42595 1.1529-.42595 1.5934 0l.6655.64345c.4405.42594.4405 1.1147 0 1.54065l-10.8729 10.67587c-.4405.4168-1.1529.4168-1.5934-.0091z\"\/>\n\t\t\t\t\t\n\t\t\t\t\t\t<\/svg>\n\t\t\t\t\t<\/button>\n\t\t\t\t<\/h3>\n\t\t\t\t<div class=\"c-accordion__body l-stack u-font-body\">\n\t\t\t\t\t<div class=\"c-accordion__body__inner u-p-fluid-md-xl l-stack\">\n\t\t\t\t\t\t<p><span style=\"font-weight: 400;\">Varje f\u00f6rskola planerar f\u00f6r att ge barnen m\u00f6jlighet att vara ute b\u00e5de p\u00e5 f\u00f6rmiddagen och eftermiddagen. Det handlar d\u00e4rf\u00f6r om att kunna vara ute i alla v\u00e4der och vara kl\u00e4dd f\u00f6r det. Naturligtvis har v\u00e4derleken en p\u00e5verkan p\u00e5 vistelsetiden utomhus och anpassas efter kyla, nederb\u00f6rd, vind och solljus.<\/span><\/p>\n\n\t\t\t\t\t<\/div>\n\t\t\t\t<\/div>\n\t\t\t<\/li>\n\t\t\n\t\t\t\t\t\t\t\t\t\t\t\t\t\t\t\n\t\t\t\n\t\t\t<li data-ajax-id=\"11286\" class=\"c-accordion__item \"\n\t\t\tdata-filter=\"borja-forskola pysslingen-forskolor mars-2026\"\n\t\t\t>\n\t\t\t\t<h3 class=\"c-accordion__header\">\n\t\t\t\t\t\t\t\t\t\t<button class=\"c-accordion__trigger u-py-sm u-px-fluid-md-xl u-font-title-4\">\n\t\t\t\t\t\t<span>Har ni m\u00f6jlighet att ge mitt barn vegansk eller vegetarisk kost?<\/span>\n\t\t\t\t\t\t<svg class=\"ams-icon ams-icon__arrow-down\" width=\"24\" height=\"24\" viewbox=\"0 0 24 24\" fill=\"currentColor\" aria-hidden=\"true\" xmlns=\"http:\/\/www.w3.org\/2000\/svg\">\n\t\t\t\t\t\t\t\t\t\t\t\t\t<path d=\"m11.2033 18.4294-10.872894-10.67584c-.440539-.42594-.440539-1.1147 0-1.54065l.665495-.64345c.440539-.42595 1.152899-.42595 1.593439 0l9.41066 9.27114 9.4107-9.26207c.4405-.42595 1.1529-.42595 1.5934 0l.6655.64345c.4405.42594.4405 1.1147 0 1.54065l-10.8729 10.67587c-.4405.4168-1.1529.4168-1.5934-.0091z\"\/>\n\t\t\t\t\t\n\t\t\t\t\t\t<\/svg>\n\t\t\t\t\t<\/button>\n\t\t\t\t<\/h3>\n\t\t\t\t<div class=\"c-accordion__body l-stack u-font-body\">\n\t\t\t\t\t<div class=\"c-accordion__body__inner u-p-fluid-md-xl l-stack\">\n\t\t\t\t\t\t<p><span style=\"font-weight: 400;\">Vegetarisk kost serveras p\u00e5 f\u00f6rskolan flera dagar i veckan.<\/span><\/p>\n<p><span style=\"font-weight: 400;\">F\u00f6r de barn som endast \u00e4ter vegansk eller vegetarisk kost beh\u00f6ver du l\u00e4mna in ett kostf\u00f6rtydligande till k\u00f6ket. F\u00f6r tex gluten eller andra allergier, beh\u00f6vs ett l\u00e4karintyg. <\/span><span style=\"font-weight: 400;\">Det \u00e4r viktigt att du som v\u00e5rdnadshavare meddelar f\u00f6rskolan om specialkost i samband med inskolningen.<\/span><\/p>\n<p><span style=\"font-weight: 400;\">\u00a0<\/span><\/p>\n\n\t\t\t\t\t<\/div>\n\t\t\t\t<\/div>\n\t\t\t<\/li>\n\t\t\n\t\t\t\t\t\t\t\t\t\t\t\t\t\t\t\n\t\t\t\n\t\t\t<li data-ajax-id=\"11285\" class=\"c-accordion__item \"\n\t\t\tdata-filter=\"pysslingen-forskolor mars-2026\"\n\t\t\t>\n\t\t\t\t<h3 class=\"c-accordion__header\">\n\t\t\t\t\t\t\t\t\t\t<button class=\"c-accordion__trigger u-py-sm u-px-fluid-md-xl u-font-title-4\">\n\t\t\t\t\t\t<span>G\u00f6r ni utflykter under dagen och l\u00e4mnar f\u00f6rskoleg\u00e5rden?<\/span>\n\t\t\t\t\t\t<svg class=\"ams-icon ams-icon__arrow-down\" width=\"24\" height=\"24\" viewbox=\"0 0 24 24\" fill=\"currentColor\" aria-hidden=\"true\" xmlns=\"http:\/\/www.w3.org\/2000\/svg\">\n\t\t\t\t\t\t\t\t\t\t\t\t\t<path d=\"m11.2033 18.4294-10.872894-10.67584c-.440539-.42594-.440539-1.1147 0-1.54065l.665495-.64345c.440539-.42595 1.152899-.42595 1.593439 0l9.41066 9.27114 9.4107-9.26207c.4405-.42595 1.1529-.42595 1.5934 0l.6655.64345c.4405.42594.4405 1.1147 0 1.54065l-10.8729 10.67587c-.4405.4168-1.1529.4168-1.5934-.0091z\"\/>\n\t\t\t\t\t\n\t\t\t\t\t\t<\/svg>\n\t\t\t\t\t<\/button>\n\t\t\t\t<\/h3>\n\t\t\t\t<div class=\"c-accordion__body l-stack u-font-body\">\n\t\t\t\t\t<div class=\"c-accordion__body__inner u-p-fluid-md-xl l-stack\">\n\t\t\t\t\t\t<p><span style=\"font-weight: 400;\">Alla v\u00e5ra f\u00f6rskolor har nyfikenhet och utforskande som tydliga kvaliteter i sin undervisning, vilket g\u00f6r att f\u00f6rskolans barngrupper kontinuerligt l\u00e4mnar f\u00f6rskolan f\u00f6r att uppt\u00e4cka nytt och annat. Det sker d\u00e4rf\u00f6r b\u00e5de kortare eller l\u00e4ngre utflykter till n\u00e4rliggande gr\u00f6nomr\u00e5den, parker och evenemang.<\/span><\/p>\n<p><span style=\"font-weight: 400;\">Inf\u00f6r varje utflykt g\u00f6r pedagogerna alltid en riskanalys f\u00f6r att skapa strategier och beredskap f\u00f6r att hantera eventuella utmanande moment. Alla barn har v\u00e4star, med kontaktuppgifter till f\u00f6rskolan.<\/span><\/p>\n\n\t\t\t\t\t<\/div>\n\t\t\t\t<\/div>\n\t\t\t<\/li>\n\t\t\n\t\t\t\t\t\t\t\t\t\t\t\t\t\t\t\n\t\t\t\n\t\t\t<li data-ajax-id=\"11284\" class=\"c-accordion__item \"\n\t\t\tdata-filter=\"borja-forskola pysslingen-forskolor mars-2026\"\n\t\t\t>\n\t\t\t\t<h3 class=\"c-accordion__header\">\n\t\t\t\t\t\t\t\t\t\t<button class=\"c-accordion__trigger u-py-sm u-px-fluid-md-xl u-font-title-4\">\n\t\t\t\t\t\t<span> Hur g\u00e5r introduktionen i f\u00f6rskolan till?<\/span>\n\t\t\t\t\t\t<svg class=\"ams-icon ams-icon__arrow-down\" width=\"24\" height=\"24\" viewbox=\"0 0 24 24\" fill=\"currentColor\" aria-hidden=\"true\" xmlns=\"http:\/\/www.w3.org\/2000\/svg\">\n\t\t\t\t\t\t\t\t\t\t\t\t\t<path d=\"m11.2033 18.4294-10.872894-10.67584c-.440539-.42594-.440539-1.1147 0-1.54065l.665495-.64345c.440539-.42595 1.152899-.42595 1.593439 0l9.41066 9.27114 9.4107-9.26207c.4405-.42595 1.1529-.42595 1.5934 0l.6655.64345c.4405.42594.4405 1.1147 0 1.54065l-10.8729 10.67587c-.4405.4168-1.1529.4168-1.5934-.0091z\"\/>\n\t\t\t\t\t\n\t\t\t\t\t\t<\/svg>\n\t\t\t\t\t<\/button>\n\t\t\t\t<\/h3>\n\t\t\t\t<div class=\"c-accordion__body l-stack u-font-body\">\n\t\t\t\t\t<div class=\"c-accordion__body__inner u-p-fluid-md-xl l-stack\">\n\t\t\t\t\t\t<p><span style=\"font-weight: 400;\">Introduktionen i f\u00f6rskolan \u00e4r f\u00f6r\u00e4ldraaktiv och v\u00e5rdnadshavaren \u00e4r d\u00e4rf\u00f6r med barnet under hela inskolningen. Det g\u00f6r att barnet k\u00e4nner sig tryggt och i lugn och ro kan b\u00f6rja l\u00e4ra k\u00e4nna sin nya milj\u00f6. <\/span><\/p>\n<p><span style=\"font-weight: 400;\">Det \u00e4r \u00e4ven ett tillf\u00e4lle f\u00f6r v\u00e5rdnadshavarna att l\u00e4ra k\u00e4nna f\u00f6rskolan och dess pedagoger och k\u00e4nna sig trygga med dem, samt att f\u00e5 en inblick i hur dagarna organiseras, s\u00e5 att v\u00e5rdnadshavaren kan st\u00f6tta barnet d\u00e4r hemma, inf\u00f6r f\u00f6rskoledagarnas rutiner och aktiviteter.<\/span><\/p>\n\n\t\t\t\t\t<\/div>\n\t\t\t\t<\/div>\n\t\t\t<\/li>\n\t\t\n\t\t\t\t\t\t\t\t\t\t\t\t\t\t\t\n\t\t\t\n\t\t\t<li data-ajax-id=\"11283\" class=\"c-accordion__item \"\n\t\t\tdata-filter=\"pysslingen-forskolor mars-2026\"\n\t\t\t>\n\t\t\t\t<h3 class=\"c-accordion__header\">\n\t\t\t\t\t\t\t\t\t\t<button class=\"c-accordion__trigger u-py-sm u-px-fluid-md-xl u-font-title-4\">\n\t\t\t\t\t\t<span>Hur garanterar ni s\u00e4kerheten p\u00e5 f\u00f6rskolan?<\/span>\n\t\t\t\t\t\t<svg class=\"ams-icon ams-icon__arrow-down\" width=\"24\" height=\"24\" viewbox=\"0 0 24 24\" fill=\"currentColor\" aria-hidden=\"true\" xmlns=\"http:\/\/www.w3.org\/2000\/svg\">\n\t\t\t\t\t\t\t\t\t\t\t\t\t<path d=\"m11.2033 18.4294-10.872894-10.67584c-.440539-.42594-.440539-1.1147 0-1.54065l.665495-.64345c.440539-.42595 1.152899-.42595 1.593439 0l9.41066 9.27114 9.4107-9.26207c.4405-.42595 1.1529-.42595 1.5934 0l.6655.64345c.4405.42594.4405 1.1147 0 1.54065l-10.8729 10.67587c-.4405.4168-1.1529.4168-1.5934-.0091z\"\/>\n\t\t\t\t\t\n\t\t\t\t\t\t<\/svg>\n\t\t\t\t\t<\/button>\n\t\t\t\t<\/h3>\n\t\t\t\t<div class=\"c-accordion__body l-stack u-font-body\">\n\t\t\t\t\t<div class=\"c-accordion__body__inner u-p-fluid-md-xl l-stack\">\n\t\t\t\t\t\t<p><span style=\"font-weight: 400;\">F\u00f6rskolans dagar bygger p\u00e5 att f\u00f6rskolan har en tydlig genomt\u00e4nkt grundstruktur, utifr\u00e5n barngruppens behov. Grundstrukturen tydligg\u00f6r hur pedagogerna ska f\u00f6rdela sig och hur dagarna organiseras f\u00f6r att kunna s\u00e4kerst\u00e4lla att barngruppen har trygga dagar och aktiviteter b\u00e5de ute och inne. Ut\u00f6ver det sker kontinuerligt barns\u00e4kerhetsroder p\u00e5 f\u00f6rskolan.<\/span><\/p>\n<p><span style=\"font-weight: 400;\">N\u00e4r f\u00f6rskolegrupper g\u00e5r iv\u00e4g p\u00e5 utflykt, g\u00f6r man alltid en riskanalys f\u00f6r att t\u00e4nka igenom vilka moment som kommer att kr\u00e4va s\u00e4rskilda \u00e5tg\u00e4rder under utflykten. Att anpassa antalet barn som kan l\u00e4mna f\u00f6rskolan, utifr\u00e5n riskanalysen, \u00e4r ocks\u00e5 en \u00e5tg\u00e4rd som vidtas. Samt att alla barn har v\u00e4star med telefonnummer till f\u00f6rskolan.<\/span><\/p>\n\n\t\t\t\t\t<\/div>\n\t\t\t\t<\/div>\n\t\t\t<\/li>\n\t\t\n\t\t\t\t\t\t\t\t\t\t\t\t\t\t\t\n\t\t\t\n\t\t\t<li data-ajax-id=\"11282\" class=\"c-accordion__item \"\n\t\t\tdata-filter=\"borja-forskola pysslingen-forskolor mars-2026\"\n\t\t\t>\n\t\t\t\t<h3 class=\"c-accordion__header\">\n\t\t\t\t\t\t\t\t\t\t<button class=\"c-accordion__trigger u-py-sm u-px-fluid-md-xl u-font-title-4\">\n\t\t\t\t\t\t<span>Hur ska mitt barn kunna somna under vilan p\u00e5 f\u00f6rskolan?<\/span>\n\t\t\t\t\t\t<svg class=\"ams-icon ams-icon__arrow-down\" width=\"24\" height=\"24\" viewbox=\"0 0 24 24\" fill=\"currentColor\" aria-hidden=\"true\" xmlns=\"http:\/\/www.w3.org\/2000\/svg\">\n\t\t\t\t\t\t\t\t\t\t\t\t\t<path d=\"m11.2033 18.4294-10.872894-10.67584c-.440539-.42594-.440539-1.1147 0-1.54065l.665495-.64345c.440539-.42595 1.152899-.42595 1.593439 0l9.41066 9.27114 9.4107-9.26207c.4405-.42595 1.1529-.42595 1.5934 0l.6655.64345c.4405.42594.4405 1.1147 0 1.54065l-10.8729 10.67587c-.4405.4168-1.1529.4168-1.5934-.0091z\"\/>\n\t\t\t\t\t\n\t\t\t\t\t\t<\/svg>\n\t\t\t\t\t<\/button>\n\t\t\t\t<\/h3>\n\t\t\t\t<div class=\"c-accordion__body l-stack u-font-body\">\n\t\t\t\t\t<div class=\"c-accordion__body__inner u-p-fluid-md-xl l-stack\">\n\t\t\t\t\t\t<p><span style=\"font-weight: 400;\">F\u00f6rskolans pedagoger har stor erfarenhet av att f\u00e5 barn att komma till ro under vilan tillsammans med de andra barnen, samt att m\u00f6ta de olika barnens behov.<\/span><\/p>\n<p><span style=\"font-weight: 400;\">Vilan \u00e4r en tydlig rutin som \u00e4r k\u00e4nd f\u00f6r alla barnen p\u00e5 avdelningen. Oftast h\u00e4rmar de varandra snabbt och l\u00e4gger sig n\u00e4r de andra barnen g\u00f6r det. Den f\u00f6rsta tiden p\u00e5 f\u00f6rskolan \u00e4r barnen fyllda av nya intryck och vilar g\u00e4rna n\u00e4r tillf\u00e4lle bjuds.<\/span><\/p>\n\n\t\t\t\t\t<\/div>\n\t\t\t\t<\/div>\n\t\t\t<\/li>\n\t\t\n\t\t\t\t\t\t\t\t\t\t\t\t\t\t\t\n\t\t\t\n\t\t\t<li data-ajax-id=\"11281\" class=\"c-accordion__item \"\n\t\t\tdata-filter=\"borja-forskola pysslingen-forskolor mars-2026\"\n\t\t\t>\n\t\t\t\t<h3 class=\"c-accordion__header\">\n\t\t\t\t\t\t\t\t\t\t<button class=\"c-accordion__trigger u-py-sm u-px-fluid-md-xl u-font-title-4\">\n\t\t\t\t\t\t<span>Vad kostar det att g\u00e5 p\u00e5 f\u00f6rskola?<\/span>\n\t\t\t\t\t\t<svg class=\"ams-icon ams-icon__arrow-down\" width=\"24\" height=\"24\" viewbox=\"0 0 24 24\" fill=\"currentColor\" aria-hidden=\"true\" xmlns=\"http:\/\/www.w3.org\/2000\/svg\">\n\t\t\t\t\t\t\t\t\t\t\t\t\t<path d=\"m11.2033 18.4294-10.872894-10.67584c-.440539-.42594-.440539-1.1147 0-1.54065l.665495-.64345c.440539-.42595 1.152899-.42595 1.593439 0l9.41066 9.27114 9.4107-9.26207c.4405-.42595 1.1529-.42595 1.5934 0l.6655.64345c.4405.42594.4405 1.1147 0 1.54065l-10.8729 10.67587c-.4405.4168-1.1529.4168-1.5934-.0091z\"\/>\n\t\t\t\t\t\n\t\t\t\t\t\t<\/svg>\n\t\t\t\t\t<\/button>\n\t\t\t\t<\/h3>\n\t\t\t\t<div class=\"c-accordion__body l-stack u-font-body\">\n\t\t\t\t\t<div class=\"c-accordion__body__inner u-p-fluid-md-xl l-stack\">\n\t\t\t\t\t\t<p><span style=\"font-weight: 400;\">F\u00f6rskoleavgiften f\u00f6r b\u00e5de frist\u00e5ende och kommunala f\u00f6rskolor i Sverige baseras p\u00e5 hush\u00e5llets inkomst och f\u00f6ljer en maxtaxa. Avgiften \u00e4r en procentsats (max 3 %) av bruttoinkomsten upp till ett inkomsttak och syskonrabatter g\u00e4ller.<\/span><\/p>\n\n\t\t\t\t\t<\/div>\n\t\t\t\t<\/div>\n\t\t\t<\/li>\n\t\t\n\t\t\t\t\t\t\t\t\t\t\t\t\t\t\t\n\t\t\t\n\t\t\t<li data-ajax-id=\"11278\" class=\"c-accordion__item \"\n\t\t\tdata-filter=\"pysslingen-forskolor mars-2026\"\n\t\t\t>\n\t\t\t\t<h3 class=\"c-accordion__header\">\n\t\t\t\t\t\t\t\t\t\t<button class=\"c-accordion__trigger u-py-sm u-px-fluid-md-xl u-font-title-4\">\n\t\t\t\t\t\t<span>Vad \u00e4r MiniPyss?<\/span>\n\t\t\t\t\t\t<svg class=\"ams-icon ams-icon__arrow-down\" width=\"24\" height=\"24\" viewbox=\"0 0 24 24\" fill=\"currentColor\" aria-hidden=\"true\" xmlns=\"http:\/\/www.w3.org\/2000\/svg\">\n\t\t\t\t\t\t\t\t\t\t\t\t\t<path d=\"m11.2033 18.4294-10.872894-10.67584c-.440539-.42594-.440539-1.1147 0-1.54065l.665495-.64345c.440539-.42595 1.152899-.42595 1.593439 0l9.41066 9.27114 9.4107-9.26207c.4405-.42595 1.1529-.42595 1.5934 0l.6655.64345c.4405.42594.4405 1.1147 0 1.54065l-10.8729 10.67587c-.4405.4168-1.1529.4168-1.5934-.0091z\"\/>\n\t\t\t\t\t\n\t\t\t\t\t\t<\/svg>\n\t\t\t\t\t<\/button>\n\t\t\t\t<\/h3>\n\t\t\t\t<div class=\"c-accordion__body l-stack u-font-body\">\n\t\t\t\t\t<div class=\"c-accordion__body__inner u-p-fluid-md-xl l-stack\">\n\t\t\t\t\t\t<p><span style=\"font-weight: 400;\">MiniPyss \u00e4r en kostnadsfri form av \u00f6ppen f\u00f6rskola som erbjuds av Pysslingen f\u00f6rskolor, MiniPyss \u00e4r speciellt anpassad f\u00f6r f\u00f6r\u00e4ldralediga och barn. Det \u00e4r en social m\u00f6tesplats d\u00e4r deltagarna sjunger, pysslar, l\u00e4ser sagor och utforskar aktiviteter, ofta med bjudfika eller mellis och utan f\u00f6ranm\u00e4lan.<\/span><\/p>\n\n\t\t\t\t\t<\/div>\n\t\t\t\t<\/div>\n\t\t\t<\/li>\n\t\t\n\t\t\t\t\t\t\t\t\t\t\t\t\t\t\t\n\t\t\t\n\t\t\t<li data-ajax-id=\"11277\" class=\"c-accordion__item \"\n\t\t\tdata-filter=\"pysslingen-forskolor mars-2026\"\n\t\t\t>\n\t\t\t\t<h3 class=\"c-accordion__header\">\n\t\t\t\t\t\t\t\t\t\t<button class=\"c-accordion__trigger u-py-sm u-px-fluid-md-xl u-font-title-4\">\n\t\t\t\t\t\t<span>Hur fungerar simskolan p\u00e5 f\u00f6rskolan?<\/span>\n\t\t\t\t\t\t<svg class=\"ams-icon ams-icon__arrow-down\" width=\"24\" height=\"24\" viewbox=\"0 0 24 24\" fill=\"currentColor\" aria-hidden=\"true\" xmlns=\"http:\/\/www.w3.org\/2000\/svg\">\n\t\t\t\t\t\t\t\t\t\t\t\t\t<path d=\"m11.2033 18.4294-10.872894-10.67584c-.440539-.42594-.440539-1.1147 0-1.54065l.665495-.64345c.440539-.42595 1.152899-.42595 1.593439 0l9.41066 9.27114 9.4107-9.26207c.4405-.42595 1.1529-.42595 1.5934 0l.6655.64345c.4405.42594.4405 1.1147 0 1.54065l-10.8729 10.67587c-.4405.4168-1.1529.4168-1.5934-.0091z\"\/>\n\t\t\t\t\t\n\t\t\t\t\t\t<\/svg>\n\t\t\t\t\t<\/button>\n\t\t\t\t<\/h3>\n\t\t\t\t<div class=\"c-accordion__body l-stack u-font-body\">\n\t\t\t\t\t<div class=\"c-accordion__body__inner u-p-fluid-md-xl l-stack\">\n\t\t\t\t\t\t<p><span style=\"font-weight: 400;\">Pysslingen f\u00f6rskolor erbjuder simskola f\u00f6r 5-\u00e5ringar p\u00e5 ett stort antal f\u00f6rskolor. Simskolan leds av utbildade och erfarna instrukt\u00f6rer och siml\u00e4rare tillsammans med personal fr\u00e5n f\u00f6rskolan som \u00e4r med under hela aktiviteten f\u00f6r att st\u00f6tta barnen fr\u00e5n bass\u00e4ngkanten. Aktiviteten sker under ca 8 tillf\u00e4llen under \u00e5ret och i mindre grupper f\u00f6r en trygg och s\u00e4ker upplevelse f\u00f6r barn och vuxna.<\/span><\/p>\n\n\t\t\t\t\t<\/div>\n\t\t\t\t<\/div>\n\t\t\t<\/li>\n\t\t\n\t\t\t\t\t\t\t\t\t\t\t\t\t\t\t\n\t\t\t\n\t\t\t<li data-ajax-id=\"11276\" class=\"c-accordion__item \"\n\t\t\tdata-filter=\"pysslingen-forskolor mars-2026\"\n\t\t\t>\n\t\t\t\t<h3 class=\"c-accordion__header\">\n\t\t\t\t\t\t\t\t\t\t<button class=\"c-accordion__trigger u-py-sm u-px-fluid-md-xl u-font-title-4\">\n\t\t\t\t\t\t<span>Vad \u00e4r gemensamt f\u00f6r en Pysslingen f\u00f6rskola?<\/span>\n\t\t\t\t\t\t<svg class=\"ams-icon ams-icon__arrow-down\" width=\"24\" height=\"24\" viewbox=\"0 0 24 24\" fill=\"currentColor\" aria-hidden=\"true\" xmlns=\"http:\/\/www.w3.org\/2000\/svg\">\n\t\t\t\t\t\t\t\t\t\t\t\t\t<path d=\"m11.2033 18.4294-10.872894-10.67584c-.440539-.42594-.440539-1.1147 0-1.54065l.665495-.64345c.440539-.42595 1.152899-.42595 1.593439 0l9.41066 9.27114 9.4107-9.26207c.4405-.42595 1.1529-.42595 1.5934 0l.6655.64345c.4405.42594.4405 1.1147 0 1.54065l-10.8729 10.67587c-.4405.4168-1.1529.4168-1.5934-.0091z\"\/>\n\t\t\t\t\t\n\t\t\t\t\t\t<\/svg>\n\t\t\t\t\t<\/button>\n\t\t\t\t<\/h3>\n\t\t\t\t<div class=\"c-accordion__body l-stack u-font-body\">\n\t\t\t\t\t<div class=\"c-accordion__body__inner u-p-fluid-md-xl l-stack\">\n\t\t\t\t\t\t<p>Pysslingen f\u00f6rskolor f\u00f6ljer den svenska l\u00e4roplanen och utformar verksamheten helt i linje med nationella styrdokument och lagar. Gemensamt f\u00f6r dem alla \u00e4r de tre grundpelarna spr\u00e5k,h\u00e5llbar utveckling och r\u00f6relse. Ut\u00f6ver det har varje f\u00f6rskola m\u00f6jlighet att sedan utforma sin egen lokala profil och pedagogiska inriktning.<\/p>\n\n\t\t\t\t\t<\/div>\n\t\t\t\t<\/div>\n\t\t\t<\/li>\n\t\t\n\t\t\t\t\t\t\t\t\t\t\t\t\t\t\t\n\t\t\t\n\t\t\t<li data-ajax-id=\"11275\" class=\"c-accordion__item \"\n\t\t\tdata-filter=\"pysslingen-forskolor mars-2026\"\n\t\t\t>\n\t\t\t\t<h3 class=\"c-accordion__header\">\n\t\t\t\t\t\t\t\t\t\t<button class=\"c-accordion__trigger u-py-sm u-px-fluid-md-xl u-font-title-4\">\n\t\t\t\t\t\t<span>N\u00e4r f\u00e5r mitt barn b\u00f6rja i f\u00f6rskolan?<\/span>\n\t\t\t\t\t\t<svg class=\"ams-icon ams-icon__arrow-down\" width=\"24\" height=\"24\" viewbox=\"0 0 24 24\" fill=\"currentColor\" aria-hidden=\"true\" xmlns=\"http:\/\/www.w3.org\/2000\/svg\">\n\t\t\t\t\t\t\t\t\t\t\t\t\t<path d=\"m11.2033 18.4294-10.872894-10.67584c-.440539-.42594-.440539-1.1147 0-1.54065l.665495-.64345c.440539-.42595 1.152899-.42595 1.593439 0l9.41066 9.27114 9.4107-9.26207c.4405-.42595 1.1529-.42595 1.5934 0l.6655.64345c.4405.42594.4405 1.1147 0 1.54065l-10.8729 10.67587c-.4405.4168-1.1529.4168-1.5934-.0091z\"\/>\n\t\t\t\t\t\n\t\t\t\t\t\t<\/svg>\n\t\t\t\t\t<\/button>\n\t\t\t\t<\/h3>\n\t\t\t\t<div class=\"c-accordion__body l-stack u-font-body\">\n\t\t\t\t\t<div class=\"c-accordion__body__inner u-p-fluid-md-xl l-stack\">\n\t\t\t\t\t\t<p><span style=\"font-weight: 400;\">Den lagstadgade r\u00e4tten f\u00f6r n\u00e4r barn kan b\u00f6rja i f\u00f6rskolan g\u00e4ller fr\u00e5n 1 \u00e5r.<\/span><\/p>\n\n\t\t\t\t\t<\/div>\n\t\t\t\t<\/div>\n\t\t\t<\/li>\n\t\t\n\t\t\t\t\t\t\t\t\t\t\t\t\t\t\t\n\t\t\t\n\t\t\t<li data-ajax-id=\"11274\" class=\"c-accordion__item \"\n\t\t\tdata-filter=\"pysslingen-forskolor mars-2026\"\n\t\t\t>\n\t\t\t\t<h3 class=\"c-accordion__header\">\n\t\t\t\t\t\t\t\t\t\t<button class=\"c-accordion__trigger u-py-sm u-px-fluid-md-xl u-font-title-4\">\n\t\t\t\t\t\t<span>Vad inneb\u00e4r garantiplats?<\/span>\n\t\t\t\t\t\t<svg class=\"ams-icon ams-icon__arrow-down\" width=\"24\" height=\"24\" viewbox=\"0 0 24 24\" fill=\"currentColor\" aria-hidden=\"true\" xmlns=\"http:\/\/www.w3.org\/2000\/svg\">\n\t\t\t\t\t\t\t\t\t\t\t\t\t<path d=\"m11.2033 18.4294-10.872894-10.67584c-.440539-.42594-.440539-1.1147 0-1.54065l.665495-.64345c.440539-.42595 1.152899-.42595 1.593439 0l9.41066 9.27114 9.4107-9.26207c.4405-.42595 1.1529-.42595 1.5934 0l.6655.64345c.4405.42594.4405 1.1147 0 1.54065l-10.8729 10.67587c-.4405.4168-1.1529.4168-1.5934-.0091z\"\/>\n\t\t\t\t\t\n\t\t\t\t\t\t<\/svg>\n\t\t\t\t\t<\/button>\n\t\t\t\t<\/h3>\n\t\t\t\t<div class=\"c-accordion__body l-stack u-font-body\">\n\t\t\t\t\t<div class=\"c-accordion__body__inner u-p-fluid-md-xl l-stack\">\n\t\t\t\t\t\t<p><span style=\"font-weight: 400;\">En garantiplats \u00e4r en garanterad f\u00f6rskoleplats som kommunen erbjuder inom en viss tid, om du inte f\u00e5r en av dina \u00f6nskade f\u00f6rskolor direkt.<\/span><\/p>\n\n\t\t\t\t\t<\/div>\n\t\t\t\t<\/div>\n\t\t\t<\/li>\n\t\t\n\t\t\t\t\t\t\t\t\t\t\t\t\t\t\t\n\t\t\t\n\t\t\t<li data-ajax-id=\"11273\" class=\"c-accordion__item \"\n\t\t\tdata-filter=\"pysslingen-forskolor mars-2026\"\n\t\t\t>\n\t\t\t\t<h3 class=\"c-accordion__header\">\n\t\t\t\t\t\t\t\t\t\t<button class=\"c-accordion__trigger u-py-sm u-px-fluid-md-xl u-font-title-4\">\n\t\t\t\t\t\t<span>Kan man se vilken k\u00f6plats man har till f\u00f6rskolan?<\/span>\n\t\t\t\t\t\t<svg class=\"ams-icon ams-icon__arrow-down\" width=\"24\" height=\"24\" viewbox=\"0 0 24 24\" fill=\"currentColor\" aria-hidden=\"true\" xmlns=\"http:\/\/www.w3.org\/2000\/svg\">\n\t\t\t\t\t\t\t\t\t\t\t\t\t<path d=\"m11.2033 18.4294-10.872894-10.67584c-.440539-.42594-.440539-1.1147 0-1.54065l.665495-.64345c.440539-.42595 1.152899-.42595 1.593439 0l9.41066 9.27114 9.4107-9.26207c.4405-.42595 1.1529-.42595 1.5934 0l.6655.64345c.4405.42594.4405 1.1147 0 1.54065l-10.8729 10.67587c-.4405.4168-1.1529.4168-1.5934-.0091z\"\/>\n\t\t\t\t\t\n\t\t\t\t\t\t<\/svg>\n\t\t\t\t\t<\/button>\n\t\t\t\t<\/h3>\n\t\t\t\t<div class=\"c-accordion__body l-stack u-font-body\">\n\t\t\t\t\t<div class=\"c-accordion__body__inner u-p-fluid-md-xl l-stack\">\n\t\t\t\t\t\t<p>Kontakta f\u00f6rskolans administat\u00f6r f\u00f6r v\u00e4gledning d\u00e5 det kan se olika ut i olika kommuner.<\/p>\n\n\t\t\t\t\t<\/div>\n\t\t\t\t<\/div>\n\t\t\t<\/li>\n\t\t\n\t\t\t\t\t\t\t\t\t\t\t\t\t\t\t\n\t\t\t\n\t\t\t<li data-ajax-id=\"11272\" class=\"c-accordion__item \"\n\t\t\tdata-filter=\"pysslingen-forskolor mars-2026\"\n\t\t\t>\n\t\t\t\t<h3 class=\"c-accordion__header\">\n\t\t\t\t\t\t\t\t\t\t<button class=\"c-accordion__trigger u-py-sm u-px-fluid-md-xl u-font-title-4\">\n\t\t\t\t\t\t<span>N\u00e4r kan man st\u00e4lla sitt barn i k\u00f6 till f\u00f6rskolan?<\/span>\n\t\t\t\t\t\t<svg class=\"ams-icon ams-icon__arrow-down\" width=\"24\" height=\"24\" viewbox=\"0 0 24 24\" fill=\"currentColor\" aria-hidden=\"true\" xmlns=\"http:\/\/www.w3.org\/2000\/svg\">\n\t\t\t\t\t\t\t\t\t\t\t\t\t<path d=\"m11.2033 18.4294-10.872894-10.67584c-.440539-.42594-.440539-1.1147 0-1.54065l.665495-.64345c.440539-.42595 1.152899-.42595 1.593439 0l9.41066 9.27114 9.4107-9.26207c.4405-.42595 1.1529-.42595 1.5934 0l.6655.64345c.4405.42594.4405 1.1147 0 1.54065l-10.8729 10.67587c-.4405.4168-1.1529.4168-1.5934-.0091z\"\/>\n\t\t\t\t\t\n\t\t\t\t\t\t<\/svg>\n\t\t\t\t\t<\/button>\n\t\t\t\t<\/h3>\n\t\t\t\t<div class=\"c-accordion__body l-stack u-font-body\">\n\t\t\t\t\t<div class=\"c-accordion__body__inner u-p-fluid-md-xl l-stack\">\n\t\t\t\t\t\t<p><span style=\"font-weight: 400;\">M\u00e5nga kommuner till\u00e5ter ans\u00f6kan till f\u00f6rskolan s\u00e5 fort barnet har fyllt sex m\u00e5nader. Det \u00e4r dock k\u00f6datumet, dvs n\u00e4r du skickar in ans\u00f6kan, som ofta avg\u00f6r din plats i k\u00f6n om flera s\u00f6ker till samma f\u00f6rskola.<\/span><\/p>\n\n\t\t\t\t\t<\/div>\n\t\t\t\t<\/div>\n\t\t\t<\/li>\n\t\t\n\t\t\t\t\t\t\t\t\t\t\t\t\t\t\t\n\t\t\t\n\t\t\t<li data-ajax-id=\"11271\" class=\"c-accordion__item \"\n\t\t\tdata-filter=\"pysslingen-forskolor mars-2026\"\n\t\t\t>\n\t\t\t\t<h3 class=\"c-accordion__header\">\n\t\t\t\t\t\t\t\t\t\t<button class=\"c-accordion__trigger u-py-sm u-px-fluid-md-xl u-font-title-4\">\n\t\t\t\t\t\t<span>Hur st\u00e4ller man sitt barn i k\u00f6 till f\u00f6rskolan?<\/span>\n\t\t\t\t\t\t<svg class=\"ams-icon ams-icon__arrow-down\" width=\"24\" height=\"24\" viewbox=\"0 0 24 24\" fill=\"currentColor\" aria-hidden=\"true\" xmlns=\"http:\/\/www.w3.org\/2000\/svg\">\n\t\t\t\t\t\t\t\t\t\t\t\t\t<path d=\"m11.2033 18.4294-10.872894-10.67584c-.440539-.42594-.440539-1.1147 0-1.54065l.665495-.64345c.440539-.42595 1.152899-.42595 1.593439 0l9.41066 9.27114 9.4107-9.26207c.4405-.42595 1.1529-.42595 1.5934 0l.6655.64345c.4405.42594.4405 1.1147 0 1.54065l-10.8729 10.67587c-.4405.4168-1.1529.4168-1.5934-.0091z\"\/>\n\t\t\t\t\t\n\t\t\t\t\t\t<\/svg>\n\t\t\t\t\t<\/button>\n\t\t\t\t<\/h3>\n\t\t\t\t<div class=\"c-accordion__body l-stack u-font-body\">\n\t\t\t\t\t<div class=\"c-accordion__body__inner u-p-fluid-md-xl l-stack\">\n\t\t\t\t\t\t<p><span style=\"font-weight: 400;\">F\u00f6r att s\u00f6ka plats i f\u00f6rskolan v\u00e4nder du dig till din hemkommun. En l\u00e4nk p\u00e5 f\u00f6rskolans hemsida leder dig r\u00e4tt, d\u00e4r kan du \u00e4ven f\u00e5 kontakt med f\u00f6rskolans adminstrat\u00f6r f\u00f6r att f\u00e5 information om hur m\u00f6jligheterna att ser ut p\u00e5 den f\u00f6rskola du \u00f6nskar plats p\u00e5.<\/span><\/p>\n<p><span style=\"font-weight: 400;\">P\u00e5 v\u00e5ra hemsidor finns ocks\u00e5 en l\u00e4nk att f\u00f6lja till kommunen med den information du beh\u00f6ver f\u00f6r att st\u00e4lla ditt barn i k\u00f6.<\/span><\/p>\n\n\t\t\t\t\t<\/div>\n\t\t\t\t<\/div>\n\t\t\t<\/li>\n\t\t\n\t\t\t\t\t\t\t\t\t\t\t\t\t\t\t\n\t\t\t\n\t\t\t<li data-ajax-id=\"1908\" class=\"c-accordion__item \"\n\t\t\tdata-filter=\"pysslingen-forskolor januari-2021\"\n\t\t\t>\n\t\t\t\t<h3 class=\"c-accordion__header\">\n\t\t\t\t\t\t\t\t\t\t<button class=\"c-accordion__trigger u-py-sm u-px-fluid-md-xl u-font-title-4\">\n\t\t\t\t\t\t<span>Vilka \u00f6ppettider har Pysslingen F\u00f6rskolor?<\/span>\n\t\t\t\t\t\t<svg class=\"ams-icon ams-icon__arrow-down\" width=\"24\" height=\"24\" viewbox=\"0 0 24 24\" fill=\"currentColor\" aria-hidden=\"true\" xmlns=\"http:\/\/www.w3.org\/2000\/svg\">\n\t\t\t\t\t\t\t\t\t\t\t\t\t<path d=\"m11.2033 18.4294-10.872894-10.67584c-.440539-.42594-.440539-1.1147 0-1.54065l.665495-.64345c.440539-.42595 1.152899-.42595 1.593439 0l9.41066 9.27114 9.4107-9.26207c.4405-.42595 1.1529-.42595 1.5934 0l.6655.64345c.4405.42594.4405 1.1147 0 1.54065l-10.8729 10.67587c-.4405.4168-1.1529.4168-1.5934-.0091z\"\/>\n\t\t\t\t\t\n\t\t\t\t\t\t<\/svg>\n\t\t\t\t\t<\/button>\n\t\t\t\t<\/h3>\n\t\t\t\t<div class=\"c-accordion__body l-stack u-font-body\">\n\t\t\t\t\t<div class=\"c-accordion__body__inner u-p-fluid-md-xl l-stack\">\n\t\t\t\t\t\t<p>Alla v\u00e5ra f\u00f6rskolor f\u00f6ljer respektive kommuns regler f\u00f6r ramtid och anpassar sina \u00f6ppettider efter bland annat v\u00e5rdnadshavarnas f\u00f6rv\u00e4rvsarbete eller studier, inom dessa. Vill du veta mer om v\u00e5ra \u00f6ppettider, kontakta samordnare p\u00e5 din f\u00f6rskola.<\/p>\n\n\t\t\t\t\t<\/div>\n\t\t\t\t<\/div>\n\t\t\t<\/li>\n\t\t\n\t\t\t\t\t\t\t\t\t\t\t\t\t\t\t\n\t\t\t\n\t\t\t<li data-ajax-id=\"977\" class=\"c-accordion__item \"\n\t\t\tdata-filter=\"pysslingen-forskolor oktober-2020\"\n\t\t\t>\n\t\t\t\t<h3 class=\"c-accordion__header\">\n\t\t\t\t\t\t\t\t\t\t<button class=\"c-accordion__trigger u-py-sm u-px-fluid-md-xl u-font-title-4\">\n\t\t\t\t\t\t<span>Hur m\u00e4ter ni kvaliteten p\u00e5 er f\u00f6rskola?<\/span>\n\t\t\t\t\t\t<svg class=\"ams-icon ams-icon__arrow-down\" width=\"24\" height=\"24\" viewbox=\"0 0 24 24\" fill=\"currentColor\" aria-hidden=\"true\" xmlns=\"http:\/\/www.w3.org\/2000\/svg\">\n\t\t\t\t\t\t\t\t\t\t\t\t\t<path d=\"m11.2033 18.4294-10.872894-10.67584c-.440539-.42594-.440539-1.1147 0-1.54065l.665495-.64345c.440539-.42595 1.152899-.42595 1.593439 0l9.41066 9.27114 9.4107-9.26207c.4405-.42595 1.1529-.42595 1.5934 0l.6655.64345c.4405.42594.4405 1.1147 0 1.54065l-10.8729 10.67587c-.4405.4168-1.1529.4168-1.5934-.0091z\"\/>\n\t\t\t\t\t\n\t\t\t\t\t\t<\/svg>\n\t\t\t\t\t<\/button>\n\t\t\t\t<\/h3>\n\t\t\t\t<div class=\"c-accordion__body l-stack u-font-body\">\n\t\t\t\t\t<div class=\"c-accordion__body__inner u-p-fluid-md-xl l-stack\">\n\t\t\t\t\t\t<p>I Pysslingen F\u00f6rskolor handlar ett bra kvalitetsarbete om att st\u00e4ndigt utv\u00e4rdera den egna verksamheten f\u00f6r att f\u00f6rb\u00e4ttra och utveckla v\u00e5ra arbetss\u00e4tt, f\u00f6rskolans milj\u00f6er och dagarnas inneh\u00e5ll f\u00f6r v\u00e5ra barn. Vi har flera verktyg som \u00e4r s\u00e4rskilt viktiga f\u00f6r att vi ska kunna utveckla och s\u00e4kerst\u00e4lla kvaliteten i v\u00e5ra f\u00f6rskolor. L\u00e4s mer om v\u00e5rt <a href=\"https:\/\/pysslingen.se\/kvalitetsarbete\/\">kvalitetsarbete<\/a>.<\/p>\n\n\t\t\t\t\t<\/div>\n\t\t\t\t<\/div>\n\t\t\t<\/li>\n\t\t\n\t\t\t\t\t\t\t\t\t\t\t\t\t\t\t\n\t\t\t\n\t\t\t<li data-ajax-id=\"965\" class=\"c-accordion__item \"\n\t\t\tdata-filter=\"pysslingen-forskolor oktober-2020\"\n\t\t\t>\n\t\t\t\t<h3 class=\"c-accordion__header\">\n\t\t\t\t\t\t\t\t\t\t<button class=\"c-accordion__trigger u-py-sm u-px-fluid-md-xl u-font-title-4\">\n\t\t\t\t\t\t<span>Hur stor \u00e4r avgiften i Pysslingen F\u00f6rskolor?<\/span>\n\t\t\t\t\t\t<svg class=\"ams-icon ams-icon__arrow-down\" width=\"24\" height=\"24\" viewbox=\"0 0 24 24\" fill=\"currentColor\" aria-hidden=\"true\" xmlns=\"http:\/\/www.w3.org\/2000\/svg\">\n\t\t\t\t\t\t\t\t\t\t\t\t\t<path d=\"m11.2033 18.4294-10.872894-10.67584c-.440539-.42594-.440539-1.1147 0-1.54065l.665495-.64345c.440539-.42595 1.152899-.42595 1.593439 0l9.41066 9.27114 9.4107-9.26207c.4405-.42595 1.1529-.42595 1.5934 0l.6655.64345c.4405.42594.4405 1.1147 0 1.54065l-10.8729 10.67587c-.4405.4168-1.1529.4168-1.5934-.0091z\"\/>\n\t\t\t\t\t\n\t\t\t\t\t\t<\/svg>\n\t\t\t\t\t<\/button>\n\t\t\t\t<\/h3>\n\t\t\t\t<div class=\"c-accordion__body l-stack u-font-body\">\n\t\t\t\t\t<div class=\"c-accordion__body__inner u-p-fluid-md-xl l-stack\">\n\t\t\t\t\t\t<p><span style=\"font-weight: 400\">Vi f\u00f6ljer samma taxa som den kommun barnet bor i <\/span><span style=\"font-weight: 400\">och <\/span><span style=\"font-weight: 400\">till\u00e4mpar, liksom kommunala f\u00f6rskolor, maxtaxa.<\/span><span style=\"font-weight: 400\"><br \/>\n<\/span><\/p>\n\n\t\t\t\t\t<\/div>\n\t\t\t\t<\/div>\n\t\t\t<\/li>\n\t\t\n\t\t\t\t\t\t\t\t\t\t\t\t\t\t\t\n\t\t\t\n\t\t\t<li data-ajax-id=\"964\" class=\"c-accordion__item \"\n\t\t\tdata-filter=\"pysslingen-forskolor oktober-2020\"\n\t\t\t>\n\t\t\t\t<h3 class=\"c-accordion__header\">\n\t\t\t\t\t\t\t\t\t\t<button class=\"c-accordion__trigger u-py-sm u-px-fluid-md-xl u-font-title-4\">\n\t\t\t\t\t\t<span>Vad \u00e4r syftet med f\u00f6rskolans l\u00e4roplan?<\/span>\n\t\t\t\t\t\t<svg class=\"ams-icon ams-icon__arrow-down\" width=\"24\" height=\"24\" viewbox=\"0 0 24 24\" fill=\"currentColor\" aria-hidden=\"true\" xmlns=\"http:\/\/www.w3.org\/2000\/svg\">\n\t\t\t\t\t\t\t\t\t\t\t\t\t<path d=\"m11.2033 18.4294-10.872894-10.67584c-.440539-.42594-.440539-1.1147 0-1.54065l.665495-.64345c.440539-.42595 1.152899-.42595 1.593439 0l9.41066 9.27114 9.4107-9.26207c.4405-.42595 1.1529-.42595 1.5934 0l.6655.64345c.4405.42594.4405 1.1147 0 1.54065l-10.8729 10.67587c-.4405.4168-1.1529.4168-1.5934-.0091z\"\/>\n\t\t\t\t\t\n\t\t\t\t\t\t<\/svg>\n\t\t\t\t\t<\/button>\n\t\t\t\t<\/h3>\n\t\t\t\t<div class=\"c-accordion__body l-stack u-font-body\">\n\t\t\t\t\t<div class=\"c-accordion__body__inner u-p-fluid-md-xl l-stack\">\n\t\t\t\t\t\t<p><span style=\"font-weight: 400\">F\u00f6rskolans l\u00e4roplan \u00e4r ett styrande dokument som inneb\u00e4r att f\u00f6rskolan har m\u00e5l och riktlinjer f\u00f6r hur verksamheten ska bedrivas och kvalitetss\u00e4kras. L\u00e4roplanen g\u00e4ller alla f\u00f6rskolor i hela Sverige och ger alla som arbetar i f\u00f6rskolan en tydlig riktning i hur vi ska arbeta f\u00f6r att ge varje barn m\u00f6jlighet att m\u00e5 bra och utvecklas utifr\u00e5n sin f\u00f6rm\u00e5ga. <\/span><\/p>\n<p><span style=\"font-weight: 400\">Hur l\u00e4roplanen till\u00e4mpas i praktiken, n\u00e4r det g\u00e4ller metoder och aktiviteter f\u00f6r att n\u00e5 m\u00e5len, kan variera fr\u00e5n f\u00f6rskola till f\u00f6rskola.<\/span><\/p>\n\n\t\t\t\t\t<\/div>\n\t\t\t\t<\/div>\n\t\t\t<\/li>\n\t\t\n\t\t\t\t\t\t\t\t\t\t\t\t\t\t\t\n\t\t\t\n\t\t\t<li data-ajax-id=\"963\" class=\"c-accordion__item \"\n\t\t\tdata-filter=\"pysslingen-forskolor oktober-2020\"\n\t\t\t>\n\t\t\t\t<h3 class=\"c-accordion__header\">\n\t\t\t\t\t\t\t\t\t\t<button class=\"c-accordion__trigger u-py-sm u-px-fluid-md-xl u-font-title-4\">\n\t\t\t\t\t\t<span>Vilka \u00e4ger Pysslingen F\u00f6rskolor?<\/span>\n\t\t\t\t\t\t<svg class=\"ams-icon ams-icon__arrow-down\" width=\"24\" height=\"24\" viewbox=\"0 0 24 24\" fill=\"currentColor\" aria-hidden=\"true\" xmlns=\"http:\/\/www.w3.org\/2000\/svg\">\n\t\t\t\t\t\t\t\t\t\t\t\t\t<path d=\"m11.2033 18.4294-10.872894-10.67584c-.440539-.42594-.440539-1.1147 0-1.54065l.665495-.64345c.440539-.42595 1.152899-.42595 1.593439 0l9.41066 9.27114 9.4107-9.26207c.4405-.42595 1.1529-.42595 1.5934 0l.6655.64345c.4405.42594.4405 1.1147 0 1.54065l-10.8729 10.67587c-.4405.4168-1.1529.4168-1.5934-.0091z\"\/>\n\t\t\t\t\t\n\t\t\t\t\t\t<\/svg>\n\t\t\t\t\t<\/button>\n\t\t\t\t<\/h3>\n\t\t\t\t<div class=\"c-accordion__body l-stack u-font-body\">\n\t\t\t\t\t<div class=\"c-accordion__body__inner u-p-fluid-md-xl l-stack\">\n\t\t\t\t\t\t<p><span style=\"font-weight: 400\">Vi \u00e4gs av AcadeMedia som \u00e4r norra Europas st\u00f6rsta utbildningsf\u00f6retag.<\/span><\/p>\n\n\t\t\t\t\t<\/div>\n\t\t\t\t<\/div>\n\t\t\t<\/li>\n\t\t\n\t\t\t\t\t\t\t\t\t\t\t\t\t\t\t\n\t\t\t\n\t\t\t<li data-ajax-id=\"955\" class=\"c-accordion__item \"\n\t\t\tdata-filter=\"pysslingen-forskolor oktober-2020\"\n\t\t\t>\n\t\t\t\t<h3 class=\"c-accordion__header\">\n\t\t\t\t\t\t\t\t\t\t<button class=\"c-accordion__trigger u-py-sm u-px-fluid-md-xl u-font-title-4\">\n\t\t\t\t\t\t<span>Var kommer namnet Pysslingen ifr\u00e5n?<\/span>\n\t\t\t\t\t\t<svg class=\"ams-icon ams-icon__arrow-down\" width=\"24\" height=\"24\" viewbox=\"0 0 24 24\" fill=\"currentColor\" aria-hidden=\"true\" xmlns=\"http:\/\/www.w3.org\/2000\/svg\">\n\t\t\t\t\t\t\t\t\t\t\t\t\t<path d=\"m11.2033 18.4294-10.872894-10.67584c-.440539-.42594-.440539-1.1147 0-1.54065l.665495-.64345c.440539-.42595 1.152899-.42595 1.593439 0l9.41066 9.27114 9.4107-9.26207c.4405-.42595 1.1529-.42595 1.5934 0l.6655.64345c.4405.42594.4405 1.1147 0 1.54065l-10.8729 10.67587c-.4405.4168-1.1529.4168-1.5934-.0091z\"\/>\n\t\t\t\t\t\n\t\t\t\t\t\t<\/svg>\n\t\t\t\t\t<\/button>\n\t\t\t\t<\/h3>\n\t\t\t\t<div class=\"c-accordion__body l-stack u-font-body\">\n\t\t\t\t\t<div class=\"c-accordion__body__inner u-p-fluid-md-xl l-stack\">\n\t\t\t\t\t\t<p><span style=\"font-weight: 400\">Ordet Pyssling betyder <\/span><i><span style=\"font-weight: 400\">mycket sm\u00e5v\u00e4xt person <\/span><\/i><span style=\"font-weight: 400\">eller <\/span><i><span style=\"font-weight: 400\">litet barn (<\/span><\/i><span style=\"font-weight: 400\">k\u00e4lla: saob.se)<\/span><span style=\"font-weight: 400\"><br \/>\n<\/span><\/p>\n\n\t\t\t\t\t<\/div>\n\t\t\t\t<\/div>\n\t\t\t<\/li>\n\t\t\n\t\t\t\t\t\t\t\t\t\t\t\t\t\t\t\n\t\t\t\n\t\t\t<li data-ajax-id=\"960\" class=\"c-accordion__item \"\n\t\t\tdata-filter=\"pysslingen-forskolor oktober-2020\"\n\t\t\t>\n\t\t\t\t<h3 class=\"c-accordion__header\">\n\t\t\t\t\t\t\t\t\t\t<button class=\"c-accordion__trigger u-py-sm u-px-fluid-md-xl u-font-title-4\">\n\t\t\t\t\t\t<span>Vad \u00e4r det f\u00f6r skillnad p\u00e5 f\u00f6rskola och dagis?<\/span>\n\t\t\t\t\t\t<svg class=\"ams-icon ams-icon__arrow-down\" width=\"24\" height=\"24\" viewbox=\"0 0 24 24\" fill=\"currentColor\" aria-hidden=\"true\" xmlns=\"http:\/\/www.w3.org\/2000\/svg\">\n\t\t\t\t\t\t\t\t\t\t\t\t\t<path d=\"m11.2033 18.4294-10.872894-10.67584c-.440539-.42594-.440539-1.1147 0-1.54065l.665495-.64345c.440539-.42595 1.152899-.42595 1.593439 0l9.41066 9.27114 9.4107-9.26207c.4405-.42595 1.1529-.42595 1.5934 0l.6655.64345c.4405.42594.4405 1.1147 0 1.54065l-10.8729 10.67587c-.4405.4168-1.1529.4168-1.5934-.0091z\"\/>\n\t\t\t\t\t\n\t\t\t\t\t\t<\/svg>\n\t\t\t\t\t<\/button>\n\t\t\t\t<\/h3>\n\t\t\t\t<div class=\"c-accordion__body l-stack u-font-body\">\n\t\t\t\t\t<div class=\"c-accordion__body__inner u-p-fluid-md-xl l-stack\">\n\t\t\t\t\t\t<p><span style=\"font-weight: 400\">Sedan l\u00e4roplanen f\u00f6r f\u00f6rskolan inf\u00f6rdes 1998 heter det <em>f\u00f6rskola<\/em> ist\u00e4llet f\u00f6r <em>daghem<\/em>, f\u00f6rkortat <em>dagis<\/em>, f\u00f6r att f\u00f6rtydliga verksamhetens pedagogiska inneh\u00e5ll.<\/span> <span style=\"font-weight: 400\">F\u00f6rskolan \u00e4r en pedagogisk verksamhet f\u00f6r barn fr\u00e5n ett \u00e5rs \u00e5lder till dess att de b\u00f6rjar f\u00f6rskoleklass.<\/span><span style=\"font-weight: 400\"><br \/>\n<\/span><\/p>\n\n\t\t\t\t\t<\/div>\n\t\t\t\t<\/div>\n\t\t\t<\/li>\n\t\t\n\t\t\t\t\t\t\t\t\t\t\t\t\t\t\t\n\t\t\t\n\t\t\t<li data-ajax-id=\"959\" class=\"c-accordion__item \"\n\t\t\tdata-filter=\"pysslingen-forskolor oktober-2020\"\n\t\t\t>\n\t\t\t\t<h3 class=\"c-accordion__header\">\n\t\t\t\t\t\t\t\t\t\t<button class=\"c-accordion__trigger u-py-sm u-px-fluid-md-xl u-font-title-4\">\n\t\t\t\t\t\t<span>N\u00e4r grundades Pysslingen F\u00f6rskolor?<\/span>\n\t\t\t\t\t\t<svg class=\"ams-icon ams-icon__arrow-down\" width=\"24\" height=\"24\" viewbox=\"0 0 24 24\" fill=\"currentColor\" aria-hidden=\"true\" xmlns=\"http:\/\/www.w3.org\/2000\/svg\">\n\t\t\t\t\t\t\t\t\t\t\t\t\t<path d=\"m11.2033 18.4294-10.872894-10.67584c-.440539-.42594-.440539-1.1147 0-1.54065l.665495-.64345c.440539-.42595 1.152899-.42595 1.593439 0l9.41066 9.27114 9.4107-9.26207c.4405-.42595 1.1529-.42595 1.5934 0l.6655.64345c.4405.42594.4405 1.1147 0 1.54065l-10.8729 10.67587c-.4405.4168-1.1529.4168-1.5934-.0091z\"\/>\n\t\t\t\t\t\n\t\t\t\t\t\t<\/svg>\n\t\t\t\t\t<\/button>\n\t\t\t\t<\/h3>\n\t\t\t\t<div class=\"c-accordion__body l-stack u-font-body\">\n\t\t\t\t\t<div class=\"c-accordion__body__inner u-p-fluid-md-xl l-stack\">\n\t\t\t\t\t\t<p><span style=\"font-weight: 400\">Pysslingen F\u00f6rskolor grundades 1986 d\u00e5 de <\/span><span style=\"font-weight: 400\">tv\u00e5 f\u00f6rsta f\u00f6rskolorna (som fortfarande finns kvar) startades i Nacka utanf\u00f6r Stockholm.<\/span><\/p>\n\n\t\t\t\t\t<\/div>\n\t\t\t\t<\/div>\n\t\t\t<\/li>\n\t\t\n\t\t\t\t\t\t\t\t\t\t\t\t\t\t\t\n\t\t\t\n\t\t\t<li data-ajax-id=\"958\" class=\"c-accordion__item \"\n\t\t\tdata-filter=\"pysslingen-forskolor oktober-2020\"\n\t\t\t>\n\t\t\t\t<h3 class=\"c-accordion__header\">\n\t\t\t\t\t\t\t\t\t\t<button class=\"c-accordion__trigger u-py-sm u-px-fluid-md-xl u-font-title-4\">\n\t\t\t\t\t\t<span>Hur m\u00e5nga Pysslingen F\u00f6rskolor finns det?<\/span>\n\t\t\t\t\t\t<svg class=\"ams-icon ams-icon__arrow-down\" width=\"24\" height=\"24\" viewbox=\"0 0 24 24\" fill=\"currentColor\" aria-hidden=\"true\" xmlns=\"http:\/\/www.w3.org\/2000\/svg\">\n\t\t\t\t\t\t\t\t\t\t\t\t\t<path d=\"m11.2033 18.4294-10.872894-10.67584c-.440539-.42594-.440539-1.1147 0-1.54065l.665495-.64345c.440539-.42595 1.152899-.42595 1.593439 0l9.41066 9.27114 9.4107-9.26207c.4405-.42595 1.1529-.42595 1.5934 0l.6655.64345c.4405.42594.4405 1.1147 0 1.54065l-10.8729 10.67587c-.4405.4168-1.1529.4168-1.5934-.0091z\"\/>\n\t\t\t\t\t\n\t\t\t\t\t\t<\/svg>\n\t\t\t\t\t<\/button>\n\t\t\t\t<\/h3>\n\t\t\t\t<div class=\"c-accordion__body l-stack u-font-body\">\n\t\t\t\t\t<div class=\"c-accordion__body__inner u-p-fluid-md-xl l-stack\">\n\t\t\t\t\t\t<p><span style=\"font-weight: 400\">Det finns drygt 100 stycken <\/span><span style=\"font-weight: 400\">fr\u00e5n Malm\u00f6 i s\u00f6der till \u00d6stersund i norr. <\/span><\/p>\n\n\t\t\t\t\t<\/div>\n\t\t\t\t<\/div>\n\t\t\t<\/li>\n\t\t\t<\/ul>\n\n\t<div class=\"no-results u-mt-0 u-hide\" data-filter-fallback-id=\"ams-faq-list-69f250432ca11\">\n\t<p>Det finns inga resultat som matchar din filtrering.<\/p>\n<\/div>\n\n\t\n\n\t\t\n\t\t\t<\/div>\n\n\t\t\n\n<\/section>\n\t<\/div>\n\n\t","protected":false},"excerpt":{"rendered":"<p>En f\u00f6rskola i Skogalund med h\u00e5llbar utbildning i fokus P\u00e5 J\u00e4rvens f\u00f6rskola i Skogalund \u00e4r h\u00e5llbar utbildning en viktig grundpelare i v\u00e5r dagliga verksamhet. Vi str\u00e4var efter att v\u00e4cka, utveckla och bibeh\u00e5lla barnens lust att l\u00e4ra sig nya saker. V\u00e5ra pedagoger arbetar ocks\u00e5 aktivt med att varje barn ska besitta f\u00f6rm\u00e5gan till kritiskt t\u00e4nkande, ha&#8230;<\/p>\n","protected":false},"author":3,"featured_media":0,"parent":0,"menu_order":0,"comment_status":"closed","ping_status":"closed","template":"","meta":{"footnotes":""},"yoast_head":"<!-- This site is optimized with the Yoast SEO plugin v22.0 - https:\/\/yoast.com\/wordpress\/plugins\/seo\/ -->\n<title>J\u00e4rven f\u00f6renar trygghet, nyfikenhet och gl\u00e4dje<\/title>\n<meta name=\"description\" content=\"F\u00f6rskolan J\u00e4rven utg\u00e5r fr\u00e5n barnens intressen och erfarenheter. F\u00f6r oss \u00e4r det viktigt att det finns en tydlig plan f\u00f6r utveckling.\" \/>\n<meta name=\"robots\" content=\"index, follow, max-snippet:-1, max-image-preview:large, max-video-preview:-1\" \/>\n<link rel=\"canonical\" href=\"https:\/\/pysslingen.se\/jarven\/om-forskolan\/\" \/>\n<meta property=\"og:locale\" content=\"sv_SE\" \/>\n<meta property=\"og:type\" content=\"article\" \/>\n<meta property=\"og:title\" content=\"J\u00e4rven f\u00f6renar trygghet, nyfikenhet och gl\u00e4dje\" \/>\n<meta property=\"og:description\" content=\"F\u00f6rskolan J\u00e4rven utg\u00e5r fr\u00e5n barnens intressen och erfarenheter. F\u00f6r oss \u00e4r det viktigt att det finns en tydlig plan f\u00f6r utveckling.\" \/>\n<meta property=\"og:url\" content=\"https:\/\/pysslingen.se\/jarven\/om-forskolan\/\" \/>\n<meta property=\"og:site_name\" content=\"J\u00e4rven\" \/>\n<meta property=\"article:modified_time\" content=\"2025-12-15T08:40:56+00:00\" \/>\n<meta name=\"twitter:card\" content=\"summary_large_image\" \/>\n<meta name=\"twitter:title\" content=\"J\u00e4rven f\u00f6renar trygghet, nyfikenhet och gl\u00e4dje\" \/>\n<meta name=\"twitter:description\" content=\"F\u00f6rskolan J\u00e4rven utg\u00e5r fr\u00e5n barnens intressen och erfarenheter. F\u00f6r oss \u00e4r det viktigt att det finns en tydlig plan f\u00f6r utveckling.\" \/>\n<meta name=\"twitter:label1\" content=\"Ber\u00e4knad l\u00e4stid\" \/>\n\t<meta name=\"twitter:data1\" content=\"3 minuter\" \/>\n<script type=\"application\/ld+json\" class=\"yoast-schema-graph\">{\"@context\":\"https:\/\/schema.org\",\"@graph\":[{\"@type\":\"WebPage\",\"@id\":\"https:\/\/pysslingen.se\/jarven\/om-forskolan\/\",\"url\":\"https:\/\/pysslingen.se\/jarven\/om-forskolan\/\",\"name\":\"J\u00e4rven f\u00f6renar trygghet, nyfikenhet och gl\u00e4dje\",\"isPartOf\":{\"@id\":\"https:\/\/pysslingen.se\/jarven\/#website\"},\"datePublished\":\"2020-09-29T09:07:29+00:00\",\"dateModified\":\"2025-12-15T08:40:56+00:00\",\"description\":\"F\u00f6rskolan J\u00e4rven utg\u00e5r fr\u00e5n barnens intressen och erfarenheter. F\u00f6r oss \u00e4r det viktigt att det finns en tydlig plan f\u00f6r utveckling.\",\"breadcrumb\":{\"@id\":\"https:\/\/pysslingen.se\/jarven\/om-forskolan\/#breadcrumb\"},\"inLanguage\":\"sv-SE\",\"potentialAction\":[{\"@type\":\"ReadAction\",\"target\":[\"https:\/\/pysslingen.se\/jarven\/om-forskolan\/\"]}]},{\"@type\":\"BreadcrumbList\",\"@id\":\"https:\/\/pysslingen.se\/jarven\/om-forskolan\/#breadcrumb\",\"itemListElement\":[{\"@type\":\"ListItem\",\"position\":1,\"name\":\"Start\",\"item\":\"https:\/\/pysslingen.se\/jarven\/\"},{\"@type\":\"ListItem\",\"position\":2,\"name\":\"Om f\u00f6rskolan\"}]},{\"@type\":\"WebSite\",\"@id\":\"https:\/\/pysslingen.se\/jarven\/#website\",\"url\":\"https:\/\/pysslingen.se\/jarven\/\",\"name\":\"J\u00e4rven\",\"description\":\"En trygg och stimulerande v\u00e4rld\",\"publisher\":{\"@id\":\"https:\/\/pysslingen.se\/jarven\/#organization\"},\"potentialAction\":[{\"@type\":\"SearchAction\",\"target\":{\"@type\":\"EntryPoint\",\"urlTemplate\":\"https:\/\/pysslingen.se\/jarven\/?s={search_term_string}\"},\"query-input\":\"required name=search_term_string\"}],\"inLanguage\":\"sv-SE\"},{\"@type\":\"Organization\",\"@id\":\"https:\/\/pysslingen.se\/jarven\/#organization\",\"name\":\"Pysslingen F\u00f6rskolor\",\"url\":\"https:\/\/pysslingen.se\/jarven\/\",\"logo\":{\"@type\":\"ImageObject\",\"inLanguage\":\"sv-SE\",\"@id\":\"https:\/\/pysslingen.se\/jarven\/#\/schema\/logo\/image\/\",\"url\":\"https:\/\/pysslingen.se\/wp-content\/uploads\/2021\/05\/pysslingen-forskolor.png\",\"contentUrl\":\"https:\/\/pysslingen.se\/wp-content\/uploads\/2021\/05\/pysslingen-forskolor.png\",\"width\":1120,\"height\":630,\"caption\":\"Pysslingen F\u00f6rskolor\"},\"image\":{\"@id\":\"https:\/\/pysslingen.se\/jarven\/#\/schema\/logo\/image\/\"}}]}<\/script>\n<!-- \/ Yoast SEO plugin. -->","yoast_head_json":{"title":"J\u00e4rven f\u00f6renar trygghet, nyfikenhet och gl\u00e4dje","description":"F\u00f6rskolan J\u00e4rven utg\u00e5r fr\u00e5n barnens intressen och erfarenheter. F\u00f6r oss \u00e4r det viktigt att det finns en tydlig plan f\u00f6r utveckling.","robots":{"index":"index","follow":"follow","max-snippet":"max-snippet:-1","max-image-preview":"max-image-preview:large","max-video-preview":"max-video-preview:-1"},"canonical":"https:\/\/pysslingen.se\/jarven\/om-forskolan\/","og_locale":"sv_SE","og_type":"article","og_title":"J\u00e4rven f\u00f6renar trygghet, nyfikenhet och gl\u00e4dje","og_description":"F\u00f6rskolan J\u00e4rven utg\u00e5r fr\u00e5n barnens intressen och erfarenheter. F\u00f6r oss \u00e4r det viktigt att det finns en tydlig plan f\u00f6r utveckling.","og_url":"https:\/\/pysslingen.se\/jarven\/om-forskolan\/","og_site_name":"J\u00e4rven","article_modified_time":"2025-12-15T08:40:56+00:00","twitter_card":"summary_large_image","twitter_title":"J\u00e4rven f\u00f6renar trygghet, nyfikenhet och gl\u00e4dje","twitter_description":"F\u00f6rskolan J\u00e4rven utg\u00e5r fr\u00e5n barnens intressen och erfarenheter. F\u00f6r oss \u00e4r det viktigt att det finns en tydlig plan f\u00f6r utveckling.","twitter_misc":{"Ber\u00e4knad l\u00e4stid":"3 minuter"},"schema":{"@context":"https:\/\/schema.org","@graph":[{"@type":"WebPage","@id":"https:\/\/pysslingen.se\/jarven\/om-forskolan\/","url":"https:\/\/pysslingen.se\/jarven\/om-forskolan\/","name":"J\u00e4rven f\u00f6renar trygghet, nyfikenhet och gl\u00e4dje","isPartOf":{"@id":"https:\/\/pysslingen.se\/jarven\/#website"},"datePublished":"2020-09-29T09:07:29+00:00","dateModified":"2025-12-15T08:40:56+00:00","description":"F\u00f6rskolan J\u00e4rven utg\u00e5r fr\u00e5n barnens intressen och erfarenheter. F\u00f6r oss \u00e4r det viktigt att det finns en tydlig plan f\u00f6r utveckling.","breadcrumb":{"@id":"https:\/\/pysslingen.se\/jarven\/om-forskolan\/#breadcrumb"},"inLanguage":"sv-SE","potentialAction":[{"@type":"ReadAction","target":["https:\/\/pysslingen.se\/jarven\/om-forskolan\/"]}]},{"@type":"BreadcrumbList","@id":"https:\/\/pysslingen.se\/jarven\/om-forskolan\/#breadcrumb","itemListElement":[{"@type":"ListItem","position":1,"name":"Start","item":"https:\/\/pysslingen.se\/jarven\/"},{"@type":"ListItem","position":2,"name":"Om f\u00f6rskolan"}]},{"@type":"WebSite","@id":"https:\/\/pysslingen.se\/jarven\/#website","url":"https:\/\/pysslingen.se\/jarven\/","name":"J\u00e4rven","description":"En trygg och stimulerande v\u00e4rld","publisher":{"@id":"https:\/\/pysslingen.se\/jarven\/#organization"},"potentialAction":[{"@type":"SearchAction","target":{"@type":"EntryPoint","urlTemplate":"https:\/\/pysslingen.se\/jarven\/?s={search_term_string}"},"query-input":"required name=search_term_string"}],"inLanguage":"sv-SE"},{"@type":"Organization","@id":"https:\/\/pysslingen.se\/jarven\/#organization","name":"Pysslingen F\u00f6rskolor","url":"https:\/\/pysslingen.se\/jarven\/","logo":{"@type":"ImageObject","inLanguage":"sv-SE","@id":"https:\/\/pysslingen.se\/jarven\/#\/schema\/logo\/image\/","url":"https:\/\/pysslingen.se\/wp-content\/uploads\/2021\/05\/pysslingen-forskolor.png","contentUrl":"https:\/\/pysslingen.se\/wp-content\/uploads\/2021\/05\/pysslingen-forskolor.png","width":1120,"height":630,"caption":"Pysslingen F\u00f6rskolor"},"image":{"@id":"https:\/\/pysslingen.se\/jarven\/#\/schema\/logo\/image\/"}}]}},"_links":{"self":[{"href":"https:\/\/pysslingen.se\/jarven\/wp-json\/wp\/v2\/pages\/8"}],"collection":[{"href":"https:\/\/pysslingen.se\/jarven\/wp-json\/wp\/v2\/pages"}],"about":[{"href":"https:\/\/pysslingen.se\/jarven\/wp-json\/wp\/v2\/types\/page"}],"author":[{"embeddable":true,"href":"https:\/\/pysslingen.se\/jarven\/wp-json\/wp\/v2\/users\/3"}],"replies":[{"embeddable":true,"href":"https:\/\/pysslingen.se\/jarven\/wp-json\/wp\/v2\/comments?post=8"}],"version-history":[{"count":10,"href":"https:\/\/pysslingen.se\/jarven\/wp-json\/wp\/v2\/pages\/8\/revisions"}],"predecessor-version":[{"id":1420,"href":"https:\/\/pysslingen.se\/jarven\/wp-json\/wp\/v2\/pages\/8\/revisions\/1420"}],"wp:attachment":[{"href":"https:\/\/pysslingen.se\/jarven\/wp-json\/wp\/v2\/media?parent=8"}],"curies":[{"name":"wp","href":"https:\/\/api.w.org\/{rel}","templated":true}]}}