{"id":1507,"date":"2022-09-06T12:39:58","date_gmt":"2022-09-06T12:39:58","guid":{"rendered":"https:\/\/pysslingen.se\/hojden\/?page_id=1507"},"modified":"2026-02-12T09:22:44","modified_gmt":"2026-02-12T08:22:44","slug":"besok-oss","status":"publish","type":"page","link":"https:\/\/pysslingen.se\/hojden\/besok-oss\/","title":{"rendered":"Bes\u00f6k oss"},"content":{"rendered":"\n\t\n\t\n\t\n\n\t\n\t\n\t\t\n<section  class=\"c-block l-stacked  \" data-color-scheme=\"\">\n\t<div class=\"ams-fifty ams-fifty--container ams-fifty--right ams-fifty--bottom l-container u-pt-fluid-3xl-6xl u-pb-fluid-md-xl\">\n\t\t<div class=\"ams-fifty__content l-stack l-stack-xl is-left is-left@lg\">\n\t\t\t<div class=\"ams-fifty__text l-stack l-stack-lg\">\n\t\t\t\t\t\n\t<h1\n\tclass=\"c-heading u-font-title-1 \"\n\tstyle=\"\">\n\t\t\n\t\t\t\t\tBes\u00f6k oss p\u00e5 H\u00f6jdens f\u00f6rskola!\n\t\t\t\t\n\t<\/h1>\n\n\t\t\t\t\t\t\t\t\t<div class=\"text l-stack u-font-body\">\n\t\t\t\t\t\t<p>Vi erbjuder visningar av f\u00f6rskolan sista fredagen varje m\u00e5nad kl. 9.15. V\u00e4lkommen att kontakta oss om du \u00e4r intresserad av f\u00f6rskolan eller vill komma p\u00e5 bes\u00f6k.<\/p>\n<p>Under visningen f\u00e5r du m\u00f6jlighet att se v\u00e5ra lokaler, samtala med n\u00e5gon\/n\u00e5gra av pedagogerna och h\u00f6ra mer om v\u00e5r utbildning.<\/p>\n<p>Vi ser fram emot att tr\u00e4ffa dig!<\/p>\n<p>F\u00f6r dig som \u00e4r f\u00f6r\u00e4ldraledig och hemma med barn erbjuder vi\u00a0<strong>MiniPyss<\/strong> med aktiviteter f\u00f6r de yngsta, se l\u00e4ngre ner.<\/p>\n\n\t\t\t\t\t<\/div>\n\t\t\t\t\t\t\t<\/div>\n\n\t\t\t\t<div class=\"ams-fifty__action u-inline-items\">\n\t\t\t\t\t\t\t\n\n\n<a href=\"https:\/\/pysslingen.se\/hojden\/besok-oss\/#kontakt\"\n\t\n\tclass=\"c-btn \"\n\tdata-style=\"rounded\"\n\tdata-size=\"md\"\n\tdata-width=\"full-mobile\"\n\tdata-variant=\"default\"\n\ttarget=\"_self\">\n\t\t\t<span class=\"label\"> Boka visning<\/span>\n\t\t\t<\/a>\n\t\t\t\t\t\t\t\n\n\n<a href=\"https:\/\/pysslingen.se\/hojden\/besok-oss\/#minipyss\"\n\t\n\tclass=\"c-btn \"\n\tdata-style=\"rounded\"\n\tdata-size=\"md\"\n\tdata-width=\"full-mobile\"\n\tdata-variant=\"outline\"\n\ttarget=\"_self\">\n\t\t\t<span class=\"label\"> Bes\u00f6k MiniPyss<\/span>\n\t\t\t<\/a>\n\t\t\t<\/div>\n\t\t<\/div>\n\n\t\t <div class=\"ams-fifty__media u-ratio-landscape\">\n\t\t \t\t\t\t\t<img decoding=\"async\" width=\"600\" height=\"397\" src=\"https:\/\/pysslingen.se\/wp-content\/uploads\/sites\/118\/2025\/11\/garden-pa-hojdens-forskola-600x397.jpg\" class=\"attachment-md size-md\" alt=\"H\u00f6jdens f\u00f6rskoleg\u00e5rd.\" sizes=\"(min-width: 64em) 600px, calc(100vw - 160px)\" srcset=\"https:\/\/pysslingen.se\/wp-content\/uploads\/sites\/118\/2025\/11\/garden-pa-hojdens-forskola-600x397.jpg 600w, https:\/\/pysslingen.se\/wp-content\/uploads\/sites\/118\/2025\/11\/garden-pa-hojdens-forskola-300x199.jpg 300w, https:\/\/pysslingen.se\/wp-content\/uploads\/sites\/118\/2025\/11\/garden-pa-hojdens-forskola-400x265.jpg 400w, https:\/\/pysslingen.se\/wp-content\/uploads\/sites\/118\/2025\/11\/garden-pa-hojdens-forskola-800x530.jpg 800w, https:\/\/pysslingen.se\/wp-content\/uploads\/sites\/118\/2025\/11\/garden-pa-hojdens-forskola-1024x678.jpg 1024w, https:\/\/pysslingen.se\/wp-content\/uploads\/sites\/118\/2025\/11\/garden-pa-hojdens-forskola-1200x795.jpg 1200w\" \/>\n\t\t\t\n\t\t\t\n\t\t\t\t\t<\/div>\n\t<\/div>\n\n\t\t\n\n<\/section>\n\n\n\n\t\n\t\n\t\n\n\t\n\t\n\t\t\n<section  class=\"c-block l-stacked  \" data-color-scheme=\"nyans2_av_p2-card-bakgrund-hover-standard_standard\">\n\t<div class=\"ams-fifty ams-fifty--container ams-fifty--left ams-fifty--bottom l-container u-pt-fluid-md-xl u-pb-fluid-md-xl\">\n\t\t<div class=\"ams-fifty__content l-stack l-stack-xl is-left is-left@lg\">\n\t\t\t<div class=\"ams-fifty__text l-stack l-stack-lg\">\n\t\t\t\t\t\n\t<h2\n\tclass=\"c-heading u-font-title-1 \"\n\tstyle=\"\">\n\t\t\n\t\t\t\t\tVad inneb\u00e4r en visning?\n\t\t\t\t\n\t<\/h2>\n\n\t\t\t\t\t\t\t\t\t<div class=\"text l-stack u-font-body\">\n\t\t\t\t\t\t<p>Under visningen visar en platsansvarig\/samordnare runt dig i v\u00e5ra lokaler och ber\u00e4ttar hur vi arbetar f\u00f6r att skapa en trygg och l\u00e4rorik vardag f\u00f6r v\u00e5ra barn.<\/p>\n<p><strong>Tre anledningar att boka en visning av f\u00f6rskolan:<\/strong><br \/>\n&#8211; F\u00e5 en k\u00e4nsla f\u00f6r v\u00e5ra lokaler och milj\u00f6n p\u00e5 f\u00f6rskolan<br \/>\n&#8211; St\u00e4ll dina fr\u00e5gor direkt till en pedagog<br \/>\n&#8211; Se hur vi jobbar med trygghet och l\u00e4rande fr\u00e5n introduktionen till sista \u00e5ret p\u00e5 f\u00f6rskolan.<\/p>\n\n\t\t\t\t\t<\/div>\n\t\t\t\t\t\t\t<\/div>\n\n\t\t\t\t\t<\/div>\n\n\t\t <div class=\"ams-fifty__media u-ratio-landscape\">\n\t\t \t\t\t\t\t<img decoding=\"async\" width=\"600\" height=\"400\" src=\"https:\/\/pysslingen.se\/wp-content\/uploads\/sites\/118\/2020\/11\/natur-flicka-3.jpg\" class=\"attachment-md size-md\" alt=\"Flicka vattnar plantor\" sizes=\"(min-width: 64em) 600px, calc(100vw - 160px)\" srcset=\"https:\/\/pysslingen.se\/wp-content\/uploads\/sites\/118\/2020\/11\/natur-flicka-3.jpg 1000w, https:\/\/pysslingen.se\/wp-content\/uploads\/sites\/118\/2020\/11\/natur-flicka-3-300x200.jpg 300w, https:\/\/pysslingen.se\/wp-content\/uploads\/sites\/118\/2020\/11\/natur-flicka-3-768x512.jpg 768w\" \/>\n\t\t\t\n\t\t\t\n\t\t\t\t\t<\/div>\n\t<\/div>\n\n\t\t\n\n<\/section>\n\n\n\n<section id=kontakt\n\t\t class=\"\n\t\t ams-contact\n\t\t \n\t\t c-block l-stacked\n\t\t \n\t\t \n\t\t js-load-more\n\t\t \"\n\t\t data-color-scheme=\"\"\n\t\t\t\t\tdata-count=\"3\"\n\t\t\t\t\t\t\tdata-count-mobile=\"2\"\n\t\t\t\t>\n\t<div\n\t\t class=\"\n\t\t l-container\n\t\t l-stack l-stack-fluid-2xl\n\t\t u-pt-fluid-3xl-6xl\n\t\t u-pb-fluid-3xl-6xl\n\t\t is-center\n\t\t is-center@md\n\t\t \">\n\t\t\t\t\t<div class=\"ams-contact__intro l-stack l-stack-lg\">\n\t\t\t\t\t\n\t<h2\n\tclass=\"c-heading u-font-title-1 \"\n\tstyle=\"\">\n\t\t\n\t\t\t\t\tBoka visning:\n\t\t\t\t\n\t<\/h2>\n\n\t\t\t\t\t\t\t\t\t<div class=\"c-text l-stack u-cs-xl u-font-body\">\n\t\t\t\t\t\t<p>V\u00e4lkommen att kontakta v\u00e5ra samordnare f\u00f6r att boka tid f\u00f6r visning n\u00e4r det passar dig.<\/p>\n\n\t\t\t\t\t<\/div>\n\t\t\t\t\t\t\t<\/div>\n\t\t\n\t\t\n\t\t    \t\n\t\t\n\t\t<ul\n\t\t\tid=\"contact-grid-69f35fbc7f992\"\n\t\t\tclass=\"ams-contact__list l-grid u-gap-fluid-2xl-4xl u-justify-center js-results \"\n\t\t\taria-label=\"Kontakter\"\n\t\t\tdata-filter-animation=\"off\"\n\t\t\t>\n\t\t\t\t\t\t\t\t\t\t\t\n\t\t\t\t\n\t\t\t\t<li class=\"l-col-6@md l-col-4@lg \" data-filter=\"samordnare\">\n\t\t\t\t\t<article class=\"c-card \" data-variant=\"neutral\">\n\t\t\t\t\t\t<div class=\"c-card__content u-text-center\">\n\t\t\t\t\t\t\t\t\t\t\t\t\t\t\t<h3 class=\"c-card__title u-font-title-3\">\n\t\t\t\t\t\t\t\t\tCecilia Larvia\n\t\t\t\t\t\t\t\t<\/h3>\n\t\t\t\t\t\t\t\n\t\t\t\t\t\t\t\t\t\t\t\t\t\t\t<p class=\"position u-font-body\">Samordnare<\/p>\n\t\t\t\t\t\t\t\n\t\t\t\t\t\t\t\t\t\t\t\t\t\t\t<div class=\"contact-info u-font-body\">\n\t\t\t\t\t\t\t\t\t\t\t\t\t\t\t\t\t\t\t\t\t\t\t\t\t\t\t\t\t\t<p class=\"phone\"><a\n\t\t\t\t\t\t\t\t\t\t\t\t\thref=\"tel:0705779832\"\n\t\t\t\t\t\t\t\t\t\t\t\t\tclass=\"u-text-link\">070-577 98 32<\/a>\n\t\t\t\t\t\t\t\t\t\t\t<\/p>\n\t\t\t\t\t\t\t\t\t\t\t\t\t\t\t\t\t\t\t\n\t\t\t\t\t\t\t\t\t\t\t\t\t\t\t\t\t\t\t\t\t\t\t\t\t\t\t\t\t\t<p class=\"email\"><a\n\t\t\t\t\t\t\t\t\t\t\t\t\thref=\"m&#097;i&#108;&#116;o:c&#101;c&#105;lia&#046;lar&#118;i&#097;&#064;&#112;ys&#115;l&#105;ngen.s&#101;\"\n\t\t\t\t\t\t\t\t\t\t\t\t\tclass=\"u-text-link\">&#099;&#101;&#099;&#105;li&#097;&#046;l&#097;rv&#105;a&#064;pys&#115;l&#105;nge&#110;.s&#101;<\/a>\n\t\t\t\t\t\t\t\t\t\t\t<\/p>\n\t\t\t\t\t\t\t\t\t\t\t\t\t\t\t\t\t\t\t\t\t\t\t\t\t\t\t<\/div>\n\t\t\t\t\t\t\t\n\t\t\t\t\t\t\t\t\t\t\t\t\t<\/div>\n\t\t\t\t\t\t<div class=\"c-card__media\">\n\t\t\t\t\t\t\t\t\t\t\t\t\t\t\t\t\t\t\t\t\t\t\t\t\t\t\t\t\t\t\t\t\t\t\t\t\t\t\t\t\t\t\t\t\t\t\t\t\t<img decoding=\"async\" width=\"400\" height=\"532\" src=\"https:\/\/pysslingen.se\/wp-content\/uploads\/sites\/118\/2020\/12\/bild-cissi-400x532.jpeg\" class=\"u-radius-rounded u-ratio-landscape  \" alt=\"\" sizes=\"(max-width: 300px) 100vw, 300px\" srcset=\"https:\/\/pysslingen.se\/wp-content\/uploads\/sites\/118\/2020\/12\/bild-cissi-400x532.jpeg 400w, https:\/\/pysslingen.se\/wp-content\/uploads\/sites\/118\/2020\/12\/bild-cissi-300x399.jpeg 300w, https:\/\/pysslingen.se\/wp-content\/uploads\/sites\/118\/2020\/12\/bild-cissi-600x798.jpeg 600w, https:\/\/pysslingen.se\/wp-content\/uploads\/sites\/118\/2020\/12\/bild-cissi-800x1064.jpeg 800w, https:\/\/pysslingen.se\/wp-content\/uploads\/sites\/118\/2020\/12\/bild-cissi-1024x1362.jpeg 1024w, https:\/\/pysslingen.se\/wp-content\/uploads\/sites\/118\/2020\/12\/bild-cissi-1200x1597.jpeg 1200w, https:\/\/pysslingen.se\/wp-content\/uploads\/sites\/118\/2020\/12\/bild-cissi.jpeg 1440w\" \/>\n\t\t\t\t\t\t<\/div>\n\t\t\t\t\t<\/article>\n\t\t\t\t<\/li>\n\t\t\t\t\t<\/ul>\n\n\t\t\n\t\t    <div class=\"ams-contact__more u-inline-items js-load-more-btn\">\n        <button href=\"#\"\n                class=\"c-btn\"\n                data-style=\"rounded\"\n                data-size=\"md\"\n                data-width=\"full-mobile\"\n                data-variant=\"outline\">\n        \tVisa mer\n        <\/button>\n    <\/div>\n\n\t\t\t<\/div>\n\n\t\t\n\n<\/section>\n\n\n\n\t\n\t\n\t\n\n\t\n\t\n\t\t\n<section id=minipyss class=\"c-block l-stacked  \" data-color-scheme=\"usp-pink-background-blue-cards\">\n\t<div class=\"ams-fifty ams-fifty--container ams-fifty--right ams-fifty--bottom l-container u-pt-fluid-3xl-6xl u-pb-fluid-3xl-6xl\">\n\t\t<div class=\"ams-fifty__content l-stack l-stack-xl is-left is-left@lg\">\n\t\t\t<div class=\"ams-fifty__text l-stack l-stack-lg\">\n\t\t\t\t\t\n\t<h2\n\tclass=\"c-heading u-font-title-1 \"\n\tstyle=\"\">\n\t\t\n\t\t\t\t\tV\u00e4lkommen p\u00e5 MiniPyss!\n\t\t\t\t\n\t<\/h2>\n\n\t\t\t\t\t\t\t\t\t<div class=\"text l-stack u-font-body\">\n\t\t\t\t\t\t<p style=\"text-align: left;\">\u00c4r du f\u00f6r\u00e4ldraledig och vill hitta en barnv\u00e4nlig aktivitet f\u00f6r dig och ditt barn? F\u00f6rskolan H\u00f6jden bjuder in till MiniPyss d\u00e4r du tr\u00e4ffar andra f\u00f6r\u00e4ldralediga, likt en \u00f6ppen f\u00f6rskola. Vid varje tillf\u00e4lle h\u00e5ller vi en gemensam s\u00e5ngsamling och andra roliga aktiviteter.<\/p>\n<p style=\"text-align: left;\">Du som f\u00f6r\u00e4lder f\u00e5r \u00e4ven chans att st\u00e4lla fr\u00e5gor till v\u00e5ra medarbetare, dela erfarenheter och f\u00e5 v\u00e4rdefulla r\u00e5d om barn och f\u00f6rskola. Vi bjuder p\u00e5 mellis\/fika.<\/p>\n<p><strong>N\u00e4r?<\/strong> M\u00e5ndagar kl. 9-12. Ingen f\u00f6ranm\u00e4lan. Varmt v\u00e4lkomna!<br \/>\n<strong>Var?<\/strong> Pysslingen F\u00f6rskolor H\u00f6jden, Kalmgatan 42-44, 121 45 Johanneshov. Ing\u00e5ng fr\u00e5n g\u00e5rden.<br \/>\n<strong>Kontakt:<\/strong>\u00a0Har du fr\u00e5gor om MiniPyss, kontakta oss p\u00e5 minipyss@pysslingen.se<\/p>\n<p>F\u00f6lj oss g\u00e4rna p\u00e5 Instagram <a href=\"https:\/\/www.instagram.com\/pysslingen_minipyss\/\">@pysslingen_minipyss,<\/a> f\u00f6r att h\u00e5lla dig uppdaterad om aktuell info.<\/p>\n\n\t\t\t\t\t<\/div>\n\t\t\t\t\t\t\t<\/div>\n\n\t\t\t\t<div class=\"ams-fifty__action u-inline-items\">\n\t\t\t\t\t\t\t\n\n\n<a href=\"https:\/\/pysslingen.se\/hojden\/besok-oss\"\n\t\n\tclass=\"c-btn \"\n\tdata-style=\"rounded\"\n\tdata-size=\"md\"\n\tdata-width=\"full-mobile\"\n\tdata-variant=\"default\"\n\ttarget=\"_self\">\n\t\t\t<span class=\"label\"> Se datum f\u00f6r \u00f6ppet hus<\/span>\n\t\t\t<\/a>\n\t\t\t<\/div>\n\t\t<\/div>\n\n\t\t <div class=\"ams-fifty__media u-ratio-landscape\">\n\t\t \t\t\t\t\t<img decoding=\"async\" width=\"600\" height=\"800\" src=\"https:\/\/pysslingen.se\/wp-content\/uploads\/sites\/118\/2026\/01\/mp-bebisar-600x800.jpg\" class=\"attachment-md size-md\" alt=\"barn och vuxna uppt\u00e4cker och leker tillsammans p\u00e5 MInipyss\" sizes=\"(min-width: 64em) 600px, calc(100vw - 160px)\" srcset=\"https:\/\/pysslingen.se\/wp-content\/uploads\/sites\/118\/2026\/01\/mp-bebisar-600x800.jpg 600w, https:\/\/pysslingen.se\/wp-content\/uploads\/sites\/118\/2026\/01\/mp-bebisar-300x400.jpg 300w, https:\/\/pysslingen.se\/wp-content\/uploads\/sites\/118\/2026\/01\/mp-bebisar-400x533.jpg 400w, https:\/\/pysslingen.se\/wp-content\/uploads\/sites\/118\/2026\/01\/mp-bebisar-800x1067.jpg 800w, https:\/\/pysslingen.se\/wp-content\/uploads\/sites\/118\/2026\/01\/mp-bebisar-1024x1366.jpg 1024w, https:\/\/pysslingen.se\/wp-content\/uploads\/sites\/118\/2026\/01\/mp-bebisar-1200x1600.jpg 1200w, https:\/\/pysslingen.se\/wp-content\/uploads\/sites\/118\/2026\/01\/mp-bebisar-scaled.jpg 1920w\" \/>\n\t\t\t\n\t\t\t\n\t\t\t\t\t<\/div>\n\t<\/div>\n\n\t\t\n\n<\/section>\n\n\n\n\n<section  class=\"ams-cta ams-cta--stacked c-block l-stacked\">\n\t<div class=\"l-container l-stack l-stack-fluid-2xl u-pt-fluid-md-xl u-pb-fluid-md-xl is-center is-center@md\">\n\t\t\t\t\t<div class=\"ams-cta__intro l-stack l-stack-lg\">\n\t\t\t\t\t\n\t<h2\n\tclass=\"c-heading u-font-title-1 \"\n\tstyle=\"\">\n\t\t\n\t\t\t\t\tF\u00f6lj MiniPyss p\u00e5 Instagram\n\t\t\t\t\n\t<\/h2>\n\n\t\t\t\t\t\t\t\t\t<div class=\"c-text l-stack u-cs-xl u-font-body\">\n\t\t\t\t\t\t<p>F\u00f6lj g\u00e4rna MiniPyss p\u00e5 Instagram, f\u00f6r att h\u00e5lla dig uppdaterad om eventuella tids\u00e4ndringar, uppeh\u00e5ll och aktuell info.<\/p>\n\n\t\t\t\t\t<\/div>\n\t\t\t\t\t\t\t<\/div>\n\t\t\n\t\t\n\t\t\t<div class=\"ams-cta__action u-inline-items\">\n\t\t\t\t\t\t\t\n\n\n<a href=\"https:\/\/www.instagram.com\/pysslingen_minipyss\/\"\n\t\n\tclass=\"c-btn \"\n\tdata-style=\"rounded\"\n\tdata-size=\"md\"\n\tdata-width=\"full-mobile\"\n\tdata-variant=\"default\"\n\ttarget=\"_blank\">\n\t\t\t<span class=\"label\"> Till MiniPyss Instagram<\/span>\n\t\t\t<\/a>\n\t\t\t<\/div>\n\t<\/div>\n\n\t\t\n\n<\/section>\n","protected":false},"excerpt":{"rendered":"","protected":false},"author":4,"featured_media":0,"parent":0,"menu_order":0,"comment_status":"closed","ping_status":"closed","template":"","meta":{"footnotes":""},"yoast_head":"<!-- This site is optimized with the Yoast SEO plugin v22.0 - https:\/\/yoast.com\/wordpress\/plugins\/seo\/ -->\n<title>Hammarby H\u00f6jden<\/title>\n<meta name=\"description\" content=\"V\u00e4lkommen att bes\u00f6ka oss p\u00e5 f\u00f6rskolan H\u00f6jden! Kontakta oss om du \u00e4r intresserad av f\u00f6rskolan eller vill komma p\u00e5 bes\u00f6k. L\u00e4s mer!\" \/>\n<meta name=\"robots\" content=\"index, follow, max-snippet:-1, max-image-preview:large, max-video-preview:-1\" \/>\n<link rel=\"canonical\" href=\"https:\/\/pysslingen.se\/hojden\/besok-oss\/\" \/>\n<meta property=\"og:locale\" content=\"sv_SE\" \/>\n<meta property=\"og:type\" content=\"article\" \/>\n<meta property=\"og:description\" content=\"V\u00e4lkommen att bes\u00f6ka oss p\u00e5 f\u00f6rskolan H\u00f6jden! Kontakta oss om du \u00e4r intresserad av f\u00f6rskolan eller vill komma p\u00e5 bes\u00f6k. L\u00e4s mer!\" \/>\n<meta property=\"og:url\" content=\"https:\/\/pysslingen.se\/hojden\/besok-oss\/\" \/>\n<meta property=\"og:site_name\" content=\"Hammarby H\u00f6jden\" \/>\n<meta property=\"article:modified_time\" content=\"2026-02-12T08:22:44+00:00\" \/>\n<meta name=\"twitter:card\" content=\"summary_large_image\" \/>\n<meta name=\"twitter:description\" content=\"V\u00e4lkommen att bes\u00f6ka oss p\u00e5 f\u00f6rskolan H\u00f6jden! Kontakta oss om du \u00e4r intresserad av f\u00f6rskolan eller vill komma p\u00e5 bes\u00f6k. L\u00e4s mer!\" \/>\n<script type=\"application\/ld+json\" class=\"yoast-schema-graph\">{\"@context\":\"https:\/\/schema.org\",\"@graph\":[{\"@type\":\"WebPage\",\"@id\":\"https:\/\/pysslingen.se\/hojden\/besok-oss\/\",\"url\":\"https:\/\/pysslingen.se\/hojden\/besok-oss\/\",\"name\":\"Bes\u00f6k oss - Hammarby H\u00f6jden\",\"isPartOf\":{\"@id\":\"https:\/\/pysslingen.se\/hojden\/#website\"},\"datePublished\":\"2022-09-06T12:39:58+00:00\",\"dateModified\":\"2026-02-12T08:22:44+00:00\",\"description\":\"V\u00e4lkommen att bes\u00f6ka oss p\u00e5 f\u00f6rskolan H\u00f6jden! Kontakta oss om du \u00e4r intresserad av f\u00f6rskolan eller vill komma p\u00e5 bes\u00f6k. L\u00e4s mer!\",\"breadcrumb\":{\"@id\":\"https:\/\/pysslingen.se\/hojden\/besok-oss\/#breadcrumb\"},\"inLanguage\":\"sv-SE\",\"potentialAction\":[{\"@type\":\"ReadAction\",\"target\":[\"https:\/\/pysslingen.se\/hojden\/besok-oss\/\"]}]},{\"@type\":\"BreadcrumbList\",\"@id\":\"https:\/\/pysslingen.se\/hojden\/besok-oss\/#breadcrumb\",\"itemListElement\":[{\"@type\":\"ListItem\",\"position\":1,\"name\":\"Start\",\"item\":\"https:\/\/pysslingen.se\/hojden\/\"},{\"@type\":\"ListItem\",\"position\":2,\"name\":\"Bes\u00f6k oss\"}]},{\"@type\":\"WebSite\",\"@id\":\"https:\/\/pysslingen.se\/hojden\/#website\",\"url\":\"https:\/\/pysslingen.se\/hojden\/\",\"name\":\"Hammarby H\u00f6jden\",\"description\":\"En trygg och stimulerande v\u00e4rld\",\"publisher\":{\"@id\":\"https:\/\/pysslingen.se\/hojden\/#organization\"},\"potentialAction\":[{\"@type\":\"SearchAction\",\"target\":{\"@type\":\"EntryPoint\",\"urlTemplate\":\"https:\/\/pysslingen.se\/hojden\/?s={search_term_string}\"},\"query-input\":\"required name=search_term_string\"}],\"inLanguage\":\"sv-SE\"},{\"@type\":\"Organization\",\"@id\":\"https:\/\/pysslingen.se\/hojden\/#organization\",\"name\":\"Pysslingen F\u00f6rskolor\",\"url\":\"https:\/\/pysslingen.se\/hojden\/\",\"logo\":{\"@type\":\"ImageObject\",\"inLanguage\":\"sv-SE\",\"@id\":\"https:\/\/pysslingen.se\/hojden\/#\/schema\/logo\/image\/\",\"url\":\"https:\/\/pysslingen.se\/wp-content\/uploads\/2021\/05\/pysslingen-forskolor.png\",\"contentUrl\":\"https:\/\/pysslingen.se\/wp-content\/uploads\/2021\/05\/pysslingen-forskolor.png\",\"width\":1120,\"height\":630,\"caption\":\"Pysslingen F\u00f6rskolor\"},\"image\":{\"@id\":\"https:\/\/pysslingen.se\/hojden\/#\/schema\/logo\/image\/\"}}]}<\/script>\n<!-- \/ Yoast SEO plugin. -->","yoast_head_json":{"title":"Hammarby H\u00f6jden","description":"V\u00e4lkommen att bes\u00f6ka oss p\u00e5 f\u00f6rskolan H\u00f6jden! Kontakta oss om du \u00e4r intresserad av f\u00f6rskolan eller vill komma p\u00e5 bes\u00f6k. L\u00e4s mer!","robots":{"index":"index","follow":"follow","max-snippet":"max-snippet:-1","max-image-preview":"max-image-preview:large","max-video-preview":"max-video-preview:-1"},"canonical":"https:\/\/pysslingen.se\/hojden\/besok-oss\/","og_locale":"sv_SE","og_type":"article","og_description":"V\u00e4lkommen att bes\u00f6ka oss p\u00e5 f\u00f6rskolan H\u00f6jden! Kontakta oss om du \u00e4r intresserad av f\u00f6rskolan eller vill komma p\u00e5 bes\u00f6k. L\u00e4s mer!","og_url":"https:\/\/pysslingen.se\/hojden\/besok-oss\/","og_site_name":"Hammarby H\u00f6jden","article_modified_time":"2026-02-12T08:22:44+00:00","twitter_card":"summary_large_image","twitter_description":"V\u00e4lkommen att bes\u00f6ka oss p\u00e5 f\u00f6rskolan H\u00f6jden! Kontakta oss om du \u00e4r intresserad av f\u00f6rskolan eller vill komma p\u00e5 bes\u00f6k. L\u00e4s mer!","schema":{"@context":"https:\/\/schema.org","@graph":[{"@type":"WebPage","@id":"https:\/\/pysslingen.se\/hojden\/besok-oss\/","url":"https:\/\/pysslingen.se\/hojden\/besok-oss\/","name":"Bes\u00f6k oss - Hammarby H\u00f6jden","isPartOf":{"@id":"https:\/\/pysslingen.se\/hojden\/#website"},"datePublished":"2022-09-06T12:39:58+00:00","dateModified":"2026-02-12T08:22:44+00:00","description":"V\u00e4lkommen att bes\u00f6ka oss p\u00e5 f\u00f6rskolan H\u00f6jden! Kontakta oss om du \u00e4r intresserad av f\u00f6rskolan eller vill komma p\u00e5 bes\u00f6k. L\u00e4s mer!","breadcrumb":{"@id":"https:\/\/pysslingen.se\/hojden\/besok-oss\/#breadcrumb"},"inLanguage":"sv-SE","potentialAction":[{"@type":"ReadAction","target":["https:\/\/pysslingen.se\/hojden\/besok-oss\/"]}]},{"@type":"BreadcrumbList","@id":"https:\/\/pysslingen.se\/hojden\/besok-oss\/#breadcrumb","itemListElement":[{"@type":"ListItem","position":1,"name":"Start","item":"https:\/\/pysslingen.se\/hojden\/"},{"@type":"ListItem","position":2,"name":"Bes\u00f6k oss"}]},{"@type":"WebSite","@id":"https:\/\/pysslingen.se\/hojden\/#website","url":"https:\/\/pysslingen.se\/hojden\/","name":"Hammarby H\u00f6jden","description":"En trygg och stimulerande v\u00e4rld","publisher":{"@id":"https:\/\/pysslingen.se\/hojden\/#organization"},"potentialAction":[{"@type":"SearchAction","target":{"@type":"EntryPoint","urlTemplate":"https:\/\/pysslingen.se\/hojden\/?s={search_term_string}"},"query-input":"required name=search_term_string"}],"inLanguage":"sv-SE"},{"@type":"Organization","@id":"https:\/\/pysslingen.se\/hojden\/#organization","name":"Pysslingen F\u00f6rskolor","url":"https:\/\/pysslingen.se\/hojden\/","logo":{"@type":"ImageObject","inLanguage":"sv-SE","@id":"https:\/\/pysslingen.se\/hojden\/#\/schema\/logo\/image\/","url":"https:\/\/pysslingen.se\/wp-content\/uploads\/2021\/05\/pysslingen-forskolor.png","contentUrl":"https:\/\/pysslingen.se\/wp-content\/uploads\/2021\/05\/pysslingen-forskolor.png","width":1120,"height":630,"caption":"Pysslingen F\u00f6rskolor"},"image":{"@id":"https:\/\/pysslingen.se\/hojden\/#\/schema\/logo\/image\/"}}]}},"_links":{"self":[{"href":"https:\/\/pysslingen.se\/hojden\/wp-json\/wp\/v2\/pages\/1507"}],"collection":[{"href":"https:\/\/pysslingen.se\/hojden\/wp-json\/wp\/v2\/pages"}],"about":[{"href":"https:\/\/pysslingen.se\/hojden\/wp-json\/wp\/v2\/types\/page"}],"author":[{"embeddable":true,"href":"https:\/\/pysslingen.se\/hojden\/wp-json\/wp\/v2\/users\/4"}],"replies":[{"embeddable":true,"href":"https:\/\/pysslingen.se\/hojden\/wp-json\/wp\/v2\/comments?post=1507"}],"version-history":[{"count":10,"href":"https:\/\/pysslingen.se\/hojden\/wp-json\/wp\/v2\/pages\/1507\/revisions"}],"predecessor-version":[{"id":2014,"href":"https:\/\/pysslingen.se\/hojden\/wp-json\/wp\/v2\/pages\/1507\/revisions\/2014"}],"wp:attachment":[{"href":"https:\/\/pysslingen.se\/hojden\/wp-json\/wp\/v2\/media?parent=1507"}],"curies":[{"name":"wp","href":"https:\/\/api.w.org\/{rel}","templated":true}]}}