{"id":209,"date":"2020-10-01T11:27:44","date_gmt":"2020-10-01T11:27:44","guid":{"rendered":"https:\/\/pysslingen.se\/hjartstenen\/?page_id=209"},"modified":"2025-01-24T11:03:38","modified_gmt":"2025-01-24T10:03:38","slug":"samverkan-med-hemmet","status":"publish","type":"page","link":"https:\/\/pysslingen.se\/hjartstenen\/samverkan-med-hemmet\/","title":{"rendered":"Samverkan med hemmet"},"content":{"rendered":"\t<div\n\t\t class=\"module_wrapper container-fluid images-module\" >\n\t\t<div class=\"row\">\n\t\t\t<div\n\t\t\t\t\tclass=\"col-12 m-0 p-0 position-relative images_module__slideshow images_module__slideshow-container module-expand \">\n\n\t\t\t\t<div class=\"images_module__slide \" data-slide=\"\"\n\t\t\t\t\t data-duration=\"\"><\/div>\n\t\t\t\t\t\t\t\t\t<div\n\t\t\t\t\t\t class=\"images_module__slides \">\n\n\n\t\t\t\t\t\t<div class=\"images__wrapper\"\n\t\t\t\t\t\t\t style=\"aspect-ratio: 1441 \/ 531;\">\n\t\t\t\t\t\t\t<img decoding=\"async\" width=\"2500\" height=\"1308\" src=\"https:\/\/pysslingen.se\/wp-content\/uploads\/sites\/43\/2020\/10\/1pysslingenannonsmateriall1200x628.png\" class=\"images__image_ratio  \" alt=\"Pyss kommer med sin pappa till f\u00f6rskolan Pysslingen\" style=\"aspect-ratio: 1441 \/ 531;object-position: _center-center;\" srcset=\"https:\/\/pysslingen.se\/wp-content\/uploads\/sites\/43\/2020\/10\/1pysslingenannonsmateriall1200x628.png 2500w, https:\/\/pysslingen.se\/wp-content\/uploads\/sites\/43\/2020\/10\/1pysslingenannonsmateriall1200x628-300x157.png 300w, https:\/\/pysslingen.se\/wp-content\/uploads\/sites\/43\/2020\/10\/1pysslingenannonsmateriall1200x628-1024x536.png 1024w, https:\/\/pysslingen.se\/wp-content\/uploads\/sites\/43\/2020\/10\/1pysslingenannonsmateriall1200x628-768x402.png 768w, https:\/\/pysslingen.se\/wp-content\/uploads\/sites\/43\/2020\/10\/1pysslingenannonsmateriall1200x628-1536x804.png 1536w, https:\/\/pysslingen.se\/wp-content\/uploads\/sites\/43\/2020\/10\/1pysslingenannonsmateriall1200x628-2048x1072.png 2048w, https:\/\/pysslingen.se\/wp-content\/uploads\/sites\/43\/2020\/10\/1pysslingenannonsmateriall1200x628-1920x1005.png 1920w, https:\/\/pysslingen.se\/wp-content\/uploads\/sites\/43\/2020\/10\/1pysslingenannonsmateriall1200x628-1100x576.png 1100w, https:\/\/pysslingen.se\/wp-content\/uploads\/sites\/43\/2020\/10\/1pysslingenannonsmateriall1200x628-1000x523.png 1000w\" sizes=\"(max-width: 2500px) 100vw, 2500px\" \/>\t\t\t\t\t\t<\/div>\n\n\t\t\t\t\t\t\n\t\t\t\t\t\t\t\t\t\t\t<\/div>\n\t\t\t\t\n\t\t\t\t<div class=\"images_module__container_dot \">\n\t\t\t\t\t<div style=\"text-align:center\">\n\t\t\t\t\t\t\t\t\t\t\t\t\t<span   data-i=\"0\"\n\t\t\t\t\t\t\t\t  class=\"images_module__dot\n\t\t\t\t\t\t\t\t\t\t\t\t\t  \"><\/span>\n\t\t\t\t\t\t\t\t\t\t\t<\/div>\n\t\t\t\t<\/div>\n\n\t\t\t<\/div>\n\t\t<\/div>\n\t<\/div>\n\n\n\t\n\n\n<script>\n\tvar images_display_descriptive_text = \"\";\n<\/script>\n\n\n\n<div style=\"height:20px\" aria-hidden=\"true\" class=\"wp-block-spacer\"><\/div>\n\n\n\n<div style=\"height:20px\" aria-hidden=\"true\" class=\"wp-block-spacer\"><\/div>\n\n\n\n<h1 class=\"wp-block-heading\">V\u00e5r kontakt med dig som v\u00e5rdnadshavare<\/h1>\n\n\n\n<p>En g\u00e5ng per l\u00e4s\u00e5r bjuder vi in er f\u00f6r\u00e4ldrar till IUP- samtal (Individuell utvecklingsplan). Vi samtalar d\u00e5 tillsammans med er om ert barns trivsel, utveckling och l\u00e4rande b\u00e5de i och utanf\u00f6r f\u00f6rskolan. Nya barn p\u00e5 f\u00f6rskolan erbjuds \u00e4ven inskolningssamtal samt uppf\u00f6ljningssamtal efter inskolningen.<\/p>\n\n\n\n<p>Vi anv\u00e4nder oss av appen Mitt Pysslingen f\u00f6r dokumentation och kommunikation. Det ger f\u00f6ruts\u00e4ttningar att se och samarbeta kring barnens och f\u00f6rskolans utveckling och l\u00e4rande. Barnets och gruppens utveckling blir synlig i bild, film, dokumentation och reflektioner. Du som f\u00f6r\u00e4lder har genom detta verktyg m\u00f6jlighet att ta del av vad som sker i f\u00f6rskolan, och f\u00e5nga upp ditt barns tankar och reflektioner hemma. Pedagogerna f\u00e5r underlag f\u00f6r reflektion, analys, uppf\u00f6ljning och utv\u00e4rdering som en del i sitt systematiska kvalitetsarbete.<\/p>\n\n\n\n<p>En g\u00e5ng per termin bjuder vi in till f\u00f6rskoler\u00e5d. Vi str\u00e4var efter att ha f\u00f6r\u00e4ldrarepresentanter fr\u00e5n varje avdelning som f\u00e5r m\u00f6jlighet att tr\u00e4ffa ledningsteamet och samtala om verksamheten.<\/p>\n\n\n\n<p>En g\u00e5ng per \u00e5r skickas det ut en enk\u00e4tunders\u00f6kning till alla f\u00f6r\u00e4ldrar. Det \u00e4r av yttersta vikt f\u00f6r oss att alla svarar p\u00e5 denna enk\u00e4t d\u00e5<strong> <a href=\"https:\/\/pysslingen.se\/hjartstenen\/resultat\/\">resultatet<\/a><\/strong> ligger till grund f\u00f6r utvecklingen av v\u00e5r verksamhet.<\/p>\n\n\n\n<p>Varje v\u00e5rtermin bjuder vi in alla f\u00f6r\u00e4ldrar till en eftermiddag som vi kallar f\u00f6r \u201dfixardag\u201d. Vi ser detta som ett h\u00e4rligt tillf\u00e4lle att ses samtidigt som vi tillsammans ordnar p\u00e5 g\u00e5rden. Vi brukar ocks\u00e5 grilla tillsammans. Det \u00e4r sj\u00e4lvklart v\u00e4lkommet att komma f\u00f6r att f\u00e5 en stund tillsammans, pedagoger, barn och v\u00e5rdnadshavare.<\/p>\n\n\n\n<p>I juni varje \u00e5r bjuder vi in till sommarfest. Ett trevligt avslut p\u00e5 terminen innan det \u00e4r dags f\u00f6r semester och h\u00f6sttermin.<\/p>\n\n\n\n<div style=\"height:20px\" aria-hidden=\"true\" class=\"wp-block-spacer\"><\/div>\n\n\n\n\n<section  class=\"ams-cta ams-cta--stacked c-block l-stacked\">\n\t<div class=\"l-container l-stack l-stack-fluid-2xl u-pt-fluid-md-xl u-pb-fluid-md-xl is-center is-center@md\">\n\t\t\t\t\t<div class=\"ams-cta__intro l-stack l-stack-lg\">\n\t\t\t\t\t\n\t<h2\n\tclass=\"c-heading u-font-title-1 \"\n\tstyle=\"\">\n\t\t\n\t\t\t\t\tDu som v\u00e5rdnadshavare spelar en viktig roll vid inskolningen\n\t\t\t\t\n\t<\/h2>\n\n\t\t\t\t\t\t\t<\/div>\n\t\t\n\t\t\n\t\t\t<div class=\"ams-cta__action u-inline-items\">\n\t\t\t\t\t\t\t\n\n\n<a href=\"https:\/\/pysslingen.se\/hjartstenen\/inskolning\/\"\n\t\n\tclass=\"c-btn \"\n\tdata-style=\"rounded\"\n\tdata-size=\"md\"\n\tdata-width=\"full-mobile\"\n\tdata-variant=\"default\"\n\ttarget=\"_self\">\n\t\t\t<span class=\"label\"> L\u00e4s mer om inskolning<\/span>\n\t\t\t<\/a>\n\t\t\t<\/div>\n\t<\/div>\n\n\t\t\n\n<\/section>\n","protected":false},"excerpt":{"rendered":"<p>V\u00e5r kontakt med dig som v\u00e5rdnadshavare En g\u00e5ng per l\u00e4s\u00e5r bjuder vi in er f\u00f6r\u00e4ldrar till IUP- samtal (Individuell utvecklingsplan). Vi samtalar d\u00e5 tillsammans med er om ert barns trivsel, utveckling och l\u00e4rande b\u00e5de i och utanf\u00f6r f\u00f6rskolan. Nya barn p\u00e5 f\u00f6rskolan erbjuds \u00e4ven inskolningssamtal samt uppf\u00f6ljningssamtal efter inskolningen. Vi anv\u00e4nder oss av appen Mitt&#8230;<\/p>\n","protected":false},"author":5,"featured_media":0,"parent":0,"menu_order":0,"comment_status":"closed","ping_status":"closed","template":"","meta":{"footnotes":""},"yoast_head":"<!-- This site is optimized with the Yoast SEO plugin v22.0 - https:\/\/yoast.com\/wordpress\/plugins\/seo\/ -->\n<title>Hj\u00e4rtstenen<\/title>\n<meta name=\"description\" content=\"Genom en god och regelbunden kommunikation kan du vara med och p\u00e5verka ditt barns utveckling och l\u00e4rande p\u00e5 f\u00f6rskolan Hj\u00e4rtstenen.\" \/>\n<meta name=\"robots\" content=\"index, follow, max-snippet:-1, max-image-preview:large, max-video-preview:-1\" \/>\n<link rel=\"canonical\" href=\"https:\/\/pysslingen.se\/hjartstenen\/samverkan-med-hemmet\/\" \/>\n<meta property=\"og:locale\" content=\"sv_SE\" \/>\n<meta property=\"og:type\" content=\"article\" \/>\n<meta property=\"og:description\" content=\"Genom en god och regelbunden kommunikation kan du vara med och p\u00e5verka ditt barns utveckling och l\u00e4rande p\u00e5 f\u00f6rskolan Hj\u00e4rtstenen.\" \/>\n<meta property=\"og:url\" content=\"https:\/\/pysslingen.se\/hjartstenen\/samverkan-med-hemmet\/\" \/>\n<meta property=\"og:site_name\" content=\"Hj\u00e4rtstenen\" \/>\n<meta property=\"article:modified_time\" content=\"2025-01-24T10:03:38+00:00\" \/>\n<meta name=\"twitter:card\" content=\"summary_large_image\" \/>\n<meta name=\"twitter:description\" content=\"Genom en god och regelbunden kommunikation kan du vara med och p\u00e5verka ditt barns utveckling och l\u00e4rande p\u00e5 f\u00f6rskolan Hj\u00e4rtstenen.\" \/>\n<meta name=\"twitter:image\" content=\"https:\/\/pysslingen.se\/wp-content\/uploads\/sites\/43\/2020\/10\/1pysslingenannonsmateriall1200x628.png\" \/>\n<meta name=\"twitter:label1\" content=\"Ber\u00e4knad l\u00e4stid\" \/>\n\t<meta name=\"twitter:data1\" content=\"2 minuter\" \/>\n<script type=\"application\/ld+json\" class=\"yoast-schema-graph\">{\"@context\":\"https:\/\/schema.org\",\"@graph\":[{\"@type\":\"WebPage\",\"@id\":\"https:\/\/pysslingen.se\/hjartstenen\/samverkan-med-hemmet\/\",\"url\":\"https:\/\/pysslingen.se\/hjartstenen\/samverkan-med-hemmet\/\",\"name\":\"Samverkan med hemmet - Hj\u00e4rtstenen\",\"isPartOf\":{\"@id\":\"https:\/\/pysslingen.se\/hjartstenen\/#website\"},\"datePublished\":\"2020-10-01T11:27:44+00:00\",\"dateModified\":\"2025-01-24T10:03:38+00:00\",\"description\":\"Genom en god och regelbunden kommunikation kan du vara med och p\u00e5verka ditt barns utveckling och l\u00e4rande p\u00e5 f\u00f6rskolan Hj\u00e4rtstenen.\",\"breadcrumb\":{\"@id\":\"https:\/\/pysslingen.se\/hjartstenen\/samverkan-med-hemmet\/#breadcrumb\"},\"inLanguage\":\"sv-SE\",\"potentialAction\":[{\"@type\":\"ReadAction\",\"target\":[\"https:\/\/pysslingen.se\/hjartstenen\/samverkan-med-hemmet\/\"]}]},{\"@type\":\"BreadcrumbList\",\"@id\":\"https:\/\/pysslingen.se\/hjartstenen\/samverkan-med-hemmet\/#breadcrumb\",\"itemListElement\":[{\"@type\":\"ListItem\",\"position\":1,\"name\":\"Start\",\"item\":\"https:\/\/pysslingen.se\/hjartstenen\/\"},{\"@type\":\"ListItem\",\"position\":2,\"name\":\"Samverkan med hemmet\"}]},{\"@type\":\"WebSite\",\"@id\":\"https:\/\/pysslingen.se\/hjartstenen\/#website\",\"url\":\"https:\/\/pysslingen.se\/hjartstenen\/\",\"name\":\"Hj\u00e4rtstenen\",\"description\":\"En trygg och stimulerande v\u00e4rld\",\"publisher\":{\"@id\":\"https:\/\/pysslingen.se\/hjartstenen\/#organization\"},\"potentialAction\":[{\"@type\":\"SearchAction\",\"target\":{\"@type\":\"EntryPoint\",\"urlTemplate\":\"https:\/\/pysslingen.se\/hjartstenen\/?s={search_term_string}\"},\"query-input\":\"required name=search_term_string\"}],\"inLanguage\":\"sv-SE\"},{\"@type\":\"Organization\",\"@id\":\"https:\/\/pysslingen.se\/hjartstenen\/#organization\",\"name\":\"Pysslingen F\u00f6rskolor\",\"url\":\"https:\/\/pysslingen.se\/hjartstenen\/\",\"logo\":{\"@type\":\"ImageObject\",\"inLanguage\":\"sv-SE\",\"@id\":\"https:\/\/pysslingen.se\/hjartstenen\/#\/schema\/logo\/image\/\",\"url\":\"https:\/\/pysslingen.se\/wp-content\/uploads\/2021\/05\/pysslingen-forskolor.png\",\"contentUrl\":\"https:\/\/pysslingen.se\/wp-content\/uploads\/2021\/05\/pysslingen-forskolor.png\",\"width\":1120,\"height\":630,\"caption\":\"Pysslingen F\u00f6rskolor\"},\"image\":{\"@id\":\"https:\/\/pysslingen.se\/hjartstenen\/#\/schema\/logo\/image\/\"}}]}<\/script>\n<!-- \/ Yoast SEO plugin. -->","yoast_head_json":{"title":"Hj\u00e4rtstenen","description":"Genom en god och regelbunden kommunikation kan du vara med och p\u00e5verka ditt barns utveckling och l\u00e4rande p\u00e5 f\u00f6rskolan Hj\u00e4rtstenen.","robots":{"index":"index","follow":"follow","max-snippet":"max-snippet:-1","max-image-preview":"max-image-preview:large","max-video-preview":"max-video-preview:-1"},"canonical":"https:\/\/pysslingen.se\/hjartstenen\/samverkan-med-hemmet\/","og_locale":"sv_SE","og_type":"article","og_description":"Genom en god och regelbunden kommunikation kan du vara med och p\u00e5verka ditt barns utveckling och l\u00e4rande p\u00e5 f\u00f6rskolan Hj\u00e4rtstenen.","og_url":"https:\/\/pysslingen.se\/hjartstenen\/samverkan-med-hemmet\/","og_site_name":"Hj\u00e4rtstenen","article_modified_time":"2025-01-24T10:03:38+00:00","twitter_card":"summary_large_image","twitter_description":"Genom en god och regelbunden kommunikation kan du vara med och p\u00e5verka ditt barns utveckling och l\u00e4rande p\u00e5 f\u00f6rskolan Hj\u00e4rtstenen.","twitter_image":"https:\/\/pysslingen.se\/wp-content\/uploads\/sites\/43\/2020\/10\/1pysslingenannonsmateriall1200x628.png","twitter_misc":{"Ber\u00e4knad l\u00e4stid":"2 minuter"},"schema":{"@context":"https:\/\/schema.org","@graph":[{"@type":"WebPage","@id":"https:\/\/pysslingen.se\/hjartstenen\/samverkan-med-hemmet\/","url":"https:\/\/pysslingen.se\/hjartstenen\/samverkan-med-hemmet\/","name":"Samverkan med hemmet - Hj\u00e4rtstenen","isPartOf":{"@id":"https:\/\/pysslingen.se\/hjartstenen\/#website"},"datePublished":"2020-10-01T11:27:44+00:00","dateModified":"2025-01-24T10:03:38+00:00","description":"Genom en god och regelbunden kommunikation kan du vara med och p\u00e5verka ditt barns utveckling och l\u00e4rande p\u00e5 f\u00f6rskolan Hj\u00e4rtstenen.","breadcrumb":{"@id":"https:\/\/pysslingen.se\/hjartstenen\/samverkan-med-hemmet\/#breadcrumb"},"inLanguage":"sv-SE","potentialAction":[{"@type":"ReadAction","target":["https:\/\/pysslingen.se\/hjartstenen\/samverkan-med-hemmet\/"]}]},{"@type":"BreadcrumbList","@id":"https:\/\/pysslingen.se\/hjartstenen\/samverkan-med-hemmet\/#breadcrumb","itemListElement":[{"@type":"ListItem","position":1,"name":"Start","item":"https:\/\/pysslingen.se\/hjartstenen\/"},{"@type":"ListItem","position":2,"name":"Samverkan med hemmet"}]},{"@type":"WebSite","@id":"https:\/\/pysslingen.se\/hjartstenen\/#website","url":"https:\/\/pysslingen.se\/hjartstenen\/","name":"Hj\u00e4rtstenen","description":"En trygg och stimulerande v\u00e4rld","publisher":{"@id":"https:\/\/pysslingen.se\/hjartstenen\/#organization"},"potentialAction":[{"@type":"SearchAction","target":{"@type":"EntryPoint","urlTemplate":"https:\/\/pysslingen.se\/hjartstenen\/?s={search_term_string}"},"query-input":"required name=search_term_string"}],"inLanguage":"sv-SE"},{"@type":"Organization","@id":"https:\/\/pysslingen.se\/hjartstenen\/#organization","name":"Pysslingen F\u00f6rskolor","url":"https:\/\/pysslingen.se\/hjartstenen\/","logo":{"@type":"ImageObject","inLanguage":"sv-SE","@id":"https:\/\/pysslingen.se\/hjartstenen\/#\/schema\/logo\/image\/","url":"https:\/\/pysslingen.se\/wp-content\/uploads\/2021\/05\/pysslingen-forskolor.png","contentUrl":"https:\/\/pysslingen.se\/wp-content\/uploads\/2021\/05\/pysslingen-forskolor.png","width":1120,"height":630,"caption":"Pysslingen F\u00f6rskolor"},"image":{"@id":"https:\/\/pysslingen.se\/hjartstenen\/#\/schema\/logo\/image\/"}}]}},"_links":{"self":[{"href":"https:\/\/pysslingen.se\/hjartstenen\/wp-json\/wp\/v2\/pages\/209"}],"collection":[{"href":"https:\/\/pysslingen.se\/hjartstenen\/wp-json\/wp\/v2\/pages"}],"about":[{"href":"https:\/\/pysslingen.se\/hjartstenen\/wp-json\/wp\/v2\/types\/page"}],"author":[{"embeddable":true,"href":"https:\/\/pysslingen.se\/hjartstenen\/wp-json\/wp\/v2\/users\/5"}],"replies":[{"embeddable":true,"href":"https:\/\/pysslingen.se\/hjartstenen\/wp-json\/wp\/v2\/comments?post=209"}],"version-history":[{"count":10,"href":"https:\/\/pysslingen.se\/hjartstenen\/wp-json\/wp\/v2\/pages\/209\/revisions"}],"predecessor-version":[{"id":1364,"href":"https:\/\/pysslingen.se\/hjartstenen\/wp-json\/wp\/v2\/pages\/209\/revisions\/1364"}],"wp:attachment":[{"href":"https:\/\/pysslingen.se\/hjartstenen\/wp-json\/wp\/v2\/media?parent=209"}],"curies":[{"name":"wp","href":"https:\/\/api.w.org\/{rel}","templated":true}]}}