{"id":10,"date":"2020-09-29T09:07:58","date_gmt":"2020-09-29T09:07:58","guid":{"rendered":"https:\/\/pysslingen.se\/hedvigslund\/?page_id=10"},"modified":"2025-10-22T13:07:14","modified_gmt":"2025-10-22T11:07:14","slug":"borja-hos-oss","status":"publish","type":"page","link":"https:\/\/pysslingen.se\/hedvigslund\/borja-hos-oss\/","title":{"rendered":"B\u00f6rja hos oss"},"content":{"rendered":"\n\n<section  class=\"ams-cta ams-cta--stacked c-block l-stacked\" data-color-scheme=\"usp-pink-background-blue-cards\">\n\t<div class=\"l-container l-stack l-stack-fluid-2xl u-pt-fluid-3xl-6xl u-pb-fluid-3xl-6xl is-center is-center@md\">\n\t\t\t\t\t<div class=\"ams-cta__intro l-stack l-stack-lg\">\n\t\t\t\t\t\n\t<h1\n\tclass=\"c-heading u-font-title-1 \"\n\tstyle=\"\">\n\t\t\n\t\t\t\t\t\t\t\t\tAns\u00f6k till f\u00f6rskolan\n\t\t\t\t<span class=\"c-heading__sub is-below u-font-title-3\">\n\t\t\t\t\tPysslingen F\u00f6rskolor Hedvigslund\n\t\t\t\t<\/span>\n\t\t\t\t\t\t\t\n\t<\/h1>\n\n\t\t\t\t\t\t\t\t\t<div class=\"c-text l-stack u-cs-xl u-font-body\">\n\t\t\t\t\t\t<p>Digitalisering, l\u00e4rmilj\u00f6 och n\u00e4rmilj\u00f6 i fokus.<\/p>\n\n\t\t\t\t\t<\/div>\n\t\t\t\t\t\t\t<\/div>\n\t\t\n\t\t\n\t\t\t<div class=\"ams-cta__action u-inline-items\">\n\t\t\t\t\t\t\t\n\n\n<a href=\"https:\/\/www.nacka.se\/forskola-skola\/forskola-och-pedagogisk-omsorg\/\"\n\t\n\tclass=\"c-btn \"\n\tdata-style=\"rounded\"\n\tdata-size=\"md\"\n\tdata-width=\"full-mobile\"\n\tdata-variant=\"default\"\n\ttarget=\"_self\">\n\t\t\t<span class=\"label\"> Till k\u00f6anm\u00e4lan<\/span>\n\t\t\t<\/a>\n\t\t\t<\/div>\n\t<\/div>\n\n\t\t\n\n<\/section>\n\n\n\n<h2 class=\"wp-block-heading\">Om k\u00f6anm\u00e4lan<\/h2>\n\n\n\n<p>S\u00e5 roligt att du vill st\u00e4lla ditt barn i k\u00f6 hos oss p\u00e5 Hedvigslunds f\u00f6rskola!&nbsp;<\/p>\n\n\n\n<p>F\u00f6r att st\u00e4lla ditt barn i k\u00f6 g\u00e5r du in p\u00e5 <a href=\"https:\/\/www.nacka.se\/forskola-skola\/forskola-och-pedagogisk-omsorg\/\" target=\"_blank\" rel=\"noreferrer noopener\">Nacka kommuns webbplats<\/a> och g\u00f6r din platsans\u00f6kan d\u00e4r. Vi placerar alla barn enligt kommunens turordningsprinciper som du kan l\u00e4sa om <a href=\"http:\/\/www.nacka.se\/web\/barnomsorg_utb\/forskola\/allmanna_bestammelser\/Sidor\/default.aspx\" target=\"_blank\" rel=\"noreferrer noopener\">h\u00e4r<\/a><a href=\"http:\/\/www.nacka.se\/web\/barnomsorg_utb\/forskola\/allmanna_bestammelser\/Sidor\/default.aspx\">.<\/a><\/p>\n\n\n\n<p>Har du fler fr\u00e5gor eller funderingar kring k\u00f6n och placeringar, s\u00e5 \u00e4r du \u00e4r hj\u00e4rtligt v\u00e4lkommen att <a href=\"https:\/\/pysslingen.se\/hedvigslund\/kontakt\/\">kontakta v\u00e5ra administrat\u00f6rer.<\/a><\/p>\n\n\n\n\n<section  class=\"ams-usp c-block l-stacked\" data-color-scheme=\"usp-yellow-background-blue-cards\">\n\t<div class=\"l-container l-stack l-stack-fluid-2xl u-pt-fluid-3xl-6xl u-pb-fluid-3xl-6xl is-center is-center@md\">\n\t\t\t\t\t<div class=\"ams-usp__intro l-stack l-stack-lg\">\n\t\t\t\t\t\n\t<h2\n\tclass=\"c-heading u-font-title-1 \"\n\tstyle=\"\">\n\t\t\n\t\t\t\t\tDu kanske ocks\u00e5 funderar p\u00e5&#8230;\n\t\t\t\t\n\t<\/h2>\n\n\t\t\t\t\t\t\t<\/div>\n\t\t\n\t\t\t<ul class=\"ams-usp__list l-grid u-justify-center u-gap-fluid-2xl-4xl\">\n\t\t\t\t\t<li class=\"l-col-6@md l-col-4@lg\">\n\t\t\t\t<article\n\t\t\t\t\tclass=\"\n\t\t\t\t\tc-card\n\t\t\t\t\thas-media-zoom\n\t\t\t\t\t\n\t\t\t\t\t\n\t\t\t\t\t\"\n\t\t\t\t\tdata-variant=\"border\"\n\t\t\t\t\tdata-style=\"soft\"\n\t\t\t\t\tdata-click-area\n\t\t\t\t\t>\n\t\t\t\t\t\t\t\t\t\t\t<div class=\"c-card__content l-stack l-stack-sm u-text-center\">\n\t\t\t\t\t\t\t\t\t\t\t\t\t\t\t<h3 class=\"c-card__title u-font-title-2\">\n\t\t\t\t\t\t\t\t\t<a href=\"https:\/\/pysslingen.se\/hedvigslund\/klader\/\" target=\"_self\">\t\t\t\t\t\t\t\t\t\t\t\t\t\t\t\t\t\t\t\t\tVilka kl\u00e4der beh\u00f6ver mitt barn p\u00e5 f\u00f6rskolan?\n\t\t\t\t\t\t\t\t\t\t\t<span class=\"c-card__title__sub is-below u-font-title-4\">\n\t\t\t\t\t\t\t\t\t\t\t\t\n\t\t\t\t\t\t\t\t\t\t\t<\/span>\n\t\t\t\t\t\t\t\t\t\t\t\t\t\t\t\t\t\t\t<\/a>\t\t\t\t\t\t\t\t<\/h3>\n\t\t\t\t\t\t\t\n\t\t\t\t\t\t\t\t\t\t\t\t\t<\/div>\n\t\t\t\t\t\n\t\t\t\t\t<div class=\"c-card__media\">\n\t\t\t\t\t\t\t\t\t\t\t\t\t<img decoding=\"async\" width=\"400\" height=\"267\" src=\"https:\/\/pysslingen.se\/wp-content\/uploads\/sites\/41\/2020\/10\/flicka-hanger-upp-klader-1024x683-1.jpg\" class=\" u-ratio-landscape  ams_icon_size_default\" alt=\"Flicka h\u00e4nger upp kl\u00e4der p\u00e5 f\u00f6rskolan\" srcset=\"https:\/\/pysslingen.se\/wp-content\/uploads\/sites\/41\/2020\/10\/flicka-hanger-upp-klader-1024x683-1.jpg 1024w, https:\/\/pysslingen.se\/wp-content\/uploads\/sites\/41\/2020\/10\/flicka-hanger-upp-klader-1024x683-1-300x200.jpg 300w, https:\/\/pysslingen.se\/wp-content\/uploads\/sites\/41\/2020\/10\/flicka-hanger-upp-klader-1024x683-1-768x512.jpg 768w, https:\/\/pysslingen.se\/wp-content\/uploads\/sites\/41\/2020\/10\/flicka-hanger-upp-klader-1024x683-1-1000x667.jpg 1000w\" sizes=\"(max-width: 400px) 100vw, 400px\" \/>\n\t\t\t\t\t\t\t\t\t\t\t<\/div>\n\t\t\t\t<\/article>\n\t\t\t<\/li>\n\n\t\t\t\t\t<li class=\"l-col-6@md l-col-4@lg\">\n\t\t\t\t<article\n\t\t\t\t\tclass=\"\n\t\t\t\t\tc-card\n\t\t\t\t\thas-media-zoom\n\t\t\t\t\t\n\t\t\t\t\t\n\t\t\t\t\t\"\n\t\t\t\t\tdata-variant=\"border\"\n\t\t\t\t\tdata-style=\"soft\"\n\t\t\t\t\tdata-click-area\n\t\t\t\t\t>\n\t\t\t\t\t\t\t\t\t\t\t<div class=\"c-card__content l-stack l-stack-sm u-text-center\">\n\t\t\t\t\t\t\t\t\t\t\t\t\t\t\t<h3 class=\"c-card__title u-font-title-2\">\n\t\t\t\t\t\t\t\t\t<a href=\"https:\/\/pysslingen.se\/hedvigslund\/mitt-barn-ar-sjukt\/\" target=\"_self\">\t\t\t\t\t\t\t\t\t\t\t\t\t\t\t\t\t\t\t\t\tVad ska jag t\u00e4nka p\u00e5 n\u00e4r mitt barn \u00e4r sjukt?\n\t\t\t\t\t\t\t\t\t\t\t<span class=\"c-card__title__sub is-below u-font-title-4\">\n\t\t\t\t\t\t\t\t\t\t\t\t\n\t\t\t\t\t\t\t\t\t\t\t<\/span>\n\t\t\t\t\t\t\t\t\t\t\t\t\t\t\t\t\t\t\t<\/a>\t\t\t\t\t\t\t\t<\/h3>\n\t\t\t\t\t\t\t\n\t\t\t\t\t\t\t\t\t\t\t\t\t<\/div>\n\t\t\t\t\t\n\t\t\t\t\t<div class=\"c-card__media\">\n\t\t\t\t\t\t\t\t\t\t\t\t\t<img decoding=\"async\" width=\"400\" height=\"300\" src=\"https:\/\/pysslingen.se\/wp-content\/uploads\/sites\/41\/2020\/11\/sjukt-barn-3.jpg\" class=\" u-ratio-landscape  ams_icon_size_default\" alt=\"N\u00e4r ditt barn blir sjukt\" srcset=\"https:\/\/pysslingen.se\/wp-content\/uploads\/sites\/41\/2020\/11\/sjukt-barn-3.jpg 577w, https:\/\/pysslingen.se\/wp-content\/uploads\/sites\/41\/2020\/11\/sjukt-barn-3-300x225.jpg 300w\" sizes=\"(max-width: 400px) 100vw, 400px\" \/>\n\t\t\t\t\t\t\t\t\t\t\t<\/div>\n\t\t\t\t<\/article>\n\t\t\t<\/li>\n\n\t\t\t\t\t<li class=\"l-col-6@md l-col-4@lg\">\n\t\t\t\t<article\n\t\t\t\t\tclass=\"\n\t\t\t\t\tc-card\n\t\t\t\t\thas-media-zoom\n\t\t\t\t\t\n\t\t\t\t\t\n\t\t\t\t\t\"\n\t\t\t\t\tdata-variant=\"border\"\n\t\t\t\t\tdata-style=\"soft\"\n\t\t\t\t\tdata-click-area\n\t\t\t\t\t>\n\t\t\t\t\t\t\t\t\t\t\t<div class=\"c-card__content l-stack l-stack-sm u-text-center\">\n\t\t\t\t\t\t\t\t\t\t\t\t\t\t\t<h3 class=\"c-card__title u-font-title-2\">\n\t\t\t\t\t\t\t\t\t<a href=\"https:\/\/pysslingen.se\/hedvigslund\/inskolning\/\" target=\"_self\">\t\t\t\t\t\t\t\t\t\t\t\t\t\t\t\t\t\t\t\t\tHur g\u00e5r inskolningen till?\n\t\t\t\t\t\t\t\t\t\t\t<span class=\"c-card__title__sub is-below u-font-title-4\">\n\t\t\t\t\t\t\t\t\t\t\t\t\n\t\t\t\t\t\t\t\t\t\t\t<\/span>\n\t\t\t\t\t\t\t\t\t\t\t\t\t\t\t\t\t\t\t<\/a>\t\t\t\t\t\t\t\t<\/h3>\n\t\t\t\t\t\t\t\n\t\t\t\t\t\t\t\t\t\t\t\t\t<\/div>\n\t\t\t\t\t\n\t\t\t\t\t<div class=\"c-card__media\">\n\t\t\t\t\t\t\t\t\t\t\t\t\t<img decoding=\"async\" width=\"400\" height=\"332\" src=\"https:\/\/pysslingen.se\/wp-content\/uploads\/sites\/41\/2020\/11\/ryggsackar-2-2.jpeg\" class=\" u-ratio-landscape  ams_icon_size_default\" alt=\"Barn med ryggs\u00e4ckar fr\u00e5n Pysslingen\" srcset=\"https:\/\/pysslingen.se\/wp-content\/uploads\/sites\/41\/2020\/11\/ryggsackar-2-2.jpeg 431w, https:\/\/pysslingen.se\/wp-content\/uploads\/sites\/41\/2020\/11\/ryggsackar-2-2-300x249.jpeg 300w\" sizes=\"(max-width: 400px) 100vw, 400px\" \/>\n\t\t\t\t\t\t\t\t\t\t\t<\/div>\n\t\t\t\t<\/article>\n\t\t\t<\/li>\n\n\t\t\t<\/ul>\n\n\t\t\t<\/div>\n\n\t\t\n\n<\/section>\n","protected":false},"excerpt":{"rendered":"<p>Om k\u00f6anm\u00e4lan S\u00e5 roligt att du vill st\u00e4lla ditt barn i k\u00f6 hos oss p\u00e5 Hedvigslunds f\u00f6rskola!&nbsp; F\u00f6r att st\u00e4lla ditt barn i k\u00f6 g\u00e5r du in p\u00e5 Nacka kommuns webbplats och g\u00f6r din platsans\u00f6kan d\u00e4r. Vi placerar alla barn enligt kommunens turordningsprinciper som du kan l\u00e4sa om h\u00e4r. Har du fler fr\u00e5gor eller funderingar&#8230;<\/p>\n","protected":false},"author":3,"featured_media":0,"parent":0,"menu_order":0,"comment_status":"closed","ping_status":"closed","template":"","meta":{"footnotes":""},"yoast_head":"<!-- This site is optimized with the Yoast SEO plugin v22.0 - https:\/\/yoast.com\/wordpress\/plugins\/seo\/ -->\n<title>Hedvigslund<\/title>\n<meta name=\"description\" content=\"St\u00e4ll ditt barn i k\u00f6 till Pysslingens f\u00f6rskola h\u00e4r. Vi ger er en trygg start d\u00e4r ditt barn f\u00e5r bekanta sig med allt det nya i en lugn takt.\" \/>\n<meta name=\"robots\" content=\"index, follow, max-snippet:-1, max-image-preview:large, max-video-preview:-1\" \/>\n<link rel=\"canonical\" href=\"https:\/\/pysslingen.se\/hedvigslund\/borja-hos-oss\/\" \/>\n<meta property=\"og:locale\" content=\"sv_SE\" \/>\n<meta property=\"og:type\" content=\"article\" \/>\n<meta property=\"og:description\" content=\"St\u00e4ll ditt barn i k\u00f6 till Pysslingens f\u00f6rskola h\u00e4r. Vi ger er en trygg start d\u00e4r ditt barn f\u00e5r bekanta sig med allt det nya i en lugn takt.\" \/>\n<meta property=\"og:url\" content=\"https:\/\/pysslingen.se\/hedvigslund\/borja-hos-oss\/\" \/>\n<meta property=\"og:site_name\" content=\"Hedvigslund\" \/>\n<meta property=\"article:modified_time\" content=\"2025-10-22T11:07:14+00:00\" \/>\n<meta name=\"twitter:card\" content=\"summary_large_image\" \/>\n<meta name=\"twitter:description\" content=\"St\u00e4ll ditt barn i k\u00f6 till Pysslingens f\u00f6rskola h\u00e4r. Vi ger er en trygg start d\u00e4r ditt barn f\u00e5r bekanta sig med allt det nya i en lugn takt.\" \/>\n<meta name=\"twitter:label1\" content=\"Ber\u00e4knad l\u00e4stid\" \/>\n\t<meta name=\"twitter:data1\" content=\"1 minut\" \/>\n<script type=\"application\/ld+json\" class=\"yoast-schema-graph\">{\"@context\":\"https:\/\/schema.org\",\"@graph\":[{\"@type\":\"WebPage\",\"@id\":\"https:\/\/pysslingen.se\/hedvigslund\/borja-hos-oss\/\",\"url\":\"https:\/\/pysslingen.se\/hedvigslund\/borja-hos-oss\/\",\"name\":\"B\u00f6rja hos oss - Hedvigslund\",\"isPartOf\":{\"@id\":\"https:\/\/pysslingen.se\/hedvigslund\/#website\"},\"datePublished\":\"2020-09-29T09:07:58+00:00\",\"dateModified\":\"2025-10-22T11:07:14+00:00\",\"description\":\"St\u00e4ll ditt barn i k\u00f6 till Pysslingens f\u00f6rskola h\u00e4r. Vi ger er en trygg start d\u00e4r ditt barn f\u00e5r bekanta sig med allt det nya i en lugn takt.\",\"breadcrumb\":{\"@id\":\"https:\/\/pysslingen.se\/hedvigslund\/borja-hos-oss\/#breadcrumb\"},\"inLanguage\":\"sv-SE\",\"potentialAction\":[{\"@type\":\"ReadAction\",\"target\":[\"https:\/\/pysslingen.se\/hedvigslund\/borja-hos-oss\/\"]}]},{\"@type\":\"BreadcrumbList\",\"@id\":\"https:\/\/pysslingen.se\/hedvigslund\/borja-hos-oss\/#breadcrumb\",\"itemListElement\":[{\"@type\":\"ListItem\",\"position\":1,\"name\":\"Start\",\"item\":\"https:\/\/pysslingen.se\/hedvigslund\/\"},{\"@type\":\"ListItem\",\"position\":2,\"name\":\"B\u00f6rja hos oss\"}]},{\"@type\":\"WebSite\",\"@id\":\"https:\/\/pysslingen.se\/hedvigslund\/#website\",\"url\":\"https:\/\/pysslingen.se\/hedvigslund\/\",\"name\":\"Hedvigslund\",\"description\":\"En trygg och stimulerande v\u00e4rld\",\"publisher\":{\"@id\":\"https:\/\/pysslingen.se\/hedvigslund\/#organization\"},\"potentialAction\":[{\"@type\":\"SearchAction\",\"target\":{\"@type\":\"EntryPoint\",\"urlTemplate\":\"https:\/\/pysslingen.se\/hedvigslund\/?s={search_term_string}\"},\"query-input\":\"required name=search_term_string\"}],\"inLanguage\":\"sv-SE\"},{\"@type\":\"Organization\",\"@id\":\"https:\/\/pysslingen.se\/hedvigslund\/#organization\",\"name\":\"Pysslingen F\u00f6rskolor\",\"url\":\"https:\/\/pysslingen.se\/hedvigslund\/\",\"logo\":{\"@type\":\"ImageObject\",\"inLanguage\":\"sv-SE\",\"@id\":\"https:\/\/pysslingen.se\/hedvigslund\/#\/schema\/logo\/image\/\",\"url\":\"https:\/\/pysslingen.se\/wp-content\/uploads\/2021\/05\/pysslingen-forskolor.png\",\"contentUrl\":\"https:\/\/pysslingen.se\/wp-content\/uploads\/2021\/05\/pysslingen-forskolor.png\",\"width\":1120,\"height\":630,\"caption\":\"Pysslingen F\u00f6rskolor\"},\"image\":{\"@id\":\"https:\/\/pysslingen.se\/hedvigslund\/#\/schema\/logo\/image\/\"}}]}<\/script>\n<!-- \/ Yoast SEO plugin. -->","yoast_head_json":{"title":"Hedvigslund","description":"St\u00e4ll ditt barn i k\u00f6 till Pysslingens f\u00f6rskola h\u00e4r. Vi ger er en trygg start d\u00e4r ditt barn f\u00e5r bekanta sig med allt det nya i en lugn takt.","robots":{"index":"index","follow":"follow","max-snippet":"max-snippet:-1","max-image-preview":"max-image-preview:large","max-video-preview":"max-video-preview:-1"},"canonical":"https:\/\/pysslingen.se\/hedvigslund\/borja-hos-oss\/","og_locale":"sv_SE","og_type":"article","og_description":"St\u00e4ll ditt barn i k\u00f6 till Pysslingens f\u00f6rskola h\u00e4r. Vi ger er en trygg start d\u00e4r ditt barn f\u00e5r bekanta sig med allt det nya i en lugn takt.","og_url":"https:\/\/pysslingen.se\/hedvigslund\/borja-hos-oss\/","og_site_name":"Hedvigslund","article_modified_time":"2025-10-22T11:07:14+00:00","twitter_card":"summary_large_image","twitter_description":"St\u00e4ll ditt barn i k\u00f6 till Pysslingens f\u00f6rskola h\u00e4r. Vi ger er en trygg start d\u00e4r ditt barn f\u00e5r bekanta sig med allt det nya i en lugn takt.","twitter_misc":{"Ber\u00e4knad l\u00e4stid":"1 minut"},"schema":{"@context":"https:\/\/schema.org","@graph":[{"@type":"WebPage","@id":"https:\/\/pysslingen.se\/hedvigslund\/borja-hos-oss\/","url":"https:\/\/pysslingen.se\/hedvigslund\/borja-hos-oss\/","name":"B\u00f6rja hos oss - Hedvigslund","isPartOf":{"@id":"https:\/\/pysslingen.se\/hedvigslund\/#website"},"datePublished":"2020-09-29T09:07:58+00:00","dateModified":"2025-10-22T11:07:14+00:00","description":"St\u00e4ll ditt barn i k\u00f6 till Pysslingens f\u00f6rskola h\u00e4r. Vi ger er en trygg start d\u00e4r ditt barn f\u00e5r bekanta sig med allt det nya i en lugn takt.","breadcrumb":{"@id":"https:\/\/pysslingen.se\/hedvigslund\/borja-hos-oss\/#breadcrumb"},"inLanguage":"sv-SE","potentialAction":[{"@type":"ReadAction","target":["https:\/\/pysslingen.se\/hedvigslund\/borja-hos-oss\/"]}]},{"@type":"BreadcrumbList","@id":"https:\/\/pysslingen.se\/hedvigslund\/borja-hos-oss\/#breadcrumb","itemListElement":[{"@type":"ListItem","position":1,"name":"Start","item":"https:\/\/pysslingen.se\/hedvigslund\/"},{"@type":"ListItem","position":2,"name":"B\u00f6rja hos oss"}]},{"@type":"WebSite","@id":"https:\/\/pysslingen.se\/hedvigslund\/#website","url":"https:\/\/pysslingen.se\/hedvigslund\/","name":"Hedvigslund","description":"En trygg och stimulerande v\u00e4rld","publisher":{"@id":"https:\/\/pysslingen.se\/hedvigslund\/#organization"},"potentialAction":[{"@type":"SearchAction","target":{"@type":"EntryPoint","urlTemplate":"https:\/\/pysslingen.se\/hedvigslund\/?s={search_term_string}"},"query-input":"required name=search_term_string"}],"inLanguage":"sv-SE"},{"@type":"Organization","@id":"https:\/\/pysslingen.se\/hedvigslund\/#organization","name":"Pysslingen F\u00f6rskolor","url":"https:\/\/pysslingen.se\/hedvigslund\/","logo":{"@type":"ImageObject","inLanguage":"sv-SE","@id":"https:\/\/pysslingen.se\/hedvigslund\/#\/schema\/logo\/image\/","url":"https:\/\/pysslingen.se\/wp-content\/uploads\/2021\/05\/pysslingen-forskolor.png","contentUrl":"https:\/\/pysslingen.se\/wp-content\/uploads\/2021\/05\/pysslingen-forskolor.png","width":1120,"height":630,"caption":"Pysslingen F\u00f6rskolor"},"image":{"@id":"https:\/\/pysslingen.se\/hedvigslund\/#\/schema\/logo\/image\/"}}]}},"_links":{"self":[{"href":"https:\/\/pysslingen.se\/hedvigslund\/wp-json\/wp\/v2\/pages\/10"}],"collection":[{"href":"https:\/\/pysslingen.se\/hedvigslund\/wp-json\/wp\/v2\/pages"}],"about":[{"href":"https:\/\/pysslingen.se\/hedvigslund\/wp-json\/wp\/v2\/types\/page"}],"author":[{"embeddable":true,"href":"https:\/\/pysslingen.se\/hedvigslund\/wp-json\/wp\/v2\/users\/3"}],"replies":[{"embeddable":true,"href":"https:\/\/pysslingen.se\/hedvigslund\/wp-json\/wp\/v2\/comments?post=10"}],"version-history":[{"count":10,"href":"https:\/\/pysslingen.se\/hedvigslund\/wp-json\/wp\/v2\/pages\/10\/revisions"}],"predecessor-version":[{"id":1281,"href":"https:\/\/pysslingen.se\/hedvigslund\/wp-json\/wp\/v2\/pages\/10\/revisions\/1281"}],"wp:attachment":[{"href":"https:\/\/pysslingen.se\/hedvigslund\/wp-json\/wp\/v2\/media?parent=10"}],"curies":[{"name":"wp","href":"https:\/\/api.w.org\/{rel}","templated":true}]}}