{"id":1625,"date":"2026-04-09T10:12:43","date_gmt":"2026-04-09T08:12:43","guid":{"rendered":"https:\/\/pysslingen.se\/bojen\/?post_type=testimonial&#038;p=1625"},"modified":"2026-04-09T10:15:38","modified_gmt":"2026-04-09T08:15:38","slug":"ida-axelsson","status":"publish","type":"testimonial","link":"https:\/\/pysslingen.se\/bojen\/intervju\/ida-axelsson\/","title":{"rendered":"Ida Axelsson"},"content":{"rendered":"<style>\n\t@media only screen and (min-width: 769px) {\n\t\t.testimonial_header_module__image {\n\t\t\tpadding-right: 15px;\n\t\t\tpadding-left: 6px;\n\t\t}\n\n\t\t.testimonial_header_module {\n\t\t\tmargin-bottom: -150px;\n\t\t}\n\t}\n<\/style>\n\n\n<div aria-label=\"testimonial header\"    class=\"testimonial_header_module__data d-none  site__cta-bg--100 \"><\/div>\n<div class=\"testimonial_header_module testimonial_header_module__bg\" >\n\t<div class=\"container\">\n\t\t<div class=\"row\">\n\t\t\t<div class=\"testimonial_header_module__col9\">\n\t\t\t\t<div class=\"testimonial_header_module__text_wrap\">\n\t\t\t\t\t\t\t\t\t\t\t<h1   class=\"site__heading-size-2  site__text-color--light \">\n\t\t\t\t\t\t\tM\u00f6t Ida, f\u00f6rskoll\u00e4rare p\u00e5 Bojen\t\t\t\t\t\t<\/h1>\n\t\t\t\t\t\n\t\t\t\t\t<p   class=\"site__ingress site__free_text--ingress testimonial_header_module__margin_top site__text-color--light \">\n\t\t\t\t\t\tIda beskriver f\u00f6rskolan som en lustfylld plats d\u00e4r lekfullheten f\u00e5r ta stor plats. Lek, l\u00e4rande och socialt samspel bidrar det till barnens utveckling och sj\u00e4lvk\u00e4nsla.\t\t\t\t\t<\/p>\n\t\t\t\t<\/div>\n\t\t\t<\/div>\n\t\t\t<div class=\"testimonial_header_module__col3\">\n\t\t\t\t<picture   id=\"hero-picture\">\n\t\t\t\t\t<img decoding=\"async\" width=\"640\" height=\"601\" src=\"https:\/\/pysslingen.se\/wp-content\/uploads\/sites\/63\/2026\/04\/img1648-scaled-e1775722155865.jpeg\" class=\"testimonial_header_module__image\" alt=\"Portr\u00e4ttbild p\u00e5 medarbetare.\" srcset=\"https:\/\/pysslingen.se\/wp-content\/uploads\/sites\/63\/2026\/04\/img1648-scaled-e1775722155865.jpeg 1920w, https:\/\/pysslingen.se\/wp-content\/uploads\/sites\/63\/2026\/04\/img1648-scaled-e1775722155865-300x282.jpeg 300w, https:\/\/pysslingen.se\/wp-content\/uploads\/sites\/63\/2026\/04\/img1648-scaled-e1775722155865-400x376.jpeg 400w, https:\/\/pysslingen.se\/wp-content\/uploads\/sites\/63\/2026\/04\/img1648-scaled-e1775722155865-600x564.jpeg 600w, https:\/\/pysslingen.se\/wp-content\/uploads\/sites\/63\/2026\/04\/img1648-scaled-e1775722155865-800x752.jpeg 800w, https:\/\/pysslingen.se\/wp-content\/uploads\/sites\/63\/2026\/04\/img1648-scaled-e1775722155865-1024x962.jpeg 1024w, https:\/\/pysslingen.se\/wp-content\/uploads\/sites\/63\/2026\/04\/img1648-scaled-e1775722155865-1200x1128.jpeg 1200w\" sizes=\"(max-width: 640px) 100vw, 640px\" \/>\t\t\t\t<\/picture>\n\t\t\t<\/div>\n\t\t<\/div>\n\t<\/div>\n<\/div>\n\n<script>\n\tvar para = document.getElementsByClassName(\"testimonial_header_module__data\")[0]\n\tvar compStyles = window.getComputedStyle(para);\n\tvar bg_color = compStyles.getPropertyValue('background-color')\n\tvar element = document.getElementsByClassName(\"testimonial_header_module__bg\")[0]\n\telement.setAttribute('style', \"background: linear-gradient(to bottom, \"\n\t\t\t+ bg_color + \",\"\n\t\t\t+ bg_color + \" calc(100% - 66px), transparent calc(100% - 66px), transparent);\");\n\n\n<\/script>\n\n\n\n<div class=\"wp-block-columns is-layout-flex wp-container-core-columns-layout-1 wp-block-columns-is-layout-flex\">\n<div class=\"wp-block-column is-layout-flow wp-block-column-is-layout-flow\" style=\"flex-basis:66.66%\"><style>\n@media only screen and (min-width: 600px) {\n\t\t\t.ams-fragor-ccifzjsuhsynndaxppdo {\n\t\t\tdisplay:none;\n\t\t}\n\t}\n@media only screen and (max-width: 600px) {\n\t}\n<\/style>\n<div   class=\"ams-fragor  site__cta-bg--100   ams-fragor-ccifzjsuhsynndaxppdo\" >\n   \t\t <div   class=\" site__text-color--light  ams-fragor__namn\">\n\t\t\tNamn:\t\t\t<span class=\" \">\n\t\t\t\tIda Axelsson\t\t\t<\/span>\n\t\t<\/div>\n\t\t<div   class=\" site__text-color--light  ams-fragor__utbildning\">\n\t\t\tJobbar som:\t\t\t<span class=\" \">\n\t\t\t\tF\u00f6rskoll\u00e4rare\t\t\t<\/span>\n\t\t<\/div>\n\t\t\t\t\t<ul>\n\t\t\t\t\t<\/ul>\n\t\t\t<\/div>\n<script>\n\tamsFragor = function() {\n\t\tvar w = window.innerWidth;\n\t\tvar siteMain = document.getElementsByClassName(\"site-main\")[0]\n\t\tif(typeof siteMain !== 'undefined'){\n\t\t\tvar testimonial = siteMain.getElementsByClassName(\"testimonial_header_module\")[0]\n\t\t\tif(typeof testimonial !== 'undefined'){\n\t\t\t\tvar amsFragor = document.getElementsByClassName(\"ams-fragor\")\n\t\t\t\tfor(var i = 0; i < amsFragor.length; i++){\n\t\t\t\t\tif(w > 769 ){\n\t\t\t\t\t\tamsFragor[i].setAttribute('style', \"margin-top: 50px\");\n\t\t\t\t\t}else{\n\t\t\t\t\t\tamsFragor[i].setAttribute('style', \"margin-top: 0px\");\n\t\t\t\t\t}\n\t\t\t\t}\n\t\t\t}\n\t\t}\n\t};\n\tamsFragor();\n\twindow.addEventListener(\"resize\", amsFragor);\n<\/script>\n\n\n\n<h2 class=\"wp-block-heading\">Vad g\u00f6r f\u00f6rskolan till en bra plats f\u00f6r v\u00e5ra barn?<\/h2>\n\n\n\n<p>\u2013 P\u00e5 Bojen \u00e4r f\u00f6rskolan en lustfylld plats d\u00e4r lekfullheten f\u00e5r ta stor plats. Lek, l\u00e4rande och socialt samspel bidrar det till barnens utveckling och sj\u00e4lvk\u00e4nsla.<\/p>\n\n\n\n<h2 class=\"wp-block-heading\">Vad \u00e4r det b\u00e4sta med att vara pedagog p\u00e5 f\u00f6rskolan Bojen?<\/h2>\n\n\n\n<p>\u2013 P\u00e5 Bojen f\u00e5r barnen m\u00f6jlighet att ha inflytande \u00f6ver sin egen vardag. Undervisningen utg\u00e5r fr\u00e5n barnens intressen och deras utforskande leder oss vidare. Det skapar nyfikna barn men ocks\u00e5 nyfikna pedagoger.\u00a0<\/p>\n\n\n\n<h2 class=\"wp-block-heading\">Vilken \u00e4r din favoritstund under dagen?<\/h2>\n\n\n\n<p>\u2013 Min favoritstund p\u00e5 dagen \u00e4r att f\u00e5\u00a0vara med och uppleva barnens utforskande och nyfikenhet i olika typer att l\u00e4randetillf\u00e4llen, stora som sm\u00e5. Det kan vara allt ifr\u00e5n att ett barn utforskar sin spegelbild till barnens fascination \u00f6ver nyckelpigan vi hittar p\u00e5 g\u00e5rden.\u00a0<\/p>\n\n\n\n<h2 class=\"wp-block-heading\">Vad \u00e4r viktigt f\u00f6r dig i m\u00f6tet med barnens v\u00e5rdnadshavare?<\/h2>\n\n\n\n<p>\u2013 F\u00f6r mig \u00e4r det viktigt att f\u00f6r\u00e4ldrarna k\u00e4nner att vi \u00e4r lyh\u00f6rda, har tillit till oss och att vi har en \u00f6msesidig kommunikation.\u00a0<\/p>\n\n\n\n<h2 class=\"wp-block-heading\">Vad betyder trygghet f\u00f6r dig och hur upplevde du den p\u00e5 f\u00f6rskolan?<\/h2>\n\n\n\n<p>\u2013 Trygghet i f\u00f6rskolan \u00e4r A och O. Om barnen k\u00e4nner trygghet i f\u00f6rskolan leder det till att de vill leka, utforska och l\u00e4ra. Trygghet \u00e4r utg\u00e5ngspunkten f\u00f6r ett livsl\u00e5ngt l\u00e4rande!<\/p>\n<\/div>\n\n\n\n<div class=\"wp-block-column is-layout-flow wp-block-column-is-layout-flow\" style=\"flex-basis:33.33%\"><style>\n@media only screen and (min-width: 600px) {\n\t}\n@media only screen and (max-width: 600px) {\n\t\t\t.ams-fragor{\n\t\t\t margin-bottom:40px;\n\t\t}\n\t\t.ams-fragor-mbumsljnhnxpbgtdiajx{\n\t\t\tdisplay:none;\n\t\t}\n\t}\n<\/style>\n<div   class=\"ams-fragor  site__cta-bg--100   ams-fragor-mbumsljnhnxpbgtdiajx\" >\n   \t\t <div   class=\" site__text-color--light  ams-fragor__namn\">\n\t\t\tNamn:\t\t\t<span class=\" \">\n\t\t\t\tIda Axelsson\t\t\t<\/span>\n\t\t<\/div>\n\t\t<div   class=\" site__text-color--light  ams-fragor__utbildning\">\n\t\t\tJobbar som:\t\t\t<span class=\" \">\n\t\t\t\tF\u00f6rskoll\u00e4rare\t\t\t<\/span>\n\t\t<\/div>\n\t\t\t\t\t<ul>\n\t\t\t\t\t<\/ul>\n\t\t\t<\/div>\n<script>\n\tamsFragor = function() {\n\t\tvar w = window.innerWidth;\n\t\tvar siteMain = document.getElementsByClassName(\"site-main\")[0]\n\t\tif(typeof siteMain !== 'undefined'){\n\t\t\tvar testimonial = siteMain.getElementsByClassName(\"testimonial_header_module\")[0]\n\t\t\tif(typeof testimonial !== 'undefined'){\n\t\t\t\tvar amsFragor = document.getElementsByClassName(\"ams-fragor\")\n\t\t\t\tfor(var i = 0; i < amsFragor.length; i++){\n\t\t\t\t\tif(w > 769 ){\n\t\t\t\t\t\tamsFragor[i].setAttribute('style', \"margin-top: 50px\");\n\t\t\t\t\t}else{\n\t\t\t\t\t\tamsFragor[i].setAttribute('style', \"margin-top: 0px\");\n\t\t\t\t\t}\n\t\t\t\t}\n\t\t\t}\n\t\t}\n\t};\n\tamsFragor();\n\twindow.addEventListener(\"resize\", amsFragor);\n<\/script>\n<\/div>\n<\/div>\n","protected":false},"featured_media":0,"template":"","testimonial_category":[],"yoast_head":"<!-- This site is optimized with the Yoast SEO plugin v22.0 - https:\/\/yoast.com\/wordpress\/plugins\/seo\/ -->\n<title>Ida Axelsson f\u00f6rskoll\u00e4rare - Bojen<\/title>\n<meta name=\"description\" content=\"L\u00e4s intervjun med Ida, f\u00f6rskoll\u00e4rare p\u00e5 Bojen, om hur det \u00e4r att arbeta p\u00e5 Bojens f\u00f6rskola i Hammarby Sj\u00f6stad.\" \/>\n<meta name=\"robots\" content=\"index, follow, max-snippet:-1, max-image-preview:large, max-video-preview:-1\" \/>\n<link rel=\"canonical\" href=\"https:\/\/pysslingen.se\/bojen\/intervju\/ida-axelsson\/\" \/>\n<meta property=\"og:locale\" content=\"sv_SE\" \/>\n<meta property=\"og:type\" content=\"article\" \/>\n<meta property=\"og:title\" content=\"Ida Axelsson f\u00f6rskoll\u00e4rare - Bojen\" \/>\n<meta property=\"og:description\" content=\"L\u00e4s intervjun med Ida, f\u00f6rskoll\u00e4rare p\u00e5 Bojen, om hur det \u00e4r att arbeta p\u00e5 Bojens f\u00f6rskola i Hammarby Sj\u00f6stad.\" \/>\n<meta property=\"og:url\" content=\"https:\/\/pysslingen.se\/bojen\/intervju\/ida-axelsson\/\" \/>\n<meta property=\"og:site_name\" content=\"Bojen\" \/>\n<meta property=\"article:modified_time\" content=\"2026-04-09T08:15:38+00:00\" \/>\n<meta name=\"twitter:card\" content=\"summary_large_image\" \/>\n<meta name=\"twitter:title\" content=\"Ida Axelsson f\u00f6rskoll\u00e4rare - Bojen\" \/>\n<meta name=\"twitter:description\" content=\"L\u00e4s intervjun med Ida, f\u00f6rskoll\u00e4rare p\u00e5 Bojen, om hur det \u00e4r att arbeta p\u00e5 Bojens f\u00f6rskola i Hammarby Sj\u00f6stad.\" \/>\n<meta name=\"twitter:image\" content=\"https:\/\/pysslingen.se\/wp-content\/uploads\/sites\/63\/2026\/04\/img1648-scaled-e1775722155865-1200x630.jpeg\" \/>\n<meta name=\"twitter:label1\" content=\"Ber\u00e4knad l\u00e4stid\" \/>\n\t<meta name=\"twitter:data1\" content=\"2 minuter\" \/>\n<script type=\"application\/ld+json\" class=\"yoast-schema-graph\">{\"@context\":\"https:\/\/schema.org\",\"@graph\":[{\"@type\":\"WebPage\",\"@id\":\"https:\/\/pysslingen.se\/bojen\/intervju\/ida-axelsson\/\",\"url\":\"https:\/\/pysslingen.se\/bojen\/intervju\/ida-axelsson\/\",\"name\":\"Ida Axelsson f\u00f6rskoll\u00e4rare - Bojen\",\"isPartOf\":{\"@id\":\"https:\/\/pysslingen.se\/bojen\/#website\"},\"datePublished\":\"2026-04-09T08:12:43+00:00\",\"dateModified\":\"2026-04-09T08:15:38+00:00\",\"description\":\"L\u00e4s intervjun med Ida, f\u00f6rskoll\u00e4rare p\u00e5 Bojen, om hur det \u00e4r att arbeta p\u00e5 Bojens f\u00f6rskola i Hammarby Sj\u00f6stad.\",\"breadcrumb\":{\"@id\":\"https:\/\/pysslingen.se\/bojen\/intervju\/ida-axelsson\/#breadcrumb\"},\"inLanguage\":\"sv-SE\",\"potentialAction\":[{\"@type\":\"ReadAction\",\"target\":[\"https:\/\/pysslingen.se\/bojen\/intervju\/ida-axelsson\/\"]}]},{\"@type\":\"BreadcrumbList\",\"@id\":\"https:\/\/pysslingen.se\/bojen\/intervju\/ida-axelsson\/#breadcrumb\",\"itemListElement\":[{\"@type\":\"ListItem\",\"position\":1,\"name\":\"Start\",\"item\":\"https:\/\/pysslingen.se\/bojen\"},{\"@type\":\"ListItem\",\"position\":2,\"name\":\"Intervju\"}]},{\"@type\":\"WebSite\",\"@id\":\"https:\/\/pysslingen.se\/bojen\/#website\",\"url\":\"https:\/\/pysslingen.se\/bojen\/\",\"name\":\"Bojen\",\"description\":\"En trygg och stimulerande v\u00e4rld\",\"publisher\":{\"@id\":\"https:\/\/pysslingen.se\/bojen\/#organization\"},\"potentialAction\":[{\"@type\":\"SearchAction\",\"target\":{\"@type\":\"EntryPoint\",\"urlTemplate\":\"https:\/\/pysslingen.se\/bojen\/?s={search_term_string}\"},\"query-input\":\"required name=search_term_string\"}],\"inLanguage\":\"sv-SE\"},{\"@type\":\"Organization\",\"@id\":\"https:\/\/pysslingen.se\/bojen\/#organization\",\"name\":\"Pysslingen F\u00f6rskolor\",\"url\":\"https:\/\/pysslingen.se\/bojen\/\",\"logo\":{\"@type\":\"ImageObject\",\"inLanguage\":\"sv-SE\",\"@id\":\"https:\/\/pysslingen.se\/bojen\/#\/schema\/logo\/image\/\",\"url\":\"https:\/\/pysslingen.se\/wp-content\/uploads\/2021\/05\/pysslingen-forskolor.png\",\"contentUrl\":\"https:\/\/pysslingen.se\/wp-content\/uploads\/2021\/05\/pysslingen-forskolor.png\",\"width\":1120,\"height\":630,\"caption\":\"Pysslingen F\u00f6rskolor\"},\"image\":{\"@id\":\"https:\/\/pysslingen.se\/bojen\/#\/schema\/logo\/image\/\"}}]}<\/script>\n<!-- \/ Yoast SEO plugin. -->","yoast_head_json":{"title":"Ida Axelsson f\u00f6rskoll\u00e4rare - Bojen","description":"L\u00e4s intervjun med Ida, f\u00f6rskoll\u00e4rare p\u00e5 Bojen, om hur det \u00e4r att arbeta p\u00e5 Bojens f\u00f6rskola i Hammarby Sj\u00f6stad.","robots":{"index":"index","follow":"follow","max-snippet":"max-snippet:-1","max-image-preview":"max-image-preview:large","max-video-preview":"max-video-preview:-1"},"canonical":"https:\/\/pysslingen.se\/bojen\/intervju\/ida-axelsson\/","og_locale":"sv_SE","og_type":"article","og_title":"Ida Axelsson f\u00f6rskoll\u00e4rare - Bojen","og_description":"L\u00e4s intervjun med Ida, f\u00f6rskoll\u00e4rare p\u00e5 Bojen, om hur det \u00e4r att arbeta p\u00e5 Bojens f\u00f6rskola i Hammarby Sj\u00f6stad.","og_url":"https:\/\/pysslingen.se\/bojen\/intervju\/ida-axelsson\/","og_site_name":"Bojen","article_modified_time":"2026-04-09T08:15:38+00:00","twitter_card":"summary_large_image","twitter_title":"Ida Axelsson f\u00f6rskoll\u00e4rare - Bojen","twitter_description":"L\u00e4s intervjun med Ida, f\u00f6rskoll\u00e4rare p\u00e5 Bojen, om hur det \u00e4r att arbeta p\u00e5 Bojens f\u00f6rskola i Hammarby Sj\u00f6stad.","twitter_image":"https:\/\/pysslingen.se\/wp-content\/uploads\/sites\/63\/2026\/04\/img1648-scaled-e1775722155865-1200x630.jpeg","twitter_misc":{"Ber\u00e4knad l\u00e4stid":"2 minuter"},"schema":{"@context":"https:\/\/schema.org","@graph":[{"@type":"WebPage","@id":"https:\/\/pysslingen.se\/bojen\/intervju\/ida-axelsson\/","url":"https:\/\/pysslingen.se\/bojen\/intervju\/ida-axelsson\/","name":"Ida Axelsson f\u00f6rskoll\u00e4rare - Bojen","isPartOf":{"@id":"https:\/\/pysslingen.se\/bojen\/#website"},"datePublished":"2026-04-09T08:12:43+00:00","dateModified":"2026-04-09T08:15:38+00:00","description":"L\u00e4s intervjun med Ida, f\u00f6rskoll\u00e4rare p\u00e5 Bojen, om hur det \u00e4r att arbeta p\u00e5 Bojens f\u00f6rskola i Hammarby Sj\u00f6stad.","breadcrumb":{"@id":"https:\/\/pysslingen.se\/bojen\/intervju\/ida-axelsson\/#breadcrumb"},"inLanguage":"sv-SE","potentialAction":[{"@type":"ReadAction","target":["https:\/\/pysslingen.se\/bojen\/intervju\/ida-axelsson\/"]}]},{"@type":"BreadcrumbList","@id":"https:\/\/pysslingen.se\/bojen\/intervju\/ida-axelsson\/#breadcrumb","itemListElement":[{"@type":"ListItem","position":1,"name":"Start","item":"https:\/\/pysslingen.se\/bojen"},{"@type":"ListItem","position":2,"name":"Intervju"}]},{"@type":"WebSite","@id":"https:\/\/pysslingen.se\/bojen\/#website","url":"https:\/\/pysslingen.se\/bojen\/","name":"Bojen","description":"En trygg och stimulerande v\u00e4rld","publisher":{"@id":"https:\/\/pysslingen.se\/bojen\/#organization"},"potentialAction":[{"@type":"SearchAction","target":{"@type":"EntryPoint","urlTemplate":"https:\/\/pysslingen.se\/bojen\/?s={search_term_string}"},"query-input":"required name=search_term_string"}],"inLanguage":"sv-SE"},{"@type":"Organization","@id":"https:\/\/pysslingen.se\/bojen\/#organization","name":"Pysslingen F\u00f6rskolor","url":"https:\/\/pysslingen.se\/bojen\/","logo":{"@type":"ImageObject","inLanguage":"sv-SE","@id":"https:\/\/pysslingen.se\/bojen\/#\/schema\/logo\/image\/","url":"https:\/\/pysslingen.se\/wp-content\/uploads\/2021\/05\/pysslingen-forskolor.png","contentUrl":"https:\/\/pysslingen.se\/wp-content\/uploads\/2021\/05\/pysslingen-forskolor.png","width":1120,"height":630,"caption":"Pysslingen F\u00f6rskolor"},"image":{"@id":"https:\/\/pysslingen.se\/bojen\/#\/schema\/logo\/image\/"}}]}},"_links":{"self":[{"href":"https:\/\/pysslingen.se\/bojen\/wp-json\/wp\/v2\/testimonial\/1625"}],"collection":[{"href":"https:\/\/pysslingen.se\/bojen\/wp-json\/wp\/v2\/testimonial"}],"about":[{"href":"https:\/\/pysslingen.se\/bojen\/wp-json\/wp\/v2\/types\/testimonial"}],"wp:attachment":[{"href":"https:\/\/pysslingen.se\/bojen\/wp-json\/wp\/v2\/media?parent=1625"}],"wp:term":[{"taxonomy":"testimonial_category","embeddable":true,"href":"https:\/\/pysslingen.se\/bojen\/wp-json\/wp\/v2\/testimonial_category?post=1625"}],"curies":[{"name":"wp","href":"https:\/\/api.w.org\/{rel}","templated":true}]}}