{"id":1623,"date":"2026-03-30T12:34:00","date_gmt":"2026-03-30T10:34:00","guid":{"rendered":"https:\/\/pysslingen.se\/bojen\/?post_type=testimonial&#038;p=1623"},"modified":"2026-03-31T08:28:06","modified_gmt":"2026-03-31T06:28:06","slug":"senait-gebremeskel","status":"publish","type":"testimonial","link":"https:\/\/pysslingen.se\/bojen\/intervju\/senait-gebremeskel\/","title":{"rendered":"Senait Gebremeskel"},"content":{"rendered":"<style>\n\t@media only screen and (min-width: 769px) {\n\t\t.testimonial_header_module__image {\n\t\t\tpadding-right: 15px;\n\t\t\tpadding-left: 6px;\n\t\t}\n\n\t\t.testimonial_header_module {\n\t\t\tmargin-bottom: -150px;\n\t\t}\n\t}\n<\/style>\n\n\n<div aria-label=\"testimonial header\"    class=\"testimonial_header_module__data d-none  site__cta-bg--100 \"><\/div>\n<div class=\"testimonial_header_module testimonial_header_module__bg\" >\n\t<div class=\"container\">\n\t\t<div class=\"row\">\n\t\t\t<div class=\"testimonial_header_module__col9\">\n\t\t\t\t<div class=\"testimonial_header_module__text_wrap\">\n\t\t\t\t\t\t\t\t\t\t\t<h1   class=\"site__heading-size-2  site__text-color--light \">\n\t\t\t\t\t\t\tM\u00f6t Senait, f\u00f6rskoll\u00e4rare p\u00e5 Bojen\t\t\t\t\t\t<\/h1>\n\t\t\t\t\t\n\t\t\t\t\t<p   class=\"site__ingress site__free_text--ingress testimonial_header_module__margin_top site__text-color--light \">\n\t\t\t\t\t\tSenait beskriver en bra f\u00f6rskola som n\u00e5got som skapar en trygg, stimulerande och inkluderande milj\u00f6 d\u00e4r barnen f\u00e5r utvecklas i sin egen takt.\t\t\t\t\t<\/p>\n\t\t\t\t<\/div>\n\t\t\t<\/div>\n\t\t\t<div class=\"testimonial_header_module__col3\">\n\t\t\t\t<picture   id=\"hero-picture\">\n\t\t\t\t\t<img decoding=\"async\" width=\"640\" height=\"550\" src=\"https:\/\/pysslingen.se\/wp-content\/uploads\/sites\/63\/2026\/03\/image-e1774938480815.jpeg\" class=\"testimonial_header_module__image\" alt=\"Portr\u00e4ttbild p\u00e5 pedagog.\" srcset=\"https:\/\/pysslingen.se\/wp-content\/uploads\/sites\/63\/2026\/03\/image-e1774938480815.jpeg 1500w, https:\/\/pysslingen.se\/wp-content\/uploads\/sites\/63\/2026\/03\/image-e1774938480815-300x258.jpeg 300w, https:\/\/pysslingen.se\/wp-content\/uploads\/sites\/63\/2026\/03\/image-e1774938480815-400x344.jpeg 400w, https:\/\/pysslingen.se\/wp-content\/uploads\/sites\/63\/2026\/03\/image-e1774938480815-600x516.jpeg 600w, https:\/\/pysslingen.se\/wp-content\/uploads\/sites\/63\/2026\/03\/image-e1774938480815-800x688.jpeg 800w, https:\/\/pysslingen.se\/wp-content\/uploads\/sites\/63\/2026\/03\/image-e1774938480815-1024x881.jpeg 1024w, https:\/\/pysslingen.se\/wp-content\/uploads\/sites\/63\/2026\/03\/image-e1774938480815-1200x1032.jpeg 1200w\" sizes=\"(max-width: 640px) 100vw, 640px\" \/>\t\t\t\t<\/picture>\n\t\t\t<\/div>\n\t\t<\/div>\n\t<\/div>\n<\/div>\n\n<script>\n\tvar para = document.getElementsByClassName(\"testimonial_header_module__data\")[0]\n\tvar compStyles = window.getComputedStyle(para);\n\tvar bg_color = compStyles.getPropertyValue('background-color')\n\tvar element = document.getElementsByClassName(\"testimonial_header_module__bg\")[0]\n\telement.setAttribute('style', \"background: linear-gradient(to bottom, \"\n\t\t\t+ bg_color + \",\"\n\t\t\t+ bg_color + \" calc(100% - 66px), transparent calc(100% - 66px), transparent);\");\n\n\n<\/script>\n\n\n\n<div class=\"wp-block-columns is-layout-flex wp-container-core-columns-layout-1 wp-block-columns-is-layout-flex\">\n<div class=\"wp-block-column is-layout-flow wp-block-column-is-layout-flow\" style=\"flex-basis:66.66%\"><style>\n@media only screen and (min-width: 600px) {\n\t\t\t.ams-fragor-editmpbximhkluvfsdgr {\n\t\t\tdisplay:none;\n\t\t}\n\t}\n@media only screen and (max-width: 600px) {\n\t}\n<\/style>\n<div   class=\"ams-fragor  site__cta-bg--100   ams-fragor-editmpbximhkluvfsdgr\" >\n   \t\t <div   class=\" site__text-color--light  ams-fragor__namn\">\n\t\t\tNamn:\t\t\t<span class=\" \">\n\t\t\t\tSenait Gebremeskel\t\t\t<\/span>\n\t\t<\/div>\n\t\t<div   class=\" site__text-color--light  ams-fragor__utbildning\">\n\t\t\tJobbar som:\t\t\t<span class=\" \">\n\t\t\t\tF\u00f6rskoll\u00e4rare\t\t\t<\/span>\n\t\t<\/div>\n\t\t\t\t\t<ul>\n\t\t\t\t\t<\/ul>\n\t\t\t<\/div>\n<script>\n\tamsFragor = function() {\n\t\tvar w = window.innerWidth;\n\t\tvar siteMain = document.getElementsByClassName(\"site-main\")[0]\n\t\tif(typeof siteMain !== 'undefined'){\n\t\t\tvar testimonial = siteMain.getElementsByClassName(\"testimonial_header_module\")[0]\n\t\t\tif(typeof testimonial !== 'undefined'){\n\t\t\t\tvar amsFragor = document.getElementsByClassName(\"ams-fragor\")\n\t\t\t\tfor(var i = 0; i < amsFragor.length; i++){\n\t\t\t\t\tif(w > 769 ){\n\t\t\t\t\t\tamsFragor[i].setAttribute('style', \"margin-top: 50px\");\n\t\t\t\t\t}else{\n\t\t\t\t\t\tamsFragor[i].setAttribute('style', \"margin-top: 0px\");\n\t\t\t\t\t}\n\t\t\t\t}\n\t\t\t}\n\t\t}\n\t};\n\tamsFragor();\n\twindow.addEventListener(\"resize\", amsFragor);\n<\/script>\n\n\n\n<h2 class=\"wp-block-heading\">Vad g\u00f6r f\u00f6rskolan till en bra plats f\u00f6r v\u00e5ra barn?<\/h2>\n\n\n\n<p>\u2013 En bra f\u00f6rskola skapar en trygg, stimulerande och inkluderande milj\u00f6 d\u00e4r barnen f\u00e5r utvecklas i sin egen takt. Det handlar om engagerade pedagoger som ser varje barn, uppmuntrar nyfikenhet och lek samt arbetar med b\u00e5de social och kunskapsm\u00e4ssig utveckling. En tydlig struktur och god kommunikation med hemmet \u00e4r ocks\u00e5 viktigt.<\/p>\n\n\n\n<h2 class=\"wp-block-heading\">Vad \u00e4r det b\u00e4sta med att vara pedagog p\u00e5 f\u00f6rskolan Bojen?<\/h2>\n\n\n\n<p>\u2013 Det b\u00e4sta \u00e4r att f\u00e5 f\u00f6lja barnens utveckling varje dag och vara en del av deras l\u00e4rande. Relationerna som byggs med barnen och kollegorna skapar en positiv arbetsmilj\u00f6. Det \u00e4r ocks\u00e5 givande att f\u00e5 vara kreativ och anpassa undervisningen efter barnens intressen!<\/p>\n\n\n\n<h2 class=\"wp-block-heading\">Vilken \u00e4r din favoritstund under dagen?<\/h2>\n\n\n\n<p>\u2013 Min favoritstund \u00e4r oftast samlingen eller fri lek, eftersom det \u00e4r d\u00e5 man verkligen ser barnens personligheter, fantasi och samspel med varandra. Det \u00e4r ocks\u00e5 ett bra tillf\u00e4lle att st\u00e4rka gruppk\u00e4nslan.<\/p>\n\n\n\n<h2 class=\"wp-block-heading\">Vad \u00e4r viktigt f\u00f6r dig i m\u00f6tet med barnens v\u00e5rdnadshavare?<\/h2>\n\n\n\n<p>\u2013 F\u00f6r mig \u00e4r det viktigt med \u00f6ppen, respektfull och tydlig kommunikation. Jag vill att v\u00e5rdnadshavare ska k\u00e4nna sig trygga och delaktiga i sitt barns vardag. Att lyssna och skapa f\u00f6rtroende och att vara tillm\u00f6tesg\u00e5ende \u00e4r centralt.<\/p>\n\n\n\n<h2 class=\"wp-block-heading\">Vad betyder trygghet f\u00f6r dig och hur upplevde du den p\u00e5 f\u00f6rskolan?<\/h2>\n\n\n\n<p>\u2013 Trygghet inneb\u00e4r att barnen k\u00e4nner sig sedda, respekterade och vet vad som v\u00e4ntar under dagen. Det skapas genom tydliga rutiner, n\u00e4rvarande pedagoger och en positiv milj\u00f6. P\u00e5 f\u00f6rskolan upplevde jag trygghet n\u00e4r barnen v\u00e5gade uttrycka sig, leka fritt och s\u00f6ka st\u00f6d hos oss vuxna.<\/p>\n<\/div>\n\n\n\n<div class=\"wp-block-column is-layout-flow wp-block-column-is-layout-flow\" style=\"flex-basis:33.33%\"><style>\n@media only screen and (min-width: 600px) {\n\t}\n@media only screen and (max-width: 600px) {\n\t\t\t.ams-fragor{\n\t\t\t margin-bottom:40px;\n\t\t}\n\t\t.ams-fragor-bhxqmmhplotpdwmnefza{\n\t\t\tdisplay:none;\n\t\t}\n\t}\n<\/style>\n<div   class=\"ams-fragor  site__cta-bg--100   ams-fragor-bhxqmmhplotpdwmnefza\" >\n   \t\t <div   class=\" site__text-color--light  ams-fragor__namn\">\n\t\t\tNamn:\t\t\t<span class=\" \">\n\t\t\t\tSenait Gebremeskel\t\t\t<\/span>\n\t\t<\/div>\n\t\t<div   class=\" site__text-color--light  ams-fragor__utbildning\">\n\t\t\tJobbar som:\t\t\t<span class=\" \">\n\t\t\t\tF\u00f6rskoll\u00e4rare\t\t\t<\/span>\n\t\t<\/div>\n\t\t\t\t\t<ul>\n\t\t\t\t\t<\/ul>\n\t\t\t<\/div>\n<script>\n\tamsFragor = function() {\n\t\tvar w = window.innerWidth;\n\t\tvar siteMain = document.getElementsByClassName(\"site-main\")[0]\n\t\tif(typeof siteMain !== 'undefined'){\n\t\t\tvar testimonial = siteMain.getElementsByClassName(\"testimonial_header_module\")[0]\n\t\t\tif(typeof testimonial !== 'undefined'){\n\t\t\t\tvar amsFragor = document.getElementsByClassName(\"ams-fragor\")\n\t\t\t\tfor(var i = 0; i < amsFragor.length; i++){\n\t\t\t\t\tif(w > 769 ){\n\t\t\t\t\t\tamsFragor[i].setAttribute('style', \"margin-top: 50px\");\n\t\t\t\t\t}else{\n\t\t\t\t\t\tamsFragor[i].setAttribute('style', \"margin-top: 0px\");\n\t\t\t\t\t}\n\t\t\t\t}\n\t\t\t}\n\t\t}\n\t};\n\tamsFragor();\n\twindow.addEventListener(\"resize\", amsFragor);\n<\/script>\n<\/div>\n<\/div>\n","protected":false},"featured_media":0,"template":"","testimonial_category":[],"yoast_head":"<!-- This site is optimized with the Yoast SEO plugin v22.0 - https:\/\/yoast.com\/wordpress\/plugins\/seo\/ -->\n<title>Senait Gebremeskel - f\u00f6rskoll\u00e4rare p\u00e5 Bojen<\/title>\n<meta name=\"description\" content=\"L\u00e4s intervjun med Senait, f\u00f6rskoll\u00e4rare p\u00e5 Bojen i Hammarby Sj\u00f6stad. Hon beskriver varf\u00f6r hennes arbetsplats \u00e4r en bra plats f\u00f6r v\u00e5ra barn!\" \/>\n<meta name=\"robots\" content=\"index, follow, max-snippet:-1, max-image-preview:large, max-video-preview:-1\" \/>\n<link rel=\"canonical\" href=\"https:\/\/pysslingen.se\/bojen\/intervju\/senait-gebremeskel\/\" \/>\n<meta property=\"og:locale\" content=\"sv_SE\" \/>\n<meta property=\"og:type\" content=\"article\" \/>\n<meta property=\"og:title\" content=\"Senait Gebremeskel - f\u00f6rskoll\u00e4rare p\u00e5 Bojen\" \/>\n<meta property=\"og:description\" content=\"L\u00e4s intervjun med Senait, f\u00f6rskoll\u00e4rare p\u00e5 Bojen i Hammarby Sj\u00f6stad. Hon beskriver varf\u00f6r hennes arbetsplats \u00e4r en bra plats f\u00f6r v\u00e5ra barn!\" \/>\n<meta property=\"og:url\" content=\"https:\/\/pysslingen.se\/bojen\/intervju\/senait-gebremeskel\/\" \/>\n<meta property=\"og:site_name\" content=\"Bojen\" \/>\n<meta property=\"article:modified_time\" content=\"2026-03-31T06:28:06+00:00\" \/>\n<meta name=\"twitter:card\" content=\"summary_large_image\" \/>\n<meta name=\"twitter:title\" content=\"Senait Gebremeskel - f\u00f6rskoll\u00e4rare p\u00e5 Bojen\" \/>\n<meta name=\"twitter:description\" content=\"L\u00e4s intervjun med Senait, f\u00f6rskoll\u00e4rare p\u00e5 Bojen i Hammarby Sj\u00f6stad. Hon beskriver varf\u00f6r hennes arbetsplats \u00e4r en bra plats f\u00f6r v\u00e5ra barn!\" \/>\n<meta name=\"twitter:image\" content=\"https:\/\/pysslingen.se\/wp-content\/uploads\/sites\/63\/2026\/03\/image-e1774938480815-1200x630.jpeg\" \/>\n<meta name=\"twitter:label1\" content=\"Ber\u00e4knad l\u00e4stid\" \/>\n\t<meta name=\"twitter:data1\" content=\"2 minuter\" \/>\n<script type=\"application\/ld+json\" class=\"yoast-schema-graph\">{\"@context\":\"https:\/\/schema.org\",\"@graph\":[{\"@type\":\"WebPage\",\"@id\":\"https:\/\/pysslingen.se\/bojen\/intervju\/senait-gebremeskel\/\",\"url\":\"https:\/\/pysslingen.se\/bojen\/intervju\/senait-gebremeskel\/\",\"name\":\"Senait Gebremeskel - f\u00f6rskoll\u00e4rare p\u00e5 Bojen\",\"isPartOf\":{\"@id\":\"https:\/\/pysslingen.se\/bojen\/#website\"},\"datePublished\":\"2026-03-30T10:34:00+00:00\",\"dateModified\":\"2026-03-31T06:28:06+00:00\",\"description\":\"L\u00e4s intervjun med Senait, f\u00f6rskoll\u00e4rare p\u00e5 Bojen i Hammarby Sj\u00f6stad. Hon beskriver varf\u00f6r hennes arbetsplats \u00e4r en bra plats f\u00f6r v\u00e5ra barn!\",\"breadcrumb\":{\"@id\":\"https:\/\/pysslingen.se\/bojen\/intervju\/senait-gebremeskel\/#breadcrumb\"},\"inLanguage\":\"sv-SE\",\"potentialAction\":[{\"@type\":\"ReadAction\",\"target\":[\"https:\/\/pysslingen.se\/bojen\/intervju\/senait-gebremeskel\/\"]}]},{\"@type\":\"BreadcrumbList\",\"@id\":\"https:\/\/pysslingen.se\/bojen\/intervju\/senait-gebremeskel\/#breadcrumb\",\"itemListElement\":[{\"@type\":\"ListItem\",\"position\":1,\"name\":\"Start\",\"item\":\"https:\/\/pysslingen.se\/bojen\"},{\"@type\":\"ListItem\",\"position\":2,\"name\":\"Intervju\"}]},{\"@type\":\"WebSite\",\"@id\":\"https:\/\/pysslingen.se\/bojen\/#website\",\"url\":\"https:\/\/pysslingen.se\/bojen\/\",\"name\":\"Bojen\",\"description\":\"En trygg och stimulerande v\u00e4rld\",\"publisher\":{\"@id\":\"https:\/\/pysslingen.se\/bojen\/#organization\"},\"potentialAction\":[{\"@type\":\"SearchAction\",\"target\":{\"@type\":\"EntryPoint\",\"urlTemplate\":\"https:\/\/pysslingen.se\/bojen\/?s={search_term_string}\"},\"query-input\":\"required name=search_term_string\"}],\"inLanguage\":\"sv-SE\"},{\"@type\":\"Organization\",\"@id\":\"https:\/\/pysslingen.se\/bojen\/#organization\",\"name\":\"Pysslingen F\u00f6rskolor\",\"url\":\"https:\/\/pysslingen.se\/bojen\/\",\"logo\":{\"@type\":\"ImageObject\",\"inLanguage\":\"sv-SE\",\"@id\":\"https:\/\/pysslingen.se\/bojen\/#\/schema\/logo\/image\/\",\"url\":\"https:\/\/pysslingen.se\/wp-content\/uploads\/2021\/05\/pysslingen-forskolor.png\",\"contentUrl\":\"https:\/\/pysslingen.se\/wp-content\/uploads\/2021\/05\/pysslingen-forskolor.png\",\"width\":1120,\"height\":630,\"caption\":\"Pysslingen F\u00f6rskolor\"},\"image\":{\"@id\":\"https:\/\/pysslingen.se\/bojen\/#\/schema\/logo\/image\/\"}}]}<\/script>\n<!-- \/ Yoast SEO plugin. -->","yoast_head_json":{"title":"Senait Gebremeskel - f\u00f6rskoll\u00e4rare p\u00e5 Bojen","description":"L\u00e4s intervjun med Senait, f\u00f6rskoll\u00e4rare p\u00e5 Bojen i Hammarby Sj\u00f6stad. Hon beskriver varf\u00f6r hennes arbetsplats \u00e4r en bra plats f\u00f6r v\u00e5ra barn!","robots":{"index":"index","follow":"follow","max-snippet":"max-snippet:-1","max-image-preview":"max-image-preview:large","max-video-preview":"max-video-preview:-1"},"canonical":"https:\/\/pysslingen.se\/bojen\/intervju\/senait-gebremeskel\/","og_locale":"sv_SE","og_type":"article","og_title":"Senait Gebremeskel - f\u00f6rskoll\u00e4rare p\u00e5 Bojen","og_description":"L\u00e4s intervjun med Senait, f\u00f6rskoll\u00e4rare p\u00e5 Bojen i Hammarby Sj\u00f6stad. Hon beskriver varf\u00f6r hennes arbetsplats \u00e4r en bra plats f\u00f6r v\u00e5ra barn!","og_url":"https:\/\/pysslingen.se\/bojen\/intervju\/senait-gebremeskel\/","og_site_name":"Bojen","article_modified_time":"2026-03-31T06:28:06+00:00","twitter_card":"summary_large_image","twitter_title":"Senait Gebremeskel - f\u00f6rskoll\u00e4rare p\u00e5 Bojen","twitter_description":"L\u00e4s intervjun med Senait, f\u00f6rskoll\u00e4rare p\u00e5 Bojen i Hammarby Sj\u00f6stad. Hon beskriver varf\u00f6r hennes arbetsplats \u00e4r en bra plats f\u00f6r v\u00e5ra barn!","twitter_image":"https:\/\/pysslingen.se\/wp-content\/uploads\/sites\/63\/2026\/03\/image-e1774938480815-1200x630.jpeg","twitter_misc":{"Ber\u00e4knad l\u00e4stid":"2 minuter"},"schema":{"@context":"https:\/\/schema.org","@graph":[{"@type":"WebPage","@id":"https:\/\/pysslingen.se\/bojen\/intervju\/senait-gebremeskel\/","url":"https:\/\/pysslingen.se\/bojen\/intervju\/senait-gebremeskel\/","name":"Senait Gebremeskel - f\u00f6rskoll\u00e4rare p\u00e5 Bojen","isPartOf":{"@id":"https:\/\/pysslingen.se\/bojen\/#website"},"datePublished":"2026-03-30T10:34:00+00:00","dateModified":"2026-03-31T06:28:06+00:00","description":"L\u00e4s intervjun med Senait, f\u00f6rskoll\u00e4rare p\u00e5 Bojen i Hammarby Sj\u00f6stad. Hon beskriver varf\u00f6r hennes arbetsplats \u00e4r en bra plats f\u00f6r v\u00e5ra barn!","breadcrumb":{"@id":"https:\/\/pysslingen.se\/bojen\/intervju\/senait-gebremeskel\/#breadcrumb"},"inLanguage":"sv-SE","potentialAction":[{"@type":"ReadAction","target":["https:\/\/pysslingen.se\/bojen\/intervju\/senait-gebremeskel\/"]}]},{"@type":"BreadcrumbList","@id":"https:\/\/pysslingen.se\/bojen\/intervju\/senait-gebremeskel\/#breadcrumb","itemListElement":[{"@type":"ListItem","position":1,"name":"Start","item":"https:\/\/pysslingen.se\/bojen"},{"@type":"ListItem","position":2,"name":"Intervju"}]},{"@type":"WebSite","@id":"https:\/\/pysslingen.se\/bojen\/#website","url":"https:\/\/pysslingen.se\/bojen\/","name":"Bojen","description":"En trygg och stimulerande v\u00e4rld","publisher":{"@id":"https:\/\/pysslingen.se\/bojen\/#organization"},"potentialAction":[{"@type":"SearchAction","target":{"@type":"EntryPoint","urlTemplate":"https:\/\/pysslingen.se\/bojen\/?s={search_term_string}"},"query-input":"required name=search_term_string"}],"inLanguage":"sv-SE"},{"@type":"Organization","@id":"https:\/\/pysslingen.se\/bojen\/#organization","name":"Pysslingen F\u00f6rskolor","url":"https:\/\/pysslingen.se\/bojen\/","logo":{"@type":"ImageObject","inLanguage":"sv-SE","@id":"https:\/\/pysslingen.se\/bojen\/#\/schema\/logo\/image\/","url":"https:\/\/pysslingen.se\/wp-content\/uploads\/2021\/05\/pysslingen-forskolor.png","contentUrl":"https:\/\/pysslingen.se\/wp-content\/uploads\/2021\/05\/pysslingen-forskolor.png","width":1120,"height":630,"caption":"Pysslingen F\u00f6rskolor"},"image":{"@id":"https:\/\/pysslingen.se\/bojen\/#\/schema\/logo\/image\/"}}]}},"_links":{"self":[{"href":"https:\/\/pysslingen.se\/bojen\/wp-json\/wp\/v2\/testimonial\/1623"}],"collection":[{"href":"https:\/\/pysslingen.se\/bojen\/wp-json\/wp\/v2\/testimonial"}],"about":[{"href":"https:\/\/pysslingen.se\/bojen\/wp-json\/wp\/v2\/types\/testimonial"}],"wp:attachment":[{"href":"https:\/\/pysslingen.se\/bojen\/wp-json\/wp\/v2\/media?parent=1623"}],"wp:term":[{"taxonomy":"testimonial_category","embeddable":true,"href":"https:\/\/pysslingen.se\/bojen\/wp-json\/wp\/v2\/testimonial_category?post=1623"}],"curies":[{"name":"wp","href":"https:\/\/api.w.org\/{rel}","templated":true}]}}