{"id":1060,"date":"2020-11-25T16:36:57","date_gmt":"2020-11-25T16:36:57","guid":{"rendered":"https:\/\/pysslingen.se\/bojen\/?post_type=testimonial&#038;p=1060"},"modified":"2025-11-27T09:12:57","modified_gmt":"2025-11-27T08:12:57","slug":"peyvand-vinthav","status":"publish","type":"testimonial","link":"https:\/\/pysslingen.se\/bojen\/intervju\/peyvand-vinthav\/","title":{"rendered":"Peyvand Vinthav"},"content":{"rendered":"<style>\n\t@media only screen and (min-width: 769px) {\n\t\t.testimonial_header_module__image {\n\t\t\tpadding-right: 15px;\n\t\t\tpadding-left: 6px;\n\t\t}\n\n\t\t.testimonial_header_module {\n\t\t\tmargin-bottom: -150px;\n\t\t}\n\t}\n<\/style>\n\n\n<div aria-label=\"testimonial header\"    class=\"testimonial_header_module__data d-none  site__cta-bg--100 \"><\/div>\n<div class=\"testimonial_header_module testimonial_header_module__bg\" >\n\t<div class=\"container\">\n\t\t<div class=\"row\">\n\t\t\t<div class=\"testimonial_header_module__col9\">\n\t\t\t\t<div class=\"testimonial_header_module__text_wrap\">\n\t\t\t\t\t\t\t\t\t\t\t<h1   class=\"site__heading-size-2  site__text-color--light \">\n\t\t\t\t\t\t\tHej Peyvand!\t\t\t\t\t\t<\/h1>\n\t\t\t\t\t\n\t\t\t\t\t<p   class=\"site__ingress site__free_text--ingress testimonial_header_module__margin_top site__text-color--light \">\n\t\t\t\t\t\tPeyvand \u00e4r barnsk\u00f6tare och har arbetat p\u00e5 Bojen sedan 2018. F\u00f6r henne \u00e4r det viktigt med ett n\u00e4ra samarbete mellan f\u00f6rskola och hem.\r\n\t\t\t\t\t<\/p>\n\t\t\t\t<\/div>\n\t\t\t<\/div>\n\t\t\t<div class=\"testimonial_header_module__col3\">\n\t\t\t\t<picture   id=\"hero-picture\">\n\t\t\t\t\t<img decoding=\"async\" width=\"640\" height=\"830\" src=\"https:\/\/pysslingen.se\/wp-content\/uploads\/sites\/63\/2020\/11\/bojenpeyvandpedagog-790x1024.jpeg\" class=\"testimonial_header_module__image\" alt=\"Portr\u00e4ttbild av pedagogen Peyvand\" srcset=\"https:\/\/pysslingen.se\/wp-content\/uploads\/sites\/63\/2020\/11\/bojenpeyvandpedagog-790x1024.jpeg 790w, https:\/\/pysslingen.se\/wp-content\/uploads\/sites\/63\/2020\/11\/bojenpeyvandpedagog-231x300.jpeg 231w, https:\/\/pysslingen.se\/wp-content\/uploads\/sites\/63\/2020\/11\/bojenpeyvandpedagog-768x996.jpeg 768w, https:\/\/pysslingen.se\/wp-content\/uploads\/sites\/63\/2020\/11\/bojenpeyvandpedagog-1185x1536.jpeg 1185w, https:\/\/pysslingen.se\/wp-content\/uploads\/sites\/63\/2020\/11\/bojenpeyvandpedagog-500x648.jpeg 500w, https:\/\/pysslingen.se\/wp-content\/uploads\/sites\/63\/2020\/11\/bojenpeyvandpedagog-177x229.jpeg 177w, https:\/\/pysslingen.se\/wp-content\/uploads\/sites\/63\/2020\/11\/bojenpeyvandpedagog-340x441.jpeg 340w, https:\/\/pysslingen.se\/wp-content\/uploads\/sites\/63\/2020\/11\/bojenpeyvandpedagog-1024x1328.jpeg 1024w, https:\/\/pysslingen.se\/wp-content\/uploads\/sites\/63\/2020\/11\/bojenpeyvandpedagog-1100x1426.jpeg 1100w, https:\/\/pysslingen.se\/wp-content\/uploads\/sites\/63\/2020\/11\/bojenpeyvandpedagog-517x670.jpeg 517w, https:\/\/pysslingen.se\/wp-content\/uploads\/sites\/63\/2020\/11\/bojenpeyvandpedagog.jpeg 1565w\" sizes=\"(max-width: 640px) 100vw, 640px\" \/>\t\t\t\t<\/picture>\n\t\t\t<\/div>\n\t\t<\/div>\n\t<\/div>\n<\/div>\n\n<script>\n\tvar para = document.getElementsByClassName(\"testimonial_header_module__data\")[0]\n\tvar compStyles = window.getComputedStyle(para);\n\tvar bg_color = compStyles.getPropertyValue('background-color')\n\tvar element = document.getElementsByClassName(\"testimonial_header_module__bg\")[0]\n\telement.setAttribute('style', \"background: linear-gradient(to bottom, \"\n\t\t\t+ bg_color + \",\"\n\t\t\t+ bg_color + \" calc(100% - 66px), transparent calc(100% - 66px), transparent);\");\n\n\n<\/script>\n\n\n\n<div class=\"wp-block-columns is-layout-flex wp-container-core-columns-layout-1 wp-block-columns-is-layout-flex\">\n<div class=\"wp-block-column is-layout-flow wp-block-column-is-layout-flow\" style=\"flex-basis:66.66%\"><style>\n@media only screen and (min-width: 600px) {\n\t\t\t.ams-fragor-wmeogdkaykjtujbvjsjy {\n\t\t\tdisplay:none;\n\t\t}\n\t}\n@media only screen and (max-width: 600px) {\n\t}\n<\/style>\n<div   class=\"ams-fragor  site__cta-bg--100   ams-fragor-wmeogdkaykjtujbvjsjy\" >\n   \t\t <div   class=\" site__text-color--light  ams-fragor__namn\">\n\t\t\tNamn::\t\t\t<span class=\" \">\n\t\t\t\tPeyvand Vinthav\t\t\t<\/span>\n\t\t<\/div>\n\t\t<div   class=\" site__text-color--light  ams-fragor__utbildning\">\n\t\t\tJobbar som::\t\t\t<span class=\" \">\n\t\t\t\tBarnsk\u00f6tare\t\t\t<\/span>\n\t\t<\/div>\n\t\t\t\t\t<ul>\n\t\t\t\t\t<\/ul>\n\t\t\t<\/div>\n<script>\n\tamsFragor = function() {\n\t\tvar w = window.innerWidth;\n\t\tvar siteMain = document.getElementsByClassName(\"site-main\")[0]\n\t\tif(typeof siteMain !== 'undefined'){\n\t\t\tvar testimonial = siteMain.getElementsByClassName(\"testimonial_header_module\")[0]\n\t\t\tif(typeof testimonial !== 'undefined'){\n\t\t\t\tvar amsFragor = document.getElementsByClassName(\"ams-fragor\")\n\t\t\t\tfor(var i = 0; i < amsFragor.length; i++){\n\t\t\t\t\tif(w > 769 ){\n\t\t\t\t\t\tamsFragor[i].setAttribute('style', \"margin-top: 50px\");\n\t\t\t\t\t}else{\n\t\t\t\t\t\tamsFragor[i].setAttribute('style', \"margin-top: 0px\");\n\t\t\t\t\t}\n\t\t\t\t}\n\t\t\t}\n\t\t}\n\t};\n\tamsFragor();\n\twindow.addEventListener(\"resize\", amsFragor);\n<\/script>\n\n\n\n<h2 class=\"wp-block-heading\">Vad gillar du mest med att vara pedagog p\u00e5 Bojen?<\/h2>\n\n\n\n<p>&#8211; Att alla pedagoger p\u00e5 Bojen \u00e4r engagerade och n\u00e4rvarande. Vi unders\u00f6ker, utforskar och l\u00e4r oss tillsammans med barnen.&nbsp;<\/p>\n\n\n\n<p>&#8211; Bojen \u00e4r en stor f\u00f6rskola med fem avdelningar, samarbetet mellan alla avdelningar skapar en stor trygghet f\u00f6r barnen d\u00e5 v\u00e5r kultur utg\u00e5r fr\u00e5n att alla barn ska k\u00e4nna sig trygga med alla pedagoger som jobbar p\u00e5 f\u00f6rskolan.<\/p>\n\n\n\n<p>&#8211; En annan sak som jag gillar med Bojen \u00e4r att vi alltid har barnen i fokus och att barnens intressen \u00e4r grunden f\u00f6r v\u00e5r utbildning.<\/p>\n\n\n\n<h2 class=\"wp-block-heading\">Hur t\u00e4nker du kring f\u00f6rskolans inriktning?<\/h2>\n\n\n\n<p>&#8211; Vi ser barnen som kompetenta och viktiga samh\u00e4llsmedborgare. V\u00e5rt arbete p\u00e5 f\u00f6rskolan grundl\u00e4gger den demokratiska grund som samh\u00e4llet vilar p\u00e5.&nbsp;<\/p>\n\n\n\n<p>&#8211; Barnen \u00e4r st\u00e4ndigt involverade i sina l\u00e4rprocesser. Det \u00e4r oerh\u00f6rt viktigt att barnen har tillg\u00e5ng till o\u00e4ndligt antal olika s\u00e4tt att uttrycka sig p\u00e5, vilket vi kallar f\u00f6r \u201dde hundra spr\u00e5ken\u201d , och h\u00e4r p\u00e5 Bojen m\u00f6jligg\u00f6r vi det f\u00f6r barnen.<\/p>\n\n\n\n<h2 class=\"wp-block-heading\">Vad \u00e4r viktigt f\u00f6r dig i m\u00f6tet med barnens f\u00f6r\u00e4ldrar?<\/h2>\n\n\n\n<p>&#8211; F\u00f6r oss \u00e4r det viktigt med ett n\u00e4ra samarbete mellan f\u00f6rskolan och hemmet. Vi ser inte f\u00f6r\u00e4ldrarna som en kundrelation, utan vi ser de lika viktiga som det pedagogiska arbetet i barngruppen.&nbsp;<\/p>\n\n\n\n<p>&#8211; Jag \u00e4lskar att v\u00e4cka f\u00f6r\u00e4ldrarnas nyfikenhet kring barnens l\u00e4roprocesser genom att ber\u00e4tta om barnens hypoteser och tankar kring det p\u00e5g\u00e5ende projektet vilket ofta leder till viktiga samtal hemma, och det \u00e4r ocks\u00e5 en del av l\u00e4rprocessen.&nbsp;&nbsp;<\/p>\n\n\n\n<p>&#8211; Jag uppskattar f\u00f6r\u00e4ldrarnas delaktighet och att de \u00e4ven kan komma med ide\u00e9r.<\/p>\n<\/div>\n\n\n\n<div class=\"wp-block-column is-layout-flow wp-block-column-is-layout-flow\" style=\"flex-basis:33.33%\"><style>\n@media only screen and (min-width: 600px) {\n\t}\n@media only screen and (max-width: 600px) {\n\t\t\t.ams-fragor{\n\t\t\t margin-bottom:40px;\n\t\t}\n\t\t.ams-fragor-lbgplwugkrekgrdnfmkw{\n\t\t\tdisplay:none;\n\t\t}\n\t}\n<\/style>\n<div   class=\"ams-fragor  site__cta-bg--100   ams-fragor-lbgplwugkrekgrdnfmkw\" >\n   \t\t <div   class=\" site__text-color--light  ams-fragor__namn\">\n\t\t\tNamn::\t\t\t<span class=\" \">\n\t\t\t\tPeyvand Vinthav\t\t\t<\/span>\n\t\t<\/div>\n\t\t<div   class=\" site__text-color--light  ams-fragor__utbildning\">\n\t\t\tJobbar som::\t\t\t<span class=\" \">\n\t\t\t\tBarnsk\u00f6tare\t\t\t<\/span>\n\t\t<\/div>\n\t\t\t\t\t<ul>\n\t\t\t\t\t<\/ul>\n\t\t\t<\/div>\n<script>\n\tamsFragor = function() {\n\t\tvar w = window.innerWidth;\n\t\tvar siteMain = document.getElementsByClassName(\"site-main\")[0]\n\t\tif(typeof siteMain !== 'undefined'){\n\t\t\tvar testimonial = siteMain.getElementsByClassName(\"testimonial_header_module\")[0]\n\t\t\tif(typeof testimonial !== 'undefined'){\n\t\t\t\tvar amsFragor = document.getElementsByClassName(\"ams-fragor\")\n\t\t\t\tfor(var i = 0; i < amsFragor.length; i++){\n\t\t\t\t\tif(w > 769 ){\n\t\t\t\t\t\tamsFragor[i].setAttribute('style', \"margin-top: 50px\");\n\t\t\t\t\t}else{\n\t\t\t\t\t\tamsFragor[i].setAttribute('style', \"margin-top: 0px\");\n\t\t\t\t\t}\n\t\t\t\t}\n\t\t\t}\n\t\t}\n\t};\n\tamsFragor();\n\twindow.addEventListener(\"resize\", amsFragor);\n<\/script>\n<\/div>\n<\/div>\n","protected":false},"featured_media":0,"template":"","testimonial_category":[],"yoast_head":"<!-- This site is optimized with the Yoast SEO plugin v22.0 - https:\/\/yoast.com\/wordpress\/plugins\/seo\/ -->\n<title>Tr\u00e4ffa v\u00e5ran pedagog Peyvand Vinthav p\u00e5 Bojen!<\/title>\n<meta name=\"description\" content=\"Peyvand \u00e4r barnsk\u00f6tare och har arbetat p\u00e5 Bojen sedan 2018. F\u00f6r henne \u00e4r det viktigt med ett n\u00e4ra samarbete mellan f\u00f6rskola och hem.\" \/>\n<meta name=\"robots\" content=\"index, follow, max-snippet:-1, max-image-preview:large, max-video-preview:-1\" \/>\n<link rel=\"canonical\" href=\"https:\/\/pysslingen.se\/bojen\/intervju\/peyvand-vinthav\/\" \/>\n<meta property=\"og:locale\" content=\"sv_SE\" \/>\n<meta property=\"og:type\" content=\"article\" \/>\n<meta property=\"og:title\" content=\"Tr\u00e4ffa v\u00e5ran pedagog Peyvand Vinthav p\u00e5 Bojen!\" \/>\n<meta property=\"og:description\" content=\"Peyvand \u00e4r barnsk\u00f6tare och har arbetat p\u00e5 Bojen sedan 2018. F\u00f6r henne \u00e4r det viktigt med ett n\u00e4ra samarbete mellan f\u00f6rskola och hem.\" \/>\n<meta property=\"og:url\" content=\"https:\/\/pysslingen.se\/bojen\/intervju\/peyvand-vinthav\/\" \/>\n<meta property=\"og:site_name\" content=\"Bojen\" \/>\n<meta property=\"article:modified_time\" content=\"2025-11-27T08:12:57+00:00\" \/>\n<meta name=\"twitter:card\" content=\"summary_large_image\" \/>\n<meta name=\"twitter:title\" content=\"Tr\u00e4ffa v\u00e5ran pedagog Peyvand Vinthav p\u00e5 Bojen!\" \/>\n<meta name=\"twitter:description\" content=\"Peyvand \u00e4r barnsk\u00f6tare och har arbetat p\u00e5 Bojen sedan 2018. F\u00f6r henne \u00e4r det viktigt med ett n\u00e4ra samarbete mellan f\u00f6rskola och hem.\" \/>\n<meta name=\"twitter:image\" content=\"https:\/\/pysslingen.se\/wp-content\/uploads\/sites\/63\/2020\/11\/bojenpeyvandpedagog-1200x630.jpeg\" \/>\n<meta name=\"twitter:label1\" content=\"Ber\u00e4knad l\u00e4stid\" \/>\n\t<meta name=\"twitter:data1\" content=\"2 minuter\" \/>\n<script type=\"application\/ld+json\" class=\"yoast-schema-graph\">{\"@context\":\"https:\/\/schema.org\",\"@graph\":[{\"@type\":\"WebPage\",\"@id\":\"https:\/\/pysslingen.se\/bojen\/intervju\/peyvand-vinthav\/\",\"url\":\"https:\/\/pysslingen.se\/bojen\/intervju\/peyvand-vinthav\/\",\"name\":\"Tr\u00e4ffa v\u00e5ran pedagog Peyvand Vinthav p\u00e5 Bojen!\",\"isPartOf\":{\"@id\":\"https:\/\/pysslingen.se\/bojen\/#website\"},\"datePublished\":\"2020-11-25T16:36:57+00:00\",\"dateModified\":\"2025-11-27T08:12:57+00:00\",\"description\":\"Peyvand \u00e4r barnsk\u00f6tare och har arbetat p\u00e5 Bojen sedan 2018. F\u00f6r henne \u00e4r det viktigt med ett n\u00e4ra samarbete mellan f\u00f6rskola och hem.\",\"breadcrumb\":{\"@id\":\"https:\/\/pysslingen.se\/bojen\/intervju\/peyvand-vinthav\/#breadcrumb\"},\"inLanguage\":\"sv-SE\",\"potentialAction\":[{\"@type\":\"ReadAction\",\"target\":[\"https:\/\/pysslingen.se\/bojen\/intervju\/peyvand-vinthav\/\"]}]},{\"@type\":\"BreadcrumbList\",\"@id\":\"https:\/\/pysslingen.se\/bojen\/intervju\/peyvand-vinthav\/#breadcrumb\",\"itemListElement\":[{\"@type\":\"ListItem\",\"position\":1,\"name\":\"Start\",\"item\":\"https:\/\/pysslingen.se\/bojen\"},{\"@type\":\"ListItem\",\"position\":2,\"name\":\"Intervju\"}]},{\"@type\":\"WebSite\",\"@id\":\"https:\/\/pysslingen.se\/bojen\/#website\",\"url\":\"https:\/\/pysslingen.se\/bojen\/\",\"name\":\"Bojen\",\"description\":\"En trygg och stimulerande v\u00e4rld\",\"publisher\":{\"@id\":\"https:\/\/pysslingen.se\/bojen\/#organization\"},\"potentialAction\":[{\"@type\":\"SearchAction\",\"target\":{\"@type\":\"EntryPoint\",\"urlTemplate\":\"https:\/\/pysslingen.se\/bojen\/?s={search_term_string}\"},\"query-input\":\"required name=search_term_string\"}],\"inLanguage\":\"sv-SE\"},{\"@type\":\"Organization\",\"@id\":\"https:\/\/pysslingen.se\/bojen\/#organization\",\"name\":\"Pysslingen F\u00f6rskolor\",\"url\":\"https:\/\/pysslingen.se\/bojen\/\",\"logo\":{\"@type\":\"ImageObject\",\"inLanguage\":\"sv-SE\",\"@id\":\"https:\/\/pysslingen.se\/bojen\/#\/schema\/logo\/image\/\",\"url\":\"https:\/\/pysslingen.se\/wp-content\/uploads\/2021\/05\/pysslingen-forskolor.png\",\"contentUrl\":\"https:\/\/pysslingen.se\/wp-content\/uploads\/2021\/05\/pysslingen-forskolor.png\",\"width\":1120,\"height\":630,\"caption\":\"Pysslingen F\u00f6rskolor\"},\"image\":{\"@id\":\"https:\/\/pysslingen.se\/bojen\/#\/schema\/logo\/image\/\"}}]}<\/script>\n<!-- \/ Yoast SEO plugin. -->","yoast_head_json":{"title":"Tr\u00e4ffa v\u00e5ran pedagog Peyvand Vinthav p\u00e5 Bojen!","description":"Peyvand \u00e4r barnsk\u00f6tare och har arbetat p\u00e5 Bojen sedan 2018. F\u00f6r henne \u00e4r det viktigt med ett n\u00e4ra samarbete mellan f\u00f6rskola och hem.","robots":{"index":"index","follow":"follow","max-snippet":"max-snippet:-1","max-image-preview":"max-image-preview:large","max-video-preview":"max-video-preview:-1"},"canonical":"https:\/\/pysslingen.se\/bojen\/intervju\/peyvand-vinthav\/","og_locale":"sv_SE","og_type":"article","og_title":"Tr\u00e4ffa v\u00e5ran pedagog Peyvand Vinthav p\u00e5 Bojen!","og_description":"Peyvand \u00e4r barnsk\u00f6tare och har arbetat p\u00e5 Bojen sedan 2018. F\u00f6r henne \u00e4r det viktigt med ett n\u00e4ra samarbete mellan f\u00f6rskola och hem.","og_url":"https:\/\/pysslingen.se\/bojen\/intervju\/peyvand-vinthav\/","og_site_name":"Bojen","article_modified_time":"2025-11-27T08:12:57+00:00","twitter_card":"summary_large_image","twitter_title":"Tr\u00e4ffa v\u00e5ran pedagog Peyvand Vinthav p\u00e5 Bojen!","twitter_description":"Peyvand \u00e4r barnsk\u00f6tare och har arbetat p\u00e5 Bojen sedan 2018. F\u00f6r henne \u00e4r det viktigt med ett n\u00e4ra samarbete mellan f\u00f6rskola och hem.","twitter_image":"https:\/\/pysslingen.se\/wp-content\/uploads\/sites\/63\/2020\/11\/bojenpeyvandpedagog-1200x630.jpeg","twitter_misc":{"Ber\u00e4knad l\u00e4stid":"2 minuter"},"schema":{"@context":"https:\/\/schema.org","@graph":[{"@type":"WebPage","@id":"https:\/\/pysslingen.se\/bojen\/intervju\/peyvand-vinthav\/","url":"https:\/\/pysslingen.se\/bojen\/intervju\/peyvand-vinthav\/","name":"Tr\u00e4ffa v\u00e5ran pedagog Peyvand Vinthav p\u00e5 Bojen!","isPartOf":{"@id":"https:\/\/pysslingen.se\/bojen\/#website"},"datePublished":"2020-11-25T16:36:57+00:00","dateModified":"2025-11-27T08:12:57+00:00","description":"Peyvand \u00e4r barnsk\u00f6tare och har arbetat p\u00e5 Bojen sedan 2018. F\u00f6r henne \u00e4r det viktigt med ett n\u00e4ra samarbete mellan f\u00f6rskola och hem.","breadcrumb":{"@id":"https:\/\/pysslingen.se\/bojen\/intervju\/peyvand-vinthav\/#breadcrumb"},"inLanguage":"sv-SE","potentialAction":[{"@type":"ReadAction","target":["https:\/\/pysslingen.se\/bojen\/intervju\/peyvand-vinthav\/"]}]},{"@type":"BreadcrumbList","@id":"https:\/\/pysslingen.se\/bojen\/intervju\/peyvand-vinthav\/#breadcrumb","itemListElement":[{"@type":"ListItem","position":1,"name":"Start","item":"https:\/\/pysslingen.se\/bojen"},{"@type":"ListItem","position":2,"name":"Intervju"}]},{"@type":"WebSite","@id":"https:\/\/pysslingen.se\/bojen\/#website","url":"https:\/\/pysslingen.se\/bojen\/","name":"Bojen","description":"En trygg och stimulerande v\u00e4rld","publisher":{"@id":"https:\/\/pysslingen.se\/bojen\/#organization"},"potentialAction":[{"@type":"SearchAction","target":{"@type":"EntryPoint","urlTemplate":"https:\/\/pysslingen.se\/bojen\/?s={search_term_string}"},"query-input":"required name=search_term_string"}],"inLanguage":"sv-SE"},{"@type":"Organization","@id":"https:\/\/pysslingen.se\/bojen\/#organization","name":"Pysslingen F\u00f6rskolor","url":"https:\/\/pysslingen.se\/bojen\/","logo":{"@type":"ImageObject","inLanguage":"sv-SE","@id":"https:\/\/pysslingen.se\/bojen\/#\/schema\/logo\/image\/","url":"https:\/\/pysslingen.se\/wp-content\/uploads\/2021\/05\/pysslingen-forskolor.png","contentUrl":"https:\/\/pysslingen.se\/wp-content\/uploads\/2021\/05\/pysslingen-forskolor.png","width":1120,"height":630,"caption":"Pysslingen F\u00f6rskolor"},"image":{"@id":"https:\/\/pysslingen.se\/bojen\/#\/schema\/logo\/image\/"}}]}},"_links":{"self":[{"href":"https:\/\/pysslingen.se\/bojen\/wp-json\/wp\/v2\/testimonial\/1060"}],"collection":[{"href":"https:\/\/pysslingen.se\/bojen\/wp-json\/wp\/v2\/testimonial"}],"about":[{"href":"https:\/\/pysslingen.se\/bojen\/wp-json\/wp\/v2\/types\/testimonial"}],"wp:attachment":[{"href":"https:\/\/pysslingen.se\/bojen\/wp-json\/wp\/v2\/media?parent=1060"}],"wp:term":[{"taxonomy":"testimonial_category","embeddable":true,"href":"https:\/\/pysslingen.se\/bojen\/wp-json\/wp\/v2\/testimonial_category?post=1060"}],"curies":[{"name":"wp","href":"https:\/\/api.w.org\/{rel}","templated":true}]}}