{"id":20,"date":"2020-09-29T09:19:21","date_gmt":"2020-09-29T09:19:21","guid":{"rendered":"https:\/\/pysslingen.se\/bojen\/?page_id=20"},"modified":"2025-11-27T09:11:53","modified_gmt":"2025-11-27T08:11:53","slug":"maten","status":"publish","type":"page","link":"https:\/\/pysslingen.se\/bojen\/maten\/","title":{"rendered":"V\u00e5r mat"},"content":{"rendered":"\n\t\n\t\n\t\n\n\t\n\t\n\t\t\n<section  class=\"c-block l-stacked  \" data-color-scheme=\"nyans2_av_cta-dark-card-primar1-light-hover-standard_standard\">\n\t<div class=\"ams-fifty ams-fifty--container ams-fifty--right ams-fifty--bottom l-container u-pt-fluid-3xl-6xl u-pb-fluid-3xl-6xl\">\n\t\t<div class=\"ams-fifty__content l-stack l-stack-xl is-left is-left@lg\">\n\t\t\t<div class=\"ams-fifty__text l-stack l-stack-lg\">\n\t\t\t\t\t\n\t<h1\n\tclass=\"c-heading u-font-title-1 \"\n\tstyle=\"\">\n\t\t\n\t\t\t\t\tP\u00e5 f\u00f6rskolan Bojen serverar vi mat f\u00f6r aktiva barn\n\t\t\t\t\n\t<\/h1>\n\n\t\t\t\t\t\t\t\t\t<div class=\"text l-stack u-font-body\">\n\t\t\t\t\t\t<p>M\u00e5ltiderna \u00e4r viktiga stunder p\u00e5 dagen. Bra mat beh\u00f6vs f\u00f6r att ditt barn ska f\u00e5 energi att leka och utvecklas varje dag. Vi arbetar ocks\u00e5 medvetet kring barnens m\u00f6te med m\u00e5ltiden, till exempel genom att l\u00e4gga upp maten p\u00e5 ett trevligt s\u00e4tt och se till att den sociala samvaron och samtalet kring matbordet blir gemytlig.<\/p>\n<p><strong>Medvetna val i k\u00f6ket<\/strong><br \/>\nMed st\u00f6d i v\u00e5r gemensamma m\u00e5ltidspolicy erbjuder vi endast MSC-m\u00e4rkt fisk, svenskt eller finskt fl\u00e4skk\u00f6tt och svensk kyckling. Minst tv\u00e5 luncher i veckan \u00e4r vegetariska. Till lunchen serveras alltid minst tre olika gr\u00f6nsaker och \u00e4ven olika salladsblandningar. F\u00f6rutom lunchen serverar vi varierad frukost och mellanm\u00e5l.<\/p>\n\n\t\t\t\t\t<\/div>\n\t\t\t\t\t\t\t<\/div>\n\n\t\t\t\t\t<\/div>\n\n\t\t <div class=\"ams-fifty__media u-ratio-landscape\">\n\t\t \t\t\t\t\t<img decoding=\"async\" width=\"600\" height=\"449\" src=\"https:\/\/pysslingen.se\/wp-content\/uploads\/sites\/63\/2020\/11\/bojenmat-scaled-e1606323301129.jpeg\" class=\"attachment-md size-md\" alt=\"Mat och gr\u00f6nsaker i flera sk\u00e5lar.\" sizes=\"(min-width: 64em) 600px, calc(100vw - 160px)\" srcset=\"https:\/\/pysslingen.se\/wp-content\/uploads\/sites\/63\/2020\/11\/bojenmat-scaled-e1606323301129.jpeg 2560w, https:\/\/pysslingen.se\/wp-content\/uploads\/sites\/63\/2020\/11\/bojenmat-scaled-e1606323301129-300x225.jpeg 300w, https:\/\/pysslingen.se\/wp-content\/uploads\/sites\/63\/2020\/11\/bojenmat-scaled-e1606323301129-1024x767.jpeg 1024w, https:\/\/pysslingen.se\/wp-content\/uploads\/sites\/63\/2020\/11\/bojenmat-scaled-e1606323301129-768x575.jpeg 768w, https:\/\/pysslingen.se\/wp-content\/uploads\/sites\/63\/2020\/11\/bojenmat-scaled-e1606323301129-1536x1150.jpeg 1536w, https:\/\/pysslingen.se\/wp-content\/uploads\/sites\/63\/2020\/11\/bojenmat-scaled-e1606323301129-2048x1534.jpeg 2048w, https:\/\/pysslingen.se\/wp-content\/uploads\/sites\/63\/2020\/11\/bojenmat-scaled-e1606323301129-1920x1438.jpeg 1920w, https:\/\/pysslingen.se\/wp-content\/uploads\/sites\/63\/2020\/11\/bojenmat-scaled-e1606323301129-1100x824.jpeg 1100w, https:\/\/pysslingen.se\/wp-content\/uploads\/sites\/63\/2020\/11\/bojenmat-scaled-e1606323301129-895x670.jpeg 895w\" \/>\n\t\t\t\n\t\t\t\n\t\t\t\t\t<\/div>\n\t<\/div>\n\n\t\t\n\n<\/section>\n\n\n\n<h2 class=\"wp-block-heading\"><strong>Eget k\u00f6k<\/strong><\/h2>\n\n\n\n<p>V\u00e5r mat lagas i Bojens k\u00f6k av v\u00e5r kock. <\/p>\n\n\n\n<p>&#8211; Jag som lagar maten p\u00e5 Bojen heter Angelica och har jobbat som kock inom f\u00f6rskola\/skola under m\u00e5nga \u00e5r. Jag b\u00f6rjade p\u00e5 Bojen i november 2019. Min \u00f6nskan \u00e4r att f\u00e5 dela med mig av min matgl\u00e4dje till barn och pedagoger och str\u00e4var efter ett n\u00e4ringsriktigt och kreativt samarbete. Om du har fr\u00e5gor eller funderingar kring maten kan du alltid kontakta mig. Du n\u00e5r mig via v\u00e5r telefon 070-745 53 44, eller titta f\u00f6rbi n\u00e4r du \u00e4r p\u00e5 f\u00f6rskolan. V\u00e4lkommen!<\/p>\n\n\n\n<div style=\"height:100px\" aria-hidden=\"true\" class=\"wp-block-spacer\"><\/div>\n\n\n\n<div class=\"wp-block-group is-layout-flow wp-block-group-is-layout-flow\">\n\t<div class=\"module_wrapper ams_remote_pages_module \">\n\t\t\t\t\t\t\t<div class=\"container core-columns\">\n\t\t\t\t\t\t<div class=\"row\">\n\t\t\t\t\t\t\t<div class=\"col-12\">\n\t\t\t\t\t\t\t\t\n<div class=\"wp-block-columns is-layout-flex wp-container-core-columns-layout-1 wp-block-columns-is-layout-flex\">\n<div class=\"wp-block-column is-layout-flow wp-block-column-is-layout-flow\" style=\"flex-basis:33.33%\">\n\t<style>\n\t\t.inner {\n\n\t\t\tmargin: 0 auto;\n\t\t}\n\t<\/style>\n\t<div\n\t\t class=\"container images-module\" >\n\t\t<div   class=\"row images_module__slideshow\">\n\n\t\t\t<div\n\t\t\t\t class=\"col-md-8 offset-md-2 p-0 position-relative images_module__slideshow images_module__slideshow-container  \">\n\t\t\t\t<div class=\"images_module__slide\" data-slide=\"\"\n\t\t\t\t\t data-duration=\"\"><\/div>\n\t\t\t\t\t\t\t\t\t<div\n\t\t\t\t\t\t class=\"images_module__slides\n\n\t\t\t\t\t   \"\n\t\t\t\t\t>\n\n\n\t\t\t\t\t\t<div class=\"images__wrapper\" style=\"aspect-ratio: 851 \/ 531;\">\n\t\t\t\t\t\t\t<img decoding=\"async\" width=\"710\" height=\"471\" src=\"https:\/\/pysslingen.se\/wp-content\/uploads\/2021\/09\/eu-logotypskolmjolksstodjpg-2.jpg\" class=\"images__image_ratio  \" alt=\"skolmj\u00f6lk eu flagga\" style=\"aspect-ratio: 851 \/ 531;object-position: _center-center;\" srcset=\"https:\/\/pysslingen.se\/wp-content\/uploads\/2021\/09\/eu-logotypskolmjolksstodjpg-2.jpg 710w, https:\/\/pysslingen.se\/wp-content\/uploads\/2021\/09\/eu-logotypskolmjolksstodjpg-2-300x199.jpg 300w, https:\/\/pysslingen.se\/wp-content\/uploads\/2021\/09\/eu-logotypskolmjolksstodjpg-2-500x332.jpg 500w, https:\/\/pysslingen.se\/wp-content\/uploads\/2021\/09\/eu-logotypskolmjolksstodjpg-2-340x226.jpg 340w\" sizes=\"(max-width: 710px) 100vw, 710px\" \/>\t\t\t\t\t\t<\/div>\n\n\t\t\t\t\t\t\n\t\t\t\t\t\t\t\t\t\t\t<\/div>\n\t\t\t\t\n\t\t\t\t<div class=\"images_module__container_dot\">\n\t\t\t\t\t<div style=\"text-align:center\">\n\t\t\t\t\t\t\t\t\t\t\t\t\t<span   data-i=\"0\"\n\t\t\t\t\t\t\t\t  class=\"\n\t\t\t\t\t\t\timages_module__dot\n\t\t\t\t\t\t\t\t\t\t\t\t\t\t\"\n\t\t\t\t\t\t\t><\/span>\n\t\t\t\t\t\t\t\t\t\t\t<\/div>\n\t\t\t\t<\/div>\n\n\n\t\t\t<\/div>\n\t\t<\/div>\n\t<\/div>\n\n\t\n\n\n<script>\n\tvar images_display_descriptive_text = \"\";\n<\/script>\n<\/div>\n\n\n\n<div class=\"wp-block-column is-layout-flow wp-block-column-is-layout-flow\" style=\"flex-basis:66.66%\">\n<p><strong>Skolmj\u00f6lken vi serverar finansieras delvis av Europeiska garantifonden f\u00f6r jordbruket.<\/strong><\/p>\n<\/div>\n<\/div>\n\t\t\t\t\t\t\t<\/div>\n\t\t\t\t\t\t<\/div>\n\t\t\t\t\t<\/div>\n\t\t\t\t\t\t<\/div>\n\n\t<\/div>\n\n\n\n\n<section  class=\"ams-cta ams-cta--stacked c-block l-stacked\">\n\t<div class=\"l-container l-stack l-stack-fluid-2xl u-pt-fluid-md-xl u-pb-fluid-md-xl is-center is-center@md\">\n\t\t\t\t\t<div class=\"ams-cta__intro l-stack l-stack-lg\">\n\t\t\t\t\t\n\t<h2\n\tclass=\"c-heading u-font-title-1 \"\n\tstyle=\"\">\n\t\t\n\t\t\t\t\tVi skapar h\u00e5llbara m\u00e5ltider p\u00e5 f\u00f6rskolan Bojen\n\t\t\t\t\n\t<\/h2>\n\n\t\t\t\t\t\t\t<\/div>\n\t\t\n\t\t\n\t\t\t<div class=\"ams-cta__action u-inline-items\">\n\t\t\t\t\t\t\t\n\n\n<a href=\"https:\/\/pysslingen.se\/bojen\/hallbarhet\/\"\n\t\n\tclass=\"c-btn \"\n\tdata-style=\"rounded\"\n\tdata-size=\"md\"\n\tdata-width=\"full-mobile\"\n\tdata-variant=\"default\"\n\ttarget=\"_self\">\n\t\t\t<span class=\"label\"> L\u00e4s mer om h\u00e5llbarhet<\/span>\n\t\t\t<\/a>\n\t\t\t<\/div>\n\t<\/div>\n\n\t\t\n\n<\/section>\n","protected":false},"excerpt":{"rendered":"<p>Eget k\u00f6k V\u00e5r mat lagas i Bojens k\u00f6k av v\u00e5r kock. &#8211; Jag som lagar maten p\u00e5 Bojen heter Angelica och har jobbat som kock inom f\u00f6rskola\/skola under m\u00e5nga \u00e5r. Jag b\u00f6rjade p\u00e5 Bojen i november 2019. Min \u00f6nskan \u00e4r att f\u00e5 dela med mig av min matgl\u00e4dje till barn och pedagoger och str\u00e4var efter&#8230;<\/p>\n","protected":false},"author":3,"featured_media":0,"parent":0,"menu_order":0,"comment_status":"closed","ping_status":"closed","template":"","meta":{"footnotes":""},"yoast_head":"<!-- This site is optimized with the Yoast SEO plugin v22.0 - https:\/\/yoast.com\/wordpress\/plugins\/seo\/ -->\n<title>P\u00e5 Bojen serverar vi mat f\u00f6r aktiva barn<\/title>\n<meta name=\"description\" content=\"M\u00e5ltiderna \u00e4r viktiga stunder p\u00e5 dagen. Bra mat beh\u00f6vs f\u00f6r att ditt barn ska f\u00e5 energi att leka och utvecklas varje dag.\" \/>\n<meta name=\"robots\" content=\"index, follow, max-snippet:-1, max-image-preview:large, max-video-preview:-1\" \/>\n<link rel=\"canonical\" href=\"https:\/\/pysslingen.se\/bojen\/maten\/\" \/>\n<meta property=\"og:locale\" content=\"sv_SE\" \/>\n<meta property=\"og:type\" content=\"article\" \/>\n<meta property=\"og:title\" content=\"P\u00e5 Bojen serverar vi mat f\u00f6r aktiva barn\" \/>\n<meta property=\"og:description\" content=\"M\u00e5ltiderna \u00e4r viktiga stunder p\u00e5 dagen. Bra mat beh\u00f6vs f\u00f6r att ditt barn ska f\u00e5 energi att leka och utvecklas varje dag.\" \/>\n<meta property=\"og:url\" content=\"https:\/\/pysslingen.se\/bojen\/maten\/\" \/>\n<meta property=\"og:site_name\" content=\"Bojen\" \/>\n<meta property=\"article:modified_time\" content=\"2025-11-27T08:11:53+00:00\" \/>\n<meta name=\"twitter:card\" content=\"summary_large_image\" \/>\n<meta name=\"twitter:title\" content=\"P\u00e5 Bojen serverar vi mat f\u00f6r aktiva barn\" \/>\n<meta name=\"twitter:description\" content=\"M\u00e5ltiderna \u00e4r viktiga stunder p\u00e5 dagen. Bra mat beh\u00f6vs f\u00f6r att ditt barn ska f\u00e5 energi att leka och utvecklas varje dag.\" \/>\n<meta name=\"twitter:label1\" content=\"Ber\u00e4knad l\u00e4stid\" \/>\n\t<meta name=\"twitter:data1\" content=\"1 minut\" \/>\n<script type=\"application\/ld+json\" class=\"yoast-schema-graph\">{\"@context\":\"https:\/\/schema.org\",\"@graph\":[{\"@type\":\"WebPage\",\"@id\":\"https:\/\/pysslingen.se\/bojen\/maten\/\",\"url\":\"https:\/\/pysslingen.se\/bojen\/maten\/\",\"name\":\"P\u00e5 Bojen serverar vi mat f\u00f6r aktiva barn\",\"isPartOf\":{\"@id\":\"https:\/\/pysslingen.se\/bojen\/#website\"},\"datePublished\":\"2020-09-29T09:19:21+00:00\",\"dateModified\":\"2025-11-27T08:11:53+00:00\",\"description\":\"M\u00e5ltiderna \u00e4r viktiga stunder p\u00e5 dagen. Bra mat beh\u00f6vs f\u00f6r att ditt barn ska f\u00e5 energi att leka och utvecklas varje dag.\",\"breadcrumb\":{\"@id\":\"https:\/\/pysslingen.se\/bojen\/maten\/#breadcrumb\"},\"inLanguage\":\"sv-SE\",\"potentialAction\":[{\"@type\":\"ReadAction\",\"target\":[\"https:\/\/pysslingen.se\/bojen\/maten\/\"]}]},{\"@type\":\"BreadcrumbList\",\"@id\":\"https:\/\/pysslingen.se\/bojen\/maten\/#breadcrumb\",\"itemListElement\":[{\"@type\":\"ListItem\",\"position\":1,\"name\":\"Start\",\"item\":\"https:\/\/pysslingen.se\/bojen\/\"},{\"@type\":\"ListItem\",\"position\":2,\"name\":\"V\u00e5r mat\"}]},{\"@type\":\"WebSite\",\"@id\":\"https:\/\/pysslingen.se\/bojen\/#website\",\"url\":\"https:\/\/pysslingen.se\/bojen\/\",\"name\":\"Bojen\",\"description\":\"En trygg och stimulerande v\u00e4rld\",\"publisher\":{\"@id\":\"https:\/\/pysslingen.se\/bojen\/#organization\"},\"potentialAction\":[{\"@type\":\"SearchAction\",\"target\":{\"@type\":\"EntryPoint\",\"urlTemplate\":\"https:\/\/pysslingen.se\/bojen\/?s={search_term_string}\"},\"query-input\":\"required name=search_term_string\"}],\"inLanguage\":\"sv-SE\"},{\"@type\":\"Organization\",\"@id\":\"https:\/\/pysslingen.se\/bojen\/#organization\",\"name\":\"Pysslingen F\u00f6rskolor\",\"url\":\"https:\/\/pysslingen.se\/bojen\/\",\"logo\":{\"@type\":\"ImageObject\",\"inLanguage\":\"sv-SE\",\"@id\":\"https:\/\/pysslingen.se\/bojen\/#\/schema\/logo\/image\/\",\"url\":\"https:\/\/pysslingen.se\/wp-content\/uploads\/2021\/05\/pysslingen-forskolor.png\",\"contentUrl\":\"https:\/\/pysslingen.se\/wp-content\/uploads\/2021\/05\/pysslingen-forskolor.png\",\"width\":1120,\"height\":630,\"caption\":\"Pysslingen F\u00f6rskolor\"},\"image\":{\"@id\":\"https:\/\/pysslingen.se\/bojen\/#\/schema\/logo\/image\/\"}}]}<\/script>\n<!-- \/ Yoast SEO plugin. -->","yoast_head_json":{"title":"P\u00e5 Bojen serverar vi mat f\u00f6r aktiva barn","description":"M\u00e5ltiderna \u00e4r viktiga stunder p\u00e5 dagen. Bra mat beh\u00f6vs f\u00f6r att ditt barn ska f\u00e5 energi att leka och utvecklas varje dag.","robots":{"index":"index","follow":"follow","max-snippet":"max-snippet:-1","max-image-preview":"max-image-preview:large","max-video-preview":"max-video-preview:-1"},"canonical":"https:\/\/pysslingen.se\/bojen\/maten\/","og_locale":"sv_SE","og_type":"article","og_title":"P\u00e5 Bojen serverar vi mat f\u00f6r aktiva barn","og_description":"M\u00e5ltiderna \u00e4r viktiga stunder p\u00e5 dagen. Bra mat beh\u00f6vs f\u00f6r att ditt barn ska f\u00e5 energi att leka och utvecklas varje dag.","og_url":"https:\/\/pysslingen.se\/bojen\/maten\/","og_site_name":"Bojen","article_modified_time":"2025-11-27T08:11:53+00:00","twitter_card":"summary_large_image","twitter_title":"P\u00e5 Bojen serverar vi mat f\u00f6r aktiva barn","twitter_description":"M\u00e5ltiderna \u00e4r viktiga stunder p\u00e5 dagen. Bra mat beh\u00f6vs f\u00f6r att ditt barn ska f\u00e5 energi att leka och utvecklas varje dag.","twitter_misc":{"Ber\u00e4knad l\u00e4stid":"1 minut"},"schema":{"@context":"https:\/\/schema.org","@graph":[{"@type":"WebPage","@id":"https:\/\/pysslingen.se\/bojen\/maten\/","url":"https:\/\/pysslingen.se\/bojen\/maten\/","name":"P\u00e5 Bojen serverar vi mat f\u00f6r aktiva barn","isPartOf":{"@id":"https:\/\/pysslingen.se\/bojen\/#website"},"datePublished":"2020-09-29T09:19:21+00:00","dateModified":"2025-11-27T08:11:53+00:00","description":"M\u00e5ltiderna \u00e4r viktiga stunder p\u00e5 dagen. Bra mat beh\u00f6vs f\u00f6r att ditt barn ska f\u00e5 energi att leka och utvecklas varje dag.","breadcrumb":{"@id":"https:\/\/pysslingen.se\/bojen\/maten\/#breadcrumb"},"inLanguage":"sv-SE","potentialAction":[{"@type":"ReadAction","target":["https:\/\/pysslingen.se\/bojen\/maten\/"]}]},{"@type":"BreadcrumbList","@id":"https:\/\/pysslingen.se\/bojen\/maten\/#breadcrumb","itemListElement":[{"@type":"ListItem","position":1,"name":"Start","item":"https:\/\/pysslingen.se\/bojen\/"},{"@type":"ListItem","position":2,"name":"V\u00e5r mat"}]},{"@type":"WebSite","@id":"https:\/\/pysslingen.se\/bojen\/#website","url":"https:\/\/pysslingen.se\/bojen\/","name":"Bojen","description":"En trygg och stimulerande v\u00e4rld","publisher":{"@id":"https:\/\/pysslingen.se\/bojen\/#organization"},"potentialAction":[{"@type":"SearchAction","target":{"@type":"EntryPoint","urlTemplate":"https:\/\/pysslingen.se\/bojen\/?s={search_term_string}"},"query-input":"required name=search_term_string"}],"inLanguage":"sv-SE"},{"@type":"Organization","@id":"https:\/\/pysslingen.se\/bojen\/#organization","name":"Pysslingen F\u00f6rskolor","url":"https:\/\/pysslingen.se\/bojen\/","logo":{"@type":"ImageObject","inLanguage":"sv-SE","@id":"https:\/\/pysslingen.se\/bojen\/#\/schema\/logo\/image\/","url":"https:\/\/pysslingen.se\/wp-content\/uploads\/2021\/05\/pysslingen-forskolor.png","contentUrl":"https:\/\/pysslingen.se\/wp-content\/uploads\/2021\/05\/pysslingen-forskolor.png","width":1120,"height":630,"caption":"Pysslingen F\u00f6rskolor"},"image":{"@id":"https:\/\/pysslingen.se\/bojen\/#\/schema\/logo\/image\/"}}]}},"_links":{"self":[{"href":"https:\/\/pysslingen.se\/bojen\/wp-json\/wp\/v2\/pages\/20"}],"collection":[{"href":"https:\/\/pysslingen.se\/bojen\/wp-json\/wp\/v2\/pages"}],"about":[{"href":"https:\/\/pysslingen.se\/bojen\/wp-json\/wp\/v2\/types\/page"}],"author":[{"embeddable":true,"href":"https:\/\/pysslingen.se\/bojen\/wp-json\/wp\/v2\/users\/3"}],"replies":[{"embeddable":true,"href":"https:\/\/pysslingen.se\/bojen\/wp-json\/wp\/v2\/comments?post=20"}],"version-history":[{"count":10,"href":"https:\/\/pysslingen.se\/bojen\/wp-json\/wp\/v2\/pages\/20\/revisions"}],"predecessor-version":[{"id":1593,"href":"https:\/\/pysslingen.se\/bojen\/wp-json\/wp\/v2\/pages\/20\/revisions\/1593"}],"wp:attachment":[{"href":"https:\/\/pysslingen.se\/bojen\/wp-json\/wp\/v2\/media?parent=20"}],"curies":[{"name":"wp","href":"https:\/\/api.w.org\/{rel}","templated":true}]}}