{"id":1006,"date":"2020-11-17T13:34:02","date_gmt":"2020-11-17T13:34:02","guid":{"rendered":"https:\/\/pysslingen.se\/boangen\/?post_type=testimonial&#038;p=1006"},"modified":"2025-12-16T09:02:38","modified_gmt":"2025-12-16T08:02:38","slug":"denice","status":"publish","type":"testimonial","link":"https:\/\/pysslingen.se\/boangen\/intervju\/denice\/","title":{"rendered":"Denice"},"content":{"rendered":"<style>\n\t@media only screen and (min-width: 769px) {\n\t\t.testimonial_header_module__image {\n\t\t\tpadding-right: 15px;\n\t\t\tpadding-left: 6px;\n\t\t}\n\n\t\t.testimonial_header_module {\n\t\t\tmargin-bottom: -150px;\n\t\t}\n\t}\n<\/style>\n\n\n<div aria-label=\"testimonial header\"    class=\"testimonial_header_module__data d-none  site__cta-bg--100 \"><\/div>\n<div class=\"testimonial_header_module testimonial_header_module__bg\" >\n\t<div class=\"container\">\n\t\t<div class=\"row\">\n\t\t\t<div class=\"testimonial_header_module__col9\">\n\t\t\t\t<div class=\"testimonial_header_module__text_wrap\">\n\t\t\t\t\t\t\t\t\t\t\t<h1   class=\"site__heading-size-2  site__text-color--light \">\n\t\t\t\t\t\t\tHej Denice!\t\t\t\t\t\t<\/h1>\n\t\t\t\t\t\n\t\t\t\t\t<p   class=\"site__ingress site__free_text--ingress testimonial_header_module__margin_top site__text-color--light \">\n\t\t\t\t\t\tDenice har varit med sedan Bo\u00e4ngens start och uppskattar f\u00f6rskolans fantastiska utomhusmilj\u00f6er.\t\t\t\t\t<\/p>\n\t\t\t\t<\/div>\n\t\t\t<\/div>\n\t\t\t<div class=\"testimonial_header_module__col3\">\n\t\t\t\t<picture   id=\"hero-picture\">\n\t\t\t\t\t<img decoding=\"async\" width=\"640\" height=\"948\" src=\"https:\/\/pysslingen.se\/wp-content\/uploads\/sites\/44\/2020\/11\/boangendenice.jpg\" class=\"testimonial_header_module__image\" alt=\"Portr\u00e4ttbild p\u00e5 medarbetare.\" srcset=\"https:\/\/pysslingen.se\/wp-content\/uploads\/sites\/44\/2020\/11\/boangendenice.jpg 648w, https:\/\/pysslingen.se\/wp-content\/uploads\/sites\/44\/2020\/11\/boangendenice-203x300.jpg 203w, https:\/\/pysslingen.se\/wp-content\/uploads\/sites\/44\/2020\/11\/boangendenice-452x670.jpg 452w\" sizes=\"(max-width: 640px) 100vw, 640px\" \/>\t\t\t\t<\/picture>\n\t\t\t<\/div>\n\t\t<\/div>\n\t<\/div>\n<\/div>\n\n<script>\n\tvar para = document.getElementsByClassName(\"testimonial_header_module__data\")[0]\n\tvar compStyles = window.getComputedStyle(para);\n\tvar bg_color = compStyles.getPropertyValue('background-color')\n\tvar element = document.getElementsByClassName(\"testimonial_header_module__bg\")[0]\n\telement.setAttribute('style', \"background: linear-gradient(to bottom, \"\n\t\t\t+ bg_color + \",\"\n\t\t\t+ bg_color + \" calc(100% - 66px), transparent calc(100% - 66px), transparent);\");\n\n\n<\/script>\n\n\n\n<div class=\"wp-block-columns is-layout-flex wp-container-core-columns-layout-1 wp-block-columns-is-layout-flex\">\n<div class=\"wp-block-column is-layout-flow wp-block-column-is-layout-flow\" style=\"flex-basis:66.66%\"><style>\n@media only screen and (min-width: 600px) {\n\t\t\t.ams-fragor-axntzubksshkvbrnovak {\n\t\t\tdisplay:none;\n\t\t}\n\t}\n@media only screen and (max-width: 600px) {\n\t}\n<\/style>\n<div   class=\"ams-fragor  site__cta-bg--100   ams-fragor-axntzubksshkvbrnovak\" >\n   \t\t <div   class=\" site__text-color--light  ams-fragor__namn\">\n\t\t\tNamn:\t\t\t<span class=\" \">\n\t\t\t\tDenice\t\t\t<\/span>\n\t\t<\/div>\n\t\t<div   class=\" site__text-color--light  ams-fragor__utbildning\">\n\t\t\tJobbar som:\t\t\t<span class=\" \">\n\t\t\t\tPedagog\t\t\t<\/span>\n\t\t<\/div>\n\t\t\t\t\t<ul>\n\t\t\t\t\t<\/ul>\n\t\t\t<\/div>\n<script>\n\tamsFragor = function() {\n\t\tvar w = window.innerWidth;\n\t\tvar siteMain = document.getElementsByClassName(\"site-main\")[0]\n\t\tif(typeof siteMain !== 'undefined'){\n\t\t\tvar testimonial = siteMain.getElementsByClassName(\"testimonial_header_module\")[0]\n\t\t\tif(typeof testimonial !== 'undefined'){\n\t\t\t\tvar amsFragor = document.getElementsByClassName(\"ams-fragor\")\n\t\t\t\tfor(var i = 0; i < amsFragor.length; i++){\n\t\t\t\t\tif(w > 769 ){\n\t\t\t\t\t\tamsFragor[i].setAttribute('style', \"margin-top: 50px\");\n\t\t\t\t\t}else{\n\t\t\t\t\t\tamsFragor[i].setAttribute('style', \"margin-top: 0px\");\n\t\t\t\t\t}\n\t\t\t\t}\n\t\t\t}\n\t\t}\n\t};\n\tamsFragor();\n\twindow.addEventListener(\"resize\", amsFragor);\n<\/script>\n\n\n\n<h2 class=\"wp-block-heading\">Vad g\u00f6r f\u00f6rskolan Bo\u00e4ngen till en s\u00e5 bra plats f\u00f6r v\u00e5ra barn?&nbsp;<\/h2>\n\n\n\n<p>&#8211;&nbsp;Med en stor g\u00e5rd med skog och varierat underlag, f\u00e5r alla barn s\u00e5 m\u00e5nga m\u00f6jligheter till utforskande i olika sorters terr\u00e4ng. G\u00e5rden v\u00e4lkomnar \u00e4ven alla barns olikheter och \u00e4r m\u00f6jlig att anpassas utifr\u00e5n det!<\/p>\n\n\n\n<p>&#8211;&nbsp;P\u00e5 Bo\u00e4ngen arbetar ett h\u00e4rligt g\u00e4ng pedagoger som m\u00f6ter barnen p\u00e5 deras niv\u00e5 och som ser utmaningar som n\u00e5got positivt, och det tror jag b\u00e5de barn och v\u00e5rdnadshavare k\u00e4nner av!&nbsp;<\/p>\n\n\n\n<p>&#8211;&nbsp;Bo\u00e4ngen \u00e4r en plats d\u00e4r m\u00f6jligheterna att p\u00e5verka \u00e4r stor, oavsett vilken \u00e5lder man \u00e4r i kommer man s\u00e4tta sig pr\u00e4gel h\u00e4r.&nbsp;<\/p>\n\n\n\n<h2 class=\"wp-block-heading\">Hur l\u00e4nge har du jobbat h\u00e4r?<\/h2>\n\n\n\n<p>&#8211;&nbsp;Jag har jobbat h\u00e4r sedan starten av Bo\u00e4ngen och i augusti 2020 \u00f6ppnade vi d\u00f6rrarna f\u00f6rsta g\u00e5ngen f\u00f6r v\u00e5ra fantastiska barn.<\/p>\n\n\n\n<h2 class=\"wp-block-heading\">Vilken \u00e4r din favoritstund p\u00e5 dagen?&nbsp;<\/h2>\n\n\n\n<p>&#8211;&nbsp;Det \u00e4r sv\u00e5rt att v\u00e4lja bara en, varje g\u00e5ng jag f\u00e5r h\u00f6ra eller se barnens reflektioner och observationer de g\u00f6r, blir det en favoritstund. S\u00e5 jag har m\u00e5nga s\u00e5dana.&nbsp;<\/p>\n\n\n\n<h2 class=\"wp-block-heading\">Vad gillar du mest med att vara pedagog p\u00e5 f\u00f6rskolan Bo\u00e4ngen?&nbsp;<\/h2>\n\n\n\n<p>&#8211;&nbsp;Att m\u00f6tas av ett s\u00e5 h\u00e4rligt g\u00e4ng barn med deras fenomenala v\u00e5rdnadshavare! Som under denna tid varit s\u00e5 f\u00f6rst\u00e5ende med att allt \u00e4r nytt och att vi l\u00e4r oss tillsammans p\u00e5 ett helt annat s\u00e4tt nu n\u00e4r det verkligen \u00e4r nytt f\u00f6r oss alla. Det kommer vi alla v\u00e4xa utifr\u00e5n s\u00e5 mycket!&nbsp;<\/p>\n\n\n\n<h2 class=\"wp-block-heading\">Hur t\u00e4nker du kring f\u00f6rskolans inriktning mot Natur, H\u00e4lsa och R\u00f6relse?&nbsp;<\/h2>\n\n\n\n<p>&#8211;&nbsp;Jag tycker det \u00e4r s\u00e5 fantastiskt att barnen kan f\u00e5 l\u00e4ra sig i autentiska milj\u00f6er utomhus d\u00e5 det kan bli mer konkret f\u00f6r dem.&nbsp;<\/p>\n\n\n\n<p>&#8211;&nbsp; \u00c4ven att f\u00e5 r\u00f6ra mer p\u00e5 sig, utmana sig motoriskt och f\u00e5 vara mycket utomhus \u00e4r h\u00e4lsofr\u00e4mjande! Att ha skogen p\u00e5 g\u00e5rden och att f\u00e5 vistas i skog har \u00e4ven forskats p\u00e5 att det minskar stress och kan lugna sinnet, vilket \u00e4r n\u00e5got jag tror vi alla beh\u00f6ver ibland, stora som sm\u00e5.<\/p>\n\n\n\n<h2 class=\"wp-block-heading\">Vad \u00e4r viktigt f\u00f6r dig i m\u00f6tet med barnens f\u00f6r\u00e4ldrar?<\/h2>\n\n\n\n<p>&#8211;&nbsp;Att alla v\u00e5rdnadshavare f\u00e5r ett varmt v\u00e4lkomnande och ett avsked under dagen, att de k\u00e4nner sig sedda! Sedan att f\u00e5 delge n\u00e5got kort kring deras barns l\u00e4rande och utveckling k\u00e4nner jag \u00e4r viktigt f\u00f6r mig.<\/p>\n<\/div>\n\n\n\n<div class=\"wp-block-column is-layout-flow wp-block-column-is-layout-flow\" style=\"flex-basis:33.33%\"><style>\n@media only screen and (min-width: 600px) {\n\t}\n@media only screen and (max-width: 600px) {\n\t\t\t.ams-fragor{\n\t\t\t margin-bottom:40px;\n\t\t}\n\t\t.ams-fragor-jrbbofwoxgvaqyryqlea{\n\t\t\tdisplay:none;\n\t\t}\n\t}\n<\/style>\n<div   class=\"ams-fragor  site__cta-bg--100   ams-fragor-jrbbofwoxgvaqyryqlea\" >\n   \t\t <div   class=\" site__text-color--light  ams-fragor__namn\">\n\t\t\tNamn:\t\t\t<span class=\" \">\n\t\t\t\tDenice\t\t\t<\/span>\n\t\t<\/div>\n\t\t<div   class=\" site__text-color--light  ams-fragor__utbildning\">\n\t\t\tJobbar som:\t\t\t<span class=\" \">\n\t\t\t\tPedagog\t\t\t<\/span>\n\t\t<\/div>\n\t\t\t\t\t<ul>\n\t\t\t\t\t<\/ul>\n\t\t\t<\/div>\n<script>\n\tamsFragor = function() {\n\t\tvar w = window.innerWidth;\n\t\tvar siteMain = document.getElementsByClassName(\"site-main\")[0]\n\t\tif(typeof siteMain !== 'undefined'){\n\t\t\tvar testimonial = siteMain.getElementsByClassName(\"testimonial_header_module\")[0]\n\t\t\tif(typeof testimonial !== 'undefined'){\n\t\t\t\tvar amsFragor = document.getElementsByClassName(\"ams-fragor\")\n\t\t\t\tfor(var i = 0; i < amsFragor.length; i++){\n\t\t\t\t\tif(w > 769 ){\n\t\t\t\t\t\tamsFragor[i].setAttribute('style', \"margin-top: 50px\");\n\t\t\t\t\t}else{\n\t\t\t\t\t\tamsFragor[i].setAttribute('style', \"margin-top: 0px\");\n\t\t\t\t\t}\n\t\t\t\t}\n\t\t\t}\n\t\t}\n\t};\n\tamsFragor();\n\twindow.addEventListener(\"resize\", amsFragor);\n<\/script>\n<\/div>\n<\/div>\n","protected":false},"featured_media":0,"template":"","testimonial_category":[],"yoast_head":"<!-- This site is optimized with the Yoast SEO plugin v22.0 - https:\/\/yoast.com\/wordpress\/plugins\/seo\/ -->\n<title>Tr\u00e4ffa v\u00e5ran pedagog Denice p\u00e5 Bo\u00e4ngen!<\/title>\n<meta name=\"description\" content=\"Denice har varit med sedan Bo\u00e4ngens start och uppskattar f\u00f6rskolans fantastiska utomhusmilj\u00f6er.\" \/>\n<meta name=\"robots\" content=\"index, follow, max-snippet:-1, max-image-preview:large, max-video-preview:-1\" \/>\n<link rel=\"canonical\" href=\"https:\/\/pysslingen.se\/boangen\/intervju\/denice\/\" \/>\n<meta property=\"og:locale\" content=\"sv_SE\" \/>\n<meta property=\"og:type\" content=\"article\" \/>\n<meta property=\"og:title\" content=\"Tr\u00e4ffa v\u00e5ran pedagog Denice p\u00e5 Bo\u00e4ngen!\" \/>\n<meta property=\"og:description\" content=\"Denice har varit med sedan Bo\u00e4ngens start och uppskattar f\u00f6rskolans fantastiska utomhusmilj\u00f6er.\" \/>\n<meta property=\"og:url\" content=\"https:\/\/pysslingen.se\/boangen\/intervju\/denice\/\" \/>\n<meta property=\"og:site_name\" content=\"Bo\u00e4ngen\" \/>\n<meta property=\"article:modified_time\" content=\"2025-12-16T08:02:38+00:00\" \/>\n<meta name=\"twitter:card\" content=\"summary_large_image\" \/>\n<meta name=\"twitter:title\" content=\"Tr\u00e4ffa v\u00e5ran pedagog Denice p\u00e5 Bo\u00e4ngen!\" \/>\n<meta name=\"twitter:description\" content=\"Denice har varit med sedan Bo\u00e4ngens start och uppskattar f\u00f6rskolans fantastiska utomhusmilj\u00f6er.\" \/>\n<meta name=\"twitter:image\" content=\"https:\/\/pysslingen.se\/wp-content\/uploads\/sites\/44\/2020\/11\/boangendenice.jpg\" \/>\n<meta name=\"twitter:label1\" content=\"Ber\u00e4knad l\u00e4stid\" \/>\n\t<meta name=\"twitter:data1\" content=\"2 minuter\" \/>\n<script type=\"application\/ld+json\" class=\"yoast-schema-graph\">{\"@context\":\"https:\/\/schema.org\",\"@graph\":[{\"@type\":\"WebPage\",\"@id\":\"https:\/\/pysslingen.se\/boangen\/intervju\/denice\/\",\"url\":\"https:\/\/pysslingen.se\/boangen\/intervju\/denice\/\",\"name\":\"Tr\u00e4ffa v\u00e5ran pedagog Denice p\u00e5 Bo\u00e4ngen!\",\"isPartOf\":{\"@id\":\"https:\/\/pysslingen.se\/boangen\/#website\"},\"datePublished\":\"2020-11-17T13:34:02+00:00\",\"dateModified\":\"2025-12-16T08:02:38+00:00\",\"description\":\"Denice har varit med sedan Bo\u00e4ngens start och uppskattar f\u00f6rskolans fantastiska utomhusmilj\u00f6er.\",\"breadcrumb\":{\"@id\":\"https:\/\/pysslingen.se\/boangen\/intervju\/denice\/#breadcrumb\"},\"inLanguage\":\"sv-SE\",\"potentialAction\":[{\"@type\":\"ReadAction\",\"target\":[\"https:\/\/pysslingen.se\/boangen\/intervju\/denice\/\"]}]},{\"@type\":\"BreadcrumbList\",\"@id\":\"https:\/\/pysslingen.se\/boangen\/intervju\/denice\/#breadcrumb\",\"itemListElement\":[{\"@type\":\"ListItem\",\"position\":1,\"name\":\"Start\",\"item\":\"https:\/\/pysslingen.se\/boangen\"},{\"@type\":\"ListItem\",\"position\":2,\"name\":\"Intervju\"}]},{\"@type\":\"WebSite\",\"@id\":\"https:\/\/pysslingen.se\/boangen\/#website\",\"url\":\"https:\/\/pysslingen.se\/boangen\/\",\"name\":\"Bo\u00e4ngen\",\"description\":\"En trygg och stimulerande v\u00e4rld\",\"publisher\":{\"@id\":\"https:\/\/pysslingen.se\/boangen\/#organization\"},\"potentialAction\":[{\"@type\":\"SearchAction\",\"target\":{\"@type\":\"EntryPoint\",\"urlTemplate\":\"https:\/\/pysslingen.se\/boangen\/?s={search_term_string}\"},\"query-input\":\"required name=search_term_string\"}],\"inLanguage\":\"sv-SE\"},{\"@type\":\"Organization\",\"@id\":\"https:\/\/pysslingen.se\/boangen\/#organization\",\"name\":\"Pysslingen F\u00f6rskolor\",\"url\":\"https:\/\/pysslingen.se\/boangen\/\",\"logo\":{\"@type\":\"ImageObject\",\"inLanguage\":\"sv-SE\",\"@id\":\"https:\/\/pysslingen.se\/boangen\/#\/schema\/logo\/image\/\",\"url\":\"https:\/\/pysslingen.se\/wp-content\/uploads\/2021\/05\/pysslingen-forskolor.png\",\"contentUrl\":\"https:\/\/pysslingen.se\/wp-content\/uploads\/2021\/05\/pysslingen-forskolor.png\",\"width\":1120,\"height\":630,\"caption\":\"Pysslingen F\u00f6rskolor\"},\"image\":{\"@id\":\"https:\/\/pysslingen.se\/boangen\/#\/schema\/logo\/image\/\"}}]}<\/script>\n<!-- \/ Yoast SEO plugin. -->","yoast_head_json":{"title":"Tr\u00e4ffa v\u00e5ran pedagog Denice p\u00e5 Bo\u00e4ngen!","description":"Denice har varit med sedan Bo\u00e4ngens start och uppskattar f\u00f6rskolans fantastiska utomhusmilj\u00f6er.","robots":{"index":"index","follow":"follow","max-snippet":"max-snippet:-1","max-image-preview":"max-image-preview:large","max-video-preview":"max-video-preview:-1"},"canonical":"https:\/\/pysslingen.se\/boangen\/intervju\/denice\/","og_locale":"sv_SE","og_type":"article","og_title":"Tr\u00e4ffa v\u00e5ran pedagog Denice p\u00e5 Bo\u00e4ngen!","og_description":"Denice har varit med sedan Bo\u00e4ngens start och uppskattar f\u00f6rskolans fantastiska utomhusmilj\u00f6er.","og_url":"https:\/\/pysslingen.se\/boangen\/intervju\/denice\/","og_site_name":"Bo\u00e4ngen","article_modified_time":"2025-12-16T08:02:38+00:00","twitter_card":"summary_large_image","twitter_title":"Tr\u00e4ffa v\u00e5ran pedagog Denice p\u00e5 Bo\u00e4ngen!","twitter_description":"Denice har varit med sedan Bo\u00e4ngens start och uppskattar f\u00f6rskolans fantastiska utomhusmilj\u00f6er.","twitter_image":"https:\/\/pysslingen.se\/wp-content\/uploads\/sites\/44\/2020\/11\/boangendenice.jpg","twitter_misc":{"Ber\u00e4knad l\u00e4stid":"2 minuter"},"schema":{"@context":"https:\/\/schema.org","@graph":[{"@type":"WebPage","@id":"https:\/\/pysslingen.se\/boangen\/intervju\/denice\/","url":"https:\/\/pysslingen.se\/boangen\/intervju\/denice\/","name":"Tr\u00e4ffa v\u00e5ran pedagog Denice p\u00e5 Bo\u00e4ngen!","isPartOf":{"@id":"https:\/\/pysslingen.se\/boangen\/#website"},"datePublished":"2020-11-17T13:34:02+00:00","dateModified":"2025-12-16T08:02:38+00:00","description":"Denice har varit med sedan Bo\u00e4ngens start och uppskattar f\u00f6rskolans fantastiska utomhusmilj\u00f6er.","breadcrumb":{"@id":"https:\/\/pysslingen.se\/boangen\/intervju\/denice\/#breadcrumb"},"inLanguage":"sv-SE","potentialAction":[{"@type":"ReadAction","target":["https:\/\/pysslingen.se\/boangen\/intervju\/denice\/"]}]},{"@type":"BreadcrumbList","@id":"https:\/\/pysslingen.se\/boangen\/intervju\/denice\/#breadcrumb","itemListElement":[{"@type":"ListItem","position":1,"name":"Start","item":"https:\/\/pysslingen.se\/boangen"},{"@type":"ListItem","position":2,"name":"Intervju"}]},{"@type":"WebSite","@id":"https:\/\/pysslingen.se\/boangen\/#website","url":"https:\/\/pysslingen.se\/boangen\/","name":"Bo\u00e4ngen","description":"En trygg och stimulerande v\u00e4rld","publisher":{"@id":"https:\/\/pysslingen.se\/boangen\/#organization"},"potentialAction":[{"@type":"SearchAction","target":{"@type":"EntryPoint","urlTemplate":"https:\/\/pysslingen.se\/boangen\/?s={search_term_string}"},"query-input":"required name=search_term_string"}],"inLanguage":"sv-SE"},{"@type":"Organization","@id":"https:\/\/pysslingen.se\/boangen\/#organization","name":"Pysslingen F\u00f6rskolor","url":"https:\/\/pysslingen.se\/boangen\/","logo":{"@type":"ImageObject","inLanguage":"sv-SE","@id":"https:\/\/pysslingen.se\/boangen\/#\/schema\/logo\/image\/","url":"https:\/\/pysslingen.se\/wp-content\/uploads\/2021\/05\/pysslingen-forskolor.png","contentUrl":"https:\/\/pysslingen.se\/wp-content\/uploads\/2021\/05\/pysslingen-forskolor.png","width":1120,"height":630,"caption":"Pysslingen F\u00f6rskolor"},"image":{"@id":"https:\/\/pysslingen.se\/boangen\/#\/schema\/logo\/image\/"}}]}},"_links":{"self":[{"href":"https:\/\/pysslingen.se\/boangen\/wp-json\/wp\/v2\/testimonial\/1006"}],"collection":[{"href":"https:\/\/pysslingen.se\/boangen\/wp-json\/wp\/v2\/testimonial"}],"about":[{"href":"https:\/\/pysslingen.se\/boangen\/wp-json\/wp\/v2\/types\/testimonial"}],"wp:attachment":[{"href":"https:\/\/pysslingen.se\/boangen\/wp-json\/wp\/v2\/media?parent=1006"}],"wp:term":[{"taxonomy":"testimonial_category","embeddable":true,"href":"https:\/\/pysslingen.se\/boangen\/wp-json\/wp\/v2\/testimonial_category?post=1006"}],"curies":[{"name":"wp","href":"https:\/\/api.w.org\/{rel}","templated":true}]}}