{"id":806,"date":"2020-11-04T14:32:09","date_gmt":"2020-11-04T14:32:09","guid":{"rendered":"https:\/\/pysslingen.se\/blabarsstallet\/?post_type=testimonial&#038;p=806"},"modified":"2025-12-15T10:34:47","modified_gmt":"2025-12-15T09:34:47","slug":"camilla-barragan","status":"publish","type":"testimonial","link":"https:\/\/pysslingen.se\/blabarsstallet\/intervju\/camilla-barragan\/","title":{"rendered":"Camilla Barrag\u00e1n"},"content":{"rendered":"<style>\n\t@media only screen and (min-width: 769px) {\n\t\t.testimonial_header_module__image {\n\t\t\tpadding-right: 15px;\n\t\t\tpadding-left: 6px;\n\t\t}\n\n\t\t.testimonial_header_module {\n\t\t\tmargin-bottom: -150px;\n\t\t}\n\t}\n<\/style>\n\n\n<div aria-label=\"testimonial header\"    class=\"testimonial_header_module__data d-none  site__cta-bg--100 \"><\/div>\n<div class=\"testimonial_header_module testimonial_header_module__bg\" >\n\t<div class=\"container\">\n\t\t<div class=\"row\">\n\t\t\t<div class=\"testimonial_header_module__col9\">\n\t\t\t\t<div class=\"testimonial_header_module__text_wrap\">\n\t\t\t\t\t\t\t\t\t\t\t<h1   class=\"site__heading-size-2  site__text-color--light \">\n\t\t\t\t\t\t\tHej Camilla!\t\t\t\t\t\t<\/h1>\n\t\t\t\t\t\n\t\t\t\t\t<p   class=\"site__ingress site__free_text--ingress testimonial_header_module__margin_top site__text-color--light \">\n\t\t\t\t\t\tCamilla har arbetat inom Pysslingen F\u00f6rskolor i tre \u00e5r och \u00e4lskar friheten att f\u00e5 utforska och utmanas varje dag.\t\t\t\t\t<\/p>\n\t\t\t\t<\/div>\n\t\t\t<\/div>\n\t\t\t<div class=\"testimonial_header_module__col3\">\n\t\t\t\t<picture   id=\"hero-picture\">\n\t\t\t\t\t<img decoding=\"async\" width=\"377\" height=\"504\" src=\"https:\/\/pysslingen.se\/wp-content\/uploads\/sites\/9\/2020\/11\/intervju-pedagog.png\" class=\"testimonial_header_module__image\" alt=\"Portr\u00e4ttbild p\u00e5 medarbetare.\" srcset=\"https:\/\/pysslingen.se\/wp-content\/uploads\/sites\/9\/2020\/11\/intervju-pedagog.png 377w, https:\/\/pysslingen.se\/wp-content\/uploads\/sites\/9\/2020\/11\/intervju-pedagog-224x300.png 224w\" sizes=\"(max-width: 377px) 100vw, 377px\" \/>\t\t\t\t<\/picture>\n\t\t\t<\/div>\n\t\t<\/div>\n\t<\/div>\n<\/div>\n\n<script>\n\tvar para = document.getElementsByClassName(\"testimonial_header_module__data\")[0]\n\tvar compStyles = window.getComputedStyle(para);\n\tvar bg_color = compStyles.getPropertyValue('background-color')\n\tvar element = document.getElementsByClassName(\"testimonial_header_module__bg\")[0]\n\telement.setAttribute('style', \"background: linear-gradient(to bottom, \"\n\t\t\t+ bg_color + \",\"\n\t\t\t+ bg_color + \" calc(100% - 66px), transparent calc(100% - 66px), transparent);\");\n\n\n<\/script>\n\n\n\n<div class=\"wp-block-columns is-layout-flex wp-container-core-columns-layout-1 wp-block-columns-is-layout-flex\">\n<div class=\"wp-block-column is-layout-flow wp-block-column-is-layout-flow\" style=\"flex-basis:66.66%\"><style>\n@media only screen and (min-width: 600px) {\n\t\t\t.ams-fragor-mdybjvyxuygewlpcocur {\n\t\t\tdisplay:none;\n\t\t}\n\t}\n@media only screen and (max-width: 600px) {\n\t}\n<\/style>\n<div   class=\"ams-fragor  site__cta-bg--100   ams-fragor-mdybjvyxuygewlpcocur\" >\n   \t\t <div   class=\" site__text-color--light  ams-fragor__namn\">\n\t\t\tNamn::\t\t\t<span class=\" \">\n\t\t\t\tCamilla Barrag\u00e1n\t\t\t<\/span>\n\t\t<\/div>\n\t\t<div   class=\" site__text-color--light  ams-fragor__utbildning\">\n\t\t\tJobbar som::\t\t\t<span class=\" \">\n\t\t\t\tPedagog\t\t\t<\/span>\n\t\t<\/div>\n\t\t\t\t\t<ul>\n\t\t\t\t\t<\/ul>\n\t\t\t<\/div>\n<script>\n\tamsFragor = function() {\n\t\tvar w = window.innerWidth;\n\t\tvar siteMain = document.getElementsByClassName(\"site-main\")[0]\n\t\tif(typeof siteMain !== 'undefined'){\n\t\t\tvar testimonial = siteMain.getElementsByClassName(\"testimonial_header_module\")[0]\n\t\t\tif(typeof testimonial !== 'undefined'){\n\t\t\t\tvar amsFragor = document.getElementsByClassName(\"ams-fragor\")\n\t\t\t\tfor(var i = 0; i < amsFragor.length; i++){\n\t\t\t\t\tif(w > 769 ){\n\t\t\t\t\t\tamsFragor[i].setAttribute('style', \"margin-top: 50px\");\n\t\t\t\t\t}else{\n\t\t\t\t\t\tamsFragor[i].setAttribute('style', \"margin-top: 0px\");\n\t\t\t\t\t}\n\t\t\t\t}\n\t\t\t}\n\t\t}\n\t};\n\tamsFragor();\n\twindow.addEventListener(\"resize\", amsFragor);\n<\/script>\n\n\n\n<h2 class=\"wp-block-heading\"><strong>Vad gillar du mest med att vara pedagog p\u00e5 f\u00f6rskolan Bl\u00e5b\u00e4rsst\u00e4llet?<\/strong><\/h2>\n\n\n\n<p>\u2012 Friheten att f\u00e5 utforska och utmanas varje dag tillsammans med b\u00e5de barn och kollegor. Jag gillar att ingen dag \u00e4r lik den andra! Jag tycker ocks\u00e5 om m\u00f6tet med v\u00e5ra v\u00e5rdnadshavare n\u00e4r jag f\u00e5r ber\u00e4tta om allt roligt som vi g\u00f6r med deras barn varje dag. Slutligen uppskattar jag ocks\u00e5 att v\u00e5ra chefer ser v\u00e5r kunskap och utmanar oss. Vi f\u00e5r alltid m\u00f6jlighet att bidra till v\u00e5r egen utveckling.<\/p>\n\n\n\n<h2 class=\"wp-block-heading\"><strong>Hur arbetar ni p\u00e5 f\u00f6rskolan med r\u00f6relse och barns h\u00e4lsa?<\/strong><\/h2>\n\n\n\n<p>\u2012 Jag tycker att vi p\u00e5 Bl\u00e5b\u00e4rst\u00e4llet har en medvetenhet kring r\u00f6relse och hur viktig den \u00e4r f\u00f6r v\u00e5r h\u00e4lsa. Som exempel arrangerar vi varje \u00e5r Bl\u00e5b\u00e4rsloppet f\u00f6r alla barn och pedagoger.<\/p>\n\n\n\n<p>\u2012 Vi har \u00e4ven en h\u00e4lsovecka d\u00e4r barnen f\u00e5r pr\u00f6va p\u00e5 nya aktiviteter varje dag s\u00e5som fotboll, hinderbanor och minir\u00f6ris. Dessutom erbjuder vi dagligen v\u00e5ra barn frukter och gr\u00f6nsaker och pratar om dessa under v\u00e5ra samlingar och matsituationer.&nbsp;<\/p>\n\n\n\n<p>\u2012 Vi bes\u00f6ker ofta skogen d\u00e4r barnen utmanas p\u00e5 olika s\u00e4tt och f\u00e5r \u00f6va upp koordination och kroppskontroll.<\/p>\n\n\n\n<h2 class=\"wp-block-heading\"><strong>Vad \u00e4r viktigt f\u00f6r dig i m\u00f6tet med barnens f\u00f6r\u00e4ldrar?<\/strong><\/h2>\n\n\n\n<p>\u2012 Att ha en tydlig dialog kring v\u00e5r verksamhet och att de k\u00e4nner sig delaktiga och har god insyn i v\u00e5r verksamhet. Att f\u00f6r\u00e4ldrarna k\u00e4nner att vi ser just deras barn. Det \u00e4r viktigt att f\u00e5 h\u00f6ra deras f\u00f6rv\u00e4ntningar p\u00e5 oss som pedagoger.<\/p>\n\n\n\n<h2 class=\"wp-block-heading\"><strong>Vilken \u00e4r din favoritstund p\u00e5 dagen?<\/strong><\/h2>\n\n\n\n<p>\u2012 Jag m\u00e5ste nog s\u00e4ga lunchen. D\u00e5 finns tillf\u00e4lle att verkligen se varje barn och f\u00e5 tid att prata med alla. Alla barnen f\u00e5r m\u00f6jlighet att g\u00f6ra sig h\u00f6rda och bli lyssnade p\u00e5.<\/p>\n\n\n\n<h2 class=\"wp-block-heading\"><strong>Vad tycker du \u00e4r f\u00f6rskolan Bl\u00e5b\u00e4rsst\u00e4llet styrkor?<\/strong><\/h2>\n\n\n\n<p>\u2012 Jag har v\u00e4ldigt kompetenta kollegor. Vi har en bra barnsyn och st\u00e4ller upp f\u00f6r varandra. Vi \u00e4r glada kollegor som brinner f\u00f6r v\u00e5rt uppdrag h\u00e4r p\u00e5 f\u00f6rskolan!<\/p>\n<\/div>\n\n\n\n<div class=\"wp-block-column is-layout-flow wp-block-column-is-layout-flow\" style=\"flex-basis:33.33%\"><style>\n@media only screen and (min-width: 600px) {\n\t}\n@media only screen and (max-width: 600px) {\n\t\t\t.ams-fragor{\n\t\t\t margin-bottom:40px;\n\t\t}\n\t\t.ams-fragor-dixvhuzbrwaucdryvrur{\n\t\t\tdisplay:none;\n\t\t}\n\t}\n<\/style>\n<div   class=\"ams-fragor  site__cta-bg--100   ams-fragor-dixvhuzbrwaucdryvrur\" >\n   \t\t <div   class=\" site__text-color--light  ams-fragor__namn\">\n\t\t\tNamn::\t\t\t<span class=\" \">\n\t\t\t\tCamilla Barrag\u00e1n\t\t\t<\/span>\n\t\t<\/div>\n\t\t<div   class=\" site__text-color--light  ams-fragor__utbildning\">\n\t\t\tJobbar som::\t\t\t<span class=\" \">\n\t\t\t\tPedagog\t\t\t<\/span>\n\t\t<\/div>\n\t\t\t\t\t<ul>\n\t\t\t\t\t<\/ul>\n\t\t\t<\/div>\n<script>\n\tamsFragor = function() {\n\t\tvar w = window.innerWidth;\n\t\tvar siteMain = document.getElementsByClassName(\"site-main\")[0]\n\t\tif(typeof siteMain !== 'undefined'){\n\t\t\tvar testimonial = siteMain.getElementsByClassName(\"testimonial_header_module\")[0]\n\t\t\tif(typeof testimonial !== 'undefined'){\n\t\t\t\tvar amsFragor = document.getElementsByClassName(\"ams-fragor\")\n\t\t\t\tfor(var i = 0; i < amsFragor.length; i++){\n\t\t\t\t\tif(w > 769 ){\n\t\t\t\t\t\tamsFragor[i].setAttribute('style', \"margin-top: 50px\");\n\t\t\t\t\t}else{\n\t\t\t\t\t\tamsFragor[i].setAttribute('style', \"margin-top: 0px\");\n\t\t\t\t\t}\n\t\t\t\t}\n\t\t\t}\n\t\t}\n\t};\n\tamsFragor();\n\twindow.addEventListener(\"resize\", amsFragor);\n<\/script>\n<\/div>\n<\/div>\n","protected":false},"featured_media":0,"template":"","testimonial_category":[],"yoast_head":"<!-- This site is optimized with the Yoast SEO plugin v22.0 - https:\/\/yoast.com\/wordpress\/plugins\/seo\/ -->\n<title>Tr\u00e4ffa v\u00e5ran pedagog Camilla Barrag\u00e1n p\u00e5 Bl\u00e5b\u00e4rsst\u00e4llet!<\/title>\n<meta name=\"description\" content=\"Camilla har arbetat inom Pysslingen F\u00f6rskolor i tre \u00e5r och \u00e4lskar friheten att f\u00e5 utforska och utmanas varje dag.\" \/>\n<meta name=\"robots\" content=\"index, follow, max-snippet:-1, max-image-preview:large, max-video-preview:-1\" \/>\n<link rel=\"canonical\" href=\"https:\/\/pysslingen.se\/blabarsstallet\/intervju\/camilla-barragan\/\" \/>\n<meta property=\"og:locale\" content=\"sv_SE\" \/>\n<meta property=\"og:type\" content=\"article\" \/>\n<meta property=\"og:title\" content=\"Tr\u00e4ffa v\u00e5ran pedagog Camilla Barrag\u00e1n p\u00e5 Bl\u00e5b\u00e4rsst\u00e4llet!\" \/>\n<meta property=\"og:description\" content=\"Camilla har arbetat inom Pysslingen F\u00f6rskolor i tre \u00e5r och \u00e4lskar friheten att f\u00e5 utforska och utmanas varje dag.\" \/>\n<meta property=\"og:url\" content=\"https:\/\/pysslingen.se\/blabarsstallet\/intervju\/camilla-barragan\/\" \/>\n<meta property=\"og:site_name\" content=\"Bl\u00e5b\u00e4rsst\u00e4llet\" \/>\n<meta property=\"article:modified_time\" content=\"2025-12-15T09:34:47+00:00\" \/>\n<meta name=\"twitter:card\" content=\"summary_large_image\" \/>\n<meta name=\"twitter:title\" content=\"Tr\u00e4ffa v\u00e5ran pedagog Camilla Barrag\u00e1n p\u00e5 Bl\u00e5b\u00e4rsst\u00e4llet!\" \/>\n<meta name=\"twitter:description\" content=\"Camilla har arbetat inom Pysslingen F\u00f6rskolor i tre \u00e5r och \u00e4lskar friheten att f\u00e5 utforska och utmanas varje dag.\" \/>\n<meta name=\"twitter:image\" content=\"https:\/\/pysslingen.se\/wp-content\/uploads\/sites\/9\/2020\/11\/intervju-pedagog.png\" \/>\n<meta name=\"twitter:label1\" content=\"Ber\u00e4knad l\u00e4stid\" \/>\n\t<meta name=\"twitter:data1\" content=\"2 minuter\" \/>\n<script type=\"application\/ld+json\" class=\"yoast-schema-graph\">{\"@context\":\"https:\/\/schema.org\",\"@graph\":[{\"@type\":\"WebPage\",\"@id\":\"https:\/\/pysslingen.se\/blabarsstallet\/intervju\/camilla-barragan\/\",\"url\":\"https:\/\/pysslingen.se\/blabarsstallet\/intervju\/camilla-barragan\/\",\"name\":\"Tr\u00e4ffa v\u00e5ran pedagog Camilla Barrag\u00e1n p\u00e5 Bl\u00e5b\u00e4rsst\u00e4llet!\",\"isPartOf\":{\"@id\":\"https:\/\/pysslingen.se\/blabarsstallet\/#website\"},\"datePublished\":\"2020-11-04T14:32:09+00:00\",\"dateModified\":\"2025-12-15T09:34:47+00:00\",\"description\":\"Camilla har arbetat inom Pysslingen F\u00f6rskolor i tre \u00e5r och \u00e4lskar friheten att f\u00e5 utforska och utmanas varje dag.\",\"breadcrumb\":{\"@id\":\"https:\/\/pysslingen.se\/blabarsstallet\/intervju\/camilla-barragan\/#breadcrumb\"},\"inLanguage\":\"sv-SE\",\"potentialAction\":[{\"@type\":\"ReadAction\",\"target\":[\"https:\/\/pysslingen.se\/blabarsstallet\/intervju\/camilla-barragan\/\"]}]},{\"@type\":\"BreadcrumbList\",\"@id\":\"https:\/\/pysslingen.se\/blabarsstallet\/intervju\/camilla-barragan\/#breadcrumb\",\"itemListElement\":[{\"@type\":\"ListItem\",\"position\":1,\"name\":\"Start\",\"item\":\"https:\/\/pysslingen.se\/blabarsstallet\"},{\"@type\":\"ListItem\",\"position\":2,\"name\":\"Intervju\"}]},{\"@type\":\"WebSite\",\"@id\":\"https:\/\/pysslingen.se\/blabarsstallet\/#website\",\"url\":\"https:\/\/pysslingen.se\/blabarsstallet\/\",\"name\":\"Bl\u00e5b\u00e4rsst\u00e4llet\",\"description\":\"En trygg och stimulerande v\u00e4rld\",\"publisher\":{\"@id\":\"https:\/\/pysslingen.se\/blabarsstallet\/#organization\"},\"potentialAction\":[{\"@type\":\"SearchAction\",\"target\":{\"@type\":\"EntryPoint\",\"urlTemplate\":\"https:\/\/pysslingen.se\/blabarsstallet\/?s={search_term_string}\"},\"query-input\":\"required name=search_term_string\"}],\"inLanguage\":\"sv-SE\"},{\"@type\":\"Organization\",\"@id\":\"https:\/\/pysslingen.se\/blabarsstallet\/#organization\",\"name\":\"Pysslingen F\u00f6rskolor\",\"url\":\"https:\/\/pysslingen.se\/blabarsstallet\/\",\"logo\":{\"@type\":\"ImageObject\",\"inLanguage\":\"sv-SE\",\"@id\":\"https:\/\/pysslingen.se\/blabarsstallet\/#\/schema\/logo\/image\/\",\"url\":\"https:\/\/pysslingen.se\/wp-content\/uploads\/2021\/05\/pysslingen-forskolor.png\",\"contentUrl\":\"https:\/\/pysslingen.se\/wp-content\/uploads\/2021\/05\/pysslingen-forskolor.png\",\"width\":1120,\"height\":630,\"caption\":\"Pysslingen F\u00f6rskolor\"},\"image\":{\"@id\":\"https:\/\/pysslingen.se\/blabarsstallet\/#\/schema\/logo\/image\/\"}}]}<\/script>\n<!-- \/ Yoast SEO plugin. -->","yoast_head_json":{"title":"Tr\u00e4ffa v\u00e5ran pedagog Camilla Barrag\u00e1n p\u00e5 Bl\u00e5b\u00e4rsst\u00e4llet!","description":"Camilla har arbetat inom Pysslingen F\u00f6rskolor i tre \u00e5r och \u00e4lskar friheten att f\u00e5 utforska och utmanas varje dag.","robots":{"index":"index","follow":"follow","max-snippet":"max-snippet:-1","max-image-preview":"max-image-preview:large","max-video-preview":"max-video-preview:-1"},"canonical":"https:\/\/pysslingen.se\/blabarsstallet\/intervju\/camilla-barragan\/","og_locale":"sv_SE","og_type":"article","og_title":"Tr\u00e4ffa v\u00e5ran pedagog Camilla Barrag\u00e1n p\u00e5 Bl\u00e5b\u00e4rsst\u00e4llet!","og_description":"Camilla har arbetat inom Pysslingen F\u00f6rskolor i tre \u00e5r och \u00e4lskar friheten att f\u00e5 utforska och utmanas varje dag.","og_url":"https:\/\/pysslingen.se\/blabarsstallet\/intervju\/camilla-barragan\/","og_site_name":"Bl\u00e5b\u00e4rsst\u00e4llet","article_modified_time":"2025-12-15T09:34:47+00:00","twitter_card":"summary_large_image","twitter_title":"Tr\u00e4ffa v\u00e5ran pedagog Camilla Barrag\u00e1n p\u00e5 Bl\u00e5b\u00e4rsst\u00e4llet!","twitter_description":"Camilla har arbetat inom Pysslingen F\u00f6rskolor i tre \u00e5r och \u00e4lskar friheten att f\u00e5 utforska och utmanas varje dag.","twitter_image":"https:\/\/pysslingen.se\/wp-content\/uploads\/sites\/9\/2020\/11\/intervju-pedagog.png","twitter_misc":{"Ber\u00e4knad l\u00e4stid":"2 minuter"},"schema":{"@context":"https:\/\/schema.org","@graph":[{"@type":"WebPage","@id":"https:\/\/pysslingen.se\/blabarsstallet\/intervju\/camilla-barragan\/","url":"https:\/\/pysslingen.se\/blabarsstallet\/intervju\/camilla-barragan\/","name":"Tr\u00e4ffa v\u00e5ran pedagog Camilla Barrag\u00e1n p\u00e5 Bl\u00e5b\u00e4rsst\u00e4llet!","isPartOf":{"@id":"https:\/\/pysslingen.se\/blabarsstallet\/#website"},"datePublished":"2020-11-04T14:32:09+00:00","dateModified":"2025-12-15T09:34:47+00:00","description":"Camilla har arbetat inom Pysslingen F\u00f6rskolor i tre \u00e5r och \u00e4lskar friheten att f\u00e5 utforska och utmanas varje dag.","breadcrumb":{"@id":"https:\/\/pysslingen.se\/blabarsstallet\/intervju\/camilla-barragan\/#breadcrumb"},"inLanguage":"sv-SE","potentialAction":[{"@type":"ReadAction","target":["https:\/\/pysslingen.se\/blabarsstallet\/intervju\/camilla-barragan\/"]}]},{"@type":"BreadcrumbList","@id":"https:\/\/pysslingen.se\/blabarsstallet\/intervju\/camilla-barragan\/#breadcrumb","itemListElement":[{"@type":"ListItem","position":1,"name":"Start","item":"https:\/\/pysslingen.se\/blabarsstallet"},{"@type":"ListItem","position":2,"name":"Intervju"}]},{"@type":"WebSite","@id":"https:\/\/pysslingen.se\/blabarsstallet\/#website","url":"https:\/\/pysslingen.se\/blabarsstallet\/","name":"Bl\u00e5b\u00e4rsst\u00e4llet","description":"En trygg och stimulerande v\u00e4rld","publisher":{"@id":"https:\/\/pysslingen.se\/blabarsstallet\/#organization"},"potentialAction":[{"@type":"SearchAction","target":{"@type":"EntryPoint","urlTemplate":"https:\/\/pysslingen.se\/blabarsstallet\/?s={search_term_string}"},"query-input":"required name=search_term_string"}],"inLanguage":"sv-SE"},{"@type":"Organization","@id":"https:\/\/pysslingen.se\/blabarsstallet\/#organization","name":"Pysslingen F\u00f6rskolor","url":"https:\/\/pysslingen.se\/blabarsstallet\/","logo":{"@type":"ImageObject","inLanguage":"sv-SE","@id":"https:\/\/pysslingen.se\/blabarsstallet\/#\/schema\/logo\/image\/","url":"https:\/\/pysslingen.se\/wp-content\/uploads\/2021\/05\/pysslingen-forskolor.png","contentUrl":"https:\/\/pysslingen.se\/wp-content\/uploads\/2021\/05\/pysslingen-forskolor.png","width":1120,"height":630,"caption":"Pysslingen F\u00f6rskolor"},"image":{"@id":"https:\/\/pysslingen.se\/blabarsstallet\/#\/schema\/logo\/image\/"}}]}},"_links":{"self":[{"href":"https:\/\/pysslingen.se\/blabarsstallet\/wp-json\/wp\/v2\/testimonial\/806"}],"collection":[{"href":"https:\/\/pysslingen.se\/blabarsstallet\/wp-json\/wp\/v2\/testimonial"}],"about":[{"href":"https:\/\/pysslingen.se\/blabarsstallet\/wp-json\/wp\/v2\/types\/testimonial"}],"wp:attachment":[{"href":"https:\/\/pysslingen.se\/blabarsstallet\/wp-json\/wp\/v2\/media?parent=806"}],"wp:term":[{"taxonomy":"testimonial_category","embeddable":true,"href":"https:\/\/pysslingen.se\/blabarsstallet\/wp-json\/wp\/v2\/testimonial_category?post=806"}],"curies":[{"name":"wp","href":"https:\/\/api.w.org\/{rel}","templated":true}]}}