{"id":4,"date":"2020-09-25T11:05:23","date_gmt":"2020-09-25T11:05:23","guid":{"rendered":"https:\/\/pysslingen.se\/blabarsstallet\/?page_id=4"},"modified":"2026-01-07T11:08:34","modified_gmt":"2026-01-07T10:08:34","slug":"blabarsstallet-forskola-huddinge-startsida","status":"publish","type":"page","link":"https:\/\/pysslingen.se\/blabarsstallet\/","title":{"rendered":"Startsida"},"content":{"rendered":"\n\t\n\t\n\t\n\n\t\n\t\n\t\t\n<section  class=\"c-block l-stacked blobs \" data-color-scheme=\"\">\n\t<div class=\"ams-fifty ams-fifty--container ams-fifty--right ams-fifty--bottom l-container u-pt-fluid-3xl-6xl u-pb-fluid-3xl-6xl\">\n\t\t<div class=\"ams-fifty__content l-stack l-stack-xl is-left is-left@lg\">\n\t\t\t<div class=\"ams-fifty__text l-stack l-stack-lg\">\n\t\t\t\t\t\n\t<h1\n\tclass=\"c-heading u-font-title-1 \"\n\tstyle=\"\">\n\t\t\n\t\t\t\t\t\t\t\t\tBl\u00e5b\u00e4rsst\u00e4llets f\u00f6rskola i Skog\u00e5s\n\t\t\t\t<span class=\"c-heading__sub is-below u-font-title-3\">\n\t\t\t\t\t&#8211; Naturn\u00e4ra f\u00f6rskola d\u00e4r barnen kan m\u00f6tas, leka och utforska tillsammans\n\t\t\t\t<\/span>\n\t\t\t\t\t\t\t\n\t<\/h1>\n\n\t\t\t\t\t\t\t\t\t<div class=\"text l-stack u-font-body\">\n\t\t\t\t\t\t<p><span style=\"font-weight: 400;\">F\u00f6rskolan Bl\u00e5b\u00e4rsst\u00e4llet best\u00e5r av tv\u00e5 olika byggnader med 6 respektive 4 avdelningar som ligger i villaomr\u00e5det L\u00e4nna, Huddinge med n\u00e4rhet till flera parker och skogsomr\u00e5den.\u00a0 F\u00f6rskolan har tv\u00e5 stora h\u00e4rliga g\u00e5rdar som erbjuder en variation av \u00e5ldersanpassade aktiviteter utomhus. P\u00e5 v\u00e5r f\u00f6rskola f\u00e5r vi god och n\u00e4ringsrik mat lagat fr\u00e5n grunden i f\u00f6rskolans k\u00f6k.<\/span><\/p>\n<p><span style=\"font-weight: 400;\">Vi delar alltid upp barnen i mindre grupper under st\u00f6rre delen av dagen och erbjuder stimulerande l\u00e4rmilj\u00f6er b\u00e5de ute och inne d\u00e4r barnen kan m\u00f6tas, leka och utforska tillsammans med inspirerande och engagerade pedagoger. I samarbete med er vill vi fr\u00e4mja barnens utveckling till aktiva, kreativa, kompetenta och ansvarsk\u00e4nnande m\u00e4nniskor och samh\u00e4llsmedlemmar.<\/span><\/p>\n<p><span style=\"font-weight: 400;\">Varmt v\u00e4lkommen till oss!<\/span><\/p>\n\n\t\t\t\t\t<\/div>\n\t\t\t\t\t\t\t<\/div>\n\n\t\t\t\t\t<\/div>\n\n\t\t <div class=\"ams-fifty__media u-ratio-landscape\">\n\t\t \t\t\t\t\t<img decoding=\"async\" width=\"600\" height=\"372\" src=\"https:\/\/pysslingen.se\/wp-content\/uploads\/sites\/9\/2020\/12\/blabarsstallet1-1024x635-1.jpg\" class=\"attachment-md size-md\" alt=\"Bl\u00e5b\u00e4rsst\u00e4llets fasad.\" sizes=\"(min-width: 64em) 600px, calc(100vw - 160px)\" srcset=\"https:\/\/pysslingen.se\/wp-content\/uploads\/sites\/9\/2020\/12\/blabarsstallet1-1024x635-1.jpg 1024w, https:\/\/pysslingen.se\/wp-content\/uploads\/sites\/9\/2020\/12\/blabarsstallet1-1024x635-1-300x186.jpg 300w, https:\/\/pysslingen.se\/wp-content\/uploads\/sites\/9\/2020\/12\/blabarsstallet1-1024x635-1-768x476.jpg 768w, https:\/\/pysslingen.se\/wp-content\/uploads\/sites\/9\/2020\/12\/blabarsstallet1-1024x635-1-1000x620.jpg 1000w\" \/>\n\t\t\t\n\t\t\t\n\t\t\t\t\t<\/div>\n\t<\/div>\n\n\t\t\n\n<\/section>\n\n\n\n\t\n\t\n<section  class=\"ams-map ams-map--fifty c-block  media-bottom media-left \" data-color-scheme=\"usp-pink-background-blue-cards\" data-locations=\"[{&quot;id&quot;:&quot;276&quot;,&quot;county&quot;:&quot;Stockholm&quot;,&quot;city&quot;:&quot;Huddinge&quot;,&quot;school&quot;:&quot;Bl\\u00e5b\\u00e4rsst\\u00e4llet&quot;,&quot;title&quot;:&quot;Pysslingen Bl\\u00e5b\\u00e4rsst\\u00e4llet&quot;,&quot;phone&quot;:&quot;0722302552&quot;,&quot;phone_formatted&quot;:&quot;072-2302552&quot;,&quot;email&quot;:&quot;blabarsstallet@pysslingen.se&quot;,&quot;visiting_address&quot;:{&quot;address&quot;:&quot;Gamla Dalar\\u00f6v\\u00e4gen 6&quot;,&quot;zip_code&quot;:&quot;14252&quot;,&quot;city&quot;:&quot;Skog\\u00e5s&quot;},&quot;postal_address&quot;:{&quot;address&quot;:&quot;Gamla Dalar\\u00f6v\\u00e4gen 6&quot;,&quot;zip_code&quot;:&quot;14252&quot;,&quot;city&quot;:&quot;Skog\\u00e5s&quot;},&quot;address_map&quot;:&quot;F\\u00f6rskola Bl\\u00e5b\\u00e4rsst\\u00e4llet - Pysslingen F\\u00f6rskolor, Gamla Dalar\\u00f6v\\u00e4gen, Skog\\u00e5s, Sverige&quot;,&quot;lat&quot;:59.20496410000001,&quot;lng&quot;:18.141497,&quot;link&quot;:{&quot;url&quot;:&quot;\\\/blabarsstallet&quot;,&quot;text&quot;:&quot;L\\u00e4s mer om f\\u00f6rskolan&quot;}}]\">\n\t<div class=\"ams-map__content u-pt-fluid-3xl-6xl u-pb-fluid-3xl-6xl l-stack l-stack-fluid-xl is-left is-left@lg\">\n\t\t\t\n\t<h2\n\tclass=\"c-heading u-font-title-1 \"\n\tstyle=\"\">\n\t\t\n\t\t\t\t\tKontakta Pysslingen Bl\u00e5b\u00e4rsst\u00e4llet\n\t\t\t\t\n\t<\/h2>\n\n\t\t\n\t\t\t\t\t<div class=\"contact-info l-stack\">\n\t\t\t\t\t\t\t\t\t<div class=\"contact-info__item\">\n\t\t\t\t\t\t<p class=\"contact-info__heading u-font-title-4\">\n\t\t\t\t\t\t\tBes\u00f6ksadress\n\t\t\t\t\t\t<\/p>\n\t\t\t\t\t\t<p>\n\t\t\t\t\t\t\t\t\t\t\t\t\t\t\tGamla Dalar\u00f6v\u00e4gen 6<br \/>\n\t\t\t\t\t\t\t\t\t\t\t\t\t\t14252 Skog\u00e5s\n\t\t\t\t\t\t<\/p>\n\t\t\t\t\t<\/div>\n\t\t\t\t\n\t\t\t\t\n\t\t\t\t\t\t\t\t\t<div class=\"contact-info__item\">\n\t\t\t\t\t\t<p class=\"contact-info__heading u-font-title-4\">\n\t\t\t\t\t\t\tKontakt\n\t\t\t\t\t\t<\/p>\n\t\t\t\t\t\t<p>\n\t\t\t\t\t\t\t\t\t\t\t\t\t\t\t<a href=\"tel:0722302552\">072-2302552<\/a><br \/>\n\t\t\t\t\t\t\t\t\t\t\t\t\t\t\t\t\t\t\t\t\t\t<a href=\"mailto:blabarsstallet@pysslingen.se\">blabarsstallet@pysslingen.se<\/a>\n\t\t\t\t\t\t\t\t\t\t\t\t\t<\/p>\n\t\t\t\t\t<\/div>\n\t\t\t\t\t\t\t<\/div>\n\t\t\t<\/div>\n\n\t<div class=\"ams-map__media\">\n\t<\/div>\n<\/section>\n\n\n\n\n<section  class=\"ams-usp c-block l-stacked\" data-color-scheme=\"usp-yellow-background-blue-cards\">\n\t<div class=\"l-container l-stack l-stack-fluid-2xl u-pt-fluid-3xl-6xl u-pb-fluid-3xl-6xl is-center is-center@md\">\n\t\t\t\t\t<div class=\"ams-usp__intro l-stack l-stack-lg\">\n\t\t\t\t\t\n\t<h2\n\tclass=\"c-heading u-font-title-1 \"\n\tstyle=\"\">\n\t\t\n\t\t\t\t\tV\u00e5r inriktning\n\t\t\t\t\n\t<\/h2>\n\n\t\t\t\t\t\t\t<\/div>\n\t\t\n\t\t\t<ul class=\"ams-usp__list l-grid u-justify-center u-gap-fluid-2xl-4xl\">\n\t\t\t\t\t<li class=\"l-col-6@md l-col-4@lg\">\n\t\t\t\t<article\n\t\t\t\t\tclass=\"\n\t\t\t\t\tc-card\n\t\t\t\t\t\n\t\t\t\t\t\n\t\t\t\t\t\n\t\t\t\t\t\"\n\t\t\t\t\tdata-variant=\"border\"\n\t\t\t\t\tdata-style=\"square\"\n\t\t\t\t\tdata-click-area\n\t\t\t\t\t>\n\t\t\t\t\t\t\t\t\t\t\t<div class=\"c-card__content l-stack l-stack-sm u-text-center\">\n\t\t\t\t\t\t\t\t\t\t\t\t\t\t\t<h3 class=\"c-card__title u-font-title-2\">\n\t\t\t\t\t\t\t\t\t<a href=\"https:\/\/pysslingen.se\/blabarsstallet\/om-forskolan\/\" target=\"_self\">\t\t\t\t\t\t\t\t\t\t\t\t\t\t\t\t\t\t\t\t\tNaturn\u00e4ra f\u00f6rskola med fokus p\u00e5 trygghet\n\t\t\t\t\t\t\t\t\t\t\t<span class=\"c-card__title__sub is-below u-font-title-4\">\n\t\t\t\t\t\t\t\t\t\t\t\t\n\t\t\t\t\t\t\t\t\t\t\t<\/span>\n\t\t\t\t\t\t\t\t\t\t\t\t\t\t\t\t\t\t\t<\/a>\t\t\t\t\t\t\t\t<\/h3>\n\t\t\t\t\t\t\t\n\t\t\t\t\t\t\t\t\t\t\t\t\t\t\t<div class=\"c-card__text l-stack-xs u-font-body\">\n\t\t\t\t\t\t\t\t\t<p>Bl\u00e5b\u00e4rsst\u00e4llet \u00e4r en <span style=\"font-weight: 400;\">f\u00f6rskola som erbjuder stimulerande l\u00e4rmilj\u00f6er b\u00e5de ute och inne d\u00e4r barnen kan m\u00f6tas, leka och utforska tillsammans med inspirerande och engagerade pedagoger<\/span>.<\/p>\n\n\t\t\t\t\t\t\t\t<\/div>\n\t\t\t\t\t\t\t\t\t\t\t\t\t<\/div>\n\t\t\t\t\t\n\t\t\t\t\t<div class=\"c-card__media\">\n\t\t\t\t\t\t\t\t\t\t\t\t\t<img decoding=\"async\" width=\"400\" height=\"318\" src=\"https:\/\/pysslingen.se\/wp-content\/uploads\/sites\/9\/2020\/12\/bild-som-visar-verksamheten-966x1024-2.jpeg\" class=\"u-radius-rounded u-ratio-landscape  ams_icon_size_default\" alt=\"Barn pysslar med l\u00f6v och g\u00f6r det till en figur med \u00f6gon.\" srcset=\"https:\/\/pysslingen.se\/wp-content\/uploads\/sites\/9\/2020\/12\/bild-som-visar-verksamheten-966x1024-2.jpeg 966w, https:\/\/pysslingen.se\/wp-content\/uploads\/sites\/9\/2020\/12\/bild-som-visar-verksamheten-966x1024-2-300x239.jpeg 300w, https:\/\/pysslingen.se\/wp-content\/uploads\/sites\/9\/2020\/12\/bild-som-visar-verksamheten-966x1024-2-768x611.jpeg 768w, https:\/\/pysslingen.se\/wp-content\/uploads\/sites\/9\/2020\/12\/bild-som-visar-verksamheten-966x1024-2-843x670.jpeg 843w\" sizes=\"(max-width: 400px) 100vw, 400px\" \/>\n\t\t\t\t\t\t\t\t\t\t\t<\/div>\n\t\t\t\t<\/article>\n\t\t\t<\/li>\n\n\t\t\t<\/ul>\n\n\t\t\t<\/div>\n\n\t\t\n\n<\/section>\n\n\n\n\n<section  class=\"ams-usp c-block l-stacked blobs\" data-color-scheme=\"usp-pink-background-blue-cards\">\n\t<div class=\"l-container l-stack l-stack-fluid-2xl u-pt-fluid-3xl-6xl u-pb-fluid-3xl-6xl is-center is-center@md\">\n\t\t\t\t\t<div class=\"ams-usp__intro l-stack l-stack-lg\">\n\t\t\t\t\t\n\t<h2\n\tclass=\"c-heading u-font-title-1 \"\n\tstyle=\"\">\n\t\t\n\t\t\t\t\tV\u00e5rt erbjudande &#8211; en trygg och stimulerande v\u00e4rld full av m\u00f6jligheter\n\t\t\t\t\n\t<\/h2>\n\n\t\t\t\t\t\t\t<\/div>\n\t\t\n\t\t\t<ul class=\"ams-usp__list l-grid u-justify-center u-gap-fluid-2xl-4xl\">\n\t\t\t\t\t<li class=\"l-col-6@md l-col-4@lg\">\n\t\t\t\t<article\n\t\t\t\t\tclass=\"\n\t\t\t\t\tc-card\n\t\t\t\t\t\n\t\t\t\t\t\n\t\t\t\t\t\n\t\t\t\t\t\"\n\t\t\t\t\tdata-variant=\"border\"\n\t\t\t\t\tdata-style=\"soft\"\n\t\t\t\t\tdata-click-area\n\t\t\t\t\t>\n\t\t\t\t\t\t\t\t\t\t\t<div class=\"c-card__content l-stack l-stack-sm u-text-center\">\n\t\t\t\t\t\t\t\t\t\t\t\t\t\t\t<h3 class=\"c-card__title u-font-title-2\">\n\t\t\t\t\t\t\t\t\t<a href=\"https:\/\/pysslingen.se\/blabarsstallet\/inskolning\/\" target=\"_self\">\t\t\t\t\t\t\t\t\t\t\t\t\t\t\t\t\t\t\t\t\tEn trygg inskolning\n\t\t\t\t\t\t\t\t\t\t\t<span class=\"c-card__title__sub is-below u-font-title-4\">\n\t\t\t\t\t\t\t\t\t\t\t\t&#8211; alla barn f\u00e5r varsin Pyss-ryggs\u00e4ck\n\t\t\t\t\t\t\t\t\t\t\t<\/span>\n\t\t\t\t\t\t\t\t\t\t\t\t\t\t\t\t\t\t\t<\/a>\t\t\t\t\t\t\t\t<\/h3>\n\t\t\t\t\t\t\t\n\t\t\t\t\t\t\t\t\t\t\t\t\t<\/div>\n\t\t\t\t\t\n\t\t\t\t\t<div class=\"c-card__media\">\n\t\t\t\t\t\t\t\t\t\t\t\t\t<img decoding=\"async\" width=\"400\" height=\"332\" src=\"https:\/\/pysslingen.se\/wp-content\/uploads\/sites\/9\/2020\/12\/ryggsackar-2-2.jpeg\" class=\"u-radius-rounded u-ratio-landscape  ams_icon_size_default\" alt=\"Tv\u00e5 barn i Pysslingen ryggs\u00e4ckar p\u00e5v\u00e4g till f\u00f6rskolan.\" srcset=\"https:\/\/pysslingen.se\/wp-content\/uploads\/sites\/9\/2020\/12\/ryggsackar-2-2.jpeg 431w, https:\/\/pysslingen.se\/wp-content\/uploads\/sites\/9\/2020\/12\/ryggsackar-2-2-300x249.jpeg 300w\" sizes=\"(max-width: 400px) 100vw, 400px\" \/>\n\t\t\t\t\t\t\t\t\t\t\t<\/div>\n\t\t\t\t<\/article>\n\t\t\t<\/li>\n\n\t\t\t\t\t<li class=\"l-col-6@md l-col-4@lg\">\n\t\t\t\t<article\n\t\t\t\t\tclass=\"\n\t\t\t\t\tc-card\n\t\t\t\t\t\n\t\t\t\t\t\n\t\t\t\t\t\n\t\t\t\t\t\"\n\t\t\t\t\tdata-variant=\"border\"\n\t\t\t\t\tdata-style=\"soft\"\n\t\t\t\t\tdata-click-area\n\t\t\t\t\t>\n\t\t\t\t\t\t\t\t\t\t\t<div class=\"c-card__content l-stack l-stack-sm u-text-center\">\n\t\t\t\t\t\t\t\t\t\t\t\t\t\t\t<h3 class=\"c-card__title u-font-title-2\">\n\t\t\t\t\t\t\t\t\t<a href=\"https:\/\/pysslingen.se\/blabarsstallet\/trygghetsvandring\/\" target=\"_self\">\t\t\t\t\t\t\t\t\t\t\t\t\t\t\t\t\t\t\t\t\tTrygghetsvandring\n\t\t\t\t\t\t\t\t\t\t\t<span class=\"c-card__title__sub is-below u-font-title-4\">\n\t\t\t\t\t\t\t\t\t\t\t\t&#8211; v\u00e5rt verktyg f\u00f6r att skapa en trygg milj\u00f6\n\t\t\t\t\t\t\t\t\t\t\t<\/span>\n\t\t\t\t\t\t\t\t\t\t\t\t\t\t\t\t\t\t\t<\/a>\t\t\t\t\t\t\t\t<\/h3>\n\t\t\t\t\t\t\t\n\t\t\t\t\t\t\t\t\t\t\t\t\t<\/div>\n\t\t\t\t\t\n\t\t\t\t\t<div class=\"c-card__media\">\n\t\t\t\t\t\t\t\t\t\t\t\t\t<img decoding=\"async\" width=\"400\" height=\"267\" src=\"https:\/\/pysslingen.se\/wp-content\/uploads\/sites\/9\/2020\/10\/trygghetsvandring.jpg\" class=\"u-radius-rounded u-ratio-landscape  ams_icon_size_default\" alt=\"Pojke i r\u00f6dtr\u00f6ja ler in i kameran.\" srcset=\"https:\/\/pysslingen.se\/wp-content\/uploads\/sites\/9\/2020\/10\/trygghetsvandring.jpg 1000w, https:\/\/pysslingen.se\/wp-content\/uploads\/sites\/9\/2020\/10\/trygghetsvandring-300x200.jpg 300w, https:\/\/pysslingen.se\/wp-content\/uploads\/sites\/9\/2020\/10\/trygghetsvandring-768x512.jpg 768w\" sizes=\"(max-width: 400px) 100vw, 400px\" \/>\n\t\t\t\t\t\t\t\t\t\t\t<\/div>\n\t\t\t\t<\/article>\n\t\t\t<\/li>\n\n\t\t\t\t\t<li class=\"l-col-6@md l-col-4@lg\">\n\t\t\t\t<article\n\t\t\t\t\tclass=\"\n\t\t\t\t\tc-card\n\t\t\t\t\t\n\t\t\t\t\t\n\t\t\t\t\t\n\t\t\t\t\t\"\n\t\t\t\t\tdata-variant=\"border\"\n\t\t\t\t\tdata-style=\"soft\"\n\t\t\t\t\tdata-click-area\n\t\t\t\t\t>\n\t\t\t\t\t\t\t\t\t\t\t<div class=\"c-card__content l-stack l-stack-sm u-text-center\">\n\t\t\t\t\t\t\t\t\t\t\t\t\t\t\t<h3 class=\"c-card__title u-font-title-2\">\n\t\t\t\t\t\t\t\t\t<a href=\"https:\/\/pysslingen.se\/blabarsstallet\/barnens-integritet\/\" target=\"_self\">\t\t\t\t\t\t\t\t\t\t\t\t\t\t\t\t\t\t\t\t\tBarnens integritet\n\t\t\t\t\t\t\t\t\t\t\t<span class=\"c-card__title__sub is-below u-font-title-4\">\n\t\t\t\t\t\t\t\t\t\t\t\t&#8211; s\u00e5 skyddar vi den\n\t\t\t\t\t\t\t\t\t\t\t<\/span>\n\t\t\t\t\t\t\t\t\t\t\t\t\t\t\t\t\t\t\t<\/a>\t\t\t\t\t\t\t\t<\/h3>\n\t\t\t\t\t\t\t\n\t\t\t\t\t\t\t\t\t\t\t\t\t<\/div>\n\t\t\t\t\t\n\t\t\t\t\t<div class=\"c-card__media\">\n\t\t\t\t\t\t\t\t\t\t\t\t\t<img decoding=\"async\" width=\"400\" height=\"267\" src=\"https:\/\/pysslingen.se\/wp-content\/uploads\/sites\/9\/2020\/10\/kvinnlig-pedagod-m-fleece.jpg\" class=\"u-radius-rounded u-ratio-landscape  ams_icon_size_default\" alt=\"Pedagog och flicka m\u00e5lar tillsammans utomhus.\" srcset=\"https:\/\/pysslingen.se\/wp-content\/uploads\/sites\/9\/2020\/10\/kvinnlig-pedagod-m-fleece.jpg 1000w, https:\/\/pysslingen.se\/wp-content\/uploads\/sites\/9\/2020\/10\/kvinnlig-pedagod-m-fleece-300x200.jpg 300w, https:\/\/pysslingen.se\/wp-content\/uploads\/sites\/9\/2020\/10\/kvinnlig-pedagod-m-fleece-768x512.jpg 768w\" sizes=\"(max-width: 400px) 100vw, 400px\" \/>\n\t\t\t\t\t\t\t\t\t\t\t<\/div>\n\t\t\t\t<\/article>\n\t\t\t<\/li>\n\n\t\t\t\t\t<li class=\"l-col-6@md l-col-4@lg\">\n\t\t\t\t<article\n\t\t\t\t\tclass=\"\n\t\t\t\t\tc-card\n\t\t\t\t\t\n\t\t\t\t\t\n\t\t\t\t\t\n\t\t\t\t\t\"\n\t\t\t\t\tdata-variant=\"border\"\n\t\t\t\t\tdata-style=\"soft\"\n\t\t\t\t\tdata-click-area\n\t\t\t\t\t>\n\t\t\t\t\t\t\t\t\t\t\t<div class=\"c-card__content l-stack l-stack-sm u-text-center\">\n\t\t\t\t\t\t\t\t\t\t\t\t\t\t\t<h3 class=\"c-card__title u-font-title-2\">\n\t\t\t\t\t\t\t\t\t<a href=\"https:\/\/pysslingen.se\/blabarsstallet\/larmiljoer\/\" target=\"_self\">\t\t\t\t\t\t\t\t\t\t\t\t\t\t\t\t\t\t\t\t\tV\u00e5ra l\u00e4rmilj\u00f6er\n\t\t\t\t\t\t\t\t\t\t\t<span class=\"c-card__title__sub is-below u-font-title-4\">\n\t\t\t\t\t\t\t\t\t\t\t\t&#8211; utformade f\u00f6r att inspirera och stimulera\n\t\t\t\t\t\t\t\t\t\t\t<\/span>\n\t\t\t\t\t\t\t\t\t\t\t\t\t\t\t\t\t\t\t<\/a>\t\t\t\t\t\t\t\t<\/h3>\n\t\t\t\t\t\t\t\n\t\t\t\t\t\t\t\t\t\t\t\t\t<\/div>\n\t\t\t\t\t\n\t\t\t\t\t<div class=\"c-card__media\">\n\t\t\t\t\t\t\t\t\t\t\t\t\t<img decoding=\"async\" width=\"400\" height=\"323\" src=\"https:\/\/pysslingen.se\/wp-content\/uploads\/sites\/9\/2020\/12\/larmiljo-inomhus-barn-stad-2.jpg\" class=\"u-radius-rounded u-ratio-landscape  ams_icon_size_default\" alt=\"Tv\u00e5 barn leker med klossar inomhus.\" srcset=\"https:\/\/pysslingen.se\/wp-content\/uploads\/sites\/9\/2020\/12\/larmiljo-inomhus-barn-stad-2.jpg 632w, https:\/\/pysslingen.se\/wp-content\/uploads\/sites\/9\/2020\/12\/larmiljo-inomhus-barn-stad-2-300x242.jpg 300w\" sizes=\"(max-width: 400px) 100vw, 400px\" \/>\n\t\t\t\t\t\t\t\t\t\t\t<\/div>\n\t\t\t\t<\/article>\n\t\t\t<\/li>\n\n\t\t\t\t\t<li class=\"l-col-6@md l-col-4@lg\">\n\t\t\t\t<article\n\t\t\t\t\tclass=\"\n\t\t\t\t\tc-card\n\t\t\t\t\t\n\t\t\t\t\t\n\t\t\t\t\t\n\t\t\t\t\t\"\n\t\t\t\t\tdata-variant=\"border\"\n\t\t\t\t\tdata-style=\"soft\"\n\t\t\t\t\tdata-click-area\n\t\t\t\t\t>\n\t\t\t\t\t\t\t\t\t\t\t<div class=\"c-card__content l-stack l-stack-sm u-text-center\">\n\t\t\t\t\t\t\t\t\t\t\t\t\t\t\t<h3 class=\"c-card__title u-font-title-2\">\n\t\t\t\t\t\t\t\t\t<a href=\"https:\/\/pysslingen.se\/blabarsstallet\/sprakstimulans\/\" target=\"_self\">\t\t\t\t\t\t\t\t\t\t\t\t\t\t\t\t\t\t\t\t\tSpr\u00e5kstimulans\n\t\t\t\t\t\t\t\t\t\t\t<span class=\"c-card__title__sub is-below u-font-title-4\">\n\t\t\t\t\t\t\t\t\t\t\t\t&#8211; \u00e4ven hemma med tillg\u00e5ng till v\u00e5rt digitala bibliotek\n\t\t\t\t\t\t\t\t\t\t\t<\/span>\n\t\t\t\t\t\t\t\t\t\t\t\t\t\t\t\t\t\t\t<\/a>\t\t\t\t\t\t\t\t<\/h3>\n\t\t\t\t\t\t\t\n\t\t\t\t\t\t\t\t\t\t\t\t\t<\/div>\n\t\t\t\t\t\n\t\t\t\t\t<div class=\"c-card__media\">\n\t\t\t\t\t\t\t\t\t\t\t\t\t<img decoding=\"async\" width=\"400\" height=\"285\" src=\"https:\/\/pysslingen.se\/wp-content\/uploads\/sites\/9\/2020\/10\/lasalitetbarn-2.jpg\" class=\"u-radius-rounded u-ratio-landscape  ams_icon_size_default\" alt=\"Litet barn pekar i pekbok.\" srcset=\"https:\/\/pysslingen.se\/wp-content\/uploads\/sites\/9\/2020\/10\/lasalitetbarn-2.jpg 1616w, https:\/\/pysslingen.se\/wp-content\/uploads\/sites\/9\/2020\/10\/lasalitetbarn-2-300x214.jpg 300w, https:\/\/pysslingen.se\/wp-content\/uploads\/sites\/9\/2020\/10\/lasalitetbarn-2-1024x729.jpg 1024w, https:\/\/pysslingen.se\/wp-content\/uploads\/sites\/9\/2020\/10\/lasalitetbarn-2-768x547.jpg 768w, https:\/\/pysslingen.se\/wp-content\/uploads\/sites\/9\/2020\/10\/lasalitetbarn-2-1536x1094.jpg 1536w, https:\/\/pysslingen.se\/wp-content\/uploads\/sites\/9\/2020\/10\/lasalitetbarn-2-1100x783.jpg 1100w, https:\/\/pysslingen.se\/wp-content\/uploads\/sites\/9\/2020\/10\/lasalitetbarn-2-941x670.jpg 941w\" sizes=\"(max-width: 400px) 100vw, 400px\" \/>\n\t\t\t\t\t\t\t\t\t\t\t<\/div>\n\t\t\t\t<\/article>\n\t\t\t<\/li>\n\n\t\t\t\t\t<li class=\"l-col-6@md l-col-4@lg\">\n\t\t\t\t<article\n\t\t\t\t\tclass=\"\n\t\t\t\t\tc-card\n\t\t\t\t\t\n\t\t\t\t\t\n\t\t\t\t\t\n\t\t\t\t\t\"\n\t\t\t\t\tdata-variant=\"border\"\n\t\t\t\t\tdata-style=\"soft\"\n\t\t\t\t\tdata-click-area\n\t\t\t\t\t>\n\t\t\t\t\t\t\t\t\t\t\t<div class=\"c-card__content l-stack l-stack-sm u-text-center\">\n\t\t\t\t\t\t\t\t\t\t\t\t\t\t\t<h3 class=\"c-card__title u-font-title-2\">\n\t\t\t\t\t\t\t\t\t<a href=\"https:\/\/pysslingen.se\/blabarsstallet\/skolforberedande\/\" target=\"_self\">\t\t\t\t\t\t\t\t\t\t\t\t\t\t\t\t\t\t\t\t\tSkolf\u00f6rberedande\n\t\t\t\t\t\t\t\t\t\t\t<span class=\"c-card__title__sub is-below u-font-title-4\">\n\t\t\t\t\t\t\t\t\t\t\t\t&#8211; anpassade aktiviteter f\u00f6r att stimulera de \u00e4ldsta barnen\n\t\t\t\t\t\t\t\t\t\t\t<\/span>\n\t\t\t\t\t\t\t\t\t\t\t\t\t\t\t\t\t\t\t<\/a>\t\t\t\t\t\t\t\t<\/h3>\n\t\t\t\t\t\t\t\n\t\t\t\t\t\t\t\t\t\t\t\t\t<\/div>\n\t\t\t\t\t\n\t\t\t\t\t<div class=\"c-card__media\">\n\t\t\t\t\t\t\t\t\t\t\t\t\t<img decoding=\"async\" width=\"400\" height=\"267\" src=\"https:\/\/pysslingen.se\/wp-content\/uploads\/sites\/9\/2020\/10\/skolforberedande.jpg\" class=\"u-radius-rounded u-ratio-landscape  ams_icon_size_default\" alt=\"Tv\u00e5 fem\u00e5ringar l\u00e4ser en digitalbok tillsammans.\" srcset=\"https:\/\/pysslingen.se\/wp-content\/uploads\/sites\/9\/2020\/10\/skolforberedande.jpg 1000w, https:\/\/pysslingen.se\/wp-content\/uploads\/sites\/9\/2020\/10\/skolforberedande-300x200.jpg 300w, https:\/\/pysslingen.se\/wp-content\/uploads\/sites\/9\/2020\/10\/skolforberedande-768x512.jpg 768w\" sizes=\"(max-width: 400px) 100vw, 400px\" \/>\n\t\t\t\t\t\t\t\t\t\t\t<\/div>\n\t\t\t\t<\/article>\n\t\t\t<\/li>\n\n\t\t\t<\/ul>\n\n\t\t\t<\/div>\n\n\t\t\n\n<\/section>\n\n\n\n\t<div class=\"module_wrapper ams_remote_pages_module \">\n\t\t\n\t<div\n\t\tclass=\"module_wrapper video_module__bg container-fluid video_module \t\t site__cta-bg--13  pt-5 pb-5\n\t\t\t\t\"\n\t\t\t>\n\t\t<div class=\"container\">\n\t\t\t\t\t\t\t<div class=\"row\">\n\t\t\t\t\t<div class=\"col-12 col-md-8 offset-md-2 cmb-30 text_align--Center\">\n\t\t\t\t\t\t\t\t\t\t\t\t\t<h2 class=\"site__heading-size-2  site__text-color  \">\n\t\t\t\t\t\t\t\tM\u00f6t v\u00e5ra pedagoger\t\t\t\t\t\t\t<\/h2>\n\t\t\t\t\t\t\t\t\t\t\t<\/div>\n\t\t\t\t<\/div>\n\t\t\t\n\t\t\t\n\t\t\t\t\t\t\t<div class=\"row\">\n\t\t\t\t\t<div class=\"col-md-12\">\n\t\t\t\t\t\t<div class=\"video_module__wrapper 1  \">\n\t\t\t\t\t\t\t<div class=\"embed-responsive embed-responsive-16by9\">\n\t\t\t\t\t\t\t\t<iframe title=\"YouTube video player\" style=\"border-width:0px;\" class=\"embed-responsive-item\"  src=\"https:\/\/www.youtube.com\/embed\/wVgTKxkQdC8?si=0bQ0QSK_qItL3r-g\" allow=\"accelerometer; autoplay; encrypted-media; gyroscope; picture-in-picture \" allowfullscreen><\/iframe>\t\t\t\t\t\t\t<\/div>\n\t\t\t\t\t\t<\/div>\n\t\t\t\t\t<\/div>\n\t\t\t\t<\/div>\n\t\t\t\t\t\t\t\t<\/div>\n\t<\/div>\n\n\n\t<\/div>\n\n\t\n\n\n\n\n<section  class=\"ams-testimonial testimonial_module c-block l-stacked js-load-more\" data-color-scheme=\"testimonials\" data-count=\"3\" data-count-mobile=\"2\">\n\t<div class=\"l-container l-stack l-stack-fluid-2xl u-pt-fluid-Ingen u-pb-fluid-3xl-6xl is-center is-center@md\">\n\t\t\n\t\t\n\t\n\t\t\n\t\t\t\n<ul\n\tid=\"ams-testimonial-list-69f762ce6204f\"\n\tclass=\"ams-testimonial__list  l-grid u-gap-fluid-2xl-4xl js-results \"\n\tdata-filter-animation=\"off\">\n\t\t\t\t\t\t\t\t\t\t\t\n\t\t\n\t\t\n\t\t<li class=\"l-col-6@md \" data-filter=\" november-2020\">\n\t\t\t<article class=\"c-card has-media-zoom \" data-variant=\"inside-half\" data-click-area>\n\t\t\t\t<div class=\"c-card__content l-stack l-stack-sm is-left is-left@md\">\n\t\t\t\t\t\t\t\t\t\t\t<blockquote class=\"c-card__title u-font-title-3\">\n\t\t\t\t\t\t\t\t\t\t\t\t\t\t\t<p class=\"u-quote-marks\"><a href=\"https:\/\/pysslingen.se\/blabarsstallet\/intervju\/camilla-barragan\/\" class=\"link\">Jag gillar att ingen dag \u00e4r lik den andra!&#8230;<\/a><\/p>\n\t\t\t\t\t\t\t\t\t\t\t\t\t<\/blockquote>\n\t\t\t\t\t\n\t\t\t\t\t\t\t\t\t\t\t<p class=\"c-card__text l-stack-grow u-divider-top u-font-body\">\n\t\t\t\t\t\t\t<span class=\"author u-mr-fluid-lg\">Camilla Barrag\u00e1n<\/span>\n\t\t\t\t\t\t\t<span class=\"title u-mr-fluid-lg\">Pedagog p\u00e5 Bl\u00e5b\u00e4rsst\u00e4llet<\/span>\n\t\t\t\t\t\t<\/p>\n\t\t\t\t\t\n\t\t\t\t\t<div class=\"c-card__icon\">\n\t\t\t\t\t\t<svg class=\"ams-icon ams-icon--arrow-right\" width=\"32\" height=\"32\" viewBox=\"0 0 32 32\" fill=\"currentColor\" aria-hidden=\"true\" xmlns=\"http:\/\/www.w3.org\/2000\/svg\">\n\t\t\t\t\t\t\t<path d=\"M15.4617 0.252159L14.9567 0.75931C14.6219 1.09545 14.6219 1.64048 14.9567 1.97669L27.7062 14.7806H0.857144C0.383786 14.7806 0 15.166 0 15.6414V16.3587C0 16.8341 0.383786 17.2195 0.857144 17.2195H27.7062L14.9567 30.0234C14.6219 30.3595 14.6219 30.9045 14.9567 31.2407L15.4617 31.7479C15.7964 32.084 16.3392 32.084 16.6739 31.7479L31.749 16.6087C32.0837 16.2725 32.0837 15.7275 31.749 15.3913L16.6739 0.252159C16.3392 -0.084053 15.7964 -0.084053 15.4617 0.252159Z\"\/>\n\t\t\t\t\t\t<\/svg>\n\t\t\t\t\t<\/div>\n\t\t\t\t<\/div>\n\t\t\t\t<div class=\"c-card__media\" style=\" \">\n\t\t\t\t\t<img decoding=\"async\" width=\"377\" height=\"504\" src=\"https:\/\/pysslingen.se\/wp-content\/uploads\/sites\/9\/2020\/11\/intervju-pedagog.png\" class=\"attachment-md size-md\" alt=\"Portr\u00e4ttbild p\u00e5 medarbetare.\" sizes=\"(min-width: 80em) 600px, (min-width: 48em) calc(.50 * (100vw - 240px)), calc(100vw - 160px)\" srcset=\"https:\/\/pysslingen.se\/wp-content\/uploads\/sites\/9\/2020\/11\/intervju-pedagog.png 377w, https:\/\/pysslingen.se\/wp-content\/uploads\/sites\/9\/2020\/11\/intervju-pedagog-224x300.png 224w\" \/>\n\t\t\t\t<\/div>\n\t\t\t<\/article>\n\t\t<\/li>\n\t<\/ul>\n\t\n\t<div class=\"no-results u-mt-0 u-hide\" data-filter-fallback-id=\"ams-testimonial-list-69f762ce6204f\">\n\t<p>Det finns inga resultat som matchar din filtrering.<\/p>\n<\/div>\n\n\t\n\n\t\t\n\t\t\t<\/div>\n\n\t\t\n\n<\/section>\n\n\n\n\n<section  class=\"ams-cta ams-cta--stacked c-block l-stacked\">\n\t<div class=\"l-container l-stack l-stack-fluid-2xl u-pt-fluid-md-xl u-pb-fluid-md-xl is-center is-center@md\">\n\t\t\t\t\t<div class=\"ams-cta__intro l-stack l-stack-lg\">\n\t\t\t\t\t\n\t<h2\n\tclass=\"c-heading u-font-title-1 \"\n\tstyle=\"\">\n\t\t\n\t\t\t\t\tVill du veta mer om oss?\n\t\t\t\t\n\t<\/h2>\n\n\t\t\t\t\t\t\t\t\t<div class=\"c-text l-stack u-cs-xl u-font-body\">\n\t\t\t\t\t\t<p>F\u00f6r mer information eller visning av v\u00e5r verksamhet, <a href=\"https:\/\/pysslingen.se\/blabarsstallet\/kontakt\">kontakta samordnare.<\/a><\/p>\n<p>Vi ser fram emot att h\u00f6ra fr\u00e5n dig!<\/p>\n<p>I Skog\u00e5s hittar du ocks\u00e5 Pysslingen F\u00f6rskolor <a href=\"https:\/\/pysslingen.se\/riddarborgen\/\">Riddarborgen.<\/a><\/p>\n\n\t\t\t\t\t<\/div>\n\t\t\t\t\t\t\t<\/div>\n\t\t\n\t\t\n\t\t\t<div class=\"ams-cta__action u-inline-items\">\n\t\t\t\t\t\t\t\n\n\n<a href=\"https:\/\/pysslingen.se\/blabarsstallet\/vanliga-fragor\/\"\n\t\n\tclass=\"c-btn \"\n\tdata-style=\"rounded\"\n\tdata-size=\"md\"\n\tdata-width=\"full-mobile\"\n\tdata-variant=\"default\"\n\ttarget=\"_self\">\n\t\t\t<span class=\"label\"> Vanliga fr\u00e5gor<\/span>\n\t\t\t<\/a>\n\t\t\t<\/div>\n\t<\/div>\n\n\t\t\n\n<\/section>\n","protected":false},"excerpt":{"rendered":"","protected":false},"author":1,"featured_media":0,"parent":0,"menu_order":0,"comment_status":"closed","ping_status":"closed","template":"","meta":{"footnotes":""},"yoast_head":"<!-- This site is optimized with the Yoast SEO plugin v22.0 - https:\/\/yoast.com\/wordpress\/plugins\/seo\/ -->\n<title>F\u00f6rskola i Skog\u00e5s | Pysslingen Bl\u00e5b\u00e4rsst\u00e4llet<\/title>\n<meta name=\"description\" content=\"Pysslingen Bl\u00e5b\u00e4rsst\u00e4llet \u00e4r en f\u00f6rskola i L\u00e4nna, Skog\u00e5s med n\u00e4rhet till flera parker och skogsomr\u00e5den. Vi str\u00e4var efter att alltid erbjuda stimulerande l\u00e4rmilj\u00f6er b\u00e5de ute och inne d\u00e4r barnen kan m\u00f6tas, leka och utforska tillsammans med inspirerande och engagerade pedagoger.\" \/>\n<meta name=\"robots\" content=\"index, follow, max-snippet:-1, max-image-preview:large, max-video-preview:-1\" \/>\n<link rel=\"canonical\" href=\"https:\/\/pysslingen.se\/blabarsstallet\/\" \/>\n<meta property=\"og:locale\" content=\"sv_SE\" \/>\n<meta property=\"og:type\" content=\"article\" \/>\n<meta property=\"og:title\" content=\"F\u00f6rskola i Skog\u00e5s | Pysslingen Bl\u00e5b\u00e4rsst\u00e4llet\" \/>\n<meta property=\"og:description\" content=\"Pysslingen Bl\u00e5b\u00e4rsst\u00e4llet \u00e4r en f\u00f6rskola i L\u00e4nna, Skog\u00e5s med n\u00e4rhet till flera parker och skogsomr\u00e5den. Vi str\u00e4var efter att alltid erbjuda stimulerande l\u00e4rmilj\u00f6er b\u00e5de ute och inne d\u00e4r barnen kan m\u00f6tas, leka och utforska tillsammans med inspirerande och engagerade pedagoger.\" \/>\n<meta property=\"og:url\" content=\"https:\/\/pysslingen.se\/blabarsstallet\/\" \/>\n<meta property=\"og:site_name\" content=\"Bl\u00e5b\u00e4rsst\u00e4llet\" \/>\n<meta property=\"article:modified_time\" content=\"2026-01-07T10:08:34+00:00\" \/>\n<meta name=\"twitter:card\" content=\"summary_large_image\" \/>\n<meta name=\"twitter:title\" content=\"F\u00f6rskola i Skog\u00e5s | Pysslingen Bl\u00e5b\u00e4rsst\u00e4llet\" \/>\n<meta name=\"twitter:description\" content=\"Pysslingen Bl\u00e5b\u00e4rsst\u00e4llet \u00e4r en f\u00f6rskola i L\u00e4nna, Skog\u00e5s med n\u00e4rhet till flera parker och skogsomr\u00e5den. Vi str\u00e4var efter att alltid erbjuda stimulerande l\u00e4rmilj\u00f6er b\u00e5de ute och inne d\u00e4r barnen kan m\u00f6tas, leka och utforska tillsammans med inspirerande och engagerade pedagoger.\" \/>\n<script type=\"application\/ld+json\" class=\"yoast-schema-graph\">{\"@context\":\"https:\/\/schema.org\",\"@graph\":[{\"@type\":\"WebPage\",\"@id\":\"https:\/\/pysslingen.se\/blabarsstallet\/\",\"url\":\"https:\/\/pysslingen.se\/blabarsstallet\/\",\"name\":\"F\u00f6rskola i Skog\u00e5s | Pysslingen Bl\u00e5b\u00e4rsst\u00e4llet\",\"isPartOf\":{\"@id\":\"https:\/\/pysslingen.se\/blabarsstallet\/#website\"},\"datePublished\":\"2020-09-25T11:05:23+00:00\",\"dateModified\":\"2026-01-07T10:08:34+00:00\",\"description\":\"Pysslingen Bl\u00e5b\u00e4rsst\u00e4llet \u00e4r en f\u00f6rskola i L\u00e4nna, Skog\u00e5s med n\u00e4rhet till flera parker och skogsomr\u00e5den. Vi str\u00e4var efter att alltid erbjuda stimulerande l\u00e4rmilj\u00f6er b\u00e5de ute och inne d\u00e4r barnen kan m\u00f6tas, leka och utforska tillsammans med inspirerande och engagerade pedagoger.\",\"breadcrumb\":{\"@id\":\"https:\/\/pysslingen.se\/blabarsstallet\/#breadcrumb\"},\"inLanguage\":\"sv-SE\",\"potentialAction\":[{\"@type\":\"ReadAction\",\"target\":[\"https:\/\/pysslingen.se\/blabarsstallet\/\"]}]},{\"@type\":\"BreadcrumbList\",\"@id\":\"https:\/\/pysslingen.se\/blabarsstallet\/#breadcrumb\",\"itemListElement\":[{\"@type\":\"ListItem\",\"position\":1,\"name\":\"Start\",\"item\":\"https:\/\/pysslingen.se\/blabarsstallet\/\"},{\"@type\":\"ListItem\",\"position\":2,\"name\":\"Startsida\"}]},{\"@type\":\"WebSite\",\"@id\":\"https:\/\/pysslingen.se\/blabarsstallet\/#website\",\"url\":\"https:\/\/pysslingen.se\/blabarsstallet\/\",\"name\":\"Bl\u00e5b\u00e4rsst\u00e4llet\",\"description\":\"En trygg och stimulerande v\u00e4rld\",\"publisher\":{\"@id\":\"https:\/\/pysslingen.se\/blabarsstallet\/#organization\"},\"potentialAction\":[{\"@type\":\"SearchAction\",\"target\":{\"@type\":\"EntryPoint\",\"urlTemplate\":\"https:\/\/pysslingen.se\/blabarsstallet\/?s={search_term_string}\"},\"query-input\":\"required name=search_term_string\"}],\"inLanguage\":\"sv-SE\"},{\"@type\":\"Organization\",\"@id\":\"https:\/\/pysslingen.se\/blabarsstallet\/#organization\",\"name\":\"Pysslingen F\u00f6rskolor\",\"url\":\"https:\/\/pysslingen.se\/blabarsstallet\/\",\"logo\":{\"@type\":\"ImageObject\",\"inLanguage\":\"sv-SE\",\"@id\":\"https:\/\/pysslingen.se\/blabarsstallet\/#\/schema\/logo\/image\/\",\"url\":\"https:\/\/pysslingen.se\/wp-content\/uploads\/2021\/05\/pysslingen-forskolor.png\",\"contentUrl\":\"https:\/\/pysslingen.se\/wp-content\/uploads\/2021\/05\/pysslingen-forskolor.png\",\"width\":1120,\"height\":630,\"caption\":\"Pysslingen F\u00f6rskolor\"},\"image\":{\"@id\":\"https:\/\/pysslingen.se\/blabarsstallet\/#\/schema\/logo\/image\/\"}}]}<\/script>\n<!-- \/ Yoast SEO plugin. -->","yoast_head_json":{"title":"F\u00f6rskola i Skog\u00e5s | Pysslingen Bl\u00e5b\u00e4rsst\u00e4llet","description":"Pysslingen Bl\u00e5b\u00e4rsst\u00e4llet \u00e4r en f\u00f6rskola i L\u00e4nna, Skog\u00e5s med n\u00e4rhet till flera parker och skogsomr\u00e5den. Vi str\u00e4var efter att alltid erbjuda stimulerande l\u00e4rmilj\u00f6er b\u00e5de ute och inne d\u00e4r barnen kan m\u00f6tas, leka och utforska tillsammans med inspirerande och engagerade pedagoger.","robots":{"index":"index","follow":"follow","max-snippet":"max-snippet:-1","max-image-preview":"max-image-preview:large","max-video-preview":"max-video-preview:-1"},"canonical":"https:\/\/pysslingen.se\/blabarsstallet\/","og_locale":"sv_SE","og_type":"article","og_title":"F\u00f6rskola i Skog\u00e5s | Pysslingen Bl\u00e5b\u00e4rsst\u00e4llet","og_description":"Pysslingen Bl\u00e5b\u00e4rsst\u00e4llet \u00e4r en f\u00f6rskola i L\u00e4nna, Skog\u00e5s med n\u00e4rhet till flera parker och skogsomr\u00e5den. Vi str\u00e4var efter att alltid erbjuda stimulerande l\u00e4rmilj\u00f6er b\u00e5de ute och inne d\u00e4r barnen kan m\u00f6tas, leka och utforska tillsammans med inspirerande och engagerade pedagoger.","og_url":"https:\/\/pysslingen.se\/blabarsstallet\/","og_site_name":"Bl\u00e5b\u00e4rsst\u00e4llet","article_modified_time":"2026-01-07T10:08:34+00:00","twitter_card":"summary_large_image","twitter_title":"F\u00f6rskola i Skog\u00e5s | Pysslingen Bl\u00e5b\u00e4rsst\u00e4llet","twitter_description":"Pysslingen Bl\u00e5b\u00e4rsst\u00e4llet \u00e4r en f\u00f6rskola i L\u00e4nna, Skog\u00e5s med n\u00e4rhet till flera parker och skogsomr\u00e5den. Vi str\u00e4var efter att alltid erbjuda stimulerande l\u00e4rmilj\u00f6er b\u00e5de ute och inne d\u00e4r barnen kan m\u00f6tas, leka och utforska tillsammans med inspirerande och engagerade pedagoger.","schema":{"@context":"https:\/\/schema.org","@graph":[{"@type":"WebPage","@id":"https:\/\/pysslingen.se\/blabarsstallet\/","url":"https:\/\/pysslingen.se\/blabarsstallet\/","name":"F\u00f6rskola i Skog\u00e5s | Pysslingen Bl\u00e5b\u00e4rsst\u00e4llet","isPartOf":{"@id":"https:\/\/pysslingen.se\/blabarsstallet\/#website"},"datePublished":"2020-09-25T11:05:23+00:00","dateModified":"2026-01-07T10:08:34+00:00","description":"Pysslingen Bl\u00e5b\u00e4rsst\u00e4llet \u00e4r en f\u00f6rskola i L\u00e4nna, Skog\u00e5s med n\u00e4rhet till flera parker och skogsomr\u00e5den. Vi str\u00e4var efter att alltid erbjuda stimulerande l\u00e4rmilj\u00f6er b\u00e5de ute och inne d\u00e4r barnen kan m\u00f6tas, leka och utforska tillsammans med inspirerande och engagerade pedagoger.","breadcrumb":{"@id":"https:\/\/pysslingen.se\/blabarsstallet\/#breadcrumb"},"inLanguage":"sv-SE","potentialAction":[{"@type":"ReadAction","target":["https:\/\/pysslingen.se\/blabarsstallet\/"]}]},{"@type":"BreadcrumbList","@id":"https:\/\/pysslingen.se\/blabarsstallet\/#breadcrumb","itemListElement":[{"@type":"ListItem","position":1,"name":"Start","item":"https:\/\/pysslingen.se\/blabarsstallet\/"},{"@type":"ListItem","position":2,"name":"Startsida"}]},{"@type":"WebSite","@id":"https:\/\/pysslingen.se\/blabarsstallet\/#website","url":"https:\/\/pysslingen.se\/blabarsstallet\/","name":"Bl\u00e5b\u00e4rsst\u00e4llet","description":"En trygg och stimulerande v\u00e4rld","publisher":{"@id":"https:\/\/pysslingen.se\/blabarsstallet\/#organization"},"potentialAction":[{"@type":"SearchAction","target":{"@type":"EntryPoint","urlTemplate":"https:\/\/pysslingen.se\/blabarsstallet\/?s={search_term_string}"},"query-input":"required name=search_term_string"}],"inLanguage":"sv-SE"},{"@type":"Organization","@id":"https:\/\/pysslingen.se\/blabarsstallet\/#organization","name":"Pysslingen F\u00f6rskolor","url":"https:\/\/pysslingen.se\/blabarsstallet\/","logo":{"@type":"ImageObject","inLanguage":"sv-SE","@id":"https:\/\/pysslingen.se\/blabarsstallet\/#\/schema\/logo\/image\/","url":"https:\/\/pysslingen.se\/wp-content\/uploads\/2021\/05\/pysslingen-forskolor.png","contentUrl":"https:\/\/pysslingen.se\/wp-content\/uploads\/2021\/05\/pysslingen-forskolor.png","width":1120,"height":630,"caption":"Pysslingen F\u00f6rskolor"},"image":{"@id":"https:\/\/pysslingen.se\/blabarsstallet\/#\/schema\/logo\/image\/"}}]}},"_links":{"self":[{"href":"https:\/\/pysslingen.se\/blabarsstallet\/wp-json\/wp\/v2\/pages\/4"}],"collection":[{"href":"https:\/\/pysslingen.se\/blabarsstallet\/wp-json\/wp\/v2\/pages"}],"about":[{"href":"https:\/\/pysslingen.se\/blabarsstallet\/wp-json\/wp\/v2\/types\/page"}],"author":[{"embeddable":true,"href":"https:\/\/pysslingen.se\/blabarsstallet\/wp-json\/wp\/v2\/users\/1"}],"replies":[{"embeddable":true,"href":"https:\/\/pysslingen.se\/blabarsstallet\/wp-json\/wp\/v2\/comments?post=4"}],"version-history":[{"count":10,"href":"https:\/\/pysslingen.se\/blabarsstallet\/wp-json\/wp\/v2\/pages\/4\/revisions"}],"predecessor-version":[{"id":1464,"href":"https:\/\/pysslingen.se\/blabarsstallet\/wp-json\/wp\/v2\/pages\/4\/revisions\/1464"}],"wp:attachment":[{"href":"https:\/\/pysslingen.se\/blabarsstallet\/wp-json\/wp\/v2\/media?parent=4"}],"curies":[{"name":"wp","href":"https:\/\/api.w.org\/{rel}","templated":true}]}}