{"id":194,"date":"2020-10-01T11:13:05","date_gmt":"2020-10-01T11:13:05","guid":{"rendered":"https:\/\/pysslingen.se\/blabarsstallet\/?page_id=194"},"modified":"2025-10-22T14:50:55","modified_gmt":"2025-10-22T12:50:55","slug":"kontakt","status":"publish","type":"page","link":"https:\/\/pysslingen.se\/blabarsstallet\/kontakt\/","title":{"rendered":"Kontakt"},"content":{"rendered":"\n\t\n\t\n<section  class=\"ams-map ams-map--fifty c-block  media-bottom media-right \" data-color-scheme=\"usp-pink-background-blue-cards\" data-locations=\"[{&quot;id&quot;:&quot;276&quot;,&quot;county&quot;:&quot;Stockholm&quot;,&quot;city&quot;:&quot;Huddinge&quot;,&quot;school&quot;:&quot;Bl\\u00e5b\\u00e4rsst\\u00e4llet&quot;,&quot;title&quot;:&quot;Pysslingen Bl\\u00e5b\\u00e4rsst\\u00e4llet&quot;,&quot;phone&quot;:&quot;0722302552&quot;,&quot;phone_formatted&quot;:&quot;072-2302552&quot;,&quot;email&quot;:&quot;blabarsstallet@pysslingen.se&quot;,&quot;visiting_address&quot;:{&quot;address&quot;:&quot;Gamla Dalar\\u00f6v\\u00e4gen 6&quot;,&quot;zip_code&quot;:&quot;14252&quot;,&quot;city&quot;:&quot;Skog\\u00e5s&quot;},&quot;postal_address&quot;:{&quot;address&quot;:&quot;Gamla Dalar\\u00f6v\\u00e4gen 6&quot;,&quot;zip_code&quot;:&quot;14252&quot;,&quot;city&quot;:&quot;Skog\\u00e5s&quot;},&quot;address_map&quot;:&quot;F\\u00f6rskola Bl\\u00e5b\\u00e4rsst\\u00e4llet - Pysslingen F\\u00f6rskolor, Gamla Dalar\\u00f6v\\u00e4gen, Skog\\u00e5s, Sverige&quot;,&quot;lat&quot;:59.20496410000001,&quot;lng&quot;:18.141497,&quot;link&quot;:{&quot;url&quot;:&quot;\\\/blabarsstallet&quot;,&quot;text&quot;:&quot;L\\u00e4s mer om f\\u00f6rskolan&quot;}}]\">\n\t<div class=\"ams-map__content u-pt-fluid-3xl-6xl u-pb-fluid-3xl-6xl l-stack l-stack-fluid-xl is-left is-left@lg\">\n\t\t\t\n\t<h1\n\tclass=\"c-heading u-font-title-1 \"\n\tstyle=\"\">\n\t\t\n\t\t\t\t\tKontakta Pysslingen Bl\u00e5b\u00e4rsst\u00e4llet\n\t\t\t\t\n\t<\/h1>\n\n\t\t\n\t\t\t\t\t<div class=\"contact-info l-stack\">\n\t\t\t\t\t\t\t\t\t<div class=\"contact-info__item\">\n\t\t\t\t\t\t<p class=\"contact-info__heading u-font-title-4\">\n\t\t\t\t\t\t\tBes\u00f6ksadress\n\t\t\t\t\t\t<\/p>\n\t\t\t\t\t\t<p>\n\t\t\t\t\t\t\t\t\t\t\t\t\t\t\tGamla Dalar\u00f6v\u00e4gen 6<br \/>\n\t\t\t\t\t\t\t\t\t\t\t\t\t\t14252 Skog\u00e5s\n\t\t\t\t\t\t<\/p>\n\t\t\t\t\t<\/div>\n\t\t\t\t\n\t\t\t\t\n\t\t\t\t\t\t\t\t\t<div class=\"contact-info__item\">\n\t\t\t\t\t\t<p class=\"contact-info__heading u-font-title-4\">\n\t\t\t\t\t\t\tKontakt\n\t\t\t\t\t\t<\/p>\n\t\t\t\t\t\t<p>\n\t\t\t\t\t\t\t\t\t\t\t\t\t\t\t<a href=\"tel:0722302552\">072-2302552<\/a><br \/>\n\t\t\t\t\t\t\t\t\t\t\t\t\t\t\t\t\t\t\t\t\t\t<a href=\"mailto:blabarsstallet@pysslingen.se\">blabarsstallet@pysslingen.se<\/a>\n\t\t\t\t\t\t\t\t\t\t\t\t\t<\/p>\n\t\t\t\t\t<\/div>\n\t\t\t\t\t\t\t<\/div>\n\t\t\t<\/div>\n\n\t<div class=\"ams-map__media\">\n\t<\/div>\n<\/section>\n\n\n\n\n<section  class=\"ams-cta ams-cta--stacked c-block l-stacked\">\n\t<div class=\"l-container l-stack l-stack-fluid-2xl u-pt-fluid-md-xl u-pb-fluid-md-xl is-center is-center@md\">\n\t\t\t\t\t<div class=\"ams-cta__intro l-stack l-stack-lg\">\n\t\t\t\t\t\n\t<h2\n\tclass=\"c-heading u-font-title-1 \"\n\tstyle=\"\">\n\t\t\n\t\t\t\t\tHar du fr\u00e5gor om ans\u00f6kan eller k\u00f6plats?\n\t\t\t\t\n\t<\/h2>\n\n\t\t\t\t\t\t\t<\/div>\n\t\t\n\t\t\n\t\t\t<div class=\"ams-cta__action u-inline-items\">\n\t\t\t\t\t\t\t\n\n\n<a href=\"https:\/\/pysslingen.se\/glantan\/kontakt\/#admin\"\n\t\n\tclass=\"c-btn \"\n\tdata-style=\"rounded\"\n\tdata-size=\"md\"\n\tdata-width=\"full-mobile\"\n\tdata-variant=\"default\"\n\ttarget=\"_self\">\n\t\t\t<span class=\"label\"> Kontakta v\u00e5ra administrat\u00f6rer<\/span>\n\t\t\t<\/a>\n\t\t\t<\/div>\n\t<\/div>\n\n\t\t\n\n<\/section>\n\n\n\n<section \n\t\t class=\"\n\t\t ams-contact\n\t\t \n\t\t c-block l-stacked\n\t\t \n\t\t \n\t\t js-load-more\n\t\t \"\n\t\t data-color-scheme=\"\"\n\t\t\t\t\tdata-count=\"3\"\n\t\t\t\t\t\t\tdata-count-mobile=\"2\"\n\t\t\t\t>\n\t<div\n\t\t class=\"\n\t\t l-container\n\t\t l-stack l-stack-fluid-2xl\n\t\t u-pt-fluid-md-xl\n\t\t u-pb-fluid-md-xl\n\t\t is-center\n\t\t is-center@md\n\t\t \">\n\t\t\t\t\t<div class=\"ams-contact__intro l-stack l-stack-lg\">\n\t\t\t\t\t\n\t<h2\n\tclass=\"c-heading u-font-title-1 \"\n\tstyle=\"\">\n\t\t\n\t\t\t\t\tLedningsteam\n\t\t\t\t\n\t<\/h2>\n\n\t\t\t\t\t\t\t<\/div>\n\t\t\n\t\t\n\t\t    \t\n\t\t\n\t\t<ul\n\t\t\tid=\"contact-grid-69f4cb89a44e8\"\n\t\t\tclass=\"ams-contact__list l-grid u-gap-fluid-2xl-4xl u-justify-center js-results \"\n\t\t\taria-label=\"Kontakter\"\n\t\t\tdata-filter-animation=\"off\"\n\t\t\t>\n\t\t\t\t\t\t\t\t\t\t\t\n\t\t\t\t\n\t\t\t\t<li class=\"l-col-6@md l-col-4@lg \" data-filter=\"b\">\n\t\t\t\t\t<article class=\"c-card \" data-variant=\"neutral\">\n\t\t\t\t\t\t<div class=\"c-card__content u-text-center\">\n\t\t\t\t\t\t\t\t\t\t\t\t\t\t\t<h3 class=\"c-card__title u-font-title-3\">\n\t\t\t\t\t\t\t\t\tAnn Ek\n\t\t\t\t\t\t\t\t<\/h3>\n\t\t\t\t\t\t\t\n\t\t\t\t\t\t\t\t\t\t\t\t\t\t\t<p class=\"position u-font-body\">Bitr\u00e4dande rektor<\/p>\n\t\t\t\t\t\t\t\n\t\t\t\t\t\t\t\t\t\t\t\t\t\t\t<div class=\"contact-info u-font-body\">\n\t\t\t\t\t\t\t\t\t\t\t\t\t\t\t\t\t\t\t\t\t\t\t\t\t\t\t\t\t\t<p class=\"phone\"><a\n\t\t\t\t\t\t\t\t\t\t\t\t\thref=\"tel:0761021899\"\n\t\t\t\t\t\t\t\t\t\t\t\t\tclass=\"u-text-link\">076-102 18 99<\/a>\n\t\t\t\t\t\t\t\t\t\t\t<\/p>\n\t\t\t\t\t\t\t\t\t\t\t\t\t\t\t\t\t\t\t\n\t\t\t\t\t\t\t\t\t\t\t\t\t\t\t\t\t\t\t\t\t\t\t\t\t\t\t\t\t\t<p class=\"email\"><a\n\t\t\t\t\t\t\t\t\t\t\t\t\thref=\"&#109;a&#105;lt&#111;&#058;&#097;&#110;n.&#101;k&#064;&#112;y&#115;&#115;&#108;i&#110;&#103;en.&#115;&#101;\"\n\t\t\t\t\t\t\t\t\t\t\t\t\tclass=\"u-text-link\">&#097;&#110;&#110;&#046;ek&#064;&#112;&#121;s&#115;l&#105;n&#103;e&#110;.s&#101;<\/a>\n\t\t\t\t\t\t\t\t\t\t\t<\/p>\n\t\t\t\t\t\t\t\t\t\t\t\t\t\t\t\t\t\t\t\t\t\t\t\t\t\t\t<\/div>\n\t\t\t\t\t\t\t\n\t\t\t\t\t\t\t\t\t\t\t\t\t<\/div>\n\t\t\t\t\t\t<div class=\"c-card__media\">\n\t\t\t\t\t\t\t\t\t\t\t\t\t\t\t\t\t\t\t\t\t\t\t\t\t\t\t\t\t\t\t\t\t\t\t\t\t\t\t\t\t\t\t\t\t\t\t\t\t<img decoding=\"async\" width=\"400\" height=\"424\" src=\"https:\/\/pysslingen.se\/wp-content\/uploads\/sites\/9\/2025\/08\/thumbnailoutlook-tfe152jk-400x424.png\" class=\"u-radius-rounded u-ratio-landscape  \" alt=\"Bitr\u00e4dande rektor Ann Ek\" sizes=\"(max-width: 300px) 100vw, 300px\" srcset=\"https:\/\/pysslingen.se\/wp-content\/uploads\/sites\/9\/2025\/08\/thumbnailoutlook-tfe152jk-400x424.png 400w, https:\/\/pysslingen.se\/wp-content\/uploads\/sites\/9\/2025\/08\/thumbnailoutlook-tfe152jk-300x318.png 300w, https:\/\/pysslingen.se\/wp-content\/uploads\/sites\/9\/2025\/08\/thumbnailoutlook-tfe152jk-600x636.png 600w, https:\/\/pysslingen.se\/wp-content\/uploads\/sites\/9\/2025\/08\/thumbnailoutlook-tfe152jk-800x848.png 800w, https:\/\/pysslingen.se\/wp-content\/uploads\/sites\/9\/2025\/08\/thumbnailoutlook-tfe152jk.png 934w\" \/>\n\t\t\t\t\t\t<\/div>\n\t\t\t\t\t<\/article>\n\t\t\t\t<\/li>\n\t\t\t\t\t\t\t\t\t\t\t\n\t\t\t\t\n\t\t\t\t<li class=\"l-col-6@md l-col-4@lg \" data-filter=\"b\">\n\t\t\t\t\t<article class=\"c-card \" data-variant=\"neutral\">\n\t\t\t\t\t\t<div class=\"c-card__content u-text-center\">\n\t\t\t\t\t\t\t\t\t\t\t\t\t\t\t<h3 class=\"c-card__title u-font-title-3\">\n\t\t\t\t\t\t\t\t\tSara Woxblom\n\t\t\t\t\t\t\t\t<\/h3>\n\t\t\t\t\t\t\t\n\t\t\t\t\t\t\t\t\t\t\t\t\t\t\t<p class=\"position u-font-body\">Rektor<\/p>\n\t\t\t\t\t\t\t\n\t\t\t\t\t\t\t\t\t\t\t\t\t\t\t<div class=\"contact-info u-font-body\">\n\t\t\t\t\t\t\t\t\t\t\t\t\t\t\t\t\t\t\t\t\t\t\t\t\t\t\t\t\t\t<p class=\"phone\"><a\n\t\t\t\t\t\t\t\t\t\t\t\t\thref=\"tel:0761013573\"\n\t\t\t\t\t\t\t\t\t\t\t\t\tclass=\"u-text-link\">076-101 35 73<\/a>\n\t\t\t\t\t\t\t\t\t\t\t<\/p>\n\t\t\t\t\t\t\t\t\t\t\t\t\t\t\t\t\t\t\t\n\t\t\t\t\t\t\t\t\t\t\t\t\t\t\t\t\t\t\t\t\t\t\t\t\t\t\t\t\t\t<p class=\"email\"><a\n\t\t\t\t\t\t\t\t\t\t\t\t\thref=\"&#109;&#097;&#105;&#108;to:&#115;a&#114;a.&#119;o&#120;b&#108;o&#109;&#064;p&#121;s&#115;&#108;i&#110;&#103;en&#046;se\"\n\t\t\t\t\t\t\t\t\t\t\t\t\tclass=\"u-text-link\">sa&#114;a&#046;w&#111;xblo&#109;&#064;&#112;&#121;&#115;s&#108;&#105;&#110;gen&#046;se<\/a>\n\t\t\t\t\t\t\t\t\t\t\t<\/p>\n\t\t\t\t\t\t\t\t\t\t\t\t\t\t\t\t\t\t\t\t\t\t\t\t\t\t\t<\/div>\n\t\t\t\t\t\t\t\n\t\t\t\t\t\t\t\t\t\t\t\t\t<\/div>\n\t\t\t\t\t\t<div class=\"c-card__media\">\n\t\t\t\t\t\t\t\t\t\t\t\t\t\t\t\t\t\t\t\t\t\t\t\t\t\t\t\t\t\t\t\t\t\t\t\t\t\t\t\t\t\t\t\t\t\t\t\t\t<img decoding=\"async\" width=\"265\" height=\"262\" src=\"https:\/\/pysslingen.se\/wp-content\/uploads\/sites\/9\/2025\/01\/skarmbild-2025-08-20-102041.png\" class=\"u-radius-rounded u-ratio-landscape  \" alt=\"\" sizes=\"(max-width: 300px) 100vw, 300px\" \/>\n\t\t\t\t\t\t<\/div>\n\t\t\t\t\t<\/article>\n\t\t\t\t<\/li>\n\t\t\t\t\t<\/ul>\n\n\t\t\n\t\t    <div class=\"ams-contact__more u-inline-items js-load-more-btn\">\n        <button href=\"#\"\n                class=\"c-btn\"\n                data-style=\"rounded\"\n                data-size=\"md\"\n                data-width=\"full-mobile\"\n                data-variant=\"outline\">\n        \tVisa mer\n        <\/button>\n    <\/div>\n\n\t\t\t<\/div>\n\n\t\t\n\n<\/section>\n\n\n\n<section \n\t\t class=\"\n\t\t ams-contact\n\t\t \n\t\t c-block l-stacked\n\t\t \n\t\t \n\t\t js-load-more\n\t\t \"\n\t\t data-color-scheme=\"\"\n\t\t\t\t\tdata-count=\"3\"\n\t\t\t\t\t\t\tdata-count-mobile=\"2\"\n\t\t\t\t>\n\t<div\n\t\t class=\"\n\t\t l-container\n\t\t l-stack l-stack-fluid-2xl\n\t\t u-pt-fluid-md-xl\n\t\t u-pb-fluid-md-xl\n\t\t is-center\n\t\t is-center@md\n\t\t \">\n\t\t\t\t\t<div class=\"ams-contact__intro l-stack l-stack-lg\">\n\t\t\t\t\t\n\t<h2\n\tclass=\"c-heading u-font-title-1 \"\n\tstyle=\"\">\n\t\t\n\t\t\t\t\tSamordnare\n\t\t\t\t\n\t<\/h2>\n\n\t\t\t\t\t\t\t<\/div>\n\t\t\n\t\t\n\t\t    \t\n\t\t\n\t\t<ul\n\t\t\tid=\"contact-grid-69f4cb89a789a\"\n\t\t\tclass=\"ams-contact__list l-grid u-gap-fluid-2xl-4xl u-justify-center js-results \"\n\t\t\taria-label=\"Kontakter\"\n\t\t\tdata-filter-animation=\"off\"\n\t\t\t>\n\t\t\t\t\t\t\t\t\t\t\t\n\t\t\t\t\n\t\t\t\t<li class=\"l-col-6@md l-col-4@lg \" data-filter=\"samordnare\">\n\t\t\t\t\t<article class=\"c-card \" data-variant=\"neutral\">\n\t\t\t\t\t\t<div class=\"c-card__content u-text-center\">\n\t\t\t\t\t\t\t\t\t\t\t\t\t\t\t<h3 class=\"c-card__title u-font-title-3\">\n\t\t\t\t\t\t\t\t\tCamilla Raanaes Barragan\n\t\t\t\t\t\t\t\t<\/h3>\n\t\t\t\t\t\t\t\n\t\t\t\t\t\t\t\t\t\t\t\t\t\t\t<p class=\"position u-font-body\">Samordnare<\/p>\n\t\t\t\t\t\t\t\n\t\t\t\t\t\t\t\t\t\t\t\t\t\t\t<div class=\"contact-info u-font-body\">\n\t\t\t\t\t\t\t\t\t\t\t\t\t\t\t\t\t\t\t\t\t\t\t\t\t\t\t\t\t\t<p class=\"phone\"><a\n\t\t\t\t\t\t\t\t\t\t\t\t\thref=\"tel:0722302552\"\n\t\t\t\t\t\t\t\t\t\t\t\t\tclass=\"u-text-link\">072-230 25 52<\/a>\n\t\t\t\t\t\t\t\t\t\t\t<\/p>\n\t\t\t\t\t\t\t\t\t\t\t\t\t\t\t\t\t\t\t\n\t\t\t\t\t\t\t\t\t\t\t\t\t\t\t\t\t\t\t\t\t\t\t\t\t\t\t\t\t\t<p class=\"email\"><a\n\t\t\t\t\t\t\t\t\t\t\t\t\thref=\"m&#097;il&#116;o:c&#097;&#109;&#105;&#108;l&#097;.bar&#114;agan&#064;&#112;&#121;s&#115;&#108;&#105;ng&#101;&#110;&#046;s&#101;\"\n\t\t\t\t\t\t\t\t\t\t\t\t\tclass=\"u-text-link\">c&#097;&#109;&#105;ll&#097;.b&#097;rr&#097;ga&#110;&#064;pyss&#108;&#105;&#110;g&#101;n&#046;s&#101;<\/a>\n\t\t\t\t\t\t\t\t\t\t\t<\/p>\n\t\t\t\t\t\t\t\t\t\t\t\t\t\t\t\t\t\t\t\t\t\t\t\t\t\t\t<\/div>\n\t\t\t\t\t\t\t\n\t\t\t\t\t\t\t\t\t\t\t\t\t<\/div>\n\t\t\t\t\t\t<div class=\"c-card__media\">\n\t\t\t\t\t\t\t\t\t\t\t\t\t\t\t\t\t\t\t\t\t\t\t\t\t\t\t\t\t\t\t\t\t\t\t\t\t\t\t\t\t\t\t\t\t\t\t\t\t<img decoding=\"async\" width=\"377\" height=\"504\" src=\"https:\/\/pysslingen.se\/wp-content\/uploads\/sites\/9\/2020\/11\/intervju-pedagog.png\" class=\"u-radius-rounded u-ratio-landscape  \" alt=\"Portr\u00e4ttbild p\u00e5 medarbetare.\" sizes=\"(max-width: 300px) 100vw, 300px\" srcset=\"https:\/\/pysslingen.se\/wp-content\/uploads\/sites\/9\/2020\/11\/intervju-pedagog.png 377w, https:\/\/pysslingen.se\/wp-content\/uploads\/sites\/9\/2020\/11\/intervju-pedagog-224x300.png 224w\" \/>\n\t\t\t\t\t\t<\/div>\n\t\t\t\t\t<\/article>\n\t\t\t\t<\/li>\n\t\t\t\t\t<\/ul>\n\n\t\t\n\t\t    <div class=\"ams-contact__more u-inline-items js-load-more-btn\">\n        <button href=\"#\"\n                class=\"c-btn\"\n                data-style=\"rounded\"\n                data-size=\"md\"\n                data-width=\"full-mobile\"\n                data-variant=\"outline\">\n        \tVisa mer\n        <\/button>\n    <\/div>\n\n\t\t\t<\/div>\n\n\t\t\n\n<\/section>\n\n\n\n<section id=admin\n\t\t class=\"\n\t\t ams-contact\n\t\t \n\t\t c-block l-stacked\n\t\t \n\t\t \n\t\t js-load-more\n\t\t \"\n\t\t data-color-scheme=\"\"\n\t\t\t\t\tdata-count=\"3\"\n\t\t\t\t\t\t\tdata-count-mobile=\"2\"\n\t\t\t\t>\n\t<div\n\t\t class=\"\n\t\t l-container\n\t\t l-stack l-stack-fluid-2xl\n\t\t u-pt-fluid-md-xl\n\t\t u-pb-fluid-md-xl\n\t\t is-center\n\t\t is-center@md\n\t\t \">\n\t\t\t\t\t<div class=\"ams-contact__intro l-stack l-stack-lg\">\n\t\t\t\t\t\n\t<h2\n\tclass=\"c-heading u-font-title-1 \"\n\tstyle=\"\">\n\t\t\n\t\t\t\t\tAdministration\n\t\t\t\t\n\t<\/h2>\n\n\t\t\t\t\t\t\t<\/div>\n\t\t\n\t\t\n\t\t    \t\n\t\t\n\t\t<ul\n\t\t\tid=\"contact-grid-69f4cb89a9e8c\"\n\t\t\tclass=\"ams-contact__list l-grid u-gap-fluid-2xl-4xl u-justify-center js-results \"\n\t\t\taria-label=\"Kontakter\"\n\t\t\tdata-filter-animation=\"off\"\n\t\t\t>\n\t\t\t\t\t\t\t\t\t\t\t\n\t\t\t\t\n\t\t\t\t<li class=\"l-col-6@md l-col-4@lg \" data-filter=\"administration\">\n\t\t\t\t\t<article class=\"c-card \" data-variant=\"neutral\">\n\t\t\t\t\t\t<div class=\"c-card__content u-text-center\">\n\t\t\t\t\t\t\t\t\t\t\t\t\t\t\t<h3 class=\"c-card__title u-font-title-3\">\n\t\t\t\t\t\t\t\t\tAnnika Atmarsson &#038; Sofia Sundkvist\n\t\t\t\t\t\t\t\t<\/h3>\n\t\t\t\t\t\t\t\n\t\t\t\t\t\t\t\t\t\t\t\t\t\t\t<p class=\"position u-font-body\">Administrat\u00f6rer<\/p>\n\t\t\t\t\t\t\t\n\t\t\t\t\t\t\t\t\t\t\t\t\t\t\t<div class=\"contact-info u-font-body\">\n\t\t\t\t\t\t\t\t\t\n\t\t\t\t\t\t\t\t\t\t\t\t\t\t\t\t\t\t\t\t\t\t\t\t\t\t\t\t\t\t<p class=\"email\"><a\n\t\t\t\t\t\t\t\t\t\t\t\t\thref=\"ma&#105;l&#116;&#111;&#058;py&#115;sl&#105;n&#103;e&#110;.ad&#109;i&#110;&#046;re&#103;i&#111;&#110;&#051;&#064;&#112;ys&#115;&#108;&#105;&#110;g&#101;&#110;&#046;&#115;&#101;\"\n\t\t\t\t\t\t\t\t\t\t\t\t\tclass=\"u-text-link\">&#112;&#121;&#115;s&#108;&#105;&#110;&#103;en.admin&#046;&#114;&#101;g&#105;&#111;n3&#064;&#112;&#121;ssl&#105;&#110;&#103;en.s&#101;<\/a>\n\t\t\t\t\t\t\t\t\t\t\t<\/p>\n\t\t\t\t\t\t\t\t\t\t\t\t\t\t\t\t\t\t\t\t\t\t\t\t\t\t\t<\/div>\n\t\t\t\t\t\t\t\n\t\t\t\t\t\t\t\t\t\t\t\t\t<\/div>\n\t\t\t\t\t\t<div class=\"c-card__media\">\n\t\t\t\t\t\t\t\t\t\t\t\t\t\t\t\t\t\t\t\t\t\t\t\t\t\t\t\t\t\t\t\t\t\t\t\t\t\t\t\t\t\t\t\t\t\t\t\t\t<img decoding=\"async\" width=\"400\" height=\"267\" src=\"https:\/\/pysslingen.se\/wp-content\/uploads\/sites\/9\/2025\/10\/annikasofia-400x267.jpg\" class=\"u-radius-rounded u-ratio-landscape  \" alt=\"Portr\u00e4ttbild p\u00e5 v\u00e5ra administrat\u00f6rer.\" sizes=\"(max-width: 300px) 100vw, 300px\" srcset=\"https:\/\/pysslingen.se\/wp-content\/uploads\/sites\/9\/2025\/10\/annikasofia-400x267.jpg 400w, https:\/\/pysslingen.se\/wp-content\/uploads\/sites\/9\/2025\/10\/annikasofia-300x200.jpg 300w, https:\/\/pysslingen.se\/wp-content\/uploads\/sites\/9\/2025\/10\/annikasofia-600x400.jpg 600w, https:\/\/pysslingen.se\/wp-content\/uploads\/sites\/9\/2025\/10\/annikasofia-800x533.jpg 800w, https:\/\/pysslingen.se\/wp-content\/uploads\/sites\/9\/2025\/10\/annikasofia-1024x683.jpg 1024w, https:\/\/pysslingen.se\/wp-content\/uploads\/sites\/9\/2025\/10\/annikasofia-1200x800.jpg 1200w\" \/>\n\t\t\t\t\t\t<\/div>\n\t\t\t\t\t<\/article>\n\t\t\t\t<\/li>\n\t\t\t\t\t<\/ul>\n\n\t\t\n\t\t    <div class=\"ams-contact__more u-inline-items js-load-more-btn\">\n        <button href=\"#\"\n                class=\"c-btn\"\n                data-style=\"rounded\"\n                data-size=\"md\"\n                data-width=\"full-mobile\"\n                data-variant=\"outline\">\n        \tVisa mer\n        <\/button>\n    <\/div>\n\n\t\t\t<\/div>\n\n\t\t\n\n<\/section>\n\n\n\n<section \n\t\t class=\"\n\t\t ams-contact\n\t\t \n\t\t c-block l-stacked\n\t\t \n\t\t \n\t\t js-load-more\n\t\t \"\n\t\t data-color-scheme=\"\"\n\t\t\t\t\tdata-count=\"3\"\n\t\t\t\t\t\t\tdata-count-mobile=\"2\"\n\t\t\t\t>\n\t<div\n\t\t class=\"\n\t\t l-container\n\t\t l-stack l-stack-fluid-2xl\n\t\t u-pt-fluid-md-xl\n\t\t u-pb-fluid-md-xl\n\t\t is-center\n\t\t is-center@md\n\t\t \">\n\t\t\t\t\t<div class=\"ams-contact__intro l-stack l-stack-lg\">\n\t\t\t\t\t\n\t<h2\n\tclass=\"c-heading u-font-title-1 \"\n\tstyle=\"\">\n\t\t\n\t\t\t\t\tSkolchef &#8211; ansvarig f\u00f6r regionen\n\t\t\t\t\n\t<\/h2>\n\n\t\t\t\t\t\t\t<\/div>\n\t\t\n\t\t\n\t\t    \t\n\t\t\n\t\t<ul\n\t\t\tid=\"contact-grid-69f4cb89ac0b8\"\n\t\t\tclass=\"ams-contact__list l-grid u-gap-fluid-2xl-4xl u-justify-center js-results \"\n\t\t\taria-label=\"Kontakter\"\n\t\t\tdata-filter-animation=\"off\"\n\t\t\t>\n\t\t\t\t\t\t\t\t\t\t\t\n\t\t\t\t\n\t\t\t\t<li class=\"l-col-6@md l-col-4@lg \" data-filter=\"f\">\n\t\t\t\t\t<article class=\"c-card \" data-variant=\"neutral\">\n\t\t\t\t\t\t<div class=\"c-card__content u-text-center\">\n\t\t\t\t\t\t\t\t\t\t\t\t\t\t\t<h3 class=\"c-card__title u-font-title-3\">\n\t\t\t\t\t\t\t\t\tAinileena Niva\n\t\t\t\t\t\t\t\t<\/h3>\n\t\t\t\t\t\t\t\n\t\t\t\t\t\t\t\t\t\t\t\t\t\t\t<p class=\"position u-font-body\">Skolchef<\/p>\n\t\t\t\t\t\t\t\n\t\t\t\t\t\t\t\t\t\t\t\t\t\t\t<div class=\"contact-info u-font-body\">\n\t\t\t\t\t\t\t\t\t\t\t\t\t\t\t\t\t\t\t\t\t\t\t\t\t\t\t\t\t\t<p class=\"phone\"><a\n\t\t\t\t\t\t\t\t\t\t\t\t\thref=\"tel:084515418\"\n\t\t\t\t\t\t\t\t\t\t\t\t\tclass=\"u-text-link\">08-451 54 18<\/a>\n\t\t\t\t\t\t\t\t\t\t\t<\/p>\n\t\t\t\t\t\t\t\t\t\t\t\t\t\t\t\t\t\t\t\n\t\t\t\t\t\t\t\t\t\t\t\t\t\t\t\t\t\t\t\t\t\t\t\t\t\t\t\t\t\t<p class=\"email\"><a\n\t\t\t\t\t\t\t\t\t\t\t\t\thref=\"mai&#108;&#116;&#111;:&#097;i&#110;&#105;lee&#110;&#097;&#046;&#110;i&#118;a&#064;&#112;y&#115;&#115;l&#105;ng&#101;n.se\"\n\t\t\t\t\t\t\t\t\t\t\t\t\tclass=\"u-text-link\">&#097;inil&#101;&#101;&#110;&#097;&#046;&#110;iva&#064;p&#121;&#115;&#115;l&#105;&#110;&#103;&#101;&#110;.s&#101;<\/a>\n\t\t\t\t\t\t\t\t\t\t\t<\/p>\n\t\t\t\t\t\t\t\t\t\t\t\t\t\t\t\t\t\t\t\t\t\t\t\t\t\t\t<\/div>\n\t\t\t\t\t\t\t\n\t\t\t\t\t\t\t\t\t\t\t\t\t<\/div>\n\t\t\t\t\t\t<div class=\"c-card__media\">\n\t\t\t\t\t\t\t\t\t\t\t\t\t\t\t\t\t\t\t\t\t\t\t\t\t\t\t\t\t\t\t\t\t\t\t\t\t\t\t\t\t\t\t\t\t\t\t\t\t<img decoding=\"async\" width=\"400\" height=\"267\" src=\"https:\/\/pysslingen.se\/wp-content\/uploads\/sites\/9\/2020\/10\/ainileena-1-400x267.jpg\" class=\"u-radius-rounded u-ratio-landscape  \" alt=\"Portr\u00e4tt av medarbetare.\" sizes=\"(max-width: 300px) 100vw, 300px\" srcset=\"https:\/\/pysslingen.se\/wp-content\/uploads\/sites\/9\/2020\/10\/ainileena-1-400x267.jpg 400w, https:\/\/pysslingen.se\/wp-content\/uploads\/sites\/9\/2020\/10\/ainileena-1-300x200.jpg 300w, https:\/\/pysslingen.se\/wp-content\/uploads\/sites\/9\/2020\/10\/ainileena-1-600x400.jpg 600w, https:\/\/pysslingen.se\/wp-content\/uploads\/sites\/9\/2020\/10\/ainileena-1-800x533.jpg 800w, https:\/\/pysslingen.se\/wp-content\/uploads\/sites\/9\/2020\/10\/ainileena-1-1024x683.jpg 1024w, https:\/\/pysslingen.se\/wp-content\/uploads\/sites\/9\/2020\/10\/ainileena-1-1200x800.jpg 1200w\" \/>\n\t\t\t\t\t\t<\/div>\n\t\t\t\t\t<\/article>\n\t\t\t\t<\/li>\n\t\t\t\t\t<\/ul>\n\n\t\t\n\t\t    <div class=\"ams-contact__more u-inline-items js-load-more-btn\">\n        <button href=\"#\"\n                class=\"c-btn\"\n                data-style=\"rounded\"\n                data-size=\"md\"\n                data-width=\"full-mobile\"\n                data-variant=\"outline\">\n        \tVisa mer\n        <\/button>\n    <\/div>\n\n\t\t\t<\/div>\n\n\t\t\n\n<\/section>\n","protected":false},"excerpt":{"rendered":"","protected":false},"author":3,"featured_media":0,"parent":0,"menu_order":0,"comment_status":"closed","ping_status":"closed","template":"archive-personal.php","meta":{"footnotes":""},"yoast_head":"<!-- This site is optimized with the Yoast SEO plugin v22.0 - https:\/\/yoast.com\/wordpress\/plugins\/seo\/ -->\n<title>Kontakt - Pysslingen F\u00f6rskolor Bl\u00e5b\u00e4rsst\u00e4llet<\/title>\n<meta name=\"description\" content=\"V\u00e4lkommen att kontakta oss p\u00e5 Pysslingen Bl\u00e5b\u00e4rsst\u00e4llet! H\u00e4r hittar du kontaktuppgifter till f\u00f6rskolan, platsansvarig, ledningsteam och skolchef.\" \/>\n<meta name=\"robots\" content=\"index, follow, max-snippet:-1, max-image-preview:large, max-video-preview:-1\" \/>\n<link rel=\"canonical\" href=\"https:\/\/pysslingen.se\/blabarsstallet\/kontakt\/\" \/>\n<meta property=\"og:locale\" content=\"sv_SE\" \/>\n<meta property=\"og:type\" content=\"article\" \/>\n<meta property=\"og:title\" content=\"Kontakt - Pysslingen F\u00f6rskolor Bl\u00e5b\u00e4rsst\u00e4llet\" \/>\n<meta property=\"og:description\" content=\"V\u00e4lkommen att kontakta oss p\u00e5 Pysslingen Bl\u00e5b\u00e4rsst\u00e4llet! H\u00e4r hittar du kontaktuppgifter till f\u00f6rskolan, platsansvarig, ledningsteam och skolchef.\" \/>\n<meta property=\"og:url\" content=\"https:\/\/pysslingen.se\/blabarsstallet\/kontakt\/\" \/>\n<meta property=\"og:site_name\" content=\"Bl\u00e5b\u00e4rsst\u00e4llet\" \/>\n<meta property=\"article:modified_time\" content=\"2025-10-22T12:50:55+00:00\" \/>\n<meta name=\"twitter:card\" content=\"summary_large_image\" \/>\n<meta name=\"twitter:title\" content=\"Kontakt - Pysslingen F\u00f6rskolor Bl\u00e5b\u00e4rsst\u00e4llet\" \/>\n<meta name=\"twitter:description\" content=\"V\u00e4lkommen att kontakta oss p\u00e5 Pysslingen Bl\u00e5b\u00e4rsst\u00e4llet! H\u00e4r hittar du kontaktuppgifter till f\u00f6rskolan, platsansvarig, ledningsteam och skolchef.\" \/>\n<script type=\"application\/ld+json\" class=\"yoast-schema-graph\">{\"@context\":\"https:\/\/schema.org\",\"@graph\":[{\"@type\":\"WebPage\",\"@id\":\"https:\/\/pysslingen.se\/blabarsstallet\/kontakt\/\",\"url\":\"https:\/\/pysslingen.se\/blabarsstallet\/kontakt\/\",\"name\":\"Kontakt - Pysslingen F\u00f6rskolor Bl\u00e5b\u00e4rsst\u00e4llet\",\"isPartOf\":{\"@id\":\"https:\/\/pysslingen.se\/blabarsstallet\/#website\"},\"datePublished\":\"2020-10-01T11:13:05+00:00\",\"dateModified\":\"2025-10-22T12:50:55+00:00\",\"description\":\"V\u00e4lkommen att kontakta oss p\u00e5 Pysslingen Bl\u00e5b\u00e4rsst\u00e4llet! H\u00e4r hittar du kontaktuppgifter till f\u00f6rskolan, platsansvarig, ledningsteam och skolchef.\",\"breadcrumb\":{\"@id\":\"https:\/\/pysslingen.se\/blabarsstallet\/kontakt\/#breadcrumb\"},\"inLanguage\":\"sv-SE\",\"potentialAction\":[{\"@type\":\"ReadAction\",\"target\":[\"https:\/\/pysslingen.se\/blabarsstallet\/kontakt\/\"]}]},{\"@type\":\"BreadcrumbList\",\"@id\":\"https:\/\/pysslingen.se\/blabarsstallet\/kontakt\/#breadcrumb\",\"itemListElement\":[{\"@type\":\"ListItem\",\"position\":1,\"name\":\"Start\",\"item\":\"https:\/\/pysslingen.se\/blabarsstallet\/\"},{\"@type\":\"ListItem\",\"position\":2,\"name\":\"Kontakt\"}]},{\"@type\":\"WebSite\",\"@id\":\"https:\/\/pysslingen.se\/blabarsstallet\/#website\",\"url\":\"https:\/\/pysslingen.se\/blabarsstallet\/\",\"name\":\"Bl\u00e5b\u00e4rsst\u00e4llet\",\"description\":\"En trygg och stimulerande v\u00e4rld\",\"publisher\":{\"@id\":\"https:\/\/pysslingen.se\/blabarsstallet\/#organization\"},\"potentialAction\":[{\"@type\":\"SearchAction\",\"target\":{\"@type\":\"EntryPoint\",\"urlTemplate\":\"https:\/\/pysslingen.se\/blabarsstallet\/?s={search_term_string}\"},\"query-input\":\"required name=search_term_string\"}],\"inLanguage\":\"sv-SE\"},{\"@type\":\"Organization\",\"@id\":\"https:\/\/pysslingen.se\/blabarsstallet\/#organization\",\"name\":\"Pysslingen F\u00f6rskolor\",\"url\":\"https:\/\/pysslingen.se\/blabarsstallet\/\",\"logo\":{\"@type\":\"ImageObject\",\"inLanguage\":\"sv-SE\",\"@id\":\"https:\/\/pysslingen.se\/blabarsstallet\/#\/schema\/logo\/image\/\",\"url\":\"https:\/\/pysslingen.se\/wp-content\/uploads\/2021\/05\/pysslingen-forskolor.png\",\"contentUrl\":\"https:\/\/pysslingen.se\/wp-content\/uploads\/2021\/05\/pysslingen-forskolor.png\",\"width\":1120,\"height\":630,\"caption\":\"Pysslingen F\u00f6rskolor\"},\"image\":{\"@id\":\"https:\/\/pysslingen.se\/blabarsstallet\/#\/schema\/logo\/image\/\"}}]}<\/script>\n<!-- \/ Yoast SEO plugin. -->","yoast_head_json":{"title":"Kontakt - Pysslingen F\u00f6rskolor Bl\u00e5b\u00e4rsst\u00e4llet","description":"V\u00e4lkommen att kontakta oss p\u00e5 Pysslingen Bl\u00e5b\u00e4rsst\u00e4llet! H\u00e4r hittar du kontaktuppgifter till f\u00f6rskolan, platsansvarig, ledningsteam och skolchef.","robots":{"index":"index","follow":"follow","max-snippet":"max-snippet:-1","max-image-preview":"max-image-preview:large","max-video-preview":"max-video-preview:-1"},"canonical":"https:\/\/pysslingen.se\/blabarsstallet\/kontakt\/","og_locale":"sv_SE","og_type":"article","og_title":"Kontakt - Pysslingen F\u00f6rskolor Bl\u00e5b\u00e4rsst\u00e4llet","og_description":"V\u00e4lkommen att kontakta oss p\u00e5 Pysslingen Bl\u00e5b\u00e4rsst\u00e4llet! H\u00e4r hittar du kontaktuppgifter till f\u00f6rskolan, platsansvarig, ledningsteam och skolchef.","og_url":"https:\/\/pysslingen.se\/blabarsstallet\/kontakt\/","og_site_name":"Bl\u00e5b\u00e4rsst\u00e4llet","article_modified_time":"2025-10-22T12:50:55+00:00","twitter_card":"summary_large_image","twitter_title":"Kontakt - Pysslingen F\u00f6rskolor Bl\u00e5b\u00e4rsst\u00e4llet","twitter_description":"V\u00e4lkommen att kontakta oss p\u00e5 Pysslingen Bl\u00e5b\u00e4rsst\u00e4llet! H\u00e4r hittar du kontaktuppgifter till f\u00f6rskolan, platsansvarig, ledningsteam och skolchef.","schema":{"@context":"https:\/\/schema.org","@graph":[{"@type":"WebPage","@id":"https:\/\/pysslingen.se\/blabarsstallet\/kontakt\/","url":"https:\/\/pysslingen.se\/blabarsstallet\/kontakt\/","name":"Kontakt - Pysslingen F\u00f6rskolor Bl\u00e5b\u00e4rsst\u00e4llet","isPartOf":{"@id":"https:\/\/pysslingen.se\/blabarsstallet\/#website"},"datePublished":"2020-10-01T11:13:05+00:00","dateModified":"2025-10-22T12:50:55+00:00","description":"V\u00e4lkommen att kontakta oss p\u00e5 Pysslingen Bl\u00e5b\u00e4rsst\u00e4llet! H\u00e4r hittar du kontaktuppgifter till f\u00f6rskolan, platsansvarig, ledningsteam och skolchef.","breadcrumb":{"@id":"https:\/\/pysslingen.se\/blabarsstallet\/kontakt\/#breadcrumb"},"inLanguage":"sv-SE","potentialAction":[{"@type":"ReadAction","target":["https:\/\/pysslingen.se\/blabarsstallet\/kontakt\/"]}]},{"@type":"BreadcrumbList","@id":"https:\/\/pysslingen.se\/blabarsstallet\/kontakt\/#breadcrumb","itemListElement":[{"@type":"ListItem","position":1,"name":"Start","item":"https:\/\/pysslingen.se\/blabarsstallet\/"},{"@type":"ListItem","position":2,"name":"Kontakt"}]},{"@type":"WebSite","@id":"https:\/\/pysslingen.se\/blabarsstallet\/#website","url":"https:\/\/pysslingen.se\/blabarsstallet\/","name":"Bl\u00e5b\u00e4rsst\u00e4llet","description":"En trygg och stimulerande v\u00e4rld","publisher":{"@id":"https:\/\/pysslingen.se\/blabarsstallet\/#organization"},"potentialAction":[{"@type":"SearchAction","target":{"@type":"EntryPoint","urlTemplate":"https:\/\/pysslingen.se\/blabarsstallet\/?s={search_term_string}"},"query-input":"required name=search_term_string"}],"inLanguage":"sv-SE"},{"@type":"Organization","@id":"https:\/\/pysslingen.se\/blabarsstallet\/#organization","name":"Pysslingen F\u00f6rskolor","url":"https:\/\/pysslingen.se\/blabarsstallet\/","logo":{"@type":"ImageObject","inLanguage":"sv-SE","@id":"https:\/\/pysslingen.se\/blabarsstallet\/#\/schema\/logo\/image\/","url":"https:\/\/pysslingen.se\/wp-content\/uploads\/2021\/05\/pysslingen-forskolor.png","contentUrl":"https:\/\/pysslingen.se\/wp-content\/uploads\/2021\/05\/pysslingen-forskolor.png","width":1120,"height":630,"caption":"Pysslingen F\u00f6rskolor"},"image":{"@id":"https:\/\/pysslingen.se\/blabarsstallet\/#\/schema\/logo\/image\/"}}]}},"_links":{"self":[{"href":"https:\/\/pysslingen.se\/blabarsstallet\/wp-json\/wp\/v2\/pages\/194"}],"collection":[{"href":"https:\/\/pysslingen.se\/blabarsstallet\/wp-json\/wp\/v2\/pages"}],"about":[{"href":"https:\/\/pysslingen.se\/blabarsstallet\/wp-json\/wp\/v2\/types\/page"}],"author":[{"embeddable":true,"href":"https:\/\/pysslingen.se\/blabarsstallet\/wp-json\/wp\/v2\/users\/3"}],"replies":[{"embeddable":true,"href":"https:\/\/pysslingen.se\/blabarsstallet\/wp-json\/wp\/v2\/comments?post=194"}],"version-history":[{"count":10,"href":"https:\/\/pysslingen.se\/blabarsstallet\/wp-json\/wp\/v2\/pages\/194\/revisions"}],"predecessor-version":[{"id":1422,"href":"https:\/\/pysslingen.se\/blabarsstallet\/wp-json\/wp\/v2\/pages\/194\/revisions\/1422"}],"wp:attachment":[{"href":"https:\/\/pysslingen.se\/blabarsstallet\/wp-json\/wp\/v2\/media?parent=194"}],"curies":[{"name":"wp","href":"https:\/\/api.w.org\/{rel}","templated":true}]}}