{"id":8,"date":"2020-09-29T09:07:29","date_gmt":"2020-09-29T09:07:29","guid":{"rendered":"https:\/\/pysslingen.se\/bjorngarden\/?page_id=8"},"modified":"2026-02-05T14:04:41","modified_gmt":"2026-02-05T13:04:41","slug":"om-forskolan","status":"publish","type":"page","link":"https:\/\/pysslingen.se\/bjorngarden\/om-forskolan\/","title":{"rendered":"Om f\u00f6rskolan"},"content":{"rendered":"\n\t\n\t\n\t\n\n\t\n\t\n\t\t\n<section  class=\"c-block l-stacked  \" data-color-scheme=\"nyans2_av_cta-dark-card-primar1-light-hover-standard_standard\">\n\t<div class=\"ams-fifty ams-fifty--container ams-fifty--right ams-fifty--bottom l-container u-pt-fluid-3xl-6xl u-pb-fluid-3xl-6xl\">\n\t\t<div class=\"ams-fifty__content l-stack l-stack-xl is-left is-left@lg\">\n\t\t\t<div class=\"ams-fifty__text l-stack l-stack-lg\">\n\t\t\t\t\t\n\t<h1\n\tclass=\"c-heading u-font-title-1 \"\n\tstyle=\"\">\n\t\t\n\t\t\t\t\tOm Bj\u00f6rng\u00e5rdens f\u00f6rskola p\u00e5 S\u00f6dermalm\n\t\t\t\t\n\t<\/h1>\n\n\t\t\t\t\t\t\t\t\t<div class=\"text l-stack u-font-body\">\n\t\t\t\t\t\t<p>P\u00e5 Bj\u00f6rng\u00e5rdens f\u00f6rskola vid S\u00f6dra Station arbetar vi med h\u00e5llbar utveckling med inriktning p\u00e5 friluftsfr\u00e4mjande och naturvetenskap. Vi tar tillvara p\u00e5 v\u00e5r n\u00e4rmilj\u00f6 f\u00f6r att l\u00e4ra barnen om h\u00e5llbarhetsfr\u00e5gor p\u00e5 ett enkelt och lustfyllt s\u00e4tt som \u00e4r l\u00e4tt f\u00f6r dem att ta till sig. P\u00e5 v\u00e5ra utflykter uppm\u00e4rksammar vi s\u00e5dant vi st\u00f6ter p\u00e5 och pratar om vikten av att v\u00e4rna om milj\u00f6n. Vi integrerar \u00e4ven v\u00e5rt h\u00e5llbarhetsarbete i den dagliga verksamheten p\u00e5 f\u00f6rskolan d\u00e4r barnen bland annat f\u00e5r l\u00e4ra sig att k\u00e4llsortera.<\/p>\n\n\t\t\t\t\t<\/div>\n\t\t\t\t\t\t\t<\/div>\n\n\t\t\t\t\t<\/div>\n\n\t\t <div class=\"ams-fifty__media u-ratio-landscape\">\n\t\t \t\t\t\t\t<img decoding=\"async\" width=\"600\" height=\"450\" src=\"https:\/\/pysslingen.se\/wp-content\/uploads\/sites\/78\/2020\/12\/bjorngardenvar-organisationlarmiljo-sprak-och-litteratur.jpg\" class=\"attachment-md size-md\" alt=\"L\u00e4rmilj\u00f6 med sagotema.\" sizes=\"(min-width: 64em) 600px, calc(100vw - 160px)\" srcset=\"https:\/\/pysslingen.se\/wp-content\/uploads\/sites\/78\/2020\/12\/bjorngardenvar-organisationlarmiljo-sprak-och-litteratur.jpg 1280w, https:\/\/pysslingen.se\/wp-content\/uploads\/sites\/78\/2020\/12\/bjorngardenvar-organisationlarmiljo-sprak-och-litteratur-300x225.jpg 300w, https:\/\/pysslingen.se\/wp-content\/uploads\/sites\/78\/2020\/12\/bjorngardenvar-organisationlarmiljo-sprak-och-litteratur-1024x768.jpg 1024w, https:\/\/pysslingen.se\/wp-content\/uploads\/sites\/78\/2020\/12\/bjorngardenvar-organisationlarmiljo-sprak-och-litteratur-768x576.jpg 768w, https:\/\/pysslingen.se\/wp-content\/uploads\/sites\/78\/2020\/12\/bjorngardenvar-organisationlarmiljo-sprak-och-litteratur-1100x825.jpg 1100w, https:\/\/pysslingen.se\/wp-content\/uploads\/sites\/78\/2020\/12\/bjorngardenvar-organisationlarmiljo-sprak-och-litteratur-893x670.jpg 893w\" \/>\n\t\t\t\n\t\t\t\n\t\t\t\t\t<\/div>\n\t<\/div>\n\n\t\t\n\n<\/section>\n\n\n\n<h2 class=\"wp-block-heading\">H\u00e5llbar utveckling och friluftsfr\u00e4mjandet<\/h2>\n\n\n\n<p>I utevistelsen f\u00e5r vi mer r\u00f6relserum, frisk luft och m\u00f6te med b\u00e5de natur och kultur. N\u00e4rheten till parker, natur, kultur och kommunikationer ger oss stora m\u00f6jligheter att variera v\u00e5r verksamhet. Vi vill ta tillvara p\u00e5 m\u00f6jligheterna som finns i naturen runt omkring oss i v\u00e5rt fantastiska n\u00e4romr\u00e5de samt v\u00e4rna om v\u00e5r milj\u00f6 och de djur som lever h\u00e4r. <\/p>\n\n\n\n<p>P\u00e5 Bj\u00f6rng\u00e5rdens f\u00f6rskola vi uppm\u00e4rksammar ocks\u00e5 det skr\u00e4p vi ser, pratar om \u00e5tervinning samt om att ta hand om och v\u00e4rna om v\u00e5r milj\u00f6. Vi k\u00e4llsorterar och bes\u00f6ker \u00e5tervinningsstationen kontinuerligt tillsammans med barnen och reflekterar kring hur vi kan ta hand om v\u00e5r planet. Vi anv\u00e4nder mycket naturmaterial och \u00e5terbruk till l\u00e4rmilj\u00f6er och i verksamheten.<\/p>\n\n\n\n<p>P\u00e5 detta s\u00e4tt arbetar vi p\u00e5 Bj\u00f6rng\u00e5rdens f\u00f6rskola med h\u00e5llbar utveckling. Genom ett processinriktat arbetss\u00e4tt med naturmaterial som utg\u00e5ngspunkt och utforskande som inst\u00e4llning, m\u00f6ter barnen l\u00e4roplanens olika \u00e4mnen i ett gemensamt projekt efter deras intresse. <\/p>\n\n\n\n<h2 class=\"wp-block-heading\">F\u00f6rdjupat v\u00e4rdegrundsarbete p\u00e5 f\u00f6rskolan<\/h2>\n\n\n\n<p>F\u00f6rskolan Bj\u00f6rng\u00e5rden arbetar medvetet f\u00f6r en \u00f6ppen och inkluderande verksamhet f\u00f6r alla. V\u00e5r barnsyn \u00e4r att alla barn \u00e4r rika och kompetenta. Vi \u00e4r stolta \u00f6ver v\u00e5ra pedagogers f\u00f6rh\u00e5llningss\u00e4tt som pr\u00e4glas av respekt, lyh\u00f6rdhet och god kommunikation. Vi lyfter och st\u00f6djer olikheter och m\u00f6ten mellan barnen.<\/p>\n\n\n\n<p>V\u00e5rt f\u00f6rh\u00e5llningss\u00e4tt pr\u00e4glas av respekt och varsamhet inf\u00f6r varje individ, lyh\u00f6rdhet och god kommunikation och vi lyfter och st\u00f6djer olikheter och m\u00f6ten mellan barnen.&nbsp;<\/p>\n\n\n\n<h2 class=\"wp-block-heading\">Spr\u00e5kutveckling p\u00e5 Bj\u00f6rng\u00e5rdens f\u00f6rskola<\/h2>\n\n\n\n<p>Vi s\u00e4tter stort v\u00e4rde i de m\u00f6ten och samtal som uppst\u00e5r under dagen mellan barn och barn, samt barn och pedagog. Vi arbetar mycket med kommunikation, spr\u00e5k och ber\u00e4ttande, s\u00e5ng och h\u00f6gl\u00e4sning &#8211; b\u00e5de analogt och digitalt&nbsp;via Polyglutt. V\u00e5rt undervisningsspr\u00e5k \u00e4r svenska, men vi arbetar med alla barns modersm\u00e5l.&nbsp;&nbsp;<\/p>\n\n\n\n<h2 class=\"wp-block-heading\">Barns inflytande i f\u00f6rskolan<\/h2>\n\n\n\n<p>P\u00e5 Pysslingen Bj\u00f6rng\u00e5rden str\u00e4var vi efter att ha en inbjudande och tillg\u00e4nglig milj\u00f6 som v\u00e4cker lust och nyfikenhet. Grupperna arbetar med mindre och l\u00e4ngre projekt utifr\u00e5n vad barnen \u00e4r intresserade av. Vi tycker att det \u00e4r viktigt att vara ute mycket och tar oss b\u00e5de till n\u00e4rliggande parker och nya platser. Vi promenerar eller \u00e5ker buss, pendelt\u00e5g och tunnelbana.<\/p>\n\n\n\n<p>P\u00e5 f\u00f6rskolan utforskar vi v\u00e5r omv\u00e4rld genom spr\u00e5k, naturvetenskap och matematik p\u00e5 olika s\u00e4tt tillsammans! Vi arbetar med skapande aktiviteter och utvecklar tekniker f\u00f6r bygg, konstruktion och konstn\u00e4rligt arbete.&nbsp;Pysslingen Bj\u00f6rng\u00e5rden str\u00e4var efter att det ska finnas en r\u00f6d tr\u00e5d genom f\u00f6rskolan, s\u00e5 du ska k\u00e4nna igen dig vilken avdelning du \u00e4n \u00e4r p\u00e5.<\/p>\n\n\n\n<h2 class=\"wp-block-heading\">Ramtid<\/h2>\n\n\n\n<p>Vi f\u00f6ljer Stockholms stads regler f\u00f6r ramtid och v\u00e5rdnadshavare har r\u00e4tt till omsorg f\u00f6r sina barn alla helgfria vardagar mellan klockan 06.30-18.30, om behov finns. Barnen i v\u00e5r f\u00f6rskola \u00e4r f\u00f6rs\u00e4krade i en olycksfallsf\u00f6rs\u00e4kring via <a href=\"https:\/\/www.sterikforsakring.se\/foersaekringar\/foersaekringar\/kollektiv-olycksfallsfoersaekring-foer-elever.aspx\" target=\"_blank\" rel=\"noreferrer noopener\">Stockholm Stad<\/a>.<\/p>\n\n\n\n<p>V\u00e4lkommen att kontakta oss om du har fr\u00e5gor.<\/p>\n\n\n\n\t\n\t\n\t\n\n\t\n\t\n\t\t\n<section  class=\"c-block l-stacked  \" data-color-scheme=\"nyans2_av_cta-dark-card-primar1-light-hover-standard_standard\">\n\t<div class=\"ams-fifty ams-fifty--container ams-fifty--right ams-fifty--bottom l-container u-pt-fluid-3xl-6xl u-pb-fluid-3xl-6xl\">\n\t\t<div class=\"ams-fifty__content l-stack l-stack-xl is-left is-left@lg\">\n\t\t\t<div class=\"ams-fifty__text l-stack l-stack-lg\">\n\t\t\t\t\t\n\t<h2\n\tclass=\"c-heading u-font-title-1 \"\n\tstyle=\"\">\n\t\t\n\t\t\t\t\tR\u00f6relsegl\u00e4dje tillsammans med Hammarby IF\u2028\n\t\t\t\t\n\t<\/h2>\n\n\t\t\t\t\t\t\t\t\t<div class=\"text l-stack u-font-body\">\n\t\t\t\t\t\t<p class=\"p1\">Som en del av Pyss &amp; Lings idrottsklubb f\u00e5r de \u00e4ldsta barnen, under sitt sista \u00e5r p\u00e5 f\u00f6rskolan, m\u00f6jlighet att prova p\u00e5 olika idrotter i samarbete med Hammarby IF. Aktiviteterna utformas p\u00e5 ett lekfullt och inkluderande s\u00e4tt d\u00e4r alla barn kan delta utifr\u00e5n sina egna f\u00f6ruts\u00e4ttningar.<\/p>\n<p class=\"p1\">V\u00e5rt m\u00e5l \u00e4r att v\u00e4cka r\u00f6relsegl\u00e4dje och skapa positiva upplevelser av idrott, gemenskap och samarbete. Erfarenheter som barnen kan b\u00e4ra med sig vidare i livet.<\/p>\n\n\t\t\t\t\t<\/div>\n\t\t\t\t\t\t\t<\/div>\n\n\t\t\t\t\t<\/div>\n\n\t\t <div class=\"ams-fifty__media u-ratio-landscape\">\n\t\t \t\t\t\t\t<img decoding=\"async\" width=\"600\" height=\"607\" src=\"https:\/\/pysslingen.se\/wp-content\/uploads\/sites\/78\/2026\/02\/img3267-3-600x607.jpg\" class=\"attachment-md size-md\" alt=\"Barn deltar i fotbollsskolan med Hammarby IF.\" sizes=\"(min-width: 64em) 600px, calc(100vw - 160px)\" srcset=\"https:\/\/pysslingen.se\/wp-content\/uploads\/sites\/78\/2026\/02\/img3267-3-600x607.jpg 600w, https:\/\/pysslingen.se\/wp-content\/uploads\/sites\/78\/2026\/02\/img3267-3-300x303.jpg 300w, https:\/\/pysslingen.se\/wp-content\/uploads\/sites\/78\/2026\/02\/img3267-3-400x405.jpg 400w, https:\/\/pysslingen.se\/wp-content\/uploads\/sites\/78\/2026\/02\/img3267-3-800x809.jpg 800w, https:\/\/pysslingen.se\/wp-content\/uploads\/sites\/78\/2026\/02\/img3267-3-1024x1036.jpg 1024w, https:\/\/pysslingen.se\/wp-content\/uploads\/sites\/78\/2026\/02\/img3267-3-1200x1214.jpg 1200w\" \/>\n\t\t\t\n\t\t\t\n\t\t\t\t\t<\/div>\n\t<\/div>\n\n\t\t\n\n<\/section>\n\n\n\n\n<section  class=\"ams-usp c-block l-stacked\" data-color-scheme=\"usp-yellow-background-pink-cards\">\n\t<div class=\"l-container l-stack l-stack-fluid-2xl u-pt-fluid-3xl-6xl u-pb-fluid-3xl-6xl is-center is-center@md\">\n\t\t\n\t\t\t<ul class=\"ams-usp__list l-grid u-justify-center u-gap-fluid-2xl-4xl\">\n\t\t\t\t\t<li class=\"l-col-6@md\">\n\t\t\t\t<article\n\t\t\t\t\tclass=\"\n\t\t\t\t\tc-card\n\t\t\t\t\thas-media-zoom\n\t\t\t\t\t\n\t\t\t\t\t\n\t\t\t\t\t\"\n\t\t\t\t\tdata-variant=\"border\"\n\t\t\t\t\tdata-style=\"soft\"\n\t\t\t\t\tdata-click-area\n\t\t\t\t\t>\n\t\t\t\t\t\t\t\t\t\t\t<div class=\"c-card__content l-stack l-stack-sm u-text-center\">\n\t\t\t\t\t\t\t\t\t\t\t\t\t\t\t<h3 class=\"c-card__title u-font-title-2\">\n\t\t\t\t\t\t\t\t\t<a href=\"https:\/\/pysslingen.se\/bjorngarden\/samverkan-med-hemmet\/\" target=\"_self\">\t\t\t\t\t\t\t\t\t\t\t\t\t\t\t\t\t\t\t\t\t&#8221;Vi vill g\u00f6ra v\u00e5rdnadshavarna delaktiga&#8221;\n\t\t\t\t\t\t\t\t\t\t\t<span class=\"c-card__title__sub is-below u-font-title-4\">\n\t\t\t\t\t\t\t\t\t\t\t\tL\u00e4s mer om v\u00e5r kontakt med dig som v\u00e5rdnadshavare\n\t\t\t\t\t\t\t\t\t\t\t<\/span>\n\t\t\t\t\t\t\t\t\t\t\t\t\t\t\t\t\t\t\t<\/a>\t\t\t\t\t\t\t\t<\/h3>\n\t\t\t\t\t\t\t\n\t\t\t\t\t\t\t\t\t\t\t\t\t<\/div>\n\t\t\t\t\t\n\t\t\t\t\t<div class=\"c-card__media\">\n\t\t\t\t\t\t\t\t\t\t\t\t\t<img decoding=\"async\" width=\"400\" height=\"267\" src=\"https:\/\/pysslingen.se\/wp-content\/uploads\/sites\/78\/2020\/11\/987a1742-saritta-vanligwebstorlek-max1024pixlarpbreddenellerhjden.jpg\" class=\" u-ratio-landscape  ams_icon_size_default\" alt=\"Pedagog p\u00e5 f\u00f6rskola \u00e4ter med barnen\" srcset=\"https:\/\/pysslingen.se\/wp-content\/uploads\/sites\/78\/2020\/11\/987a1742-saritta-vanligwebstorlek-max1024pixlarpbreddenellerhjden.jpg 768w, https:\/\/pysslingen.se\/wp-content\/uploads\/sites\/78\/2020\/11\/987a1742-saritta-vanligwebstorlek-max1024pixlarpbreddenellerhjden-300x200.jpg 300w\" sizes=\"(max-width: 400px) 100vw, 400px\" \/>\n\t\t\t\t\t\t\t\t\t\t\t<\/div>\n\t\t\t\t<\/article>\n\t\t\t<\/li>\n\n\t\t\t<\/ul>\n\n\t\t\t<\/div>\n\n\t\t\n\n<\/section>\n\n\n\n\t<div class=\"module_wrapper ams_remote_pages_module \">\n\t\t\n\n\n<section  class=\"ams-faq ams_event_module c-block l-stacked js-load-more\" data-color-scheme=\"faq-yellow-background-green-tabs\" data-count=\"3\" data-count-mobile=\"2\">\n\t<div class=\"l-container l-stack l-stack-fluid-2xl u-pt-fluid-3xl-6xl u-pb-fluid-3xl-6xl is-center is-center@md\">\n\t\t\t\t\t<div class=\"ams-faq__intro l-stack l-stack-lg\">\n\t\t\t\t\t\n\t<h2\n\tclass=\"c-heading u-font-title-1 \"\n\tstyle=\"\">\n\t\t\n\t\t\t\t\tVanliga fr\u00e5gor och svar\n\t\t\t\t\n\t<\/h2>\n\n\t\t\t\t\t\t\t<\/div>\n\t\t\n\t\t\n\t\n\t    \n\t\n\t<ul\n\t\tid=\"ams-faq-list-69ee536ca63c5\"\n\t\tclass=\"ams-faq__ac ams-accordion_module c-accordion js-results \"\n\t\taria-label=\"Vanliga fr\u00e5gor\"\n\t\tdata-variant=\"border-between\"\n\t\tdata-ajax-action=\"log_faq_view\"\n\t\tdata-ajax-url=\"https:\/\/pysslingen.se\/wp-admin\/admin-ajax.php\"\n\t\tdata-ajax-nonce=\"37509e9093\"\n\t\tdata-filter-animation=\"off\">\n\n\t\t\n\t\t\t\t\t\t\t\t\t\t\t\t\t\t\t\n\t\t\t\n\t\t\t<li data-ajax-id=\"11291\" class=\"c-accordion__item \"\n\t\t\tdata-filter=\"pysslingen-forskolor mars-2026\"\n\t\t\t>\n\t\t\t\t<h3 class=\"c-accordion__header\">\n\t\t\t\t\t\t\t\t\t\t<button class=\"c-accordion__trigger u-py-sm u-px-fluid-md-xl u-font-title-4\">\n\t\t\t\t\t\t<span>Hur ser en dag p\u00e5 f\u00f6rskolan ut?<\/span>\n\t\t\t\t\t\t<svg class=\"ams-icon ams-icon__arrow-down\" width=\"24\" height=\"24\" viewbox=\"0 0 24 24\" fill=\"currentColor\" aria-hidden=\"true\" xmlns=\"http:\/\/www.w3.org\/2000\/svg\">\n\t\t\t\t\t\t\t\t\t\t\t\t\t<path d=\"m11.2033 18.4294-10.872894-10.67584c-.440539-.42594-.440539-1.1147 0-1.54065l.665495-.64345c.440539-.42595 1.152899-.42595 1.593439 0l9.41066 9.27114 9.4107-9.26207c.4405-.42595 1.1529-.42595 1.5934 0l.6655.64345c.4405.42594.4405 1.1147 0 1.54065l-10.8729 10.67587c-.4405.4168-1.1529.4168-1.5934-.0091z\"\/>\n\t\t\t\t\t\n\t\t\t\t\t\t<\/svg>\n\t\t\t\t\t<\/button>\n\t\t\t\t<\/h3>\n\t\t\t\t<div class=\"c-accordion__body l-stack u-font-body\">\n\t\t\t\t\t<div class=\"c-accordion__body__inner u-p-fluid-md-xl l-stack\">\n\t\t\t\t\t\t<p><span style=\"font-weight: 400;\">Fr\u00e5gan om hur dagarna ser ut f\u00f6r barnen, \u00e4r bra att st\u00e4lla i samband med visning av f\u00f6rskolan och vid inskolningen. D\u00e5 rutiner och uppl\u00e4gg kan variera fr\u00e5n f\u00f6rskola till f\u00f6rskola och utifr\u00e5n olika \u00e5ldrar.<\/span><\/p>\n\n\t\t\t\t\t<\/div>\n\t\t\t\t<\/div>\n\t\t\t<\/li>\n\t\t\n\t\t\t\t\t\t\t\t\t\t\t\t\t\t\t\n\t\t\t\n\t\t\t<li data-ajax-id=\"11290\" class=\"c-accordion__item \"\n\t\t\tdata-filter=\"pysslingen-forskolor mars-2026\"\n\t\t\t>\n\t\t\t\t<h3 class=\"c-accordion__header\">\n\t\t\t\t\t\t\t\t\t\t<button class=\"c-accordion__trigger u-py-sm u-px-fluid-md-xl u-font-title-4\">\n\t\t\t\t\t\t<span>Vad beh\u00f6ver barnen kunna n\u00e4r de b\u00f6rjar i f\u00f6rskolan?<\/span>\n\t\t\t\t\t\t<svg class=\"ams-icon ams-icon__arrow-down\" width=\"24\" height=\"24\" viewbox=\"0 0 24 24\" fill=\"currentColor\" aria-hidden=\"true\" xmlns=\"http:\/\/www.w3.org\/2000\/svg\">\n\t\t\t\t\t\t\t\t\t\t\t\t\t<path d=\"m11.2033 18.4294-10.872894-10.67584c-.440539-.42594-.440539-1.1147 0-1.54065l.665495-.64345c.440539-.42595 1.152899-.42595 1.593439 0l9.41066 9.27114 9.4107-9.26207c.4405-.42595 1.1529-.42595 1.5934 0l.6655.64345c.4405.42594.4405 1.1147 0 1.54065l-10.8729 10.67587c-.4405.4168-1.1529.4168-1.5934-.0091z\"\/>\n\t\t\t\t\t\n\t\t\t\t\t\t<\/svg>\n\t\t\t\t\t<\/button>\n\t\t\t\t<\/h3>\n\t\t\t\t<div class=\"c-accordion__body l-stack u-font-body\">\n\t\t\t\t\t<div class=\"c-accordion__body__inner u-p-fluid-md-xl l-stack\">\n\t\t\t\t\t\t<p><span style=\"font-weight: 400;\">Det finns inga krav p\u00e5 vad barnen beh\u00f6ver kunna n\u00e4r de b\u00f6rjar f\u00f6rskolan.<\/span><\/p>\n<p><span style=\"font-weight: 400;\">\u00a0<\/span><\/p>\n\n\t\t\t\t\t<\/div>\n\t\t\t\t<\/div>\n\t\t\t<\/li>\n\t\t\n\t\t\t\t\t\t\t\t\t\t\t\t\t\t\t\n\t\t\t\n\t\t\t<li data-ajax-id=\"11289\" class=\"c-accordion__item \"\n\t\t\tdata-filter=\"pysslingen-forskolor mars-2026\"\n\t\t\t>\n\t\t\t\t<h3 class=\"c-accordion__header\">\n\t\t\t\t\t\t\t\t\t\t<button class=\"c-accordion__trigger u-py-sm u-px-fluid-md-xl u-font-title-4\">\n\t\t\t\t\t\t<span>Ska man ha med bl\u00f6jor till sitt barn?<\/span>\n\t\t\t\t\t\t<svg class=\"ams-icon ams-icon__arrow-down\" width=\"24\" height=\"24\" viewbox=\"0 0 24 24\" fill=\"currentColor\" aria-hidden=\"true\" xmlns=\"http:\/\/www.w3.org\/2000\/svg\">\n\t\t\t\t\t\t\t\t\t\t\t\t\t<path d=\"m11.2033 18.4294-10.872894-10.67584c-.440539-.42594-.440539-1.1147 0-1.54065l.665495-.64345c.440539-.42595 1.152899-.42595 1.593439 0l9.41066 9.27114 9.4107-9.26207c.4405-.42595 1.1529-.42595 1.5934 0l.6655.64345c.4405.42594.4405 1.1147 0 1.54065l-10.8729 10.67587c-.4405.4168-1.1529.4168-1.5934-.0091z\"\/>\n\t\t\t\t\t\n\t\t\t\t\t\t<\/svg>\n\t\t\t\t\t<\/button>\n\t\t\t\t<\/h3>\n\t\t\t\t<div class=\"c-accordion__body l-stack u-font-body\">\n\t\t\t\t\t<div class=\"c-accordion__body__inner u-p-fluid-md-xl l-stack\">\n\t\t\t\t\t\t<p>P\u00e5 majoriteten av v\u00e5ra f\u00f6rskolor tillhandah\u00e5ller vi bl\u00f6jor och tv\u00e4ttlappar.<\/p>\n\n\t\t\t\t\t<\/div>\n\t\t\t\t<\/div>\n\t\t\t<\/li>\n\t\t\n\t\t\t\t\t\t\t\t\t\t\t\t\t\t\t\n\t\t\t\n\t\t\t<li data-ajax-id=\"11288\" class=\"c-accordion__item \"\n\t\t\tdata-filter=\"pysslingen-forskolor mars-2026\"\n\t\t\t>\n\t\t\t\t<h3 class=\"c-accordion__header\">\n\t\t\t\t\t\t\t\t\t\t<button class=\"c-accordion__trigger u-py-sm u-px-fluid-md-xl u-font-title-4\">\n\t\t\t\t\t\t<span>Vad ska man ha f\u00f6r kl\u00e4der p\u00e5 f\u00f6rskolan till sitt barn?<\/span>\n\t\t\t\t\t\t<svg class=\"ams-icon ams-icon__arrow-down\" width=\"24\" height=\"24\" viewbox=\"0 0 24 24\" fill=\"currentColor\" aria-hidden=\"true\" xmlns=\"http:\/\/www.w3.org\/2000\/svg\">\n\t\t\t\t\t\t\t\t\t\t\t\t\t<path d=\"m11.2033 18.4294-10.872894-10.67584c-.440539-.42594-.440539-1.1147 0-1.54065l.665495-.64345c.440539-.42595 1.152899-.42595 1.593439 0l9.41066 9.27114 9.4107-9.26207c.4405-.42595 1.1529-.42595 1.5934 0l.6655.64345c.4405.42594.4405 1.1147 0 1.54065l-10.8729 10.67587c-.4405.4168-1.1529.4168-1.5934-.0091z\"\/>\n\t\t\t\t\t\n\t\t\t\t\t\t<\/svg>\n\t\t\t\t\t<\/button>\n\t\t\t\t<\/h3>\n\t\t\t\t<div class=\"c-accordion__body l-stack u-font-body\">\n\t\t\t\t\t<div class=\"c-accordion__body__inner u-p-fluid-md-xl l-stack\">\n\t\t\t\t\t\t<p>Barn p\u00e5 f\u00f6rskolan beh\u00f6ver kl\u00e4der efter v\u00e4der och som \u00e4r l\u00e4tta att r\u00f6ra sig i. Det \u00e4r bra att kl\u00e4 barnet i lager p\u00e5 lager, med ett innerlager, ett v\u00e4rmande mellanlager och ett ytterlager som skyddar mot vind och v\u00e4ta. <a href=\"https:\/\/pysslingen.se\/klader\/\">L\u00e4s mer om v\u00e5ra tips om kl\u00e4der till f\u00f6rskolan h\u00e4r!<\/a><\/p>\n\n\t\t\t\t\t<\/div>\n\t\t\t\t<\/div>\n\t\t\t<\/li>\n\t\t\n\t\t\t\t\t\t\t\t\t\t\t\t\t\t\t\n\t\t\t\n\t\t\t<li data-ajax-id=\"11287\" class=\"c-accordion__item \"\n\t\t\tdata-filter=\"pysslingen-forskolor mars-2026\"\n\t\t\t>\n\t\t\t\t<h3 class=\"c-accordion__header\">\n\t\t\t\t\t\t\t\t\t\t<button class=\"c-accordion__trigger u-py-sm u-px-fluid-md-xl u-font-title-4\">\n\t\t\t\t\t\t<span>I hur stor utstr\u00e4ckning \u00e4r barnen utomhus under dagen?<\/span>\n\t\t\t\t\t\t<svg class=\"ams-icon ams-icon__arrow-down\" width=\"24\" height=\"24\" viewbox=\"0 0 24 24\" fill=\"currentColor\" aria-hidden=\"true\" xmlns=\"http:\/\/www.w3.org\/2000\/svg\">\n\t\t\t\t\t\t\t\t\t\t\t\t\t<path d=\"m11.2033 18.4294-10.872894-10.67584c-.440539-.42594-.440539-1.1147 0-1.54065l.665495-.64345c.440539-.42595 1.152899-.42595 1.593439 0l9.41066 9.27114 9.4107-9.26207c.4405-.42595 1.1529-.42595 1.5934 0l.6655.64345c.4405.42594.4405 1.1147 0 1.54065l-10.8729 10.67587c-.4405.4168-1.1529.4168-1.5934-.0091z\"\/>\n\t\t\t\t\t\n\t\t\t\t\t\t<\/svg>\n\t\t\t\t\t<\/button>\n\t\t\t\t<\/h3>\n\t\t\t\t<div class=\"c-accordion__body l-stack u-font-body\">\n\t\t\t\t\t<div class=\"c-accordion__body__inner u-p-fluid-md-xl l-stack\">\n\t\t\t\t\t\t<p><span style=\"font-weight: 400;\">Varje f\u00f6rskola planerar f\u00f6r att ge barnen m\u00f6jlighet att vara ute b\u00e5de p\u00e5 f\u00f6rmiddagen och eftermiddagen. Det handlar d\u00e4rf\u00f6r om att kunna vara ute i alla v\u00e4der och vara kl\u00e4dd f\u00f6r det. Naturligtvis har v\u00e4derleken en p\u00e5verkan p\u00e5 vistelsetiden utomhus och anpassas efter kyla, nederb\u00f6rd, vind och solljus.<\/span><\/p>\n\n\t\t\t\t\t<\/div>\n\t\t\t\t<\/div>\n\t\t\t<\/li>\n\t\t\n\t\t\t\t\t\t\t\t\t\t\t\t\t\t\t\n\t\t\t\n\t\t\t<li data-ajax-id=\"11286\" class=\"c-accordion__item \"\n\t\t\tdata-filter=\"pysslingen-forskolor mars-2026\"\n\t\t\t>\n\t\t\t\t<h3 class=\"c-accordion__header\">\n\t\t\t\t\t\t\t\t\t\t<button class=\"c-accordion__trigger u-py-sm u-px-fluid-md-xl u-font-title-4\">\n\t\t\t\t\t\t<span>Har ni m\u00f6jlighet att ge mitt barn vegansk eller vegetarisk kost?<\/span>\n\t\t\t\t\t\t<svg class=\"ams-icon ams-icon__arrow-down\" width=\"24\" height=\"24\" viewbox=\"0 0 24 24\" fill=\"currentColor\" aria-hidden=\"true\" xmlns=\"http:\/\/www.w3.org\/2000\/svg\">\n\t\t\t\t\t\t\t\t\t\t\t\t\t<path d=\"m11.2033 18.4294-10.872894-10.67584c-.440539-.42594-.440539-1.1147 0-1.54065l.665495-.64345c.440539-.42595 1.152899-.42595 1.593439 0l9.41066 9.27114 9.4107-9.26207c.4405-.42595 1.1529-.42595 1.5934 0l.6655.64345c.4405.42594.4405 1.1147 0 1.54065l-10.8729 10.67587c-.4405.4168-1.1529.4168-1.5934-.0091z\"\/>\n\t\t\t\t\t\n\t\t\t\t\t\t<\/svg>\n\t\t\t\t\t<\/button>\n\t\t\t\t<\/h3>\n\t\t\t\t<div class=\"c-accordion__body l-stack u-font-body\">\n\t\t\t\t\t<div class=\"c-accordion__body__inner u-p-fluid-md-xl l-stack\">\n\t\t\t\t\t\t<p><span style=\"font-weight: 400;\">Vegetarisk kost serveras p\u00e5 f\u00f6rskolan flera dagar i veckan.<\/span><\/p>\n<p><span style=\"font-weight: 400;\">F\u00f6r de barn som endast \u00e4ter vegansk eller vegetarisk kost beh\u00f6ver du l\u00e4mna in ett kostf\u00f6rtydligande till k\u00f6ket. F\u00f6r tex gluten eller andra allergier, beh\u00f6vs ett l\u00e4karintyg. <\/span><span style=\"font-weight: 400;\">Det \u00e4r viktigt att du som v\u00e5rdnadshavare meddelar f\u00f6rskolan om specialkost i samband med inskolningen.<\/span><\/p>\n<p><span style=\"font-weight: 400;\">\u00a0<\/span><\/p>\n\n\t\t\t\t\t<\/div>\n\t\t\t\t<\/div>\n\t\t\t<\/li>\n\t\t\n\t\t\t\t\t\t\t\t\t\t\t\t\t\t\t\n\t\t\t\n\t\t\t<li data-ajax-id=\"11285\" class=\"c-accordion__item \"\n\t\t\tdata-filter=\"pysslingen-forskolor mars-2026\"\n\t\t\t>\n\t\t\t\t<h3 class=\"c-accordion__header\">\n\t\t\t\t\t\t\t\t\t\t<button class=\"c-accordion__trigger u-py-sm u-px-fluid-md-xl u-font-title-4\">\n\t\t\t\t\t\t<span>G\u00f6r ni utflykter under dagen och l\u00e4mnar f\u00f6rskoleg\u00e5rden?<\/span>\n\t\t\t\t\t\t<svg class=\"ams-icon ams-icon__arrow-down\" width=\"24\" height=\"24\" viewbox=\"0 0 24 24\" fill=\"currentColor\" aria-hidden=\"true\" xmlns=\"http:\/\/www.w3.org\/2000\/svg\">\n\t\t\t\t\t\t\t\t\t\t\t\t\t<path d=\"m11.2033 18.4294-10.872894-10.67584c-.440539-.42594-.440539-1.1147 0-1.54065l.665495-.64345c.440539-.42595 1.152899-.42595 1.593439 0l9.41066 9.27114 9.4107-9.26207c.4405-.42595 1.1529-.42595 1.5934 0l.6655.64345c.4405.42594.4405 1.1147 0 1.54065l-10.8729 10.67587c-.4405.4168-1.1529.4168-1.5934-.0091z\"\/>\n\t\t\t\t\t\n\t\t\t\t\t\t<\/svg>\n\t\t\t\t\t<\/button>\n\t\t\t\t<\/h3>\n\t\t\t\t<div class=\"c-accordion__body l-stack u-font-body\">\n\t\t\t\t\t<div class=\"c-accordion__body__inner u-p-fluid-md-xl l-stack\">\n\t\t\t\t\t\t<p><span style=\"font-weight: 400;\">Alla v\u00e5ra f\u00f6rskolor har nyfikenhet och utforskande som tydliga kvaliteter i sin undervisning, vilket g\u00f6r att f\u00f6rskolans barngrupper kontinuerligt l\u00e4mnar f\u00f6rskolan f\u00f6r att uppt\u00e4cka nytt och annat. Det sker d\u00e4rf\u00f6r b\u00e5de kortare eller l\u00e4ngre utflykter till n\u00e4rliggande gr\u00f6nomr\u00e5den, parker och evenemang.<\/span><\/p>\n<p><span style=\"font-weight: 400;\">Inf\u00f6r varje utflykt g\u00f6r pedagogerna alltid en riskanalys f\u00f6r att skapa strategier och beredskap f\u00f6r att hantera eventuella utmanande moment. Alla barn har v\u00e4star, med kontaktuppgifter till f\u00f6rskolan.<\/span><\/p>\n\n\t\t\t\t\t<\/div>\n\t\t\t\t<\/div>\n\t\t\t<\/li>\n\t\t\n\t\t\t\t\t\t\t\t\t\t\t\t\t\t\t\n\t\t\t\n\t\t\t<li data-ajax-id=\"11284\" class=\"c-accordion__item \"\n\t\t\tdata-filter=\"pysslingen-forskolor mars-2026\"\n\t\t\t>\n\t\t\t\t<h3 class=\"c-accordion__header\">\n\t\t\t\t\t\t\t\t\t\t<button class=\"c-accordion__trigger u-py-sm u-px-fluid-md-xl u-font-title-4\">\n\t\t\t\t\t\t<span> Hur g\u00e5r introduktionen i f\u00f6rskolan till?<\/span>\n\t\t\t\t\t\t<svg class=\"ams-icon ams-icon__arrow-down\" width=\"24\" height=\"24\" viewbox=\"0 0 24 24\" fill=\"currentColor\" aria-hidden=\"true\" xmlns=\"http:\/\/www.w3.org\/2000\/svg\">\n\t\t\t\t\t\t\t\t\t\t\t\t\t<path d=\"m11.2033 18.4294-10.872894-10.67584c-.440539-.42594-.440539-1.1147 0-1.54065l.665495-.64345c.440539-.42595 1.152899-.42595 1.593439 0l9.41066 9.27114 9.4107-9.26207c.4405-.42595 1.1529-.42595 1.5934 0l.6655.64345c.4405.42594.4405 1.1147 0 1.54065l-10.8729 10.67587c-.4405.4168-1.1529.4168-1.5934-.0091z\"\/>\n\t\t\t\t\t\n\t\t\t\t\t\t<\/svg>\n\t\t\t\t\t<\/button>\n\t\t\t\t<\/h3>\n\t\t\t\t<div class=\"c-accordion__body l-stack u-font-body\">\n\t\t\t\t\t<div class=\"c-accordion__body__inner u-p-fluid-md-xl l-stack\">\n\t\t\t\t\t\t<p><span style=\"font-weight: 400;\">Introduktionen i f\u00f6rskolan \u00e4r f\u00f6r\u00e4ldraaktiv och v\u00e5rdnadshavaren \u00e4r d\u00e4rf\u00f6r med barnet under hela inskolningen. Det g\u00f6r att barnet k\u00e4nner sig tryggt och i lugn och ro kan b\u00f6rja l\u00e4ra k\u00e4nna sin nya milj\u00f6. <\/span><\/p>\n<p><span style=\"font-weight: 400;\">Det \u00e4r \u00e4ven ett tillf\u00e4lle f\u00f6r v\u00e5rdnadshavarna att l\u00e4ra k\u00e4nna f\u00f6rskolan och dess pedagoger och k\u00e4nna sig trygga med dem, samt att f\u00e5 en inblick i hur dagarna organiseras, s\u00e5 att v\u00e5rdnadshavaren kan st\u00f6tta barnet d\u00e4r hemma, inf\u00f6r f\u00f6rskoledagarnas rutiner och aktiviteter.<\/span><\/p>\n\n\t\t\t\t\t<\/div>\n\t\t\t\t<\/div>\n\t\t\t<\/li>\n\t\t\n\t\t\t\t\t\t\t\t\t\t\t\t\t\t\t\n\t\t\t\n\t\t\t<li data-ajax-id=\"11283\" class=\"c-accordion__item \"\n\t\t\tdata-filter=\"pysslingen-forskolor mars-2026\"\n\t\t\t>\n\t\t\t\t<h3 class=\"c-accordion__header\">\n\t\t\t\t\t\t\t\t\t\t<button class=\"c-accordion__trigger u-py-sm u-px-fluid-md-xl u-font-title-4\">\n\t\t\t\t\t\t<span>Hur garanterar ni s\u00e4kerheten p\u00e5 f\u00f6rskolan?<\/span>\n\t\t\t\t\t\t<svg class=\"ams-icon ams-icon__arrow-down\" width=\"24\" height=\"24\" viewbox=\"0 0 24 24\" fill=\"currentColor\" aria-hidden=\"true\" xmlns=\"http:\/\/www.w3.org\/2000\/svg\">\n\t\t\t\t\t\t\t\t\t\t\t\t\t<path d=\"m11.2033 18.4294-10.872894-10.67584c-.440539-.42594-.440539-1.1147 0-1.54065l.665495-.64345c.440539-.42595 1.152899-.42595 1.593439 0l9.41066 9.27114 9.4107-9.26207c.4405-.42595 1.1529-.42595 1.5934 0l.6655.64345c.4405.42594.4405 1.1147 0 1.54065l-10.8729 10.67587c-.4405.4168-1.1529.4168-1.5934-.0091z\"\/>\n\t\t\t\t\t\n\t\t\t\t\t\t<\/svg>\n\t\t\t\t\t<\/button>\n\t\t\t\t<\/h3>\n\t\t\t\t<div class=\"c-accordion__body l-stack u-font-body\">\n\t\t\t\t\t<div class=\"c-accordion__body__inner u-p-fluid-md-xl l-stack\">\n\t\t\t\t\t\t<p><span style=\"font-weight: 400;\">F\u00f6rskolans dagar bygger p\u00e5 att f\u00f6rskolan har en tydlig genomt\u00e4nkt grundstruktur, utifr\u00e5n barngruppens behov. Grundstrukturen tydligg\u00f6r hur pedagogerna ska f\u00f6rdela sig och hur dagarna organiseras f\u00f6r att kunna s\u00e4kerst\u00e4lla att barngruppen har trygga dagar och aktiviteter b\u00e5de ute och inne. Ut\u00f6ver det sker kontinuerligt barns\u00e4kerhetsroder p\u00e5 f\u00f6rskolan.<\/span><\/p>\n<p><span style=\"font-weight: 400;\">N\u00e4r f\u00f6rskolegrupper g\u00e5r iv\u00e4g p\u00e5 utflykt, g\u00f6r man alltid en riskanalys f\u00f6r att t\u00e4nka igenom vilka moment som kommer att kr\u00e4va s\u00e4rskilda \u00e5tg\u00e4rder under utflykten. Att anpassa antalet barn som kan l\u00e4mna f\u00f6rskolan, utifr\u00e5n riskanalysen, \u00e4r ocks\u00e5 en \u00e5tg\u00e4rd som vidtas. Samt att alla barn har v\u00e4star med telefonnummer till f\u00f6rskolan.<\/span><\/p>\n\n\t\t\t\t\t<\/div>\n\t\t\t\t<\/div>\n\t\t\t<\/li>\n\t\t\n\t\t\t\t\t\t\t\t\t\t\t\t\t\t\t\n\t\t\t\n\t\t\t<li data-ajax-id=\"11282\" class=\"c-accordion__item \"\n\t\t\tdata-filter=\"pysslingen-forskolor mars-2026\"\n\t\t\t>\n\t\t\t\t<h3 class=\"c-accordion__header\">\n\t\t\t\t\t\t\t\t\t\t<button class=\"c-accordion__trigger u-py-sm u-px-fluid-md-xl u-font-title-4\">\n\t\t\t\t\t\t<span>Hur ska mitt barn kunna somna under vilan p\u00e5 f\u00f6rskolan?<\/span>\n\t\t\t\t\t\t<svg class=\"ams-icon ams-icon__arrow-down\" width=\"24\" height=\"24\" viewbox=\"0 0 24 24\" fill=\"currentColor\" aria-hidden=\"true\" xmlns=\"http:\/\/www.w3.org\/2000\/svg\">\n\t\t\t\t\t\t\t\t\t\t\t\t\t<path d=\"m11.2033 18.4294-10.872894-10.67584c-.440539-.42594-.440539-1.1147 0-1.54065l.665495-.64345c.440539-.42595 1.152899-.42595 1.593439 0l9.41066 9.27114 9.4107-9.26207c.4405-.42595 1.1529-.42595 1.5934 0l.6655.64345c.4405.42594.4405 1.1147 0 1.54065l-10.8729 10.67587c-.4405.4168-1.1529.4168-1.5934-.0091z\"\/>\n\t\t\t\t\t\n\t\t\t\t\t\t<\/svg>\n\t\t\t\t\t<\/button>\n\t\t\t\t<\/h3>\n\t\t\t\t<div class=\"c-accordion__body l-stack u-font-body\">\n\t\t\t\t\t<div class=\"c-accordion__body__inner u-p-fluid-md-xl l-stack\">\n\t\t\t\t\t\t<p><span style=\"font-weight: 400;\">F\u00f6rskolans pedagoger har stor erfarenhet av att f\u00e5 barn att komma till ro under vilan tillsammans med de andra barnen, samt att m\u00f6ta de olika barnens behov.<\/span><\/p>\n<p><span style=\"font-weight: 400;\">Vilan \u00e4r en tydlig rutin som \u00e4r k\u00e4nd f\u00f6r alla barnen p\u00e5 avdelningen. Oftast h\u00e4rmar de varandra snabbt och l\u00e4gger sig n\u00e4r de andra barnen g\u00f6r det. Den f\u00f6rsta tiden p\u00e5 f\u00f6rskolan \u00e4r barnen fyllda av nya intryck och vilar g\u00e4rna n\u00e4r tillf\u00e4lle bjuds.<\/span><\/p>\n\n\t\t\t\t\t<\/div>\n\t\t\t\t<\/div>\n\t\t\t<\/li>\n\t\t\n\t\t\t\t\t\t\t\t\t\t\t\t\t\t\t\n\t\t\t\n\t\t\t<li data-ajax-id=\"11281\" class=\"c-accordion__item \"\n\t\t\tdata-filter=\"pysslingen-forskolor mars-2026\"\n\t\t\t>\n\t\t\t\t<h3 class=\"c-accordion__header\">\n\t\t\t\t\t\t\t\t\t\t<button class=\"c-accordion__trigger u-py-sm u-px-fluid-md-xl u-font-title-4\">\n\t\t\t\t\t\t<span>Vad kostar det att g\u00e5 p\u00e5 f\u00f6rskola?<\/span>\n\t\t\t\t\t\t<svg class=\"ams-icon ams-icon__arrow-down\" width=\"24\" height=\"24\" viewbox=\"0 0 24 24\" fill=\"currentColor\" aria-hidden=\"true\" xmlns=\"http:\/\/www.w3.org\/2000\/svg\">\n\t\t\t\t\t\t\t\t\t\t\t\t\t<path d=\"m11.2033 18.4294-10.872894-10.67584c-.440539-.42594-.440539-1.1147 0-1.54065l.665495-.64345c.440539-.42595 1.152899-.42595 1.593439 0l9.41066 9.27114 9.4107-9.26207c.4405-.42595 1.1529-.42595 1.5934 0l.6655.64345c.4405.42594.4405 1.1147 0 1.54065l-10.8729 10.67587c-.4405.4168-1.1529.4168-1.5934-.0091z\"\/>\n\t\t\t\t\t\n\t\t\t\t\t\t<\/svg>\n\t\t\t\t\t<\/button>\n\t\t\t\t<\/h3>\n\t\t\t\t<div class=\"c-accordion__body l-stack u-font-body\">\n\t\t\t\t\t<div class=\"c-accordion__body__inner u-p-fluid-md-xl l-stack\">\n\t\t\t\t\t\t<p><span style=\"font-weight: 400;\">F\u00f6rskoleavgiften f\u00f6r b\u00e5de frist\u00e5ende och kommunala f\u00f6rskolor i Sverige baseras p\u00e5 hush\u00e5llets inkomst och f\u00f6ljer en maxtaxa. Avgiften \u00e4r en procentsats (max 3 %) av bruttoinkomsten upp till ett inkomsttak och syskonrabatter g\u00e4ller.<\/span><\/p>\n\n\t\t\t\t\t<\/div>\n\t\t\t\t<\/div>\n\t\t\t<\/li>\n\t\t\n\t\t\t\t\t\t\t\t\t\t\t\t\t\t\t\n\t\t\t\n\t\t\t<li data-ajax-id=\"11278\" class=\"c-accordion__item \"\n\t\t\tdata-filter=\"pysslingen-forskolor mars-2026\"\n\t\t\t>\n\t\t\t\t<h3 class=\"c-accordion__header\">\n\t\t\t\t\t\t\t\t\t\t<button class=\"c-accordion__trigger u-py-sm u-px-fluid-md-xl u-font-title-4\">\n\t\t\t\t\t\t<span>Vad \u00e4r MiniPyss?<\/span>\n\t\t\t\t\t\t<svg class=\"ams-icon ams-icon__arrow-down\" width=\"24\" height=\"24\" viewbox=\"0 0 24 24\" fill=\"currentColor\" aria-hidden=\"true\" xmlns=\"http:\/\/www.w3.org\/2000\/svg\">\n\t\t\t\t\t\t\t\t\t\t\t\t\t<path d=\"m11.2033 18.4294-10.872894-10.67584c-.440539-.42594-.440539-1.1147 0-1.54065l.665495-.64345c.440539-.42595 1.152899-.42595 1.593439 0l9.41066 9.27114 9.4107-9.26207c.4405-.42595 1.1529-.42595 1.5934 0l.6655.64345c.4405.42594.4405 1.1147 0 1.54065l-10.8729 10.67587c-.4405.4168-1.1529.4168-1.5934-.0091z\"\/>\n\t\t\t\t\t\n\t\t\t\t\t\t<\/svg>\n\t\t\t\t\t<\/button>\n\t\t\t\t<\/h3>\n\t\t\t\t<div class=\"c-accordion__body l-stack u-font-body\">\n\t\t\t\t\t<div class=\"c-accordion__body__inner u-p-fluid-md-xl l-stack\">\n\t\t\t\t\t\t<p><span style=\"font-weight: 400;\">MiniPyss \u00e4r en kostnadsfri form av \u00f6ppen f\u00f6rskola som erbjuds av Pysslingen f\u00f6rskolor, MiniPyss \u00e4r speciellt anpassad f\u00f6r f\u00f6r\u00e4ldralediga och barn. Det \u00e4r en social m\u00f6tesplats d\u00e4r deltagarna sjunger, pysslar, l\u00e4ser sagor och utforskar aktiviteter, ofta med bjudfika eller mellis och utan f\u00f6ranm\u00e4lan.<\/span><\/p>\n\n\t\t\t\t\t<\/div>\n\t\t\t\t<\/div>\n\t\t\t<\/li>\n\t\t\n\t\t\t\t\t\t\t\t\t\t\t\t\t\t\t\n\t\t\t\n\t\t\t<li data-ajax-id=\"11277\" class=\"c-accordion__item \"\n\t\t\tdata-filter=\"pysslingen-forskolor mars-2026\"\n\t\t\t>\n\t\t\t\t<h3 class=\"c-accordion__header\">\n\t\t\t\t\t\t\t\t\t\t<button class=\"c-accordion__trigger u-py-sm u-px-fluid-md-xl u-font-title-4\">\n\t\t\t\t\t\t<span>Hur fungerar simskolan p\u00e5 f\u00f6rskolan?<\/span>\n\t\t\t\t\t\t<svg class=\"ams-icon ams-icon__arrow-down\" width=\"24\" height=\"24\" viewbox=\"0 0 24 24\" fill=\"currentColor\" aria-hidden=\"true\" xmlns=\"http:\/\/www.w3.org\/2000\/svg\">\n\t\t\t\t\t\t\t\t\t\t\t\t\t<path d=\"m11.2033 18.4294-10.872894-10.67584c-.440539-.42594-.440539-1.1147 0-1.54065l.665495-.64345c.440539-.42595 1.152899-.42595 1.593439 0l9.41066 9.27114 9.4107-9.26207c.4405-.42595 1.1529-.42595 1.5934 0l.6655.64345c.4405.42594.4405 1.1147 0 1.54065l-10.8729 10.67587c-.4405.4168-1.1529.4168-1.5934-.0091z\"\/>\n\t\t\t\t\t\n\t\t\t\t\t\t<\/svg>\n\t\t\t\t\t<\/button>\n\t\t\t\t<\/h3>\n\t\t\t\t<div class=\"c-accordion__body l-stack u-font-body\">\n\t\t\t\t\t<div class=\"c-accordion__body__inner u-p-fluid-md-xl l-stack\">\n\t\t\t\t\t\t<p><span style=\"font-weight: 400;\">Pysslingen f\u00f6rskolor erbjuder simskola f\u00f6r 5-\u00e5ringar p\u00e5 ett stort antal f\u00f6rskolor. Simskolan leds av utbildade och erfarna instrukt\u00f6rer och siml\u00e4rare tillsammans med personal fr\u00e5n f\u00f6rskolan som \u00e4r med under hela aktiviteten f\u00f6r att st\u00f6tta barnen fr\u00e5n bass\u00e4ngkanten. Aktiviteten sker under ca 8 tillf\u00e4llen under \u00e5ret och i mindre grupper f\u00f6r en trygg och s\u00e4ker upplevelse f\u00f6r barn och vuxna.<\/span><\/p>\n\n\t\t\t\t\t<\/div>\n\t\t\t\t<\/div>\n\t\t\t<\/li>\n\t\t\n\t\t\t\t\t\t\t\t\t\t\t\t\t\t\t\n\t\t\t\n\t\t\t<li data-ajax-id=\"11276\" class=\"c-accordion__item \"\n\t\t\tdata-filter=\"pysslingen-forskolor mars-2026\"\n\t\t\t>\n\t\t\t\t<h3 class=\"c-accordion__header\">\n\t\t\t\t\t\t\t\t\t\t<button class=\"c-accordion__trigger u-py-sm u-px-fluid-md-xl u-font-title-4\">\n\t\t\t\t\t\t<span>Vad \u00e4r gemensamt f\u00f6r en Pysslingen f\u00f6rskola?<\/span>\n\t\t\t\t\t\t<svg class=\"ams-icon ams-icon__arrow-down\" width=\"24\" height=\"24\" viewbox=\"0 0 24 24\" fill=\"currentColor\" aria-hidden=\"true\" xmlns=\"http:\/\/www.w3.org\/2000\/svg\">\n\t\t\t\t\t\t\t\t\t\t\t\t\t<path d=\"m11.2033 18.4294-10.872894-10.67584c-.440539-.42594-.440539-1.1147 0-1.54065l.665495-.64345c.440539-.42595 1.152899-.42595 1.593439 0l9.41066 9.27114 9.4107-9.26207c.4405-.42595 1.1529-.42595 1.5934 0l.6655.64345c.4405.42594.4405 1.1147 0 1.54065l-10.8729 10.67587c-.4405.4168-1.1529.4168-1.5934-.0091z\"\/>\n\t\t\t\t\t\n\t\t\t\t\t\t<\/svg>\n\t\t\t\t\t<\/button>\n\t\t\t\t<\/h3>\n\t\t\t\t<div class=\"c-accordion__body l-stack u-font-body\">\n\t\t\t\t\t<div class=\"c-accordion__body__inner u-p-fluid-md-xl l-stack\">\n\t\t\t\t\t\t<p>Pysslingen f\u00f6rskolor f\u00f6ljer den svenska l\u00e4roplanen och utformar verksamheten helt i linje med nationella styrdokument och lagar. Gemensamt f\u00f6r dem alla \u00e4r de tre grundpelarna spr\u00e5k,h\u00e5llbar utveckling och r\u00f6relse. Ut\u00f6ver det har varje f\u00f6rskola m\u00f6jlighet att sedan utforma sin egen lokala profil och pedagogiska inriktning.<\/p>\n\n\t\t\t\t\t<\/div>\n\t\t\t\t<\/div>\n\t\t\t<\/li>\n\t\t\n\t\t\t\t\t\t\t\t\t\t\t\t\t\t\t\n\t\t\t\n\t\t\t<li data-ajax-id=\"11275\" class=\"c-accordion__item \"\n\t\t\tdata-filter=\"pysslingen-forskolor mars-2026\"\n\t\t\t>\n\t\t\t\t<h3 class=\"c-accordion__header\">\n\t\t\t\t\t\t\t\t\t\t<button class=\"c-accordion__trigger u-py-sm u-px-fluid-md-xl u-font-title-4\">\n\t\t\t\t\t\t<span>N\u00e4r f\u00e5r mitt barn b\u00f6rja i f\u00f6rskolan?<\/span>\n\t\t\t\t\t\t<svg class=\"ams-icon ams-icon__arrow-down\" width=\"24\" height=\"24\" viewbox=\"0 0 24 24\" fill=\"currentColor\" aria-hidden=\"true\" xmlns=\"http:\/\/www.w3.org\/2000\/svg\">\n\t\t\t\t\t\t\t\t\t\t\t\t\t<path d=\"m11.2033 18.4294-10.872894-10.67584c-.440539-.42594-.440539-1.1147 0-1.54065l.665495-.64345c.440539-.42595 1.152899-.42595 1.593439 0l9.41066 9.27114 9.4107-9.26207c.4405-.42595 1.1529-.42595 1.5934 0l.6655.64345c.4405.42594.4405 1.1147 0 1.54065l-10.8729 10.67587c-.4405.4168-1.1529.4168-1.5934-.0091z\"\/>\n\t\t\t\t\t\n\t\t\t\t\t\t<\/svg>\n\t\t\t\t\t<\/button>\n\t\t\t\t<\/h3>\n\t\t\t\t<div class=\"c-accordion__body l-stack u-font-body\">\n\t\t\t\t\t<div class=\"c-accordion__body__inner u-p-fluid-md-xl l-stack\">\n\t\t\t\t\t\t<p><span style=\"font-weight: 400;\">Den lagstadgade r\u00e4tten f\u00f6r n\u00e4r barn kan b\u00f6rja i f\u00f6rskolan g\u00e4ller fr\u00e5n 1 \u00e5r.<\/span><\/p>\n\n\t\t\t\t\t<\/div>\n\t\t\t\t<\/div>\n\t\t\t<\/li>\n\t\t\n\t\t\t\t\t\t\t\t\t\t\t\t\t\t\t\n\t\t\t\n\t\t\t<li data-ajax-id=\"11274\" class=\"c-accordion__item \"\n\t\t\tdata-filter=\"pysslingen-forskolor mars-2026\"\n\t\t\t>\n\t\t\t\t<h3 class=\"c-accordion__header\">\n\t\t\t\t\t\t\t\t\t\t<button class=\"c-accordion__trigger u-py-sm u-px-fluid-md-xl u-font-title-4\">\n\t\t\t\t\t\t<span>Vad inneb\u00e4r garantiplats?<\/span>\n\t\t\t\t\t\t<svg class=\"ams-icon ams-icon__arrow-down\" width=\"24\" height=\"24\" viewbox=\"0 0 24 24\" fill=\"currentColor\" aria-hidden=\"true\" xmlns=\"http:\/\/www.w3.org\/2000\/svg\">\n\t\t\t\t\t\t\t\t\t\t\t\t\t<path d=\"m11.2033 18.4294-10.872894-10.67584c-.440539-.42594-.440539-1.1147 0-1.54065l.665495-.64345c.440539-.42595 1.152899-.42595 1.593439 0l9.41066 9.27114 9.4107-9.26207c.4405-.42595 1.1529-.42595 1.5934 0l.6655.64345c.4405.42594.4405 1.1147 0 1.54065l-10.8729 10.67587c-.4405.4168-1.1529.4168-1.5934-.0091z\"\/>\n\t\t\t\t\t\n\t\t\t\t\t\t<\/svg>\n\t\t\t\t\t<\/button>\n\t\t\t\t<\/h3>\n\t\t\t\t<div class=\"c-accordion__body l-stack u-font-body\">\n\t\t\t\t\t<div class=\"c-accordion__body__inner u-p-fluid-md-xl l-stack\">\n\t\t\t\t\t\t<p><span style=\"font-weight: 400;\">En garantiplats \u00e4r en garanterad f\u00f6rskoleplats som kommunen erbjuder inom en viss tid, om du inte f\u00e5r en av dina \u00f6nskade f\u00f6rskolor direkt.<\/span><\/p>\n\n\t\t\t\t\t<\/div>\n\t\t\t\t<\/div>\n\t\t\t<\/li>\n\t\t\n\t\t\t\t\t\t\t\t\t\t\t\t\t\t\t\n\t\t\t\n\t\t\t<li data-ajax-id=\"11273\" class=\"c-accordion__item \"\n\t\t\tdata-filter=\"pysslingen-forskolor mars-2026\"\n\t\t\t>\n\t\t\t\t<h3 class=\"c-accordion__header\">\n\t\t\t\t\t\t\t\t\t\t<button class=\"c-accordion__trigger u-py-sm u-px-fluid-md-xl u-font-title-4\">\n\t\t\t\t\t\t<span>Kan man se vilken k\u00f6plats man har till f\u00f6rskolan?<\/span>\n\t\t\t\t\t\t<svg class=\"ams-icon ams-icon__arrow-down\" width=\"24\" height=\"24\" viewbox=\"0 0 24 24\" fill=\"currentColor\" aria-hidden=\"true\" xmlns=\"http:\/\/www.w3.org\/2000\/svg\">\n\t\t\t\t\t\t\t\t\t\t\t\t\t<path d=\"m11.2033 18.4294-10.872894-10.67584c-.440539-.42594-.440539-1.1147 0-1.54065l.665495-.64345c.440539-.42595 1.152899-.42595 1.593439 0l9.41066 9.27114 9.4107-9.26207c.4405-.42595 1.1529-.42595 1.5934 0l.6655.64345c.4405.42594.4405 1.1147 0 1.54065l-10.8729 10.67587c-.4405.4168-1.1529.4168-1.5934-.0091z\"\/>\n\t\t\t\t\t\n\t\t\t\t\t\t<\/svg>\n\t\t\t\t\t<\/button>\n\t\t\t\t<\/h3>\n\t\t\t\t<div class=\"c-accordion__body l-stack u-font-body\">\n\t\t\t\t\t<div class=\"c-accordion__body__inner u-p-fluid-md-xl l-stack\">\n\t\t\t\t\t\t<p>Kontakta f\u00f6rskolans administat\u00f6r f\u00f6r v\u00e4gledning d\u00e5 det kan se olika ut i olika kommuner.<\/p>\n\n\t\t\t\t\t<\/div>\n\t\t\t\t<\/div>\n\t\t\t<\/li>\n\t\t\n\t\t\t\t\t\t\t\t\t\t\t\t\t\t\t\n\t\t\t\n\t\t\t<li data-ajax-id=\"11272\" class=\"c-accordion__item \"\n\t\t\tdata-filter=\"pysslingen-forskolor mars-2026\"\n\t\t\t>\n\t\t\t\t<h3 class=\"c-accordion__header\">\n\t\t\t\t\t\t\t\t\t\t<button class=\"c-accordion__trigger u-py-sm u-px-fluid-md-xl u-font-title-4\">\n\t\t\t\t\t\t<span>N\u00e4r kan man st\u00e4lla sitt barn i k\u00f6 till f\u00f6rskolan?<\/span>\n\t\t\t\t\t\t<svg class=\"ams-icon ams-icon__arrow-down\" width=\"24\" height=\"24\" viewbox=\"0 0 24 24\" fill=\"currentColor\" aria-hidden=\"true\" xmlns=\"http:\/\/www.w3.org\/2000\/svg\">\n\t\t\t\t\t\t\t\t\t\t\t\t\t<path d=\"m11.2033 18.4294-10.872894-10.67584c-.440539-.42594-.440539-1.1147 0-1.54065l.665495-.64345c.440539-.42595 1.152899-.42595 1.593439 0l9.41066 9.27114 9.4107-9.26207c.4405-.42595 1.1529-.42595 1.5934 0l.6655.64345c.4405.42594.4405 1.1147 0 1.54065l-10.8729 10.67587c-.4405.4168-1.1529.4168-1.5934-.0091z\"\/>\n\t\t\t\t\t\n\t\t\t\t\t\t<\/svg>\n\t\t\t\t\t<\/button>\n\t\t\t\t<\/h3>\n\t\t\t\t<div class=\"c-accordion__body l-stack u-font-body\">\n\t\t\t\t\t<div class=\"c-accordion__body__inner u-p-fluid-md-xl l-stack\">\n\t\t\t\t\t\t<p><span style=\"font-weight: 400;\">M\u00e5nga kommuner till\u00e5ter ans\u00f6kan till f\u00f6rskolan s\u00e5 fort barnet har fyllt sex m\u00e5nader. Det \u00e4r dock k\u00f6datumet, dvs n\u00e4r du skickar in ans\u00f6kan, som ofta avg\u00f6r din plats i k\u00f6n om flera s\u00f6ker till samma f\u00f6rskola.<\/span><\/p>\n\n\t\t\t\t\t<\/div>\n\t\t\t\t<\/div>\n\t\t\t<\/li>\n\t\t\n\t\t\t\t\t\t\t\t\t\t\t\t\t\t\t\n\t\t\t\n\t\t\t<li data-ajax-id=\"11271\" class=\"c-accordion__item \"\n\t\t\tdata-filter=\"pysslingen-forskolor mars-2026\"\n\t\t\t>\n\t\t\t\t<h3 class=\"c-accordion__header\">\n\t\t\t\t\t\t\t\t\t\t<button class=\"c-accordion__trigger u-py-sm u-px-fluid-md-xl u-font-title-4\">\n\t\t\t\t\t\t<span>Hur st\u00e4ller man sitt barn i k\u00f6 till f\u00f6rskolan?<\/span>\n\t\t\t\t\t\t<svg class=\"ams-icon ams-icon__arrow-down\" width=\"24\" height=\"24\" viewbox=\"0 0 24 24\" fill=\"currentColor\" aria-hidden=\"true\" xmlns=\"http:\/\/www.w3.org\/2000\/svg\">\n\t\t\t\t\t\t\t\t\t\t\t\t\t<path d=\"m11.2033 18.4294-10.872894-10.67584c-.440539-.42594-.440539-1.1147 0-1.54065l.665495-.64345c.440539-.42595 1.152899-.42595 1.593439 0l9.41066 9.27114 9.4107-9.26207c.4405-.42595 1.1529-.42595 1.5934 0l.6655.64345c.4405.42594.4405 1.1147 0 1.54065l-10.8729 10.67587c-.4405.4168-1.1529.4168-1.5934-.0091z\"\/>\n\t\t\t\t\t\n\t\t\t\t\t\t<\/svg>\n\t\t\t\t\t<\/button>\n\t\t\t\t<\/h3>\n\t\t\t\t<div class=\"c-accordion__body l-stack u-font-body\">\n\t\t\t\t\t<div class=\"c-accordion__body__inner u-p-fluid-md-xl l-stack\">\n\t\t\t\t\t\t<p><span style=\"font-weight: 400;\">F\u00f6r att s\u00f6ka plats i f\u00f6rskolan v\u00e4nder du dig till din hemkommun. En l\u00e4nk p\u00e5 f\u00f6rskolans hemsida leder dig r\u00e4tt, d\u00e4r kan du \u00e4ven f\u00e5 kontakt med f\u00f6rskolans adminstrat\u00f6r f\u00f6r att f\u00e5 information om hur m\u00f6jligheterna att ser ut p\u00e5 den f\u00f6rskola du \u00f6nskar plats p\u00e5.<\/span><\/p>\n<p><span style=\"font-weight: 400;\">P\u00e5 v\u00e5ra hemsidor finns ocks\u00e5 en l\u00e4nk att f\u00f6lja till kommunen med den information du beh\u00f6ver f\u00f6r att st\u00e4lla ditt barn i k\u00f6.<\/span><\/p>\n\n\t\t\t\t\t<\/div>\n\t\t\t\t<\/div>\n\t\t\t<\/li>\n\t\t\n\t\t\t\t\t\t\t\t\t\t\t\t\t\t\t\n\t\t\t\n\t\t\t<li data-ajax-id=\"1908\" class=\"c-accordion__item \"\n\t\t\tdata-filter=\"pysslingen-forskolor januari-2021\"\n\t\t\t>\n\t\t\t\t<h3 class=\"c-accordion__header\">\n\t\t\t\t\t\t\t\t\t\t<button class=\"c-accordion__trigger u-py-sm u-px-fluid-md-xl u-font-title-4\">\n\t\t\t\t\t\t<span>Vilka \u00f6ppettider har Pysslingen F\u00f6rskolor?<\/span>\n\t\t\t\t\t\t<svg class=\"ams-icon ams-icon__arrow-down\" width=\"24\" height=\"24\" viewbox=\"0 0 24 24\" fill=\"currentColor\" aria-hidden=\"true\" xmlns=\"http:\/\/www.w3.org\/2000\/svg\">\n\t\t\t\t\t\t\t\t\t\t\t\t\t<path d=\"m11.2033 18.4294-10.872894-10.67584c-.440539-.42594-.440539-1.1147 0-1.54065l.665495-.64345c.440539-.42595 1.152899-.42595 1.593439 0l9.41066 9.27114 9.4107-9.26207c.4405-.42595 1.1529-.42595 1.5934 0l.6655.64345c.4405.42594.4405 1.1147 0 1.54065l-10.8729 10.67587c-.4405.4168-1.1529.4168-1.5934-.0091z\"\/>\n\t\t\t\t\t\n\t\t\t\t\t\t<\/svg>\n\t\t\t\t\t<\/button>\n\t\t\t\t<\/h3>\n\t\t\t\t<div class=\"c-accordion__body l-stack u-font-body\">\n\t\t\t\t\t<div class=\"c-accordion__body__inner u-p-fluid-md-xl l-stack\">\n\t\t\t\t\t\t<p>Alla v\u00e5ra f\u00f6rskolor f\u00f6ljer respektive kommuns regler f\u00f6r ramtid och anpassar sina \u00f6ppettider efter bland annat v\u00e5rdnadshavarnas f\u00f6rv\u00e4rvsarbete eller studier, inom dessa. Vill du veta mer om v\u00e5ra \u00f6ppettider, kontakta samordnare p\u00e5 din f\u00f6rskola.<\/p>\n\n\t\t\t\t\t<\/div>\n\t\t\t\t<\/div>\n\t\t\t<\/li>\n\t\t\n\t\t\t\t\t\t\t\t\t\t\t\t\t\t\t\n\t\t\t\n\t\t\t<li data-ajax-id=\"977\" class=\"c-accordion__item \"\n\t\t\tdata-filter=\"pysslingen-forskolor oktober-2020\"\n\t\t\t>\n\t\t\t\t<h3 class=\"c-accordion__header\">\n\t\t\t\t\t\t\t\t\t\t<button class=\"c-accordion__trigger u-py-sm u-px-fluid-md-xl u-font-title-4\">\n\t\t\t\t\t\t<span>Hur m\u00e4ter ni kvaliteten p\u00e5 er f\u00f6rskola?<\/span>\n\t\t\t\t\t\t<svg class=\"ams-icon ams-icon__arrow-down\" width=\"24\" height=\"24\" viewbox=\"0 0 24 24\" fill=\"currentColor\" aria-hidden=\"true\" xmlns=\"http:\/\/www.w3.org\/2000\/svg\">\n\t\t\t\t\t\t\t\t\t\t\t\t\t<path d=\"m11.2033 18.4294-10.872894-10.67584c-.440539-.42594-.440539-1.1147 0-1.54065l.665495-.64345c.440539-.42595 1.152899-.42595 1.593439 0l9.41066 9.27114 9.4107-9.26207c.4405-.42595 1.1529-.42595 1.5934 0l.6655.64345c.4405.42594.4405 1.1147 0 1.54065l-10.8729 10.67587c-.4405.4168-1.1529.4168-1.5934-.0091z\"\/>\n\t\t\t\t\t\n\t\t\t\t\t\t<\/svg>\n\t\t\t\t\t<\/button>\n\t\t\t\t<\/h3>\n\t\t\t\t<div class=\"c-accordion__body l-stack u-font-body\">\n\t\t\t\t\t<div class=\"c-accordion__body__inner u-p-fluid-md-xl l-stack\">\n\t\t\t\t\t\t<p>I Pysslingen F\u00f6rskolor handlar ett bra kvalitetsarbete om att st\u00e4ndigt utv\u00e4rdera den egna verksamheten f\u00f6r att f\u00f6rb\u00e4ttra och utveckla v\u00e5ra arbetss\u00e4tt, f\u00f6rskolans milj\u00f6er och dagarnas inneh\u00e5ll f\u00f6r v\u00e5ra barn. Vi har flera verktyg som \u00e4r s\u00e4rskilt viktiga f\u00f6r att vi ska kunna utveckla och s\u00e4kerst\u00e4lla kvaliteten i v\u00e5ra f\u00f6rskolor. L\u00e4s mer om v\u00e5rt <a href=\"https:\/\/pysslingen.se\/kvalitetsarbete\/\">kvalitetsarbete<\/a>.<\/p>\n\n\t\t\t\t\t<\/div>\n\t\t\t\t<\/div>\n\t\t\t<\/li>\n\t\t\n\t\t\t\t\t\t\t\t\t\t\t\t\t\t\t\n\t\t\t\n\t\t\t<li data-ajax-id=\"965\" class=\"c-accordion__item \"\n\t\t\tdata-filter=\"pysslingen-forskolor oktober-2020\"\n\t\t\t>\n\t\t\t\t<h3 class=\"c-accordion__header\">\n\t\t\t\t\t\t\t\t\t\t<button class=\"c-accordion__trigger u-py-sm u-px-fluid-md-xl u-font-title-4\">\n\t\t\t\t\t\t<span>Hur stor \u00e4r avgiften i Pysslingen F\u00f6rskolor?<\/span>\n\t\t\t\t\t\t<svg class=\"ams-icon ams-icon__arrow-down\" width=\"24\" height=\"24\" viewbox=\"0 0 24 24\" fill=\"currentColor\" aria-hidden=\"true\" xmlns=\"http:\/\/www.w3.org\/2000\/svg\">\n\t\t\t\t\t\t\t\t\t\t\t\t\t<path d=\"m11.2033 18.4294-10.872894-10.67584c-.440539-.42594-.440539-1.1147 0-1.54065l.665495-.64345c.440539-.42595 1.152899-.42595 1.593439 0l9.41066 9.27114 9.4107-9.26207c.4405-.42595 1.1529-.42595 1.5934 0l.6655.64345c.4405.42594.4405 1.1147 0 1.54065l-10.8729 10.67587c-.4405.4168-1.1529.4168-1.5934-.0091z\"\/>\n\t\t\t\t\t\n\t\t\t\t\t\t<\/svg>\n\t\t\t\t\t<\/button>\n\t\t\t\t<\/h3>\n\t\t\t\t<div class=\"c-accordion__body l-stack u-font-body\">\n\t\t\t\t\t<div class=\"c-accordion__body__inner u-p-fluid-md-xl l-stack\">\n\t\t\t\t\t\t<p><span style=\"font-weight: 400\">Vi f\u00f6ljer samma taxa som den kommun barnet bor i <\/span><span style=\"font-weight: 400\">och <\/span><span style=\"font-weight: 400\">till\u00e4mpar, liksom kommunala f\u00f6rskolor, maxtaxa.<\/span><span style=\"font-weight: 400\"><br \/>\n<\/span><\/p>\n\n\t\t\t\t\t<\/div>\n\t\t\t\t<\/div>\n\t\t\t<\/li>\n\t\t\n\t\t\t\t\t\t\t\t\t\t\t\t\t\t\t\n\t\t\t\n\t\t\t<li data-ajax-id=\"964\" class=\"c-accordion__item \"\n\t\t\tdata-filter=\"pysslingen-forskolor oktober-2020\"\n\t\t\t>\n\t\t\t\t<h3 class=\"c-accordion__header\">\n\t\t\t\t\t\t\t\t\t\t<button class=\"c-accordion__trigger u-py-sm u-px-fluid-md-xl u-font-title-4\">\n\t\t\t\t\t\t<span>Vad \u00e4r syftet med f\u00f6rskolans l\u00e4roplan?<\/span>\n\t\t\t\t\t\t<svg class=\"ams-icon ams-icon__arrow-down\" width=\"24\" height=\"24\" viewbox=\"0 0 24 24\" fill=\"currentColor\" aria-hidden=\"true\" xmlns=\"http:\/\/www.w3.org\/2000\/svg\">\n\t\t\t\t\t\t\t\t\t\t\t\t\t<path d=\"m11.2033 18.4294-10.872894-10.67584c-.440539-.42594-.440539-1.1147 0-1.54065l.665495-.64345c.440539-.42595 1.152899-.42595 1.593439 0l9.41066 9.27114 9.4107-9.26207c.4405-.42595 1.1529-.42595 1.5934 0l.6655.64345c.4405.42594.4405 1.1147 0 1.54065l-10.8729 10.67587c-.4405.4168-1.1529.4168-1.5934-.0091z\"\/>\n\t\t\t\t\t\n\t\t\t\t\t\t<\/svg>\n\t\t\t\t\t<\/button>\n\t\t\t\t<\/h3>\n\t\t\t\t<div class=\"c-accordion__body l-stack u-font-body\">\n\t\t\t\t\t<div class=\"c-accordion__body__inner u-p-fluid-md-xl l-stack\">\n\t\t\t\t\t\t<p><span style=\"font-weight: 400\">F\u00f6rskolans l\u00e4roplan \u00e4r ett styrande dokument som inneb\u00e4r att f\u00f6rskolan har m\u00e5l och riktlinjer f\u00f6r hur verksamheten ska bedrivas och kvalitetss\u00e4kras. L\u00e4roplanen g\u00e4ller alla f\u00f6rskolor i hela Sverige och ger alla som arbetar i f\u00f6rskolan en tydlig riktning i hur vi ska arbeta f\u00f6r att ge varje barn m\u00f6jlighet att m\u00e5 bra och utvecklas utifr\u00e5n sin f\u00f6rm\u00e5ga. <\/span><\/p>\n<p><span style=\"font-weight: 400\">Hur l\u00e4roplanen till\u00e4mpas i praktiken, n\u00e4r det g\u00e4ller metoder och aktiviteter f\u00f6r att n\u00e5 m\u00e5len, kan variera fr\u00e5n f\u00f6rskola till f\u00f6rskola.<\/span><\/p>\n\n\t\t\t\t\t<\/div>\n\t\t\t\t<\/div>\n\t\t\t<\/li>\n\t\t\n\t\t\t\t\t\t\t\t\t\t\t\t\t\t\t\n\t\t\t\n\t\t\t<li data-ajax-id=\"963\" class=\"c-accordion__item \"\n\t\t\tdata-filter=\"pysslingen-forskolor oktober-2020\"\n\t\t\t>\n\t\t\t\t<h3 class=\"c-accordion__header\">\n\t\t\t\t\t\t\t\t\t\t<button class=\"c-accordion__trigger u-py-sm u-px-fluid-md-xl u-font-title-4\">\n\t\t\t\t\t\t<span>Vilka \u00e4ger Pysslingen F\u00f6rskolor?<\/span>\n\t\t\t\t\t\t<svg class=\"ams-icon ams-icon__arrow-down\" width=\"24\" height=\"24\" viewbox=\"0 0 24 24\" fill=\"currentColor\" aria-hidden=\"true\" xmlns=\"http:\/\/www.w3.org\/2000\/svg\">\n\t\t\t\t\t\t\t\t\t\t\t\t\t<path d=\"m11.2033 18.4294-10.872894-10.67584c-.440539-.42594-.440539-1.1147 0-1.54065l.665495-.64345c.440539-.42595 1.152899-.42595 1.593439 0l9.41066 9.27114 9.4107-9.26207c.4405-.42595 1.1529-.42595 1.5934 0l.6655.64345c.4405.42594.4405 1.1147 0 1.54065l-10.8729 10.67587c-.4405.4168-1.1529.4168-1.5934-.0091z\"\/>\n\t\t\t\t\t\n\t\t\t\t\t\t<\/svg>\n\t\t\t\t\t<\/button>\n\t\t\t\t<\/h3>\n\t\t\t\t<div class=\"c-accordion__body l-stack u-font-body\">\n\t\t\t\t\t<div class=\"c-accordion__body__inner u-p-fluid-md-xl l-stack\">\n\t\t\t\t\t\t<p><span style=\"font-weight: 400\">Vi \u00e4gs av AcadeMedia som \u00e4r norra Europas st\u00f6rsta utbildningsf\u00f6retag.<\/span><\/p>\n\n\t\t\t\t\t<\/div>\n\t\t\t\t<\/div>\n\t\t\t<\/li>\n\t\t\n\t\t\t\t\t\t\t\t\t\t\t\t\t\t\t\n\t\t\t\n\t\t\t<li data-ajax-id=\"955\" class=\"c-accordion__item \"\n\t\t\tdata-filter=\"pysslingen-forskolor oktober-2020\"\n\t\t\t>\n\t\t\t\t<h3 class=\"c-accordion__header\">\n\t\t\t\t\t\t\t\t\t\t<button class=\"c-accordion__trigger u-py-sm u-px-fluid-md-xl u-font-title-4\">\n\t\t\t\t\t\t<span>Var kommer namnet Pysslingen ifr\u00e5n?<\/span>\n\t\t\t\t\t\t<svg class=\"ams-icon ams-icon__arrow-down\" width=\"24\" height=\"24\" viewbox=\"0 0 24 24\" fill=\"currentColor\" aria-hidden=\"true\" xmlns=\"http:\/\/www.w3.org\/2000\/svg\">\n\t\t\t\t\t\t\t\t\t\t\t\t\t<path d=\"m11.2033 18.4294-10.872894-10.67584c-.440539-.42594-.440539-1.1147 0-1.54065l.665495-.64345c.440539-.42595 1.152899-.42595 1.593439 0l9.41066 9.27114 9.4107-9.26207c.4405-.42595 1.1529-.42595 1.5934 0l.6655.64345c.4405.42594.4405 1.1147 0 1.54065l-10.8729 10.67587c-.4405.4168-1.1529.4168-1.5934-.0091z\"\/>\n\t\t\t\t\t\n\t\t\t\t\t\t<\/svg>\n\t\t\t\t\t<\/button>\n\t\t\t\t<\/h3>\n\t\t\t\t<div class=\"c-accordion__body l-stack u-font-body\">\n\t\t\t\t\t<div class=\"c-accordion__body__inner u-p-fluid-md-xl l-stack\">\n\t\t\t\t\t\t<p><span style=\"font-weight: 400\">Ordet Pyssling betyder <\/span><i><span style=\"font-weight: 400\">mycket sm\u00e5v\u00e4xt person <\/span><\/i><span style=\"font-weight: 400\">eller <\/span><i><span style=\"font-weight: 400\">litet barn (<\/span><\/i><span style=\"font-weight: 400\">k\u00e4lla: saob.se)<\/span><span style=\"font-weight: 400\"><br \/>\n<\/span><\/p>\n\n\t\t\t\t\t<\/div>\n\t\t\t\t<\/div>\n\t\t\t<\/li>\n\t\t\n\t\t\t\t\t\t\t\t\t\t\t\t\t\t\t\n\t\t\t\n\t\t\t<li data-ajax-id=\"960\" class=\"c-accordion__item \"\n\t\t\tdata-filter=\"pysslingen-forskolor oktober-2020\"\n\t\t\t>\n\t\t\t\t<h3 class=\"c-accordion__header\">\n\t\t\t\t\t\t\t\t\t\t<button class=\"c-accordion__trigger u-py-sm u-px-fluid-md-xl u-font-title-4\">\n\t\t\t\t\t\t<span>Vad \u00e4r det f\u00f6r skillnad p\u00e5 f\u00f6rskola och dagis?<\/span>\n\t\t\t\t\t\t<svg class=\"ams-icon ams-icon__arrow-down\" width=\"24\" height=\"24\" viewbox=\"0 0 24 24\" fill=\"currentColor\" aria-hidden=\"true\" xmlns=\"http:\/\/www.w3.org\/2000\/svg\">\n\t\t\t\t\t\t\t\t\t\t\t\t\t<path d=\"m11.2033 18.4294-10.872894-10.67584c-.440539-.42594-.440539-1.1147 0-1.54065l.665495-.64345c.440539-.42595 1.152899-.42595 1.593439 0l9.41066 9.27114 9.4107-9.26207c.4405-.42595 1.1529-.42595 1.5934 0l.6655.64345c.4405.42594.4405 1.1147 0 1.54065l-10.8729 10.67587c-.4405.4168-1.1529.4168-1.5934-.0091z\"\/>\n\t\t\t\t\t\n\t\t\t\t\t\t<\/svg>\n\t\t\t\t\t<\/button>\n\t\t\t\t<\/h3>\n\t\t\t\t<div class=\"c-accordion__body l-stack u-font-body\">\n\t\t\t\t\t<div class=\"c-accordion__body__inner u-p-fluid-md-xl l-stack\">\n\t\t\t\t\t\t<p><span style=\"font-weight: 400\">Sedan l\u00e4roplanen f\u00f6r f\u00f6rskolan inf\u00f6rdes 1998 heter det <em>f\u00f6rskola<\/em> ist\u00e4llet f\u00f6r <em>daghem<\/em>, f\u00f6rkortat <em>dagis<\/em>, f\u00f6r att f\u00f6rtydliga verksamhetens pedagogiska inneh\u00e5ll.<\/span> <span style=\"font-weight: 400\">F\u00f6rskolan \u00e4r en pedagogisk verksamhet f\u00f6r barn fr\u00e5n ett \u00e5rs \u00e5lder till dess att de b\u00f6rjar f\u00f6rskoleklass.<\/span><span style=\"font-weight: 400\"><br \/>\n<\/span><\/p>\n\n\t\t\t\t\t<\/div>\n\t\t\t\t<\/div>\n\t\t\t<\/li>\n\t\t\n\t\t\t\t\t\t\t\t\t\t\t\t\t\t\t\n\t\t\t\n\t\t\t<li data-ajax-id=\"959\" class=\"c-accordion__item \"\n\t\t\tdata-filter=\"pysslingen-forskolor oktober-2020\"\n\t\t\t>\n\t\t\t\t<h3 class=\"c-accordion__header\">\n\t\t\t\t\t\t\t\t\t\t<button class=\"c-accordion__trigger u-py-sm u-px-fluid-md-xl u-font-title-4\">\n\t\t\t\t\t\t<span>N\u00e4r grundades Pysslingen F\u00f6rskolor?<\/span>\n\t\t\t\t\t\t<svg class=\"ams-icon ams-icon__arrow-down\" width=\"24\" height=\"24\" viewbox=\"0 0 24 24\" fill=\"currentColor\" aria-hidden=\"true\" xmlns=\"http:\/\/www.w3.org\/2000\/svg\">\n\t\t\t\t\t\t\t\t\t\t\t\t\t<path d=\"m11.2033 18.4294-10.872894-10.67584c-.440539-.42594-.440539-1.1147 0-1.54065l.665495-.64345c.440539-.42595 1.152899-.42595 1.593439 0l9.41066 9.27114 9.4107-9.26207c.4405-.42595 1.1529-.42595 1.5934 0l.6655.64345c.4405.42594.4405 1.1147 0 1.54065l-10.8729 10.67587c-.4405.4168-1.1529.4168-1.5934-.0091z\"\/>\n\t\t\t\t\t\n\t\t\t\t\t\t<\/svg>\n\t\t\t\t\t<\/button>\n\t\t\t\t<\/h3>\n\t\t\t\t<div class=\"c-accordion__body l-stack u-font-body\">\n\t\t\t\t\t<div class=\"c-accordion__body__inner u-p-fluid-md-xl l-stack\">\n\t\t\t\t\t\t<p><span style=\"font-weight: 400\">Pysslingen F\u00f6rskolor grundades 1986 d\u00e5 de <\/span><span style=\"font-weight: 400\">tv\u00e5 f\u00f6rsta f\u00f6rskolorna (som fortfarande finns kvar) startades i Nacka utanf\u00f6r Stockholm.<\/span><\/p>\n\n\t\t\t\t\t<\/div>\n\t\t\t\t<\/div>\n\t\t\t<\/li>\n\t\t\n\t\t\t\t\t\t\t\t\t\t\t\t\t\t\t\n\t\t\t\n\t\t\t<li data-ajax-id=\"958\" class=\"c-accordion__item \"\n\t\t\tdata-filter=\"pysslingen-forskolor oktober-2020\"\n\t\t\t>\n\t\t\t\t<h3 class=\"c-accordion__header\">\n\t\t\t\t\t\t\t\t\t\t<button class=\"c-accordion__trigger u-py-sm u-px-fluid-md-xl u-font-title-4\">\n\t\t\t\t\t\t<span>Hur m\u00e5nga Pysslingen F\u00f6rskolor finns det?<\/span>\n\t\t\t\t\t\t<svg class=\"ams-icon ams-icon__arrow-down\" width=\"24\" height=\"24\" viewbox=\"0 0 24 24\" fill=\"currentColor\" aria-hidden=\"true\" xmlns=\"http:\/\/www.w3.org\/2000\/svg\">\n\t\t\t\t\t\t\t\t\t\t\t\t\t<path d=\"m11.2033 18.4294-10.872894-10.67584c-.440539-.42594-.440539-1.1147 0-1.54065l.665495-.64345c.440539-.42595 1.152899-.42595 1.593439 0l9.41066 9.27114 9.4107-9.26207c.4405-.42595 1.1529-.42595 1.5934 0l.6655.64345c.4405.42594.4405 1.1147 0 1.54065l-10.8729 10.67587c-.4405.4168-1.1529.4168-1.5934-.0091z\"\/>\n\t\t\t\t\t\n\t\t\t\t\t\t<\/svg>\n\t\t\t\t\t<\/button>\n\t\t\t\t<\/h3>\n\t\t\t\t<div class=\"c-accordion__body l-stack u-font-body\">\n\t\t\t\t\t<div class=\"c-accordion__body__inner u-p-fluid-md-xl l-stack\">\n\t\t\t\t\t\t<p><span style=\"font-weight: 400\">Det finns drygt 100 stycken <\/span><span style=\"font-weight: 400\">fr\u00e5n Malm\u00f6 i s\u00f6der till \u00d6stersund i norr. <\/span><\/p>\n\n\t\t\t\t\t<\/div>\n\t\t\t\t<\/div>\n\t\t\t<\/li>\n\t\t\t<\/ul>\n\n\t<div class=\"no-results u-mt-0 u-hide\" data-filter-fallback-id=\"ams-faq-list-69ee536ca63c5\">\n\t<p>Det finns inga resultat som matchar din filtrering.<\/p>\n<\/div>\n\n\t\n\n\t\t\n\t\t\t<\/div>\n\n\t\t\n\n<\/section>\n\t<\/div>\n\n\t","protected":false},"excerpt":{"rendered":"<p>H\u00e5llbar utveckling och friluftsfr\u00e4mjandet I utevistelsen f\u00e5r vi mer r\u00f6relserum, frisk luft och m\u00f6te med b\u00e5de natur och kultur. N\u00e4rheten till parker, natur, kultur och kommunikationer ger oss stora m\u00f6jligheter att variera v\u00e5r verksamhet. Vi vill ta tillvara p\u00e5 m\u00f6jligheterna som finns i naturen runt omkring oss i v\u00e5rt fantastiska n\u00e4romr\u00e5de samt v\u00e4rna om v\u00e5r&#8230;<\/p>\n","protected":false},"author":3,"featured_media":0,"parent":0,"menu_order":0,"comment_status":"closed","ping_status":"closed","template":"","meta":{"footnotes":""},"yoast_head":"<!-- This site is optimized with the Yoast SEO plugin v22.0 - https:\/\/yoast.com\/wordpress\/plugins\/seo\/ -->\n<title>Bj\u00f6rng\u00e5rden; H\u00e5llbar utveckling och friluftsfr\u00e4mjande<\/title>\n<meta name=\"description\" content=\"Bj\u00f6rng\u00e5rden har sin grund att utg\u00e5 fr\u00e5n barnens intressen och erfarenheter. Det \u00e4r viktigt f\u00f6r oss, l\u00e4s mer om v\u00e5r inriktning h\u00e4r.\" \/>\n<meta name=\"robots\" content=\"index, follow, max-snippet:-1, max-image-preview:large, max-video-preview:-1\" \/>\n<link rel=\"canonical\" href=\"https:\/\/pysslingen.se\/bjorngarden\/om-forskolan\/\" \/>\n<meta property=\"og:locale\" content=\"sv_SE\" \/>\n<meta property=\"og:type\" content=\"article\" \/>\n<meta property=\"og:title\" content=\"Bj\u00f6rng\u00e5rden; H\u00e5llbar utveckling och friluftsfr\u00e4mjande\" \/>\n<meta property=\"og:description\" content=\"Bj\u00f6rng\u00e5rden har sin grund att utg\u00e5 fr\u00e5n barnens intressen och erfarenheter. Det \u00e4r viktigt f\u00f6r oss, l\u00e4s mer om v\u00e5r inriktning h\u00e4r.\" \/>\n<meta property=\"og:url\" content=\"https:\/\/pysslingen.se\/bjorngarden\/om-forskolan\/\" \/>\n<meta property=\"og:site_name\" content=\"Bj\u00f6rng\u00e5rden\" \/>\n<meta property=\"article:modified_time\" content=\"2026-02-05T13:04:41+00:00\" \/>\n<meta name=\"twitter:card\" content=\"summary_large_image\" \/>\n<meta name=\"twitter:title\" content=\"Bj\u00f6rng\u00e5rden; H\u00e5llbar utveckling och friluftsfr\u00e4mjande\" \/>\n<meta name=\"twitter:description\" content=\"Bj\u00f6rng\u00e5rden har sin grund att utg\u00e5 fr\u00e5n barnens intressen och erfarenheter. Det \u00e4r viktigt f\u00f6r oss, l\u00e4s mer om v\u00e5r inriktning h\u00e4r.\" \/>\n<meta name=\"twitter:label1\" content=\"Ber\u00e4knad l\u00e4stid\" \/>\n\t<meta name=\"twitter:data1\" content=\"3 minuter\" \/>\n<script type=\"application\/ld+json\" class=\"yoast-schema-graph\">{\"@context\":\"https:\/\/schema.org\",\"@graph\":[{\"@type\":\"WebPage\",\"@id\":\"https:\/\/pysslingen.se\/bjorngarden\/om-forskolan\/\",\"url\":\"https:\/\/pysslingen.se\/bjorngarden\/om-forskolan\/\",\"name\":\"Bj\u00f6rng\u00e5rden; H\u00e5llbar utveckling och friluftsfr\u00e4mjande\",\"isPartOf\":{\"@id\":\"https:\/\/pysslingen.se\/bjorngarden\/#website\"},\"datePublished\":\"2020-09-29T09:07:29+00:00\",\"dateModified\":\"2026-02-05T13:04:41+00:00\",\"description\":\"Bj\u00f6rng\u00e5rden har sin grund att utg\u00e5 fr\u00e5n barnens intressen och erfarenheter. Det \u00e4r viktigt f\u00f6r oss, l\u00e4s mer om v\u00e5r inriktning h\u00e4r.\",\"breadcrumb\":{\"@id\":\"https:\/\/pysslingen.se\/bjorngarden\/om-forskolan\/#breadcrumb\"},\"inLanguage\":\"sv-SE\",\"potentialAction\":[{\"@type\":\"ReadAction\",\"target\":[\"https:\/\/pysslingen.se\/bjorngarden\/om-forskolan\/\"]}]},{\"@type\":\"BreadcrumbList\",\"@id\":\"https:\/\/pysslingen.se\/bjorngarden\/om-forskolan\/#breadcrumb\",\"itemListElement\":[{\"@type\":\"ListItem\",\"position\":1,\"name\":\"Start\",\"item\":\"https:\/\/pysslingen.se\/bjorngarden\/\"},{\"@type\":\"ListItem\",\"position\":2,\"name\":\"Om f\u00f6rskolan\"}]},{\"@type\":\"WebSite\",\"@id\":\"https:\/\/pysslingen.se\/bjorngarden\/#website\",\"url\":\"https:\/\/pysslingen.se\/bjorngarden\/\",\"name\":\"Bj\u00f6rng\u00e5rden\",\"description\":\"En trygg och stimulerande v\u00e4rld\",\"publisher\":{\"@id\":\"https:\/\/pysslingen.se\/bjorngarden\/#organization\"},\"potentialAction\":[{\"@type\":\"SearchAction\",\"target\":{\"@type\":\"EntryPoint\",\"urlTemplate\":\"https:\/\/pysslingen.se\/bjorngarden\/?s={search_term_string}\"},\"query-input\":\"required name=search_term_string\"}],\"inLanguage\":\"sv-SE\"},{\"@type\":\"Organization\",\"@id\":\"https:\/\/pysslingen.se\/bjorngarden\/#organization\",\"name\":\"Pysslingen F\u00f6rskolor\",\"url\":\"https:\/\/pysslingen.se\/bjorngarden\/\",\"logo\":{\"@type\":\"ImageObject\",\"inLanguage\":\"sv-SE\",\"@id\":\"https:\/\/pysslingen.se\/bjorngarden\/#\/schema\/logo\/image\/\",\"url\":\"https:\/\/pysslingen.se\/wp-content\/uploads\/2021\/05\/pysslingen-forskolor.png\",\"contentUrl\":\"https:\/\/pysslingen.se\/wp-content\/uploads\/2021\/05\/pysslingen-forskolor.png\",\"width\":1120,\"height\":630,\"caption\":\"Pysslingen F\u00f6rskolor\"},\"image\":{\"@id\":\"https:\/\/pysslingen.se\/bjorngarden\/#\/schema\/logo\/image\/\"}}]}<\/script>\n<!-- \/ Yoast SEO plugin. -->","yoast_head_json":{"title":"Bj\u00f6rng\u00e5rden; H\u00e5llbar utveckling och friluftsfr\u00e4mjande","description":"Bj\u00f6rng\u00e5rden har sin grund att utg\u00e5 fr\u00e5n barnens intressen och erfarenheter. Det \u00e4r viktigt f\u00f6r oss, l\u00e4s mer om v\u00e5r inriktning h\u00e4r.","robots":{"index":"index","follow":"follow","max-snippet":"max-snippet:-1","max-image-preview":"max-image-preview:large","max-video-preview":"max-video-preview:-1"},"canonical":"https:\/\/pysslingen.se\/bjorngarden\/om-forskolan\/","og_locale":"sv_SE","og_type":"article","og_title":"Bj\u00f6rng\u00e5rden; H\u00e5llbar utveckling och friluftsfr\u00e4mjande","og_description":"Bj\u00f6rng\u00e5rden har sin grund att utg\u00e5 fr\u00e5n barnens intressen och erfarenheter. Det \u00e4r viktigt f\u00f6r oss, l\u00e4s mer om v\u00e5r inriktning h\u00e4r.","og_url":"https:\/\/pysslingen.se\/bjorngarden\/om-forskolan\/","og_site_name":"Bj\u00f6rng\u00e5rden","article_modified_time":"2026-02-05T13:04:41+00:00","twitter_card":"summary_large_image","twitter_title":"Bj\u00f6rng\u00e5rden; H\u00e5llbar utveckling och friluftsfr\u00e4mjande","twitter_description":"Bj\u00f6rng\u00e5rden har sin grund att utg\u00e5 fr\u00e5n barnens intressen och erfarenheter. Det \u00e4r viktigt f\u00f6r oss, l\u00e4s mer om v\u00e5r inriktning h\u00e4r.","twitter_misc":{"Ber\u00e4knad l\u00e4stid":"3 minuter"},"schema":{"@context":"https:\/\/schema.org","@graph":[{"@type":"WebPage","@id":"https:\/\/pysslingen.se\/bjorngarden\/om-forskolan\/","url":"https:\/\/pysslingen.se\/bjorngarden\/om-forskolan\/","name":"Bj\u00f6rng\u00e5rden; H\u00e5llbar utveckling och friluftsfr\u00e4mjande","isPartOf":{"@id":"https:\/\/pysslingen.se\/bjorngarden\/#website"},"datePublished":"2020-09-29T09:07:29+00:00","dateModified":"2026-02-05T13:04:41+00:00","description":"Bj\u00f6rng\u00e5rden har sin grund att utg\u00e5 fr\u00e5n barnens intressen och erfarenheter. Det \u00e4r viktigt f\u00f6r oss, l\u00e4s mer om v\u00e5r inriktning h\u00e4r.","breadcrumb":{"@id":"https:\/\/pysslingen.se\/bjorngarden\/om-forskolan\/#breadcrumb"},"inLanguage":"sv-SE","potentialAction":[{"@type":"ReadAction","target":["https:\/\/pysslingen.se\/bjorngarden\/om-forskolan\/"]}]},{"@type":"BreadcrumbList","@id":"https:\/\/pysslingen.se\/bjorngarden\/om-forskolan\/#breadcrumb","itemListElement":[{"@type":"ListItem","position":1,"name":"Start","item":"https:\/\/pysslingen.se\/bjorngarden\/"},{"@type":"ListItem","position":2,"name":"Om f\u00f6rskolan"}]},{"@type":"WebSite","@id":"https:\/\/pysslingen.se\/bjorngarden\/#website","url":"https:\/\/pysslingen.se\/bjorngarden\/","name":"Bj\u00f6rng\u00e5rden","description":"En trygg och stimulerande v\u00e4rld","publisher":{"@id":"https:\/\/pysslingen.se\/bjorngarden\/#organization"},"potentialAction":[{"@type":"SearchAction","target":{"@type":"EntryPoint","urlTemplate":"https:\/\/pysslingen.se\/bjorngarden\/?s={search_term_string}"},"query-input":"required name=search_term_string"}],"inLanguage":"sv-SE"},{"@type":"Organization","@id":"https:\/\/pysslingen.se\/bjorngarden\/#organization","name":"Pysslingen F\u00f6rskolor","url":"https:\/\/pysslingen.se\/bjorngarden\/","logo":{"@type":"ImageObject","inLanguage":"sv-SE","@id":"https:\/\/pysslingen.se\/bjorngarden\/#\/schema\/logo\/image\/","url":"https:\/\/pysslingen.se\/wp-content\/uploads\/2021\/05\/pysslingen-forskolor.png","contentUrl":"https:\/\/pysslingen.se\/wp-content\/uploads\/2021\/05\/pysslingen-forskolor.png","width":1120,"height":630,"caption":"Pysslingen F\u00f6rskolor"},"image":{"@id":"https:\/\/pysslingen.se\/bjorngarden\/#\/schema\/logo\/image\/"}}]}},"_links":{"self":[{"href":"https:\/\/pysslingen.se\/bjorngarden\/wp-json\/wp\/v2\/pages\/8"}],"collection":[{"href":"https:\/\/pysslingen.se\/bjorngarden\/wp-json\/wp\/v2\/pages"}],"about":[{"href":"https:\/\/pysslingen.se\/bjorngarden\/wp-json\/wp\/v2\/types\/page"}],"author":[{"embeddable":true,"href":"https:\/\/pysslingen.se\/bjorngarden\/wp-json\/wp\/v2\/users\/3"}],"replies":[{"embeddable":true,"href":"https:\/\/pysslingen.se\/bjorngarden\/wp-json\/wp\/v2\/comments?post=8"}],"version-history":[{"count":10,"href":"https:\/\/pysslingen.se\/bjorngarden\/wp-json\/wp\/v2\/pages\/8\/revisions"}],"predecessor-version":[{"id":1860,"href":"https:\/\/pysslingen.se\/bjorngarden\/wp-json\/wp\/v2\/pages\/8\/revisions\/1860"}],"wp:attachment":[{"href":"https:\/\/pysslingen.se\/bjorngarden\/wp-json\/wp\/v2\/media?parent=8"}],"curies":[{"name":"wp","href":"https:\/\/api.w.org\/{rel}","templated":true}]}}