{"id":209,"date":"2020-10-01T11:27:44","date_gmt":"2020-10-01T11:27:44","guid":{"rendered":"https:\/\/pysslingen.se\/bjorngarden\/?page_id=209"},"modified":"2024-12-20T11:56:06","modified_gmt":"2024-12-20T10:56:06","slug":"samverkan-med-hemmet","status":"publish","type":"page","link":"https:\/\/pysslingen.se\/bjorngarden\/samverkan-med-hemmet\/","title":{"rendered":"Samverkan med hemmet"},"content":{"rendered":"\t<div\n\t\t class=\"module_wrapper container-fluid images-module\" >\n\t\t<div class=\"row\">\n\t\t\t<div\n\t\t\t\t\tclass=\"col-12 m-0 p-0 position-relative images_module__slideshow images_module__slideshow-container module-expand \">\n\n\t\t\t\t<div class=\"images_module__slide \" data-slide=\"\"\n\t\t\t\t\t data-duration=\"\"><\/div>\n\t\t\t\t\t\t\t\t\t<div\n\t\t\t\t\t\t class=\"images_module__slides \">\n\n\n\t\t\t\t\t\t<div class=\"images__wrapper\"\n\t\t\t\t\t\t\t style=\"aspect-ratio: 1441 \/ 531;\">\n\t\t\t\t\t\t\t<img decoding=\"async\" width=\"2500\" height=\"1308\" src=\"https:\/\/pysslingen.se\/wp-content\/uploads\/sites\/78\/2020\/10\/1pysslingenannonsmateriall1200x628.png\" class=\"images__image_ratio  \" alt=\"Pyss kommer med sin pappa till f\u00f6rskolan Pysslingen\" style=\"aspect-ratio: 1441 \/ 531;object-position: _center-center;\" srcset=\"https:\/\/pysslingen.se\/wp-content\/uploads\/sites\/78\/2020\/10\/1pysslingenannonsmateriall1200x628.png 2500w, https:\/\/pysslingen.se\/wp-content\/uploads\/sites\/78\/2020\/10\/1pysslingenannonsmateriall1200x628-300x157.png 300w, https:\/\/pysslingen.se\/wp-content\/uploads\/sites\/78\/2020\/10\/1pysslingenannonsmateriall1200x628-1024x536.png 1024w, https:\/\/pysslingen.se\/wp-content\/uploads\/sites\/78\/2020\/10\/1pysslingenannonsmateriall1200x628-768x402.png 768w, https:\/\/pysslingen.se\/wp-content\/uploads\/sites\/78\/2020\/10\/1pysslingenannonsmateriall1200x628-1536x804.png 1536w, https:\/\/pysslingen.se\/wp-content\/uploads\/sites\/78\/2020\/10\/1pysslingenannonsmateriall1200x628-2048x1072.png 2048w, https:\/\/pysslingen.se\/wp-content\/uploads\/sites\/78\/2020\/10\/1pysslingenannonsmateriall1200x628-1920x1005.png 1920w, https:\/\/pysslingen.se\/wp-content\/uploads\/sites\/78\/2020\/10\/1pysslingenannonsmateriall1200x628-1100x576.png 1100w, https:\/\/pysslingen.se\/wp-content\/uploads\/sites\/78\/2020\/10\/1pysslingenannonsmateriall1200x628-1000x523.png 1000w\" sizes=\"(max-width: 2500px) 100vw, 2500px\" \/>\t\t\t\t\t\t<\/div>\n\n\t\t\t\t\t\t\n\t\t\t\t\t\t\t\t\t\t\t<\/div>\n\t\t\t\t\n\t\t\t\t<div class=\"images_module__container_dot \">\n\t\t\t\t\t<div style=\"text-align:center\">\n\t\t\t\t\t\t\t\t\t\t\t\t\t<span   data-i=\"0\"\n\t\t\t\t\t\t\t\t  class=\"images_module__dot\n\t\t\t\t\t\t\t\t\t\t\t\t\t  \"><\/span>\n\t\t\t\t\t\t\t\t\t\t\t<\/div>\n\t\t\t\t<\/div>\n\n\t\t\t<\/div>\n\t\t<\/div>\n\t<\/div>\n\n\n\t\n\n\n<script>\n\tvar images_display_descriptive_text = \"\";\n<\/script>\n\n\n\n<div style=\"height:20px\" aria-hidden=\"true\" class=\"wp-block-spacer\"><\/div>\n\n\n\n<div style=\"height:20px\" aria-hidden=\"true\" class=\"wp-block-spacer\"><\/div>\n\n\n\n<h1 class=\"wp-block-heading\">V\u00e5r kontakt med dig som v\u00e5rdnadshavare<\/h1>\n\n\n\n<p   class=\"site__ingress container text-left  site__text-color--dark  site__free_text--ingress p-0\">\n\tP\u00e5 Bj\u00f6rng\u00e5rden vill vi g\u00f6ra er v\u00e5rdnadshavare delaktiga i verksamheten och erbjuder d\u00e4rf\u00f6r flera former f\u00f6r samverkan; uppf\u00f6ljningssamtal, Mitt Pysslingen, utvecklingssamtal, v\u00e5rdnadshavarem\u00f6te och \u201cfika med ledningen\u201d samt en kundenk\u00e4t.<\/p>\n\n\n\n\n\n<div style=\"height:27px\" aria-hidden=\"true\" class=\"wp-block-spacer\"><\/div>\n\n\n\n<p>Efter avslutad introduktion bjuder f\u00f6rskolan in till ett uppf\u00f6ljningssamtal. D\u00e4r samtalar vi om hur du och ditt barn upplevt introduktionen och du har m\u00f6jlighet att st\u00e4lla de fr\u00e5gor som dykt upp under den f\u00f6rsta tiden p\u00e5 f\u00f6rskolan.<\/p>\n\n\n\n<p>Vi anv\u00e4nder oss av kommunikationsverktyget Mitt Pysslingen. H\u00e4r kan du f\u00e5 information och det pedagogiska brevet som skickas en g\u00e5ng i m\u00e5naden. H\u00e4r dokumenteras ocks\u00e5 ditt barns utveckling och l\u00e4rande i bild och text i en l\u00e4rlogg som bara du som v\u00e5rdnadshavare har tillg\u00e5ng till. I Mitt Pysslingen kan du \u00e4ven f\u00f6lja olika projekt och aktiviteter som sker p\u00e5 avdelningen och p\u00e5 f\u00f6rskolan.<\/p>\n\n\n\n<p>Varje termin bjuder vi in till ett utvecklingssamtal. Detta samtal ser vi som ett v\u00e4rdefullt m\u00f6te d\u00e4r vi tillsammans pratar om just ditt barns utveckling och l\u00e4rande och hur f\u00f6rskolan och hemmet kan samordna v\u00e5ra resurser s\u00e5 att vi tillsammans bildar en helhet i barnets utveckling. Det \u00e4r \u00e4ven ett bra tillf\u00e4lle f\u00f6r dig som v\u00e5rdnadshavare att st\u00e4lla fr\u00e5gor och komma med \u00f6nskem\u00e5l.<\/p>\n\n\n\n<p>Vi bjuder \u00e4ven in till ett v\u00e5rdnadshavarm\u00f6te varje termin. Detta m\u00f6te kan se olika ut och inneh\u00e5lla allt ifr\u00e5n information till dialog kring pedagogik och f\u00f6rskolans utveckling.<\/p>\n\n\n\n<p>En eller ett par g\u00e5nger per termin bjuder vi in till f\u00f6rskoler\u00e5d. I f\u00f6rskoler\u00e5det sitter n\u00e5gon av v\u00e5ra pedagoger, rektor och v\u00e5rdnadshavare. F\u00f6rskoler\u00e5det \u00e4r ett \u00f6ppet forum d\u00e4r de v\u00e5rdnadshavare som vill och har m\u00f6jlighet \u00e4r med. Syftet med f\u00f6rskoler\u00e5det \u00e4r att skapa ett samarbete och en dialog mellan hem och f\u00f6rskola f\u00f6r att bidra till f\u00f6rskolans fortsatta utveckling. P\u00e5 f\u00f6rskoler\u00e5det \u00e4r det \u00f6vergripande fr\u00e5gor som r\u00f6r hela f\u00f6rskolan som diskuteras.<\/p>\n\n\n\n<p>En g\u00e5ng per termin bjuder vi i ledningen in er v\u00e5rdnadshavare till samr\u00e5d genom ett \u201cFika med ledningen\u201d. M\u00f6tesformen \u00e4r som ett \u00f6ppet drop-in m\u00f6te under en morgon eller eftermiddag i samband med h\u00e4mtning eller l\u00e4mning, f\u00f6r de som vill tr\u00e4ffa ledningsteamet f\u00f6r fr\u00e5gor och \u00f6nskem\u00e5l \u00f6ver en kopp kaffe.&nbsp;<\/p>\n\n\n\n<p>I b\u00f6rjan av varje \u00e5r g\u00f6r vi en <a href=\"https:\/\/pysslingen.se\/bjorngarden\/resultat\/\">kundunders\u00f6kning<\/a> som ni sedan kan ta del av. Det \u00e4r ett viktigt verktyg f\u00f6r v\u00e5r utveckling.<\/p>\n\n\n\n<div style=\"height:20px\" aria-hidden=\"true\" class=\"wp-block-spacer\"><\/div>\n\n\n\n\n<section  class=\"ams-cta ams-cta--stacked c-block l-stacked\">\n\t<div class=\"l-container l-stack l-stack-fluid-2xl u-pt-fluid-md-xl u-pb-fluid-3xl-6xl is-center is-center@md\">\n\t\t\t\t\t<div class=\"ams-cta__intro l-stack l-stack-lg\">\n\t\t\t\t\t\n\t<h2\n\tclass=\"c-heading u-font-title-1 \"\n\tstyle=\"\">\n\t\t\n\t\t\t\t\tDu som v\u00e5rdnadshavare spelar en viktig roll vid inskolningen\n\t\t\t\t\n\t<\/h2>\n\n\t\t\t\t\t\t\t<\/div>\n\t\t\n\t\t\n\t\t\t<div class=\"ams-cta__action u-inline-items\">\n\t\t\t\t\t\t\t\n\n\n<a href=\"https:\/\/pysslingen.se\/bjorngarden\/inskolning\/\"\n\t\n\tclass=\"c-btn \"\n\tdata-style=\"rounded\"\n\tdata-size=\"md\"\n\tdata-width=\"full-mobile\"\n\tdata-variant=\"default\"\n\ttarget=\"_self\">\n\t\t\t<span class=\"label\"> L\u00e4s mer om inskolning<\/span>\n\t\t\t<\/a>\n\t\t\t<\/div>\n\t<\/div>\n\n\t\t\n\n<\/section>\n","protected":false},"excerpt":{"rendered":"<p>V\u00e5r kontakt med dig som v\u00e5rdnadshavare Efter avslutad introduktion bjuder f\u00f6rskolan in till ett uppf\u00f6ljningssamtal. D\u00e4r samtalar vi om hur du och ditt barn upplevt introduktionen och du har m\u00f6jlighet att st\u00e4lla de fr\u00e5gor som dykt upp under den f\u00f6rsta tiden p\u00e5 f\u00f6rskolan. Vi anv\u00e4nder oss av kommunikationsverktyget Mitt Pysslingen. H\u00e4r kan du f\u00e5 information&#8230;<\/p>\n","protected":false},"author":5,"featured_media":0,"parent":0,"menu_order":0,"comment_status":"closed","ping_status":"closed","template":"","meta":{"footnotes":""},"yoast_head":"<!-- This site is optimized with the Yoast SEO plugin v22.0 - https:\/\/yoast.com\/wordpress\/plugins\/seo\/ -->\n<title>Bj\u00f6rng\u00e5rden<\/title>\n<meta name=\"description\" content=\"Genom en god och regelbunden kommunikation kan du vara med och p\u00e5verka ditt barns utveckling och l\u00e4rande p\u00e5 f\u00f6rskolan Bj\u00f6rng\u00e5rden.\" \/>\n<meta name=\"robots\" content=\"index, follow, max-snippet:-1, max-image-preview:large, max-video-preview:-1\" \/>\n<link rel=\"canonical\" href=\"https:\/\/pysslingen.se\/bjorngarden\/samverkan-med-hemmet\/\" \/>\n<meta property=\"og:locale\" content=\"sv_SE\" \/>\n<meta property=\"og:type\" content=\"article\" \/>\n<meta property=\"og:description\" content=\"Genom en god och regelbunden kommunikation kan du vara med och p\u00e5verka ditt barns utveckling och l\u00e4rande p\u00e5 f\u00f6rskolan Bj\u00f6rng\u00e5rden.\" \/>\n<meta property=\"og:url\" content=\"https:\/\/pysslingen.se\/bjorngarden\/samverkan-med-hemmet\/\" \/>\n<meta property=\"og:site_name\" content=\"Bj\u00f6rng\u00e5rden\" \/>\n<meta property=\"article:modified_time\" content=\"2024-12-20T10:56:06+00:00\" \/>\n<meta name=\"twitter:card\" content=\"summary_large_image\" \/>\n<meta name=\"twitter:description\" content=\"Genom en god och regelbunden kommunikation kan du vara med och p\u00e5verka ditt barns utveckling och l\u00e4rande p\u00e5 f\u00f6rskolan Bj\u00f6rng\u00e5rden.\" \/>\n<meta name=\"twitter:image\" content=\"https:\/\/pysslingen.se\/wp-content\/uploads\/sites\/78\/2020\/10\/1pysslingenannonsmateriall1200x628.png\" \/>\n<meta name=\"twitter:label1\" content=\"Ber\u00e4knad l\u00e4stid\" \/>\n\t<meta name=\"twitter:data1\" content=\"2 minuter\" \/>\n<script type=\"application\/ld+json\" class=\"yoast-schema-graph\">{\"@context\":\"https:\/\/schema.org\",\"@graph\":[{\"@type\":\"WebPage\",\"@id\":\"https:\/\/pysslingen.se\/bjorngarden\/samverkan-med-hemmet\/\",\"url\":\"https:\/\/pysslingen.se\/bjorngarden\/samverkan-med-hemmet\/\",\"name\":\"Samverkan med hemmet - Bj\u00f6rng\u00e5rden\",\"isPartOf\":{\"@id\":\"https:\/\/pysslingen.se\/bjorngarden\/#website\"},\"datePublished\":\"2020-10-01T11:27:44+00:00\",\"dateModified\":\"2024-12-20T10:56:06+00:00\",\"description\":\"Genom en god och regelbunden kommunikation kan du vara med och p\u00e5verka ditt barns utveckling och l\u00e4rande p\u00e5 f\u00f6rskolan Bj\u00f6rng\u00e5rden.\",\"breadcrumb\":{\"@id\":\"https:\/\/pysslingen.se\/bjorngarden\/samverkan-med-hemmet\/#breadcrumb\"},\"inLanguage\":\"sv-SE\",\"potentialAction\":[{\"@type\":\"ReadAction\",\"target\":[\"https:\/\/pysslingen.se\/bjorngarden\/samverkan-med-hemmet\/\"]}]},{\"@type\":\"BreadcrumbList\",\"@id\":\"https:\/\/pysslingen.se\/bjorngarden\/samverkan-med-hemmet\/#breadcrumb\",\"itemListElement\":[{\"@type\":\"ListItem\",\"position\":1,\"name\":\"Start\",\"item\":\"https:\/\/pysslingen.se\/bjorngarden\/\"},{\"@type\":\"ListItem\",\"position\":2,\"name\":\"Samverkan med hemmet\"}]},{\"@type\":\"WebSite\",\"@id\":\"https:\/\/pysslingen.se\/bjorngarden\/#website\",\"url\":\"https:\/\/pysslingen.se\/bjorngarden\/\",\"name\":\"Bj\u00f6rng\u00e5rden\",\"description\":\"En trygg och stimulerande v\u00e4rld\",\"publisher\":{\"@id\":\"https:\/\/pysslingen.se\/bjorngarden\/#organization\"},\"potentialAction\":[{\"@type\":\"SearchAction\",\"target\":{\"@type\":\"EntryPoint\",\"urlTemplate\":\"https:\/\/pysslingen.se\/bjorngarden\/?s={search_term_string}\"},\"query-input\":\"required name=search_term_string\"}],\"inLanguage\":\"sv-SE\"},{\"@type\":\"Organization\",\"@id\":\"https:\/\/pysslingen.se\/bjorngarden\/#organization\",\"name\":\"Pysslingen F\u00f6rskolor\",\"url\":\"https:\/\/pysslingen.se\/bjorngarden\/\",\"logo\":{\"@type\":\"ImageObject\",\"inLanguage\":\"sv-SE\",\"@id\":\"https:\/\/pysslingen.se\/bjorngarden\/#\/schema\/logo\/image\/\",\"url\":\"https:\/\/pysslingen.se\/wp-content\/uploads\/2021\/05\/pysslingen-forskolor.png\",\"contentUrl\":\"https:\/\/pysslingen.se\/wp-content\/uploads\/2021\/05\/pysslingen-forskolor.png\",\"width\":1120,\"height\":630,\"caption\":\"Pysslingen F\u00f6rskolor\"},\"image\":{\"@id\":\"https:\/\/pysslingen.se\/bjorngarden\/#\/schema\/logo\/image\/\"}}]}<\/script>\n<!-- \/ Yoast SEO plugin. -->","yoast_head_json":{"title":"Bj\u00f6rng\u00e5rden","description":"Genom en god och regelbunden kommunikation kan du vara med och p\u00e5verka ditt barns utveckling och l\u00e4rande p\u00e5 f\u00f6rskolan Bj\u00f6rng\u00e5rden.","robots":{"index":"index","follow":"follow","max-snippet":"max-snippet:-1","max-image-preview":"max-image-preview:large","max-video-preview":"max-video-preview:-1"},"canonical":"https:\/\/pysslingen.se\/bjorngarden\/samverkan-med-hemmet\/","og_locale":"sv_SE","og_type":"article","og_description":"Genom en god och regelbunden kommunikation kan du vara med och p\u00e5verka ditt barns utveckling och l\u00e4rande p\u00e5 f\u00f6rskolan Bj\u00f6rng\u00e5rden.","og_url":"https:\/\/pysslingen.se\/bjorngarden\/samverkan-med-hemmet\/","og_site_name":"Bj\u00f6rng\u00e5rden","article_modified_time":"2024-12-20T10:56:06+00:00","twitter_card":"summary_large_image","twitter_description":"Genom en god och regelbunden kommunikation kan du vara med och p\u00e5verka ditt barns utveckling och l\u00e4rande p\u00e5 f\u00f6rskolan Bj\u00f6rng\u00e5rden.","twitter_image":"https:\/\/pysslingen.se\/wp-content\/uploads\/sites\/78\/2020\/10\/1pysslingenannonsmateriall1200x628.png","twitter_misc":{"Ber\u00e4knad l\u00e4stid":"2 minuter"},"schema":{"@context":"https:\/\/schema.org","@graph":[{"@type":"WebPage","@id":"https:\/\/pysslingen.se\/bjorngarden\/samverkan-med-hemmet\/","url":"https:\/\/pysslingen.se\/bjorngarden\/samverkan-med-hemmet\/","name":"Samverkan med hemmet - Bj\u00f6rng\u00e5rden","isPartOf":{"@id":"https:\/\/pysslingen.se\/bjorngarden\/#website"},"datePublished":"2020-10-01T11:27:44+00:00","dateModified":"2024-12-20T10:56:06+00:00","description":"Genom en god och regelbunden kommunikation kan du vara med och p\u00e5verka ditt barns utveckling och l\u00e4rande p\u00e5 f\u00f6rskolan Bj\u00f6rng\u00e5rden.","breadcrumb":{"@id":"https:\/\/pysslingen.se\/bjorngarden\/samverkan-med-hemmet\/#breadcrumb"},"inLanguage":"sv-SE","potentialAction":[{"@type":"ReadAction","target":["https:\/\/pysslingen.se\/bjorngarden\/samverkan-med-hemmet\/"]}]},{"@type":"BreadcrumbList","@id":"https:\/\/pysslingen.se\/bjorngarden\/samverkan-med-hemmet\/#breadcrumb","itemListElement":[{"@type":"ListItem","position":1,"name":"Start","item":"https:\/\/pysslingen.se\/bjorngarden\/"},{"@type":"ListItem","position":2,"name":"Samverkan med hemmet"}]},{"@type":"WebSite","@id":"https:\/\/pysslingen.se\/bjorngarden\/#website","url":"https:\/\/pysslingen.se\/bjorngarden\/","name":"Bj\u00f6rng\u00e5rden","description":"En trygg och stimulerande v\u00e4rld","publisher":{"@id":"https:\/\/pysslingen.se\/bjorngarden\/#organization"},"potentialAction":[{"@type":"SearchAction","target":{"@type":"EntryPoint","urlTemplate":"https:\/\/pysslingen.se\/bjorngarden\/?s={search_term_string}"},"query-input":"required name=search_term_string"}],"inLanguage":"sv-SE"},{"@type":"Organization","@id":"https:\/\/pysslingen.se\/bjorngarden\/#organization","name":"Pysslingen F\u00f6rskolor","url":"https:\/\/pysslingen.se\/bjorngarden\/","logo":{"@type":"ImageObject","inLanguage":"sv-SE","@id":"https:\/\/pysslingen.se\/bjorngarden\/#\/schema\/logo\/image\/","url":"https:\/\/pysslingen.se\/wp-content\/uploads\/2021\/05\/pysslingen-forskolor.png","contentUrl":"https:\/\/pysslingen.se\/wp-content\/uploads\/2021\/05\/pysslingen-forskolor.png","width":1120,"height":630,"caption":"Pysslingen F\u00f6rskolor"},"image":{"@id":"https:\/\/pysslingen.se\/bjorngarden\/#\/schema\/logo\/image\/"}}]}},"_links":{"self":[{"href":"https:\/\/pysslingen.se\/bjorngarden\/wp-json\/wp\/v2\/pages\/209"}],"collection":[{"href":"https:\/\/pysslingen.se\/bjorngarden\/wp-json\/wp\/v2\/pages"}],"about":[{"href":"https:\/\/pysslingen.se\/bjorngarden\/wp-json\/wp\/v2\/types\/page"}],"author":[{"embeddable":true,"href":"https:\/\/pysslingen.se\/bjorngarden\/wp-json\/wp\/v2\/users\/5"}],"replies":[{"embeddable":true,"href":"https:\/\/pysslingen.se\/bjorngarden\/wp-json\/wp\/v2\/comments?post=209"}],"version-history":[{"count":10,"href":"https:\/\/pysslingen.se\/bjorngarden\/wp-json\/wp\/v2\/pages\/209\/revisions"}],"predecessor-version":[{"id":1679,"href":"https:\/\/pysslingen.se\/bjorngarden\/wp-json\/wp\/v2\/pages\/209\/revisions\/1679"}],"wp:attachment":[{"href":"https:\/\/pysslingen.se\/bjorngarden\/wp-json\/wp\/v2\/media?parent=209"}],"curies":[{"name":"wp","href":"https:\/\/api.w.org\/{rel}","templated":true}]}}