{"id":20,"date":"2020-09-29T09:19:21","date_gmt":"2020-09-29T09:19:21","guid":{"rendered":"https:\/\/pysslingen.se\/bjorngarden\/?page_id=20"},"modified":"2025-09-10T13:16:38","modified_gmt":"2025-09-10T11:16:38","slug":"maten","status":"publish","type":"page","link":"https:\/\/pysslingen.se\/bjorngarden\/maten\/","title":{"rendered":"V\u00e5r mat"},"content":{"rendered":"\n<h1 class=\"wp-block-heading\">P\u00e5 Bj\u00f6rng\u00e5rden serverar vi mat f\u00f6r aktiva barn<\/h1>\n\n\n\n<p>Sodexo \u00e4r f\u00f6rskolans nuvarande matleverant\u00f6r, de tillagar m\u00e5ltider och levererar ut det till f\u00f6rskolan. Fokus inom K\u00f6ket by Sodexo \u00e4r att \u00f6ka andelen gr\u00f6nt och att skapa h\u00e4lsosam och modern mat med mycket f\u00e4rg och tydliga smaker. Fr\u00e5n och med augusti 2025 kommer f\u00f6rskolan ha en egen kock p\u00e5 plats som lagar alla m\u00e5ltider. <\/p>\n\n\n\n\t\n\t\n\t\n\n\t\n\t\n\t\t\n<section  class=\"c-block l-stacked  \" data-color-scheme=\"nyans2_av_p2-card-bakgrund-hover-standard_standard\">\n\t<div class=\"ams-fifty ams-fifty--container ams-fifty--right ams-fifty--bottom l-container u-pt-fluid-2xl-4xl u-pb-fluid-2xl-4xl\">\n\t\t<div class=\"ams-fifty__content l-stack l-stack-xl is-left is-left@lg\">\n\t\t\t<div class=\"ams-fifty__text l-stack l-stack-lg\">\n\t\t\t\t\t\n\t<h2\n\tclass=\"c-heading u-font-title-1 \"\n\tstyle=\"\">\n\t\t\n\t\t\t\t\tEgen kock till f\u00f6rskolan Bj\u00f6rng\u00e5rden\n\t\t\t\t\n\t<\/h2>\n\n\t\t\t\t\t\t\t\t\t<div class=\"text l-stack u-font-body\">\n\t\t\t\t\t\t<p>Vi \u00e4r glada att kunna v\u00e4lkomna v\u00e5r alldeles egna kock Rita, som b\u00f6rjat hos oss p\u00e5 Pysslingen Bj\u00f6rng\u00e5rden!<\/p>\n<p>Rita lagar all mat lokalt p\u00e5 f\u00f6rskolan och ser till att barnen f\u00e5r i sig den n\u00e4ring de beh\u00f6ver. Vi ser fram emot att kunna presentera henne n\u00e4rmare h\u00e4r i h\u00f6st.<\/p>\n\n\t\t\t\t\t<\/div>\n\t\t\t\t\t\t\t<\/div>\n\n\t\t\t\t\t<\/div>\n\n\t\t <div class=\"ams-fifty__media u-ratio-landscape\">\n\t\t \t\t\t\t\t<img decoding=\"async\" width=\"600\" height=\"625\" src=\"https:\/\/pysslingen.se\/wp-content\/uploads\/sites\/78\/2024\/12\/skarmavbild-2024-12-04-kl-085339-600x625.png\" class=\"attachment-md size-md\" alt=\"Tallrik med f\u00e4rgstark mat fr\u00e5n Sodexo.\" sizes=\"(min-width: 64em) 600px, calc(100vw - 160px)\" srcset=\"https:\/\/pysslingen.se\/wp-content\/uploads\/sites\/78\/2024\/12\/skarmavbild-2024-12-04-kl-085339-600x625.png 600w, https:\/\/pysslingen.se\/wp-content\/uploads\/sites\/78\/2024\/12\/skarmavbild-2024-12-04-kl-085339-300x313.png 300w, https:\/\/pysslingen.se\/wp-content\/uploads\/sites\/78\/2024\/12\/skarmavbild-2024-12-04-kl-085339-400x417.png 400w, https:\/\/pysslingen.se\/wp-content\/uploads\/sites\/78\/2024\/12\/skarmavbild-2024-12-04-kl-085339-800x833.png 800w, https:\/\/pysslingen.se\/wp-content\/uploads\/sites\/78\/2024\/12\/skarmavbild-2024-12-04-kl-085339-1024x1067.png 1024w, https:\/\/pysslingen.se\/wp-content\/uploads\/sites\/78\/2024\/12\/skarmavbild-2024-12-04-kl-085339-1200x1250.png 1200w, https:\/\/pysslingen.se\/wp-content\/uploads\/sites\/78\/2024\/12\/skarmavbild-2024-12-04-kl-085339.png 1338w\" \/>\n\t\t\t\n\t\t\t\n\t\t\t\t\t<\/div>\n\t<\/div>\n\n\t\t\n\n<\/section>\n\n\n\n\t<div class=\"module_wrapper ams_remote_pages_module \">\n\t\t\t\t\t\t\t<div class=\"container core-columns\">\n\t\t\t\t\t\t<div class=\"row\">\n\t\t\t\t\t\t\t<div class=\"col-12\">\n\t\t\t\t\t\t\t\t\n<div class=\"wp-block-columns is-layout-flex wp-container-core-columns-layout-1 wp-block-columns-is-layout-flex\">\n<div class=\"wp-block-column is-layout-flow wp-block-column-is-layout-flow\" style=\"flex-basis:33.33%\">\n\t<style>\n\t\t.inner {\n\n\t\t\tmargin: 0 auto;\n\t\t}\n\t<\/style>\n\t<div\n\t\t class=\"container images-module\" >\n\t\t<div   class=\"row images_module__slideshow\">\n\n\t\t\t<div\n\t\t\t\t class=\"col-md-8 offset-md-2 p-0 position-relative images_module__slideshow images_module__slideshow-container  \">\n\t\t\t\t<div class=\"images_module__slide\" data-slide=\"\"\n\t\t\t\t\t data-duration=\"\"><\/div>\n\t\t\t\t\t\t\t\t\t<div\n\t\t\t\t\t\t class=\"images_module__slides\n\n\t\t\t\t\t   \"\n\t\t\t\t\t>\n\n\n\t\t\t\t\t\t<div class=\"images__wrapper\" style=\"aspect-ratio: 851 \/ 531;\">\n\t\t\t\t\t\t\t<img decoding=\"async\" width=\"710\" height=\"471\" src=\"https:\/\/pysslingen.se\/wp-content\/uploads\/2021\/09\/eu-logotypskolmjolksstodjpg-2.jpg\" class=\"images__image_ratio  \" alt=\"skolmj\u00f6lk eu flagga\" style=\"aspect-ratio: 851 \/ 531;object-position: _center-center;\" srcset=\"https:\/\/pysslingen.se\/wp-content\/uploads\/2021\/09\/eu-logotypskolmjolksstodjpg-2.jpg 710w, https:\/\/pysslingen.se\/wp-content\/uploads\/2021\/09\/eu-logotypskolmjolksstodjpg-2-300x199.jpg 300w, https:\/\/pysslingen.se\/wp-content\/uploads\/2021\/09\/eu-logotypskolmjolksstodjpg-2-500x332.jpg 500w, https:\/\/pysslingen.se\/wp-content\/uploads\/2021\/09\/eu-logotypskolmjolksstodjpg-2-340x226.jpg 340w\" sizes=\"(max-width: 710px) 100vw, 710px\" \/>\t\t\t\t\t\t<\/div>\n\n\t\t\t\t\t\t\n\t\t\t\t\t\t\t\t\t\t\t<\/div>\n\t\t\t\t\n\t\t\t\t<div class=\"images_module__container_dot\">\n\t\t\t\t\t<div style=\"text-align:center\">\n\t\t\t\t\t\t\t\t\t\t\t\t\t<span   data-i=\"0\"\n\t\t\t\t\t\t\t\t  class=\"\n\t\t\t\t\t\t\timages_module__dot\n\t\t\t\t\t\t\t\t\t\t\t\t\t\t\"\n\t\t\t\t\t\t\t><\/span>\n\t\t\t\t\t\t\t\t\t\t\t<\/div>\n\t\t\t\t<\/div>\n\n\n\t\t\t<\/div>\n\t\t<\/div>\n\t<\/div>\n\n\t\n\n\n<script>\n\tvar images_display_descriptive_text = \"\";\n<\/script>\n<\/div>\n\n\n\n<div class=\"wp-block-column is-layout-flow wp-block-column-is-layout-flow\" style=\"flex-basis:66.66%\">\n<p><strong>Skolmj\u00f6lken vi serverar finansieras delvis av Europeiska garantifonden f\u00f6r jordbruket.<\/strong><\/p>\n<\/div>\n<\/div>\n\t\t\t\t\t\t\t<\/div>\n\t\t\t\t\t\t<\/div>\n\t\t\t\t\t<\/div>\n\t\t\t\t\t\t<\/div>\n\n\t\n\n\n\n<section  class=\"ams-cta ams-cta--stacked c-block l-stacked\">\n\t<div class=\"l-container l-stack l-stack-fluid-2xl u-pt-fluid-md-xl u-pb-fluid-3xl-6xl is-center is-center@md\">\n\t\t\t\t\t<div class=\"ams-cta__intro l-stack l-stack-lg\">\n\t\t\t\t\t\n\t<h2\n\tclass=\"c-heading u-font-title-1 \"\n\tstyle=\"\">\n\t\t\n\t\t\t\t\tVi arbetar aktivt med att skapa h\u00e5llbara m\u00e5ltider f\u00f6r b\u00e5de milj\u00f6n och barnens b\u00e4sta\n\t\t\t\t\n\t<\/h2>\n\n\t\t\t\t\t\t\t<\/div>\n\t\t\n\t\t\n\t\t\t<div class=\"ams-cta__action u-inline-items\">\n\t\t\t\t\t\t\t\n\n\n<a href=\"https:\/\/pysslingen.se\/bjorngarden\/hallbarhet\/\"\n\t\n\tclass=\"c-btn \"\n\tdata-style=\"rounded\"\n\tdata-size=\"md\"\n\tdata-width=\"full-mobile\"\n\tdata-variant=\"default\"\n\ttarget=\"_self\">\n\t\t\t<span class=\"label\"> L\u00e4s mer om h\u00e5llbarhet<\/span>\n\t\t\t<\/a>\n\t\t\t<\/div>\n\t<\/div>\n\n\t\t\n\n<\/section>\n","protected":false},"excerpt":{"rendered":"<p>P\u00e5 Bj\u00f6rng\u00e5rden serverar vi mat f\u00f6r aktiva barn Sodexo \u00e4r f\u00f6rskolans nuvarande matleverant\u00f6r, de tillagar m\u00e5ltider och levererar ut det till f\u00f6rskolan. Fokus inom K\u00f6ket by Sodexo \u00e4r att \u00f6ka andelen gr\u00f6nt och att skapa h\u00e4lsosam och modern mat med mycket f\u00e4rg och tydliga smaker. Fr\u00e5n och med augusti 2025 kommer f\u00f6rskolan ha en egen&#8230;<\/p>\n","protected":false},"author":3,"featured_media":0,"parent":0,"menu_order":0,"comment_status":"closed","ping_status":"closed","template":"","meta":{"footnotes":""},"yoast_head":"<!-- This site is optimized with the Yoast SEO plugin v22.0 - https:\/\/yoast.com\/wordpress\/plugins\/seo\/ -->\n<title>P\u00e5 Bj\u00f6rng\u00e5rden serverar vi mat f\u00f6r aktiva barn<\/title>\n<meta name=\"description\" content=\"Maten p\u00e5 Bj\u00f6rng\u00e5rden lagas av v\u00e5r kock som arbetar f\u00f6r att ditt barn ska erbjudas h\u00e4lsosamma, klimatsmarta, v\u00e4llagade och framf\u00f6rallt goda m\u00e5ltider.\" \/>\n<meta name=\"robots\" content=\"index, follow, max-snippet:-1, max-image-preview:large, max-video-preview:-1\" \/>\n<link rel=\"canonical\" href=\"https:\/\/pysslingen.se\/bjorngarden\/maten\/\" \/>\n<meta property=\"og:locale\" content=\"sv_SE\" \/>\n<meta property=\"og:type\" content=\"article\" \/>\n<meta property=\"og:title\" content=\"P\u00e5 Bj\u00f6rng\u00e5rden serverar vi mat f\u00f6r aktiva barn\" \/>\n<meta property=\"og:description\" content=\"Maten p\u00e5 Bj\u00f6rng\u00e5rden lagas av v\u00e5r kock som arbetar f\u00f6r att ditt barn ska erbjudas h\u00e4lsosamma, klimatsmarta, v\u00e4llagade och framf\u00f6rallt goda m\u00e5ltider.\" \/>\n<meta property=\"og:url\" content=\"https:\/\/pysslingen.se\/bjorngarden\/maten\/\" \/>\n<meta property=\"og:site_name\" content=\"Bj\u00f6rng\u00e5rden\" \/>\n<meta property=\"article:modified_time\" content=\"2025-09-10T11:16:38+00:00\" \/>\n<meta name=\"twitter:card\" content=\"summary_large_image\" \/>\n<meta name=\"twitter:title\" content=\"P\u00e5 Bj\u00f6rng\u00e5rden serverar vi mat f\u00f6r aktiva barn\" \/>\n<meta name=\"twitter:description\" content=\"Maten p\u00e5 Bj\u00f6rng\u00e5rden lagas av v\u00e5r kock som arbetar f\u00f6r att ditt barn ska erbjudas h\u00e4lsosamma, klimatsmarta, v\u00e4llagade och framf\u00f6rallt goda m\u00e5ltider.\" \/>\n<meta name=\"twitter:label1\" content=\"Ber\u00e4knad l\u00e4stid\" \/>\n\t<meta name=\"twitter:data1\" content=\"1 minut\" \/>\n<script type=\"application\/ld+json\" class=\"yoast-schema-graph\">{\"@context\":\"https:\/\/schema.org\",\"@graph\":[{\"@type\":\"WebPage\",\"@id\":\"https:\/\/pysslingen.se\/bjorngarden\/maten\/\",\"url\":\"https:\/\/pysslingen.se\/bjorngarden\/maten\/\",\"name\":\"P\u00e5 Bj\u00f6rng\u00e5rden serverar vi mat f\u00f6r aktiva barn\",\"isPartOf\":{\"@id\":\"https:\/\/pysslingen.se\/bjorngarden\/#website\"},\"datePublished\":\"2020-09-29T09:19:21+00:00\",\"dateModified\":\"2025-09-10T11:16:38+00:00\",\"description\":\"Maten p\u00e5 Bj\u00f6rng\u00e5rden lagas av v\u00e5r kock som arbetar f\u00f6r att ditt barn ska erbjudas h\u00e4lsosamma, klimatsmarta, v\u00e4llagade och framf\u00f6rallt goda m\u00e5ltider.\",\"breadcrumb\":{\"@id\":\"https:\/\/pysslingen.se\/bjorngarden\/maten\/#breadcrumb\"},\"inLanguage\":\"sv-SE\",\"potentialAction\":[{\"@type\":\"ReadAction\",\"target\":[\"https:\/\/pysslingen.se\/bjorngarden\/maten\/\"]}]},{\"@type\":\"BreadcrumbList\",\"@id\":\"https:\/\/pysslingen.se\/bjorngarden\/maten\/#breadcrumb\",\"itemListElement\":[{\"@type\":\"ListItem\",\"position\":1,\"name\":\"Start\",\"item\":\"https:\/\/pysslingen.se\/bjorngarden\/\"},{\"@type\":\"ListItem\",\"position\":2,\"name\":\"V\u00e5r mat\"}]},{\"@type\":\"WebSite\",\"@id\":\"https:\/\/pysslingen.se\/bjorngarden\/#website\",\"url\":\"https:\/\/pysslingen.se\/bjorngarden\/\",\"name\":\"Bj\u00f6rng\u00e5rden\",\"description\":\"En trygg och stimulerande v\u00e4rld\",\"publisher\":{\"@id\":\"https:\/\/pysslingen.se\/bjorngarden\/#organization\"},\"potentialAction\":[{\"@type\":\"SearchAction\",\"target\":{\"@type\":\"EntryPoint\",\"urlTemplate\":\"https:\/\/pysslingen.se\/bjorngarden\/?s={search_term_string}\"},\"query-input\":\"required name=search_term_string\"}],\"inLanguage\":\"sv-SE\"},{\"@type\":\"Organization\",\"@id\":\"https:\/\/pysslingen.se\/bjorngarden\/#organization\",\"name\":\"Pysslingen F\u00f6rskolor\",\"url\":\"https:\/\/pysslingen.se\/bjorngarden\/\",\"logo\":{\"@type\":\"ImageObject\",\"inLanguage\":\"sv-SE\",\"@id\":\"https:\/\/pysslingen.se\/bjorngarden\/#\/schema\/logo\/image\/\",\"url\":\"https:\/\/pysslingen.se\/wp-content\/uploads\/2021\/05\/pysslingen-forskolor.png\",\"contentUrl\":\"https:\/\/pysslingen.se\/wp-content\/uploads\/2021\/05\/pysslingen-forskolor.png\",\"width\":1120,\"height\":630,\"caption\":\"Pysslingen F\u00f6rskolor\"},\"image\":{\"@id\":\"https:\/\/pysslingen.se\/bjorngarden\/#\/schema\/logo\/image\/\"}}]}<\/script>\n<!-- \/ Yoast SEO plugin. -->","yoast_head_json":{"title":"P\u00e5 Bj\u00f6rng\u00e5rden serverar vi mat f\u00f6r aktiva barn","description":"Maten p\u00e5 Bj\u00f6rng\u00e5rden lagas av v\u00e5r kock som arbetar f\u00f6r att ditt barn ska erbjudas h\u00e4lsosamma, klimatsmarta, v\u00e4llagade och framf\u00f6rallt goda m\u00e5ltider.","robots":{"index":"index","follow":"follow","max-snippet":"max-snippet:-1","max-image-preview":"max-image-preview:large","max-video-preview":"max-video-preview:-1"},"canonical":"https:\/\/pysslingen.se\/bjorngarden\/maten\/","og_locale":"sv_SE","og_type":"article","og_title":"P\u00e5 Bj\u00f6rng\u00e5rden serverar vi mat f\u00f6r aktiva barn","og_description":"Maten p\u00e5 Bj\u00f6rng\u00e5rden lagas av v\u00e5r kock som arbetar f\u00f6r att ditt barn ska erbjudas h\u00e4lsosamma, klimatsmarta, v\u00e4llagade och framf\u00f6rallt goda m\u00e5ltider.","og_url":"https:\/\/pysslingen.se\/bjorngarden\/maten\/","og_site_name":"Bj\u00f6rng\u00e5rden","article_modified_time":"2025-09-10T11:16:38+00:00","twitter_card":"summary_large_image","twitter_title":"P\u00e5 Bj\u00f6rng\u00e5rden serverar vi mat f\u00f6r aktiva barn","twitter_description":"Maten p\u00e5 Bj\u00f6rng\u00e5rden lagas av v\u00e5r kock som arbetar f\u00f6r att ditt barn ska erbjudas h\u00e4lsosamma, klimatsmarta, v\u00e4llagade och framf\u00f6rallt goda m\u00e5ltider.","twitter_misc":{"Ber\u00e4knad l\u00e4stid":"1 minut"},"schema":{"@context":"https:\/\/schema.org","@graph":[{"@type":"WebPage","@id":"https:\/\/pysslingen.se\/bjorngarden\/maten\/","url":"https:\/\/pysslingen.se\/bjorngarden\/maten\/","name":"P\u00e5 Bj\u00f6rng\u00e5rden serverar vi mat f\u00f6r aktiva barn","isPartOf":{"@id":"https:\/\/pysslingen.se\/bjorngarden\/#website"},"datePublished":"2020-09-29T09:19:21+00:00","dateModified":"2025-09-10T11:16:38+00:00","description":"Maten p\u00e5 Bj\u00f6rng\u00e5rden lagas av v\u00e5r kock som arbetar f\u00f6r att ditt barn ska erbjudas h\u00e4lsosamma, klimatsmarta, v\u00e4llagade och framf\u00f6rallt goda m\u00e5ltider.","breadcrumb":{"@id":"https:\/\/pysslingen.se\/bjorngarden\/maten\/#breadcrumb"},"inLanguage":"sv-SE","potentialAction":[{"@type":"ReadAction","target":["https:\/\/pysslingen.se\/bjorngarden\/maten\/"]}]},{"@type":"BreadcrumbList","@id":"https:\/\/pysslingen.se\/bjorngarden\/maten\/#breadcrumb","itemListElement":[{"@type":"ListItem","position":1,"name":"Start","item":"https:\/\/pysslingen.se\/bjorngarden\/"},{"@type":"ListItem","position":2,"name":"V\u00e5r mat"}]},{"@type":"WebSite","@id":"https:\/\/pysslingen.se\/bjorngarden\/#website","url":"https:\/\/pysslingen.se\/bjorngarden\/","name":"Bj\u00f6rng\u00e5rden","description":"En trygg och stimulerande v\u00e4rld","publisher":{"@id":"https:\/\/pysslingen.se\/bjorngarden\/#organization"},"potentialAction":[{"@type":"SearchAction","target":{"@type":"EntryPoint","urlTemplate":"https:\/\/pysslingen.se\/bjorngarden\/?s={search_term_string}"},"query-input":"required name=search_term_string"}],"inLanguage":"sv-SE"},{"@type":"Organization","@id":"https:\/\/pysslingen.se\/bjorngarden\/#organization","name":"Pysslingen F\u00f6rskolor","url":"https:\/\/pysslingen.se\/bjorngarden\/","logo":{"@type":"ImageObject","inLanguage":"sv-SE","@id":"https:\/\/pysslingen.se\/bjorngarden\/#\/schema\/logo\/image\/","url":"https:\/\/pysslingen.se\/wp-content\/uploads\/2021\/05\/pysslingen-forskolor.png","contentUrl":"https:\/\/pysslingen.se\/wp-content\/uploads\/2021\/05\/pysslingen-forskolor.png","width":1120,"height":630,"caption":"Pysslingen F\u00f6rskolor"},"image":{"@id":"https:\/\/pysslingen.se\/bjorngarden\/#\/schema\/logo\/image\/"}}]}},"_links":{"self":[{"href":"https:\/\/pysslingen.se\/bjorngarden\/wp-json\/wp\/v2\/pages\/20"}],"collection":[{"href":"https:\/\/pysslingen.se\/bjorngarden\/wp-json\/wp\/v2\/pages"}],"about":[{"href":"https:\/\/pysslingen.se\/bjorngarden\/wp-json\/wp\/v2\/types\/page"}],"author":[{"embeddable":true,"href":"https:\/\/pysslingen.se\/bjorngarden\/wp-json\/wp\/v2\/users\/3"}],"replies":[{"embeddable":true,"href":"https:\/\/pysslingen.se\/bjorngarden\/wp-json\/wp\/v2\/comments?post=20"}],"version-history":[{"count":10,"href":"https:\/\/pysslingen.se\/bjorngarden\/wp-json\/wp\/v2\/pages\/20\/revisions"}],"predecessor-version":[{"id":1794,"href":"https:\/\/pysslingen.se\/bjorngarden\/wp-json\/wp\/v2\/pages\/20\/revisions\/1794"}],"wp:attachment":[{"href":"https:\/\/pysslingen.se\/bjorngarden\/wp-json\/wp\/v2\/media?parent=20"}],"curies":[{"name":"wp","href":"https:\/\/api.w.org\/{rel}","templated":true}]}}