{"id":4,"date":"2020-09-25T11:05:23","date_gmt":"2020-09-25T11:05:23","guid":{"rendered":"https:\/\/pysslingen.se\/baldersro\/?page_id=4"},"modified":"2026-04-08T12:32:31","modified_gmt":"2026-04-08T10:32:31","slug":"startsida","status":"publish","type":"page","link":"https:\/\/pysslingen.se\/baldersro\/","title":{"rendered":"Startsida"},"content":{"rendered":"\n\t\n\t\n\t\n\n\t\n\t\n\t\t\n<section  class=\"c-block l-stacked blobs \" data-color-scheme=\"\">\n\t<div class=\"ams-fifty ams-fifty--container ams-fifty--right ams-fifty--bottom l-container u-pt-fluid-3xl-6xl u-pb-fluid-3xl-6xl\">\n\t\t<div class=\"ams-fifty__content l-stack l-stack-xl is-left is-left@lg\">\n\t\t\t<div class=\"ams-fifty__text l-stack l-stack-lg\">\n\t\t\t\t\t\n\t<h1\n\tclass=\"c-heading u-font-title-1 \"\n\tstyle=\"\">\n\t\t\n\t\t\t\t\t\t\t\t\tPysslingen Baldersro i Handen, Haninge\n\t\t\t\t<span class=\"c-heading__sub is-below u-font-title-3\">\n\t\t\t\t\t&#8211; trygghet, lek och utforskande\n\t\t\t\t<\/span>\n\t\t\t\t\t\t\t\n\t<\/h1>\n\n\t\t\t\t\t\t\t\t\t<div class=\"text l-stack u-font-body\">\n\t\t\t\t\t\t<p>F\u00f6rskolan Baldersro ligger i Handen n\u00e4ra Sl\u00e4tmossens naturpark och Rudans friluftsomr\u00e5de med g\u00e5ngavst\u00e5nd till Haninge kulturhus och bibliotek.<\/p>\n<p>F\u00f6rskolan best\u00e5r av 6 avdelningar uppdelade i yngre, mellan- och \u00e4ldrebarns avdelningar. Vi har tre olika g\u00e5rdar som erbjuder en stimulerande milj\u00f6 f\u00f6r utelek och l\u00e4rande, med naturomr\u00e5den, lekredskap, stora r\u00f6relseytor samt olika stationer med varierande material som tas fram varje dag.<\/p>\n<p>I v\u00e5rt eget k\u00f6k tillagar v\u00e5r kock god, varierad och n\u00e4ringsrik mat fr\u00e5n grunden med fokus p\u00e5 h\u00e5llbarhet.<\/p>\n<p>F\u00f6rskola Baldersro ing\u00e5r i Pysslingen Omr\u00e5de 8 i Haninge tillsammans med f\u00f6rskolorna L\u00e4rkan, Orren och Bj\u00f6rken. Varmt v\u00e4lkommen till oss!<\/p>\n\n\t\t\t\t\t<\/div>\n\t\t\t\t\t\t\t<\/div>\n\n\t\t\t\t\t<\/div>\n\n\t\t <div class=\"ams-fifty__media u-ratio-landscape\">\n\t\t \t\t\t\t\t<img decoding=\"async\" width=\"600\" height=\"750\" src=\"https:\/\/pysslingen.se\/wp-content\/uploads\/sites\/17\/2020\/11\/12.jpg\" class=\"attachment-md size-md\" alt=\"barn leker utomhus pysslingen f\u00f6rskola baldersro\" sizes=\"(min-width: 64em) 600px, calc(100vw - 160px)\" srcset=\"https:\/\/pysslingen.se\/wp-content\/uploads\/sites\/17\/2020\/11\/12.jpg 768w, https:\/\/pysslingen.se\/wp-content\/uploads\/sites\/17\/2020\/11\/12-240x300.jpg 240w, https:\/\/pysslingen.se\/wp-content\/uploads\/sites\/17\/2020\/11\/12-536x670.jpg 536w\" \/>\n\t\t\t\n\t\t\t\n\t\t\t\t\t<\/div>\n\t<\/div>\n\n\t\t\n\n<\/section>\n\n\n\n\t\n\t\n<section  class=\"ams-map ams-map--fifty c-block  media-bottom media-left \" data-color-scheme=\"usp-pink-background-blue-cards\" data-locations=\"[{&quot;id&quot;:&quot;259&quot;,&quot;county&quot;:&quot;Stockholm&quot;,&quot;city&quot;:&quot;Haninge&quot;,&quot;school&quot;:&quot;Baldersro&quot;,&quot;title&quot;:&quot;Pysslingen Baldersro&quot;,&quot;phone&quot;:&quot;0725040461&quot;,&quot;phone_formatted&quot;:&quot;072-5040461&quot;,&quot;email&quot;:&quot;baldersro@pysslingen.se&quot;,&quot;visiting_address&quot;:{&quot;address&quot;:&quot;Valla gr\\u00e4nd 4&quot;,&quot;zip_code&quot;:&quot;13641&quot;,&quot;city&quot;:&quot;Handen&quot;},&quot;postal_address&quot;:{&quot;address&quot;:&quot;valla gr\\u00e4nd 4&quot;,&quot;zip_code&quot;:&quot;13641&quot;,&quot;city&quot;:&quot;Handen&quot;},&quot;address_map&quot;:&quot;F\\u00f6rskola Baldersro - Pysslingen F\\u00f6rskolor, Vallagr\\u00e4nd, Handen, Sverige&quot;,&quot;lat&quot;:59.1594614,&quot;lng&quot;:18.1371582,&quot;link&quot;:{&quot;url&quot;:&quot;\\\/baldersro&quot;,&quot;text&quot;:&quot;L\\u00e4s mer om f\\u00f6rskolan&quot;}}]\">\n\t<div class=\"ams-map__content u-pt-fluid-3xl-6xl u-pb-fluid-3xl-6xl l-stack l-stack-fluid-xl is-left is-left@lg\">\n\t\t\t\n\t<h2\n\tclass=\"c-heading u-font-title-1 \"\n\tstyle=\"\">\n\t\t\n\t\t\t\t\tKontakta Pysslingen Baldersro\n\t\t\t\t\n\t<\/h2>\n\n\t\t\n\t\t\t\t\t<div class=\"contact-info l-stack\">\n\t\t\t\t\t\t\t\t\t<div class=\"contact-info__item\">\n\t\t\t\t\t\t<p class=\"contact-info__heading u-font-title-4\">\n\t\t\t\t\t\t\tBes\u00f6ksadress\n\t\t\t\t\t\t<\/p>\n\t\t\t\t\t\t<p>\n\t\t\t\t\t\t\t\t\t\t\t\t\t\t\tValla gr\u00e4nd 4<br \/>\n\t\t\t\t\t\t\t\t\t\t\t\t\t\t13641 Handen\n\t\t\t\t\t\t<\/p>\n\t\t\t\t\t<\/div>\n\t\t\t\t\n\t\t\t\t\n\t\t\t\t\t\t\t\t\t<div class=\"contact-info__item\">\n\t\t\t\t\t\t<p class=\"contact-info__heading u-font-title-4\">\n\t\t\t\t\t\t\tKontakt\n\t\t\t\t\t\t<\/p>\n\t\t\t\t\t\t<p>\n\t\t\t\t\t\t\t\t\t\t\t\t\t\t\t<a href=\"tel:0725040461\">072-5040461<\/a><br \/>\n\t\t\t\t\t\t\t\t\t\t\t\t\t\t\t\t\t\t\t\t\t\t<a href=\"mailto:baldersro@pysslingen.se\">baldersro@pysslingen.se<\/a>\n\t\t\t\t\t\t\t\t\t\t\t\t\t<\/p>\n\t\t\t\t\t<\/div>\n\t\t\t\t\t\t\t<\/div>\n\t\t\t<\/div>\n\n\t<div class=\"ams-map__media\">\n\t<\/div>\n<\/section>\n\n\n\n\n<section  class=\"ams-usp c-block l-stacked\" data-color-scheme=\"usp-yellow-background-blue-cards\">\n\t<div class=\"l-container l-stack l-stack-fluid-2xl u-pt-fluid-3xl-6xl u-pb-fluid-3xl-6xl is-center is-center@md\">\n\t\t\t\t\t<div class=\"ams-usp__intro l-stack l-stack-lg\">\n\t\t\t\t\t\n\t<h2\n\tclass=\"c-heading u-font-title-1 \"\n\tstyle=\"\">\n\t\t\n\t\t\t\t\tV\u00e5r inriktning\n\t\t\t\t\n\t<\/h2>\n\n\t\t\t\t\t\t\t<\/div>\n\t\t\n\t\t\t<ul class=\"ams-usp__list l-grid u-justify-center u-gap-fluid-2xl-4xl\">\n\t\t\t\t\t<li class=\"l-col-6@md l-col-4@lg\">\n\t\t\t\t<article\n\t\t\t\t\tclass=\"\n\t\t\t\t\tc-card\n\t\t\t\t\thas-media-zoom\n\t\t\t\t\t\n\t\t\t\t\t\n\t\t\t\t\t\"\n\t\t\t\t\tdata-variant=\"border\"\n\t\t\t\t\tdata-style=\"soft\"\n\t\t\t\t\tdata-click-area\n\t\t\t\t\t>\n\t\t\t\t\t\t\t\t\t\t\t<div class=\"c-card__content l-stack l-stack-sm u-text-center\">\n\t\t\t\t\t\t\t\t\t\t\t\t\t\t\t<h3 class=\"c-card__title u-font-title-2\">\n\t\t\t\t\t\t\t\t\t<a href=\"https:\/\/pysslingen.se\/baldersro\/om-forskolan\/\" target=\"_self\">\t\t\t\t\t\t\t\t\t\t\t\t\t\t\t\t\t\t\t\t\tSpr\u00e5krika l\u00e4rmilj\u00f6er\n\t\t\t\t\t\t\t\t\t\t\t\t\t\t\t\t\t\t\t<\/a>\t\t\t\t\t\t\t\t<\/h3>\n\t\t\t\t\t\t\t\n\t\t\t\t\t\t\t\t\t\t\t\t\t\t\t<div class=\"c-card__text l-stack-xs u-font-body\">\n\t\t\t\t\t\t\t\t\t<p>Hos oss m\u00f6ts barnen av rika lek- och l\u00e4rmilj\u00f6er b\u00e5de ute och inne med m\u00e5nga spr\u00e5kstimulerande aktiviteter, lekar, spel och pussel.<\/p>\n\n\t\t\t\t\t\t\t\t<\/div>\n\t\t\t\t\t\t\t\t\t\t\t\t\t<\/div>\n\t\t\t\t\t\n\t\t\t\t\t<div class=\"c-card__media\">\n\t\t\t\t\t\t\t\t\t\t\t\t\t<img decoding=\"async\" width=\"400\" height=\"400\" src=\"https:\/\/pysslingen.se\/wp-content\/uploads\/sites\/17\/2020\/11\/1-1.jpg\" class=\"u-radius-rounded u-ratio-landscape  ams_icon_size_default\" alt=\"Pedagog och barn tittar p\u00e5 Pyss och Ling klisterm\u00e4rken.\" srcset=\"https:\/\/pysslingen.se\/wp-content\/uploads\/sites\/17\/2020\/11\/1-1.jpg 960w, https:\/\/pysslingen.se\/wp-content\/uploads\/sites\/17\/2020\/11\/1-1-300x300.jpg 300w, https:\/\/pysslingen.se\/wp-content\/uploads\/sites\/17\/2020\/11\/1-1-150x150.jpg 150w, https:\/\/pysslingen.se\/wp-content\/uploads\/sites\/17\/2020\/11\/1-1-768x768.jpg 768w, https:\/\/pysslingen.se\/wp-content\/uploads\/sites\/17\/2020\/11\/1-1-670x670.jpg 670w, https:\/\/pysslingen.se\/wp-content\/uploads\/sites\/17\/2020\/11\/1-1-100x100.jpg 100w\" sizes=\"(max-width: 400px) 100vw, 400px\" \/>\n\t\t\t\t\t\t\t\t\t\t\t<\/div>\n\t\t\t\t<\/article>\n\t\t\t<\/li>\n\n\t\t\t\t\t<li class=\"l-col-6@md l-col-4@lg\">\n\t\t\t\t<article\n\t\t\t\t\tclass=\"\n\t\t\t\t\tc-card\n\t\t\t\t\thas-media-zoom\n\t\t\t\t\t\n\t\t\t\t\t\n\t\t\t\t\t\"\n\t\t\t\t\tdata-variant=\"border\"\n\t\t\t\t\tdata-style=\"soft\"\n\t\t\t\t\tdata-click-area\n\t\t\t\t\t>\n\t\t\t\t\t\t\t\t\t\t\t<div class=\"c-card__content l-stack l-stack-sm u-text-center\">\n\t\t\t\t\t\t\t\t\t\t\t\t\t\t\t<h3 class=\"c-card__title u-font-title-2\">\n\t\t\t\t\t\t\t\t\t<a href=\"https:\/\/pysslingen.se\/baldersro\/om-forskolan\/\" target=\"_self\">\t\t\t\t\t\t\t\t\t\t\t\t\t\t\t\t\t\t\t\t\tR\u00f6relsegl\u00e4dje\n\t\t\t\t\t\t\t\t\t\t\t\t\t\t\t\t\t\t\t<\/a>\t\t\t\t\t\t\t\t<\/h3>\n\t\t\t\t\t\t\t\n\t\t\t\t\t\t\t\t\t\t\t\t\t\t\t<div class=\"c-card__text l-stack-xs u-font-body\">\n\t\t\t\t\t\t\t\t\t<p>Vi l\u00e4gger stort fokus p\u00e5 r\u00f6relse som f\u00e5r ig\u00e5ng knopp och kropp. R\u00f6relsegl\u00e4dje leder till h\u00e4lsa och v\u00e4lbefinnande.<\/p>\n\n\t\t\t\t\t\t\t\t<\/div>\n\t\t\t\t\t\t\t\t\t\t\t\t\t<\/div>\n\t\t\t\t\t\n\t\t\t\t\t<div class=\"c-card__media\">\n\t\t\t\t\t\t\t\t\t\t\t\t\t<img decoding=\"async\" width=\"400\" height=\"400\" src=\"https:\/\/pysslingen.se\/wp-content\/uploads\/sites\/17\/2020\/11\/16.jpg\" class=\"u-radius-rounded u-ratio-landscape  ams_icon_size_default\" alt=\"Barn \u00e4r p\u00e5 utflykt och kl\u00e4ttrar upp f\u00f6r ett litet berg.\" srcset=\"https:\/\/pysslingen.se\/wp-content\/uploads\/sites\/17\/2020\/11\/16.jpg 960w, https:\/\/pysslingen.se\/wp-content\/uploads\/sites\/17\/2020\/11\/16-300x300.jpg 300w, https:\/\/pysslingen.se\/wp-content\/uploads\/sites\/17\/2020\/11\/16-150x150.jpg 150w, https:\/\/pysslingen.se\/wp-content\/uploads\/sites\/17\/2020\/11\/16-768x768.jpg 768w, https:\/\/pysslingen.se\/wp-content\/uploads\/sites\/17\/2020\/11\/16-670x670.jpg 670w, https:\/\/pysslingen.se\/wp-content\/uploads\/sites\/17\/2020\/11\/16-100x100.jpg 100w\" sizes=\"(max-width: 400px) 100vw, 400px\" \/>\n\t\t\t\t\t\t\t\t\t\t\t<\/div>\n\t\t\t\t<\/article>\n\t\t\t<\/li>\n\n\t\t\t<\/ul>\n\n\t\t\t<\/div>\n\n\t\t\n\n<\/section>\n\n\n\n\n<section  class=\"ams-usp c-block l-stacked blobs\" data-color-scheme=\"usp-pink-background-blue-cards\">\n\t<div class=\"l-container l-stack l-stack-fluid-2xl u-pt-fluid-3xl-6xl u-pb-fluid-3xl-6xl is-center is-center@md\">\n\t\t\t\t\t<div class=\"ams-usp__intro l-stack l-stack-lg\">\n\t\t\t\t\t\n\t<h2\n\tclass=\"c-heading u-font-title-1 \"\n\tstyle=\"\">\n\t\t\n\t\t\t\t\tV\u00e5rt erbjudande &#8211; en trygg och stimulerande v\u00e4rld full av m\u00f6jligheter\n\t\t\t\t\n\t<\/h2>\n\n\t\t\t\t\t\t\t<\/div>\n\t\t\n\t\t\t<ul class=\"ams-usp__list l-grid u-justify-center u-gap-fluid-2xl-4xl\">\n\t\t\t\t\t<li class=\"l-col-6@md l-col-4@lg\">\n\t\t\t\t<article\n\t\t\t\t\tclass=\"\n\t\t\t\t\tc-card\n\t\t\t\t\thas-media-zoom\n\t\t\t\t\t\n\t\t\t\t\t\n\t\t\t\t\t\"\n\t\t\t\t\tdata-variant=\"border\"\n\t\t\t\t\tdata-style=\"soft\"\n\t\t\t\t\tdata-click-area\n\t\t\t\t\t>\n\t\t\t\t\t\t\t\t\t\t\t<div class=\"c-card__content l-stack l-stack-sm u-text-center\">\n\t\t\t\t\t\t\t\t\t\t\t\t\t\t\t<h3 class=\"c-card__title u-font-title-2\">\n\t\t\t\t\t\t\t\t\t<a href=\"https:\/\/pysslingen.se\/baldersro\/inskolning\/\" target=\"_self\">\t\t\t\t\t\t\t\t\t\t\t\t\t\t\t\t\t\t\t\t\tEn trygg inskolning\n\t\t\t\t\t\t\t\t\t\t\t<span class=\"c-card__title__sub is-below u-font-title-4\">\n\t\t\t\t\t\t\t\t\t\t\t\t&#8211; alla barn f\u00e5r varsin Pyss-ryggs\u00e4ck\n\t\t\t\t\t\t\t\t\t\t\t<\/span>\n\t\t\t\t\t\t\t\t\t\t\t\t\t\t\t\t\t\t\t<\/a>\t\t\t\t\t\t\t\t<\/h3>\n\t\t\t\t\t\t\t\n\t\t\t\t\t\t\t\t\t\t\t\t\t<\/div>\n\t\t\t\t\t\n\t\t\t\t\t<div class=\"c-card__media\">\n\t\t\t\t\t\t\t\t\t\t\t\t\t<img decoding=\"async\" width=\"400\" height=\"332\" src=\"https:\/\/pysslingen.se\/wp-content\/uploads\/sites\/17\/2020\/11\/ryggsackar-2-2.jpeg\" class=\"u-radius-rounded u-ratio-landscape  ams_icon_size_default\" alt=\"Barn med ryggs\u00e4ckar fr\u00e5n Pysslingen\" srcset=\"https:\/\/pysslingen.se\/wp-content\/uploads\/sites\/17\/2020\/11\/ryggsackar-2-2.jpeg 431w, https:\/\/pysslingen.se\/wp-content\/uploads\/sites\/17\/2020\/11\/ryggsackar-2-2-300x249.jpeg 300w\" sizes=\"(max-width: 400px) 100vw, 400px\" \/>\n\t\t\t\t\t\t\t\t\t\t\t<\/div>\n\t\t\t\t<\/article>\n\t\t\t<\/li>\n\n\t\t\t\t\t<li class=\"l-col-6@md l-col-4@lg\">\n\t\t\t\t<article\n\t\t\t\t\tclass=\"\n\t\t\t\t\tc-card\n\t\t\t\t\thas-media-zoom\n\t\t\t\t\t\n\t\t\t\t\t\n\t\t\t\t\t\"\n\t\t\t\t\tdata-variant=\"border\"\n\t\t\t\t\tdata-style=\"soft\"\n\t\t\t\t\tdata-click-area\n\t\t\t\t\t>\n\t\t\t\t\t\t\t\t\t\t\t<div class=\"c-card__content l-stack l-stack-sm u-text-center\">\n\t\t\t\t\t\t\t\t\t\t\t\t\t\t\t<h3 class=\"c-card__title u-font-title-2\">\n\t\t\t\t\t\t\t\t\t<a href=\"https:\/\/pysslingen.se\/baldersro\/trygghetsvandring\/\" target=\"_self\">\t\t\t\t\t\t\t\t\t\t\t\t\t\t\t\t\t\t\t\t\tTrygghetsvandring\n\t\t\t\t\t\t\t\t\t\t\t<span class=\"c-card__title__sub is-below u-font-title-4\">\n\t\t\t\t\t\t\t\t\t\t\t\t&#8211; v\u00e5rt verktyg f\u00f6r att skapa en trygg milj\u00f6\n\t\t\t\t\t\t\t\t\t\t\t<\/span>\n\t\t\t\t\t\t\t\t\t\t\t\t\t\t\t\t\t\t\t<\/a>\t\t\t\t\t\t\t\t<\/h3>\n\t\t\t\t\t\t\t\n\t\t\t\t\t\t\t\t\t\t\t\t\t<\/div>\n\t\t\t\t\t\n\t\t\t\t\t<div class=\"c-card__media\">\n\t\t\t\t\t\t\t\t\t\t\t\t\t<img decoding=\"async\" width=\"400\" height=\"267\" src=\"https:\/\/pysslingen.se\/wp-content\/uploads\/sites\/17\/2020\/10\/trygghetsvandring.jpg\" class=\"u-radius-rounded u-ratio-landscape  ams_icon_size_default\" alt=\"Pojke i r\u00f6dtr\u00f6ja ler in i kameran.\" srcset=\"https:\/\/pysslingen.se\/wp-content\/uploads\/sites\/17\/2020\/10\/trygghetsvandring.jpg 1000w, https:\/\/pysslingen.se\/wp-content\/uploads\/sites\/17\/2020\/10\/trygghetsvandring-300x200.jpg 300w, https:\/\/pysslingen.se\/wp-content\/uploads\/sites\/17\/2020\/10\/trygghetsvandring-768x512.jpg 768w\" sizes=\"(max-width: 400px) 100vw, 400px\" \/>\n\t\t\t\t\t\t\t\t\t\t\t<\/div>\n\t\t\t\t<\/article>\n\t\t\t<\/li>\n\n\t\t\t\t\t<li class=\"l-col-6@md l-col-4@lg\">\n\t\t\t\t<article\n\t\t\t\t\tclass=\"\n\t\t\t\t\tc-card\n\t\t\t\t\thas-media-zoom\n\t\t\t\t\t\n\t\t\t\t\t\n\t\t\t\t\t\"\n\t\t\t\t\tdata-variant=\"border\"\n\t\t\t\t\tdata-style=\"soft\"\n\t\t\t\t\tdata-click-area\n\t\t\t\t\t>\n\t\t\t\t\t\t\t\t\t\t\t<div class=\"c-card__content l-stack l-stack-sm u-text-center\">\n\t\t\t\t\t\t\t\t\t\t\t\t\t\t\t<h3 class=\"c-card__title u-font-title-2\">\n\t\t\t\t\t\t\t\t\t<a href=\"https:\/\/pysslingen.se\/baldersro\/barnens-integritet\/\" target=\"_self\">\t\t\t\t\t\t\t\t\t\t\t\t\t\t\t\t\t\t\t\t\tBarnens integritet\n\t\t\t\t\t\t\t\t\t\t\t<span class=\"c-card__title__sub is-below u-font-title-4\">\n\t\t\t\t\t\t\t\t\t\t\t\t&#8211; s\u00e5 skyddar vi den\n\t\t\t\t\t\t\t\t\t\t\t<\/span>\n\t\t\t\t\t\t\t\t\t\t\t\t\t\t\t\t\t\t\t<\/a>\t\t\t\t\t\t\t\t<\/h3>\n\t\t\t\t\t\t\t\n\t\t\t\t\t\t\t\t\t\t\t\t\t<\/div>\n\t\t\t\t\t\n\t\t\t\t\t<div class=\"c-card__media\">\n\t\t\t\t\t\t\t\t\t\t\t\t\t<img decoding=\"async\" width=\"400\" height=\"267\" src=\"https:\/\/pysslingen.se\/wp-content\/uploads\/sites\/17\/2020\/11\/kvinnlig-pedagod-m-fleece-2.jpg\" class=\"u-radius-rounded u-ratio-landscape  ams_icon_size_default\" alt=\"Pedagog lyssnar p\u00e5 ett barn p\u00e5 f\u00f6rskolan\" srcset=\"https:\/\/pysslingen.se\/wp-content\/uploads\/sites\/17\/2020\/11\/kvinnlig-pedagod-m-fleece-2.jpg 612w, https:\/\/pysslingen.se\/wp-content\/uploads\/sites\/17\/2020\/11\/kvinnlig-pedagod-m-fleece-2-300x200.jpg 300w\" sizes=\"(max-width: 400px) 100vw, 400px\" \/>\n\t\t\t\t\t\t\t\t\t\t\t<\/div>\n\t\t\t\t<\/article>\n\t\t\t<\/li>\n\n\t\t\t\t\t<li class=\"l-col-6@md l-col-4@lg\">\n\t\t\t\t<article\n\t\t\t\t\tclass=\"\n\t\t\t\t\tc-card\n\t\t\t\t\thas-media-zoom\n\t\t\t\t\t\n\t\t\t\t\t\n\t\t\t\t\t\"\n\t\t\t\t\tdata-variant=\"border\"\n\t\t\t\t\tdata-style=\"soft\"\n\t\t\t\t\tdata-click-area\n\t\t\t\t\t>\n\t\t\t\t\t\t\t\t\t\t\t<div class=\"c-card__content l-stack l-stack-sm u-text-center\">\n\t\t\t\t\t\t\t\t\t\t\t\t\t\t\t<h3 class=\"c-card__title u-font-title-2\">\n\t\t\t\t\t\t\t\t\t<a href=\"https:\/\/pysslingen.se\/baldersro\/larmiljoer\/\" target=\"_self\">\t\t\t\t\t\t\t\t\t\t\t\t\t\t\t\t\t\t\t\t\tV\u00e5ra l\u00e4rmilj\u00f6er\n\t\t\t\t\t\t\t\t\t\t\t<span class=\"c-card__title__sub is-below u-font-title-4\">\n\t\t\t\t\t\t\t\t\t\t\t\t&#8211; utformade f\u00f6r att inspirera och stimulera\n\t\t\t\t\t\t\t\t\t\t\t<\/span>\n\t\t\t\t\t\t\t\t\t\t\t\t\t\t\t\t\t\t\t<\/a>\t\t\t\t\t\t\t\t<\/h3>\n\t\t\t\t\t\t\t\n\t\t\t\t\t\t\t\t\t\t\t\t\t<\/div>\n\t\t\t\t\t\n\t\t\t\t\t<div class=\"c-card__media\">\n\t\t\t\t\t\t\t\t\t\t\t\t\t<img decoding=\"async\" width=\"400\" height=\"323\" src=\"https:\/\/pysslingen.se\/wp-content\/uploads\/sites\/17\/2020\/11\/larmiljo-inomhus-barn-stad-2.jpg\" class=\"u-radius-rounded u-ratio-landscape  ams_icon_size_default\" alt=\"Barn som bygger en stad i l\u00e4rmilj\u00f6 p\u00e5 f\u00f6rskola\" srcset=\"https:\/\/pysslingen.se\/wp-content\/uploads\/sites\/17\/2020\/11\/larmiljo-inomhus-barn-stad-2.jpg 632w, https:\/\/pysslingen.se\/wp-content\/uploads\/sites\/17\/2020\/11\/larmiljo-inomhus-barn-stad-2-300x242.jpg 300w\" sizes=\"(max-width: 400px) 100vw, 400px\" \/>\n\t\t\t\t\t\t\t\t\t\t\t<\/div>\n\t\t\t\t<\/article>\n\t\t\t<\/li>\n\n\t\t\t\t\t<li class=\"l-col-6@md l-col-4@lg\">\n\t\t\t\t<article\n\t\t\t\t\tclass=\"\n\t\t\t\t\tc-card\n\t\t\t\t\thas-media-zoom\n\t\t\t\t\t\n\t\t\t\t\t\n\t\t\t\t\t\"\n\t\t\t\t\tdata-variant=\"border\"\n\t\t\t\t\tdata-style=\"soft\"\n\t\t\t\t\tdata-click-area\n\t\t\t\t\t>\n\t\t\t\t\t\t\t\t\t\t\t<div class=\"c-card__content l-stack l-stack-sm u-text-center\">\n\t\t\t\t\t\t\t\t\t\t\t\t\t\t\t<h3 class=\"c-card__title u-font-title-2\">\n\t\t\t\t\t\t\t\t\t<a href=\"https:\/\/pysslingen.se\/baldersro\/sprakstimulans\/\" target=\"_self\">\t\t\t\t\t\t\t\t\t\t\t\t\t\t\t\t\t\t\t\t\tSpr\u00e5kstimulans\n\t\t\t\t\t\t\t\t\t\t\t<span class=\"c-card__title__sub is-below u-font-title-4\">\n\t\t\t\t\t\t\t\t\t\t\t\t&#8211; \u00e4ven hemma med tillg\u00e5ng till v\u00e5rt digitala bibliotek\n\t\t\t\t\t\t\t\t\t\t\t<\/span>\n\t\t\t\t\t\t\t\t\t\t\t\t\t\t\t\t\t\t\t<\/a>\t\t\t\t\t\t\t\t<\/h3>\n\t\t\t\t\t\t\t\n\t\t\t\t\t\t\t\t\t\t\t\t\t<\/div>\n\t\t\t\t\t\n\t\t\t\t\t<div class=\"c-card__media\">\n\t\t\t\t\t\t\t\t\t\t\t\t\t<img decoding=\"async\" width=\"400\" height=\"284\" src=\"https:\/\/pysslingen.se\/wp-content\/uploads\/sites\/17\/2020\/11\/lasalitetbarn-2-mindre.jpg\" class=\"u-radius-rounded u-ratio-landscape  ams_icon_size_default\" alt=\"Litet barn l\u00e4ser bok p\u00e5 f\u00f6rskolan\" srcset=\"https:\/\/pysslingen.se\/wp-content\/uploads\/sites\/17\/2020\/11\/lasalitetbarn-2-mindre.jpg 592w, https:\/\/pysslingen.se\/wp-content\/uploads\/sites\/17\/2020\/11\/lasalitetbarn-2-mindre-300x213.jpg 300w\" sizes=\"(max-width: 400px) 100vw, 400px\" \/>\n\t\t\t\t\t\t\t\t\t\t\t<\/div>\n\t\t\t\t<\/article>\n\t\t\t<\/li>\n\n\t\t\t\t\t<li class=\"l-col-6@md l-col-4@lg\">\n\t\t\t\t<article\n\t\t\t\t\tclass=\"\n\t\t\t\t\tc-card\n\t\t\t\t\thas-media-zoom\n\t\t\t\t\t\n\t\t\t\t\t\n\t\t\t\t\t\"\n\t\t\t\t\tdata-variant=\"border\"\n\t\t\t\t\tdata-style=\"soft\"\n\t\t\t\t\tdata-click-area\n\t\t\t\t\t>\n\t\t\t\t\t\t\t\t\t\t\t<div class=\"c-card__content l-stack l-stack-sm u-text-center\">\n\t\t\t\t\t\t\t\t\t\t\t\t\t\t\t<h3 class=\"c-card__title u-font-title-2\">\n\t\t\t\t\t\t\t\t\t<a href=\"https:\/\/pysslingen.se\/baldersro\/skolforberedande\/\" target=\"_self\">\t\t\t\t\t\t\t\t\t\t\t\t\t\t\t\t\t\t\t\t\tSkolf\u00f6rberedande\n\t\t\t\t\t\t\t\t\t\t\t<span class=\"c-card__title__sub is-below u-font-title-4\">\n\t\t\t\t\t\t\t\t\t\t\t\t&#8211; anpassade aktiviteter f\u00f6r att stimulera de \u00e4ldsta barnen\n\t\t\t\t\t\t\t\t\t\t\t<\/span>\n\t\t\t\t\t\t\t\t\t\t\t\t\t\t\t\t\t\t\t<\/a>\t\t\t\t\t\t\t\t<\/h3>\n\t\t\t\t\t\t\t\n\t\t\t\t\t\t\t\t\t\t\t\t\t<\/div>\n\t\t\t\t\t\n\t\t\t\t\t<div class=\"c-card__media\">\n\t\t\t\t\t\t\t\t\t\t\t\t\t<img decoding=\"async\" width=\"400\" height=\"267\" src=\"https:\/\/pysslingen.se\/wp-content\/uploads\/sites\/17\/2020\/11\/skolforberedande-2.jpg\" class=\"u-radius-rounded u-ratio-landscape  ams_icon_size_default\" alt=\"Tv\u00e5 fem\u00e5ringar l\u00e4ser bok p\u00e5 f\u00f6rskola\" srcset=\"https:\/\/pysslingen.se\/wp-content\/uploads\/sites\/17\/2020\/11\/skolforberedande-2.jpg 612w, https:\/\/pysslingen.se\/wp-content\/uploads\/sites\/17\/2020\/11\/skolforberedande-2-300x200.jpg 300w\" sizes=\"(max-width: 400px) 100vw, 400px\" \/>\n\t\t\t\t\t\t\t\t\t\t\t<\/div>\n\t\t\t\t<\/article>\n\t\t\t<\/li>\n\n\t\t\t<\/ul>\n\n\t\t\t<\/div>\n\n\t\t\n\n<\/section>\n\n\n\n\n\n<section  class=\"ams-testimonial testimonial_module c-block l-stacked js-load-more\" data-color-scheme=\"testimonials\" data-count=\"3\" data-count-mobile=\"2\">\n\t<div class=\"l-container l-stack l-stack-fluid-2xl u-pt-fluid-3xl-6xl u-pb-fluid-3xl-6xl is-center is-center@md\">\n\t\t\t\t\t<div class=\"ams-testimonial__intro l-stack l-stack-lg\">\n\t\t\t\t\t\n\t<h2\n\tclass=\"c-heading u-font-title-1 \"\n\tstyle=\"\">\n\t\t\n\t\t\t\t\tM\u00f6t v\u00e5ra pedagoger\n\t\t\t\t\n\t<\/h2>\n\n\t\t\t\t\t\t\t<\/div>\n\t\t\n\t\t\n\t\n\t\t\n\t\t\t\n<ul\n\tid=\"ams-testimonial-list-69f21f19858ea\"\n\tclass=\"ams-testimonial__list  l-grid u-gap-fluid-2xl-4xl js-results \"\n\tdata-filter-animation=\"off\">\n\t\t\t\t\t\t\t\t\t\t\t\n\t\t\n\t\t\n\t\t<li class=\"l-col-6@md \" data-filter=\" november-2020\">\n\t\t\t<article class=\"c-card has-media-zoom \" data-variant=\"inside-half\" data-click-area>\n\t\t\t\t<div class=\"c-card__content l-stack l-stack-sm is-left is-left@md\">\n\t\t\t\t\t\t\t\t\t\t\t<blockquote class=\"c-card__title u-font-title-3\">\n\t\t\t\t\t\t\t\t\t\t\t\t\t\t\t<p class=\"u-quote-marks\"><a href=\"https:\/\/pysslingen.se\/baldersro\/intervju\/fadime-koyluoglu\/\" class=\"link\">H\u00e4r \u00e4r ingen dag den andra lik&#8230;<\/a><\/p>\n\t\t\t\t\t\t\t\t\t\t\t\t\t<\/blockquote>\n\t\t\t\t\t\n\t\t\t\t\t\t\t\t\t\t\t<p class=\"c-card__text l-stack-grow u-divider-top u-font-body\">\n\t\t\t\t\t\t\t<span class=\"author u-mr-fluid-lg\">Fadime K\u00f6yluoglu<\/span>\n\t\t\t\t\t\t\t<span class=\"title u-mr-fluid-lg\">Barnsk\u00f6tare p\u00e5 Baldersro<\/span>\n\t\t\t\t\t\t<\/p>\n\t\t\t\t\t\n\t\t\t\t\t<div class=\"c-card__icon\">\n\t\t\t\t\t\t<svg class=\"ams-icon ams-icon--arrow-right\" width=\"32\" height=\"32\" viewBox=\"0 0 32 32\" fill=\"currentColor\" aria-hidden=\"true\" xmlns=\"http:\/\/www.w3.org\/2000\/svg\">\n\t\t\t\t\t\t\t<path d=\"M15.4617 0.252159L14.9567 0.75931C14.6219 1.09545 14.6219 1.64048 14.9567 1.97669L27.7062 14.7806H0.857144C0.383786 14.7806 0 15.166 0 15.6414V16.3587C0 16.8341 0.383786 17.2195 0.857144 17.2195H27.7062L14.9567 30.0234C14.6219 30.3595 14.6219 30.9045 14.9567 31.2407L15.4617 31.7479C15.7964 32.084 16.3392 32.084 16.6739 31.7479L31.749 16.6087C32.0837 16.2725 32.0837 15.7275 31.749 15.3913L16.6739 0.252159C16.3392 -0.084053 15.7964 -0.084053 15.4617 0.252159Z\"\/>\n\t\t\t\t\t\t<\/svg>\n\t\t\t\t\t<\/div>\n\t\t\t\t<\/div>\n\t\t\t\t<div class=\"c-card__media\" style=\" \">\n\t\t\t\t\t<img decoding=\"async\" width=\"600\" height=\"904\" src=\"https:\/\/pysslingen.se\/wp-content\/uploads\/sites\/17\/2020\/11\/medarbetare-fadime-scaled.jpg\" class=\"attachment-md size-md\" alt=\"Portr\u00e4ttbild p\u00e5 medarbetare.\" sizes=\"(min-width: 80em) 600px, (min-width: 48em) calc(.50 * (100vw - 240px)), calc(100vw - 160px)\" srcset=\"https:\/\/pysslingen.se\/wp-content\/uploads\/sites\/17\/2020\/11\/medarbetare-fadime-scaled.jpg 1700w, https:\/\/pysslingen.se\/wp-content\/uploads\/sites\/17\/2020\/11\/medarbetare-fadime-199x300.jpg 199w, https:\/\/pysslingen.se\/wp-content\/uploads\/sites\/17\/2020\/11\/medarbetare-fadime-680x1024.jpg 680w, https:\/\/pysslingen.se\/wp-content\/uploads\/sites\/17\/2020\/11\/medarbetare-fadime-768x1156.jpg 768w, https:\/\/pysslingen.se\/wp-content\/uploads\/sites\/17\/2020\/11\/medarbetare-fadime-1020x1536.jpg 1020w, https:\/\/pysslingen.se\/wp-content\/uploads\/sites\/17\/2020\/11\/medarbetare-fadime-1360x2048.jpg 1360w, https:\/\/pysslingen.se\/wp-content\/uploads\/sites\/17\/2020\/11\/medarbetare-fadime-1920x2891.jpg 1920w, https:\/\/pysslingen.se\/wp-content\/uploads\/sites\/17\/2020\/11\/medarbetare-fadime-1024x1542.jpg 1024w, https:\/\/pysslingen.se\/wp-content\/uploads\/sites\/17\/2020\/11\/medarbetare-fadime-1100x1656.jpg 1100w, https:\/\/pysslingen.se\/wp-content\/uploads\/sites\/17\/2020\/11\/medarbetare-fadime-445x670.jpg 445w\" \/>\n\t\t\t\t<\/div>\n\t\t\t<\/article>\n\t\t<\/li>\n\t\t\t\t\t\t\t\t\t\t\t\n\t\t\n\t\t\n\t\t<li class=\"l-col-6@md \" data-filter=\" november-2020\">\n\t\t\t<article class=\"c-card has-media-zoom \" data-variant=\"inside-half\" data-click-area>\n\t\t\t\t<div class=\"c-card__content l-stack l-stack-sm is-left is-left@md\">\n\t\t\t\t\t\t\t\t\t\t\t<blockquote class=\"c-card__title u-font-title-3\">\n\t\t\t\t\t\t\t\t\t\t\t\t\t\t\t<p class=\"u-quote-marks\"><a href=\"https:\/\/pysslingen.se\/baldersro\/intervju\/ljiljana-pejic\/\" class=\"link\">Jag upplever att f\u00f6r\u00e4ldrarna ser att deras barn \u00e4r trygga h\u00e4r!&#8230;<\/a><\/p>\n\t\t\t\t\t\t\t\t\t\t\t\t\t<\/blockquote>\n\t\t\t\t\t\n\t\t\t\t\t\t\t\t\t\t\t<p class=\"c-card__text l-stack-grow u-divider-top u-font-body\">\n\t\t\t\t\t\t\t<span class=\"author u-mr-fluid-lg\">Ljiljana Pejic<\/span>\n\t\t\t\t\t\t\t<span class=\"title u-mr-fluid-lg\">Barnsk\u00f6tare p\u00e5 Baldersro<\/span>\n\t\t\t\t\t\t<\/p>\n\t\t\t\t\t\n\t\t\t\t\t<div class=\"c-card__icon\">\n\t\t\t\t\t\t<svg class=\"ams-icon ams-icon--arrow-right\" width=\"32\" height=\"32\" viewBox=\"0 0 32 32\" fill=\"currentColor\" aria-hidden=\"true\" xmlns=\"http:\/\/www.w3.org\/2000\/svg\">\n\t\t\t\t\t\t\t<path d=\"M15.4617 0.252159L14.9567 0.75931C14.6219 1.09545 14.6219 1.64048 14.9567 1.97669L27.7062 14.7806H0.857144C0.383786 14.7806 0 15.166 0 15.6414V16.3587C0 16.8341 0.383786 17.2195 0.857144 17.2195H27.7062L14.9567 30.0234C14.6219 30.3595 14.6219 30.9045 14.9567 31.2407L15.4617 31.7479C15.7964 32.084 16.3392 32.084 16.6739 31.7479L31.749 16.6087C32.0837 16.2725 32.0837 15.7275 31.749 15.3913L16.6739 0.252159C16.3392 -0.084053 15.7964 -0.084053 15.4617 0.252159Z\"\/>\n\t\t\t\t\t\t<\/svg>\n\t\t\t\t\t<\/div>\n\t\t\t\t<\/div>\n\t\t\t\t<div class=\"c-card__media\" style=\" \">\n\t\t\t\t\t<img decoding=\"async\" width=\"199\" height=\"300\" src=\"https:\/\/pysslingen.se\/wp-content\/uploads\/sites\/17\/2020\/11\/medarbetare-ljiljana.jpg\" class=\"attachment-md size-md\" alt=\"Portr\u00e4ttbild p\u00e5 medarbetare.\" sizes=\"(min-width: 80em) 600px, (min-width: 48em) calc(.50 * (100vw - 240px)), calc(100vw - 160px)\" \/>\n\t\t\t\t<\/div>\n\t\t\t<\/article>\n\t\t<\/li>\n\t<\/ul>\n\t\n\t<div class=\"no-results u-mt-0 u-hide\" data-filter-fallback-id=\"ams-testimonial-list-69f21f19858ea\">\n\t<p>Det finns inga resultat som matchar din filtrering.<\/p>\n<\/div>\n\n\t\n\n\t\t\n\t\t\t<\/div>\n\n\t\t\n\n<\/section>\n\n\n\n\n<section  class=\"ams-cta ams-cta--stacked c-block l-stacked\">\n\t<div class=\"l-container l-stack l-stack-fluid-2xl u-pt-fluid-3xl-6xl u-pb-fluid-3xl-6xl is-center is-center@md\">\n\t\t\t\t\t<div class=\"ams-cta__intro l-stack l-stack-lg\">\n\t\t\t\t\t\n\t<h2\n\tclass=\"c-heading u-font-title-1 \"\n\tstyle=\"\">\n\t\t\n\t\t\t\t\tVill du veta mer om Baldersro?\n\t\t\t\t\n\t<\/h2>\n\n\t\t\t\t\t\t\t\t\t<div class=\"c-text l-stack u-cs-xl u-font-body\">\n\t\t\t\t\t\t<p>\u00c4r du intresserad av att komma p\u00e5 bes\u00f6k?\u00a0V\u00e4lkommen till oss! <a href=\"https:\/\/pysslingen.se\/baldersro\/besok-oss\/\">L\u00e4s mer h\u00e4r.<\/a><\/p>\n<p>Vi ser fram emot att tr\u00e4ffa dig\/er!<\/p>\n<p>I Haninge finns ocks\u00e5 Pysslingen F\u00f6rskolor: <a href=\"https:\/\/pysslingen.se\/orren\/\">Orren<\/a>, <a href=\"https:\/\/pysslingen.se\/bjorken\/\">Bj\u00f6rken<\/a> och <a href=\"https:\/\/pysslingen.se\/larkan\/\">L\u00e4rkan<\/a>.<\/p>\n\n\t\t\t\t\t<\/div>\n\t\t\t\t\t\t\t<\/div>\n\t\t\n\t\t\n\t\t\t<div class=\"ams-cta__action u-inline-items\">\n\t\t\t\t\t\t\t\n\n\n<a href=\"https:\/\/pysslingen.se\/baldersro\/vanliga-fragor\/\"\n\t\n\tclass=\"c-btn \"\n\tdata-style=\"rounded\"\n\tdata-size=\"md\"\n\tdata-width=\"full-mobile\"\n\tdata-variant=\"default\"\n\ttarget=\"_self\">\n\t\t\t<span class=\"label\"> Vanliga fr\u00e5gor<\/span>\n\t\t\t<\/a>\n\t\t\t<\/div>\n\t<\/div>\n\n\t\t\n\n<\/section>\n","protected":false},"excerpt":{"rendered":"","protected":false},"author":1,"featured_media":0,"parent":0,"menu_order":0,"comment_status":"closed","ping_status":"closed","template":"","meta":{"footnotes":""},"yoast_head":"<!-- This site is optimized with the Yoast SEO plugin v22.0 - https:\/\/yoast.com\/wordpress\/plugins\/seo\/ -->\n<title>F\u00f6rskola i Handen, Haninge | Pysslingen Baldersro<\/title>\n<meta name=\"description\" content=\"Pysslingen Baldersro \u00e4r en f\u00f6rskola i Handen, Haninge. Hos oss \u00e4r r\u00f6relsegl\u00e4dje och trygghet i en utforskande milj\u00f6 viktiga delar. L\u00e4s mer om oss!\" \/>\n<meta name=\"robots\" content=\"index, follow, max-snippet:-1, max-image-preview:large, max-video-preview:-1\" \/>\n<link rel=\"canonical\" href=\"https:\/\/pysslingen.se\/baldersro\/\" \/>\n<meta property=\"og:locale\" content=\"sv_SE\" \/>\n<meta property=\"og:type\" content=\"article\" \/>\n<meta property=\"og:title\" content=\"F\u00f6rskola i Handen, Haninge | Pysslingen Baldersro\" \/>\n<meta property=\"og:description\" content=\"Pysslingen Baldersro \u00e4r en f\u00f6rskola i Handen, Haninge. Hos oss \u00e4r r\u00f6relsegl\u00e4dje och trygghet i en utforskande milj\u00f6 viktiga delar. L\u00e4s mer om oss!\" \/>\n<meta property=\"og:url\" content=\"https:\/\/pysslingen.se\/baldersro\/\" \/>\n<meta property=\"og:site_name\" content=\"Baldersro\" \/>\n<meta property=\"article:modified_time\" content=\"2026-04-08T10:32:31+00:00\" \/>\n<meta name=\"twitter:card\" content=\"summary_large_image\" \/>\n<meta name=\"twitter:title\" content=\"F\u00f6rskola i Handen, Haninge | Pysslingen Baldersro\" \/>\n<meta name=\"twitter:description\" content=\"Pysslingen Baldersro \u00e4r en f\u00f6rskola i Handen, Haninge. Hos oss \u00e4r r\u00f6relsegl\u00e4dje och trygghet i en utforskande milj\u00f6 viktiga delar. L\u00e4s mer om oss!\" \/>\n<script type=\"application\/ld+json\" class=\"yoast-schema-graph\">{\"@context\":\"https:\/\/schema.org\",\"@graph\":[{\"@type\":\"WebPage\",\"@id\":\"https:\/\/pysslingen.se\/baldersro\/\",\"url\":\"https:\/\/pysslingen.se\/baldersro\/\",\"name\":\"F\u00f6rskola i Handen, Haninge | Pysslingen Baldersro\",\"isPartOf\":{\"@id\":\"https:\/\/pysslingen.se\/baldersro\/#website\"},\"datePublished\":\"2020-09-25T11:05:23+00:00\",\"dateModified\":\"2026-04-08T10:32:31+00:00\",\"description\":\"Pysslingen Baldersro \u00e4r en f\u00f6rskola i Handen, Haninge. Hos oss \u00e4r r\u00f6relsegl\u00e4dje och trygghet i en utforskande milj\u00f6 viktiga delar. L\u00e4s mer om oss!\",\"breadcrumb\":{\"@id\":\"https:\/\/pysslingen.se\/baldersro\/#breadcrumb\"},\"inLanguage\":\"sv-SE\",\"potentialAction\":[{\"@type\":\"ReadAction\",\"target\":[\"https:\/\/pysslingen.se\/baldersro\/\"]}]},{\"@type\":\"BreadcrumbList\",\"@id\":\"https:\/\/pysslingen.se\/baldersro\/#breadcrumb\",\"itemListElement\":[{\"@type\":\"ListItem\",\"position\":1,\"name\":\"Start\",\"item\":\"https:\/\/pysslingen.se\/baldersro\/\"},{\"@type\":\"ListItem\",\"position\":2,\"name\":\"Startsida\"}]},{\"@type\":\"WebSite\",\"@id\":\"https:\/\/pysslingen.se\/baldersro\/#website\",\"url\":\"https:\/\/pysslingen.se\/baldersro\/\",\"name\":\"Baldersro\",\"description\":\"En trygg och stimulerande v\u00e4rld\",\"publisher\":{\"@id\":\"https:\/\/pysslingen.se\/baldersro\/#organization\"},\"potentialAction\":[{\"@type\":\"SearchAction\",\"target\":{\"@type\":\"EntryPoint\",\"urlTemplate\":\"https:\/\/pysslingen.se\/baldersro\/?s={search_term_string}\"},\"query-input\":\"required name=search_term_string\"}],\"inLanguage\":\"sv-SE\"},{\"@type\":\"Organization\",\"@id\":\"https:\/\/pysslingen.se\/baldersro\/#organization\",\"name\":\"Pysslingen F\u00f6rskolor\",\"url\":\"https:\/\/pysslingen.se\/baldersro\/\",\"logo\":{\"@type\":\"ImageObject\",\"inLanguage\":\"sv-SE\",\"@id\":\"https:\/\/pysslingen.se\/baldersro\/#\/schema\/logo\/image\/\",\"url\":\"https:\/\/pysslingen.se\/wp-content\/uploads\/2021\/05\/pysslingen-forskolor.png\",\"contentUrl\":\"https:\/\/pysslingen.se\/wp-content\/uploads\/2021\/05\/pysslingen-forskolor.png\",\"width\":1120,\"height\":630,\"caption\":\"Pysslingen F\u00f6rskolor\"},\"image\":{\"@id\":\"https:\/\/pysslingen.se\/baldersro\/#\/schema\/logo\/image\/\"}}]}<\/script>\n<!-- \/ Yoast SEO plugin. -->","yoast_head_json":{"title":"F\u00f6rskola i Handen, Haninge | Pysslingen Baldersro","description":"Pysslingen Baldersro \u00e4r en f\u00f6rskola i Handen, Haninge. Hos oss \u00e4r r\u00f6relsegl\u00e4dje och trygghet i en utforskande milj\u00f6 viktiga delar. L\u00e4s mer om oss!","robots":{"index":"index","follow":"follow","max-snippet":"max-snippet:-1","max-image-preview":"max-image-preview:large","max-video-preview":"max-video-preview:-1"},"canonical":"https:\/\/pysslingen.se\/baldersro\/","og_locale":"sv_SE","og_type":"article","og_title":"F\u00f6rskola i Handen, Haninge | Pysslingen Baldersro","og_description":"Pysslingen Baldersro \u00e4r en f\u00f6rskola i Handen, Haninge. Hos oss \u00e4r r\u00f6relsegl\u00e4dje och trygghet i en utforskande milj\u00f6 viktiga delar. L\u00e4s mer om oss!","og_url":"https:\/\/pysslingen.se\/baldersro\/","og_site_name":"Baldersro","article_modified_time":"2026-04-08T10:32:31+00:00","twitter_card":"summary_large_image","twitter_title":"F\u00f6rskola i Handen, Haninge | Pysslingen Baldersro","twitter_description":"Pysslingen Baldersro \u00e4r en f\u00f6rskola i Handen, Haninge. Hos oss \u00e4r r\u00f6relsegl\u00e4dje och trygghet i en utforskande milj\u00f6 viktiga delar. L\u00e4s mer om oss!","schema":{"@context":"https:\/\/schema.org","@graph":[{"@type":"WebPage","@id":"https:\/\/pysslingen.se\/baldersro\/","url":"https:\/\/pysslingen.se\/baldersro\/","name":"F\u00f6rskola i Handen, Haninge | Pysslingen Baldersro","isPartOf":{"@id":"https:\/\/pysslingen.se\/baldersro\/#website"},"datePublished":"2020-09-25T11:05:23+00:00","dateModified":"2026-04-08T10:32:31+00:00","description":"Pysslingen Baldersro \u00e4r en f\u00f6rskola i Handen, Haninge. Hos oss \u00e4r r\u00f6relsegl\u00e4dje och trygghet i en utforskande milj\u00f6 viktiga delar. L\u00e4s mer om oss!","breadcrumb":{"@id":"https:\/\/pysslingen.se\/baldersro\/#breadcrumb"},"inLanguage":"sv-SE","potentialAction":[{"@type":"ReadAction","target":["https:\/\/pysslingen.se\/baldersro\/"]}]},{"@type":"BreadcrumbList","@id":"https:\/\/pysslingen.se\/baldersro\/#breadcrumb","itemListElement":[{"@type":"ListItem","position":1,"name":"Start","item":"https:\/\/pysslingen.se\/baldersro\/"},{"@type":"ListItem","position":2,"name":"Startsida"}]},{"@type":"WebSite","@id":"https:\/\/pysslingen.se\/baldersro\/#website","url":"https:\/\/pysslingen.se\/baldersro\/","name":"Baldersro","description":"En trygg och stimulerande v\u00e4rld","publisher":{"@id":"https:\/\/pysslingen.se\/baldersro\/#organization"},"potentialAction":[{"@type":"SearchAction","target":{"@type":"EntryPoint","urlTemplate":"https:\/\/pysslingen.se\/baldersro\/?s={search_term_string}"},"query-input":"required name=search_term_string"}],"inLanguage":"sv-SE"},{"@type":"Organization","@id":"https:\/\/pysslingen.se\/baldersro\/#organization","name":"Pysslingen F\u00f6rskolor","url":"https:\/\/pysslingen.se\/baldersro\/","logo":{"@type":"ImageObject","inLanguage":"sv-SE","@id":"https:\/\/pysslingen.se\/baldersro\/#\/schema\/logo\/image\/","url":"https:\/\/pysslingen.se\/wp-content\/uploads\/2021\/05\/pysslingen-forskolor.png","contentUrl":"https:\/\/pysslingen.se\/wp-content\/uploads\/2021\/05\/pysslingen-forskolor.png","width":1120,"height":630,"caption":"Pysslingen F\u00f6rskolor"},"image":{"@id":"https:\/\/pysslingen.se\/baldersro\/#\/schema\/logo\/image\/"}}]}},"_links":{"self":[{"href":"https:\/\/pysslingen.se\/baldersro\/wp-json\/wp\/v2\/pages\/4"}],"collection":[{"href":"https:\/\/pysslingen.se\/baldersro\/wp-json\/wp\/v2\/pages"}],"about":[{"href":"https:\/\/pysslingen.se\/baldersro\/wp-json\/wp\/v2\/types\/page"}],"author":[{"embeddable":true,"href":"https:\/\/pysslingen.se\/baldersro\/wp-json\/wp\/v2\/users\/1"}],"replies":[{"embeddable":true,"href":"https:\/\/pysslingen.se\/baldersro\/wp-json\/wp\/v2\/comments?post=4"}],"version-history":[{"count":10,"href":"https:\/\/pysslingen.se\/baldersro\/wp-json\/wp\/v2\/pages\/4\/revisions"}],"predecessor-version":[{"id":1427,"href":"https:\/\/pysslingen.se\/baldersro\/wp-json\/wp\/v2\/pages\/4\/revisions\/1427"}],"wp:attachment":[{"href":"https:\/\/pysslingen.se\/baldersro\/wp-json\/wp\/v2\/media?parent=4"}],"curies":[{"name":"wp","href":"https:\/\/api.w.org\/{rel}","templated":true}]}}