{"id":1177,"date":"2021-01-08T11:17:54","date_gmt":"2021-01-08T11:17:54","guid":{"rendered":"https:\/\/pysslingen.se\/angsbacken\/?post_type=testimonial&#038;p=1177"},"modified":"2025-12-15T14:56:42","modified_gmt":"2025-12-15T13:56:42","slug":"karolina-palm","status":"publish","type":"testimonial","link":"https:\/\/pysslingen.se\/angsbacken\/intervju\/karolina-palm\/","title":{"rendered":"Karolina Kronstrand"},"content":{"rendered":"<style>\n\t@media only screen and (min-width: 769px) {\n\t\t.testimonial_header_module__image {\n\t\t\tpadding-right: 15px;\n\t\t\tpadding-left: 6px;\n\t\t}\n\n\t\t.testimonial_header_module {\n\t\t\tmargin-bottom: -150px;\n\t\t}\n\t}\n<\/style>\n\n\n<div aria-label=\"testimonial header\"    class=\"testimonial_header_module__data d-none  site__cta-bg--100 \"><\/div>\n<div class=\"testimonial_header_module testimonial_header_module__bg\" >\n\t<div class=\"container\">\n\t\t<div class=\"row\">\n\t\t\t<div class=\"testimonial_header_module__col9\">\n\t\t\t\t<div class=\"testimonial_header_module__text_wrap\">\n\t\t\t\t\t\t\t\t\t\t\t<h1   class=\"site__heading-size-2  site__text-color--light \">\n\t\t\t\t\t\t\tHej Karolina!\t\t\t\t\t\t<\/h1>\n\t\t\t\t\t\n\t\t\t\t\t<p   class=\"site__ingress site__free_text--ingress testimonial_header_module__margin_top site__text-color--light \">\n\t\t\t\t\t\tKarolina Kronstrand har arbetat som barnsk\u00f6tare p\u00e5 \u00c4ngsbacken sedan 2017. Hon \u00e4r engagerad i barns inflytande och jobbar f\u00f6r att barnen ska k\u00e4nna lust att l\u00e4ra. \r\n\t\t\t\t\t<\/p>\n\t\t\t\t<\/div>\n\t\t\t<\/div>\n\t\t\t<div class=\"testimonial_header_module__col3\">\n\t\t\t\t<picture   id=\"hero-picture\">\n\t\t\t\t\t<img decoding=\"async\" width=\"480\" height=\"640\" src=\"https:\/\/pysslingen.se\/wp-content\/uploads\/sites\/64\/2021\/01\/karolina-palm-barnskotare-pysslingen-fsk-angsbacken.jpeg\" class=\"testimonial_header_module__image\" alt=\"Karolina Palm barnsk\u00f6tare Pysslingen F\u00f6rskolor\" srcset=\"https:\/\/pysslingen.se\/wp-content\/uploads\/sites\/64\/2021\/01\/karolina-palm-barnskotare-pysslingen-fsk-angsbacken.jpeg 480w, https:\/\/pysslingen.se\/wp-content\/uploads\/sites\/64\/2021\/01\/karolina-palm-barnskotare-pysslingen-fsk-angsbacken-225x300.jpeg 225w\" sizes=\"(max-width: 480px) 100vw, 480px\" \/>\t\t\t\t<\/picture>\n\t\t\t<\/div>\n\t\t<\/div>\n\t<\/div>\n<\/div>\n\n<script>\n\tvar para = document.getElementsByClassName(\"testimonial_header_module__data\")[0]\n\tvar compStyles = window.getComputedStyle(para);\n\tvar bg_color = compStyles.getPropertyValue('background-color')\n\tvar element = document.getElementsByClassName(\"testimonial_header_module__bg\")[0]\n\telement.setAttribute('style', \"background: linear-gradient(to bottom, \"\n\t\t\t+ bg_color + \",\"\n\t\t\t+ bg_color + \" calc(100% - 66px), transparent calc(100% - 66px), transparent);\");\n\n\n<\/script>\n\n\n\n<div class=\"wp-block-columns is-layout-flex wp-container-core-columns-layout-1 wp-block-columns-is-layout-flex\">\n<div class=\"wp-block-column is-layout-flow wp-block-column-is-layout-flow\" style=\"flex-basis:66.66%\"><style>\n@media only screen and (min-width: 600px) {\n\t\t\t.ams-fragor-yolbbdoxepddhhlpuygu {\n\t\t\tdisplay:none;\n\t\t}\n\t}\n@media only screen and (max-width: 600px) {\n\t}\n<\/style>\n<div   class=\"ams-fragor  site__cta-bg--100   ams-fragor-yolbbdoxepddhhlpuygu\" >\n   \t\t <div   class=\" site__text-color--light  ams-fragor__namn\">\n\t\t\tNamn:\t\t\t<span class=\" \">\n\t\t\t\tKarolina Kronstrand\t\t\t<\/span>\n\t\t<\/div>\n\t\t<div   class=\" site__text-color--light  ams-fragor__utbildning\">\n\t\t\tJobbar som:\t\t\t<span class=\" \">\n\t\t\t\tBarnsk\u00f6tare\t\t\t<\/span>\n\t\t<\/div>\n\t\t\t\t\t<ul>\n\t\t\t\t\t<\/ul>\n\t\t\t<\/div>\n<script>\n\tamsFragor = function() {\n\t\tvar w = window.innerWidth;\n\t\tvar siteMain = document.getElementsByClassName(\"site-main\")[0]\n\t\tif(typeof siteMain !== 'undefined'){\n\t\t\tvar testimonial = siteMain.getElementsByClassName(\"testimonial_header_module\")[0]\n\t\t\tif(typeof testimonial !== 'undefined'){\n\t\t\t\tvar amsFragor = document.getElementsByClassName(\"ams-fragor\")\n\t\t\t\tfor(var i = 0; i < amsFragor.length; i++){\n\t\t\t\t\tif(w > 769 ){\n\t\t\t\t\t\tamsFragor[i].setAttribute('style', \"margin-top: 50px\");\n\t\t\t\t\t}else{\n\t\t\t\t\t\tamsFragor[i].setAttribute('style', \"margin-top: 0px\");\n\t\t\t\t\t}\n\t\t\t\t}\n\t\t\t}\n\t\t}\n\t};\n\tamsFragor();\n\twindow.addEventListener(\"resize\", amsFragor);\n<\/script>\n\n\n\n<h2 class=\"wp-block-heading\">Vad g\u00f6r \u00c4ngsbacken till en s\u00e5 bra plats f\u00f6r v\u00e5ra barn?<\/h2>\n\n\n\n<p>&#8211; Vi har en genomt\u00e4nkt barnsyn d\u00e4r vi arbetar mycket utifr\u00e5n barns inflytande. Vi formar verksamheten utifr\u00e5n barnens intressen samt erfarenheter. Vi vill att barnen ska k\u00e4nna lust att l\u00e4ra sig. Hos oss p\u00e5 \u00c4ngsbacken f\u00e5r barnen uttrycka sina k\u00e4nslor, bilda n\u00e4ra och trygga relationer samt utforska sin omv\u00e4rld.&nbsp;<\/p>\n\n\n\n<h2 class=\"wp-block-heading\">Vad gillar du mest med att vara pedagog p\u00e5 f\u00f6rskolan?<\/h2>\n\n\n\n<p>&#8211; Det jag gillar mest med att vara pedagog p\u00e5 \u00c4ngsbacken \u00e4r att jag f\u00e5r chansen att vara med p\u00e5 barnens utvecklingsresa, fr\u00e5n att de \u00e4r sm\u00e5 till att de ska b\u00f6rja skolan. Jag gillar \u00e4ven att \u00c4ngsbacken \u00e4r en liten f\u00f6rskola, vilket g\u00f6r att vi samarbetar n\u00e4ra mellan avdelningarna och p\u00e5 s\u00e5 s\u00e4tt kan forts\u00e4tta barnens utveckling p\u00e5 en konkret s\u00e4tt. Alla k\u00e4nner alla och det blir en familj\u00e4r arbetssituation.&nbsp;<\/p>\n\n\n\n<h2 class=\"wp-block-heading\">Vad \u00e4r viktigt f\u00f6r dig i m\u00f6tet med barnens f\u00f6r\u00e4ldrar?<\/h2>\n\n\n\n<p>&#8211; Att ha gott samarbete mellan mig som pedagog och v\u00e5rdnadshavare \u00e4r viktigt d\u00e5 det ska gynna b\u00e5da parter. Det \u00e4r viktigt f\u00f6r mig att v\u00e5rdnadshavaren ska kunna k\u00e4nna tillit och trygghet till mitt och kollegornas arbete.<\/p>\n\n\n\n<p>&#8211; I mitt arbete som pedagog m\u00f6ter jag m\u00e5nga m\u00e4nniskor fr\u00e5n olika kulturer, d\u00e5 \u00e4r de viktigt att man kan ha en god relation samt att man kan samarbeta p\u00e5 ett s\u00e4tt som g\u00f6r att det gynnar b\u00e5da parter.&nbsp;<\/p>\n<\/div>\n\n\n\n<div class=\"wp-block-column is-layout-flow wp-block-column-is-layout-flow\" style=\"flex-basis:33.33%\"><style>\n@media only screen and (min-width: 600px) {\n\t}\n@media only screen and (max-width: 600px) {\n\t\t\t.ams-fragor{\n\t\t\t margin-bottom:40px;\n\t\t}\n\t\t.ams-fragor-lryufjxugmlfpusnghby{\n\t\t\tdisplay:none;\n\t\t}\n\t}\n<\/style>\n<div   class=\"ams-fragor  site__cta-bg--100   ams-fragor-lryufjxugmlfpusnghby\" >\n   \t\t <div   class=\" site__text-color--light  ams-fragor__namn\">\n\t\t\tNamn:\t\t\t<span class=\" \">\n\t\t\t\tKarolina Kronstrand\t\t\t<\/span>\n\t\t<\/div>\n\t\t<div   class=\" site__text-color--light  ams-fragor__utbildning\">\n\t\t\tJobbar som:\t\t\t<span class=\" \">\n\t\t\t\tBarnsk\u00f6tare\t\t\t<\/span>\n\t\t<\/div>\n\t\t\t\t\t<ul>\n\t\t\t\t\t<\/ul>\n\t\t\t<\/div>\n<script>\n\tamsFragor = function() {\n\t\tvar w = window.innerWidth;\n\t\tvar siteMain = document.getElementsByClassName(\"site-main\")[0]\n\t\tif(typeof siteMain !== 'undefined'){\n\t\t\tvar testimonial = siteMain.getElementsByClassName(\"testimonial_header_module\")[0]\n\t\t\tif(typeof testimonial !== 'undefined'){\n\t\t\t\tvar amsFragor = document.getElementsByClassName(\"ams-fragor\")\n\t\t\t\tfor(var i = 0; i < amsFragor.length; i++){\n\t\t\t\t\tif(w > 769 ){\n\t\t\t\t\t\tamsFragor[i].setAttribute('style', \"margin-top: 50px\");\n\t\t\t\t\t}else{\n\t\t\t\t\t\tamsFragor[i].setAttribute('style', \"margin-top: 0px\");\n\t\t\t\t\t}\n\t\t\t\t}\n\t\t\t}\n\t\t}\n\t};\n\tamsFragor();\n\twindow.addEventListener(\"resize\", amsFragor);\n<\/script>\n<\/div>\n<\/div>\n\n\n\n<div class=\"wp-block-columns is-layout-flex wp-container-core-columns-layout-2 wp-block-columns-is-layout-flex\">\n<div class=\"wp-block-column is-layout-flow wp-block-column-is-layout-flow\" style=\"flex-basis:66.66%\"><\/div>\n\n\n\n<div class=\"wp-block-column is-layout-flow wp-block-column-is-layout-flow\" style=\"flex-basis:33.33%\"><\/div>\n<\/div>\n","protected":false},"featured_media":0,"template":"","testimonial_category":[],"yoast_head":"<!-- This site is optimized with the Yoast SEO plugin v22.0 - https:\/\/yoast.com\/wordpress\/plugins\/seo\/ -->\n<title>Tr\u00e4ffa v\u00e5ran pedagog Karolina Kronstrand p\u00e5 \u00c4ngsbacken!<\/title>\n<meta name=\"description\" content=\"Karolina har arbetat som barnsk\u00f6tare p\u00e5 \u00c4ngsbacken sedan 2017. Hon \u00e4r engagerad i barns inflytande och jobbar f\u00f6r att barnen ska k\u00e4nna lust att l\u00e4ra.\" \/>\n<meta name=\"robots\" content=\"index, follow, max-snippet:-1, max-image-preview:large, max-video-preview:-1\" \/>\n<link rel=\"canonical\" href=\"https:\/\/pysslingen.se\/angsbacken\/intervju\/karolina-palm\/\" \/>\n<meta property=\"og:locale\" content=\"sv_SE\" \/>\n<meta property=\"og:type\" content=\"article\" \/>\n<meta property=\"og:title\" content=\"Tr\u00e4ffa v\u00e5ran pedagog Karolina Kronstrand p\u00e5 \u00c4ngsbacken!\" \/>\n<meta property=\"og:description\" content=\"Karolina har arbetat som barnsk\u00f6tare p\u00e5 \u00c4ngsbacken sedan 2017. Hon \u00e4r engagerad i barns inflytande och jobbar f\u00f6r att barnen ska k\u00e4nna lust att l\u00e4ra.\" \/>\n<meta property=\"og:url\" content=\"https:\/\/pysslingen.se\/angsbacken\/intervju\/karolina-palm\/\" \/>\n<meta property=\"og:site_name\" content=\"\u00c4ngsbacken\" \/>\n<meta property=\"article:modified_time\" content=\"2025-12-15T13:56:42+00:00\" \/>\n<meta name=\"twitter:card\" content=\"summary_large_image\" \/>\n<meta name=\"twitter:title\" content=\"Tr\u00e4ffa v\u00e5ran pedagog Karolina Kronstrand p\u00e5 \u00c4ngsbacken!\" \/>\n<meta name=\"twitter:description\" content=\"Karolina har arbetat som barnsk\u00f6tare p\u00e5 \u00c4ngsbacken sedan 2017. Hon \u00e4r engagerad i barns inflytande och jobbar f\u00f6r att barnen ska k\u00e4nna lust att l\u00e4ra.\" \/>\n<meta name=\"twitter:image\" content=\"https:\/\/pysslingen.se\/wp-content\/uploads\/sites\/64\/2021\/01\/karolina-palm-barnskotare-pysslingen-fsk-angsbacken.jpeg\" \/>\n<meta name=\"twitter:label1\" content=\"Ber\u00e4knad l\u00e4stid\" \/>\n\t<meta name=\"twitter:data1\" content=\"2 minuter\" \/>\n<script type=\"application\/ld+json\" class=\"yoast-schema-graph\">{\"@context\":\"https:\/\/schema.org\",\"@graph\":[{\"@type\":\"WebPage\",\"@id\":\"https:\/\/pysslingen.se\/angsbacken\/intervju\/karolina-palm\/\",\"url\":\"https:\/\/pysslingen.se\/angsbacken\/intervju\/karolina-palm\/\",\"name\":\"Tr\u00e4ffa v\u00e5ran pedagog Karolina Kronstrand p\u00e5 \u00c4ngsbacken!\",\"isPartOf\":{\"@id\":\"https:\/\/pysslingen.se\/angsbacken\/#website\"},\"datePublished\":\"2021-01-08T11:17:54+00:00\",\"dateModified\":\"2025-12-15T13:56:42+00:00\",\"description\":\"Karolina har arbetat som barnsk\u00f6tare p\u00e5 \u00c4ngsbacken sedan 2017. Hon \u00e4r engagerad i barns inflytande och jobbar f\u00f6r att barnen ska k\u00e4nna lust att l\u00e4ra.\",\"breadcrumb\":{\"@id\":\"https:\/\/pysslingen.se\/angsbacken\/intervju\/karolina-palm\/#breadcrumb\"},\"inLanguage\":\"sv-SE\",\"potentialAction\":[{\"@type\":\"ReadAction\",\"target\":[\"https:\/\/pysslingen.se\/angsbacken\/intervju\/karolina-palm\/\"]}]},{\"@type\":\"BreadcrumbList\",\"@id\":\"https:\/\/pysslingen.se\/angsbacken\/intervju\/karolina-palm\/#breadcrumb\",\"itemListElement\":[{\"@type\":\"ListItem\",\"position\":1,\"name\":\"Start\",\"item\":\"https:\/\/pysslingen.se\/angsbacken\"},{\"@type\":\"ListItem\",\"position\":2,\"name\":\"Intervju\"}]},{\"@type\":\"WebSite\",\"@id\":\"https:\/\/pysslingen.se\/angsbacken\/#website\",\"url\":\"https:\/\/pysslingen.se\/angsbacken\/\",\"name\":\"\u00c4ngsbacken\",\"description\":\"En trygg och stimulerande v\u00e4rld\",\"publisher\":{\"@id\":\"https:\/\/pysslingen.se\/angsbacken\/#organization\"},\"potentialAction\":[{\"@type\":\"SearchAction\",\"target\":{\"@type\":\"EntryPoint\",\"urlTemplate\":\"https:\/\/pysslingen.se\/angsbacken\/?s={search_term_string}\"},\"query-input\":\"required name=search_term_string\"}],\"inLanguage\":\"sv-SE\"},{\"@type\":\"Organization\",\"@id\":\"https:\/\/pysslingen.se\/angsbacken\/#organization\",\"name\":\"Pysslingen F\u00f6rskolor\",\"url\":\"https:\/\/pysslingen.se\/angsbacken\/\",\"logo\":{\"@type\":\"ImageObject\",\"inLanguage\":\"sv-SE\",\"@id\":\"https:\/\/pysslingen.se\/angsbacken\/#\/schema\/logo\/image\/\",\"url\":\"https:\/\/pysslingen.se\/wp-content\/uploads\/2021\/05\/pysslingen-forskolor.png\",\"contentUrl\":\"https:\/\/pysslingen.se\/wp-content\/uploads\/2021\/05\/pysslingen-forskolor.png\",\"width\":1120,\"height\":630,\"caption\":\"Pysslingen F\u00f6rskolor\"},\"image\":{\"@id\":\"https:\/\/pysslingen.se\/angsbacken\/#\/schema\/logo\/image\/\"}}]}<\/script>\n<!-- \/ Yoast SEO plugin. -->","yoast_head_json":{"title":"Tr\u00e4ffa v\u00e5ran pedagog Karolina Kronstrand p\u00e5 \u00c4ngsbacken!","description":"Karolina har arbetat som barnsk\u00f6tare p\u00e5 \u00c4ngsbacken sedan 2017. Hon \u00e4r engagerad i barns inflytande och jobbar f\u00f6r att barnen ska k\u00e4nna lust att l\u00e4ra.","robots":{"index":"index","follow":"follow","max-snippet":"max-snippet:-1","max-image-preview":"max-image-preview:large","max-video-preview":"max-video-preview:-1"},"canonical":"https:\/\/pysslingen.se\/angsbacken\/intervju\/karolina-palm\/","og_locale":"sv_SE","og_type":"article","og_title":"Tr\u00e4ffa v\u00e5ran pedagog Karolina Kronstrand p\u00e5 \u00c4ngsbacken!","og_description":"Karolina har arbetat som barnsk\u00f6tare p\u00e5 \u00c4ngsbacken sedan 2017. Hon \u00e4r engagerad i barns inflytande och jobbar f\u00f6r att barnen ska k\u00e4nna lust att l\u00e4ra.","og_url":"https:\/\/pysslingen.se\/angsbacken\/intervju\/karolina-palm\/","og_site_name":"\u00c4ngsbacken","article_modified_time":"2025-12-15T13:56:42+00:00","twitter_card":"summary_large_image","twitter_title":"Tr\u00e4ffa v\u00e5ran pedagog Karolina Kronstrand p\u00e5 \u00c4ngsbacken!","twitter_description":"Karolina har arbetat som barnsk\u00f6tare p\u00e5 \u00c4ngsbacken sedan 2017. Hon \u00e4r engagerad i barns inflytande och jobbar f\u00f6r att barnen ska k\u00e4nna lust att l\u00e4ra.","twitter_image":"https:\/\/pysslingen.se\/wp-content\/uploads\/sites\/64\/2021\/01\/karolina-palm-barnskotare-pysslingen-fsk-angsbacken.jpeg","twitter_misc":{"Ber\u00e4knad l\u00e4stid":"2 minuter"},"schema":{"@context":"https:\/\/schema.org","@graph":[{"@type":"WebPage","@id":"https:\/\/pysslingen.se\/angsbacken\/intervju\/karolina-palm\/","url":"https:\/\/pysslingen.se\/angsbacken\/intervju\/karolina-palm\/","name":"Tr\u00e4ffa v\u00e5ran pedagog Karolina Kronstrand p\u00e5 \u00c4ngsbacken!","isPartOf":{"@id":"https:\/\/pysslingen.se\/angsbacken\/#website"},"datePublished":"2021-01-08T11:17:54+00:00","dateModified":"2025-12-15T13:56:42+00:00","description":"Karolina har arbetat som barnsk\u00f6tare p\u00e5 \u00c4ngsbacken sedan 2017. Hon \u00e4r engagerad i barns inflytande och jobbar f\u00f6r att barnen ska k\u00e4nna lust att l\u00e4ra.","breadcrumb":{"@id":"https:\/\/pysslingen.se\/angsbacken\/intervju\/karolina-palm\/#breadcrumb"},"inLanguage":"sv-SE","potentialAction":[{"@type":"ReadAction","target":["https:\/\/pysslingen.se\/angsbacken\/intervju\/karolina-palm\/"]}]},{"@type":"BreadcrumbList","@id":"https:\/\/pysslingen.se\/angsbacken\/intervju\/karolina-palm\/#breadcrumb","itemListElement":[{"@type":"ListItem","position":1,"name":"Start","item":"https:\/\/pysslingen.se\/angsbacken"},{"@type":"ListItem","position":2,"name":"Intervju"}]},{"@type":"WebSite","@id":"https:\/\/pysslingen.se\/angsbacken\/#website","url":"https:\/\/pysslingen.se\/angsbacken\/","name":"\u00c4ngsbacken","description":"En trygg och stimulerande v\u00e4rld","publisher":{"@id":"https:\/\/pysslingen.se\/angsbacken\/#organization"},"potentialAction":[{"@type":"SearchAction","target":{"@type":"EntryPoint","urlTemplate":"https:\/\/pysslingen.se\/angsbacken\/?s={search_term_string}"},"query-input":"required name=search_term_string"}],"inLanguage":"sv-SE"},{"@type":"Organization","@id":"https:\/\/pysslingen.se\/angsbacken\/#organization","name":"Pysslingen F\u00f6rskolor","url":"https:\/\/pysslingen.se\/angsbacken\/","logo":{"@type":"ImageObject","inLanguage":"sv-SE","@id":"https:\/\/pysslingen.se\/angsbacken\/#\/schema\/logo\/image\/","url":"https:\/\/pysslingen.se\/wp-content\/uploads\/2021\/05\/pysslingen-forskolor.png","contentUrl":"https:\/\/pysslingen.se\/wp-content\/uploads\/2021\/05\/pysslingen-forskolor.png","width":1120,"height":630,"caption":"Pysslingen F\u00f6rskolor"},"image":{"@id":"https:\/\/pysslingen.se\/angsbacken\/#\/schema\/logo\/image\/"}}]}},"_links":{"self":[{"href":"https:\/\/pysslingen.se\/angsbacken\/wp-json\/wp\/v2\/testimonial\/1177"}],"collection":[{"href":"https:\/\/pysslingen.se\/angsbacken\/wp-json\/wp\/v2\/testimonial"}],"about":[{"href":"https:\/\/pysslingen.se\/angsbacken\/wp-json\/wp\/v2\/types\/testimonial"}],"wp:attachment":[{"href":"https:\/\/pysslingen.se\/angsbacken\/wp-json\/wp\/v2\/media?parent=1177"}],"wp:term":[{"taxonomy":"testimonial_category","embeddable":true,"href":"https:\/\/pysslingen.se\/angsbacken\/wp-json\/wp\/v2\/testimonial_category?post=1177"}],"curies":[{"name":"wp","href":"https:\/\/api.w.org\/{rel}","templated":true}]}}