{"id":4,"date":"2020-09-25T11:05:23","date_gmt":"2020-09-25T11:05:23","guid":{"rendered":"https:\/\/pysslingen.se\/angsbacken\/?page_id=4"},"modified":"2026-04-16T08:35:03","modified_gmt":"2026-04-16T06:35:03","slug":"startsida","status":"publish","type":"page","link":"https:\/\/pysslingen.se\/angsbacken\/","title":{"rendered":"Startsida"},"content":{"rendered":"\n\t\n\t\n\t\n\n\t\n\t\n\t\t\n<section  class=\"c-block l-stacked blobs \" data-color-scheme=\"\">\n\t<div class=\"ams-fifty ams-fifty--container ams-fifty--right ams-fifty--bottom l-container u-pt-fluid-3xl-6xl u-pb-fluid-3xl-6xl\">\n\t\t<div class=\"ams-fifty__content l-stack l-stack-xl is-left is-left@lg\">\n\t\t\t<div class=\"ams-fifty__text l-stack l-stack-lg\">\n\t\t\t\t\t\n\t<h1\n\tclass=\"c-heading u-font-title-1 \"\n\tstyle=\"\">\n\t\t\n\t\t\t\t\t\t\t\t\t\u00c4ngsbackens f\u00f6rskola i Saltsj\u00f6-Boo\n\t\t\t\t<span class=\"c-heading__sub is-below u-font-title-3\">\n\t\t\t\t\t&#8211; en kreativ och utforskande f\u00f6rskola\n\t\t\t\t<\/span>\n\t\t\t\t\t\t\t\n\t<\/h1>\n\n\t\t\t\t\t\t\t\t\t<div class=\"text l-stack u-font-body\">\n\t\t\t\t\t\t<p><span style=\"font-weight: 400;\">\u00c4ngsbacken \u00e4r en liten, personlig f\u00f6rskola som ligger n\u00e4ra naturomr\u00e5den och bussh\u00e5llplats. H\u00e4r l\u00e4gger vi stor vikt vid m\u00f6tet med varandra. Vi erbjuder barnen ett omsorgsfullt l\u00e4rande genom v\u00e5rt v\u00e4rdegrundsarbete och v\u00e5rt utforskande arbetss\u00e4tt. Tillsammans f\u00f6rdjupar vi oss i barnens fr\u00e5gor, vilket ocks\u00e5 styr hur vi utvecklar f\u00f6rskolans l\u00e4rmilj\u00f6er. <\/span><\/p>\n<p><span style=\"font-weight: 400;\">Vi har egen kock som lagar god och n\u00e4ringsriktig mat. <\/span><\/p>\n<p><span style=\"font-weight: 400;\">Varmt v\u00e4lkommen till oss!<\/span><\/p>\n\n\t\t\t\t\t<\/div>\n\t\t\t\t\t\t\t<\/div>\n\n\t\t\t\t\t<\/div>\n\n\t\t <div class=\"ams-fifty__media u-ratio-landscape\">\n\t\t \t\t\t\t\t<img decoding=\"async\" width=\"600\" height=\"400\" src=\"https:\/\/pysslingen.se\/wp-content\/uploads\/sites\/64\/2025\/02\/dsc0187-600x400.png\" class=\"attachment-md size-md\" alt=\"Fasad p\u00e5 \u00c4ngsbackens f\u00f6rskola.\" sizes=\"(min-width: 64em) 600px, calc(100vw - 160px)\" srcset=\"https:\/\/pysslingen.se\/wp-content\/uploads\/sites\/64\/2025\/02\/dsc0187-600x400.png 600w, https:\/\/pysslingen.se\/wp-content\/uploads\/sites\/64\/2025\/02\/dsc0187-300x200.png 300w, https:\/\/pysslingen.se\/wp-content\/uploads\/sites\/64\/2025\/02\/dsc0187-400x267.png 400w, https:\/\/pysslingen.se\/wp-content\/uploads\/sites\/64\/2025\/02\/dsc0187-800x533.png 800w, https:\/\/pysslingen.se\/wp-content\/uploads\/sites\/64\/2025\/02\/dsc0187-1024x683.png 1024w, https:\/\/pysslingen.se\/wp-content\/uploads\/sites\/64\/2025\/02\/dsc0187-1200x800.png 1200w, https:\/\/pysslingen.se\/wp-content\/uploads\/sites\/64\/2025\/02\/dsc0187.png 1896w\" \/>\n\t\t\t\n\t\t\t\n\t\t\t\t\t<\/div>\n\t<\/div>\n\n\t\t\n\n<\/section>\n\n\n\n\t\n\t\n<section  class=\"ams-map ams-map--fifty c-block  media-bottom media-left \" data-color-scheme=\"usp-pink-background-blue-cards\" data-locations=\"[{&quot;id&quot;:&quot;2026&quot;,&quot;county&quot;:&quot;Stockholm&quot;,&quot;city&quot;:&quot;Nacka&quot;,&quot;school&quot;:&quot;\\u00c4ngsbacken&quot;,&quot;title&quot;:&quot;Pysslingen \\u00c4ngsbacken&quot;,&quot;phone&quot;:&quot;0722188504&quot;,&quot;phone_formatted&quot;:&quot;072-2188504&quot;,&quot;email&quot;:&quot;angsbacken@pysslingen.se&quot;,&quot;visiting_address&quot;:{&quot;address&quot;:&quot;\\u00c4ngsbacken 15&quot;,&quot;zip_code&quot;:&quot;13240&quot;,&quot;city&quot;:&quot;Saltsj\\u00f6-Boo&quot;},&quot;postal_address&quot;:{&quot;address&quot;:&quot;\\u00c4ngsbacken 15&quot;,&quot;zip_code&quot;:&quot;13240&quot;,&quot;city&quot;:&quot;Saltsj\\u00f6-Boo&quot;},&quot;address_map&quot;:&quot;F\\u00f6rskola \\u00c4ngsbacken - Pysslingen F\\u00f6rskolor, \\u00c4ngsbacken, Saltsj\\u00f6-boo, Sverige&quot;,&quot;lat&quot;:59.31577,&quot;lng&quot;:18.2318877,&quot;link&quot;:{&quot;url&quot;:&quot;https:\\\/\\\/pysslingen.se\\\/angsbacken\\\/&quot;,&quot;text&quot;:&quot;L\\u00e4s mer om f\\u00f6rskolan&quot;}}]\">\n\t<div class=\"ams-map__content u-pt-fluid-3xl-6xl u-pb-fluid-3xl-6xl l-stack l-stack-fluid-xl is-left is-left@lg\">\n\t\t\t\n\t<h2\n\tclass=\"c-heading u-font-title-1 \"\n\tstyle=\"\">\n\t\t\n\t\t\t\t\tKontakta Pysslingen \u00c4ngsbacken\n\t\t\t\t\n\t<\/h2>\n\n\t\t\n\t\t\t\t\t<div class=\"contact-info l-stack\">\n\t\t\t\t\t\t\t\t\t<div class=\"contact-info__item\">\n\t\t\t\t\t\t<p class=\"contact-info__heading u-font-title-4\">\n\t\t\t\t\t\t\tBes\u00f6ksadress\n\t\t\t\t\t\t<\/p>\n\t\t\t\t\t\t<p>\n\t\t\t\t\t\t\t\t\t\t\t\t\t\t\t\u00c4ngsbacken 15<br \/>\n\t\t\t\t\t\t\t\t\t\t\t\t\t\t13240 Saltsj\u00f6-Boo\n\t\t\t\t\t\t<\/p>\n\t\t\t\t\t<\/div>\n\t\t\t\t\n\t\t\t\t\n\t\t\t\t\t\t\t\t\t<div class=\"contact-info__item\">\n\t\t\t\t\t\t<p class=\"contact-info__heading u-font-title-4\">\n\t\t\t\t\t\t\tKontakt\n\t\t\t\t\t\t<\/p>\n\t\t\t\t\t\t<p>\n\t\t\t\t\t\t\t\t\t\t\t\t\t\t\t<a href=\"tel:0722188504\">072-2188504<\/a><br \/>\n\t\t\t\t\t\t\t\t\t\t\t\t\t\t\t\t\t\t\t\t\t\t<a href=\"mailto:angsbacken@pysslingen.se\">angsbacken@pysslingen.se<\/a>\n\t\t\t\t\t\t\t\t\t\t\t\t\t<\/p>\n\t\t\t\t\t<\/div>\n\t\t\t\t\t\t\t<\/div>\n\t\t\t<\/div>\n\n\t<div class=\"ams-map__media\">\n\t<\/div>\n<\/section>\n\n\n\n\n<section  class=\"ams-usp c-block l-stacked\" data-color-scheme=\"usp-yellow-background-blue-cards\">\n\t<div class=\"l-container l-stack l-stack-fluid-2xl u-pt-fluid-3xl-6xl u-pb-fluid-3xl-6xl is-center is-center@md\">\n\t\t\t\t\t<div class=\"ams-usp__intro l-stack l-stack-lg\">\n\t\t\t\t\t\n\t<h2\n\tclass=\"c-heading u-font-title-1 \"\n\tstyle=\"\">\n\t\t\n\t\t\t\t\tV\u00e5r inriktning\n\t\t\t\t\n\t<\/h2>\n\n\t\t\t\t\t\t\t<\/div>\n\t\t\n\t\t\t<ul class=\"ams-usp__list l-grid u-justify-center u-gap-fluid-2xl-4xl\">\n\t\t\t\t\t<li class=\"l-col-6@md l-col-4@lg\">\n\t\t\t\t<article\n\t\t\t\t\tclass=\"\n\t\t\t\t\tc-card\n\t\t\t\t\thas-media-zoom\n\t\t\t\t\t\n\t\t\t\t\t\n\t\t\t\t\t\"\n\t\t\t\t\tdata-variant=\"border\"\n\t\t\t\t\tdata-style=\"soft\"\n\t\t\t\t\tdata-click-area\n\t\t\t\t\t>\n\t\t\t\t\t\t\t\t\t\t\t<div class=\"c-card__content l-stack l-stack-sm u-text-center\">\n\t\t\t\t\t\t\t\t\t\t\t\t\t\t\t<h3 class=\"c-card__title u-font-title-2\">\n\t\t\t\t\t\t\t\t\t<a href=\"https:\/\/pysslingen.se\/angsbacken\/om-forskolan\/\" target=\"_self\">\t\t\t\t\t\t\t\t\t\t\t\t\t\t\t\t\t\t\t\t\tNaturvetenskap och teknik\n\t\t\t\t\t\t\t\t\t\t\t\t\t\t\t\t\t\t\t<\/a>\t\t\t\t\t\t\t\t<\/h3>\n\t\t\t\t\t\t\t\n\t\t\t\t\t\t\t\t\t\t\t\t\t\t\t<div class=\"c-card__text l-stack-xs u-font-body\">\n\t\t\t\t\t\t\t\t\t<p>Uppt\u00e4ckargl\u00e4dje och nyfikenhet. Naturvetenskap och teknik finns \u00f6verallt \u2013 arbete utg\u00e5r fr\u00e5n barnens nyfikenhet och fr\u00e5gor f\u00f6r naturvetenskapliga fenomen.<\/p>\n\n\t\t\t\t\t\t\t\t<\/div>\n\t\t\t\t\t\t\t\t\t\t\t\t\t<\/div>\n\t\t\t\t\t\n\t\t\t\t\t<div class=\"c-card__media\">\n\t\t\t\t\t\t\t\t\t\t\t\t\t<img decoding=\"async\" width=\"400\" height=\"293\" src=\"https:\/\/pysslingen.se\/wp-content\/uploads\/sites\/64\/2020\/11\/img0863.jpeg\" class=\"u-radius-rounded u-ratio-landscape  ams_icon_size_default\" alt=\"barn l\u00e4r sig om svampar i naturen pysslingen f\u00f6rskola\" srcset=\"https:\/\/pysslingen.se\/wp-content\/uploads\/sites\/64\/2020\/11\/img0863.jpeg 750w, https:\/\/pysslingen.se\/wp-content\/uploads\/sites\/64\/2020\/11\/img0863-300x220.jpeg 300w, https:\/\/pysslingen.se\/wp-content\/uploads\/sites\/64\/2020\/11\/img0863-330x242.jpeg 330w\" sizes=\"(max-width: 400px) 100vw, 400px\" \/>\n\t\t\t\t\t\t\t\t\t\t\t<\/div>\n\t\t\t\t<\/article>\n\t\t\t<\/li>\n\n\t\t\t\t\t<li class=\"l-col-6@md l-col-4@lg\">\n\t\t\t\t<article\n\t\t\t\t\tclass=\"\n\t\t\t\t\tc-card\n\t\t\t\t\thas-media-zoom\n\t\t\t\t\t\n\t\t\t\t\t\n\t\t\t\t\t\"\n\t\t\t\t\tdata-variant=\"border\"\n\t\t\t\t\tdata-style=\"soft\"\n\t\t\t\t\tdata-click-area\n\t\t\t\t\t>\n\t\t\t\t\t\t\t\t\t\t\t<div class=\"c-card__content l-stack l-stack-sm u-text-center\">\n\t\t\t\t\t\t\t\t\t\t\t\t\t\t\t<h3 class=\"c-card__title u-font-title-2\">\n\t\t\t\t\t\t\t\t\t<a href=\"https:\/\/pysslingen.se\/angsbacken\/om-forskolan\/\" target=\"_self\">\t\t\t\t\t\t\t\t\t\t\t\t\t\t\t\t\t\t\t\t\tV\u00e4rdegrund\n\t\t\t\t\t\t\t\t\t\t\t\t\t\t\t\t\t\t\t<\/a>\t\t\t\t\t\t\t\t<\/h3>\n\t\t\t\t\t\t\t\n\t\t\t\t\t\t\t\t\t\t\t\t\t\t\t<div class=\"c-card__text l-stack-xs u-font-body\">\n\t\t\t\t\t\t\t\t\t<p>V\u00e5r verksamhet bygger p\u00e5 m\u00f6ten mellan m\u00e4nniskor och att vara en bra kompis. Vi erbjuder barnen ett omsorgsfullt l\u00e4rande genom v\u00e5rt goda v\u00e4rdegrundsarbete.<\/p>\n\n\t\t\t\t\t\t\t\t<\/div>\n\t\t\t\t\t\t\t\t\t\t\t\t\t<\/div>\n\t\t\t\t\t\n\t\t\t\t\t<div class=\"c-card__media\">\n\t\t\t\t\t\t\t\t\t\t\t\t\t<img decoding=\"async\" width=\"400\" height=\"267\" src=\"https:\/\/pysslingen.se\/wp-content\/uploads\/sites\/64\/2020\/11\/flickor-skapar-pa-forskola-2.jpg\" class=\"u-radius-rounded u-ratio-landscape  ams_icon_size_default\" alt=\"Flickor skapar p\u00e5 f\u00f6rskola\" srcset=\"https:\/\/pysslingen.se\/wp-content\/uploads\/sites\/64\/2020\/11\/flickor-skapar-pa-forskola-2.jpg 612w, https:\/\/pysslingen.se\/wp-content\/uploads\/sites\/64\/2020\/11\/flickor-skapar-pa-forskola-2-300x200.jpg 300w\" sizes=\"(max-width: 400px) 100vw, 400px\" \/>\n\t\t\t\t\t\t\t\t\t\t\t<\/div>\n\t\t\t\t<\/article>\n\t\t\t<\/li>\n\n\t\t\t\t\t<li class=\"l-col-6@md l-col-4@lg\">\n\t\t\t\t<article\n\t\t\t\t\tclass=\"\n\t\t\t\t\tc-card\n\t\t\t\t\thas-media-zoom\n\t\t\t\t\t\n\t\t\t\t\t\n\t\t\t\t\t\"\n\t\t\t\t\tdata-variant=\"border\"\n\t\t\t\t\tdata-style=\"soft\"\n\t\t\t\t\tdata-click-area\n\t\t\t\t\t>\n\t\t\t\t\t\t\t\t\t\t\t<div class=\"c-card__content l-stack l-stack-sm u-text-center\">\n\t\t\t\t\t\t\t\t\t\t\t\t\t\t\t<h3 class=\"c-card__title u-font-title-2\">\n\t\t\t\t\t\t\t\t\t<a href=\"https:\/\/pysslingen.se\/angsbacken\/om-forskolan\/\" target=\"_self\">\t\t\t\t\t\t\t\t\t\t\t\t\t\t\t\t\t\t\t\t\tUtomhusvistelse\n\t\t\t\t\t\t\t\t\t\t\t\t\t\t\t\t\t\t\t<\/a>\t\t\t\t\t\t\t\t<\/h3>\n\t\t\t\t\t\t\t\n\t\t\t\t\t\t\t\t\t\t\t\t\t\t\t<div class=\"c-card__text l-stack-xs u-font-body\">\n\t\t\t\t\t\t\t\t\t<p>Barnen \u00e4r utomhus tv\u00e5 g\u00e5nger per dag. Vi g\u00e5r ofta p\u00e5 utflykt i natur och samh\u00e4lle f\u00f6r att f\u00f6rst\u00e4rka barnens lekar och r\u00f6relsegl\u00e4dje.<\/p>\n\n\t\t\t\t\t\t\t\t<\/div>\n\t\t\t\t\t\t\t\t\t\t\t\t\t<\/div>\n\t\t\t\t\t\n\t\t\t\t\t<div class=\"c-card__media\">\n\t\t\t\t\t\t\t\t\t\t\t\t\t<img decoding=\"async\" width=\"400\" height=\"300\" src=\"https:\/\/pysslingen.se\/wp-content\/uploads\/sites\/64\/2020\/11\/lupp-e1590135086934-1024x768-1.jpg\" class=\"u-radius-rounded u-ratio-landscape  ams_icon_size_default\" alt=\"nyfiket barn har f\u00e5ngat en snigel pysslingen f\u00f6rskola\" srcset=\"https:\/\/pysslingen.se\/wp-content\/uploads\/sites\/64\/2020\/11\/lupp-e1590135086934-1024x768-1.jpg 1024w, https:\/\/pysslingen.se\/wp-content\/uploads\/sites\/64\/2020\/11\/lupp-e1590135086934-1024x768-1-300x225.jpg 300w, https:\/\/pysslingen.se\/wp-content\/uploads\/sites\/64\/2020\/11\/lupp-e1590135086934-1024x768-1-768x576.jpg 768w, https:\/\/pysslingen.se\/wp-content\/uploads\/sites\/64\/2020\/11\/lupp-e1590135086934-1024x768-1-893x670.jpg 893w\" sizes=\"(max-width: 400px) 100vw, 400px\" \/>\n\t\t\t\t\t\t\t\t\t\t\t<\/div>\n\t\t\t\t<\/article>\n\t\t\t<\/li>\n\n\t\t\t<\/ul>\n\n\t\t\t<\/div>\n\n\t\t\n\n<\/section>\n\n\n\n\n<section  class=\"ams-usp c-block l-stacked blobs\" data-color-scheme=\"usp-pink-background-blue-cards\">\n\t<div class=\"l-container l-stack l-stack-fluid-2xl u-pt-fluid-3xl-6xl u-pb-fluid-3xl-6xl is-center is-center@md\">\n\t\t\t\t\t<div class=\"ams-usp__intro l-stack l-stack-lg\">\n\t\t\t\t\t\n\t<h2\n\tclass=\"c-heading u-font-title-1 \"\n\tstyle=\"\">\n\t\t\n\t\t\t\t\tV\u00e5rt erbjudande &#8211; en trygg och stimulerande v\u00e4rld full av m\u00f6jligheter\n\t\t\t\t\n\t<\/h2>\n\n\t\t\t\t\t\t\t<\/div>\n\t\t\n\t\t\t<ul class=\"ams-usp__list l-grid u-justify-center u-gap-fluid-2xl-4xl\">\n\t\t\t\t\t<li class=\"l-col-6@md l-col-4@lg\">\n\t\t\t\t<article\n\t\t\t\t\tclass=\"\n\t\t\t\t\tc-card\n\t\t\t\t\thas-media-zoom\n\t\t\t\t\t\n\t\t\t\t\t\n\t\t\t\t\t\"\n\t\t\t\t\tdata-variant=\"border\"\n\t\t\t\t\tdata-style=\"soft\"\n\t\t\t\t\tdata-click-area\n\t\t\t\t\t>\n\t\t\t\t\t\t\t\t\t\t\t<div class=\"c-card__content l-stack l-stack-sm u-text-center\">\n\t\t\t\t\t\t\t\t\t\t\t\t\t\t\t<h3 class=\"c-card__title u-font-title-2\">\n\t\t\t\t\t\t\t\t\t<a href=\"https:\/\/pysslingen.se\/angsbacken\/inskolning\/\" target=\"_self\">\t\t\t\t\t\t\t\t\t\t\t\t\t\t\t\t\t\t\t\t\tEn trygg inskolning\n\t\t\t\t\t\t\t\t\t\t\t<span class=\"c-card__title__sub is-below u-font-title-4\">\n\t\t\t\t\t\t\t\t\t\t\t\t&#8211; alla barn f\u00e5r varsin Pyss-ryggs\u00e4ck\n\t\t\t\t\t\t\t\t\t\t\t<\/span>\n\t\t\t\t\t\t\t\t\t\t\t\t\t\t\t\t\t\t\t<\/a>\t\t\t\t\t\t\t\t<\/h3>\n\t\t\t\t\t\t\t\n\t\t\t\t\t\t\t\t\t\t\t\t\t<\/div>\n\t\t\t\t\t\n\t\t\t\t\t<div class=\"c-card__media\">\n\t\t\t\t\t\t\t\t\t\t\t\t\t<img decoding=\"async\" width=\"400\" height=\"332\" src=\"https:\/\/pysslingen.se\/wp-content\/uploads\/sites\/64\/2020\/11\/ryggsackar-2-2.jpeg\" class=\"u-radius-rounded u-ratio-landscape  ams_icon_size_default\" alt=\"Barn med ryggs\u00e4ckar fr\u00e5n Pysslingen\" srcset=\"https:\/\/pysslingen.se\/wp-content\/uploads\/sites\/64\/2020\/11\/ryggsackar-2-2.jpeg 431w, https:\/\/pysslingen.se\/wp-content\/uploads\/sites\/64\/2020\/11\/ryggsackar-2-2-300x249.jpeg 300w\" sizes=\"(max-width: 400px) 100vw, 400px\" \/>\n\t\t\t\t\t\t\t\t\t\t\t<\/div>\n\t\t\t\t<\/article>\n\t\t\t<\/li>\n\n\t\t\t\t\t<li class=\"l-col-6@md l-col-4@lg\">\n\t\t\t\t<article\n\t\t\t\t\tclass=\"\n\t\t\t\t\tc-card\n\t\t\t\t\thas-media-zoom\n\t\t\t\t\t\n\t\t\t\t\t\n\t\t\t\t\t\"\n\t\t\t\t\tdata-variant=\"border\"\n\t\t\t\t\tdata-style=\"soft\"\n\t\t\t\t\tdata-click-area\n\t\t\t\t\t>\n\t\t\t\t\t\t\t\t\t\t\t<div class=\"c-card__content l-stack l-stack-sm u-text-center\">\n\t\t\t\t\t\t\t\t\t\t\t\t\t\t\t<h3 class=\"c-card__title u-font-title-2\">\n\t\t\t\t\t\t\t\t\t<a href=\"https:\/\/pysslingen.se\/angsbacken\/trygghetsvandring\/\" target=\"_self\">\t\t\t\t\t\t\t\t\t\t\t\t\t\t\t\t\t\t\t\t\tTrygghetsvandring\n\t\t\t\t\t\t\t\t\t\t\t<span class=\"c-card__title__sub is-below u-font-title-4\">\n\t\t\t\t\t\t\t\t\t\t\t\t&#8211; v\u00e5rt verktyg f\u00f6r att skapa en trygg milj\u00f6\n\t\t\t\t\t\t\t\t\t\t\t<\/span>\n\t\t\t\t\t\t\t\t\t\t\t\t\t\t\t\t\t\t\t<\/a>\t\t\t\t\t\t\t\t<\/h3>\n\t\t\t\t\t\t\t\n\t\t\t\t\t\t\t\t\t\t\t\t\t<\/div>\n\t\t\t\t\t\n\t\t\t\t\t<div class=\"c-card__media\">\n\t\t\t\t\t\t\t\t\t\t\t\t\t<img decoding=\"async\" width=\"400\" height=\"267\" src=\"https:\/\/pysslingen.se\/wp-content\/uploads\/sites\/64\/2020\/10\/trygghetsvandring.jpg\" class=\"u-radius-rounded u-ratio-landscape  ams_icon_size_default\" alt=\"Barn ler in i kameran.\" srcset=\"https:\/\/pysslingen.se\/wp-content\/uploads\/sites\/64\/2020\/10\/trygghetsvandring.jpg 1000w, https:\/\/pysslingen.se\/wp-content\/uploads\/sites\/64\/2020\/10\/trygghetsvandring-300x200.jpg 300w, https:\/\/pysslingen.se\/wp-content\/uploads\/sites\/64\/2020\/10\/trygghetsvandring-768x512.jpg 768w\" sizes=\"(max-width: 400px) 100vw, 400px\" \/>\n\t\t\t\t\t\t\t\t\t\t\t<\/div>\n\t\t\t\t<\/article>\n\t\t\t<\/li>\n\n\t\t\t\t\t<li class=\"l-col-6@md l-col-4@lg\">\n\t\t\t\t<article\n\t\t\t\t\tclass=\"\n\t\t\t\t\tc-card\n\t\t\t\t\thas-media-zoom\n\t\t\t\t\t\n\t\t\t\t\t\n\t\t\t\t\t\"\n\t\t\t\t\tdata-variant=\"border\"\n\t\t\t\t\tdata-style=\"soft\"\n\t\t\t\t\tdata-click-area\n\t\t\t\t\t>\n\t\t\t\t\t\t\t\t\t\t\t<div class=\"c-card__content l-stack l-stack-sm u-text-center\">\n\t\t\t\t\t\t\t\t\t\t\t\t\t\t\t<h3 class=\"c-card__title u-font-title-2\">\n\t\t\t\t\t\t\t\t\t<a href=\"https:\/\/pysslingen.se\/angsbacken\/barnens-integritet\/\" target=\"_self\">\t\t\t\t\t\t\t\t\t\t\t\t\t\t\t\t\t\t\t\t\tBarnens integritet\n\t\t\t\t\t\t\t\t\t\t\t<span class=\"c-card__title__sub is-below u-font-title-4\">\n\t\t\t\t\t\t\t\t\t\t\t\t&#8211; s\u00e5 v\u00e4rnar vi om den\n\t\t\t\t\t\t\t\t\t\t\t<\/span>\n\t\t\t\t\t\t\t\t\t\t\t\t\t\t\t\t\t\t\t<\/a>\t\t\t\t\t\t\t\t<\/h3>\n\t\t\t\t\t\t\t\n\t\t\t\t\t\t\t\t\t\t\t\t\t<\/div>\n\t\t\t\t\t\n\t\t\t\t\t<div class=\"c-card__media\">\n\t\t\t\t\t\t\t\t\t\t\t\t\t<img decoding=\"async\" width=\"400\" height=\"267\" src=\"https:\/\/pysslingen.se\/wp-content\/uploads\/sites\/64\/2020\/11\/kvinnlig-pedagod-m-fleece-2.jpg\" class=\"u-radius-rounded u-ratio-landscape  ams_icon_size_default\" alt=\"Pedagog lyssnar p\u00e5 ett barn p\u00e5 f\u00f6rskolan\" srcset=\"https:\/\/pysslingen.se\/wp-content\/uploads\/sites\/64\/2020\/11\/kvinnlig-pedagod-m-fleece-2.jpg 612w, https:\/\/pysslingen.se\/wp-content\/uploads\/sites\/64\/2020\/11\/kvinnlig-pedagod-m-fleece-2-300x200.jpg 300w\" sizes=\"(max-width: 400px) 100vw, 400px\" \/>\n\t\t\t\t\t\t\t\t\t\t\t<\/div>\n\t\t\t\t<\/article>\n\t\t\t<\/li>\n\n\t\t\t\t\t<li class=\"l-col-6@md l-col-4@lg\">\n\t\t\t\t<article\n\t\t\t\t\tclass=\"\n\t\t\t\t\tc-card\n\t\t\t\t\thas-media-zoom\n\t\t\t\t\t\n\t\t\t\t\t\n\t\t\t\t\t\"\n\t\t\t\t\tdata-variant=\"border\"\n\t\t\t\t\tdata-style=\"soft\"\n\t\t\t\t\tdata-click-area\n\t\t\t\t\t>\n\t\t\t\t\t\t\t\t\t\t\t<div class=\"c-card__content l-stack l-stack-sm u-text-center\">\n\t\t\t\t\t\t\t\t\t\t\t\t\t\t\t<h3 class=\"c-card__title u-font-title-2\">\n\t\t\t\t\t\t\t\t\t<a href=\"https:\/\/pysslingen.se\/angsbacken\/larmiljoer\/\" target=\"_self\">\t\t\t\t\t\t\t\t\t\t\t\t\t\t\t\t\t\t\t\t\tV\u00e5ra l\u00e4rmilj\u00f6er\n\t\t\t\t\t\t\t\t\t\t\t<span class=\"c-card__title__sub is-below u-font-title-4\">\n\t\t\t\t\t\t\t\t\t\t\t\t&#8211; utformade f\u00f6r att inspirera och stimulera\n\t\t\t\t\t\t\t\t\t\t\t<\/span>\n\t\t\t\t\t\t\t\t\t\t\t\t\t\t\t\t\t\t\t<\/a>\t\t\t\t\t\t\t\t<\/h3>\n\t\t\t\t\t\t\t\n\t\t\t\t\t\t\t\t\t\t\t\t\t<\/div>\n\t\t\t\t\t\n\t\t\t\t\t<div class=\"c-card__media\">\n\t\t\t\t\t\t\t\t\t\t\t\t\t<img decoding=\"async\" width=\"400\" height=\"323\" src=\"https:\/\/pysslingen.se\/wp-content\/uploads\/sites\/64\/2020\/11\/larmiljo-inomhus-barn-stad-2.jpg\" class=\"u-radius-rounded u-ratio-landscape  ams_icon_size_default\" alt=\"Barn som bygger en stad i l\u00e4rmilj\u00f6 p\u00e5 f\u00f6rskola\" srcset=\"https:\/\/pysslingen.se\/wp-content\/uploads\/sites\/64\/2020\/11\/larmiljo-inomhus-barn-stad-2.jpg 632w, https:\/\/pysslingen.se\/wp-content\/uploads\/sites\/64\/2020\/11\/larmiljo-inomhus-barn-stad-2-300x242.jpg 300w\" sizes=\"(max-width: 400px) 100vw, 400px\" \/>\n\t\t\t\t\t\t\t\t\t\t\t<\/div>\n\t\t\t\t<\/article>\n\t\t\t<\/li>\n\n\t\t\t\t\t<li class=\"l-col-6@md l-col-4@lg\">\n\t\t\t\t<article\n\t\t\t\t\tclass=\"\n\t\t\t\t\tc-card\n\t\t\t\t\thas-media-zoom\n\t\t\t\t\t\n\t\t\t\t\t\n\t\t\t\t\t\"\n\t\t\t\t\tdata-variant=\"border\"\n\t\t\t\t\tdata-style=\"soft\"\n\t\t\t\t\tdata-click-area\n\t\t\t\t\t>\n\t\t\t\t\t\t\t\t\t\t\t<div class=\"c-card__content l-stack l-stack-sm u-text-center\">\n\t\t\t\t\t\t\t\t\t\t\t\t\t\t\t<h3 class=\"c-card__title u-font-title-2\">\n\t\t\t\t\t\t\t\t\t<a href=\"https:\/\/pysslingen.se\/angsbacken\/sprakstimulans\/\" target=\"_self\">\t\t\t\t\t\t\t\t\t\t\t\t\t\t\t\t\t\t\t\t\tSpr\u00e5kstimulans\n\t\t\t\t\t\t\t\t\t\t\t<span class=\"c-card__title__sub is-below u-font-title-4\">\n\t\t\t\t\t\t\t\t\t\t\t\t&#8211; \u00e4ven hemma med tillg\u00e5ng till v\u00e5rt digitala bibliotek\n\t\t\t\t\t\t\t\t\t\t\t<\/span>\n\t\t\t\t\t\t\t\t\t\t\t\t\t\t\t\t\t\t\t<\/a>\t\t\t\t\t\t\t\t<\/h3>\n\t\t\t\t\t\t\t\n\t\t\t\t\t\t\t\t\t\t\t\t\t<\/div>\n\t\t\t\t\t\n\t\t\t\t\t<div class=\"c-card__media\">\n\t\t\t\t\t\t\t\t\t\t\t\t\t<img decoding=\"async\" width=\"400\" height=\"284\" src=\"https:\/\/pysslingen.se\/wp-content\/uploads\/sites\/64\/2020\/11\/lasalitetbarn-2-mindre.jpg\" class=\"u-radius-rounded u-ratio-landscape  ams_icon_size_default\" alt=\"Litet barn l\u00e4ser bok p\u00e5 f\u00f6rskolan\" srcset=\"https:\/\/pysslingen.se\/wp-content\/uploads\/sites\/64\/2020\/11\/lasalitetbarn-2-mindre.jpg 592w, https:\/\/pysslingen.se\/wp-content\/uploads\/sites\/64\/2020\/11\/lasalitetbarn-2-mindre-300x213.jpg 300w\" sizes=\"(max-width: 400px) 100vw, 400px\" \/>\n\t\t\t\t\t\t\t\t\t\t\t<\/div>\n\t\t\t\t<\/article>\n\t\t\t<\/li>\n\n\t\t\t\t\t<li class=\"l-col-6@md l-col-4@lg\">\n\t\t\t\t<article\n\t\t\t\t\tclass=\"\n\t\t\t\t\tc-card\n\t\t\t\t\thas-media-zoom\n\t\t\t\t\t\n\t\t\t\t\t\n\t\t\t\t\t\"\n\t\t\t\t\tdata-variant=\"border\"\n\t\t\t\t\tdata-style=\"soft\"\n\t\t\t\t\tdata-click-area\n\t\t\t\t\t>\n\t\t\t\t\t\t\t\t\t\t\t<div class=\"c-card__content l-stack l-stack-sm u-text-center\">\n\t\t\t\t\t\t\t\t\t\t\t\t\t\t\t<h3 class=\"c-card__title u-font-title-2\">\n\t\t\t\t\t\t\t\t\t<a href=\"https:\/\/pysslingen.se\/angsbacken\/skolforberedande\/\" target=\"_self\">\t\t\t\t\t\t\t\t\t\t\t\t\t\t\t\t\t\t\t\t\tSkolf\u00f6rberedande\n\t\t\t\t\t\t\t\t\t\t\t<span class=\"c-card__title__sub is-below u-font-title-4\">\n\t\t\t\t\t\t\t\t\t\t\t\t&#8211; anpassade aktiviteter f\u00f6r att stimulera de \u00e4ldsta barnen\n\t\t\t\t\t\t\t\t\t\t\t<\/span>\n\t\t\t\t\t\t\t\t\t\t\t\t\t\t\t\t\t\t\t<\/a>\t\t\t\t\t\t\t\t<\/h3>\n\t\t\t\t\t\t\t\n\t\t\t\t\t\t\t\t\t\t\t\t\t<\/div>\n\t\t\t\t\t\n\t\t\t\t\t<div class=\"c-card__media\">\n\t\t\t\t\t\t\t\t\t\t\t\t\t<img decoding=\"async\" width=\"400\" height=\"267\" src=\"https:\/\/pysslingen.se\/wp-content\/uploads\/sites\/64\/2020\/11\/skolforberedande-2.jpg\" class=\"u-radius-rounded u-ratio-landscape  ams_icon_size_default\" alt=\"Tv\u00e5 fem\u00e5ringar l\u00e4ser bok p\u00e5 f\u00f6rskola\" srcset=\"https:\/\/pysslingen.se\/wp-content\/uploads\/sites\/64\/2020\/11\/skolforberedande-2.jpg 612w, https:\/\/pysslingen.se\/wp-content\/uploads\/sites\/64\/2020\/11\/skolforberedande-2-300x200.jpg 300w\" sizes=\"(max-width: 400px) 100vw, 400px\" \/>\n\t\t\t\t\t\t\t\t\t\t\t<\/div>\n\t\t\t\t<\/article>\n\t\t\t<\/li>\n\n\t\t\t<\/ul>\n\n\t\t\t<\/div>\n\n\t\t\n\n<\/section>\n\n\n\n\t<div class=\"module_wrapper ams_remote_pages_module \">\n\t\t\n\t<div\n\t\tclass=\"module_wrapper video_module__bg container-fluid video_module \t\t site__cta-bg--13  pt-5 pb-5\n\t\t\t\t\"\n\t\t\t>\n\t\t<div class=\"container\">\n\t\t\t\t\t\t\t<div class=\"row\">\n\t\t\t\t\t<div class=\"col-12 col-md-8 offset-md-2 cmb-30 text_align--Center\">\n\t\t\t\t\t\t\t\t\t\t\t\t\t<h2 class=\"site__heading-size-2  site__text-color  \">\n\t\t\t\t\t\t\t\tM\u00f6t v\u00e5ra pedagoger\t\t\t\t\t\t\t<\/h2>\n\t\t\t\t\t\t\t\t\t\t\t<\/div>\n\t\t\t\t<\/div>\n\t\t\t\n\t\t\t\n\t\t\t\t\t\t\t<div class=\"row\">\n\t\t\t\t\t<div class=\"col-md-12\">\n\t\t\t\t\t\t<div class=\"video_module__wrapper 1  \">\n\t\t\t\t\t\t\t<div class=\"embed-responsive embed-responsive-16by9\">\n\t\t\t\t\t\t\t\t<iframe title=\"YouTube video player\" style=\"border-width:0px;\" class=\"embed-responsive-item\"  src=\"https:\/\/www.youtube.com\/embed\/W4QNC0wr8kQ?si=mrgBN3AtOOa3OKrY\" allow=\"accelerometer; autoplay; encrypted-media; gyroscope; picture-in-picture \" allowfullscreen><\/iframe>\t\t\t\t\t\t\t<\/div>\n\t\t\t\t\t\t<\/div>\n\t\t\t\t\t<\/div>\n\t\t\t\t<\/div>\n\t\t\t\t\t\t\t\t<\/div>\n\t<\/div>\n\n\n\t<\/div>\n\n\t\n\n\n\n\n<section  class=\"ams-testimonial testimonial_module c-block l-stacked js-load-more\" data-color-scheme=\"testimonials\" data-count=\"3\" data-count-mobile=\"2\">\n\t<div class=\"l-container l-stack l-stack-fluid-2xl u-pt-fluid-Ingen u-pb-fluid-3xl-6xl is-center is-center@md\">\n\t\t\n\t\t\n\t\n\t\t\n\t\t\t\n<ul\n\tid=\"ams-testimonial-list-69f4316079c1e\"\n\tclass=\"ams-testimonial__list  l-grid u-gap-fluid-2xl-4xl js-results \"\n\tdata-filter-animation=\"off\">\n\t\t\t\t\t\t\t\t\t\t\t\n\t\t\n\t\t\n\t\t<li class=\"l-col-6@md \" data-filter=\" maj-2026\">\n\t\t\t<article class=\"c-card has-media-zoom \" data-variant=\"inside-half\" data-click-area>\n\t\t\t\t<div class=\"c-card__content l-stack l-stack-sm is-left is-left@md\">\n\t\t\t\t\t\t\t\t\t\t\t<blockquote class=\"c-card__title u-font-title-3\">\n\t\t\t\t\t\t\t\t\t\t\t\t\t\t\t<p class=\"u-quote-marks\"><a href=\"https:\/\/pysslingen.se\/angsbacken\/intervju\/karolina-palm\/\" class=\"link\">Hos oss f\u00e5r barnen uttrycka sina k\u00e4nslor, bilda trygga relationer och utforska sin omv\u00e4rld. &#8230;<\/a><\/p>\n\t\t\t\t\t\t\t\t\t\t\t\t\t<\/blockquote>\n\t\t\t\t\t\n\t\t\t\t\t\t\t\t\t\t\t<p class=\"c-card__text l-stack-grow u-divider-top u-font-body\">\n\t\t\t\t\t\t\t<span class=\"author u-mr-fluid-lg\">Karolina Kronstrand<\/span>\n\t\t\t\t\t\t\t<span class=\"title u-mr-fluid-lg\">Barnsk\u00f6tare<\/span>\n\t\t\t\t\t\t<\/p>\n\t\t\t\t\t\n\t\t\t\t\t<div class=\"c-card__icon\">\n\t\t\t\t\t\t<svg class=\"ams-icon ams-icon--arrow-right\" width=\"32\" height=\"32\" viewBox=\"0 0 32 32\" fill=\"currentColor\" aria-hidden=\"true\" xmlns=\"http:\/\/www.w3.org\/2000\/svg\">\n\t\t\t\t\t\t\t<path d=\"M15.4617 0.252159L14.9567 0.75931C14.6219 1.09545 14.6219 1.64048 14.9567 1.97669L27.7062 14.7806H0.857144C0.383786 14.7806 0 15.166 0 15.6414V16.3587C0 16.8341 0.383786 17.2195 0.857144 17.2195H27.7062L14.9567 30.0234C14.6219 30.3595 14.6219 30.9045 14.9567 31.2407L15.4617 31.7479C15.7964 32.084 16.3392 32.084 16.6739 31.7479L31.749 16.6087C32.0837 16.2725 32.0837 15.7275 31.749 15.3913L16.6739 0.252159C16.3392 -0.084053 15.7964 -0.084053 15.4617 0.252159Z\"\/>\n\t\t\t\t\t\t<\/svg>\n\t\t\t\t\t<\/div>\n\t\t\t\t<\/div>\n\t\t\t\t<div class=\"c-card__media\" style=\" \">\n\t\t\t\t\t<img decoding=\"async\" width=\"480\" height=\"640\" src=\"https:\/\/pysslingen.se\/wp-content\/uploads\/sites\/64\/2021\/01\/karolina-palm-barnskotare-pysslingen-fsk-angsbacken.jpeg\" class=\"attachment-md size-md\" alt=\"Karolina Palm barnsk\u00f6tare Pysslingen F\u00f6rskolor\" sizes=\"(min-width: 80em) 600px, (min-width: 48em) calc(.50 * (100vw - 240px)), calc(100vw - 160px)\" srcset=\"https:\/\/pysslingen.se\/wp-content\/uploads\/sites\/64\/2021\/01\/karolina-palm-barnskotare-pysslingen-fsk-angsbacken.jpeg 480w, https:\/\/pysslingen.se\/wp-content\/uploads\/sites\/64\/2021\/01\/karolina-palm-barnskotare-pysslingen-fsk-angsbacken-225x300.jpeg 225w\" \/>\n\t\t\t\t<\/div>\n\t\t\t<\/article>\n\t\t<\/li>\n\t\t\t\t\t\t\t\t\t\t\t\n\t\t\n\t\t\n\t\t<li class=\"l-col-6@md \" data-filter=\" november-2020\">\n\t\t\t<article class=\"c-card has-media-zoom \" data-variant=\"inside-half\" data-click-area>\n\t\t\t\t<div class=\"c-card__content l-stack l-stack-sm is-left is-left@md\">\n\t\t\t\t\t\t\t\t\t\t\t<blockquote class=\"c-card__title u-font-title-3\">\n\t\t\t\t\t\t\t\t\t\t\t\t\t\t\t<p class=\"u-quote-marks\"><a href=\"https:\/\/pysslingen.se\/angsbacken\/intervju\/sandra-jansson\/\" class=\"link\">Vi har ett till\u00e5tande och nyfiket klimat&#8230;.<\/a><\/p>\n\t\t\t\t\t\t\t\t\t\t\t\t\t<\/blockquote>\n\t\t\t\t\t\n\t\t\t\t\t\t\t\t\t\t\t<p class=\"c-card__text l-stack-grow u-divider-top u-font-body\">\n\t\t\t\t\t\t\t<span class=\"author u-mr-fluid-lg\">Sandra B\u00e4ckstr\u00f6m<\/span>\n\t\t\t\t\t\t\t<span class=\"title u-mr-fluid-lg\">F\u00f6rskoll\u00e4rare<\/span>\n\t\t\t\t\t\t<\/p>\n\t\t\t\t\t\n\t\t\t\t\t<div class=\"c-card__icon\">\n\t\t\t\t\t\t<svg class=\"ams-icon ams-icon--arrow-right\" width=\"32\" height=\"32\" viewBox=\"0 0 32 32\" fill=\"currentColor\" aria-hidden=\"true\" xmlns=\"http:\/\/www.w3.org\/2000\/svg\">\n\t\t\t\t\t\t\t<path d=\"M15.4617 0.252159L14.9567 0.75931C14.6219 1.09545 14.6219 1.64048 14.9567 1.97669L27.7062 14.7806H0.857144C0.383786 14.7806 0 15.166 0 15.6414V16.3587C0 16.8341 0.383786 17.2195 0.857144 17.2195H27.7062L14.9567 30.0234C14.6219 30.3595 14.6219 30.9045 14.9567 31.2407L15.4617 31.7479C15.7964 32.084 16.3392 32.084 16.6739 31.7479L31.749 16.6087C32.0837 16.2725 32.0837 15.7275 31.749 15.3913L16.6739 0.252159C16.3392 -0.084053 15.7964 -0.084053 15.4617 0.252159Z\"\/>\n\t\t\t\t\t\t<\/svg>\n\t\t\t\t\t<\/div>\n\t\t\t\t<\/div>\n\t\t\t\t<div class=\"c-card__media\" style=\" \">\n\t\t\t\t\t<img decoding=\"async\" width=\"600\" height=\"779\" src=\"https:\/\/pysslingen.se\/wp-content\/uploads\/sites\/64\/2020\/11\/sandra-jansson-forskollarare-pysslingen-fsk-angsbacken.jpeg\" class=\"attachment-md size-md\" alt=\"Sandra Jansson Pedagog Pysslingen F\u00f6rskolor\" sizes=\"(min-width: 80em) 600px, (min-width: 48em) calc(.50 * (100vw - 240px)), calc(100vw - 160px)\" srcset=\"https:\/\/pysslingen.se\/wp-content\/uploads\/sites\/64\/2020\/11\/sandra-jansson-forskollarare-pysslingen-fsk-angsbacken.jpeg 1080w, https:\/\/pysslingen.se\/wp-content\/uploads\/sites\/64\/2020\/11\/sandra-jansson-forskollarare-pysslingen-fsk-angsbacken-231x300.jpeg 231w, https:\/\/pysslingen.se\/wp-content\/uploads\/sites\/64\/2020\/11\/sandra-jansson-forskollarare-pysslingen-fsk-angsbacken-789x1024.jpeg 789w, https:\/\/pysslingen.se\/wp-content\/uploads\/sites\/64\/2020\/11\/sandra-jansson-forskollarare-pysslingen-fsk-angsbacken-768x997.jpeg 768w, https:\/\/pysslingen.se\/wp-content\/uploads\/sites\/64\/2020\/11\/sandra-jansson-forskollarare-pysslingen-fsk-angsbacken-1024x1329.jpeg 1024w, https:\/\/pysslingen.se\/wp-content\/uploads\/sites\/64\/2020\/11\/sandra-jansson-forskollarare-pysslingen-fsk-angsbacken-516x670.jpeg 516w\" \/>\n\t\t\t\t<\/div>\n\t\t\t<\/article>\n\t\t<\/li>\n\t<\/ul>\n\t\n\t<div class=\"no-results u-mt-0 u-hide\" data-filter-fallback-id=\"ams-testimonial-list-69f4316079c1e\">\n\t<p>Det finns inga resultat som matchar din filtrering.<\/p>\n<\/div>\n\n\t\n\n\t\t\n\t\t\t<\/div>\n\n\t\t\n\n<\/section>\n\n\n\n\n<section  class=\"ams-cta ams-cta--stacked c-block l-stacked\">\n\t<div class=\"l-container l-stack l-stack-fluid-2xl u-pt-fluid-3xl-6xl u-pb-fluid-3xl-6xl is-center is-center@md\">\n\t\t\t\t\t<div class=\"ams-cta__intro l-stack l-stack-lg\">\n\t\t\t\t\t\n\t<h2\n\tclass=\"c-heading u-font-title-1 \"\n\tstyle=\"\">\n\t\t\n\t\t\t\t\tVill du veta mer om \u00c4ngsbacken?\n\t\t\t\t\n\t<\/h2>\n\n\t\t\t\t\t\t\t\t\t<div class=\"c-text l-stack u-cs-xl u-font-body\">\n\t\t\t\t\t\t<p>Du \u00e4r alltid v\u00e4lkommen att kontakta oss f\u00f6r ett personligt bes\u00f6k p\u00e5 v\u00e5r fina f\u00f6rskola. D\u00e4r kan du i lugn och ro st\u00e4lla fr\u00e5gor om verksamheten och se hur lokalerna ser ut. <a href=\"https:\/\/pysslingen.se\/angsbacken\/kontakt\/\">Kontakta v\u00e5r samordnare f\u00f6r att boka en visning.<\/a><\/p>\n<p>Pysslingen F\u00f6rskolor har fler enheter i Nacka:\u00a0<a href=\"https:\/\/pysslingen.se\/lusthuset\/\">Lusthuset<\/a>, <a href=\"https:\/\/www.pysslingen.se\/jarven\/\">J\u00e4rven<\/a> och <a href=\"https:\/\/pysslingen.se\/smorblomman\/\">Sm\u00f6rblomman<\/a>.<\/p>\n\n\t\t\t\t\t<\/div>\n\t\t\t\t\t\t\t<\/div>\n\t\t\n\t\t\n\t\t\t<div class=\"ams-cta__action u-inline-items\">\n\t\t\t\t\t\t\t\n\n\n<a href=\"https:\/\/pysslingen.se\/angsbacken\/vanliga-fragor\/\"\n\t\n\tclass=\"c-btn \"\n\tdata-style=\"rounded\"\n\tdata-size=\"md\"\n\tdata-width=\"full-mobile\"\n\tdata-variant=\"default\"\n\ttarget=\"_self\">\n\t\t\t<span class=\"label\"> Vanliga fr\u00e5gor<\/span>\n\t\t\t<\/a>\n\t\t\t<\/div>\n\t<\/div>\n\n\t\t\n\n<\/section>\n","protected":false},"excerpt":{"rendered":"","protected":false},"author":1,"featured_media":0,"parent":0,"menu_order":0,"comment_status":"closed","ping_status":"closed","template":"","meta":{"footnotes":""},"yoast_head":"<!-- This site is optimized with the Yoast SEO plugin v22.0 - https:\/\/yoast.com\/wordpress\/plugins\/seo\/ -->\n<title>F\u00f6rskola i Saltsj\u00f6 Boo, Nacka | Pysslingen \u00c4ngsbacken<\/title>\n<meta name=\"description\" content=\"Pysslingen \u00c4ngsbacken \u00e4r en f\u00f6rskola i Saltsj\u00f6-Boo, Nacka. Hos oss \u00e4r det personliga, utevistelse, kreativitet och utforskande viktiga delar. L\u00e4s med om oss!\" \/>\n<meta name=\"robots\" content=\"index, follow, max-snippet:-1, max-image-preview:large, max-video-preview:-1\" \/>\n<link rel=\"canonical\" href=\"https:\/\/pysslingen.se\/angsbacken\/\" \/>\n<meta property=\"og:locale\" content=\"sv_SE\" \/>\n<meta property=\"og:type\" content=\"article\" \/>\n<meta property=\"og:title\" content=\"F\u00f6rskola i Saltsj\u00f6 Boo, Nacka | Pysslingen \u00c4ngsbacken\" \/>\n<meta property=\"og:description\" content=\"Pysslingen \u00c4ngsbacken \u00e4r en f\u00f6rskola i Saltsj\u00f6-Boo, Nacka. Hos oss \u00e4r det personliga, utevistelse, kreativitet och utforskande viktiga delar. L\u00e4s med om oss!\" \/>\n<meta property=\"og:url\" content=\"https:\/\/pysslingen.se\/angsbacken\/\" \/>\n<meta property=\"og:site_name\" content=\"\u00c4ngsbacken\" \/>\n<meta property=\"article:modified_time\" content=\"2026-04-16T06:35:03+00:00\" \/>\n<meta name=\"twitter:card\" content=\"summary_large_image\" \/>\n<meta name=\"twitter:title\" content=\"F\u00f6rskola i Saltsj\u00f6 Boo, Nacka | Pysslingen \u00c4ngsbacken\" \/>\n<meta name=\"twitter:description\" content=\"Pysslingen \u00c4ngsbacken \u00e4r en f\u00f6rskola i Saltsj\u00f6-Boo, Nacka. Hos oss \u00e4r det personliga, utevistelse, kreativitet och utforskande viktiga delar. L\u00e4s med om oss!\" \/>\n<script type=\"application\/ld+json\" class=\"yoast-schema-graph\">{\"@context\":\"https:\/\/schema.org\",\"@graph\":[{\"@type\":\"WebPage\",\"@id\":\"https:\/\/pysslingen.se\/angsbacken\/\",\"url\":\"https:\/\/pysslingen.se\/angsbacken\/\",\"name\":\"F\u00f6rskola i Saltsj\u00f6 Boo, Nacka | Pysslingen \u00c4ngsbacken\",\"isPartOf\":{\"@id\":\"https:\/\/pysslingen.se\/angsbacken\/#website\"},\"datePublished\":\"2020-09-25T11:05:23+00:00\",\"dateModified\":\"2026-04-16T06:35:03+00:00\",\"description\":\"Pysslingen \u00c4ngsbacken \u00e4r en f\u00f6rskola i Saltsj\u00f6-Boo, Nacka. Hos oss \u00e4r det personliga, utevistelse, kreativitet och utforskande viktiga delar. L\u00e4s med om oss!\",\"breadcrumb\":{\"@id\":\"https:\/\/pysslingen.se\/angsbacken\/#breadcrumb\"},\"inLanguage\":\"sv-SE\",\"potentialAction\":[{\"@type\":\"ReadAction\",\"target\":[\"https:\/\/pysslingen.se\/angsbacken\/\"]}]},{\"@type\":\"BreadcrumbList\",\"@id\":\"https:\/\/pysslingen.se\/angsbacken\/#breadcrumb\",\"itemListElement\":[{\"@type\":\"ListItem\",\"position\":1,\"name\":\"Start\",\"item\":\"https:\/\/pysslingen.se\/angsbacken\/\"},{\"@type\":\"ListItem\",\"position\":2,\"name\":\"Startsida\"}]},{\"@type\":\"WebSite\",\"@id\":\"https:\/\/pysslingen.se\/angsbacken\/#website\",\"url\":\"https:\/\/pysslingen.se\/angsbacken\/\",\"name\":\"\u00c4ngsbacken\",\"description\":\"En trygg och stimulerande v\u00e4rld\",\"publisher\":{\"@id\":\"https:\/\/pysslingen.se\/angsbacken\/#organization\"},\"potentialAction\":[{\"@type\":\"SearchAction\",\"target\":{\"@type\":\"EntryPoint\",\"urlTemplate\":\"https:\/\/pysslingen.se\/angsbacken\/?s={search_term_string}\"},\"query-input\":\"required name=search_term_string\"}],\"inLanguage\":\"sv-SE\"},{\"@type\":\"Organization\",\"@id\":\"https:\/\/pysslingen.se\/angsbacken\/#organization\",\"name\":\"Pysslingen F\u00f6rskolor\",\"url\":\"https:\/\/pysslingen.se\/angsbacken\/\",\"logo\":{\"@type\":\"ImageObject\",\"inLanguage\":\"sv-SE\",\"@id\":\"https:\/\/pysslingen.se\/angsbacken\/#\/schema\/logo\/image\/\",\"url\":\"https:\/\/pysslingen.se\/wp-content\/uploads\/2021\/05\/pysslingen-forskolor.png\",\"contentUrl\":\"https:\/\/pysslingen.se\/wp-content\/uploads\/2021\/05\/pysslingen-forskolor.png\",\"width\":1120,\"height\":630,\"caption\":\"Pysslingen F\u00f6rskolor\"},\"image\":{\"@id\":\"https:\/\/pysslingen.se\/angsbacken\/#\/schema\/logo\/image\/\"}}]}<\/script>\n<!-- \/ Yoast SEO plugin. -->","yoast_head_json":{"title":"F\u00f6rskola i Saltsj\u00f6 Boo, Nacka | Pysslingen \u00c4ngsbacken","description":"Pysslingen \u00c4ngsbacken \u00e4r en f\u00f6rskola i Saltsj\u00f6-Boo, Nacka. Hos oss \u00e4r det personliga, utevistelse, kreativitet och utforskande viktiga delar. L\u00e4s med om oss!","robots":{"index":"index","follow":"follow","max-snippet":"max-snippet:-1","max-image-preview":"max-image-preview:large","max-video-preview":"max-video-preview:-1"},"canonical":"https:\/\/pysslingen.se\/angsbacken\/","og_locale":"sv_SE","og_type":"article","og_title":"F\u00f6rskola i Saltsj\u00f6 Boo, Nacka | Pysslingen \u00c4ngsbacken","og_description":"Pysslingen \u00c4ngsbacken \u00e4r en f\u00f6rskola i Saltsj\u00f6-Boo, Nacka. Hos oss \u00e4r det personliga, utevistelse, kreativitet och utforskande viktiga delar. L\u00e4s med om oss!","og_url":"https:\/\/pysslingen.se\/angsbacken\/","og_site_name":"\u00c4ngsbacken","article_modified_time":"2026-04-16T06:35:03+00:00","twitter_card":"summary_large_image","twitter_title":"F\u00f6rskola i Saltsj\u00f6 Boo, Nacka | Pysslingen \u00c4ngsbacken","twitter_description":"Pysslingen \u00c4ngsbacken \u00e4r en f\u00f6rskola i Saltsj\u00f6-Boo, Nacka. Hos oss \u00e4r det personliga, utevistelse, kreativitet och utforskande viktiga delar. L\u00e4s med om oss!","schema":{"@context":"https:\/\/schema.org","@graph":[{"@type":"WebPage","@id":"https:\/\/pysslingen.se\/angsbacken\/","url":"https:\/\/pysslingen.se\/angsbacken\/","name":"F\u00f6rskola i Saltsj\u00f6 Boo, Nacka | Pysslingen \u00c4ngsbacken","isPartOf":{"@id":"https:\/\/pysslingen.se\/angsbacken\/#website"},"datePublished":"2020-09-25T11:05:23+00:00","dateModified":"2026-04-16T06:35:03+00:00","description":"Pysslingen \u00c4ngsbacken \u00e4r en f\u00f6rskola i Saltsj\u00f6-Boo, Nacka. Hos oss \u00e4r det personliga, utevistelse, kreativitet och utforskande viktiga delar. L\u00e4s med om oss!","breadcrumb":{"@id":"https:\/\/pysslingen.se\/angsbacken\/#breadcrumb"},"inLanguage":"sv-SE","potentialAction":[{"@type":"ReadAction","target":["https:\/\/pysslingen.se\/angsbacken\/"]}]},{"@type":"BreadcrumbList","@id":"https:\/\/pysslingen.se\/angsbacken\/#breadcrumb","itemListElement":[{"@type":"ListItem","position":1,"name":"Start","item":"https:\/\/pysslingen.se\/angsbacken\/"},{"@type":"ListItem","position":2,"name":"Startsida"}]},{"@type":"WebSite","@id":"https:\/\/pysslingen.se\/angsbacken\/#website","url":"https:\/\/pysslingen.se\/angsbacken\/","name":"\u00c4ngsbacken","description":"En trygg och stimulerande v\u00e4rld","publisher":{"@id":"https:\/\/pysslingen.se\/angsbacken\/#organization"},"potentialAction":[{"@type":"SearchAction","target":{"@type":"EntryPoint","urlTemplate":"https:\/\/pysslingen.se\/angsbacken\/?s={search_term_string}"},"query-input":"required name=search_term_string"}],"inLanguage":"sv-SE"},{"@type":"Organization","@id":"https:\/\/pysslingen.se\/angsbacken\/#organization","name":"Pysslingen F\u00f6rskolor","url":"https:\/\/pysslingen.se\/angsbacken\/","logo":{"@type":"ImageObject","inLanguage":"sv-SE","@id":"https:\/\/pysslingen.se\/angsbacken\/#\/schema\/logo\/image\/","url":"https:\/\/pysslingen.se\/wp-content\/uploads\/2021\/05\/pysslingen-forskolor.png","contentUrl":"https:\/\/pysslingen.se\/wp-content\/uploads\/2021\/05\/pysslingen-forskolor.png","width":1120,"height":630,"caption":"Pysslingen F\u00f6rskolor"},"image":{"@id":"https:\/\/pysslingen.se\/angsbacken\/#\/schema\/logo\/image\/"}}]}},"_links":{"self":[{"href":"https:\/\/pysslingen.se\/angsbacken\/wp-json\/wp\/v2\/pages\/4"}],"collection":[{"href":"https:\/\/pysslingen.se\/angsbacken\/wp-json\/wp\/v2\/pages"}],"about":[{"href":"https:\/\/pysslingen.se\/angsbacken\/wp-json\/wp\/v2\/types\/page"}],"author":[{"embeddable":true,"href":"https:\/\/pysslingen.se\/angsbacken\/wp-json\/wp\/v2\/users\/1"}],"replies":[{"embeddable":true,"href":"https:\/\/pysslingen.se\/angsbacken\/wp-json\/wp\/v2\/comments?post=4"}],"version-history":[{"count":10,"href":"https:\/\/pysslingen.se\/angsbacken\/wp-json\/wp\/v2\/pages\/4\/revisions"}],"predecessor-version":[{"id":1580,"href":"https:\/\/pysslingen.se\/angsbacken\/wp-json\/wp\/v2\/pages\/4\/revisions\/1580"}],"wp:attachment":[{"href":"https:\/\/pysslingen.se\/angsbacken\/wp-json\/wp\/v2\/media?parent=4"}],"curies":[{"name":"wp","href":"https:\/\/api.w.org\/{rel}","templated":true}]}}