{"id":209,"date":"2020-10-01T11:27:44","date_gmt":"2020-10-01T11:27:44","guid":{"rendered":"https:\/\/pysslingen.se\/angsbacken\/?page_id=209"},"modified":"2025-02-18T11:41:01","modified_gmt":"2025-02-18T10:41:01","slug":"samverkan-med-hemmet","status":"publish","type":"page","link":"https:\/\/pysslingen.se\/angsbacken\/samverkan-med-hemmet\/","title":{"rendered":"Samverkan med hemmet"},"content":{"rendered":"\t<div\n\t\t class=\"module_wrapper container-fluid images-module\" >\n\t\t<div class=\"row\">\n\t\t\t<div\n\t\t\t\t\tclass=\"col-12 m-0 p-0 position-relative images_module__slideshow images_module__slideshow-container module-expand \">\n\n\t\t\t\t<div class=\"images_module__slide \" data-slide=\"\"\n\t\t\t\t\t data-duration=\"\"><\/div>\n\t\t\t\t\t\t\t\t\t<div\n\t\t\t\t\t\t class=\"images_module__slides \">\n\n\n\t\t\t\t\t\t<div class=\"images__wrapper\"\n\t\t\t\t\t\t\t style=\"aspect-ratio: 1441 \/ 531;\">\n\t\t\t\t\t\t\t<img decoding=\"async\" width=\"2500\" height=\"1308\" src=\"https:\/\/pysslingen.se\/wp-content\/uploads\/sites\/64\/2020\/10\/1pysslingenannonsmateriall1200x628.png\" class=\"images__image_ratio  \" alt=\"Pyss kommer med sin pappa till f\u00f6rskolan Pysslingen\" style=\"aspect-ratio: 1441 \/ 531;object-position: _center-center;\" srcset=\"https:\/\/pysslingen.se\/wp-content\/uploads\/sites\/64\/2020\/10\/1pysslingenannonsmateriall1200x628.png 2500w, https:\/\/pysslingen.se\/wp-content\/uploads\/sites\/64\/2020\/10\/1pysslingenannonsmateriall1200x628-300x157.png 300w, https:\/\/pysslingen.se\/wp-content\/uploads\/sites\/64\/2020\/10\/1pysslingenannonsmateriall1200x628-1024x536.png 1024w, https:\/\/pysslingen.se\/wp-content\/uploads\/sites\/64\/2020\/10\/1pysslingenannonsmateriall1200x628-768x402.png 768w, https:\/\/pysslingen.se\/wp-content\/uploads\/sites\/64\/2020\/10\/1pysslingenannonsmateriall1200x628-1536x804.png 1536w, https:\/\/pysslingen.se\/wp-content\/uploads\/sites\/64\/2020\/10\/1pysslingenannonsmateriall1200x628-2048x1072.png 2048w, https:\/\/pysslingen.se\/wp-content\/uploads\/sites\/64\/2020\/10\/1pysslingenannonsmateriall1200x628-1920x1005.png 1920w, https:\/\/pysslingen.se\/wp-content\/uploads\/sites\/64\/2020\/10\/1pysslingenannonsmateriall1200x628-1100x576.png 1100w, https:\/\/pysslingen.se\/wp-content\/uploads\/sites\/64\/2020\/10\/1pysslingenannonsmateriall1200x628-1000x523.png 1000w\" sizes=\"(max-width: 2500px) 100vw, 2500px\" \/>\t\t\t\t\t\t<\/div>\n\n\t\t\t\t\t\t\n\t\t\t\t\t\t\t\t\t\t\t<\/div>\n\t\t\t\t\n\t\t\t\t<div class=\"images_module__container_dot \">\n\t\t\t\t\t<div style=\"text-align:center\">\n\t\t\t\t\t\t\t\t\t\t\t\t\t<span   data-i=\"0\"\n\t\t\t\t\t\t\t\t  class=\"images_module__dot\n\t\t\t\t\t\t\t\t\t\t\t\t\t  \"><\/span>\n\t\t\t\t\t\t\t\t\t\t\t<\/div>\n\t\t\t\t<\/div>\n\n\t\t\t<\/div>\n\t\t<\/div>\n\t<\/div>\n\n\n\t\n\n\n<script>\n\tvar images_display_descriptive_text = \"\";\n<\/script>\n\n\n\n<div style=\"height:20px\" aria-hidden=\"true\" class=\"wp-block-spacer\"><\/div>\n\n\n\n<div style=\"height:20px\" aria-hidden=\"true\" class=\"wp-block-spacer\"><\/div>\n\n\n\n<h1 class=\"wp-block-heading\">V\u00e5r kontakt med dig som v\u00e5rdnadshavare<\/h1>\n\n\n\n<p   class=\"site__ingress container text-left  site__text-color--dark  site__free_text--ingress p-0\">\n\tAtt samarbetet mellan f\u00f6rskola och v\u00e5rdnadshavare fungerar bra \u00e4r viktigt f\u00f6r barnet och som v\u00e5rdnadshavare har du m\u00f6jlighet att f\u00e5 information, delaktighet och inflytande genom nedan n\u00e4mnda planerade forum. Genom en god och regelbunden kommunikation kan du vara med och p\u00e5verka ditt barns utveckling och l\u00e4rande p\u00e5 f\u00f6rskolan.<\/p>\n\n\n\n\n\n<p><\/p>\n\n\n\n<h2 class=\"wp-block-heading\">Det dagliga m\u00f6tet<\/h2>\n\n\n\n<p>Dagliga professionella m\u00f6ten med barnens viktiga vuxna har stor betydelse f\u00f6r oss. Det ger oss m\u00f6jligheter att fortl\u00f6pande samtala om barnens trivsel, utveckling och l\u00e4rande b\u00e5de i och utanf\u00f6r f\u00f6rskolan. P\u00e5 s\u00e5 s\u00e4tt kan vi tillsammans skapa de b\u00e4sta f\u00f6ruts\u00e4ttningarna f\u00f6r att varje barn ska kunna utvecklas rikt och m\u00e5ngsidigt.<\/p>\n\n\n\n<h2 class=\"wp-block-heading\">V\u00e5rdnadshavarm\u00f6te<\/h2>\n\n\n\n<p>En g\u00e5ng per l\u00e4s\u00e5r bjuder vi in till v\u00e5rdnadshavarm\u00f6te d\u00e5 alla v\u00e5rdnadshavare \u00e4r varmt v\u00e4lkomna. D\u00e5 m\u00f6ts v\u00e5rdnadshavare och pedagoger kring aktuella fr\u00e5gor p\u00e5 f\u00f6rskolan.<\/p>\n\n\n\n<h2 class=\"wp-block-heading\">Samr\u00e5d<\/h2>\n\n\n\n<p>P\u00e5 f\u00f6rskolan har vi ett \u00f6ppet samr\u00e5d tv\u00e5 g\u00e5nger per \u00e5r d\u00e4r alla v\u00e5rdnadshavare \u00e4r hj\u00e4rtligt v\u00e4lkomna att delta. H\u00e4r har v\u00e5rdnadshavare och ledningsteam m\u00f6jligheter att ta upp fr\u00e5gor r\u00f6rande verksamheten.&nbsp;<\/p>\n\n\n\n<h2 class=\"wp-block-heading\">Mitt Pysslingen f\u00f6r l\u00f6pande information<\/h2>\n\n\n\n<p>Mitt Pysslingen \u00e4r v\u00e5rt digitala verktyg f\u00f6r kommunikation och dokumentation. D\u00e4r kan du som f\u00f6r\u00e4lder enkelt ta del av vad som sker under dagen p\u00e5 f\u00f6rskolan och f\u00e5nga upp ditt barns tankar och reflektioner hemma.&nbsp;<\/p>\n\n\n\n<p>D\u00e4r f\u00e5r du ta del av pedagogernas blogg ang\u00e5ende f\u00f6rskolans aktiviteter och l\u00e4rande, samt l\u00e4rloggar f\u00f6r ditt barns utveckling och l\u00e4rande.<\/p>\n\n\n\n<p>Det \u00e4r viktigt att du som v\u00e5rdnadshavare loggar in f\u00f6r att inte g\u00e5 miste om viktig information.<\/p>\n\n\n\n<h2 class=\"wp-block-heading\">Samtal mellan v\u00e5rdnadshavare och pedagoger<\/h2>\n\n\n\n<p>P\u00e5 \u00c4ngsbacken erbjuder vi olika sorters samtal. Vi har utvecklingssamtal tv\u00e5 g\u00e5ng per \u00e5r, uppf\u00f6ljningssamtal efter inskolningen och avslutningssamtal i samband med att barnen b\u00f6rjar i skolan. Under utvecklingssamtalen \u00e4r det barnets trivsel, utveckling och l\u00e4rande som st\u00e5r i fokus. Ut\u00f6ver utvecklingssamtal bokar vi in samtal vid behov och \u00f6nskem\u00e5l.<\/p>\n\n\n\n<h2 class=\"wp-block-heading\">Enk\u00e4ter<\/h2>\n\n\n\n<p>Varje \u00e5r f\u00e5r du som v\u00e5rdnadshavare svara p\u00e5 enk\u00e4ter om f\u00f6rskolan och dess verksamhet. En enk\u00e4t kommer fr\u00e5n Nacka kommun och den andra fr\u00e5n Pysslingen. <a href=\"https:\/\/pysslingen.se\/angsbacken\/resultat\/\">Resultatet<\/a> fr\u00e5n enk\u00e4terna analyserar vi noggrant och arbetar med under hela verksamhets\u00e5ret f\u00f6r att st\u00e4ndigt utveckla och h\u00e5lla h\u00f6g kvalitet p\u00e5 f\u00f6rskolan.<\/p>\n\n\n\n<h2 class=\"wp-block-heading\">Bes\u00f6k<\/h2>\n\n\n\n<p>V\u00e5rdnadshavare \u00e4r alltid varmt v\u00e4lkomna att bes\u00f6ka oss p\u00e5 \u00c4ngsbacken, dels f\u00f6r att uppleva sitt eget barn i gruppen och dels f\u00f6r att p\u00e5 olika s\u00e4tt vara delaktig i verksamheten. Tillsammans best\u00e4mmer vi en dag som passar.<\/p>\n\n\n\n<div style=\"height:20px\" aria-hidden=\"true\" class=\"wp-block-spacer\"><\/div>\n\n\n\n\n<section  class=\"ams-cta ams-cta--stacked c-block l-stacked\">\n\t<div class=\"l-container l-stack l-stack-fluid-2xl u-pt-fluid-md-xl u-pb-fluid-md-xl is-center is-center@md\">\n\t\t\t\t\t<div class=\"ams-cta__intro l-stack l-stack-lg\">\n\t\t\t\t\t\n\t<h2\n\tclass=\"c-heading u-font-title-1 \"\n\tstyle=\"\">\n\t\t\n\t\t\t\t\tDu som v\u00e5rdnadshavare spelar en viktig roll vid inskolningen\n\t\t\t\t\n\t<\/h2>\n\n\t\t\t\t\t\t\t<\/div>\n\t\t\n\t\t\n\t\t\t<div class=\"ams-cta__action u-inline-items\">\n\t\t\t\t\t\t\t\n\n\n<a href=\"https:\/\/pysslingen.se\/angsbacken\/inskolning\/\"\n\t\n\tclass=\"c-btn \"\n\tdata-style=\"rounded\"\n\tdata-size=\"md\"\n\tdata-width=\"full-mobile\"\n\tdata-variant=\"default\"\n\ttarget=\"_self\">\n\t\t\t<span class=\"label\"> L\u00e4s mer om inskolning<\/span>\n\t\t\t<\/a>\n\t\t\t<\/div>\n\t<\/div>\n\n\t\t\n\n<\/section>\n","protected":false},"excerpt":{"rendered":"<p>V\u00e5r kontakt med dig som v\u00e5rdnadshavare Det dagliga m\u00f6tet Dagliga professionella m\u00f6ten med barnens viktiga vuxna har stor betydelse f\u00f6r oss. Det ger oss m\u00f6jligheter att fortl\u00f6pande samtala om barnens trivsel, utveckling och l\u00e4rande b\u00e5de i och utanf\u00f6r f\u00f6rskolan. P\u00e5 s\u00e5 s\u00e4tt kan vi tillsammans skapa de b\u00e4sta f\u00f6ruts\u00e4ttningarna f\u00f6r att varje barn ska kunna&#8230;<\/p>\n","protected":false},"author":5,"featured_media":0,"parent":0,"menu_order":0,"comment_status":"closed","ping_status":"closed","template":"","meta":{"footnotes":""},"yoast_head":"<!-- This site is optimized with the Yoast SEO plugin v22.0 - https:\/\/yoast.com\/wordpress\/plugins\/seo\/ -->\n<title>\u00c4ngsbacken<\/title>\n<meta name=\"description\" content=\"Genom en god och regelbunden kommunikation kan du vara med och p\u00e5verka ditt barns utveckling och l\u00e4rande p\u00e5 f\u00f6rskolan \u00c4ngsbacken.\" \/>\n<meta name=\"robots\" content=\"index, follow, max-snippet:-1, max-image-preview:large, max-video-preview:-1\" \/>\n<link rel=\"canonical\" href=\"https:\/\/pysslingen.se\/angsbacken\/samverkan-med-hemmet\/\" \/>\n<meta property=\"og:locale\" content=\"sv_SE\" \/>\n<meta property=\"og:type\" content=\"article\" \/>\n<meta property=\"og:description\" content=\"Genom en god och regelbunden kommunikation kan du vara med och p\u00e5verka ditt barns utveckling och l\u00e4rande p\u00e5 f\u00f6rskolan \u00c4ngsbacken.\" \/>\n<meta property=\"og:url\" content=\"https:\/\/pysslingen.se\/angsbacken\/samverkan-med-hemmet\/\" \/>\n<meta property=\"og:site_name\" content=\"\u00c4ngsbacken\" \/>\n<meta property=\"article:modified_time\" content=\"2025-02-18T10:41:01+00:00\" \/>\n<meta name=\"twitter:card\" content=\"summary_large_image\" \/>\n<meta name=\"twitter:description\" content=\"Genom en god och regelbunden kommunikation kan du vara med och p\u00e5verka ditt barns utveckling och l\u00e4rande p\u00e5 f\u00f6rskolan \u00c4ngsbacken.\" \/>\n<meta name=\"twitter:image\" content=\"https:\/\/pysslingen.se\/wp-content\/uploads\/sites\/64\/2020\/10\/1pysslingenannonsmateriall1200x628.png\" \/>\n<meta name=\"twitter:label1\" content=\"Ber\u00e4knad l\u00e4stid\" \/>\n\t<meta name=\"twitter:data1\" content=\"2 minuter\" \/>\n<script type=\"application\/ld+json\" class=\"yoast-schema-graph\">{\"@context\":\"https:\/\/schema.org\",\"@graph\":[{\"@type\":\"WebPage\",\"@id\":\"https:\/\/pysslingen.se\/angsbacken\/samverkan-med-hemmet\/\",\"url\":\"https:\/\/pysslingen.se\/angsbacken\/samverkan-med-hemmet\/\",\"name\":\"Samverkan med hemmet - \u00c4ngsbacken\",\"isPartOf\":{\"@id\":\"https:\/\/pysslingen.se\/angsbacken\/#website\"},\"datePublished\":\"2020-10-01T11:27:44+00:00\",\"dateModified\":\"2025-02-18T10:41:01+00:00\",\"description\":\"Genom en god och regelbunden kommunikation kan du vara med och p\u00e5verka ditt barns utveckling och l\u00e4rande p\u00e5 f\u00f6rskolan \u00c4ngsbacken.\",\"breadcrumb\":{\"@id\":\"https:\/\/pysslingen.se\/angsbacken\/samverkan-med-hemmet\/#breadcrumb\"},\"inLanguage\":\"sv-SE\",\"potentialAction\":[{\"@type\":\"ReadAction\",\"target\":[\"https:\/\/pysslingen.se\/angsbacken\/samverkan-med-hemmet\/\"]}]},{\"@type\":\"BreadcrumbList\",\"@id\":\"https:\/\/pysslingen.se\/angsbacken\/samverkan-med-hemmet\/#breadcrumb\",\"itemListElement\":[{\"@type\":\"ListItem\",\"position\":1,\"name\":\"Start\",\"item\":\"https:\/\/pysslingen.se\/angsbacken\/\"},{\"@type\":\"ListItem\",\"position\":2,\"name\":\"Samverkan med hemmet\"}]},{\"@type\":\"WebSite\",\"@id\":\"https:\/\/pysslingen.se\/angsbacken\/#website\",\"url\":\"https:\/\/pysslingen.se\/angsbacken\/\",\"name\":\"\u00c4ngsbacken\",\"description\":\"En trygg och stimulerande v\u00e4rld\",\"publisher\":{\"@id\":\"https:\/\/pysslingen.se\/angsbacken\/#organization\"},\"potentialAction\":[{\"@type\":\"SearchAction\",\"target\":{\"@type\":\"EntryPoint\",\"urlTemplate\":\"https:\/\/pysslingen.se\/angsbacken\/?s={search_term_string}\"},\"query-input\":\"required name=search_term_string\"}],\"inLanguage\":\"sv-SE\"},{\"@type\":\"Organization\",\"@id\":\"https:\/\/pysslingen.se\/angsbacken\/#organization\",\"name\":\"Pysslingen F\u00f6rskolor\",\"url\":\"https:\/\/pysslingen.se\/angsbacken\/\",\"logo\":{\"@type\":\"ImageObject\",\"inLanguage\":\"sv-SE\",\"@id\":\"https:\/\/pysslingen.se\/angsbacken\/#\/schema\/logo\/image\/\",\"url\":\"https:\/\/pysslingen.se\/wp-content\/uploads\/2021\/05\/pysslingen-forskolor.png\",\"contentUrl\":\"https:\/\/pysslingen.se\/wp-content\/uploads\/2021\/05\/pysslingen-forskolor.png\",\"width\":1120,\"height\":630,\"caption\":\"Pysslingen F\u00f6rskolor\"},\"image\":{\"@id\":\"https:\/\/pysslingen.se\/angsbacken\/#\/schema\/logo\/image\/\"}}]}<\/script>\n<!-- \/ Yoast SEO plugin. -->","yoast_head_json":{"title":"\u00c4ngsbacken","description":"Genom en god och regelbunden kommunikation kan du vara med och p\u00e5verka ditt barns utveckling och l\u00e4rande p\u00e5 f\u00f6rskolan \u00c4ngsbacken.","robots":{"index":"index","follow":"follow","max-snippet":"max-snippet:-1","max-image-preview":"max-image-preview:large","max-video-preview":"max-video-preview:-1"},"canonical":"https:\/\/pysslingen.se\/angsbacken\/samverkan-med-hemmet\/","og_locale":"sv_SE","og_type":"article","og_description":"Genom en god och regelbunden kommunikation kan du vara med och p\u00e5verka ditt barns utveckling och l\u00e4rande p\u00e5 f\u00f6rskolan \u00c4ngsbacken.","og_url":"https:\/\/pysslingen.se\/angsbacken\/samverkan-med-hemmet\/","og_site_name":"\u00c4ngsbacken","article_modified_time":"2025-02-18T10:41:01+00:00","twitter_card":"summary_large_image","twitter_description":"Genom en god och regelbunden kommunikation kan du vara med och p\u00e5verka ditt barns utveckling och l\u00e4rande p\u00e5 f\u00f6rskolan \u00c4ngsbacken.","twitter_image":"https:\/\/pysslingen.se\/wp-content\/uploads\/sites\/64\/2020\/10\/1pysslingenannonsmateriall1200x628.png","twitter_misc":{"Ber\u00e4knad l\u00e4stid":"2 minuter"},"schema":{"@context":"https:\/\/schema.org","@graph":[{"@type":"WebPage","@id":"https:\/\/pysslingen.se\/angsbacken\/samverkan-med-hemmet\/","url":"https:\/\/pysslingen.se\/angsbacken\/samverkan-med-hemmet\/","name":"Samverkan med hemmet - \u00c4ngsbacken","isPartOf":{"@id":"https:\/\/pysslingen.se\/angsbacken\/#website"},"datePublished":"2020-10-01T11:27:44+00:00","dateModified":"2025-02-18T10:41:01+00:00","description":"Genom en god och regelbunden kommunikation kan du vara med och p\u00e5verka ditt barns utveckling och l\u00e4rande p\u00e5 f\u00f6rskolan \u00c4ngsbacken.","breadcrumb":{"@id":"https:\/\/pysslingen.se\/angsbacken\/samverkan-med-hemmet\/#breadcrumb"},"inLanguage":"sv-SE","potentialAction":[{"@type":"ReadAction","target":["https:\/\/pysslingen.se\/angsbacken\/samverkan-med-hemmet\/"]}]},{"@type":"BreadcrumbList","@id":"https:\/\/pysslingen.se\/angsbacken\/samverkan-med-hemmet\/#breadcrumb","itemListElement":[{"@type":"ListItem","position":1,"name":"Start","item":"https:\/\/pysslingen.se\/angsbacken\/"},{"@type":"ListItem","position":2,"name":"Samverkan med hemmet"}]},{"@type":"WebSite","@id":"https:\/\/pysslingen.se\/angsbacken\/#website","url":"https:\/\/pysslingen.se\/angsbacken\/","name":"\u00c4ngsbacken","description":"En trygg och stimulerande v\u00e4rld","publisher":{"@id":"https:\/\/pysslingen.se\/angsbacken\/#organization"},"potentialAction":[{"@type":"SearchAction","target":{"@type":"EntryPoint","urlTemplate":"https:\/\/pysslingen.se\/angsbacken\/?s={search_term_string}"},"query-input":"required name=search_term_string"}],"inLanguage":"sv-SE"},{"@type":"Organization","@id":"https:\/\/pysslingen.se\/angsbacken\/#organization","name":"Pysslingen F\u00f6rskolor","url":"https:\/\/pysslingen.se\/angsbacken\/","logo":{"@type":"ImageObject","inLanguage":"sv-SE","@id":"https:\/\/pysslingen.se\/angsbacken\/#\/schema\/logo\/image\/","url":"https:\/\/pysslingen.se\/wp-content\/uploads\/2021\/05\/pysslingen-forskolor.png","contentUrl":"https:\/\/pysslingen.se\/wp-content\/uploads\/2021\/05\/pysslingen-forskolor.png","width":1120,"height":630,"caption":"Pysslingen F\u00f6rskolor"},"image":{"@id":"https:\/\/pysslingen.se\/angsbacken\/#\/schema\/logo\/image\/"}}]}},"_links":{"self":[{"href":"https:\/\/pysslingen.se\/angsbacken\/wp-json\/wp\/v2\/pages\/209"}],"collection":[{"href":"https:\/\/pysslingen.se\/angsbacken\/wp-json\/wp\/v2\/pages"}],"about":[{"href":"https:\/\/pysslingen.se\/angsbacken\/wp-json\/wp\/v2\/types\/page"}],"author":[{"embeddable":true,"href":"https:\/\/pysslingen.se\/angsbacken\/wp-json\/wp\/v2\/users\/5"}],"replies":[{"embeddable":true,"href":"https:\/\/pysslingen.se\/angsbacken\/wp-json\/wp\/v2\/comments?post=209"}],"version-history":[{"count":10,"href":"https:\/\/pysslingen.se\/angsbacken\/wp-json\/wp\/v2\/pages\/209\/revisions"}],"predecessor-version":[{"id":1437,"href":"https:\/\/pysslingen.se\/angsbacken\/wp-json\/wp\/v2\/pages\/209\/revisions\/1437"}],"wp:attachment":[{"href":"https:\/\/pysslingen.se\/angsbacken\/wp-json\/wp\/v2\/media?parent=209"}],"curies":[{"name":"wp","href":"https:\/\/api.w.org\/{rel}","templated":true}]}}