{"id":194,"date":"2020-10-01T11:13:05","date_gmt":"2020-10-01T11:13:05","guid":{"rendered":"https:\/\/pysslingen.se\/agnesberg\/?page_id=194"},"modified":"2025-10-22T10:44:16","modified_gmt":"2025-10-22T08:44:16","slug":"kontakt","status":"publish","type":"page","link":"https:\/\/pysslingen.se\/agnesberg\/kontakt\/","title":{"rendered":"Kontakt"},"content":{"rendered":"\n\t\n\t\n<section  class=\"ams-map ams-map--fifty c-block  media-bottom media-right \" data-color-scheme=\"usp-pink-background-blue-cards\" data-locations=\"[{&quot;id&quot;:&quot;237&quot;,&quot;county&quot;:&quot;Stockholm&quot;,&quot;city&quot;:&quot;Solna&quot;,&quot;school&quot;:&quot;Agnesberg&quot;,&quot;title&quot;:&quot;Pysslingen Agnesberg&quot;,&quot;phone&quot;:&quot;0761193112&quot;,&quot;phone_formatted&quot;:&quot;076-1193112&quot;,&quot;email&quot;:&quot;agnesberg@pysslingen.se&quot;,&quot;visiting_address&quot;:{&quot;address&quot;:&quot;Tunv\\u00e4gen 39&quot;,&quot;zip_code&quot;:&quot;17068&quot;,&quot;city&quot;:&quot;Solna&quot;},&quot;postal_address&quot;:{&quot;address&quot;:&quot;Tunv\\u00e4gen 39&quot;,&quot;zip_code&quot;:&quot;17068&quot;,&quot;city&quot;:&quot;Solna&quot;},&quot;address_map&quot;:&quot;F\\u00f6rskola Agnesberg - Pysslingen F\\u00f6rskolor, Tunv\\u00e4gen, Solna, Sverige&quot;,&quot;lat&quot;:59.3809825,&quot;lng&quot;:17.9953112,&quot;link&quot;:{&quot;url&quot;:&quot;\\\/agnesberg&quot;,&quot;text&quot;:&quot;L\\u00e4s mer om f\\u00f6rskolan&quot;}}]\">\n\t<div class=\"ams-map__content u-pt-fluid-3xl-6xl u-pb-fluid-3xl-6xl l-stack l-stack-fluid-xl is-left is-left@lg\">\n\t\t\t\n\t<h1\n\tclass=\"c-heading u-font-title-1 \"\n\tstyle=\"\">\n\t\t\n\t\t\t\t\tKontakta Pysslingen Agnesberg\n\t\t\t\t\n\t<\/h1>\n\n\t\t\n\t\t\t\t\t<div class=\"contact-info l-stack\">\n\t\t\t\t\t\t\t\t\t<div class=\"contact-info__item\">\n\t\t\t\t\t\t<p class=\"contact-info__heading u-font-title-4\">\n\t\t\t\t\t\t\tBes\u00f6ksadress\n\t\t\t\t\t\t<\/p>\n\t\t\t\t\t\t<p>\n\t\t\t\t\t\t\t\t\t\t\t\t\t\t\tTunv\u00e4gen 39<br \/>\n\t\t\t\t\t\t\t\t\t\t\t\t\t\t17068 Solna\n\t\t\t\t\t\t<\/p>\n\t\t\t\t\t<\/div>\n\t\t\t\t\n\t\t\t\t\n\t\t\t\t\t\t\t\t\t<div class=\"contact-info__item\">\n\t\t\t\t\t\t<p class=\"contact-info__heading u-font-title-4\">\n\t\t\t\t\t\t\tKontakt\n\t\t\t\t\t\t<\/p>\n\t\t\t\t\t\t<p>\n\t\t\t\t\t\t\t\t\t\t\t\t\t\t\t<a href=\"tel:0761193112\">076-1193112<\/a><br \/>\n\t\t\t\t\t\t\t\t\t\t\t\t\t\t\t\t\t\t\t\t\t\t<a href=\"mailto:agnesberg@pysslingen.se\">agnesberg@pysslingen.se<\/a>\n\t\t\t\t\t\t\t\t\t\t\t\t\t<\/p>\n\t\t\t\t\t<\/div>\n\t\t\t\t\t\t\t<\/div>\n\t\t\t<\/div>\n\n\t<div class=\"ams-map__media\">\n\t<\/div>\n<\/section>\n\n\n\n\n<section  class=\"ams-cta ams-cta--stacked c-block l-stacked\">\n\t<div class=\"l-container l-stack l-stack-fluid-2xl u-pt-fluid-md-xl u-pb-fluid-md-xl is-center is-center@md\">\n\t\t\t\t\t<div class=\"ams-cta__intro l-stack l-stack-lg\">\n\t\t\t\t\t\n\t<h2\n\tclass=\"c-heading u-font-title-1 \"\n\tstyle=\"\">\n\t\t\n\t\t\t\t\tHar du fr\u00e5gor om ans\u00f6kan eller k\u00f6plats?\n\t\t\t\t\n\t<\/h2>\n\n\t\t\t\t\t\t\t\t\t<div class=\"c-text l-stack u-cs-xl u-font-body\">\n\t\t\t\t\t\t<p><br data-mce-bogus=\"1\"><\/p>\n\n\t\t\t\t\t<\/div>\n\t\t\t\t\t\t\t<\/div>\n\t\t\n\t\t\n\t\t\t<div class=\"ams-cta__action u-inline-items\">\n\t\t\t\t\t\t\t\n\n\n<a href=\"https:\/\/pysslingen.se\/Agnesberg\/kontakt\/#admin\"\n\t\n\tclass=\"c-btn \"\n\tdata-style=\"rounded\"\n\tdata-size=\"md\"\n\tdata-width=\"full-mobile\"\n\tdata-variant=\"default\"\n\ttarget=\"_self\">\n\t\t\t<span class=\"label\"> Kontakta v\u00e5ra administrat\u00f6rer<\/span>\n\t\t\t<\/a>\n\t\t\t<\/div>\n\t<\/div>\n\n\t\t\n\n<\/section>\n\n\n\n<section \n\t\t class=\"\n\t\t ams-contact\n\t\t \n\t\t c-block l-stacked\n\t\t \n\t\t \n\t\t js-load-more\n\t\t \"\n\t\t data-color-scheme=\"\"\n\t\t\t\t\tdata-count=\"3\"\n\t\t\t\t\t\t\tdata-count-mobile=\"2\"\n\t\t\t\t>\n\t<div\n\t\t class=\"\n\t\t l-container\n\t\t l-stack l-stack-fluid-2xl\n\t\t u-pt-fluid-md-xl\n\t\t u-pb-fluid-md-xl\n\t\t is-center\n\t\t is-center@md\n\t\t \">\n\t\t\t\t\t<div class=\"ams-contact__intro l-stack l-stack-lg\">\n\t\t\t\t\t\n\t<h2\n\tclass=\"c-heading u-font-title-1 \"\n\tstyle=\"\">\n\t\t\n\t\t\t\t\tLedningsteam\n\t\t\t\t\n\t<\/h2>\n\n\t\t\t\t\t\t\t<\/div>\n\t\t\n\t\t\n\t\t    \t\n\t\t\n\t\t<ul\n\t\t\tid=\"contact-grid-69f3c8ea70b9e\"\n\t\t\tclass=\"ams-contact__list l-grid u-gap-fluid-2xl-4xl u-justify-center js-results \"\n\t\t\taria-label=\"Kontakter\"\n\t\t\tdata-filter-animation=\"off\"\n\t\t\t>\n\t\t\t\t\t\t\t\t\t\t\t\n\t\t\t\t\n\t\t\t\t<li class=\"l-col-6@md l-col-4@lg \" data-filter=\"b\">\n\t\t\t\t\t<article class=\"c-card \" data-variant=\"neutral\">\n\t\t\t\t\t\t<div class=\"c-card__content u-text-center\">\n\t\t\t\t\t\t\t\t\t\t\t\t\t\t\t<h3 class=\"c-card__title u-font-title-3\">\n\t\t\t\t\t\t\t\t\tAndreea Carlsson\n\t\t\t\t\t\t\t\t<\/h3>\n\t\t\t\t\t\t\t\n\t\t\t\t\t\t\t\t\t\t\t\t\t\t\t<p class=\"position u-font-body\">Rektor<\/p>\n\t\t\t\t\t\t\t\n\t\t\t\t\t\t\t\t\t\t\t\t\t\t\t<div class=\"contact-info u-font-body\">\n\t\t\t\t\t\t\t\t\t\t\t\t\t\t\t\t\t\t\t\t\t\t\t\t\t\t\t\t\t\t<p class=\"phone\"><a\n\t\t\t\t\t\t\t\t\t\t\t\t\thref=\"tel:0761016224\"\n\t\t\t\t\t\t\t\t\t\t\t\t\tclass=\"u-text-link\">076-101 62 24<\/a>\n\t\t\t\t\t\t\t\t\t\t\t<\/p>\n\t\t\t\t\t\t\t\t\t\t\t\t\t\t\t\t\t\t\t\n\t\t\t\t\t\t\t\t\t\t\t\t\t\t\t\t\t\t\t\t\t\t\t\t\t\t\t\t\t\t<p class=\"email\"><a\n\t\t\t\t\t\t\t\t\t\t\t\t\thref=\"m&#097;i&#108;&#116;o&#058;an&#100;reea&#046;c&#097;r&#108;&#115;so&#110;&#064;&#112;ys&#115;lin&#103;&#101;&#110;.&#115;&#101;\"\n\t\t\t\t\t\t\t\t\t\t\t\t\tclass=\"u-text-link\">&#097;n&#100;&#114;e&#101;a.&#099;a&#114;&#108;&#115;&#115;on&#064;py&#115;&#115;li&#110;&#103;e&#110;.&#115;&#101;<\/a>\n\t\t\t\t\t\t\t\t\t\t\t<\/p>\n\t\t\t\t\t\t\t\t\t\t\t\t\t\t\t\t\t\t\t\t\t\t\t\t\t\t\t<\/div>\n\t\t\t\t\t\t\t\n\t\t\t\t\t\t\t\t\t\t\t\t\t<\/div>\n\t\t\t\t\t\t<div class=\"c-card__media\">\n\t\t\t\t\t\t\t\t\t\t\t\t\t\t\t\t\t\t\t\t\t\t\t\t\t\t\t\t\t\t\t\t\t\t\t\t\t\t\t\t\t\t\t\t\t\t\t\t\t<img decoding=\"async\" width=\"295\" height=\"457\" src=\"https:\/\/pysslingen.se\/wp-content\/uploads\/sites\/71\/2020\/11\/rektor.jpg\" class=\"u-radius-rounded u-ratio-landscape  \" alt=\"Portr\u00e4ttbild p\u00e5 medarbetare.\" sizes=\"(max-width: 300px) 100vw, 300px\" srcset=\"https:\/\/pysslingen.se\/wp-content\/uploads\/sites\/71\/2020\/11\/rektor.jpg 295w, https:\/\/pysslingen.se\/wp-content\/uploads\/sites\/71\/2020\/11\/rektor-194x300.jpg 194w\" \/>\n\t\t\t\t\t\t<\/div>\n\t\t\t\t\t<\/article>\n\t\t\t\t<\/li>\n\t\t\t\t\t\t\t\t\t\t\t\n\t\t\t\t\n\t\t\t\t<li class=\"l-col-6@md l-col-4@lg \" data-filter=\"b\">\n\t\t\t\t\t<article class=\"c-card \" data-variant=\"neutral\">\n\t\t\t\t\t\t<div class=\"c-card__content u-text-center\">\n\t\t\t\t\t\t\t\t\t\t\t\t\t\t\t<h3 class=\"c-card__title u-font-title-3\">\n\t\t\t\t\t\t\t\t\tMaria Roos\n\t\t\t\t\t\t\t\t<\/h3>\n\t\t\t\t\t\t\t\n\t\t\t\t\t\t\t\t\t\t\t\t\t\t\t<p class=\"position u-font-body\">Bitr\u00e4dande rektor<\/p>\n\t\t\t\t\t\t\t\n\t\t\t\t\t\t\t\t\t\t\t\t\t\t\t<div class=\"contact-info u-font-body\">\n\t\t\t\t\t\t\t\t\t\t\t\t\t\t\t\t\t\t\t\t\t\t\t\t\t\t\t\t\t\t<p class=\"phone\"><a\n\t\t\t\t\t\t\t\t\t\t\t\t\thref=\"tel:0702456498\"\n\t\t\t\t\t\t\t\t\t\t\t\t\tclass=\"u-text-link\">070-245 64 98<\/a>\n\t\t\t\t\t\t\t\t\t\t\t<\/p>\n\t\t\t\t\t\t\t\t\t\t\t\t\t\t\t\t\t\t\t\n\t\t\t\t\t\t\t\t\t\t\t\t\t\t\t\t\t\t\t\t\t\t\t\t\t\t\t\t\t\t<p class=\"email\"><a\n\t\t\t\t\t\t\t\t\t\t\t\t\thref=\"&#109;&#097;il&#116;&#111;:m&#097;&#114;&#105;a.&#114;&#111;&#111;s&#064;&#112;y&#115;&#115;l&#105;&#110;ge&#110;.se\"\n\t\t\t\t\t\t\t\t\t\t\t\t\tclass=\"u-text-link\">&#109;ar&#105;a&#046;r&#111;o&#115;&#064;p&#121;s&#115;li&#110;g&#101;&#110;.&#115;e<\/a>\n\t\t\t\t\t\t\t\t\t\t\t<\/p>\n\t\t\t\t\t\t\t\t\t\t\t\t\t\t\t\t\t\t\t\t\t\t\t\t\t\t\t<\/div>\n\t\t\t\t\t\t\t\n\t\t\t\t\t\t\t\t\t\t\t\t\t<\/div>\n\t\t\t\t\t\t<div class=\"c-card__media\">\n\t\t\t\t\t\t\t\t\t\t\t\t\t\t\t\t\t\t\t\t\t\t\t\t\t\t\t\t\t\t\t\t\t\t\t\t\t\t\t\t\t\t\t\t\t\t\t\t\t<img decoding=\"async\" width=\"400\" height=\"400\" src=\"https:\/\/pysslingen.se\/wp-content\/uploads\/sites\/71\/2020\/11\/karolinamia-roos-kvalitetsledare.jpg\" class=\"u-radius-rounded u-ratio-landscape  \" alt=\"Portr\u00e4ttbild p\u00e5 medarbetare.\" sizes=\"(max-width: 300px) 100vw, 300px\" srcset=\"https:\/\/pysslingen.se\/wp-content\/uploads\/sites\/71\/2020\/11\/karolinamia-roos-kvalitetsledare.jpg 811w, https:\/\/pysslingen.se\/wp-content\/uploads\/sites\/71\/2020\/11\/karolinamia-roos-kvalitetsledare-300x300.jpg 300w, https:\/\/pysslingen.se\/wp-content\/uploads\/sites\/71\/2020\/11\/karolinamia-roos-kvalitetsledare-150x150.jpg 150w, https:\/\/pysslingen.se\/wp-content\/uploads\/sites\/71\/2020\/11\/karolinamia-roos-kvalitetsledare-768x768.jpg 768w, https:\/\/pysslingen.se\/wp-content\/uploads\/sites\/71\/2020\/11\/karolinamia-roos-kvalitetsledare-670x670.jpg 670w, https:\/\/pysslingen.se\/wp-content\/uploads\/sites\/71\/2020\/11\/karolinamia-roos-kvalitetsledare-100x100.jpg 100w\" \/>\n\t\t\t\t\t\t<\/div>\n\t\t\t\t\t<\/article>\n\t\t\t\t<\/li>\n\t\t\t\t\t<\/ul>\n\n\t\t\n\t\t    <div class=\"ams-contact__more u-inline-items js-load-more-btn\">\n        <button href=\"#\"\n                class=\"c-btn\"\n                data-style=\"rounded\"\n                data-size=\"md\"\n                data-width=\"full-mobile\"\n                data-variant=\"outline\">\n        \tVisa mer\n        <\/button>\n    <\/div>\n\n\t\t\t<\/div>\n\n\t\t\n\n<\/section>\n\n\n\n<section \n\t\t class=\"\n\t\t ams-contact\n\t\t \n\t\t c-block l-stacked\n\t\t \n\t\t \n\t\t js-load-more\n\t\t \"\n\t\t data-color-scheme=\"\"\n\t\t\t\t\tdata-count=\"3\"\n\t\t\t\t\t\t\tdata-count-mobile=\"2\"\n\t\t\t\t>\n\t<div\n\t\t class=\"\n\t\t l-container\n\t\t l-stack l-stack-fluid-2xl\n\t\t u-pt-fluid-md-xl\n\t\t u-pb-fluid-md-xl\n\t\t is-center\n\t\t is-center@md\n\t\t \">\n\t\t\t\t\t<div class=\"ams-contact__intro l-stack l-stack-lg\">\n\t\t\t\t\t\n\t<h2\n\tclass=\"c-heading u-font-title-1 \"\n\tstyle=\"\">\n\t\t\n\t\t\t\t\tSamordnare\n\t\t\t\t\n\t<\/h2>\n\n\t\t\t\t\t\t\t<\/div>\n\t\t\n\t\t\n\t\t    \t\n\t\t\n\t\t<ul\n\t\t\tid=\"contact-grid-69f3c8ea73e0b\"\n\t\t\tclass=\"ams-contact__list l-grid u-gap-fluid-2xl-4xl u-justify-center js-results \"\n\t\t\taria-label=\"Kontakter\"\n\t\t\tdata-filter-animation=\"off\"\n\t\t\t>\n\t\t\t\t\t\t\t\t\t\t\t\n\t\t\t\t\n\t\t\t\t<li class=\"l-col-6@md l-col-4@lg \" data-filter=\"samordnare\">\n\t\t\t\t\t<article class=\"c-card \" data-variant=\"neutral\">\n\t\t\t\t\t\t<div class=\"c-card__content u-text-center\">\n\t\t\t\t\t\t\t\t\t\t\t\t\t\t\t<h3 class=\"c-card__title u-font-title-3\">\n\t\t\t\t\t\t\t\t\tHelena Mattsson och Elzahraa Badr\n\t\t\t\t\t\t\t\t<\/h3>\n\t\t\t\t\t\t\t\n\t\t\t\t\t\t\t\t\t\t\t\t\t\t\t<p class=\"position u-font-body\">Samordnare<\/p>\n\t\t\t\t\t\t\t\n\t\t\t\t\t\t\t\t\t\t\t\t\t\t\t<div class=\"contact-info u-font-body\">\n\t\t\t\t\t\t\t\t\t\t\t\t\t\t\t\t\t\t\t\t\t\t\t\t\t\t\t\t\t\t<p class=\"phone\"><a\n\t\t\t\t\t\t\t\t\t\t\t\t\thref=\"tel:0761193112\"\n\t\t\t\t\t\t\t\t\t\t\t\t\tclass=\"u-text-link\">076-119 31 12<\/a>\n\t\t\t\t\t\t\t\t\t\t\t<\/p>\n\t\t\t\t\t\t\t\t\t\t\t\t\t\t\t\t\t\t\t\n\t\t\t\t\t\t\t\t\t\t\t\t\t\t\t\t\t\t\t\t\t\t\t\t\t\t\t\t\t\t<p class=\"email\"><a\n\t\t\t\t\t\t\t\t\t\t\t\t\thref=\"mailt&#111;:h&#101;&#108;&#101;na.m&#097;tt&#115;so&#110;&#064;&#112;y&#115;sli&#110;&#103;en&#046;&#115;&#101;\"\n\t\t\t\t\t\t\t\t\t\t\t\t\tclass=\"u-text-link\">h&#101;l&#101;&#110;&#097;.&#109;&#097;&#116;&#116;s&#115;&#111;n&#064;py&#115;&#115;&#108;&#105;nge&#110;&#046;se<\/a>\n\t\t\t\t\t\t\t\t\t\t\t<\/p>\n\t\t\t\t\t\t\t\t\t\t\t\t\t\t\t\t\t\t\t\t\t<p class=\"email\"><a\n\t\t\t\t\t\t\t\t\t\t\t\t\thref=\"ma&#105;l&#116;&#111;&#058;el&#122;&#097;hraaash&#114;&#097;f&#101;&#108;s&#046;&#098;&#097;d&#114;&#064;p&#121;&#115;sli&#110;&#103;e&#110;&#046;se\"\n\t\t\t\t\t\t\t\t\t\t\t\t\tclass=\"u-text-link\">&#101;lza&#104;&#114;&#097;aa&#115;h&#114;afel&#115;&#046;bad&#114;&#064;&#112;&#121;ss&#108;&#105;n&#103;en&#046;se<\/a>\n\t\t\t\t\t\t\t\t\t\t\t<\/p>\n\t\t\t\t\t\t\t\t\t\t\t\t\t\t\t\t\t\t\t\t\t\t\t\t\t\t\t<\/div>\n\t\t\t\t\t\t\t\n\t\t\t\t\t\t\t\t\t\t\t\t\t<\/div>\n\t\t\t\t\t\t<div class=\"c-card__media\">\n\t\t\t\t\t\t\t\t\t\t\t\t\t\t\t\t\t\t\t\t\t\t\t\t\t\t\t\t\t\t\t\t\t\t\t\t\t\t\t\t\t\t\t\t\t\t\t\t\t<img decoding=\"async\" width=\"400\" height=\"317\" src=\"https:\/\/pysslingen.se\/wp-content\/uploads\/sites\/71\/2020\/11\/image0000001.jpeg\" class=\"u-radius-rounded u-ratio-landscape  \" alt=\"Portr\u00e4ttbild p\u00e5 tv\u00e5 av v\u00e5ra medarbetare.\" sizes=\"(max-width: 300px) 100vw, 300px\" srcset=\"https:\/\/pysslingen.se\/wp-content\/uploads\/sites\/71\/2020\/11\/image0000001.jpeg 1067w, https:\/\/pysslingen.se\/wp-content\/uploads\/sites\/71\/2020\/11\/image0000001-300x238.jpeg 300w, https:\/\/pysslingen.se\/wp-content\/uploads\/sites\/71\/2020\/11\/image0000001-1024x812.jpeg 1024w, https:\/\/pysslingen.se\/wp-content\/uploads\/sites\/71\/2020\/11\/image0000001-768x609.jpeg 768w, https:\/\/pysslingen.se\/wp-content\/uploads\/sites\/71\/2020\/11\/image0000001-500x396.jpeg 500w, https:\/\/pysslingen.se\/wp-content\/uploads\/sites\/71\/2020\/11\/image0000001-289x229.jpeg 289w, https:\/\/pysslingen.se\/wp-content\/uploads\/sites\/71\/2020\/11\/image0000001-340x270.jpeg 340w, https:\/\/pysslingen.se\/wp-content\/uploads\/sites\/71\/2020\/11\/image0000001-845x670.jpeg 845w\" \/>\n\t\t\t\t\t\t<\/div>\n\t\t\t\t\t<\/article>\n\t\t\t\t<\/li>\n\t\t\t\t\t<\/ul>\n\n\t\t\n\t\t    <div class=\"ams-contact__more u-inline-items js-load-more-btn\">\n        <button href=\"#\"\n                class=\"c-btn\"\n                data-style=\"rounded\"\n                data-size=\"md\"\n                data-width=\"full-mobile\"\n                data-variant=\"outline\">\n        \tVisa mer\n        <\/button>\n    <\/div>\n\n\t\t\t<\/div>\n\n\t\t\n\n<\/section>\n\n\n\n<section id=admin\n\t\t class=\"\n\t\t ams-contact\n\t\t \n\t\t c-block l-stacked\n\t\t \n\t\t \n\t\t js-load-more\n\t\t \"\n\t\t data-color-scheme=\"\"\n\t\t\t\t\tdata-count=\"3\"\n\t\t\t\t\t\t\tdata-count-mobile=\"2\"\n\t\t\t\t>\n\t<div\n\t\t class=\"\n\t\t l-container\n\t\t l-stack l-stack-fluid-2xl\n\t\t u-pt-fluid-md-xl\n\t\t u-pb-fluid-md-xl\n\t\t is-center\n\t\t is-center@md\n\t\t \">\n\t\t\t\t\t<div class=\"ams-contact__intro l-stack l-stack-lg\">\n\t\t\t\t\t\n\t<h2\n\tclass=\"c-heading u-font-title-1 \"\n\tstyle=\"\">\n\t\t\n\t\t\t\t\tAdministration\n\t\t\t\t\n\t<\/h2>\n\n\t\t\t\t\t\t\t\t\t<div class=\"c-text l-stack u-cs-xl u-font-body\">\n\t\t\t\t\t\t<p><br data-mce-bogus=\"1\"><\/p>\n\n\t\t\t\t\t<\/div>\n\t\t\t\t\t\t\t<\/div>\n\t\t\n\t\t\n\t\t    \t\n\t\t\n\t\t<ul\n\t\t\tid=\"contact-grid-69f3c8ea76451\"\n\t\t\tclass=\"ams-contact__list l-grid u-gap-fluid-2xl-4xl u-justify-center js-results \"\n\t\t\taria-label=\"Kontakter\"\n\t\t\tdata-filter-animation=\"off\"\n\t\t\t>\n\t\t\t\t\t\t\t\t\t\t\t\n\t\t\t\t\n\t\t\t\t<li class=\"l-col-6@md l-col-4@lg \" data-filter=\"administration\">\n\t\t\t\t\t<article class=\"c-card \" data-variant=\"neutral\">\n\t\t\t\t\t\t<div class=\"c-card__content u-text-center\">\n\t\t\t\t\t\t\t\t\t\t\t\t\t\t\t<h3 class=\"c-card__title u-font-title-3\">\n\t\t\t\t\t\t\t\t\tLina Berggren &#038; Sara Carlsson\n\t\t\t\t\t\t\t\t<\/h3>\n\t\t\t\t\t\t\t\n\t\t\t\t\t\t\t\t\t\t\t\t\t\t\t<p class=\"position u-font-body\">Administrat\u00f6rer<\/p>\n\t\t\t\t\t\t\t\n\t\t\t\t\t\t\t\t\t\t\t\t\t\t\t<div class=\"contact-info u-font-body\">\n\t\t\t\t\t\t\t\t\t\n\t\t\t\t\t\t\t\t\t\t\t\t\t\t\t\t\t\t\t\t\t\t\t\t\t\t\t\t\t\t<p class=\"email\"><a\n\t\t\t\t\t\t\t\t\t\t\t\t\thref=\"&#109;a&#105;&#108;&#116;o&#058;p&#121;&#115;&#115;li&#110;&#103;en.&#097;dm&#105;&#110;&#046;regio&#110;1&#064;py&#115;&#115;l&#105;ngen&#046;s&#101;\"\n\t\t\t\t\t\t\t\t\t\t\t\t\tclass=\"u-text-link\">pys&#115;&#108;&#105;&#110;&#103;e&#110;&#046;&#097;&#100;&#109;in&#046;r&#101;&#103;ion&#049;&#064;&#112;ys&#115;&#108;i&#110;ge&#110;.s&#101;<\/a>\n\t\t\t\t\t\t\t\t\t\t\t<\/p>\n\t\t\t\t\t\t\t\t\t\t\t\t\t\t\t\t\t\t\t\t\t\t\t\t\t\t\t<\/div>\n\t\t\t\t\t\t\t\n\t\t\t\t\t\t\t\t\t\t\t\t\t<\/div>\n\t\t\t\t\t\t<div class=\"c-card__media\">\n\t\t\t\t\t\t\t\t\t\t\t\t\t\t\t\t\t\t\t\t\t\t\t\t\t\t\t\t\t\t\t\t\t\t\t\t\t\t\t\t\t\t\t\t\t\t\t\t\t<img decoding=\"async\" width=\"400\" height=\"267\" src=\"https:\/\/pysslingen.se\/wp-content\/uploads\/sites\/71\/2025\/10\/p1144998-400x267.jpg\" class=\"u-radius-rounded u-ratio-landscape  \" alt=\"Portr\u00e4ttbild p\u00e5 v\u00e5ra administrat\u00f6rer.\" sizes=\"(max-width: 300px) 100vw, 300px\" srcset=\"https:\/\/pysslingen.se\/wp-content\/uploads\/sites\/71\/2025\/10\/p1144998-400x267.jpg 400w, https:\/\/pysslingen.se\/wp-content\/uploads\/sites\/71\/2025\/10\/p1144998-300x200.jpg 300w, https:\/\/pysslingen.se\/wp-content\/uploads\/sites\/71\/2025\/10\/p1144998-600x400.jpg 600w, https:\/\/pysslingen.se\/wp-content\/uploads\/sites\/71\/2025\/10\/p1144998-800x533.jpg 800w, https:\/\/pysslingen.se\/wp-content\/uploads\/sites\/71\/2025\/10\/p1144998-1024x683.jpg 1024w, https:\/\/pysslingen.se\/wp-content\/uploads\/sites\/71\/2025\/10\/p1144998-1200x800.jpg 1200w\" \/>\n\t\t\t\t\t\t<\/div>\n\t\t\t\t\t<\/article>\n\t\t\t\t<\/li>\n\t\t\t\t\t<\/ul>\n\n\t\t\n\t\t    <div class=\"ams-contact__more u-inline-items js-load-more-btn\">\n        <button href=\"#\"\n                class=\"c-btn\"\n                data-style=\"rounded\"\n                data-size=\"md\"\n                data-width=\"full-mobile\"\n                data-variant=\"outline\">\n        \tVisa mer\n        <\/button>\n    <\/div>\n\n\t\t\t<\/div>\n\n\t\t\n\n<\/section>\n\n\n\n<section \n\t\t class=\"\n\t\t ams-contact\n\t\t \n\t\t c-block l-stacked\n\t\t \n\t\t \n\t\t js-load-more\n\t\t \"\n\t\t data-color-scheme=\"\"\n\t\t\t\t\tdata-count=\"3\"\n\t\t\t\t\t\t\tdata-count-mobile=\"2\"\n\t\t\t\t>\n\t<div\n\t\t class=\"\n\t\t l-container\n\t\t l-stack l-stack-fluid-2xl\n\t\t u-pt-fluid-md-xl\n\t\t u-pb-fluid-md-xl\n\t\t is-center\n\t\t is-center@md\n\t\t \">\n\t\t\t\t\t<div class=\"ams-contact__intro l-stack l-stack-lg\">\n\t\t\t\t\t\n\t<h2\n\tclass=\"c-heading u-font-title-1 \"\n\tstyle=\"\">\n\t\t\n\t\t\t\t\tSkolchef &#8211; ansvarig f\u00f6r regionen\n\t\t\t\t\n\t<\/h2>\n\n\t\t\t\t\t\t\t<\/div>\n\t\t\n\t\t\n\t\t    \t\n\t\t\n\t\t<ul\n\t\t\tid=\"contact-grid-69f3c8ea78856\"\n\t\t\tclass=\"ams-contact__list l-grid u-gap-fluid-2xl-4xl u-justify-center js-results \"\n\t\t\taria-label=\"Kontakter\"\n\t\t\tdata-filter-animation=\"off\"\n\t\t\t>\n\t\t\t\t\t\t\t\t\t\t\t\n\t\t\t\t\n\t\t\t\t<li class=\"l-col-6@md l-col-4@lg \" data-filter=\"f\">\n\t\t\t\t\t<article class=\"c-card \" data-variant=\"neutral\">\n\t\t\t\t\t\t<div class=\"c-card__content u-text-center\">\n\t\t\t\t\t\t\t\t\t\t\t\t\t\t\t<h3 class=\"c-card__title u-font-title-3\">\n\t\t\t\t\t\t\t\t\tTina Persson\n\t\t\t\t\t\t\t\t<\/h3>\n\t\t\t\t\t\t\t\n\t\t\t\t\t\t\t\t\t\t\t\t\t\t\t<p class=\"position u-font-body\">Skolchef<\/p>\n\t\t\t\t\t\t\t\n\t\t\t\t\t\t\t\t\t\t\t\t\t\t\t<div class=\"contact-info u-font-body\">\n\t\t\t\t\t\t\t\t\t\t\t\t\t\t\t\t\t\t\t\t\t\t\t\t\t\t\t\t\t\t<p class=\"phone\"><a\n\t\t\t\t\t\t\t\t\t\t\t\t\thref=\"tel:0731404557\"\n\t\t\t\t\t\t\t\t\t\t\t\t\tclass=\"u-text-link\">073-140 45 57<\/a>\n\t\t\t\t\t\t\t\t\t\t\t<\/p>\n\t\t\t\t\t\t\t\t\t\t\t\t\t\t\t\t\t\t\t\n\t\t\t\t\t\t\t\t\t\t\t\t\t\t\t\t\t\t\t\t\t\t\t\t\t\t\t\t\t\t<p class=\"email\"><a\n\t\t\t\t\t\t\t\t\t\t\t\t\thref=\"ma&#105;&#108;&#116;&#111;:&#116;&#105;na.&#112;&#101;&#114;ss&#111;n&#064;&#112;y&#115;&#115;l&#105;&#110;g&#101;n.se\"\n\t\t\t\t\t\t\t\t\t\t\t\t\tclass=\"u-text-link\">t&#105;&#110;&#097;.&#112;er&#115;&#115;&#111;n&#064;py&#115;s&#108;&#105;&#110;gen&#046;se<\/a>\n\t\t\t\t\t\t\t\t\t\t\t<\/p>\n\t\t\t\t\t\t\t\t\t\t\t\t\t\t\t\t\t\t\t\t\t\t\t\t\t\t\t<\/div>\n\t\t\t\t\t\t\t\n\t\t\t\t\t\t\t\t\t\t\t\t\t<\/div>\n\t\t\t\t\t\t<div class=\"c-card__media\">\n\t\t\t\t\t\t\t\t\t\t\t\t\t\t\t\t\t\t\t\t\t\t\t\t\t\t\t\t\t\t\t\t\t\t\t\t\t\t\t\t\t\t\t\t\t\t\t\t\t<img decoding=\"async\" width=\"400\" height=\"267\" src=\"https:\/\/pysslingen.se\/wp-content\/uploads\/sites\/71\/2020\/11\/admin-ajax-1-400x267.jpeg\" class=\"u-radius-rounded u-ratio-landscape  \" alt=\"Portr\u00e4ttbild av skolchef.\" sizes=\"(max-width: 300px) 100vw, 300px\" srcset=\"https:\/\/pysslingen.se\/wp-content\/uploads\/sites\/71\/2020\/11\/admin-ajax-1-400x267.jpeg 400w, https:\/\/pysslingen.se\/wp-content\/uploads\/sites\/71\/2020\/11\/admin-ajax-1-300x200.jpeg 300w, https:\/\/pysslingen.se\/wp-content\/uploads\/sites\/71\/2020\/11\/admin-ajax-1.jpeg 600w\" \/>\n\t\t\t\t\t\t<\/div>\n\t\t\t\t\t<\/article>\n\t\t\t\t<\/li>\n\t\t\t\t\t<\/ul>\n\n\t\t\n\t\t    <div class=\"ams-contact__more u-inline-items js-load-more-btn\">\n        <button href=\"#\"\n                class=\"c-btn\"\n                data-style=\"rounded\"\n                data-size=\"md\"\n                data-width=\"full-mobile\"\n                data-variant=\"outline\">\n        \tVisa mer\n        <\/button>\n    <\/div>\n\n\t\t\t<\/div>\n\n\t\t\n\n<\/section>\n","protected":false},"excerpt":{"rendered":"","protected":false},"author":3,"featured_media":0,"parent":0,"menu_order":0,"comment_status":"closed","ping_status":"closed","template":"archive-personal.php","meta":{"footnotes":""},"yoast_head":"<!-- This site is optimized with the Yoast SEO plugin v22.0 - https:\/\/yoast.com\/wordpress\/plugins\/seo\/ -->\n<title>Kontakt - Pysslingen F\u00f6rskolor Agnesberg<\/title>\n<meta name=\"description\" content=\"V\u00e4lkommen att kontakta oss p\u00e5 Pysslingen Agnesberg! H\u00e4r hittar du kontaktuppgifter till f\u00f6rskolan, platsansvarig, ledningsteam och skolchef.\" \/>\n<meta name=\"robots\" content=\"index, follow, max-snippet:-1, max-image-preview:large, max-video-preview:-1\" \/>\n<link rel=\"canonical\" href=\"https:\/\/pysslingen.se\/agnesberg\/kontakt\/\" \/>\n<meta property=\"og:locale\" content=\"sv_SE\" \/>\n<meta property=\"og:type\" content=\"article\" \/>\n<meta property=\"og:title\" content=\"Kontakt - Pysslingen F\u00f6rskolor Agnesberg\" \/>\n<meta property=\"og:description\" content=\"V\u00e4lkommen att kontakta oss p\u00e5 Pysslingen Agnesberg! H\u00e4r hittar du kontaktuppgifter till f\u00f6rskolan, platsansvarig, ledningsteam och skolchef.\" \/>\n<meta property=\"og:url\" content=\"https:\/\/pysslingen.se\/agnesberg\/kontakt\/\" \/>\n<meta property=\"og:site_name\" content=\"Agnesberg\" \/>\n<meta property=\"article:modified_time\" content=\"2025-10-22T08:44:16+00:00\" \/>\n<meta name=\"twitter:card\" content=\"summary_large_image\" \/>\n<meta name=\"twitter:title\" content=\"Kontakt - Pysslingen F\u00f6rskolor Agnesberg\" \/>\n<meta name=\"twitter:description\" content=\"V\u00e4lkommen att kontakta oss p\u00e5 Pysslingen Agnesberg! H\u00e4r hittar du kontaktuppgifter till f\u00f6rskolan, platsansvarig, ledningsteam och skolchef.\" \/>\n<script type=\"application\/ld+json\" class=\"yoast-schema-graph\">{\"@context\":\"https:\/\/schema.org\",\"@graph\":[{\"@type\":\"WebPage\",\"@id\":\"https:\/\/pysslingen.se\/agnesberg\/kontakt\/\",\"url\":\"https:\/\/pysslingen.se\/agnesberg\/kontakt\/\",\"name\":\"Kontakt - Pysslingen F\u00f6rskolor Agnesberg\",\"isPartOf\":{\"@id\":\"https:\/\/pysslingen.se\/agnesberg\/#website\"},\"datePublished\":\"2020-10-01T11:13:05+00:00\",\"dateModified\":\"2025-10-22T08:44:16+00:00\",\"description\":\"V\u00e4lkommen att kontakta oss p\u00e5 Pysslingen Agnesberg! H\u00e4r hittar du kontaktuppgifter till f\u00f6rskolan, platsansvarig, ledningsteam och skolchef.\",\"breadcrumb\":{\"@id\":\"https:\/\/pysslingen.se\/agnesberg\/kontakt\/#breadcrumb\"},\"inLanguage\":\"sv-SE\",\"potentialAction\":[{\"@type\":\"ReadAction\",\"target\":[\"https:\/\/pysslingen.se\/agnesberg\/kontakt\/\"]}]},{\"@type\":\"BreadcrumbList\",\"@id\":\"https:\/\/pysslingen.se\/agnesberg\/kontakt\/#breadcrumb\",\"itemListElement\":[{\"@type\":\"ListItem\",\"position\":1,\"name\":\"Start\",\"item\":\"https:\/\/pysslingen.se\/agnesberg\/\"},{\"@type\":\"ListItem\",\"position\":2,\"name\":\"Kontakt\"}]},{\"@type\":\"WebSite\",\"@id\":\"https:\/\/pysslingen.se\/agnesberg\/#website\",\"url\":\"https:\/\/pysslingen.se\/agnesberg\/\",\"name\":\"Agnesberg\",\"description\":\"En trygg och stimulerande v\u00e4rld\",\"publisher\":{\"@id\":\"https:\/\/pysslingen.se\/agnesberg\/#organization\"},\"potentialAction\":[{\"@type\":\"SearchAction\",\"target\":{\"@type\":\"EntryPoint\",\"urlTemplate\":\"https:\/\/pysslingen.se\/agnesberg\/?s={search_term_string}\"},\"query-input\":\"required name=search_term_string\"}],\"inLanguage\":\"sv-SE\"},{\"@type\":\"Organization\",\"@id\":\"https:\/\/pysslingen.se\/agnesberg\/#organization\",\"name\":\"Pysslingen F\u00f6rskolor\",\"url\":\"https:\/\/pysslingen.se\/agnesberg\/\",\"logo\":{\"@type\":\"ImageObject\",\"inLanguage\":\"sv-SE\",\"@id\":\"https:\/\/pysslingen.se\/agnesberg\/#\/schema\/logo\/image\/\",\"url\":\"https:\/\/pysslingen.se\/wp-content\/uploads\/2021\/05\/pysslingen-forskolor.png\",\"contentUrl\":\"https:\/\/pysslingen.se\/wp-content\/uploads\/2021\/05\/pysslingen-forskolor.png\",\"width\":1120,\"height\":630,\"caption\":\"Pysslingen F\u00f6rskolor\"},\"image\":{\"@id\":\"https:\/\/pysslingen.se\/agnesberg\/#\/schema\/logo\/image\/\"}}]}<\/script>\n<!-- \/ Yoast SEO plugin. -->","yoast_head_json":{"title":"Kontakt - Pysslingen F\u00f6rskolor Agnesberg","description":"V\u00e4lkommen att kontakta oss p\u00e5 Pysslingen Agnesberg! H\u00e4r hittar du kontaktuppgifter till f\u00f6rskolan, platsansvarig, ledningsteam och skolchef.","robots":{"index":"index","follow":"follow","max-snippet":"max-snippet:-1","max-image-preview":"max-image-preview:large","max-video-preview":"max-video-preview:-1"},"canonical":"https:\/\/pysslingen.se\/agnesberg\/kontakt\/","og_locale":"sv_SE","og_type":"article","og_title":"Kontakt - Pysslingen F\u00f6rskolor Agnesberg","og_description":"V\u00e4lkommen att kontakta oss p\u00e5 Pysslingen Agnesberg! H\u00e4r hittar du kontaktuppgifter till f\u00f6rskolan, platsansvarig, ledningsteam och skolchef.","og_url":"https:\/\/pysslingen.se\/agnesberg\/kontakt\/","og_site_name":"Agnesberg","article_modified_time":"2025-10-22T08:44:16+00:00","twitter_card":"summary_large_image","twitter_title":"Kontakt - Pysslingen F\u00f6rskolor Agnesberg","twitter_description":"V\u00e4lkommen att kontakta oss p\u00e5 Pysslingen Agnesberg! H\u00e4r hittar du kontaktuppgifter till f\u00f6rskolan, platsansvarig, ledningsteam och skolchef.","schema":{"@context":"https:\/\/schema.org","@graph":[{"@type":"WebPage","@id":"https:\/\/pysslingen.se\/agnesberg\/kontakt\/","url":"https:\/\/pysslingen.se\/agnesberg\/kontakt\/","name":"Kontakt - Pysslingen F\u00f6rskolor Agnesberg","isPartOf":{"@id":"https:\/\/pysslingen.se\/agnesberg\/#website"},"datePublished":"2020-10-01T11:13:05+00:00","dateModified":"2025-10-22T08:44:16+00:00","description":"V\u00e4lkommen att kontakta oss p\u00e5 Pysslingen Agnesberg! H\u00e4r hittar du kontaktuppgifter till f\u00f6rskolan, platsansvarig, ledningsteam och skolchef.","breadcrumb":{"@id":"https:\/\/pysslingen.se\/agnesberg\/kontakt\/#breadcrumb"},"inLanguage":"sv-SE","potentialAction":[{"@type":"ReadAction","target":["https:\/\/pysslingen.se\/agnesberg\/kontakt\/"]}]},{"@type":"BreadcrumbList","@id":"https:\/\/pysslingen.se\/agnesberg\/kontakt\/#breadcrumb","itemListElement":[{"@type":"ListItem","position":1,"name":"Start","item":"https:\/\/pysslingen.se\/agnesberg\/"},{"@type":"ListItem","position":2,"name":"Kontakt"}]},{"@type":"WebSite","@id":"https:\/\/pysslingen.se\/agnesberg\/#website","url":"https:\/\/pysslingen.se\/agnesberg\/","name":"Agnesberg","description":"En trygg och stimulerande v\u00e4rld","publisher":{"@id":"https:\/\/pysslingen.se\/agnesberg\/#organization"},"potentialAction":[{"@type":"SearchAction","target":{"@type":"EntryPoint","urlTemplate":"https:\/\/pysslingen.se\/agnesberg\/?s={search_term_string}"},"query-input":"required name=search_term_string"}],"inLanguage":"sv-SE"},{"@type":"Organization","@id":"https:\/\/pysslingen.se\/agnesberg\/#organization","name":"Pysslingen F\u00f6rskolor","url":"https:\/\/pysslingen.se\/agnesberg\/","logo":{"@type":"ImageObject","inLanguage":"sv-SE","@id":"https:\/\/pysslingen.se\/agnesberg\/#\/schema\/logo\/image\/","url":"https:\/\/pysslingen.se\/wp-content\/uploads\/2021\/05\/pysslingen-forskolor.png","contentUrl":"https:\/\/pysslingen.se\/wp-content\/uploads\/2021\/05\/pysslingen-forskolor.png","width":1120,"height":630,"caption":"Pysslingen F\u00f6rskolor"},"image":{"@id":"https:\/\/pysslingen.se\/agnesberg\/#\/schema\/logo\/image\/"}}]}},"_links":{"self":[{"href":"https:\/\/pysslingen.se\/agnesberg\/wp-json\/wp\/v2\/pages\/194"}],"collection":[{"href":"https:\/\/pysslingen.se\/agnesberg\/wp-json\/wp\/v2\/pages"}],"about":[{"href":"https:\/\/pysslingen.se\/agnesberg\/wp-json\/wp\/v2\/types\/page"}],"author":[{"embeddable":true,"href":"https:\/\/pysslingen.se\/agnesberg\/wp-json\/wp\/v2\/users\/3"}],"replies":[{"embeddable":true,"href":"https:\/\/pysslingen.se\/agnesberg\/wp-json\/wp\/v2\/comments?post=194"}],"version-history":[{"count":10,"href":"https:\/\/pysslingen.se\/agnesberg\/wp-json\/wp\/v2\/pages\/194\/revisions"}],"predecessor-version":[{"id":1738,"href":"https:\/\/pysslingen.se\/agnesberg\/wp-json\/wp\/v2\/pages\/194\/revisions\/1738"}],"wp:attachment":[{"href":"https:\/\/pysslingen.se\/agnesberg\/wp-json\/wp\/v2\/media?parent=194"}],"curies":[{"name":"wp","href":"https:\/\/api.w.org\/{rel}","templated":true}]}}